{"id":16,"date":"2015-12-02T10:52:51","date_gmt":"2015-12-02T10:52:51","guid":{"rendered":"http:\/\/theme-fusion.com\/avada\/university\/?page_id=16"},"modified":"2015-12-02T10:52:51","modified_gmt":"2015-12-02T10:52:51","slug":"latest-news","status":"publish","type":"page","link":"https:\/\/ramse.es\/wordpress\/latest-news\/","title":{"rendered":"Latest News"},"content":{"rendered":"<p><div class=\"fusion-fullwidth fullwidth-box fusion-builder-row-1 nonhundred-percent-fullwidth non-hundred-percent-height-scrolling fusion-equal-height-columns\" style=\"background-color: #faf9f8;background-position: left top;background-repeat: no-repeat;padding-top:90px;padding-right:0px;padding-bottom:30px;padding-left:0px;margin-bottom: 0px;margin-top: 0px;border-width: 0px 0px 0px 0px;border-color:#e7e4e2;border-style:solid;\" ><div class=\"fusion-builder-row fusion-row\"><div class=\"fusion-layout-column fusion_builder_column fusion-builder-column-0 fusion_builder_column_1_6 1_6 fusion-one-sixth fusion-column-first fusion-no-small-visibility\" style=\"width:13.3333%; margin-right: 4%;margin-top:10px;margin-bottom:10px;\"><div class=\"fusion-column-wrapper fusion-flex-column-wrapper-legacy\" style=\"background-position:left top;background-repeat:no-repeat;-webkit-background-size:cover;-moz-background-size:cover;-o-background-size:cover;background-size:cover;padding: 0px 0px 0px 0px;\"><div class=\"fusion-clearfix\"><\/div><\/div><\/div><div class=\"fusion-layout-column fusion_builder_column fusion-builder-column-1 fusion_builder_column_2_3 2_3 fusion-two-third\" style=\"width:65.3333%; margin-right: 4%;margin-top:10px;margin-bottom:3%;\"><div class=\"fusion-column-wrapper fusion-flex-column-wrapper-legacy\" style=\"background-position:left top;background-repeat:no-repeat;-webkit-background-size:cover;-moz-background-size:cover;-o-background-size:cover;background-size:cover;padding: 0px 0px 0px 0px;\"><div class=\"fusion-blog-shortcode fusion-blog-shortcode-1 fusion-blog-archive fusion-blog-layout-large-alternate fusion-blog-no\"><div class=\"fusion-posts-container fusion-posts-container-no fusion-blog-rollover\" data-pages=\"0\"><article id=\"blog-1-post-5821\" class=\"fusion-post-large-alternate post-5821 post type-post status-publish format-standard has-post-thumbnail hentry category-academicos-correspondientes\">\n\t<style type=\"text\/css\">\n\t\t\n\t\t\n\t\t\n\t\t\n\t\t\t<\/style>\n\n\n\t\t\t<div class=\"fusion-flexslider flexslider fusion-flexslider-loading fusion-post-slideshow\" style=\"\">\n\t\t<ul class=\"slides\">\n\t\t\t\n\t\t\t\t\t\t\t\t\t\t\t\t\t\t<li><div  class=\"fusion-image-wrapper\" aria-haspopup=\"true\">\n\t\t\t\t<img decoding=\"async\" width=\"2362\" height=\"1772\" src=\"https:\/\/ramse.es\/wordpress\/wp-content\/uploads\/2026\/04\/26040235.jpg\" class=\"attachment-full size-full wp-post-image\" alt=\"\" srcset=\"https:\/\/ramse.es\/wordpress\/wp-content\/uploads\/2026\/04\/26040235-200x150.jpg 200w, https:\/\/ramse.es\/wordpress\/wp-content\/uploads\/2026\/04\/26040235-400x300.jpg 400w, https:\/\/ramse.es\/wordpress\/wp-content\/uploads\/2026\/04\/26040235-600x450.jpg 600w, https:\/\/ramse.es\/wordpress\/wp-content\/uploads\/2026\/04\/26040235-800x600.jpg 800w, https:\/\/ramse.es\/wordpress\/wp-content\/uploads\/2026\/04\/26040235-1200x900.jpg 1200w, https:\/\/ramse.es\/wordpress\/wp-content\/uploads\/2026\/04\/26040235.jpg 2362w\" sizes=\"(max-width: 1000px) 100vw, 800px\" \/><div class=\"fusion-rollover\">\n\t<div class=\"fusion-rollover-content\">\n\n\t\t\t\t\t\t\t\t\t\t\t\t\t\t<a class=\"fusion-rollover-link\" href=\"https:\/\/ramse.es\/wordpress\/ricardo-mena-bernal-escobar-julio-gomez-menchero-y-mercedes-sendin-martin-nuevos-academicos-correspondientes-de-la-ramse\/\">Ricardo Mena-Bernal Escobar, Julio G\u00f3mez Menchero y Mercedes Send\u00edn Mart\u00edn, nuevos Acad\u00e9micos Correspondientes<\/a>\n\t\t\t\n\t\t\t\t\t\t\t\t\t\t\t\t\t\t\n\t\t\t\t\t\t\t\t\n\t\t\t\t\t\t\t\t\t\t\t\t\t<div class=\"fusion-rollover-sep\"><\/div>\n\t\t\t\t\n\t\t\t\t\t\t\t\t\t\t\t\t\t\t\t\t\t\t<a class=\"fusion-rollover-gallery\" href=\"https:\/\/ramse.es\/wordpress\/wp-content\/uploads\/2026\/04\/26040235.jpg\" data-id=\"5821\" data-rel=\"iLightbox[gallery]\" data-title=\"26040235\" data-caption=\"\">\n\t\t\t\t\t\tGaler\u00eda\t\t\t\t\t<\/a>\n\t\t\t\t\t\t\t\t\t\t\t\t\t\t\n\t\t\n\t\t\t\t\t\t\t\t\n\t\t\t\t\t\t\t\t\n\t\t\n\t\t\t\t\t\t<a class=\"fusion-link-wrapper\" href=\"https:\/\/ramse.es\/wordpress\/ricardo-mena-bernal-escobar-julio-gomez-menchero-y-mercedes-sendin-martin-nuevos-academicos-correspondientes-de-la-ramse\/\" aria-label=\"Ricardo Mena-Bernal Escobar, Julio G\u00f3mez Menchero y Mercedes Send\u00edn Mart\u00edn, nuevos Acad\u00e9micos Correspondientes\"><\/a>\n\t<\/div>\n<\/div>\n<\/div>\n<\/li>\n\t\t\t\n\t\t\t\n\t\t\t\t\t\t\t\t\t\t\t\t\t\t\t\t\t\t\t\t\t\t\t\t\t\t\t\t\t\t\t\t\t\t\t\t\t\t\t\t\t\t\t\t\t\t\t\t\t\t\t\t\t\t\t\t\t\t\t\t\t\t\t\t\t\t\t\t<\/ul>\n\t<\/div>\n\t<div class=\"fusion-date-and-formats\"><div class=\"fusion-date-box updated\"><span class=\"fusion-date\">abril<\/span><span class=\"fusion-month-year\">6:26 pm<\/span><\/div><div class=\"fusion-format-box\"><i class=\"awb-icon-pen\" aria-hidden=\"true\"><\/i><\/div><\/div><div class=\"fusion-post-content post-content\"><h2 class=\"blog-shortcode-post-title entry-title\"><a href=\"https:\/\/ramse.es\/wordpress\/ricardo-mena-bernal-escobar-julio-gomez-menchero-y-mercedes-sendin-martin-nuevos-academicos-correspondientes-de-la-ramse\/\">Ricardo Mena-Bernal Escobar, Julio G\u00f3mez Menchero y Mercedes Send\u00edn Mart\u00edn, nuevos Acad\u00e9micos Correspondientes<\/a><\/h2><p class=\"fusion-single-line-meta\">Por <span class=\"vcard\"><span class=\"fn\"><a href=\"https:\/\/ramse.es\/wordpress\/author\/prensa\/\" title=\"Entradas de Mar\u00eda\" rel=\"author\">Mar\u00eda<\/a><\/span><\/span><span class=\"fusion-inline-sep\">|<\/span><span class=\"updated\" style=\"display:none;\">2026-04-17T18:28:22+02:00<\/span><span>abril 17th, 2026<\/span><span class=\"fusion-inline-sep\">|<\/span>Categor\u00edas: <a href=\"https:\/\/ramse.es\/wordpress\/category\/actos-academicos\/academicos-correspondientes\/\" rel=\"category tag\">Acad\u00e9micos Correspondientes<\/a><span class=\"fusion-inline-sep\">|<\/span><\/p><div class=\"fusion-post-content-container\"><p>La Real Academia de Medicina y Cirug\u00eda de Sevilla celebr\u00f3 ayer la recepci\u00f3n de tres nuevos Acad\u00e9micos Correspondientes. Se trata de los doctores Ricardo Mena-Bernal Escobar, Julio G\u00f3mez Menchero y Mercedes Send\u00edn Mart\u00edn, tres especialistas de referencia en cirug\u00eda ortop\u00e9dica, cirug\u00eda general y dermatolog\u00eda. Al acto asistieron Silvia Pozo S\u00e1nchez, delegada territorial de Salud y Consumo de la Junta de Andaluc\u00eda en Sevilla y Manuel Dorado Oca\u00f1a, decano de la <a href=\"https:\/\/ramse.es\/wordpress\/ricardo-mena-bernal-escobar-julio-gomez-menchero-y-mercedes-sendin-martin-nuevos-academicos-correspondientes-de-la-ramse\/\">[...]<\/a><\/p><\/div><\/div><div class=\"fusion-clearfix\"><\/div><div class=\"fusion-meta-info\"><div class=\"fusion-alignright\"><a class=\"fusion-read-more\" href=\"https:\/\/ramse.es\/wordpress\/ricardo-mena-bernal-escobar-julio-gomez-menchero-y-mercedes-sendin-martin-nuevos-academicos-correspondientes-de-la-ramse\/\" aria-label=\"More on Ricardo Mena-Bernal Escobar, Julio G\u00f3mez Menchero y Mercedes Send\u00edn Mart\u00edn, nuevos Acad\u00e9micos Correspondientes\">Leer M\u00e1s<\/a><\/div><\/div><\/article>\n<article id=\"blog-1-post-5795\" class=\"fusion-post-large-alternate post-5795 post type-post status-publish format-standard has-post-thumbnail hentry category-conferencia tag-muface\">\n\t<style type=\"text\/css\">\n\t\t\n\t\t\n\t\t\n\t\t\n\t\t\t<\/style>\n\n\n\t\t\t<div class=\"fusion-flexslider flexslider fusion-flexslider-loading fusion-post-slideshow\" style=\"\">\n\t\t<ul class=\"slides\">\n\t\t\t\n\t\t\t\t\t\t\t\t\t\t\t\t\t\t<li><div  class=\"fusion-image-wrapper\" aria-haspopup=\"true\">\n\t\t\t\t<img decoding=\"async\" width=\"2362\" height=\"1772\" src=\"https:\/\/ramse.es\/wordpress\/wp-content\/uploads\/2026\/03\/26030612.jpg\" class=\"attachment-full size-full wp-post-image\" alt=\"\" srcset=\"https:\/\/ramse.es\/wordpress\/wp-content\/uploads\/2026\/03\/26030612-200x150.jpg 200w, https:\/\/ramse.es\/wordpress\/wp-content\/uploads\/2026\/03\/26030612-400x300.jpg 400w, https:\/\/ramse.es\/wordpress\/wp-content\/uploads\/2026\/03\/26030612-600x450.jpg 600w, https:\/\/ramse.es\/wordpress\/wp-content\/uploads\/2026\/03\/26030612-800x600.jpg 800w, https:\/\/ramse.es\/wordpress\/wp-content\/uploads\/2026\/03\/26030612-1200x900.jpg 1200w, https:\/\/ramse.es\/wordpress\/wp-content\/uploads\/2026\/03\/26030612.jpg 2362w\" sizes=\"(max-width: 1000px) 100vw, 800px\" \/><div class=\"fusion-rollover\">\n\t<div class=\"fusion-rollover-content\">\n\n\t\t\t\t\t\t\t\t\t\t\t\t\t\t<a class=\"fusion-rollover-link\" href=\"https:\/\/ramse.es\/wordpress\/la-real-academia-de-medicina-y-cirugia-de-sevilla-acoge-la-conferencia-muface-pasado-y-futuro-de-su-modelo-de-gestion-sanitaria\/\">La RAMSE acoge la conferencia \u201cMUFACE: pasado y futuro de su modelo de gesti\u00f3n sanitaria\u201d<\/a>\n\t\t\t\n\t\t\t\t\t\t\t\t\t\t\t\t\t\t\n\t\t\t\t\t\t\t\t\n\t\t\t\t\t\t\t\t\t\t\t\t\t<div class=\"fusion-rollover-sep\"><\/div>\n\t\t\t\t\n\t\t\t\t\t\t\t\t\t\t\t\t\t\t\t\t\t\t<a class=\"fusion-rollover-gallery\" href=\"https:\/\/ramse.es\/wordpress\/wp-content\/uploads\/2026\/03\/26030612.jpg\" data-id=\"5795\" data-rel=\"iLightbox[gallery]\" data-title=\"26030612\" data-caption=\"\">\n\t\t\t\t\t\tGaler\u00eda\t\t\t\t\t<\/a>\n\t\t\t\t\t\t\t\t\t\t\t\t\t\t\n\t\t\n\t\t\t\t\t\t\t\t\n\t\t\t\t\t\t\t\t\n\t\t\n\t\t\t\t\t\t<a class=\"fusion-link-wrapper\" href=\"https:\/\/ramse.es\/wordpress\/la-real-academia-de-medicina-y-cirugia-de-sevilla-acoge-la-conferencia-muface-pasado-y-futuro-de-su-modelo-de-gestion-sanitaria\/\" aria-label=\"La RAMSE acoge la conferencia \u201cMUFACE: pasado y futuro de su modelo de gesti\u00f3n sanitaria\u201d\"><\/a>\n\t<\/div>\n<\/div>\n<\/div>\n<\/li>\n\t\t\t\n\t\t\t\n\t\t\t\t\t\t\t\t\t\t\t\t\t\t\t\t\t\t\t\t\t\t\t\t\t\t\t\t\t\t\t\t\t\t\t\t\t\t\t\t\t\t\t\t\t\t\t\t\t\t\t\t\t\t\t\t\t\t\t\t\t\t\t\t\t\t\t\t<\/ul>\n\t<\/div>\n\t<div class=\"fusion-date-and-formats\"><div class=\"fusion-date-box updated\"><span class=\"fusion-date\">marzo<\/span><span class=\"fusion-month-year\">4:35 pm<\/span><\/div><div class=\"fusion-format-box\"><i class=\"awb-icon-pen\" aria-hidden=\"true\"><\/i><\/div><\/div><div class=\"fusion-post-content post-content\"><h2 class=\"blog-shortcode-post-title entry-title\"><a href=\"https:\/\/ramse.es\/wordpress\/la-real-academia-de-medicina-y-cirugia-de-sevilla-acoge-la-conferencia-muface-pasado-y-futuro-de-su-modelo-de-gestion-sanitaria\/\">La RAMSE acoge la conferencia \u201cMUFACE: pasado y futuro de su modelo de gesti\u00f3n sanitaria\u201d<\/a><\/h2><p class=\"fusion-single-line-meta\">Por <span class=\"vcard\"><span class=\"fn\"><a href=\"https:\/\/ramse.es\/wordpress\/author\/prensa\/\" title=\"Entradas de Mar\u00eda\" rel=\"author\">Mar\u00eda<\/a><\/span><\/span><span class=\"fusion-inline-sep\">|<\/span><span class=\"updated\" style=\"display:none;\">2026-03-27T16:36:36+02:00<\/span><span>marzo 27th, 2026<\/span><span class=\"fusion-inline-sep\">|<\/span>Categor\u00edas: <a href=\"https:\/\/ramse.es\/wordpress\/category\/conferencia\/\" rel=\"category tag\">Conferencia<\/a><span class=\"fusion-inline-sep\">|<\/span><span class=\"meta-tags\">Etiquetas: <a href=\"https:\/\/ramse.es\/wordpress\/tag\/muface\/\" rel=\"tag\">muface<\/a><\/span><span class=\"fusion-inline-sep\">|<\/span><\/p><div class=\"fusion-post-content-container\"><p>La Real Academia de Medicina y Cirug\u00eda de Sevilla acogi\u00f3 ayer la conferencia \u2018MUFACE: pasado y futuro de su modelo de gesti\u00f3n sanitaria\u2019, impartida por el Dr. Miguel \u00c1ngel Guzm\u00e1n Ruiz, director m\u00e9dico de ASISA en Andaluc\u00eda, quien analiz\u00f3 la evoluci\u00f3n de este modelo y los retos a los que se enfrenta en la actualidad. El acto estuvo presidido por la consejera de Empleo, Empresas y Trabajo Aut\u00f3nomo, Roc\u00edo Blanco, <a href=\"https:\/\/ramse.es\/wordpress\/la-real-academia-de-medicina-y-cirugia-de-sevilla-acoge-la-conferencia-muface-pasado-y-futuro-de-su-modelo-de-gestion-sanitaria\/\">[...]<\/a><\/p><\/div><\/div><div class=\"fusion-clearfix\"><\/div><div class=\"fusion-meta-info\"><div class=\"fusion-alignright\"><a class=\"fusion-read-more\" href=\"https:\/\/ramse.es\/wordpress\/la-real-academia-de-medicina-y-cirugia-de-sevilla-acoge-la-conferencia-muface-pasado-y-futuro-de-su-modelo-de-gestion-sanitaria\/\" aria-label=\"More on La RAMSE acoge la conferencia \u201cMUFACE: pasado y futuro de su modelo de gesti\u00f3n sanitaria\u201d\">Leer M\u00e1s<\/a><\/div><\/div><\/article>\n<article id=\"blog-1-post-5782\" class=\"fusion-post-large-alternate post-5782 post type-post status-publish format-standard has-post-thumbnail hentry category-actividades category-presentacion tag-contribuciones-de-la-medicina-espanola-al-mundo tag-medicina-espanola\">\n\t<style type=\"text\/css\">\n\t\t\n\t\t\n\t\t\n\t\t\n\t\t\t<\/style>\n\n\n\t\t\t<div class=\"fusion-flexslider flexslider fusion-flexslider-loading fusion-post-slideshow\" style=\"\">\n\t\t<ul class=\"slides\">\n\t\t\t\n\t\t\t\t\t\t\t\t\t\t\t\t\t\t<li><div  class=\"fusion-image-wrapper\" aria-haspopup=\"true\">\n\t\t\t\t<img decoding=\"async\" width=\"2362\" height=\"1772\" src=\"https:\/\/ramse.es\/wordpress\/wp-content\/uploads\/2026\/03\/26030409.jpg\" class=\"attachment-full size-full wp-post-image\" alt=\"\" srcset=\"https:\/\/ramse.es\/wordpress\/wp-content\/uploads\/2026\/03\/26030409-200x150.jpg 200w, https:\/\/ramse.es\/wordpress\/wp-content\/uploads\/2026\/03\/26030409-400x300.jpg 400w, https:\/\/ramse.es\/wordpress\/wp-content\/uploads\/2026\/03\/26030409-600x450.jpg 600w, https:\/\/ramse.es\/wordpress\/wp-content\/uploads\/2026\/03\/26030409-800x600.jpg 800w, https:\/\/ramse.es\/wordpress\/wp-content\/uploads\/2026\/03\/26030409-1200x900.jpg 1200w, https:\/\/ramse.es\/wordpress\/wp-content\/uploads\/2026\/03\/26030409.jpg 2362w\" sizes=\"(max-width: 1000px) 100vw, 800px\" \/><div class=\"fusion-rollover\">\n\t<div class=\"fusion-rollover-content\">\n\n\t\t\t\t\t\t\t\t\t\t\t\t\t\t<a class=\"fusion-rollover-link\" href=\"https:\/\/ramse.es\/wordpress\/presentacion-del-libro-contribuciones-de-la-medicina-espanola-al-mundo\/\">Presentaci\u00f3n del libro: \u2018Contribuciones de la medicina espa\u00f1ola al mundo\u2019<\/a>\n\t\t\t\n\t\t\t\t\t\t\t\t\t\t\t\t\t\t\n\t\t\t\t\t\t\t\t\n\t\t\t\t\t\t\t\t\t\t\t\t\t<div class=\"fusion-rollover-sep\"><\/div>\n\t\t\t\t\n\t\t\t\t\t\t\t\t\t\t\t\t\t\t\t\t\t\t<a class=\"fusion-rollover-gallery\" href=\"https:\/\/ramse.es\/wordpress\/wp-content\/uploads\/2026\/03\/26030409.jpg\" data-id=\"5782\" data-rel=\"iLightbox[gallery]\" data-title=\"26030409\" data-caption=\"\">\n\t\t\t\t\t\tGaler\u00eda\t\t\t\t\t<\/a>\n\t\t\t\t\t\t\t\t\t\t\t\t\t\t\n\t\t\n\t\t\t\t\t\t\t\t\n\t\t\t\t\t\t\t\t\n\t\t\n\t\t\t\t\t\t<a class=\"fusion-link-wrapper\" href=\"https:\/\/ramse.es\/wordpress\/presentacion-del-libro-contribuciones-de-la-medicina-espanola-al-mundo\/\" aria-label=\"Presentaci\u00f3n del libro: \u2018Contribuciones de la medicina espa\u00f1ola al mundo\u2019\"><\/a>\n\t<\/div>\n<\/div>\n<\/div>\n<\/li>\n\t\t\t\n\t\t\t\n\t\t\t\t\t\t\t\t\t\t\t\t\t\t\t\t\t\t\t\t\t\t\t\t\t\t\t\t\t\t\t\t\t\t\t\t\t\t\t\t\t\t\t\t\t\t\t\t\t\t\t\t\t\t\t\t\t\t\t\t\t\t\t\t\t\t\t\t<\/ul>\n\t<\/div>\n\t<div class=\"fusion-date-and-formats\"><div class=\"fusion-date-box updated\"><span class=\"fusion-date\">marzo<\/span><span class=\"fusion-month-year\">10:07 am<\/span><\/div><div class=\"fusion-format-box\"><i class=\"awb-icon-pen\" aria-hidden=\"true\"><\/i><\/div><\/div><div class=\"fusion-post-content post-content\"><h2 class=\"blog-shortcode-post-title entry-title\"><a href=\"https:\/\/ramse.es\/wordpress\/presentacion-del-libro-contribuciones-de-la-medicina-espanola-al-mundo\/\">Presentaci\u00f3n del libro: \u2018Contribuciones de la medicina espa\u00f1ola al mundo\u2019<\/a><\/h2><p class=\"fusion-single-line-meta\">Por <span class=\"vcard\"><span class=\"fn\"><a href=\"https:\/\/ramse.es\/wordpress\/author\/prensa\/\" title=\"Entradas de Mar\u00eda\" rel=\"author\">Mar\u00eda<\/a><\/span><\/span><span class=\"fusion-inline-sep\">|<\/span><span class=\"updated\" style=\"display:none;\">2026-03-23T11:44:01+02:00<\/span><span>marzo 23rd, 2026<\/span><span class=\"fusion-inline-sep\">|<\/span>Categor\u00edas: <a href=\"https:\/\/ramse.es\/wordpress\/category\/news\/actividades\/\" rel=\"category tag\">Actividades<\/a>, <a href=\"https:\/\/ramse.es\/wordpress\/category\/presentacion\/\" rel=\"category tag\">Presentaci\u00f3n<\/a><span class=\"fusion-inline-sep\">|<\/span><span class=\"meta-tags\">Etiquetas: <a href=\"https:\/\/ramse.es\/wordpress\/tag\/contribuciones-de-la-medicina-espanola-al-mundo\/\" rel=\"tag\">Contribuciones de la medicina espa\u00f1ola al mundo<\/a>, <a href=\"https:\/\/ramse.es\/wordpress\/tag\/medicina-espanola\/\" rel=\"tag\">medicina espa\u00f1ola<\/a><\/span><span class=\"fusion-inline-sep\">|<\/span><\/p><div class=\"fusion-post-content-container\"><p>El cirujano Abulcasis, nacido en Medina Azahara; el m\u00e9dico Maim\u00f3nides, en C\u00f3rdoba; el psiquiatra Luis Rojas Marcos, en Sevilla; o la bioqu\u00edmica Magdalena Ugarte, nacida en Ceuta y criada en Granada, son algunos de los nombres andaluces que aparecen en el libro Contribuciones de la medicina espa\u00f1ola al mundo, presentado en la Real Academia de Medicina y Cirug\u00eda de Sevilla (RAMSE). La obra, coordinada por los doctores Miguel \u00c1. Cuesta <a href=\"https:\/\/ramse.es\/wordpress\/presentacion-del-libro-contribuciones-de-la-medicina-espanola-al-mundo\/\">[...]<\/a><\/p><\/div><\/div><div class=\"fusion-clearfix\"><\/div><div class=\"fusion-meta-info\"><div class=\"fusion-alignright\"><a class=\"fusion-read-more\" href=\"https:\/\/ramse.es\/wordpress\/presentacion-del-libro-contribuciones-de-la-medicina-espanola-al-mundo\/\" aria-label=\"More on Presentaci\u00f3n del libro: \u2018Contribuciones de la medicina espa\u00f1ola al mundo\u2019\">Leer M\u00e1s<\/a><\/div><\/div><\/article>\n<article id=\"blog-1-post-5763\" class=\"fusion-post-large-alternate post-5763 post type-post status-publish format-standard has-post-thumbnail hentry category-uncategorized\">\n\t<style type=\"text\/css\">\n\t\t\n\t\t\n\t\t\n\t\t\n\t\t\t<\/style>\n\n\n\t\t\t<div class=\"fusion-flexslider flexslider fusion-flexslider-loading fusion-post-slideshow\" style=\"\">\n\t\t<ul class=\"slides\">\n\t\t\t\n\t\t\t\t\t\t\t\t\t\t\t\t\t\t<li><div  class=\"fusion-image-wrapper\" aria-haspopup=\"true\">\n\t\t\t\t<img decoding=\"async\" width=\"2362\" height=\"1772\" src=\"https:\/\/ramse.es\/wordpress\/wp-content\/uploads\/2026\/03\/26030367.jpg\" class=\"attachment-full size-full wp-post-image\" alt=\"\" srcset=\"https:\/\/ramse.es\/wordpress\/wp-content\/uploads\/2026\/03\/26030367-200x150.jpg 200w, https:\/\/ramse.es\/wordpress\/wp-content\/uploads\/2026\/03\/26030367-400x300.jpg 400w, https:\/\/ramse.es\/wordpress\/wp-content\/uploads\/2026\/03\/26030367-600x450.jpg 600w, https:\/\/ramse.es\/wordpress\/wp-content\/uploads\/2026\/03\/26030367-800x600.jpg 800w, https:\/\/ramse.es\/wordpress\/wp-content\/uploads\/2026\/03\/26030367-1200x900.jpg 1200w, https:\/\/ramse.es\/wordpress\/wp-content\/uploads\/2026\/03\/26030367.jpg 2362w\" sizes=\"(max-width: 1000px) 100vw, 800px\" \/><div class=\"fusion-rollover\">\n\t<div class=\"fusion-rollover-content\">\n\n\t\t\t\t\t\t\t\t\t\t\t\t\t\t<a class=\"fusion-rollover-link\" href=\"https:\/\/ramse.es\/wordpress\/la-dra-blanca-loscertales-y-el-dr-angel-chimenea-nuevos-academicos-correspondiente-de-la-ramse\/\">La Dra, Blanca Loscertales y el Dr. \u00c1ngel Chimenea, nuevos Acad\u00e9micos Correspondiente de la RAMSE<\/a>\n\t\t\t\n\t\t\t\t\t\t\t\t\t\t\t\t\t\t\n\t\t\t\t\t\t\t\t\n\t\t\t\t\t\t\t\t\t\t\t\t\t<div class=\"fusion-rollover-sep\"><\/div>\n\t\t\t\t\n\t\t\t\t\t\t\t\t\t\t\t\t\t\t\t\t\t\t<a class=\"fusion-rollover-gallery\" href=\"https:\/\/ramse.es\/wordpress\/wp-content\/uploads\/2026\/03\/26030367.jpg\" data-id=\"5763\" data-rel=\"iLightbox[gallery]\" data-title=\"26030367\" data-caption=\"\">\n\t\t\t\t\t\tGaler\u00eda\t\t\t\t\t<\/a>\n\t\t\t\t\t\t\t\t\t\t\t\t\t\t\n\t\t\n\t\t\t\t\t\t\t\t\n\t\t\t\t\t\t\t\t\n\t\t\n\t\t\t\t\t\t<a class=\"fusion-link-wrapper\" href=\"https:\/\/ramse.es\/wordpress\/la-dra-blanca-loscertales-y-el-dr-angel-chimenea-nuevos-academicos-correspondiente-de-la-ramse\/\" aria-label=\"La Dra, Blanca Loscertales y el Dr. \u00c1ngel Chimenea, nuevos Acad\u00e9micos Correspondiente de la RAMSE\"><\/a>\n\t<\/div>\n<\/div>\n<\/div>\n<\/li>\n\t\t\t\n\t\t\t\n\t\t\t\t\t\t\t\t\t\t\t\t\t\t\t\t\t\t\t\t\t\t\t\t\t\t\t\t\t\t\t\t\t\t\t\t\t\t\t\t\t\t\t\t\t\t\t\t\t\t\t\t\t\t\t\t\t\t\t\t\t\t\t\t\t\t\t\t<\/ul>\n\t<\/div>\n\t<div class=\"fusion-date-and-formats\"><div class=\"fusion-date-box updated\"><span class=\"fusion-date\">marzo<\/span><span class=\"fusion-month-year\">7:03 pm<\/span><\/div><div class=\"fusion-format-box\"><i class=\"awb-icon-pen\" aria-hidden=\"true\"><\/i><\/div><\/div><div class=\"fusion-post-content post-content\"><h2 class=\"blog-shortcode-post-title entry-title\"><a href=\"https:\/\/ramse.es\/wordpress\/la-dra-blanca-loscertales-y-el-dr-angel-chimenea-nuevos-academicos-correspondiente-de-la-ramse\/\">La Dra, Blanca Loscertales y el Dr. \u00c1ngel Chimenea, nuevos Acad\u00e9micos Correspondiente de la RAMSE<\/a><\/h2><p class=\"fusion-single-line-meta\">Por <span class=\"vcard\"><span class=\"fn\"><a href=\"https:\/\/ramse.es\/wordpress\/author\/prensa\/\" title=\"Entradas de Mar\u00eda\" rel=\"author\">Mar\u00eda<\/a><\/span><\/span><span class=\"fusion-inline-sep\">|<\/span><span class=\"updated\" style=\"display:none;\">2026-03-13T19:03:32+02:00<\/span><span>marzo 13th, 2026<\/span><span class=\"fusion-inline-sep\">|<\/span>Categor\u00edas: <a href=\"https:\/\/ramse.es\/wordpress\/category\/uncategorized\/\" rel=\"category tag\">Uncategorized<\/a><span class=\"fusion-inline-sep\">|<\/span><\/p><div class=\"fusion-post-content-container\"><p>La Real Academia de Medicina y Cirug\u00eda de Sevilla celebr\u00f3 ayer en sesi\u00f3n solemne el acto de recepci\u00f3n de la odont\u00f3loga Blanca Loscertales Mart\u00edn de Agar y del especialista en econom\u00eda de la salud, el Dr. \u00c1ngel Chimenea Toscano como nuevos Acad\u00e9micos Correspondientes de la instituci\u00f3n. Durante el acto, celebrado en el Sal\u00f3n de Actos \u201cRam\u00f3n y Cajal\u201d, ambos especialistas pronunciaron sus discursos de ingreso, centrados en dos \u00e1mbitos clave <a href=\"https:\/\/ramse.es\/wordpress\/la-dra-blanca-loscertales-y-el-dr-angel-chimenea-nuevos-academicos-correspondiente-de-la-ramse\/\">[...]<\/a><\/p><\/div><\/div><div class=\"fusion-clearfix\"><\/div><div class=\"fusion-meta-info\"><div class=\"fusion-alignright\"><a class=\"fusion-read-more\" href=\"https:\/\/ramse.es\/wordpress\/la-dra-blanca-loscertales-y-el-dr-angel-chimenea-nuevos-academicos-correspondiente-de-la-ramse\/\" aria-label=\"More on La Dra, Blanca Loscertales y el Dr. \u00c1ngel Chimenea, nuevos Acad\u00e9micos Correspondiente de la RAMSE\">Leer M\u00e1s<\/a><\/div><\/div><\/article>\n<article id=\"blog-1-post-5774\" class=\"fusion-post-large-alternate post-5774 post type-post status-publish format-standard has-post-thumbnail hentry category-conferencia tag-diabetes tag-diabetes-tipo-1\">\n\t<style type=\"text\/css\">\n\t\t\n\t\t\n\t\t\n\t\t\n\t\t\t<\/style>\n\n\n\t\t\t<div class=\"fusion-flexslider flexslider fusion-flexslider-loading fusion-post-slideshow\" style=\"\">\n\t\t<ul class=\"slides\">\n\t\t\t\n\t\t\t\t\t\t\t\t\t\t\t\t\t\t<li><div  class=\"fusion-image-wrapper\" aria-haspopup=\"true\">\n\t\t\t\t<img decoding=\"async\" width=\"2362\" height=\"1772\" src=\"https:\/\/ramse.es\/wordpress\/wp-content\/uploads\/2026\/03\/26030189.jpg\" class=\"attachment-full size-full wp-post-image\" alt=\"\" srcset=\"https:\/\/ramse.es\/wordpress\/wp-content\/uploads\/2026\/03\/26030189-200x150.jpg 200w, https:\/\/ramse.es\/wordpress\/wp-content\/uploads\/2026\/03\/26030189-400x300.jpg 400w, https:\/\/ramse.es\/wordpress\/wp-content\/uploads\/2026\/03\/26030189-600x450.jpg 600w, https:\/\/ramse.es\/wordpress\/wp-content\/uploads\/2026\/03\/26030189-800x600.jpg 800w, https:\/\/ramse.es\/wordpress\/wp-content\/uploads\/2026\/03\/26030189-1200x900.jpg 1200w, https:\/\/ramse.es\/wordpress\/wp-content\/uploads\/2026\/03\/26030189.jpg 2362w\" sizes=\"(max-width: 1000px) 100vw, 800px\" \/><div class=\"fusion-rollover\">\n\t<div class=\"fusion-rollover-content\">\n\n\t\t\t\t\t\t\t\t\t\t\t\t\t\t<a class=\"fusion-rollover-link\" href=\"https:\/\/ramse.es\/wordpress\/la-doctora-raquel-barrio-castellanos-presenta-en-sevilla-los-avances-de-la-diabetes-tipo-1-del-control-a-la-prevencion\/\">La doctora Raquel Barrio Castellanos presenta en Sevilla los avances de la diabetes tipo 1: del control a la prevenci\u00f3n<\/a>\n\t\t\t\n\t\t\t\t\t\t\t\t\t\t\t\t\t\t\n\t\t\t\t\t\t\t\t\n\t\t\t\t\t\t\t\t\t\t\t\t\t<div class=\"fusion-rollover-sep\"><\/div>\n\t\t\t\t\n\t\t\t\t\t\t\t\t\t\t\t\t\t\t\t\t\t\t<a class=\"fusion-rollover-gallery\" href=\"https:\/\/ramse.es\/wordpress\/wp-content\/uploads\/2026\/03\/26030189.jpg\" data-id=\"5774\" data-rel=\"iLightbox[gallery]\" data-title=\"26030189\" data-caption=\"\">\n\t\t\t\t\t\tGaler\u00eda\t\t\t\t\t<\/a>\n\t\t\t\t\t\t\t\t\t\t\t\t\t\t\n\t\t\n\t\t\t\t\t\t\t\t\n\t\t\t\t\t\t\t\t\n\t\t\n\t\t\t\t\t\t<a class=\"fusion-link-wrapper\" href=\"https:\/\/ramse.es\/wordpress\/la-doctora-raquel-barrio-castellanos-presenta-en-sevilla-los-avances-de-la-diabetes-tipo-1-del-control-a-la-prevencion\/\" aria-label=\"La doctora Raquel Barrio Castellanos presenta en Sevilla los avances de la diabetes tipo 1: del control a la prevenci\u00f3n\"><\/a>\n\t<\/div>\n<\/div>\n<\/div>\n<\/li>\n\t\t\t\n\t\t\t\n\t\t\t\t\t\t\t\t\t\t\t\t\t\t\t\t\t\t\t\t\t\t\t\t\t\t\t\t\t\t\t\t\t\t\t\t\t\t\t\t\t\t\t\t\t\t\t\t\t\t\t\t\t\t\t\t\t\t\t\t\t\t\t\t\t\t\t\t<\/ul>\n\t<\/div>\n\t<div class=\"fusion-date-and-formats\"><div class=\"fusion-date-box updated\"><span class=\"fusion-date\">marzo<\/span><span class=\"fusion-month-year\">8:58 pm<\/span><\/div><div class=\"fusion-format-box\"><i class=\"awb-icon-pen\" aria-hidden=\"true\"><\/i><\/div><\/div><div class=\"fusion-post-content post-content\"><h2 class=\"blog-shortcode-post-title entry-title\"><a href=\"https:\/\/ramse.es\/wordpress\/la-doctora-raquel-barrio-castellanos-presenta-en-sevilla-los-avances-de-la-diabetes-tipo-1-del-control-a-la-prevencion\/\">La doctora Raquel Barrio Castellanos presenta en Sevilla los avances de la diabetes tipo 1: del control a la prevenci\u00f3n<\/a><\/h2><p class=\"fusion-single-line-meta\">Por <span class=\"vcard\"><span class=\"fn\"><a href=\"https:\/\/ramse.es\/wordpress\/author\/prensa\/\" title=\"Entradas de Mar\u00eda\" rel=\"author\">Mar\u00eda<\/a><\/span><\/span><span class=\"fusion-inline-sep\">|<\/span><span class=\"updated\" style=\"display:none;\">2026-03-22T23:07:10+02:00<\/span><span>marzo 11th, 2026<\/span><span class=\"fusion-inline-sep\">|<\/span>Categor\u00edas: <a href=\"https:\/\/ramse.es\/wordpress\/category\/conferencia\/\" rel=\"category tag\">Conferencia<\/a><span class=\"fusion-inline-sep\">|<\/span><span class=\"meta-tags\">Etiquetas: <a href=\"https:\/\/ramse.es\/wordpress\/tag\/diabetes\/\" rel=\"tag\">Diabetes<\/a>, <a href=\"https:\/\/ramse.es\/wordpress\/tag\/diabetes-tipo-1\/\" rel=\"tag\">Diabetes tipo 1<\/a><\/span><span class=\"fusion-inline-sep\">|<\/span><\/p><div class=\"fusion-post-content-container\"><p>La Real Academia de Medicina y Cirug\u00eda de Sevilla y el Colegio de M\u00e9dicos de Sevilla, han celebrado una sesi\u00f3n conjunta en la que intervino la Dra. Raquel Barrio Castellanos, especialista en Diabetes Infantil y Endocrinolog\u00eda Pedi\u00e1trica del Hospital Universitario Ram\u00f3n y Cajal (Madrid), quien present\u00f3 las claves que est\u00e1n transformando el abordaje de la diabetes tipo 1 (DT1) en ni\u00f1os y adolescentes. Bajo el t\u00edtulo \u201cPresente y futuro de <a href=\"https:\/\/ramse.es\/wordpress\/la-doctora-raquel-barrio-castellanos-presenta-en-sevilla-los-avances-de-la-diabetes-tipo-1-del-control-a-la-prevencion\/\">[...]<\/a><\/p><\/div><\/div><div class=\"fusion-clearfix\"><\/div><div class=\"fusion-meta-info\"><div class=\"fusion-alignright\"><a class=\"fusion-read-more\" href=\"https:\/\/ramse.es\/wordpress\/la-doctora-raquel-barrio-castellanos-presenta-en-sevilla-los-avances-de-la-diabetes-tipo-1-del-control-a-la-prevencion\/\" aria-label=\"More on La doctora Raquel Barrio Castellanos presenta en Sevilla los avances de la diabetes tipo 1: del control a la prevenci\u00f3n\">Leer M\u00e1s<\/a><\/div><\/div><\/article>\n<article id=\"blog-1-post-5747\" class=\"fusion-post-large-alternate post-5747 post type-post status-publish format-standard has-post-thumbnail hentry category-buzon-academico\">\n\t<style type=\"text\/css\">\n\t\t\n\t\t\n\t\t\n\t\t\n\t\t\t<\/style>\n\n\n\t\t\t<div class=\"fusion-flexslider flexslider fusion-flexslider-loading fusion-post-slideshow\" style=\"\">\n\t\t<ul class=\"slides\">\n\t\t\t\n\t\t\t\t\t\t\t\t\t\t\t\t\t\t<li><div  class=\"fusion-image-wrapper\" aria-haspopup=\"true\">\n\t\t\t\t<img decoding=\"async\" width=\"350\" height=\"131\" src=\"https:\/\/ramse.es\/wordpress\/wp-content\/uploads\/2020\/05\/cabecera-web-logo-ramse-pequen\u0303o.png\" class=\"attachment-full size-full wp-post-image\" alt=\"\" srcset=\"https:\/\/ramse.es\/wordpress\/wp-content\/uploads\/2020\/05\/cabecera-web-logo-ramse-pequen\u0303o-200x75.png 200w, https:\/\/ramse.es\/wordpress\/wp-content\/uploads\/2020\/05\/cabecera-web-logo-ramse-pequen\u0303o.png 350w\" sizes=\"(max-width: 1000px) 100vw, 350px\" \/><div class=\"fusion-rollover\">\n\t<div class=\"fusion-rollover-content\">\n\n\t\t\t\t\t\t\t\t\t\t\t\t\t\t<a class=\"fusion-rollover-link\" href=\"https:\/\/ramse.es\/wordpress\/buzon-academico\/\">Buz\u00f3n Acad\u00e9mico: Pervivencia de la Academia<\/a>\n\t\t\t\n\t\t\t\t\t\t\t\t\t\t\t\t\t\t\n\t\t\t\t\t\t\t\t\n\t\t\t\t\t\t\t\t\t\t\t\t\t<div class=\"fusion-rollover-sep\"><\/div>\n\t\t\t\t\n\t\t\t\t\t\t\t\t\t\t\t\t\t\t\t\t\t\t<a class=\"fusion-rollover-gallery\" href=\"https:\/\/ramse.es\/wordpress\/wp-content\/uploads\/2020\/05\/cabecera-web-logo-ramse-pequen\u0303o.png\" data-id=\"5747\" data-rel=\"iLightbox[gallery]\" data-title=\"cabecera web logo ramse pequen\u0303o\" data-caption=\"\">\n\t\t\t\t\t\tGaler\u00eda\t\t\t\t\t<\/a>\n\t\t\t\t\t\t\t\t\t\t\t\t\t\t\n\t\t\n\t\t\t\t\t\t\t\t\n\t\t\t\t\t\t\t\t\n\t\t\n\t\t\t\t\t\t<a class=\"fusion-link-wrapper\" href=\"https:\/\/ramse.es\/wordpress\/buzon-academico\/\" aria-label=\"Buz\u00f3n Acad\u00e9mico: Pervivencia de la Academia\"><\/a>\n\t<\/div>\n<\/div>\n<\/div>\n<\/li>\n\t\t\t\n\t\t\t\n\t\t\t\t\t\t\t\t\t\t\t\t\t\t\t\t\t\t\t\t\t\t\t\t\t\t\t\t\t\t\t\t\t\t\t\t\t\t\t\t\t\t\t\t\t\t\t\t\t\t\t\t\t\t\t\t\t\t\t\t\t\t\t\t\t\t\t\t<\/ul>\n\t<\/div>\n\t<div class=\"fusion-date-and-formats\"><div class=\"fusion-date-box updated\"><span class=\"fusion-date\">marzo<\/span><span class=\"fusion-month-year\">2:43 pm<\/span><\/div><div class=\"fusion-format-box\"><i class=\"awb-icon-pen\" aria-hidden=\"true\"><\/i><\/div><\/div><div class=\"fusion-post-content post-content\"><h2 class=\"blog-shortcode-post-title entry-title\"><a href=\"https:\/\/ramse.es\/wordpress\/buzon-academico\/\">Buz\u00f3n Acad\u00e9mico: Pervivencia de la Academia<\/a><\/h2><p class=\"fusion-single-line-meta\">Por <span class=\"vcard\"><span class=\"fn\"><a href=\"https:\/\/ramse.es\/wordpress\/author\/prensa\/\" title=\"Entradas de Mar\u00eda\" rel=\"author\">Mar\u00eda<\/a><\/span><\/span><span class=\"fusion-inline-sep\">|<\/span><span class=\"updated\" style=\"display:none;\">2026-03-06T14:45:20+02:00<\/span><span>marzo 6th, 2026<\/span><span class=\"fusion-inline-sep\">|<\/span>Categor\u00edas: <a href=\"https:\/\/ramse.es\/wordpress\/category\/buzon-academico\/\" rel=\"category tag\">Buz\u00f3n Acad\u00e9mico<\/a><span class=\"fusion-inline-sep\">|<\/span><\/p><div class=\"fusion-post-content-container\"><p>Autor: Jos\u00e9 Antonio Dur\u00e1n Quintana, Real Academia de Medicina de Sevilla. Considerando que el presente escrito tiene una difusi\u00f3n exclusivamente intraacad\u00e9mica, huelga aclarar que se refiere a la Academia de Medicina de Sevilla. Igualmente queda claro el concepto de pervivir si se acude al DRAE para iluminar su significado: Seguir viviendo a pesar del tiempo o de las dificultades. Han irrumpido en el texto dos \u00abmiuras\u00bb, tiempo y dificultades, de <a href=\"https:\/\/ramse.es\/wordpress\/buzon-academico\/\">[...]<\/a><\/p><\/div><\/div><div class=\"fusion-clearfix\"><\/div><div class=\"fusion-meta-info\"><div class=\"fusion-alignright\"><a class=\"fusion-read-more\" href=\"https:\/\/ramse.es\/wordpress\/buzon-academico\/\" aria-label=\"More on Buz\u00f3n Acad\u00e9mico: Pervivencia de la Academia\">Leer M\u00e1s<\/a><\/div><\/div><\/article>\n<article id=\"blog-1-post-5743\" class=\"fusion-post-large-alternate post-5743 post type-post status-publish format-standard has-post-thumbnail hentry category-buzon-academico\">\n\t<style type=\"text\/css\">\n\t\t\n\t\t\n\t\t\n\t\t\n\t\t\t<\/style>\n\n\n\t\t\t<div class=\"fusion-flexslider flexslider fusion-flexslider-loading fusion-post-slideshow\" style=\"\">\n\t\t<ul class=\"slides\">\n\t\t\t\n\t\t\t\t\t\t\t\t\t\t\t\t\t\t<li><div  class=\"fusion-image-wrapper\" aria-haspopup=\"true\">\n\t\t\t\t<img decoding=\"async\" width=\"350\" height=\"131\" src=\"https:\/\/ramse.es\/wordpress\/wp-content\/uploads\/2020\/05\/cabecera-web-logo-ramse-pequen\u0303o.png\" class=\"attachment-full size-full wp-post-image\" alt=\"\" srcset=\"https:\/\/ramse.es\/wordpress\/wp-content\/uploads\/2020\/05\/cabecera-web-logo-ramse-pequen\u0303o-200x75.png 200w, https:\/\/ramse.es\/wordpress\/wp-content\/uploads\/2020\/05\/cabecera-web-logo-ramse-pequen\u0303o.png 350w\" sizes=\"(max-width: 1000px) 100vw, 350px\" \/><div class=\"fusion-rollover\">\n\t<div class=\"fusion-rollover-content\">\n\n\t\t\t\t\t\t\t\t\t\t\t\t\t\t<a class=\"fusion-rollover-link\" href=\"https:\/\/ramse.es\/wordpress\/buzon-academico-ejemplaridad-academica\/\">Buz\u00f3n Acad\u00e9mico: Ejemplaridad acad\u00e9mica<\/a>\n\t\t\t\n\t\t\t\t\t\t\t\t\t\t\t\t\t\t\n\t\t\t\t\t\t\t\t\n\t\t\t\t\t\t\t\t\t\t\t\t\t<div class=\"fusion-rollover-sep\"><\/div>\n\t\t\t\t\n\t\t\t\t\t\t\t\t\t\t\t\t\t\t\t\t\t\t<a class=\"fusion-rollover-gallery\" href=\"https:\/\/ramse.es\/wordpress\/wp-content\/uploads\/2020\/05\/cabecera-web-logo-ramse-pequen\u0303o.png\" data-id=\"5743\" data-rel=\"iLightbox[gallery]\" data-title=\"cabecera web logo ramse pequen\u0303o\" data-caption=\"\">\n\t\t\t\t\t\tGaler\u00eda\t\t\t\t\t<\/a>\n\t\t\t\t\t\t\t\t\t\t\t\t\t\t\n\t\t\n\t\t\t\t\t\t\t\t\n\t\t\t\t\t\t\t\t\n\t\t\n\t\t\t\t\t\t<a class=\"fusion-link-wrapper\" href=\"https:\/\/ramse.es\/wordpress\/buzon-academico-ejemplaridad-academica\/\" aria-label=\"Buz\u00f3n Acad\u00e9mico: Ejemplaridad acad\u00e9mica\"><\/a>\n\t<\/div>\n<\/div>\n<\/div>\n<\/li>\n\t\t\t\n\t\t\t\n\t\t\t\t\t\t\t\t\t\t\t\t\t\t\t\t\t\t\t\t\t\t\t\t\t\t\t\t\t\t\t\t\t\t\t\t\t\t\t\t\t\t\t\t\t\t\t\t\t\t\t\t\t\t\t\t\t\t\t\t\t\t\t\t\t\t\t\t<\/ul>\n\t<\/div>\n\t<div class=\"fusion-date-and-formats\"><div class=\"fusion-date-box updated\"><span class=\"fusion-date\">marzo<\/span><span class=\"fusion-month-year\">2:41 pm<\/span><\/div><div class=\"fusion-format-box\"><i class=\"awb-icon-pen\" aria-hidden=\"true\"><\/i><\/div><\/div><div class=\"fusion-post-content post-content\"><h2 class=\"blog-shortcode-post-title entry-title\"><a href=\"https:\/\/ramse.es\/wordpress\/buzon-academico-ejemplaridad-academica\/\">Buz\u00f3n Acad\u00e9mico: Ejemplaridad acad\u00e9mica<\/a><\/h2><p class=\"fusion-single-line-meta\">Por <span class=\"vcard\"><span class=\"fn\"><a href=\"https:\/\/ramse.es\/wordpress\/author\/prensa\/\" title=\"Entradas de Mar\u00eda\" rel=\"author\">Mar\u00eda<\/a><\/span><\/span><span class=\"fusion-inline-sep\">|<\/span><span class=\"updated\" style=\"display:none;\">2026-03-06T14:45:45+02:00<\/span><span>marzo 6th, 2026<\/span><span class=\"fusion-inline-sep\">|<\/span>Categor\u00edas: <a href=\"https:\/\/ramse.es\/wordpress\/category\/buzon-academico\/\" rel=\"category tag\">Buz\u00f3n Acad\u00e9mico<\/a><span class=\"fusion-inline-sep\">|<\/span><\/p><div class=\"fusion-post-content-container\"><p>Autor: Jos\u00e9 Antonio Dur\u00e1n Quintana, Real Academia de Medicina y Cirug\u00eda de Sevilla Para el DRAE la ejemplaridad expresa la cualidad de ejemplar, es decir, dar buen ejemplo y, como tal, digno de ser propuesto como modelo. Es cualidad que pueden presentar personas o instituciones, aunque en estas solo en apariencia. Bien mirado no existen instituciones ejemplares, a lo sumo personas que se comportan ejemplarmente dentro de una instituci\u00f3n. La <a href=\"https:\/\/ramse.es\/wordpress\/buzon-academico-ejemplaridad-academica\/\">[...]<\/a><\/p><\/div><\/div><div class=\"fusion-clearfix\"><\/div><div class=\"fusion-meta-info\"><div class=\"fusion-alignright\"><a class=\"fusion-read-more\" href=\"https:\/\/ramse.es\/wordpress\/buzon-academico-ejemplaridad-academica\/\" aria-label=\"More on Buz\u00f3n Acad\u00e9mico: Ejemplaridad acad\u00e9mica\">Leer M\u00e1s<\/a><\/div><\/div><\/article>\n<article id=\"blog-1-post-5741\" class=\"fusion-post-large-alternate post-5741 post type-post status-publish format-standard has-post-thumbnail hentry category-buzon-academico\">\n\t<style type=\"text\/css\">\n\t\t\n\t\t\n\t\t\n\t\t\n\t\t\t<\/style>\n\n\n\t\t\t<div class=\"fusion-flexslider flexslider fusion-flexslider-loading fusion-post-slideshow\" style=\"\">\n\t\t<ul class=\"slides\">\n\t\t\t\n\t\t\t\t\t\t\t\t\t\t\t\t\t\t<li><div  class=\"fusion-image-wrapper\" aria-haspopup=\"true\">\n\t\t\t\t<img decoding=\"async\" width=\"350\" height=\"131\" src=\"https:\/\/ramse.es\/wordpress\/wp-content\/uploads\/2020\/05\/cabecera-web-logo-ramse-pequen\u0303o.png\" class=\"attachment-full size-full wp-post-image\" alt=\"\" srcset=\"https:\/\/ramse.es\/wordpress\/wp-content\/uploads\/2020\/05\/cabecera-web-logo-ramse-pequen\u0303o-200x75.png 200w, https:\/\/ramse.es\/wordpress\/wp-content\/uploads\/2020\/05\/cabecera-web-logo-ramse-pequen\u0303o.png 350w\" sizes=\"(max-width: 1000px) 100vw, 350px\" \/><div class=\"fusion-rollover\">\n\t<div class=\"fusion-rollover-content\">\n\n\t\t\t\t\t\t\t\t\t\t\t\t\t\t<a class=\"fusion-rollover-link\" href=\"https:\/\/ramse.es\/wordpress\/hacer-academia\/\">Buz\u00f3n Acad\u00e9mico: Hacer Academia<\/a>\n\t\t\t\n\t\t\t\t\t\t\t\t\t\t\t\t\t\t\n\t\t\t\t\t\t\t\t\n\t\t\t\t\t\t\t\t\t\t\t\t\t<div class=\"fusion-rollover-sep\"><\/div>\n\t\t\t\t\n\t\t\t\t\t\t\t\t\t\t\t\t\t\t\t\t\t\t<a class=\"fusion-rollover-gallery\" href=\"https:\/\/ramse.es\/wordpress\/wp-content\/uploads\/2020\/05\/cabecera-web-logo-ramse-pequen\u0303o.png\" data-id=\"5741\" data-rel=\"iLightbox[gallery]\" data-title=\"cabecera web logo ramse pequen\u0303o\" data-caption=\"\">\n\t\t\t\t\t\tGaler\u00eda\t\t\t\t\t<\/a>\n\t\t\t\t\t\t\t\t\t\t\t\t\t\t\n\t\t\n\t\t\t\t\t\t\t\t\n\t\t\t\t\t\t\t\t\n\t\t\n\t\t\t\t\t\t<a class=\"fusion-link-wrapper\" href=\"https:\/\/ramse.es\/wordpress\/hacer-academia\/\" aria-label=\"Buz\u00f3n Acad\u00e9mico: Hacer Academia\"><\/a>\n\t<\/div>\n<\/div>\n<\/div>\n<\/li>\n\t\t\t\n\t\t\t\n\t\t\t\t\t\t\t\t\t\t\t\t\t\t\t\t\t\t\t\t\t\t\t\t\t\t\t\t\t\t\t\t\t\t\t\t\t\t\t\t\t\t\t\t\t\t\t\t\t\t\t\t\t\t\t\t\t\t\t\t\t\t\t\t\t\t\t\t<\/ul>\n\t<\/div>\n\t<div class=\"fusion-date-and-formats\"><div class=\"fusion-date-box updated\"><span class=\"fusion-date\">marzo<\/span><span class=\"fusion-month-year\">2:37 pm<\/span><\/div><div class=\"fusion-format-box\"><i class=\"awb-icon-pen\" aria-hidden=\"true\"><\/i><\/div><\/div><div class=\"fusion-post-content post-content\"><h2 class=\"blog-shortcode-post-title entry-title\"><a href=\"https:\/\/ramse.es\/wordpress\/hacer-academia\/\">Buz\u00f3n Acad\u00e9mico: Hacer Academia<\/a><\/h2><p class=\"fusion-single-line-meta\">Por <span class=\"vcard\"><span class=\"fn\"><a href=\"https:\/\/ramse.es\/wordpress\/author\/prensa\/\" title=\"Entradas de Mar\u00eda\" rel=\"author\">Mar\u00eda<\/a><\/span><\/span><span class=\"fusion-inline-sep\">|<\/span><span class=\"updated\" style=\"display:none;\">2026-03-06T14:41:46+02:00<\/span><span>marzo 6th, 2026<\/span><span class=\"fusion-inline-sep\">|<\/span>Categor\u00edas: <a href=\"https:\/\/ramse.es\/wordpress\/category\/buzon-academico\/\" rel=\"category tag\">Buz\u00f3n Acad\u00e9mico<\/a><span class=\"fusion-inline-sep\">|<\/span><\/p><div class=\"fusion-post-content-container\"><p>Autor: Jos\u00e9 Antonio Dur\u00e1n Quintana. Real Academia de Medicina y Cirug\u00eda de Sevilla. Para no uncir al lector a la confusi\u00f3n conviene aclarar desde ahora que la Academia del t\u00edtulo es la de Medicina de Sevilla (en su expresi\u00f3n coloquial m\u00e1s simple). En ella se da por sentado, cuando es elegido un nuevo acad\u00e9mico, que estar\u00e1 m\u00e1s que dispuesto en aportar su granito de arena para el engrandecimiento de la <a href=\"https:\/\/ramse.es\/wordpress\/hacer-academia\/\">[...]<\/a><\/p><\/div><\/div><div class=\"fusion-clearfix\"><\/div><div class=\"fusion-meta-info\"><div class=\"fusion-alignright\"><a class=\"fusion-read-more\" href=\"https:\/\/ramse.es\/wordpress\/hacer-academia\/\" aria-label=\"More on Buz\u00f3n Acad\u00e9mico: Hacer Academia\">Leer M\u00e1s<\/a><\/div><\/div><\/article>\n<article id=\"blog-1-post-5739\" class=\"fusion-post-large-alternate post-5739 post type-post status-publish format-standard has-post-thumbnail hentry category-buzon-academico\">\n\t<style type=\"text\/css\">\n\t\t\n\t\t\n\t\t\n\t\t\n\t\t\t<\/style>\n\n\n\t\t\t<div class=\"fusion-flexslider flexslider fusion-flexslider-loading fusion-post-slideshow\" style=\"\">\n\t\t<ul class=\"slides\">\n\t\t\t\n\t\t\t\t\t\t\t\t\t\t\t\t\t\t<li><div  class=\"fusion-image-wrapper\" aria-haspopup=\"true\">\n\t\t\t\t<img decoding=\"async\" width=\"350\" height=\"131\" src=\"https:\/\/ramse.es\/wordpress\/wp-content\/uploads\/2020\/05\/cabecera-web-logo-ramse-pequen\u0303o.png\" class=\"attachment-full size-full wp-post-image\" alt=\"\" srcset=\"https:\/\/ramse.es\/wordpress\/wp-content\/uploads\/2020\/05\/cabecera-web-logo-ramse-pequen\u0303o-200x75.png 200w, https:\/\/ramse.es\/wordpress\/wp-content\/uploads\/2020\/05\/cabecera-web-logo-ramse-pequen\u0303o.png 350w\" sizes=\"(max-width: 1000px) 100vw, 350px\" \/><div class=\"fusion-rollover\">\n\t<div class=\"fusion-rollover-content\">\n\n\t\t\t\t\t\t\t\t\t\t\t\t\t\t<a class=\"fusion-rollover-link\" href=\"https:\/\/ramse.es\/wordpress\/repensando-el-apego-a-la-academia\/\">Buz\u00f3n Acad\u00e9mico: Repensando el apego a la Academia<\/a>\n\t\t\t\n\t\t\t\t\t\t\t\t\t\t\t\t\t\t\n\t\t\t\t\t\t\t\t\n\t\t\t\t\t\t\t\t\t\t\t\t\t<div class=\"fusion-rollover-sep\"><\/div>\n\t\t\t\t\n\t\t\t\t\t\t\t\t\t\t\t\t\t\t\t\t\t\t<a class=\"fusion-rollover-gallery\" href=\"https:\/\/ramse.es\/wordpress\/wp-content\/uploads\/2020\/05\/cabecera-web-logo-ramse-pequen\u0303o.png\" data-id=\"5739\" data-rel=\"iLightbox[gallery]\" data-title=\"cabecera web logo ramse pequen\u0303o\" data-caption=\"\">\n\t\t\t\t\t\tGaler\u00eda\t\t\t\t\t<\/a>\n\t\t\t\t\t\t\t\t\t\t\t\t\t\t\n\t\t\n\t\t\t\t\t\t\t\t\n\t\t\t\t\t\t\t\t\n\t\t\n\t\t\t\t\t\t<a class=\"fusion-link-wrapper\" href=\"https:\/\/ramse.es\/wordpress\/repensando-el-apego-a-la-academia\/\" aria-label=\"Buz\u00f3n Acad\u00e9mico: Repensando el apego a la Academia\"><\/a>\n\t<\/div>\n<\/div>\n<\/div>\n<\/li>\n\t\t\t\n\t\t\t\n\t\t\t\t\t\t\t\t\t\t\t\t\t\t\t\t\t\t\t\t\t\t\t\t\t\t\t\t\t\t\t\t\t\t\t\t\t\t\t\t\t\t\t\t\t\t\t\t\t\t\t\t\t\t\t\t\t\t\t\t\t\t\t\t\t\t\t\t<\/ul>\n\t<\/div>\n\t<div class=\"fusion-date-and-formats\"><div class=\"fusion-date-box updated\"><span class=\"fusion-date\">marzo<\/span><span class=\"fusion-month-year\">2:31 pm<\/span><\/div><div class=\"fusion-format-box\"><i class=\"awb-icon-pen\" aria-hidden=\"true\"><\/i><\/div><\/div><div class=\"fusion-post-content post-content\"><h2 class=\"blog-shortcode-post-title entry-title\"><a href=\"https:\/\/ramse.es\/wordpress\/repensando-el-apego-a-la-academia\/\">Buz\u00f3n Acad\u00e9mico: Repensando el apego a la Academia<\/a><\/h2><p class=\"fusion-single-line-meta\">Por <span class=\"vcard\"><span class=\"fn\"><a href=\"https:\/\/ramse.es\/wordpress\/author\/prensa\/\" title=\"Entradas de Mar\u00eda\" rel=\"author\">Mar\u00eda<\/a><\/span><\/span><span class=\"fusion-inline-sep\">|<\/span><span class=\"updated\" style=\"display:none;\">2026-03-06T14:46:28+02:00<\/span><span>marzo 6th, 2026<\/span><span class=\"fusion-inline-sep\">|<\/span>Categor\u00edas: <a href=\"https:\/\/ramse.es\/wordpress\/category\/buzon-academico\/\" rel=\"category tag\">Buz\u00f3n Acad\u00e9mico<\/a><span class=\"fusion-inline-sep\">|<\/span><\/p><div class=\"fusion-post-content-container\"><p>Autor: Jos\u00e9 Antonio Dur\u00e1n Quintana, Real Academia de Medicina y Cirug\u00eda de Sevilla. Si se est\u00e1 atento al procedimiento en que el Pleno elige un nuevo acad\u00e9mico de N\u00famero, se percibe un sesgo que ser\u00eda preferible no existiera. Consiste este en que los acad\u00e9micos promotores de los candidatos se afanan en mostrar la frondosidad cient\u00edfico-profesional de los curricula de cada aspirante, diluyendo al tiempo la presencia y valoraci\u00f3n de otras <a href=\"https:\/\/ramse.es\/wordpress\/repensando-el-apego-a-la-academia\/\">[...]<\/a><\/p><\/div><\/div><div class=\"fusion-clearfix\"><\/div><div class=\"fusion-meta-info\"><div class=\"fusion-alignright\"><a class=\"fusion-read-more\" href=\"https:\/\/ramse.es\/wordpress\/repensando-el-apego-a-la-academia\/\" aria-label=\"More on Buz\u00f3n Acad\u00e9mico: Repensando el apego a la Academia\">Leer M\u00e1s<\/a><\/div><\/div><\/article>\n<article id=\"blog-1-post-5723\" class=\"fusion-post-large-alternate post-5723 post type-post status-publish format-standard has-post-thumbnail hentry category-catedra-de-obesidad-y-enfermedades-metabolicas-asociadas-ema tag-obesidad\">\n\t<style type=\"text\/css\">\n\t\t\n\t\t\n\t\t\n\t\t\n\t\t\t<\/style>\n\n\n\t\t\t<div class=\"fusion-flexslider flexslider fusion-flexslider-loading fusion-post-slideshow\" style=\"\">\n\t\t<ul class=\"slides\">\n\t\t\t\n\t\t\t\t\t\t\t\t\t\t\t\t\t\t<li><div  class=\"fusion-image-wrapper\" aria-haspopup=\"true\">\n\t\t\t\t<img decoding=\"async\" width=\"2560\" height=\"1962\" src=\"https:\/\/ramse.es\/wordpress\/wp-content\/uploads\/2026\/03\/20260303_185512-scaled.jpg\" class=\"attachment-full size-full wp-post-image\" alt=\"\" srcset=\"https:\/\/ramse.es\/wordpress\/wp-content\/uploads\/2026\/03\/20260303_185512-200x153.jpg 200w, https:\/\/ramse.es\/wordpress\/wp-content\/uploads\/2026\/03\/20260303_185512-400x307.jpg 400w, https:\/\/ramse.es\/wordpress\/wp-content\/uploads\/2026\/03\/20260303_185512-600x460.jpg 600w, https:\/\/ramse.es\/wordpress\/wp-content\/uploads\/2026\/03\/20260303_185512-800x613.jpg 800w, https:\/\/ramse.es\/wordpress\/wp-content\/uploads\/2026\/03\/20260303_185512-1200x920.jpg 1200w, https:\/\/ramse.es\/wordpress\/wp-content\/uploads\/2026\/03\/20260303_185512-scaled.jpg 2560w\" sizes=\"(max-width: 1000px) 100vw, 800px\" \/><div class=\"fusion-rollover\">\n\t<div class=\"fusion-rollover-content\">\n\n\t\t\t\t\t\t\t\t\t\t\t\t\t\t<a class=\"fusion-rollover-link\" href=\"https:\/\/ramse.es\/wordpress\/la-obesidad-crece-en-sevilla-y-ya-supera-el-35-de-la-poblacion\/\">La obesidad crece en Sevilla y ya supera el 35% de la poblaci\u00f3n<\/a>\n\t\t\t\n\t\t\t\t\t\t\t\t\t\t\t\t\t\t\n\t\t\t\t\t\t\t\t\n\t\t\t\t\t\t\t\t\t\t\t\t\t<div class=\"fusion-rollover-sep\"><\/div>\n\t\t\t\t\n\t\t\t\t\t\t\t\t\t\t\t\t\t\t\t\t\t\t<a class=\"fusion-rollover-gallery\" href=\"https:\/\/ramse.es\/wordpress\/wp-content\/uploads\/2026\/03\/20260303_185512-scaled.jpg\" data-id=\"5723\" data-rel=\"iLightbox[gallery]\" data-title=\"20260303_185512\" data-caption=\"\">\n\t\t\t\t\t\tGaler\u00eda\t\t\t\t\t<\/a>\n\t\t\t\t\t\t\t\t\t\t\t\t\t\t\n\t\t\n\t\t\t\t\t\t\t\t\n\t\t\t\t\t\t\t\t\n\t\t\n\t\t\t\t\t\t<a class=\"fusion-link-wrapper\" href=\"https:\/\/ramse.es\/wordpress\/la-obesidad-crece-en-sevilla-y-ya-supera-el-35-de-la-poblacion\/\" aria-label=\"La obesidad crece en Sevilla y ya supera el 35% de la poblaci\u00f3n\"><\/a>\n\t<\/div>\n<\/div>\n<\/div>\n<\/li>\n\t\t\t\n\t\t\t\n\t\t\t\t\t\t\t\t\t\t\t\t\t\t\t\t\t\t\t\t\t\t\t\t\t\t\t\t\t\t\t\t\t\t\t\t\t\t\t\t\t\t\t\t\t\t\t\t\t\t\t\t\t\t\t\t\t\t\t\t\t\t\t\t\t\t\t\t<\/ul>\n\t<\/div>\n\t<div class=\"fusion-date-and-formats\"><div class=\"fusion-date-box updated\"><span class=\"fusion-date\">marzo<\/span><span class=\"fusion-month-year\">5:20 pm<\/span><\/div><div class=\"fusion-format-box\"><i class=\"awb-icon-pen\" aria-hidden=\"true\"><\/i><\/div><\/div><div class=\"fusion-post-content post-content\"><h2 class=\"blog-shortcode-post-title entry-title\"><a href=\"https:\/\/ramse.es\/wordpress\/la-obesidad-crece-en-sevilla-y-ya-supera-el-35-de-la-poblacion\/\">La obesidad crece en Sevilla y ya supera el 35% de la poblaci\u00f3n<\/a><\/h2><p class=\"fusion-single-line-meta\">Por <span class=\"vcard\"><span class=\"fn\"><a href=\"https:\/\/ramse.es\/wordpress\/author\/prensa\/\" title=\"Entradas de Mar\u00eda\" rel=\"author\">Mar\u00eda<\/a><\/span><\/span><span class=\"fusion-inline-sep\">|<\/span><span class=\"updated\" style=\"display:none;\">2026-03-04T17:20:23+02:00<\/span><span>marzo 4th, 2026<\/span><span class=\"fusion-inline-sep\">|<\/span>Categor\u00edas: <a href=\"https:\/\/ramse.es\/wordpress\/category\/catedra-de-obesidad-y-enfermedades-metabolicas-asociadas-ema\/\" rel=\"category tag\">C\u00e1tedra de Obesidad y Enfermedades Metab\u00f3licas Asociadas (EMA)<\/a><span class=\"fusion-inline-sep\">|<\/span><span class=\"meta-tags\">Etiquetas: <a href=\"https:\/\/ramse.es\/wordpress\/tag\/obesidad\/\" rel=\"tag\">Obesidad<\/a><\/span><span class=\"fusion-inline-sep\">|<\/span><\/p><div class=\"fusion-post-content-container\"><p>La obesidad grave, la forma m\u00e1s severa de obesidad, es una realidad cada vez m\u00e1s presente en Sevilla superando ya el 35% de la poblaci\u00f3n. Los especialistas advierten de que en consulta se observan m\u00e1s casos de obesidad severa, con pacientes que llegan con enfermedades asociadas y una p\u00e9rdida progresiva de movilidad y calidad de vida. La Fundaci\u00f3n Real Academia de Medicina y Cirug\u00eda de Sevilla (RAMSE) ha abordado esta <a href=\"https:\/\/ramse.es\/wordpress\/la-obesidad-crece-en-sevilla-y-ya-supera-el-35-de-la-poblacion\/\">[...]<\/a><\/p><\/div><\/div><div class=\"fusion-clearfix\"><\/div><div class=\"fusion-meta-info\"><div class=\"fusion-alignright\"><a class=\"fusion-read-more\" href=\"https:\/\/ramse.es\/wordpress\/la-obesidad-crece-en-sevilla-y-ya-supera-el-35-de-la-poblacion\/\" aria-label=\"More on La obesidad crece en Sevilla y ya supera el 35% de la poblaci\u00f3n\">Leer M\u00e1s<\/a><\/div><\/div><\/article>\n<article id=\"blog-1-post-5720\" class=\"fusion-post-large-alternate post-5720 post type-post status-publish format-standard has-post-thumbnail hentry category-buzon-academico\">\n\t<style type=\"text\/css\">\n\t\t\n\t\t\n\t\t\n\t\t\n\t\t\t<\/style>\n\n\n\t\t\t<div class=\"fusion-flexslider flexslider fusion-flexslider-loading fusion-post-slideshow\" style=\"\">\n\t\t<ul class=\"slides\">\n\t\t\t\n\t\t\t\t\t\t\t\t\t\t\t\t\t\t<li><div  class=\"fusion-image-wrapper\" aria-haspopup=\"true\">\n\t\t\t\t<img decoding=\"async\" width=\"500\" height=\"188\" src=\"https:\/\/ramse.es\/wordpress\/wp-content\/uploads\/2020\/05\/cabecera-web-logo-ramse-pequen\u0303o-2.png\" class=\"attachment-full size-full wp-post-image\" alt=\"\" srcset=\"https:\/\/ramse.es\/wordpress\/wp-content\/uploads\/2020\/05\/cabecera-web-logo-ramse-pequen\u0303o-2-200x75.png 200w, https:\/\/ramse.es\/wordpress\/wp-content\/uploads\/2020\/05\/cabecera-web-logo-ramse-pequen\u0303o-2-400x150.png 400w, https:\/\/ramse.es\/wordpress\/wp-content\/uploads\/2020\/05\/cabecera-web-logo-ramse-pequen\u0303o-2.png 500w\" sizes=\"(max-width: 1000px) 100vw, 500px\" \/><div class=\"fusion-rollover\">\n\t<div class=\"fusion-rollover-content\">\n\n\t\t\t\t\t\t\t\t\t\t\t\t\t\t<a class=\"fusion-rollover-link\" href=\"https:\/\/ramse.es\/wordpress\/buzon-academico-cifra-de-donantes-fallecidos-de-organos\/\">Buz\u00f3n Acad\u00e9mico: Cifra de donantes fallecidos de \u00f3rganos<\/a>\n\t\t\t\n\t\t\t\t\t\t\t\t\t\t\t\t\t\t\n\t\t\t\t\t\t\t\t\n\t\t\t\t\t\t\t\t\t\t\t\t\t<div class=\"fusion-rollover-sep\"><\/div>\n\t\t\t\t\n\t\t\t\t\t\t\t\t\t\t\t\t\t\t\t\t\t\t<a class=\"fusion-rollover-gallery\" href=\"https:\/\/ramse.es\/wordpress\/wp-content\/uploads\/2020\/05\/cabecera-web-logo-ramse-pequen\u0303o-2.png\" data-id=\"5720\" data-rel=\"iLightbox[gallery]\" data-title=\"cabecera web logo ramse pequen\u0303o 2\" data-caption=\"\">\n\t\t\t\t\t\tGaler\u00eda\t\t\t\t\t<\/a>\n\t\t\t\t\t\t\t\t\t\t\t\t\t\t\n\t\t\n\t\t\t\t\t\t\t\t\n\t\t\t\t\t\t\t\t\n\t\t\n\t\t\t\t\t\t<a class=\"fusion-link-wrapper\" href=\"https:\/\/ramse.es\/wordpress\/buzon-academico-cifra-de-donantes-fallecidos-de-organos\/\" aria-label=\"Buz\u00f3n Acad\u00e9mico: Cifra de donantes fallecidos de \u00f3rganos\"><\/a>\n\t<\/div>\n<\/div>\n<\/div>\n<\/li>\n\t\t\t\n\t\t\t\n\t\t\t\t\t\t\t\t\t\t\t\t\t\t\t\t\t\t\t\t\t\t\t\t\t\t\t\t\t\t\t\t\t\t\t\t\t\t\t\t\t\t\t\t\t\t\t\t\t\t\t\t\t\t\t\t\t\t\t\t\t\t\t\t\t\t\t\t<\/ul>\n\t<\/div>\n\t<div class=\"fusion-date-and-formats\"><div class=\"fusion-date-box updated\"><span class=\"fusion-date\">marzo<\/span><span class=\"fusion-month-year\">3:17 pm<\/span><\/div><div class=\"fusion-format-box\"><i class=\"awb-icon-pen\" aria-hidden=\"true\"><\/i><\/div><\/div><div class=\"fusion-post-content post-content\"><h2 class=\"blog-shortcode-post-title entry-title\"><a href=\"https:\/\/ramse.es\/wordpress\/buzon-academico-cifra-de-donantes-fallecidos-de-organos\/\">Buz\u00f3n Acad\u00e9mico: Cifra de donantes fallecidos de \u00f3rganos<\/a><\/h2><p class=\"fusion-single-line-meta\">Por <span class=\"vcard\"><span class=\"fn\"><a href=\"https:\/\/ramse.es\/wordpress\/author\/prensa\/\" title=\"Entradas de Mar\u00eda\" rel=\"author\">Mar\u00eda<\/a><\/span><\/span><span class=\"fusion-inline-sep\">|<\/span><span class=\"updated\" style=\"display:none;\">2026-03-03T15:18:03+02:00<\/span><span>marzo 3rd, 2026<\/span><span class=\"fusion-inline-sep\">|<\/span>Categor\u00edas: <a href=\"https:\/\/ramse.es\/wordpress\/category\/buzon-academico\/\" rel=\"category tag\">Buz\u00f3n Acad\u00e9mico<\/a><span class=\"fusion-inline-sep\">|<\/span><\/p><div class=\"fusion-post-content-container\"><p>Autor: Dr. D. Santiago Dur\u00e1n Garc\u00eda, Acad\u00e9mico de N\u00famero de la Real Academia de Medicina y Cirug\u00eda de Sevilla La cifra: 12 febrero 2026. Medscape Medical News. 51,9 son los donantes fallecidos de \u00f3rganos por mill\u00f3n de habitantes que registr\u00f3 Espa\u00f1a durante 2025, lo que confirma su primer lugar en el mundo en procuraci\u00f3n y trasplantes desde hace m\u00e1s de 30 a\u00f1os (el promedio de la Uni\u00f3n Europea es menos <a href=\"https:\/\/ramse.es\/wordpress\/buzon-academico-cifra-de-donantes-fallecidos-de-organos\/\">[...]<\/a><\/p><\/div><\/div><div class=\"fusion-clearfix\"><\/div><div class=\"fusion-meta-info\"><div class=\"fusion-alignright\"><a class=\"fusion-read-more\" href=\"https:\/\/ramse.es\/wordpress\/buzon-academico-cifra-de-donantes-fallecidos-de-organos\/\" aria-label=\"More on Buz\u00f3n Acad\u00e9mico: Cifra de donantes fallecidos de \u00f3rganos\">Leer M\u00e1s<\/a><\/div><\/div><\/article>\n<article id=\"blog-1-post-5716\" class=\"fusion-post-large-alternate post-5716 post type-post status-publish format-standard has-post-thumbnail hentry category-buzon-academico\">\n\t<style type=\"text\/css\">\n\t\t\n\t\t\n\t\t\n\t\t\n\t\t\t<\/style>\n\n\n\t\t\t<div class=\"fusion-flexslider flexslider fusion-flexslider-loading fusion-post-slideshow\" style=\"\">\n\t\t<ul class=\"slides\">\n\t\t\t\n\t\t\t\t\t\t\t\t\t\t\t\t\t\t<li><div  class=\"fusion-image-wrapper\" aria-haspopup=\"true\">\n\t\t\t\t<img decoding=\"async\" width=\"500\" height=\"188\" src=\"https:\/\/ramse.es\/wordpress\/wp-content\/uploads\/2020\/05\/cabecera-web-logo-ramse-pequen\u0303o-2.png\" class=\"attachment-full size-full wp-post-image\" alt=\"\" srcset=\"https:\/\/ramse.es\/wordpress\/wp-content\/uploads\/2020\/05\/cabecera-web-logo-ramse-pequen\u0303o-2-200x75.png 200w, https:\/\/ramse.es\/wordpress\/wp-content\/uploads\/2020\/05\/cabecera-web-logo-ramse-pequen\u0303o-2-400x150.png 400w, https:\/\/ramse.es\/wordpress\/wp-content\/uploads\/2020\/05\/cabecera-web-logo-ramse-pequen\u0303o-2.png 500w\" sizes=\"(max-width: 1000px) 100vw, 500px\" \/><div class=\"fusion-rollover\">\n\t<div class=\"fusion-rollover-content\">\n\n\t\t\t\t\t\t\t\t\t\t\t\t\t\t<a class=\"fusion-rollover-link\" href=\"https:\/\/ramse.es\/wordpress\/importancia-de-la-prescripcion-de-ejercicio-fisico\/\">Buz\u00f3n Acad\u00e9mico: Importancia de la Prescripci\u00f3n de ejercicio f\u00edsico<\/a>\n\t\t\t\n\t\t\t\t\t\t\t\t\t\t\t\t\t\t\n\t\t\t\t\t\t\t\t\n\t\t\t\t\t\t\t\t\t\t\t\t\t<div class=\"fusion-rollover-sep\"><\/div>\n\t\t\t\t\n\t\t\t\t\t\t\t\t\t\t\t\t\t\t\t\t\t\t<a class=\"fusion-rollover-gallery\" href=\"https:\/\/ramse.es\/wordpress\/wp-content\/uploads\/2020\/05\/cabecera-web-logo-ramse-pequen\u0303o-2.png\" data-id=\"5716\" data-rel=\"iLightbox[gallery]\" data-title=\"cabecera web logo ramse pequen\u0303o 2\" data-caption=\"\">\n\t\t\t\t\t\tGaler\u00eda\t\t\t\t\t<\/a>\n\t\t\t\t\t\t\t\t\t\t\t\t\t\t\n\t\t\n\t\t\t\t\t\t\t\t\n\t\t\t\t\t\t\t\t\n\t\t\n\t\t\t\t\t\t<a class=\"fusion-link-wrapper\" href=\"https:\/\/ramse.es\/wordpress\/importancia-de-la-prescripcion-de-ejercicio-fisico\/\" aria-label=\"Buz\u00f3n Acad\u00e9mico: Importancia de la Prescripci\u00f3n de ejercicio f\u00edsico\"><\/a>\n\t<\/div>\n<\/div>\n<\/div>\n<\/li>\n\t\t\t\n\t\t\t\n\t\t\t\t\t\t\t\t\t\t\t\t\t\t\t\t\t\t\t\t\t\t\t\t\t\t\t\t\t\t\t\t\t\t\t\t\t\t\t\t\t\t\t\t\t\t\t\t\t\t\t\t\t\t\t\t\t\t\t\t\t\t\t\t\t\t\t\t<\/ul>\n\t<\/div>\n\t<div class=\"fusion-date-and-formats\"><div class=\"fusion-date-box updated\"><span class=\"fusion-date\">marzo<\/span><span class=\"fusion-month-year\">3:13 pm<\/span><\/div><div class=\"fusion-format-box\"><i class=\"awb-icon-pen\" aria-hidden=\"true\"><\/i><\/div><\/div><div class=\"fusion-post-content post-content\"><h2 class=\"blog-shortcode-post-title entry-title\"><a href=\"https:\/\/ramse.es\/wordpress\/importancia-de-la-prescripcion-de-ejercicio-fisico\/\">Buz\u00f3n Acad\u00e9mico: Importancia de la Prescripci\u00f3n de ejercicio f\u00edsico<\/a><\/h2><p class=\"fusion-single-line-meta\">Por <span class=\"vcard\"><span class=\"fn\"><a href=\"https:\/\/ramse.es\/wordpress\/author\/prensa\/\" title=\"Entradas de Mar\u00eda\" rel=\"author\">Mar\u00eda<\/a><\/span><\/span><span class=\"fusion-inline-sep\">|<\/span><span class=\"updated\" style=\"display:none;\">2026-03-03T15:15:42+02:00<\/span><span>marzo 3rd, 2026<\/span><span class=\"fusion-inline-sep\">|<\/span>Categor\u00edas: <a href=\"https:\/\/ramse.es\/wordpress\/category\/buzon-academico\/\" rel=\"category tag\">Buz\u00f3n Acad\u00e9mico<\/a><span class=\"fusion-inline-sep\">|<\/span><\/p><div class=\"fusion-post-content-container\"><p>Autor: Dr. D. Santiago Dur\u00e1n Garc\u00eda, Acad\u00e9mico de N\u00famero de la Real Academia de Medicina y Cirug\u00eda de Sevilla A Juan Jos\u00e9 Cruz le prescribieron ejercicio cardiovascular junto al tratamiento farmacol\u00f3gico cuando en 2023 tuvo un infarto. Le recomendaron practicar una pauta concreta al menos cinco d\u00edas a la semana, pero \u00e9l casi siempre cumple los siete. Normalmente, tres sesiones son de bici est\u00e1tica y el resto de marcha a <a href=\"https:\/\/ramse.es\/wordpress\/importancia-de-la-prescripcion-de-ejercicio-fisico\/\">[...]<\/a><\/p><\/div><\/div><div class=\"fusion-clearfix\"><\/div><div class=\"fusion-meta-info\"><div class=\"fusion-alignright\"><a class=\"fusion-read-more\" href=\"https:\/\/ramse.es\/wordpress\/importancia-de-la-prescripcion-de-ejercicio-fisico\/\" aria-label=\"More on Buz\u00f3n Acad\u00e9mico: Importancia de la Prescripci\u00f3n de ejercicio f\u00edsico\">Leer M\u00e1s<\/a><\/div><\/div><\/article>\n<article id=\"blog-1-post-5705\" class=\"fusion-post-large-alternate post-5705 post type-post status-publish format-standard has-post-thumbnail hentry category-conferencia tag-cancer-de-colon tag-colonoscopia\">\n\t<style type=\"text\/css\">\n\t\t\n\t\t\n\t\t\n\t\t\n\t\t\t<\/style>\n\n\n\t\t\t<div class=\"fusion-flexslider flexslider fusion-flexslider-loading fusion-post-slideshow\" style=\"\">\n\t\t<ul class=\"slides\">\n\t\t\t\n\t\t\t\t\t\t\t\t\t\t\t\t\t\t<li><div  class=\"fusion-image-wrapper\" aria-haspopup=\"true\">\n\t\t\t\t<img decoding=\"async\" width=\"1772\" height=\"2362\" src=\"https:\/\/ramse.es\/wordpress\/wp-content\/uploads\/2026\/03\/26021548.jpg\" class=\"attachment-full size-full wp-post-image\" alt=\"\" srcset=\"https:\/\/ramse.es\/wordpress\/wp-content\/uploads\/2026\/03\/26021548-200x267.jpg 200w, https:\/\/ramse.es\/wordpress\/wp-content\/uploads\/2026\/03\/26021548-400x533.jpg 400w, https:\/\/ramse.es\/wordpress\/wp-content\/uploads\/2026\/03\/26021548-600x800.jpg 600w, https:\/\/ramse.es\/wordpress\/wp-content\/uploads\/2026\/03\/26021548-800x1066.jpg 800w, https:\/\/ramse.es\/wordpress\/wp-content\/uploads\/2026\/03\/26021548-1200x1600.jpg 1200w, https:\/\/ramse.es\/wordpress\/wp-content\/uploads\/2026\/03\/26021548.jpg 1772w\" sizes=\"(max-width: 1000px) 100vw, 800px\" \/><div class=\"fusion-rollover\">\n\t<div class=\"fusion-rollover-content\">\n\n\t\t\t\t\t\t\t\t\t\t\t\t\t\t<a class=\"fusion-rollover-link\" href=\"https:\/\/ramse.es\/wordpress\/la-ramse-alerta-del-aumento-del-cancer-de-colon-y-subraya-que-la-colonoscopia-reduce-la-mortalidad-un-68\/\">La RAMSE alerta del aumento del c\u00e1ncer de colon y subraya que la colonoscopia reduce la mortalidad un 68%<\/a>\n\t\t\t\n\t\t\t\t\t\t\t\t\t\t\t\t\t\t\n\t\t\t\t\t\t\t\t\n\t\t\t\t\t\t\t\t\t\t\t\t\t<div class=\"fusion-rollover-sep\"><\/div>\n\t\t\t\t\n\t\t\t\t\t\t\t\t\t\t\t\t\t\t\t\t\t\t<a class=\"fusion-rollover-gallery\" href=\"https:\/\/ramse.es\/wordpress\/wp-content\/uploads\/2026\/03\/26021548.jpg\" data-id=\"5705\" data-rel=\"iLightbox[gallery]\" data-title=\"26021548\" data-caption=\"\">\n\t\t\t\t\t\tGaler\u00eda\t\t\t\t\t<\/a>\n\t\t\t\t\t\t\t\t\t\t\t\t\t\t\n\t\t\n\t\t\t\t\t\t\t\t\n\t\t\t\t\t\t\t\t\n\t\t\n\t\t\t\t\t\t<a class=\"fusion-link-wrapper\" href=\"https:\/\/ramse.es\/wordpress\/la-ramse-alerta-del-aumento-del-cancer-de-colon-y-subraya-que-la-colonoscopia-reduce-la-mortalidad-un-68\/\" aria-label=\"La RAMSE alerta del aumento del c\u00e1ncer de colon y subraya que la colonoscopia reduce la mortalidad un 68%\"><\/a>\n\t<\/div>\n<\/div>\n<\/div>\n<\/li>\n\t\t\t\n\t\t\t\n\t\t\t\t\t\t\t\t\t\t\t\t\t\t\t\t\t\t\t\t\t\t\t\t\t\t\t\t\t\t\t\t\t\t\t\t\t\t\t\t\t\t\t\t\t\t\t\t\t\t\t\t\t\t\t\t\t\t\t\t\t\t\t\t\t\t\t\t<\/ul>\n\t<\/div>\n\t<div class=\"fusion-date-and-formats\"><div class=\"fusion-date-box updated\"><span class=\"fusion-date\">marzo<\/span><span class=\"fusion-month-year\">11:12 am<\/span><\/div><div class=\"fusion-format-box\"><i class=\"awb-icon-pen\" aria-hidden=\"true\"><\/i><\/div><\/div><div class=\"fusion-post-content post-content\"><h2 class=\"blog-shortcode-post-title entry-title\"><a href=\"https:\/\/ramse.es\/wordpress\/la-ramse-alerta-del-aumento-del-cancer-de-colon-y-subraya-que-la-colonoscopia-reduce-la-mortalidad-un-68\/\">La RAMSE alerta del aumento del c\u00e1ncer de colon y subraya que la colonoscopia reduce la mortalidad un 68%<\/a><\/h2><p class=\"fusion-single-line-meta\">Por <span class=\"vcard\"><span class=\"fn\"><a href=\"https:\/\/ramse.es\/wordpress\/author\/prensa\/\" title=\"Entradas de Mar\u00eda\" rel=\"author\">Mar\u00eda<\/a><\/span><\/span><span class=\"fusion-inline-sep\">|<\/span><span class=\"updated\" style=\"display:none;\">2026-03-03T14:13:18+02:00<\/span><span>marzo 2nd, 2026<\/span><span class=\"fusion-inline-sep\">|<\/span>Categor\u00edas: <a href=\"https:\/\/ramse.es\/wordpress\/category\/conferencia\/\" rel=\"category tag\">Conferencia<\/a><span class=\"fusion-inline-sep\">|<\/span><span class=\"meta-tags\">Etiquetas: <a href=\"https:\/\/ramse.es\/wordpress\/tag\/cancer-de-colon\/\" rel=\"tag\">C\u00e1ncer de colon<\/a>, <a href=\"https:\/\/ramse.es\/wordpress\/tag\/colonoscopia\/\" rel=\"tag\">colonoscopia<\/a><\/span><span class=\"fusion-inline-sep\">|<\/span><\/p><div class=\"fusion-post-content-container\"><p>\u201cEl c\u00e1ncer de colon tiene una enorme importancia en nuestra sociedad. Es el segundo c\u00e1ncer en frecuencia, con una mortalidad elevada y, adem\u00e1s, sigue creciendo cada a\u00f1o\u201d. Con estas palabras inici\u00f3 su conferencia el Dr. Felipe Mart\u00ednez Alcal\u00e1, Acad\u00e9mico de N\u00famero de la Real Academia de Medicina y Cirug\u00eda de Sevilla (RAMSE), en la plaza de Medicina Interna: Aparato Digestivo. La conferencia, titulada \u201cC\u00e1ncer de colon: ganar la batalla empieza <a href=\"https:\/\/ramse.es\/wordpress\/la-ramse-alerta-del-aumento-del-cancer-de-colon-y-subraya-que-la-colonoscopia-reduce-la-mortalidad-un-68\/\">[...]<\/a><\/p><\/div><\/div><div class=\"fusion-clearfix\"><\/div><div class=\"fusion-meta-info\"><div class=\"fusion-alignright\"><a class=\"fusion-read-more\" href=\"https:\/\/ramse.es\/wordpress\/la-ramse-alerta-del-aumento-del-cancer-de-colon-y-subraya-que-la-colonoscopia-reduce-la-mortalidad-un-68\/\" aria-label=\"More on La RAMSE alerta del aumento del c\u00e1ncer de colon y subraya que la colonoscopia reduce la mortalidad un 68%\">Leer M\u00e1s<\/a><\/div><\/div><\/article>\n<article id=\"blog-1-post-5678\" class=\"fusion-post-large-alternate post-5678 post type-post status-publish format-standard has-post-thumbnail hentry category-catedra-mas\">\n\t<style type=\"text\/css\">\n\t\t\n\t\t\n\t\t\n\t\t\n\t\t\t<\/style>\n\n\n\t\t\t<div class=\"fusion-flexslider flexslider fusion-flexslider-loading fusion-post-slideshow\" style=\"\">\n\t\t<ul class=\"slides\">\n\t\t\t\n\t\t\t\t\t\t\t\t\t\t\t\t\t\t<li><div  class=\"fusion-image-wrapper\" aria-haspopup=\"true\">\n\t\t\t\t<img decoding=\"async\" width=\"2560\" height=\"1604\" src=\"https:\/\/ramse.es\/wordpress\/wp-content\/uploads\/2026\/02\/Catedra-MAS-Alimentacion-y-Salud-scaled.jpg\" class=\"attachment-full size-full wp-post-image\" alt=\"\" srcset=\"https:\/\/ramse.es\/wordpress\/wp-content\/uploads\/2026\/02\/Catedra-MAS-Alimentacion-y-Salud-200x125.jpg 200w, https:\/\/ramse.es\/wordpress\/wp-content\/uploads\/2026\/02\/Catedra-MAS-Alimentacion-y-Salud-400x251.jpg 400w, https:\/\/ramse.es\/wordpress\/wp-content\/uploads\/2026\/02\/Catedra-MAS-Alimentacion-y-Salud-600x376.jpg 600w, https:\/\/ramse.es\/wordpress\/wp-content\/uploads\/2026\/02\/Catedra-MAS-Alimentacion-y-Salud-800x501.jpg 800w, https:\/\/ramse.es\/wordpress\/wp-content\/uploads\/2026\/02\/Catedra-MAS-Alimentacion-y-Salud-1200x752.jpg 1200w, https:\/\/ramse.es\/wordpress\/wp-content\/uploads\/2026\/02\/Catedra-MAS-Alimentacion-y-Salud-scaled.jpg 2560w\" sizes=\"(max-width: 1000px) 100vw, 800px\" \/><div class=\"fusion-rollover\">\n\t<div class=\"fusion-rollover-content\">\n\n\t\t\t\t\t\t\t\t\t\t\t\t\t\t<a class=\"fusion-rollover-link\" href=\"https:\/\/ramse.es\/wordpress\/la-catedra-mas-alimentacion-y-salud-analiza-el-origen-del-cafe-y-su-expansion-mundial\/\">La C\u00e1tedra \u2018MAS Alimentaci\u00f3n y Salud\u2019 analiza el origen del caf\u00e9 y su expansi\u00f3n mundial<\/a>\n\t\t\t\n\t\t\t\t\t\t\t\t\t\t\t\t\t\t\n\t\t\t\t\t\t\t\t\n\t\t\t\t\t\t\t\t\t\t\t\t\t<div class=\"fusion-rollover-sep\"><\/div>\n\t\t\t\t\n\t\t\t\t\t\t\t\t\t\t\t\t\t\t\t\t\t\t<a class=\"fusion-rollover-gallery\" href=\"https:\/\/ramse.es\/wordpress\/wp-content\/uploads\/2026\/02\/Catedra-MAS-Alimentacion-y-Salud-scaled.jpg\" data-id=\"5678\" data-rel=\"iLightbox[gallery]\" data-title=\"Ca\u0301tedra MAS Alimentacio\u0301n y Salud\" data-caption=\"\">\n\t\t\t\t\t\tGaler\u00eda\t\t\t\t\t<\/a>\n\t\t\t\t\t\t\t\t\t\t\t\t\t\t\n\t\t\n\t\t\t\t\t\t\t\t\n\t\t\t\t\t\t\t\t\n\t\t\n\t\t\t\t\t\t<a class=\"fusion-link-wrapper\" href=\"https:\/\/ramse.es\/wordpress\/la-catedra-mas-alimentacion-y-salud-analiza-el-origen-del-cafe-y-su-expansion-mundial\/\" aria-label=\"La C\u00e1tedra \u2018MAS Alimentaci\u00f3n y Salud\u2019 analiza el origen del caf\u00e9 y su expansi\u00f3n mundial\"><\/a>\n\t<\/div>\n<\/div>\n<\/div>\n<\/li>\n\t\t\t\n\t\t\t\n\t\t\t\t\t\t\t\t\t\t\t\t\t\t\t\t\t\t\t\t\t\t\t\t\t\t\t\t\t\t\t\t\t\t\t\t\t\t\t\t\t\t\t\t\t\t\t\t\t\t\t\t\t\t\t\t\t\t\t\t\t\t\t\t\t\t\t\t<\/ul>\n\t<\/div>\n\t<div class=\"fusion-date-and-formats\"><div class=\"fusion-date-box updated\"><span class=\"fusion-date\">febrero<\/span><span class=\"fusion-month-year\">8:18 pm<\/span><\/div><div class=\"fusion-format-box\"><i class=\"awb-icon-pen\" aria-hidden=\"true\"><\/i><\/div><\/div><div class=\"fusion-post-content post-content\"><h2 class=\"blog-shortcode-post-title entry-title\"><a href=\"https:\/\/ramse.es\/wordpress\/la-catedra-mas-alimentacion-y-salud-analiza-el-origen-del-cafe-y-su-expansion-mundial\/\">La C\u00e1tedra \u2018MAS Alimentaci\u00f3n y Salud\u2019 analiza el origen del caf\u00e9 y su expansi\u00f3n mundial<\/a><\/h2><p class=\"fusion-single-line-meta\">Por <span class=\"vcard\"><span class=\"fn\"><a href=\"https:\/\/ramse.es\/wordpress\/author\/prensa\/\" title=\"Entradas de Mar\u00eda\" rel=\"author\">Mar\u00eda<\/a><\/span><\/span><span class=\"fusion-inline-sep\">|<\/span><span class=\"updated\" style=\"display:none;\">2026-02-17T23:24:15+02:00<\/span><span>febrero 17th, 2026<\/span><span class=\"fusion-inline-sep\">|<\/span>Categor\u00edas: <a href=\"https:\/\/ramse.es\/wordpress\/category\/catedra-mas\/\" rel=\"category tag\">Catedra MAS<\/a><span class=\"fusion-inline-sep\">|<\/span><\/p><div class=\"fusion-post-content-container\"><p>La C\u00e1tedra \u2018MAS Alimentaci\u00f3n y Salud\u2019, impulsada por Fundaci\u00f3n MAS y Fundaci\u00f3n Real Academia de Medicina y Cirug\u00eda de Sevilla (RAMSE), ha celebrado hoy una nueva sesi\u00f3n divulgativa con la conferencia El caf\u00e9. Origen y difusi\u00f3n de este alimento, impartida por el profesor y Doctor Benito Vald\u00e9s Castrill\u00f3n en el Centro de Actividades de los ODS, sede de Fundaci\u00f3n MAS. La jornada ha concluido con una cata de caf\u00e9. El <a href=\"https:\/\/ramse.es\/wordpress\/la-catedra-mas-alimentacion-y-salud-analiza-el-origen-del-cafe-y-su-expansion-mundial\/\">[...]<\/a><\/p><\/div><\/div><div class=\"fusion-clearfix\"><\/div><div class=\"fusion-meta-info\"><div class=\"fusion-alignright\"><a class=\"fusion-read-more\" href=\"https:\/\/ramse.es\/wordpress\/la-catedra-mas-alimentacion-y-salud-analiza-el-origen-del-cafe-y-su-expansion-mundial\/\" aria-label=\"More on La C\u00e1tedra \u2018MAS Alimentaci\u00f3n y Salud\u2019 analiza el origen del caf\u00e9 y su expansi\u00f3n mundial\">Leer M\u00e1s<\/a><\/div><\/div><\/article>\n<article id=\"blog-1-post-5676\" class=\"fusion-post-large-alternate post-5676 post type-post status-publish format-standard has-post-thumbnail hentry category-conferencia tag-ingeniero-jose-luis-manzanares-japon\">\n\t<style type=\"text\/css\">\n\t\t\n\t\t\n\t\t\n\t\t\n\t\t\t<\/style>\n\n\n\t\t\t<div class=\"fusion-flexslider flexslider fusion-flexslider-loading fusion-post-slideshow\" style=\"\">\n\t\t<ul class=\"slides\">\n\t\t\t\n\t\t\t\t\t\t\t\t\t\t\t\t\t\t<li><div  class=\"fusion-image-wrapper\" aria-haspopup=\"true\">\n\t\t\t\t<img decoding=\"async\" width=\"1772\" height=\"2362\" src=\"https:\/\/ramse.es\/wordpress\/wp-content\/uploads\/2026\/02\/26020544.jpg\" class=\"attachment-full size-full wp-post-image\" alt=\"\" srcset=\"https:\/\/ramse.es\/wordpress\/wp-content\/uploads\/2026\/02\/26020544-200x267.jpg 200w, https:\/\/ramse.es\/wordpress\/wp-content\/uploads\/2026\/02\/26020544-400x533.jpg 400w, https:\/\/ramse.es\/wordpress\/wp-content\/uploads\/2026\/02\/26020544-600x800.jpg 600w, https:\/\/ramse.es\/wordpress\/wp-content\/uploads\/2026\/02\/26020544-800x1066.jpg 800w, https:\/\/ramse.es\/wordpress\/wp-content\/uploads\/2026\/02\/26020544-1200x1600.jpg 1200w, https:\/\/ramse.es\/wordpress\/wp-content\/uploads\/2026\/02\/26020544.jpg 1772w\" sizes=\"(max-width: 1000px) 100vw, 800px\" \/><div class=\"fusion-rollover\">\n\t<div class=\"fusion-rollover-content\">\n\n\t\t\t\t\t\t\t\t\t\t\t\t\t\t<a class=\"fusion-rollover-link\" href=\"https:\/\/ramse.es\/wordpress\/la-ramse-acoge-la-conferencia-que-somos-del-ingeniero-jose-luis-manzanares-japon\/\">La RAMSE acoge la conferencia \u201c\u00bfQu\u00e9 somos?\u201d del ingeniero Jos\u00e9 Luis Manzanares Jap\u00f3n<\/a>\n\t\t\t\n\t\t\t\t\t\t\t\t\t\t\t\t\t\t\n\t\t\t\t\t\t\t\t\n\t\t\t\t\t\t\t\t\t\t\t\t\t<div class=\"fusion-rollover-sep\"><\/div>\n\t\t\t\t\n\t\t\t\t\t\t\t\t\t\t\t\t\t\t\t\t\t\t<a class=\"fusion-rollover-gallery\" href=\"https:\/\/ramse.es\/wordpress\/wp-content\/uploads\/2026\/02\/26020544.jpg\" data-id=\"5676\" data-rel=\"iLightbox[gallery]\" data-title=\"26020544\" data-caption=\"\">\n\t\t\t\t\t\tGaler\u00eda\t\t\t\t\t<\/a>\n\t\t\t\t\t\t\t\t\t\t\t\t\t\t\n\t\t\n\t\t\t\t\t\t\t\t\n\t\t\t\t\t\t\t\t\n\t\t\n\t\t\t\t\t\t<a class=\"fusion-link-wrapper\" href=\"https:\/\/ramse.es\/wordpress\/la-ramse-acoge-la-conferencia-que-somos-del-ingeniero-jose-luis-manzanares-japon\/\" aria-label=\"La RAMSE acoge la conferencia \u201c\u00bfQu\u00e9 somos?\u201d del ingeniero Jos\u00e9 Luis Manzanares Jap\u00f3n\"><\/a>\n\t<\/div>\n<\/div>\n<\/div>\n<\/li>\n\t\t\t\n\t\t\t\n\t\t\t\t\t\t\t\t\t\t\t\t\t\t\t\t\t\t\t\t\t\t\t\t\t\t\t\t\t\t\t\t\t\t\t\t\t\t\t\t\t\t\t\t\t\t\t\t\t\t\t\t\t\t\t\t\t\t\t\t\t\t\t\t\t\t\t\t<\/ul>\n\t<\/div>\n\t<div class=\"fusion-date-and-formats\"><div class=\"fusion-date-box updated\"><span class=\"fusion-date\">febrero<\/span><span class=\"fusion-month-year\">8:30 pm<\/span><\/div><div class=\"fusion-format-box\"><i class=\"awb-icon-pen\" aria-hidden=\"true\"><\/i><\/div><\/div><div class=\"fusion-post-content post-content\"><h2 class=\"blog-shortcode-post-title entry-title\"><a href=\"https:\/\/ramse.es\/wordpress\/la-ramse-acoge-la-conferencia-que-somos-del-ingeniero-jose-luis-manzanares-japon\/\">La RAMSE acoge la conferencia \u201c\u00bfQu\u00e9 somos?\u201d del ingeniero Jos\u00e9 Luis Manzanares Jap\u00f3n<\/a><\/h2><p class=\"fusion-single-line-meta\">Por <span class=\"vcard\"><span class=\"fn\"><a href=\"https:\/\/ramse.es\/wordpress\/author\/prensa\/\" title=\"Entradas de Mar\u00eda\" rel=\"author\">Mar\u00eda<\/a><\/span><\/span><span class=\"fusion-inline-sep\">|<\/span><span class=\"updated\" style=\"display:none;\">2026-02-13T23:30:12+02:00<\/span><span>febrero 13th, 2026<\/span><span class=\"fusion-inline-sep\">|<\/span>Categor\u00edas: <a href=\"https:\/\/ramse.es\/wordpress\/category\/conferencia\/\" rel=\"category tag\">Conferencia<\/a><span class=\"fusion-inline-sep\">|<\/span><span class=\"meta-tags\">Etiquetas: <a href=\"https:\/\/ramse.es\/wordpress\/tag\/ingeniero-jose-luis-manzanares-japon\/\" rel=\"tag\">ingeniero Jos\u00e9 Luis Manzanares Jap\u00f3n<\/a><\/span><span class=\"fusion-inline-sep\">|<\/span><\/p><div class=\"fusion-post-content-container\"><p>El ingeniero sevillano y fundador de Ayesa, Jos\u00e9 Luis Manzanares Jap\u00f3n, defendi\u00f3 en la Real Academia de Medicina y Cirug\u00eda de Sevilla, durante la conferencia \u2018\u00bfQu\u00e9 somos?\u2019, una tesis que cuestiona el reduccionismo materialista y propone entender el universo como un orden abstracto basado en informaci\u00f3n La Real Academia de Medicina y Cirug\u00eda de Sevilla (RAMSE) ha acogido la conferencia \u2018\u00bfQu\u00e9 somos?\u2019, impartida por Jos\u00e9 Luis Manzanares Jap\u00f3n, ingeniero de <a href=\"https:\/\/ramse.es\/wordpress\/la-ramse-acoge-la-conferencia-que-somos-del-ingeniero-jose-luis-manzanares-japon\/\">[...]<\/a><\/p><\/div><\/div><div class=\"fusion-clearfix\"><\/div><div class=\"fusion-meta-info\"><div class=\"fusion-alignright\"><a class=\"fusion-read-more\" href=\"https:\/\/ramse.es\/wordpress\/la-ramse-acoge-la-conferencia-que-somos-del-ingeniero-jose-luis-manzanares-japon\/\" aria-label=\"More on La RAMSE acoge la conferencia \u201c\u00bfQu\u00e9 somos?\u201d del ingeniero Jos\u00e9 Luis Manzanares Jap\u00f3n\">Leer M\u00e1s<\/a><\/div><\/div><\/article>\n<article id=\"blog-1-post-5660\" class=\"fusion-post-large-alternate post-5660 post type-post status-publish format-standard has-post-thumbnail hentry category-obituario tag-d-angel-martinez-sahuquillo\">\n\t<style type=\"text\/css\">\n\t\t\n\t\t\n\t\t\n\t\t\n\t\t\t<\/style>\n\n\n\t\t\t<div class=\"fusion-flexslider flexslider fusion-flexslider-loading fusion-post-slideshow\" style=\"\">\n\t\t<ul class=\"slides\">\n\t\t\t\n\t\t\t\t\t\t\t\t\t\t\t\t\t\t<li><div  class=\"fusion-image-wrapper\" aria-haspopup=\"true\">\n\t\t\t\t<img decoding=\"async\" width=\"1772\" height=\"2362\" src=\"https:\/\/ramse.es\/wordpress\/wp-content\/uploads\/2026\/02\/21050511.jpg\" class=\"attachment-full size-full wp-post-image\" alt=\"\" srcset=\"https:\/\/ramse.es\/wordpress\/wp-content\/uploads\/2026\/02\/21050511-200x267.jpg 200w, https:\/\/ramse.es\/wordpress\/wp-content\/uploads\/2026\/02\/21050511-400x533.jpg 400w, https:\/\/ramse.es\/wordpress\/wp-content\/uploads\/2026\/02\/21050511-600x800.jpg 600w, https:\/\/ramse.es\/wordpress\/wp-content\/uploads\/2026\/02\/21050511-800x1066.jpg 800w, https:\/\/ramse.es\/wordpress\/wp-content\/uploads\/2026\/02\/21050511-1200x1600.jpg 1200w, https:\/\/ramse.es\/wordpress\/wp-content\/uploads\/2026\/02\/21050511.jpg 1772w\" sizes=\"(max-width: 1000px) 100vw, 800px\" \/><div class=\"fusion-rollover\">\n\t<div class=\"fusion-rollover-content\">\n\n\t\t\t\t\t\t\t\t\t\t\t\t\t\t<a class=\"fusion-rollover-link\" href=\"https:\/\/ramse.es\/wordpress\/obituario-d-angel-martinez-sahuquillo\/\">Obituario D. \u00c1ngel Mart\u00ednez Sahuquillo<\/a>\n\t\t\t\n\t\t\t\t\t\t\t\t\t\t\t\t\t\t\n\t\t\t\t\t\t\t\t\n\t\t\t\t\t\t\t\t\t\t\t\t\t<div class=\"fusion-rollover-sep\"><\/div>\n\t\t\t\t\n\t\t\t\t\t\t\t\t\t\t\t\t\t\t\t\t\t\t<a class=\"fusion-rollover-gallery\" href=\"https:\/\/ramse.es\/wordpress\/wp-content\/uploads\/2026\/02\/21050511.jpg\" data-id=\"5660\" data-rel=\"iLightbox[gallery]\" data-title=\"21050511\" data-caption=\"\">\n\t\t\t\t\t\tGaler\u00eda\t\t\t\t\t<\/a>\n\t\t\t\t\t\t\t\t\t\t\t\t\t\t\n\t\t\n\t\t\t\t\t\t\t\t\n\t\t\t\t\t\t\t\t\n\t\t\n\t\t\t\t\t\t<a class=\"fusion-link-wrapper\" href=\"https:\/\/ramse.es\/wordpress\/obituario-d-angel-martinez-sahuquillo\/\" aria-label=\"Obituario D. \u00c1ngel Mart\u00ednez Sahuquillo\"><\/a>\n\t<\/div>\n<\/div>\n<\/div>\n<\/li>\n\t\t\t\n\t\t\t\n\t\t\t\t\t\t\t\t\t\t\t\t\t\t\t\t\t\t\t\t\t\t\t\t\t\t\t\t\t\t\t\t\t\t\t\t\t\t\t\t\t\t\t\t\t\t\t\t\t\t\t\t\t\t\t\t\t\t\t\t\t\t\t\t\t\t\t\t<\/ul>\n\t<\/div>\n\t<div class=\"fusion-date-and-formats\"><div class=\"fusion-date-box updated\"><span class=\"fusion-date\">febrero<\/span><span class=\"fusion-month-year\">1:11 pm<\/span><\/div><div class=\"fusion-format-box\"><i class=\"awb-icon-pen\" aria-hidden=\"true\"><\/i><\/div><\/div><div class=\"fusion-post-content post-content\"><h2 class=\"blog-shortcode-post-title entry-title\"><a href=\"https:\/\/ramse.es\/wordpress\/obituario-d-angel-martinez-sahuquillo\/\">Obituario D. \u00c1ngel Mart\u00ednez Sahuquillo<\/a><\/h2><p class=\"fusion-single-line-meta\">Por <span class=\"vcard\"><span class=\"fn\"><a href=\"https:\/\/ramse.es\/wordpress\/author\/prensa\/\" title=\"Entradas de Mar\u00eda\" rel=\"author\">Mar\u00eda<\/a><\/span><\/span><span class=\"fusion-inline-sep\">|<\/span><span class=\"updated\" style=\"display:none;\">2026-02-13T13:21:24+02:00<\/span><span>febrero 12th, 2026<\/span><span class=\"fusion-inline-sep\">|<\/span>Categor\u00edas: <a href=\"https:\/\/ramse.es\/wordpress\/category\/obituario\/\" rel=\"category tag\">Obituario<\/a><span class=\"fusion-inline-sep\">|<\/span><span class=\"meta-tags\">Etiquetas: <a href=\"https:\/\/ramse.es\/wordpress\/tag\/d-angel-martinez-sahuquillo\/\" rel=\"tag\">D. \u00c1ngel Mart\u00ednez Sahuquillo<\/a><\/span><span class=\"fusion-inline-sep\">|<\/span><\/p><div class=\"fusion-post-content-container\"><p>Se nos fue el Maestro, el amigo Autor: Alberto M\u00e1ximo P\u00e9rez Calero, Acad\u00e9mico Correspondiente de la RAMSE Muere \u00c1ngel Mart\u00ednez Sahuquillo (1929-2026), doctor en Medicina, Profesor y Acad\u00e9mico Numerario de la RAMSE El pasado 18 de enero dejaba esta vida un\u00a0m\u00e9dico, profesor, acad\u00e9mico,\u00a0autor de numerosas comunicaciones en revistas m\u00e9dicas, libros, un innovador en su especialidad de Cirug\u00eda Pl\u00e1stica, un m\u00e9dico de hospital, un gran m\u00e9dico. Con ser todo ello suficiente <a href=\"https:\/\/ramse.es\/wordpress\/obituario-d-angel-martinez-sahuquillo\/\">[...]<\/a><\/p><\/div><\/div><div class=\"fusion-clearfix\"><\/div><div class=\"fusion-meta-info\"><div class=\"fusion-alignright\"><a class=\"fusion-read-more\" href=\"https:\/\/ramse.es\/wordpress\/obituario-d-angel-martinez-sahuquillo\/\" aria-label=\"More on Obituario D. \u00c1ngel Mart\u00ednez Sahuquillo\">Leer M\u00e1s<\/a><\/div><\/div><\/article>\n<article id=\"blog-1-post-5650\" class=\"fusion-post-large-alternate post-5650 post type-post status-publish format-standard has-post-thumbnail hentry category-congreso tag-the-2026-imis tag-xxxiii-curso-de-innovacion-en-cirugia-endoscopica-y-cirugia-minimamente-invasiva\">\n\t<style type=\"text\/css\">\n\t\t\n\t\t\n\t\t\n\t\t\n\t\t\t<\/style>\n\n\n\t\t\t<div class=\"fusion-flexslider flexslider fusion-flexslider-loading fusion-post-slideshow\" style=\"\">\n\t\t<ul class=\"slides\">\n\t\t\t\n\t\t\t\t\t\t\t\t\t\t\t\t\t\t<li><div  class=\"fusion-image-wrapper\" aria-haspopup=\"true\">\n\t\t\t\t<img decoding=\"async\" width=\"2362\" height=\"1772\" src=\"https:\/\/ramse.es\/wordpress\/wp-content\/uploads\/2026\/02\/26020096.jpg\" class=\"attachment-full size-full wp-post-image\" alt=\"\" srcset=\"https:\/\/ramse.es\/wordpress\/wp-content\/uploads\/2026\/02\/26020096-200x150.jpg 200w, https:\/\/ramse.es\/wordpress\/wp-content\/uploads\/2026\/02\/26020096-400x300.jpg 400w, https:\/\/ramse.es\/wordpress\/wp-content\/uploads\/2026\/02\/26020096-600x450.jpg 600w, https:\/\/ramse.es\/wordpress\/wp-content\/uploads\/2026\/02\/26020096-800x600.jpg 800w, https:\/\/ramse.es\/wordpress\/wp-content\/uploads\/2026\/02\/26020096-1200x900.jpg 1200w, https:\/\/ramse.es\/wordpress\/wp-content\/uploads\/2026\/02\/26020096.jpg 2362w\" sizes=\"(max-width: 1000px) 100vw, 800px\" \/><div class=\"fusion-rollover\">\n\t<div class=\"fusion-rollover-content\">\n\n\t\t\t\t\t\t\t\t\t\t\t\t\t\t<a class=\"fusion-rollover-link\" href=\"https:\/\/ramse.es\/wordpress\/la-ramse-reune-a-expertos-internacionales-para-debatir-si-la-cirugia-del-futuro-pasara-por-no-operar\/\">La RAMSE re\u00fane a expertos internacionales para debatir si la cirug\u00eda del futuro pasar\u00e1 por no operar<\/a>\n\t\t\t\n\t\t\t\t\t\t\t\t\t\t\t\t\t\t\n\t\t\t\t\t\t\t\t\n\t\t\t\t\t\t\t\t\t\t\t\t\t<div class=\"fusion-rollover-sep\"><\/div>\n\t\t\t\t\n\t\t\t\t\t\t\t\t\t\t\t\t\t\t\t\t\t\t<a class=\"fusion-rollover-gallery\" href=\"https:\/\/ramse.es\/wordpress\/wp-content\/uploads\/2026\/02\/26020096.jpg\" data-id=\"5650\" data-rel=\"iLightbox[gallery]\" data-title=\"26020096\" data-caption=\"\">\n\t\t\t\t\t\tGaler\u00eda\t\t\t\t\t<\/a>\n\t\t\t\t\t\t\t\t\t\t\t\t\t\t\n\t\t\n\t\t\t\t\t\t\t\t\n\t\t\t\t\t\t\t\t\n\t\t\n\t\t\t\t\t\t<a class=\"fusion-link-wrapper\" href=\"https:\/\/ramse.es\/wordpress\/la-ramse-reune-a-expertos-internacionales-para-debatir-si-la-cirugia-del-futuro-pasara-por-no-operar\/\" aria-label=\"La RAMSE re\u00fane a expertos internacionales para debatir si la cirug\u00eda del futuro pasar\u00e1 por no operar\"><\/a>\n\t<\/div>\n<\/div>\n<\/div>\n<\/li>\n\t\t\t\n\t\t\t\n\t\t\t\t\t\t\t\t\t\t\t\t\t\t\t\t\t\t\t\t\t\t\t\t\t\t\t\t\t\t\t\t\t\t\t\t\t\t\t\t\t\t\t\t\t\t\t\t\t\t\t\t\t\t\t\t\t\t\t\t\t\t\t\t\t\t\t\t<\/ul>\n\t<\/div>\n\t<div class=\"fusion-date-and-formats\"><div class=\"fusion-date-box updated\"><span class=\"fusion-date\">febrero<\/span><span class=\"fusion-month-year\">12:37 pm<\/span><\/div><div class=\"fusion-format-box\"><i class=\"awb-icon-pen\" aria-hidden=\"true\"><\/i><\/div><\/div><div class=\"fusion-post-content post-content\"><h2 class=\"blog-shortcode-post-title entry-title\"><a href=\"https:\/\/ramse.es\/wordpress\/la-ramse-reune-a-expertos-internacionales-para-debatir-si-la-cirugia-del-futuro-pasara-por-no-operar\/\">La RAMSE re\u00fane a expertos internacionales para debatir si la cirug\u00eda del futuro pasar\u00e1 por no operar<\/a><\/h2><p class=\"fusion-single-line-meta\">Por <span class=\"vcard\"><span class=\"fn\"><a href=\"https:\/\/ramse.es\/wordpress\/author\/prensa\/\" title=\"Entradas de Mar\u00eda\" rel=\"author\">Mar\u00eda<\/a><\/span><\/span><span class=\"fusion-inline-sep\">|<\/span><span class=\"updated\" style=\"display:none;\">2026-02-09T12:37:39+02:00<\/span><span>febrero 9th, 2026<\/span><span class=\"fusion-inline-sep\">|<\/span>Categor\u00edas: <a href=\"https:\/\/ramse.es\/wordpress\/category\/congreso\/\" rel=\"category tag\">Congreso<\/a><span class=\"fusion-inline-sep\">|<\/span><span class=\"meta-tags\">Etiquetas: <a href=\"https:\/\/ramse.es\/wordpress\/tag\/the-2026-imis\/\" rel=\"tag\">THE 2026 iMIS<\/a>, <a href=\"https:\/\/ramse.es\/wordpress\/tag\/xxxiii-curso-de-innovacion-en-cirugia-endoscopica-y-cirugia-minimamente-invasiva\/\" rel=\"tag\">XXXIII Curso de Innovaci\u00f3n en Cirug\u00eda Endosc\u00f3pica y Cirug\u00eda M\u00ednimamente Invasiva<\/a><\/span><span class=\"fusion-inline-sep\">|<\/span><\/p><div class=\"fusion-post-content-container\"><p>La Real Academia de Medicina y Cirug\u00eda de Sevilla (RAMSE) acogi\u00f3 el pasado jueves el acto cient\u00edfico \u00bfEl futuro es no operar? dentro de la celebraci\u00f3n de la 33\u00aa edici\u00f3n de The 2026 iMIS session, enmarcada en el XXXIII Curso de Innovaci\u00f3n en Cirug\u00eda Endosc\u00f3pica y Cirug\u00eda M\u00ednimamente Invasiva, organizado conjuntamente por los servicios de Cirug\u00eda General y Digestiva de los Hospitales Universitarios Virgen del Roc\u00edo y Virgen Macarena, bajo <a href=\"https:\/\/ramse.es\/wordpress\/la-ramse-reune-a-expertos-internacionales-para-debatir-si-la-cirugia-del-futuro-pasara-por-no-operar\/\">[...]<\/a><\/p><\/div><\/div><div class=\"fusion-clearfix\"><\/div><div class=\"fusion-meta-info\"><div class=\"fusion-alignright\"><a class=\"fusion-read-more\" href=\"https:\/\/ramse.es\/wordpress\/la-ramse-reune-a-expertos-internacionales-para-debatir-si-la-cirugia-del-futuro-pasara-por-no-operar\/\" aria-label=\"More on La RAMSE re\u00fane a expertos internacionales para debatir si la cirug\u00eda del futuro pasar\u00e1 por no operar\">Leer M\u00e1s<\/a><\/div><\/div><\/article>\n<article id=\"blog-1-post-5616\" class=\"fusion-post-large-alternate post-5616 post type-post status-publish format-standard has-post-thumbnail hentry category-actos-academicos tag-apertura-curso-academico\">\n\t<style type=\"text\/css\">\n\t\t\n\t\t\n\t\t\n\t\t\n\t\t\t<\/style>\n\n\n\t\t\t<div class=\"fusion-flexslider flexslider fusion-flexslider-loading fusion-post-slideshow\" style=\"\">\n\t\t<ul class=\"slides\">\n\t\t\t\n\t\t\t\t\t\t\t\t\t\t\t\t\t\t<li><div  class=\"fusion-image-wrapper\" aria-haspopup=\"true\">\n\t\t\t\t<img decoding=\"async\" width=\"2560\" height=\"1920\" src=\"https:\/\/ramse.es\/wordpress\/wp-content\/uploads\/2026\/01\/RAMSE.-Apertura-Ano-Academico-326-scaled.jpg\" class=\"attachment-full size-full wp-post-image\" alt=\"\" srcset=\"https:\/\/ramse.es\/wordpress\/wp-content\/uploads\/2026\/01\/RAMSE.-Apertura-Ano-Academico-326-200x150.jpg 200w, https:\/\/ramse.es\/wordpress\/wp-content\/uploads\/2026\/01\/RAMSE.-Apertura-Ano-Academico-326-400x300.jpg 400w, https:\/\/ramse.es\/wordpress\/wp-content\/uploads\/2026\/01\/RAMSE.-Apertura-Ano-Academico-326-600x450.jpg 600w, https:\/\/ramse.es\/wordpress\/wp-content\/uploads\/2026\/01\/RAMSE.-Apertura-Ano-Academico-326-800x600.jpg 800w, https:\/\/ramse.es\/wordpress\/wp-content\/uploads\/2026\/01\/RAMSE.-Apertura-Ano-Academico-326-1200x900.jpg 1200w, https:\/\/ramse.es\/wordpress\/wp-content\/uploads\/2026\/01\/RAMSE.-Apertura-Ano-Academico-326-scaled.jpg 2560w\" sizes=\"(max-width: 1000px) 100vw, 800px\" \/><div class=\"fusion-rollover\">\n\t<div class=\"fusion-rollover-content\">\n\n\t\t\t\t\t\t\t\t\t\t\t\t\t\t<a class=\"fusion-rollover-link\" href=\"https:\/\/ramse.es\/wordpress\/la-real-academia-de-medicina-y-cirugia-de-sevilla-inaugura-su-326-ano-academico\/\">La Real Academia de Medicina y Cirug\u00eda de Sevilla  inaugura su 326 a\u00f1o acad\u00e9mico<\/a>\n\t\t\t\n\t\t\t\t\t\t\t\t\t\t\t\t\t\t\n\t\t\t\t\t\t\t\t\n\t\t\t\t\t\t\t\t\t\t\t\t\t<div class=\"fusion-rollover-sep\"><\/div>\n\t\t\t\t\n\t\t\t\t\t\t\t\t\t\t\t\t\t\t\t\t\t\t<a class=\"fusion-rollover-gallery\" href=\"https:\/\/ramse.es\/wordpress\/wp-content\/uploads\/2026\/01\/RAMSE.-Apertura-Ano-Academico-326-scaled.jpg\" data-id=\"5616\" data-rel=\"iLightbox[gallery]\" data-title=\"RAMSE. Apertura An\u0303o Academico 326\" data-caption=\"\">\n\t\t\t\t\t\tGaler\u00eda\t\t\t\t\t<\/a>\n\t\t\t\t\t\t\t\t\t\t\t\t\t\t\n\t\t\n\t\t\t\t\t\t\t\t\n\t\t\t\t\t\t\t\t\n\t\t\n\t\t\t\t\t\t<a class=\"fusion-link-wrapper\" href=\"https:\/\/ramse.es\/wordpress\/la-real-academia-de-medicina-y-cirugia-de-sevilla-inaugura-su-326-ano-academico\/\" aria-label=\"La Real Academia de Medicina y Cirug\u00eda de Sevilla  inaugura su 326 a\u00f1o acad\u00e9mico\"><\/a>\n\t<\/div>\n<\/div>\n<\/div>\n<\/li>\n\t\t\t\n\t\t\t\n\t\t\t\t\t\t\t\t\t\t\t\t\t\t\t\t\t\t\t\t\t\t\t\t\t\t\t\t\t\t\t\t\t\t\t\t\t\t\t\t\t\t\t\t\t\t\t\t\t\t\t\t\t\t\t\t\t\t\t\t\t\t\t\t\t\t\t\t<\/ul>\n\t<\/div>\n\t<div class=\"fusion-date-and-formats\"><div class=\"fusion-date-box updated\"><span class=\"fusion-date\">enero<\/span><span class=\"fusion-month-year\">12:38 pm<\/span><\/div><div class=\"fusion-format-box\"><i class=\"awb-icon-pen\" aria-hidden=\"true\"><\/i><\/div><\/div><div class=\"fusion-post-content post-content\"><h2 class=\"blog-shortcode-post-title entry-title\"><a href=\"https:\/\/ramse.es\/wordpress\/la-real-academia-de-medicina-y-cirugia-de-sevilla-inaugura-su-326-ano-academico\/\">La Real Academia de Medicina y Cirug\u00eda de Sevilla  inaugura su 326 a\u00f1o acad\u00e9mico<\/a><\/h2><p class=\"fusion-single-line-meta\">Por <span class=\"vcard\"><span class=\"fn\"><a href=\"https:\/\/ramse.es\/wordpress\/author\/prensa\/\" title=\"Entradas de Mar\u00eda\" rel=\"author\">Mar\u00eda<\/a><\/span><\/span><span class=\"fusion-inline-sep\">|<\/span><span class=\"updated\" style=\"display:none;\">2026-02-06T13:22:12+02:00<\/span><span>enero 30th, 2026<\/span><span class=\"fusion-inline-sep\">|<\/span>Categor\u00edas: <a href=\"https:\/\/ramse.es\/wordpress\/category\/actos-academicos\/\" rel=\"category tag\">Actos Acad\u00e9micos<\/a><span class=\"fusion-inline-sep\">|<\/span><span class=\"meta-tags\">Etiquetas: <a href=\"https:\/\/ramse.es\/wordpress\/tag\/apertura-curso-academico\/\" rel=\"tag\">Apertura Curso Academico<\/a><\/span><span class=\"fusion-inline-sep\">|<\/span><\/p><div class=\"fusion-post-content-container\"><p>La Real Academia de Medicina y Cirug\u00eda de Sevilla ha inaugurado su 326 A\u00f1o Acad\u00e9mico en el Sal\u00f3n de Actos \u201cRam\u00f3n y Cajal\u201d, en su sede de la calle Abades. El acto ha incluido la lectura de la Memoria Anual correspondiente a 2025, a cargo del Ilmo. Sr. Dr. D. Jos\u00e9 Antonio Mil\u00e1n, secretario general, as\u00ed como el discurso protocolario de apertura del Curso Acad\u00e9mico, pronunciado por el Ilmo. Sr. <a href=\"https:\/\/ramse.es\/wordpress\/la-real-academia-de-medicina-y-cirugia-de-sevilla-inaugura-su-326-ano-academico\/\">[...]<\/a><\/p><\/div><\/div><div class=\"fusion-clearfix\"><\/div><div class=\"fusion-meta-info\"><div class=\"fusion-alignright\"><a class=\"fusion-read-more\" href=\"https:\/\/ramse.es\/wordpress\/la-real-academia-de-medicina-y-cirugia-de-sevilla-inaugura-su-326-ano-academico\/\" aria-label=\"More on La Real Academia de Medicina y Cirug\u00eda de Sevilla  inaugura su 326 a\u00f1o acad\u00e9mico\">Leer M\u00e1s<\/a><\/div><\/div><\/article>\n<article id=\"blog-1-post-5590\" class=\"fusion-post-large-alternate post-5590 post type-post status-publish format-standard has-post-thumbnail hentry category-uncategorized tag-fundacion-ramse\">\n\t<style type=\"text\/css\">\n\t\t\n\t\t\n\t\t\n\t\t\n\t\t\t<\/style>\n\n\n\t\t\t<div class=\"fusion-flexslider flexslider fusion-flexslider-loading fusion-post-slideshow\" style=\"\">\n\t\t<ul class=\"slides\">\n\t\t\t\n\t\t\t\t\t\t\t\t\t\t\t\t\t\t<li><div  class=\"fusion-image-wrapper\" aria-haspopup=\"true\">\n\t\t\t\t<img decoding=\"async\" width=\"394\" height=\"90\" src=\"https:\/\/ramse.es\/wordpress\/wp-content\/uploads\/2020\/04\/fundacionramse.jpg\" class=\"attachment-full size-full wp-post-image\" alt=\"\" srcset=\"https:\/\/ramse.es\/wordpress\/wp-content\/uploads\/2020\/04\/fundacionramse-200x46.jpg 200w, https:\/\/ramse.es\/wordpress\/wp-content\/uploads\/2020\/04\/fundacionramse.jpg 394w\" sizes=\"(max-width: 1000px) 100vw, 394px\" \/><div class=\"fusion-rollover\">\n\t<div class=\"fusion-rollover-content\">\n\n\t\t\t\t\t\t\t\t\t\t\t\t\t\t<a class=\"fusion-rollover-link\" href=\"https:\/\/ramse.es\/wordpress\/la-fundacion-real-academia-de-medicina-y-cirugia-de-sevilla-renueva-la-composicion-de-su-patronato\/\">La Fundaci\u00f3n Real Academia de Medicina y Cirug\u00eda de Sevilla renueva la composici\u00f3n de su Patronato<\/a>\n\t\t\t\n\t\t\t\t\t\t\t\t\t\t\t\t\t\t\n\t\t\t\t\t\t\t\t\n\t\t\t\t\t\t\t\t\t\t\t\t\t<div class=\"fusion-rollover-sep\"><\/div>\n\t\t\t\t\n\t\t\t\t\t\t\t\t\t\t\t\t\t\t\t\t\t\t<a class=\"fusion-rollover-gallery\" href=\"https:\/\/ramse.es\/wordpress\/wp-content\/uploads\/2020\/04\/fundacionramse.jpg\" data-id=\"5590\" data-rel=\"iLightbox[gallery]\" data-title=\"fundacionramse\" data-caption=\"\">\n\t\t\t\t\t\tGaler\u00eda\t\t\t\t\t<\/a>\n\t\t\t\t\t\t\t\t\t\t\t\t\t\t\n\t\t\n\t\t\t\t\t\t\t\t\n\t\t\t\t\t\t\t\t\n\t\t\n\t\t\t\t\t\t<a class=\"fusion-link-wrapper\" href=\"https:\/\/ramse.es\/wordpress\/la-fundacion-real-academia-de-medicina-y-cirugia-de-sevilla-renueva-la-composicion-de-su-patronato\/\" aria-label=\"La Fundaci\u00f3n Real Academia de Medicina y Cirug\u00eda de Sevilla renueva la composici\u00f3n de su Patronato\"><\/a>\n\t<\/div>\n<\/div>\n<\/div>\n<\/li>\n\t\t\t\n\t\t\t\n\t\t\t\t\t\t\t\t\t\t\t\t\t\t\t\t\t\t\t\t\t\t\t\t\t\t\t\t\t\t\t\t\t\t\t\t\t\t\t\t\t\t\t\t\t\t\t\t\t\t\t\t\t\t\t\t\t\t\t\t\t\t\t\t\t\t\t\t<\/ul>\n\t<\/div>\n\t<div class=\"fusion-date-and-formats\"><div class=\"fusion-date-box updated\"><span class=\"fusion-date\">enero<\/span><span class=\"fusion-month-year\">3:47 pm<\/span><\/div><div class=\"fusion-format-box\"><i class=\"awb-icon-pen\" aria-hidden=\"true\"><\/i><\/div><\/div><div class=\"fusion-post-content post-content\"><h2 class=\"blog-shortcode-post-title entry-title\"><a href=\"https:\/\/ramse.es\/wordpress\/la-fundacion-real-academia-de-medicina-y-cirugia-de-sevilla-renueva-la-composicion-de-su-patronato\/\">La Fundaci\u00f3n Real Academia de Medicina y Cirug\u00eda de Sevilla renueva la composici\u00f3n de su Patronato<\/a><\/h2><p class=\"fusion-single-line-meta\">Por <span class=\"vcard\"><span class=\"fn\"><a href=\"https:\/\/ramse.es\/wordpress\/author\/prensa\/\" title=\"Entradas de Mar\u00eda\" rel=\"author\">Mar\u00eda<\/a><\/span><\/span><span class=\"fusion-inline-sep\">|<\/span><span class=\"updated\" style=\"display:none;\">2026-01-15T15:47:59+02:00<\/span><span>enero 15th, 2026<\/span><span class=\"fusion-inline-sep\">|<\/span>Categor\u00edas: <a href=\"https:\/\/ramse.es\/wordpress\/category\/uncategorized\/\" rel=\"category tag\">Uncategorized<\/a><span class=\"fusion-inline-sep\">|<\/span><span class=\"meta-tags\">Etiquetas: <a href=\"https:\/\/ramse.es\/wordpress\/tag\/fundacion-ramse\/\" rel=\"tag\">Fundaci\u00f3n RAMSE<\/a><\/span><span class=\"fusion-inline-sep\">|<\/span><\/p><div class=\"fusion-post-content-container\"><p>La Fundaci\u00f3n Real Academia de Medicina y Cirug\u00eda de Sevilla (RAMSE) ha aprobado la renovaci\u00f3n de la composici\u00f3n de su Patronato, un proceso que se enmarca en la reciente reelecci\u00f3n del doctor Carlos A. Infantes Alc\u00f3n como presidente de la RAMSE para el periodo 2026-30. Patronos Fundaci\u00f3n RAMSE: Excmo. Sr. Dr. D. Carlos A. Infantes Alc\u00f3n. Presidente Fundaci\u00f3n RAMSE. Vicepresidente RAMSE. Sr. Dr. D. Juan Sabat\u00e9 D\u00edaz. Tesorero RAMSE. Sr. <a href=\"https:\/\/ramse.es\/wordpress\/la-fundacion-real-academia-de-medicina-y-cirugia-de-sevilla-renueva-la-composicion-de-su-patronato\/\">[...]<\/a><\/p><\/div><\/div><div class=\"fusion-clearfix\"><\/div><div class=\"fusion-meta-info\"><div class=\"fusion-alignright\"><a class=\"fusion-read-more\" href=\"https:\/\/ramse.es\/wordpress\/la-fundacion-real-academia-de-medicina-y-cirugia-de-sevilla-renueva-la-composicion-de-su-patronato\/\" aria-label=\"More on La Fundaci\u00f3n Real Academia de Medicina y Cirug\u00eda de Sevilla renueva la composici\u00f3n de su Patronato\">Leer M\u00e1s<\/a><\/div><\/div><\/article>\n<article id=\"blog-1-post-5586\" class=\"fusion-post-large-alternate post-5586 post type-post status-publish format-standard has-post-thumbnail hentry category-academico-de-numero category-articulo category-obituario tag-jose-cantillana-martinez\">\n\t<style type=\"text\/css\">\n\t\t\n\t\t\n\t\t\n\t\t\n\t\t\t<\/style>\n\n\n\t\t\t<div class=\"fusion-flexslider flexslider fusion-flexslider-loading fusion-post-slideshow\" style=\"\">\n\t\t<ul class=\"slides\">\n\t\t\t\n\t\t\t\t\t\t\t\t\t\t\t\t\t\t<li><div  class=\"fusion-image-wrapper\" aria-haspopup=\"true\">\n\t\t\t\t<img decoding=\"async\" width=\"663\" height=\"412\" src=\"https:\/\/ramse.es\/wordpress\/wp-content\/uploads\/2025\/12\/Obituario.-D.-Jose-Cantillana-Martinez.png\" class=\"attachment-full size-full wp-post-image\" alt=\"\" srcset=\"https:\/\/ramse.es\/wordpress\/wp-content\/uploads\/2025\/12\/Obituario.-D.-Jose-Cantillana-Martinez-200x124.png 200w, https:\/\/ramse.es\/wordpress\/wp-content\/uploads\/2025\/12\/Obituario.-D.-Jose-Cantillana-Martinez-400x249.png 400w, https:\/\/ramse.es\/wordpress\/wp-content\/uploads\/2025\/12\/Obituario.-D.-Jose-Cantillana-Martinez-600x373.png 600w, https:\/\/ramse.es\/wordpress\/wp-content\/uploads\/2025\/12\/Obituario.-D.-Jose-Cantillana-Martinez.png 663w\" sizes=\"(max-width: 1000px) 100vw, 663px\" \/><div class=\"fusion-rollover\">\n\t<div class=\"fusion-rollover-content\">\n\n\t\t\t\t\t\t\t\t\t\t\t\t\t\t<a class=\"fusion-rollover-link\" href=\"https:\/\/ramse.es\/wordpress\/obituario-d-jose-cantillana-martinez\/\">Obituario D. Jos\u00e9 Cantillana Mart\u00ednez<\/a>\n\t\t\t\n\t\t\t\t\t\t\t\t\t\t\t\t\t\t\n\t\t\t\t\t\t\t\t\n\t\t\t\t\t\t\t\t\t\t\t\t\t<div class=\"fusion-rollover-sep\"><\/div>\n\t\t\t\t\n\t\t\t\t\t\t\t\t\t\t\t\t\t\t\t\t\t\t<a class=\"fusion-rollover-gallery\" href=\"https:\/\/ramse.es\/wordpress\/wp-content\/uploads\/2025\/12\/Obituario.-D.-Jose-Cantillana-Martinez.png\" data-id=\"5586\" data-rel=\"iLightbox[gallery]\" data-title=\"Obituario. D. Jose\u0301 Cantillana Marti\u0301nez.\" data-caption=\"\">\n\t\t\t\t\t\tGaler\u00eda\t\t\t\t\t<\/a>\n\t\t\t\t\t\t\t\t\t\t\t\t\t\t\n\t\t\n\t\t\t\t\t\t\t\t\n\t\t\t\t\t\t\t\t\n\t\t\n\t\t\t\t\t\t<a class=\"fusion-link-wrapper\" href=\"https:\/\/ramse.es\/wordpress\/obituario-d-jose-cantillana-martinez\/\" aria-label=\"Obituario D. Jos\u00e9 Cantillana Mart\u00ednez\"><\/a>\n\t<\/div>\n<\/div>\n<\/div>\n<\/li>\n\t\t\t\n\t\t\t\n\t\t\t\t\t\t\t\t\t\t\t\t\t\t\t\t\t\t\t\t\t\t\t\t\t\t\t\t\t\t\t\t\t\t\t\t\t\t\t\t\t\t\t\t\t\t\t\t\t\t\t\t\t\t\t\t\t\t\t\t\t\t\t\t\t\t\t\t<\/ul>\n\t<\/div>\n\t<div class=\"fusion-date-and-formats\"><div class=\"fusion-date-box updated\"><span class=\"fusion-date\">diciembre<\/span><span class=\"fusion-month-year\">3:07 pm<\/span><\/div><div class=\"fusion-format-box\"><i class=\"awb-icon-pen\" aria-hidden=\"true\"><\/i><\/div><\/div><div class=\"fusion-post-content post-content\"><h2 class=\"blog-shortcode-post-title entry-title\"><a href=\"https:\/\/ramse.es\/wordpress\/obituario-d-jose-cantillana-martinez\/\">Obituario D. Jos\u00e9 Cantillana Mart\u00ednez<\/a><\/h2><p class=\"fusion-single-line-meta\">Por <span class=\"vcard\"><span class=\"fn\"><a href=\"https:\/\/ramse.es\/wordpress\/author\/prensa\/\" title=\"Entradas de Mar\u00eda\" rel=\"author\">Mar\u00eda<\/a><\/span><\/span><span class=\"fusion-inline-sep\">|<\/span><span class=\"updated\" style=\"display:none;\">2025-12-31T15:07:53+02:00<\/span><span>diciembre 31st, 2025<\/span><span class=\"fusion-inline-sep\">|<\/span>Categor\u00edas: <a href=\"https:\/\/ramse.es\/wordpress\/category\/academico-de-numero\/\" rel=\"category tag\">Acad\u00e9mico de N\u00famero<\/a>, <a href=\"https:\/\/ramse.es\/wordpress\/category\/articulo\/\" rel=\"category tag\">Art\u00edculo<\/a>, <a href=\"https:\/\/ramse.es\/wordpress\/category\/obituario\/\" rel=\"category tag\">Obituario<\/a><span class=\"fusion-inline-sep\">|<\/span><span class=\"meta-tags\">Etiquetas: <a href=\"https:\/\/ramse.es\/wordpress\/tag\/jose-cantillana-martinez\/\" rel=\"tag\">Jose Cantillana Martinez<\/a><\/span><span class=\"fusion-inline-sep\">|<\/span><\/p><div class=\"fusion-post-content-container\"><p>Un alma sana Obituario Jos\u00e9 Cantillana Mart\u00ednez El d\u00eda 18 de diciembre de 2025 nos dej\u00f3 el ilustr\u00edsimo se\u00f1or don Jos\u00e9 Cantillana Mart\u00ednez. \u2018Pepe Cantillana en su mundo y su trato\u2019. Desde que en 1957 comenzaron nuestros estudios de licenciatura, compartimos muchas vivencias, personales y profesionales. Fuimos una promoci\u00f3n competitiva, con las ideas muy claras de lo que quer\u00edamos. Recibimos como premio, por tener una media global de notable. Una <a href=\"https:\/\/ramse.es\/wordpress\/obituario-d-jose-cantillana-martinez\/\">[...]<\/a><\/p><\/div><\/div><div class=\"fusion-clearfix\"><\/div><div class=\"fusion-meta-info\"><div class=\"fusion-alignright\"><a class=\"fusion-read-more\" href=\"https:\/\/ramse.es\/wordpress\/obituario-d-jose-cantillana-martinez\/\" aria-label=\"More on Obituario D. Jos\u00e9 Cantillana Mart\u00ednez\">Leer M\u00e1s<\/a><\/div><\/div><\/article>\n<article id=\"blog-1-post-5580\" class=\"fusion-post-large-alternate post-5580 post type-post status-publish format-standard hentry category-uncategorized tag-concurso-cientifico-de-premios-ramse-2025 tag-resolucion\">\n\t<style type=\"text\/css\">\n\t\t\n\t\t\n\t\t\n\t\t\n\t\t\t<\/style>\n\n\n<div class=\"fusion-date-and-formats\"><div class=\"fusion-date-box updated\"><span class=\"fusion-date\">diciembre<\/span><span class=\"fusion-month-year\">1:38 pm<\/span><\/div><div class=\"fusion-format-box\"><i class=\"awb-icon-pen\" aria-hidden=\"true\"><\/i><\/div><\/div><div class=\"fusion-post-content post-content\"><h2 class=\"blog-shortcode-post-title entry-title\"><a href=\"https:\/\/ramse.es\/wordpress\/resolucion-del-concurso-cientifico-de-premios-ramse-2025\/\">Resoluci\u00f3n del Concurso Cient\u00edfico de Premios RAMSE 2025<\/a><\/h2><p class=\"fusion-single-line-meta\">Por <span class=\"vcard\"><span class=\"fn\"><a href=\"https:\/\/ramse.es\/wordpress\/author\/prensa\/\" title=\"Entradas de Mar\u00eda\" rel=\"author\">Mar\u00eda<\/a><\/span><\/span><span class=\"fusion-inline-sep\">|<\/span><span class=\"updated\" style=\"display:none;\">2026-01-15T15:59:35+02:00<\/span><span>diciembre 19th, 2025<\/span><span class=\"fusion-inline-sep\">|<\/span>Categor\u00edas: <a href=\"https:\/\/ramse.es\/wordpress\/category\/uncategorized\/\" rel=\"category tag\">Uncategorized<\/a><span class=\"fusion-inline-sep\">|<\/span><span class=\"meta-tags\">Etiquetas: <a href=\"https:\/\/ramse.es\/wordpress\/tag\/concurso-cientifico-de-premios-ramse-2025\/\" rel=\"tag\">Concurso Cient\u00edfico de Premios RAMSE 2025<\/a>, <a href=\"https:\/\/ramse.es\/wordpress\/tag\/resolucion\/\" rel=\"tag\">Resoluci\u00f3n<\/a><\/span><span class=\"fusion-inline-sep\">|<\/span><\/p><div class=\"fusion-post-content-container\"><p>Resoluci\u00f3n del Concurso Cient\u00edfico de Premios convocados por la Real Academia de Medicina y Cirug\u00eda de Sevilla correspondientes al a\u00f1o 2025: Una vez o\u00eddas las propuestas de los jurados calificadores nombrados para cada premio, el Pleno Acad\u00e9mico, reunido en sesi\u00f3n ordinaria el d\u00eda 9 de diciembre del presente a\u00f1o, ha acordado conceder los siguientes premios: \u00a0 Premio de la Real Academia de Medicina de Sevilla a Publicaciones Cient\u00edficas, al autor <a href=\"https:\/\/ramse.es\/wordpress\/resolucion-del-concurso-cientifico-de-premios-ramse-2025\/\">[...]<\/a><\/p><\/div><\/div><div class=\"fusion-clearfix\"><\/div><div class=\"fusion-meta-info\"><div class=\"fusion-alignright\"><a class=\"fusion-read-more\" href=\"https:\/\/ramse.es\/wordpress\/resolucion-del-concurso-cientifico-de-premios-ramse-2025\/\" aria-label=\"More on Resoluci\u00f3n del Concurso Cient\u00edfico de Premios RAMSE 2025\">Leer M\u00e1s<\/a><\/div><\/div><\/article>\n<article id=\"blog-1-post-5577\" class=\"fusion-post-large-alternate post-5577 post type-post status-publish format-standard has-post-thumbnail hentry category-actos-academicos tag-andres-luque-teruel tag-real-alcazar-de-sevilla\">\n\t<style type=\"text\/css\">\n\t\t\n\t\t\n\t\t\n\t\t\n\t\t\t<\/style>\n\n\n\t\t\t<div class=\"fusion-flexslider flexslider fusion-flexslider-loading fusion-post-slideshow\" style=\"\">\n\t\t<ul class=\"slides\">\n\t\t\t\n\t\t\t\t\t\t\t\t\t\t\t\t\t\t<li><div  class=\"fusion-image-wrapper\" aria-haspopup=\"true\">\n\t\t\t\t<img decoding=\"async\" width=\"2362\" height=\"1772\" src=\"https:\/\/ramse.es\/wordpress\/wp-content\/uploads\/2025\/12\/25120543.jpg\" class=\"attachment-full size-full wp-post-image\" alt=\"\" srcset=\"https:\/\/ramse.es\/wordpress\/wp-content\/uploads\/2025\/12\/25120543-200x150.jpg 200w, https:\/\/ramse.es\/wordpress\/wp-content\/uploads\/2025\/12\/25120543-400x300.jpg 400w, https:\/\/ramse.es\/wordpress\/wp-content\/uploads\/2025\/12\/25120543-600x450.jpg 600w, https:\/\/ramse.es\/wordpress\/wp-content\/uploads\/2025\/12\/25120543-800x600.jpg 800w, https:\/\/ramse.es\/wordpress\/wp-content\/uploads\/2025\/12\/25120543-1200x900.jpg 1200w, https:\/\/ramse.es\/wordpress\/wp-content\/uploads\/2025\/12\/25120543.jpg 2362w\" sizes=\"(max-width: 1000px) 100vw, 800px\" \/><div class=\"fusion-rollover\">\n\t<div class=\"fusion-rollover-content\">\n\n\t\t\t\t\t\t\t\t\t\t\t\t\t\t<a class=\"fusion-rollover-link\" href=\"https:\/\/ramse.es\/wordpress\/la-real-academia-de-medicina-y-cirugia-de-sevilla-celebra-la-clausura-de-su-325-curso-academico\/\">La Real Academia de Medicina y Cirug\u00eda de Sevilla celebra la clausura de su 325 Curso Acad\u00e9mico<\/a>\n\t\t\t\n\t\t\t\t\t\t\t\t\t\t\t\t\t\t\n\t\t\t\t\t\t\t\t\n\t\t\t\t\t\t\t\t\t\t\t\t\t<div class=\"fusion-rollover-sep\"><\/div>\n\t\t\t\t\n\t\t\t\t\t\t\t\t\t\t\t\t\t\t\t\t\t\t<a class=\"fusion-rollover-gallery\" href=\"https:\/\/ramse.es\/wordpress\/wp-content\/uploads\/2025\/12\/25120543.jpg\" data-id=\"5577\" data-rel=\"iLightbox[gallery]\" data-title=\"25120543\" data-caption=\"\">\n\t\t\t\t\t\tGaler\u00eda\t\t\t\t\t<\/a>\n\t\t\t\t\t\t\t\t\t\t\t\t\t\t\n\t\t\n\t\t\t\t\t\t\t\t\n\t\t\t\t\t\t\t\t\n\t\t\n\t\t\t\t\t\t<a class=\"fusion-link-wrapper\" href=\"https:\/\/ramse.es\/wordpress\/la-real-academia-de-medicina-y-cirugia-de-sevilla-celebra-la-clausura-de-su-325-curso-academico\/\" aria-label=\"La Real Academia de Medicina y Cirug\u00eda de Sevilla celebra la clausura de su 325 Curso Acad\u00e9mico\"><\/a>\n\t<\/div>\n<\/div>\n<\/div>\n<\/li>\n\t\t\t\n\t\t\t\n\t\t\t\t\t\t\t\t\t\t\t\t\t\t\t\t\t\t\t\t\t\t\t\t\t\t\t\t\t\t\t\t\t\t\t\t\t\t\t\t\t\t\t\t\t\t\t\t\t\t\t\t\t\t\t\t\t\t\t\t\t\t\t\t\t\t\t\t<\/ul>\n\t<\/div>\n\t<div class=\"fusion-date-and-formats\"><div class=\"fusion-date-box updated\"><span class=\"fusion-date\">diciembre<\/span><span class=\"fusion-month-year\">1:32 pm<\/span><\/div><div class=\"fusion-format-box\"><i class=\"awb-icon-pen\" aria-hidden=\"true\"><\/i><\/div><\/div><div class=\"fusion-post-content post-content\"><h2 class=\"blog-shortcode-post-title entry-title\"><a href=\"https:\/\/ramse.es\/wordpress\/la-real-academia-de-medicina-y-cirugia-de-sevilla-celebra-la-clausura-de-su-325-curso-academico\/\">La Real Academia de Medicina y Cirug\u00eda de Sevilla celebra la clausura de su 325 Curso Acad\u00e9mico<\/a><\/h2><p class=\"fusion-single-line-meta\">Por <span class=\"vcard\"><span class=\"fn\"><a href=\"https:\/\/ramse.es\/wordpress\/author\/prensa\/\" title=\"Entradas de Mar\u00eda\" rel=\"author\">Mar\u00eda<\/a><\/span><\/span><span class=\"fusion-inline-sep\">|<\/span><span class=\"updated\" style=\"display:none;\">2025-12-20T13:36:09+02:00<\/span><span>diciembre 19th, 2025<\/span><span class=\"fusion-inline-sep\">|<\/span>Categor\u00edas: <a href=\"https:\/\/ramse.es\/wordpress\/category\/actos-academicos\/\" rel=\"category tag\">Actos Acad\u00e9micos<\/a><span class=\"fusion-inline-sep\">|<\/span><span class=\"meta-tags\">Etiquetas: <a href=\"https:\/\/ramse.es\/wordpress\/tag\/andres-luque-teruel\/\" rel=\"tag\">Andr\u00e9s Luque Teruel<\/a>, <a href=\"https:\/\/ramse.es\/wordpress\/tag\/real-alcazar-de-sevilla\/\" rel=\"tag\">Real Alcazar de Sevilla<\/a><\/span><span class=\"fusion-inline-sep\">|<\/span><\/p><div class=\"fusion-post-content-container\"><p>La Real Academia de Medicina y Cirug\u00eda de Sevilla (RAMSE) ha celebrado la clausura de su 325 Curso Acad\u00e9mico con la conferencia \u2018El Real Alc\u00e1zar de Sevilla desde un nuevo punto de vista\u2019, impartida por D. Andr\u00e9s Luque Teruel, catedr\u00e1tico de Historia del Arte de la Universidad de Sevilla, quien ha ofrecido una mirada innovadora y rigurosa sobre uno de los monumentos m\u00e1s emblem\u00e1ticos de la ciudad, desde nuevas claves <a href=\"https:\/\/ramse.es\/wordpress\/la-real-academia-de-medicina-y-cirugia-de-sevilla-celebra-la-clausura-de-su-325-curso-academico\/\">[...]<\/a><\/p><\/div><\/div><div class=\"fusion-clearfix\"><\/div><div class=\"fusion-meta-info\"><div class=\"fusion-alignright\"><a class=\"fusion-read-more\" href=\"https:\/\/ramse.es\/wordpress\/la-real-academia-de-medicina-y-cirugia-de-sevilla-celebra-la-clausura-de-su-325-curso-academico\/\" aria-label=\"More on La Real Academia de Medicina y Cirug\u00eda de Sevilla celebra la clausura de su 325 Curso Acad\u00e9mico\">Leer M\u00e1s<\/a><\/div><\/div><\/article>\n<article id=\"blog-1-post-5558\" class=\"fusion-post-large-alternate post-5558 post type-post status-publish format-standard has-post-thumbnail hentry category-actos-academicos tag-carlos-infantes tag-elecciones\">\n\t<style type=\"text\/css\">\n\t\t\n\t\t\n\t\t\n\t\t\n\t\t\t<\/style>\n\n\n\t\t\t<div class=\"fusion-flexslider flexslider fusion-flexslider-loading fusion-post-slideshow\" style=\"\">\n\t\t<ul class=\"slides\">\n\t\t\t\n\t\t\t\t\t\t\t\t\t\t\t\t\t\t<li><div  class=\"fusion-image-wrapper\" aria-haspopup=\"true\">\n\t\t\t\t<img decoding=\"async\" width=\"2362\" height=\"1772\" src=\"https:\/\/ramse.es\/wordpress\/wp-content\/uploads\/2025\/12\/Junta-de-Gobierno-RAMSE.jpg\" class=\"attachment-full size-full wp-post-image\" alt=\"\" srcset=\"https:\/\/ramse.es\/wordpress\/wp-content\/uploads\/2025\/12\/Junta-de-Gobierno-RAMSE-200x150.jpg 200w, https:\/\/ramse.es\/wordpress\/wp-content\/uploads\/2025\/12\/Junta-de-Gobierno-RAMSE-400x300.jpg 400w, https:\/\/ramse.es\/wordpress\/wp-content\/uploads\/2025\/12\/Junta-de-Gobierno-RAMSE-600x450.jpg 600w, https:\/\/ramse.es\/wordpress\/wp-content\/uploads\/2025\/12\/Junta-de-Gobierno-RAMSE-800x600.jpg 800w, https:\/\/ramse.es\/wordpress\/wp-content\/uploads\/2025\/12\/Junta-de-Gobierno-RAMSE-1200x900.jpg 1200w, https:\/\/ramse.es\/wordpress\/wp-content\/uploads\/2025\/12\/Junta-de-Gobierno-RAMSE.jpg 2362w\" sizes=\"(max-width: 1000px) 100vw, 800px\" \/><div class=\"fusion-rollover\">\n\t<div class=\"fusion-rollover-content\">\n\n\t\t\t\t\t\t\t\t\t\t\t\t\t\t<a class=\"fusion-rollover-link\" href=\"https:\/\/ramse.es\/wordpress\/el-dr-carlos-infantes-reelegido-presidente-de-la-real-academia-de-medicina-y-cirugia-de-sevilla\/\">El Dr. Carlos Infantes, reelegido presidente de la Real Academia de Medicina y Cirug\u00eda de Sevilla<\/a>\n\t\t\t\n\t\t\t\t\t\t\t\t\t\t\t\t\t\t\n\t\t\t\t\t\t\t\t\n\t\t\t\t\t\t\t\t\t\t\t\t\t<div class=\"fusion-rollover-sep\"><\/div>\n\t\t\t\t\n\t\t\t\t\t\t\t\t\t\t\t\t\t\t\t\t\t\t<a class=\"fusion-rollover-gallery\" href=\"https:\/\/ramse.es\/wordpress\/wp-content\/uploads\/2025\/12\/Junta-de-Gobierno-RAMSE.jpg\" data-id=\"5558\" data-rel=\"iLightbox[gallery]\" data-title=\"Junta de Gobierno RAMSE\" data-caption=\"\">\n\t\t\t\t\t\tGaler\u00eda\t\t\t\t\t<\/a>\n\t\t\t\t\t\t\t\t\t\t\t\t\t\t\n\t\t\n\t\t\t\t\t\t\t\t\n\t\t\t\t\t\t\t\t\n\t\t\n\t\t\t\t\t\t<a class=\"fusion-link-wrapper\" href=\"https:\/\/ramse.es\/wordpress\/el-dr-carlos-infantes-reelegido-presidente-de-la-real-academia-de-medicina-y-cirugia-de-sevilla\/\" aria-label=\"El Dr. Carlos Infantes, reelegido presidente de la Real Academia de Medicina y Cirug\u00eda de Sevilla\"><\/a>\n\t<\/div>\n<\/div>\n<\/div>\n<\/li>\n\t\t\t\n\t\t\t\n\t\t\t\t\t\t\t\t\t\t\t\t\t\t\t\t\t\t\t\t\t\t\t\t\t\t\t\t\t\t\t\t\t\t\t\t\t\t\t\t\t\t\t\t\t\t\t\t\t\t\t\t\t\t\t\t\t\t\t\t\t\t\t\t\t\t\t\t<\/ul>\n\t<\/div>\n\t<div class=\"fusion-date-and-formats\"><div class=\"fusion-date-box updated\"><span class=\"fusion-date\">diciembre<\/span><span class=\"fusion-month-year\">11:05 am<\/span><\/div><div class=\"fusion-format-box\"><i class=\"awb-icon-pen\" aria-hidden=\"true\"><\/i><\/div><\/div><div class=\"fusion-post-content post-content\"><h2 class=\"blog-shortcode-post-title entry-title\"><a href=\"https:\/\/ramse.es\/wordpress\/el-dr-carlos-infantes-reelegido-presidente-de-la-real-academia-de-medicina-y-cirugia-de-sevilla\/\">El Dr. Carlos Infantes, reelegido presidente de la Real Academia de Medicina y Cirug\u00eda de Sevilla<\/a><\/h2><p class=\"fusion-single-line-meta\">Por <span class=\"vcard\"><span class=\"fn\"><a href=\"https:\/\/ramse.es\/wordpress\/author\/prensa\/\" title=\"Entradas de Mar\u00eda\" rel=\"author\">Mar\u00eda<\/a><\/span><\/span><span class=\"fusion-inline-sep\">|<\/span><span class=\"updated\" style=\"display:none;\">2025-12-17T15:12:34+02:00<\/span><span>diciembre 17th, 2025<\/span><span class=\"fusion-inline-sep\">|<\/span>Categor\u00edas: <a href=\"https:\/\/ramse.es\/wordpress\/category\/actos-academicos\/\" rel=\"category tag\">Actos Acad\u00e9micos<\/a><span class=\"fusion-inline-sep\">|<\/span><span class=\"meta-tags\">Etiquetas: <a href=\"https:\/\/ramse.es\/wordpress\/tag\/carlos-infantes\/\" rel=\"tag\">Carlos Infantes<\/a>, <a href=\"https:\/\/ramse.es\/wordpress\/tag\/elecciones\/\" rel=\"tag\">Elecciones<\/a><\/span><span class=\"fusion-inline-sep\">|<\/span><\/p><div class=\"fusion-post-content-container\"><p>El cirujano cardiovascular Carlos A. Infantes Alc\u00f3n ha sido reelegido presidente de la Real Academia de Medicina y Cirug\u00eda de Sevilla (RAMSE) en las elecciones celebradas ayer por la tarde, para el periodo 2025-2030. De este modo, inicia su segundo mandato al frente de la instituci\u00f3n, que estar\u00e1 marcado por la renovaci\u00f3n de la Junta de Gobierno, integrada por acad\u00e9micos de amplia trayectoria y reconocido prestigio profesional y personal, entre <a href=\"https:\/\/ramse.es\/wordpress\/el-dr-carlos-infantes-reelegido-presidente-de-la-real-academia-de-medicina-y-cirugia-de-sevilla\/\">[...]<\/a><\/p><\/div><\/div><div class=\"fusion-clearfix\"><\/div><div class=\"fusion-meta-info\"><div class=\"fusion-alignright\"><a class=\"fusion-read-more\" href=\"https:\/\/ramse.es\/wordpress\/el-dr-carlos-infantes-reelegido-presidente-de-la-real-academia-de-medicina-y-cirugia-de-sevilla\/\" aria-label=\"More on El Dr. Carlos Infantes, reelegido presidente de la Real Academia de Medicina y Cirug\u00eda de Sevilla\">Leer M\u00e1s<\/a><\/div><\/div><\/article>\n<article id=\"blog-1-post-5564\" class=\"fusion-post-large-alternate post-5564 post type-post status-publish format-standard has-post-thumbnail hentry category-visita-institucional tag-cabildo-alfonso-x-el-sabio\">\n\t<style type=\"text\/css\">\n\t\t\n\t\t\n\t\t\n\t\t\n\t\t\t<\/style>\n\n\n\t\t\t<div class=\"fusion-flexslider flexslider fusion-flexslider-loading fusion-post-slideshow\" style=\"\">\n\t\t<ul class=\"slides\">\n\t\t\t\n\t\t\t\t\t\t\t\t\t\t\t\t\t\t<li><div  class=\"fusion-image-wrapper\" aria-haspopup=\"true\">\n\t\t\t\t<img decoding=\"async\" width=\"1600\" height=\"1348\" src=\"https:\/\/ramse.es\/wordpress\/wp-content\/uploads\/2025\/12\/visita-institucional-del-Cabildo-Alfonso-X-el-Sabio1.jpeg\" class=\"attachment-full size-full wp-post-image\" alt=\"\" srcset=\"https:\/\/ramse.es\/wordpress\/wp-content\/uploads\/2025\/12\/visita-institucional-del-Cabildo-Alfonso-X-el-Sabio1-200x169.jpeg 200w, https:\/\/ramse.es\/wordpress\/wp-content\/uploads\/2025\/12\/visita-institucional-del-Cabildo-Alfonso-X-el-Sabio1-400x337.jpeg 400w, https:\/\/ramse.es\/wordpress\/wp-content\/uploads\/2025\/12\/visita-institucional-del-Cabildo-Alfonso-X-el-Sabio1-600x506.jpeg 600w, https:\/\/ramse.es\/wordpress\/wp-content\/uploads\/2025\/12\/visita-institucional-del-Cabildo-Alfonso-X-el-Sabio1-800x674.jpeg 800w, https:\/\/ramse.es\/wordpress\/wp-content\/uploads\/2025\/12\/visita-institucional-del-Cabildo-Alfonso-X-el-Sabio1-1200x1011.jpeg 1200w, https:\/\/ramse.es\/wordpress\/wp-content\/uploads\/2025\/12\/visita-institucional-del-Cabildo-Alfonso-X-el-Sabio1.jpeg 1600w\" sizes=\"(max-width: 1000px) 100vw, 800px\" \/><div class=\"fusion-rollover\">\n\t<div class=\"fusion-rollover-content\">\n\n\t\t\t\t\t\t\t\t\t\t\t\t\t\t<a class=\"fusion-rollover-link\" href=\"https:\/\/ramse.es\/wordpress\/la-real-academia-de-medicina-de-sevilla-recibe-la-visita-institucional-del-cabildo-alfonso-x-el-sabio\/\">La Real Academia de Medicina de Sevilla recibe la visita institucional del Cabildo Alfonso X el Sabio<\/a>\n\t\t\t\n\t\t\t\t\t\t\t\t\t\t\t\t\t\t\n\t\t\t\t\t\t\t\t\n\t\t\t\t\t\t\t\t\t\t\t\t\t<div class=\"fusion-rollover-sep\"><\/div>\n\t\t\t\t\n\t\t\t\t\t\t\t\t\t\t\t\t\t\t\t\t\t\t<a class=\"fusion-rollover-gallery\" href=\"https:\/\/ramse.es\/wordpress\/wp-content\/uploads\/2025\/12\/visita-institucional-del-Cabildo-Alfonso-X-el-Sabio1.jpeg\" data-id=\"5564\" data-rel=\"iLightbox[gallery]\" data-title=\"visita institucional del Cabildo Alfonso X el Sabio1\" data-caption=\"\">\n\t\t\t\t\t\tGaler\u00eda\t\t\t\t\t<\/a>\n\t\t\t\t\t\t\t\t\t\t\t\t\t\t\n\t\t\n\t\t\t\t\t\t\t\t\n\t\t\t\t\t\t\t\t\n\t\t\n\t\t\t\t\t\t<a class=\"fusion-link-wrapper\" href=\"https:\/\/ramse.es\/wordpress\/la-real-academia-de-medicina-de-sevilla-recibe-la-visita-institucional-del-cabildo-alfonso-x-el-sabio\/\" aria-label=\"La Real Academia de Medicina de Sevilla recibe la visita institucional del Cabildo Alfonso X el Sabio\"><\/a>\n\t<\/div>\n<\/div>\n<\/div>\n<\/li>\n\t\t\t\n\t\t\t\n\t\t\t\t\t\t\t\t\t\t\t\t\t\t\t\t\t\t\t\t\t\t\t\t\t\t\t\t\t\t\t\t\t\t\t\t\t\t\t\t\t\t\t\t\t\t\t\t\t\t\t\t\t\t\t\t\t\t\t\t\t\t\t\t\t\t\t\t<\/ul>\n\t<\/div>\n\t<div class=\"fusion-date-and-formats\"><div class=\"fusion-date-box updated\"><span class=\"fusion-date\">diciembre<\/span><span class=\"fusion-month-year\">4:10 pm<\/span><\/div><div class=\"fusion-format-box\"><i class=\"awb-icon-pen\" aria-hidden=\"true\"><\/i><\/div><\/div><div class=\"fusion-post-content post-content\"><h2 class=\"blog-shortcode-post-title entry-title\"><a href=\"https:\/\/ramse.es\/wordpress\/la-real-academia-de-medicina-de-sevilla-recibe-la-visita-institucional-del-cabildo-alfonso-x-el-sabio\/\">La Real Academia de Medicina de Sevilla recibe la visita institucional del Cabildo Alfonso X el Sabio<\/a><\/h2><p class=\"fusion-single-line-meta\">Por <span class=\"vcard\"><span class=\"fn\"><a href=\"https:\/\/ramse.es\/wordpress\/author\/prensa\/\" title=\"Entradas de Mar\u00eda\" rel=\"author\">Mar\u00eda<\/a><\/span><\/span><span class=\"fusion-inline-sep\">|<\/span><span class=\"updated\" style=\"display:none;\">2025-12-17T16:15:01+02:00<\/span><span>diciembre 10th, 2025<\/span><span class=\"fusion-inline-sep\">|<\/span>Categor\u00edas: <a href=\"https:\/\/ramse.es\/wordpress\/category\/visita-institucional\/\" rel=\"category tag\">Visita Institucional<\/a><span class=\"fusion-inline-sep\">|<\/span><span class=\"meta-tags\">Etiquetas: <a href=\"https:\/\/ramse.es\/wordpress\/tag\/cabildo-alfonso-x-el-sabio\/\" rel=\"tag\">Cabildo Alfonso X el Sabio.<\/a><\/span><span class=\"fusion-inline-sep\">|<\/span><\/p><div class=\"fusion-post-content-container\"><p>La Real Academia de Medicina de Sevilla ha recibido la visita institucional del Cabildo Alfonso X el Sabio. La delegaci\u00f3n fue atendida por los doctores y acad\u00e9micos Juan Sabat\u00e9 y Jos\u00e9 Mar\u00eda Rubio, miembro del Cabildo. El encuentro concluy\u00f3 con la firma del Libro de Honor por parte de su Presidente. Actualmente, 13 miembros del Cabildo son m\u00e9dicos, incluidos cuatro catedr\u00e1ticos o profesores de Medicina, reflejo del v\u00ednculo con el <a href=\"https:\/\/ramse.es\/wordpress\/la-real-academia-de-medicina-de-sevilla-recibe-la-visita-institucional-del-cabildo-alfonso-x-el-sabio\/\">[...]<\/a><\/p><\/div><\/div><div class=\"fusion-clearfix\"><\/div><div class=\"fusion-meta-info\"><div class=\"fusion-alignright\"><a class=\"fusion-read-more\" href=\"https:\/\/ramse.es\/wordpress\/la-real-academia-de-medicina-de-sevilla-recibe-la-visita-institucional-del-cabildo-alfonso-x-el-sabio\/\" aria-label=\"More on La Real Academia de Medicina de Sevilla recibe la visita institucional del Cabildo Alfonso X el Sabio\">Leer M\u00e1s<\/a><\/div><\/div><\/article>\n<article id=\"blog-1-post-5529\" class=\"fusion-post-large-alternate post-5529 post type-post status-publish format-standard has-post-thumbnail hentry category-catedra-oncologia tag-catedra-divulgacion-oncologica tag-profesor-benedicto-crespo-facorro\">\n\t<style type=\"text\/css\">\n\t\t\n\t\t\n\t\t\n\t\t\n\t\t\t<\/style>\n\n\n\t\t\t<div class=\"fusion-flexslider flexslider fusion-flexslider-loading fusion-post-slideshow\" style=\"\">\n\t\t<ul class=\"slides\">\n\t\t\t\n\t\t\t\t\t\t\t\t\t\t\t\t\t\t<li><div  class=\"fusion-image-wrapper\" aria-haspopup=\"true\">\n\t\t\t\t<img decoding=\"async\" width=\"2362\" height=\"1772\" src=\"https:\/\/ramse.es\/wordpress\/wp-content\/uploads\/2025\/11\/25110711.jpg\" class=\"attachment-full size-full wp-post-image\" alt=\"\" srcset=\"https:\/\/ramse.es\/wordpress\/wp-content\/uploads\/2025\/11\/25110711-200x150.jpg 200w, https:\/\/ramse.es\/wordpress\/wp-content\/uploads\/2025\/11\/25110711-400x300.jpg 400w, https:\/\/ramse.es\/wordpress\/wp-content\/uploads\/2025\/11\/25110711-600x450.jpg 600w, https:\/\/ramse.es\/wordpress\/wp-content\/uploads\/2025\/11\/25110711-800x600.jpg 800w, https:\/\/ramse.es\/wordpress\/wp-content\/uploads\/2025\/11\/25110711-1200x900.jpg 1200w, https:\/\/ramse.es\/wordpress\/wp-content\/uploads\/2025\/11\/25110711.jpg 2362w\" sizes=\"(max-width: 1000px) 100vw, 800px\" \/><div class=\"fusion-rollover\">\n\t<div class=\"fusion-rollover-content\">\n\n\t\t\t\t\t\t\t\t\t\t\t\t\t\t<a class=\"fusion-rollover-link\" href=\"https:\/\/ramse.es\/wordpress\/conferencia-inflamacion-cancer-y-depresion-puentes-entre-neurobiologia-y-oncologia\/\">Conferencia \u201cInflamaci\u00f3n, c\u00e1ncer y depresi\u00f3n: puentes entre neurobiolog\u00eda y oncolog\u00eda\u201d<\/a>\n\t\t\t\n\t\t\t\t\t\t\t\t\t\t\t\t\t\t\n\t\t\t\t\t\t\t\t\n\t\t\t\t\t\t\t\t\t\t\t\t\t<div class=\"fusion-rollover-sep\"><\/div>\n\t\t\t\t\n\t\t\t\t\t\t\t\t\t\t\t\t\t\t\t\t\t\t<a class=\"fusion-rollover-gallery\" href=\"https:\/\/ramse.es\/wordpress\/wp-content\/uploads\/2025\/11\/25110711.jpg\" data-id=\"5529\" data-rel=\"iLightbox[gallery]\" data-title=\"25110711\" data-caption=\"\">\n\t\t\t\t\t\tGaler\u00eda\t\t\t\t\t<\/a>\n\t\t\t\t\t\t\t\t\t\t\t\t\t\t\n\t\t\n\t\t\t\t\t\t\t\t\n\t\t\t\t\t\t\t\t\n\t\t\n\t\t\t\t\t\t<a class=\"fusion-link-wrapper\" href=\"https:\/\/ramse.es\/wordpress\/conferencia-inflamacion-cancer-y-depresion-puentes-entre-neurobiologia-y-oncologia\/\" aria-label=\"Conferencia \u201cInflamaci\u00f3n, c\u00e1ncer y depresi\u00f3n: puentes entre neurobiolog\u00eda y oncolog\u00eda\u201d\"><\/a>\n\t<\/div>\n<\/div>\n<\/div>\n<\/li>\n\t\t\t\n\t\t\t\n\t\t\t\t\t\t\t\t\t\t\t\t\t\t\t\t\t\t\t\t\t\t\t\t\t\t\t\t\t\t\t\t\t\t\t\t\t\t\t\t\t\t\t\t\t\t\t\t\t\t\t\t\t\t\t\t\t\t\t\t\t\t\t\t\t\t\t\t<\/ul>\n\t<\/div>\n\t<div class=\"fusion-date-and-formats\"><div class=\"fusion-date-box updated\"><span class=\"fusion-date\">noviembre<\/span><span class=\"fusion-month-year\">12:17 pm<\/span><\/div><div class=\"fusion-format-box\"><i class=\"awb-icon-pen\" aria-hidden=\"true\"><\/i><\/div><\/div><div class=\"fusion-post-content post-content\"><h2 class=\"blog-shortcode-post-title entry-title\"><a href=\"https:\/\/ramse.es\/wordpress\/conferencia-inflamacion-cancer-y-depresion-puentes-entre-neurobiologia-y-oncologia\/\">Conferencia \u201cInflamaci\u00f3n, c\u00e1ncer y depresi\u00f3n: puentes entre neurobiolog\u00eda y oncolog\u00eda\u201d<\/a><\/h2><p class=\"fusion-single-line-meta\">Por <span class=\"vcard\"><span class=\"fn\"><a href=\"https:\/\/ramse.es\/wordpress\/author\/prensa\/\" title=\"Entradas de Mar\u00eda\" rel=\"author\">Mar\u00eda<\/a><\/span><\/span><span class=\"fusion-inline-sep\">|<\/span><span class=\"updated\" style=\"display:none;\">2025-11-28T12:20:00+02:00<\/span><span>noviembre 28th, 2025<\/span><span class=\"fusion-inline-sep\">|<\/span>Categor\u00edas: <a href=\"https:\/\/ramse.es\/wordpress\/category\/catedra-oncologia\/\" rel=\"category tag\">C\u00e1tedra Oncolog\u00eda<\/a><span class=\"fusion-inline-sep\">|<\/span><span class=\"meta-tags\">Etiquetas: <a href=\"https:\/\/ramse.es\/wordpress\/tag\/catedra-divulgacion-oncologica\/\" rel=\"tag\">Catedra Divulgaci\u00f3n Oncol\u00f3gica<\/a>, <a href=\"https:\/\/ramse.es\/wordpress\/tag\/profesor-benedicto-crespo-facorro\/\" rel=\"tag\">Profesor Benedicto Crespo-Facorro<\/a><\/span><span class=\"fusion-inline-sep\">|<\/span><\/p><div class=\"fusion-post-content-container\"><p>\u201cDetectar la depresi\u00f3n en pacientes con c\u00e1ncer es clave para su tratamiento\u201d La C\u00e1tedra de Divulgaci\u00f3n Oncol\u00f3gica, creada en 2023 por la Fundaci\u00f3n RAMSE, ha celebrado hoy la conferencia titulada \u201cInflamaci\u00f3n, c\u00e1ncer y depresi\u00f3n: puentes entre neurobiolog\u00eda y oncolog\u00eda\u201d, impartida por el Profesor Benedicto Crespo-Facorro, catedr\u00e1tico de Psiquiatr\u00eda de la Universidad de Sevilla y Acad\u00e9mico de N\u00famero de la Real Academia Nacional de Medicina de Espa\u00f1a, dentro del Ciclo \u201cEstilo <a href=\"https:\/\/ramse.es\/wordpress\/conferencia-inflamacion-cancer-y-depresion-puentes-entre-neurobiologia-y-oncologia\/\">[...]<\/a><\/p><\/div><\/div><div class=\"fusion-clearfix\"><\/div><div class=\"fusion-meta-info\"><div class=\"fusion-alignright\"><a class=\"fusion-read-more\" href=\"https:\/\/ramse.es\/wordpress\/conferencia-inflamacion-cancer-y-depresion-puentes-entre-neurobiologia-y-oncologia\/\" aria-label=\"More on Conferencia \u201cInflamaci\u00f3n, c\u00e1ncer y depresi\u00f3n: puentes entre neurobiolog\u00eda y oncolog\u00eda\u201d\">Leer M\u00e1s<\/a><\/div><\/div><\/article>\n<article id=\"blog-1-post-5507\" class=\"fusion-post-large-alternate post-5507 post type-post status-publish format-standard has-post-thumbnail hentry category-academico-de-numero tag-pediatria-social\">\n\t<style type=\"text\/css\">\n\t\t\n\t\t\n\t\t\n\t\t\n\t\t\t<\/style>\n\n\n\t\t\t<div class=\"fusion-flexslider flexslider fusion-flexslider-loading fusion-post-slideshow\" style=\"\">\n\t\t<ul class=\"slides\">\n\t\t\t\n\t\t\t\t\t\t\t\t\t\t\t\t\t\t<li><div  class=\"fusion-image-wrapper\" aria-haspopup=\"true\">\n\t\t\t\t<img decoding=\"async\" width=\"2362\" height=\"1772\" src=\"https:\/\/ramse.es\/wordpress\/wp-content\/uploads\/2025\/11\/25110518.jpg\" class=\"attachment-full size-full wp-post-image\" alt=\"\" srcset=\"https:\/\/ramse.es\/wordpress\/wp-content\/uploads\/2025\/11\/25110518-200x150.jpg 200w, https:\/\/ramse.es\/wordpress\/wp-content\/uploads\/2025\/11\/25110518-400x300.jpg 400w, https:\/\/ramse.es\/wordpress\/wp-content\/uploads\/2025\/11\/25110518-600x450.jpg 600w, https:\/\/ramse.es\/wordpress\/wp-content\/uploads\/2025\/11\/25110518-800x600.jpg 800w, https:\/\/ramse.es\/wordpress\/wp-content\/uploads\/2025\/11\/25110518-1200x900.jpg 1200w, https:\/\/ramse.es\/wordpress\/wp-content\/uploads\/2025\/11\/25110518.jpg 2362w\" sizes=\"(max-width: 1000px) 100vw, 800px\" \/><div class=\"fusion-rollover\">\n\t<div class=\"fusion-rollover-content\">\n\n\t\t\t\t\t\t\t\t\t\t\t\t\t\t<a class=\"fusion-rollover-link\" href=\"https:\/\/ramse.es\/wordpress\/el-pediatra-martin-navarro-merino-toma-posesion-como-academico-de-numero-de-la-ramse\/\">El profesor Mart\u00edn Navarro Merino toma posesi\u00f3n como Acad\u00e9mico de N\u00famero de la RAMSE<\/a>\n\t\t\t\n\t\t\t\t\t\t\t\t\t\t\t\t\t\t\n\t\t\t\t\t\t\t\t\n\t\t\t\t\t\t\t\t\t\t\t\t\t<div class=\"fusion-rollover-sep\"><\/div>\n\t\t\t\t\n\t\t\t\t\t\t\t\t\t\t\t\t\t\t\t\t\t\t<a class=\"fusion-rollover-gallery\" href=\"https:\/\/ramse.es\/wordpress\/wp-content\/uploads\/2025\/11\/25110518.jpg\" data-id=\"5507\" data-rel=\"iLightbox[gallery]\" data-title=\"25110518\" data-caption=\"\">\n\t\t\t\t\t\tGaler\u00eda\t\t\t\t\t<\/a>\n\t\t\t\t\t\t\t\t\t\t\t\t\t\t\n\t\t\n\t\t\t\t\t\t\t\t\n\t\t\t\t\t\t\t\t\n\t\t\n\t\t\t\t\t\t<a class=\"fusion-link-wrapper\" href=\"https:\/\/ramse.es\/wordpress\/el-pediatra-martin-navarro-merino-toma-posesion-como-academico-de-numero-de-la-ramse\/\" aria-label=\"El profesor Mart\u00edn Navarro Merino toma posesi\u00f3n como Acad\u00e9mico de N\u00famero de la RAMSE\"><\/a>\n\t<\/div>\n<\/div>\n<\/div>\n<\/li>\n\t\t\t\n\t\t\t\n\t\t\t\t\t\t\t\t\t\t\t\t\t\t\t\t\t\t\t\t\t\t\t\t\t\t\t\t\t\t\t\t\t\t\t\t\t\t\t\t\t\t\t\t\t\t\t\t\t\t\t\t\t\t\t\t\t\t\t\t\t\t\t\t\t\t\t\t<\/ul>\n\t<\/div>\n\t<div class=\"fusion-date-and-formats\"><div class=\"fusion-date-box updated\"><span class=\"fusion-date\">noviembre<\/span><span class=\"fusion-month-year\">7:35 pm<\/span><\/div><div class=\"fusion-format-box\"><i class=\"awb-icon-pen\" aria-hidden=\"true\"><\/i><\/div><\/div><div class=\"fusion-post-content post-content\"><h2 class=\"blog-shortcode-post-title entry-title\"><a href=\"https:\/\/ramse.es\/wordpress\/el-pediatra-martin-navarro-merino-toma-posesion-como-academico-de-numero-de-la-ramse\/\">El profesor Mart\u00edn Navarro Merino toma posesi\u00f3n como Acad\u00e9mico de N\u00famero de la RAMSE<\/a><\/h2><p class=\"fusion-single-line-meta\">Por <span class=\"vcard\"><span class=\"fn\"><a href=\"https:\/\/ramse.es\/wordpress\/author\/prensa\/\" title=\"Entradas de Mar\u00eda\" rel=\"author\">Mar\u00eda<\/a><\/span><\/span><span class=\"fusion-inline-sep\">|<\/span><span class=\"updated\" style=\"display:none;\">2025-11-24T15:20:52+02:00<\/span><span>noviembre 23rd, 2025<\/span><span class=\"fusion-inline-sep\">|<\/span>Categor\u00edas: <a href=\"https:\/\/ramse.es\/wordpress\/category\/academico-de-numero\/\" rel=\"category tag\">Acad\u00e9mico de N\u00famero<\/a><span class=\"fusion-inline-sep\">|<\/span><span class=\"meta-tags\">Etiquetas: <a href=\"https:\/\/ramse.es\/wordpress\/tag\/pediatria-social\/\" rel=\"tag\">Pediatr\u00eda Social<\/a><\/span><span class=\"fusion-inline-sep\">|<\/span><\/p><div class=\"fusion-post-content-container\"><p>El pediatra Mart\u00edn Navarro Merino ha tomado posesi\u00f3n como Acad\u00e9mico de N\u00famero en la plaza de Pediatr\u00eda Social, Secci\u00f3n 4\u00aa de Medicina Social en la Real Academia de Medicina y Cirug\u00eda de Sevilla (RAMSE), durante la sesi\u00f3n p\u00fablica y extraordinaria celebrada el domingo 23 de noviembre, a las 12:00 h. en el Sal\u00f3n Ram\u00f3n y Cajal de la hist\u00f3rica instituci\u00f3n. La ceremonia ha reunido a la comunidad cient\u00edfica y acad\u00e9mica <a href=\"https:\/\/ramse.es\/wordpress\/el-pediatra-martin-navarro-merino-toma-posesion-como-academico-de-numero-de-la-ramse\/\">[...]<\/a><\/p><\/div><\/div><div class=\"fusion-clearfix\"><\/div><div class=\"fusion-meta-info\"><div class=\"fusion-alignright\"><a class=\"fusion-read-more\" href=\"https:\/\/ramse.es\/wordpress\/el-pediatra-martin-navarro-merino-toma-posesion-como-academico-de-numero-de-la-ramse\/\" aria-label=\"More on El profesor Mart\u00edn Navarro Merino toma posesi\u00f3n como Acad\u00e9mico de N\u00famero de la RAMSE\">Leer M\u00e1s<\/a><\/div><\/div><\/article>\n<article id=\"blog-1-post-5501\" class=\"fusion-post-large-alternate post-5501 post type-post status-publish format-standard has-post-thumbnail hentry category-premios-y-reconocimientos tag-dr-carlos-infantes tag-premio-alfonso-x-el-sabio-2025\">\n\t<style type=\"text\/css\">\n\t\t\n\t\t\n\t\t\n\t\t\n\t\t\t<\/style>\n\n\n\t\t\t<div class=\"fusion-flexslider flexslider fusion-flexslider-loading fusion-post-slideshow\" style=\"\">\n\t\t<ul class=\"slides\">\n\t\t\t\n\t\t\t\t\t\t\t\t\t\t\t\t\t\t<li><div  class=\"fusion-image-wrapper\" aria-haspopup=\"true\">\n\t\t\t\t<img decoding=\"async\" width=\"1600\" height=\"739\" src=\"https:\/\/ramse.es\/wordpress\/wp-content\/uploads\/2025\/11\/DR.-CARLOS-INFANTES-PRESIDENTE-RAMSE-Premio-Alfonso-X-el-Sabio-2025.2.jpg\" class=\"attachment-full size-full wp-post-image\" alt=\"\" srcset=\"https:\/\/ramse.es\/wordpress\/wp-content\/uploads\/2025\/11\/DR.-CARLOS-INFANTES-PRESIDENTE-RAMSE-Premio-Alfonso-X-el-Sabio-2025.2-200x92.jpg 200w, https:\/\/ramse.es\/wordpress\/wp-content\/uploads\/2025\/11\/DR.-CARLOS-INFANTES-PRESIDENTE-RAMSE-Premio-Alfonso-X-el-Sabio-2025.2-400x185.jpg 400w, https:\/\/ramse.es\/wordpress\/wp-content\/uploads\/2025\/11\/DR.-CARLOS-INFANTES-PRESIDENTE-RAMSE-Premio-Alfonso-X-el-Sabio-2025.2-600x277.jpg 600w, https:\/\/ramse.es\/wordpress\/wp-content\/uploads\/2025\/11\/DR.-CARLOS-INFANTES-PRESIDENTE-RAMSE-Premio-Alfonso-X-el-Sabio-2025.2-800x370.jpg 800w, https:\/\/ramse.es\/wordpress\/wp-content\/uploads\/2025\/11\/DR.-CARLOS-INFANTES-PRESIDENTE-RAMSE-Premio-Alfonso-X-el-Sabio-2025.2-1200x554.jpg 1200w, https:\/\/ramse.es\/wordpress\/wp-content\/uploads\/2025\/11\/DR.-CARLOS-INFANTES-PRESIDENTE-RAMSE-Premio-Alfonso-X-el-Sabio-2025.2.jpg 1600w\" sizes=\"(max-width: 1000px) 100vw, 800px\" \/><div class=\"fusion-rollover\">\n\t<div class=\"fusion-rollover-content\">\n\n\t\t\t\t\t\t\t\t\t\t\t\t\t\t<a class=\"fusion-rollover-link\" href=\"https:\/\/ramse.es\/wordpress\/el-dr-carlos-infantes-recibe-el-premio-alfonso-x-el-sabio-2025-por-su-trayectoria-en-cardiologia\/\">El Dr. Carlos Infantes recibe el Premio Alfonso X el Sabio 2025 por su trayectoria en cardiolog\u00eda<\/a>\n\t\t\t\n\t\t\t\t\t\t\t\t\t\t\t\t\t\t\n\t\t\t\t\t\t\t\t\n\t\t\t\t\t\t\t\t\t\t\t\t\t<div class=\"fusion-rollover-sep\"><\/div>\n\t\t\t\t\n\t\t\t\t\t\t\t\t\t\t\t\t\t\t\t\t\t\t<a class=\"fusion-rollover-gallery\" href=\"https:\/\/ramse.es\/wordpress\/wp-content\/uploads\/2025\/11\/DR.-CARLOS-INFANTES-PRESIDENTE-RAMSE-Premio-Alfonso-X-el-Sabio-2025.2.jpg\" data-id=\"5501\" data-rel=\"iLightbox[gallery]\" data-title=\"DR. CARLOS INFANTES, PRESIDENTE RAMSE, Premio Alfonso X el Sabio 2025.2\" data-caption=\"\">\n\t\t\t\t\t\tGaler\u00eda\t\t\t\t\t<\/a>\n\t\t\t\t\t\t\t\t\t\t\t\t\t\t\n\t\t\n\t\t\t\t\t\t\t\t\n\t\t\t\t\t\t\t\t\n\t\t\n\t\t\t\t\t\t<a class=\"fusion-link-wrapper\" href=\"https:\/\/ramse.es\/wordpress\/el-dr-carlos-infantes-recibe-el-premio-alfonso-x-el-sabio-2025-por-su-trayectoria-en-cardiologia\/\" aria-label=\"El Dr. Carlos Infantes recibe el Premio Alfonso X el Sabio 2025 por su trayectoria en cardiolog\u00eda\"><\/a>\n\t<\/div>\n<\/div>\n<\/div>\n<\/li>\n\t\t\t\n\t\t\t\n\t\t\t\t\t\t\t\t\t\t\t\t\t\t\t\t\t\t\t\t\t\t\t\t\t\t\t\t\t\t\t\t\t\t\t\t\t\t\t\t\t\t\t\t\t\t\t\t\t\t\t\t\t\t\t\t\t\t\t\t\t\t\t\t\t\t\t\t<\/ul>\n\t<\/div>\n\t<div class=\"fusion-date-and-formats\"><div class=\"fusion-date-box updated\"><span class=\"fusion-date\">noviembre<\/span><span class=\"fusion-month-year\">8:53 am<\/span><\/div><div class=\"fusion-format-box\"><i class=\"awb-icon-pen\" aria-hidden=\"true\"><\/i><\/div><\/div><div class=\"fusion-post-content post-content\"><h2 class=\"blog-shortcode-post-title entry-title\"><a href=\"https:\/\/ramse.es\/wordpress\/el-dr-carlos-infantes-recibe-el-premio-alfonso-x-el-sabio-2025-por-su-trayectoria-en-cardiologia\/\">El Dr. Carlos Infantes recibe el Premio Alfonso X el Sabio 2025 por su trayectoria en cardiolog\u00eda<\/a><\/h2><p class=\"fusion-single-line-meta\">Por <span class=\"vcard\"><span class=\"fn\"><a href=\"https:\/\/ramse.es\/wordpress\/author\/prensa\/\" title=\"Entradas de Mar\u00eda\" rel=\"author\">Mar\u00eda<\/a><\/span><\/span><span class=\"fusion-inline-sep\">|<\/span><span class=\"updated\" style=\"display:none;\">2025-11-21T08:54:39+02:00<\/span><span>noviembre 21st, 2025<\/span><span class=\"fusion-inline-sep\">|<\/span>Categor\u00edas: <a href=\"https:\/\/ramse.es\/wordpress\/category\/premios-y-reconocimientos\/\" rel=\"category tag\">Premios y reconocimientos<\/a><span class=\"fusion-inline-sep\">|<\/span><span class=\"meta-tags\">Etiquetas: <a href=\"https:\/\/ramse.es\/wordpress\/tag\/dr-carlos-infantes\/\" rel=\"tag\">Dr. Carlos Infantes<\/a>, <a href=\"https:\/\/ramse.es\/wordpress\/tag\/premio-alfonso-x-el-sabio-2025\/\" rel=\"tag\">Premio Alfonso X el Sabio 2025<\/a><\/span><span class=\"fusion-inline-sep\">|<\/span><\/p><div class=\"fusion-post-content-container\"><p>El Dr. Carlos A. Infantes Alc\u00f3n, presidente de la Real Academia de Medicina y Cirug\u00eda de Sevilla (RAMSE), ha recibido el Premio Alfonso X el Sabio 2025, un reconocimiento a su brillante trayectoria en Cardiolog\u00eda y a su compromiso con una medicina profundamente humanista. Durante el acto, celebrado a las 19:30 h. en el Real Alc\u00e1zar de Sevilla, el Dr. Infantes Alc\u00f3n ha agradecido el galard\u00f3n, que ha definido como <a href=\"https:\/\/ramse.es\/wordpress\/el-dr-carlos-infantes-recibe-el-premio-alfonso-x-el-sabio-2025-por-su-trayectoria-en-cardiologia\/\">[...]<\/a><\/p><\/div><\/div><div class=\"fusion-clearfix\"><\/div><div class=\"fusion-meta-info\"><div class=\"fusion-alignright\"><a class=\"fusion-read-more\" href=\"https:\/\/ramse.es\/wordpress\/el-dr-carlos-infantes-recibe-el-premio-alfonso-x-el-sabio-2025-por-su-trayectoria-en-cardiologia\/\" aria-label=\"More on El Dr. Carlos Infantes recibe el Premio Alfonso X el Sabio 2025 por su trayectoria en cardiolog\u00eda\">Leer M\u00e1s<\/a><\/div><\/div><\/article>\n<article id=\"blog-1-post-5483\" class=\"fusion-post-large-alternate post-5483 post type-post status-publish format-standard has-post-thumbnail hentry category-actos-academicos category-mesa-redonda\">\n\t<style type=\"text\/css\">\n\t\t\n\t\t\n\t\t\n\t\t\n\t\t\t<\/style>\n\n\n\t\t\t<div class=\"fusion-flexslider flexslider fusion-flexslider-loading fusion-post-slideshow\" style=\"\">\n\t\t<ul class=\"slides\">\n\t\t\t\n\t\t\t\t\t\t\t\t\t\t\t\t\t\t<li><div  class=\"fusion-image-wrapper\" aria-haspopup=\"true\">\n\t\t\t\t<img decoding=\"async\" width=\"1886\" height=\"1524\" src=\"https:\/\/ramse.es\/wordpress\/wp-content\/uploads\/2025\/11\/RAMSE-La-aplicacion-de-la-IA-en-Medicina.jpg\" class=\"attachment-full size-full wp-post-image\" alt=\"\" srcset=\"https:\/\/ramse.es\/wordpress\/wp-content\/uploads\/2025\/11\/RAMSE-La-aplicacion-de-la-IA-en-Medicina-200x162.jpg 200w, https:\/\/ramse.es\/wordpress\/wp-content\/uploads\/2025\/11\/RAMSE-La-aplicacion-de-la-IA-en-Medicina-400x323.jpg 400w, https:\/\/ramse.es\/wordpress\/wp-content\/uploads\/2025\/11\/RAMSE-La-aplicacion-de-la-IA-en-Medicina-600x485.jpg 600w, https:\/\/ramse.es\/wordpress\/wp-content\/uploads\/2025\/11\/RAMSE-La-aplicacion-de-la-IA-en-Medicina-800x646.jpg 800w, https:\/\/ramse.es\/wordpress\/wp-content\/uploads\/2025\/11\/RAMSE-La-aplicacion-de-la-IA-en-Medicina-1200x970.jpg 1200w, https:\/\/ramse.es\/wordpress\/wp-content\/uploads\/2025\/11\/RAMSE-La-aplicacion-de-la-IA-en-Medicina.jpg 1886w\" sizes=\"(max-width: 1000px) 100vw, 800px\" \/><div class=\"fusion-rollover\">\n\t<div class=\"fusion-rollover-content\">\n\n\t\t\t\t\t\t\t\t\t\t\t\t\t\t<a class=\"fusion-rollover-link\" href=\"https:\/\/ramse.es\/wordpress\/la-ramse-organiza-el-foro-academico-la-aplicacion-de-la-inteligencia-artificial-en-medicina-posibilidades-y-riesgos\/\">La RAMSE organiza el foro acad\u00e9mico \u201cLa aplicaci\u00f3n de la Inteligencia Artificial en Medicina. Posibilidades y riesgos\u201d<\/a>\n\t\t\t\n\t\t\t\t\t\t\t\t\t\t\t\t\t\t\n\t\t\t\t\t\t\t\t\n\t\t\t\t\t\t\t\t\t\t\t\t\t<div class=\"fusion-rollover-sep\"><\/div>\n\t\t\t\t\n\t\t\t\t\t\t\t\t\t\t\t\t\t\t\t\t\t\t<a class=\"fusion-rollover-gallery\" href=\"https:\/\/ramse.es\/wordpress\/wp-content\/uploads\/2025\/11\/RAMSE-La-aplicacion-de-la-IA-en-Medicina.jpg\" data-id=\"5483\" data-rel=\"iLightbox[gallery]\" data-title=\"RAMSE La aplicacio\u0301n de la IA en Medicina\" data-caption=\"Alumnos Facultad de Medicina US\">\n\t\t\t\t\t\tGaler\u00eda\t\t\t\t\t<\/a>\n\t\t\t\t\t\t\t\t\t\t\t\t\t\t\n\t\t\n\t\t\t\t\t\t\t\t\n\t\t\t\t\t\t\t\t\n\t\t\n\t\t\t\t\t\t<a class=\"fusion-link-wrapper\" href=\"https:\/\/ramse.es\/wordpress\/la-ramse-organiza-el-foro-academico-la-aplicacion-de-la-inteligencia-artificial-en-medicina-posibilidades-y-riesgos\/\" aria-label=\"La RAMSE organiza el foro acad\u00e9mico \u201cLa aplicaci\u00f3n de la Inteligencia Artificial en Medicina. Posibilidades y riesgos\u201d\"><\/a>\n\t<\/div>\n<\/div>\n<\/div>\n<\/li>\n\t\t\t\n\t\t\t\n\t\t\t\t\t\t\t\t\t\t\t\t\t\t\t\t\t\t\t\t\t\t\t\t\t\t\t\t\t\t\t\t\t\t\t\t\t\t\t\t\t\t\t\t\t\t\t\t\t\t\t\t\t\t\t\t\t\t\t\t\t\t\t\t\t\t\t\t<\/ul>\n\t<\/div>\n\t<div class=\"fusion-date-and-formats\"><div class=\"fusion-date-box updated\"><span class=\"fusion-date\">noviembre<\/span><span class=\"fusion-month-year\">11:43 am<\/span><\/div><div class=\"fusion-format-box\"><i class=\"awb-icon-pen\" aria-hidden=\"true\"><\/i><\/div><\/div><div class=\"fusion-post-content post-content\"><h2 class=\"blog-shortcode-post-title entry-title\"><a href=\"https:\/\/ramse.es\/wordpress\/la-ramse-organiza-el-foro-academico-la-aplicacion-de-la-inteligencia-artificial-en-medicina-posibilidades-y-riesgos\/\">La RAMSE organiza el foro acad\u00e9mico \u201cLa aplicaci\u00f3n de la Inteligencia Artificial en Medicina. Posibilidades y riesgos\u201d<\/a><\/h2><p class=\"fusion-single-line-meta\">Por <span class=\"vcard\"><span class=\"fn\"><a href=\"https:\/\/ramse.es\/wordpress\/author\/prensa\/\" title=\"Entradas de Mar\u00eda\" rel=\"author\">Mar\u00eda<\/a><\/span><\/span><span class=\"fusion-inline-sep\">|<\/span><span class=\"updated\" style=\"display:none;\">2025-11-20T08:49:25+02:00<\/span><span>noviembre 19th, 2025<\/span><span class=\"fusion-inline-sep\">|<\/span>Categor\u00edas: <a href=\"https:\/\/ramse.es\/wordpress\/category\/actos-academicos\/\" rel=\"category tag\">Actos Acad\u00e9micos<\/a>, <a href=\"https:\/\/ramse.es\/wordpress\/category\/mesa-redonda\/\" rel=\"category tag\">Mesa redonda<\/a><span class=\"fusion-inline-sep\">|<\/span><\/p><div class=\"fusion-post-content-container\"><p>La Real Academia de Medicina y Cirug\u00eda de Sevilla (RAMSE) organiz\u00f3 ayer el foro acad\u00e9mico titulado \u2018La aplicaci\u00f3n de la Inteligencia Artificial en Medicina. Posibilidades y riesgos\u2019. El acto, presidido por el Dr. D. Juan Sabat\u00e9 D\u00edaz, Acad\u00e9mico de N\u00famero de la RAMSE, fue presentado y moderado por D. Jos\u00e9 Mar\u00eda Rubio Rubio, Acad\u00e9mico de N\u00famero la Corporaci\u00f3n. El objetivo fue pulsar la opini\u00f3n de especialistas y acad\u00e9micos sobre las <a href=\"https:\/\/ramse.es\/wordpress\/la-ramse-organiza-el-foro-academico-la-aplicacion-de-la-inteligencia-artificial-en-medicina-posibilidades-y-riesgos\/\">[...]<\/a><\/p><\/div><\/div><div class=\"fusion-clearfix\"><\/div><div class=\"fusion-meta-info\"><div class=\"fusion-alignright\"><a class=\"fusion-read-more\" href=\"https:\/\/ramse.es\/wordpress\/la-ramse-organiza-el-foro-academico-la-aplicacion-de-la-inteligencia-artificial-en-medicina-posibilidades-y-riesgos\/\" aria-label=\"More on La RAMSE organiza el foro acad\u00e9mico \u201cLa aplicaci\u00f3n de la Inteligencia Artificial en Medicina. Posibilidades y riesgos\u201d\">Leer M\u00e1s<\/a><\/div><\/div><\/article>\n<article id=\"blog-1-post-5491\" class=\"fusion-post-large-alternate post-5491 post type-post status-publish format-standard has-post-thumbnail hentry category-mesa-redonda\">\n\t<style type=\"text\/css\">\n\t\t\n\t\t\n\t\t\n\t\t\n\t\t\t<\/style>\n\n\n\t\t\t<div class=\"fusion-flexslider flexslider fusion-flexslider-loading fusion-post-slideshow\" style=\"\">\n\t\t<ul class=\"slides\">\n\t\t\t\n\t\t\t\t\t\t\t\t\t\t\t\t\t\t<li><div  class=\"fusion-image-wrapper\" aria-haspopup=\"true\">\n\t\t\t\t<img decoding=\"async\" width=\"2362\" height=\"1772\" src=\"https:\/\/ramse.es\/wordpress\/wp-content\/uploads\/2025\/11\/25110236.jpg\" class=\"attachment-full size-full wp-post-image\" alt=\"\" srcset=\"https:\/\/ramse.es\/wordpress\/wp-content\/uploads\/2025\/11\/25110236-200x150.jpg 200w, https:\/\/ramse.es\/wordpress\/wp-content\/uploads\/2025\/11\/25110236-400x300.jpg 400w, https:\/\/ramse.es\/wordpress\/wp-content\/uploads\/2025\/11\/25110236-600x450.jpg 600w, https:\/\/ramse.es\/wordpress\/wp-content\/uploads\/2025\/11\/25110236-800x600.jpg 800w, https:\/\/ramse.es\/wordpress\/wp-content\/uploads\/2025\/11\/25110236-1200x900.jpg 1200w, https:\/\/ramse.es\/wordpress\/wp-content\/uploads\/2025\/11\/25110236.jpg 2362w\" sizes=\"(max-width: 1000px) 100vw, 800px\" \/><div class=\"fusion-rollover\">\n\t<div class=\"fusion-rollover-content\">\n\n\t\t\t\t\t\t\t\t\t\t\t\t\t\t<a class=\"fusion-rollover-link\" href=\"https:\/\/ramse.es\/wordpress\/la-ramse-analiza-los-avances-en-la-atencion-de-la-neurofibromatosis-tipo-1\/\">La RAMSE analiza los avances en la atenci\u00f3n de la neurofibromatosis tipo 1<\/a>\n\t\t\t\n\t\t\t\t\t\t\t\t\t\t\t\t\t\t\n\t\t\t\t\t\t\t\t\n\t\t\t\t\t\t\t\t\t\t\t\t\t<div class=\"fusion-rollover-sep\"><\/div>\n\t\t\t\t\n\t\t\t\t\t\t\t\t\t\t\t\t\t\t\t\t\t\t<a class=\"fusion-rollover-gallery\" href=\"https:\/\/ramse.es\/wordpress\/wp-content\/uploads\/2025\/11\/25110236.jpg\" data-id=\"5491\" data-rel=\"iLightbox[gallery]\" data-title=\"25110236\" data-caption=\"\">\n\t\t\t\t\t\tGaler\u00eda\t\t\t\t\t<\/a>\n\t\t\t\t\t\t\t\t\t\t\t\t\t\t\n\t\t\n\t\t\t\t\t\t\t\t\n\t\t\t\t\t\t\t\t\n\t\t\n\t\t\t\t\t\t<a class=\"fusion-link-wrapper\" href=\"https:\/\/ramse.es\/wordpress\/la-ramse-analiza-los-avances-en-la-atencion-de-la-neurofibromatosis-tipo-1\/\" aria-label=\"La RAMSE analiza los avances en la atenci\u00f3n de la neurofibromatosis tipo 1\"><\/a>\n\t<\/div>\n<\/div>\n<\/div>\n<\/li>\n\t\t\t\n\t\t\t\n\t\t\t\t\t\t\t\t\t\t\t\t\t\t\t\t\t\t\t\t\t\t\t\t\t\t\t\t\t\t\t\t\t\t\t\t\t\t\t\t\t\t\t\t\t\t\t\t\t\t\t\t\t\t\t\t\t\t\t\t\t\t\t\t\t\t\t\t<\/ul>\n\t<\/div>\n\t<div class=\"fusion-date-and-formats\"><div class=\"fusion-date-box updated\"><span class=\"fusion-date\">noviembre<\/span><span class=\"fusion-month-year\">8:50 am<\/span><\/div><div class=\"fusion-format-box\"><i class=\"awb-icon-pen\" aria-hidden=\"true\"><\/i><\/div><\/div><div class=\"fusion-post-content post-content\"><h2 class=\"blog-shortcode-post-title entry-title\"><a href=\"https:\/\/ramse.es\/wordpress\/la-ramse-analiza-los-avances-en-la-atencion-de-la-neurofibromatosis-tipo-1\/\">La RAMSE analiza los avances en la atenci\u00f3n de la neurofibromatosis tipo 1<\/a><\/h2><p class=\"fusion-single-line-meta\">Por <span class=\"vcard\"><span class=\"fn\"><a href=\"https:\/\/ramse.es\/wordpress\/author\/prensa\/\" title=\"Entradas de Mar\u00eda\" rel=\"author\">Mar\u00eda<\/a><\/span><\/span><span class=\"fusion-inline-sep\">|<\/span><span class=\"updated\" style=\"display:none;\">2025-11-20T12:23:40+02:00<\/span><span>noviembre 14th, 2025<\/span><span class=\"fusion-inline-sep\">|<\/span>Categor\u00edas: <a href=\"https:\/\/ramse.es\/wordpress\/category\/mesa-redonda\/\" rel=\"category tag\">Mesa redonda<\/a><span class=\"fusion-inline-sep\">|<\/span><\/p><div class=\"fusion-post-content-container\"><p>La Real Academia de Medicina y Cirug\u00eda de Sevilla (RAMSE) ha celebrado la jornada \u201cActualizaciones en Patolog\u00edas Neurocut\u00e1neas Raras. Diagn\u00f3stico y Acci\u00f3n: El Futuro de la NF1\u201d, que ha reunido a especialistas en Neuropediatr\u00eda, Oncopediatr\u00eda, Cirug\u00eda Maxilofacial y Medicina Interna. El encuentro ha reunido a destacados especialistas que han compartido sus conocimientos cl\u00ednicos y experiencias en el manejo integral de la NF1: Dr. Antonio Gonz\u00e1lez-Meneses L\u00f3pez, neuropediatra y Acad\u00e9mico Correspondiente <a href=\"https:\/\/ramse.es\/wordpress\/la-ramse-analiza-los-avances-en-la-atencion-de-la-neurofibromatosis-tipo-1\/\">[...]<\/a><\/p><\/div><\/div><div class=\"fusion-clearfix\"><\/div><div class=\"fusion-meta-info\"><div class=\"fusion-alignright\"><a class=\"fusion-read-more\" href=\"https:\/\/ramse.es\/wordpress\/la-ramse-analiza-los-avances-en-la-atencion-de-la-neurofibromatosis-tipo-1\/\" aria-label=\"More on La RAMSE analiza los avances en la atenci\u00f3n de la neurofibromatosis tipo 1\">Leer M\u00e1s<\/a><\/div><\/div><\/article>\n<article id=\"blog-1-post-5477\" class=\"fusion-post-large-alternate post-5477 post type-post status-publish format-standard has-post-thumbnail hentry category-catedra-de-obesidad-y-enfermedades-metabolicas-asociadas-ema category-fundacion-ramse tag-catedra-de-obesidad-y-enfermedades-metabolicas-asociadas-ema\">\n\t<style type=\"text\/css\">\n\t\t\n\t\t\n\t\t\n\t\t\n\t\t\t<\/style>\n\n\n\t\t\t<div class=\"fusion-flexslider flexslider fusion-flexslider-loading fusion-post-slideshow\" style=\"\">\n\t\t<ul class=\"slides\">\n\t\t\t\n\t\t\t\t\t\t\t\t\t\t\t\t\t\t<li><div  class=\"fusion-image-wrapper\" aria-haspopup=\"true\">\n\t\t\t\t<img decoding=\"async\" width=\"1620\" height=\"1080\" src=\"https:\/\/ramse.es\/wordpress\/wp-content\/uploads\/2025\/11\/DSC_0318.jpg\" class=\"attachment-full size-full wp-post-image\" alt=\"\" srcset=\"https:\/\/ramse.es\/wordpress\/wp-content\/uploads\/2025\/11\/DSC_0318-200x133.jpg 200w, https:\/\/ramse.es\/wordpress\/wp-content\/uploads\/2025\/11\/DSC_0318-400x267.jpg 400w, https:\/\/ramse.es\/wordpress\/wp-content\/uploads\/2025\/11\/DSC_0318-600x400.jpg 600w, https:\/\/ramse.es\/wordpress\/wp-content\/uploads\/2025\/11\/DSC_0318-800x533.jpg 800w, https:\/\/ramse.es\/wordpress\/wp-content\/uploads\/2025\/11\/DSC_0318-1200x800.jpg 1200w, https:\/\/ramse.es\/wordpress\/wp-content\/uploads\/2025\/11\/DSC_0318.jpg 1620w\" sizes=\"(max-width: 1000px) 100vw, 800px\" \/><div class=\"fusion-rollover\">\n\t<div class=\"fusion-rollover-content\">\n\n\t\t\t\t\t\t\t\t\t\t\t\t\t\t<a class=\"fusion-rollover-link\" href=\"https:\/\/ramse.es\/wordpress\/primera-sesion-de-la-catedra-de-obesidad-y-enfermedades-metabolicas-asociadas\/\">Primera sesi\u00f3n de la C\u00e1tedra de Obesidad y Enfermedades Metab\u00f3licas Asociadas<\/a>\n\t\t\t\n\t\t\t\t\t\t\t\t\t\t\t\t\t\t\n\t\t\t\t\t\t\t\t\n\t\t\t\t\t\t\t\t\t\t\t\t\t<div class=\"fusion-rollover-sep\"><\/div>\n\t\t\t\t\n\t\t\t\t\t\t\t\t\t\t\t\t\t\t\t\t\t\t<a class=\"fusion-rollover-gallery\" href=\"https:\/\/ramse.es\/wordpress\/wp-content\/uploads\/2025\/11\/DSC_0318.jpg\" data-id=\"5477\" data-rel=\"iLightbox[gallery]\" data-title=\"C\u00e1tedra de Obesidad y Enfermedades Metab\u00f3licas Asociadas (EMA)\" data-caption=\"\">\n\t\t\t\t\t\tGaler\u00eda\t\t\t\t\t<\/a>\n\t\t\t\t\t\t\t\t\t\t\t\t\t\t\n\t\t\n\t\t\t\t\t\t\t\t\n\t\t\t\t\t\t\t\t\n\t\t\n\t\t\t\t\t\t<a class=\"fusion-link-wrapper\" href=\"https:\/\/ramse.es\/wordpress\/primera-sesion-de-la-catedra-de-obesidad-y-enfermedades-metabolicas-asociadas\/\" aria-label=\"Primera sesi\u00f3n de la C\u00e1tedra de Obesidad y Enfermedades Metab\u00f3licas Asociadas\"><\/a>\n\t<\/div>\n<\/div>\n<\/div>\n<\/li>\n\t\t\t\n\t\t\t\n\t\t\t\t\t\t\t\t\t\t\t\t\t\t\t\t\t\t\t\t\t\t\t\t\t\t\t\t\t\t\t\t\t\t\t\t\t\t\t\t\t\t\t\t\t\t\t\t\t\t\t\t\t\t\t\t\t\t\t\t\t\t\t\t\t\t\t\t<\/ul>\n\t<\/div>\n\t<div class=\"fusion-date-and-formats\"><div class=\"fusion-date-box updated\"><span class=\"fusion-date\">noviembre<\/span><span class=\"fusion-month-year\">10:56 pm<\/span><\/div><div class=\"fusion-format-box\"><i class=\"awb-icon-pen\" aria-hidden=\"true\"><\/i><\/div><\/div><div class=\"fusion-post-content post-content\"><h2 class=\"blog-shortcode-post-title entry-title\"><a href=\"https:\/\/ramse.es\/wordpress\/primera-sesion-de-la-catedra-de-obesidad-y-enfermedades-metabolicas-asociadas\/\">Primera sesi\u00f3n de la C\u00e1tedra de Obesidad y Enfermedades Metab\u00f3licas Asociadas<\/a><\/h2><p class=\"fusion-single-line-meta\">Por <span class=\"vcard\"><span class=\"fn\"><a href=\"https:\/\/ramse.es\/wordpress\/author\/prensa\/\" title=\"Entradas de Mar\u00eda\" rel=\"author\">Mar\u00eda<\/a><\/span><\/span><span class=\"fusion-inline-sep\">|<\/span><span class=\"updated\" style=\"display:none;\">2025-11-04T23:03:16+02:00<\/span><span>noviembre 4th, 2025<\/span><span class=\"fusion-inline-sep\">|<\/span>Categor\u00edas: <a href=\"https:\/\/ramse.es\/wordpress\/category\/catedra-de-obesidad-y-enfermedades-metabolicas-asociadas-ema\/\" rel=\"category tag\">C\u00e1tedra de Obesidad y Enfermedades Metab\u00f3licas Asociadas (EMA)<\/a>, <a href=\"https:\/\/ramse.es\/wordpress\/category\/fundacion-ramse\/\" rel=\"category tag\">Fundaci\u00f3n RAMSE<\/a><span class=\"fusion-inline-sep\">|<\/span><span class=\"meta-tags\">Etiquetas: <a href=\"https:\/\/ramse.es\/wordpress\/tag\/catedra-de-obesidad-y-enfermedades-metabolicas-asociadas-ema\/\" rel=\"tag\">C\u00e1tedra de Obesidad y Enfermedades Metab\u00f3licas Asociadas (EMA)<\/a><\/span><span class=\"fusion-inline-sep\">|<\/span><\/p><div class=\"fusion-post-content-container\"><p>La Fundaci\u00f3n Real Academia de Medicina y Cirug\u00eda de Sevilla (RAMSE) ha celebrado la primera sesi\u00f3n acad\u00e9mica de la recientemente creada C\u00e1tedra de Obesidad y Enfermedades Metab\u00f3licas Asociadas (EMA), dirigida por el Prof. Dr.\u00a0 Eduardo Dom\u00ednguez-Adame Lanuza. Bajo el t\u00edtulo \u201cImpacto Social y Sanitario de la Obesidad y las Enfermedades Metab\u00f3licas Asociadas\u201d, esta sesi\u00f3n inaugural ha reunido a destacados expertos para analizar una de las problem\u00e1ticas de salud p\u00fablica m\u00e1s <a href=\"https:\/\/ramse.es\/wordpress\/primera-sesion-de-la-catedra-de-obesidad-y-enfermedades-metabolicas-asociadas\/\">[...]<\/a><\/p><\/div><\/div><div class=\"fusion-clearfix\"><\/div><div class=\"fusion-meta-info\"><div class=\"fusion-alignright\"><a class=\"fusion-read-more\" href=\"https:\/\/ramse.es\/wordpress\/primera-sesion-de-la-catedra-de-obesidad-y-enfermedades-metabolicas-asociadas\/\" aria-label=\"More on Primera sesi\u00f3n de la C\u00e1tedra de Obesidad y Enfermedades Metab\u00f3licas Asociadas\">Leer M\u00e1s<\/a><\/div><\/div><\/article>\n<article id=\"blog-1-post-5469\" class=\"fusion-post-large-alternate post-5469 post type-post status-publish format-standard has-post-thumbnail hentry category-noticias-ramse tag-canal-whatsapp\">\n\t<style type=\"text\/css\">\n\t\t\n\t\t\n\t\t\n\t\t\n\t\t\t<\/style>\n\n\n\t\t\t<div class=\"fusion-flexslider flexslider fusion-flexslider-loading fusion-post-slideshow\" style=\"\">\n\t\t<ul class=\"slides\">\n\t\t\t\n\t\t\t\t\t\t\t\t\t\t\t\t\t\t<li><div  class=\"fusion-image-wrapper\" aria-haspopup=\"true\">\n\t\t\t\t<img decoding=\"async\" width=\"651\" height=\"421\" src=\"https:\/\/ramse.es\/wordpress\/wp-content\/uploads\/2025\/11\/Whatsapp-RAMSE.png\" class=\"attachment-full size-full wp-post-image\" alt=\"\" srcset=\"https:\/\/ramse.es\/wordpress\/wp-content\/uploads\/2025\/11\/Whatsapp-RAMSE-200x129.png 200w, https:\/\/ramse.es\/wordpress\/wp-content\/uploads\/2025\/11\/Whatsapp-RAMSE-400x259.png 400w, https:\/\/ramse.es\/wordpress\/wp-content\/uploads\/2025\/11\/Whatsapp-RAMSE-600x388.png 600w, https:\/\/ramse.es\/wordpress\/wp-content\/uploads\/2025\/11\/Whatsapp-RAMSE.png 651w\" sizes=\"(max-width: 1000px) 100vw, 651px\" \/><div class=\"fusion-rollover\">\n\t<div class=\"fusion-rollover-content\">\n\n\t\t\t\t\t\t\t\t\t\t\t\t\t\t<a class=\"fusion-rollover-link\" href=\"https:\/\/ramse.es\/wordpress\/la-real-academia-de-medicina-y-cirugia-de-sevilla-estrena-su-canal-oficial-de-whatsapp\/\">La Real Academia de Medicina y Cirug\u00eda de Sevilla estrena su canal oficial de WhatsApp<\/a>\n\t\t\t\n\t\t\t\t\t\t\t\t\t\t\t\t\t\t\n\t\t\t\t\t\t\t\t\n\t\t\t\t\t\t\t\t\t\t\t\t\t<div class=\"fusion-rollover-sep\"><\/div>\n\t\t\t\t\n\t\t\t\t\t\t\t\t\t\t\t\t\t\t\t\t\t\t<a class=\"fusion-rollover-gallery\" href=\"https:\/\/ramse.es\/wordpress\/wp-content\/uploads\/2025\/11\/Whatsapp-RAMSE.png\" data-id=\"5469\" data-rel=\"iLightbox[gallery]\" data-title=\"Whatsapp RAMSE\" data-caption=\"\">\n\t\t\t\t\t\tGaler\u00eda\t\t\t\t\t<\/a>\n\t\t\t\t\t\t\t\t\t\t\t\t\t\t\n\t\t\n\t\t\t\t\t\t\t\t\n\t\t\t\t\t\t\t\t\n\t\t\n\t\t\t\t\t\t<a class=\"fusion-link-wrapper\" href=\"https:\/\/ramse.es\/wordpress\/la-real-academia-de-medicina-y-cirugia-de-sevilla-estrena-su-canal-oficial-de-whatsapp\/\" aria-label=\"La Real Academia de Medicina y Cirug\u00eda de Sevilla estrena su canal oficial de WhatsApp\"><\/a>\n\t<\/div>\n<\/div>\n<\/div>\n<\/li>\n\t\t\t\n\t\t\t\n\t\t\t\t\t\t\t\t\t\t\t\t\t\t\t\t\t\t\t\t\t\t\t\t\t\t\t\t\t\t\t\t\t\t\t\t\t\t\t\t\t\t\t\t\t\t\t\t\t\t\t\t\t\t\t\t\t\t\t\t\t\t\t\t\t\t\t\t<\/ul>\n\t<\/div>\n\t<div class=\"fusion-date-and-formats\"><div class=\"fusion-date-box updated\"><span class=\"fusion-date\">noviembre<\/span><span class=\"fusion-month-year\">12:32 pm<\/span><\/div><div class=\"fusion-format-box\"><i class=\"awb-icon-pen\" aria-hidden=\"true\"><\/i><\/div><\/div><div class=\"fusion-post-content post-content\"><h2 class=\"blog-shortcode-post-title entry-title\"><a href=\"https:\/\/ramse.es\/wordpress\/la-real-academia-de-medicina-y-cirugia-de-sevilla-estrena-su-canal-oficial-de-whatsapp\/\">La Real Academia de Medicina y Cirug\u00eda de Sevilla estrena su canal oficial de WhatsApp<\/a><\/h2><p class=\"fusion-single-line-meta\">Por <span class=\"vcard\"><span class=\"fn\"><a href=\"https:\/\/ramse.es\/wordpress\/author\/prensa\/\" title=\"Entradas de Mar\u00eda\" rel=\"author\">Mar\u00eda<\/a><\/span><\/span><span class=\"fusion-inline-sep\">|<\/span><span class=\"updated\" style=\"display:none;\">2025-11-02T12:38:12+02:00<\/span><span>noviembre 2nd, 2025<\/span><span class=\"fusion-inline-sep\">|<\/span>Categor\u00edas: <a href=\"https:\/\/ramse.es\/wordpress\/category\/noticias-ramse\/\" rel=\"category tag\">Noticias RAMSE<\/a><span class=\"fusion-inline-sep\">|<\/span><span class=\"meta-tags\">Etiquetas: <a href=\"https:\/\/ramse.es\/wordpress\/tag\/canal-whatsapp\/\" rel=\"tag\">Canal Whatsapp<\/a><\/span><span class=\"fusion-inline-sep\">|<\/span><\/p><div class=\"fusion-post-content-container\"><p>La Real Academia de Medicina y Cirug\u00eda de Sevilla ha puesto en marcha un nuevo canal oficial de WhatsApp, con el objetivo de facilitar la comunicaci\u00f3n y mantener informados tanto a los acad\u00e9micos como a todas las personas interesadas en las actividades de la instituci\u00f3n. A trav\u00e9s de este canal se anunciar\u00e1n los actos acad\u00e9micos, se facilitar\u00e1 el enlace a los v\u00eddeos de las sesiones celebradas en la Academia y <a href=\"https:\/\/ramse.es\/wordpress\/la-real-academia-de-medicina-y-cirugia-de-sevilla-estrena-su-canal-oficial-de-whatsapp\/\">[...]<\/a><\/p><\/div><\/div><div class=\"fusion-clearfix\"><\/div><div class=\"fusion-meta-info\"><div class=\"fusion-alignright\"><a class=\"fusion-read-more\" href=\"https:\/\/ramse.es\/wordpress\/la-real-academia-de-medicina-y-cirugia-de-sevilla-estrena-su-canal-oficial-de-whatsapp\/\" aria-label=\"More on La Real Academia de Medicina y Cirug\u00eda de Sevilla estrena su canal oficial de WhatsApp\">Leer M\u00e1s<\/a><\/div><\/div><\/article>\n<article id=\"blog-1-post-5441\" class=\"fusion-post-large-alternate post-5441 post type-post status-publish format-standard has-post-thumbnail hentry category-catedra-de-cooperacion tag-evolucion-del-fenomeno-migratorio tag-la-catedra-de-cooperacion-internacional\">\n\t<style type=\"text\/css\">\n\t\t\n\t\t\n\t\t\n\t\t\n\t\t\t<\/style>\n\n\n\t\t\t<div class=\"fusion-flexslider flexslider fusion-flexslider-loading fusion-post-slideshow\" style=\"\">\n\t\t<ul class=\"slides\">\n\t\t\t\n\t\t\t\t\t\t\t\t\t\t\t\t\t\t<li><div  class=\"fusion-image-wrapper\" aria-haspopup=\"true\">\n\t\t\t\t<img decoding=\"async\" width=\"2362\" height=\"1772\" src=\"https:\/\/ramse.es\/wordpress\/wp-content\/uploads\/2025\/05\/25050689.jpg\" class=\"attachment-full size-full wp-post-image\" alt=\"\" srcset=\"https:\/\/ramse.es\/wordpress\/wp-content\/uploads\/2025\/05\/25050689-200x150.jpg 200w, https:\/\/ramse.es\/wordpress\/wp-content\/uploads\/2025\/05\/25050689-400x300.jpg 400w, https:\/\/ramse.es\/wordpress\/wp-content\/uploads\/2025\/05\/25050689-600x450.jpg 600w, https:\/\/ramse.es\/wordpress\/wp-content\/uploads\/2025\/05\/25050689-800x600.jpg 800w, https:\/\/ramse.es\/wordpress\/wp-content\/uploads\/2025\/05\/25050689-1200x900.jpg 1200w, https:\/\/ramse.es\/wordpress\/wp-content\/uploads\/2025\/05\/25050689.jpg 2362w\" sizes=\"(max-width: 1000px) 100vw, 800px\" \/><div class=\"fusion-rollover\">\n\t<div class=\"fusion-rollover-content\">\n\n\t\t\t\t\t\t\t\t\t\t\t\t\t\t<a class=\"fusion-rollover-link\" href=\"https:\/\/ramse.es\/wordpress\/la-catedra-de-cooperacion-internacional-debate-sobre-la-evolucion-del-fenomeno-migratorio\/\">La C\u00e1tedra de Cooperaci\u00f3n Internacional debate sobre la evoluci\u00f3n del fen\u00f3meno migratorio<\/a>\n\t\t\t\n\t\t\t\t\t\t\t\t\t\t\t\t\t\t\n\t\t\t\t\t\t\t\t\n\t\t\t\t\t\t\t\t\t\t\t\t\t<div class=\"fusion-rollover-sep\"><\/div>\n\t\t\t\t\n\t\t\t\t\t\t\t\t\t\t\t\t\t\t\t\t\t\t<a class=\"fusion-rollover-gallery\" href=\"https:\/\/ramse.es\/wordpress\/wp-content\/uploads\/2025\/05\/25050689.jpg\" data-id=\"5441\" data-rel=\"iLightbox[gallery]\" data-title=\"25050689\" data-caption=\"\">\n\t\t\t\t\t\tGaler\u00eda\t\t\t\t\t<\/a>\n\t\t\t\t\t\t\t\t\t\t\t\t\t\t\n\t\t\n\t\t\t\t\t\t\t\t\n\t\t\t\t\t\t\t\t\n\t\t\n\t\t\t\t\t\t<a class=\"fusion-link-wrapper\" href=\"https:\/\/ramse.es\/wordpress\/la-catedra-de-cooperacion-internacional-debate-sobre-la-evolucion-del-fenomeno-migratorio\/\" aria-label=\"La C\u00e1tedra de Cooperaci\u00f3n Internacional debate sobre la evoluci\u00f3n del fen\u00f3meno migratorio\"><\/a>\n\t<\/div>\n<\/div>\n<\/div>\n<\/li>\n\t\t\t\n\t\t\t\n\t\t\t\t\t\t\t\t\t\t\t\t\t\t\t\t\t\t\t\t\t\t\t\t\t\t\t\t\t\t\t\t\t\t\t\t\t\t\t\t\t\t\t\t\t\t\t\t\t\t\t\t\t\t\t\t\t\t\t\t\t\t\t\t\t\t\t\t<\/ul>\n\t<\/div>\n\t<div class=\"fusion-date-and-formats\"><div class=\"fusion-date-box updated\"><span class=\"fusion-date\">mayo<\/span><span class=\"fusion-month-year\">2:13 pm<\/span><\/div><div class=\"fusion-format-box\"><i class=\"awb-icon-pen\" aria-hidden=\"true\"><\/i><\/div><\/div><div class=\"fusion-post-content post-content\"><h2 class=\"blog-shortcode-post-title entry-title\"><a href=\"https:\/\/ramse.es\/wordpress\/la-catedra-de-cooperacion-internacional-debate-sobre-la-evolucion-del-fenomeno-migratorio\/\">La C\u00e1tedra de Cooperaci\u00f3n Internacional debate sobre la evoluci\u00f3n del fen\u00f3meno migratorio<\/a><\/h2><p class=\"fusion-single-line-meta\">Por <span class=\"vcard\"><span class=\"fn\"><a href=\"https:\/\/ramse.es\/wordpress\/author\/prensa\/\" title=\"Entradas de Mar\u00eda\" rel=\"author\">Mar\u00eda<\/a><\/span><\/span><span class=\"fusion-inline-sep\">|<\/span><span class=\"updated\" style=\"display:none;\">2025-05-30T14:13:03+02:00<\/span><span>mayo 30th, 2025<\/span><span class=\"fusion-inline-sep\">|<\/span>Categor\u00edas: <a href=\"https:\/\/ramse.es\/wordpress\/category\/catedra-de-cooperacion\/\" rel=\"category tag\">Catedra de Cooperaci\u00f3n<\/a><span class=\"fusion-inline-sep\">|<\/span><span class=\"meta-tags\">Etiquetas: <a href=\"https:\/\/ramse.es\/wordpress\/tag\/evolucion-del-fenomeno-migratorio\/\" rel=\"tag\">evoluci\u00f3n del fen\u00f3meno migratorio<\/a>, <a href=\"https:\/\/ramse.es\/wordpress\/tag\/la-catedra-de-cooperacion-internacional\/\" rel=\"tag\">La C\u00e1tedra de Cooperaci\u00f3n Internacional<\/a><\/span><span class=\"fusion-inline-sep\">|<\/span><\/p><div class=\"fusion-post-content-container\"><p>La Fundaci\u00f3n Real Academia de Medicina y Cirug\u00eda de Sevilla (RAMSE) ha celebrado un acto organizado por la C\u00e1tedra de Cooperaci\u00f3n Internacional, que combin\u00f3 el \u00e1mbito art\u00edstico-patrimonial con la reflexi\u00f3n acad\u00e9mica en torno a un fen\u00f3meno de gran actualidad. El evento se inici\u00f3 con la presentaci\u00f3n de la restauraci\u00f3n de los cuadros de San Ignacio de Loyola y San Francisco Javier, una intervenci\u00f3n llevada a cabo por el restaurador D. <a href=\"https:\/\/ramse.es\/wordpress\/la-catedra-de-cooperacion-internacional-debate-sobre-la-evolucion-del-fenomeno-migratorio\/\">[...]<\/a><\/p><\/div><\/div><div class=\"fusion-clearfix\"><\/div><div class=\"fusion-meta-info\"><div class=\"fusion-alignright\"><a class=\"fusion-read-more\" href=\"https:\/\/ramse.es\/wordpress\/la-catedra-de-cooperacion-internacional-debate-sobre-la-evolucion-del-fenomeno-migratorio\/\" aria-label=\"More on La C\u00e1tedra de Cooperaci\u00f3n Internacional debate sobre la evoluci\u00f3n del fen\u00f3meno migratorio\">Leer M\u00e1s<\/a><\/div><\/div><\/article>\n<article id=\"blog-1-post-5414\" class=\"fusion-post-large-alternate post-5414 post type-post status-publish format-standard has-post-thumbnail hentry category-actos-academicos category-catedra-de-divulgacion category-catedra-oncologia tag-dr-julio-mayol tag-dr-salvador-morales-conde tag-inteligencia-artificial-en-oncologia\">\n\t<style type=\"text\/css\">\n\t\t\n\t\t\n\t\t\n\t\t\n\t\t\t<\/style>\n\n\n\t\t\t<div class=\"fusion-flexslider flexslider fusion-flexslider-loading fusion-post-slideshow\" style=\"\">\n\t\t<ul class=\"slides\">\n\t\t\t\n\t\t\t\t\t\t\t\t\t\t\t\t\t\t<li><div  class=\"fusion-image-wrapper\" aria-haspopup=\"true\">\n\t\t\t\t<img decoding=\"async\" width=\"2362\" height=\"1772\" src=\"https:\/\/ramse.es\/wordpress\/wp-content\/uploads\/2025\/05\/25050620.jpg\" class=\"attachment-full size-full wp-post-image\" alt=\"\" srcset=\"https:\/\/ramse.es\/wordpress\/wp-content\/uploads\/2025\/05\/25050620-200x150.jpg 200w, https:\/\/ramse.es\/wordpress\/wp-content\/uploads\/2025\/05\/25050620-400x300.jpg 400w, https:\/\/ramse.es\/wordpress\/wp-content\/uploads\/2025\/05\/25050620-600x450.jpg 600w, https:\/\/ramse.es\/wordpress\/wp-content\/uploads\/2025\/05\/25050620-800x600.jpg 800w, https:\/\/ramse.es\/wordpress\/wp-content\/uploads\/2025\/05\/25050620-1200x900.jpg 1200w, https:\/\/ramse.es\/wordpress\/wp-content\/uploads\/2025\/05\/25050620.jpg 2362w\" sizes=\"(max-width: 1000px) 100vw, 800px\" \/><div class=\"fusion-rollover\">\n\t<div class=\"fusion-rollover-content\">\n\n\t\t\t\t\t\t\t\t\t\t\t\t\t\t<a class=\"fusion-rollover-link\" href=\"https:\/\/ramse.es\/wordpress\/la-fundacion-real-academia-de-medicina-y-cirugia-de-sevilla-analiza-el-papel-clave-de-la-ia-en-oncologia\/\">La Fundaci\u00f3n RAMSE analiza el papel clave de la Inteligencia Artificial en Oncolog\u00eda<\/a>\n\t\t\t\n\t\t\t\t\t\t\t\t\t\t\t\t\t\t\n\t\t\t\t\t\t\t\t\n\t\t\t\t\t\t\t\t\t\t\t\t\t<div class=\"fusion-rollover-sep\"><\/div>\n\t\t\t\t\n\t\t\t\t\t\t\t\t\t\t\t\t\t\t\t\t\t\t<a class=\"fusion-rollover-gallery\" href=\"https:\/\/ramse.es\/wordpress\/wp-content\/uploads\/2025\/05\/25050620.jpg\" data-id=\"5414\" data-rel=\"iLightbox[gallery]\" data-title=\"25050620\" data-caption=\"\">\n\t\t\t\t\t\tGaler\u00eda\t\t\t\t\t<\/a>\n\t\t\t\t\t\t\t\t\t\t\t\t\t\t\n\t\t\n\t\t\t\t\t\t\t\t\n\t\t\t\t\t\t\t\t\n\t\t\n\t\t\t\t\t\t<a class=\"fusion-link-wrapper\" href=\"https:\/\/ramse.es\/wordpress\/la-fundacion-real-academia-de-medicina-y-cirugia-de-sevilla-analiza-el-papel-clave-de-la-ia-en-oncologia\/\" aria-label=\"La Fundaci\u00f3n RAMSE analiza el papel clave de la Inteligencia Artificial en Oncolog\u00eda\"><\/a>\n\t<\/div>\n<\/div>\n<\/div>\n<\/li>\n\t\t\t\n\t\t\t\n\t\t\t\t\t\t\t\t\t\t\t\t\t\t\t\t\t\t\t\t\t\t\t\t\t\t\t\t\t\t\t\t\t\t\t\t\t\t\t\t\t\t\t\t\t\t\t\t\t\t\t\t\t\t\t\t\t\t\t\t\t\t\t\t\t\t\t\t<\/ul>\n\t<\/div>\n\t<div class=\"fusion-date-and-formats\"><div class=\"fusion-date-box updated\"><span class=\"fusion-date\">mayo<\/span><span class=\"fusion-month-year\">5:34 pm<\/span><\/div><div class=\"fusion-format-box\"><i class=\"awb-icon-pen\" aria-hidden=\"true\"><\/i><\/div><\/div><div class=\"fusion-post-content post-content\"><h2 class=\"blog-shortcode-post-title entry-title\"><a href=\"https:\/\/ramse.es\/wordpress\/la-fundacion-real-academia-de-medicina-y-cirugia-de-sevilla-analiza-el-papel-clave-de-la-ia-en-oncologia\/\">La Fundaci\u00f3n RAMSE analiza el papel clave de la Inteligencia Artificial en Oncolog\u00eda<\/a><\/h2><p class=\"fusion-single-line-meta\">Por <span class=\"vcard\"><span class=\"fn\"><a href=\"https:\/\/ramse.es\/wordpress\/author\/prensa\/\" title=\"Entradas de Mar\u00eda\" rel=\"author\">Mar\u00eda<\/a><\/span><\/span><span class=\"fusion-inline-sep\">|<\/span><span class=\"updated\" style=\"display:none;\">2025-05-30T12:54:37+02:00<\/span><span>mayo 28th, 2025<\/span><span class=\"fusion-inline-sep\">|<\/span>Categor\u00edas: <a href=\"https:\/\/ramse.es\/wordpress\/category\/actos-academicos\/\" rel=\"category tag\">Actos Acad\u00e9micos<\/a>, <a href=\"https:\/\/ramse.es\/wordpress\/category\/catedra-de-divulgacion\/\" rel=\"category tag\">Catedra de Divulgaci\u00f3n<\/a>, <a href=\"https:\/\/ramse.es\/wordpress\/category\/catedra-oncologia\/\" rel=\"category tag\">C\u00e1tedra Oncolog\u00eda<\/a><span class=\"fusion-inline-sep\">|<\/span><span class=\"meta-tags\">Etiquetas: <a href=\"https:\/\/ramse.es\/wordpress\/tag\/dr-julio-mayol\/\" rel=\"tag\">Dr. Julio Mayol<\/a>, <a href=\"https:\/\/ramse.es\/wordpress\/tag\/dr-salvador-morales-conde\/\" rel=\"tag\">Dr. Salvador Morales Conde<\/a>, <a href=\"https:\/\/ramse.es\/wordpress\/tag\/inteligencia-artificial-en-oncologia\/\" rel=\"tag\">Inteligencia Artificial en Oncolog\u00eda<\/a><\/span><span class=\"fusion-inline-sep\">|<\/span><\/p><div class=\"fusion-post-content-container\"><p>La Fundaci\u00f3n Real Academia de Medicina y Cirug\u00eda de Sevilla (RAMSE) ha celebrado la sesi\u00f3n titulada \u201cInteligencia Artificial en Oncolog\u00eda\u201d, organizada por la C\u00e1tedra de Divulgaci\u00f3n Oncol\u00f3gica y moderada por el Dr. Juan Antonio Virizuela, director de dicha c\u00e1tedra. El Prof. D. Julio Mayol, Catedr\u00e1tico de Cirug\u00eda de la UCM, Delegado del Decano para Nuevas Tecnolog\u00edas. Director cient\u00edfico del IdISSC, subray\u00f3 que la inteligencia artificial generativa (IAG) se est\u00e1 consolidando <a href=\"https:\/\/ramse.es\/wordpress\/la-fundacion-real-academia-de-medicina-y-cirugia-de-sevilla-analiza-el-papel-clave-de-la-ia-en-oncologia\/\">[...]<\/a><\/p><\/div><\/div><div class=\"fusion-clearfix\"><\/div><div class=\"fusion-meta-info\"><div class=\"fusion-alignright\"><a class=\"fusion-read-more\" href=\"https:\/\/ramse.es\/wordpress\/la-fundacion-real-academia-de-medicina-y-cirugia-de-sevilla-analiza-el-papel-clave-de-la-ia-en-oncologia\/\" aria-label=\"More on La Fundaci\u00f3n RAMSE analiza el papel clave de la Inteligencia Artificial en Oncolog\u00eda\">Leer M\u00e1s<\/a><\/div><\/div><\/article>\n<article id=\"blog-1-post-5402\" class=\"fusion-post-large-alternate post-5402 post type-post status-publish format-standard has-post-thumbnail hentry category-academicos-correspondientes category-actos-academicos tag-francisco-marquez-maraver tag-jose-maria-lopez-puerta-gonzalez tag-pedro-bernaldez-dominguez\">\n\t<style type=\"text\/css\">\n\t\t\n\t\t\n\t\t\n\t\t\n\t\t\t<\/style>\n\n\n\t\t\t<div class=\"fusion-flexslider flexslider fusion-flexslider-loading fusion-post-slideshow\" style=\"\">\n\t\t<ul class=\"slides\">\n\t\t\t\n\t\t\t\t\t\t\t\t\t\t\t\t\t\t<li><div  class=\"fusion-image-wrapper\" aria-haspopup=\"true\">\n\t\t\t\t<img decoding=\"async\" width=\"2362\" height=\"1772\" src=\"https:\/\/ramse.es\/wordpress\/wp-content\/uploads\/2025\/05\/25050365.jpg\" class=\"attachment-full size-full wp-post-image\" alt=\"\" srcset=\"https:\/\/ramse.es\/wordpress\/wp-content\/uploads\/2025\/05\/25050365-200x150.jpg 200w, https:\/\/ramse.es\/wordpress\/wp-content\/uploads\/2025\/05\/25050365-400x300.jpg 400w, https:\/\/ramse.es\/wordpress\/wp-content\/uploads\/2025\/05\/25050365-600x450.jpg 600w, https:\/\/ramse.es\/wordpress\/wp-content\/uploads\/2025\/05\/25050365-800x600.jpg 800w, https:\/\/ramse.es\/wordpress\/wp-content\/uploads\/2025\/05\/25050365-1200x900.jpg 1200w, https:\/\/ramse.es\/wordpress\/wp-content\/uploads\/2025\/05\/25050365.jpg 2362w\" sizes=\"(max-width: 1000px) 100vw, 800px\" \/><div class=\"fusion-rollover\">\n\t<div class=\"fusion-rollover-content\">\n\n\t\t\t\t\t\t\t\t\t\t\t\t\t\t<a class=\"fusion-rollover-link\" href=\"https:\/\/ramse.es\/wordpress\/los-doctores-bernaldez-lopez-puerta-y-marquez-nuevos-academicos-correspondientes-de-la-ramse\/\">Los doctores Bern\u00e1ldez, L\u00f3pez-Puerta y M\u00e1rquez nuevos Acad\u00e9micos Correspondientes de la RAMSE<\/a>\n\t\t\t\n\t\t\t\t\t\t\t\t\t\t\t\t\t\t\n\t\t\t\t\t\t\t\t\n\t\t\t\t\t\t\t\t\t\t\t\t\t<div class=\"fusion-rollover-sep\"><\/div>\n\t\t\t\t\n\t\t\t\t\t\t\t\t\t\t\t\t\t\t\t\t\t\t<a class=\"fusion-rollover-gallery\" href=\"https:\/\/ramse.es\/wordpress\/wp-content\/uploads\/2025\/05\/25050365.jpg\" data-id=\"5402\" data-rel=\"iLightbox[gallery]\" data-title=\"25050365\" data-caption=\"\">\n\t\t\t\t\t\tGaler\u00eda\t\t\t\t\t<\/a>\n\t\t\t\t\t\t\t\t\t\t\t\t\t\t\n\t\t\n\t\t\t\t\t\t\t\t\n\t\t\t\t\t\t\t\t\n\t\t\n\t\t\t\t\t\t<a class=\"fusion-link-wrapper\" href=\"https:\/\/ramse.es\/wordpress\/los-doctores-bernaldez-lopez-puerta-y-marquez-nuevos-academicos-correspondientes-de-la-ramse\/\" aria-label=\"Los doctores Bern\u00e1ldez, L\u00f3pez-Puerta y M\u00e1rquez nuevos Acad\u00e9micos Correspondientes de la RAMSE\"><\/a>\n\t<\/div>\n<\/div>\n<\/div>\n<\/li>\n\t\t\t\n\t\t\t\n\t\t\t\t\t\t\t\t\t\t\t\t\t\t\t\t\t\t\t\t\t\t\t\t\t\t\t\t\t\t\t\t\t\t\t\t\t\t\t\t\t\t\t\t\t\t\t\t\t\t\t\t\t\t\t\t\t\t\t\t\t\t\t\t\t\t\t\t<\/ul>\n\t<\/div>\n\t<div class=\"fusion-date-and-formats\"><div class=\"fusion-date-box updated\"><span class=\"fusion-date\">mayo<\/span><span class=\"fusion-month-year\">7:04 pm<\/span><\/div><div class=\"fusion-format-box\"><i class=\"awb-icon-pen\" aria-hidden=\"true\"><\/i><\/div><\/div><div class=\"fusion-post-content post-content\"><h2 class=\"blog-shortcode-post-title entry-title\"><a href=\"https:\/\/ramse.es\/wordpress\/los-doctores-bernaldez-lopez-puerta-y-marquez-nuevos-academicos-correspondientes-de-la-ramse\/\">Los doctores Bern\u00e1ldez, L\u00f3pez-Puerta y M\u00e1rquez nuevos Acad\u00e9micos Correspondientes de la RAMSE<\/a><\/h2><p class=\"fusion-single-line-meta\">Por <span class=\"vcard\"><span class=\"fn\"><a href=\"https:\/\/ramse.es\/wordpress\/author\/prensa\/\" title=\"Entradas de Mar\u00eda\" rel=\"author\">Mar\u00eda<\/a><\/span><\/span><span class=\"fusion-inline-sep\">|<\/span><span class=\"updated\" style=\"display:none;\">2025-05-29T09:38:24+02:00<\/span><span>mayo 26th, 2025<\/span><span class=\"fusion-inline-sep\">|<\/span>Categor\u00edas: <a href=\"https:\/\/ramse.es\/wordpress\/category\/actos-academicos\/academicos-correspondientes\/\" rel=\"category tag\">Acad\u00e9micos Correspondientes<\/a>, <a href=\"https:\/\/ramse.es\/wordpress\/category\/actos-academicos\/\" rel=\"category tag\">Actos Acad\u00e9micos<\/a><span class=\"fusion-inline-sep\">|<\/span><span class=\"meta-tags\">Etiquetas: <a href=\"https:\/\/ramse.es\/wordpress\/tag\/francisco-marquez-maraver\/\" rel=\"tag\">Francisco M\u00e1rquez Maraver<\/a>, <a href=\"https:\/\/ramse.es\/wordpress\/tag\/jose-maria-lopez-puerta-gonzalez\/\" rel=\"tag\">Jos\u00e9 Mar\u00eda L\u00f3pez-Puerta Gonz\u00e1lez<\/a>, <a href=\"https:\/\/ramse.es\/wordpress\/tag\/pedro-bernaldez-dominguez\/\" rel=\"tag\">Pedro Bern\u00e1ldez Dom\u00ednguez<\/a><\/span><span class=\"fusion-inline-sep\">|<\/span><\/p><div class=\"fusion-post-content-container\"><p>La Real Academia de Medicina y Cirug\u00eda de Sevilla en sesi\u00f3n solemne acogi\u00f3 el jueves 22 de mayo el acto de recepci\u00f3n de los doctores: Pedro Bern\u00e1ldez Dom\u00ednguez (Traumatolog\u00eda), Jos\u00e9 Mar\u00eda L\u00f3pez-Puerta Gonz\u00e1lez (Traumatolog\u00eda) y Francisco M\u00e1rquez Maraver (Ginecolog\u00eda y Obstetricia), como nuevos Acad\u00e9micos Correspondientes de la instituci\u00f3n. Dr. Pedro Bern\u00e1ldez Dom\u00ednguez El Dr. Pedro Bern\u00e1ldez Dom\u00ednguez, que ley\u00f3 su discurso de ingreso titulado:\u00a0\u201cLa Ortobiolog\u00eda Intervencionista: revolucionando la Medicina Regenerativa <a href=\"https:\/\/ramse.es\/wordpress\/los-doctores-bernaldez-lopez-puerta-y-marquez-nuevos-academicos-correspondientes-de-la-ramse\/\">[...]<\/a><\/p><\/div><\/div><div class=\"fusion-clearfix\"><\/div><div class=\"fusion-meta-info\"><div class=\"fusion-alignright\"><a class=\"fusion-read-more\" href=\"https:\/\/ramse.es\/wordpress\/los-doctores-bernaldez-lopez-puerta-y-marquez-nuevos-academicos-correspondientes-de-la-ramse\/\" aria-label=\"More on Los doctores Bern\u00e1ldez, L\u00f3pez-Puerta y M\u00e1rquez nuevos Acad\u00e9micos Correspondientes de la RAMSE\">Leer M\u00e1s<\/a><\/div><\/div><\/article>\n<article id=\"blog-1-post-5394\" class=\"fusion-post-large-alternate post-5394 post type-post status-publish format-standard has-post-thumbnail hentry category-actos-academicos category-conferencia tag-catedra-econatur-salud tag-universidad-de-cordoba\">\n\t<style type=\"text\/css\">\n\t\t\n\t\t\n\t\t\n\t\t\n\t\t\t<\/style>\n\n\n\t\t\t<div class=\"fusion-flexslider flexslider fusion-flexslider-loading fusion-post-slideshow\" style=\"\">\n\t\t<ul class=\"slides\">\n\t\t\t\n\t\t\t\t\t\t\t\t\t\t\t\t\t\t<li><div  class=\"fusion-image-wrapper\" aria-haspopup=\"true\">\n\t\t\t\t<img decoding=\"async\" width=\"1772\" height=\"2362\" src=\"https:\/\/ramse.es\/wordpress\/wp-content\/uploads\/2025\/05\/25050175.jpg\" class=\"attachment-full size-full wp-post-image\" alt=\"\" srcset=\"https:\/\/ramse.es\/wordpress\/wp-content\/uploads\/2025\/05\/25050175-200x267.jpg 200w, https:\/\/ramse.es\/wordpress\/wp-content\/uploads\/2025\/05\/25050175-400x533.jpg 400w, https:\/\/ramse.es\/wordpress\/wp-content\/uploads\/2025\/05\/25050175-600x800.jpg 600w, https:\/\/ramse.es\/wordpress\/wp-content\/uploads\/2025\/05\/25050175-800x1066.jpg 800w, https:\/\/ramse.es\/wordpress\/wp-content\/uploads\/2025\/05\/25050175-1200x1600.jpg 1200w, https:\/\/ramse.es\/wordpress\/wp-content\/uploads\/2025\/05\/25050175.jpg 1772w\" sizes=\"(max-width: 1000px) 100vw, 800px\" \/><div class=\"fusion-rollover\">\n\t<div class=\"fusion-rollover-content\">\n\n\t\t\t\t\t\t\t\t\t\t\t\t\t\t<a class=\"fusion-rollover-link\" href=\"https:\/\/ramse.es\/wordpress\/la-dra-jara-perez-jimenez-destaca-el-papel-de-los-polifenoles-en-la-prevencion-de-enfermedades-cardiometabolicas\/\">La Dra. Jara P\u00e9rez Jim\u00e9nez destaca el papel de los polifenoles en la prevenci\u00f3n de enfermedades cardiometab\u00f3licas<\/a>\n\t\t\t\n\t\t\t\t\t\t\t\t\t\t\t\t\t\t\n\t\t\t\t\t\t\t\t\n\t\t\t\t\t\t\t\t\t\t\t\t\t<div class=\"fusion-rollover-sep\"><\/div>\n\t\t\t\t\n\t\t\t\t\t\t\t\t\t\t\t\t\t\t\t\t\t\t<a class=\"fusion-rollover-gallery\" href=\"https:\/\/ramse.es\/wordpress\/wp-content\/uploads\/2025\/05\/25050175.jpg\" data-id=\"5394\" data-rel=\"iLightbox[gallery]\" data-title=\"25050175\" data-caption=\"\">\n\t\t\t\t\t\tGaler\u00eda\t\t\t\t\t<\/a>\n\t\t\t\t\t\t\t\t\t\t\t\t\t\t\n\t\t\n\t\t\t\t\t\t\t\t\n\t\t\t\t\t\t\t\t\n\t\t\n\t\t\t\t\t\t<a class=\"fusion-link-wrapper\" href=\"https:\/\/ramse.es\/wordpress\/la-dra-jara-perez-jimenez-destaca-el-papel-de-los-polifenoles-en-la-prevencion-de-enfermedades-cardiometabolicas\/\" aria-label=\"La Dra. Jara P\u00e9rez Jim\u00e9nez destaca el papel de los polifenoles en la prevenci\u00f3n de enfermedades cardiometab\u00f3licas\"><\/a>\n\t<\/div>\n<\/div>\n<\/div>\n<\/li>\n\t\t\t\n\t\t\t\n\t\t\t\t\t\t\t\t\t\t\t\t\t\t\t\t\t\t\t\t\t\t\t\t\t\t\t\t\t\t\t\t\t\t\t\t\t\t\t\t\t\t\t\t\t\t\t\t\t\t\t\t\t\t\t\t\t\t\t\t\t\t\t\t\t\t\t\t<\/ul>\n\t<\/div>\n\t<div class=\"fusion-date-and-formats\"><div class=\"fusion-date-box updated\"><span class=\"fusion-date\">mayo<\/span><span class=\"fusion-month-year\">11:47 am<\/span><\/div><div class=\"fusion-format-box\"><i class=\"awb-icon-pen\" aria-hidden=\"true\"><\/i><\/div><\/div><div class=\"fusion-post-content post-content\"><h2 class=\"blog-shortcode-post-title entry-title\"><a href=\"https:\/\/ramse.es\/wordpress\/la-dra-jara-perez-jimenez-destaca-el-papel-de-los-polifenoles-en-la-prevencion-de-enfermedades-cardiometabolicas\/\">La Dra. Jara P\u00e9rez Jim\u00e9nez destaca el papel de los polifenoles en la prevenci\u00f3n de enfermedades cardiometab\u00f3licas<\/a><\/h2><p class=\"fusion-single-line-meta\">Por <span class=\"vcard\"><span class=\"fn\"><a href=\"https:\/\/ramse.es\/wordpress\/author\/prensa\/\" title=\"Entradas de Mar\u00eda\" rel=\"author\">Mar\u00eda<\/a><\/span><\/span><span class=\"fusion-inline-sep\">|<\/span><span class=\"updated\" style=\"display:none;\">2025-05-27T19:03:58+02:00<\/span><span>mayo 23rd, 2025<\/span><span class=\"fusion-inline-sep\">|<\/span>Categor\u00edas: <a href=\"https:\/\/ramse.es\/wordpress\/category\/actos-academicos\/\" rel=\"category tag\">Actos Acad\u00e9micos<\/a>, <a href=\"https:\/\/ramse.es\/wordpress\/category\/conferencia\/\" rel=\"category tag\">Conferencia<\/a><span class=\"fusion-inline-sep\">|<\/span><span class=\"meta-tags\">Etiquetas: <a href=\"https:\/\/ramse.es\/wordpress\/tag\/catedra-econatur-salud\/\" rel=\"tag\">C\u00e1tedra Econatur Salud<\/a>, <a href=\"https:\/\/ramse.es\/wordpress\/tag\/universidad-de-cordoba\/\" rel=\"tag\">Universidad de C\u00f3rdoba<\/a><\/span><span class=\"fusion-inline-sep\">|<\/span><\/p><div class=\"fusion-post-content-container\"><p>La Real Academia de Medicina y Cirug\u00eda de Sevilla ha acogido la conferencia \"Relevancia de los polifenoles de la dieta en la modulaci\u00f3n de enfermedades cardiometab\u00f3licas\u201d, promovida por la C\u00e1tedra Econatur Salud de la Universidad de C\u00f3rdoba, impartida por Dra. D\u00f1a. Jara P\u00e9rez-Jim\u00e9nez, Instituto de Ciencia y Tecnolog\u00eda de Alimentos y Nutrici\u00f3n (ICTAN-CSIC), Madrid. Centro de Investigaci\u00f3n Biom\u00e9dica en Red en Diabetes y Enfermedades Metab\u00f3licas Asociadas (CIBERDEM). La presentaci\u00f3n de <a href=\"https:\/\/ramse.es\/wordpress\/la-dra-jara-perez-jimenez-destaca-el-papel-de-los-polifenoles-en-la-prevencion-de-enfermedades-cardiometabolicas\/\">[...]<\/a><\/p><\/div><\/div><div class=\"fusion-clearfix\"><\/div><div class=\"fusion-meta-info\"><div class=\"fusion-alignright\"><a class=\"fusion-read-more\" href=\"https:\/\/ramse.es\/wordpress\/la-dra-jara-perez-jimenez-destaca-el-papel-de-los-polifenoles-en-la-prevencion-de-enfermedades-cardiometabolicas\/\" aria-label=\"More on La Dra. Jara P\u00e9rez Jim\u00e9nez destaca el papel de los polifenoles en la prevenci\u00f3n de enfermedades cardiometab\u00f3licas\">Leer M\u00e1s<\/a><\/div><\/div><\/article>\n<article id=\"blog-1-post-5355\" class=\"fusion-post-large-alternate post-5355 post type-post status-publish format-standard has-post-thumbnail hentry category-actos-academicos category-mesa-redonda tag-gestion-de-riesgos\">\n\t<style type=\"text\/css\">\n\t\t\n\t\t\n\t\t\n\t\t\n\t\t\t<\/style>\n\n\n\t\t\t<div class=\"fusion-flexslider flexslider fusion-flexslider-loading fusion-post-slideshow\" style=\"\">\n\t\t<ul class=\"slides\">\n\t\t\t\n\t\t\t\t\t\t\t\t\t\t\t\t\t\t<li><div  class=\"fusion-image-wrapper\" aria-haspopup=\"true\">\n\t\t\t\t<img decoding=\"async\" width=\"1779\" height=\"2560\" src=\"https:\/\/ramse.es\/wordpress\/wp-content\/uploads\/2025\/05\/RAMSE.-Mesa-Redonda-gestion-de-riesgos-2-scaled.jpeg\" class=\"attachment-full size-full wp-post-image\" alt=\"\" srcset=\"https:\/\/ramse.es\/wordpress\/wp-content\/uploads\/2025\/05\/RAMSE.-Mesa-Redonda-gestion-de-riesgos-2-200x288.jpeg 200w, https:\/\/ramse.es\/wordpress\/wp-content\/uploads\/2025\/05\/RAMSE.-Mesa-Redonda-gestion-de-riesgos-2-400x576.jpeg 400w, https:\/\/ramse.es\/wordpress\/wp-content\/uploads\/2025\/05\/RAMSE.-Mesa-Redonda-gestion-de-riesgos-2-600x863.jpeg 600w, https:\/\/ramse.es\/wordpress\/wp-content\/uploads\/2025\/05\/RAMSE.-Mesa-Redonda-gestion-de-riesgos-2-800x1151.jpeg 800w, https:\/\/ramse.es\/wordpress\/wp-content\/uploads\/2025\/05\/RAMSE.-Mesa-Redonda-gestion-de-riesgos-2-1200x1727.jpeg 1200w, https:\/\/ramse.es\/wordpress\/wp-content\/uploads\/2025\/05\/RAMSE.-Mesa-Redonda-gestion-de-riesgos-2-scaled.jpeg 1779w\" sizes=\"(max-width: 1000px) 100vw, 800px\" \/><div class=\"fusion-rollover\">\n\t<div class=\"fusion-rollover-content\">\n\n\t\t\t\t\t\t\t\t\t\t\t\t\t\t<a class=\"fusion-rollover-link\" href=\"https:\/\/ramse.es\/wordpress\/la-ramse-aborda-la-gestion-de-las-emergencias-y-destaca-el-rol-activo-de-la-ciudadania\/\">La RAMSE aborda la gesti\u00f3n de las emergencias y destaca el rol activo de la ciudadan\u00eda<\/a>\n\t\t\t\n\t\t\t\t\t\t\t\t\t\t\t\t\t\t\n\t\t\t\t\t\t\t\t\n\t\t\t\t\t\t\t\t\t\t\t\t\t<div class=\"fusion-rollover-sep\"><\/div>\n\t\t\t\t\n\t\t\t\t\t\t\t\t\t\t\t\t\t\t\t\t\t\t<a class=\"fusion-rollover-gallery\" href=\"https:\/\/ramse.es\/wordpress\/wp-content\/uploads\/2025\/05\/RAMSE.-Mesa-Redonda-gestion-de-riesgos-2-scaled.jpeg\" data-id=\"5355\" data-rel=\"iLightbox[gallery]\" data-title=\"RAMSE. Mesa Redonda gestio\u0301n de riesgos 2\" data-caption=\"\">\n\t\t\t\t\t\tGaler\u00eda\t\t\t\t\t<\/a>\n\t\t\t\t\t\t\t\t\t\t\t\t\t\t\n\t\t\n\t\t\t\t\t\t\t\t\n\t\t\t\t\t\t\t\t\n\t\t\n\t\t\t\t\t\t<a class=\"fusion-link-wrapper\" href=\"https:\/\/ramse.es\/wordpress\/la-ramse-aborda-la-gestion-de-las-emergencias-y-destaca-el-rol-activo-de-la-ciudadania\/\" aria-label=\"La RAMSE aborda la gesti\u00f3n de las emergencias y destaca el rol activo de la ciudadan\u00eda\"><\/a>\n\t<\/div>\n<\/div>\n<\/div>\n<\/li>\n\t\t\t\n\t\t\t\n\t\t\t\t\t\t\t\t\t\t\t\t\t\t\t\t\t\t\t\t\t\t\t\t\t\t\t\t\t\t\t\t\t\t\t\t\t\t\t\t\t\t\t\t\t\t\t\t\t\t\t\t\t\t\t\t\t\t\t\t\t\t\t\t\t\t\t\t<\/ul>\n\t<\/div>\n\t<div class=\"fusion-date-and-formats\"><div class=\"fusion-date-box updated\"><span class=\"fusion-date\">mayo<\/span><span class=\"fusion-month-year\">9:38 am<\/span><\/div><div class=\"fusion-format-box\"><i class=\"awb-icon-pen\" aria-hidden=\"true\"><\/i><\/div><\/div><div class=\"fusion-post-content post-content\"><h2 class=\"blog-shortcode-post-title entry-title\"><a href=\"https:\/\/ramse.es\/wordpress\/la-ramse-aborda-la-gestion-de-las-emergencias-y-destaca-el-rol-activo-de-la-ciudadania\/\">La RAMSE aborda la gesti\u00f3n de las emergencias y destaca el rol activo de la ciudadan\u00eda<\/a><\/h2><p class=\"fusion-single-line-meta\">Por <span class=\"vcard\"><span class=\"fn\"><a href=\"https:\/\/ramse.es\/wordpress\/author\/prensa\/\" title=\"Entradas de Mar\u00eda\" rel=\"author\">Mar\u00eda<\/a><\/span><\/span><span class=\"fusion-inline-sep\">|<\/span><span class=\"updated\" style=\"display:none;\">2025-05-16T14:00:00+02:00<\/span><span>mayo 16th, 2025<\/span><span class=\"fusion-inline-sep\">|<\/span>Categor\u00edas: <a href=\"https:\/\/ramse.es\/wordpress\/category\/actos-academicos\/\" rel=\"category tag\">Actos Acad\u00e9micos<\/a>, <a href=\"https:\/\/ramse.es\/wordpress\/category\/mesa-redonda\/\" rel=\"category tag\">Mesa redonda<\/a><span class=\"fusion-inline-sep\">|<\/span><span class=\"meta-tags\">Etiquetas: <a href=\"https:\/\/ramse.es\/wordpress\/tag\/gestion-de-riesgos\/\" rel=\"tag\">gesti\u00f3n de riesgos<\/a><\/span><span class=\"fusion-inline-sep\">|<\/span><\/p><div class=\"fusion-post-content-container\"><p>La Real Academia de Medicina y Cirug\u00eda de Sevilla (RAMSE) ha celebrado la Mesa Redonda \u201cDe la informaci\u00f3n a la coparticipaci\u00f3n: la ciudadan\u00eda en la gesti\u00f3n de los riesgos\u201d, un espacio de reflexi\u00f3n y di\u00e1logo en torno a la importancia de integrar activamente a la ciudadan\u00eda en la gesti\u00f3n de emergencias. A lo largo de la historia, los riesgos han sido una constante para la humanidad. Sin embargo, en las <a href=\"https:\/\/ramse.es\/wordpress\/la-ramse-aborda-la-gestion-de-las-emergencias-y-destaca-el-rol-activo-de-la-ciudadania\/\">[...]<\/a><\/p><\/div><\/div><div class=\"fusion-clearfix\"><\/div><div class=\"fusion-meta-info\"><div class=\"fusion-alignright\"><a class=\"fusion-read-more\" href=\"https:\/\/ramse.es\/wordpress\/la-ramse-aborda-la-gestion-de-las-emergencias-y-destaca-el-rol-activo-de-la-ciudadania\/\" aria-label=\"More on La RAMSE aborda la gesti\u00f3n de las emergencias y destaca el rol activo de la ciudadan\u00eda\">Leer M\u00e1s<\/a><\/div><\/div><\/article>\n<article id=\"blog-1-post-5343\" class=\"fusion-post-large-alternate post-5343 post type-post status-publish format-standard has-post-thumbnail hentry category-actos-academicos tag-academicos-de-numero-emeritos tag-dia-de-la-academia tag-dr-manuel-sans-segarra\">\n\t<style type=\"text\/css\">\n\t\t\n\t\t\n\t\t\n\t\t\n\t\t\t<\/style>\n\n\n\t\t\t<div class=\"fusion-flexslider flexslider fusion-flexslider-loading fusion-post-slideshow\" style=\"\">\n\t\t<ul class=\"slides\">\n\t\t\t\n\t\t\t\t\t\t\t\t\t\t\t\t\t\t<li><div  class=\"fusion-image-wrapper\" aria-haspopup=\"true\">\n\t\t\t\t<img decoding=\"async\" width=\"1500\" height=\"1125\" src=\"https:\/\/ramse.es\/wordpress\/wp-content\/uploads\/2025\/05\/RAMSE.-Dia-de-la-Academia-2025.jpg\" class=\"attachment-full size-full wp-post-image\" alt=\"\" srcset=\"https:\/\/ramse.es\/wordpress\/wp-content\/uploads\/2025\/05\/RAMSE.-Dia-de-la-Academia-2025-200x150.jpg 200w, https:\/\/ramse.es\/wordpress\/wp-content\/uploads\/2025\/05\/RAMSE.-Dia-de-la-Academia-2025-400x300.jpg 400w, https:\/\/ramse.es\/wordpress\/wp-content\/uploads\/2025\/05\/RAMSE.-Dia-de-la-Academia-2025-600x450.jpg 600w, https:\/\/ramse.es\/wordpress\/wp-content\/uploads\/2025\/05\/RAMSE.-Dia-de-la-Academia-2025-800x600.jpg 800w, https:\/\/ramse.es\/wordpress\/wp-content\/uploads\/2025\/05\/RAMSE.-Dia-de-la-Academia-2025-1200x900.jpg 1200w, https:\/\/ramse.es\/wordpress\/wp-content\/uploads\/2025\/05\/RAMSE.-Dia-de-la-Academia-2025.jpg 1500w\" sizes=\"(max-width: 1000px) 100vw, 800px\" \/><div class=\"fusion-rollover\">\n\t<div class=\"fusion-rollover-content\">\n\n\t\t\t\t\t\t\t\t\t\t\t\t\t\t<a class=\"fusion-rollover-link\" href=\"https:\/\/ramse.es\/wordpress\/la-ramse-celebra-sus-325-anos-de-historia-con-el-dia-de-la-academia\/\">LA RAMSE CELEBRA SUS 325 A\u00d1OS DE HISTORIA CON EL D\u00cdA DE LA ACADEMIA<\/a>\n\t\t\t\n\t\t\t\t\t\t\t\t\t\t\t\t\t\t\n\t\t\t\t\t\t\t\t\n\t\t\t\t\t\t\t\t\t\t\t\t\t<div class=\"fusion-rollover-sep\"><\/div>\n\t\t\t\t\n\t\t\t\t\t\t\t\t\t\t\t\t\t\t\t\t\t\t<a class=\"fusion-rollover-gallery\" href=\"https:\/\/ramse.es\/wordpress\/wp-content\/uploads\/2025\/05\/RAMSE.-Dia-de-la-Academia-2025.jpg\" data-id=\"5343\" data-rel=\"iLightbox[gallery]\" data-title=\"RAMSE. Di\u0301a de la Academia 2025\" data-caption=\"\">\n\t\t\t\t\t\tGaler\u00eda\t\t\t\t\t<\/a>\n\t\t\t\t\t\t\t\t\t\t\t\t\t\t\n\t\t\n\t\t\t\t\t\t\t\t\n\t\t\t\t\t\t\t\t\n\t\t\n\t\t\t\t\t\t<a class=\"fusion-link-wrapper\" href=\"https:\/\/ramse.es\/wordpress\/la-ramse-celebra-sus-325-anos-de-historia-con-el-dia-de-la-academia\/\" aria-label=\"LA RAMSE CELEBRA SUS 325 A\u00d1OS DE HISTORIA CON EL D\u00cdA DE LA ACADEMIA\"><\/a>\n\t<\/div>\n<\/div>\n<\/div>\n<\/li>\n\t\t\t\n\t\t\t\n\t\t\t\t\t\t\t\t\t\t\t\t\t\t\t\t\t\t\t\t\t\t\t\t\t\t\t\t\t\t\t\t\t\t\t\t\t\t\t\t\t\t\t\t\t\t\t\t\t\t\t\t\t\t\t\t\t\t\t\t\t\t\t\t\t\t\t\t<\/ul>\n\t<\/div>\n\t<div class=\"fusion-date-and-formats\"><div class=\"fusion-date-box updated\"><span class=\"fusion-date\">mayo<\/span><span class=\"fusion-month-year\">4:00 pm<\/span><\/div><div class=\"fusion-format-box\"><i class=\"awb-icon-pen\" aria-hidden=\"true\"><\/i><\/div><\/div><div class=\"fusion-post-content post-content\"><h2 class=\"blog-shortcode-post-title entry-title\"><a href=\"https:\/\/ramse.es\/wordpress\/la-ramse-celebra-sus-325-anos-de-historia-con-el-dia-de-la-academia\/\">LA RAMSE CELEBRA SUS 325 A\u00d1OS DE HISTORIA CON EL D\u00cdA DE LA ACADEMIA<\/a><\/h2><p class=\"fusion-single-line-meta\">Por <span class=\"vcard\"><span class=\"fn\"><a href=\"https:\/\/ramse.es\/wordpress\/author\/prensa\/\" title=\"Entradas de Mar\u00eda\" rel=\"author\">Mar\u00eda<\/a><\/span><\/span><span class=\"fusion-inline-sep\">|<\/span><span class=\"updated\" style=\"display:none;\">2025-05-15T07:51:18+02:00<\/span><span>mayo 14th, 2025<\/span><span class=\"fusion-inline-sep\">|<\/span>Categor\u00edas: <a href=\"https:\/\/ramse.es\/wordpress\/category\/actos-academicos\/\" rel=\"category tag\">Actos Acad\u00e9micos<\/a><span class=\"fusion-inline-sep\">|<\/span><span class=\"meta-tags\">Etiquetas: <a href=\"https:\/\/ramse.es\/wordpress\/tag\/academicos-de-numero-emeritos\/\" rel=\"tag\">Acad\u00e9micos de Numero Em\u00e9ritos<\/a>, <a href=\"https:\/\/ramse.es\/wordpress\/tag\/dia-de-la-academia\/\" rel=\"tag\">D\u00eda de la Academia<\/a>, <a href=\"https:\/\/ramse.es\/wordpress\/tag\/dr-manuel-sans-segarra\/\" rel=\"tag\">Dr. Manuel Sans Segarra<\/a><\/span><span class=\"fusion-inline-sep\">|<\/span><\/p><div class=\"fusion-post-content-container\"><p>La Real Academia de Medicina y Cirug\u00eda de Sevilla (RAMSE) ha celebrado el D\u00eda de la Academia, jornada en la que ha conmemorado sus 325 a\u00f1os de historia, con la conferencia \u201cNuestra realidad existencial\u201d, que ha impartido el Ilmo. Sr. Dr. D. Manuel Sans Segarra, Acad\u00e9mico Numerario de la Real Academia Europea de Doctores. El Doctor Jos\u00e9 Antonio Mil\u00e1n Mart\u00edn, Acad\u00e9mico de N\u00famero de la RAMSE, ha sido el encargado <a href=\"https:\/\/ramse.es\/wordpress\/la-ramse-celebra-sus-325-anos-de-historia-con-el-dia-de-la-academia\/\">[...]<\/a><\/p><\/div><\/div><div class=\"fusion-clearfix\"><\/div><div class=\"fusion-meta-info\"><div class=\"fusion-alignright\"><a class=\"fusion-read-more\" href=\"https:\/\/ramse.es\/wordpress\/la-ramse-celebra-sus-325-anos-de-historia-con-el-dia-de-la-academia\/\" aria-label=\"More on LA RAMSE CELEBRA SUS 325 A\u00d1OS DE HISTORIA CON EL D\u00cdA DE LA ACADEMIA\">Leer M\u00e1s<\/a><\/div><\/div><\/article>\n<article id=\"blog-1-post-5313\" class=\"fusion-post-large-alternate post-5313 post type-post status-publish format-standard has-post-thumbnail hentry category-catedra-mas category-fundacion-ramse category-fundacion-real-academia-de-medicina-y-cirugia-de-sevilla tag-dr-federico-arguelles tag-gluten\">\n\t<style type=\"text\/css\">\n\t\t\n\t\t\n\t\t\n\t\t\n\t\t\t<\/style>\n\n\n\t\t\t<div class=\"fusion-flexslider flexslider fusion-flexslider-loading fusion-post-slideshow\" style=\"\">\n\t\t<ul class=\"slides\">\n\t\t\t\n\t\t\t\t\t\t\t\t\t\t\t\t\t\t<li><div  class=\"fusion-image-wrapper\" aria-haspopup=\"true\">\n\t\t\t\t<img decoding=\"async\" width=\"2362\" height=\"1772\" src=\"https:\/\/ramse.es\/wordpress\/wp-content\/uploads\/2025\/04\/25040296.jpg\" class=\"attachment-full size-full wp-post-image\" alt=\"\" srcset=\"https:\/\/ramse.es\/wordpress\/wp-content\/uploads\/2025\/04\/25040296-200x150.jpg 200w, https:\/\/ramse.es\/wordpress\/wp-content\/uploads\/2025\/04\/25040296-400x300.jpg 400w, https:\/\/ramse.es\/wordpress\/wp-content\/uploads\/2025\/04\/25040296-600x450.jpg 600w, https:\/\/ramse.es\/wordpress\/wp-content\/uploads\/2025\/04\/25040296-800x600.jpg 800w, https:\/\/ramse.es\/wordpress\/wp-content\/uploads\/2025\/04\/25040296-1200x900.jpg 1200w, https:\/\/ramse.es\/wordpress\/wp-content\/uploads\/2025\/04\/25040296.jpg 2362w\" sizes=\"(max-width: 1000px) 100vw, 800px\" \/><div class=\"fusion-rollover\">\n\t<div class=\"fusion-rollover-content\">\n\n\t\t\t\t\t\t\t\t\t\t\t\t\t\t<a class=\"fusion-rollover-link\" href=\"https:\/\/ramse.es\/wordpress\/el-dr-arguelles-especialista-en-aparato-digestivo-alerta-sobre-los-riesgos-de-seguir-dietas-sin-gluten-sin-diagnostico-medico\/\">El Dr. Arg\u00fcelles, especialista en aparato digestivo, alerta sobre los riesgos de seguir dietas sin gluten sin diagn\u00f3stico m\u00e9dico<\/a>\n\t\t\t\n\t\t\t\t\t\t\t\t\t\t\t\t\t\t\n\t\t\t\t\t\t\t\t\n\t\t\t\t\t\t\t\t\t\t\t\t\t<div class=\"fusion-rollover-sep\"><\/div>\n\t\t\t\t\n\t\t\t\t\t\t\t\t\t\t\t\t\t\t\t\t\t\t<a class=\"fusion-rollover-gallery\" href=\"https:\/\/ramse.es\/wordpress\/wp-content\/uploads\/2025\/04\/25040296.jpg\" data-id=\"5313\" data-rel=\"iLightbox[gallery]\" data-title=\"25040296\" data-caption=\"\">\n\t\t\t\t\t\tGaler\u00eda\t\t\t\t\t<\/a>\n\t\t\t\t\t\t\t\t\t\t\t\t\t\t\n\t\t\n\t\t\t\t\t\t\t\t\n\t\t\t\t\t\t\t\t\n\t\t\n\t\t\t\t\t\t<a class=\"fusion-link-wrapper\" href=\"https:\/\/ramse.es\/wordpress\/el-dr-arguelles-especialista-en-aparato-digestivo-alerta-sobre-los-riesgos-de-seguir-dietas-sin-gluten-sin-diagnostico-medico\/\" aria-label=\"El Dr. Arg\u00fcelles, especialista en aparato digestivo, alerta sobre los riesgos de seguir dietas sin gluten sin diagn\u00f3stico m\u00e9dico\"><\/a>\n\t<\/div>\n<\/div>\n<\/div>\n<\/li>\n\t\t\t\n\t\t\t\n\t\t\t\t\t\t\t\t\t\t\t\t\t\t\t\t\t\t\t\t\t\t\t\t\t\t\t\t\t\t\t\t\t\t\t\t\t\t\t\t\t\t\t\t\t\t\t\t\t\t\t\t\t\t\t\t\t\t\t\t\t\t\t\t\t\t\t\t<\/ul>\n\t<\/div>\n\t<div class=\"fusion-date-and-formats\"><div class=\"fusion-date-box updated\"><span class=\"fusion-date\">abril<\/span><span class=\"fusion-month-year\">8:04 am<\/span><\/div><div class=\"fusion-format-box\"><i class=\"awb-icon-pen\" aria-hidden=\"true\"><\/i><\/div><\/div><div class=\"fusion-post-content post-content\"><h2 class=\"blog-shortcode-post-title entry-title\"><a href=\"https:\/\/ramse.es\/wordpress\/el-dr-arguelles-especialista-en-aparato-digestivo-alerta-sobre-los-riesgos-de-seguir-dietas-sin-gluten-sin-diagnostico-medico\/\">El Dr. Arg\u00fcelles, especialista en aparato digestivo, alerta sobre los riesgos de seguir dietas sin gluten sin diagn\u00f3stico m\u00e9dico<\/a><\/h2><p class=\"fusion-single-line-meta\">Por <span class=\"vcard\"><span class=\"fn\"><a href=\"https:\/\/ramse.es\/wordpress\/author\/prensa\/\" title=\"Entradas de Mar\u00eda\" rel=\"author\">Mar\u00eda<\/a><\/span><\/span><span class=\"fusion-inline-sep\">|<\/span><span class=\"updated\" style=\"display:none;\">2025-04-30T21:46:47+02:00<\/span><span>abril 23rd, 2025<\/span><span class=\"fusion-inline-sep\">|<\/span>Categor\u00edas: <a href=\"https:\/\/ramse.es\/wordpress\/category\/catedra-mas\/\" rel=\"category tag\">Catedra MAS<\/a>, <a href=\"https:\/\/ramse.es\/wordpress\/category\/fundacion-ramse\/\" rel=\"category tag\">Fundaci\u00f3n RAMSE<\/a>, <a href=\"https:\/\/ramse.es\/wordpress\/category\/fundacion-real-academia-de-medicina-y-cirugia-de-sevilla\/\" rel=\"category tag\">Fundaci\u00f3n Real Academia de Medicina y Cirug\u00eda de Sevilla<\/a><span class=\"fusion-inline-sep\">|<\/span><span class=\"meta-tags\">Etiquetas: <a href=\"https:\/\/ramse.es\/wordpress\/tag\/dr-federico-arguelles\/\" rel=\"tag\">Dr. Federico Arg\u00fcelles<\/a>, <a href=\"https:\/\/ramse.es\/wordpress\/tag\/gluten\/\" rel=\"tag\">Gluten<\/a><\/span><span class=\"fusion-inline-sep\">|<\/span><\/p><div class=\"fusion-post-content-container\"><p>La C\u00e1tedra \u201cMAS Alimentaci\u00f3n y Salud\u201d es una iniciativa creada por Fundaci\u00f3n MAS y la Fundaci\u00f3n Real Academia de Medicina y Cirug\u00eda de Sevilla (RAMSE), para promocionar h\u00e1bitos de vida saludable en la sociedad a trav\u00e9s de la divulgaci\u00f3n y la investigaci\u00f3n en alimentaci\u00f3n y nutrici\u00f3n. El acto, celebrado en la Sede de la Fundaci\u00f3n MAS, es una nueva actividad de la C\u00e1tedra, una sesi\u00f3n en la que el especialista <a href=\"https:\/\/ramse.es\/wordpress\/el-dr-arguelles-especialista-en-aparato-digestivo-alerta-sobre-los-riesgos-de-seguir-dietas-sin-gluten-sin-diagnostico-medico\/\">[...]<\/a><\/p><\/div><\/div><div class=\"fusion-clearfix\"><\/div><div class=\"fusion-meta-info\"><div class=\"fusion-alignright\"><a class=\"fusion-read-more\" href=\"https:\/\/ramse.es\/wordpress\/el-dr-arguelles-especialista-en-aparato-digestivo-alerta-sobre-los-riesgos-de-seguir-dietas-sin-gluten-sin-diagnostico-medico\/\" aria-label=\"More on El Dr. Arg\u00fcelles, especialista en aparato digestivo, alerta sobre los riesgos de seguir dietas sin gluten sin diagn\u00f3stico m\u00e9dico\">Leer M\u00e1s<\/a><\/div><\/div><\/article>\n<article id=\"blog-1-post-5294\" class=\"fusion-post-large-alternate post-5294 post type-post status-publish format-standard has-post-thumbnail hentry category-uncategorized tag-cardiologia tag-interacademias tag-ramao tag-ramse\">\n\t<style type=\"text\/css\">\n\t\t\n\t\t\n\t\t\n\t\t\n\t\t\t<\/style>\n\n\n\t\t\t<div class=\"fusion-flexslider flexslider fusion-flexslider-loading fusion-post-slideshow\" style=\"\">\n\t\t<ul class=\"slides\">\n\t\t\t\n\t\t\t\t\t\t\t\t\t\t\t\t\t\t<li><div  class=\"fusion-image-wrapper\" aria-haspopup=\"true\">\n\t\t\t\t<img decoding=\"async\" width=\"2362\" height=\"1772\" src=\"https:\/\/ramse.es\/wordpress\/wp-content\/uploads\/2025\/04\/25040100.jpg\" class=\"attachment-full size-full wp-post-image\" alt=\"\" srcset=\"https:\/\/ramse.es\/wordpress\/wp-content\/uploads\/2025\/04\/25040100-200x150.jpg 200w, https:\/\/ramse.es\/wordpress\/wp-content\/uploads\/2025\/04\/25040100-400x300.jpg 400w, https:\/\/ramse.es\/wordpress\/wp-content\/uploads\/2025\/04\/25040100-600x450.jpg 600w, https:\/\/ramse.es\/wordpress\/wp-content\/uploads\/2025\/04\/25040100-800x600.jpg 800w, https:\/\/ramse.es\/wordpress\/wp-content\/uploads\/2025\/04\/25040100-1200x900.jpg 1200w, https:\/\/ramse.es\/wordpress\/wp-content\/uploads\/2025\/04\/25040100.jpg 2362w\" sizes=\"(max-width: 1000px) 100vw, 800px\" \/><div class=\"fusion-rollover\">\n\t<div class=\"fusion-rollover-content\">\n\n\t\t\t\t\t\t\t\t\t\t\t\t\t\t<a class=\"fusion-rollover-link\" href=\"https:\/\/ramse.es\/wordpress\/primera-reunion-interacademias-symposiumlas-fronteras-de-la-cardiologia\/\">Primera reuni\u00f3n Interacademias. Symposium: \u201cLas Fronteras de la Cardiolog\u00eda\u201d<\/a>\n\t\t\t\n\t\t\t\t\t\t\t\t\t\t\t\t\t\t\n\t\t\t\t\t\t\t\t\n\t\t\t\t\t\t\t\t\t\t\t\t\t<div class=\"fusion-rollover-sep\"><\/div>\n\t\t\t\t\n\t\t\t\t\t\t\t\t\t\t\t\t\t\t\t\t\t\t<a class=\"fusion-rollover-gallery\" href=\"https:\/\/ramse.es\/wordpress\/wp-content\/uploads\/2025\/04\/25040100.jpg\" data-id=\"5294\" data-rel=\"iLightbox[gallery]\" data-title=\"Reunion Interacademias\" data-caption=\"\">\n\t\t\t\t\t\tGaler\u00eda\t\t\t\t\t<\/a>\n\t\t\t\t\t\t\t\t\t\t\t\t\t\t\n\t\t\n\t\t\t\t\t\t\t\t\n\t\t\t\t\t\t\t\t\n\t\t\n\t\t\t\t\t\t<a class=\"fusion-link-wrapper\" href=\"https:\/\/ramse.es\/wordpress\/primera-reunion-interacademias-symposiumlas-fronteras-de-la-cardiologia\/\" aria-label=\"Primera reuni\u00f3n Interacademias. Symposium: \u201cLas Fronteras de la Cardiolog\u00eda\u201d\"><\/a>\n\t<\/div>\n<\/div>\n<\/div>\n<\/li>\n\t\t\t\n\t\t\t\n\t\t\t\t\t\t\t\t\t\t\t\t\t\t\t\t\t\t\t\t\t\t\t\t\t\t\t\t\t\t\t\t\t\t\t\t\t\t\t\t\t\t\t\t\t\t\t\t\t\t\t\t\t\t\t\t\t\t\t\t\t\t\t\t\t\t\t\t<\/ul>\n\t<\/div>\n\t<div class=\"fusion-date-and-formats\"><div class=\"fusion-date-box updated\"><span class=\"fusion-date\">abril<\/span><span class=\"fusion-month-year\">2:19 pm<\/span><\/div><div class=\"fusion-format-box\"><i class=\"awb-icon-pen\" aria-hidden=\"true\"><\/i><\/div><\/div><div class=\"fusion-post-content post-content\"><h2 class=\"blog-shortcode-post-title entry-title\"><a href=\"https:\/\/ramse.es\/wordpress\/primera-reunion-interacademias-symposiumlas-fronteras-de-la-cardiologia\/\">Primera reuni\u00f3n Interacademias. Symposium: \u201cLas Fronteras de la Cardiolog\u00eda\u201d<\/a><\/h2><p class=\"fusion-single-line-meta\">Por <span class=\"vcard\"><span class=\"fn\"><a href=\"https:\/\/ramse.es\/wordpress\/author\/prensa\/\" title=\"Entradas de Mar\u00eda\" rel=\"author\">Mar\u00eda<\/a><\/span><\/span><span class=\"fusion-inline-sep\">|<\/span><span class=\"updated\" style=\"display:none;\">2025-04-14T19:04:20+02:00<\/span><span>abril 5th, 2025<\/span><span class=\"fusion-inline-sep\">|<\/span>Categor\u00edas: <a href=\"https:\/\/ramse.es\/wordpress\/category\/uncategorized\/\" rel=\"category tag\">Uncategorized<\/a><span class=\"fusion-inline-sep\">|<\/span><span class=\"meta-tags\">Etiquetas: <a href=\"https:\/\/ramse.es\/wordpress\/tag\/cardiologia\/\" rel=\"tag\">Cardiologia<\/a>, <a href=\"https:\/\/ramse.es\/wordpress\/tag\/interacademias\/\" rel=\"tag\">Interacademias<\/a>, <a href=\"https:\/\/ramse.es\/wordpress\/tag\/ramao\/\" rel=\"tag\">RAMAO<\/a>, <a href=\"https:\/\/ramse.es\/wordpress\/tag\/ramse\/\" rel=\"tag\">RAMSE<\/a><\/span><span class=\"fusion-inline-sep\">|<\/span><\/p><div class=\"fusion-post-content-container\"><p>La Real Academia de Medicina y Cirug\u00eda de Sevilla (RAMSE) ha acogido la primera reuni\u00f3n interacademias, un encuentro\u00a0 organizado por las Academias de Medicina de Andaluc\u00eda. El objeto de estos encuentros surge porque la Real Academias de Medicina y Cirug\u00eda de Sevilla (RAMSE) y la Real Academia de Medicina y Cirug\u00eda de Andaluc\u00eda Oriental (RAMAO) acordaron realizar una serie de reuniones cient\u00edficas conjuntas a celebrar, de forma alternativa, en las <a href=\"https:\/\/ramse.es\/wordpress\/primera-reunion-interacademias-symposiumlas-fronteras-de-la-cardiologia\/\">[...]<\/a><\/p><\/div><\/div><div class=\"fusion-clearfix\"><\/div><div class=\"fusion-meta-info\"><div class=\"fusion-alignright\"><a class=\"fusion-read-more\" href=\"https:\/\/ramse.es\/wordpress\/primera-reunion-interacademias-symposiumlas-fronteras-de-la-cardiologia\/\" aria-label=\"More on Primera reuni\u00f3n Interacademias. Symposium: \u201cLas Fronteras de la Cardiolog\u00eda\u201d\">Leer M\u00e1s<\/a><\/div><\/div><\/article>\n<article id=\"blog-1-post-5269\" class=\"fusion-post-large-alternate post-5269 post type-post status-publish format-standard has-post-thumbnail hentry category-fundacion-ramse category-fundacion-real-academia-de-medicina-y-cirugia-de-sevilla tag-dr-rafael-de-cabo tag-envejecimiento tag-longevidad\">\n\t<style type=\"text\/css\">\n\t\t\n\t\t\n\t\t\n\t\t\n\t\t\t<\/style>\n\n\n\t\t\t<div class=\"fusion-flexslider flexslider fusion-flexslider-loading fusion-post-slideshow\" style=\"\">\n\t\t<ul class=\"slides\">\n\t\t\t\n\t\t\t\t\t\t\t\t\t\t\t\t\t\t<li><div  class=\"fusion-image-wrapper\" aria-haspopup=\"true\">\n\t\t\t\t<img decoding=\"async\" width=\"2362\" height=\"1772\" src=\"https:\/\/ramse.es\/wordpress\/wp-content\/uploads\/2025\/03\/25030844.jpg\" class=\"attachment-full size-full wp-post-image\" alt=\"\" srcset=\"https:\/\/ramse.es\/wordpress\/wp-content\/uploads\/2025\/03\/25030844-200x150.jpg 200w, https:\/\/ramse.es\/wordpress\/wp-content\/uploads\/2025\/03\/25030844-400x300.jpg 400w, https:\/\/ramse.es\/wordpress\/wp-content\/uploads\/2025\/03\/25030844-600x450.jpg 600w, https:\/\/ramse.es\/wordpress\/wp-content\/uploads\/2025\/03\/25030844-800x600.jpg 800w, https:\/\/ramse.es\/wordpress\/wp-content\/uploads\/2025\/03\/25030844-1200x900.jpg 1200w, https:\/\/ramse.es\/wordpress\/wp-content\/uploads\/2025\/03\/25030844.jpg 2362w\" sizes=\"(max-width: 1000px) 100vw, 800px\" \/><div class=\"fusion-rollover\">\n\t<div class=\"fusion-rollover-content\">\n\n\t\t\t\t\t\t\t\t\t\t\t\t\t\t<a class=\"fusion-rollover-link\" href=\"https:\/\/ramse.es\/wordpress\/el-dr-rafael-de-cabo-aborda-la-longevidad-saludable-en-la-ramse\/\">El Dr. Rafael de Cabo aborda la longevidad saludable en la RAMSE<\/a>\n\t\t\t\n\t\t\t\t\t\t\t\t\t\t\t\t\t\t\n\t\t\t\t\t\t\t\t\n\t\t\t\t\t\t\t\t\t\t\t\t\t<div class=\"fusion-rollover-sep\"><\/div>\n\t\t\t\t\n\t\t\t\t\t\t\t\t\t\t\t\t\t\t\t\t\t\t<a class=\"fusion-rollover-gallery\" href=\"https:\/\/ramse.es\/wordpress\/wp-content\/uploads\/2025\/03\/25030844.jpg\" data-id=\"5269\" data-rel=\"iLightbox[gallery]\" data-title=\"25030844\" data-caption=\"\">\n\t\t\t\t\t\tGaler\u00eda\t\t\t\t\t<\/a>\n\t\t\t\t\t\t\t\t\t\t\t\t\t\t\n\t\t\n\t\t\t\t\t\t\t\t\n\t\t\t\t\t\t\t\t\n\t\t\n\t\t\t\t\t\t<a class=\"fusion-link-wrapper\" href=\"https:\/\/ramse.es\/wordpress\/el-dr-rafael-de-cabo-aborda-la-longevidad-saludable-en-la-ramse\/\" aria-label=\"El Dr. Rafael de Cabo aborda la longevidad saludable en la RAMSE\"><\/a>\n\t<\/div>\n<\/div>\n<\/div>\n<\/li>\n\t\t\t\n\t\t\t\n\t\t\t\t\t\t\t\t\t\t\t\t\t\t\t\t\t\t\t\t\t\t\t\t\t\t\t\t\t\t\t\t\t\t\t\t\t\t\t\t\t\t\t\t\t\t\t\t\t\t\t\t\t\t\t\t\t\t\t\t\t\t\t\t\t\t\t\t<\/ul>\n\t<\/div>\n\t<div class=\"fusion-date-and-formats\"><div class=\"fusion-date-box updated\"><span class=\"fusion-date\">marzo<\/span><span class=\"fusion-month-year\">2:55 pm<\/span><\/div><div class=\"fusion-format-box\"><i class=\"awb-icon-pen\" aria-hidden=\"true\"><\/i><\/div><\/div><div class=\"fusion-post-content post-content\"><h2 class=\"blog-shortcode-post-title entry-title\"><a href=\"https:\/\/ramse.es\/wordpress\/el-dr-rafael-de-cabo-aborda-la-longevidad-saludable-en-la-ramse\/\">El Dr. Rafael de Cabo aborda la longevidad saludable en la RAMSE<\/a><\/h2><p class=\"fusion-single-line-meta\">Por <span class=\"vcard\"><span class=\"fn\"><a href=\"https:\/\/ramse.es\/wordpress\/author\/prensa\/\" title=\"Entradas de Mar\u00eda\" rel=\"author\">Mar\u00eda<\/a><\/span><\/span><span class=\"fusion-inline-sep\">|<\/span><span class=\"updated\" style=\"display:none;\">2025-03-28T17:13:28+02:00<\/span><span>marzo 28th, 2025<\/span><span class=\"fusion-inline-sep\">|<\/span>Categor\u00edas: <a href=\"https:\/\/ramse.es\/wordpress\/category\/fundacion-ramse\/\" rel=\"category tag\">Fundaci\u00f3n RAMSE<\/a>, <a href=\"https:\/\/ramse.es\/wordpress\/category\/fundacion-real-academia-de-medicina-y-cirugia-de-sevilla\/\" rel=\"category tag\">Fundaci\u00f3n Real Academia de Medicina y Cirug\u00eda de Sevilla<\/a><span class=\"fusion-inline-sep\">|<\/span><span class=\"meta-tags\">Etiquetas: <a href=\"https:\/\/ramse.es\/wordpress\/tag\/dr-rafael-de-cabo\/\" rel=\"tag\">Dr. Rafael de Cabo<\/a>, <a href=\"https:\/\/ramse.es\/wordpress\/tag\/envejecimiento\/\" rel=\"tag\">envejecimiento<\/a>, <a href=\"https:\/\/ramse.es\/wordpress\/tag\/longevidad\/\" rel=\"tag\">Longevidad<\/a><\/span><span class=\"fusion-inline-sep\">|<\/span><\/p><div class=\"fusion-post-content-container\"><p>La Fundaci\u00f3n Real Academia de Medicina y Cirug\u00eda de Sevilla (RAMSE), en colaboraci\u00f3n con la Fundaci\u00f3n Morera&amp;Vallejo, ha organizado la conferencia magistral titulada \u201cAyuno y Dieta para una Longevidad Saludable\u201d, que ha pronunciado el Dr. Rafael de Cabo Moreno, Chief of the Translational Gerontology Branch at the National Institutes on Aging, National Institutes of Health, USA, que ha sido presentado por el Dr. Jos\u00e9 L\u00f3pez Barneo, Acad\u00e9mico de N\u00famero de <a href=\"https:\/\/ramse.es\/wordpress\/el-dr-rafael-de-cabo-aborda-la-longevidad-saludable-en-la-ramse\/\">[...]<\/a><\/p><\/div><\/div><div class=\"fusion-clearfix\"><\/div><div class=\"fusion-meta-info\"><div class=\"fusion-alignright\"><a class=\"fusion-read-more\" href=\"https:\/\/ramse.es\/wordpress\/el-dr-rafael-de-cabo-aborda-la-longevidad-saludable-en-la-ramse\/\" aria-label=\"More on El Dr. Rafael de Cabo aborda la longevidad saludable en la RAMSE\">Leer M\u00e1s<\/a><\/div><\/div><\/article>\n<article id=\"blog-1-post-5285\" class=\"fusion-post-large-alternate post-5285 post type-post status-publish format-standard has-post-thumbnail hentry category-actos-academicos tag-medicina-forense-y-accion-humanitaria tag-medicina-legal tag-profesor-duarte-nuno-vieira\">\n\t<style type=\"text\/css\">\n\t\t\n\t\t\n\t\t\n\t\t\n\t\t\t<\/style>\n\n\n\t\t\t<div class=\"fusion-flexslider flexslider fusion-flexslider-loading fusion-post-slideshow\" style=\"\">\n\t\t<ul class=\"slides\">\n\t\t\t\n\t\t\t\t\t\t\t\t\t\t\t\t\t\t<li><div  class=\"fusion-image-wrapper\" aria-haspopup=\"true\">\n\t\t\t\t<img decoding=\"async\" width=\"2362\" height=\"1772\" src=\"https:\/\/ramse.es\/wordpress\/wp-content\/uploads\/2025\/03\/25030622.jpg\" class=\"attachment-full size-full wp-post-image\" alt=\"\" srcset=\"https:\/\/ramse.es\/wordpress\/wp-content\/uploads\/2025\/03\/25030622-200x150.jpg 200w, https:\/\/ramse.es\/wordpress\/wp-content\/uploads\/2025\/03\/25030622-400x300.jpg 400w, https:\/\/ramse.es\/wordpress\/wp-content\/uploads\/2025\/03\/25030622-600x450.jpg 600w, https:\/\/ramse.es\/wordpress\/wp-content\/uploads\/2025\/03\/25030622-800x600.jpg 800w, https:\/\/ramse.es\/wordpress\/wp-content\/uploads\/2025\/03\/25030622-1200x900.jpg 1200w, https:\/\/ramse.es\/wordpress\/wp-content\/uploads\/2025\/03\/25030622.jpg 2362w\" sizes=\"(max-width: 1000px) 100vw, 800px\" \/><div class=\"fusion-rollover\">\n\t<div class=\"fusion-rollover-content\">\n\n\t\t\t\t\t\t\t\t\t\t\t\t\t\t<a class=\"fusion-rollover-link\" href=\"https:\/\/ramse.es\/wordpress\/el-prof-nuno-vieira-aporta-su-vision-sobre-la-medicina-forense-y-la-accion-humanitaria-en-la-ramse\/\">El Prof. Nuno Vieira aporta su visi\u00f3n sobre la medicina forense y la acci\u00f3n humanitaria en la RAMSE<\/a>\n\t\t\t\n\t\t\t\t\t\t\t\t\t\t\t\t\t\t\n\t\t\t\t\t\t\t\t\n\t\t\t\t\t\t\t\t\t\t\t\t\t<div class=\"fusion-rollover-sep\"><\/div>\n\t\t\t\t\n\t\t\t\t\t\t\t\t\t\t\t\t\t\t\t\t\t\t<a class=\"fusion-rollover-gallery\" href=\"https:\/\/ramse.es\/wordpress\/wp-content\/uploads\/2025\/03\/25030622.jpg\" data-id=\"5285\" data-rel=\"iLightbox[gallery]\" data-title=\"25030622\" data-caption=\"\">\n\t\t\t\t\t\tGaler\u00eda\t\t\t\t\t<\/a>\n\t\t\t\t\t\t\t\t\t\t\t\t\t\t\n\t\t\n\t\t\t\t\t\t\t\t\n\t\t\t\t\t\t\t\t\n\t\t\n\t\t\t\t\t\t<a class=\"fusion-link-wrapper\" href=\"https:\/\/ramse.es\/wordpress\/el-prof-nuno-vieira-aporta-su-vision-sobre-la-medicina-forense-y-la-accion-humanitaria-en-la-ramse\/\" aria-label=\"El Prof. Nuno Vieira aporta su visi\u00f3n sobre la medicina forense y la acci\u00f3n humanitaria en la RAMSE\"><\/a>\n\t<\/div>\n<\/div>\n<\/div>\n<\/li>\n\t\t\t\n\t\t\t\n\t\t\t\t\t\t\t\t\t\t\t\t\t\t\t\t\t\t\t\t\t\t\t\t\t\t\t\t\t\t\t\t\t\t\t\t\t\t\t\t\t\t\t\t\t\t\t\t\t\t\t\t\t\t\t\t\t\t\t\t\t\t\t\t\t\t\t\t<\/ul>\n\t<\/div>\n\t<div class=\"fusion-date-and-formats\"><div class=\"fusion-date-box updated\"><span class=\"fusion-date\">marzo<\/span><span class=\"fusion-month-year\">12:03 pm<\/span><\/div><div class=\"fusion-format-box\"><i class=\"awb-icon-pen\" aria-hidden=\"true\"><\/i><\/div><\/div><div class=\"fusion-post-content post-content\"><h2 class=\"blog-shortcode-post-title entry-title\"><a href=\"https:\/\/ramse.es\/wordpress\/el-prof-nuno-vieira-aporta-su-vision-sobre-la-medicina-forense-y-la-accion-humanitaria-en-la-ramse\/\">El Prof. Nuno Vieira aporta su visi\u00f3n sobre la medicina forense y la acci\u00f3n humanitaria en la RAMSE<\/a><\/h2><p class=\"fusion-single-line-meta\">Por <span class=\"vcard\"><span class=\"fn\"><a href=\"https:\/\/ramse.es\/wordpress\/author\/prensa\/\" title=\"Entradas de Mar\u00eda\" rel=\"author\">Mar\u00eda<\/a><\/span><\/span><span class=\"fusion-inline-sep\">|<\/span><span class=\"updated\" style=\"display:none;\">2025-03-30T22:42:06+02:00<\/span><span>marzo 21st, 2025<\/span><span class=\"fusion-inline-sep\">|<\/span>Categor\u00edas: <a href=\"https:\/\/ramse.es\/wordpress\/category\/actos-academicos\/\" rel=\"category tag\">Actos Acad\u00e9micos<\/a><span class=\"fusion-inline-sep\">|<\/span><span class=\"meta-tags\">Etiquetas: <a href=\"https:\/\/ramse.es\/wordpress\/tag\/medicina-forense-y-accion-humanitaria\/\" rel=\"tag\">medicina forense y acci\u00f3n humanitaria<\/a>, <a href=\"https:\/\/ramse.es\/wordpress\/tag\/medicina-legal\/\" rel=\"tag\">medicina legal<\/a>, <a href=\"https:\/\/ramse.es\/wordpress\/tag\/profesor-duarte-nuno-vieira\/\" rel=\"tag\">Profesor Duarte Nuno Vieira<\/a><\/span><span class=\"fusion-inline-sep\">|<\/span><\/p><div class=\"fusion-post-content-container\"><p>La Real Academia de Medicina y Cirug\u00eda de Sevilla ha acogido la Conferencia titulada \u201cMedicina forense y acci\u00f3n humanitaria\u201d, impartida por Ilmo. Sr. D. Duarte Nuno Vieira, Presidente de la Academia Nacional de Medicina de Portugal. Presidente del Comit\u00e9 Cient\u00edfico del Tribunal Penal Internacional. Catedr\u00e1tico de Medicina Legal de la Universidad de Coimbra. La conferencia abord\u00f3 los diferentes aspectos de la acci\u00f3n humanitaria forense basada en la experiencia acumulada por <a href=\"https:\/\/ramse.es\/wordpress\/el-prof-nuno-vieira-aporta-su-vision-sobre-la-medicina-forense-y-la-accion-humanitaria-en-la-ramse\/\">[...]<\/a><\/p><\/div><\/div><div class=\"fusion-clearfix\"><\/div><div class=\"fusion-meta-info\"><div class=\"fusion-alignright\"><a class=\"fusion-read-more\" href=\"https:\/\/ramse.es\/wordpress\/el-prof-nuno-vieira-aporta-su-vision-sobre-la-medicina-forense-y-la-accion-humanitaria-en-la-ramse\/\" aria-label=\"More on El Prof. Nuno Vieira aporta su visi\u00f3n sobre la medicina forense y la acci\u00f3n humanitaria en la RAMSE\">Leer M\u00e1s<\/a><\/div><\/div><\/article>\n<article id=\"blog-1-post-5211\" class=\"fusion-post-large-alternate post-5211 post type-post status-publish format-standard has-post-thumbnail hentry category-catedra-mas category-fundacion-ramse tag-dr-felipe-martinez-alcala tag-fundacion-martin-andaluza-de-supermercados-mas tag-fundacion-ramse\">\n\t<style type=\"text\/css\">\n\t\t\n\t\t\n\t\t\n\t\t\n\t\t\t<\/style>\n\n\n\t\t\t<div class=\"fusion-flexslider flexslider fusion-flexslider-loading fusion-post-slideshow\" style=\"\">\n\t\t<ul class=\"slides\">\n\t\t\t\n\t\t\t\t\t\t\t\t\t\t\t\t\t\t<li><div  class=\"fusion-image-wrapper\" aria-haspopup=\"true\">\n\t\t\t\t<img decoding=\"async\" width=\"2362\" height=\"1772\" src=\"https:\/\/ramse.es\/wordpress\/wp-content\/uploads\/2025\/03\/25030326.jpg\" class=\"attachment-full size-full wp-post-image\" alt=\"\" srcset=\"https:\/\/ramse.es\/wordpress\/wp-content\/uploads\/2025\/03\/25030326-200x150.jpg 200w, https:\/\/ramse.es\/wordpress\/wp-content\/uploads\/2025\/03\/25030326-400x300.jpg 400w, https:\/\/ramse.es\/wordpress\/wp-content\/uploads\/2025\/03\/25030326-600x450.jpg 600w, https:\/\/ramse.es\/wordpress\/wp-content\/uploads\/2025\/03\/25030326-800x600.jpg 800w, https:\/\/ramse.es\/wordpress\/wp-content\/uploads\/2025\/03\/25030326-1200x900.jpg 1200w, https:\/\/ramse.es\/wordpress\/wp-content\/uploads\/2025\/03\/25030326.jpg 2362w\" sizes=\"(max-width: 1000px) 100vw, 800px\" \/><div class=\"fusion-rollover\">\n\t<div class=\"fusion-rollover-content\">\n\n\t\t\t\t\t\t\t\t\t\t\t\t\t\t<a class=\"fusion-rollover-link\" href=\"https:\/\/ramse.es\/wordpress\/conferencia-mantener-sano-el-estomago-catedra-mas-alimentacion-y-salud\/\">Conferencia \u00abMantener sano el est\u00f3mago\u00bb. C\u00e1tedra MAS Alimentaci\u00f3n y Salud<\/a>\n\t\t\t\n\t\t\t\t\t\t\t\t\t\t\t\t\t\t\n\t\t\t\t\t\t\t\t\n\t\t\t\t\t\t\t\t\t\t\t\t\t<div class=\"fusion-rollover-sep\"><\/div>\n\t\t\t\t\n\t\t\t\t\t\t\t\t\t\t\t\t\t\t\t\t\t\t<a class=\"fusion-rollover-gallery\" href=\"https:\/\/ramse.es\/wordpress\/wp-content\/uploads\/2025\/03\/25030326.jpg\" data-id=\"5211\" data-rel=\"iLightbox[gallery]\" data-title=\"25030326\" data-caption=\"\">\n\t\t\t\t\t\tGaler\u00eda\t\t\t\t\t<\/a>\n\t\t\t\t\t\t\t\t\t\t\t\t\t\t\n\t\t\n\t\t\t\t\t\t\t\t\n\t\t\t\t\t\t\t\t\n\t\t\n\t\t\t\t\t\t<a class=\"fusion-link-wrapper\" href=\"https:\/\/ramse.es\/wordpress\/conferencia-mantener-sano-el-estomago-catedra-mas-alimentacion-y-salud\/\" aria-label=\"Conferencia \u00abMantener sano el est\u00f3mago\u00bb. C\u00e1tedra MAS Alimentaci\u00f3n y Salud\"><\/a>\n\t<\/div>\n<\/div>\n<\/div>\n<\/li>\n\t\t\t\n\t\t\t\n\t\t\t\t\t\t\t\t\t\t\t\t\t\t\t\t\t\t\t\t\t\t\t\t\t\t\t\t\t\t\t\t\t\t\t\t\t\t\t\t\t\t\t\t\t\t\t\t\t\t\t\t\t\t\t\t\t\t\t\t\t\t\t\t\t\t\t\t<\/ul>\n\t<\/div>\n\t<div class=\"fusion-date-and-formats\"><div class=\"fusion-date-box updated\"><span class=\"fusion-date\">marzo<\/span><span class=\"fusion-month-year\">12:29 pm<\/span><\/div><div class=\"fusion-format-box\"><i class=\"awb-icon-pen\" aria-hidden=\"true\"><\/i><\/div><\/div><div class=\"fusion-post-content post-content\"><h2 class=\"blog-shortcode-post-title entry-title\"><a href=\"https:\/\/ramse.es\/wordpress\/conferencia-mantener-sano-el-estomago-catedra-mas-alimentacion-y-salud\/\">Conferencia \u00abMantener sano el est\u00f3mago\u00bb. C\u00e1tedra MAS Alimentaci\u00f3n y Salud<\/a><\/h2><p class=\"fusion-single-line-meta\">Por <span class=\"vcard\"><span class=\"fn\"><a href=\"https:\/\/ramse.es\/wordpress\/author\/prensa\/\" title=\"Entradas de Mar\u00eda\" rel=\"author\">Mar\u00eda<\/a><\/span><\/span><span class=\"fusion-inline-sep\">|<\/span><span class=\"updated\" style=\"display:none;\">2025-03-16T09:43:51+02:00<\/span><span>marzo 13th, 2025<\/span><span class=\"fusion-inline-sep\">|<\/span>Categor\u00edas: <a href=\"https:\/\/ramse.es\/wordpress\/category\/catedra-mas\/\" rel=\"category tag\">Catedra MAS<\/a>, <a href=\"https:\/\/ramse.es\/wordpress\/category\/fundacion-ramse\/\" rel=\"category tag\">Fundaci\u00f3n RAMSE<\/a><span class=\"fusion-inline-sep\">|<\/span><span class=\"meta-tags\">Etiquetas: <a href=\"https:\/\/ramse.es\/wordpress\/tag\/dr-felipe-martinez-alcala\/\" rel=\"tag\">Dr. Felipe Martinez Alcal\u00e1<\/a>, <a href=\"https:\/\/ramse.es\/wordpress\/tag\/fundacion-martin-andaluza-de-supermercados-mas\/\" rel=\"tag\">Fundaci\u00f3n Mart\u00edn Andaluza de Supermercados (MAS)<\/a>, <a href=\"https:\/\/ramse.es\/wordpress\/tag\/fundacion-ramse\/\" rel=\"tag\">Fundaci\u00f3n RAMSE<\/a><\/span><span class=\"fusion-inline-sep\">|<\/span><\/p><div class=\"fusion-post-content-container\"><p>La Fundaci\u00f3n Real Academia de Medicina y Cirug\u00eda de Sevilla y la Fundaci\u00f3n Mart\u00edn Andaluza de Supermercados (MAS) han organizado, a trav\u00e9s de la C\u00e1tedra MAS Alimentaci\u00f3n y Salud, la conferencia magistral titulada: \"Mantener sano el est\u00f3mago\", impartida por Ilmo. Sr. Dr. Felipe Mart\u00ednez Alcal\u00e1, Decano de la Facultad de Ciencias de la Salud de la Universidad Fernando III CEU de Sevilla y Acad\u00e9mico de N\u00famero de la RAMSE. El <a href=\"https:\/\/ramse.es\/wordpress\/conferencia-mantener-sano-el-estomago-catedra-mas-alimentacion-y-salud\/\">[...]<\/a><\/p><\/div><\/div><div class=\"fusion-clearfix\"><\/div><div class=\"fusion-meta-info\"><div class=\"fusion-alignright\"><a class=\"fusion-read-more\" href=\"https:\/\/ramse.es\/wordpress\/conferencia-mantener-sano-el-estomago-catedra-mas-alimentacion-y-salud\/\" aria-label=\"More on Conferencia \u00abMantener sano el est\u00f3mago\u00bb. C\u00e1tedra MAS Alimentaci\u00f3n y Salud\">Leer M\u00e1s<\/a><\/div><\/div><\/article>\n<article id=\"blog-1-post-5236\" class=\"fusion-post-large-alternate post-5236 post type-post status-publish format-standard has-post-thumbnail hentry category-actos-academicos category-mesa-redonda tag-fracturas tag-traumatologia\">\n\t<style type=\"text\/css\">\n\t\t\n\t\t\n\t\t\n\t\t\n\t\t\t<\/style>\n\n\n\t\t\t<div class=\"fusion-flexslider flexslider fusion-flexslider-loading fusion-post-slideshow\" style=\"\">\n\t\t<ul class=\"slides\">\n\t\t\t\n\t\t\t\t\t\t\t\t\t\t\t\t\t\t<li><div  class=\"fusion-image-wrapper\" aria-haspopup=\"true\">\n\t\t\t\t<img decoding=\"async\" width=\"2362\" height=\"1772\" src=\"https:\/\/ramse.es\/wordpress\/wp-content\/uploads\/2025\/03\/25030074.jpg\" class=\"attachment-full size-full wp-post-image\" alt=\"\" srcset=\"https:\/\/ramse.es\/wordpress\/wp-content\/uploads\/2025\/03\/25030074-200x150.jpg 200w, https:\/\/ramse.es\/wordpress\/wp-content\/uploads\/2025\/03\/25030074-400x300.jpg 400w, https:\/\/ramse.es\/wordpress\/wp-content\/uploads\/2025\/03\/25030074-600x450.jpg 600w, https:\/\/ramse.es\/wordpress\/wp-content\/uploads\/2025\/03\/25030074-800x600.jpg 800w, https:\/\/ramse.es\/wordpress\/wp-content\/uploads\/2025\/03\/25030074-1200x900.jpg 1200w, https:\/\/ramse.es\/wordpress\/wp-content\/uploads\/2025\/03\/25030074.jpg 2362w\" sizes=\"(max-width: 1000px) 100vw, 800px\" \/><div class=\"fusion-rollover\">\n\t<div class=\"fusion-rollover-content\">\n\n\t\t\t\t\t\t\t\t\t\t\t\t\t\t<a class=\"fusion-rollover-link\" href=\"https:\/\/ramse.es\/wordpress\/mesa-redonda-lo-ultimo-en-el-tratamiento-de-las-fracturas\/\">Mesa Redonda: Lo \u00faltimo en el tratamiento de las fracturas<\/a>\n\t\t\t\n\t\t\t\t\t\t\t\t\t\t\t\t\t\t\n\t\t\t\t\t\t\t\t\n\t\t\t\t\t\t\t\t\t\t\t\t\t<div class=\"fusion-rollover-sep\"><\/div>\n\t\t\t\t\n\t\t\t\t\t\t\t\t\t\t\t\t\t\t\t\t\t\t<a class=\"fusion-rollover-gallery\" href=\"https:\/\/ramse.es\/wordpress\/wp-content\/uploads\/2025\/03\/25030074.jpg\" data-id=\"5236\" data-rel=\"iLightbox[gallery]\" data-title=\"25030074\" data-caption=\"\">\n\t\t\t\t\t\tGaler\u00eda\t\t\t\t\t<\/a>\n\t\t\t\t\t\t\t\t\t\t\t\t\t\t\n\t\t\n\t\t\t\t\t\t\t\t\n\t\t\t\t\t\t\t\t\n\t\t\n\t\t\t\t\t\t<a class=\"fusion-link-wrapper\" href=\"https:\/\/ramse.es\/wordpress\/mesa-redonda-lo-ultimo-en-el-tratamiento-de-las-fracturas\/\" aria-label=\"Mesa Redonda: Lo \u00faltimo en el tratamiento de las fracturas\"><\/a>\n\t<\/div>\n<\/div>\n<\/div>\n<\/li>\n\t\t\t\n\t\t\t\n\t\t\t\t\t\t\t\t\t\t\t\t\t\t\t\t\t\t\t\t\t\t\t\t\t\t\t\t\t\t\t\t\t\t\t\t\t\t\t\t\t\t\t\t\t\t\t\t\t\t\t\t\t\t\t\t\t\t\t\t\t\t\t\t\t\t\t\t<\/ul>\n\t<\/div>\n\t<div class=\"fusion-date-and-formats\"><div class=\"fusion-date-box updated\"><span class=\"fusion-date\">marzo<\/span><span class=\"fusion-month-year\">7:20 pm<\/span><\/div><div class=\"fusion-format-box\"><i class=\"awb-icon-pen\" aria-hidden=\"true\"><\/i><\/div><\/div><div class=\"fusion-post-content post-content\"><h2 class=\"blog-shortcode-post-title entry-title\"><a href=\"https:\/\/ramse.es\/wordpress\/mesa-redonda-lo-ultimo-en-el-tratamiento-de-las-fracturas\/\">Mesa Redonda: Lo \u00faltimo en el tratamiento de las fracturas<\/a><\/h2><p class=\"fusion-single-line-meta\">Por <span class=\"vcard\"><span class=\"fn\"><a href=\"https:\/\/ramse.es\/wordpress\/author\/prensa\/\" title=\"Entradas de Mar\u00eda\" rel=\"author\">Mar\u00eda<\/a><\/span><\/span><span class=\"fusion-inline-sep\">|<\/span><span class=\"updated\" style=\"display:none;\">2025-03-16T21:54:32+02:00<\/span><span>marzo 8th, 2025<\/span><span class=\"fusion-inline-sep\">|<\/span>Categor\u00edas: <a href=\"https:\/\/ramse.es\/wordpress\/category\/actos-academicos\/\" rel=\"category tag\">Actos Acad\u00e9micos<\/a>, <a href=\"https:\/\/ramse.es\/wordpress\/category\/mesa-redonda\/\" rel=\"category tag\">Mesa redonda<\/a><span class=\"fusion-inline-sep\">|<\/span><span class=\"meta-tags\">Etiquetas: <a href=\"https:\/\/ramse.es\/wordpress\/tag\/fracturas\/\" rel=\"tag\">Fracturas<\/a>, <a href=\"https:\/\/ramse.es\/wordpress\/tag\/traumatologia\/\" rel=\"tag\">Traumatolog\u00eda<\/a><\/span><span class=\"fusion-inline-sep\">|<\/span><\/p><div class=\"fusion-post-content-container\"><p>La Real Academia de Medicina y Cirug\u00eda de Sevilla ha acogido la mesa redonda titulada \"Lo \u00faltimo en el tratamiento de las fracturas\", organizada por el Ilmo. Sr. Dr. D. Fernando S\u00e1enz L\u00f3pez de Rueda Acad\u00e9mico de N\u00famero de la RAMSE y Profesor Em\u00e9rito de la Universidad de Sevilla. Afirmando durante su presentaci\u00f3n que \"no estamos en posesi\u00f3n de l\u00edneas maestras para el tratamiento de las fracturas, ni de establecer <a href=\"https:\/\/ramse.es\/wordpress\/mesa-redonda-lo-ultimo-en-el-tratamiento-de-las-fracturas\/\">[...]<\/a><\/p><\/div><\/div><div class=\"fusion-clearfix\"><\/div><div class=\"fusion-meta-info\"><div class=\"fusion-alignright\"><a class=\"fusion-read-more\" href=\"https:\/\/ramse.es\/wordpress\/mesa-redonda-lo-ultimo-en-el-tratamiento-de-las-fracturas\/\" aria-label=\"More on Mesa Redonda: Lo \u00faltimo en el tratamiento de las fracturas\">Leer M\u00e1s<\/a><\/div><\/div><\/article>\n<article id=\"blog-1-post-5140\" class=\"fusion-post-large-alternate post-5140 post type-post status-publish format-standard has-post-thumbnail hentry category-academico-de-erudicion tag-arzobispo-de-sevilla tag-monsenor-saiz-meneses\">\n\t<style type=\"text\/css\">\n\t\t\n\t\t\n\t\t\n\t\t\n\t\t\t<\/style>\n\n\n\t\t\t<div class=\"fusion-flexslider flexslider fusion-flexslider-loading fusion-post-slideshow\" style=\"\">\n\t\t<ul class=\"slides\">\n\t\t\t\n\t\t\t\t\t\t\t\t\t\t\t\t\t\t<li><div  class=\"fusion-image-wrapper\" aria-haspopup=\"true\">\n\t\t\t\t<img decoding=\"async\" width=\"1500\" height=\"1125\" src=\"https:\/\/ramse.es\/wordpress\/wp-content\/uploads\/2025\/02\/RAMSE.-Monsenor-Jose-Angel-Saiz-Meneses.jpg\" class=\"attachment-full size-full wp-post-image\" alt=\"\" srcset=\"https:\/\/ramse.es\/wordpress\/wp-content\/uploads\/2025\/02\/RAMSE.-Monsenor-Jose-Angel-Saiz-Meneses-200x150.jpg 200w, https:\/\/ramse.es\/wordpress\/wp-content\/uploads\/2025\/02\/RAMSE.-Monsenor-Jose-Angel-Saiz-Meneses-400x300.jpg 400w, https:\/\/ramse.es\/wordpress\/wp-content\/uploads\/2025\/02\/RAMSE.-Monsenor-Jose-Angel-Saiz-Meneses-600x450.jpg 600w, https:\/\/ramse.es\/wordpress\/wp-content\/uploads\/2025\/02\/RAMSE.-Monsenor-Jose-Angel-Saiz-Meneses-800x600.jpg 800w, https:\/\/ramse.es\/wordpress\/wp-content\/uploads\/2025\/02\/RAMSE.-Monsenor-Jose-Angel-Saiz-Meneses-1200x900.jpg 1200w, https:\/\/ramse.es\/wordpress\/wp-content\/uploads\/2025\/02\/RAMSE.-Monsenor-Jose-Angel-Saiz-Meneses.jpg 1500w\" sizes=\"(max-width: 1000px) 100vw, 800px\" \/><div class=\"fusion-rollover\">\n\t<div class=\"fusion-rollover-content\">\n\n\t\t\t\t\t\t\t\t\t\t\t\t\t\t<a class=\"fusion-rollover-link\" href=\"https:\/\/ramse.es\/wordpress\/el-arzobispo-de-sevilla-monsenor-jose-angel-saiz-meneses-nuevo-academico-de-erudicion-de-la-ramse\/\">El Arzobispo de Sevilla, Monse\u00f1or Jos\u00e9 \u00c1ngel Saiz Meneses, nuevo Acad\u00e9mico de Erudici\u00f3n de la RAMSE<\/a>\n\t\t\t\n\t\t\t\t\t\t\t\t\t\t\t\t\t\t\n\t\t\t\t\t\t\t\t\n\t\t\t\t\t\t\t\t\t\t\t\t\t<div class=\"fusion-rollover-sep\"><\/div>\n\t\t\t\t\n\t\t\t\t\t\t\t\t\t\t\t\t\t\t\t\t\t\t<a class=\"fusion-rollover-gallery\" href=\"https:\/\/ramse.es\/wordpress\/wp-content\/uploads\/2025\/02\/RAMSE.-Monsenor-Jose-Angel-Saiz-Meneses.jpg\" data-id=\"5140\" data-rel=\"iLightbox[gallery]\" data-title=\"RAMSE. Monsen\u0303or Jose\u0301 A\u0301ngel Saiz Meneses\" data-caption=\"\">\n\t\t\t\t\t\tGaler\u00eda\t\t\t\t\t<\/a>\n\t\t\t\t\t\t\t\t\t\t\t\t\t\t\n\t\t\n\t\t\t\t\t\t\t\t\n\t\t\t\t\t\t\t\t\n\t\t\n\t\t\t\t\t\t<a class=\"fusion-link-wrapper\" href=\"https:\/\/ramse.es\/wordpress\/el-arzobispo-de-sevilla-monsenor-jose-angel-saiz-meneses-nuevo-academico-de-erudicion-de-la-ramse\/\" aria-label=\"El Arzobispo de Sevilla, Monse\u00f1or Jos\u00e9 \u00c1ngel Saiz Meneses, nuevo Acad\u00e9mico de Erudici\u00f3n de la RAMSE\"><\/a>\n\t<\/div>\n<\/div>\n<\/div>\n<\/li>\n\t\t\t\n\t\t\t\n\t\t\t\t\t\t\t\t\t\t\t\t\t\t\t\t\t\t\t\t\t\t\t\t\t\t\t\t\t\t\t\t\t\t\t\t\t\t\t\t\t\t\t\t\t\t\t\t\t\t\t\t\t\t\t\t\t\t\t\t\t\t\t\t\t\t\t\t<\/ul>\n\t<\/div>\n\t<div class=\"fusion-date-and-formats\"><div class=\"fusion-date-box updated\"><span class=\"fusion-date\">febrero<\/span><span class=\"fusion-month-year\">9:18 pm<\/span><\/div><div class=\"fusion-format-box\"><i class=\"awb-icon-pen\" aria-hidden=\"true\"><\/i><\/div><\/div><div class=\"fusion-post-content post-content\"><h2 class=\"blog-shortcode-post-title entry-title\"><a href=\"https:\/\/ramse.es\/wordpress\/el-arzobispo-de-sevilla-monsenor-jose-angel-saiz-meneses-nuevo-academico-de-erudicion-de-la-ramse\/\">El Arzobispo de Sevilla, Monse\u00f1or Jos\u00e9 \u00c1ngel Saiz Meneses, nuevo Acad\u00e9mico de Erudici\u00f3n de la RAMSE<\/a><\/h2><p class=\"fusion-single-line-meta\">Por <span class=\"vcard\"><span class=\"fn\"><a href=\"https:\/\/ramse.es\/wordpress\/author\/prensa\/\" title=\"Entradas de Mar\u00eda\" rel=\"author\">Mar\u00eda<\/a><\/span><\/span><span class=\"fusion-inline-sep\">|<\/span><span class=\"updated\" style=\"display:none;\">2025-02-28T13:13:31+02:00<\/span><span>febrero 23rd, 2025<\/span><span class=\"fusion-inline-sep\">|<\/span>Categor\u00edas: <a href=\"https:\/\/ramse.es\/wordpress\/category\/academico-de-erudicion\/\" rel=\"category tag\">Acad\u00e9mico de Erudici\u00f3n<\/a><span class=\"fusion-inline-sep\">|<\/span><span class=\"meta-tags\">Etiquetas: <a href=\"https:\/\/ramse.es\/wordpress\/tag\/arzobispo-de-sevilla\/\" rel=\"tag\">Arzobispo de Sevilla<\/a>, <a href=\"https:\/\/ramse.es\/wordpress\/tag\/monsenor-saiz-meneses\/\" rel=\"tag\">Monse\u00f1or Saiz Meneses<\/a><\/span><span class=\"fusion-inline-sep\">|<\/span><\/p><div class=\"fusion-post-content-container\"><p>La Real Academia de Medicina y Cirug\u00eda de Sevilla (RAMSE) ha celebrado el acto de recepci\u00f3n de un nuevo Acad\u00e9mico de Erudici\u00f3n, el Excmo. y Rvdmo. Sr. arzobispo de Sevilla, D. Jos\u00e9 \u00c1ngel Saiz Meneses, en una sesi\u00f3n p\u00fablica y extraordinaria en el Sal\u00f3n de Actos Ram\u00f3n y Cajal de la RAMSE (C\/ Abades, 10). El nuevo miembro de la RAMSE ha sido presentado por el Ilmo. Sr. Acad\u00e9mico de <a href=\"https:\/\/ramse.es\/wordpress\/el-arzobispo-de-sevilla-monsenor-jose-angel-saiz-meneses-nuevo-academico-de-erudicion-de-la-ramse\/\">[...]<\/a><\/p><\/div><\/div><div class=\"fusion-clearfix\"><\/div><div class=\"fusion-meta-info\"><div class=\"fusion-alignright\"><a class=\"fusion-read-more\" href=\"https:\/\/ramse.es\/wordpress\/el-arzobispo-de-sevilla-monsenor-jose-angel-saiz-meneses-nuevo-academico-de-erudicion-de-la-ramse\/\" aria-label=\"More on El Arzobispo de Sevilla, Monse\u00f1or Jos\u00e9 \u00c1ngel Saiz Meneses, nuevo Acad\u00e9mico de Erudici\u00f3n de la RAMSE\">Leer M\u00e1s<\/a><\/div><\/div><\/article>\n<article id=\"blog-1-post-5151\" class=\"fusion-post-large-alternate post-5151 post type-post status-publish format-standard has-post-thumbnail hentry category-catedra-de-cooperacion tag-agencia-andaluza-de-cooperacion-internacional tag-celia-rosell-marti\">\n\t<style type=\"text\/css\">\n\t\t\n\t\t\n\t\t\n\t\t\n\t\t\t<\/style>\n\n\n\t\t\t<div class=\"fusion-flexslider flexslider fusion-flexslider-loading fusion-post-slideshow\" style=\"\">\n\t\t<ul class=\"slides\">\n\t\t\t\n\t\t\t\t\t\t\t\t\t\t\t\t\t\t<li><div  class=\"fusion-image-wrapper\" aria-haspopup=\"true\">\n\t\t\t\t<img decoding=\"async\" width=\"1920\" height=\"2560\" src=\"https:\/\/ramse.es\/wordpress\/wp-content\/uploads\/2025\/02\/IMG_2325-scaled.jpg\" class=\"attachment-full size-full wp-post-image\" alt=\"\" srcset=\"https:\/\/ramse.es\/wordpress\/wp-content\/uploads\/2025\/02\/IMG_2325-200x267.jpg 200w, https:\/\/ramse.es\/wordpress\/wp-content\/uploads\/2025\/02\/IMG_2325-400x533.jpg 400w, https:\/\/ramse.es\/wordpress\/wp-content\/uploads\/2025\/02\/IMG_2325-600x800.jpg 600w, https:\/\/ramse.es\/wordpress\/wp-content\/uploads\/2025\/02\/IMG_2325-800x1067.jpg 800w, https:\/\/ramse.es\/wordpress\/wp-content\/uploads\/2025\/02\/IMG_2325-1200x1600.jpg 1200w, https:\/\/ramse.es\/wordpress\/wp-content\/uploads\/2025\/02\/IMG_2325-scaled.jpg 1920w\" sizes=\"(max-width: 1000px) 100vw, 800px\" \/><div class=\"fusion-rollover\">\n\t<div class=\"fusion-rollover-content\">\n\n\t\t\t\t\t\t\t\t\t\t\t\t\t\t<a class=\"fusion-rollover-link\" href=\"https:\/\/ramse.es\/wordpress\/conferencia-andalucia-y-la-cooperacion-internacional-para-el-desarrollo-impartida-por-dna-celia-rosell\/\">Conferencia: \u201cAndaluc\u00eda y la Cooperaci\u00f3n Internacional para el desarrollo\u201d impartida por D\u00f1a. Celia Rosell<\/a>\n\t\t\t\n\t\t\t\t\t\t\t\t\t\t\t\t\t\t\n\t\t\t\t\t\t\t\t\n\t\t\t\t\t\t\t\t\t\t\t\t\t<div class=\"fusion-rollover-sep\"><\/div>\n\t\t\t\t\n\t\t\t\t\t\t\t\t\t\t\t\t\t\t\t\t\t\t<a class=\"fusion-rollover-gallery\" href=\"https:\/\/ramse.es\/wordpress\/wp-content\/uploads\/2025\/02\/IMG_2325-scaled.jpg\" data-id=\"5151\" data-rel=\"iLightbox[gallery]\" data-title=\"IMG_2325\" data-caption=\"\">\n\t\t\t\t\t\tGaler\u00eda\t\t\t\t\t<\/a>\n\t\t\t\t\t\t\t\t\t\t\t\t\t\t\n\t\t\n\t\t\t\t\t\t\t\t\n\t\t\t\t\t\t\t\t\n\t\t\n\t\t\t\t\t\t<a class=\"fusion-link-wrapper\" href=\"https:\/\/ramse.es\/wordpress\/conferencia-andalucia-y-la-cooperacion-internacional-para-el-desarrollo-impartida-por-dna-celia-rosell\/\" aria-label=\"Conferencia: \u201cAndaluc\u00eda y la Cooperaci\u00f3n Internacional para el desarrollo\u201d impartida por D\u00f1a. Celia Rosell\"><\/a>\n\t<\/div>\n<\/div>\n<\/div>\n<\/li>\n\t\t\t\n\t\t\t\n\t\t\t\t\t\t\t\t\t\t\t\t\t\t\t\t\t\t\t\t\t\t\t\t\t\t\t\t\t\t\t\t\t\t\t\t\t\t\t\t\t\t\t\t\t\t\t\t\t\t\t\t\t\t\t\t\t\t\t\t\t\t\t\t\t\t\t\t<\/ul>\n\t<\/div>\n\t<div class=\"fusion-date-and-formats\"><div class=\"fusion-date-box updated\"><span class=\"fusion-date\">febrero<\/span><span class=\"fusion-month-year\">1:24 pm<\/span><\/div><div class=\"fusion-format-box\"><i class=\"awb-icon-pen\" aria-hidden=\"true\"><\/i><\/div><\/div><div class=\"fusion-post-content post-content\"><h2 class=\"blog-shortcode-post-title entry-title\"><a href=\"https:\/\/ramse.es\/wordpress\/conferencia-andalucia-y-la-cooperacion-internacional-para-el-desarrollo-impartida-por-dna-celia-rosell\/\">Conferencia: \u201cAndaluc\u00eda y la Cooperaci\u00f3n Internacional para el desarrollo\u201d impartida por D\u00f1a. Celia Rosell<\/a><\/h2><p class=\"fusion-single-line-meta\">Por <span class=\"vcard\"><span class=\"fn\"><a href=\"https:\/\/ramse.es\/wordpress\/author\/prensa\/\" title=\"Entradas de Mar\u00eda\" rel=\"author\">Mar\u00eda<\/a><\/span><\/span><span class=\"fusion-inline-sep\">|<\/span><span class=\"updated\" style=\"display:none;\">2025-02-28T16:00:01+02:00<\/span><span>febrero 21st, 2025<\/span><span class=\"fusion-inline-sep\">|<\/span>Categor\u00edas: <a href=\"https:\/\/ramse.es\/wordpress\/category\/catedra-de-cooperacion\/\" rel=\"category tag\">Catedra de Cooperaci\u00f3n<\/a><span class=\"fusion-inline-sep\">|<\/span><span class=\"meta-tags\">Etiquetas: <a href=\"https:\/\/ramse.es\/wordpress\/tag\/agencia-andaluza-de-cooperacion-internacional\/\" rel=\"tag\">Agencia Andaluza de Cooperaci\u00f3n Internacional<\/a>, <a href=\"https:\/\/ramse.es\/wordpress\/tag\/celia-rosell-marti\/\" rel=\"tag\">Celia Rosell Marti<\/a><\/span><span class=\"fusion-inline-sep\">|<\/span><\/p><div class=\"fusion-post-content-container\"><p>La C\u00e1tedra de Cooperaci\u00f3n Internacional ha organizado un nuevo acto que cont\u00f3 con la introducci\u00f3n del Director de la C\u00e1tedra de Cooperaci\u00f3n Internacional, Ilmo. Dr. D. Rogelio Garrido Teruel, Acad\u00e9mico de N\u00famero de la RAMSE. En esta ocasi\u00f3n, los asistentes pudieron disfrutar de una interesante conferencia titulada: \u201cAndaluc\u00eda y la Cooperaci\u00f3n Internacional para el desarrollo\u201d impartida por D\u00f1a. Celia Rosell Mart\u00ed, Directora de la Agencia Andaluza de Cooperaci\u00f3n Internacional para <a href=\"https:\/\/ramse.es\/wordpress\/conferencia-andalucia-y-la-cooperacion-internacional-para-el-desarrollo-impartida-por-dna-celia-rosell\/\">[...]<\/a><\/p><\/div><\/div><div class=\"fusion-clearfix\"><\/div><div class=\"fusion-meta-info\"><div class=\"fusion-alignright\"><a class=\"fusion-read-more\" href=\"https:\/\/ramse.es\/wordpress\/conferencia-andalucia-y-la-cooperacion-internacional-para-el-desarrollo-impartida-por-dna-celia-rosell\/\" aria-label=\"More on Conferencia: \u201cAndaluc\u00eda y la Cooperaci\u00f3n Internacional para el desarrollo\u201d impartida por D\u00f1a. Celia Rosell\">Leer M\u00e1s<\/a><\/div><\/div><\/article>\n<article id=\"blog-1-post-5126\" class=\"fusion-post-large-alternate post-5126 post type-post status-publish format-standard has-post-thumbnail hentry category-catedra-de-divulgacion category-catedra-oncologia tag-nicolas-olea\">\n\t<style type=\"text\/css\">\n\t\t\n\t\t\n\t\t\n\t\t\n\t\t\t<\/style>\n\n\n\t\t\t<div class=\"fusion-flexslider flexslider fusion-flexslider-loading fusion-post-slideshow\" style=\"\">\n\t\t<ul class=\"slides\">\n\t\t\t\n\t\t\t\t\t\t\t\t\t\t\t\t\t\t<li><div  class=\"fusion-image-wrapper\" aria-haspopup=\"true\">\n\t\t\t\t<img decoding=\"async\" width=\"1772\" height=\"2362\" src=\"https:\/\/ramse.es\/wordpress\/wp-content\/uploads\/2025\/02\/25020126.jpg\" class=\"attachment-full size-full wp-post-image\" alt=\"\" srcset=\"https:\/\/ramse.es\/wordpress\/wp-content\/uploads\/2025\/02\/25020126-200x267.jpg 200w, https:\/\/ramse.es\/wordpress\/wp-content\/uploads\/2025\/02\/25020126-400x533.jpg 400w, https:\/\/ramse.es\/wordpress\/wp-content\/uploads\/2025\/02\/25020126-600x800.jpg 600w, https:\/\/ramse.es\/wordpress\/wp-content\/uploads\/2025\/02\/25020126-800x1066.jpg 800w, https:\/\/ramse.es\/wordpress\/wp-content\/uploads\/2025\/02\/25020126-1200x1600.jpg 1200w, https:\/\/ramse.es\/wordpress\/wp-content\/uploads\/2025\/02\/25020126.jpg 1772w\" sizes=\"(max-width: 1000px) 100vw, 800px\" \/><div class=\"fusion-rollover\">\n\t<div class=\"fusion-rollover-content\">\n\n\t\t\t\t\t\t\t\t\t\t\t\t\t\t<a class=\"fusion-rollover-link\" href=\"https:\/\/ramse.es\/wordpress\/conferencia-del-prof-nicolas-olea-papel-de-los-contaminantes-quimicos-en-la-etiologia-del-cancer\/\">Conferencia del Prof. Nicol\u00e1s Olea \u00abPapel de los contaminantes qu\u00edmicos en la etiolog\u00eda del c\u00e1ncer\u00bb<\/a>\n\t\t\t\n\t\t\t\t\t\t\t\t\t\t\t\t\t\t\n\t\t\t\t\t\t\t\t\n\t\t\t\t\t\t\t\t\t\t\t\t\t<div class=\"fusion-rollover-sep\"><\/div>\n\t\t\t\t\n\t\t\t\t\t\t\t\t\t\t\t\t\t\t\t\t\t\t<a class=\"fusion-rollover-gallery\" href=\"https:\/\/ramse.es\/wordpress\/wp-content\/uploads\/2025\/02\/25020126.jpg\" data-id=\"5126\" data-rel=\"iLightbox[gallery]\" data-title=\"25020126\" data-caption=\"\">\n\t\t\t\t\t\tGaler\u00eda\t\t\t\t\t<\/a>\n\t\t\t\t\t\t\t\t\t\t\t\t\t\t\n\t\t\n\t\t\t\t\t\t\t\t\n\t\t\t\t\t\t\t\t\n\t\t\n\t\t\t\t\t\t<a class=\"fusion-link-wrapper\" href=\"https:\/\/ramse.es\/wordpress\/conferencia-del-prof-nicolas-olea-papel-de-los-contaminantes-quimicos-en-la-etiologia-del-cancer\/\" aria-label=\"Conferencia del Prof. Nicol\u00e1s Olea \u00abPapel de los contaminantes qu\u00edmicos en la etiolog\u00eda del c\u00e1ncer\u00bb\"><\/a>\n\t<\/div>\n<\/div>\n<\/div>\n<\/li>\n\t\t\t\n\t\t\t\n\t\t\t\t\t\t\t\t\t\t\t\t\t\t\t\t\t\t\t\t\t\t\t\t\t\t\t\t\t\t\t\t\t\t\t\t\t\t\t\t\t\t\t\t\t\t\t\t\t\t\t\t\t\t\t\t\t\t\t\t\t\t\t\t\t\t\t\t<\/ul>\n\t<\/div>\n\t<div class=\"fusion-date-and-formats\"><div class=\"fusion-date-box updated\"><span class=\"fusion-date\">febrero<\/span><span class=\"fusion-month-year\">3:02 pm<\/span><\/div><div class=\"fusion-format-box\"><i class=\"awb-icon-pen\" aria-hidden=\"true\"><\/i><\/div><\/div><div class=\"fusion-post-content post-content\"><h2 class=\"blog-shortcode-post-title entry-title\"><a href=\"https:\/\/ramse.es\/wordpress\/conferencia-del-prof-nicolas-olea-papel-de-los-contaminantes-quimicos-en-la-etiologia-del-cancer\/\">Conferencia del Prof. Nicol\u00e1s Olea \u00abPapel de los contaminantes qu\u00edmicos en la etiolog\u00eda del c\u00e1ncer\u00bb<\/a><\/h2><p class=\"fusion-single-line-meta\">Por <span class=\"vcard\"><span class=\"fn\"><a href=\"https:\/\/ramse.es\/wordpress\/author\/prensa\/\" title=\"Entradas de Mar\u00eda\" rel=\"author\">Mar\u00eda<\/a><\/span><\/span><span class=\"fusion-inline-sep\">|<\/span><span class=\"updated\" style=\"display:none;\">2025-03-12T14:42:22+02:00<\/span><span>febrero 15th, 2025<\/span><span class=\"fusion-inline-sep\">|<\/span>Categor\u00edas: <a href=\"https:\/\/ramse.es\/wordpress\/category\/catedra-de-divulgacion\/\" rel=\"category tag\">Catedra de Divulgaci\u00f3n<\/a>, <a href=\"https:\/\/ramse.es\/wordpress\/category\/catedra-oncologia\/\" rel=\"category tag\">C\u00e1tedra Oncolog\u00eda<\/a><span class=\"fusion-inline-sep\">|<\/span><span class=\"meta-tags\">Etiquetas: <a href=\"https:\/\/ramse.es\/wordpress\/tag\/nicolas-olea\/\" rel=\"tag\">Nicol\u00e1s Olea<\/a><\/span><span class=\"fusion-inline-sep\">|<\/span><\/p><div class=\"fusion-post-content-container\"><p>La C\u00e1tedra de Divulgaci\u00f3n Oncol\u00f3gica ha organizado una nueva conferencia del Ciclo \u201cEstilo de Vida y C\u00e1ncer\u201d. En esta ocasi\u00f3n se ha tratado el \u201cPapel de los contaminantes qu\u00edmicos en la etiolog\u00eda del c\u00e1ncer\u201d, a cargo del Profesor D. Nicol\u00e1s Olea, Catedr\u00e1tico de Radiolog\u00eda y Medicina F\u00edsica. Facultad de Medicina de Granada. Instituto de investigaci\u00f3n Biosanitaria de Granada (ibs. Granada). El catedr\u00e1tico de Medicina\u00a0Nicol\u00e1s Olea, que lleva tres d\u00e9cadas estudiando <a href=\"https:\/\/ramse.es\/wordpress\/conferencia-del-prof-nicolas-olea-papel-de-los-contaminantes-quimicos-en-la-etiologia-del-cancer\/\">[...]<\/a><\/p><\/div><\/div><div class=\"fusion-clearfix\"><\/div><div class=\"fusion-meta-info\"><div class=\"fusion-alignright\"><a class=\"fusion-read-more\" href=\"https:\/\/ramse.es\/wordpress\/conferencia-del-prof-nicolas-olea-papel-de-los-contaminantes-quimicos-en-la-etiologia-del-cancer\/\" aria-label=\"More on Conferencia del Prof. Nicol\u00e1s Olea \u00abPapel de los contaminantes qu\u00edmicos en la etiolog\u00eda del c\u00e1ncer\u00bb\">Leer M\u00e1s<\/a><\/div><\/div><\/article>\n<article id=\"blog-1-post-5226\" class=\"fusion-post-large-alternate post-5226 post type-post status-publish format-standard has-post-thumbnail hentry category-actos-academicos category-mesa-redonda tag-accidentes-de-trafico tag-mesa-redonda-accidentes-infantiles-y-juveniles\">\n\t<style type=\"text\/css\">\n\t\t\n\t\t\n\t\t\n\t\t\n\t\t\t<\/style>\n\n\n\t\t\t<div class=\"fusion-flexslider flexslider fusion-flexslider-loading fusion-post-slideshow\" style=\"\">\n\t\t<ul class=\"slides\">\n\t\t\t\n\t\t\t\t\t\t\t\t\t\t\t\t\t\t<li><div  class=\"fusion-image-wrapper\" aria-haspopup=\"true\">\n\t\t\t\t<img decoding=\"async\" width=\"2362\" height=\"1772\" src=\"https:\/\/ramse.es\/wordpress\/wp-content\/uploads\/2025\/03\/25020245.jpg\" class=\"attachment-full size-full wp-post-image\" alt=\"\" srcset=\"https:\/\/ramse.es\/wordpress\/wp-content\/uploads\/2025\/03\/25020245-200x150.jpg 200w, https:\/\/ramse.es\/wordpress\/wp-content\/uploads\/2025\/03\/25020245-400x300.jpg 400w, https:\/\/ramse.es\/wordpress\/wp-content\/uploads\/2025\/03\/25020245-600x450.jpg 600w, https:\/\/ramse.es\/wordpress\/wp-content\/uploads\/2025\/03\/25020245-800x600.jpg 800w, https:\/\/ramse.es\/wordpress\/wp-content\/uploads\/2025\/03\/25020245-1200x900.jpg 1200w, https:\/\/ramse.es\/wordpress\/wp-content\/uploads\/2025\/03\/25020245.jpg 2362w\" sizes=\"(max-width: 1000px) 100vw, 800px\" \/><div class=\"fusion-rollover\">\n\t<div class=\"fusion-rollover-content\">\n\n\t\t\t\t\t\t\t\t\t\t\t\t\t\t<a class=\"fusion-rollover-link\" href=\"https:\/\/ramse.es\/wordpress\/accidentes-infantiles-y-juveniles-a-debate-en-la-ramse\/\">Accidentes infantiles y juveniles a debate en la RAMSE<\/a>\n\t\t\t\n\t\t\t\t\t\t\t\t\t\t\t\t\t\t\n\t\t\t\t\t\t\t\t\n\t\t\t\t\t\t\t\t\t\t\t\t\t<div class=\"fusion-rollover-sep\"><\/div>\n\t\t\t\t\n\t\t\t\t\t\t\t\t\t\t\t\t\t\t\t\t\t\t<a class=\"fusion-rollover-gallery\" href=\"https:\/\/ramse.es\/wordpress\/wp-content\/uploads\/2025\/03\/25020245.jpg\" data-id=\"5226\" data-rel=\"iLightbox[gallery]\" data-title=\"25020245\" data-caption=\"\">\n\t\t\t\t\t\tGaler\u00eda\t\t\t\t\t<\/a>\n\t\t\t\t\t\t\t\t\t\t\t\t\t\t\n\t\t\n\t\t\t\t\t\t\t\t\n\t\t\t\t\t\t\t\t\n\t\t\n\t\t\t\t\t\t<a class=\"fusion-link-wrapper\" href=\"https:\/\/ramse.es\/wordpress\/accidentes-infantiles-y-juveniles-a-debate-en-la-ramse\/\" aria-label=\"Accidentes infantiles y juveniles a debate en la RAMSE\"><\/a>\n\t<\/div>\n<\/div>\n<\/div>\n<\/li>\n\t\t\t\n\t\t\t\n\t\t\t\t\t\t\t\t\t\t\t\t\t\t\t\t\t\t\t\t\t\t\t\t\t\t\t\t\t\t\t\t\t\t\t\t\t\t\t\t\t\t\t\t\t\t\t\t\t\t\t\t\t\t\t\t\t\t\t\t\t\t\t\t\t\t\t\t<\/ul>\n\t<\/div>\n\t<div class=\"fusion-date-and-formats\"><div class=\"fusion-date-box updated\"><span class=\"fusion-date\">febrero<\/span><span class=\"fusion-month-year\">6:26 pm<\/span><\/div><div class=\"fusion-format-box\"><i class=\"awb-icon-pen\" aria-hidden=\"true\"><\/i><\/div><\/div><div class=\"fusion-post-content post-content\"><h2 class=\"blog-shortcode-post-title entry-title\"><a href=\"https:\/\/ramse.es\/wordpress\/accidentes-infantiles-y-juveniles-a-debate-en-la-ramse\/\">Accidentes infantiles y juveniles a debate en la RAMSE<\/a><\/h2><p class=\"fusion-single-line-meta\">Por <span class=\"vcard\"><span class=\"fn\"><a href=\"https:\/\/ramse.es\/wordpress\/author\/prensa\/\" title=\"Entradas de Mar\u00eda\" rel=\"author\">Mar\u00eda<\/a><\/span><\/span><span class=\"fusion-inline-sep\">|<\/span><span class=\"updated\" style=\"display:none;\">2025-03-20T20:47:38+02:00<\/span><span>febrero 14th, 2025<\/span><span class=\"fusion-inline-sep\">|<\/span>Categor\u00edas: <a href=\"https:\/\/ramse.es\/wordpress\/category\/actos-academicos\/\" rel=\"category tag\">Actos Acad\u00e9micos<\/a>, <a href=\"https:\/\/ramse.es\/wordpress\/category\/mesa-redonda\/\" rel=\"category tag\">Mesa redonda<\/a><span class=\"fusion-inline-sep\">|<\/span><span class=\"meta-tags\">Etiquetas: <a href=\"https:\/\/ramse.es\/wordpress\/tag\/accidentes-de-trafico\/\" rel=\"tag\">Accidentes de trafico<\/a>, <a href=\"https:\/\/ramse.es\/wordpress\/tag\/mesa-redonda-accidentes-infantiles-y-juveniles\/\" rel=\"tag\">Mesa Redonda: \u201cAccidentes Infantiles y juveniles\u201d<\/a><\/span><span class=\"fusion-inline-sep\">|<\/span><\/p><div class=\"fusion-post-content-container\"><p>La Mesa Redonda sobre \u201cAccidentes Infantiles y Juveniles\u201d, moderada por la Dra. Carmen Echevarria Ruiz de Vargas, Acad\u00e9mica Correspondiente de la RAMSE y Exjefe de Servicio del HUVR de Sevilla. Exdirectora Plan Integral de Accidentabilidad Andaluz (PIAC), resalt\u00f3 la alarmante realidad de los accidentes como la principal causa de muerte natural en ni\u00f1os y j\u00f3venes en Andaluc\u00eda. La Dra. Echevarria subray\u00f3 la urgencia de abordar este problema de salud p\u00fablica <a href=\"https:\/\/ramse.es\/wordpress\/accidentes-infantiles-y-juveniles-a-debate-en-la-ramse\/\">[...]<\/a><\/p><\/div><\/div><div class=\"fusion-clearfix\"><\/div><div class=\"fusion-meta-info\"><div class=\"fusion-alignright\"><a class=\"fusion-read-more\" href=\"https:\/\/ramse.es\/wordpress\/accidentes-infantiles-y-juveniles-a-debate-en-la-ramse\/\" aria-label=\"More on Accidentes infantiles y juveniles a debate en la RAMSE\">Leer M\u00e1s<\/a><\/div><\/div><\/article>\n<article id=\"blog-1-post-5095\" class=\"fusion-post-large-alternate post-5095 post type-post status-publish format-standard has-post-thumbnail hentry category-premios-academia\">\n\t<style type=\"text\/css\">\n\t\t\n\t\t\n\t\t\n\t\t\n\t\t\t<\/style>\n\n\n\t\t\t<div class=\"fusion-flexslider flexslider fusion-flexslider-loading fusion-post-slideshow\" style=\"\">\n\t\t<ul class=\"slides\">\n\t\t\t\n\t\t\t\t\t\t\t\t\t\t\t\t\t\t<li><div  class=\"fusion-image-wrapper\" aria-haspopup=\"true\">\n\t\t\t\t<img decoding=\"async\" width=\"1920\" height=\"2560\" src=\"https:\/\/ramse.es\/wordpress\/wp-content\/uploads\/2025\/02\/IMG_1718-scaled.jpeg\" class=\"attachment-full size-full wp-post-image\" alt=\"\" srcset=\"https:\/\/ramse.es\/wordpress\/wp-content\/uploads\/2025\/02\/IMG_1718-200x267.jpeg 200w, https:\/\/ramse.es\/wordpress\/wp-content\/uploads\/2025\/02\/IMG_1718-400x533.jpeg 400w, https:\/\/ramse.es\/wordpress\/wp-content\/uploads\/2025\/02\/IMG_1718-600x800.jpeg 600w, https:\/\/ramse.es\/wordpress\/wp-content\/uploads\/2025\/02\/IMG_1718-800x1067.jpeg 800w, https:\/\/ramse.es\/wordpress\/wp-content\/uploads\/2025\/02\/IMG_1718-1200x1600.jpeg 1200w, https:\/\/ramse.es\/wordpress\/wp-content\/uploads\/2025\/02\/IMG_1718-scaled.jpeg 1920w\" sizes=\"(max-width: 1000px) 100vw, 800px\" \/><div class=\"fusion-rollover\">\n\t<div class=\"fusion-rollover-content\">\n\n\t\t\t\t\t\t\t\t\t\t\t\t\t\t<a class=\"fusion-rollover-link\" href=\"https:\/\/ramse.es\/wordpress\/entrega-de-premios-del-concurso-cientifico-del-2024\/\">Entrega de Premios del Concurso Cient\u00edfico del 2024<\/a>\n\t\t\t\n\t\t\t\t\t\t\t\t\t\t\t\t\t\t\n\t\t\t\t\t\t\t\t\n\t\t\t\t\t\t\t\t\t\t\t\t\t<div class=\"fusion-rollover-sep\"><\/div>\n\t\t\t\t\n\t\t\t\t\t\t\t\t\t\t\t\t\t\t\t\t\t\t<a class=\"fusion-rollover-gallery\" href=\"https:\/\/ramse.es\/wordpress\/wp-content\/uploads\/2025\/02\/IMG_1718-scaled.jpeg\" data-id=\"5095\" data-rel=\"iLightbox[gallery]\" data-title=\"IMG_1718\" data-caption=\"\">\n\t\t\t\t\t\tGaler\u00eda\t\t\t\t\t<\/a>\n\t\t\t\t\t\t\t\t\t\t\t\t\t\t\n\t\t\n\t\t\t\t\t\t\t\t\n\t\t\t\t\t\t\t\t\n\t\t\n\t\t\t\t\t\t<a class=\"fusion-link-wrapper\" href=\"https:\/\/ramse.es\/wordpress\/entrega-de-premios-del-concurso-cientifico-del-2024\/\" aria-label=\"Entrega de Premios del Concurso Cient\u00edfico del 2024\"><\/a>\n\t<\/div>\n<\/div>\n<\/div>\n<\/li>\n\t\t\t\n\t\t\t\n\t\t\t\t\t\t\t\t\t\t\t\t\t\t\t\t\t\t\t\t\t\t\t\t\t\t\t\t\t\t\t\t\t\t\t\t\t\t\t\t\t\t\t\t\t\t\t\t\t\t\t\t\t\t\t\t\t\t\t\t\t\t\t\t\t\t\t\t<\/ul>\n\t<\/div>\n\t<div class=\"fusion-date-and-formats\"><div class=\"fusion-date-box updated\"><span class=\"fusion-date\">febrero<\/span><span class=\"fusion-month-year\">8:24 pm<\/span><\/div><div class=\"fusion-format-box\"><i class=\"awb-icon-pen\" aria-hidden=\"true\"><\/i><\/div><\/div><div class=\"fusion-post-content post-content\"><h2 class=\"blog-shortcode-post-title entry-title\"><a href=\"https:\/\/ramse.es\/wordpress\/entrega-de-premios-del-concurso-cientifico-del-2024\/\">Entrega de Premios del Concurso Cient\u00edfico del 2024<\/a><\/h2><p class=\"fusion-single-line-meta\">Por <span class=\"vcard\"><span class=\"fn\"><a href=\"https:\/\/ramse.es\/wordpress\/author\/prensa\/\" title=\"Entradas de Mar\u00eda\" rel=\"author\">Mar\u00eda<\/a><\/span><\/span><span class=\"fusion-inline-sep\">|<\/span><span class=\"updated\" style=\"display:none;\">2025-02-10T14:37:05+02:00<\/span><span>febrero 3rd, 2025<\/span><span class=\"fusion-inline-sep\">|<\/span>Categor\u00edas: <a href=\"https:\/\/ramse.es\/wordpress\/category\/premios-academia\/\" rel=\"category tag\">Premios Academia<\/a><span class=\"fusion-inline-sep\">|<\/span><\/p><div class=\"fusion-post-content-container\"><p>Durante el acto de la inauguraci\u00f3n del 325 Curso Acad\u00e9mico de la Real Academia de Medicina y Cirug\u00eda de Sevilla se han entregado los Premios del Concurso Cient\u00edfico del a\u00f1o 2024 de la Real Academia de Medicina y Cirug\u00eda de Sevilla. En esta ocasi\u00f3n han resultado ganadores: Premio de la Real Academia de Medicina de Sevilla a Publicaciones Cient\u00edficas al trabajo cient\u00edfico de investigaci\u00f3n b\u00e1sica o aplicada, publicado en 2022-2023 <a href=\"https:\/\/ramse.es\/wordpress\/entrega-de-premios-del-concurso-cientifico-del-2024\/\">[...]<\/a><\/p><\/div><\/div><div class=\"fusion-clearfix\"><\/div><div class=\"fusion-meta-info\"><div class=\"fusion-alignright\"><a class=\"fusion-read-more\" href=\"https:\/\/ramse.es\/wordpress\/entrega-de-premios-del-concurso-cientifico-del-2024\/\" aria-label=\"More on Entrega de Premios del Concurso Cient\u00edfico del 2024\">Leer M\u00e1s<\/a><\/div><\/div><\/article>\n<article id=\"blog-1-post-5090\" class=\"fusion-post-large-alternate post-5090 post type-post status-publish format-standard has-post-thumbnail hentry category-actos-academicos tag-consejera-de-cultura tag-inauguracion-vestibulo-real\">\n\t<style type=\"text\/css\">\n\t\t\n\t\t\n\t\t\n\t\t\n\t\t\t<\/style>\n\n\n\t\t\t<div class=\"fusion-flexslider flexslider fusion-flexslider-loading fusion-post-slideshow\" style=\"\">\n\t\t<ul class=\"slides\">\n\t\t\t\n\t\t\t\t\t\t\t\t\t\t\t\t\t\t<li><div  class=\"fusion-image-wrapper\" aria-haspopup=\"true\">\n\t\t\t\t<img decoding=\"async\" width=\"1500\" height=\"1125\" src=\"https:\/\/ramse.es\/wordpress\/wp-content\/uploads\/2025\/02\/RAMSE.-365-Curso-Academico.jpg\" class=\"attachment-full size-full wp-post-image\" alt=\"\" srcset=\"https:\/\/ramse.es\/wordpress\/wp-content\/uploads\/2025\/02\/RAMSE.-365-Curso-Academico-200x150.jpg 200w, https:\/\/ramse.es\/wordpress\/wp-content\/uploads\/2025\/02\/RAMSE.-365-Curso-Academico-400x300.jpg 400w, https:\/\/ramse.es\/wordpress\/wp-content\/uploads\/2025\/02\/RAMSE.-365-Curso-Academico-600x450.jpg 600w, https:\/\/ramse.es\/wordpress\/wp-content\/uploads\/2025\/02\/RAMSE.-365-Curso-Academico-800x600.jpg 800w, https:\/\/ramse.es\/wordpress\/wp-content\/uploads\/2025\/02\/RAMSE.-365-Curso-Academico-1200x900.jpg 1200w, https:\/\/ramse.es\/wordpress\/wp-content\/uploads\/2025\/02\/RAMSE.-365-Curso-Academico.jpg 1500w\" sizes=\"(max-width: 1000px) 100vw, 800px\" \/><div class=\"fusion-rollover\">\n\t<div class=\"fusion-rollover-content\">\n\n\t\t\t\t\t\t\t\t\t\t\t\t\t\t<a class=\"fusion-rollover-link\" href=\"https:\/\/ramse.es\/wordpress\/inauguracion-del-325-curso-academico-en-la-real-academia-de-medicina-y-cirugia-de-sevilla\/\">Inauguraci\u00f3n del 325 curso acad\u00e9mico en la Real Academia de Medicina y Cirug\u00eda de Sevilla<\/a>\n\t\t\t\n\t\t\t\t\t\t\t\t\t\t\t\t\t\t\n\t\t\t\t\t\t\t\t\n\t\t\t\t\t\t\t\t\t\t\t\t\t<div class=\"fusion-rollover-sep\"><\/div>\n\t\t\t\t\n\t\t\t\t\t\t\t\t\t\t\t\t\t\t\t\t\t\t<a class=\"fusion-rollover-gallery\" href=\"https:\/\/ramse.es\/wordpress\/wp-content\/uploads\/2025\/02\/RAMSE.-365-Curso-Academico.jpg\" data-id=\"5090\" data-rel=\"iLightbox[gallery]\" data-title=\"RAMSE. 365 Curso Academico\" data-caption=\"\">\n\t\t\t\t\t\tGaler\u00eda\t\t\t\t\t<\/a>\n\t\t\t\t\t\t\t\t\t\t\t\t\t\t\n\t\t\n\t\t\t\t\t\t\t\t\n\t\t\t\t\t\t\t\t\n\t\t\n\t\t\t\t\t\t<a class=\"fusion-link-wrapper\" href=\"https:\/\/ramse.es\/wordpress\/inauguracion-del-325-curso-academico-en-la-real-academia-de-medicina-y-cirugia-de-sevilla\/\" aria-label=\"Inauguraci\u00f3n del 325 curso acad\u00e9mico en la Real Academia de Medicina y Cirug\u00eda de Sevilla\"><\/a>\n\t<\/div>\n<\/div>\n<\/div>\n<\/li>\n\t\t\t\n\t\t\t\n\t\t\t\t\t\t\t\t\t\t\t\t\t\t\t\t\t\t\t\t\t\t\t\t\t\t\t\t\t\t\t\t\t\t\t\t\t\t\t\t\t\t\t\t\t\t\t\t\t\t\t\t\t\t\t\t\t\t\t\t\t\t\t\t\t\t\t\t<\/ul>\n\t<\/div>\n\t<div class=\"fusion-date-and-formats\"><div class=\"fusion-date-box updated\"><span class=\"fusion-date\">enero<\/span><span class=\"fusion-month-year\">8:13 pm<\/span><\/div><div class=\"fusion-format-box\"><i class=\"awb-icon-pen\" aria-hidden=\"true\"><\/i><\/div><\/div><div class=\"fusion-post-content post-content\"><h2 class=\"blog-shortcode-post-title entry-title\"><a href=\"https:\/\/ramse.es\/wordpress\/inauguracion-del-325-curso-academico-en-la-real-academia-de-medicina-y-cirugia-de-sevilla\/\">Inauguraci\u00f3n del 325 curso acad\u00e9mico en la Real Academia de Medicina y Cirug\u00eda de Sevilla<\/a><\/h2><p class=\"fusion-single-line-meta\">Por <span class=\"vcard\"><span class=\"fn\"><a href=\"https:\/\/ramse.es\/wordpress\/author\/prensa\/\" title=\"Entradas de Mar\u00eda\" rel=\"author\">Mar\u00eda<\/a><\/span><\/span><span class=\"fusion-inline-sep\">|<\/span><span class=\"updated\" style=\"display:none;\">2025-02-04T20:24:33+02:00<\/span><span>enero 31st, 2025<\/span><span class=\"fusion-inline-sep\">|<\/span>Categor\u00edas: <a href=\"https:\/\/ramse.es\/wordpress\/category\/actos-academicos\/\" rel=\"category tag\">Actos Acad\u00e9micos<\/a><span class=\"fusion-inline-sep\">|<\/span><span class=\"meta-tags\">Etiquetas: <a href=\"https:\/\/ramse.es\/wordpress\/tag\/consejera-de-cultura\/\" rel=\"tag\">Consejera de Cultura<\/a>, <a href=\"https:\/\/ramse.es\/wordpress\/tag\/inauguracion-vestibulo-real\/\" rel=\"tag\">Inauguraci\u00f3n Vest\u00edbulo real<\/a><\/span><span class=\"fusion-inline-sep\">|<\/span><\/p><div class=\"fusion-post-content-container\"><p>La Real Academia de Medicina y Cirug\u00eda de Sevilla (RAMSE) ha inaugurado este jueves, 30 de enero, su 325 Curso Acad\u00e9mico.\u00a0El acto, que cuenta con la aceptaci\u00f3n de la presidencia de Honor de S.M. la Reina Do\u00f1a Letizia, ha estado presidido por el Excmo. Sr. presidente de la RAMSE, Dr. D. Carlos Infantes Alc\u00f3n, acompa\u00f1ado por la Excma. Sra. D\u00f1a. Patricia del Pozo Fern\u00e1ndez, consejera de Cultura y Deporte de <a href=\"https:\/\/ramse.es\/wordpress\/inauguracion-del-325-curso-academico-en-la-real-academia-de-medicina-y-cirugia-de-sevilla\/\">[...]<\/a><\/p><\/div><\/div><div class=\"fusion-clearfix\"><\/div><div class=\"fusion-meta-info\"><div class=\"fusion-alignright\"><a class=\"fusion-read-more\" href=\"https:\/\/ramse.es\/wordpress\/inauguracion-del-325-curso-academico-en-la-real-academia-de-medicina-y-cirugia-de-sevilla\/\" aria-label=\"More on Inauguraci\u00f3n del 325 curso acad\u00e9mico en la Real Academia de Medicina y Cirug\u00eda de Sevilla\">Leer M\u00e1s<\/a><\/div><\/div><\/article>\n<article id=\"blog-1-post-5072\" class=\"fusion-post-large-alternate post-5072 post type-post status-publish format-standard has-post-thumbnail hentry category-premios-academia tag-concurso-cientifico tag-premios\">\n\t<style type=\"text\/css\">\n\t\t\n\t\t\n\t\t\n\t\t\n\t\t\t<\/style>\n\n\n\t\t\t<div class=\"fusion-flexslider flexslider fusion-flexslider-loading fusion-post-slideshow\" style=\"\">\n\t\t<ul class=\"slides\">\n\t\t\t\n\t\t\t\t\t\t\t\t\t\t\t\t\t\t<li><div  class=\"fusion-image-wrapper\" aria-haspopup=\"true\">\n\t\t\t\t<img decoding=\"async\" width=\"305\" height=\"350\" src=\"https:\/\/ramse.es\/wordpress\/wp-content\/uploads\/2020\/10\/LogoRAMSEweb.jpg\" class=\"attachment-full size-full wp-post-image\" alt=\"\" srcset=\"https:\/\/ramse.es\/wordpress\/wp-content\/uploads\/2020\/10\/LogoRAMSEweb-200x230.jpg 200w, https:\/\/ramse.es\/wordpress\/wp-content\/uploads\/2020\/10\/LogoRAMSEweb.jpg 305w\" sizes=\"(max-width: 1000px) 100vw, 305px\" \/><div class=\"fusion-rollover\">\n\t<div class=\"fusion-rollover-content\">\n\n\t\t\t\t\t\t\t\t\t\t\t\t\t\t<a class=\"fusion-rollover-link\" href=\"https:\/\/ramse.es\/wordpress\/resolucion-del-concurso-cientifico-de-premios-ramse-2024\/\">Resoluci\u00f3n del Concurso Cient\u00edfico de Premios RAMSE 2024<\/a>\n\t\t\t\n\t\t\t\t\t\t\t\t\t\t\t\t\t\t\n\t\t\t\t\t\t\t\t\n\t\t\t\t\t\t\t\t\t\t\t\t\t<div class=\"fusion-rollover-sep\"><\/div>\n\t\t\t\t\n\t\t\t\t\t\t\t\t\t\t\t\t\t\t\t\t\t\t<a class=\"fusion-rollover-gallery\" href=\"https:\/\/ramse.es\/wordpress\/wp-content\/uploads\/2020\/10\/LogoRAMSEweb.jpg\" data-id=\"5072\" data-rel=\"iLightbox[gallery]\" data-title=\"LogoRAMSEweb\" data-caption=\"\">\n\t\t\t\t\t\tGaler\u00eda\t\t\t\t\t<\/a>\n\t\t\t\t\t\t\t\t\t\t\t\t\t\t\n\t\t\n\t\t\t\t\t\t\t\t\n\t\t\t\t\t\t\t\t\n\t\t\n\t\t\t\t\t\t<a class=\"fusion-link-wrapper\" href=\"https:\/\/ramse.es\/wordpress\/resolucion-del-concurso-cientifico-de-premios-ramse-2024\/\" aria-label=\"Resoluci\u00f3n del Concurso Cient\u00edfico de Premios RAMSE 2024\"><\/a>\n\t<\/div>\n<\/div>\n<\/div>\n<\/li>\n\t\t\t\n\t\t\t\n\t\t\t\t\t\t\t\t\t\t\t\t\t\t\t\t\t\t\t\t\t\t\t\t\t\t\t\t\t\t\t\t\t\t\t\t\t\t\t\t\t\t\t\t\t\t\t\t\t\t\t\t\t\t\t\t\t\t\t\t\t\t\t\t\t\t\t\t<\/ul>\n\t<\/div>\n\t<div class=\"fusion-date-and-formats\"><div class=\"fusion-date-box updated\"><span class=\"fusion-date\">diciembre<\/span><span class=\"fusion-month-year\">1:04 pm<\/span><\/div><div class=\"fusion-format-box\"><i class=\"awb-icon-pen\" aria-hidden=\"true\"><\/i><\/div><\/div><div class=\"fusion-post-content post-content\"><h2 class=\"blog-shortcode-post-title entry-title\"><a href=\"https:\/\/ramse.es\/wordpress\/resolucion-del-concurso-cientifico-de-premios-ramse-2024\/\">Resoluci\u00f3n del Concurso Cient\u00edfico de Premios RAMSE 2024<\/a><\/h2><p class=\"fusion-single-line-meta\">Por <span class=\"vcard\"><span class=\"fn\"><a href=\"https:\/\/ramse.es\/wordpress\/author\/prensa\/\" title=\"Entradas de Mar\u00eda\" rel=\"author\">Mar\u00eda<\/a><\/span><\/span><span class=\"fusion-inline-sep\">|<\/span><span class=\"updated\" style=\"display:none;\">2024-12-23T12:52:36+02:00<\/span><span>diciembre 20th, 2024<\/span><span class=\"fusion-inline-sep\">|<\/span>Categor\u00edas: <a href=\"https:\/\/ramse.es\/wordpress\/category\/premios-academia\/\" rel=\"category tag\">Premios Academia<\/a><span class=\"fusion-inline-sep\">|<\/span><span class=\"meta-tags\">Etiquetas: <a href=\"https:\/\/ramse.es\/wordpress\/tag\/concurso-cientifico\/\" rel=\"tag\">Concurso Cientifico<\/a>, <a href=\"https:\/\/ramse.es\/wordpress\/tag\/premios\/\" rel=\"tag\">Premios<\/a><\/span><span class=\"fusion-inline-sep\">|<\/span><\/p><div class=\"fusion-post-content-container\"><p>Resoluci\u00f3n del Concurso Cient\u00edfico de Premios convocados por la Real Academia de Medicina y Cirug\u00eda de Sevilla correspondientes al a\u00f1o 2024 Una vez o\u00eddas las propuestas de los jurados calificadores nombrados para cada premio, el Pleno Acad\u00e9mico, reunido en sesi\u00f3n ordinaria el d\u00eda 3 de diciembre del presente a\u00f1o, ha acordado conceder los siguientes premios: El resto de los premios convocados no se han concedido o han quedado desiertos. Consultar <a href=\"https:\/\/ramse.es\/wordpress\/resolucion-del-concurso-cientifico-de-premios-ramse-2024\/\">[...]<\/a><\/p><\/div><\/div><div class=\"fusion-clearfix\"><\/div><div class=\"fusion-meta-info\"><div class=\"fusion-alignright\"><a class=\"fusion-read-more\" href=\"https:\/\/ramse.es\/wordpress\/resolucion-del-concurso-cientifico-de-premios-ramse-2024\/\" aria-label=\"More on Resoluci\u00f3n del Concurso Cient\u00edfico de Premios RAMSE 2024\">Leer M\u00e1s<\/a><\/div><\/div><\/article>\n<article id=\"blog-1-post-5028\" class=\"fusion-post-large-alternate post-5028 post type-post status-publish format-standard has-post-thumbnail hentry category-patrimonio-ramse tag-virlagen-de-la-roldana\">\n\t<style type=\"text\/css\">\n\t\t\n\t\t\n\t\t\n\t\t\n\t\t\t<\/style>\n\n\n\t\t\t<div class=\"fusion-flexslider flexslider fusion-flexslider-loading fusion-post-slideshow\" style=\"\">\n\t\t<ul class=\"slides\">\n\t\t\t\n\t\t\t\t\t\t\t\t\t\t\t\t\t\t<li><div  class=\"fusion-image-wrapper\" aria-haspopup=\"true\">\n\t\t\t\t<img decoding=\"async\" width=\"1863\" height=\"2475\" src=\"https:\/\/ramse.es\/wordpress\/wp-content\/uploads\/2024\/11\/FOTO-1-resultado-final-reintegracion-estucos.jpg\" class=\"attachment-full size-full wp-post-image\" alt=\"\" srcset=\"https:\/\/ramse.es\/wordpress\/wp-content\/uploads\/2024\/11\/FOTO-1-resultado-final-reintegracion-estucos-200x266.jpg 200w, https:\/\/ramse.es\/wordpress\/wp-content\/uploads\/2024\/11\/FOTO-1-resultado-final-reintegracion-estucos-400x531.jpg 400w, https:\/\/ramse.es\/wordpress\/wp-content\/uploads\/2024\/11\/FOTO-1-resultado-final-reintegracion-estucos-600x797.jpg 600w, https:\/\/ramse.es\/wordpress\/wp-content\/uploads\/2024\/11\/FOTO-1-resultado-final-reintegracion-estucos-800x1063.jpg 800w, https:\/\/ramse.es\/wordpress\/wp-content\/uploads\/2024\/11\/FOTO-1-resultado-final-reintegracion-estucos-1200x1594.jpg 1200w, https:\/\/ramse.es\/wordpress\/wp-content\/uploads\/2024\/11\/FOTO-1-resultado-final-reintegracion-estucos.jpg 1863w\" sizes=\"(max-width: 1000px) 100vw, 800px\" \/><div class=\"fusion-rollover\">\n\t<div class=\"fusion-rollover-content\">\n\n\t\t\t\t\t\t\t\t\t\t\t\t\t\t<a class=\"fusion-rollover-link\" href=\"https:\/\/ramse.es\/wordpress\/la-virgen-de-la-roldana-de-la-ramse-restaurada-por-la-universidad-loyola\/\">La Virgen de La Roldana de la RAMSE restaurada por la Universidad Loyola<\/a>\n\t\t\t\n\t\t\t\t\t\t\t\t\t\t\t\t\t\t\n\t\t\t\t\t\t\t\t\n\t\t\t\t\t\t\t\t\t\t\t\t\t<div class=\"fusion-rollover-sep\"><\/div>\n\t\t\t\t\n\t\t\t\t\t\t\t\t\t\t\t\t\t\t\t\t\t\t<a class=\"fusion-rollover-gallery\" href=\"https:\/\/ramse.es\/wordpress\/wp-content\/uploads\/2024\/11\/FOTO-1-resultado-final-reintegracion-estucos.jpg\" data-id=\"5028\" data-rel=\"iLightbox[gallery]\" data-title=\"FOTO 1- resultado final reintegracio\u0301n estucos\" data-caption=\"\">\n\t\t\t\t\t\tGaler\u00eda\t\t\t\t\t<\/a>\n\t\t\t\t\t\t\t\t\t\t\t\t\t\t\n\t\t\n\t\t\t\t\t\t\t\t\n\t\t\t\t\t\t\t\t\n\t\t\n\t\t\t\t\t\t<a class=\"fusion-link-wrapper\" href=\"https:\/\/ramse.es\/wordpress\/la-virgen-de-la-roldana-de-la-ramse-restaurada-por-la-universidad-loyola\/\" aria-label=\"La Virgen de La Roldana de la RAMSE restaurada por la Universidad Loyola\"><\/a>\n\t<\/div>\n<\/div>\n<\/div>\n<\/li>\n\t\t\t\n\t\t\t\n\t\t\t\t\t\t\t\t\t\t\t\t\t\t\t\t\t\t\t\t\t\t\t\t\t\t\t\t\t\t\t\t\t\t\t\t\t\t\t\t\t\t\t\t\t\t\t\t\t\t\t\t\t\t\t\t\t\t\t\t\t\t\t\t\t\t\t\t<\/ul>\n\t<\/div>\n\t<div class=\"fusion-date-and-formats\"><div class=\"fusion-date-box updated\"><span class=\"fusion-date\">noviembre<\/span><span class=\"fusion-month-year\">1:48 pm<\/span><\/div><div class=\"fusion-format-box\"><i class=\"awb-icon-pen\" aria-hidden=\"true\"><\/i><\/div><\/div><div class=\"fusion-post-content post-content\"><h2 class=\"blog-shortcode-post-title entry-title\"><a href=\"https:\/\/ramse.es\/wordpress\/la-virgen-de-la-roldana-de-la-ramse-restaurada-por-la-universidad-loyola\/\">La Virgen de La Roldana de la RAMSE restaurada por la Universidad Loyola<\/a><\/h2><p class=\"fusion-single-line-meta\">Por <span class=\"vcard\"><span class=\"fn\"><a href=\"https:\/\/ramse.es\/wordpress\/author\/prensa\/\" title=\"Entradas de Mar\u00eda\" rel=\"author\">Mar\u00eda<\/a><\/span><\/span><span class=\"fusion-inline-sep\">|<\/span><span class=\"updated\" style=\"display:none;\">2024-11-25T00:18:53+02:00<\/span><span>noviembre 4th, 2024<\/span><span class=\"fusion-inline-sep\">|<\/span>Categor\u00edas: <a href=\"https:\/\/ramse.es\/wordpress\/category\/patrimonio-ramse\/\" rel=\"category tag\">Patrimonio RAMSE<\/a><span class=\"fusion-inline-sep\">|<\/span><span class=\"meta-tags\">Etiquetas: <a href=\"https:\/\/ramse.es\/wordpress\/tag\/virlagen-de-la-roldana\/\" rel=\"tag\">Virlagen de La Roldana<\/a><\/span><span class=\"fusion-inline-sep\">|<\/span><\/p><div class=\"fusion-post-content-container\"><p>Cuando la Compa\u00f1\u00eda de Jes\u00fas fue expulsada de Espa\u00f1a por Carlos III en 1767, gran parte de sus bienes fueron repartidos entre diferentes instituciones. Fue as\u00ed como el Colegio de San Gregorio en Sevilla, situado en la llamada calle de las Armas -hoy Alfonso XII-, fue cedido a la Real Academia de Medicina y Cirug\u00eda de Sevilla (RAMSE), y, algo m\u00e1s tarde se le concedi\u00f3 la propiedad de sus enseres.\u00a0 <a href=\"https:\/\/ramse.es\/wordpress\/la-virgen-de-la-roldana-de-la-ramse-restaurada-por-la-universidad-loyola\/\">[...]<\/a><\/p><\/div><\/div><div class=\"fusion-clearfix\"><\/div><div class=\"fusion-meta-info\"><div class=\"fusion-alignright\"><a class=\"fusion-read-more\" href=\"https:\/\/ramse.es\/wordpress\/la-virgen-de-la-roldana-de-la-ramse-restaurada-por-la-universidad-loyola\/\" aria-label=\"More on La Virgen de La Roldana de la RAMSE restaurada por la Universidad Loyola\">Leer M\u00e1s<\/a><\/div><\/div><\/article>\n<article id=\"blog-1-post-5038\" class=\"fusion-post-large-alternate post-5038 post type-post status-publish format-standard has-post-thumbnail hentry category-academicos-correspondientes category-actos-academicos tag-dr-dorado tag-dr-garamendi\">\n\t<style type=\"text\/css\">\n\t\t\n\t\t\n\t\t\n\t\t\n\t\t\t<\/style>\n\n\n\t\t\t<div class=\"fusion-flexslider flexslider fusion-flexslider-loading fusion-post-slideshow\" style=\"\">\n\t\t<ul class=\"slides\">\n\t\t\t\n\t\t\t\t\t\t\t\t\t\t\t\t\t\t<li><div  class=\"fusion-image-wrapper\" aria-haspopup=\"true\">\n\t\t\t\t<img decoding=\"async\" width=\"1772\" height=\"2362\" src=\"https:\/\/ramse.es\/wordpress\/wp-content\/uploads\/2024\/11\/24101042.jpg\" class=\"attachment-full size-full wp-post-image\" alt=\"\" srcset=\"https:\/\/ramse.es\/wordpress\/wp-content\/uploads\/2024\/11\/24101042-200x267.jpg 200w, https:\/\/ramse.es\/wordpress\/wp-content\/uploads\/2024\/11\/24101042-400x533.jpg 400w, https:\/\/ramse.es\/wordpress\/wp-content\/uploads\/2024\/11\/24101042-600x800.jpg 600w, https:\/\/ramse.es\/wordpress\/wp-content\/uploads\/2024\/11\/24101042-800x1066.jpg 800w, https:\/\/ramse.es\/wordpress\/wp-content\/uploads\/2024\/11\/24101042-1200x1600.jpg 1200w, https:\/\/ramse.es\/wordpress\/wp-content\/uploads\/2024\/11\/24101042.jpg 1772w\" sizes=\"(max-width: 1000px) 100vw, 800px\" \/><div class=\"fusion-rollover\">\n\t<div class=\"fusion-rollover-content\">\n\n\t\t\t\t\t\t\t\t\t\t\t\t\t\t<a class=\"fusion-rollover-link\" href=\"https:\/\/ramse.es\/wordpress\/5038-2\/\">El Prof. Manuel Eugenio Dorado y el Dr. Pedro Manuel Garamendi nombrados Acad\u00e9micos Correspondientes de la RAMSE<\/a>\n\t\t\t\n\t\t\t\t\t\t\t\t\t\t\t\t\t\t\n\t\t\t\t\t\t\t\t\n\t\t\t\t\t\t\t\t\t\t\t\t\t<div class=\"fusion-rollover-sep\"><\/div>\n\t\t\t\t\n\t\t\t\t\t\t\t\t\t\t\t\t\t\t\t\t\t\t<a class=\"fusion-rollover-gallery\" href=\"https:\/\/ramse.es\/wordpress\/wp-content\/uploads\/2024\/11\/24101042.jpg\" data-id=\"5038\" data-rel=\"iLightbox[gallery]\" data-title=\"24101042\" data-caption=\"\">\n\t\t\t\t\t\tGaler\u00eda\t\t\t\t\t<\/a>\n\t\t\t\t\t\t\t\t\t\t\t\t\t\t\n\t\t\n\t\t\t\t\t\t\t\t\n\t\t\t\t\t\t\t\t\n\t\t\n\t\t\t\t\t\t<a class=\"fusion-link-wrapper\" href=\"https:\/\/ramse.es\/wordpress\/5038-2\/\" aria-label=\"El Prof. Manuel Eugenio Dorado y el Dr. Pedro Manuel Garamendi nombrados Acad\u00e9micos Correspondientes de la RAMSE\"><\/a>\n\t<\/div>\n<\/div>\n<\/div>\n<\/li>\n\t\t\t\n\t\t\t\n\t\t\t\t\t\t\t\t\t\t\t\t\t\t\t\t\t\t\t\t\t\t\t\t\t\t\t\t\t\t\t\t\t\t\t\t\t\t\t\t\t\t\t\t\t\t\t\t\t\t\t\t\t\t\t\t\t\t\t\t\t\t\t\t\t\t\t\t<\/ul>\n\t<\/div>\n\t<div class=\"fusion-date-and-formats\"><div class=\"fusion-date-box updated\"><span class=\"fusion-date\">octubre<\/span><span class=\"fusion-month-year\">3:13 pm<\/span><\/div><div class=\"fusion-format-box\"><i class=\"awb-icon-pen\" aria-hidden=\"true\"><\/i><\/div><\/div><div class=\"fusion-post-content post-content\"><h2 class=\"blog-shortcode-post-title entry-title\"><a href=\"https:\/\/ramse.es\/wordpress\/5038-2\/\">El Prof. Manuel Eugenio Dorado y el Dr. Pedro Manuel Garamendi nombrados Acad\u00e9micos Correspondientes de la RAMSE<\/a><\/h2><p class=\"fusion-single-line-meta\">Por <span class=\"vcard\"><span class=\"fn\"><a href=\"https:\/\/ramse.es\/wordpress\/author\/prensa\/\" title=\"Entradas de Mar\u00eda\" rel=\"author\">Mar\u00eda<\/a><\/span><\/span><span class=\"fusion-inline-sep\">|<\/span><span class=\"updated\" style=\"display:none;\">2024-11-24T15:59:21+02:00<\/span><span>octubre 18th, 2024<\/span><span class=\"fusion-inline-sep\">|<\/span>Categor\u00edas: <a href=\"https:\/\/ramse.es\/wordpress\/category\/actos-academicos\/academicos-correspondientes\/\" rel=\"category tag\">Acad\u00e9micos Correspondientes<\/a>, <a href=\"https:\/\/ramse.es\/wordpress\/category\/actos-academicos\/\" rel=\"category tag\">Actos Acad\u00e9micos<\/a><span class=\"fusion-inline-sep\">|<\/span><span class=\"meta-tags\">Etiquetas: <a href=\"https:\/\/ramse.es\/wordpress\/tag\/dr-dorado\/\" rel=\"tag\">Dr. Dorado<\/a>, <a href=\"https:\/\/ramse.es\/wordpress\/tag\/dr-garamendi\/\" rel=\"tag\">Dr. Garamendi<\/a><\/span><span class=\"fusion-inline-sep\">|<\/span><\/p><div class=\"fusion-post-content-container\"><p>La Real Academia de Medicina y Cirug\u00eda de Sevilla en sesi\u00f3n solemne celebrada en la tarde del 17 de octubre de 2024, ha acogido el acto de recepci\u00f3n de los doctores: Manuel Eugenio Dorado Oca\u00f1a y Pedro Manuel Garamendi Gonz\u00e1lez, como nuevos Acad\u00e9micos Correspondientes. El Dr. Manuel Eugenio Dorado Oca\u00f1a fue presentado por el Ilmo. Sr. Dr. D. Jos\u00e9 L\u00f3pez Barneo, acad\u00e9mico numerario de la ilustre instituci\u00f3n sevillana, el profesor <a href=\"https:\/\/ramse.es\/wordpress\/5038-2\/\">[...]<\/a><\/p><\/div><\/div><div class=\"fusion-clearfix\"><\/div><div class=\"fusion-meta-info\"><div class=\"fusion-alignright\"><a class=\"fusion-read-more\" href=\"https:\/\/ramse.es\/wordpress\/5038-2\/\" aria-label=\"More on El Prof. Manuel Eugenio Dorado y el Dr. Pedro Manuel Garamendi nombrados Acad\u00e9micos Correspondientes de la RAMSE\">Leer M\u00e1s<\/a><\/div><\/div><\/article>\n<article id=\"blog-1-post-5054\" class=\"fusion-post-large-alternate post-5054 post type-post status-publish format-standard has-post-thumbnail hentry category-catedra-de-divulgacion category-catedra-oncologia category-fundacion-real-academia-de-medicina-y-cirugia-de-sevilla tag-tratamiento-actual-del-cancer-de-ovario\">\n\t<style type=\"text\/css\">\n\t\t\n\t\t\n\t\t\n\t\t\n\t\t\t<\/style>\n\n\n\t\t\t<div class=\"fusion-flexslider flexslider fusion-flexslider-loading fusion-post-slideshow\" style=\"\">\n\t\t<ul class=\"slides\">\n\t\t\t\n\t\t\t\t\t\t\t\t\t\t\t\t\t\t<li><div  class=\"fusion-image-wrapper\" aria-haspopup=\"true\">\n\t\t\t\t<img decoding=\"async\" width=\"1500\" height=\"1125\" src=\"https:\/\/ramse.es\/wordpress\/wp-content\/uploads\/2024\/11\/24100981.jpg\" class=\"attachment-full size-full wp-post-image\" alt=\"\" srcset=\"https:\/\/ramse.es\/wordpress\/wp-content\/uploads\/2024\/11\/24100981-200x150.jpg 200w, https:\/\/ramse.es\/wordpress\/wp-content\/uploads\/2024\/11\/24100981-400x300.jpg 400w, https:\/\/ramse.es\/wordpress\/wp-content\/uploads\/2024\/11\/24100981-600x450.jpg 600w, https:\/\/ramse.es\/wordpress\/wp-content\/uploads\/2024\/11\/24100981-800x600.jpg 800w, https:\/\/ramse.es\/wordpress\/wp-content\/uploads\/2024\/11\/24100981-1200x900.jpg 1200w, https:\/\/ramse.es\/wordpress\/wp-content\/uploads\/2024\/11\/24100981.jpg 1500w\" sizes=\"(max-width: 1000px) 100vw, 800px\" \/><div class=\"fusion-rollover\">\n\t<div class=\"fusion-rollover-content\">\n\n\t\t\t\t\t\t\t\t\t\t\t\t\t\t<a class=\"fusion-rollover-link\" href=\"https:\/\/ramse.es\/wordpress\/la-catedra-de-divulgacion-oncologica-organiza-la-sesion-tratamiento-actual-del-cancer-de-ovario\/\">La C\u00e1tedra de Divulgaci\u00f3n Oncol\u00f3gica organiza la sesi\u00f3n: Tratamiento actual del c\u00e1ncer de Ovario<\/a>\n\t\t\t\n\t\t\t\t\t\t\t\t\t\t\t\t\t\t\n\t\t\t\t\t\t\t\t\n\t\t\t\t\t\t\t\t\t\t\t\t\t<div class=\"fusion-rollover-sep\"><\/div>\n\t\t\t\t\n\t\t\t\t\t\t\t\t\t\t\t\t\t\t\t\t\t\t<a class=\"fusion-rollover-gallery\" href=\"https:\/\/ramse.es\/wordpress\/wp-content\/uploads\/2024\/11\/24100981.jpg\" data-id=\"5054\" data-rel=\"iLightbox[gallery]\" data-title=\"Catedra Divulgaci\u00f3n Oncol\u00f3gica\" data-caption=\"\">\n\t\t\t\t\t\tGaler\u00eda\t\t\t\t\t<\/a>\n\t\t\t\t\t\t\t\t\t\t\t\t\t\t\n\t\t\n\t\t\t\t\t\t\t\t\n\t\t\t\t\t\t\t\t\n\t\t\n\t\t\t\t\t\t<a class=\"fusion-link-wrapper\" href=\"https:\/\/ramse.es\/wordpress\/la-catedra-de-divulgacion-oncologica-organiza-la-sesion-tratamiento-actual-del-cancer-de-ovario\/\" aria-label=\"La C\u00e1tedra de Divulgaci\u00f3n Oncol\u00f3gica organiza la sesi\u00f3n: Tratamiento actual del c\u00e1ncer de Ovario\"><\/a>\n\t<\/div>\n<\/div>\n<\/div>\n<\/li>\n\t\t\t\n\t\t\t\n\t\t\t\t\t\t\t\t\t\t\t\t\t\t\t\t\t\t\t\t\t\t\t\t\t\t\t\t\t\t\t\t\t\t\t\t\t\t\t\t\t\t\t\t\t\t\t\t\t\t\t\t\t\t\t\t\t\t\t\t\t\t\t\t\t\t\t\t<\/ul>\n\t<\/div>\n\t<div class=\"fusion-date-and-formats\"><div class=\"fusion-date-box updated\"><span class=\"fusion-date\">octubre<\/span><span class=\"fusion-month-year\">8:19 pm<\/span><\/div><div class=\"fusion-format-box\"><i class=\"awb-icon-pen\" aria-hidden=\"true\"><\/i><\/div><\/div><div class=\"fusion-post-content post-content\"><h2 class=\"blog-shortcode-post-title entry-title\"><a href=\"https:\/\/ramse.es\/wordpress\/la-catedra-de-divulgacion-oncologica-organiza-la-sesion-tratamiento-actual-del-cancer-de-ovario\/\">La C\u00e1tedra de Divulgaci\u00f3n Oncol\u00f3gica organiza la sesi\u00f3n: Tratamiento actual del c\u00e1ncer de Ovario<\/a><\/h2><p class=\"fusion-single-line-meta\">Por <span class=\"vcard\"><span class=\"fn\"><a href=\"https:\/\/ramse.es\/wordpress\/author\/prensa\/\" title=\"Entradas de Mar\u00eda\" rel=\"author\">Mar\u00eda<\/a><\/span><\/span><span class=\"fusion-inline-sep\">|<\/span><span class=\"updated\" style=\"display:none;\">2024-11-25T00:35:30+02:00<\/span><span>octubre 16th, 2024<\/span><span class=\"fusion-inline-sep\">|<\/span>Categor\u00edas: <a href=\"https:\/\/ramse.es\/wordpress\/category\/catedra-de-divulgacion\/\" rel=\"category tag\">Catedra de Divulgaci\u00f3n<\/a>, <a href=\"https:\/\/ramse.es\/wordpress\/category\/catedra-oncologia\/\" rel=\"category tag\">C\u00e1tedra Oncolog\u00eda<\/a>, <a href=\"https:\/\/ramse.es\/wordpress\/category\/fundacion-real-academia-de-medicina-y-cirugia-de-sevilla\/\" rel=\"category tag\">Fundaci\u00f3n Real Academia de Medicina y Cirug\u00eda de Sevilla<\/a><span class=\"fusion-inline-sep\">|<\/span><span class=\"meta-tags\">Etiquetas: <a href=\"https:\/\/ramse.es\/wordpress\/tag\/tratamiento-actual-del-cancer-de-ovario\/\" rel=\"tag\">Tratamiento actual del c\u00e1ncer de Ovario<\/a><\/span><span class=\"fusion-inline-sep\">|<\/span><\/p><div class=\"fusion-post-content-container\"><p>La sede de la Real Academia de Medicina y Cirug\u00eda de Sevilla ha acogido la sesi\u00f3n titulada \"tratamiento actual del c\u00e1ncer de ovario\", un acto organizado por la C\u00e1tedra de Divulgaci\u00f3n Oncol\u00f3gica que dirige el onc\u00f3logo y acad\u00e9mico correspondiente, Dr. Juan Antonio Virizuela, perteneciente a la Fundaci\u00f3n RAMSE. El acto reuni\u00f3 a un grupo de expertos para tratar la actualizaci\u00f3n de terapias contra este tipo de c\u00e1ncer, considerado principal causa <a href=\"https:\/\/ramse.es\/wordpress\/la-catedra-de-divulgacion-oncologica-organiza-la-sesion-tratamiento-actual-del-cancer-de-ovario\/\">[...]<\/a><\/p><\/div><\/div><div class=\"fusion-clearfix\"><\/div><div class=\"fusion-meta-info\"><div class=\"fusion-alignright\"><a class=\"fusion-read-more\" href=\"https:\/\/ramse.es\/wordpress\/la-catedra-de-divulgacion-oncologica-organiza-la-sesion-tratamiento-actual-del-cancer-de-ovario\/\" aria-label=\"More on La C\u00e1tedra de Divulgaci\u00f3n Oncol\u00f3gica organiza la sesi\u00f3n: Tratamiento actual del c\u00e1ncer de Ovario\">Leer M\u00e1s<\/a><\/div><\/div><\/article>\n<article id=\"blog-1-post-4938\" class=\"fusion-post-large-alternate post-4938 post type-post status-publish format-standard has-post-thumbnail hentry category-fundacion-real-academia-de-medicina-y-cirugia-de-sevilla tag-dr-carmona-martinez tag-ricoms\">\n\t<style type=\"text\/css\">\n\t\t\n\t\t\n\t\t\n\t\t\n\t\t\t<\/style>\n\n\n\t\t\t<div class=\"fusion-flexslider flexslider fusion-flexslider-loading fusion-post-slideshow\" style=\"\">\n\t\t<ul class=\"slides\">\n\t\t\t\n\t\t\t\t\t\t\t\t\t\t\t\t\t\t<li><div  class=\"fusion-image-wrapper\" aria-haspopup=\"true\">\n\t\t\t\t<img decoding=\"async\" width=\"1500\" height=\"1125\" src=\"https:\/\/ramse.es\/wordpress\/wp-content\/uploads\/2024\/10\/Entrega-Medalla-Fundacion-RAMSE.jpg\" class=\"attachment-full size-full wp-post-image\" alt=\"\" srcset=\"https:\/\/ramse.es\/wordpress\/wp-content\/uploads\/2024\/10\/Entrega-Medalla-Fundacion-RAMSE-200x150.jpg 200w, https:\/\/ramse.es\/wordpress\/wp-content\/uploads\/2024\/10\/Entrega-Medalla-Fundacion-RAMSE-400x300.jpg 400w, https:\/\/ramse.es\/wordpress\/wp-content\/uploads\/2024\/10\/Entrega-Medalla-Fundacion-RAMSE-600x450.jpg 600w, https:\/\/ramse.es\/wordpress\/wp-content\/uploads\/2024\/10\/Entrega-Medalla-Fundacion-RAMSE-800x600.jpg 800w, https:\/\/ramse.es\/wordpress\/wp-content\/uploads\/2024\/10\/Entrega-Medalla-Fundacion-RAMSE-1200x900.jpg 1200w, https:\/\/ramse.es\/wordpress\/wp-content\/uploads\/2024\/10\/Entrega-Medalla-Fundacion-RAMSE.jpg 1500w\" sizes=\"(max-width: 1000px) 100vw, 800px\" \/><div class=\"fusion-rollover\">\n\t<div class=\"fusion-rollover-content\">\n\n\t\t\t\t\t\t\t\t\t\t\t\t\t\t<a class=\"fusion-rollover-link\" href=\"https:\/\/ramse.es\/wordpress\/el-dr-alfonso-carmona-recibe-la-medalla-de-la-fundacion-ramse\/\">El Dr. Alfonso Carmona recibe la Medalla de la Fundaci\u00f3n RAMSE<\/a>\n\t\t\t\n\t\t\t\t\t\t\t\t\t\t\t\t\t\t\n\t\t\t\t\t\t\t\t\n\t\t\t\t\t\t\t\t\t\t\t\t\t<div class=\"fusion-rollover-sep\"><\/div>\n\t\t\t\t\n\t\t\t\t\t\t\t\t\t\t\t\t\t\t\t\t\t\t<a class=\"fusion-rollover-gallery\" href=\"https:\/\/ramse.es\/wordpress\/wp-content\/uploads\/2024\/10\/Entrega-Medalla-Fundacion-RAMSE.jpg\" data-id=\"4938\" data-rel=\"iLightbox[gallery]\" data-title=\"Entrega Medalla Fundacion RAMSE\" data-caption=\"\">\n\t\t\t\t\t\tGaler\u00eda\t\t\t\t\t<\/a>\n\t\t\t\t\t\t\t\t\t\t\t\t\t\t\n\t\t\n\t\t\t\t\t\t\t\t\n\t\t\t\t\t\t\t\t\n\t\t\n\t\t\t\t\t\t<a class=\"fusion-link-wrapper\" href=\"https:\/\/ramse.es\/wordpress\/el-dr-alfonso-carmona-recibe-la-medalla-de-la-fundacion-ramse\/\" aria-label=\"El Dr. Alfonso Carmona recibe la Medalla de la Fundaci\u00f3n RAMSE\"><\/a>\n\t<\/div>\n<\/div>\n<\/div>\n<\/li>\n\t\t\t\n\t\t\t\n\t\t\t\t\t\t\t\t\t\t\t\t\t\t\t\t\t\t\t\t\t\t\t\t\t\t\t\t\t\t\t\t\t\t\t\t\t\t\t\t\t\t\t\t\t\t\t\t\t\t\t\t\t\t\t\t\t\t\t\t\t\t\t\t\t\t\t\t<\/ul>\n\t<\/div>\n\t<div class=\"fusion-date-and-formats\"><div class=\"fusion-date-box updated\"><span class=\"fusion-date\">octubre<\/span><span class=\"fusion-month-year\">2:34 pm<\/span><\/div><div class=\"fusion-format-box\"><i class=\"awb-icon-pen\" aria-hidden=\"true\"><\/i><\/div><\/div><div class=\"fusion-post-content post-content\"><h2 class=\"blog-shortcode-post-title entry-title\"><a href=\"https:\/\/ramse.es\/wordpress\/el-dr-alfonso-carmona-recibe-la-medalla-de-la-fundacion-ramse\/\">El Dr. Alfonso Carmona recibe la Medalla de la Fundaci\u00f3n RAMSE<\/a><\/h2><p class=\"fusion-single-line-meta\">Por <span class=\"vcard\"><span class=\"fn\"><a href=\"https:\/\/ramse.es\/wordpress\/author\/prensa\/\" title=\"Entradas de Mar\u00eda\" rel=\"author\">Mar\u00eda<\/a><\/span><\/span><span class=\"fusion-inline-sep\">|<\/span><span class=\"updated\" style=\"display:none;\">2024-10-07T18:59:50+02:00<\/span><span>octubre 7th, 2024<\/span><span class=\"fusion-inline-sep\">|<\/span>Categor\u00edas: <a href=\"https:\/\/ramse.es\/wordpress\/category\/fundacion-real-academia-de-medicina-y-cirugia-de-sevilla\/\" rel=\"category tag\">Fundaci\u00f3n Real Academia de Medicina y Cirug\u00eda de Sevilla<\/a><span class=\"fusion-inline-sep\">|<\/span><span class=\"meta-tags\">Etiquetas: <a href=\"https:\/\/ramse.es\/wordpress\/tag\/dr-carmona-martinez\/\" rel=\"tag\">Dr. Carmona Martinez<\/a>, <a href=\"https:\/\/ramse.es\/wordpress\/tag\/ricoms\/\" rel=\"tag\">Ricoms<\/a><\/span><span class=\"fusion-inline-sep\">|<\/span><\/p><div class=\"fusion-post-content-container\"><p>La Fundaci\u00f3n Real Academia de Medicina y Cirug\u00eda de Sevilla (RAMSE) concedi\u00f3 ayer la medalla de la Fundaci\u00f3n al pediatra Dr. D. Alfonso Carmona Mart\u00ednez, presidente del Real e Ilustre Colegio de M\u00e9dicos de Sevilla (RICOMS), por ser \u201cun claro defensor de la mejora de las condiciones de trabajo de los m\u00e9dicos, as\u00ed como por sus labores solidarias, realizando programas de vacunaci\u00f3n en pa\u00edses subdesarrollados\u201d. \u201cSu pasi\u00f3n por la vida, <a href=\"https:\/\/ramse.es\/wordpress\/el-dr-alfonso-carmona-recibe-la-medalla-de-la-fundacion-ramse\/\">[...]<\/a><\/p><\/div><\/div><div class=\"fusion-clearfix\"><\/div><div class=\"fusion-meta-info\"><div class=\"fusion-alignright\"><a class=\"fusion-read-more\" href=\"https:\/\/ramse.es\/wordpress\/el-dr-alfonso-carmona-recibe-la-medalla-de-la-fundacion-ramse\/\" aria-label=\"More on El Dr. Alfonso Carmona recibe la Medalla de la Fundaci\u00f3n RAMSE\">Leer M\u00e1s<\/a><\/div><\/div><\/article>\n<article id=\"blog-1-post-5011\" class=\"fusion-post-large-alternate post-5011 post type-post status-publish format-standard has-post-thumbnail hentry category-academicos-correspondientes category-actos-academicos tag-antonio-millan-jimenez tag-isabel-relimpio-lopez\">\n\t<style type=\"text\/css\">\n\t\t\n\t\t\n\t\t\n\t\t\n\t\t\t<\/style>\n\n\n\t\t\t<div class=\"fusion-flexslider flexslider fusion-flexslider-loading fusion-post-slideshow\" style=\"\">\n\t\t<ul class=\"slides\">\n\t\t\t\n\t\t\t\t\t\t\t\t\t\t\t\t\t\t<li><div  class=\"fusion-image-wrapper\" aria-haspopup=\"true\">\n\t\t\t\t<img decoding=\"async\" width=\"1772\" height=\"2362\" src=\"https:\/\/ramse.es\/wordpress\/wp-content\/uploads\/2024\/11\/24100205.jpg\" class=\"attachment-full size-full wp-post-image\" alt=\"\" srcset=\"https:\/\/ramse.es\/wordpress\/wp-content\/uploads\/2024\/11\/24100205-200x267.jpg 200w, https:\/\/ramse.es\/wordpress\/wp-content\/uploads\/2024\/11\/24100205-400x533.jpg 400w, https:\/\/ramse.es\/wordpress\/wp-content\/uploads\/2024\/11\/24100205-600x800.jpg 600w, https:\/\/ramse.es\/wordpress\/wp-content\/uploads\/2024\/11\/24100205-800x1066.jpg 800w, https:\/\/ramse.es\/wordpress\/wp-content\/uploads\/2024\/11\/24100205-1200x1600.jpg 1200w, https:\/\/ramse.es\/wordpress\/wp-content\/uploads\/2024\/11\/24100205.jpg 1772w\" sizes=\"(max-width: 1000px) 100vw, 800px\" \/><div class=\"fusion-rollover\">\n\t<div class=\"fusion-rollover-content\">\n\n\t\t\t\t\t\t\t\t\t\t\t\t\t\t<a class=\"fusion-rollover-link\" href=\"https:\/\/ramse.es\/wordpress\/la-doctora-isabel-relimpio-y-el-doctor-antonio-millan-ingresan-como-academicos-correspondientes-de-la-ramse\/\">La Doctora Isabel Relimpio y el Doctor Antonio Mill\u00e1n ingresan como acad\u00e9micos correspondientes de la RAMSE<\/a>\n\t\t\t\n\t\t\t\t\t\t\t\t\t\t\t\t\t\t\n\t\t\t\t\t\t\t\t\n\t\t\t\t\t\t\t\t\t\t\t\t\t<div class=\"fusion-rollover-sep\"><\/div>\n\t\t\t\t\n\t\t\t\t\t\t\t\t\t\t\t\t\t\t\t\t\t\t<a class=\"fusion-rollover-gallery\" href=\"https:\/\/ramse.es\/wordpress\/wp-content\/uploads\/2024\/11\/24100205.jpg\" data-id=\"5011\" data-rel=\"iLightbox[gallery]\" data-title=\"Toma Posesi\u00f3n Dr. Millan y Dra. Re\" data-caption=\"\">\n\t\t\t\t\t\tGaler\u00eda\t\t\t\t\t<\/a>\n\t\t\t\t\t\t\t\t\t\t\t\t\t\t\n\t\t\n\t\t\t\t\t\t\t\t\n\t\t\t\t\t\t\t\t\n\t\t\n\t\t\t\t\t\t<a class=\"fusion-link-wrapper\" href=\"https:\/\/ramse.es\/wordpress\/la-doctora-isabel-relimpio-y-el-doctor-antonio-millan-ingresan-como-academicos-correspondientes-de-la-ramse\/\" aria-label=\"La Doctora Isabel Relimpio y el Doctor Antonio Mill\u00e1n ingresan como acad\u00e9micos correspondientes de la RAMSE\"><\/a>\n\t<\/div>\n<\/div>\n<\/div>\n<\/li>\n\t\t\t\n\t\t\t\n\t\t\t\t\t\t\t\t\t\t\t\t\t\t\t\t\t\t\t\t\t\t\t\t\t\t\t\t\t\t\t\t\t\t\t\t\t\t\t\t\t\t\t\t\t\t\t\t\t\t\t\t\t\t\t\t\t\t\t\t\t\t\t\t\t\t\t\t<\/ul>\n\t<\/div>\n\t<div class=\"fusion-date-and-formats\"><div class=\"fusion-date-box updated\"><span class=\"fusion-date\">octubre<\/span><span class=\"fusion-month-year\">12:48 pm<\/span><\/div><div class=\"fusion-format-box\"><i class=\"awb-icon-pen\" aria-hidden=\"true\"><\/i><\/div><\/div><div class=\"fusion-post-content post-content\"><h2 class=\"blog-shortcode-post-title entry-title\"><a href=\"https:\/\/ramse.es\/wordpress\/la-doctora-isabel-relimpio-y-el-doctor-antonio-millan-ingresan-como-academicos-correspondientes-de-la-ramse\/\">La Doctora Isabel Relimpio y el Doctor Antonio Mill\u00e1n ingresan como acad\u00e9micos correspondientes de la RAMSE<\/a><\/h2><p class=\"fusion-single-line-meta\">Por <span class=\"vcard\"><span class=\"fn\"><a href=\"https:\/\/ramse.es\/wordpress\/author\/prensa\/\" title=\"Entradas de Mar\u00eda\" rel=\"author\">Mar\u00eda<\/a><\/span><\/span><span class=\"fusion-inline-sep\">|<\/span><span class=\"updated\" style=\"display:none;\">2024-11-24T13:35:27+02:00<\/span><span>octubre 5th, 2024<\/span><span class=\"fusion-inline-sep\">|<\/span>Categor\u00edas: <a href=\"https:\/\/ramse.es\/wordpress\/category\/actos-academicos\/academicos-correspondientes\/\" rel=\"category tag\">Acad\u00e9micos Correspondientes<\/a>, <a href=\"https:\/\/ramse.es\/wordpress\/category\/actos-academicos\/\" rel=\"category tag\">Actos Acad\u00e9micos<\/a><span class=\"fusion-inline-sep\">|<\/span><span class=\"meta-tags\">Etiquetas: <a href=\"https:\/\/ramse.es\/wordpress\/tag\/antonio-millan-jimenez\/\" rel=\"tag\">Antonio Mill\u00e1n Jim\u00e9nez<\/a>, <a href=\"https:\/\/ramse.es\/wordpress\/tag\/isabel-relimpio-lopez\/\" rel=\"tag\">Isabel Relimpio L\u00f3pez<\/a><\/span><span class=\"fusion-inline-sep\">|<\/span><\/p><div class=\"fusion-post-content-container\"><p>La Real Academia de Medicina y Cirug\u00eda de Sevilla (RAMSE) recibi\u00f3 el pasado jueves, 3 de octubre, a dos nuevos Acad\u00e9micos Correspondientes: Los doctores Isabel Relimpio L\u00f3pez, especialista en Oftalmolog\u00eda y Antonio Mill\u00e1n Jim\u00e9nez, especialista en Pediatr\u00eda. Los doctores leyeron su discurso de ingreso en el Sal\u00f3n Ram\u00f3n y Cajal de la sede de la Real Academia de Medicina y Cirug\u00eda de Sevilla. La Dra. Isabel Relimpio L\u00f3pez, que fue <a href=\"https:\/\/ramse.es\/wordpress\/la-doctora-isabel-relimpio-y-el-doctor-antonio-millan-ingresan-como-academicos-correspondientes-de-la-ramse\/\">[...]<\/a><\/p><\/div><\/div><div class=\"fusion-clearfix\"><\/div><div class=\"fusion-meta-info\"><div class=\"fusion-alignright\"><a class=\"fusion-read-more\" href=\"https:\/\/ramse.es\/wordpress\/la-doctora-isabel-relimpio-y-el-doctor-antonio-millan-ingresan-como-academicos-correspondientes-de-la-ramse\/\" aria-label=\"More on La Doctora Isabel Relimpio y el Doctor Antonio Mill\u00e1n ingresan como acad\u00e9micos correspondientes de la RAMSE\">Leer M\u00e1s<\/a><\/div><\/div><\/article>\n<article id=\"blog-1-post-4950\" class=\"fusion-post-large-alternate post-4950 post type-post status-publish format-standard has-post-thumbnail hentry category-academicos-correspondientes category-actos-academicos tag-antonio-cortes-moreno tag-jose-maria-dominguez-roldan tag-miguel-angel-colmenero-camacho\">\n\t<style type=\"text\/css\">\n\t\t\n\t\t\n\t\t\n\t\t\n\t\t\t<\/style>\n\n\n\t\t\t<div class=\"fusion-flexslider flexslider fusion-flexslider-loading fusion-post-slideshow\" style=\"\">\n\t\t<ul class=\"slides\">\n\t\t\t\n\t\t\t\t\t\t\t\t\t\t\t\t\t\t<li><div  class=\"fusion-image-wrapper\" aria-haspopup=\"true\">\n\t\t\t\t<img decoding=\"async\" width=\"2362\" height=\"1772\" src=\"https:\/\/ramse.es\/wordpress\/wp-content\/uploads\/2024\/10\/24090947.jpg\" class=\"attachment-full size-full wp-post-image\" alt=\"\" srcset=\"https:\/\/ramse.es\/wordpress\/wp-content\/uploads\/2024\/10\/24090947-200x150.jpg 200w, https:\/\/ramse.es\/wordpress\/wp-content\/uploads\/2024\/10\/24090947-400x300.jpg 400w, https:\/\/ramse.es\/wordpress\/wp-content\/uploads\/2024\/10\/24090947-600x450.jpg 600w, https:\/\/ramse.es\/wordpress\/wp-content\/uploads\/2024\/10\/24090947-800x600.jpg 800w, https:\/\/ramse.es\/wordpress\/wp-content\/uploads\/2024\/10\/24090947-1200x900.jpg 1200w, https:\/\/ramse.es\/wordpress\/wp-content\/uploads\/2024\/10\/24090947.jpg 2362w\" sizes=\"(max-width: 1000px) 100vw, 800px\" \/><div class=\"fusion-rollover\">\n\t<div class=\"fusion-rollover-content\">\n\n\t\t\t\t\t\t\t\t\t\t\t\t\t\t<a class=\"fusion-rollover-link\" href=\"https:\/\/ramse.es\/wordpress\/los-doctores-cortes-dominguez-y-colmenero-ingresan-como-academicos-correspondientes-en-la-ramse\/\">Los doctores Cort\u00e9s, Dom\u00ednguez y Colmenero ingresan como Acad\u00e9micos Correspondientes en la RAMSE<\/a>\n\t\t\t\n\t\t\t\t\t\t\t\t\t\t\t\t\t\t\n\t\t\t\t\t\t\t\t\n\t\t\t\t\t\t\t\t\t\t\t\t\t<div class=\"fusion-rollover-sep\"><\/div>\n\t\t\t\t\n\t\t\t\t\t\t\t\t\t\t\t\t\t\t\t\t\t\t<a class=\"fusion-rollover-gallery\" href=\"https:\/\/ramse.es\/wordpress\/wp-content\/uploads\/2024\/10\/24090947.jpg\" data-id=\"4950\" data-rel=\"iLightbox[gallery]\" data-title=\"24090947\" data-caption=\"\">\n\t\t\t\t\t\tGaler\u00eda\t\t\t\t\t<\/a>\n\t\t\t\t\t\t\t\t\t\t\t\t\t\t\n\t\t\n\t\t\t\t\t\t\t\t\n\t\t\t\t\t\t\t\t\n\t\t\n\t\t\t\t\t\t<a class=\"fusion-link-wrapper\" href=\"https:\/\/ramse.es\/wordpress\/los-doctores-cortes-dominguez-y-colmenero-ingresan-como-academicos-correspondientes-en-la-ramse\/\" aria-label=\"Los doctores Cort\u00e9s, Dom\u00ednguez y Colmenero ingresan como Acad\u00e9micos Correspondientes en la RAMSE\"><\/a>\n\t<\/div>\n<\/div>\n<\/div>\n<\/li>\n\t\t\t\n\t\t\t\n\t\t\t\t\t\t\t\t\t\t\t\t\t\t\t\t\t\t\t\t\t\t\t\t\t\t\t\t\t\t\t\t\t\t\t\t\t\t\t\t\t\t\t\t\t\t\t\t\t\t\t\t\t\t\t\t\t\t\t\t\t\t\t\t\t\t\t\t<\/ul>\n\t<\/div>\n\t<div class=\"fusion-date-and-formats\"><div class=\"fusion-date-box updated\"><span class=\"fusion-date\">septiembre<\/span><span class=\"fusion-month-year\">11:00 pm<\/span><\/div><div class=\"fusion-format-box\"><i class=\"awb-icon-pen\" aria-hidden=\"true\"><\/i><\/div><\/div><div class=\"fusion-post-content post-content\"><h2 class=\"blog-shortcode-post-title entry-title\"><a href=\"https:\/\/ramse.es\/wordpress\/los-doctores-cortes-dominguez-y-colmenero-ingresan-como-academicos-correspondientes-en-la-ramse\/\">Los doctores Cort\u00e9s, Dom\u00ednguez y Colmenero ingresan como Acad\u00e9micos Correspondientes en la RAMSE<\/a><\/h2><p class=\"fusion-single-line-meta\">Por <span class=\"vcard\"><span class=\"fn\"><a href=\"https:\/\/ramse.es\/wordpress\/author\/prensa\/\" title=\"Entradas de Mar\u00eda\" rel=\"author\">Mar\u00eda<\/a><\/span><\/span><span class=\"fusion-inline-sep\">|<\/span><span class=\"updated\" style=\"display:none;\">2024-10-07T23:12:56+02:00<\/span><span>septiembre 30th, 2024<\/span><span class=\"fusion-inline-sep\">|<\/span>Categor\u00edas: <a href=\"https:\/\/ramse.es\/wordpress\/category\/actos-academicos\/academicos-correspondientes\/\" rel=\"category tag\">Acad\u00e9micos Correspondientes<\/a>, <a href=\"https:\/\/ramse.es\/wordpress\/category\/actos-academicos\/\" rel=\"category tag\">Actos Acad\u00e9micos<\/a><span class=\"fusion-inline-sep\">|<\/span><span class=\"meta-tags\">Etiquetas: <a href=\"https:\/\/ramse.es\/wordpress\/tag\/antonio-cortes-moreno\/\" rel=\"tag\">Antonio Cortes Moreno<\/a>, <a href=\"https:\/\/ramse.es\/wordpress\/tag\/jose-maria-dominguez-roldan\/\" rel=\"tag\">Jose Mar\u00eda Dominguez Roldan<\/a>, <a href=\"https:\/\/ramse.es\/wordpress\/tag\/miguel-angel-colmenero-camacho\/\" rel=\"tag\">Miguel Angel Colmenero Camacho<\/a><\/span><span class=\"fusion-inline-sep\">|<\/span><\/p><div class=\"fusion-post-content-container\"><p>La Real Academia de Medicina y Cirug\u00eda de Sevilla (RAMSE) recibi\u00f3 el pasado 26 de septiembre a tres nuevos Acad\u00e9micos Correspondientes: Los doctores Antonio Cort\u00e9s Moreno, cirujano ortop\u00e9dico especializado en cirug\u00eda vertebral; Jos\u00e9 Mar\u00eda Dom\u00ednguez Rold\u00e1n, especialista en Bio\u00e9tica y presidente de la Comisi\u00f3n Central de Deontolog\u00eda; y Miguel \u00c1ngel Colmenero Camacho, especialista en Medicina Interna y director Gerente Hospital Universitario Virgen Macarena. El Dr. Antonio Cort\u00e9s Moreno fue presentado <a href=\"https:\/\/ramse.es\/wordpress\/los-doctores-cortes-dominguez-y-colmenero-ingresan-como-academicos-correspondientes-en-la-ramse\/\">[...]<\/a><\/p><\/div><\/div><div class=\"fusion-clearfix\"><\/div><div class=\"fusion-meta-info\"><div class=\"fusion-alignright\"><a class=\"fusion-read-more\" href=\"https:\/\/ramse.es\/wordpress\/los-doctores-cortes-dominguez-y-colmenero-ingresan-como-academicos-correspondientes-en-la-ramse\/\" aria-label=\"More on Los doctores Cort\u00e9s, Dom\u00ednguez y Colmenero ingresan como Acad\u00e9micos Correspondientes en la RAMSE\">Leer M\u00e1s<\/a><\/div><\/div><\/article>\n<article id=\"blog-1-post-4935\" class=\"fusion-post-large-alternate post-4935 post type-post status-publish format-standard has-post-thumbnail hentry category-actos-academicos category-premios-academia tag-premios-cientificos\">\n\t<style type=\"text\/css\">\n\t\t\n\t\t\n\t\t\n\t\t\n\t\t\t<\/style>\n\n\n\t\t\t<div class=\"fusion-flexslider flexslider fusion-flexslider-loading fusion-post-slideshow\" style=\"\">\n\t\t<ul class=\"slides\">\n\t\t\t\n\t\t\t\t\t\t\t\t\t\t\t\t\t\t<li><div  class=\"fusion-image-wrapper\" aria-haspopup=\"true\">\n\t\t\t\t<img decoding=\"async\" width=\"305\" height=\"350\" src=\"https:\/\/ramse.es\/wordpress\/wp-content\/uploads\/2020\/10\/LogoRAMSEweb.jpg\" class=\"attachment-full size-full wp-post-image\" alt=\"\" srcset=\"https:\/\/ramse.es\/wordpress\/wp-content\/uploads\/2020\/10\/LogoRAMSEweb-200x230.jpg 200w, https:\/\/ramse.es\/wordpress\/wp-content\/uploads\/2020\/10\/LogoRAMSEweb.jpg 305w\" sizes=\"(max-width: 1000px) 100vw, 305px\" \/><div class=\"fusion-rollover\">\n\t<div class=\"fusion-rollover-content\">\n\n\t\t\t\t\t\t\t\t\t\t\t\t\t\t<a class=\"fusion-rollover-link\" href=\"https:\/\/ramse.es\/wordpress\/la-ramse-convoca-los-premios-cientificos-2024\/\">La RAMSE convoca los Premios Cient\u00edficos 2024<\/a>\n\t\t\t\n\t\t\t\t\t\t\t\t\t\t\t\t\t\t\n\t\t\t\t\t\t\t\t\n\t\t\t\t\t\t\t\t\t\t\t\t\t<div class=\"fusion-rollover-sep\"><\/div>\n\t\t\t\t\n\t\t\t\t\t\t\t\t\t\t\t\t\t\t\t\t\t\t<a class=\"fusion-rollover-gallery\" href=\"https:\/\/ramse.es\/wordpress\/wp-content\/uploads\/2020\/10\/LogoRAMSEweb.jpg\" data-id=\"4935\" data-rel=\"iLightbox[gallery]\" data-title=\"LogoRAMSEweb\" data-caption=\"\">\n\t\t\t\t\t\tGaler\u00eda\t\t\t\t\t<\/a>\n\t\t\t\t\t\t\t\t\t\t\t\t\t\t\n\t\t\n\t\t\t\t\t\t\t\t\n\t\t\t\t\t\t\t\t\n\t\t\n\t\t\t\t\t\t<a class=\"fusion-link-wrapper\" href=\"https:\/\/ramse.es\/wordpress\/la-ramse-convoca-los-premios-cientificos-2024\/\" aria-label=\"La RAMSE convoca los Premios Cient\u00edficos 2024\"><\/a>\n\t<\/div>\n<\/div>\n<\/div>\n<\/li>\n\t\t\t\n\t\t\t\n\t\t\t\t\t\t\t\t\t\t\t\t\t\t\t\t\t\t\t\t\t\t\t\t\t\t\t\t\t\t\t\t\t\t\t\t\t\t\t\t\t\t\t\t\t\t\t\t\t\t\t\t\t\t\t\t\t\t\t\t\t\t\t\t\t\t\t\t<\/ul>\n\t<\/div>\n\t<div class=\"fusion-date-and-formats\"><div class=\"fusion-date-box updated\"><span class=\"fusion-date\">agosto<\/span><span class=\"fusion-month-year\">12:20 pm<\/span><\/div><div class=\"fusion-format-box\"><i class=\"awb-icon-pen\" aria-hidden=\"true\"><\/i><\/div><\/div><div class=\"fusion-post-content post-content\"><h2 class=\"blog-shortcode-post-title entry-title\"><a href=\"https:\/\/ramse.es\/wordpress\/la-ramse-convoca-los-premios-cientificos-2024\/\">La RAMSE convoca los Premios Cient\u00edficos 2024<\/a><\/h2><p class=\"fusion-single-line-meta\">Por <span class=\"vcard\"><span class=\"fn\"><a href=\"https:\/\/ramse.es\/wordpress\/author\/prensa\/\" title=\"Entradas de Mar\u00eda\" rel=\"author\">Mar\u00eda<\/a><\/span><\/span><span class=\"fusion-inline-sep\">|<\/span><span class=\"updated\" style=\"display:none;\">2024-08-21T12:20:32+02:00<\/span><span>agosto 21st, 2024<\/span><span class=\"fusion-inline-sep\">|<\/span>Categor\u00edas: <a href=\"https:\/\/ramse.es\/wordpress\/category\/actos-academicos\/\" rel=\"category tag\">Actos Acad\u00e9micos<\/a>, <a href=\"https:\/\/ramse.es\/wordpress\/category\/premios-academia\/\" rel=\"category tag\">Premios Academia<\/a><span class=\"fusion-inline-sep\">|<\/span><span class=\"meta-tags\">Etiquetas: <a href=\"https:\/\/ramse.es\/wordpress\/tag\/premios-cientificos\/\" rel=\"tag\">Premios Cient\u00edficos<\/a><\/span><span class=\"fusion-inline-sep\">|<\/span><\/p><div class=\"fusion-post-content-container\"><p>La Real Academia de Medicina y Cirug\u00eda de Sevilla (RAMSE) ha publicado las bases de sus Premios Cient\u00edficos 2024, convocando 9 galardones dotados con 1.000 euros cada uno. El plazo de presentaci\u00f3n de los trabajos finaliza el pr\u00f3ximo 15 de octubre de 2024. A esta convocatoria pueden concurrir como aspirantes Licenciados, Graduados o Doctores en Medicina y Cirug\u00eda o en otras instituciones universitarias de rango equivalente, que no sean Acad\u00e9micos <a href=\"https:\/\/ramse.es\/wordpress\/la-ramse-convoca-los-premios-cientificos-2024\/\">[...]<\/a><\/p><\/div><\/div><div class=\"fusion-clearfix\"><\/div><div class=\"fusion-meta-info\"><div class=\"fusion-alignright\"><a class=\"fusion-read-more\" href=\"https:\/\/ramse.es\/wordpress\/la-ramse-convoca-los-premios-cientificos-2024\/\" aria-label=\"More on La RAMSE convoca los Premios Cient\u00edficos 2024\">Leer M\u00e1s<\/a><\/div><\/div><\/article>\n<article id=\"blog-1-post-4910\" class=\"fusion-post-large-alternate post-4910 post type-post status-publish format-standard has-post-thumbnail hentry category-conferencia category-uncategorized tag-consentimiento-informado\">\n\t<style type=\"text\/css\">\n\t\t\n\t\t\n\t\t\n\t\t\n\t\t\t<\/style>\n\n\n\t\t\t<div class=\"fusion-flexslider flexslider fusion-flexslider-loading fusion-post-slideshow\" style=\"\">\n\t\t<ul class=\"slides\">\n\t\t\t\n\t\t\t\t\t\t\t\t\t\t\t\t\t\t<li><div  class=\"fusion-image-wrapper\" aria-haspopup=\"true\">\n\t\t\t\t<img decoding=\"async\" width=\"2362\" height=\"1772\" src=\"https:\/\/ramse.es\/wordpress\/wp-content\/uploads\/2024\/06\/24060265.jpg\" class=\"attachment-full size-full wp-post-image\" alt=\"\" srcset=\"https:\/\/ramse.es\/wordpress\/wp-content\/uploads\/2024\/06\/24060265-200x150.jpg 200w, https:\/\/ramse.es\/wordpress\/wp-content\/uploads\/2024\/06\/24060265-400x300.jpg 400w, https:\/\/ramse.es\/wordpress\/wp-content\/uploads\/2024\/06\/24060265-600x450.jpg 600w, https:\/\/ramse.es\/wordpress\/wp-content\/uploads\/2024\/06\/24060265-800x600.jpg 800w, https:\/\/ramse.es\/wordpress\/wp-content\/uploads\/2024\/06\/24060265-1200x900.jpg 1200w, https:\/\/ramse.es\/wordpress\/wp-content\/uploads\/2024\/06\/24060265.jpg 2362w\" sizes=\"(max-width: 1000px) 100vw, 800px\" \/><div class=\"fusion-rollover\">\n\t<div class=\"fusion-rollover-content\">\n\n\t\t\t\t\t\t\t\t\t\t\t\t\t\t<a class=\"fusion-rollover-link\" href=\"https:\/\/ramse.es\/wordpress\/conferencia-despejando-dudas-sobre-el-consentimiento-informado\/\">Conferencia \u00abDespejando dudas sobre el consentimiento informado\u00bb<\/a>\n\t\t\t\n\t\t\t\t\t\t\t\t\t\t\t\t\t\t\n\t\t\t\t\t\t\t\t\n\t\t\t\t\t\t\t\t\t\t\t\t\t<div class=\"fusion-rollover-sep\"><\/div>\n\t\t\t\t\n\t\t\t\t\t\t\t\t\t\t\t\t\t\t\t\t\t\t<a class=\"fusion-rollover-gallery\" href=\"https:\/\/ramse.es\/wordpress\/wp-content\/uploads\/2024\/06\/24060265.jpg\" data-id=\"4910\" data-rel=\"iLightbox[gallery]\" data-title=\"Conferencia Francisco Baena\" data-caption=\"\">\n\t\t\t\t\t\tGaler\u00eda\t\t\t\t\t<\/a>\n\t\t\t\t\t\t\t\t\t\t\t\t\t\t\n\t\t\n\t\t\t\t\t\t\t\t\n\t\t\t\t\t\t\t\t\n\t\t\n\t\t\t\t\t\t<a class=\"fusion-link-wrapper\" href=\"https:\/\/ramse.es\/wordpress\/conferencia-despejando-dudas-sobre-el-consentimiento-informado\/\" aria-label=\"Conferencia \u00abDespejando dudas sobre el consentimiento informado\u00bb\"><\/a>\n\t<\/div>\n<\/div>\n<\/div>\n<\/li>\n\t\t\t\n\t\t\t\n\t\t\t\t\t\t\t\t\t\t\t\t\t\t\t\t\t\t\t\t\t\t\t\t\t\t\t\t\t\t\t\t\t\t\t\t\t\t\t\t\t\t\t\t\t\t\t\t\t\t\t\t\t\t\t\t\t\t\t\t\t\t\t\t\t\t\t\t<\/ul>\n\t<\/div>\n\t<div class=\"fusion-date-and-formats\"><div class=\"fusion-date-box updated\"><span class=\"fusion-date\">junio<\/span><span class=\"fusion-month-year\">12:31 pm<\/span><\/div><div class=\"fusion-format-box\"><i class=\"awb-icon-pen\" aria-hidden=\"true\"><\/i><\/div><\/div><div class=\"fusion-post-content post-content\"><h2 class=\"blog-shortcode-post-title entry-title\"><a href=\"https:\/\/ramse.es\/wordpress\/conferencia-despejando-dudas-sobre-el-consentimiento-informado\/\">Conferencia \u00abDespejando dudas sobre el consentimiento informado\u00bb<\/a><\/h2><p class=\"fusion-single-line-meta\">Por <span class=\"vcard\"><span class=\"fn\"><a href=\"https:\/\/ramse.es\/wordpress\/author\/prensa\/\" title=\"Entradas de Mar\u00eda\" rel=\"author\">Mar\u00eda<\/a><\/span><\/span><span class=\"fusion-inline-sep\">|<\/span><span class=\"updated\" style=\"display:none;\">2024-06-25T16:56:21+02:00<\/span><span>junio 15th, 2024<\/span><span class=\"fusion-inline-sep\">|<\/span>Categor\u00edas: <a href=\"https:\/\/ramse.es\/wordpress\/category\/conferencia\/\" rel=\"category tag\">Conferencia<\/a>, <a href=\"https:\/\/ramse.es\/wordpress\/category\/uncategorized\/\" rel=\"category tag\">Uncategorized<\/a><span class=\"fusion-inline-sep\">|<\/span><span class=\"meta-tags\">Etiquetas: <a href=\"https:\/\/ramse.es\/wordpress\/tag\/consentimiento-informado\/\" rel=\"tag\">Consentimiento informado<\/a><\/span><span class=\"fusion-inline-sep\">|<\/span><\/p><div class=\"fusion-post-content-container\"><p>La Real Academia de Medicina y Cirug\u00eda de Sevilla ha acogido la conferencia \u201cDespejando dudas sobre el consentimiento informado\u201d, impartida en la sede de la RAMSE por el prestigioso abogado y veterano penalista, D. Francisco Baena Bocanegra. El encargado de presentar al conferenciante fue el Excmo. Sr. D. Jes\u00fas Loscertales Abril, Acad\u00e9mico de N\u00famero de esta instituci\u00f3n. Loscertales disert\u00f3 sobre el curriculum del conferenciante, asegurando que le resultaba \u00abtoda una <a href=\"https:\/\/ramse.es\/wordpress\/conferencia-despejando-dudas-sobre-el-consentimiento-informado\/\">[...]<\/a><\/p><\/div><\/div><div class=\"fusion-clearfix\"><\/div><div class=\"fusion-meta-info\"><div class=\"fusion-alignright\"><a class=\"fusion-read-more\" href=\"https:\/\/ramse.es\/wordpress\/conferencia-despejando-dudas-sobre-el-consentimiento-informado\/\" aria-label=\"More on Conferencia \u00abDespejando dudas sobre el consentimiento informado\u00bb\">Leer M\u00e1s<\/a><\/div><\/div><\/article>\n<article id=\"blog-1-post-4894\" class=\"fusion-post-large-alternate post-4894 post type-post status-publish format-standard has-post-thumbnail hentry category-conferencia tag-helenismo tag-maria-dolores-munoz-fernandez tag-medicina-griega\">\n\t<style type=\"text\/css\">\n\t\t\n\t\t\n\t\t\n\t\t\n\t\t\t<\/style>\n\n\n\t\t\t<div class=\"fusion-flexslider flexslider fusion-flexslider-loading fusion-post-slideshow\" style=\"\">\n\t\t<ul class=\"slides\">\n\t\t\t\n\t\t\t\t\t\t\t\t\t\t\t\t\t\t<li><div  class=\"fusion-image-wrapper\" aria-haspopup=\"true\">\n\t\t\t\t<img decoding=\"async\" width=\"2362\" height=\"1772\" src=\"https:\/\/ramse.es\/wordpress\/wp-content\/uploads\/2024\/05\/24051459.jpg\" class=\"attachment-full size-full wp-post-image\" alt=\"\" srcset=\"https:\/\/ramse.es\/wordpress\/wp-content\/uploads\/2024\/05\/24051459-200x150.jpg 200w, https:\/\/ramse.es\/wordpress\/wp-content\/uploads\/2024\/05\/24051459-400x300.jpg 400w, https:\/\/ramse.es\/wordpress\/wp-content\/uploads\/2024\/05\/24051459-600x450.jpg 600w, https:\/\/ramse.es\/wordpress\/wp-content\/uploads\/2024\/05\/24051459-800x600.jpg 800w, https:\/\/ramse.es\/wordpress\/wp-content\/uploads\/2024\/05\/24051459-1200x900.jpg 1200w, https:\/\/ramse.es\/wordpress\/wp-content\/uploads\/2024\/05\/24051459.jpg 2362w\" sizes=\"(max-width: 1000px) 100vw, 800px\" \/><div class=\"fusion-rollover\">\n\t<div class=\"fusion-rollover-content\">\n\n\t\t\t\t\t\t\t\t\t\t\t\t\t\t<a class=\"fusion-rollover-link\" href=\"https:\/\/ramse.es\/wordpress\/conferencia-dioses-y-heroes-de-la-medicina-griega\/\">Conferencia \u201cDioses y h\u00e9roes de la medicina griega\u201d<\/a>\n\t\t\t\n\t\t\t\t\t\t\t\t\t\t\t\t\t\t\n\t\t\t\t\t\t\t\t\n\t\t\t\t\t\t\t\t\t\t\t\t\t<div class=\"fusion-rollover-sep\"><\/div>\n\t\t\t\t\n\t\t\t\t\t\t\t\t\t\t\t\t\t\t\t\t\t\t<a class=\"fusion-rollover-gallery\" href=\"https:\/\/ramse.es\/wordpress\/wp-content\/uploads\/2024\/05\/24051459.jpg\" data-id=\"4894\" data-rel=\"iLightbox[gallery]\" data-title=\"24051459\" data-caption=\"\">\n\t\t\t\t\t\tGaler\u00eda\t\t\t\t\t<\/a>\n\t\t\t\t\t\t\t\t\t\t\t\t\t\t\n\t\t\n\t\t\t\t\t\t\t\t\n\t\t\t\t\t\t\t\t\n\t\t\n\t\t\t\t\t\t<a class=\"fusion-link-wrapper\" href=\"https:\/\/ramse.es\/wordpress\/conferencia-dioses-y-heroes-de-la-medicina-griega\/\" aria-label=\"Conferencia \u201cDioses y h\u00e9roes de la medicina griega\u201d\"><\/a>\n\t<\/div>\n<\/div>\n<\/div>\n<\/li>\n\t\t\t\n\t\t\t\n\t\t\t\t\t\t\t\t\t\t\t\t\t\t\t\t\t\t\t\t\t\t\t\t\t\t\t\t\t\t\t\t\t\t\t\t\t\t\t\t\t\t\t\t\t\t\t\t\t\t\t\t\t\t\t\t\t\t\t\t\t\t\t\t\t\t\t\t<\/ul>\n\t<\/div>\n\t<div class=\"fusion-date-and-formats\"><div class=\"fusion-date-box updated\"><span class=\"fusion-date\">mayo<\/span><span class=\"fusion-month-year\">12:25 pm<\/span><\/div><div class=\"fusion-format-box\"><i class=\"awb-icon-pen\" aria-hidden=\"true\"><\/i><\/div><\/div><div class=\"fusion-post-content post-content\"><h2 class=\"blog-shortcode-post-title entry-title\"><a href=\"https:\/\/ramse.es\/wordpress\/conferencia-dioses-y-heroes-de-la-medicina-griega\/\">Conferencia \u201cDioses y h\u00e9roes de la medicina griega\u201d<\/a><\/h2><p class=\"fusion-single-line-meta\">Por <span class=\"vcard\"><span class=\"fn\"><a href=\"https:\/\/ramse.es\/wordpress\/author\/prensa\/\" title=\"Entradas de Mar\u00eda\" rel=\"author\">Mar\u00eda<\/a><\/span><\/span><span class=\"fusion-inline-sep\">|<\/span><span class=\"updated\" style=\"display:none;\">2024-06-12T22:51:35+02:00<\/span><span>mayo 30th, 2024<\/span><span class=\"fusion-inline-sep\">|<\/span>Categor\u00edas: <a href=\"https:\/\/ramse.es\/wordpress\/category\/conferencia\/\" rel=\"category tag\">Conferencia<\/a><span class=\"fusion-inline-sep\">|<\/span><span class=\"meta-tags\">Etiquetas: <a href=\"https:\/\/ramse.es\/wordpress\/tag\/helenismo\/\" rel=\"tag\">helenismo<\/a>, <a href=\"https:\/\/ramse.es\/wordpress\/tag\/maria-dolores-munoz-fernandez\/\" rel=\"tag\">Mar\u00eda Dolores Mu\u00f1oz Fern\u00e1ndez<\/a>, <a href=\"https:\/\/ramse.es\/wordpress\/tag\/medicina-griega\/\" rel=\"tag\">Medicina griega<\/a><\/span><span class=\"fusion-inline-sep\">|<\/span><\/p><div class=\"fusion-post-content-container\"><p>La Real Academia de Medicina y Cirug\u00eda de Sevilla ha acogido la conferencia titulada \u201cDioses y h\u00e9roes de la medicina griega\u201d, impartida\u00a0 por Do\u00f1a Mar\u00eda Dolores Mu\u00f1oz Fern\u00e1ndez, helenista y divulgadora del mundo cl\u00e1sico. En su intervenci\u00f3n, Mu\u00f1oz abord\u00f3 el sustrato m\u00e1s profundo de los or\u00edgenes de la medicina en la antigua Grecia, a partir de los mitos\u00a0ancestrales, los dioses y h\u00e9roes de los textos hom\u00e9ricos, las primeras palabras de <a href=\"https:\/\/ramse.es\/wordpress\/conferencia-dioses-y-heroes-de-la-medicina-griega\/\">[...]<\/a><\/p><\/div><\/div><div class=\"fusion-clearfix\"><\/div><div class=\"fusion-meta-info\"><div class=\"fusion-alignright\"><a class=\"fusion-read-more\" href=\"https:\/\/ramse.es\/wordpress\/conferencia-dioses-y-heroes-de-la-medicina-griega\/\" aria-label=\"More on Conferencia \u201cDioses y h\u00e9roes de la medicina griega\u201d\">Leer M\u00e1s<\/a><\/div><\/div><\/article>\n<article id=\"blog-1-post-4886\" class=\"fusion-post-large-alternate post-4886 post type-post status-publish format-standard has-post-thumbnail hentry category-actividades tag-jura-de-bandera\">\n\t<style type=\"text\/css\">\n\t\t\n\t\t\n\t\t\n\t\t\n\t\t\t<\/style>\n\n\n\t\t\t<div class=\"fusion-flexslider flexslider fusion-flexslider-loading fusion-post-slideshow\" style=\"\">\n\t\t<ul class=\"slides\">\n\t\t\t\n\t\t\t\t\t\t\t\t\t\t\t\t\t\t<li><div  class=\"fusion-image-wrapper\" aria-haspopup=\"true\">\n\t\t\t\t<img decoding=\"async\" width=\"1200\" height=\"1600\" src=\"https:\/\/ramse.es\/wordpress\/wp-content\/uploads\/2024\/05\/Jura-de-bandera.jpg\" class=\"attachment-full size-full wp-post-image\" alt=\"\" srcset=\"https:\/\/ramse.es\/wordpress\/wp-content\/uploads\/2024\/05\/Jura-de-bandera-200x267.jpg 200w, https:\/\/ramse.es\/wordpress\/wp-content\/uploads\/2024\/05\/Jura-de-bandera-400x533.jpg 400w, https:\/\/ramse.es\/wordpress\/wp-content\/uploads\/2024\/05\/Jura-de-bandera-600x800.jpg 600w, https:\/\/ramse.es\/wordpress\/wp-content\/uploads\/2024\/05\/Jura-de-bandera-800x1067.jpg 800w, https:\/\/ramse.es\/wordpress\/wp-content\/uploads\/2024\/05\/Jura-de-bandera.jpg 1200w\" sizes=\"(max-width: 1000px) 100vw, 800px\" \/><div class=\"fusion-rollover\">\n\t<div class=\"fusion-rollover-content\">\n\n\t\t\t\t\t\t\t\t\t\t\t\t\t\t<a class=\"fusion-rollover-link\" href=\"https:\/\/ramse.es\/wordpress\/jura-de-bandera-de-academicos-de-la-ramse\/\">Jura de bandera de Acad\u00e9micos de la RAMSE<\/a>\n\t\t\t\n\t\t\t\t\t\t\t\t\t\t\t\t\t\t\n\t\t\t\t\t\t\t\t\n\t\t\t\t\t\t\t\t\t\t\t\t\t<div class=\"fusion-rollover-sep\"><\/div>\n\t\t\t\t\n\t\t\t\t\t\t\t\t\t\t\t\t\t\t\t\t\t\t<a class=\"fusion-rollover-gallery\" href=\"https:\/\/ramse.es\/wordpress\/wp-content\/uploads\/2024\/05\/Jura-de-bandera.jpg\" data-id=\"4886\" data-rel=\"iLightbox[gallery]\" data-title=\"Jura de bandera\" data-caption=\"\">\n\t\t\t\t\t\tGaler\u00eda\t\t\t\t\t<\/a>\n\t\t\t\t\t\t\t\t\t\t\t\t\t\t\n\t\t\n\t\t\t\t\t\t\t\t\n\t\t\t\t\t\t\t\t\n\t\t\n\t\t\t\t\t\t<a class=\"fusion-link-wrapper\" href=\"https:\/\/ramse.es\/wordpress\/jura-de-bandera-de-academicos-de-la-ramse\/\" aria-label=\"Jura de bandera de Acad\u00e9micos de la RAMSE\"><\/a>\n\t<\/div>\n<\/div>\n<\/div>\n<\/li>\n\t\t\t\n\t\t\t\n\t\t\t\t\t\t\t\t\t\t\t\t\t\t\t\t\t\t\t\t\t\t\t\t\t\t\t\t\t\t\t\t\t\t\t\t\t\t\t\t\t\t\t\t\t\t\t\t\t\t\t\t\t\t\t\t\t\t\t\t\t\t\t\t\t\t\t\t<\/ul>\n\t<\/div>\n\t<div class=\"fusion-date-and-formats\"><div class=\"fusion-date-box updated\"><span class=\"fusion-date\">mayo<\/span><span class=\"fusion-month-year\">2:11 pm<\/span><\/div><div class=\"fusion-format-box\"><i class=\"awb-icon-pen\" aria-hidden=\"true\"><\/i><\/div><\/div><div class=\"fusion-post-content post-content\"><h2 class=\"blog-shortcode-post-title entry-title\"><a href=\"https:\/\/ramse.es\/wordpress\/jura-de-bandera-de-academicos-de-la-ramse\/\">Jura de bandera de Acad\u00e9micos de la RAMSE<\/a><\/h2><p class=\"fusion-single-line-meta\">Por <span class=\"vcard\"><span class=\"fn\"><a href=\"https:\/\/ramse.es\/wordpress\/author\/prensa\/\" title=\"Entradas de Mar\u00eda\" rel=\"author\">Mar\u00eda<\/a><\/span><\/span><span class=\"fusion-inline-sep\">|<\/span><span class=\"updated\" style=\"display:none;\">2024-05-31T14:17:45+02:00<\/span><span>mayo 27th, 2024<\/span><span class=\"fusion-inline-sep\">|<\/span>Categor\u00edas: <a href=\"https:\/\/ramse.es\/wordpress\/category\/news\/actividades\/\" rel=\"category tag\">Actividades<\/a><span class=\"fusion-inline-sep\">|<\/span><span class=\"meta-tags\">Etiquetas: <a href=\"https:\/\/ramse.es\/wordpress\/tag\/jura-de-bandera\/\" rel=\"tag\">Jura de bandera<\/a><\/span><span class=\"fusion-inline-sep\">|<\/span><\/p><div class=\"fusion-post-content-container\"><p>Dos mil sevillanos han presentado p\u00fablicamente el respeto a su bandera, en una Jura de bandera para personal civil organizada por el Cuartel General de la Fuerza Terrestre en la Plaza de Espa\u00f1a. Entre ellos, varios acad\u00e9micos y sus esposas: el presidente de la RAMSE, el Dr. Carlos Infantes Alc\u00f3n y los doctores. Jorge Dom\u00ednguez-Rodino S\u00e1nchez-Laulh\u00e9, D. Jos\u00e9 Antonio Mil\u00e1n Mart\u00edn, D. Eduardo Dom\u00ednguez-Adame Lanuza y D. Ram\u00f3n Rodr\u00edguez Morales. <a href=\"https:\/\/ramse.es\/wordpress\/jura-de-bandera-de-academicos-de-la-ramse\/\">[...]<\/a><\/p><\/div><\/div><div class=\"fusion-clearfix\"><\/div><div class=\"fusion-meta-info\"><div class=\"fusion-alignright\"><a class=\"fusion-read-more\" href=\"https:\/\/ramse.es\/wordpress\/jura-de-bandera-de-academicos-de-la-ramse\/\" aria-label=\"More on Jura de bandera de Acad\u00e9micos de la RAMSE\">Leer M\u00e1s<\/a><\/div><\/div><\/article>\n<article id=\"blog-1-post-4881\" class=\"fusion-post-large-alternate post-4881 post type-post status-publish format-standard has-post-thumbnail hentry category-actos-academicos tag-dia-de-la-academia tag-ramse\">\n\t<style type=\"text\/css\">\n\t\t\n\t\t\n\t\t\n\t\t\n\t\t\t<\/style>\n\n\n\t\t\t<div class=\"fusion-flexslider flexslider fusion-flexslider-loading fusion-post-slideshow\" style=\"\">\n\t\t<ul class=\"slides\">\n\t\t\t\n\t\t\t\t\t\t\t\t\t\t\t\t\t\t<li><div  class=\"fusion-image-wrapper\" aria-haspopup=\"true\">\n\t\t\t\t<img decoding=\"async\" width=\"1620\" height=\"1080\" src=\"https:\/\/ramse.es\/wordpress\/wp-content\/uploads\/2024\/05\/Presidencia-Dia-Academia.jpg\" class=\"attachment-full size-full wp-post-image\" alt=\"\" srcset=\"https:\/\/ramse.es\/wordpress\/wp-content\/uploads\/2024\/05\/Presidencia-Dia-Academia-200x133.jpg 200w, https:\/\/ramse.es\/wordpress\/wp-content\/uploads\/2024\/05\/Presidencia-Dia-Academia-400x267.jpg 400w, https:\/\/ramse.es\/wordpress\/wp-content\/uploads\/2024\/05\/Presidencia-Dia-Academia-600x400.jpg 600w, https:\/\/ramse.es\/wordpress\/wp-content\/uploads\/2024\/05\/Presidencia-Dia-Academia-800x533.jpg 800w, https:\/\/ramse.es\/wordpress\/wp-content\/uploads\/2024\/05\/Presidencia-Dia-Academia-1200x800.jpg 1200w, https:\/\/ramse.es\/wordpress\/wp-content\/uploads\/2024\/05\/Presidencia-Dia-Academia.jpg 1620w\" sizes=\"(max-width: 1000px) 100vw, 800px\" \/><div class=\"fusion-rollover\">\n\t<div class=\"fusion-rollover-content\">\n\n\t\t\t\t\t\t\t\t\t\t\t\t\t\t<a class=\"fusion-rollover-link\" href=\"https:\/\/ramse.es\/wordpress\/los-medicos-sevillanos-celebran-el-dia-de-la-academia-324-anos-de-historia\/\">Los m\u00e9dicos sevillanos celebran el D\u00eda de la Academia, 324 a\u00f1os de historia<\/a>\n\t\t\t\n\t\t\t\t\t\t\t\t\t\t\t\t\t\t\n\t\t\t\t\t\t\t\t\n\t\t\t\t\t\t\t\t\t\t\t\t\t<div class=\"fusion-rollover-sep\"><\/div>\n\t\t\t\t\n\t\t\t\t\t\t\t\t\t\t\t\t\t\t\t\t\t\t<a class=\"fusion-rollover-gallery\" href=\"https:\/\/ramse.es\/wordpress\/wp-content\/uploads\/2024\/05\/Presidencia-Dia-Academia.jpg\" data-id=\"4881\" data-rel=\"iLightbox[gallery]\" data-title=\"Presidencia Dia Academia\" data-caption=\"Mesa presidencial D\u00eda de la Academia\">\n\t\t\t\t\t\tGaler\u00eda\t\t\t\t\t<\/a>\n\t\t\t\t\t\t\t\t\t\t\t\t\t\t\n\t\t\n\t\t\t\t\t\t\t\t\n\t\t\t\t\t\t\t\t\n\t\t\n\t\t\t\t\t\t<a class=\"fusion-link-wrapper\" href=\"https:\/\/ramse.es\/wordpress\/los-medicos-sevillanos-celebran-el-dia-de-la-academia-324-anos-de-historia\/\" aria-label=\"Los m\u00e9dicos sevillanos celebran el D\u00eda de la Academia, 324 a\u00f1os de historia\"><\/a>\n\t<\/div>\n<\/div>\n<\/div>\n<\/li>\n\t\t\t\n\t\t\t\n\t\t\t\t\t\t\t\t\t\t\t\t\t\t\t\t\t\t\t\t\t\t\t\t\t\t\t\t\t\t\t\t\t\t\t\t\t\t\t\t\t\t\t\t\t\t\t\t\t\t\t\t\t\t\t\t\t\t\t\t\t\t\t\t\t\t\t\t<\/ul>\n\t<\/div>\n\t<div class=\"fusion-date-and-formats\"><div class=\"fusion-date-box updated\"><span class=\"fusion-date\">mayo<\/span><span class=\"fusion-month-year\">1:47 pm<\/span><\/div><div class=\"fusion-format-box\"><i class=\"awb-icon-pen\" aria-hidden=\"true\"><\/i><\/div><\/div><div class=\"fusion-post-content post-content\"><h2 class=\"blog-shortcode-post-title entry-title\"><a href=\"https:\/\/ramse.es\/wordpress\/los-medicos-sevillanos-celebran-el-dia-de-la-academia-324-anos-de-historia\/\">Los m\u00e9dicos sevillanos celebran el D\u00eda de la Academia, 324 a\u00f1os de historia<\/a><\/h2><p class=\"fusion-single-line-meta\">Por <span class=\"vcard\"><span class=\"fn\"><a href=\"https:\/\/ramse.es\/wordpress\/author\/prensa\/\" title=\"Entradas de Mar\u00eda\" rel=\"author\">Mar\u00eda<\/a><\/span><\/span><span class=\"fusion-inline-sep\">|<\/span><span class=\"updated\" style=\"display:none;\">2024-05-31T13:59:45+02:00<\/span><span>mayo 25th, 2024<\/span><span class=\"fusion-inline-sep\">|<\/span>Categor\u00edas: <a href=\"https:\/\/ramse.es\/wordpress\/category\/actos-academicos\/\" rel=\"category tag\">Actos Acad\u00e9micos<\/a><span class=\"fusion-inline-sep\">|<\/span><span class=\"meta-tags\">Etiquetas: <a href=\"https:\/\/ramse.es\/wordpress\/tag\/dia-de-la-academia\/\" rel=\"tag\">D\u00eda de la Academia<\/a>, <a href=\"https:\/\/ramse.es\/wordpress\/tag\/ramse\/\" rel=\"tag\">RAMSE<\/a><\/span><span class=\"fusion-inline-sep\">|<\/span><\/p><div class=\"fusion-post-content-container\"><p>En el marco del \u201cA\u00f1o Cajal\u201d declarado por parte del Gobierno de Espa\u00f1a, la Real Academia de Medicina y Cirug\u00eda de Sevilla (RAMSE) ha celebrado hoy el D\u00eda de la Academia, jornada en la que ha conmemorado sus 324 a\u00f1os de historia, con la conferencia \u201cLa ciencia como base para la construcci\u00f3n patri\u00f3tica: El ejemplo de Cajal\u201d, que ha impartido el Excmo. Sr. Dr. D. Francisco L\u00f3pez Mu\u00f1oz, Acad\u00e9mico de <a href=\"https:\/\/ramse.es\/wordpress\/los-medicos-sevillanos-celebran-el-dia-de-la-academia-324-anos-de-historia\/\">[...]<\/a><\/p><\/div><\/div><div class=\"fusion-clearfix\"><\/div><div class=\"fusion-meta-info\"><div class=\"fusion-alignright\"><a class=\"fusion-read-more\" href=\"https:\/\/ramse.es\/wordpress\/los-medicos-sevillanos-celebran-el-dia-de-la-academia-324-anos-de-historia\/\" aria-label=\"More on Los m\u00e9dicos sevillanos celebran el D\u00eda de la Academia, 324 a\u00f1os de historia\">Leer M\u00e1s<\/a><\/div><\/div><\/article>\n<article id=\"blog-1-post-4921\" class=\"fusion-post-large-alternate post-4921 post type-post status-publish format-standard has-post-thumbnail hentry category-academico-de-numero category-conferencia\">\n\t<style type=\"text\/css\">\n\t\t\n\t\t\n\t\t\n\t\t\n\t\t\t<\/style>\n\n\n\t\t\t<div class=\"fusion-flexslider flexslider fusion-flexslider-loading fusion-post-slideshow\" style=\"\">\n\t\t<ul class=\"slides\">\n\t\t\t\n\t\t\t\t\t\t\t\t\t\t\t\t\t\t<li><div  class=\"fusion-image-wrapper\" aria-haspopup=\"true\">\n\t\t\t\t<img decoding=\"async\" width=\"1280\" height=\"1996\" src=\"https:\/\/ramse.es\/wordpress\/wp-content\/uploads\/2024\/07\/Dr.-Morales-Real-Academia-Cataluna1.jpeg\" class=\"attachment-full size-full wp-post-image\" alt=\"\" srcset=\"https:\/\/ramse.es\/wordpress\/wp-content\/uploads\/2024\/07\/Dr.-Morales-Real-Academia-Cataluna1-200x312.jpeg 200w, https:\/\/ramse.es\/wordpress\/wp-content\/uploads\/2024\/07\/Dr.-Morales-Real-Academia-Cataluna1-400x624.jpeg 400w, https:\/\/ramse.es\/wordpress\/wp-content\/uploads\/2024\/07\/Dr.-Morales-Real-Academia-Cataluna1-600x936.jpeg 600w, https:\/\/ramse.es\/wordpress\/wp-content\/uploads\/2024\/07\/Dr.-Morales-Real-Academia-Cataluna1-800x1248.jpeg 800w, https:\/\/ramse.es\/wordpress\/wp-content\/uploads\/2024\/07\/Dr.-Morales-Real-Academia-Cataluna1-1200x1871.jpeg 1200w, https:\/\/ramse.es\/wordpress\/wp-content\/uploads\/2024\/07\/Dr.-Morales-Real-Academia-Cataluna1.jpeg 1280w\" sizes=\"(max-width: 1000px) 100vw, 800px\" \/><div class=\"fusion-rollover\">\n\t<div class=\"fusion-rollover-content\">\n\n\t\t\t\t\t\t\t\t\t\t\t\t\t\t<a class=\"fusion-rollover-link\" href=\"https:\/\/ramse.es\/wordpress\/el-dr-salvador-morales-conde-imparte-una-conferencia-en-la-real-academia-de-medicina-de-cataluna\/\">El Dr. Salvador Morales Conde imparte una conferencia en la Real Academia de Medicina de Catalu\u00f1a<\/a>\n\t\t\t\n\t\t\t\t\t\t\t\t\t\t\t\t\t\t\n\t\t\t\t\t\t\t\t\n\t\t\t\t\t\t\t\t\t\t\t\t\t<div class=\"fusion-rollover-sep\"><\/div>\n\t\t\t\t\n\t\t\t\t\t\t\t\t\t\t\t\t\t\t\t\t\t\t<a class=\"fusion-rollover-gallery\" href=\"https:\/\/ramse.es\/wordpress\/wp-content\/uploads\/2024\/07\/Dr.-Morales-Real-Academia-Cataluna1.jpeg\" data-id=\"4921\" data-rel=\"iLightbox[gallery]\" data-title=\"Dr. Morales Real Academia Catalun\u0303a1\" data-caption=\"\">\n\t\t\t\t\t\tGaler\u00eda\t\t\t\t\t<\/a>\n\t\t\t\t\t\t\t\t\t\t\t\t\t\t\n\t\t\n\t\t\t\t\t\t\t\t\n\t\t\t\t\t\t\t\t\n\t\t\n\t\t\t\t\t\t<a class=\"fusion-link-wrapper\" href=\"https:\/\/ramse.es\/wordpress\/el-dr-salvador-morales-conde-imparte-una-conferencia-en-la-real-academia-de-medicina-de-cataluna\/\" aria-label=\"El Dr. Salvador Morales Conde imparte una conferencia en la Real Academia de Medicina de Catalu\u00f1a\"><\/a>\n\t<\/div>\n<\/div>\n<\/div>\n<\/li>\n\t\t\t\n\t\t\t\n\t\t\t\t\t\t\t\t\t\t\t\t\t\t\t\t\t\t\t\t\t\t\t\t\t\t\t\t\t\t\t\t\t\t\t\t\t\t\t\t\t\t\t\t\t\t\t\t\t\t\t\t\t\t\t\t\t\t\t\t\t\t\t\t\t\t\t\t<\/ul>\n\t<\/div>\n\t<div class=\"fusion-date-and-formats\"><div class=\"fusion-date-box updated\"><span class=\"fusion-date\">mayo<\/span><span class=\"fusion-month-year\">8:00 pm<\/span><\/div><div class=\"fusion-format-box\"><i class=\"awb-icon-pen\" aria-hidden=\"true\"><\/i><\/div><\/div><div class=\"fusion-post-content post-content\"><h2 class=\"blog-shortcode-post-title entry-title\"><a href=\"https:\/\/ramse.es\/wordpress\/el-dr-salvador-morales-conde-imparte-una-conferencia-en-la-real-academia-de-medicina-de-cataluna\/\">El Dr. Salvador Morales Conde imparte una conferencia en la Real Academia de Medicina de Catalu\u00f1a<\/a><\/h2><p class=\"fusion-single-line-meta\">Por <span class=\"vcard\"><span class=\"fn\"><a href=\"https:\/\/ramse.es\/wordpress\/author\/prensa\/\" title=\"Entradas de Mar\u00eda\" rel=\"author\">Mar\u00eda<\/a><\/span><\/span><span class=\"fusion-inline-sep\">|<\/span><span class=\"updated\" style=\"display:none;\">2024-07-08T11:02:27+02:00<\/span><span>mayo 22nd, 2024<\/span><span class=\"fusion-inline-sep\">|<\/span>Categor\u00edas: <a href=\"https:\/\/ramse.es\/wordpress\/category\/academico-de-numero\/\" rel=\"category tag\">Acad\u00e9mico de N\u00famero<\/a>, <a href=\"https:\/\/ramse.es\/wordpress\/category\/conferencia\/\" rel=\"category tag\">Conferencia<\/a><span class=\"fusion-inline-sep\">|<\/span><\/p><div class=\"fusion-post-content-container\"><p>El Acad\u00e9mico de N\u00famero de la RAMSE, el Dr. Salvador Morales Conde, ha impartido una conferencia sobre el Futuro de la Cirug\u00eda en la pared abdominal en la Real Academia de Medicina de Catalu\u00f1a. Lo hizo delante de la mesa donde Gimbertnat describi\u00f3 el ligamento en 1772. Puede ver su intervenci\u00f3n dentro de la sesi\u00f3n \"La mayor\u00eda de edad de la cirug\u00eda de la pared abdominal\" en el siguiente enlace <a href=\"https:\/\/ramse.es\/wordpress\/el-dr-salvador-morales-conde-imparte-una-conferencia-en-la-real-academia-de-medicina-de-cataluna\/\">[...]<\/a><\/p><\/div><\/div><div class=\"fusion-clearfix\"><\/div><div class=\"fusion-meta-info\"><div class=\"fusion-alignright\"><a class=\"fusion-read-more\" href=\"https:\/\/ramse.es\/wordpress\/el-dr-salvador-morales-conde-imparte-una-conferencia-en-la-real-academia-de-medicina-de-cataluna\/\" aria-label=\"More on El Dr. Salvador Morales Conde imparte una conferencia en la Real Academia de Medicina de Catalu\u00f1a\">Leer M\u00e1s<\/a><\/div><\/div><\/article>\n<article id=\"blog-1-post-4871\" class=\"fusion-post-large-alternate post-4871 post type-post status-publish format-standard has-post-thumbnail hentry category-catedra-mas tag-catedra-mas-alimentacion-y-salud tag-fundacion-mas tag-fundacion-ramse\">\n\t<style type=\"text\/css\">\n\t\t\n\t\t\n\t\t\n\t\t\n\t\t\t<\/style>\n\n\n\t\t\t<div class=\"fusion-flexslider flexslider fusion-flexslider-loading fusion-post-slideshow\" style=\"\">\n\t\t<ul class=\"slides\">\n\t\t\t\n\t\t\t\t\t\t\t\t\t\t\t\t\t\t<li><div  class=\"fusion-image-wrapper\" aria-haspopup=\"true\">\n\t\t\t\t<img decoding=\"async\" width=\"1800\" height=\"1200\" src=\"https:\/\/ramse.es\/wordpress\/wp-content\/uploads\/2024\/05\/Catedra-MAS-Alimentacion-y-Salud-1.jpg\" class=\"attachment-full size-full wp-post-image\" alt=\"\" srcset=\"https:\/\/ramse.es\/wordpress\/wp-content\/uploads\/2024\/05\/Catedra-MAS-Alimentacion-y-Salud-1-200x133.jpg 200w, https:\/\/ramse.es\/wordpress\/wp-content\/uploads\/2024\/05\/Catedra-MAS-Alimentacion-y-Salud-1-400x267.jpg 400w, https:\/\/ramse.es\/wordpress\/wp-content\/uploads\/2024\/05\/Catedra-MAS-Alimentacion-y-Salud-1-600x400.jpg 600w, https:\/\/ramse.es\/wordpress\/wp-content\/uploads\/2024\/05\/Catedra-MAS-Alimentacion-y-Salud-1-800x533.jpg 800w, https:\/\/ramse.es\/wordpress\/wp-content\/uploads\/2024\/05\/Catedra-MAS-Alimentacion-y-Salud-1-1200x800.jpg 1200w, https:\/\/ramse.es\/wordpress\/wp-content\/uploads\/2024\/05\/Catedra-MAS-Alimentacion-y-Salud-1.jpg 1800w\" sizes=\"(max-width: 1000px) 100vw, 800px\" \/><div class=\"fusion-rollover\">\n\t<div class=\"fusion-rollover-content\">\n\n\t\t\t\t\t\t\t\t\t\t\t\t\t\t<a class=\"fusion-rollover-link\" href=\"https:\/\/ramse.es\/wordpress\/fundacion-mas-y-fundacion-ramse-constituyen-la-catedra-mas-alimentacion-y-salud\/\">Fundaci\u00f3n MAS y Fundaci\u00f3n RAMSE constituyen la c\u00e1tedra \u201cMAS Alimentaci\u00f3n y Salud\u201d<\/a>\n\t\t\t\n\t\t\t\t\t\t\t\t\t\t\t\t\t\t\n\t\t\t\t\t\t\t\t\n\t\t\t\t\t\t\t\t\t\t\t\t\t<div class=\"fusion-rollover-sep\"><\/div>\n\t\t\t\t\n\t\t\t\t\t\t\t\t\t\t\t\t\t\t\t\t\t\t<a class=\"fusion-rollover-gallery\" href=\"https:\/\/ramse.es\/wordpress\/wp-content\/uploads\/2024\/05\/Catedra-MAS-Alimentacion-y-Salud-1.jpg\" data-id=\"4871\" data-rel=\"iLightbox[gallery]\" data-title=\"Catedra MAS Alimentacion y Salud 1\" data-caption=\"\">\n\t\t\t\t\t\tGaler\u00eda\t\t\t\t\t<\/a>\n\t\t\t\t\t\t\t\t\t\t\t\t\t\t\n\t\t\n\t\t\t\t\t\t\t\t\n\t\t\t\t\t\t\t\t\n\t\t\n\t\t\t\t\t\t<a class=\"fusion-link-wrapper\" href=\"https:\/\/ramse.es\/wordpress\/fundacion-mas-y-fundacion-ramse-constituyen-la-catedra-mas-alimentacion-y-salud\/\" aria-label=\"Fundaci\u00f3n MAS y Fundaci\u00f3n RAMSE constituyen la c\u00e1tedra \u201cMAS Alimentaci\u00f3n y Salud\u201d\"><\/a>\n\t<\/div>\n<\/div>\n<\/div>\n<\/li>\n\t\t\t\n\t\t\t\n\t\t\t\t\t\t\t\t\t\t\t\t\t\t\t\t\t\t\t\t\t\t\t\t\t\t\t\t\t\t\t\t\t\t\t\t\t\t\t\t\t\t\t\t\t\t\t\t\t\t\t\t\t\t\t\t\t\t\t\t\t\t\t\t\t\t\t\t<\/ul>\n\t<\/div>\n\t<div class=\"fusion-date-and-formats\"><div class=\"fusion-date-box updated\"><span class=\"fusion-date\">mayo<\/span><span class=\"fusion-month-year\">5:01 pm<\/span><\/div><div class=\"fusion-format-box\"><i class=\"awb-icon-pen\" aria-hidden=\"true\"><\/i><\/div><\/div><div class=\"fusion-post-content post-content\"><h2 class=\"blog-shortcode-post-title entry-title\"><a href=\"https:\/\/ramse.es\/wordpress\/fundacion-mas-y-fundacion-ramse-constituyen-la-catedra-mas-alimentacion-y-salud\/\">Fundaci\u00f3n MAS y Fundaci\u00f3n RAMSE constituyen la c\u00e1tedra \u201cMAS Alimentaci\u00f3n y Salud\u201d<\/a><\/h2><p class=\"fusion-single-line-meta\">Por <span class=\"vcard\"><span class=\"fn\"><a href=\"https:\/\/ramse.es\/wordpress\/author\/prensa\/\" title=\"Entradas de Mar\u00eda\" rel=\"author\">Mar\u00eda<\/a><\/span><\/span><span class=\"fusion-inline-sep\">|<\/span><span class=\"updated\" style=\"display:none;\">2024-05-21T17:01:19+02:00<\/span><span>mayo 21st, 2024<\/span><span class=\"fusion-inline-sep\">|<\/span>Categor\u00edas: <a href=\"https:\/\/ramse.es\/wordpress\/category\/catedra-mas\/\" rel=\"category tag\">Catedra MAS<\/a><span class=\"fusion-inline-sep\">|<\/span><span class=\"meta-tags\">Etiquetas: <a href=\"https:\/\/ramse.es\/wordpress\/tag\/catedra-mas-alimentacion-y-salud\/\" rel=\"tag\">C\u00e1tedra \u201cMAS Alimentaci\u00f3n y Salud\u201d<\/a>, <a href=\"https:\/\/ramse.es\/wordpress\/tag\/fundacion-mas\/\" rel=\"tag\">Fundaci\u00f3n MAS<\/a>, <a href=\"https:\/\/ramse.es\/wordpress\/tag\/fundacion-ramse\/\" rel=\"tag\">Fundaci\u00f3n RAMSE<\/a><\/span><span class=\"fusion-inline-sep\">|<\/span><\/p><div class=\"fusion-post-content-container\"><p>El presidente de Fundaci\u00f3n MAS, Vicente Mart\u00edn Gonz\u00e1lez y el presidente de la Real Academia de Medicina y Cirug\u00eda de Sevilla (RAMSE), el cirujano cardiovascular Carlos A. Infantes Alc\u00f3n, han firmado un convenio de colaboraci\u00f3n para crear la c\u00e1tedra \u201cMAS Alimentaci\u00f3n y Salud\u201d, cuyo objetivo es promover la conciencia sobre la importancia de la alimentaci\u00f3n saludable. El acto, presidido por Catalina Garc\u00eda Carrasco, consejera de Salud y Consumo de la <a href=\"https:\/\/ramse.es\/wordpress\/fundacion-mas-y-fundacion-ramse-constituyen-la-catedra-mas-alimentacion-y-salud\/\">[...]<\/a><\/p><\/div><\/div><div class=\"fusion-clearfix\"><\/div><div class=\"fusion-meta-info\"><div class=\"fusion-alignright\"><a class=\"fusion-read-more\" href=\"https:\/\/ramse.es\/wordpress\/fundacion-mas-y-fundacion-ramse-constituyen-la-catedra-mas-alimentacion-y-salud\/\" aria-label=\"More on Fundaci\u00f3n MAS y Fundaci\u00f3n RAMSE constituyen la c\u00e1tedra \u201cMAS Alimentaci\u00f3n y Salud\u201d\">Leer M\u00e1s<\/a><\/div><\/div><\/article>\n<article id=\"blog-1-post-4855\" class=\"fusion-post-large-alternate post-4855 post type-post status-publish format-standard has-post-thumbnail hentry category-academico-de-honor tag-dr-valentin-fuster\">\n\t<style type=\"text\/css\">\n\t\t\n\t\t\n\t\t\n\t\t\n\t\t\t<\/style>\n\n\n\t\t\t<div class=\"fusion-flexslider flexslider fusion-flexslider-loading fusion-post-slideshow\" style=\"\">\n\t\t<ul class=\"slides\">\n\t\t\t\n\t\t\t\t\t\t\t\t\t\t\t\t\t\t<li><div  class=\"fusion-image-wrapper\" aria-haspopup=\"true\">\n\t\t\t\t<img decoding=\"async\" width=\"2000\" height=\"1333\" src=\"https:\/\/ramse.es\/wordpress\/wp-content\/uploads\/2024\/05\/Dr.-Valentin-Fuster-Carulla-3.jpg\" class=\"attachment-full size-full wp-post-image\" alt=\"\" srcset=\"https:\/\/ramse.es\/wordpress\/wp-content\/uploads\/2024\/05\/Dr.-Valentin-Fuster-Carulla-3-200x133.jpg 200w, https:\/\/ramse.es\/wordpress\/wp-content\/uploads\/2024\/05\/Dr.-Valentin-Fuster-Carulla-3-400x267.jpg 400w, https:\/\/ramse.es\/wordpress\/wp-content\/uploads\/2024\/05\/Dr.-Valentin-Fuster-Carulla-3-600x400.jpg 600w, https:\/\/ramse.es\/wordpress\/wp-content\/uploads\/2024\/05\/Dr.-Valentin-Fuster-Carulla-3-800x533.jpg 800w, https:\/\/ramse.es\/wordpress\/wp-content\/uploads\/2024\/05\/Dr.-Valentin-Fuster-Carulla-3-1200x800.jpg 1200w, https:\/\/ramse.es\/wordpress\/wp-content\/uploads\/2024\/05\/Dr.-Valentin-Fuster-Carulla-3.jpg 2000w\" sizes=\"(max-width: 1000px) 100vw, 800px\" \/><div class=\"fusion-rollover\">\n\t<div class=\"fusion-rollover-content\">\n\n\t\t\t\t\t\t\t\t\t\t\t\t\t\t<a class=\"fusion-rollover-link\" href=\"https:\/\/ramse.es\/wordpress\/el-cardiologo-valentin-fuster-carulla-academico-de-honor-de-la-ramse\/\">EL Cardi\u00f3logo Valent\u00edn Fuster Carulla, Acad\u00e9mico de Honor de la RAMSE<\/a>\n\t\t\t\n\t\t\t\t\t\t\t\t\t\t\t\t\t\t\n\t\t\t\t\t\t\t\t\n\t\t\t\t\t\t\t\t\t\t\t\t\t<div class=\"fusion-rollover-sep\"><\/div>\n\t\t\t\t\n\t\t\t\t\t\t\t\t\t\t\t\t\t\t\t\t\t\t<a class=\"fusion-rollover-gallery\" href=\"https:\/\/ramse.es\/wordpress\/wp-content\/uploads\/2024\/05\/Dr.-Valentin-Fuster-Carulla-3.jpg\" data-id=\"4855\" data-rel=\"iLightbox[gallery]\" data-title=\"Dr. Valenti\u0301n Fuster Carulla (3)\" data-caption=\"\">\n\t\t\t\t\t\tGaler\u00eda\t\t\t\t\t<\/a>\n\t\t\t\t\t\t\t\t\t\t\t\t\t\t\n\t\t\n\t\t\t\t\t\t\t\t\n\t\t\t\t\t\t\t\t\n\t\t\n\t\t\t\t\t\t<a class=\"fusion-link-wrapper\" href=\"https:\/\/ramse.es\/wordpress\/el-cardiologo-valentin-fuster-carulla-academico-de-honor-de-la-ramse\/\" aria-label=\"EL Cardi\u00f3logo Valent\u00edn Fuster Carulla, Acad\u00e9mico de Honor de la RAMSE\"><\/a>\n\t<\/div>\n<\/div>\n<\/div>\n<\/li>\n\t\t\t\n\t\t\t\n\t\t\t\t\t\t\t\t\t\t\t\t\t\t\t\t\t\t\t\t\t\t\t\t\t\t\t\t\t\t\t\t\t\t\t\t\t\t\t\t\t\t\t\t\t\t\t\t\t\t\t\t\t\t\t\t\t\t\t\t\t\t\t\t\t\t\t\t<\/ul>\n\t<\/div>\n\t<div class=\"fusion-date-and-formats\"><div class=\"fusion-date-box updated\"><span class=\"fusion-date\">mayo<\/span><span class=\"fusion-month-year\">5:49 pm<\/span><\/div><div class=\"fusion-format-box\"><i class=\"awb-icon-pen\" aria-hidden=\"true\"><\/i><\/div><\/div><div class=\"fusion-post-content post-content\"><h2 class=\"blog-shortcode-post-title entry-title\"><a href=\"https:\/\/ramse.es\/wordpress\/el-cardiologo-valentin-fuster-carulla-academico-de-honor-de-la-ramse\/\">EL Cardi\u00f3logo Valent\u00edn Fuster Carulla, Acad\u00e9mico de Honor de la RAMSE<\/a><\/h2><p class=\"fusion-single-line-meta\">Por <span class=\"vcard\"><span class=\"fn\"><a href=\"https:\/\/ramse.es\/wordpress\/author\/prensa\/\" title=\"Entradas de Mar\u00eda\" rel=\"author\">Mar\u00eda<\/a><\/span><\/span><span class=\"fusion-inline-sep\">|<\/span><span class=\"updated\" style=\"display:none;\">2024-05-19T18:28:39+02:00<\/span><span>mayo 17th, 2024<\/span><span class=\"fusion-inline-sep\">|<\/span>Categor\u00edas: <a href=\"https:\/\/ramse.es\/wordpress\/category\/academico-de-honor\/\" rel=\"category tag\">Acad\u00e9mico de honor<\/a><span class=\"fusion-inline-sep\">|<\/span><span class=\"meta-tags\">Etiquetas: <a href=\"https:\/\/ramse.es\/wordpress\/tag\/dr-valentin-fuster\/\" rel=\"tag\">Dr. Valent\u00edn Fuster<\/a><\/span><span class=\"fusion-inline-sep\">|<\/span><\/p><div class=\"fusion-post-content-container\"><p>El prestigioso cardi\u00f3logo Valent\u00edn Fuster Carulla ha tomado posesi\u00f3n como Acad\u00e9mico de Honor de la Real Academia de Medicina y Cirug\u00eda de Sevilla (RAMSE), en la sesi\u00f3n p\u00fablica y extraordinaria que se ha celebrado en el Sal\u00f3n Ram\u00f3n y Cajal de la RAMSE. El Dr. Valent\u00edn Fuster, considerado como uno de los m\u00e9dicos y cient\u00edficos m\u00e1s importante de los \u00faltimos cien a\u00f1os, naci\u00f3 en Barcelona, en cuya Facultad de Medicina <a href=\"https:\/\/ramse.es\/wordpress\/el-cardiologo-valentin-fuster-carulla-academico-de-honor-de-la-ramse\/\">[...]<\/a><\/p><\/div><\/div><div class=\"fusion-clearfix\"><\/div><div class=\"fusion-meta-info\"><div class=\"fusion-alignright\"><a class=\"fusion-read-more\" href=\"https:\/\/ramse.es\/wordpress\/el-cardiologo-valentin-fuster-carulla-academico-de-honor-de-la-ramse\/\" aria-label=\"More on EL Cardi\u00f3logo Valent\u00edn Fuster Carulla, Acad\u00e9mico de Honor de la RAMSE\">Leer M\u00e1s<\/a><\/div><\/div><\/article>\n<article id=\"blog-1-post-4847\" class=\"fusion-post-large-alternate post-4847 post type-post status-publish format-standard has-post-thumbnail hentry category-catedra-oncologia tag-catedra-de-divulgacion-oncologica tag-dr-antonio-cubillo\">\n\t<style type=\"text\/css\">\n\t\t\n\t\t\n\t\t\n\t\t\n\t\t\t<\/style>\n\n\n\t\t\t<div class=\"fusion-flexslider flexslider fusion-flexslider-loading fusion-post-slideshow\" style=\"\">\n\t\t<ul class=\"slides\">\n\t\t\t\n\t\t\t\t\t\t\t\t\t\t\t\t\t\t<li><div  class=\"fusion-image-wrapper\" aria-haspopup=\"true\">\n\t\t\t\t<img decoding=\"async\" width=\"1772\" height=\"2362\" src=\"https:\/\/ramse.es\/wordpress\/wp-content\/uploads\/2024\/05\/24050942.jpg\" class=\"attachment-full size-full wp-post-image\" alt=\"\" srcset=\"https:\/\/ramse.es\/wordpress\/wp-content\/uploads\/2024\/05\/24050942-200x267.jpg 200w, https:\/\/ramse.es\/wordpress\/wp-content\/uploads\/2024\/05\/24050942-400x533.jpg 400w, https:\/\/ramse.es\/wordpress\/wp-content\/uploads\/2024\/05\/24050942-600x800.jpg 600w, https:\/\/ramse.es\/wordpress\/wp-content\/uploads\/2024\/05\/24050942-800x1066.jpg 800w, https:\/\/ramse.es\/wordpress\/wp-content\/uploads\/2024\/05\/24050942-1200x1600.jpg 1200w, https:\/\/ramse.es\/wordpress\/wp-content\/uploads\/2024\/05\/24050942.jpg 1772w\" sizes=\"(max-width: 1000px) 100vw, 800px\" \/><div class=\"fusion-rollover\">\n\t<div class=\"fusion-rollover-content\">\n\n\t\t\t\t\t\t\t\t\t\t\t\t\t\t<a class=\"fusion-rollover-link\" href=\"https:\/\/ramse.es\/wordpress\/nueva-conferencia-catedra-de-divulgacion-oncologica\/\">Nueva conferencia C\u00e1tedra de Divulgaci\u00f3n Oncol\u00f3gica<\/a>\n\t\t\t\n\t\t\t\t\t\t\t\t\t\t\t\t\t\t\n\t\t\t\t\t\t\t\t\n\t\t\t\t\t\t\t\t\t\t\t\t\t<div class=\"fusion-rollover-sep\"><\/div>\n\t\t\t\t\n\t\t\t\t\t\t\t\t\t\t\t\t\t\t\t\t\t\t<a class=\"fusion-rollover-gallery\" href=\"https:\/\/ramse.es\/wordpress\/wp-content\/uploads\/2024\/05\/24050942.jpg\" data-id=\"4847\" data-rel=\"iLightbox[gallery]\" data-title=\"Catedra Divulgaci\u00f3n Oncol\u00f3gica\" data-caption=\"\">\n\t\t\t\t\t\tGaler\u00eda\t\t\t\t\t<\/a>\n\t\t\t\t\t\t\t\t\t\t\t\t\t\t\n\t\t\n\t\t\t\t\t\t\t\t\n\t\t\t\t\t\t\t\t\n\t\t\n\t\t\t\t\t\t<a class=\"fusion-link-wrapper\" href=\"https:\/\/ramse.es\/wordpress\/nueva-conferencia-catedra-de-divulgacion-oncologica\/\" aria-label=\"Nueva conferencia C\u00e1tedra de Divulgaci\u00f3n Oncol\u00f3gica\"><\/a>\n\t<\/div>\n<\/div>\n<\/div>\n<\/li>\n\t\t\t\n\t\t\t\n\t\t\t\t\t\t\t\t\t\t\t\t\t\t\t\t\t\t\t\t\t\t\t\t\t\t\t\t\t\t\t\t\t\t\t\t\t\t\t\t\t\t\t\t\t\t\t\t\t\t\t\t\t\t\t\t\t\t\t\t\t\t\t\t\t\t\t\t<\/ul>\n\t<\/div>\n\t<div class=\"fusion-date-and-formats\"><div class=\"fusion-date-box updated\"><span class=\"fusion-date\">mayo<\/span><span class=\"fusion-month-year\">11:19 am<\/span><\/div><div class=\"fusion-format-box\"><i class=\"awb-icon-pen\" aria-hidden=\"true\"><\/i><\/div><\/div><div class=\"fusion-post-content post-content\"><h2 class=\"blog-shortcode-post-title entry-title\"><a href=\"https:\/\/ramse.es\/wordpress\/nueva-conferencia-catedra-de-divulgacion-oncologica\/\">Nueva conferencia C\u00e1tedra de Divulgaci\u00f3n Oncol\u00f3gica<\/a><\/h2><p class=\"fusion-single-line-meta\">Por <span class=\"vcard\"><span class=\"fn\"><a href=\"https:\/\/ramse.es\/wordpress\/author\/prensa\/\" title=\"Entradas de Mar\u00eda\" rel=\"author\">Mar\u00eda<\/a><\/span><\/span><span class=\"fusion-inline-sep\">|<\/span><span class=\"updated\" style=\"display:none;\">2024-05-19T18:35:11+02:00<\/span><span>mayo 15th, 2024<\/span><span class=\"fusion-inline-sep\">|<\/span>Categor\u00edas: <a href=\"https:\/\/ramse.es\/wordpress\/category\/catedra-oncologia\/\" rel=\"category tag\">C\u00e1tedra Oncolog\u00eda<\/a><span class=\"fusion-inline-sep\">|<\/span><span class=\"meta-tags\">Etiquetas: <a href=\"https:\/\/ramse.es\/wordpress\/tag\/catedra-de-divulgacion-oncologica\/\" rel=\"tag\">C\u00e1tedra de Divulgaci\u00f3n Oncol\u00f3gica<\/a>, <a href=\"https:\/\/ramse.es\/wordpress\/tag\/dr-antonio-cubillo\/\" rel=\"tag\">Dr. Antonio Cubillo<\/a><\/span><span class=\"fusion-inline-sep\">|<\/span><\/p><div class=\"fusion-post-content-container\"><p>Dr. Antonio Cubillo. Jefe de Servicio de Oncolog\u00eda M\u00e9dica, Director del Centro Integral de Oncolog\u00eda Clara Campal (Madrid), ha impartido una conferencia magistral titulada \u201cDiagn\u00f3stico Hipertemprano. Hacia una nueva oncolog\u00eda\u201d, organizada por la C\u00e1tedra de Divulgaci\u00f3n Oncolog\u00eda de la Fundaci\u00f3n RAMSE que dirige el Dr. Juan Virizuela. El Dr. Antonio Cubillo, jefe del Centro Integral Oncol\u00f3gico Clara Campal, comenz\u00f3 hace dos a\u00f1os a desarrollar la primera Unidad de Diagn\u00f3stico Oncol\u00f3gico <a href=\"https:\/\/ramse.es\/wordpress\/nueva-conferencia-catedra-de-divulgacion-oncologica\/\">[...]<\/a><\/p><\/div><\/div><div class=\"fusion-clearfix\"><\/div><div class=\"fusion-meta-info\"><div class=\"fusion-alignright\"><a class=\"fusion-read-more\" href=\"https:\/\/ramse.es\/wordpress\/nueva-conferencia-catedra-de-divulgacion-oncologica\/\" aria-label=\"More on Nueva conferencia C\u00e1tedra de Divulgaci\u00f3n Oncol\u00f3gica\">Leer M\u00e1s<\/a><\/div><\/div><\/article>\n<article id=\"blog-1-post-4865\" class=\"fusion-post-large-alternate post-4865 post type-post status-publish format-standard has-post-thumbnail hentry category-academicos-correspondientes category-actos-academicos tag-dr-valdes tag-dra-machuca\">\n\t<style type=\"text\/css\">\n\t\t\n\t\t\n\t\t\n\t\t\n\t\t\t<\/style>\n\n\n\t\t\t<div class=\"fusion-flexslider flexslider fusion-flexslider-loading fusion-post-slideshow\" style=\"\">\n\t\t<ul class=\"slides\">\n\t\t\t\n\t\t\t\t\t\t\t\t\t\t\t\t\t\t<li><div  class=\"fusion-image-wrapper\" aria-haspopup=\"true\">\n\t\t\t\t<img decoding=\"async\" width=\"2000\" height=\"1500\" src=\"https:\/\/ramse.es\/wordpress\/wp-content\/uploads\/2024\/05\/24050487.jpg\" class=\"attachment-full size-full wp-post-image\" alt=\"\" srcset=\"https:\/\/ramse.es\/wordpress\/wp-content\/uploads\/2024\/05\/24050487-200x150.jpg 200w, https:\/\/ramse.es\/wordpress\/wp-content\/uploads\/2024\/05\/24050487-400x300.jpg 400w, https:\/\/ramse.es\/wordpress\/wp-content\/uploads\/2024\/05\/24050487-600x450.jpg 600w, https:\/\/ramse.es\/wordpress\/wp-content\/uploads\/2024\/05\/24050487-800x600.jpg 800w, https:\/\/ramse.es\/wordpress\/wp-content\/uploads\/2024\/05\/24050487-1200x900.jpg 1200w, https:\/\/ramse.es\/wordpress\/wp-content\/uploads\/2024\/05\/24050487.jpg 2000w\" sizes=\"(max-width: 1000px) 100vw, 800px\" \/><div class=\"fusion-rollover\">\n\t<div class=\"fusion-rollover-content\">\n\n\t\t\t\t\t\t\t\t\t\t\t\t\t\t<a class=\"fusion-rollover-link\" href=\"https:\/\/ramse.es\/wordpress\/el-dr-javier-valdes-y-la-dra-maria-del-carmen-machuca-nuevos-academicos-correspondientes-en-la-ramse\/\">El Dr. Javier Vald\u00e9s y la Dra. Mar\u00eda del Carmen Machuca nuevos Acad\u00e9micos Correspondientes en la RAMSE<\/a>\n\t\t\t\n\t\t\t\t\t\t\t\t\t\t\t\t\t\t\n\t\t\t\t\t\t\t\t\n\t\t\t\t\t\t\t\t\t\t\t\t\t<div class=\"fusion-rollover-sep\"><\/div>\n\t\t\t\t\n\t\t\t\t\t\t\t\t\t\t\t\t\t\t\t\t\t\t<a class=\"fusion-rollover-gallery\" href=\"https:\/\/ramse.es\/wordpress\/wp-content\/uploads\/2024\/05\/24050487.jpg\" data-id=\"4865\" data-rel=\"iLightbox[gallery]\" data-title=\"Dr. Valdes y Dra. Machuca\" data-caption=\"\">\n\t\t\t\t\t\tGaler\u00eda\t\t\t\t\t<\/a>\n\t\t\t\t\t\t\t\t\t\t\t\t\t\t\n\t\t\n\t\t\t\t\t\t\t\t\n\t\t\t\t\t\t\t\t\n\t\t\n\t\t\t\t\t\t<a class=\"fusion-link-wrapper\" href=\"https:\/\/ramse.es\/wordpress\/el-dr-javier-valdes-y-la-dra-maria-del-carmen-machuca-nuevos-academicos-correspondientes-en-la-ramse\/\" aria-label=\"El Dr. Javier Vald\u00e9s y la Dra. Mar\u00eda del Carmen Machuca nuevos Acad\u00e9micos Correspondientes en la RAMSE\"><\/a>\n\t<\/div>\n<\/div>\n<\/div>\n<\/li>\n\t\t\t\n\t\t\t\n\t\t\t\t\t\t\t\t\t\t\t\t\t\t\t\t\t\t\t\t\t\t\t\t\t\t\t\t\t\t\t\t\t\t\t\t\t\t\t\t\t\t\t\t\t\t\t\t\t\t\t\t\t\t\t\t\t\t\t\t\t\t\t\t\t\t\t\t<\/ul>\n\t<\/div>\n\t<div class=\"fusion-date-and-formats\"><div class=\"fusion-date-box updated\"><span class=\"fusion-date\">mayo<\/span><span class=\"fusion-month-year\">6:35 pm<\/span><\/div><div class=\"fusion-format-box\"><i class=\"awb-icon-pen\" aria-hidden=\"true\"><\/i><\/div><\/div><div class=\"fusion-post-content post-content\"><h2 class=\"blog-shortcode-post-title entry-title\"><a href=\"https:\/\/ramse.es\/wordpress\/el-dr-javier-valdes-y-la-dra-maria-del-carmen-machuca-nuevos-academicos-correspondientes-en-la-ramse\/\">El Dr. Javier Vald\u00e9s y la Dra. Mar\u00eda del Carmen Machuca nuevos Acad\u00e9micos Correspondientes en la RAMSE<\/a><\/h2><p class=\"fusion-single-line-meta\">Por <span class=\"vcard\"><span class=\"fn\"><a href=\"https:\/\/ramse.es\/wordpress\/author\/prensa\/\" title=\"Entradas de Mar\u00eda\" rel=\"author\">Mar\u00eda<\/a><\/span><\/span><span class=\"fusion-inline-sep\">|<\/span><span class=\"updated\" style=\"display:none;\">2024-05-19T19:18:32+02:00<\/span><span>mayo 10th, 2024<\/span><span class=\"fusion-inline-sep\">|<\/span>Categor\u00edas: <a href=\"https:\/\/ramse.es\/wordpress\/category\/actos-academicos\/academicos-correspondientes\/\" rel=\"category tag\">Acad\u00e9micos Correspondientes<\/a>, <a href=\"https:\/\/ramse.es\/wordpress\/category\/actos-academicos\/\" rel=\"category tag\">Actos Acad\u00e9micos<\/a><span class=\"fusion-inline-sep\">|<\/span><span class=\"meta-tags\">Etiquetas: <a href=\"https:\/\/ramse.es\/wordpress\/tag\/dr-valdes\/\" rel=\"tag\">Dr. Vald\u00e9s<\/a>, <a href=\"https:\/\/ramse.es\/wordpress\/tag\/dra-machuca\/\" rel=\"tag\">Dra. Machuca<\/a><\/span><span class=\"fusion-inline-sep\">|<\/span><\/p><div class=\"fusion-post-content-container\"><p>La Real Academia de Medicina y Cirug\u00eda de Sevilla ha dado\u00a0la bienvenida a dos nuevos Acad\u00e9micos Correspondientes: el Dr. D. Javier Valdes Hernandez, especialista en Cirug\u00eda General y del Aparato Digestivo.\u00a0Unidad de Cirug\u00eda Colorrectal del Hospital Universitario Virgen Macarena de Sevilla y la Dra. Mar\u00eda del Carmen Machuca Portillo, Profesora Titular de Patolog\u00eda Sist\u00e9mica de la Facultad de Odontog\u00eda de Sevilla. El pasado 9 de mayo del presente a\u00f1o, la <a href=\"https:\/\/ramse.es\/wordpress\/el-dr-javier-valdes-y-la-dra-maria-del-carmen-machuca-nuevos-academicos-correspondientes-en-la-ramse\/\">[...]<\/a><\/p><\/div><\/div><div class=\"fusion-clearfix\"><\/div><div class=\"fusion-meta-info\"><div class=\"fusion-alignright\"><a class=\"fusion-read-more\" href=\"https:\/\/ramse.es\/wordpress\/el-dr-javier-valdes-y-la-dra-maria-del-carmen-machuca-nuevos-academicos-correspondientes-en-la-ramse\/\" aria-label=\"More on El Dr. Javier Vald\u00e9s y la Dra. Mar\u00eda del Carmen Machuca nuevos Acad\u00e9micos Correspondientes en la RAMSE\">Leer M\u00e1s<\/a><\/div><\/div><\/article>\n<article id=\"blog-1-post-4815\" class=\"fusion-post-large-alternate post-4815 post type-post status-publish format-standard has-post-thumbnail hentry category-academico-de-numero category-actos-academicos\">\n\t<style type=\"text\/css\">\n\t\t\n\t\t\n\t\t\n\t\t\n\t\t\t<\/style>\n\n\n\t\t\t<div class=\"fusion-flexslider flexslider fusion-flexslider-loading fusion-post-slideshow\" style=\"\">\n\t\t<ul class=\"slides\">\n\t\t\t\n\t\t\t\t\t\t\t\t\t\t\t\t\t\t<li><div  class=\"fusion-image-wrapper\" aria-haspopup=\"true\">\n\t\t\t\t<img decoding=\"async\" width=\"2362\" height=\"1772\" src=\"https:\/\/ramse.es\/wordpress\/wp-content\/uploads\/2024\/05\/24050141.jpg\" class=\"attachment-full size-full wp-post-image\" alt=\"\" srcset=\"https:\/\/ramse.es\/wordpress\/wp-content\/uploads\/2024\/05\/24050141-200x150.jpg 200w, https:\/\/ramse.es\/wordpress\/wp-content\/uploads\/2024\/05\/24050141-400x300.jpg 400w, https:\/\/ramse.es\/wordpress\/wp-content\/uploads\/2024\/05\/24050141-600x450.jpg 600w, https:\/\/ramse.es\/wordpress\/wp-content\/uploads\/2024\/05\/24050141-800x600.jpg 800w, https:\/\/ramse.es\/wordpress\/wp-content\/uploads\/2024\/05\/24050141-1200x900.jpg 1200w, https:\/\/ramse.es\/wordpress\/wp-content\/uploads\/2024\/05\/24050141.jpg 2362w\" sizes=\"(max-width: 1000px) 100vw, 800px\" \/><div class=\"fusion-rollover\">\n\t<div class=\"fusion-rollover-content\">\n\n\t\t\t\t\t\t\t\t\t\t\t\t\t\t<a class=\"fusion-rollover-link\" href=\"https:\/\/ramse.es\/wordpress\/el-cardiologo-dr-jose-maria-cruz-academico-de-numero-de-la-ramse\/\">El Cardi\u00f3logo Dr. Jos\u00e9 Mar\u00eda Cruz Acad\u00e9mico de N\u00famero de la RAMSE<\/a>\n\t\t\t\n\t\t\t\t\t\t\t\t\t\t\t\t\t\t\n\t\t\t\t\t\t\t\t\n\t\t\t\t\t\t\t\t\t\t\t\t\t<div class=\"fusion-rollover-sep\"><\/div>\n\t\t\t\t\n\t\t\t\t\t\t\t\t\t\t\t\t\t\t\t\t\t\t<a class=\"fusion-rollover-gallery\" href=\"https:\/\/ramse.es\/wordpress\/wp-content\/uploads\/2024\/05\/24050141.jpg\" data-id=\"4815\" data-rel=\"iLightbox[gallery]\" data-title=\"Dr. Jose Mar\u00eda Cruz\" data-caption=\"\">\n\t\t\t\t\t\tGaler\u00eda\t\t\t\t\t<\/a>\n\t\t\t\t\t\t\t\t\t\t\t\t\t\t\n\t\t\n\t\t\t\t\t\t\t\t\n\t\t\t\t\t\t\t\t\n\t\t\n\t\t\t\t\t\t<a class=\"fusion-link-wrapper\" href=\"https:\/\/ramse.es\/wordpress\/el-cardiologo-dr-jose-maria-cruz-academico-de-numero-de-la-ramse\/\" aria-label=\"El Cardi\u00f3logo Dr. Jos\u00e9 Mar\u00eda Cruz Acad\u00e9mico de N\u00famero de la RAMSE\"><\/a>\n\t<\/div>\n<\/div>\n<\/div>\n<\/li>\n\t\t\t\n\t\t\t\n\t\t\t\t\t\t\t\t\t\t\t\t\t\t\t\t\t\t\t\t\t\t\t\t\t\t\t\t\t\t\t\t\t\t\t\t\t\t\t\t\t\t\t\t\t\t\t\t\t\t\t\t\t\t\t\t\t\t\t\t\t\t\t\t\t\t\t\t<\/ul>\n\t<\/div>\n\t<div class=\"fusion-date-and-formats\"><div class=\"fusion-date-box updated\"><span class=\"fusion-date\">mayo<\/span><span class=\"fusion-month-year\">4:19 pm<\/span><\/div><div class=\"fusion-format-box\"><i class=\"awb-icon-pen\" aria-hidden=\"true\"><\/i><\/div><\/div><div class=\"fusion-post-content post-content\"><h2 class=\"blog-shortcode-post-title entry-title\"><a href=\"https:\/\/ramse.es\/wordpress\/el-cardiologo-dr-jose-maria-cruz-academico-de-numero-de-la-ramse\/\">El Cardi\u00f3logo Dr. Jos\u00e9 Mar\u00eda Cruz Acad\u00e9mico de N\u00famero de la RAMSE<\/a><\/h2><p class=\"fusion-single-line-meta\">Por <span class=\"vcard\"><span class=\"fn\"><a href=\"https:\/\/ramse.es\/wordpress\/author\/prensa\/\" title=\"Entradas de Mar\u00eda\" rel=\"author\">Mar\u00eda<\/a><\/span><\/span><span class=\"fusion-inline-sep\">|<\/span><span class=\"updated\" style=\"display:none;\">2024-05-06T16:26:29+02:00<\/span><span>mayo 5th, 2024<\/span><span class=\"fusion-inline-sep\">|<\/span>Categor\u00edas: <a href=\"https:\/\/ramse.es\/wordpress\/category\/academico-de-numero\/\" rel=\"category tag\">Acad\u00e9mico de N\u00famero<\/a>, <a href=\"https:\/\/ramse.es\/wordpress\/category\/actos-academicos\/\" rel=\"category tag\">Actos Acad\u00e9micos<\/a><span class=\"fusion-inline-sep\">|<\/span><\/p><div class=\"fusion-post-content-container\"><p>El cardi\u00f3logo Jos\u00e9 Mar\u00eda Cruz Fern\u00e1ndez ha tomado posesi\u00f3n como Acad\u00e9mico de N\u00famero de la Real Academia de Medicina y Cirug\u00eda de Sevilla (RAMSE), correspondiente a la plaza de Cardiolog\u00eda (Secci\u00f3n II de Medicina y especialidades m\u00e9dicas), en la sesi\u00f3n p\u00fablica y extraordinaria celebrada en el Sal\u00f3n Ram\u00f3n y Cajal de la RAMSE. El Profesor Jos\u00e9 Mar\u00eda Cruz Fern\u00e1ndez (T\u00e1nger, 1945), experto en colesterol, hipertensi\u00f3n arterial, infarto, palpitaciones, insuficiencia card\u00edaca, <a href=\"https:\/\/ramse.es\/wordpress\/el-cardiologo-dr-jose-maria-cruz-academico-de-numero-de-la-ramse\/\">[...]<\/a><\/p><\/div><\/div><div class=\"fusion-clearfix\"><\/div><div class=\"fusion-meta-info\"><div class=\"fusion-alignright\"><a class=\"fusion-read-more\" href=\"https:\/\/ramse.es\/wordpress\/el-cardiologo-dr-jose-maria-cruz-academico-de-numero-de-la-ramse\/\" aria-label=\"More on El Cardi\u00f3logo Dr. Jos\u00e9 Mar\u00eda Cruz Acad\u00e9mico de N\u00famero de la RAMSE\">Leer M\u00e1s<\/a><\/div><\/div><\/article>\n<article id=\"blog-1-post-4805\" class=\"fusion-post-large-alternate post-4805 post type-post status-publish format-standard has-post-thumbnail hentry category-articulo category-catedra-de-cooperacion tag-cooperacion-internacional\">\n\t<style type=\"text\/css\">\n\t\t\n\t\t\n\t\t\n\t\t\n\t\t\t<\/style>\n\n\n\t\t\t<div class=\"fusion-flexslider flexslider fusion-flexslider-loading fusion-post-slideshow\" style=\"\">\n\t\t<ul class=\"slides\">\n\t\t\t\n\t\t\t\t\t\t\t\t\t\t\t\t\t\t<li><div  class=\"fusion-image-wrapper\" aria-haspopup=\"true\">\n\t\t\t\t<img decoding=\"async\" width=\"1600\" height=\"1200\" src=\"https:\/\/ramse.es\/wordpress\/wp-content\/uploads\/2024\/05\/Articulo-Cooperacion.jpeg\" class=\"attachment-full size-full wp-post-image\" alt=\"\" srcset=\"https:\/\/ramse.es\/wordpress\/wp-content\/uploads\/2024\/05\/Articulo-Cooperacion-200x150.jpeg 200w, https:\/\/ramse.es\/wordpress\/wp-content\/uploads\/2024\/05\/Articulo-Cooperacion-400x300.jpeg 400w, https:\/\/ramse.es\/wordpress\/wp-content\/uploads\/2024\/05\/Articulo-Cooperacion-600x450.jpeg 600w, https:\/\/ramse.es\/wordpress\/wp-content\/uploads\/2024\/05\/Articulo-Cooperacion-800x600.jpeg 800w, https:\/\/ramse.es\/wordpress\/wp-content\/uploads\/2024\/05\/Articulo-Cooperacion-1200x900.jpeg 1200w, https:\/\/ramse.es\/wordpress\/wp-content\/uploads\/2024\/05\/Articulo-Cooperacion.jpeg 1600w\" sizes=\"(max-width: 1000px) 100vw, 800px\" \/><div class=\"fusion-rollover\">\n\t<div class=\"fusion-rollover-content\">\n\n\t\t\t\t\t\t\t\t\t\t\t\t\t\t<a class=\"fusion-rollover-link\" href=\"https:\/\/ramse.es\/wordpress\/solidaridad-candelaria-en-malawi-juntos-por-un-mundo-mejor\/\">Solidaridad Candelaria en Malawi: \u201cJuntos por un mundo mejor\u201d<\/a>\n\t\t\t\n\t\t\t\t\t\t\t\t\t\t\t\t\t\t\n\t\t\t\t\t\t\t\t\n\t\t\t\t\t\t\t\t\t\t\t\t\t<div class=\"fusion-rollover-sep\"><\/div>\n\t\t\t\t\n\t\t\t\t\t\t\t\t\t\t\t\t\t\t\t\t\t\t<a class=\"fusion-rollover-gallery\" href=\"https:\/\/ramse.es\/wordpress\/wp-content\/uploads\/2024\/05\/Articulo-Cooperacion.jpeg\" data-id=\"4805\" data-rel=\"iLightbox[gallery]\" data-title=\"Articulo Cooperacio\u0301n\" data-caption=\"\">\n\t\t\t\t\t\tGaler\u00eda\t\t\t\t\t<\/a>\n\t\t\t\t\t\t\t\t\t\t\t\t\t\t\n\t\t\n\t\t\t\t\t\t\t\t\n\t\t\t\t\t\t\t\t\n\t\t\n\t\t\t\t\t\t<a class=\"fusion-link-wrapper\" href=\"https:\/\/ramse.es\/wordpress\/solidaridad-candelaria-en-malawi-juntos-por-un-mundo-mejor\/\" aria-label=\"Solidaridad Candelaria en Malawi: \u201cJuntos por un mundo mejor\u201d\"><\/a>\n\t<\/div>\n<\/div>\n<\/div>\n<\/li>\n\t\t\t\n\t\t\t\n\t\t\t\t\t\t\t\t\t\t\t\t\t\t\t\t\t\t\t\t\t\t\t\t\t\t\t\t\t\t\t\t\t\t\t\t\t\t\t\t\t\t\t\t\t\t\t\t\t\t\t\t\t\t\t\t\t\t\t\t\t\t\t\t\t\t\t\t<\/ul>\n\t<\/div>\n\t<div class=\"fusion-date-and-formats\"><div class=\"fusion-date-box updated\"><span class=\"fusion-date\">mayo<\/span><span class=\"fusion-month-year\">3:38 pm<\/span><\/div><div class=\"fusion-format-box\"><i class=\"awb-icon-pen\" aria-hidden=\"true\"><\/i><\/div><\/div><div class=\"fusion-post-content post-content\"><h2 class=\"blog-shortcode-post-title entry-title\"><a href=\"https:\/\/ramse.es\/wordpress\/solidaridad-candelaria-en-malawi-juntos-por-un-mundo-mejor\/\">Solidaridad Candelaria en Malawi: \u201cJuntos por un mundo mejor\u201d<\/a><\/h2><p class=\"fusion-single-line-meta\">Por <span class=\"vcard\"><span class=\"fn\"><a href=\"https:\/\/ramse.es\/wordpress\/author\/prensa\/\" title=\"Entradas de Mar\u00eda\" rel=\"author\">Mar\u00eda<\/a><\/span><\/span><span class=\"fusion-inline-sep\">|<\/span><span class=\"updated\" style=\"display:none;\">2024-05-06T18:29:17+02:00<\/span><span>mayo 3rd, 2024<\/span><span class=\"fusion-inline-sep\">|<\/span>Categor\u00edas: <a href=\"https:\/\/ramse.es\/wordpress\/category\/articulo\/\" rel=\"category tag\">Art\u00edculo<\/a>, <a href=\"https:\/\/ramse.es\/wordpress\/category\/catedra-de-cooperacion\/\" rel=\"category tag\">Catedra de Cooperaci\u00f3n<\/a><span class=\"fusion-inline-sep\">|<\/span><span class=\"meta-tags\">Etiquetas: <a href=\"https:\/\/ramse.es\/wordpress\/tag\/cooperacion-internacional\/\" rel=\"tag\">Cooperaci\u00f3n Internacional<\/a><\/span><span class=\"fusion-inline-sep\">|<\/span><\/p><div class=\"fusion-post-content-container\"><p>Celebramos en este a\u00f1o el XX Aniversario de la puesta en marcha de un proyecto de solidaridad al servicio de los m\u00e1s desfavorecidos de nuestro mundo\u2026 un proyecto que nace en la Parroquia de Ntra. Sra. de la Candelaria de Sevilla, ubicada en uno de los barrios m\u00e1s desfavorecidos de Sevilla. Este proyecto que dio origen a la creaci\u00f3n de nuestra \u201cFundaci\u00f3n Solidaridad Candelaria\u201d est\u00e1 animado por el esp\u00edritu de <a href=\"https:\/\/ramse.es\/wordpress\/solidaridad-candelaria-en-malawi-juntos-por-un-mundo-mejor\/\">[...]<\/a><\/p><\/div><\/div><div class=\"fusion-clearfix\"><\/div><div class=\"fusion-meta-info\"><div class=\"fusion-alignright\"><a class=\"fusion-read-more\" href=\"https:\/\/ramse.es\/wordpress\/solidaridad-candelaria-en-malawi-juntos-por-un-mundo-mejor\/\" aria-label=\"More on Solidaridad Candelaria en Malawi: \u201cJuntos por un mundo mejor\u201d\">Leer M\u00e1s<\/a><\/div><\/div><\/article>\n<article id=\"blog-1-post-4789\" class=\"fusion-post-large-alternate post-4789 post type-post status-publish format-standard has-post-thumbnail hentry category-articulo tag-la-ciencia-fisica-en-sevilla tag-leoncio-garcia-barron\">\n\t<style type=\"text\/css\">\n\t\t\n\t\t\n\t\t\n\t\t\n\t\t\t<\/style>\n\n\n\t\t\t<div class=\"fusion-flexslider flexslider fusion-flexslider-loading fusion-post-slideshow\" style=\"\">\n\t\t<ul class=\"slides\">\n\t\t\t\n\t\t\t\t\t\t\t\t\t\t\t\t\t\t<li><div  class=\"fusion-image-wrapper\" aria-haspopup=\"true\">\n\t\t\t\t<img decoding=\"async\" width=\"810\" height=\"720\" src=\"https:\/\/ramse.es\/wordpress\/wp-content\/uploads\/2024\/05\/D.-Leoncio-Garcia.jpeg\" class=\"attachment-full size-full wp-post-image\" alt=\"\" srcset=\"https:\/\/ramse.es\/wordpress\/wp-content\/uploads\/2024\/05\/D.-Leoncio-Garcia-200x178.jpeg 200w, https:\/\/ramse.es\/wordpress\/wp-content\/uploads\/2024\/05\/D.-Leoncio-Garcia-400x356.jpeg 400w, https:\/\/ramse.es\/wordpress\/wp-content\/uploads\/2024\/05\/D.-Leoncio-Garcia-600x533.jpeg 600w, https:\/\/ramse.es\/wordpress\/wp-content\/uploads\/2024\/05\/D.-Leoncio-Garcia-800x711.jpeg 800w, https:\/\/ramse.es\/wordpress\/wp-content\/uploads\/2024\/05\/D.-Leoncio-Garcia.jpeg 810w\" sizes=\"(max-width: 1000px) 100vw, 800px\" \/><div class=\"fusion-rollover\">\n\t<div class=\"fusion-rollover-content\">\n\n\t\t\t\t\t\t\t\t\t\t\t\t\t\t<a class=\"fusion-rollover-link\" href=\"https:\/\/ramse.es\/wordpress\/la-ciencia-fisica-en-sevilla-durante-el-s-xviii-la-regia-sociedad-hispalense\/\">La ciencia f\u00edsica en Sevilla durante el S. XVIII. La Regia Sociedad Hispalense<\/a>\n\t\t\t\n\t\t\t\t\t\t\t\t\t\t\t\t\t\t\n\t\t\t\t\t\t\t\t\n\t\t\t\t\t\t\t\t\t\t\t\t\t<div class=\"fusion-rollover-sep\"><\/div>\n\t\t\t\t\n\t\t\t\t\t\t\t\t\t\t\t\t\t\t\t\t\t\t<a class=\"fusion-rollover-gallery\" href=\"https:\/\/ramse.es\/wordpress\/wp-content\/uploads\/2024\/05\/D.-Leoncio-Garcia.jpeg\" data-id=\"4789\" data-rel=\"iLightbox[gallery]\" data-title=\"D. Leoncio Garci\u0301a\" data-caption=\"\">\n\t\t\t\t\t\tGaler\u00eda\t\t\t\t\t<\/a>\n\t\t\t\t\t\t\t\t\t\t\t\t\t\t\n\t\t\n\t\t\t\t\t\t\t\t\n\t\t\t\t\t\t\t\t\n\t\t\n\t\t\t\t\t\t<a class=\"fusion-link-wrapper\" href=\"https:\/\/ramse.es\/wordpress\/la-ciencia-fisica-en-sevilla-durante-el-s-xviii-la-regia-sociedad-hispalense\/\" aria-label=\"La ciencia f\u00edsica en Sevilla durante el S. XVIII. La Regia Sociedad Hispalense\"><\/a>\n\t<\/div>\n<\/div>\n<\/div>\n<\/li>\n\t\t\t\n\t\t\t\n\t\t\t\t\t\t\t\t\t\t\t\t\t\t\t\t\t\t\t\t\t\t\t\t\t\t\t\t\t\t\t\t\t\t\t\t\t\t\t\t\t\t\t\t\t\t\t\t\t\t\t\t\t\t\t\t\t\t\t\t\t\t\t\t\t\t\t\t<\/ul>\n\t<\/div>\n\t<div class=\"fusion-date-and-formats\"><div class=\"fusion-date-box updated\"><span class=\"fusion-date\">mayo<\/span><span class=\"fusion-month-year\">10:31 am<\/span><\/div><div class=\"fusion-format-box\"><i class=\"awb-icon-pen\" aria-hidden=\"true\"><\/i><\/div><\/div><div class=\"fusion-post-content post-content\"><h2 class=\"blog-shortcode-post-title entry-title\"><a href=\"https:\/\/ramse.es\/wordpress\/la-ciencia-fisica-en-sevilla-durante-el-s-xviii-la-regia-sociedad-hispalense\/\">La ciencia f\u00edsica en Sevilla durante el S. XVIII. La Regia Sociedad Hispalense<\/a><\/h2><p class=\"fusion-single-line-meta\">Por <span class=\"vcard\"><span class=\"fn\"><a href=\"https:\/\/ramse.es\/wordpress\/author\/prensa\/\" title=\"Entradas de Mar\u00eda\" rel=\"author\">Mar\u00eda<\/a><\/span><\/span><span class=\"fusion-inline-sep\">|<\/span><span class=\"updated\" style=\"display:none;\">2024-05-03T00:49:24+02:00<\/span><span>mayo 2nd, 2024<\/span><span class=\"fusion-inline-sep\">|<\/span>Categor\u00edas: <a href=\"https:\/\/ramse.es\/wordpress\/category\/articulo\/\" rel=\"category tag\">Art\u00edculo<\/a><span class=\"fusion-inline-sep\">|<\/span><span class=\"meta-tags\">Etiquetas: <a href=\"https:\/\/ramse.es\/wordpress\/tag\/la-ciencia-fisica-en-sevilla\/\" rel=\"tag\">LA CIENCIA F\u00cdSICA EN SEVILLA<\/a>, <a href=\"https:\/\/ramse.es\/wordpress\/tag\/leoncio-garcia-barron\/\" rel=\"tag\">Leoncio Garc\u00eda Barr\u00f3n<\/a><\/span><span class=\"fusion-inline-sep\">|<\/span><\/p><div class=\"fusion-post-content-container\"><p>Compartimos el art\u00edculo de Leoncio Garc\u00eda Barr\u00f3n, quien recientemente ha presentado en la RAMSE el libro titulado: La ciencia f\u00edsica en Sevilla durante el S. XVIII. La Regia Sociedad Hispalense\u201d. \u201cCon este libro pretendemos aportar un nuevo enfoque de la contribuci\u00f3n sevillana, y por extensi\u00f3n espa\u00f1ola, a la divulgaci\u00f3n de la F\u00edsica durante el siglo XVIII, hasta ahora insuficientemente estudiada. Por tanto, consideramos que la publicaci\u00f3n de la presente obra <a href=\"https:\/\/ramse.es\/wordpress\/la-ciencia-fisica-en-sevilla-durante-el-s-xviii-la-regia-sociedad-hispalense\/\">[...]<\/a><\/p><\/div><\/div><div class=\"fusion-clearfix\"><\/div><div class=\"fusion-meta-info\"><div class=\"fusion-alignright\"><a class=\"fusion-read-more\" href=\"https:\/\/ramse.es\/wordpress\/la-ciencia-fisica-en-sevilla-durante-el-s-xviii-la-regia-sociedad-hispalense\/\" aria-label=\"More on La ciencia f\u00edsica en Sevilla durante el S. XVIII. La Regia Sociedad Hispalense\">Leer M\u00e1s<\/a><\/div><\/div><\/article>\n<article id=\"blog-1-post-4808\" class=\"fusion-post-large-alternate post-4808 post type-post status-publish format-standard has-post-thumbnail hentry category-catedra-de-cooperacion\">\n\t<style type=\"text\/css\">\n\t\t\n\t\t\n\t\t\n\t\t\n\t\t\t<\/style>\n\n\n\t\t\t<div class=\"fusion-flexslider flexslider fusion-flexslider-loading fusion-post-slideshow\" style=\"\">\n\t\t<ul class=\"slides\">\n\t\t\t\n\t\t\t\t\t\t\t\t\t\t\t\t\t\t<li><div  class=\"fusion-image-wrapper\" aria-haspopup=\"true\">\n\t\t\t\t<img decoding=\"async\" width=\"2362\" height=\"1772\" src=\"https:\/\/ramse.es\/wordpress\/wp-content\/uploads\/2024\/05\/24040084.jpg\" class=\"attachment-full size-full wp-post-image\" alt=\"\" srcset=\"https:\/\/ramse.es\/wordpress\/wp-content\/uploads\/2024\/05\/24040084-200x150.jpg 200w, https:\/\/ramse.es\/wordpress\/wp-content\/uploads\/2024\/05\/24040084-400x300.jpg 400w, https:\/\/ramse.es\/wordpress\/wp-content\/uploads\/2024\/05\/24040084-600x450.jpg 600w, https:\/\/ramse.es\/wordpress\/wp-content\/uploads\/2024\/05\/24040084-800x600.jpg 800w, https:\/\/ramse.es\/wordpress\/wp-content\/uploads\/2024\/05\/24040084-1200x900.jpg 1200w, https:\/\/ramse.es\/wordpress\/wp-content\/uploads\/2024\/05\/24040084.jpg 2362w\" sizes=\"(max-width: 1000px) 100vw, 800px\" \/><div class=\"fusion-rollover\">\n\t<div class=\"fusion-rollover-content\">\n\n\t\t\t\t\t\t\t\t\t\t\t\t\t\t<a class=\"fusion-rollover-link\" href=\"https:\/\/ramse.es\/wordpress\/conferencia-una-experiencia-de-solidaridad-en-malawi\/\">Conferencia \u201cUna experiencia de solidaridad en Malawi\u201d<\/a>\n\t\t\t\n\t\t\t\t\t\t\t\t\t\t\t\t\t\t\n\t\t\t\t\t\t\t\t\n\t\t\t\t\t\t\t\t\t\t\t\t\t<div class=\"fusion-rollover-sep\"><\/div>\n\t\t\t\t\n\t\t\t\t\t\t\t\t\t\t\t\t\t\t\t\t\t\t<a class=\"fusion-rollover-gallery\" href=\"https:\/\/ramse.es\/wordpress\/wp-content\/uploads\/2024\/05\/24040084.jpg\" data-id=\"4808\" data-rel=\"iLightbox[gallery]\" data-title=\"24040084\" data-caption=\"\">\n\t\t\t\t\t\tGaler\u00eda\t\t\t\t\t<\/a>\n\t\t\t\t\t\t\t\t\t\t\t\t\t\t\n\t\t\n\t\t\t\t\t\t\t\t\n\t\t\t\t\t\t\t\t\n\t\t\n\t\t\t\t\t\t<a class=\"fusion-link-wrapper\" href=\"https:\/\/ramse.es\/wordpress\/conferencia-una-experiencia-de-solidaridad-en-malawi\/\" aria-label=\"Conferencia \u201cUna experiencia de solidaridad en Malawi\u201d\"><\/a>\n\t<\/div>\n<\/div>\n<\/div>\n<\/li>\n\t\t\t\n\t\t\t\n\t\t\t\t\t\t\t\t\t\t\t\t\t\t\t\t\t\t\t\t\t\t\t\t\t\t\t\t\t\t\t\t\t\t\t\t\t\t\t\t\t\t\t\t\t\t\t\t\t\t\t\t\t\t\t\t\t\t\t\t\t\t\t\t\t\t\t\t<\/ul>\n\t<\/div>\n\t<div class=\"fusion-date-and-formats\"><div class=\"fusion-date-box updated\"><span class=\"fusion-date\">abril<\/span><span class=\"fusion-month-year\">4:16 pm<\/span><\/div><div class=\"fusion-format-box\"><i class=\"awb-icon-pen\" aria-hidden=\"true\"><\/i><\/div><\/div><div class=\"fusion-post-content post-content\"><h2 class=\"blog-shortcode-post-title entry-title\"><a href=\"https:\/\/ramse.es\/wordpress\/conferencia-una-experiencia-de-solidaridad-en-malawi\/\">Conferencia \u201cUna experiencia de solidaridad en Malawi\u201d<\/a><\/h2><p class=\"fusion-single-line-meta\">Por <span class=\"vcard\"><span class=\"fn\"><a href=\"https:\/\/ramse.es\/wordpress\/author\/prensa\/\" title=\"Entradas de Mar\u00eda\" rel=\"author\">Mar\u00eda<\/a><\/span><\/span><span class=\"fusion-inline-sep\">|<\/span><span class=\"updated\" style=\"display:none;\">2024-05-06T16:19:23+02:00<\/span><span>abril 24th, 2024<\/span><span class=\"fusion-inline-sep\">|<\/span>Categor\u00edas: <a href=\"https:\/\/ramse.es\/wordpress\/category\/catedra-de-cooperacion\/\" rel=\"category tag\">Catedra de Cooperaci\u00f3n<\/a><span class=\"fusion-inline-sep\">|<\/span><\/p><div class=\"fusion-post-content-container\"><p>Gracias a todos los ponentes y asistentes al acto recientemente organizado por la C\u00e1tedra de Cooperaci\u00f3n Internacional de la Fundaci\u00f3n\u00a0Real Academia de Medicina y Cirug\u00eda de Sevilla\u00a0que preside el Ilmo. Dr. D. Rogelio Garrido Teruel, Acad\u00e9mico de N\u00famero de la RAMSE por la especialidad de Obstetricia y Ginecolog\u00eda y m\u00e9dico cooperante en Am\u00e9rica y \u00c1frica. Teruel fue jefe del Servicio de Ginecolog\u00eda y Obstetricia del Hospital de Valme y Catedr\u00e1tico <a href=\"https:\/\/ramse.es\/wordpress\/conferencia-una-experiencia-de-solidaridad-en-malawi\/\">[...]<\/a><\/p><\/div><\/div><div class=\"fusion-clearfix\"><\/div><div class=\"fusion-meta-info\"><div class=\"fusion-alignright\"><a class=\"fusion-read-more\" href=\"https:\/\/ramse.es\/wordpress\/conferencia-una-experiencia-de-solidaridad-en-malawi\/\" aria-label=\"More on Conferencia \u201cUna experiencia de solidaridad en Malawi\u201d\">Leer M\u00e1s<\/a><\/div><\/div><\/article>\n<article id=\"blog-1-post-4731\" class=\"fusion-post-large-alternate post-4731 post type-post status-publish format-standard has-post-thumbnail hentry category-conferencia tag-asemeco tag-asociacion-sevillana-de-medicos-cofrades\">\n\t<style type=\"text\/css\">\n\t\t\n\t\t\n\t\t\n\t\t\n\t\t\t<\/style>\n\n\n\t\t\t<div class=\"fusion-flexslider flexslider fusion-flexslider-loading fusion-post-slideshow\" style=\"\">\n\t\t<ul class=\"slides\">\n\t\t\t\n\t\t\t\t\t\t\t\t\t\t\t\t\t\t<li><div  class=\"fusion-image-wrapper\" aria-haspopup=\"true\">\n\t\t\t\t<img decoding=\"async\" width=\"2362\" height=\"1772\" src=\"https:\/\/ramse.es\/wordpress\/wp-content\/uploads\/2024\/03\/24030737.jpg\" class=\"attachment-full size-full wp-post-image\" alt=\"\" srcset=\"https:\/\/ramse.es\/wordpress\/wp-content\/uploads\/2024\/03\/24030737-200x150.jpg 200w, https:\/\/ramse.es\/wordpress\/wp-content\/uploads\/2024\/03\/24030737-400x300.jpg 400w, https:\/\/ramse.es\/wordpress\/wp-content\/uploads\/2024\/03\/24030737-600x450.jpg 600w, https:\/\/ramse.es\/wordpress\/wp-content\/uploads\/2024\/03\/24030737-800x600.jpg 800w, https:\/\/ramse.es\/wordpress\/wp-content\/uploads\/2024\/03\/24030737-1200x900.jpg 1200w, https:\/\/ramse.es\/wordpress\/wp-content\/uploads\/2024\/03\/24030737.jpg 2362w\" sizes=\"(max-width: 1000px) 100vw, 800px\" \/><div class=\"fusion-rollover\">\n\t<div class=\"fusion-rollover-content\">\n\n\t\t\t\t\t\t\t\t\t\t\t\t\t\t<a class=\"fusion-rollover-link\" href=\"https:\/\/ramse.es\/wordpress\/conferencia-de-la-asociacion-sevillana-de-medicos-cofrades\/\">Conferencia de la Asociaci\u00f3n Sevillana de M\u00e9dicos Cofrades<\/a>\n\t\t\t\n\t\t\t\t\t\t\t\t\t\t\t\t\t\t\n\t\t\t\t\t\t\t\t\n\t\t\t\t\t\t\t\t\t\t\t\t\t<div class=\"fusion-rollover-sep\"><\/div>\n\t\t\t\t\n\t\t\t\t\t\t\t\t\t\t\t\t\t\t\t\t\t\t<a class=\"fusion-rollover-gallery\" href=\"https:\/\/ramse.es\/wordpress\/wp-content\/uploads\/2024\/03\/24030737.jpg\" data-id=\"4731\" data-rel=\"iLightbox[gallery]\" data-title=\"24030737\" data-caption=\"\">\n\t\t\t\t\t\tGaler\u00eda\t\t\t\t\t<\/a>\n\t\t\t\t\t\t\t\t\t\t\t\t\t\t\n\t\t\n\t\t\t\t\t\t\t\t\n\t\t\t\t\t\t\t\t\n\t\t\n\t\t\t\t\t\t<a class=\"fusion-link-wrapper\" href=\"https:\/\/ramse.es\/wordpress\/conferencia-de-la-asociacion-sevillana-de-medicos-cofrades\/\" aria-label=\"Conferencia de la Asociaci\u00f3n Sevillana de M\u00e9dicos Cofrades\"><\/a>\n\t<\/div>\n<\/div>\n<\/div>\n<\/li>\n\t\t\t\n\t\t\t\n\t\t\t\t\t\t\t\t\t\t\t\t\t\t\t\t\t\t\t\t\t\t\t\t\t\t\t\t\t\t\t\t\t\t\t\t\t\t\t\t\t\t\t\t\t\t\t\t\t\t\t\t\t\t\t\t\t\t\t\t\t\t\t\t\t\t\t\t<\/ul>\n\t<\/div>\n\t<div class=\"fusion-date-and-formats\"><div class=\"fusion-date-box updated\"><span class=\"fusion-date\">marzo<\/span><span class=\"fusion-month-year\">6:29 pm<\/span><\/div><div class=\"fusion-format-box\"><i class=\"awb-icon-pen\" aria-hidden=\"true\"><\/i><\/div><\/div><div class=\"fusion-post-content post-content\"><h2 class=\"blog-shortcode-post-title entry-title\"><a href=\"https:\/\/ramse.es\/wordpress\/conferencia-de-la-asociacion-sevillana-de-medicos-cofrades\/\">Conferencia de la Asociaci\u00f3n Sevillana de M\u00e9dicos Cofrades<\/a><\/h2><p class=\"fusion-single-line-meta\">Por <span class=\"vcard\"><span class=\"fn\"><a href=\"https:\/\/ramse.es\/wordpress\/author\/prensa\/\" title=\"Entradas de Mar\u00eda\" rel=\"author\">Mar\u00eda<\/a><\/span><\/span><span class=\"fusion-inline-sep\">|<\/span><span class=\"updated\" style=\"display:none;\">2024-03-23T11:44:31+02:00<\/span><span>marzo 22nd, 2024<\/span><span class=\"fusion-inline-sep\">|<\/span>Categor\u00edas: <a href=\"https:\/\/ramse.es\/wordpress\/category\/conferencia\/\" rel=\"category tag\">Conferencia<\/a><span class=\"fusion-inline-sep\">|<\/span><span class=\"meta-tags\">Etiquetas: <a href=\"https:\/\/ramse.es\/wordpress\/tag\/asemeco\/\" rel=\"tag\">Asemeco<\/a>, <a href=\"https:\/\/ramse.es\/wordpress\/tag\/asociacion-sevillana-de-medicos-cofrades\/\" rel=\"tag\">Asociaci\u00f3n Sevillana de M\u00e9dicos Cofrades<\/a><\/span><span class=\"fusion-inline-sep\">|<\/span><\/p><div class=\"fusion-post-content-container\"><p>La\u00a0Real Academia de Medicina y Cirug\u00eda de Sevilla ha abierto sus puertas para recibir a los socios de la Asociaci\u00f3n Sevillana de M\u00e9dicos Cofrades (ASEMECO), agrupaci\u00f3n que cumple ahora su segundo a\u00f1o de existencia de forma oficial. \u00a1Y qu\u00e9 mejor fecha para celebrarlo! \u201cJueves de Pasi\u00f3n, cuando estamos a menos de 24 horas para ver los primeros nazarenos por nuestras calles. D\u00edas de gozo, en los que empezamos, sorprendentemente, a <a href=\"https:\/\/ramse.es\/wordpress\/conferencia-de-la-asociacion-sevillana-de-medicos-cofrades\/\">[...]<\/a><\/p><\/div><\/div><div class=\"fusion-clearfix\"><\/div><div class=\"fusion-meta-info\"><div class=\"fusion-alignright\"><a class=\"fusion-read-more\" href=\"https:\/\/ramse.es\/wordpress\/conferencia-de-la-asociacion-sevillana-de-medicos-cofrades\/\" aria-label=\"More on Conferencia de la Asociaci\u00f3n Sevillana de M\u00e9dicos Cofrades\">Leer M\u00e1s<\/a><\/div><\/div><\/article>\n<article id=\"blog-1-post-4738\" class=\"fusion-post-large-alternate post-4738 post type-post status-publish format-standard has-post-thumbnail hentry category-catedra-oncologia\">\n\t<style type=\"text\/css\">\n\t\t\n\t\t\n\t\t\n\t\t\n\t\t\t<\/style>\n\n\n\t\t\t<div class=\"fusion-flexslider flexslider fusion-flexslider-loading fusion-post-slideshow\" style=\"\">\n\t\t<ul class=\"slides\">\n\t\t\t\n\t\t\t\t\t\t\t\t\t\t\t\t\t\t<li><div  class=\"fusion-image-wrapper\" aria-haspopup=\"true\">\n\t\t\t\t<img decoding=\"async\" width=\"2362\" height=\"1772\" src=\"https:\/\/ramse.es\/wordpress\/wp-content\/uploads\/2024\/03\/24030434.jpg\" class=\"attachment-full size-full wp-post-image\" alt=\"\" srcset=\"https:\/\/ramse.es\/wordpress\/wp-content\/uploads\/2024\/03\/24030434-200x150.jpg 200w, https:\/\/ramse.es\/wordpress\/wp-content\/uploads\/2024\/03\/24030434-400x300.jpg 400w, https:\/\/ramse.es\/wordpress\/wp-content\/uploads\/2024\/03\/24030434-600x450.jpg 600w, https:\/\/ramse.es\/wordpress\/wp-content\/uploads\/2024\/03\/24030434-800x600.jpg 800w, https:\/\/ramse.es\/wordpress\/wp-content\/uploads\/2024\/03\/24030434-1200x900.jpg 1200w, https:\/\/ramse.es\/wordpress\/wp-content\/uploads\/2024\/03\/24030434.jpg 2362w\" sizes=\"(max-width: 1000px) 100vw, 800px\" \/><div class=\"fusion-rollover\">\n\t<div class=\"fusion-rollover-content\">\n\n\t\t\t\t\t\t\t\t\t\t\t\t\t\t<a class=\"fusion-rollover-link\" href=\"https:\/\/ramse.es\/wordpress\/nuevos-retos-en-onco-hematologia-en-la-ramse\/\">Nuevos retos en Onco-Hematolog\u00eda en la RAMSE<\/a>\n\t\t\t\n\t\t\t\t\t\t\t\t\t\t\t\t\t\t\n\t\t\t\t\t\t\t\t\n\t\t\t\t\t\t\t\t\t\t\t\t\t<div class=\"fusion-rollover-sep\"><\/div>\n\t\t\t\t\n\t\t\t\t\t\t\t\t\t\t\t\t\t\t\t\t\t\t<a class=\"fusion-rollover-gallery\" href=\"https:\/\/ramse.es\/wordpress\/wp-content\/uploads\/2024\/03\/24030434.jpg\" data-id=\"4738\" data-rel=\"iLightbox[gallery]\" data-title=\"24030434\" data-caption=\"\">\n\t\t\t\t\t\tGaler\u00eda\t\t\t\t\t<\/a>\n\t\t\t\t\t\t\t\t\t\t\t\t\t\t\n\t\t\n\t\t\t\t\t\t\t\t\n\t\t\t\t\t\t\t\t\n\t\t\n\t\t\t\t\t\t<a class=\"fusion-link-wrapper\" href=\"https:\/\/ramse.es\/wordpress\/nuevos-retos-en-onco-hematologia-en-la-ramse\/\" aria-label=\"Nuevos retos en Onco-Hematolog\u00eda en la RAMSE\"><\/a>\n\t<\/div>\n<\/div>\n<\/div>\n<\/li>\n\t\t\t\n\t\t\t\n\t\t\t\t\t\t\t\t\t\t\t\n\t\t\t\t\t\n\t\t\t\t\t\t\t\t\t\t\t<li>\n\t\t\t\t\t\t\t<div class=\"fusion-image-wrapper\">\n\t\t\t\t\t\t\t\t<a href=\"https:\/\/ramse.es\/wordpress\/nuevos-retos-en-onco-hematologia-en-la-ramse\/\" aria-label=\"Nuevos retos en Onco-Hematolog\u00eda en la RAMSE\">\n\t\t\t\t\t\t\t\t\t<img decoding=\"async\" width=\"2362\" height=\"1772\" src=\"https:\/\/ramse.es\/wordpress\/wp-content\/uploads\/2024\/03\/24030440.jpg\" alt=\"\" class=\"wp-image-4741\" role=\"presentation\" srcset=\"https:\/\/ramse.es\/wordpress\/wp-content\/uploads\/2024\/03\/24030440-200x150.jpg 200w, https:\/\/ramse.es\/wordpress\/wp-content\/uploads\/2024\/03\/24030440-400x300.jpg 400w, https:\/\/ramse.es\/wordpress\/wp-content\/uploads\/2024\/03\/24030440-600x450.jpg 600w, https:\/\/ramse.es\/wordpress\/wp-content\/uploads\/2024\/03\/24030440-800x600.jpg 800w, https:\/\/ramse.es\/wordpress\/wp-content\/uploads\/2024\/03\/24030440-1200x900.jpg 1200w, https:\/\/ramse.es\/wordpress\/wp-content\/uploads\/2024\/03\/24030440.jpg 2362w\" sizes=\"(max-width: 1000px) 100vw, 800px\" \/>\t\t\t\t\t\t\t\t<\/a>\n\t\t\t\t\t\t\t\t<a style=\"display:none;\" href=\"https:\/\/ramse.es\/wordpress\/wp-content\/uploads\/2024\/03\/24030440.jpg\" data-rel=\"iLightbox[gallery4738]\"  title=\"\" data-title=\"24030440\" data-caption=\"\">\n\t\t\t\t\t\t\t\t\t\t\t\t\t\t\t\t\t<\/a>\n\t\t\t\t\t\t\t<\/div>\n\t\t\t\t\t\t<\/li>\n\t\t\t\t\t\t\t\t\t\t\t\t\t\t\t\t\t\t\t\t\t\t\t\t\t\t\t\t\t\t\t\t\t\t\t\t\t\t\t\t\t\t\t\t\t\t\t\t\t\t\t\t\t\t\t\t\t\t\t\t\t\t\t\t\t\t<\/ul>\n\t<\/div>\n\t<div class=\"fusion-date-and-formats\"><div class=\"fusion-date-box updated\"><span class=\"fusion-date\">marzo<\/span><span class=\"fusion-month-year\">4:45 pm<\/span><\/div><div class=\"fusion-format-box\"><i class=\"awb-icon-pen\" aria-hidden=\"true\"><\/i><\/div><\/div><div class=\"fusion-post-content post-content\"><h2 class=\"blog-shortcode-post-title entry-title\"><a href=\"https:\/\/ramse.es\/wordpress\/nuevos-retos-en-onco-hematologia-en-la-ramse\/\">Nuevos retos en Onco-Hematolog\u00eda en la RAMSE<\/a><\/h2><p class=\"fusion-single-line-meta\">Por <span class=\"vcard\"><span class=\"fn\"><a href=\"https:\/\/ramse.es\/wordpress\/author\/prensa\/\" title=\"Entradas de Mar\u00eda\" rel=\"author\">Mar\u00eda<\/a><\/span><\/span><span class=\"fusion-inline-sep\">|<\/span><span class=\"updated\" style=\"display:none;\">2024-03-23T12:00:30+02:00<\/span><span>marzo 22nd, 2024<\/span><span class=\"fusion-inline-sep\">|<\/span>Categor\u00edas: <a href=\"https:\/\/ramse.es\/wordpress\/category\/catedra-oncologia\/\" rel=\"category tag\">C\u00e1tedra Oncolog\u00eda<\/a><span class=\"fusion-inline-sep\">|<\/span><\/p><div class=\"fusion-post-content-container\"><p>Los \u00faltimos avances en Onco-hematolog\u00eda, una especialidad centrada en los tumores de la sangre y el sistema inmune, han permitido mejorar el pron\u00f3stico de estos pacientes mediante la incorporaci\u00f3n de novedosos tratamientos como las terapias CAR-T. Este tipo de inmunoterapia celular ha logrado la curaci\u00f3n de los pacientes en un porcentaje llamativo de casos, si bien todav\u00eda es preciso extender este potencial terap\u00e9utico a otros tumores. As\u00ed lo han asegurado <a href=\"https:\/\/ramse.es\/wordpress\/nuevos-retos-en-onco-hematologia-en-la-ramse\/\">[...]<\/a><\/p><\/div><\/div><div class=\"fusion-clearfix\"><\/div><div class=\"fusion-meta-info\"><div class=\"fusion-alignright\"><a class=\"fusion-read-more\" href=\"https:\/\/ramse.es\/wordpress\/nuevos-retos-en-onco-hematologia-en-la-ramse\/\" aria-label=\"More on Nuevos retos en Onco-Hematolog\u00eda en la RAMSE\">Leer M\u00e1s<\/a><\/div><\/div><\/article>\n<article id=\"blog-1-post-4743\" class=\"fusion-post-large-alternate post-4743 post type-post status-publish format-standard has-post-thumbnail hentry category-mesa-redonda tag-gabriel-nunez-ollero tag-microbiota\">\n\t<style type=\"text\/css\">\n\t\t\n\t\t\n\t\t\n\t\t\n\t\t\t<\/style>\n\n\n\t\t\t<div class=\"fusion-flexslider flexslider fusion-flexslider-loading fusion-post-slideshow\" style=\"\">\n\t\t<ul class=\"slides\">\n\t\t\t\n\t\t\t\t\t\t\t\t\t\t\t\t\t\t<li><div  class=\"fusion-image-wrapper\" aria-haspopup=\"true\">\n\t\t\t\t<img decoding=\"async\" width=\"2560\" height=\"1978\" src=\"https:\/\/ramse.es\/wordpress\/wp-content\/uploads\/2024\/03\/24030470-scaled.jpg\" class=\"attachment-full size-full wp-post-image\" alt=\"\" srcset=\"https:\/\/ramse.es\/wordpress\/wp-content\/uploads\/2024\/03\/24030470-200x155.jpg 200w, https:\/\/ramse.es\/wordpress\/wp-content\/uploads\/2024\/03\/24030470-400x309.jpg 400w, https:\/\/ramse.es\/wordpress\/wp-content\/uploads\/2024\/03\/24030470-600x464.jpg 600w, https:\/\/ramse.es\/wordpress\/wp-content\/uploads\/2024\/03\/24030470-800x618.jpg 800w, https:\/\/ramse.es\/wordpress\/wp-content\/uploads\/2024\/03\/24030470-1200x927.jpg 1200w, https:\/\/ramse.es\/wordpress\/wp-content\/uploads\/2024\/03\/24030470-scaled.jpg 2560w\" sizes=\"(max-width: 1000px) 100vw, 800px\" \/><div class=\"fusion-rollover\">\n\t<div class=\"fusion-rollover-content\">\n\n\t\t\t\t\t\t\t\t\t\t\t\t\t\t<a class=\"fusion-rollover-link\" href=\"https:\/\/ramse.es\/wordpress\/los-beneficios-de-la-microbiota-a-debate-en-la-ramse\/\">Los beneficios de la microbiota, a debate en la RAMSE<\/a>\n\t\t\t\n\t\t\t\t\t\t\t\t\t\t\t\t\t\t\n\t\t\t\t\t\t\t\t\n\t\t\t\t\t\t\t\t\t\t\t\t\t<div class=\"fusion-rollover-sep\"><\/div>\n\t\t\t\t\n\t\t\t\t\t\t\t\t\t\t\t\t\t\t\t\t\t\t<a class=\"fusion-rollover-gallery\" href=\"https:\/\/ramse.es\/wordpress\/wp-content\/uploads\/2024\/03\/24030470-scaled.jpg\" data-id=\"4743\" data-rel=\"iLightbox[gallery]\" data-title=\"24030470\" data-caption=\"\">\n\t\t\t\t\t\tGaler\u00eda\t\t\t\t\t<\/a>\n\t\t\t\t\t\t\t\t\t\t\t\t\t\t\n\t\t\n\t\t\t\t\t\t\t\t\n\t\t\t\t\t\t\t\t\n\t\t\n\t\t\t\t\t\t<a class=\"fusion-link-wrapper\" href=\"https:\/\/ramse.es\/wordpress\/los-beneficios-de-la-microbiota-a-debate-en-la-ramse\/\" aria-label=\"Los beneficios de la microbiota, a debate en la RAMSE\"><\/a>\n\t<\/div>\n<\/div>\n<\/div>\n<\/li>\n\t\t\t\n\t\t\t\n\t\t\t\t\t\t\t\t\t\t\t\t\t\t\t\t\t\t\t\t\t\t\t\t\t\t\t\t\t\t\t\t\t\t\t\t\t\t\t\t\t\t\t\t\t\t\t\t\t\t\t\t\t\t\t\t\t\t\t\t\t\t\t\t\t\t\t\t<\/ul>\n\t<\/div>\n\t<div class=\"fusion-date-and-formats\"><div class=\"fusion-date-box updated\"><span class=\"fusion-date\">marzo<\/span><span class=\"fusion-month-year\">12:18 pm<\/span><\/div><div class=\"fusion-format-box\"><i class=\"awb-icon-pen\" aria-hidden=\"true\"><\/i><\/div><\/div><div class=\"fusion-post-content post-content\"><h2 class=\"blog-shortcode-post-title entry-title\"><a href=\"https:\/\/ramse.es\/wordpress\/los-beneficios-de-la-microbiota-a-debate-en-la-ramse\/\">Los beneficios de la microbiota, a debate en la RAMSE<\/a><\/h2><p class=\"fusion-single-line-meta\">Por <span class=\"vcard\"><span class=\"fn\"><a href=\"https:\/\/ramse.es\/wordpress\/author\/prensa\/\" title=\"Entradas de Mar\u00eda\" rel=\"author\">Mar\u00eda<\/a><\/span><\/span><span class=\"fusion-inline-sep\">|<\/span><span class=\"updated\" style=\"display:none;\">2024-03-23T12:31:00+02:00<\/span><span>marzo 16th, 2024<\/span><span class=\"fusion-inline-sep\">|<\/span>Categor\u00edas: <a href=\"https:\/\/ramse.es\/wordpress\/category\/mesa-redonda\/\" rel=\"category tag\">Mesa redonda<\/a><span class=\"fusion-inline-sep\">|<\/span><span class=\"meta-tags\">Etiquetas: <a href=\"https:\/\/ramse.es\/wordpress\/tag\/gabriel-nunez-ollero\/\" rel=\"tag\">Gabriel N\u00fa\u00f1ez Ollero<\/a>, <a href=\"https:\/\/ramse.es\/wordpress\/tag\/microbiota\/\" rel=\"tag\">microbiota<\/a><\/span><span class=\"fusion-inline-sep\">|<\/span><\/p><div class=\"fusion-post-content-container\"><p>La conferencia impartida el pasado jueves en la sede de la RAMSE por D. Gabriel N\u00fa\u00f1ez Ollero radica en el gran inter\u00e9s que supone su pertenencia a un grupo de investigaci\u00f3n dentro de la Universidad de Michigan (C\u00e1tedra de Kruif. Departamento de Patolog\u00eda), de quien dependen m\u00e1s de 100 investigadores alrededor de un m\u00e9dico sevillano. Durante su intervenci\u00f3n, el profesor N\u00fa\u00f1ez destac\u00f3 la tremenda importancia de la presencia de millones <a href=\"https:\/\/ramse.es\/wordpress\/los-beneficios-de-la-microbiota-a-debate-en-la-ramse\/\">[...]<\/a><\/p><\/div><\/div><div class=\"fusion-clearfix\"><\/div><div class=\"fusion-meta-info\"><div class=\"fusion-alignright\"><a class=\"fusion-read-more\" href=\"https:\/\/ramse.es\/wordpress\/los-beneficios-de-la-microbiota-a-debate-en-la-ramse\/\" aria-label=\"More on Los beneficios de la microbiota, a debate en la RAMSE\">Leer M\u00e1s<\/a><\/div><\/div><\/article>\n<article id=\"blog-1-post-4727\" class=\"fusion-post-large-alternate post-4727 post type-post status-publish format-standard has-post-thumbnail hentry category-fundacion-ramse tag-esperanza-de-triana tag-medalla\">\n\t<style type=\"text\/css\">\n\t\t\n\t\t\n\t\t\n\t\t\n\t\t\t<\/style>\n\n\n\t\t\t<div class=\"fusion-flexslider flexslider fusion-flexslider-loading fusion-post-slideshow\" style=\"\">\n\t\t<ul class=\"slides\">\n\t\t\t\n\t\t\t\t\t\t\t\t\t\t\t\t\t\t<li><div  class=\"fusion-image-wrapper\" aria-haspopup=\"true\">\n\t\t\t\t<img decoding=\"async\" width=\"1600\" height=\"1200\" src=\"https:\/\/ramse.es\/wordpress\/wp-content\/uploads\/2024\/03\/Fundacion-RAMSE-y-Esperanza-de-Triana.jpeg\" class=\"attachment-full size-full wp-post-image\" alt=\"\" srcset=\"https:\/\/ramse.es\/wordpress\/wp-content\/uploads\/2024\/03\/Fundacion-RAMSE-y-Esperanza-de-Triana-200x150.jpeg 200w, https:\/\/ramse.es\/wordpress\/wp-content\/uploads\/2024\/03\/Fundacion-RAMSE-y-Esperanza-de-Triana-400x300.jpeg 400w, https:\/\/ramse.es\/wordpress\/wp-content\/uploads\/2024\/03\/Fundacion-RAMSE-y-Esperanza-de-Triana-600x450.jpeg 600w, https:\/\/ramse.es\/wordpress\/wp-content\/uploads\/2024\/03\/Fundacion-RAMSE-y-Esperanza-de-Triana-800x600.jpeg 800w, https:\/\/ramse.es\/wordpress\/wp-content\/uploads\/2024\/03\/Fundacion-RAMSE-y-Esperanza-de-Triana-1200x900.jpeg 1200w, https:\/\/ramse.es\/wordpress\/wp-content\/uploads\/2024\/03\/Fundacion-RAMSE-y-Esperanza-de-Triana.jpeg 1600w\" sizes=\"(max-width: 1000px) 100vw, 800px\" \/><div class=\"fusion-rollover\">\n\t<div class=\"fusion-rollover-content\">\n\n\t\t\t\t\t\t\t\t\t\t\t\t\t\t<a class=\"fusion-rollover-link\" href=\"https:\/\/ramse.es\/wordpress\/medalla-de-la-fundacion-ramse-para-la-esperanza-de-triana\/\">Medalla de la Fundaci\u00f3n RAMSE para la Esperanza de Triana<\/a>\n\t\t\t\n\t\t\t\t\t\t\t\t\t\t\t\t\t\t\n\t\t\t\t\t\t\t\t\n\t\t\t\t\t\t\t\t\t\t\t\t\t<div class=\"fusion-rollover-sep\"><\/div>\n\t\t\t\t\n\t\t\t\t\t\t\t\t\t\t\t\t\t\t\t\t\t\t<a class=\"fusion-rollover-gallery\" href=\"https:\/\/ramse.es\/wordpress\/wp-content\/uploads\/2024\/03\/Fundacion-RAMSE-y-Esperanza-de-Triana.jpeg\" data-id=\"4727\" data-rel=\"iLightbox[gallery]\" data-title=\"Fundacion RAMSE y Esperanza de Triana\" data-caption=\"\">\n\t\t\t\t\t\tGaler\u00eda\t\t\t\t\t<\/a>\n\t\t\t\t\t\t\t\t\t\t\t\t\t\t\n\t\t\n\t\t\t\t\t\t\t\t\n\t\t\t\t\t\t\t\t\n\t\t\n\t\t\t\t\t\t<a class=\"fusion-link-wrapper\" href=\"https:\/\/ramse.es\/wordpress\/medalla-de-la-fundacion-ramse-para-la-esperanza-de-triana\/\" aria-label=\"Medalla de la Fundaci\u00f3n RAMSE para la Esperanza de Triana\"><\/a>\n\t<\/div>\n<\/div>\n<\/div>\n<\/li>\n\t\t\t\n\t\t\t\n\t\t\t\t\t\t\t\t\t\t\t\t\t\t\t\t\t\t\t\t\t\t\t\t\t\t\t\t\t\t\t\t\t\t\t\t\t\t\t\t\t\t\t\t\t\t\t\t\t\t\t\t\t\t\t\t\t\t\t\t\t\t\t\t\t\t\t\t<\/ul>\n\t<\/div>\n\t<div class=\"fusion-date-and-formats\"><div class=\"fusion-date-box updated\"><span class=\"fusion-date\">marzo<\/span><span class=\"fusion-month-year\">12:30 pm<\/span><\/div><div class=\"fusion-format-box\"><i class=\"awb-icon-pen\" aria-hidden=\"true\"><\/i><\/div><\/div><div class=\"fusion-post-content post-content\"><h2 class=\"blog-shortcode-post-title entry-title\"><a href=\"https:\/\/ramse.es\/wordpress\/medalla-de-la-fundacion-ramse-para-la-esperanza-de-triana\/\">Medalla de la Fundaci\u00f3n RAMSE para la Esperanza de Triana<\/a><\/h2><p class=\"fusion-single-line-meta\">Por <span class=\"vcard\"><span class=\"fn\"><a href=\"https:\/\/ramse.es\/wordpress\/author\/prensa\/\" title=\"Entradas de Mar\u00eda\" rel=\"author\">Mar\u00eda<\/a><\/span><\/span><span class=\"fusion-inline-sep\">|<\/span><span class=\"updated\" style=\"display:none;\">2024-03-15T00:40:40+02:00<\/span><span>marzo 14th, 2024<\/span><span class=\"fusion-inline-sep\">|<\/span>Categor\u00edas: <a href=\"https:\/\/ramse.es\/wordpress\/category\/fundacion-ramse\/\" rel=\"category tag\">Fundaci\u00f3n RAMSE<\/a><span class=\"fusion-inline-sep\">|<\/span><span class=\"meta-tags\">Etiquetas: <a href=\"https:\/\/ramse.es\/wordpress\/tag\/esperanza-de-triana\/\" rel=\"tag\">Esperanza de Triana<\/a>, <a href=\"https:\/\/ramse.es\/wordpress\/tag\/medalla\/\" rel=\"tag\">Medalla<\/a><\/span><span class=\"fusion-inline-sep\">|<\/span><\/p><div class=\"fusion-post-content-container\"><p>Una medalla muy especial de la Fundaci\u00f3n RAMSE para la Esperanza de Triana que ya est\u00e1 en su palio para la Madrugada 2024 Todos los d\u00edas son importantes, pero hay algunos que se quedan grabados en la memoria. El pasado d\u00eda 13 de marzo, la Real Academia de Medicina y Cirug\u00eda de Sevilla (RAMSE), tuvo una representaci\u00f3n ante una parte de la sociedad sevillana de una enorme tradici\u00f3n. El presidente <a href=\"https:\/\/ramse.es\/wordpress\/medalla-de-la-fundacion-ramse-para-la-esperanza-de-triana\/\">[...]<\/a><\/p><\/div><\/div><div class=\"fusion-clearfix\"><\/div><div class=\"fusion-meta-info\"><div class=\"fusion-alignright\"><a class=\"fusion-read-more\" href=\"https:\/\/ramse.es\/wordpress\/medalla-de-la-fundacion-ramse-para-la-esperanza-de-triana\/\" aria-label=\"More on Medalla de la Fundaci\u00f3n RAMSE para la Esperanza de Triana\">Leer M\u00e1s<\/a><\/div><\/div><\/article>\n<article id=\"blog-1-post-4749\" class=\"fusion-post-large-alternate post-4749 post type-post status-publish format-standard has-post-thumbnail hentry category-catedra-oncologia category-fundacion-ramse tag-catedra-de-divulgacion-oncologica tag-premios-aecc\">\n\t<style type=\"text\/css\">\n\t\t\n\t\t\n\t\t\n\t\t\n\t\t\t<\/style>\n\n\n\t\t\t<div class=\"fusion-flexslider flexslider fusion-flexslider-loading fusion-post-slideshow\" style=\"\">\n\t\t<ul class=\"slides\">\n\t\t\t\n\t\t\t\t\t\t\t\t\t\t\t\t\t\t<li><div  class=\"fusion-image-wrapper\" aria-haspopup=\"true\">\n\t\t\t\t<img decoding=\"async\" width=\"1080\" height=\"812\" src=\"https:\/\/ramse.es\/wordpress\/wp-content\/uploads\/2024\/03\/432330249_800270018796140_3215723538426217624_n.jpeg\" class=\"attachment-full size-full wp-post-image\" alt=\"\" srcset=\"https:\/\/ramse.es\/wordpress\/wp-content\/uploads\/2024\/03\/432330249_800270018796140_3215723538426217624_n-200x150.jpeg 200w, https:\/\/ramse.es\/wordpress\/wp-content\/uploads\/2024\/03\/432330249_800270018796140_3215723538426217624_n-400x301.jpeg 400w, https:\/\/ramse.es\/wordpress\/wp-content\/uploads\/2024\/03\/432330249_800270018796140_3215723538426217624_n-600x451.jpeg 600w, https:\/\/ramse.es\/wordpress\/wp-content\/uploads\/2024\/03\/432330249_800270018796140_3215723538426217624_n-800x601.jpeg 800w, https:\/\/ramse.es\/wordpress\/wp-content\/uploads\/2024\/03\/432330249_800270018796140_3215723538426217624_n.jpeg 1080w\" sizes=\"(max-width: 1000px) 100vw, 800px\" \/><div class=\"fusion-rollover\">\n\t<div class=\"fusion-rollover-content\">\n\n\t\t\t\t\t\t\t\t\t\t\t\t\t\t<a class=\"fusion-rollover-link\" href=\"https:\/\/ramse.es\/wordpress\/la-ramse-premiada-por-la-asociacion-espanola-contra-el-cancer\/\">La RAMSE premiada por la Asociaci\u00f3n Espa\u00f1ola Contra el Cancer<\/a>\n\t\t\t\n\t\t\t\t\t\t\t\t\t\t\t\t\t\t\n\t\t\t\t\t\t\t\t\n\t\t\t\t\t\t\t\t\t\t\t\t\t<div class=\"fusion-rollover-sep\"><\/div>\n\t\t\t\t\n\t\t\t\t\t\t\t\t\t\t\t\t\t\t\t\t\t\t<a class=\"fusion-rollover-gallery\" href=\"https:\/\/ramse.es\/wordpress\/wp-content\/uploads\/2024\/03\/432330249_800270018796140_3215723538426217624_n.jpeg\" data-id=\"4749\" data-rel=\"iLightbox[gallery]\" data-title=\"432330249_800270018796140_3215723538426217624_n\" data-caption=\"\">\n\t\t\t\t\t\tGaler\u00eda\t\t\t\t\t<\/a>\n\t\t\t\t\t\t\t\t\t\t\t\t\t\t\n\t\t\n\t\t\t\t\t\t\t\t\n\t\t\t\t\t\t\t\t\n\t\t\n\t\t\t\t\t\t<a class=\"fusion-link-wrapper\" href=\"https:\/\/ramse.es\/wordpress\/la-ramse-premiada-por-la-asociacion-espanola-contra-el-cancer\/\" aria-label=\"La RAMSE premiada por la Asociaci\u00f3n Espa\u00f1ola Contra el Cancer\"><\/a>\n\t<\/div>\n<\/div>\n<\/div>\n<\/li>\n\t\t\t\n\t\t\t\n\t\t\t\t\t\t\t\t\t\t\t\t\t\t\t\t\t\t\t\t\t\t\t\t\t\t\t\t\t\t\t\t\t\t\t\t\t\t\t\t\t\t\t\t\t\t\t\t\t\t\t\t\t\t\t\t\t\t\t\t\t\t\t\t\t\t\t\t<\/ul>\n\t<\/div>\n\t<div class=\"fusion-date-and-formats\"><div class=\"fusion-date-box updated\"><span class=\"fusion-date\">marzo<\/span><span class=\"fusion-month-year\">12:31 pm<\/span><\/div><div class=\"fusion-format-box\"><i class=\"awb-icon-pen\" aria-hidden=\"true\"><\/i><\/div><\/div><div class=\"fusion-post-content post-content\"><h2 class=\"blog-shortcode-post-title entry-title\"><a href=\"https:\/\/ramse.es\/wordpress\/la-ramse-premiada-por-la-asociacion-espanola-contra-el-cancer\/\">La RAMSE premiada por la Asociaci\u00f3n Espa\u00f1ola Contra el Cancer<\/a><\/h2><p class=\"fusion-single-line-meta\">Por <span class=\"vcard\"><span class=\"fn\"><a href=\"https:\/\/ramse.es\/wordpress\/author\/prensa\/\" title=\"Entradas de Mar\u00eda\" rel=\"author\">Mar\u00eda<\/a><\/span><\/span><span class=\"fusion-inline-sep\">|<\/span><span class=\"updated\" style=\"display:none;\">2024-03-23T12:51:54+02:00<\/span><span>marzo 13th, 2024<\/span><span class=\"fusion-inline-sep\">|<\/span>Categor\u00edas: <a href=\"https:\/\/ramse.es\/wordpress\/category\/catedra-oncologia\/\" rel=\"category tag\">C\u00e1tedra Oncolog\u00eda<\/a>, <a href=\"https:\/\/ramse.es\/wordpress\/category\/fundacion-ramse\/\" rel=\"category tag\">Fundaci\u00f3n RAMSE<\/a><span class=\"fusion-inline-sep\">|<\/span><span class=\"meta-tags\">Etiquetas: <a href=\"https:\/\/ramse.es\/wordpress\/tag\/catedra-de-divulgacion-oncologica\/\" rel=\"tag\">C\u00e1tedra de Divulgaci\u00f3n Oncol\u00f3gica<\/a>, <a href=\"https:\/\/ramse.es\/wordpress\/tag\/premios-aecc\/\" rel=\"tag\">Premios AECC<\/a><\/span><span class=\"fusion-inline-sep\">|<\/span><\/p><div class=\"fusion-post-content-container\"><p>La Asociaci\u00f3n Espa\u00f1ola contra el Cancer ha reconocido a la Real Academia de Medicina y Cirug\u00eda de Sevilla con el Galard\u00f3n de Divulgaci\u00f3n y Conocimiento por la creaci\u00f3n de la C\u00e1tedra de Divulgaci\u00f3n Oncol\u00f3gica, a trav\u00e9s de la Fundaci\u00f3n Real Academia de Medicina y Cirug\u00eda de Sevilla. \u201cLos m\u00e9dicos, los sanitarios en general, no salvamos vidas (la muerte es inevitable), pero ayudamos a incrementar las perspectivas de vida y en <a href=\"https:\/\/ramse.es\/wordpress\/la-ramse-premiada-por-la-asociacion-espanola-contra-el-cancer\/\">[...]<\/a><\/p><\/div><\/div><div class=\"fusion-clearfix\"><\/div><div class=\"fusion-meta-info\"><div class=\"fusion-alignright\"><a class=\"fusion-read-more\" href=\"https:\/\/ramse.es\/wordpress\/la-ramse-premiada-por-la-asociacion-espanola-contra-el-cancer\/\" aria-label=\"More on La RAMSE premiada por la Asociaci\u00f3n Espa\u00f1ola Contra el Cancer\">Leer M\u00e1s<\/a><\/div><\/div><\/article>\n<article id=\"blog-1-post-4698\" class=\"fusion-post-large-alternate post-4698 post type-post status-publish format-standard has-post-thumbnail hentry category-mesa-redonda tag-demografia\">\n\t<style type=\"text\/css\">\n\t\t\n\t\t\n\t\t\n\t\t\n\t\t\t<\/style>\n\n\n\t\t\t<div class=\"fusion-flexslider flexslider fusion-flexslider-loading fusion-post-slideshow\" style=\"\">\n\t\t<ul class=\"slides\">\n\t\t\t\n\t\t\t\t\t\t\t\t\t\t\t\t\t\t<li><div  class=\"fusion-image-wrapper\" aria-haspopup=\"true\">\n\t\t\t\t<img decoding=\"async\" width=\"2362\" height=\"1772\" src=\"https:\/\/ramse.es\/wordpress\/wp-content\/uploads\/2024\/03\/24030400.jpg\" class=\"attachment-full size-full wp-post-image\" alt=\"\" srcset=\"https:\/\/ramse.es\/wordpress\/wp-content\/uploads\/2024\/03\/24030400-200x150.jpg 200w, https:\/\/ramse.es\/wordpress\/wp-content\/uploads\/2024\/03\/24030400-400x300.jpg 400w, https:\/\/ramse.es\/wordpress\/wp-content\/uploads\/2024\/03\/24030400-600x450.jpg 600w, https:\/\/ramse.es\/wordpress\/wp-content\/uploads\/2024\/03\/24030400-800x600.jpg 800w, https:\/\/ramse.es\/wordpress\/wp-content\/uploads\/2024\/03\/24030400-1200x900.jpg 1200w, https:\/\/ramse.es\/wordpress\/wp-content\/uploads\/2024\/03\/24030400.jpg 2362w\" sizes=\"(max-width: 1000px) 100vw, 800px\" \/><div class=\"fusion-rollover\">\n\t<div class=\"fusion-rollover-content\">\n\n\t\t\t\t\t\t\t\t\t\t\t\t\t\t<a class=\"fusion-rollover-link\" href=\"https:\/\/ramse.es\/wordpress\/mesa-redonda-el-reto-demografico-un-desafio-en-nuestro-tiempo\/\">Mesa Redonda: El reto demogr\u00e1fico. Un desaf\u00edo en nuestro tiempo<\/a>\n\t\t\t\n\t\t\t\t\t\t\t\t\t\t\t\t\t\t\n\t\t\t\t\t\t\t\t\n\t\t\t\t\t\t\t\t\t\t\t\t\t<div class=\"fusion-rollover-sep\"><\/div>\n\t\t\t\t\n\t\t\t\t\t\t\t\t\t\t\t\t\t\t\t\t\t\t<a class=\"fusion-rollover-gallery\" href=\"https:\/\/ramse.es\/wordpress\/wp-content\/uploads\/2024\/03\/24030400.jpg\" data-id=\"4698\" data-rel=\"iLightbox[gallery]\" data-title=\"24030400\" data-caption=\"\">\n\t\t\t\t\t\tGaler\u00eda\t\t\t\t\t<\/a>\n\t\t\t\t\t\t\t\t\t\t\t\t\t\t\n\t\t\n\t\t\t\t\t\t\t\t\n\t\t\t\t\t\t\t\t\n\t\t\n\t\t\t\t\t\t<a class=\"fusion-link-wrapper\" href=\"https:\/\/ramse.es\/wordpress\/mesa-redonda-el-reto-demografico-un-desafio-en-nuestro-tiempo\/\" aria-label=\"Mesa Redonda: El reto demogr\u00e1fico. Un desaf\u00edo en nuestro tiempo\"><\/a>\n\t<\/div>\n<\/div>\n<\/div>\n<\/li>\n\t\t\t\n\t\t\t\n\t\t\t\t\t\t\t\t\t\t\t\t\t\t\t\t\t\t\t\t\t\t\t\t\t\t\t\t\t\t\t\t\t\t\t\t\t\t\t\t\t\t\t\t\t\t\t\t\t\t\t\t\t\t\t\t\t\t\t\t\t\t\t\t\t\t\t\t<\/ul>\n\t<\/div>\n\t<div class=\"fusion-date-and-formats\"><div class=\"fusion-date-box updated\"><span class=\"fusion-date\">marzo<\/span><span class=\"fusion-month-year\">2:48 pm<\/span><\/div><div class=\"fusion-format-box\"><i class=\"awb-icon-pen\" aria-hidden=\"true\"><\/i><\/div><\/div><div class=\"fusion-post-content post-content\"><h2 class=\"blog-shortcode-post-title entry-title\"><a href=\"https:\/\/ramse.es\/wordpress\/mesa-redonda-el-reto-demografico-un-desafio-en-nuestro-tiempo\/\">Mesa Redonda: El reto demogr\u00e1fico. Un desaf\u00edo en nuestro tiempo<\/a><\/h2><p class=\"fusion-single-line-meta\">Por <span class=\"vcard\"><span class=\"fn\"><a href=\"https:\/\/ramse.es\/wordpress\/author\/prensa\/\" title=\"Entradas de Mar\u00eda\" rel=\"author\">Mar\u00eda<\/a><\/span><\/span><span class=\"fusion-inline-sep\">|<\/span><span class=\"updated\" style=\"display:none;\">2024-03-12T14:55:33+02:00<\/span><span>marzo 8th, 2024<\/span><span class=\"fusion-inline-sep\">|<\/span>Categor\u00edas: <a href=\"https:\/\/ramse.es\/wordpress\/category\/mesa-redonda\/\" rel=\"category tag\">Mesa redonda<\/a><span class=\"fusion-inline-sep\">|<\/span><span class=\"meta-tags\">Etiquetas: <a href=\"https:\/\/ramse.es\/wordpress\/tag\/demografia\/\" rel=\"tag\">demografia<\/a><\/span><span class=\"fusion-inline-sep\">|<\/span><\/p><div class=\"fusion-post-content-container\"><p>El jueves 7 de marzo se celebr\u00f3 en la Real Academia de Medicina y Cirug\u00eda de Sevilla la mesa redonda titulada: \u201cEl reto demogr\u00e1fico. Un desaf\u00edo en nuestro tiempo\u201d. Un encuentro organizado por el Acad\u00e9mico Correspondiente, Dr. Mart\u00edn Navarro en el que participaron los ponentes: D. Juan Antonio Hern\u00e1ndez Rodr\u00edguez. Jefe de Servicio de Estad\u00edsticas Demogr\u00e1ficas y Sociales. Instituto de Estad\u00edstica y Cartograf\u00eda de Andaluc\u00eda. Tema: \u201cAn\u00e1lisis y perspectivas futuras <a href=\"https:\/\/ramse.es\/wordpress\/mesa-redonda-el-reto-demografico-un-desafio-en-nuestro-tiempo\/\">[...]<\/a><\/p><\/div><\/div><div class=\"fusion-clearfix\"><\/div><div class=\"fusion-meta-info\"><div class=\"fusion-alignright\"><a class=\"fusion-read-more\" href=\"https:\/\/ramse.es\/wordpress\/mesa-redonda-el-reto-demografico-un-desafio-en-nuestro-tiempo\/\" aria-label=\"More on Mesa Redonda: El reto demogr\u00e1fico. Un desaf\u00edo en nuestro tiempo\">Leer M\u00e1s<\/a><\/div><\/div><\/article>\n<article id=\"blog-1-post-4703\" class=\"fusion-post-large-alternate post-4703 post type-post status-publish format-standard has-post-thumbnail hentry category-convenio\">\n\t<style type=\"text\/css\">\n\t\t\n\t\t\n\t\t\n\t\t\n\t\t\t<\/style>\n\n\n\t\t\t<div class=\"fusion-flexslider flexslider fusion-flexslider-loading fusion-post-slideshow\" style=\"\">\n\t\t<ul class=\"slides\">\n\t\t\t\n\t\t\t\t\t\t\t\t\t\t\t\t\t\t<li><div  class=\"fusion-image-wrapper\" aria-haspopup=\"true\">\n\t\t\t\t<img decoding=\"async\" width=\"2048\" height=\"1153\" src=\"https:\/\/ramse.es\/wordpress\/wp-content\/uploads\/2024\/03\/Convenio-RAMSE-y-COMHuelva.jpeg\" class=\"attachment-full size-full wp-post-image\" alt=\"\" srcset=\"https:\/\/ramse.es\/wordpress\/wp-content\/uploads\/2024\/03\/Convenio-RAMSE-y-COMHuelva-200x113.jpeg 200w, https:\/\/ramse.es\/wordpress\/wp-content\/uploads\/2024\/03\/Convenio-RAMSE-y-COMHuelva-400x225.jpeg 400w, https:\/\/ramse.es\/wordpress\/wp-content\/uploads\/2024\/03\/Convenio-RAMSE-y-COMHuelva-600x338.jpeg 600w, https:\/\/ramse.es\/wordpress\/wp-content\/uploads\/2024\/03\/Convenio-RAMSE-y-COMHuelva-800x450.jpeg 800w, https:\/\/ramse.es\/wordpress\/wp-content\/uploads\/2024\/03\/Convenio-RAMSE-y-COMHuelva-1200x676.jpeg 1200w, https:\/\/ramse.es\/wordpress\/wp-content\/uploads\/2024\/03\/Convenio-RAMSE-y-COMHuelva.jpeg 2048w\" sizes=\"(max-width: 1000px) 100vw, 800px\" \/><div class=\"fusion-rollover\">\n\t<div class=\"fusion-rollover-content\">\n\n\t\t\t\t\t\t\t\t\t\t\t\t\t\t<a class=\"fusion-rollover-link\" href=\"https:\/\/ramse.es\/wordpress\/convenio-de-colaboracion-entre-la-ramse-y-el-colegio-de-medicos-de-huelva\/\">Convenio de Colaboraci\u00f3n entre la RAMSE y el Colegio de M\u00e9dicos de Huelva<\/a>\n\t\t\t\n\t\t\t\t\t\t\t\t\t\t\t\t\t\t\n\t\t\t\t\t\t\t\t\n\t\t\t\t\t\t\t\t\t\t\t\t\t<div class=\"fusion-rollover-sep\"><\/div>\n\t\t\t\t\n\t\t\t\t\t\t\t\t\t\t\t\t\t\t\t\t\t\t<a class=\"fusion-rollover-gallery\" href=\"https:\/\/ramse.es\/wordpress\/wp-content\/uploads\/2024\/03\/Convenio-RAMSE-y-COMHuelva.jpeg\" data-id=\"4703\" data-rel=\"iLightbox[gallery]\" data-title=\"Convenio RAMSE y COMHuelva\" data-caption=\"\">\n\t\t\t\t\t\tGaler\u00eda\t\t\t\t\t<\/a>\n\t\t\t\t\t\t\t\t\t\t\t\t\t\t\n\t\t\n\t\t\t\t\t\t\t\t\n\t\t\t\t\t\t\t\t\n\t\t\n\t\t\t\t\t\t<a class=\"fusion-link-wrapper\" href=\"https:\/\/ramse.es\/wordpress\/convenio-de-colaboracion-entre-la-ramse-y-el-colegio-de-medicos-de-huelva\/\" aria-label=\"Convenio de Colaboraci\u00f3n entre la RAMSE y el Colegio de M\u00e9dicos de Huelva\"><\/a>\n\t<\/div>\n<\/div>\n<\/div>\n<\/li>\n\t\t\t\n\t\t\t\n\t\t\t\t\t\t\t\t\t\t\t\t\t\t\t\t\t\t\t\t\t\t\t\t\t\t\t\t\t\t\t\t\t\t\t\t\t\t\t\t\t\t\t\t\t\t\t\t\t\t\t\t\t\t\t\t\t\t\t\t\t\t\t\t\t\t\t\t<\/ul>\n\t<\/div>\n\t<div class=\"fusion-date-and-formats\"><div class=\"fusion-date-box updated\"><span class=\"fusion-date\">febrero<\/span><span class=\"fusion-month-year\">2:55 pm<\/span><\/div><div class=\"fusion-format-box\"><i class=\"awb-icon-pen\" aria-hidden=\"true\"><\/i><\/div><\/div><div class=\"fusion-post-content post-content\"><h2 class=\"blog-shortcode-post-title entry-title\"><a href=\"https:\/\/ramse.es\/wordpress\/convenio-de-colaboracion-entre-la-ramse-y-el-colegio-de-medicos-de-huelva\/\">Convenio de Colaboraci\u00f3n entre la RAMSE y el Colegio de M\u00e9dicos de Huelva<\/a><\/h2><p class=\"fusion-single-line-meta\">Por <span class=\"vcard\"><span class=\"fn\"><a href=\"https:\/\/ramse.es\/wordpress\/author\/prensa\/\" title=\"Entradas de Mar\u00eda\" rel=\"author\">Mar\u00eda<\/a><\/span><\/span><span class=\"fusion-inline-sep\">|<\/span><span class=\"updated\" style=\"display:none;\">2024-03-12T15:03:12+02:00<\/span><span>febrero 27th, 2024<\/span><span class=\"fusion-inline-sep\">|<\/span>Categor\u00edas: <a href=\"https:\/\/ramse.es\/wordpress\/category\/convenio\/\" rel=\"category tag\">Convenio<\/a><span class=\"fusion-inline-sep\">|<\/span><\/p><div class=\"fusion-post-content-container\"><p>El presidente de la\u00a0Real Academia de Medicina y Cirug\u00eda de Sevilla,\u00a0Carlos Infantes\u00a0y la presidenta del Colegio de M\u00e9dicos de Huelva,\u00a0Mercedes Ramblado, han suscrito la renovaci\u00f3n del acuerdo de colaboraci\u00f3n entre ambas instituciones, ratificando la s\u00f3lida relaci\u00f3n que mantienen desde hace d\u00e9cadas. \u00abLa RAMSE es una instituci\u00f3n de referencia para los m\u00e9dicos onubenses y para toda la profesi\u00f3n m\u00e9dica por el prestigio de los facultativos que la integran, por lo que <a href=\"https:\/\/ramse.es\/wordpress\/convenio-de-colaboracion-entre-la-ramse-y-el-colegio-de-medicos-de-huelva\/\">[...]<\/a><\/p><\/div><\/div><div class=\"fusion-clearfix\"><\/div><div class=\"fusion-meta-info\"><div class=\"fusion-alignright\"><a class=\"fusion-read-more\" href=\"https:\/\/ramse.es\/wordpress\/convenio-de-colaboracion-entre-la-ramse-y-el-colegio-de-medicos-de-huelva\/\" aria-label=\"More on Convenio de Colaboraci\u00f3n entre la RAMSE y el Colegio de M\u00e9dicos de Huelva\">Leer M\u00e1s<\/a><\/div><\/div><\/article>\n<article id=\"blog-1-post-4708\" class=\"fusion-post-large-alternate post-4708 post type-post status-publish format-standard has-post-thumbnail hentry category-conferencia tag-medicina-del-trabajo\">\n\t<style type=\"text\/css\">\n\t\t\n\t\t\n\t\t\n\t\t\n\t\t\t<\/style>\n\n\n\t\t\t<div class=\"fusion-flexslider flexslider fusion-flexslider-loading fusion-post-slideshow\" style=\"\">\n\t\t<ul class=\"slides\">\n\t\t\t\n\t\t\t\t\t\t\t\t\t\t\t\t\t\t<li><div  class=\"fusion-image-wrapper\" aria-haspopup=\"true\">\n\t\t\t\t<img decoding=\"async\" width=\"800\" height=\"600\" src=\"https:\/\/ramse.es\/wordpress\/wp-content\/uploads\/2024\/03\/1709207599248.jpeg\" class=\"attachment-full size-full wp-post-image\" alt=\"\" srcset=\"https:\/\/ramse.es\/wordpress\/wp-content\/uploads\/2024\/03\/1709207599248-200x150.jpeg 200w, https:\/\/ramse.es\/wordpress\/wp-content\/uploads\/2024\/03\/1709207599248-400x300.jpeg 400w, https:\/\/ramse.es\/wordpress\/wp-content\/uploads\/2024\/03\/1709207599248-600x450.jpeg 600w, https:\/\/ramse.es\/wordpress\/wp-content\/uploads\/2024\/03\/1709207599248.jpeg 800w\" sizes=\"(max-width: 1000px) 100vw, 800px\" \/><div class=\"fusion-rollover\">\n\t<div class=\"fusion-rollover-content\">\n\n\t\t\t\t\t\t\t\t\t\t\t\t\t\t<a class=\"fusion-rollover-link\" href=\"https:\/\/ramse.es\/wordpress\/conferencia-del-profesor-d-manuel-vaquero-abellan\/\">Conferencia del Profesor D. Manuel Vaquero Abell\u00e1n<\/a>\n\t\t\t\n\t\t\t\t\t\t\t\t\t\t\t\t\t\t\n\t\t\t\t\t\t\t\t\n\t\t\t\t\t\t\t\t\t\t\t\t\t<div class=\"fusion-rollover-sep\"><\/div>\n\t\t\t\t\n\t\t\t\t\t\t\t\t\t\t\t\t\t\t\t\t\t\t<a class=\"fusion-rollover-gallery\" href=\"https:\/\/ramse.es\/wordpress\/wp-content\/uploads\/2024\/03\/1709207599248.jpeg\" data-id=\"4708\" data-rel=\"iLightbox[gallery]\" data-title=\"Medicina del Trabajo RAMSE\" data-caption=\"\">\n\t\t\t\t\t\tGaler\u00eda\t\t\t\t\t<\/a>\n\t\t\t\t\t\t\t\t\t\t\t\t\t\t\n\t\t\n\t\t\t\t\t\t\t\t\n\t\t\t\t\t\t\t\t\n\t\t\n\t\t\t\t\t\t<a class=\"fusion-link-wrapper\" href=\"https:\/\/ramse.es\/wordpress\/conferencia-del-profesor-d-manuel-vaquero-abellan\/\" aria-label=\"Conferencia del Profesor D. Manuel Vaquero Abell\u00e1n\"><\/a>\n\t<\/div>\n<\/div>\n<\/div>\n<\/li>\n\t\t\t\n\t\t\t\n\t\t\t\t\t\t\t\t\t\t\t\t\t\t\t\t\t\t\t\t\t\t\t\t\t\t\t\t\t\t\t\t\t\t\t\t\t\t\t\t\t\t\t\t\t\t\t\t\t\t\t\t\t\t\t\t\t\t\t\t\t\t\t\t\t\t\t\t<\/ul>\n\t<\/div>\n\t<div class=\"fusion-date-and-formats\"><div class=\"fusion-date-box updated\"><span class=\"fusion-date\">febrero<\/span><span class=\"fusion-month-year\">5:33 pm<\/span><\/div><div class=\"fusion-format-box\"><i class=\"awb-icon-pen\" aria-hidden=\"true\"><\/i><\/div><\/div><div class=\"fusion-post-content post-content\"><h2 class=\"blog-shortcode-post-title entry-title\"><a href=\"https:\/\/ramse.es\/wordpress\/conferencia-del-profesor-d-manuel-vaquero-abellan\/\">Conferencia del Profesor D. Manuel Vaquero Abell\u00e1n<\/a><\/h2><p class=\"fusion-single-line-meta\">Por <span class=\"vcard\"><span class=\"fn\"><a href=\"https:\/\/ramse.es\/wordpress\/author\/prensa\/\" title=\"Entradas de Mar\u00eda\" rel=\"author\">Mar\u00eda<\/a><\/span><\/span><span class=\"fusion-inline-sep\">|<\/span><span class=\"updated\" style=\"display:none;\">2024-03-13T17:46:16+02:00<\/span><span>febrero 25th, 2024<\/span><span class=\"fusion-inline-sep\">|<\/span>Categor\u00edas: <a href=\"https:\/\/ramse.es\/wordpress\/category\/conferencia\/\" rel=\"category tag\">Conferencia<\/a><span class=\"fusion-inline-sep\">|<\/span><span class=\"meta-tags\">Etiquetas: <a href=\"https:\/\/ramse.es\/wordpress\/tag\/medicina-del-trabajo\/\" rel=\"tag\">Medicina del Trabajo<\/a><\/span><span class=\"fusion-inline-sep\">|<\/span><\/p><div class=\"fusion-post-content-container\"><p>La Real Academia de Medicina y Cirug\u00eda de Sevilla ha acogido la conferencia\u00a0 titulada: \u201cNuevas oportunidades en Medicina del Trabajo: del Big data a la inteligencia artificial\u201d, una interesante ponencia que imparti\u00f3 recientemente el Profesor D. Manuel Vaquero Abell\u00e1n de la Universidad de C\u00f3rdoba. El acto fue presentado por el Acad\u00e9mico de Numero el Ilmo. Sr. Dr. D. Pedro de Castro. \u00a0<\/p><\/div><\/div><div class=\"fusion-clearfix\"><\/div><div class=\"fusion-meta-info\"><div class=\"fusion-alignright\"><a class=\"fusion-read-more\" href=\"https:\/\/ramse.es\/wordpress\/conferencia-del-profesor-d-manuel-vaquero-abellan\/\" aria-label=\"More on Conferencia del Profesor D. Manuel Vaquero Abell\u00e1n\">Leer M\u00e1s<\/a><\/div><\/div><\/article>\n<article id=\"blog-1-post-4712\" class=\"fusion-post-large-alternate post-4712 post type-post status-publish format-standard has-post-thumbnail hentry category-catedra-de-divulgacion tag-asociacion-espanola-contra-el-cancer tag-catedra-de-divulgacion-oncologica\">\n\t<style type=\"text\/css\">\n\t\t\n\t\t\n\t\t\n\t\t\n\t\t\t<\/style>\n\n\n\t\t\t<div class=\"fusion-flexslider flexslider fusion-flexslider-loading fusion-post-slideshow\" style=\"\">\n\t\t<ul class=\"slides\">\n\t\t\t\n\t\t\t\t\t\t\t\t\t\t\t\t\t\t<li><div  class=\"fusion-image-wrapper\" aria-haspopup=\"true\">\n\t\t\t\t<img decoding=\"async\" width=\"2362\" height=\"1772\" src=\"https:\/\/ramse.es\/wordpress\/wp-content\/uploads\/2024\/02\/24020313.jpg\" class=\"attachment-full size-full wp-post-image\" alt=\"\" srcset=\"https:\/\/ramse.es\/wordpress\/wp-content\/uploads\/2024\/02\/24020313-200x150.jpg 200w, https:\/\/ramse.es\/wordpress\/wp-content\/uploads\/2024\/02\/24020313-400x300.jpg 400w, https:\/\/ramse.es\/wordpress\/wp-content\/uploads\/2024\/02\/24020313-600x450.jpg 600w, https:\/\/ramse.es\/wordpress\/wp-content\/uploads\/2024\/02\/24020313-800x600.jpg 800w, https:\/\/ramse.es\/wordpress\/wp-content\/uploads\/2024\/02\/24020313-1200x900.jpg 1200w, https:\/\/ramse.es\/wordpress\/wp-content\/uploads\/2024\/02\/24020313.jpg 2362w\" sizes=\"(max-width: 1000px) 100vw, 800px\" \/><div class=\"fusion-rollover\">\n\t<div class=\"fusion-rollover-content\">\n\n\t\t\t\t\t\t\t\t\t\t\t\t\t\t<a class=\"fusion-rollover-link\" href=\"https:\/\/ramse.es\/wordpress\/nueva-sesion-de-la-catedra-de-divulgacion-oncologica\/\">Nueva sesi\u00f3n de la C\u00e1tedra de Divulgaci\u00f3n Oncol\u00f3gica<\/a>\n\t\t\t\n\t\t\t\t\t\t\t\t\t\t\t\t\t\t\n\t\t\t\t\t\t\t\t\n\t\t\t\t\t\t\t\t\t\t\t\t\t<div class=\"fusion-rollover-sep\"><\/div>\n\t\t\t\t\n\t\t\t\t\t\t\t\t\t\t\t\t\t\t\t\t\t\t<a class=\"fusion-rollover-gallery\" href=\"https:\/\/ramse.es\/wordpress\/wp-content\/uploads\/2024\/02\/24020313.jpg\" data-id=\"4712\" data-rel=\"iLightbox[gallery]\" data-title=\"Catedra Divulgaci\u00f3n Oncol\u00f3gica\" data-caption=\"\">\n\t\t\t\t\t\tGaler\u00eda\t\t\t\t\t<\/a>\n\t\t\t\t\t\t\t\t\t\t\t\t\t\t\n\t\t\n\t\t\t\t\t\t\t\t\n\t\t\t\t\t\t\t\t\n\t\t\n\t\t\t\t\t\t<a class=\"fusion-link-wrapper\" href=\"https:\/\/ramse.es\/wordpress\/nueva-sesion-de-la-catedra-de-divulgacion-oncologica\/\" aria-label=\"Nueva sesi\u00f3n de la C\u00e1tedra de Divulgaci\u00f3n Oncol\u00f3gica\"><\/a>\n\t<\/div>\n<\/div>\n<\/div>\n<\/li>\n\t\t\t\n\t\t\t\n\t\t\t\t\t\t\t\t\t\t\t\t\t\t\t\t\t\t\t\t\t\t\t\t\t\t\t\t\t\t\t\t\t\t\t\t\t\t\t\t\t\t\t\t\t\t\t\t\t\t\t\t\t\t\t\t\t\t\t\t\t\t\t\t\t\t\t\t<\/ul>\n\t<\/div>\n\t<div class=\"fusion-date-and-formats\"><div class=\"fusion-date-box updated\"><span class=\"fusion-date\">febrero<\/span><span class=\"fusion-month-year\">6:09 pm<\/span><\/div><div class=\"fusion-format-box\"><i class=\"awb-icon-pen\" aria-hidden=\"true\"><\/i><\/div><\/div><div class=\"fusion-post-content post-content\"><h2 class=\"blog-shortcode-post-title entry-title\"><a href=\"https:\/\/ramse.es\/wordpress\/nueva-sesion-de-la-catedra-de-divulgacion-oncologica\/\">Nueva sesi\u00f3n de la C\u00e1tedra de Divulgaci\u00f3n Oncol\u00f3gica<\/a><\/h2><p class=\"fusion-single-line-meta\">Por <span class=\"vcard\"><span class=\"fn\"><a href=\"https:\/\/ramse.es\/wordpress\/author\/prensa\/\" title=\"Entradas de Mar\u00eda\" rel=\"author\">Mar\u00eda<\/a><\/span><\/span><span class=\"fusion-inline-sep\">|<\/span><span class=\"updated\" style=\"display:none;\">2024-03-13T18:15:22+02:00<\/span><span>febrero 15th, 2024<\/span><span class=\"fusion-inline-sep\">|<\/span>Categor\u00edas: <a href=\"https:\/\/ramse.es\/wordpress\/category\/catedra-de-divulgacion\/\" rel=\"category tag\">Catedra de Divulgaci\u00f3n<\/a><span class=\"fusion-inline-sep\">|<\/span><span class=\"meta-tags\">Etiquetas: <a href=\"https:\/\/ramse.es\/wordpress\/tag\/asociacion-espanola-contra-el-cancer\/\" rel=\"tag\">Asociaci\u00f3n Espa\u00f1ola Contra el Cancer<\/a>, <a href=\"https:\/\/ramse.es\/wordpress\/tag\/catedra-de-divulgacion-oncologica\/\" rel=\"tag\">C\u00e1tedra de Divulgaci\u00f3n Oncol\u00f3gica<\/a><\/span><span class=\"fusion-inline-sep\">|<\/span><\/p><div class=\"fusion-post-content-container\"><p>La C\u00e1tedra de Divulgaci\u00f3n Oncol\u00f3gica de la Fundaci\u00f3n Real Academia de Medicina y Cirug\u00eda de Sevilla ha organizado una nueva sesi\u00f3n del Ciclo \u201cEstilo de Vida y C\u00e1ncer\u201d titulado: \u201cPapel de la Asociaci\u00f3n Espa\u00f1ola Contra el Cancer (AECC) en la atenci\u00f3n del paciente Oncol\u00f3gico\u201d. El acto moderado por el Dr. D. Juan A. Virizuela, Director de la C\u00e1tedra cont\u00f3 con la intervenci\u00f3n de D. Jes\u00fas Maza Burgos, Presidente Provincial de <a href=\"https:\/\/ramse.es\/wordpress\/nueva-sesion-de-la-catedra-de-divulgacion-oncologica\/\">[...]<\/a><\/p><\/div><\/div><div class=\"fusion-clearfix\"><\/div><div class=\"fusion-meta-info\"><div class=\"fusion-alignright\"><a class=\"fusion-read-more\" href=\"https:\/\/ramse.es\/wordpress\/nueva-sesion-de-la-catedra-de-divulgacion-oncologica\/\" aria-label=\"More on Nueva sesi\u00f3n de la C\u00e1tedra de Divulgaci\u00f3n Oncol\u00f3gica\">Leer M\u00e1s<\/a><\/div><\/div><\/article>\n<article id=\"blog-1-post-4719\" class=\"fusion-post-large-alternate post-4719 post type-post status-publish format-standard has-post-thumbnail hentry category-congreso tag-cirugia-minimamente-invasiva tag-inteligencia-artificial\">\n\t<style type=\"text\/css\">\n\t\t\n\t\t\n\t\t\n\t\t\n\t\t\t<\/style>\n\n\n\t\t\t<div class=\"fusion-flexslider flexslider fusion-flexslider-loading fusion-post-slideshow\" style=\"\">\n\t\t<ul class=\"slides\">\n\t\t\t\n\t\t\t\t\t\t\t\t\t\t\t\t\t\t<li><div  class=\"fusion-image-wrapper\" aria-haspopup=\"true\">\n\t\t\t\t<img decoding=\"async\" width=\"2362\" height=\"1772\" src=\"https:\/\/ramse.es\/wordpress\/wp-content\/uploads\/2024\/03\/24020128.jpg\" class=\"attachment-full size-full wp-post-image\" alt=\"\" srcset=\"https:\/\/ramse.es\/wordpress\/wp-content\/uploads\/2024\/03\/24020128-200x150.jpg 200w, https:\/\/ramse.es\/wordpress\/wp-content\/uploads\/2024\/03\/24020128-400x300.jpg 400w, https:\/\/ramse.es\/wordpress\/wp-content\/uploads\/2024\/03\/24020128-600x450.jpg 600w, https:\/\/ramse.es\/wordpress\/wp-content\/uploads\/2024\/03\/24020128-800x600.jpg 800w, https:\/\/ramse.es\/wordpress\/wp-content\/uploads\/2024\/03\/24020128-1200x900.jpg 1200w, https:\/\/ramse.es\/wordpress\/wp-content\/uploads\/2024\/03\/24020128.jpg 2362w\" sizes=\"(max-width: 1000px) 100vw, 800px\" \/><div class=\"fusion-rollover\">\n\t<div class=\"fusion-rollover-content\">\n\n\t\t\t\t\t\t\t\t\t\t\t\t\t\t<a class=\"fusion-rollover-link\" href=\"https:\/\/ramse.es\/wordpress\/sesion-la-gestion-del-dato-y-la-imagen-en-cirugia\/\">Sesi\u00f3n: \u2018La gesti\u00f3n del dato y la imagen en Cirug\u00eda\u2019<\/a>\n\t\t\t\n\t\t\t\t\t\t\t\t\t\t\t\t\t\t\n\t\t\t\t\t\t\t\t\n\t\t\t\t\t\t\t\t\t\t\t\t\t<div class=\"fusion-rollover-sep\"><\/div>\n\t\t\t\t\n\t\t\t\t\t\t\t\t\t\t\t\t\t\t\t\t\t\t<a class=\"fusion-rollover-gallery\" href=\"https:\/\/ramse.es\/wordpress\/wp-content\/uploads\/2024\/03\/24020128.jpg\" data-id=\"4719\" data-rel=\"iLightbox[gallery]\" data-title=\"24020128\" data-caption=\"\">\n\t\t\t\t\t\tGaler\u00eda\t\t\t\t\t<\/a>\n\t\t\t\t\t\t\t\t\t\t\t\t\t\t\n\t\t\n\t\t\t\t\t\t\t\t\n\t\t\t\t\t\t\t\t\n\t\t\n\t\t\t\t\t\t<a class=\"fusion-link-wrapper\" href=\"https:\/\/ramse.es\/wordpress\/sesion-la-gestion-del-dato-y-la-imagen-en-cirugia\/\" aria-label=\"Sesi\u00f3n: \u2018La gesti\u00f3n del dato y la imagen en Cirug\u00eda\u2019\"><\/a>\n\t<\/div>\n<\/div>\n<\/div>\n<\/li>\n\t\t\t\n\t\t\t\n\t\t\t\t\t\t\t\t\t\t\t\t\t\t\t\t\t\t\t\t\t\t\t\t\t\t\t\t\t\t\t\t\t\t\t\t\t\t\t\t\t\t\t\t\t\t\t\t\t\t\t\t\t\t\t\t\t\t\t\t\t\t\t\t\t\t\t\t<\/ul>\n\t<\/div>\n\t<div class=\"fusion-date-and-formats\"><div class=\"fusion-date-box updated\"><span class=\"fusion-date\">febrero<\/span><span class=\"fusion-month-year\">6:37 pm<\/span><\/div><div class=\"fusion-format-box\"><i class=\"awb-icon-pen\" aria-hidden=\"true\"><\/i><\/div><\/div><div class=\"fusion-post-content post-content\"><h2 class=\"blog-shortcode-post-title entry-title\"><a href=\"https:\/\/ramse.es\/wordpress\/sesion-la-gestion-del-dato-y-la-imagen-en-cirugia\/\">Sesi\u00f3n: \u2018La gesti\u00f3n del dato y la imagen en Cirug\u00eda\u2019<\/a><\/h2><p class=\"fusion-single-line-meta\">Por <span class=\"vcard\"><span class=\"fn\"><a href=\"https:\/\/ramse.es\/wordpress\/author\/prensa\/\" title=\"Entradas de Mar\u00eda\" rel=\"author\">Mar\u00eda<\/a><\/span><\/span><span class=\"fusion-inline-sep\">|<\/span><span class=\"updated\" style=\"display:none;\">2024-03-13T18:38:05+02:00<\/span><span>febrero 8th, 2024<\/span><span class=\"fusion-inline-sep\">|<\/span>Categor\u00edas: <a href=\"https:\/\/ramse.es\/wordpress\/category\/congreso\/\" rel=\"category tag\">Congreso<\/a><span class=\"fusion-inline-sep\">|<\/span><span class=\"meta-tags\">Etiquetas: <a href=\"https:\/\/ramse.es\/wordpress\/tag\/cirugia-minimamente-invasiva\/\" rel=\"tag\">cirug\u00eda m\u00ednimamente invasiva<\/a>, <a href=\"https:\/\/ramse.es\/wordpress\/tag\/inteligencia-artificial\/\" rel=\"tag\">Inteligencia Artificial<\/a><\/span><span class=\"fusion-inline-sep\">|<\/span><\/p><div class=\"fusion-post-content-container\"><p>\u2018La gesti\u00f3n del dato y la imagen en Cirug\u00eda\u2019 ha sido el t\u00edtulo de la interesante sesi\u00f3n celebrada el jueves 8 de febrero en la Real Academia de Medicina y Cirug\u00eda de Sevilla\u00a0(Sesi\u00f3n EAES-iMis) donde cirujanos internacionales realizaron un an\u00e1lisis profundo del impacto que tendr\u00e1 la Inteligencia Artificial aplicada a la cirug\u00eda m\u00ednimamente invasiva. \u27a1 El encuentro fue organizado y moderado por el acad\u00e9mico de N\u00famero, el cirujano Salvador Morales <a href=\"https:\/\/ramse.es\/wordpress\/sesion-la-gestion-del-dato-y-la-imagen-en-cirugia\/\">[...]<\/a><\/p><\/div><\/div><div class=\"fusion-clearfix\"><\/div><div class=\"fusion-meta-info\"><div class=\"fusion-alignright\"><a class=\"fusion-read-more\" href=\"https:\/\/ramse.es\/wordpress\/sesion-la-gestion-del-dato-y-la-imagen-en-cirugia\/\" aria-label=\"More on Sesi\u00f3n: \u2018La gesti\u00f3n del dato y la imagen en Cirug\u00eda\u2019\">Leer M\u00e1s<\/a><\/div><\/div><\/article>\n<article id=\"blog-1-post-4716\" class=\"fusion-post-large-alternate post-4716 post type-post status-publish format-standard has-post-thumbnail hentry category-uncategorized tag-ateneo-de-sevilla tag-ismael-yebra\">\n\t<style type=\"text\/css\">\n\t\t\n\t\t\n\t\t\n\t\t\n\t\t\t<\/style>\n\n\n\t\t\t<div class=\"fusion-flexslider flexslider fusion-flexslider-loading fusion-post-slideshow\" style=\"\">\n\t\t<ul class=\"slides\">\n\t\t\t\n\t\t\t\t\t\t\t\t\t\t\t\t\t\t<li><div  class=\"fusion-image-wrapper\" aria-haspopup=\"true\">\n\t\t\t\t<img decoding=\"async\" width=\"320\" height=\"218\" src=\"https:\/\/ramse.es\/wordpress\/wp-content\/uploads\/2024\/03\/Ismael-Yebra.jpeg\" class=\"attachment-full size-full wp-post-image\" alt=\"\" srcset=\"https:\/\/ramse.es\/wordpress\/wp-content\/uploads\/2024\/03\/Ismael-Yebra-200x136.jpeg 200w, https:\/\/ramse.es\/wordpress\/wp-content\/uploads\/2024\/03\/Ismael-Yebra.jpeg 320w\" sizes=\"(max-width: 1000px) 100vw, 320px\" \/><div class=\"fusion-rollover\">\n\t<div class=\"fusion-rollover-content\">\n\n\t\t\t\t\t\t\t\t\t\t\t\t\t\t<a class=\"fusion-rollover-link\" href=\"https:\/\/ramse.es\/wordpress\/presentacion-del-libro-desde-la-piel-al-alma-ismael-yebra-sotillo-una-biografia\/\">Presentaci\u00f3n del libro: &#8216;Desde la piel al alma, Ismael Yebra Sotillo, una biograf\u00eda&#8217;<\/a>\n\t\t\t\n\t\t\t\t\t\t\t\t\t\t\t\t\t\t\n\t\t\t\t\t\t\t\t\n\t\t\t\t\t\t\t\t\t\t\t\t\t<div class=\"fusion-rollover-sep\"><\/div>\n\t\t\t\t\n\t\t\t\t\t\t\t\t\t\t\t\t\t\t\t\t\t\t<a class=\"fusion-rollover-gallery\" href=\"https:\/\/ramse.es\/wordpress\/wp-content\/uploads\/2024\/03\/Ismael-Yebra.jpeg\" data-id=\"4716\" data-rel=\"iLightbox[gallery]\" data-title=\"Ismael Yebra\" data-caption=\"\">\n\t\t\t\t\t\tGaler\u00eda\t\t\t\t\t<\/a>\n\t\t\t\t\t\t\t\t\t\t\t\t\t\t\n\t\t\n\t\t\t\t\t\t\t\t\n\t\t\t\t\t\t\t\t\n\t\t\n\t\t\t\t\t\t<a class=\"fusion-link-wrapper\" href=\"https:\/\/ramse.es\/wordpress\/presentacion-del-libro-desde-la-piel-al-alma-ismael-yebra-sotillo-una-biografia\/\" aria-label=\"Presentaci\u00f3n del libro: &#8216;Desde la piel al alma, Ismael Yebra Sotillo, una biograf\u00eda&#8217;\"><\/a>\n\t<\/div>\n<\/div>\n<\/div>\n<\/li>\n\t\t\t\n\t\t\t\n\t\t\t\t\t\t\t\t\t\t\t\t\t\t\t\t\t\t\t\t\t\t\t\t\t\t\t\t\t\t\t\t\t\t\t\t\t\t\t\t\t\t\t\t\t\t\t\t\t\t\t\t\t\t\t\t\t\t\t\t\t\t\t\t\t\t\t\t<\/ul>\n\t<\/div>\n\t<div class=\"fusion-date-and-formats\"><div class=\"fusion-date-box updated\"><span class=\"fusion-date\">febrero<\/span><span class=\"fusion-month-year\">6:18 pm<\/span><\/div><div class=\"fusion-format-box\"><i class=\"awb-icon-pen\" aria-hidden=\"true\"><\/i><\/div><\/div><div class=\"fusion-post-content post-content\"><h2 class=\"blog-shortcode-post-title entry-title\"><a href=\"https:\/\/ramse.es\/wordpress\/presentacion-del-libro-desde-la-piel-al-alma-ismael-yebra-sotillo-una-biografia\/\">Presentaci\u00f3n del libro: &#8216;Desde la piel al alma, Ismael Yebra Sotillo, una biograf\u00eda&#8217;<\/a><\/h2><p class=\"fusion-single-line-meta\">Por <span class=\"vcard\"><span class=\"fn\"><a href=\"https:\/\/ramse.es\/wordpress\/author\/prensa\/\" title=\"Entradas de Mar\u00eda\" rel=\"author\">Mar\u00eda<\/a><\/span><\/span><span class=\"fusion-inline-sep\">|<\/span><span class=\"updated\" style=\"display:none;\">2024-03-13T18:25:23+02:00<\/span><span>febrero 8th, 2024<\/span><span class=\"fusion-inline-sep\">|<\/span>Categor\u00edas: <a href=\"https:\/\/ramse.es\/wordpress\/category\/uncategorized\/\" rel=\"category tag\">Uncategorized<\/a><span class=\"fusion-inline-sep\">|<\/span><span class=\"meta-tags\">Etiquetas: <a href=\"https:\/\/ramse.es\/wordpress\/tag\/ateneo-de-sevilla\/\" rel=\"tag\">Ateneo de Sevilla<\/a>, <a href=\"https:\/\/ramse.es\/wordpress\/tag\/ismael-yebra\/\" rel=\"tag\">Ismael Yebra<\/a><\/span><span class=\"fusion-inline-sep\">|<\/span><\/p><div class=\"fusion-post-content-container\"><p>\u201cEl diccionario es insuficiente. Dicen que una biograf\u00eda es la narraci\u00f3n de la vida de una persona, pero la vida no es una partida de bautismo, ni un acta de defunci\u00f3n, solamente. La vida no es una hipoteca, una p\u00f3liza de seguros, una multa de tr\u00e1fico, ni cuando hab\u00eda prisa por llegar y no sab\u00edamos d\u00f3nde. Habr\u00e1 que conformarse entonces con una semblanza dibujada al estilo de los retratos de <a href=\"https:\/\/ramse.es\/wordpress\/presentacion-del-libro-desde-la-piel-al-alma-ismael-yebra-sotillo-una-biografia\/\">[...]<\/a><\/p><\/div><\/div><div class=\"fusion-clearfix\"><\/div><div class=\"fusion-meta-info\"><div class=\"fusion-alignright\"><a class=\"fusion-read-more\" href=\"https:\/\/ramse.es\/wordpress\/presentacion-del-libro-desde-la-piel-al-alma-ismael-yebra-sotillo-una-biografia\/\" aria-label=\"More on Presentaci\u00f3n del libro: &#8216;Desde la piel al alma, Ismael Yebra Sotillo, una biograf\u00eda&#8217;\">Leer M\u00e1s<\/a><\/div><\/div><\/article>\n<article id=\"blog-1-post-4758\" class=\"fusion-post-large-alternate post-4758 post type-post status-publish format-standard has-post-thumbnail hentry category-mesa-redonda\">\n\t<style type=\"text\/css\">\n\t\t\n\t\t\n\t\t\n\t\t\n\t\t\t<\/style>\n\n\n\t\t\t<div class=\"fusion-flexslider flexslider fusion-flexslider-loading fusion-post-slideshow\" style=\"\">\n\t\t<ul class=\"slides\">\n\t\t\t\n\t\t\t\t\t\t\t\t\t\t\t\t\t\t<li><div  class=\"fusion-image-wrapper\" aria-haspopup=\"true\">\n\t\t\t\t<img decoding=\"async\" width=\"2362\" height=\"1772\" src=\"https:\/\/ramse.es\/wordpress\/wp-content\/uploads\/2024\/03\/24020003.jpg\" class=\"attachment-full size-full wp-post-image\" alt=\"\" srcset=\"https:\/\/ramse.es\/wordpress\/wp-content\/uploads\/2024\/03\/24020003-200x150.jpg 200w, https:\/\/ramse.es\/wordpress\/wp-content\/uploads\/2024\/03\/24020003-400x300.jpg 400w, https:\/\/ramse.es\/wordpress\/wp-content\/uploads\/2024\/03\/24020003-600x450.jpg 600w, https:\/\/ramse.es\/wordpress\/wp-content\/uploads\/2024\/03\/24020003-800x600.jpg 800w, https:\/\/ramse.es\/wordpress\/wp-content\/uploads\/2024\/03\/24020003-1200x900.jpg 1200w, https:\/\/ramse.es\/wordpress\/wp-content\/uploads\/2024\/03\/24020003.jpg 2362w\" sizes=\"(max-width: 1000px) 100vw, 800px\" \/><div class=\"fusion-rollover\">\n\t<div class=\"fusion-rollover-content\">\n\n\t\t\t\t\t\t\t\t\t\t\t\t\t\t<a class=\"fusion-rollover-link\" href=\"https:\/\/ramse.es\/wordpress\/mesa-redonda-juridico-moral-y-sanitaria-entre-medicos-y-abogados\/\">Mesa redonda jur\u00eddico, moral y sanitaria entre m\u00e9dicos y abogados<\/a>\n\t\t\t\n\t\t\t\t\t\t\t\t\t\t\t\t\t\t\n\t\t\t\t\t\t\t\t\n\t\t\t\t\t\t\t\t\t\t\t\t\t<div class=\"fusion-rollover-sep\"><\/div>\n\t\t\t\t\n\t\t\t\t\t\t\t\t\t\t\t\t\t\t\t\t\t\t<a class=\"fusion-rollover-gallery\" href=\"https:\/\/ramse.es\/wordpress\/wp-content\/uploads\/2024\/03\/24020003.jpg\" data-id=\"4758\" data-rel=\"iLightbox[gallery]\" data-title=\"24020003\" data-caption=\"\">\n\t\t\t\t\t\tGaler\u00eda\t\t\t\t\t<\/a>\n\t\t\t\t\t\t\t\t\t\t\t\t\t\t\n\t\t\n\t\t\t\t\t\t\t\t\n\t\t\t\t\t\t\t\t\n\t\t\n\t\t\t\t\t\t<a class=\"fusion-link-wrapper\" href=\"https:\/\/ramse.es\/wordpress\/mesa-redonda-juridico-moral-y-sanitaria-entre-medicos-y-abogados\/\" aria-label=\"Mesa redonda jur\u00eddico, moral y sanitaria entre m\u00e9dicos y abogados\"><\/a>\n\t<\/div>\n<\/div>\n<\/div>\n<\/li>\n\t\t\t\n\t\t\t\n\t\t\t\t\t\t\t\t\t\t\t\t\t\t\t\t\t\t\t\t\t\t\t\t\t\t\t\t\t\t\t\t\t\t\t\t\t\t\t\t\t\t\t\t\t\t\t\t\t\t\t\t\t\t\t\t\t\t\t\t\t\t\t\t\t\t\t\t<\/ul>\n\t<\/div>\n\t<div class=\"fusion-date-and-formats\"><div class=\"fusion-date-box updated\"><span class=\"fusion-date\">febrero<\/span><span class=\"fusion-month-year\">1:25 pm<\/span><\/div><div class=\"fusion-format-box\"><i class=\"awb-icon-pen\" aria-hidden=\"true\"><\/i><\/div><\/div><div class=\"fusion-post-content post-content\"><h2 class=\"blog-shortcode-post-title entry-title\"><a href=\"https:\/\/ramse.es\/wordpress\/mesa-redonda-juridico-moral-y-sanitaria-entre-medicos-y-abogados\/\">Mesa redonda jur\u00eddico, moral y sanitaria entre m\u00e9dicos y abogados<\/a><\/h2><p class=\"fusion-single-line-meta\">Por <span class=\"vcard\"><span class=\"fn\"><a href=\"https:\/\/ramse.es\/wordpress\/author\/prensa\/\" title=\"Entradas de Mar\u00eda\" rel=\"author\">Mar\u00eda<\/a><\/span><\/span><span class=\"fusion-inline-sep\">|<\/span><span class=\"updated\" style=\"display:none;\">2024-03-23T13:44:00+02:00<\/span><span>febrero 7th, 2024<\/span><span class=\"fusion-inline-sep\">|<\/span>Categor\u00edas: <a href=\"https:\/\/ramse.es\/wordpress\/category\/mesa-redonda\/\" rel=\"category tag\">Mesa redonda<\/a><span class=\"fusion-inline-sep\">|<\/span><\/p><div class=\"fusion-post-content-container\"><p>La Real Academia de Medicina y Cirug\u00eda de Sevilla ha acogido la mesa redonda jur\u00eddico-moral-sanitaria moderada por el presidente de la RAMSE, D. Carlos Infantes. En el interesante encuentro participaron como ponentes:\u00a0Alfonso Carmona Mart\u00ednez, director del\u00a0Instituto Hispalense de Pediatria\u00a0y \u200bpresidente del Real e Ilustre Colegio de M\u00e9dicos de Sevilla; D. Jaime Boceta Osuna, responsable del Equipo de Soporte de Cuidados Paliativos del Hospital Virgen Macarena y Acad\u00e9mico de n\u00famero de <a href=\"https:\/\/ramse.es\/wordpress\/mesa-redonda-juridico-moral-y-sanitaria-entre-medicos-y-abogados\/\">[...]<\/a><\/p><\/div><\/div><div class=\"fusion-clearfix\"><\/div><div class=\"fusion-meta-info\"><div class=\"fusion-alignright\"><a class=\"fusion-read-more\" href=\"https:\/\/ramse.es\/wordpress\/mesa-redonda-juridico-moral-y-sanitaria-entre-medicos-y-abogados\/\" aria-label=\"More on Mesa redonda jur\u00eddico, moral y sanitaria entre m\u00e9dicos y abogados\">Leer M\u00e1s<\/a><\/div><\/div><\/article>\n<article id=\"blog-1-post-4662\" class=\"fusion-post-large-alternate post-4662 post type-post status-publish format-standard has-post-thumbnail hentry category-academico-de-numero\">\n\t<style type=\"text\/css\">\n\t\t\n\t\t\n\t\t\n\t\t\n\t\t\t<\/style>\n\n\n\t\t\t<div class=\"fusion-flexslider flexslider fusion-flexslider-loading fusion-post-slideshow\" style=\"\">\n\t\t<ul class=\"slides\">\n\t\t\t\n\t\t\t\t\t\t\t\t\t\t\t\t\t\t<li><div  class=\"fusion-image-wrapper\" aria-haspopup=\"true\">\n\t\t\t\t<img decoding=\"async\" width=\"1500\" height=\"1000\" src=\"https:\/\/ramse.es\/wordpress\/wp-content\/uploads\/2024\/02\/RAMSE.-Dr.-Francisco-Camacho.Academico-Numero.jpg\" class=\"attachment-full size-full wp-post-image\" alt=\"\" srcset=\"https:\/\/ramse.es\/wordpress\/wp-content\/uploads\/2024\/02\/RAMSE.-Dr.-Francisco-Camacho.Academico-Numero-200x133.jpg 200w, https:\/\/ramse.es\/wordpress\/wp-content\/uploads\/2024\/02\/RAMSE.-Dr.-Francisco-Camacho.Academico-Numero-400x267.jpg 400w, https:\/\/ramse.es\/wordpress\/wp-content\/uploads\/2024\/02\/RAMSE.-Dr.-Francisco-Camacho.Academico-Numero-600x400.jpg 600w, https:\/\/ramse.es\/wordpress\/wp-content\/uploads\/2024\/02\/RAMSE.-Dr.-Francisco-Camacho.Academico-Numero-800x533.jpg 800w, https:\/\/ramse.es\/wordpress\/wp-content\/uploads\/2024\/02\/RAMSE.-Dr.-Francisco-Camacho.Academico-Numero-1200x800.jpg 1200w, https:\/\/ramse.es\/wordpress\/wp-content\/uploads\/2024\/02\/RAMSE.-Dr.-Francisco-Camacho.Academico-Numero.jpg 1500w\" sizes=\"(max-width: 1000px) 100vw, 800px\" \/><div class=\"fusion-rollover\">\n\t<div class=\"fusion-rollover-content\">\n\n\t\t\t\t\t\t\t\t\t\t\t\t\t\t<a class=\"fusion-rollover-link\" href=\"https:\/\/ramse.es\/wordpress\/el-dermatologo-francisco-miguel-camacho-martinez-academico-de-numero-de-la-ramse\/\">El dermat\u00f3logo Francisco Miguel Camacho Mart\u00ednez, Acad\u00e9mico de N\u00famero de la RAMSE<\/a>\n\t\t\t\n\t\t\t\t\t\t\t\t\t\t\t\t\t\t\n\t\t\t\t\t\t\t\t\n\t\t\t\t\t\t\t\t\t\t\t\t\t<div class=\"fusion-rollover-sep\"><\/div>\n\t\t\t\t\n\t\t\t\t\t\t\t\t\t\t\t\t\t\t\t\t\t\t<a class=\"fusion-rollover-gallery\" href=\"https:\/\/ramse.es\/wordpress\/wp-content\/uploads\/2024\/02\/RAMSE.-Dr.-Francisco-Camacho.Academico-Numero.jpg\" data-id=\"4662\" data-rel=\"iLightbox[gallery]\" data-title=\"RAMSE. Dr. Francisco Camacho.Academico Numero\" data-caption=\"\">\n\t\t\t\t\t\tGaler\u00eda\t\t\t\t\t<\/a>\n\t\t\t\t\t\t\t\t\t\t\t\t\t\t\n\t\t\n\t\t\t\t\t\t\t\t\n\t\t\t\t\t\t\t\t\n\t\t\n\t\t\t\t\t\t<a class=\"fusion-link-wrapper\" href=\"https:\/\/ramse.es\/wordpress\/el-dermatologo-francisco-miguel-camacho-martinez-academico-de-numero-de-la-ramse\/\" aria-label=\"El dermat\u00f3logo Francisco Miguel Camacho Mart\u00ednez, Acad\u00e9mico de N\u00famero de la RAMSE\"><\/a>\n\t<\/div>\n<\/div>\n<\/div>\n<\/li>\n\t\t\t\n\t\t\t\n\t\t\t\t\t\t\t\t\t\t\t\t\t\t\t\t\t\t\t\t\t\t\t\t\t\t\t\t\t\t\t\t\t\t\t\t\t\t\t\t\t\t\t\t\t\t\t\t\t\t\t\t\t\t\t\t\t\t\t\t\t\t\t\t\t\t\t\t<\/ul>\n\t<\/div>\n\t<div class=\"fusion-date-and-formats\"><div class=\"fusion-date-box updated\"><span class=\"fusion-date\">enero<\/span><span class=\"fusion-month-year\">2:19 pm<\/span><\/div><div class=\"fusion-format-box\"><i class=\"awb-icon-pen\" aria-hidden=\"true\"><\/i><\/div><\/div><div class=\"fusion-post-content post-content\"><h2 class=\"blog-shortcode-post-title entry-title\"><a href=\"https:\/\/ramse.es\/wordpress\/el-dermatologo-francisco-miguel-camacho-martinez-academico-de-numero-de-la-ramse\/\">El dermat\u00f3logo Francisco Miguel Camacho Mart\u00ednez, Acad\u00e9mico de N\u00famero de la RAMSE<\/a><\/h2><p class=\"fusion-single-line-meta\">Por <span class=\"vcard\"><span class=\"fn\"><a href=\"https:\/\/ramse.es\/wordpress\/author\/prensa\/\" title=\"Entradas de Mar\u00eda\" rel=\"author\">Mar\u00eda<\/a><\/span><\/span><span class=\"fusion-inline-sep\">|<\/span><span class=\"updated\" style=\"display:none;\">2024-03-23T12:53:09+02:00<\/span><span>enero 29th, 2024<\/span><span class=\"fusion-inline-sep\">|<\/span>Categor\u00edas: <a href=\"https:\/\/ramse.es\/wordpress\/category\/academico-de-numero\/\" rel=\"category tag\">Acad\u00e9mico de N\u00famero<\/a><span class=\"fusion-inline-sep\">|<\/span><\/p><div class=\"fusion-post-content-container\"><p>El Profesor Dr. D. Francisco Miguel Camacho Mart\u00ednez ha tomado posesi\u00f3n como Acad\u00e9mico de N\u00famero en la plaza de Dermatolog\u00eda (Secci\u00f3n II) de la Real Academia de Medicina y Cirug\u00eda de Sevilla (RAMSE), en la sesi\u00f3n p\u00fablica y extraordinaria que se ha celebrado en el Sal\u00f3n Ram\u00f3n y Cajal de la RAMSE. Francisco Miguel Camacho Mart\u00ednez (Melilla, 1945) es doctor en Medicina por la Universidad de Granada y Catedr\u00e1tico de <a href=\"https:\/\/ramse.es\/wordpress\/el-dermatologo-francisco-miguel-camacho-martinez-academico-de-numero-de-la-ramse\/\">[...]<\/a><\/p><\/div><\/div><div class=\"fusion-clearfix\"><\/div><div class=\"fusion-meta-info\"><div class=\"fusion-alignright\"><a class=\"fusion-read-more\" href=\"https:\/\/ramse.es\/wordpress\/el-dermatologo-francisco-miguel-camacho-martinez-academico-de-numero-de-la-ramse\/\" aria-label=\"More on El dermat\u00f3logo Francisco Miguel Camacho Mart\u00ednez, Acad\u00e9mico de N\u00famero de la RAMSE\">Leer M\u00e1s<\/a><\/div><\/div><\/article>\n<article id=\"blog-1-post-4603\" class=\"fusion-post-large-alternate post-4603 post type-post status-publish format-standard has-post-thumbnail hentry category-academico-de-numero tag-dr-morales tag-salvador-morales-conde\">\n\t<style type=\"text\/css\">\n\t\t\n\t\t\n\t\t\n\t\t\n\t\t\t<\/style>\n\n\n\t\t\t<div class=\"fusion-flexslider flexslider fusion-flexslider-loading fusion-post-slideshow\" style=\"\">\n\t\t<ul class=\"slides\">\n\t\t\t\n\t\t\t\t\t\t\t\t\t\t\t\t\t\t<li><div  class=\"fusion-image-wrapper\" aria-haspopup=\"true\">\n\t\t\t\t<img decoding=\"async\" width=\"2560\" height=\"1707\" src=\"https:\/\/ramse.es\/wordpress\/wp-content\/uploads\/2023\/11\/Salvador-Morales-Conde-scaled.jpg\" class=\"attachment-full size-full wp-post-image\" alt=\"\" srcset=\"https:\/\/ramse.es\/wordpress\/wp-content\/uploads\/2023\/11\/Salvador-Morales-Conde-200x133.jpg 200w, https:\/\/ramse.es\/wordpress\/wp-content\/uploads\/2023\/11\/Salvador-Morales-Conde-400x267.jpg 400w, https:\/\/ramse.es\/wordpress\/wp-content\/uploads\/2023\/11\/Salvador-Morales-Conde-600x400.jpg 600w, https:\/\/ramse.es\/wordpress\/wp-content\/uploads\/2023\/11\/Salvador-Morales-Conde-800x533.jpg 800w, https:\/\/ramse.es\/wordpress\/wp-content\/uploads\/2023\/11\/Salvador-Morales-Conde-1200x800.jpg 1200w, https:\/\/ramse.es\/wordpress\/wp-content\/uploads\/2023\/11\/Salvador-Morales-Conde-scaled.jpg 2560w\" sizes=\"(max-width: 1000px) 100vw, 800px\" \/><div class=\"fusion-rollover\">\n\t<div class=\"fusion-rollover-content\">\n\n\t\t\t\t\t\t\t\t\t\t\t\t\t\t<a class=\"fusion-rollover-link\" href=\"https:\/\/ramse.es\/wordpress\/el-cirujano-salvador-morales-conde-academico-de-numero-de-la-real-academia-de-medicina-y-cirugia-de-sevilla\/\">El cirujano Salvador Morales Conde, Acad\u00e9mico de N\u00famero  de la Real Academia de Medicina y Cirug\u00eda de Sevilla<\/a>\n\t\t\t\n\t\t\t\t\t\t\t\t\t\t\t\t\t\t\n\t\t\t\t\t\t\t\t\n\t\t\t\t\t\t\t\t\t\t\t\t\t<div class=\"fusion-rollover-sep\"><\/div>\n\t\t\t\t\n\t\t\t\t\t\t\t\t\t\t\t\t\t\t\t\t\t\t<a class=\"fusion-rollover-gallery\" href=\"https:\/\/ramse.es\/wordpress\/wp-content\/uploads\/2023\/11\/Salvador-Morales-Conde-scaled.jpg\" data-id=\"4603\" data-rel=\"iLightbox[gallery]\" data-title=\"Salvador Morales Conde\" data-caption=\"\">\n\t\t\t\t\t\tGaler\u00eda\t\t\t\t\t<\/a>\n\t\t\t\t\t\t\t\t\t\t\t\t\t\t\n\t\t\n\t\t\t\t\t\t\t\t\n\t\t\t\t\t\t\t\t\n\t\t\n\t\t\t\t\t\t<a class=\"fusion-link-wrapper\" href=\"https:\/\/ramse.es\/wordpress\/el-cirujano-salvador-morales-conde-academico-de-numero-de-la-real-academia-de-medicina-y-cirugia-de-sevilla\/\" aria-label=\"El cirujano Salvador Morales Conde, Acad\u00e9mico de N\u00famero  de la Real Academia de Medicina y Cirug\u00eda de Sevilla\"><\/a>\n\t<\/div>\n<\/div>\n<\/div>\n<\/li>\n\t\t\t\n\t\t\t\n\t\t\t\t\t\t\t\t\t\t\t\t\t\t\t\t\t\t\t\t\t\t\t\t\t\t\t\t\t\t\t\t\t\t\t\t\t\t\t\t\t\t\t\t\t\t\t\t\t\t\t\t\t\t\t\t\t\t\t\t\t\t\t\t\t\t\t\t<\/ul>\n\t<\/div>\n\t<div class=\"fusion-date-and-formats\"><div class=\"fusion-date-box updated\"><span class=\"fusion-date\">noviembre<\/span><span class=\"fusion-month-year\">11:56 am<\/span><\/div><div class=\"fusion-format-box\"><i class=\"awb-icon-pen\" aria-hidden=\"true\"><\/i><\/div><\/div><div class=\"fusion-post-content post-content\"><h2 class=\"blog-shortcode-post-title entry-title\"><a href=\"https:\/\/ramse.es\/wordpress\/el-cirujano-salvador-morales-conde-academico-de-numero-de-la-real-academia-de-medicina-y-cirugia-de-sevilla\/\">El cirujano Salvador Morales Conde, Acad\u00e9mico de N\u00famero  de la Real Academia de Medicina y Cirug\u00eda de Sevilla<\/a><\/h2><p class=\"fusion-single-line-meta\">Por <span class=\"vcard\"><span class=\"fn\"><a href=\"https:\/\/ramse.es\/wordpress\/author\/prensa\/\" title=\"Entradas de Mar\u00eda\" rel=\"author\">Mar\u00eda<\/a><\/span><\/span><span class=\"fusion-inline-sep\">|<\/span><span class=\"updated\" style=\"display:none;\">2023-11-18T23:48:31+02:00<\/span><span>noviembre 13th, 2023<\/span><span class=\"fusion-inline-sep\">|<\/span>Categor\u00edas: <a href=\"https:\/\/ramse.es\/wordpress\/category\/academico-de-numero\/\" rel=\"category tag\">Acad\u00e9mico de N\u00famero<\/a><span class=\"fusion-inline-sep\">|<\/span><span class=\"meta-tags\">Etiquetas: <a href=\"https:\/\/ramse.es\/wordpress\/tag\/dr-morales\/\" rel=\"tag\">Dr. Morales<\/a>, <a href=\"https:\/\/ramse.es\/wordpress\/tag\/salvador-morales-conde\/\" rel=\"tag\">Salvador Morales Conde<\/a><\/span><span class=\"fusion-inline-sep\">|<\/span><\/p><div class=\"fusion-post-content-container\"><p>El cirujano sevillano Salvador Morales Conde ha tomado posesi\u00f3n como Acad\u00e9mico de N\u00famero en la plaza de Cirug\u00eda y Especialidades Quir\u00fargicas (Secci\u00f3n III) en Cirug\u00eda Laparosc\u00f3pica, gastrointestinal y de la pared abdominal, especialidad de nueva creaci\u00f3n de la Real Academia de Medicina y Cirug\u00eda de Sevilla (RAMSE), en la sesi\u00f3n p\u00fablica y extraordinaria que se ha celebrado en el Sal\u00f3n Ram\u00f3n y Cajal de la RAMSE. Jefe de Servicio de <a href=\"https:\/\/ramse.es\/wordpress\/el-cirujano-salvador-morales-conde-academico-de-numero-de-la-real-academia-de-medicina-y-cirugia-de-sevilla\/\">[...]<\/a><\/p><\/div><\/div><div class=\"fusion-clearfix\"><\/div><div class=\"fusion-meta-info\"><div class=\"fusion-alignright\"><a class=\"fusion-read-more\" href=\"https:\/\/ramse.es\/wordpress\/el-cirujano-salvador-morales-conde-academico-de-numero-de-la-real-academia-de-medicina-y-cirugia-de-sevilla\/\" aria-label=\"More on El cirujano Salvador Morales Conde, Acad\u00e9mico de N\u00famero  de la Real Academia de Medicina y Cirug\u00eda de Sevilla\">Leer M\u00e1s<\/a><\/div><\/div><\/article>\n<article id=\"blog-1-post-4571\" class=\"fusion-post-large-alternate post-4571 post type-post status-publish format-standard has-post-thumbnail hentry category-catedra-de-cooperacion category-fundacion-ramse tag-cooperacion-internacional\">\n\t<style type=\"text\/css\">\n\t\t\n\t\t\n\t\t\n\t\t\n\t\t\t<\/style>\n\n\n\t\t\t<div class=\"fusion-flexslider flexslider fusion-flexslider-loading fusion-post-slideshow\" style=\"\">\n\t\t<ul class=\"slides\">\n\t\t\t\n\t\t\t\t\t\t\t\t\t\t\t\t\t\t<li><div  class=\"fusion-image-wrapper\" aria-haspopup=\"true\">\n\t\t\t\t<img decoding=\"async\" width=\"1500\" height=\"1125\" src=\"https:\/\/ramse.es\/wordpress\/wp-content\/uploads\/2023\/10\/Inauguracion-Catedra-Cooperacion-Internacional.jpg\" class=\"attachment-full size-full wp-post-image\" alt=\"\" srcset=\"https:\/\/ramse.es\/wordpress\/wp-content\/uploads\/2023\/10\/Inauguracion-Catedra-Cooperacion-Internacional-200x150.jpg 200w, https:\/\/ramse.es\/wordpress\/wp-content\/uploads\/2023\/10\/Inauguracion-Catedra-Cooperacion-Internacional-400x300.jpg 400w, https:\/\/ramse.es\/wordpress\/wp-content\/uploads\/2023\/10\/Inauguracion-Catedra-Cooperacion-Internacional-600x450.jpg 600w, https:\/\/ramse.es\/wordpress\/wp-content\/uploads\/2023\/10\/Inauguracion-Catedra-Cooperacion-Internacional-800x600.jpg 800w, https:\/\/ramse.es\/wordpress\/wp-content\/uploads\/2023\/10\/Inauguracion-Catedra-Cooperacion-Internacional-1200x900.jpg 1200w, https:\/\/ramse.es\/wordpress\/wp-content\/uploads\/2023\/10\/Inauguracion-Catedra-Cooperacion-Internacional.jpg 1500w\" sizes=\"(max-width: 1000px) 100vw, 800px\" \/><div class=\"fusion-rollover\">\n\t<div class=\"fusion-rollover-content\">\n\n\t\t\t\t\t\t\t\t\t\t\t\t\t\t<a class=\"fusion-rollover-link\" href=\"https:\/\/ramse.es\/wordpress\/la-fundacion-real-academia-de-medicina-y-cirugia-de-sevilla-crea-la-catedra-de-cooperacion-internacional\/\">La Fundaci\u00f3n Real Academia de Medicina y Cirug\u00eda de Sevilla crea la \u201cC\u00e1tedra de Cooperaci\u00f3n Internacional\u201d<\/a>\n\t\t\t\n\t\t\t\t\t\t\t\t\t\t\t\t\t\t\n\t\t\t\t\t\t\t\t\n\t\t\t\t\t\t\t\t\t\t\t\t\t<div class=\"fusion-rollover-sep\"><\/div>\n\t\t\t\t\n\t\t\t\t\t\t\t\t\t\t\t\t\t\t\t\t\t\t<a class=\"fusion-rollover-gallery\" href=\"https:\/\/ramse.es\/wordpress\/wp-content\/uploads\/2023\/10\/Inauguracion-Catedra-Cooperacion-Internacional.jpg\" data-id=\"4571\" data-rel=\"iLightbox[gallery]\" data-title=\"Inauguracio\u0301n Catedra Cooperacio\u0301n Internacional\" data-caption=\"\">\n\t\t\t\t\t\tGaler\u00eda\t\t\t\t\t<\/a>\n\t\t\t\t\t\t\t\t\t\t\t\t\t\t\n\t\t\n\t\t\t\t\t\t\t\t\n\t\t\t\t\t\t\t\t\n\t\t\n\t\t\t\t\t\t<a class=\"fusion-link-wrapper\" href=\"https:\/\/ramse.es\/wordpress\/la-fundacion-real-academia-de-medicina-y-cirugia-de-sevilla-crea-la-catedra-de-cooperacion-internacional\/\" aria-label=\"La Fundaci\u00f3n Real Academia de Medicina y Cirug\u00eda de Sevilla crea la \u201cC\u00e1tedra de Cooperaci\u00f3n Internacional\u201d\"><\/a>\n\t<\/div>\n<\/div>\n<\/div>\n<\/li>\n\t\t\t\n\t\t\t\n\t\t\t\t\t\t\t\t\t\t\t\t\t\t\t\t\t\t\t\t\t\t\t\t\t\t\t\t\t\t\t\t\t\t\t\t\t\t\t\t\t\t\t\t\t\t\t\t\t\t\t\t\t\t\t\t\t\t\t\t\t\t\t\t\t\t\t\t<\/ul>\n\t<\/div>\n\t<div class=\"fusion-date-and-formats\"><div class=\"fusion-date-box updated\"><span class=\"fusion-date\">octubre<\/span><span class=\"fusion-month-year\">4:40 pm<\/span><\/div><div class=\"fusion-format-box\"><i class=\"awb-icon-pen\" aria-hidden=\"true\"><\/i><\/div><\/div><div class=\"fusion-post-content post-content\"><h2 class=\"blog-shortcode-post-title entry-title\"><a href=\"https:\/\/ramse.es\/wordpress\/la-fundacion-real-academia-de-medicina-y-cirugia-de-sevilla-crea-la-catedra-de-cooperacion-internacional\/\">La Fundaci\u00f3n Real Academia de Medicina y Cirug\u00eda de Sevilla crea la \u201cC\u00e1tedra de Cooperaci\u00f3n Internacional\u201d<\/a><\/h2><p class=\"fusion-single-line-meta\">Por <span class=\"vcard\"><span class=\"fn\"><a href=\"https:\/\/ramse.es\/wordpress\/author\/prensa\/\" title=\"Entradas de Mar\u00eda\" rel=\"author\">Mar\u00eda<\/a><\/span><\/span><span class=\"fusion-inline-sep\">|<\/span><span class=\"updated\" style=\"display:none;\">2023-10-26T16:57:20+02:00<\/span><span>octubre 26th, 2023<\/span><span class=\"fusion-inline-sep\">|<\/span>Categor\u00edas: <a href=\"https:\/\/ramse.es\/wordpress\/category\/catedra-de-cooperacion\/\" rel=\"category tag\">Catedra de Cooperaci\u00f3n<\/a>, <a href=\"https:\/\/ramse.es\/wordpress\/category\/fundacion-ramse\/\" rel=\"category tag\">Fundaci\u00f3n RAMSE<\/a><span class=\"fusion-inline-sep\">|<\/span><span class=\"meta-tags\">Etiquetas: <a href=\"https:\/\/ramse.es\/wordpress\/tag\/cooperacion-internacional\/\" rel=\"tag\">Cooperaci\u00f3n Internacional<\/a><\/span><span class=\"fusion-inline-sep\">|<\/span><\/p><div class=\"fusion-post-content-container\"><p>La Real Academia de Cirug\u00eda y Medicina de Sevilla (RAMSE) en su af\u00e1n de proyectarse m\u00e1s y mejor a la sociedad sevillana ha creado, integrada en su Fundaci\u00f3n, ha creado una segunda c\u00e1tedra de divulgaci\u00f3n de conocimientos: la C\u00e1tedra de \u201cCooperaci\u00f3n Internacional\u201d, tras poner en marcha el pasado abril la \u201cC\u00e1tedra de Divulgaci\u00f3n Oncol\u00f3gica\u201d. \u201cEl objetivo de esta iniciativa es generar un foro cient\u00edfico de reflexi\u00f3n humanitario, que nace con <a href=\"https:\/\/ramse.es\/wordpress\/la-fundacion-real-academia-de-medicina-y-cirugia-de-sevilla-crea-la-catedra-de-cooperacion-internacional\/\">[...]<\/a><\/p><\/div><\/div><div class=\"fusion-clearfix\"><\/div><div class=\"fusion-meta-info\"><div class=\"fusion-alignright\"><a class=\"fusion-read-more\" href=\"https:\/\/ramse.es\/wordpress\/la-fundacion-real-academia-de-medicina-y-cirugia-de-sevilla-crea-la-catedra-de-cooperacion-internacional\/\" aria-label=\"More on La Fundaci\u00f3n Real Academia de Medicina y Cirug\u00eda de Sevilla crea la \u201cC\u00e1tedra de Cooperaci\u00f3n Internacional\u201d\">Leer M\u00e1s<\/a><\/div><\/div><\/article>\n<article id=\"blog-1-post-4612\" class=\"fusion-post-large-alternate post-4612 post type-post status-publish format-standard has-post-thumbnail hentry category-fundacion-ramse tag-fundacion-ramse tag-joaquin-moeckel tag-miembro-de-honor\">\n\t<style type=\"text\/css\">\n\t\t\n\t\t\n\t\t\n\t\t\n\t\t\t<\/style>\n\n\n\t\t\t<div class=\"fusion-flexslider flexslider fusion-flexslider-loading fusion-post-slideshow\" style=\"\">\n\t\t<ul class=\"slides\">\n\t\t\t\n\t\t\t\t\t\t\t\t\t\t\t\t\t\t<li><div  class=\"fusion-image-wrapper\" aria-haspopup=\"true\">\n\t\t\t\t<img decoding=\"async\" width=\"1772\" height=\"2362\" src=\"https:\/\/ramse.es\/wordpress\/wp-content\/uploads\/2023\/11\/23100541.jpg\" class=\"attachment-full size-full wp-post-image\" alt=\"\" srcset=\"https:\/\/ramse.es\/wordpress\/wp-content\/uploads\/2023\/11\/23100541-200x267.jpg 200w, https:\/\/ramse.es\/wordpress\/wp-content\/uploads\/2023\/11\/23100541-400x533.jpg 400w, https:\/\/ramse.es\/wordpress\/wp-content\/uploads\/2023\/11\/23100541-600x800.jpg 600w, https:\/\/ramse.es\/wordpress\/wp-content\/uploads\/2023\/11\/23100541-800x1066.jpg 800w, https:\/\/ramse.es\/wordpress\/wp-content\/uploads\/2023\/11\/23100541-1200x1600.jpg 1200w, https:\/\/ramse.es\/wordpress\/wp-content\/uploads\/2023\/11\/23100541.jpg 1772w\" sizes=\"(max-width: 1000px) 100vw, 800px\" \/><div class=\"fusion-rollover\">\n\t<div class=\"fusion-rollover-content\">\n\n\t\t\t\t\t\t\t\t\t\t\t\t\t\t<a class=\"fusion-rollover-link\" href=\"https:\/\/ramse.es\/wordpress\/el-abogado-sevillano-joaquin-moeckel-gil-miembro-de-honor-de-la-fundacion-real-academia-de-medicina-y-cirugia-de-sevilla\/\">El abogado sevillano Joaqu\u00edn Moeckel Gil, miembro de honor  de la Fundaci\u00f3n Real Academia de Medicina y Cirug\u00eda de Sevilla<\/a>\n\t\t\t\n\t\t\t\t\t\t\t\t\t\t\t\t\t\t\n\t\t\t\t\t\t\t\t\n\t\t\t\t\t\t\t\t\t\t\t\t\t<div class=\"fusion-rollover-sep\"><\/div>\n\t\t\t\t\n\t\t\t\t\t\t\t\t\t\t\t\t\t\t\t\t\t\t<a class=\"fusion-rollover-gallery\" href=\"https:\/\/ramse.es\/wordpress\/wp-content\/uploads\/2023\/11\/23100541.jpg\" data-id=\"4612\" data-rel=\"iLightbox[gallery]\" data-title=\"23100541\" data-caption=\"\">\n\t\t\t\t\t\tGaler\u00eda\t\t\t\t\t<\/a>\n\t\t\t\t\t\t\t\t\t\t\t\t\t\t\n\t\t\n\t\t\t\t\t\t\t\t\n\t\t\t\t\t\t\t\t\n\t\t\n\t\t\t\t\t\t<a class=\"fusion-link-wrapper\" href=\"https:\/\/ramse.es\/wordpress\/el-abogado-sevillano-joaquin-moeckel-gil-miembro-de-honor-de-la-fundacion-real-academia-de-medicina-y-cirugia-de-sevilla\/\" aria-label=\"El abogado sevillano Joaqu\u00edn Moeckel Gil, miembro de honor  de la Fundaci\u00f3n Real Academia de Medicina y Cirug\u00eda de Sevilla\"><\/a>\n\t<\/div>\n<\/div>\n<\/div>\n<\/li>\n\t\t\t\n\t\t\t\n\t\t\t\t\t\t\t\t\t\t\t\t\t\t\t\t\t\t\t\t\t\t\t\t\t\t\t\t\t\t\t\t\t\t\t\t\t\t\t\t\t\t\t\t\t\t\t\t\t\t\t\t\t\t\t\t\t\t\t\t\t\t\t\t\t\t\t\t<\/ul>\n\t<\/div>\n\t<div class=\"fusion-date-and-formats\"><div class=\"fusion-date-box updated\"><span class=\"fusion-date\">octubre<\/span><span class=\"fusion-month-year\">11:16 am<\/span><\/div><div class=\"fusion-format-box\"><i class=\"awb-icon-pen\" aria-hidden=\"true\"><\/i><\/div><\/div><div class=\"fusion-post-content post-content\"><h2 class=\"blog-shortcode-post-title entry-title\"><a href=\"https:\/\/ramse.es\/wordpress\/el-abogado-sevillano-joaquin-moeckel-gil-miembro-de-honor-de-la-fundacion-real-academia-de-medicina-y-cirugia-de-sevilla\/\">El abogado sevillano Joaqu\u00edn Moeckel Gil, miembro de honor  de la Fundaci\u00f3n Real Academia de Medicina y Cirug\u00eda de Sevilla<\/a><\/h2><p class=\"fusion-single-line-meta\">Por <span class=\"vcard\"><span class=\"fn\"><a href=\"https:\/\/ramse.es\/wordpress\/author\/prensa\/\" title=\"Entradas de Mar\u00eda\" rel=\"author\">Mar\u00eda<\/a><\/span><\/span><span class=\"fusion-inline-sep\">|<\/span><span class=\"updated\" style=\"display:none;\">2023-11-19T11:22:18+02:00<\/span><span>octubre 22nd, 2023<\/span><span class=\"fusion-inline-sep\">|<\/span>Categor\u00edas: <a href=\"https:\/\/ramse.es\/wordpress\/category\/fundacion-ramse\/\" rel=\"category tag\">Fundaci\u00f3n RAMSE<\/a><span class=\"fusion-inline-sep\">|<\/span><span class=\"meta-tags\">Etiquetas: <a href=\"https:\/\/ramse.es\/wordpress\/tag\/fundacion-ramse\/\" rel=\"tag\">Fundaci\u00f3n RAMSE<\/a>, <a href=\"https:\/\/ramse.es\/wordpress\/tag\/joaquin-moeckel\/\" rel=\"tag\">Joaquin Moeckel<\/a>, <a href=\"https:\/\/ramse.es\/wordpress\/tag\/miembro-de-honor\/\" rel=\"tag\">Miembro de Honor<\/a><\/span><span class=\"fusion-inline-sep\">|<\/span><\/p><div class=\"fusion-post-content-container\"><p>La Fundaci\u00f3n Real Academia de Medicina y Cirug\u00eda de Sevilla ha nombrado al abogado sevillano D. Joaqu\u00edn Guillermo Moeckel Gil, Miembro de Honor de dicha Fundaci\u00f3n. El acto, que se celebr\u00f3 el pasado 21 de octubre, en el sal\u00f3n Ram\u00f3n y Cajal de la RAMSE fue presentado por el Acad\u00e9mico de N\u00famero, especialista en Cirug\u00eda Oral y Maxilofacial del Hospital Universitario Virgen del Roc\u00edo de Sevilla, el Dr. D. Alberto <a href=\"https:\/\/ramse.es\/wordpress\/el-abogado-sevillano-joaquin-moeckel-gil-miembro-de-honor-de-la-fundacion-real-academia-de-medicina-y-cirugia-de-sevilla\/\">[...]<\/a><\/p><\/div><\/div><div class=\"fusion-clearfix\"><\/div><div class=\"fusion-meta-info\"><div class=\"fusion-alignright\"><a class=\"fusion-read-more\" href=\"https:\/\/ramse.es\/wordpress\/el-abogado-sevillano-joaquin-moeckel-gil-miembro-de-honor-de-la-fundacion-real-academia-de-medicina-y-cirugia-de-sevilla\/\" aria-label=\"More on El abogado sevillano Joaqu\u00edn Moeckel Gil, miembro de honor  de la Fundaci\u00f3n Real Academia de Medicina y Cirug\u00eda de Sevilla\">Leer M\u00e1s<\/a><\/div><\/div><\/article>\n<article id=\"blog-1-post-4561\" class=\"fusion-post-large-alternate post-4561 post type-post status-publish format-standard has-post-thumbnail hentry category-academicos-correspondientes category-actos-academicos tag-dr-bernabe-galan tag-dr-francisco-lopez tag-medicina-rural\">\n\t<style type=\"text\/css\">\n\t\t\n\t\t\n\t\t\n\t\t\n\t\t\t<\/style>\n\n\n\t\t\t<div class=\"fusion-flexslider flexslider fusion-flexslider-loading fusion-post-slideshow\" style=\"\">\n\t\t<ul class=\"slides\">\n\t\t\t\n\t\t\t\t\t\t\t\t\t\t\t\t\t\t<li><div  class=\"fusion-image-wrapper\" aria-haspopup=\"true\">\n\t\t\t\t<img decoding=\"async\" width=\"1772\" height=\"2362\" src=\"https:\/\/ramse.es\/wordpress\/wp-content\/uploads\/2023\/10\/23100452.jpg\" class=\"attachment-full size-full wp-post-image\" alt=\"\" srcset=\"https:\/\/ramse.es\/wordpress\/wp-content\/uploads\/2023\/10\/23100452-200x267.jpg 200w, https:\/\/ramse.es\/wordpress\/wp-content\/uploads\/2023\/10\/23100452-400x533.jpg 400w, https:\/\/ramse.es\/wordpress\/wp-content\/uploads\/2023\/10\/23100452-600x800.jpg 600w, https:\/\/ramse.es\/wordpress\/wp-content\/uploads\/2023\/10\/23100452-800x1066.jpg 800w, https:\/\/ramse.es\/wordpress\/wp-content\/uploads\/2023\/10\/23100452-1200x1600.jpg 1200w, https:\/\/ramse.es\/wordpress\/wp-content\/uploads\/2023\/10\/23100452.jpg 1772w\" sizes=\"(max-width: 1000px) 100vw, 800px\" \/><div class=\"fusion-rollover\">\n\t<div class=\"fusion-rollover-content\">\n\n\t\t\t\t\t\t\t\t\t\t\t\t\t\t<a class=\"fusion-rollover-link\" href=\"https:\/\/ramse.es\/wordpress\/los-dres-bernabe-galan-y-francisco-lopez-nuevos-academicos-correspondientes-de-la-ramse\/\">Los Dres. Bernab\u00e9 Gal\u00e1n y Francisco L\u00f3pez, nuevos Acad\u00e9micos Correspondientes de la RAMSE<\/a>\n\t\t\t\n\t\t\t\t\t\t\t\t\t\t\t\t\t\t\n\t\t\t\t\t\t\t\t\n\t\t\t\t\t\t\t\t\t\t\t\t\t<div class=\"fusion-rollover-sep\"><\/div>\n\t\t\t\t\n\t\t\t\t\t\t\t\t\t\t\t\t\t\t\t\t\t\t<a class=\"fusion-rollover-gallery\" href=\"https:\/\/ramse.es\/wordpress\/wp-content\/uploads\/2023\/10\/23100452.jpg\" data-id=\"4561\" data-rel=\"iLightbox[gallery]\" data-title=\"23100452\" data-caption=\"\">\n\t\t\t\t\t\tGaler\u00eda\t\t\t\t\t<\/a>\n\t\t\t\t\t\t\t\t\t\t\t\t\t\t\n\t\t\n\t\t\t\t\t\t\t\t\n\t\t\t\t\t\t\t\t\n\t\t\n\t\t\t\t\t\t<a class=\"fusion-link-wrapper\" href=\"https:\/\/ramse.es\/wordpress\/los-dres-bernabe-galan-y-francisco-lopez-nuevos-academicos-correspondientes-de-la-ramse\/\" aria-label=\"Los Dres. Bernab\u00e9 Gal\u00e1n y Francisco L\u00f3pez, nuevos Acad\u00e9micos Correspondientes de la RAMSE\"><\/a>\n\t<\/div>\n<\/div>\n<\/div>\n<\/li>\n\t\t\t\n\t\t\t\n\t\t\t\t\t\t\t\t\t\t\t\t\t\t\t\t\t\t\t\t\t\t\t\t\t\t\t\t\t\t\t\t\t\t\t\t\t\t\t\t\t\t\t\t\t\t\t\t\t\t\t\t\t\t\t\t\t\t\t\t\t\t\t\t\t\t\t\t<\/ul>\n\t<\/div>\n\t<div class=\"fusion-date-and-formats\"><div class=\"fusion-date-box updated\"><span class=\"fusion-date\">octubre<\/span><span class=\"fusion-month-year\">12:40 pm<\/span><\/div><div class=\"fusion-format-box\"><i class=\"awb-icon-pen\" aria-hidden=\"true\"><\/i><\/div><\/div><div class=\"fusion-post-content post-content\"><h2 class=\"blog-shortcode-post-title entry-title\"><a href=\"https:\/\/ramse.es\/wordpress\/los-dres-bernabe-galan-y-francisco-lopez-nuevos-academicos-correspondientes-de-la-ramse\/\">Los Dres. Bernab\u00e9 Gal\u00e1n y Francisco L\u00f3pez, nuevos Acad\u00e9micos Correspondientes de la RAMSE<\/a><\/h2><p class=\"fusion-single-line-meta\">Por <span class=\"vcard\"><span class=\"fn\"><a href=\"https:\/\/ramse.es\/wordpress\/author\/prensa\/\" title=\"Entradas de Mar\u00eda\" rel=\"author\">Mar\u00eda<\/a><\/span><\/span><span class=\"fusion-inline-sep\">|<\/span><span class=\"updated\" style=\"display:none;\">2023-10-26T20:27:11+02:00<\/span><span>octubre 21st, 2023<\/span><span class=\"fusion-inline-sep\">|<\/span>Categor\u00edas: <a href=\"https:\/\/ramse.es\/wordpress\/category\/actos-academicos\/academicos-correspondientes\/\" rel=\"category tag\">Acad\u00e9micos Correspondientes<\/a>, <a href=\"https:\/\/ramse.es\/wordpress\/category\/actos-academicos\/\" rel=\"category tag\">Actos Acad\u00e9micos<\/a><span class=\"fusion-inline-sep\">|<\/span><span class=\"meta-tags\">Etiquetas: <a href=\"https:\/\/ramse.es\/wordpress\/tag\/dr-bernabe-galan\/\" rel=\"tag\">Dr. Bernabe Galan<\/a>, <a href=\"https:\/\/ramse.es\/wordpress\/tag\/dr-francisco-lopez\/\" rel=\"tag\">Dr. Francisco Lopez<\/a>, <a href=\"https:\/\/ramse.es\/wordpress\/tag\/medicina-rural\/\" rel=\"tag\">Medicina Rural<\/a><\/span><span class=\"fusion-inline-sep\">|<\/span><\/p><div class=\"fusion-post-content-container\"><p>La Real Academia de Medicina y Cirug\u00eda de Sevilla acogi\u00f3 el pasado jueves, 19 de octubre, la recepci\u00f3n de dos nuevos Acad\u00e9micos Correspondientes. Se trata de los doctores Bernab\u00e9 Gal\u00e1n S\u00e1nchez, especialista en Medicina Familiar y Comunitaria y Francisco L\u00f3pez Mu\u00f1oz, especialista en Medicina Farmac\u00e9utica. El Dr. D. Bernab\u00e9 Gal\u00e1n S\u00e1nchez se licenci\u00f3 en Medicina por la Universidad de Sevilla en 1975 y obtuvo el grado de doctor en C\u00f3rdoba <a href=\"https:\/\/ramse.es\/wordpress\/los-dres-bernabe-galan-y-francisco-lopez-nuevos-academicos-correspondientes-de-la-ramse\/\">[...]<\/a><\/p><\/div><\/div><div class=\"fusion-clearfix\"><\/div><div class=\"fusion-meta-info\"><div class=\"fusion-alignright\"><a class=\"fusion-read-more\" href=\"https:\/\/ramse.es\/wordpress\/los-dres-bernabe-galan-y-francisco-lopez-nuevos-academicos-correspondientes-de-la-ramse\/\" aria-label=\"More on Los Dres. Bernab\u00e9 Gal\u00e1n y Francisco L\u00f3pez, nuevos Acad\u00e9micos Correspondientes de la RAMSE\">Leer M\u00e1s<\/a><\/div><\/div><\/article>\n<article id=\"blog-1-post-4550\" class=\"fusion-post-large-alternate post-4550 post type-post status-publish format-standard has-post-thumbnail hentry category-academico-de-erudicion category-actos-academicos tag-academico-erudicion tag-d-pedro-gonzalez-trevijano tag-tribunal-constitucional\">\n\t<style type=\"text\/css\">\n\t\t\n\t\t\n\t\t\n\t\t\n\t\t\t<\/style>\n\n\n\t\t\t<div class=\"fusion-flexslider flexslider fusion-flexslider-loading fusion-post-slideshow\" style=\"\">\n\t\t<ul class=\"slides\">\n\t\t\t\n\t\t\t\t\t\t\t\t\t\t\t\t\t\t<li><div  class=\"fusion-image-wrapper\" aria-haspopup=\"true\">\n\t\t\t\t<img decoding=\"async\" width=\"2362\" height=\"1772\" src=\"https:\/\/ramse.es\/wordpress\/wp-content\/uploads\/2023\/10\/Academico-Erudicion-Gonzalez-Trevijano.jpg\" class=\"attachment-full size-full wp-post-image\" alt=\"\" srcset=\"https:\/\/ramse.es\/wordpress\/wp-content\/uploads\/2023\/10\/Academico-Erudicion-Gonzalez-Trevijano-200x150.jpg 200w, https:\/\/ramse.es\/wordpress\/wp-content\/uploads\/2023\/10\/Academico-Erudicion-Gonzalez-Trevijano-400x300.jpg 400w, https:\/\/ramse.es\/wordpress\/wp-content\/uploads\/2023\/10\/Academico-Erudicion-Gonzalez-Trevijano-600x450.jpg 600w, https:\/\/ramse.es\/wordpress\/wp-content\/uploads\/2023\/10\/Academico-Erudicion-Gonzalez-Trevijano-800x600.jpg 800w, https:\/\/ramse.es\/wordpress\/wp-content\/uploads\/2023\/10\/Academico-Erudicion-Gonzalez-Trevijano-1200x900.jpg 1200w, https:\/\/ramse.es\/wordpress\/wp-content\/uploads\/2023\/10\/Academico-Erudicion-Gonzalez-Trevijano.jpg 2362w\" sizes=\"(max-width: 1000px) 100vw, 800px\" \/><div class=\"fusion-rollover\">\n\t<div class=\"fusion-rollover-content\">\n\n\t\t\t\t\t\t\t\t\t\t\t\t\t\t<a class=\"fusion-rollover-link\" href=\"https:\/\/ramse.es\/wordpress\/pedro-gonzalez-trevijano-expresidente-del-tribunal-constitucional-academico-de-erudicion-de-la-ramse\/\">Pedro Gonz\u00e1lez-Trevijano, expresidente del Tribunal Constitucional, Acad\u00e9mico de Erudici\u00f3n de la RAMSE<\/a>\n\t\t\t\n\t\t\t\t\t\t\t\t\t\t\t\t\t\t\n\t\t\t\t\t\t\t\t\n\t\t\t\t\t\t\t\t\t\t\t\t\t<div class=\"fusion-rollover-sep\"><\/div>\n\t\t\t\t\n\t\t\t\t\t\t\t\t\t\t\t\t\t\t\t\t\t\t<a class=\"fusion-rollover-gallery\" href=\"https:\/\/ramse.es\/wordpress\/wp-content\/uploads\/2023\/10\/Academico-Erudicion-Gonzalez-Trevijano.jpg\" data-id=\"4550\" data-rel=\"iLightbox[gallery]\" data-title=\"Academico Erudicion Gonzalez-Trevijano\" data-caption=\"\">\n\t\t\t\t\t\tGaler\u00eda\t\t\t\t\t<\/a>\n\t\t\t\t\t\t\t\t\t\t\t\t\t\t\n\t\t\n\t\t\t\t\t\t\t\t\n\t\t\t\t\t\t\t\t\n\t\t\n\t\t\t\t\t\t<a class=\"fusion-link-wrapper\" href=\"https:\/\/ramse.es\/wordpress\/pedro-gonzalez-trevijano-expresidente-del-tribunal-constitucional-academico-de-erudicion-de-la-ramse\/\" aria-label=\"Pedro Gonz\u00e1lez-Trevijano, expresidente del Tribunal Constitucional, Acad\u00e9mico de Erudici\u00f3n de la RAMSE\"><\/a>\n\t<\/div>\n<\/div>\n<\/div>\n<\/li>\n\t\t\t\n\t\t\t\n\t\t\t\t\t\t\t\t\t\t\t\t\t\t\t\t\t\t\t\t\t\t\t\t\t\t\t\t\t\t\t\t\t\t\t\t\t\t\t\t\t\t\t\t\t\t\t\t\t\t\t\t\t\t\t\t\t\t\t\t\t\t\t\t\t\t\t\t<\/ul>\n\t<\/div>\n\t<div class=\"fusion-date-and-formats\"><div class=\"fusion-date-box updated\"><span class=\"fusion-date\">octubre<\/span><span class=\"fusion-month-year\">10:49 am<\/span><\/div><div class=\"fusion-format-box\"><i class=\"awb-icon-pen\" aria-hidden=\"true\"><\/i><\/div><\/div><div class=\"fusion-post-content post-content\"><h2 class=\"blog-shortcode-post-title entry-title\"><a href=\"https:\/\/ramse.es\/wordpress\/pedro-gonzalez-trevijano-expresidente-del-tribunal-constitucional-academico-de-erudicion-de-la-ramse\/\">Pedro Gonz\u00e1lez-Trevijano, expresidente del Tribunal Constitucional, Acad\u00e9mico de Erudici\u00f3n de la RAMSE<\/a><\/h2><p class=\"fusion-single-line-meta\">Por <span class=\"vcard\"><span class=\"fn\"><a href=\"https:\/\/ramse.es\/wordpress\/author\/prensa\/\" title=\"Entradas de Mar\u00eda\" rel=\"author\">Mar\u00eda<\/a><\/span><\/span><span class=\"fusion-inline-sep\">|<\/span><span class=\"updated\" style=\"display:none;\">2023-10-13T11:36:50+02:00<\/span><span>octubre 13th, 2023<\/span><span class=\"fusion-inline-sep\">|<\/span>Categor\u00edas: <a href=\"https:\/\/ramse.es\/wordpress\/category\/academico-de-erudicion\/\" rel=\"category tag\">Acad\u00e9mico de Erudici\u00f3n<\/a>, <a href=\"https:\/\/ramse.es\/wordpress\/category\/actos-academicos\/\" rel=\"category tag\">Actos Acad\u00e9micos<\/a><span class=\"fusion-inline-sep\">|<\/span><span class=\"meta-tags\">Etiquetas: <a href=\"https:\/\/ramse.es\/wordpress\/tag\/academico-erudicion\/\" rel=\"tag\">Acad\u00e9mico Erudici\u00f3n<\/a>, <a href=\"https:\/\/ramse.es\/wordpress\/tag\/d-pedro-gonzalez-trevijano\/\" rel=\"tag\">D. Pedro Gonz\u00e1lez-Trevijano<\/a>, <a href=\"https:\/\/ramse.es\/wordpress\/tag\/tribunal-constitucional\/\" rel=\"tag\">Tribunal Constitucional<\/a><\/span><span class=\"fusion-inline-sep\">|<\/span><\/p><div class=\"fusion-post-content-container\"><p>La Real Academia de Medicina y Cirug\u00eda de Sevilla (RAMSE) celebr\u00f3 el pasado domingo, 8 de octubre, a las 12:00 h., la Sesi\u00f3n P\u00fablica y Extraordinaria en la que ha tomado posesi\u00f3n como Acad\u00e9mico de Erudici\u00f3n al Excmo. Sr. D. Pedro Gonz\u00e1lez-Trevijano S\u00e1nchez (Madrid, 1958) jurista y catedr\u00e1tico de Derecho Constitucional espa\u00f1ol, quien fue magistrado del Tribunal Constitucional entre 2013 y 2023 y presidente del mismo entre 2021 y 2023. <a href=\"https:\/\/ramse.es\/wordpress\/pedro-gonzalez-trevijano-expresidente-del-tribunal-constitucional-academico-de-erudicion-de-la-ramse\/\">[...]<\/a><\/p><\/div><\/div><div class=\"fusion-clearfix\"><\/div><div class=\"fusion-meta-info\"><div class=\"fusion-alignright\"><a class=\"fusion-read-more\" href=\"https:\/\/ramse.es\/wordpress\/pedro-gonzalez-trevijano-expresidente-del-tribunal-constitucional-academico-de-erudicion-de-la-ramse\/\" aria-label=\"More on Pedro Gonz\u00e1lez-Trevijano, expresidente del Tribunal Constitucional, Acad\u00e9mico de Erudici\u00f3n de la RAMSE\">Leer M\u00e1s<\/a><\/div><\/div><\/article>\n<article id=\"blog-1-post-4545\" class=\"fusion-post-large-alternate post-4545 post type-post status-publish format-standard has-post-thumbnail hentry category-academicos-correspondientes category-actos-academicos tag-dra-carmen-echevarria tag-dra-maria-dolores-franco\">\n\t<style type=\"text\/css\">\n\t\t\n\t\t\n\t\t\n\t\t\n\t\t\t<\/style>\n\n\n\t\t\t<div class=\"fusion-flexslider flexslider fusion-flexslider-loading fusion-post-slideshow\" style=\"\">\n\t\t<ul class=\"slides\">\n\t\t\t\n\t\t\t\t\t\t\t\t\t\t\t\t\t\t<li><div  class=\"fusion-image-wrapper\" aria-haspopup=\"true\">\n\t\t\t\t<img decoding=\"async\" width=\"1620\" height=\"1080\" src=\"https:\/\/ramse.es\/wordpress\/wp-content\/uploads\/2023\/10\/RAMSE.-Academicas-Correspondiente.jpg\" class=\"attachment-full size-full wp-post-image\" alt=\"\" srcset=\"https:\/\/ramse.es\/wordpress\/wp-content\/uploads\/2023\/10\/RAMSE.-Academicas-Correspondiente-200x133.jpg 200w, https:\/\/ramse.es\/wordpress\/wp-content\/uploads\/2023\/10\/RAMSE.-Academicas-Correspondiente-400x267.jpg 400w, https:\/\/ramse.es\/wordpress\/wp-content\/uploads\/2023\/10\/RAMSE.-Academicas-Correspondiente-600x400.jpg 600w, https:\/\/ramse.es\/wordpress\/wp-content\/uploads\/2023\/10\/RAMSE.-Academicas-Correspondiente-800x533.jpg 800w, https:\/\/ramse.es\/wordpress\/wp-content\/uploads\/2023\/10\/RAMSE.-Academicas-Correspondiente-1200x800.jpg 1200w, https:\/\/ramse.es\/wordpress\/wp-content\/uploads\/2023\/10\/RAMSE.-Academicas-Correspondiente.jpg 1620w\" sizes=\"(max-width: 1000px) 100vw, 800px\" \/><div class=\"fusion-rollover\">\n\t<div class=\"fusion-rollover-content\">\n\n\t\t\t\t\t\t\t\t\t\t\t\t\t\t<a class=\"fusion-rollover-link\" href=\"https:\/\/ramse.es\/wordpress\/recepcion-de-dos-nuevas-academicas-correspondientes-de-la-real-academia-de-medicina-y-cirugia-de-sevilla\/\">Las Dras. Carmen Echevarr\u00eda y Mar\u00eda Dolores Franco nuevas Acad\u00e9micas Correspondientes de la RAMSE<\/a>\n\t\t\t\n\t\t\t\t\t\t\t\t\t\t\t\t\t\t\n\t\t\t\t\t\t\t\t\n\t\t\t\t\t\t\t\t\t\t\t\t\t<div class=\"fusion-rollover-sep\"><\/div>\n\t\t\t\t\n\t\t\t\t\t\t\t\t\t\t\t\t\t\t\t\t\t\t<a class=\"fusion-rollover-gallery\" href=\"https:\/\/ramse.es\/wordpress\/wp-content\/uploads\/2023\/10\/RAMSE.-Academicas-Correspondiente.jpg\" data-id=\"4545\" data-rel=\"iLightbox[gallery]\" data-title=\"RAMSE. Acade\u0301micas Correspondiente\" data-caption=\"\">\n\t\t\t\t\t\tGaler\u00eda\t\t\t\t\t<\/a>\n\t\t\t\t\t\t\t\t\t\t\t\t\t\t\n\t\t\n\t\t\t\t\t\t\t\t\n\t\t\t\t\t\t\t\t\n\t\t\n\t\t\t\t\t\t<a class=\"fusion-link-wrapper\" href=\"https:\/\/ramse.es\/wordpress\/recepcion-de-dos-nuevas-academicas-correspondientes-de-la-real-academia-de-medicina-y-cirugia-de-sevilla\/\" aria-label=\"Las Dras. Carmen Echevarr\u00eda y Mar\u00eda Dolores Franco nuevas Acad\u00e9micas Correspondientes de la RAMSE\"><\/a>\n\t<\/div>\n<\/div>\n<\/div>\n<\/li>\n\t\t\t\n\t\t\t\n\t\t\t\t\t\t\t\t\t\t\t\t\t\t\t\t\t\t\t\t\t\t\t\t\t\t\t\t\t\t\t\t\t\t\t\t\t\t\t\t\t\t\t\t\t\t\t\t\t\t\t\t\t\t\t\t\t\t\t\t\t\t\t\t\t\t\t\t<\/ul>\n\t<\/div>\n\t<div class=\"fusion-date-and-formats\"><div class=\"fusion-date-box updated\"><span class=\"fusion-date\">octubre<\/span><span class=\"fusion-month-year\">10:37 pm<\/span><\/div><div class=\"fusion-format-box\"><i class=\"awb-icon-pen\" aria-hidden=\"true\"><\/i><\/div><\/div><div class=\"fusion-post-content post-content\"><h2 class=\"blog-shortcode-post-title entry-title\"><a href=\"https:\/\/ramse.es\/wordpress\/recepcion-de-dos-nuevas-academicas-correspondientes-de-la-real-academia-de-medicina-y-cirugia-de-sevilla\/\">Las Dras. Carmen Echevarr\u00eda y Mar\u00eda Dolores Franco nuevas Acad\u00e9micas Correspondientes de la RAMSE<\/a><\/h2><p class=\"fusion-single-line-meta\">Por <span class=\"vcard\"><span class=\"fn\"><a href=\"https:\/\/ramse.es\/wordpress\/author\/prensa\/\" title=\"Entradas de Mar\u00eda\" rel=\"author\">Mar\u00eda<\/a><\/span><\/span><span class=\"fusion-inline-sep\">|<\/span><span class=\"updated\" style=\"display:none;\">2023-11-19T11:10:51+02:00<\/span><span>octubre 7th, 2023<\/span><span class=\"fusion-inline-sep\">|<\/span>Categor\u00edas: <a href=\"https:\/\/ramse.es\/wordpress\/category\/actos-academicos\/academicos-correspondientes\/\" rel=\"category tag\">Acad\u00e9micos Correspondientes<\/a>, <a href=\"https:\/\/ramse.es\/wordpress\/category\/actos-academicos\/\" rel=\"category tag\">Actos Acad\u00e9micos<\/a><span class=\"fusion-inline-sep\">|<\/span><span class=\"meta-tags\">Etiquetas: <a href=\"https:\/\/ramse.es\/wordpress\/tag\/dra-carmen-echevarria\/\" rel=\"tag\">Dra. Carmen Echevarr\u00eda<\/a>, <a href=\"https:\/\/ramse.es\/wordpress\/tag\/dra-maria-dolores-franco\/\" rel=\"tag\">Dra. Mar\u00eda Dolores Franco<\/a><\/span><span class=\"fusion-inline-sep\">|<\/span><\/p><div class=\"fusion-post-content-container\"><p>La Real Academia de Medicina y Cirug\u00eda de Sevilla ha acogido la recepci\u00f3n de dos nuevas Acad\u00e9micas Correspondientes. Se trata de las doctoras D\u00f1a. Carmen Echevarr\u00eda Ruiz de Vargas, especialista en Medicina F\u00edsica y Rehabilitaci\u00f3n y D\u00f1a. Mar\u00eda Dolores Franco Fern\u00e1ndez, especialista en Psiquiatr\u00eda. El acto tuvo lugar ayer jueves, en el sal\u00f3n de actos \u201cRam\u00f3n y Cajal\u201d de la sede de la RAMSE. Tema: \u201cAtenci\u00f3n Integral a las Secuelas <a href=\"https:\/\/ramse.es\/wordpress\/recepcion-de-dos-nuevas-academicas-correspondientes-de-la-real-academia-de-medicina-y-cirugia-de-sevilla\/\">[...]<\/a><\/p><\/div><\/div><div class=\"fusion-clearfix\"><\/div><div class=\"fusion-meta-info\"><div class=\"fusion-alignright\"><a class=\"fusion-read-more\" href=\"https:\/\/ramse.es\/wordpress\/recepcion-de-dos-nuevas-academicas-correspondientes-de-la-real-academia-de-medicina-y-cirugia-de-sevilla\/\" aria-label=\"More on Las Dras. Carmen Echevarr\u00eda y Mar\u00eda Dolores Franco nuevas Acad\u00e9micas Correspondientes de la RAMSE\">Leer M\u00e1s<\/a><\/div><\/div><\/article>\n<article id=\"blog-1-post-4505\" class=\"fusion-post-large-alternate post-4505 post type-post status-publish format-standard has-post-thumbnail hentry category-mesa-redonda tag-cuidados-paliativos tag-eutanasia\">\n\t<style type=\"text\/css\">\n\t\t\n\t\t\n\t\t\n\t\t\n\t\t\t<\/style>\n\n\n\t\t\t<div class=\"fusion-flexslider flexslider fusion-flexslider-loading fusion-post-slideshow\" style=\"\">\n\t\t<ul class=\"slides\">\n\t\t\t\n\t\t\t\t\t\t\t\t\t\t\t\t\t\t<li><div  class=\"fusion-image-wrapper\" aria-haspopup=\"true\">\n\t\t\t\t<img decoding=\"async\" width=\"1024\" height=\"800\" src=\"https:\/\/ramse.es\/wordpress\/wp-content\/uploads\/2023\/07\/Mesa-Eutanasia.jpeg\" class=\"attachment-full size-full wp-post-image\" alt=\"\" srcset=\"https:\/\/ramse.es\/wordpress\/wp-content\/uploads\/2023\/07\/Mesa-Eutanasia-200x156.jpeg 200w, https:\/\/ramse.es\/wordpress\/wp-content\/uploads\/2023\/07\/Mesa-Eutanasia-400x313.jpeg 400w, https:\/\/ramse.es\/wordpress\/wp-content\/uploads\/2023\/07\/Mesa-Eutanasia-600x469.jpeg 600w, https:\/\/ramse.es\/wordpress\/wp-content\/uploads\/2023\/07\/Mesa-Eutanasia-800x625.jpeg 800w, https:\/\/ramse.es\/wordpress\/wp-content\/uploads\/2023\/07\/Mesa-Eutanasia.jpeg 1024w\" sizes=\"(max-width: 1000px) 100vw, 800px\" \/><div class=\"fusion-rollover\">\n\t<div class=\"fusion-rollover-content\">\n\n\t\t\t\t\t\t\t\t\t\t\t\t\t\t<a class=\"fusion-rollover-link\" href=\"https:\/\/ramse.es\/wordpress\/la-eutanasia-a-debate-en-la-real-academia-de-medicina-y-cirugia-de-sevilla\/\">La Eutanasia, a debate en la Real Academia de Medicina y Cirug\u00eda de Sevilla<\/a>\n\t\t\t\n\t\t\t\t\t\t\t\t\t\t\t\t\t\t\n\t\t\t\t\t\t\t\t\n\t\t\t\t\t\t\t\t\t\t\t\t\t<div class=\"fusion-rollover-sep\"><\/div>\n\t\t\t\t\n\t\t\t\t\t\t\t\t\t\t\t\t\t\t\t\t\t\t<a class=\"fusion-rollover-gallery\" href=\"https:\/\/ramse.es\/wordpress\/wp-content\/uploads\/2023\/07\/Mesa-Eutanasia.jpeg\" data-id=\"4505\" data-rel=\"iLightbox[gallery]\" data-title=\"Mesa Eutanasia\" data-caption=\"\">\n\t\t\t\t\t\tGaler\u00eda\t\t\t\t\t<\/a>\n\t\t\t\t\t\t\t\t\t\t\t\t\t\t\n\t\t\n\t\t\t\t\t\t\t\t\n\t\t\t\t\t\t\t\t\n\t\t\n\t\t\t\t\t\t<a class=\"fusion-link-wrapper\" href=\"https:\/\/ramse.es\/wordpress\/la-eutanasia-a-debate-en-la-real-academia-de-medicina-y-cirugia-de-sevilla\/\" aria-label=\"La Eutanasia, a debate en la Real Academia de Medicina y Cirug\u00eda de Sevilla\"><\/a>\n\t<\/div>\n<\/div>\n<\/div>\n<\/li>\n\t\t\t\n\t\t\t\n\t\t\t\t\t\t\t\t\t\t\t\t\t\t\t\t\t\t\t\t\t\t\t\t\t\t\t\t\t\t\t\t\t\t\t\t\t\t\t\t\t\t\t\t\t\t\t\t\t\t\t\t\t\t\t\t\t\t\t\t\t\t\t\t\t\t\t\t<\/ul>\n\t<\/div>\n\t<div class=\"fusion-date-and-formats\"><div class=\"fusion-date-box updated\"><span class=\"fusion-date\">julio<\/span><span class=\"fusion-month-year\">9:56 am<\/span><\/div><div class=\"fusion-format-box\"><i class=\"awb-icon-pen\" aria-hidden=\"true\"><\/i><\/div><\/div><div class=\"fusion-post-content post-content\"><h2 class=\"blog-shortcode-post-title entry-title\"><a href=\"https:\/\/ramse.es\/wordpress\/la-eutanasia-a-debate-en-la-real-academia-de-medicina-y-cirugia-de-sevilla\/\">La Eutanasia, a debate en la Real Academia de Medicina y Cirug\u00eda de Sevilla<\/a><\/h2><p class=\"fusion-single-line-meta\">Por <span class=\"vcard\"><span class=\"fn\"><a href=\"https:\/\/ramse.es\/wordpress\/author\/prensa\/\" title=\"Entradas de Mar\u00eda\" rel=\"author\">Mar\u00eda<\/a><\/span><\/span><span class=\"fusion-inline-sep\">|<\/span><span class=\"updated\" style=\"display:none;\">2023-07-07T10:54:59+02:00<\/span><span>julio 3rd, 2023<\/span><span class=\"fusion-inline-sep\">|<\/span>Categor\u00edas: <a href=\"https:\/\/ramse.es\/wordpress\/category\/mesa-redonda\/\" rel=\"category tag\">Mesa redonda<\/a><span class=\"fusion-inline-sep\">|<\/span><span class=\"meta-tags\">Etiquetas: <a href=\"https:\/\/ramse.es\/wordpress\/tag\/cuidados-paliativos\/\" rel=\"tag\">Cuidados Paliativos<\/a>, <a href=\"https:\/\/ramse.es\/wordpress\/tag\/eutanasia\/\" rel=\"tag\">Eutanasia<\/a><\/span><span class=\"fusion-inline-sep\">|<\/span><\/p><div class=\"fusion-post-content-container\"><p>El sal\u00f3n de actos Ram\u00f3n y Cajal de la Real Academia de Medicina y Cirug\u00eda de Sevilla acogi\u00f3 este jueves la celebraci\u00f3n de la mesa redonda \u2018\u00bfQu\u00e9 necesitamos hoy: eutanasia o cuidados paliativos?\u2019. Esta iniciativa se llev\u00f3 a cabo en el marco del convenio entre la instituci\u00f3n m\u00e9dica y la Fundaci\u00f3n Universitaria CEU Fernando III -en colaboraci\u00f3n con la Asociaci\u00f3n Cat\u00f3lica de Propagandistas-. El acto estuvo presidido por Blas Rodr\u00edguez <a href=\"https:\/\/ramse.es\/wordpress\/la-eutanasia-a-debate-en-la-real-academia-de-medicina-y-cirugia-de-sevilla\/\">[...]<\/a><\/p><\/div><\/div><div class=\"fusion-clearfix\"><\/div><div class=\"fusion-meta-info\"><div class=\"fusion-alignright\"><a class=\"fusion-read-more\" href=\"https:\/\/ramse.es\/wordpress\/la-eutanasia-a-debate-en-la-real-academia-de-medicina-y-cirugia-de-sevilla\/\" aria-label=\"More on La Eutanasia, a debate en la Real Academia de Medicina y Cirug\u00eda de Sevilla\">Leer M\u00e1s<\/a><\/div><\/div><\/article>\n<article id=\"blog-1-post-4498\" class=\"fusion-post-large-alternate post-4498 post type-post status-publish format-standard has-post-thumbnail hentry category-catedra-de-divulgacion category-convenio tag-catedra-de-divulgacion-oncologica tag-fundacion\">\n\t<style type=\"text\/css\">\n\t\t\n\t\t\n\t\t\n\t\t\n\t\t\t<\/style>\n\n\n\t\t\t<div class=\"fusion-flexslider flexslider fusion-flexslider-loading fusion-post-slideshow\" style=\"\">\n\t\t<ul class=\"slides\">\n\t\t\t\n\t\t\t\t\t\t\t\t\t\t\t\t\t\t<li><div  class=\"fusion-image-wrapper\" aria-haspopup=\"true\">\n\t\t\t\t<img decoding=\"async\" width=\"2560\" height=\"1920\" src=\"https:\/\/ramse.es\/wordpress\/wp-content\/uploads\/2023\/06\/Firma-Convenio-scaled.jpeg\" class=\"attachment-full size-full wp-post-image\" alt=\"\" srcset=\"https:\/\/ramse.es\/wordpress\/wp-content\/uploads\/2023\/06\/Firma-Convenio-200x150.jpeg 200w, https:\/\/ramse.es\/wordpress\/wp-content\/uploads\/2023\/06\/Firma-Convenio-400x300.jpeg 400w, https:\/\/ramse.es\/wordpress\/wp-content\/uploads\/2023\/06\/Firma-Convenio-600x450.jpeg 600w, https:\/\/ramse.es\/wordpress\/wp-content\/uploads\/2023\/06\/Firma-Convenio-800x600.jpeg 800w, https:\/\/ramse.es\/wordpress\/wp-content\/uploads\/2023\/06\/Firma-Convenio-1200x900.jpeg 1200w, https:\/\/ramse.es\/wordpress\/wp-content\/uploads\/2023\/06\/Firma-Convenio-scaled.jpeg 2560w\" sizes=\"(max-width: 1000px) 100vw, 800px\" \/><div class=\"fusion-rollover\">\n\t<div class=\"fusion-rollover-content\">\n\n\t\t\t\t\t\t\t\t\t\t\t\t\t\t<a class=\"fusion-rollover-link\" href=\"https:\/\/ramse.es\/wordpress\/convenio-de-colaboracion-entre-la-fundacion-de-la-ramse-y-la-fundacion-excelencia-y-calidad-de-la-oncologia\/\">Convenio de colaboraci\u00f3n entre la Fundaci\u00f3n de la RAMSE y la Fundaci\u00f3n Excelencia y Calidad de la Oncolog\u00eda<\/a>\n\t\t\t\n\t\t\t\t\t\t\t\t\t\t\t\t\t\t\n\t\t\t\t\t\t\t\t\n\t\t\t\t\t\t\t\t\t\t\t\t\t<div class=\"fusion-rollover-sep\"><\/div>\n\t\t\t\t\n\t\t\t\t\t\t\t\t\t\t\t\t\t\t\t\t\t\t<a class=\"fusion-rollover-gallery\" href=\"https:\/\/ramse.es\/wordpress\/wp-content\/uploads\/2023\/06\/Firma-Convenio-scaled.jpeg\" data-id=\"4498\" data-rel=\"iLightbox[gallery]\" data-title=\"Firma Convenio\" data-caption=\"\">\n\t\t\t\t\t\tGaler\u00eda\t\t\t\t\t<\/a>\n\t\t\t\t\t\t\t\t\t\t\t\t\t\t\n\t\t\n\t\t\t\t\t\t\t\t\n\t\t\t\t\t\t\t\t\n\t\t\n\t\t\t\t\t\t<a class=\"fusion-link-wrapper\" href=\"https:\/\/ramse.es\/wordpress\/convenio-de-colaboracion-entre-la-fundacion-de-la-ramse-y-la-fundacion-excelencia-y-calidad-de-la-oncologia\/\" aria-label=\"Convenio de colaboraci\u00f3n entre la Fundaci\u00f3n de la RAMSE y la Fundaci\u00f3n Excelencia y Calidad de la Oncolog\u00eda\"><\/a>\n\t<\/div>\n<\/div>\n<\/div>\n<\/li>\n\t\t\t\n\t\t\t\n\t\t\t\t\t\t\t\t\t\t\t\t\t\t\t\t\t\t\t\t\t\t\t\t\t\t\t\t\t\t\t\t\t\t\t\t\t\t\t\t\t\t\t\t\t\t\t\t\t\t\t\t\t\t\t\t\t\t\t\t\t\t\t\t\t\t\t\t<\/ul>\n\t<\/div>\n\t<div class=\"fusion-date-and-formats\"><div class=\"fusion-date-box updated\"><span class=\"fusion-date\">junio<\/span><span class=\"fusion-month-year\">2:01 pm<\/span><\/div><div class=\"fusion-format-box\"><i class=\"awb-icon-pen\" aria-hidden=\"true\"><\/i><\/div><\/div><div class=\"fusion-post-content post-content\"><h2 class=\"blog-shortcode-post-title entry-title\"><a href=\"https:\/\/ramse.es\/wordpress\/convenio-de-colaboracion-entre-la-fundacion-de-la-ramse-y-la-fundacion-excelencia-y-calidad-de-la-oncologia\/\">Convenio de colaboraci\u00f3n entre la Fundaci\u00f3n de la RAMSE y la Fundaci\u00f3n Excelencia y Calidad de la Oncolog\u00eda<\/a><\/h2><p class=\"fusion-single-line-meta\">Por <span class=\"vcard\"><span class=\"fn\"><a href=\"https:\/\/ramse.es\/wordpress\/author\/prensa\/\" title=\"Entradas de Mar\u00eda\" rel=\"author\">Mar\u00eda<\/a><\/span><\/span><span class=\"fusion-inline-sep\">|<\/span><span class=\"updated\" style=\"display:none;\">2023-06-22T14:26:51+02:00<\/span><span>junio 19th, 2023<\/span><span class=\"fusion-inline-sep\">|<\/span>Categor\u00edas: <a href=\"https:\/\/ramse.es\/wordpress\/category\/catedra-de-divulgacion\/\" rel=\"category tag\">Catedra de Divulgaci\u00f3n<\/a>, <a href=\"https:\/\/ramse.es\/wordpress\/category\/convenio\/\" rel=\"category tag\">Convenio<\/a><span class=\"fusion-inline-sep\">|<\/span><span class=\"meta-tags\">Etiquetas: <a href=\"https:\/\/ramse.es\/wordpress\/tag\/catedra-de-divulgacion-oncologica\/\" rel=\"tag\">C\u00e1tedra de Divulgaci\u00f3n Oncol\u00f3gica<\/a>, <a href=\"https:\/\/ramse.es\/wordpress\/tag\/fundacion\/\" rel=\"tag\">Fundaci\u00f3n<\/a><\/span><span class=\"fusion-inline-sep\">|<\/span><\/p><div class=\"fusion-post-content-container\"><p>La Fundaci\u00f3n de la Real Academia de Cirug\u00eda y Medicina de Sevilla (RAMSE) ha firmado un convenio de colaboraci\u00f3n con la Fundaci\u00f3n Excelencia y Calidad de la Oncolog\u00eda (ECO). El presente convenio tiene por objeto fomentar la participaci\u00f3n de la Fundaci\u00f3n ECO en el desarrollo de los fines de la Fundaci\u00f3n de la RAMSE, as\u00ed como fomentar la intervenci\u00f3n en sus actividades. Tras la firma del acuerdo, ECO asume el <a href=\"https:\/\/ramse.es\/wordpress\/convenio-de-colaboracion-entre-la-fundacion-de-la-ramse-y-la-fundacion-excelencia-y-calidad-de-la-oncologia\/\">[...]<\/a><\/p><\/div><\/div><div class=\"fusion-clearfix\"><\/div><div class=\"fusion-meta-info\"><div class=\"fusion-alignright\"><a class=\"fusion-read-more\" href=\"https:\/\/ramse.es\/wordpress\/convenio-de-colaboracion-entre-la-fundacion-de-la-ramse-y-la-fundacion-excelencia-y-calidad-de-la-oncologia\/\" aria-label=\"More on Convenio de colaboraci\u00f3n entre la Fundaci\u00f3n de la RAMSE y la Fundaci\u00f3n Excelencia y Calidad de la Oncolog\u00eda\">Leer M\u00e1s<\/a><\/div><\/div><\/article>\n<article id=\"blog-1-post-4470\" class=\"fusion-post-large-alternate post-4470 post type-post status-publish format-standard has-post-thumbnail hentry category-academico-de-numero tag-doctora-herrera-arooyo tag-hematologia\">\n\t<style type=\"text\/css\">\n\t\t\n\t\t\n\t\t\n\t\t\n\t\t\t<\/style>\n\n\n\t\t\t<div class=\"fusion-flexslider flexslider fusion-flexslider-loading fusion-post-slideshow\" style=\"\">\n\t\t<ul class=\"slides\">\n\t\t\t\n\t\t\t\t\t\t\t\t\t\t\t\t\t\t<li><div  class=\"fusion-image-wrapper\" aria-haspopup=\"true\">\n\t\t\t\t<img decoding=\"async\" width=\"2560\" height=\"1921\" src=\"https:\/\/ramse.es\/wordpress\/wp-content\/uploads\/2023\/06\/Toma-Posesion-Dra.-Herrera-RAMSE-scaled.jpg\" class=\"attachment-full size-full wp-post-image\" alt=\"\" srcset=\"https:\/\/ramse.es\/wordpress\/wp-content\/uploads\/2023\/06\/Toma-Posesion-Dra.-Herrera-RAMSE-200x150.jpg 200w, https:\/\/ramse.es\/wordpress\/wp-content\/uploads\/2023\/06\/Toma-Posesion-Dra.-Herrera-RAMSE-400x300.jpg 400w, https:\/\/ramse.es\/wordpress\/wp-content\/uploads\/2023\/06\/Toma-Posesion-Dra.-Herrera-RAMSE-600x450.jpg 600w, https:\/\/ramse.es\/wordpress\/wp-content\/uploads\/2023\/06\/Toma-Posesion-Dra.-Herrera-RAMSE-800x600.jpg 800w, https:\/\/ramse.es\/wordpress\/wp-content\/uploads\/2023\/06\/Toma-Posesion-Dra.-Herrera-RAMSE-1200x901.jpg 1200w, https:\/\/ramse.es\/wordpress\/wp-content\/uploads\/2023\/06\/Toma-Posesion-Dra.-Herrera-RAMSE-scaled.jpg 2560w\" sizes=\"(max-width: 1000px) 100vw, 800px\" \/><div class=\"fusion-rollover\">\n\t<div class=\"fusion-rollover-content\">\n\n\t\t\t\t\t\t\t\t\t\t\t\t\t\t<a class=\"fusion-rollover-link\" href=\"https:\/\/ramse.es\/wordpress\/la-hematologa-inmaculada-concepcion-herrera-arroyo-segunda-mujer-que-ingresa-en-la-ramse\/\">La hemat\u00f3loga Inmaculada Concepci\u00f3n Herrera Arroyo, segunda mujer que ingresa en la RAMSE<\/a>\n\t\t\t\n\t\t\t\t\t\t\t\t\t\t\t\t\t\t\n\t\t\t\t\t\t\t\t\n\t\t\t\t\t\t\t\t\t\t\t\t\t<div class=\"fusion-rollover-sep\"><\/div>\n\t\t\t\t\n\t\t\t\t\t\t\t\t\t\t\t\t\t\t\t\t\t\t<a class=\"fusion-rollover-gallery\" href=\"https:\/\/ramse.es\/wordpress\/wp-content\/uploads\/2023\/06\/Toma-Posesion-Dra.-Herrera-RAMSE-scaled.jpg\" data-id=\"4470\" data-rel=\"iLightbox[gallery]\" data-title=\"Toma Posesio\u0301n Dra. Herrera RAMSE\" data-caption=\"\">\n\t\t\t\t\t\tGaler\u00eda\t\t\t\t\t<\/a>\n\t\t\t\t\t\t\t\t\t\t\t\t\t\t\n\t\t\n\t\t\t\t\t\t\t\t\n\t\t\t\t\t\t\t\t\n\t\t\n\t\t\t\t\t\t<a class=\"fusion-link-wrapper\" href=\"https:\/\/ramse.es\/wordpress\/la-hematologa-inmaculada-concepcion-herrera-arroyo-segunda-mujer-que-ingresa-en-la-ramse\/\" aria-label=\"La hemat\u00f3loga Inmaculada Concepci\u00f3n Herrera Arroyo, segunda mujer que ingresa en la RAMSE\"><\/a>\n\t<\/div>\n<\/div>\n<\/div>\n<\/li>\n\t\t\t\n\t\t\t\n\t\t\t\t\t\t\t\t\t\t\t\t\t\t\t\t\t\t\t\t\t\t\t\t\t\t\t\t\t\t\t\t\t\t\t\t\t\t\t\t\t\t\t\t\t\t\t\t\t\t\t\t\t\t\t\t\t\t\t\t\t\t\t\t\t\t\t\t<\/ul>\n\t<\/div>\n\t<div class=\"fusion-date-and-formats\"><div class=\"fusion-date-box updated\"><span class=\"fusion-date\">junio<\/span><span class=\"fusion-month-year\">10:26 pm<\/span><\/div><div class=\"fusion-format-box\"><i class=\"awb-icon-pen\" aria-hidden=\"true\"><\/i><\/div><\/div><div class=\"fusion-post-content post-content\"><h2 class=\"blog-shortcode-post-title entry-title\"><a href=\"https:\/\/ramse.es\/wordpress\/la-hematologa-inmaculada-concepcion-herrera-arroyo-segunda-mujer-que-ingresa-en-la-ramse\/\">La hemat\u00f3loga Inmaculada Concepci\u00f3n Herrera Arroyo, segunda mujer que ingresa en la RAMSE<\/a><\/h2><p class=\"fusion-single-line-meta\">Por <span class=\"vcard\"><span class=\"fn\"><a href=\"https:\/\/ramse.es\/wordpress\/author\/prensa\/\" title=\"Entradas de Mar\u00eda\" rel=\"author\">Mar\u00eda<\/a><\/span><\/span><span class=\"fusion-inline-sep\">|<\/span><span class=\"updated\" style=\"display:none;\">2023-06-13T16:47:20+02:00<\/span><span>junio 4th, 2023<\/span><span class=\"fusion-inline-sep\">|<\/span>Categor\u00edas: <a href=\"https:\/\/ramse.es\/wordpress\/category\/academico-de-numero\/\" rel=\"category tag\">Acad\u00e9mico de N\u00famero<\/a><span class=\"fusion-inline-sep\">|<\/span><span class=\"meta-tags\">Etiquetas: <a href=\"https:\/\/ramse.es\/wordpress\/tag\/doctora-herrera-arooyo\/\" rel=\"tag\">Doctora Herrera Arooyo<\/a>, <a href=\"https:\/\/ramse.es\/wordpress\/tag\/hematologia\/\" rel=\"tag\">Hematologia<\/a><\/span><span class=\"fusion-inline-sep\">|<\/span><\/p><div class=\"fusion-post-content-container\"><p>La Doctora Inmaculada Concepci\u00f3n Herrera Arroyo, jefa de Servicio de Hematolog\u00eda y Directora de la Unidad de Terapia celular del Hospital Universitario Reina Sof\u00eda, ha tomado posesi\u00f3n como Acad\u00e9mica de N\u00famero de la Real Academia de Medicina y Cirug\u00eda de Sevilla (RAMSE) en la sesi\u00f3n p\u00fablica y extraordinaria que se ha celebrado en el Sal\u00f3n Ram\u00f3n y Cajal. Herrera Arroyo ocupa la plaza de Hematolog\u00eda que lleva 40 a\u00f1os vacante <a href=\"https:\/\/ramse.es\/wordpress\/la-hematologa-inmaculada-concepcion-herrera-arroyo-segunda-mujer-que-ingresa-en-la-ramse\/\">[...]<\/a><\/p><\/div><\/div><div class=\"fusion-clearfix\"><\/div><div class=\"fusion-meta-info\"><div class=\"fusion-alignright\"><a class=\"fusion-read-more\" href=\"https:\/\/ramse.es\/wordpress\/la-hematologa-inmaculada-concepcion-herrera-arroyo-segunda-mujer-que-ingresa-en-la-ramse\/\" aria-label=\"More on La hemat\u00f3loga Inmaculada Concepci\u00f3n Herrera Arroyo, segunda mujer que ingresa en la RAMSE\">Leer M\u00e1s<\/a><\/div><\/div><\/article>\n<article id=\"blog-1-post-4455\" class=\"fusion-post-large-alternate post-4455 post type-post status-publish format-standard has-post-thumbnail hentry category-actos-academicos tag-323-aniversario tag-dia-de-la-academia\">\n\t<style type=\"text\/css\">\n\t\t\n\t\t\n\t\t\n\t\t\n\t\t\t<\/style>\n\n\n\t\t\t<div class=\"fusion-flexslider flexslider fusion-flexslider-loading fusion-post-slideshow\" style=\"\">\n\t\t<ul class=\"slides\">\n\t\t\t\n\t\t\t\t\t\t\t\t\t\t\t\t\t\t<li><div  class=\"fusion-image-wrapper\" aria-haspopup=\"true\">\n\t\t\t\t<img decoding=\"async\" width=\"2560\" height=\"1920\" src=\"https:\/\/ramse.es\/wordpress\/wp-content\/uploads\/2023\/05\/20230525_201716-scaled.jpg\" class=\"attachment-full size-full wp-post-image\" alt=\"\" srcset=\"https:\/\/ramse.es\/wordpress\/wp-content\/uploads\/2023\/05\/20230525_201716-200x150.jpg 200w, https:\/\/ramse.es\/wordpress\/wp-content\/uploads\/2023\/05\/20230525_201716-400x300.jpg 400w, https:\/\/ramse.es\/wordpress\/wp-content\/uploads\/2023\/05\/20230525_201716-600x450.jpg 600w, https:\/\/ramse.es\/wordpress\/wp-content\/uploads\/2023\/05\/20230525_201716-800x600.jpg 800w, https:\/\/ramse.es\/wordpress\/wp-content\/uploads\/2023\/05\/20230525_201716-1200x900.jpg 1200w, https:\/\/ramse.es\/wordpress\/wp-content\/uploads\/2023\/05\/20230525_201716-scaled.jpg 2560w\" sizes=\"(max-width: 1000px) 100vw, 800px\" \/><div class=\"fusion-rollover\">\n\t<div class=\"fusion-rollover-content\">\n\n\t\t\t\t\t\t\t\t\t\t\t\t\t\t<a class=\"fusion-rollover-link\" href=\"https:\/\/ramse.es\/wordpress\/celebracion-del-dia-de-la-academia\/\">Celebraci\u00f3n del D\u00eda de la Academia<\/a>\n\t\t\t\n\t\t\t\t\t\t\t\t\t\t\t\t\t\t\n\t\t\t\t\t\t\t\t\n\t\t\t\t\t\t\t\t\t\t\t\t\t<div class=\"fusion-rollover-sep\"><\/div>\n\t\t\t\t\n\t\t\t\t\t\t\t\t\t\t\t\t\t\t\t\t\t\t<a class=\"fusion-rollover-gallery\" href=\"https:\/\/ramse.es\/wordpress\/wp-content\/uploads\/2023\/05\/20230525_201716-scaled.jpg\" data-id=\"4455\" data-rel=\"iLightbox[gallery]\" data-title=\"20230525_201716\" data-caption=\"\">\n\t\t\t\t\t\tGaler\u00eda\t\t\t\t\t<\/a>\n\t\t\t\t\t\t\t\t\t\t\t\t\t\t\n\t\t\n\t\t\t\t\t\t\t\t\n\t\t\t\t\t\t\t\t\n\t\t\n\t\t\t\t\t\t<a class=\"fusion-link-wrapper\" href=\"https:\/\/ramse.es\/wordpress\/celebracion-del-dia-de-la-academia\/\" aria-label=\"Celebraci\u00f3n del D\u00eda de la Academia\"><\/a>\n\t<\/div>\n<\/div>\n<\/div>\n<\/li>\n\t\t\t\n\t\t\t\n\t\t\t\t\t\t\t\t\t\t\t\t\t\t\t\t\t\t\t\t\t\t\t\t\t\t\t\t\t\t\t\t\t\t\t\t\t\t\t\t\t\t\t\t\t\t\t\t\t\t\t\t\t\t\t\t\t\t\t\t\t\t\t\t\t\t\t\t<\/ul>\n\t<\/div>\n\t<div class=\"fusion-date-and-formats\"><div class=\"fusion-date-box updated\"><span class=\"fusion-date\">mayo<\/span><span class=\"fusion-month-year\">7:15 pm<\/span><\/div><div class=\"fusion-format-box\"><i class=\"awb-icon-pen\" aria-hidden=\"true\"><\/i><\/div><\/div><div class=\"fusion-post-content post-content\"><h2 class=\"blog-shortcode-post-title entry-title\"><a href=\"https:\/\/ramse.es\/wordpress\/celebracion-del-dia-de-la-academia\/\">Celebraci\u00f3n del D\u00eda de la Academia<\/a><\/h2><p class=\"fusion-single-line-meta\">Por <span class=\"vcard\"><span class=\"fn\"><a href=\"https:\/\/ramse.es\/wordpress\/author\/prensa\/\" title=\"Entradas de Mar\u00eda\" rel=\"author\">Mar\u00eda<\/a><\/span><\/span><span class=\"fusion-inline-sep\">|<\/span><span class=\"updated\" style=\"display:none;\">2023-05-31T19:30:37+02:00<\/span><span>mayo 26th, 2023<\/span><span class=\"fusion-inline-sep\">|<\/span>Categor\u00edas: <a href=\"https:\/\/ramse.es\/wordpress\/category\/actos-academicos\/\" rel=\"category tag\">Actos Acad\u00e9micos<\/a><span class=\"fusion-inline-sep\">|<\/span><span class=\"meta-tags\">Etiquetas: <a href=\"https:\/\/ramse.es\/wordpress\/tag\/323-aniversario\/\" rel=\"tag\">323 aniversario<\/a>, <a href=\"https:\/\/ramse.es\/wordpress\/tag\/dia-de-la-academia\/\" rel=\"tag\">D\u00eda de la Academia<\/a><\/span><span class=\"fusion-inline-sep\">|<\/span><\/p><div class=\"fusion-post-content-container\"><p>La Real Academia de Medicina y Cirug\u00eda de Sevilla celebr\u00f3 ayer el D\u00eda de la Academia, el 323 aniversario de esta Regia Sociedad. Son 323 cumplea\u00f1os los que han transcurrido desde aquel lejano 25 de mayo de 1700, en que el rey Carlos II, el \u00faltimo de los Austrias aprob\u00f3 las primeras Ordenanzas, mediante Real C\u00e9dula del Consejo de Castilla, de la Regia Sociedad de Medicina y dem\u00e1s Ciencias de <a href=\"https:\/\/ramse.es\/wordpress\/celebracion-del-dia-de-la-academia\/\">[...]<\/a><\/p><\/div><\/div><div class=\"fusion-clearfix\"><\/div><div class=\"fusion-meta-info\"><div class=\"fusion-alignright\"><a class=\"fusion-read-more\" href=\"https:\/\/ramse.es\/wordpress\/celebracion-del-dia-de-la-academia\/\" aria-label=\"More on Celebraci\u00f3n del D\u00eda de la Academia\">Leer M\u00e1s<\/a><\/div><\/div><\/article>\n<article id=\"blog-1-post-4460\" class=\"fusion-post-large-alternate post-4460 post type-post status-publish format-standard has-post-thumbnail hentry category-catedra-de-divulgacion\">\n\t<style type=\"text\/css\">\n\t\t\n\t\t\n\t\t\n\t\t\n\t\t\t<\/style>\n\n\n\t\t\t<div class=\"fusion-flexslider flexslider fusion-flexslider-loading fusion-post-slideshow\" style=\"\">\n\t\t<ul class=\"slides\">\n\t\t\t\n\t\t\t\t\t\t\t\t\t\t\t\t\t\t<li><div  class=\"fusion-image-wrapper\" aria-haspopup=\"true\">\n\t\t\t\t<img decoding=\"async\" width=\"1961\" height=\"2048\" src=\"https:\/\/ramse.es\/wordpress\/wp-content\/uploads\/2023\/05\/a0aee34c-f1a1-43d4-946a-32697c90d1e8.jpg\" class=\"attachment-full size-full wp-post-image\" alt=\"\" srcset=\"https:\/\/ramse.es\/wordpress\/wp-content\/uploads\/2023\/05\/a0aee34c-f1a1-43d4-946a-32697c90d1e8-200x209.jpg 200w, https:\/\/ramse.es\/wordpress\/wp-content\/uploads\/2023\/05\/a0aee34c-f1a1-43d4-946a-32697c90d1e8-400x418.jpg 400w, https:\/\/ramse.es\/wordpress\/wp-content\/uploads\/2023\/05\/a0aee34c-f1a1-43d4-946a-32697c90d1e8-600x627.jpg 600w, https:\/\/ramse.es\/wordpress\/wp-content\/uploads\/2023\/05\/a0aee34c-f1a1-43d4-946a-32697c90d1e8-800x835.jpg 800w, https:\/\/ramse.es\/wordpress\/wp-content\/uploads\/2023\/05\/a0aee34c-f1a1-43d4-946a-32697c90d1e8-1200x1253.jpg 1200w, https:\/\/ramse.es\/wordpress\/wp-content\/uploads\/2023\/05\/a0aee34c-f1a1-43d4-946a-32697c90d1e8.jpg 1961w\" sizes=\"(max-width: 1000px) 100vw, 800px\" \/><div class=\"fusion-rollover\">\n\t<div class=\"fusion-rollover-content\">\n\n\t\t\t\t\t\t\t\t\t\t\t\t\t\t<a class=\"fusion-rollover-link\" href=\"https:\/\/ramse.es\/wordpress\/conferencia-el-reto-del-tratamiento-del-cancer-presente-y-futuro\/\">Conferencia: \u00abEl reto del tratamiento del c\u00e1ncer: presente y futuro\u201d<\/a>\n\t\t\t\n\t\t\t\t\t\t\t\t\t\t\t\t\t\t\n\t\t\t\t\t\t\t\t\n\t\t\t\t\t\t\t\t\t\t\t\t\t<div class=\"fusion-rollover-sep\"><\/div>\n\t\t\t\t\n\t\t\t\t\t\t\t\t\t\t\t\t\t\t\t\t\t\t<a class=\"fusion-rollover-gallery\" href=\"https:\/\/ramse.es\/wordpress\/wp-content\/uploads\/2023\/05\/a0aee34c-f1a1-43d4-946a-32697c90d1e8.jpg\" data-id=\"4460\" data-rel=\"iLightbox[gallery]\" data-title=\"a0aee34c-f1a1-43d4-946a-32697c90d1e8\" data-caption=\"\">\n\t\t\t\t\t\tGaler\u00eda\t\t\t\t\t<\/a>\n\t\t\t\t\t\t\t\t\t\t\t\t\t\t\n\t\t\n\t\t\t\t\t\t\t\t\n\t\t\t\t\t\t\t\t\n\t\t\n\t\t\t\t\t\t<a class=\"fusion-link-wrapper\" href=\"https:\/\/ramse.es\/wordpress\/conferencia-el-reto-del-tratamiento-del-cancer-presente-y-futuro\/\" aria-label=\"Conferencia: \u00abEl reto del tratamiento del c\u00e1ncer: presente y futuro\u201d\"><\/a>\n\t<\/div>\n<\/div>\n<\/div>\n<\/li>\n\t\t\t\n\t\t\t\n\t\t\t\t\t\t\t\t\t\t\t\t\t\t\t\t\t\t\t\t\t\t\t\t\t\t\t\t\t\t\t\t\t\t\t\t\t\t\t\t\t\t\t\t\t\t\t\t\t\t\t\t\t\t\t\t\t\t\t\t\t\t\t\t\t\t\t\t<\/ul>\n\t<\/div>\n\t<div class=\"fusion-date-and-formats\"><div class=\"fusion-date-box updated\"><span class=\"fusion-date\">mayo<\/span><span class=\"fusion-month-year\">7:19 pm<\/span><\/div><div class=\"fusion-format-box\"><i class=\"awb-icon-pen\" aria-hidden=\"true\"><\/i><\/div><\/div><div class=\"fusion-post-content post-content\"><h2 class=\"blog-shortcode-post-title entry-title\"><a href=\"https:\/\/ramse.es\/wordpress\/conferencia-el-reto-del-tratamiento-del-cancer-presente-y-futuro\/\">Conferencia: \u00abEl reto del tratamiento del c\u00e1ncer: presente y futuro\u201d<\/a><\/h2><p class=\"fusion-single-line-meta\">Por <span class=\"vcard\"><span class=\"fn\"><a href=\"https:\/\/ramse.es\/wordpress\/author\/prensa\/\" title=\"Entradas de Mar\u00eda\" rel=\"author\">Mar\u00eda<\/a><\/span><\/span><span class=\"fusion-inline-sep\">|<\/span><span class=\"updated\" style=\"display:none;\">2023-06-01T23:41:37+02:00<\/span><span>mayo 24th, 2023<\/span><span class=\"fusion-inline-sep\">|<\/span>Categor\u00edas: <a href=\"https:\/\/ramse.es\/wordpress\/category\/catedra-de-divulgacion\/\" rel=\"category tag\">Catedra de Divulgaci\u00f3n<\/a><span class=\"fusion-inline-sep\">|<\/span><\/p><div class=\"fusion-post-content-container\"><p>La Fundaci\u00f3n de la Real Academia de Medicina y Cirug\u00eda de Sevilla y la Asociaci\u00f3n Espa\u00f1ola Contra el C\u00e1ncer han organizado esta tarde la conferencia \u201cEl reto del tratamiento del c\u00e1ncer: presente y futuro\u201d, dentro del Ciclo \u201cEstilo de Vida y C\u00e1ncer\u201d, que ha sido impartida por el Profesor D. Rafael L\u00f3pez, Jefe del Servicio del Hospital Universitario de Santiago de Compostela y Director del Grupo de Oncolog\u00eda Traslacional del <a href=\"https:\/\/ramse.es\/wordpress\/conferencia-el-reto-del-tratamiento-del-cancer-presente-y-futuro\/\">[...]<\/a><\/p><\/div><\/div><div class=\"fusion-clearfix\"><\/div><div class=\"fusion-meta-info\"><div class=\"fusion-alignright\"><a class=\"fusion-read-more\" href=\"https:\/\/ramse.es\/wordpress\/conferencia-el-reto-del-tratamiento-del-cancer-presente-y-futuro\/\" aria-label=\"More on Conferencia: \u00abEl reto del tratamiento del c\u00e1ncer: presente y futuro\u201d\">Leer M\u00e1s<\/a><\/div><\/div><\/article>\n<article id=\"blog-1-post-4420\" class=\"fusion-post-large-alternate post-4420 post type-post status-publish format-standard has-post-thumbnail hentry category-premios-academia\">\n\t<style type=\"text\/css\">\n\t\t\n\t\t\n\t\t\n\t\t\n\t\t\t<\/style>\n\n\n\t\t\t<div class=\"fusion-flexslider flexslider fusion-flexslider-loading fusion-post-slideshow\" style=\"\">\n\t\t<ul class=\"slides\">\n\t\t\t\n\t\t\t\t\t\t\t\t\t\t\t\t\t\t<li><div  class=\"fusion-image-wrapper\" aria-haspopup=\"true\">\n\t\t\t\t<img decoding=\"async\" width=\"2362\" height=\"1772\" src=\"https:\/\/ramse.es\/wordpress\/wp-content\/uploads\/2023\/05\/23050527.jpg\" class=\"attachment-full size-full wp-post-image\" alt=\"\" srcset=\"https:\/\/ramse.es\/wordpress\/wp-content\/uploads\/2023\/05\/23050527-200x150.jpg 200w, https:\/\/ramse.es\/wordpress\/wp-content\/uploads\/2023\/05\/23050527-400x300.jpg 400w, https:\/\/ramse.es\/wordpress\/wp-content\/uploads\/2023\/05\/23050527-600x450.jpg 600w, https:\/\/ramse.es\/wordpress\/wp-content\/uploads\/2023\/05\/23050527-800x600.jpg 800w, https:\/\/ramse.es\/wordpress\/wp-content\/uploads\/2023\/05\/23050527-1200x900.jpg 1200w, https:\/\/ramse.es\/wordpress\/wp-content\/uploads\/2023\/05\/23050527.jpg 2362w\" sizes=\"(max-width: 1000px) 100vw, 800px\" \/><div class=\"fusion-rollover\">\n\t<div class=\"fusion-rollover-content\">\n\n\t\t\t\t\t\t\t\t\t\t\t\t\t\t<a class=\"fusion-rollover-link\" href=\"https:\/\/ramse.es\/wordpress\/entrega-de-premios-concurso-2022\/\">Entrega de Premios Concurso 2022<\/a>\n\t\t\t\n\t\t\t\t\t\t\t\t\t\t\t\t\t\t\n\t\t\t\t\t\t\t\t\n\t\t\t\t\t\t\t\t\t\t\t\t\t<div class=\"fusion-rollover-sep\"><\/div>\n\t\t\t\t\n\t\t\t\t\t\t\t\t\t\t\t\t\t\t\t\t\t\t<a class=\"fusion-rollover-gallery\" href=\"https:\/\/ramse.es\/wordpress\/wp-content\/uploads\/2023\/05\/23050527.jpg\" data-id=\"4420\" data-rel=\"iLightbox[gallery]\" data-title=\"23050527\" data-caption=\"\">\n\t\t\t\t\t\tGaler\u00eda\t\t\t\t\t<\/a>\n\t\t\t\t\t\t\t\t\t\t\t\t\t\t\n\t\t\n\t\t\t\t\t\t\t\t\n\t\t\t\t\t\t\t\t\n\t\t\n\t\t\t\t\t\t<a class=\"fusion-link-wrapper\" href=\"https:\/\/ramse.es\/wordpress\/entrega-de-premios-concurso-2022\/\" aria-label=\"Entrega de Premios Concurso 2022\"><\/a>\n\t<\/div>\n<\/div>\n<\/div>\n<\/li>\n\t\t\t\n\t\t\t\n\t\t\t\t\t\t\t\t\t\t\t\t\t\t\t\t\t\t\t\t\t\t\t\t\t\t\t\t\t\t\t\t\t\t\t\t\t\t\t\t\t\t\t\t\t\t\t\t\t\t\t\t\t\t\t\t\t\t\t\t\t\t\t\t\t\t\t\t<\/ul>\n\t<\/div>\n\t<div class=\"fusion-date-and-formats\"><div class=\"fusion-date-box updated\"><span class=\"fusion-date\">mayo<\/span><span class=\"fusion-month-year\">12:44 pm<\/span><\/div><div class=\"fusion-format-box\"><i class=\"awb-icon-pen\" aria-hidden=\"true\"><\/i><\/div><\/div><div class=\"fusion-post-content post-content\"><h2 class=\"blog-shortcode-post-title entry-title\"><a href=\"https:\/\/ramse.es\/wordpress\/entrega-de-premios-concurso-2022\/\">Entrega de Premios Concurso 2022<\/a><\/h2><p class=\"fusion-single-line-meta\">Por <span class=\"vcard\"><span class=\"fn\"><a href=\"https:\/\/ramse.es\/wordpress\/author\/prensa\/\" title=\"Entradas de Mar\u00eda\" rel=\"author\">Mar\u00eda<\/a><\/span><\/span><span class=\"fusion-inline-sep\">|<\/span><span class=\"updated\" style=\"display:none;\">2023-05-23T12:51:59+02:00<\/span><span>mayo 23rd, 2023<\/span><span class=\"fusion-inline-sep\">|<\/span>Categor\u00edas: <a href=\"https:\/\/ramse.es\/wordpress\/category\/premios-academia\/\" rel=\"category tag\">Premios Academia<\/a><span class=\"fusion-inline-sep\">|<\/span><\/p><div class=\"fusion-post-content-container\"><p>La Real Academia de Medicina y Cirug\u00eda de Sevilla acoge la entrega de premios del Concurso 2022. En esta ocasi\u00f3n se entregan premios de las siguientes categor\u00edas: Premio de la Real Academia de Medicina y Cirug\u00eda de Sevilla a Publicaciones Cient\u00edficas Trabajo: \u201cIdentification and validation of clinical phenotypes with prognostic implications in patients admitted to hospital with COVID-19: a multicentre cohort study\u201d. Autores: Bel\u00e9n Guti\u00e9rrez-Guti\u00e9rrez, Mar\u00eda Dolores del Toro, Alberto <a href=\"https:\/\/ramse.es\/wordpress\/entrega-de-premios-concurso-2022\/\">[...]<\/a><\/p><\/div><\/div><div class=\"fusion-clearfix\"><\/div><div class=\"fusion-meta-info\"><div class=\"fusion-alignright\"><a class=\"fusion-read-more\" href=\"https:\/\/ramse.es\/wordpress\/entrega-de-premios-concurso-2022\/\" aria-label=\"More on Entrega de Premios Concurso 2022\">Leer M\u00e1s<\/a><\/div><\/div><\/article>\n<article id=\"blog-1-post-4432\" class=\"fusion-post-large-alternate post-4432 post type-post status-publish format-standard has-post-thumbnail hentry category-catedra-de-divulgacion tag-catedra-de-diabetologia\">\n\t<style type=\"text\/css\">\n\t\t\n\t\t\n\t\t\n\t\t\n\t\t\t<\/style>\n\n\n\t\t\t<div class=\"fusion-flexslider flexslider fusion-flexslider-loading fusion-post-slideshow\" style=\"\">\n\t\t<ul class=\"slides\">\n\t\t\t\n\t\t\t\t\t\t\t\t\t\t\t\t\t\t<li><div  class=\"fusion-image-wrapper\" aria-haspopup=\"true\">\n\t\t\t\t<img decoding=\"async\" width=\"769\" height=\"568\" src=\"https:\/\/ramse.es\/wordpress\/wp-content\/uploads\/2023\/05\/1a-fotografia.jpg\" class=\"attachment-full size-full wp-post-image\" alt=\"\" srcset=\"https:\/\/ramse.es\/wordpress\/wp-content\/uploads\/2023\/05\/1a-fotografia-200x148.jpg 200w, https:\/\/ramse.es\/wordpress\/wp-content\/uploads\/2023\/05\/1a-fotografia-400x295.jpg 400w, https:\/\/ramse.es\/wordpress\/wp-content\/uploads\/2023\/05\/1a-fotografia-600x443.jpg 600w, https:\/\/ramse.es\/wordpress\/wp-content\/uploads\/2023\/05\/1a-fotografia.jpg 769w\" sizes=\"(max-width: 1000px) 100vw, 769px\" \/><div class=\"fusion-rollover\">\n\t<div class=\"fusion-rollover-content\">\n\n\t\t\t\t\t\t\t\t\t\t\t\t\t\t<a class=\"fusion-rollover-link\" href=\"https:\/\/ramse.es\/wordpress\/decimo-aniversario-de-la-catedra-de-diabetologia\/\">D\u00e9cimo aniversario de la C\u00e1tedra de Diabetolog\u00eda<\/a>\n\t\t\t\n\t\t\t\t\t\t\t\t\t\t\t\t\t\t\n\t\t\t\t\t\t\t\t\n\t\t\t\t\t\t\t\t\t\t\t\t\t<div class=\"fusion-rollover-sep\"><\/div>\n\t\t\t\t\n\t\t\t\t\t\t\t\t\t\t\t\t\t\t\t\t\t\t<a class=\"fusion-rollover-gallery\" href=\"https:\/\/ramse.es\/wordpress\/wp-content\/uploads\/2023\/05\/1a-fotografia.jpg\" data-id=\"4432\" data-rel=\"iLightbox[gallery]\" data-title=\"1\u00aa fotografi\u0301a\" data-caption=\"\">\n\t\t\t\t\t\tGaler\u00eda\t\t\t\t\t<\/a>\n\t\t\t\t\t\t\t\t\t\t\t\t\t\t\n\t\t\n\t\t\t\t\t\t\t\t\n\t\t\t\t\t\t\t\t\n\t\t\n\t\t\t\t\t\t<a class=\"fusion-link-wrapper\" href=\"https:\/\/ramse.es\/wordpress\/decimo-aniversario-de-la-catedra-de-diabetologia\/\" aria-label=\"D\u00e9cimo aniversario de la C\u00e1tedra de Diabetolog\u00eda\"><\/a>\n\t<\/div>\n<\/div>\n<\/div>\n<\/li>\n\t\t\t\n\t\t\t\n\t\t\t\t\t\t\t\t\t\t\t\t\t\t\t\t\t\t\t\t\t\t\t\t\t\t\t\t\t\t\t\t\t\t\t\t\t\t\t\t\t\t\t\t\t\t\t\t\t\t\t\t\t\t\t\t\t\t\t\t\t\t\t\t\t\t\t\t<\/ul>\n\t<\/div>\n\t<div class=\"fusion-date-and-formats\"><div class=\"fusion-date-box updated\"><span class=\"fusion-date\">mayo<\/span><span class=\"fusion-month-year\">5:54 pm<\/span><\/div><div class=\"fusion-format-box\"><i class=\"awb-icon-pen\" aria-hidden=\"true\"><\/i><\/div><\/div><div class=\"fusion-post-content post-content\"><h2 class=\"blog-shortcode-post-title entry-title\"><a href=\"https:\/\/ramse.es\/wordpress\/decimo-aniversario-de-la-catedra-de-diabetologia\/\">D\u00e9cimo aniversario de la C\u00e1tedra de Diabetolog\u00eda<\/a><\/h2><p class=\"fusion-single-line-meta\">Por <span class=\"vcard\"><span class=\"fn\"><a href=\"https:\/\/ramse.es\/wordpress\/author\/prensa\/\" title=\"Entradas de Mar\u00eda\" rel=\"author\">Mar\u00eda<\/a><\/span><\/span><span class=\"fusion-inline-sep\">|<\/span><span class=\"updated\" style=\"display:none;\">2023-05-31T18:19:01+02:00<\/span><span>mayo 17th, 2023<\/span><span class=\"fusion-inline-sep\">|<\/span>Categor\u00edas: <a href=\"https:\/\/ramse.es\/wordpress\/category\/catedra-de-divulgacion\/\" rel=\"category tag\">Catedra de Divulgaci\u00f3n<\/a><span class=\"fusion-inline-sep\">|<\/span><span class=\"meta-tags\">Etiquetas: <a href=\"https:\/\/ramse.es\/wordpress\/tag\/catedra-de-diabetologia\/\" rel=\"tag\">C\u00e1tedra de Diabetolog\u00eda<\/a><\/span><span class=\"fusion-inline-sep\">|<\/span><\/p><div class=\"fusion-post-content-container\"><p>Prof. Dr. D. Santiago Dur\u00e1n Garc\u00eda. Catedr\u00e1tico de Endocrinolog\u00eda y Nutrici\u00f3n del Departamento de Medicina. Facultad de Medicina de Sevilla (1979-2018). Miembro de la Real Academia de Medicina y Cirug\u00eda de Sevilla (1981-2023). Desde mayo del 2013 Actividades promovidas por la \u201cC\u00e1tedra de Diabetolog\u00eda: Foro Diabetol\u00f3gico Hispalense\u201d. Fundaci\u00f3n de la RAMSE: Nombramiento como director ejecutivo de la \u201cC\u00e1tedra de Diabetolog\u00eda: foro diabetol\u00f3gico hispalense\u201d.  Sevilla, 2 de mayo del 2013. <a href=\"https:\/\/ramse.es\/wordpress\/decimo-aniversario-de-la-catedra-de-diabetologia\/\">[...]<\/a><\/p><\/div><\/div><div class=\"fusion-clearfix\"><\/div><div class=\"fusion-meta-info\"><div class=\"fusion-alignright\"><a class=\"fusion-read-more\" href=\"https:\/\/ramse.es\/wordpress\/decimo-aniversario-de-la-catedra-de-diabetologia\/\" aria-label=\"More on D\u00e9cimo aniversario de la C\u00e1tedra de Diabetolog\u00eda\">Leer M\u00e1s<\/a><\/div><\/div><\/article>\n<article id=\"blog-1-post-4386\" class=\"fusion-post-large-alternate post-4386 post type-post status-publish format-standard has-post-thumbnail hentry category-academico-de-numero tag-ortiz-leyba tag-ricoms\">\n\t<style type=\"text\/css\">\n\t\t\n\t\t\n\t\t\n\t\t\n\t\t\t<\/style>\n\n\n\t\t\t<div class=\"fusion-flexslider flexslider fusion-flexslider-loading fusion-post-slideshow\" style=\"\">\n\t\t<ul class=\"slides\">\n\t\t\t\n\t\t\t\t\t\t\t\t\t\t\t\t\t\t<li><div  class=\"fusion-image-wrapper\" aria-haspopup=\"true\">\n\t\t\t\t<img decoding=\"async\" width=\"2000\" height=\"1500\" src=\"https:\/\/ramse.es\/wordpress\/wp-content\/uploads\/2023\/05\/Dr.-Ortiz-Leyba.jpg\" class=\"attachment-full size-full wp-post-image\" alt=\"\" srcset=\"https:\/\/ramse.es\/wordpress\/wp-content\/uploads\/2023\/05\/Dr.-Ortiz-Leyba-200x150.jpg 200w, https:\/\/ramse.es\/wordpress\/wp-content\/uploads\/2023\/05\/Dr.-Ortiz-Leyba-400x300.jpg 400w, https:\/\/ramse.es\/wordpress\/wp-content\/uploads\/2023\/05\/Dr.-Ortiz-Leyba-600x450.jpg 600w, https:\/\/ramse.es\/wordpress\/wp-content\/uploads\/2023\/05\/Dr.-Ortiz-Leyba-800x600.jpg 800w, https:\/\/ramse.es\/wordpress\/wp-content\/uploads\/2023\/05\/Dr.-Ortiz-Leyba-1200x900.jpg 1200w, https:\/\/ramse.es\/wordpress\/wp-content\/uploads\/2023\/05\/Dr.-Ortiz-Leyba.jpg 2000w\" sizes=\"(max-width: 1000px) 100vw, 800px\" \/><div class=\"fusion-rollover\">\n\t<div class=\"fusion-rollover-content\">\n\n\t\t\t\t\t\t\t\t\t\t\t\t\t\t<a class=\"fusion-rollover-link\" href=\"https:\/\/ramse.es\/wordpress\/el-dr-carlos-ortiz-leyba-intensivista-e-internista-ingresa-como-academico-de-numero-en-la-ramse\/\">El Dr. Carlos Ortiz Leyba, Intensivista e Internista ingresa como Acad\u00e9mico de N\u00famero en la RAMSE<\/a>\n\t\t\t\n\t\t\t\t\t\t\t\t\t\t\t\t\t\t\n\t\t\t\t\t\t\t\t\n\t\t\t\t\t\t\t\t\t\t\t\t\t<div class=\"fusion-rollover-sep\"><\/div>\n\t\t\t\t\n\t\t\t\t\t\t\t\t\t\t\t\t\t\t\t\t\t\t<a class=\"fusion-rollover-gallery\" href=\"https:\/\/ramse.es\/wordpress\/wp-content\/uploads\/2023\/05\/Dr.-Ortiz-Leyba.jpg\" data-id=\"4386\" data-rel=\"iLightbox[gallery]\" data-title=\"Dr. Ortiz Leyba\" data-caption=\"\">\n\t\t\t\t\t\tGaler\u00eda\t\t\t\t\t<\/a>\n\t\t\t\t\t\t\t\t\t\t\t\t\t\t\n\t\t\n\t\t\t\t\t\t\t\t\n\t\t\t\t\t\t\t\t\n\t\t\n\t\t\t\t\t\t<a class=\"fusion-link-wrapper\" href=\"https:\/\/ramse.es\/wordpress\/el-dr-carlos-ortiz-leyba-intensivista-e-internista-ingresa-como-academico-de-numero-en-la-ramse\/\" aria-label=\"El Dr. Carlos Ortiz Leyba, Intensivista e Internista ingresa como Acad\u00e9mico de N\u00famero en la RAMSE\"><\/a>\n\t<\/div>\n<\/div>\n<\/div>\n<\/li>\n\t\t\t\n\t\t\t\n\t\t\t\t\t\t\t\t\t\t\t\t\t\t\t\t\t\t\t\t\t\t\t\t\t\t\t\t\t\t\t\t\t\t\t\t\t\t\t\t\t\t\t\t\t\t\t\t\t\t\t\t\t\t\t\t\t\t\t\t\t\t\t\t\t\t\t\t<\/ul>\n\t<\/div>\n\t<div class=\"fusion-date-and-formats\"><div class=\"fusion-date-box updated\"><span class=\"fusion-date\">mayo<\/span><span class=\"fusion-month-year\">8:09 am<\/span><\/div><div class=\"fusion-format-box\"><i class=\"awb-icon-pen\" aria-hidden=\"true\"><\/i><\/div><\/div><div class=\"fusion-post-content post-content\"><h2 class=\"blog-shortcode-post-title entry-title\"><a href=\"https:\/\/ramse.es\/wordpress\/el-dr-carlos-ortiz-leyba-intensivista-e-internista-ingresa-como-academico-de-numero-en-la-ramse\/\">El Dr. Carlos Ortiz Leyba, Intensivista e Internista ingresa como Acad\u00e9mico de N\u00famero en la RAMSE<\/a><\/h2><p class=\"fusion-single-line-meta\">Por <span class=\"vcard\"><span class=\"fn\"><a href=\"https:\/\/ramse.es\/wordpress\/author\/prensa\/\" title=\"Entradas de Mar\u00eda\" rel=\"author\">Mar\u00eda<\/a><\/span><\/span><span class=\"fusion-inline-sep\">|<\/span><span class=\"updated\" style=\"display:none;\">2023-05-09T08:09:28+02:00<\/span><span>mayo 9th, 2023<\/span><span class=\"fusion-inline-sep\">|<\/span>Categor\u00edas: <a href=\"https:\/\/ramse.es\/wordpress\/category\/academico-de-numero\/\" rel=\"category tag\">Acad\u00e9mico de N\u00famero<\/a><span class=\"fusion-inline-sep\">|<\/span><span class=\"meta-tags\">Etiquetas: <a href=\"https:\/\/ramse.es\/wordpress\/tag\/ortiz-leyba\/\" rel=\"tag\">Ortiz Leyba<\/a>, <a href=\"https:\/\/ramse.es\/wordpress\/tag\/ricoms\/\" rel=\"tag\">Ricoms<\/a><\/span><span class=\"fusion-inline-sep\">|<\/span><\/p><div class=\"fusion-post-content-container\"><p>El especialista en Medicina Intensiva y en Medicina Interna, el Dr. D. Carlos Ortiz Leyba, ha tomado posesi\u00f3n de su plaza de Cuidados Intensivos (Secci\u00f3n II) como Acad\u00e9mico de N\u00famero Electo de la Real Academia de Medicina y Cirug\u00eda de Sevilla (RAMSE), en la sesi\u00f3n p\u00fablica y extraordinaria celebrada el 7 de mayo de 2023 en el Sal\u00f3n Ram\u00f3n y Cajal de la sede de la RAMSE. El Doctor Ortiz <a href=\"https:\/\/ramse.es\/wordpress\/el-dr-carlos-ortiz-leyba-intensivista-e-internista-ingresa-como-academico-de-numero-en-la-ramse\/\">[...]<\/a><\/p><\/div><\/div><div class=\"fusion-clearfix\"><\/div><div class=\"fusion-meta-info\"><div class=\"fusion-alignright\"><a class=\"fusion-read-more\" href=\"https:\/\/ramse.es\/wordpress\/el-dr-carlos-ortiz-leyba-intensivista-e-internista-ingresa-como-academico-de-numero-en-la-ramse\/\" aria-label=\"More on El Dr. Carlos Ortiz Leyba, Intensivista e Internista ingresa como Acad\u00e9mico de N\u00famero en la RAMSE\">Leer M\u00e1s<\/a><\/div><\/div><\/article>\n<article id=\"blog-1-post-4362\" class=\"fusion-post-large-alternate post-4362 post type-post status-publish format-standard has-post-thumbnail hentry category-academico-de-numero tag-dr-joaquin-lucena tag-forense\">\n\t<style type=\"text\/css\">\n\t\t\n\t\t\n\t\t\n\t\t\n\t\t\t<\/style>\n\n\n\t\t\t<div class=\"fusion-flexslider flexslider fusion-flexslider-loading fusion-post-slideshow\" style=\"\">\n\t\t<ul class=\"slides\">\n\t\t\t\n\t\t\t\t\t\t\t\t\t\t\t\t\t\t<li><div  class=\"fusion-image-wrapper\" aria-haspopup=\"true\">\n\t\t\t\t<img decoding=\"async\" width=\"2560\" height=\"2160\" src=\"https:\/\/ramse.es\/wordpress\/wp-content\/uploads\/2023\/04\/DSC_5275-scaled.jpg\" class=\"attachment-full size-full wp-post-image\" alt=\"\" srcset=\"https:\/\/ramse.es\/wordpress\/wp-content\/uploads\/2023\/04\/DSC_5275-200x169.jpg 200w, https:\/\/ramse.es\/wordpress\/wp-content\/uploads\/2023\/04\/DSC_5275-400x338.jpg 400w, https:\/\/ramse.es\/wordpress\/wp-content\/uploads\/2023\/04\/DSC_5275-600x506.jpg 600w, https:\/\/ramse.es\/wordpress\/wp-content\/uploads\/2023\/04\/DSC_5275-800x675.jpg 800w, https:\/\/ramse.es\/wordpress\/wp-content\/uploads\/2023\/04\/DSC_5275-1200x1013.jpg 1200w, https:\/\/ramse.es\/wordpress\/wp-content\/uploads\/2023\/04\/DSC_5275-scaled.jpg 2560w\" sizes=\"(max-width: 1000px) 100vw, 800px\" \/><div class=\"fusion-rollover\">\n\t<div class=\"fusion-rollover-content\">\n\n\t\t\t\t\t\t\t\t\t\t\t\t\t\t<a class=\"fusion-rollover-link\" href=\"https:\/\/ramse.es\/wordpress\/el-doctor-joaquin-lucena-romero-especialista-en-medicina-legal-y-forense-nuevo-academico-de-numero-de-la-ramse\/\">El Dr. Joaqu\u00edn Lucena Romero, especialista en Medicina Legal y Forense, nuevo Acad\u00e9mico de N\u00famero de la RAMSE<\/a>\n\t\t\t\n\t\t\t\t\t\t\t\t\t\t\t\t\t\t\n\t\t\t\t\t\t\t\t\n\t\t\t\t\t\t\t\t\t\t\t\t\t<div class=\"fusion-rollover-sep\"><\/div>\n\t\t\t\t\n\t\t\t\t\t\t\t\t\t\t\t\t\t\t\t\t\t\t<a class=\"fusion-rollover-gallery\" href=\"https:\/\/ramse.es\/wordpress\/wp-content\/uploads\/2023\/04\/DSC_5275-scaled.jpg\" data-id=\"4362\" data-rel=\"iLightbox[gallery]\" data-title=\"Dr. Lucena\" data-caption=\"\">\n\t\t\t\t\t\tGaler\u00eda\t\t\t\t\t<\/a>\n\t\t\t\t\t\t\t\t\t\t\t\t\t\t\n\t\t\n\t\t\t\t\t\t\t\t\n\t\t\t\t\t\t\t\t\n\t\t\n\t\t\t\t\t\t<a class=\"fusion-link-wrapper\" href=\"https:\/\/ramse.es\/wordpress\/el-doctor-joaquin-lucena-romero-especialista-en-medicina-legal-y-forense-nuevo-academico-de-numero-de-la-ramse\/\" aria-label=\"El Dr. Joaqu\u00edn Lucena Romero, especialista en Medicina Legal y Forense, nuevo Acad\u00e9mico de N\u00famero de la RAMSE\"><\/a>\n\t<\/div>\n<\/div>\n<\/div>\n<\/li>\n\t\t\t\n\t\t\t\n\t\t\t\t\t\t\t\t\t\t\t\t\t\t\t\t\t\t\t\t\t\t\t\t\t\t\t\t\t\t\t\t\t\t\t\t\t\t\t\t\t\t\t\t\t\t\t\t\t\t\t\t\t\t\t\t\t\t\t\t\t\t\t\t\t\t\t\t<\/ul>\n\t<\/div>\n\t<div class=\"fusion-date-and-formats\"><div class=\"fusion-date-box updated\"><span class=\"fusion-date\">abril<\/span><span class=\"fusion-month-year\">1:44 pm<\/span><\/div><div class=\"fusion-format-box\"><i class=\"awb-icon-pen\" aria-hidden=\"true\"><\/i><\/div><\/div><div class=\"fusion-post-content post-content\"><h2 class=\"blog-shortcode-post-title entry-title\"><a href=\"https:\/\/ramse.es\/wordpress\/el-doctor-joaquin-lucena-romero-especialista-en-medicina-legal-y-forense-nuevo-academico-de-numero-de-la-ramse\/\">El Dr. Joaqu\u00edn Lucena Romero, especialista en Medicina Legal y Forense, nuevo Acad\u00e9mico de N\u00famero de la RAMSE<\/a><\/h2><p class=\"fusion-single-line-meta\">Por <span class=\"vcard\"><span class=\"fn\"><a href=\"https:\/\/ramse.es\/wordpress\/author\/prensa\/\" title=\"Entradas de Mar\u00eda\" rel=\"author\">Mar\u00eda<\/a><\/span><\/span><span class=\"fusion-inline-sep\">|<\/span><span class=\"updated\" style=\"display:none;\">2023-05-09T08:10:17+02:00<\/span><span>abril 17th, 2023<\/span><span class=\"fusion-inline-sep\">|<\/span>Categor\u00edas: <a href=\"https:\/\/ramse.es\/wordpress\/category\/academico-de-numero\/\" rel=\"category tag\">Acad\u00e9mico de N\u00famero<\/a><span class=\"fusion-inline-sep\">|<\/span><span class=\"meta-tags\">Etiquetas: <a href=\"https:\/\/ramse.es\/wordpress\/tag\/dr-joaquin-lucena\/\" rel=\"tag\">Dr. Joaqu\u00edn Lucena<\/a>, <a href=\"https:\/\/ramse.es\/wordpress\/tag\/forense\/\" rel=\"tag\">Forense<\/a><\/span><span class=\"fusion-inline-sep\">|<\/span><\/p><div class=\"fusion-post-content-container\"><p>El actual jefe del Servicio de Patolog\u00eda Forense del Instituto de Medicina Legal y Ciencias Forenses de Sevilla desde 2003, el Dr. D. Joaqu\u00edn Lucena Romero, ha tomado hoy posesi\u00f3n de su plaza como Acad\u00e9mico de N\u00famero de la Real Academia de Medicina y Cirug\u00eda de Sevilla (RAMSE), en la sesi\u00f3n p\u00fablica y extraordinaria que se ha celebrado, a las 12:00 h., en el Sal\u00f3n Ram\u00f3n y Cajal de la <a href=\"https:\/\/ramse.es\/wordpress\/el-doctor-joaquin-lucena-romero-especialista-en-medicina-legal-y-forense-nuevo-academico-de-numero-de-la-ramse\/\">[...]<\/a><\/p><\/div><\/div><div class=\"fusion-clearfix\"><\/div><div class=\"fusion-meta-info\"><div class=\"fusion-alignright\"><a class=\"fusion-read-more\" href=\"https:\/\/ramse.es\/wordpress\/el-doctor-joaquin-lucena-romero-especialista-en-medicina-legal-y-forense-nuevo-academico-de-numero-de-la-ramse\/\" aria-label=\"More on El Dr. Joaqu\u00edn Lucena Romero, especialista en Medicina Legal y Forense, nuevo Acad\u00e9mico de N\u00famero de la RAMSE\">Leer M\u00e1s<\/a><\/div><\/div><\/article>\n<article id=\"blog-1-post-4352\" class=\"fusion-post-large-alternate post-4352 post type-post status-publish format-standard has-post-thumbnail hentry category-catedra-de-divulgacion tag-catedra-de-divulgacion-oncologica\">\n\t<style type=\"text\/css\">\n\t\t\n\t\t\n\t\t\n\t\t\n\t\t\t<\/style>\n\n\n\t\t\t<div class=\"fusion-flexslider flexslider fusion-flexslider-loading fusion-post-slideshow\" style=\"\">\n\t\t<ul class=\"slides\">\n\t\t\t\n\t\t\t\t\t\t\t\t\t\t\t\t\t\t<li><div  class=\"fusion-image-wrapper\" aria-haspopup=\"true\">\n\t\t\t\t<img decoding=\"async\" width=\"1024\" height=\"575\" src=\"https:\/\/ramse.es\/wordpress\/wp-content\/uploads\/2023\/04\/WhatsApp-Image-2023-04-09-at-11.24.52-4.jpeg\" class=\"attachment-full size-full wp-post-image\" alt=\"\" srcset=\"https:\/\/ramse.es\/wordpress\/wp-content\/uploads\/2023\/04\/WhatsApp-Image-2023-04-09-at-11.24.52-4-200x112.jpeg 200w, https:\/\/ramse.es\/wordpress\/wp-content\/uploads\/2023\/04\/WhatsApp-Image-2023-04-09-at-11.24.52-4-400x225.jpeg 400w, https:\/\/ramse.es\/wordpress\/wp-content\/uploads\/2023\/04\/WhatsApp-Image-2023-04-09-at-11.24.52-4-600x337.jpeg 600w, https:\/\/ramse.es\/wordpress\/wp-content\/uploads\/2023\/04\/WhatsApp-Image-2023-04-09-at-11.24.52-4-800x449.jpeg 800w, https:\/\/ramse.es\/wordpress\/wp-content\/uploads\/2023\/04\/WhatsApp-Image-2023-04-09-at-11.24.52-4.jpeg 1024w\" sizes=\"(max-width: 1000px) 100vw, 800px\" \/><div class=\"fusion-rollover\">\n\t<div class=\"fusion-rollover-content\">\n\n\t\t\t\t\t\t\t\t\t\t\t\t\t\t<a class=\"fusion-rollover-link\" href=\"https:\/\/ramse.es\/wordpress\/la-fundacion-de-la-real-academia-de-medicina-y-cirugia-de-sevilla-crea-la-catedra-de-divulgacion-oncologica\/\">La Fundaci\u00f3n de la Real Academia de Medicina y Cirug\u00eda de Sevilla crea la C\u00e1tedra de Divulgaci\u00f3n Oncol\u00f3gica<\/a>\n\t\t\t\n\t\t\t\t\t\t\t\t\t\t\t\t\t\t\n\t\t\t\t\t\t\t\t\n\t\t\t\t\t\t\t\t\t\t\t\t\t<div class=\"fusion-rollover-sep\"><\/div>\n\t\t\t\t\n\t\t\t\t\t\t\t\t\t\t\t\t\t\t\t\t\t\t<a class=\"fusion-rollover-gallery\" href=\"https:\/\/ramse.es\/wordpress\/wp-content\/uploads\/2023\/04\/WhatsApp-Image-2023-04-09-at-11.24.52-4.jpeg\" data-id=\"4352\" data-rel=\"iLightbox[gallery]\" data-title=\"Catedra Divulgaci\u00f3n Oncol\u00f3gica\" data-caption=\"\">\n\t\t\t\t\t\tGaler\u00eda\t\t\t\t\t<\/a>\n\t\t\t\t\t\t\t\t\t\t\t\t\t\t\n\t\t\n\t\t\t\t\t\t\t\t\n\t\t\t\t\t\t\t\t\n\t\t\n\t\t\t\t\t\t<a class=\"fusion-link-wrapper\" href=\"https:\/\/ramse.es\/wordpress\/la-fundacion-de-la-real-academia-de-medicina-y-cirugia-de-sevilla-crea-la-catedra-de-divulgacion-oncologica\/\" aria-label=\"La Fundaci\u00f3n de la Real Academia de Medicina y Cirug\u00eda de Sevilla crea la C\u00e1tedra de Divulgaci\u00f3n Oncol\u00f3gica\"><\/a>\n\t<\/div>\n<\/div>\n<\/div>\n<\/li>\n\t\t\t\n\t\t\t\n\t\t\t\t\t\t\t\t\t\t\t\t\t\t\t\t\t\t\t\t\t\t\t\t\t\t\t\t\t\t\t\t\t\t\t\t\t\t\t\t\t\t\t\t\t\t\t\t\t\t\t\t\t\t\t\t\t\t\t\t\t\t\t\t\t\t\t\t<\/ul>\n\t<\/div>\n\t<div class=\"fusion-date-and-formats\"><div class=\"fusion-date-box updated\"><span class=\"fusion-date\">abril<\/span><span class=\"fusion-month-year\">8:26 pm<\/span><\/div><div class=\"fusion-format-box\"><i class=\"awb-icon-pen\" aria-hidden=\"true\"><\/i><\/div><\/div><div class=\"fusion-post-content post-content\"><h2 class=\"blog-shortcode-post-title entry-title\"><a href=\"https:\/\/ramse.es\/wordpress\/la-fundacion-de-la-real-academia-de-medicina-y-cirugia-de-sevilla-crea-la-catedra-de-divulgacion-oncologica\/\">La Fundaci\u00f3n de la Real Academia de Medicina y Cirug\u00eda de Sevilla crea la C\u00e1tedra de Divulgaci\u00f3n Oncol\u00f3gica<\/a><\/h2><p class=\"fusion-single-line-meta\">Por <span class=\"vcard\"><span class=\"fn\"><a href=\"https:\/\/ramse.es\/wordpress\/author\/prensa\/\" title=\"Entradas de Mar\u00eda\" rel=\"author\">Mar\u00eda<\/a><\/span><\/span><span class=\"fusion-inline-sep\">|<\/span><span class=\"updated\" style=\"display:none;\">2023-04-11T20:26:17+02:00<\/span><span>abril 9th, 2023<\/span><span class=\"fusion-inline-sep\">|<\/span>Categor\u00edas: <a href=\"https:\/\/ramse.es\/wordpress\/category\/catedra-de-divulgacion\/\" rel=\"category tag\">Catedra de Divulgaci\u00f3n<\/a><span class=\"fusion-inline-sep\">|<\/span><span class=\"meta-tags\">Etiquetas: <a href=\"https:\/\/ramse.es\/wordpress\/tag\/catedra-de-divulgacion-oncologica\/\" rel=\"tag\">C\u00e1tedra de Divulgaci\u00f3n Oncol\u00f3gica<\/a><\/span><span class=\"fusion-inline-sep\">|<\/span><\/p><div class=\"fusion-post-content-container\"><p>La Real Academia de Cirug\u00eda y Medicina de Sevilla (RAMSE) ha creado la \u201cC\u00e1tedra de Divulgaci\u00f3n Oncol\u00f3gica\u201d con la finalidad de construir un foro cient\u00edfico de reflexi\u00f3n que nace para contribuir desde el punto de vista m\u00e9dico y social a la lucha contra el c\u00e1ncer; mejorar la calidad de vida del paciente oncol\u00f3gico y su entorno familiar; colaborar con el desarrollo de investigaci\u00f3n e influir en el estilo de vida <a href=\"https:\/\/ramse.es\/wordpress\/la-fundacion-de-la-real-academia-de-medicina-y-cirugia-de-sevilla-crea-la-catedra-de-divulgacion-oncologica\/\">[...]<\/a><\/p><\/div><\/div><div class=\"fusion-clearfix\"><\/div><div class=\"fusion-meta-info\"><div class=\"fusion-alignright\"><a class=\"fusion-read-more\" href=\"https:\/\/ramse.es\/wordpress\/la-fundacion-de-la-real-academia-de-medicina-y-cirugia-de-sevilla-crea-la-catedra-de-divulgacion-oncologica\/\" aria-label=\"More on La Fundaci\u00f3n de la Real Academia de Medicina y Cirug\u00eda de Sevilla crea la C\u00e1tedra de Divulgaci\u00f3n Oncol\u00f3gica\">Leer M\u00e1s<\/a><\/div><\/div><\/article>\n<article id=\"blog-1-post-4337\" class=\"fusion-post-large-alternate post-4337 post type-post status-publish format-standard has-post-thumbnail hentry category-academico-de-honor category-necrologica\">\n\t<style type=\"text\/css\">\n\t\t\n\t\t\n\t\t\n\t\t\n\t\t\t<\/style>\n\n\n\t\t\t<div class=\"fusion-flexslider flexslider fusion-flexslider-loading fusion-post-slideshow\" style=\"\">\n\t\t<ul class=\"slides\">\n\t\t\t\n\t\t\t\t\t\t\t\t\t\t\t\t\t\t<li><div  class=\"fusion-image-wrapper\" aria-haspopup=\"true\">\n\t\t\t\t<img decoding=\"async\" width=\"1500\" height=\"2000\" src=\"https:\/\/ramse.es\/wordpress\/wp-content\/uploads\/2023\/04\/16101657.jpg\" class=\"attachment-full size-full wp-post-image\" alt=\"\" srcset=\"https:\/\/ramse.es\/wordpress\/wp-content\/uploads\/2023\/04\/16101657-200x267.jpg 200w, https:\/\/ramse.es\/wordpress\/wp-content\/uploads\/2023\/04\/16101657-400x533.jpg 400w, https:\/\/ramse.es\/wordpress\/wp-content\/uploads\/2023\/04\/16101657-600x800.jpg 600w, https:\/\/ramse.es\/wordpress\/wp-content\/uploads\/2023\/04\/16101657-800x1067.jpg 800w, https:\/\/ramse.es\/wordpress\/wp-content\/uploads\/2023\/04\/16101657-1200x1600.jpg 1200w, https:\/\/ramse.es\/wordpress\/wp-content\/uploads\/2023\/04\/16101657.jpg 1500w\" sizes=\"(max-width: 1000px) 100vw, 800px\" \/><div class=\"fusion-rollover\">\n\t<div class=\"fusion-rollover-content\">\n\n\t\t\t\t\t\t\t\t\t\t\t\t\t\t<a class=\"fusion-rollover-link\" href=\"https:\/\/ramse.es\/wordpress\/fallecimiento-prof-d-manuel-cruz-hernandez\/\">Fallecimiento Prof. D. Manuel Cruz Hern\u00e1ndez<\/a>\n\t\t\t\n\t\t\t\t\t\t\t\t\t\t\t\t\t\t\n\t\t\t\t\t\t\t\t\n\t\t\t\t\t\t\t\t\t\t\t\t\t<div class=\"fusion-rollover-sep\"><\/div>\n\t\t\t\t\n\t\t\t\t\t\t\t\t\t\t\t\t\t\t\t\t\t\t<a class=\"fusion-rollover-gallery\" href=\"https:\/\/ramse.es\/wordpress\/wp-content\/uploads\/2023\/04\/16101657.jpg\" data-id=\"4337\" data-rel=\"iLightbox[gallery]\" data-title=\"Manuel Cruz Hern\u00e1ndez\" data-caption=\"\">\n\t\t\t\t\t\tGaler\u00eda\t\t\t\t\t<\/a>\n\t\t\t\t\t\t\t\t\t\t\t\t\t\t\n\t\t\n\t\t\t\t\t\t\t\t\n\t\t\t\t\t\t\t\t\n\t\t\n\t\t\t\t\t\t<a class=\"fusion-link-wrapper\" href=\"https:\/\/ramse.es\/wordpress\/fallecimiento-prof-d-manuel-cruz-hernandez\/\" aria-label=\"Fallecimiento Prof. D. Manuel Cruz Hern\u00e1ndez\"><\/a>\n\t<\/div>\n<\/div>\n<\/div>\n<\/li>\n\t\t\t\n\t\t\t\n\t\t\t\t\t\t\t\t\t\t\t\t\t\t\t\t\t\t\t\t\t\t\t\t\t\t\t\t\t\t\t\t\t\t\t\t\t\t\t\t\t\t\t\t\t\t\t\t\t\t\t\t\t\t\t\t\t\t\t\t\t\t\t\t\t\t\t\t<\/ul>\n\t<\/div>\n\t<div class=\"fusion-date-and-formats\"><div class=\"fusion-date-box updated\"><span class=\"fusion-date\">abril<\/span><span class=\"fusion-month-year\">12:48 pm<\/span><\/div><div class=\"fusion-format-box\"><i class=\"awb-icon-pen\" aria-hidden=\"true\"><\/i><\/div><\/div><div class=\"fusion-post-content post-content\"><h2 class=\"blog-shortcode-post-title entry-title\"><a href=\"https:\/\/ramse.es\/wordpress\/fallecimiento-prof-d-manuel-cruz-hernandez\/\">Fallecimiento Prof. D. Manuel Cruz Hern\u00e1ndez<\/a><\/h2><p class=\"fusion-single-line-meta\">Por <span class=\"vcard\"><span class=\"fn\"><a href=\"https:\/\/ramse.es\/wordpress\/author\/prensa\/\" title=\"Entradas de Mar\u00eda\" rel=\"author\">Mar\u00eda<\/a><\/span><\/span><span class=\"fusion-inline-sep\">|<\/span><span class=\"updated\" style=\"display:none;\">2023-04-05T13:45:26+02:00<\/span><span>abril 5th, 2023<\/span><span class=\"fusion-inline-sep\">|<\/span>Categor\u00edas: <a href=\"https:\/\/ramse.es\/wordpress\/category\/academico-de-honor\/\" rel=\"category tag\">Acad\u00e9mico de honor<\/a>, <a href=\"https:\/\/ramse.es\/wordpress\/category\/necrologica\/\" rel=\"category tag\">Necrol\u00f3gica<\/a><span class=\"fusion-inline-sep\">|<\/span><\/p><div class=\"fusion-post-content-container\"><p>La Real Academia de Medicina y Cirug\u00eda de Sevilla (RAMSE) lamenta profundamente la p\u00e9rdida de uno de sus miembros, el Acad\u00e9mico de Honor D. Manuel Cruz Hern\u00e1ndez. La RAMSE comunicar\u00e1 la sesi\u00f3n necrol\u00f3gica que en su memoria se llevar\u00e1 a cabo en nuestra sede. D.E.P. El Excmo. Sr. Dr. D. Manuel Cruz Hern\u00e1ndez tom\u00f3 posesi\u00f3n como Acad\u00e9mico de Honor el 30 de octubre de 2016, acto en el que ley\u00f3 <a href=\"https:\/\/ramse.es\/wordpress\/fallecimiento-prof-d-manuel-cruz-hernandez\/\">[...]<\/a><\/p><\/div><\/div><div class=\"fusion-clearfix\"><\/div><div class=\"fusion-meta-info\"><div class=\"fusion-alignright\"><a class=\"fusion-read-more\" href=\"https:\/\/ramse.es\/wordpress\/fallecimiento-prof-d-manuel-cruz-hernandez\/\" aria-label=\"More on Fallecimiento Prof. D. Manuel Cruz Hern\u00e1ndez\">Leer M\u00e1s<\/a><\/div><\/div><\/article>\n<article id=\"blog-1-post-4323\" class=\"fusion-post-large-alternate post-4323 post type-post status-publish format-standard has-post-thumbnail hentry category-mesa-redonda tag-inteligencia-artificial\">\n\t<style type=\"text\/css\">\n\t\t\n\t\t\n\t\t\n\t\t\n\t\t\t<\/style>\n\n\n\t\t\t<div class=\"fusion-flexslider flexslider fusion-flexslider-loading fusion-post-slideshow\" style=\"\">\n\t\t<ul class=\"slides\">\n\t\t\t\n\t\t\t\t\t\t\t\t\t\t\t\t\t\t<li><div  class=\"fusion-image-wrapper\" aria-haspopup=\"true\">\n\t\t\t\t<img decoding=\"async\" width=\"2560\" height=\"1828\" src=\"https:\/\/ramse.es\/wordpress\/wp-content\/uploads\/2023\/03\/DSC_0251-scaled.jpg\" class=\"attachment-full size-full wp-post-image\" alt=\"\" srcset=\"https:\/\/ramse.es\/wordpress\/wp-content\/uploads\/2023\/03\/DSC_0251-200x143.jpg 200w, https:\/\/ramse.es\/wordpress\/wp-content\/uploads\/2023\/03\/DSC_0251-400x286.jpg 400w, https:\/\/ramse.es\/wordpress\/wp-content\/uploads\/2023\/03\/DSC_0251-600x428.jpg 600w, https:\/\/ramse.es\/wordpress\/wp-content\/uploads\/2023\/03\/DSC_0251-800x571.jpg 800w, https:\/\/ramse.es\/wordpress\/wp-content\/uploads\/2023\/03\/DSC_0251-1200x857.jpg 1200w, https:\/\/ramse.es\/wordpress\/wp-content\/uploads\/2023\/03\/DSC_0251-scaled.jpg 2560w\" sizes=\"(max-width: 1000px) 100vw, 800px\" \/><div class=\"fusion-rollover\">\n\t<div class=\"fusion-rollover-content\">\n\n\t\t\t\t\t\t\t\t\t\t\t\t\t\t<a class=\"fusion-rollover-link\" href=\"https:\/\/ramse.es\/wordpress\/la-ramse-y-la-fundacion-universitaria-ceu-fernando-iii-impulsan-el-debate-sobre-inteligencia-artificial-al-servicio-de-la-medicina\/\">La RAMSE y la Fundaci\u00f3n Universitaria CEU Fernando III impulsan el debate sobre inteligencia artificial al servicio de la medicina<\/a>\n\t\t\t\n\t\t\t\t\t\t\t\t\t\t\t\t\t\t\n\t\t\t\t\t\t\t\t\n\t\t\t\t\t\t\t\t\t\t\t\t\t<div class=\"fusion-rollover-sep\"><\/div>\n\t\t\t\t\n\t\t\t\t\t\t\t\t\t\t\t\t\t\t\t\t\t\t<a class=\"fusion-rollover-gallery\" href=\"https:\/\/ramse.es\/wordpress\/wp-content\/uploads\/2023\/03\/DSC_0251-scaled.jpg\" data-id=\"4323\" data-rel=\"iLightbox[gallery]\" data-title=\"DSC_0251\" data-caption=\"\">\n\t\t\t\t\t\tGaler\u00eda\t\t\t\t\t<\/a>\n\t\t\t\t\t\t\t\t\t\t\t\t\t\t\n\t\t\n\t\t\t\t\t\t\t\t\n\t\t\t\t\t\t\t\t\n\t\t\n\t\t\t\t\t\t<a class=\"fusion-link-wrapper\" href=\"https:\/\/ramse.es\/wordpress\/la-ramse-y-la-fundacion-universitaria-ceu-fernando-iii-impulsan-el-debate-sobre-inteligencia-artificial-al-servicio-de-la-medicina\/\" aria-label=\"La RAMSE y la Fundaci\u00f3n Universitaria CEU Fernando III impulsan el debate sobre inteligencia artificial al servicio de la medicina\"><\/a>\n\t<\/div>\n<\/div>\n<\/div>\n<\/li>\n\t\t\t\n\t\t\t\n\t\t\t\t\t\t\t\t\t\t\t\t\t\t\t\t\t\t\t\t\t\t\t\t\t\t\t\t\t\t\t\t\t\t\t\t\t\t\t\t\t\t\t\t\t\t\t\t\t\t\t\t\t\t\t\t\t\t\t\t\t\t\t\t\t\t\t\t<\/ul>\n\t<\/div>\n\t<div class=\"fusion-date-and-formats\"><div class=\"fusion-date-box updated\"><span class=\"fusion-date\">marzo<\/span><span class=\"fusion-month-year\">9:07 pm<\/span><\/div><div class=\"fusion-format-box\"><i class=\"awb-icon-pen\" aria-hidden=\"true\"><\/i><\/div><\/div><div class=\"fusion-post-content post-content\"><h2 class=\"blog-shortcode-post-title entry-title\"><a href=\"https:\/\/ramse.es\/wordpress\/la-ramse-y-la-fundacion-universitaria-ceu-fernando-iii-impulsan-el-debate-sobre-inteligencia-artificial-al-servicio-de-la-medicina\/\">La RAMSE y la Fundaci\u00f3n Universitaria CEU Fernando III impulsan el debate sobre inteligencia artificial al servicio de la medicina<\/a><\/h2><p class=\"fusion-single-line-meta\">Por <span class=\"vcard\"><span class=\"fn\"><a href=\"https:\/\/ramse.es\/wordpress\/author\/prensa\/\" title=\"Entradas de Mar\u00eda\" rel=\"author\">Mar\u00eda<\/a><\/span><\/span><span class=\"fusion-inline-sep\">|<\/span><span class=\"updated\" style=\"display:none;\">2023-03-24T21:15:17+02:00<\/span><span>marzo 20th, 2023<\/span><span class=\"fusion-inline-sep\">|<\/span>Categor\u00edas: <a href=\"https:\/\/ramse.es\/wordpress\/category\/mesa-redonda\/\" rel=\"category tag\">Mesa redonda<\/a><span class=\"fusion-inline-sep\">|<\/span><span class=\"meta-tags\">Etiquetas: <a href=\"https:\/\/ramse.es\/wordpress\/tag\/inteligencia-artificial\/\" rel=\"tag\">Inteligencia Artificial<\/a><\/span><span class=\"fusion-inline-sep\">|<\/span><\/p><div class=\"fusion-post-content-container\"><p>El sal\u00f3n de actos de la Real Academia de Medicina y Cirug\u00eda de Sevilla acogi\u00f3 la mesa redonda \u2018La Inteligencia Artificial al servicio de la Medicina\u2019. Esta acci\u00f3n se enmarca en el acuerdo de colaboraci\u00f3n entre la Fundaci\u00f3n Universitaria CEU Fernando III y la instituci\u00f3n sevillana cuyo objetivo es impulsar acciones formativas y culturales, as\u00ed como establecer \u00e1mbitos de actuaci\u00f3n en el campo cient\u00edfico y promover los cauces que posibiliten <a href=\"https:\/\/ramse.es\/wordpress\/la-ramse-y-la-fundacion-universitaria-ceu-fernando-iii-impulsan-el-debate-sobre-inteligencia-artificial-al-servicio-de-la-medicina\/\">[...]<\/a><\/p><\/div><\/div><div class=\"fusion-clearfix\"><\/div><div class=\"fusion-meta-info\"><div class=\"fusion-alignright\"><a class=\"fusion-read-more\" href=\"https:\/\/ramse.es\/wordpress\/la-ramse-y-la-fundacion-universitaria-ceu-fernando-iii-impulsan-el-debate-sobre-inteligencia-artificial-al-servicio-de-la-medicina\/\" aria-label=\"More on La RAMSE y la Fundaci\u00f3n Universitaria CEU Fernando III impulsan el debate sobre inteligencia artificial al servicio de la medicina\">Leer M\u00e1s<\/a><\/div><\/div><\/article>\n<article id=\"blog-1-post-4356\" class=\"fusion-post-large-alternate post-4356 post type-post status-publish format-standard has-post-thumbnail hentry category-homenaje tag-hugo-galera-davidson\">\n\t<style type=\"text\/css\">\n\t\t\n\t\t\n\t\t\n\t\t\n\t\t\t<\/style>\n\n\n\t\t\t<div class=\"fusion-flexslider flexslider fusion-flexslider-loading fusion-post-slideshow\" style=\"\">\n\t\t<ul class=\"slides\">\n\t\t\t\n\t\t\t\t\t\t\t\t\t\t\t\t\t\t<li><div  class=\"fusion-image-wrapper\" aria-haspopup=\"true\">\n\t\t\t\t<img decoding=\"async\" width=\"1616\" height=\"1080\" src=\"https:\/\/ramse.es\/wordpress\/wp-content\/uploads\/2023\/04\/MAD04988.jpg\" class=\"attachment-full size-full wp-post-image\" alt=\"\" srcset=\"https:\/\/ramse.es\/wordpress\/wp-content\/uploads\/2023\/04\/MAD04988-200x134.jpg 200w, https:\/\/ramse.es\/wordpress\/wp-content\/uploads\/2023\/04\/MAD04988-400x267.jpg 400w, https:\/\/ramse.es\/wordpress\/wp-content\/uploads\/2023\/04\/MAD04988-600x401.jpg 600w, https:\/\/ramse.es\/wordpress\/wp-content\/uploads\/2023\/04\/MAD04988-800x535.jpg 800w, https:\/\/ramse.es\/wordpress\/wp-content\/uploads\/2023\/04\/MAD04988-1200x802.jpg 1200w, https:\/\/ramse.es\/wordpress\/wp-content\/uploads\/2023\/04\/MAD04988.jpg 1616w\" sizes=\"(max-width: 1000px) 100vw, 800px\" \/><div class=\"fusion-rollover\">\n\t<div class=\"fusion-rollover-content\">\n\n\t\t\t\t\t\t\t\t\t\t\t\t\t\t<a class=\"fusion-rollover-link\" href=\"https:\/\/ramse.es\/wordpress\/plaza-profesor-hugo-galera-davidson\/\">Plaza Profesor Hugo Galera Davidson<\/a>\n\t\t\t\n\t\t\t\t\t\t\t\t\t\t\t\t\t\t\n\t\t\t\t\t\t\t\t\n\t\t\t\t\t\t\t\t\t\t\t\t\t<div class=\"fusion-rollover-sep\"><\/div>\n\t\t\t\t\n\t\t\t\t\t\t\t\t\t\t\t\t\t\t\t\t\t\t<a class=\"fusion-rollover-gallery\" href=\"https:\/\/ramse.es\/wordpress\/wp-content\/uploads\/2023\/04\/MAD04988.jpg\" data-id=\"4356\" data-rel=\"iLightbox[gallery]\" data-title=\"Plaza Hugo Galera\" data-caption=\"\">\n\t\t\t\t\t\tGaler\u00eda\t\t\t\t\t<\/a>\n\t\t\t\t\t\t\t\t\t\t\t\t\t\t\n\t\t\n\t\t\t\t\t\t\t\t\n\t\t\t\t\t\t\t\t\n\t\t\n\t\t\t\t\t\t<a class=\"fusion-link-wrapper\" href=\"https:\/\/ramse.es\/wordpress\/plaza-profesor-hugo-galera-davidson\/\" aria-label=\"Plaza Profesor Hugo Galera Davidson\"><\/a>\n\t<\/div>\n<\/div>\n<\/div>\n<\/li>\n\t\t\t\n\t\t\t\n\t\t\t\t\t\t\t\t\t\t\t\t\t\t\t\t\t\t\t\t\t\t\t\t\t\t\t\t\t\t\t\t\t\t\t\t\t\t\t\t\t\t\t\t\t\t\t\t\t\t\t\t\t\t\t\t\t\t\t\t\t\t\t\t\t\t\t\t<\/ul>\n\t<\/div>\n\t<div class=\"fusion-date-and-formats\"><div class=\"fusion-date-box updated\"><span class=\"fusion-date\">marzo<\/span><span class=\"fusion-month-year\">8:52 pm<\/span><\/div><div class=\"fusion-format-box\"><i class=\"awb-icon-pen\" aria-hidden=\"true\"><\/i><\/div><\/div><div class=\"fusion-post-content post-content\"><h2 class=\"blog-shortcode-post-title entry-title\"><a href=\"https:\/\/ramse.es\/wordpress\/plaza-profesor-hugo-galera-davidson\/\">Plaza Profesor Hugo Galera Davidson<\/a><\/h2><p class=\"fusion-single-line-meta\">Por <span class=\"vcard\"><span class=\"fn\"><a href=\"https:\/\/ramse.es\/wordpress\/author\/prensa\/\" title=\"Entradas de Mar\u00eda\" rel=\"author\">Mar\u00eda<\/a><\/span><\/span><span class=\"fusion-inline-sep\">|<\/span><span class=\"updated\" style=\"display:none;\">2023-04-11T20:52:49+02:00<\/span><span>marzo 11th, 2023<\/span><span class=\"fusion-inline-sep\">|<\/span>Categor\u00edas: <a href=\"https:\/\/ramse.es\/wordpress\/category\/homenaje\/\" rel=\"category tag\">Homenaje<\/a><span class=\"fusion-inline-sep\">|<\/span><span class=\"meta-tags\">Etiquetas: <a href=\"https:\/\/ramse.es\/wordpress\/tag\/hugo-galera-davidson\/\" rel=\"tag\">Hugo Galera Davidson<\/a><\/span><span class=\"fusion-inline-sep\">|<\/span><\/p><div class=\"fusion-post-content-container\"><p>Esta semana hemos asistimos a un acto entra\u00f1able: la rotulaci\u00f3n de la preciosa plaza con su nombre. Excmo. Sr. alcalde, D. Antonio Mu\u00f1oz, Ilma. Sra. delegada del Distrito Triana, Encarnaci\u00f3n Aguilar, ilustr\u00edsimas autoridades, familia del profesor: Rosa, hijos y nietos. Desde la p\u00e9rdida insustituible del Dr. Hugo Galera, creamos una comisi\u00f3n formada por el presidente del Colegio de M\u00e9dicos de Sevilla, Alfonso Carmona; los presidentes de la Real Academia de <a href=\"https:\/\/ramse.es\/wordpress\/plaza-profesor-hugo-galera-davidson\/\">[...]<\/a><\/p><\/div><\/div><div class=\"fusion-clearfix\"><\/div><div class=\"fusion-meta-info\"><div class=\"fusion-alignright\"><a class=\"fusion-read-more\" href=\"https:\/\/ramse.es\/wordpress\/plaza-profesor-hugo-galera-davidson\/\" aria-label=\"More on Plaza Profesor Hugo Galera Davidson\">Leer M\u00e1s<\/a><\/div><\/div><\/article>\n<article id=\"blog-1-post-4313\" class=\"fusion-post-large-alternate post-4313 post type-post status-publish format-standard has-post-thumbnail hentry category-academico-de-numero tag-cuidados-paliativos tag-dr-jaime-boceta\">\n\t<style type=\"text\/css\">\n\t\t\n\t\t\n\t\t\n\t\t\n\t\t\t<\/style>\n\n\n\t\t\t<div class=\"fusion-flexslider flexslider fusion-flexslider-loading fusion-post-slideshow\" style=\"\">\n\t\t<ul class=\"slides\">\n\t\t\t\n\t\t\t\t\t\t\t\t\t\t\t\t\t\t<li><div  class=\"fusion-image-wrapper\" aria-haspopup=\"true\">\n\t\t\t\t<img decoding=\"async\" width=\"1500\" height=\"1000\" src=\"https:\/\/ramse.es\/wordpress\/wp-content\/uploads\/2023\/03\/RAMSE.-Acto-Toma-de-posesion-Dr.-Jaiem-Boceta.jpg\" class=\"attachment-full size-full wp-post-image\" alt=\"\" srcset=\"https:\/\/ramse.es\/wordpress\/wp-content\/uploads\/2023\/03\/RAMSE.-Acto-Toma-de-posesion-Dr.-Jaiem-Boceta-200x133.jpg 200w, https:\/\/ramse.es\/wordpress\/wp-content\/uploads\/2023\/03\/RAMSE.-Acto-Toma-de-posesion-Dr.-Jaiem-Boceta-400x267.jpg 400w, https:\/\/ramse.es\/wordpress\/wp-content\/uploads\/2023\/03\/RAMSE.-Acto-Toma-de-posesion-Dr.-Jaiem-Boceta-600x400.jpg 600w, https:\/\/ramse.es\/wordpress\/wp-content\/uploads\/2023\/03\/RAMSE.-Acto-Toma-de-posesion-Dr.-Jaiem-Boceta-800x533.jpg 800w, https:\/\/ramse.es\/wordpress\/wp-content\/uploads\/2023\/03\/RAMSE.-Acto-Toma-de-posesion-Dr.-Jaiem-Boceta-1200x800.jpg 1200w, https:\/\/ramse.es\/wordpress\/wp-content\/uploads\/2023\/03\/RAMSE.-Acto-Toma-de-posesion-Dr.-Jaiem-Boceta.jpg 1500w\" sizes=\"(max-width: 1000px) 100vw, 800px\" \/><div class=\"fusion-rollover\">\n\t<div class=\"fusion-rollover-content\">\n\n\t\t\t\t\t\t\t\t\t\t\t\t\t\t<a class=\"fusion-rollover-link\" href=\"https:\/\/ramse.es\/wordpress\/el-doctor-jaime-boceta-osuna-primer-academico-de-numero-de-cuidados-paliativos-de-la-ramse\/\">El Doctor Jaime Boceta Osuna primer Acad\u00e9mico de N\u00famero de Cuidados Paliativos de la RAMSE<\/a>\n\t\t\t\n\t\t\t\t\t\t\t\t\t\t\t\t\t\t\n\t\t\t\t\t\t\t\t\n\t\t\t\t\t\t\t\t\t\t\t\t\t<div class=\"fusion-rollover-sep\"><\/div>\n\t\t\t\t\n\t\t\t\t\t\t\t\t\t\t\t\t\t\t\t\t\t\t<a class=\"fusion-rollover-gallery\" href=\"https:\/\/ramse.es\/wordpress\/wp-content\/uploads\/2023\/03\/RAMSE.-Acto-Toma-de-posesion-Dr.-Jaiem-Boceta.jpg\" data-id=\"4313\" data-rel=\"iLightbox[gallery]\" data-title=\"RAMSE. Acto Toma de posesio\u0301n Dr. Jaiem Boceta\" data-caption=\"\">\n\t\t\t\t\t\tGaler\u00eda\t\t\t\t\t<\/a>\n\t\t\t\t\t\t\t\t\t\t\t\t\t\t\n\t\t\n\t\t\t\t\t\t\t\t\n\t\t\t\t\t\t\t\t\n\t\t\n\t\t\t\t\t\t<a class=\"fusion-link-wrapper\" href=\"https:\/\/ramse.es\/wordpress\/el-doctor-jaime-boceta-osuna-primer-academico-de-numero-de-cuidados-paliativos-de-la-ramse\/\" aria-label=\"El Doctor Jaime Boceta Osuna primer Acad\u00e9mico de N\u00famero de Cuidados Paliativos de la RAMSE\"><\/a>\n\t<\/div>\n<\/div>\n<\/div>\n<\/li>\n\t\t\t\n\t\t\t\n\t\t\t\t\t\t\t\t\t\t\t\t\t\t\t\t\t\t\t\t\t\t\t\t\t\t\t\t\t\t\t\t\t\t\t\t\t\t\t\t\t\t\t\t\t\t\t\t\t\t\t\t\t\t\t\t\t\t\t\t\t\t\t\t\t\t\t\t<\/ul>\n\t<\/div>\n\t<div class=\"fusion-date-and-formats\"><div class=\"fusion-date-box updated\"><span class=\"fusion-date\">marzo<\/span><span class=\"fusion-month-year\">3:24 pm<\/span><\/div><div class=\"fusion-format-box\"><i class=\"awb-icon-pen\" aria-hidden=\"true\"><\/i><\/div><\/div><div class=\"fusion-post-content post-content\"><h2 class=\"blog-shortcode-post-title entry-title\"><a href=\"https:\/\/ramse.es\/wordpress\/el-doctor-jaime-boceta-osuna-primer-academico-de-numero-de-cuidados-paliativos-de-la-ramse\/\">El Doctor Jaime Boceta Osuna primer Acad\u00e9mico de N\u00famero de Cuidados Paliativos de la RAMSE<\/a><\/h2><p class=\"fusion-single-line-meta\">Por <span class=\"vcard\"><span class=\"fn\"><a href=\"https:\/\/ramse.es\/wordpress\/author\/prensa\/\" title=\"Entradas de Mar\u00eda\" rel=\"author\">Mar\u00eda<\/a><\/span><\/span><span class=\"fusion-inline-sep\">|<\/span><span class=\"updated\" style=\"display:none;\">2023-03-06T15:24:00+02:00<\/span><span>marzo 6th, 2023<\/span><span class=\"fusion-inline-sep\">|<\/span>Categor\u00edas: <a href=\"https:\/\/ramse.es\/wordpress\/category\/academico-de-numero\/\" rel=\"category tag\">Acad\u00e9mico de N\u00famero<\/a><span class=\"fusion-inline-sep\">|<\/span><span class=\"meta-tags\">Etiquetas: <a href=\"https:\/\/ramse.es\/wordpress\/tag\/cuidados-paliativos\/\" rel=\"tag\">Cuidados Paliativos<\/a>, <a href=\"https:\/\/ramse.es\/wordpress\/tag\/dr-jaime-boceta\/\" rel=\"tag\">Dr. Jaime Boceta<\/a><\/span><span class=\"fusion-inline-sep\">|<\/span><\/p><div class=\"fusion-post-content-container\"><p>El Dr. Jaime Boceta Osuna, responsable del Equipo de Soporte de Cuidados Paliativos del Hospital Universitario Virgen Macarena, ha tomado hoy posesi\u00f3n de su plaza como Acad\u00e9mico de N\u00famero de Cuidados Paliativos en la sesi\u00f3n p\u00fablica y extraordinaria que se ha celebrado, a las 12:00 h., en el Sal\u00f3n Ram\u00f3n y Cajal de la Real Academia de Medicina y Cirug\u00eda de Sevilla (RAMSE). El sill\u00f3n que ya ocupa, propuesto en <a href=\"https:\/\/ramse.es\/wordpress\/el-doctor-jaime-boceta-osuna-primer-academico-de-numero-de-cuidados-paliativos-de-la-ramse\/\">[...]<\/a><\/p><\/div><\/div><div class=\"fusion-clearfix\"><\/div><div class=\"fusion-meta-info\"><div class=\"fusion-alignright\"><a class=\"fusion-read-more\" href=\"https:\/\/ramse.es\/wordpress\/el-doctor-jaime-boceta-osuna-primer-academico-de-numero-de-cuidados-paliativos-de-la-ramse\/\" aria-label=\"More on El Doctor Jaime Boceta Osuna primer Acad\u00e9mico de N\u00famero de Cuidados Paliativos de la RAMSE\">Leer M\u00e1s<\/a><\/div><\/div><\/article>\n<article id=\"blog-1-post-4308\" class=\"fusion-post-large-alternate post-4308 post type-post status-publish format-standard has-post-thumbnail hentry category-academicos-correspondientes category-actos-academicos\">\n\t<style type=\"text\/css\">\n\t\t\n\t\t\n\t\t\n\t\t\n\t\t\t<\/style>\n\n\n\t\t\t<div class=\"fusion-flexslider flexslider fusion-flexslider-loading fusion-post-slideshow\" style=\"\">\n\t\t<ul class=\"slides\">\n\t\t\t\n\t\t\t\t\t\t\t\t\t\t\t\t\t\t<li><div  class=\"fusion-image-wrapper\" aria-haspopup=\"true\">\n\t\t\t\t<img decoding=\"async\" width=\"1722\" height=\"2560\" src=\"https:\/\/ramse.es\/wordpress\/wp-content\/uploads\/2023\/03\/Academicos-Correspondientes-RAMSE.-2-Marzo-2023-scaled.jpg\" class=\"attachment-full size-full wp-post-image\" alt=\"\" srcset=\"https:\/\/ramse.es\/wordpress\/wp-content\/uploads\/2023\/03\/Academicos-Correspondientes-RAMSE.-2-Marzo-2023-200x297.jpg 200w, https:\/\/ramse.es\/wordpress\/wp-content\/uploads\/2023\/03\/Academicos-Correspondientes-RAMSE.-2-Marzo-2023-400x595.jpg 400w, https:\/\/ramse.es\/wordpress\/wp-content\/uploads\/2023\/03\/Academicos-Correspondientes-RAMSE.-2-Marzo-2023-600x892.jpg 600w, https:\/\/ramse.es\/wordpress\/wp-content\/uploads\/2023\/03\/Academicos-Correspondientes-RAMSE.-2-Marzo-2023-800x1189.jpg 800w, https:\/\/ramse.es\/wordpress\/wp-content\/uploads\/2023\/03\/Academicos-Correspondientes-RAMSE.-2-Marzo-2023-1200x1784.jpg 1200w, https:\/\/ramse.es\/wordpress\/wp-content\/uploads\/2023\/03\/Academicos-Correspondientes-RAMSE.-2-Marzo-2023-scaled.jpg 1722w\" sizes=\"(max-width: 1000px) 100vw, 800px\" \/><div class=\"fusion-rollover\">\n\t<div class=\"fusion-rollover-content\">\n\n\t\t\t\t\t\t\t\t\t\t\t\t\t\t<a class=\"fusion-rollover-link\" href=\"https:\/\/ramse.es\/wordpress\/recepcion-de-tres-nuevos-academicos-correspondientes-de-la-real-academia-de-medicina-y-cirugia-de-sevilla\/\">Recepci\u00f3n de tres nuevos Acad\u00e9micos Correspondientes de La Real Academia de Medicina y Cirug\u00eda de Sevilla<\/a>\n\t\t\t\n\t\t\t\t\t\t\t\t\t\t\t\t\t\t\n\t\t\t\t\t\t\t\t\n\t\t\t\t\t\t\t\t\t\t\t\t\t<div class=\"fusion-rollover-sep\"><\/div>\n\t\t\t\t\n\t\t\t\t\t\t\t\t\t\t\t\t\t\t\t\t\t\t<a class=\"fusion-rollover-gallery\" href=\"https:\/\/ramse.es\/wordpress\/wp-content\/uploads\/2023\/03\/Academicos-Correspondientes-RAMSE.-2-Marzo-2023-scaled.jpg\" data-id=\"4308\" data-rel=\"iLightbox[gallery]\" data-title=\"Academicos Correspondientes RAMSE. 2 Marzo 2023\" data-caption=\"\">\n\t\t\t\t\t\tGaler\u00eda\t\t\t\t\t<\/a>\n\t\t\t\t\t\t\t\t\t\t\t\t\t\t\n\t\t\n\t\t\t\t\t\t\t\t\n\t\t\t\t\t\t\t\t\n\t\t\n\t\t\t\t\t\t<a class=\"fusion-link-wrapper\" href=\"https:\/\/ramse.es\/wordpress\/recepcion-de-tres-nuevos-academicos-correspondientes-de-la-real-academia-de-medicina-y-cirugia-de-sevilla\/\" aria-label=\"Recepci\u00f3n de tres nuevos Acad\u00e9micos Correspondientes de La Real Academia de Medicina y Cirug\u00eda de Sevilla\"><\/a>\n\t<\/div>\n<\/div>\n<\/div>\n<\/li>\n\t\t\t\n\t\t\t\n\t\t\t\t\t\t\t\t\t\t\t\t\t\t\t\t\t\t\t\t\t\t\t\t\t\t\t\t\t\t\t\t\t\t\t\t\t\t\t\t\t\t\t\t\t\t\t\t\t\t\t\t\t\t\t\t\t\t\t\t\t\t\t\t\t\t\t\t<\/ul>\n\t<\/div>\n\t<div class=\"fusion-date-and-formats\"><div class=\"fusion-date-box updated\"><span class=\"fusion-date\">marzo<\/span><span class=\"fusion-month-year\">1:53 pm<\/span><\/div><div class=\"fusion-format-box\"><i class=\"awb-icon-pen\" aria-hidden=\"true\"><\/i><\/div><\/div><div class=\"fusion-post-content post-content\"><h2 class=\"blog-shortcode-post-title entry-title\"><a href=\"https:\/\/ramse.es\/wordpress\/recepcion-de-tres-nuevos-academicos-correspondientes-de-la-real-academia-de-medicina-y-cirugia-de-sevilla\/\">Recepci\u00f3n de tres nuevos Acad\u00e9micos Correspondientes de La Real Academia de Medicina y Cirug\u00eda de Sevilla<\/a><\/h2><p class=\"fusion-single-line-meta\">Por <span class=\"vcard\"><span class=\"fn\"><a href=\"https:\/\/ramse.es\/wordpress\/author\/prensa\/\" title=\"Entradas de Mar\u00eda\" rel=\"author\">Mar\u00eda<\/a><\/span><\/span><span class=\"fusion-inline-sep\">|<\/span><span class=\"updated\" style=\"display:none;\">2023-03-05T14:10:27+02:00<\/span><span>marzo 3rd, 2023<\/span><span class=\"fusion-inline-sep\">|<\/span>Categor\u00edas: <a href=\"https:\/\/ramse.es\/wordpress\/category\/actos-academicos\/academicos-correspondientes\/\" rel=\"category tag\">Acad\u00e9micos Correspondientes<\/a>, <a href=\"https:\/\/ramse.es\/wordpress\/category\/actos-academicos\/\" rel=\"category tag\">Actos Acad\u00e9micos<\/a><span class=\"fusion-inline-sep\">|<\/span><\/p><div class=\"fusion-post-content-container\"><p>Se trata de los doctores \u00c1ngel Dom\u00ednguez Castellano, experto en Tuberculosis e infecciones importadas y tropicales; D. Jos\u00e9 Mar\u00eda L\u00f3pez S\u00e1nchez, m\u00e9dico especialista en Medicina Intensiva del Hospital Virgen del Roc\u00edo y D. Julio Cuesta Dom\u00ednguez, Doctor en Sociolog\u00eda La Real Academia de Medicina y Cirug\u00eda de Sevilla ha acogido la recepci\u00f3n de tres nuevos Acad\u00e9micos Correspondientes. Se trata de los doctores\u00a0D. \u00c1ngel Dom\u00ednguez Castellano, experto en tuberculosis e infecciones <a href=\"https:\/\/ramse.es\/wordpress\/recepcion-de-tres-nuevos-academicos-correspondientes-de-la-real-academia-de-medicina-y-cirugia-de-sevilla\/\">[...]<\/a><\/p><\/div><\/div><div class=\"fusion-clearfix\"><\/div><div class=\"fusion-meta-info\"><div class=\"fusion-alignright\"><a class=\"fusion-read-more\" href=\"https:\/\/ramse.es\/wordpress\/recepcion-de-tres-nuevos-academicos-correspondientes-de-la-real-academia-de-medicina-y-cirugia-de-sevilla\/\" aria-label=\"More on Recepci\u00f3n de tres nuevos Acad\u00e9micos Correspondientes de La Real Academia de Medicina y Cirug\u00eda de Sevilla\">Leer M\u00e1s<\/a><\/div><\/div><\/article>\n<article id=\"blog-1-post-4264\" class=\"fusion-post-large-alternate post-4264 post type-post status-publish format-standard has-post-thumbnail hentry category-academico-de-numero tag-dr-garcia-perla\">\n\t<style type=\"text\/css\">\n\t\t\n\t\t\n\t\t\n\t\t\n\t\t\t<\/style>\n\n\n\t\t\t<div class=\"fusion-flexslider flexslider fusion-flexslider-loading fusion-post-slideshow\" style=\"\">\n\t\t<ul class=\"slides\">\n\t\t\t\n\t\t\t\t\t\t\t\t\t\t\t\t\t\t<li><div  class=\"fusion-image-wrapper\" aria-haspopup=\"true\">\n\t\t\t\t<img decoding=\"async\" width=\"2000\" height=\"1333\" src=\"https:\/\/ramse.es\/wordpress\/wp-content\/uploads\/2023\/02\/Academico-Numero-Alberto-Garcia-Perla.jpg\" class=\"attachment-full size-full wp-post-image\" alt=\"\" srcset=\"https:\/\/ramse.es\/wordpress\/wp-content\/uploads\/2023\/02\/Academico-Numero-Alberto-Garcia-Perla-200x133.jpg 200w, https:\/\/ramse.es\/wordpress\/wp-content\/uploads\/2023\/02\/Academico-Numero-Alberto-Garcia-Perla-400x267.jpg 400w, https:\/\/ramse.es\/wordpress\/wp-content\/uploads\/2023\/02\/Academico-Numero-Alberto-Garcia-Perla-600x400.jpg 600w, https:\/\/ramse.es\/wordpress\/wp-content\/uploads\/2023\/02\/Academico-Numero-Alberto-Garcia-Perla-800x533.jpg 800w, https:\/\/ramse.es\/wordpress\/wp-content\/uploads\/2023\/02\/Academico-Numero-Alberto-Garcia-Perla-1200x800.jpg 1200w, https:\/\/ramse.es\/wordpress\/wp-content\/uploads\/2023\/02\/Academico-Numero-Alberto-Garcia-Perla.jpg 2000w\" sizes=\"(max-width: 1000px) 100vw, 800px\" \/><div class=\"fusion-rollover\">\n\t<div class=\"fusion-rollover-content\">\n\n\t\t\t\t\t\t\t\t\t\t\t\t\t\t<a class=\"fusion-rollover-link\" href=\"https:\/\/ramse.es\/wordpress\/el-dr-alberto-garcia-perla-primer-cirujano-maxilofacial-que-ingresa-como-academico-de-numero-en-la-ramse\/\">El Dr. Alberto Garc\u00eda-Perla, primer cirujano Maxilofacial que ingresa como Acad\u00e9mico de N\u00famero en la RAMSE<\/a>\n\t\t\t\n\t\t\t\t\t\t\t\t\t\t\t\t\t\t\n\t\t\t\t\t\t\t\t\n\t\t\t\t\t\t\t\t\t\t\t\t\t<div class=\"fusion-rollover-sep\"><\/div>\n\t\t\t\t\n\t\t\t\t\t\t\t\t\t\t\t\t\t\t\t\t\t\t<a class=\"fusion-rollover-gallery\" href=\"https:\/\/ramse.es\/wordpress\/wp-content\/uploads\/2023\/02\/Academico-Numero-Alberto-Garcia-Perla.jpg\" data-id=\"4264\" data-rel=\"iLightbox[gallery]\" data-title=\"Academico Numero Alberto Garci\u0301a-Perla\" data-caption=\"\">\n\t\t\t\t\t\tGaler\u00eda\t\t\t\t\t<\/a>\n\t\t\t\t\t\t\t\t\t\t\t\t\t\t\n\t\t\n\t\t\t\t\t\t\t\t\n\t\t\t\t\t\t\t\t\n\t\t\n\t\t\t\t\t\t<a class=\"fusion-link-wrapper\" href=\"https:\/\/ramse.es\/wordpress\/el-dr-alberto-garcia-perla-primer-cirujano-maxilofacial-que-ingresa-como-academico-de-numero-en-la-ramse\/\" aria-label=\"El Dr. Alberto Garc\u00eda-Perla, primer cirujano Maxilofacial que ingresa como Acad\u00e9mico de N\u00famero en la RAMSE\"><\/a>\n\t<\/div>\n<\/div>\n<\/div>\n<\/li>\n\t\t\t\n\t\t\t\n\t\t\t\t\t\t\t\t\t\t\t\t\t\t\t\t\t\t\t\t\t\t\t\t\t\t\t\t\t\t\t\t\t\t\t\t\t\t\t\t\t\t\t\t\t\t\t\t\t\t\t\t\t\t\t\t\t\t\t\t\t\t\t\t\t\t\t\t<\/ul>\n\t<\/div>\n\t<div class=\"fusion-date-and-formats\"><div class=\"fusion-date-box updated\"><span class=\"fusion-date\">febrero<\/span><span class=\"fusion-month-year\">10:47 pm<\/span><\/div><div class=\"fusion-format-box\"><i class=\"awb-icon-pen\" aria-hidden=\"true\"><\/i><\/div><\/div><div class=\"fusion-post-content post-content\"><h2 class=\"blog-shortcode-post-title entry-title\"><a href=\"https:\/\/ramse.es\/wordpress\/el-dr-alberto-garcia-perla-primer-cirujano-maxilofacial-que-ingresa-como-academico-de-numero-en-la-ramse\/\">El Dr. Alberto Garc\u00eda-Perla, primer cirujano Maxilofacial que ingresa como Acad\u00e9mico de N\u00famero en la RAMSE<\/a><\/h2><p class=\"fusion-single-line-meta\">Por <span class=\"vcard\"><span class=\"fn\"><a href=\"https:\/\/ramse.es\/wordpress\/author\/prensa\/\" title=\"Entradas de Mar\u00eda\" rel=\"author\">Mar\u00eda<\/a><\/span><\/span><span class=\"fusion-inline-sep\">|<\/span><span class=\"updated\" style=\"display:none;\">2023-02-21T17:19:30+02:00<\/span><span>febrero 20th, 2023<\/span><span class=\"fusion-inline-sep\">|<\/span>Categor\u00edas: <a href=\"https:\/\/ramse.es\/wordpress\/category\/academico-de-numero\/\" rel=\"category tag\">Acad\u00e9mico de N\u00famero<\/a><span class=\"fusion-inline-sep\">|<\/span><span class=\"meta-tags\">Etiquetas: <a href=\"https:\/\/ramse.es\/wordpress\/tag\/dr-garcia-perla\/\" rel=\"tag\">Dr. Garc\u00eda-Perla<\/a><\/span><span class=\"fusion-inline-sep\">|<\/span><\/p><div class=\"fusion-post-content-container\"><p>El Dr. Alberto Garc\u00eda-Perla Garc\u00eda, especialista en Cirug\u00eda Oral y Maxilofacial del Hospital Universitario Virgen del Roc\u00edo de Sevilla, ha tomado hoy posesi\u00f3n de su plaza como Acad\u00e9mico de N\u00famero en la sesi\u00f3n p\u00fablica y extraordinaria que se ha celebrado, a las 12:00 h., en el Sal\u00f3n Ram\u00f3n y Cajal de la Real Academia de Medicina y Cirug\u00eda de Sevilla (RAMSE). El Dr. Garc\u00eda-Perla Garc\u00eda, Profesor Asociado del Departamento de <a href=\"https:\/\/ramse.es\/wordpress\/el-dr-alberto-garcia-perla-primer-cirujano-maxilofacial-que-ingresa-como-academico-de-numero-en-la-ramse\/\">[...]<\/a><\/p><\/div><\/div><div class=\"fusion-clearfix\"><\/div><div class=\"fusion-meta-info\"><div class=\"fusion-alignright\"><a class=\"fusion-read-more\" href=\"https:\/\/ramse.es\/wordpress\/el-dr-alberto-garcia-perla-primer-cirujano-maxilofacial-que-ingresa-como-academico-de-numero-en-la-ramse\/\" aria-label=\"More on El Dr. Alberto Garc\u00eda-Perla, primer cirujano Maxilofacial que ingresa como Acad\u00e9mico de N\u00famero en la RAMSE\">Leer M\u00e1s<\/a><\/div><\/div><\/article>\n<article id=\"blog-1-post-4245\" class=\"fusion-post-large-alternate post-4245 post type-post status-publish format-standard has-post-thumbnail hentry category-academico-de-erudicion tag-jesus-palomero\">\n\t<style type=\"text\/css\">\n\t\t\n\t\t\n\t\t\n\t\t\n\t\t\t<\/style>\n\n\n\t\t\t<div class=\"fusion-flexslider flexslider fusion-flexslider-loading fusion-post-slideshow\" style=\"\">\n\t\t<ul class=\"slides\">\n\t\t\t\n\t\t\t\t\t\t\t\t\t\t\t\t\t\t<li><div  class=\"fusion-image-wrapper\" aria-haspopup=\"true\">\n\t\t\t\t<img decoding=\"async\" width=\"1500\" height=\"2000\" src=\"https:\/\/ramse.es\/wordpress\/wp-content\/uploads\/2023\/02\/Ramse.Toma-posesion-Jesus-Palomero.jpeg\" class=\"attachment-full size-full wp-post-image\" alt=\"\" srcset=\"https:\/\/ramse.es\/wordpress\/wp-content\/uploads\/2023\/02\/Ramse.Toma-posesion-Jesus-Palomero-200x267.jpeg 200w, https:\/\/ramse.es\/wordpress\/wp-content\/uploads\/2023\/02\/Ramse.Toma-posesion-Jesus-Palomero-400x533.jpeg 400w, https:\/\/ramse.es\/wordpress\/wp-content\/uploads\/2023\/02\/Ramse.Toma-posesion-Jesus-Palomero-600x800.jpeg 600w, https:\/\/ramse.es\/wordpress\/wp-content\/uploads\/2023\/02\/Ramse.Toma-posesion-Jesus-Palomero-800x1067.jpeg 800w, https:\/\/ramse.es\/wordpress\/wp-content\/uploads\/2023\/02\/Ramse.Toma-posesion-Jesus-Palomero-1200x1600.jpeg 1200w, https:\/\/ramse.es\/wordpress\/wp-content\/uploads\/2023\/02\/Ramse.Toma-posesion-Jesus-Palomero.jpeg 1500w\" sizes=\"(max-width: 1000px) 100vw, 800px\" \/><div class=\"fusion-rollover\">\n\t<div class=\"fusion-rollover-content\">\n\n\t\t\t\t\t\t\t\t\t\t\t\t\t\t<a class=\"fusion-rollover-link\" href=\"https:\/\/ramse.es\/wordpress\/jesus-palomero-paramo-catedratico-de-historia-del-arte-nuevo-academico-de-erudicion-de-la-ramse\/\">Jes\u00fas Palomero P\u00e1ramo, Catedr\u00e1tico de Historia del Arte, nuevo Acad\u00e9mico de Erudici\u00f3n de la RAMSE<\/a>\n\t\t\t\n\t\t\t\t\t\t\t\t\t\t\t\t\t\t\n\t\t\t\t\t\t\t\t\n\t\t\t\t\t\t\t\t\t\t\t\t\t<div class=\"fusion-rollover-sep\"><\/div>\n\t\t\t\t\n\t\t\t\t\t\t\t\t\t\t\t\t\t\t\t\t\t\t<a class=\"fusion-rollover-gallery\" href=\"https:\/\/ramse.es\/wordpress\/wp-content\/uploads\/2023\/02\/Ramse.Toma-posesion-Jesus-Palomero.jpeg\" data-id=\"4245\" data-rel=\"iLightbox[gallery]\" data-title=\"Ramse.Toma posesio\u0301n Jesu\u0301s Palomero\" data-caption=\"\">\n\t\t\t\t\t\tGaler\u00eda\t\t\t\t\t<\/a>\n\t\t\t\t\t\t\t\t\t\t\t\t\t\t\n\t\t\n\t\t\t\t\t\t\t\t\n\t\t\t\t\t\t\t\t\n\t\t\n\t\t\t\t\t\t<a class=\"fusion-link-wrapper\" href=\"https:\/\/ramse.es\/wordpress\/jesus-palomero-paramo-catedratico-de-historia-del-arte-nuevo-academico-de-erudicion-de-la-ramse\/\" aria-label=\"Jes\u00fas Palomero P\u00e1ramo, Catedr\u00e1tico de Historia del Arte, nuevo Acad\u00e9mico de Erudici\u00f3n de la RAMSE\"><\/a>\n\t<\/div>\n<\/div>\n<\/div>\n<\/li>\n\t\t\t\n\t\t\t\n\t\t\t\t\t\t\t\t\t\t\t\t\t\t\t\t\t\t\t\t\t\t\t\t\t\t\t\t\t\t\t\t\t\t\t\t\t\t\t\t\t\t\t\t\t\t\t\t\t\t\t\t\t\t\t\t\t\t\t\t\t\t\t\t\t\t\t\t<\/ul>\n\t<\/div>\n\t<div class=\"fusion-date-and-formats\"><div class=\"fusion-date-box updated\"><span class=\"fusion-date\">febrero<\/span><span class=\"fusion-month-year\">4:04 pm<\/span><\/div><div class=\"fusion-format-box\"><i class=\"awb-icon-pen\" aria-hidden=\"true\"><\/i><\/div><\/div><div class=\"fusion-post-content post-content\"><h2 class=\"blog-shortcode-post-title entry-title\"><a href=\"https:\/\/ramse.es\/wordpress\/jesus-palomero-paramo-catedratico-de-historia-del-arte-nuevo-academico-de-erudicion-de-la-ramse\/\">Jes\u00fas Palomero P\u00e1ramo, Catedr\u00e1tico de Historia del Arte, nuevo Acad\u00e9mico de Erudici\u00f3n de la RAMSE<\/a><\/h2><p class=\"fusion-single-line-meta\">Por <span class=\"vcard\"><span class=\"fn\"><a href=\"https:\/\/ramse.es\/wordpress\/author\/prensa\/\" title=\"Entradas de Mar\u00eda\" rel=\"author\">Mar\u00eda<\/a><\/span><\/span><span class=\"fusion-inline-sep\">|<\/span><span class=\"updated\" style=\"display:none;\">2023-02-20T22:43:54+02:00<\/span><span>febrero 6th, 2023<\/span><span class=\"fusion-inline-sep\">|<\/span>Categor\u00edas: <a href=\"https:\/\/ramse.es\/wordpress\/category\/academico-de-erudicion\/\" rel=\"category tag\">Acad\u00e9mico de Erudici\u00f3n<\/a><span class=\"fusion-inline-sep\">|<\/span><span class=\"meta-tags\">Etiquetas: <a href=\"https:\/\/ramse.es\/wordpress\/tag\/jesus-palomero\/\" rel=\"tag\">Jes\u00fas Palomero<\/a><\/span><span class=\"fusion-inline-sep\">|<\/span><\/p><div class=\"fusion-post-content-container\"><p>La Real Academia de Medicina y Cirug\u00eda de Sevilla ha celebrado el acto de recepci\u00f3n del nuevo Acad\u00e9mico de Erudici\u00f3n. D. Jes\u00fas Palomero P\u00e1ramo, en una sesi\u00f3n p\u00fablica y extraordinaria que ha tenido lugar este domingo, 5 de febrero, a las 12:00 horas, en el Sal\u00f3n de Actos Ram\u00f3n y Cajal de la RAMSE (C\/ Abades, 10). El nuevo miembro de la RAMSE ha sido presentado por el Ilmo. Sr. <a href=\"https:\/\/ramse.es\/wordpress\/jesus-palomero-paramo-catedratico-de-historia-del-arte-nuevo-academico-de-erudicion-de-la-ramse\/\">[...]<\/a><\/p><\/div><\/div><div class=\"fusion-clearfix\"><\/div><div class=\"fusion-meta-info\"><div class=\"fusion-alignright\"><a class=\"fusion-read-more\" href=\"https:\/\/ramse.es\/wordpress\/jesus-palomero-paramo-catedratico-de-historia-del-arte-nuevo-academico-de-erudicion-de-la-ramse\/\" aria-label=\"More on Jes\u00fas Palomero P\u00e1ramo, Catedr\u00e1tico de Historia del Arte, nuevo Acad\u00e9mico de Erudici\u00f3n de la RAMSE\">Leer M\u00e1s<\/a><\/div><\/div><\/article>\n<article id=\"blog-1-post-4274\" class=\"fusion-post-large-alternate post-4274 post type-post status-publish format-standard has-post-thumbnail hentry category-actos-academicos category-mesa-redonda\">\n\t<style type=\"text\/css\">\n\t\t\n\t\t\n\t\t\n\t\t\n\t\t\t<\/style>\n\n\n\t\t\t<div class=\"fusion-flexslider flexslider fusion-flexslider-loading fusion-post-slideshow\" style=\"\">\n\t\t<ul class=\"slides\">\n\t\t\t\n\t\t\t\t\t\t\t\t\t\t\t\t\t\t<li><div  class=\"fusion-image-wrapper\" aria-haspopup=\"true\">\n\t\t\t\t<img decoding=\"async\" width=\"2560\" height=\"1707\" src=\"https:\/\/ramse.es\/wordpress\/wp-content\/uploads\/2023\/02\/23020018-1-scaled.jpg\" class=\"attachment-full size-full wp-post-image\" alt=\"\" srcset=\"https:\/\/ramse.es\/wordpress\/wp-content\/uploads\/2023\/02\/23020018-1-200x133.jpg 200w, https:\/\/ramse.es\/wordpress\/wp-content\/uploads\/2023\/02\/23020018-1-400x267.jpg 400w, https:\/\/ramse.es\/wordpress\/wp-content\/uploads\/2023\/02\/23020018-1-600x400.jpg 600w, https:\/\/ramse.es\/wordpress\/wp-content\/uploads\/2023\/02\/23020018-1-800x533.jpg 800w, https:\/\/ramse.es\/wordpress\/wp-content\/uploads\/2023\/02\/23020018-1-1200x800.jpg 1200w, https:\/\/ramse.es\/wordpress\/wp-content\/uploads\/2023\/02\/23020018-1-scaled.jpg 2560w\" sizes=\"(max-width: 1000px) 100vw, 800px\" \/><div class=\"fusion-rollover\">\n\t<div class=\"fusion-rollover-content\">\n\n\t\t\t\t\t\t\t\t\t\t\t\t\t\t<a class=\"fusion-rollover-link\" href=\"https:\/\/ramse.es\/wordpress\/la-enfermeria-de-la-plaza-de-la-real-maestranza-de-caballeria-de-sevilla-a-debate\/\">La enfermer\u00eda de la plaza de la Real Maestranza de Caballer\u00eda de Sevilla, a debate<\/a>\n\t\t\t\n\t\t\t\t\t\t\t\t\t\t\t\t\t\t\n\t\t\t\t\t\t\t\t\n\t\t\t\t\t\t\t\t\t\t\t\t\t<div class=\"fusion-rollover-sep\"><\/div>\n\t\t\t\t\n\t\t\t\t\t\t\t\t\t\t\t\t\t\t\t\t\t\t<a class=\"fusion-rollover-gallery\" href=\"https:\/\/ramse.es\/wordpress\/wp-content\/uploads\/2023\/02\/23020018-1-scaled.jpg\" data-id=\"4274\" data-rel=\"iLightbox[gallery]\" data-title=\"23020018 (1)\" data-caption=\"\">\n\t\t\t\t\t\tGaler\u00eda\t\t\t\t\t<\/a>\n\t\t\t\t\t\t\t\t\t\t\t\t\t\t\n\t\t\n\t\t\t\t\t\t\t\t\n\t\t\t\t\t\t\t\t\n\t\t\n\t\t\t\t\t\t<a class=\"fusion-link-wrapper\" href=\"https:\/\/ramse.es\/wordpress\/la-enfermeria-de-la-plaza-de-la-real-maestranza-de-caballeria-de-sevilla-a-debate\/\" aria-label=\"La enfermer\u00eda de la plaza de la Real Maestranza de Caballer\u00eda de Sevilla, a debate\"><\/a>\n\t<\/div>\n<\/div>\n<\/div>\n<\/li>\n\t\t\t\n\t\t\t\n\t\t\t\t\t\t\t\t\t\t\t\t\t\t\t\t\t\t\t\t\t\t\t\t\t\t\t\t\t\t\t\t\t\t\t\t\t\t\t\t\t\t\t\t\t\t\t\t\t\t\t\t\t\t\t\t\t\t\t\t\t\t\t\t\t\t\t\t<\/ul>\n\t<\/div>\n\t<div class=\"fusion-date-and-formats\"><div class=\"fusion-date-box updated\"><span class=\"fusion-date\">febrero<\/span><span class=\"fusion-month-year\">2:57 pm<\/span><\/div><div class=\"fusion-format-box\"><i class=\"awb-icon-pen\" aria-hidden=\"true\"><\/i><\/div><\/div><div class=\"fusion-post-content post-content\"><h2 class=\"blog-shortcode-post-title entry-title\"><a href=\"https:\/\/ramse.es\/wordpress\/la-enfermeria-de-la-plaza-de-la-real-maestranza-de-caballeria-de-sevilla-a-debate\/\">La enfermer\u00eda de la plaza de la Real Maestranza de Caballer\u00eda de Sevilla, a debate<\/a><\/h2><p class=\"fusion-single-line-meta\">Por <span class=\"vcard\"><span class=\"fn\"><a href=\"https:\/\/ramse.es\/wordpress\/author\/prensa\/\" title=\"Entradas de Mar\u00eda\" rel=\"author\">Mar\u00eda<\/a><\/span><\/span><span class=\"fusion-inline-sep\">|<\/span><span class=\"updated\" style=\"display:none;\">2023-02-27T15:18:51+02:00<\/span><span>febrero 4th, 2023<\/span><span class=\"fusion-inline-sep\">|<\/span>Categor\u00edas: <a href=\"https:\/\/ramse.es\/wordpress\/category\/actos-academicos\/\" rel=\"category tag\">Actos Acad\u00e9micos<\/a>, <a href=\"https:\/\/ramse.es\/wordpress\/category\/mesa-redonda\/\" rel=\"category tag\">Mesa redonda<\/a><span class=\"fusion-inline-sep\">|<\/span><\/p><div class=\"fusion-post-content-container\"><p>El Sal\u00f3n de Carteles de la Plaza de Toros de la Real Maestranza de Caballer\u00eda de Sevilla ha acogido la mesa redonda titulada 'La enfermer\u00eda de la plaza de la Real Maestranza de Caballer\u00eda de Sevilla, un espejo donde mirarse', un acto organizado por la Real Academia de Medicina y Cirug\u00eda de Sevilla. La mesa redonda la present\u00f3 el presidente de la regia instituci\u00f3n,\u00a0Carlos Infantes Alc\u00f3n, y cont\u00f3 con la <a href=\"https:\/\/ramse.es\/wordpress\/la-enfermeria-de-la-plaza-de-la-real-maestranza-de-caballeria-de-sevilla-a-debate\/\">[...]<\/a><\/p><\/div><\/div><div class=\"fusion-clearfix\"><\/div><div class=\"fusion-meta-info\"><div class=\"fusion-alignright\"><a class=\"fusion-read-more\" href=\"https:\/\/ramse.es\/wordpress\/la-enfermeria-de-la-plaza-de-la-real-maestranza-de-caballeria-de-sevilla-a-debate\/\" aria-label=\"More on La enfermer\u00eda de la plaza de la Real Maestranza de Caballer\u00eda de Sevilla, a debate\">Leer M\u00e1s<\/a><\/div><\/div><\/article>\n<article id=\"blog-1-post-4242\" class=\"fusion-post-large-alternate post-4242 post type-post status-publish format-standard has-post-thumbnail hentry category-actividades tag-fundacion-universitaria-ceu-fernando-iii tag-grupo-tacito tag-presentacion-de-libro\">\n\t<style type=\"text\/css\">\n\t\t\n\t\t\n\t\t\n\t\t\n\t\t\t<\/style>\n\n\n\t\t\t<div class=\"fusion-flexslider flexslider fusion-flexslider-loading fusion-post-slideshow\" style=\"\">\n\t\t<ul class=\"slides\">\n\t\t\t\n\t\t\t\t\t\t\t\t\t\t\t\t\t\t<li><div  class=\"fusion-image-wrapper\" aria-haspopup=\"true\">\n\t\t\t\t<img decoding=\"async\" width=\"2420\" height=\"1950\" src=\"https:\/\/ramse.es\/wordpress\/wp-content\/uploads\/2023\/02\/DSC_8327.jpg\" class=\"attachment-full size-full wp-post-image\" alt=\"\" srcset=\"https:\/\/ramse.es\/wordpress\/wp-content\/uploads\/2023\/02\/DSC_8327-200x161.jpg 200w, https:\/\/ramse.es\/wordpress\/wp-content\/uploads\/2023\/02\/DSC_8327-400x322.jpg 400w, https:\/\/ramse.es\/wordpress\/wp-content\/uploads\/2023\/02\/DSC_8327-600x483.jpg 600w, https:\/\/ramse.es\/wordpress\/wp-content\/uploads\/2023\/02\/DSC_8327-800x645.jpg 800w, https:\/\/ramse.es\/wordpress\/wp-content\/uploads\/2023\/02\/DSC_8327-1200x967.jpg 1200w, https:\/\/ramse.es\/wordpress\/wp-content\/uploads\/2023\/02\/DSC_8327.jpg 2420w\" sizes=\"(max-width: 1000px) 100vw, 800px\" \/><div class=\"fusion-rollover\">\n\t<div class=\"fusion-rollover-content\">\n\n\t\t\t\t\t\t\t\t\t\t\t\t\t\t<a class=\"fusion-rollover-link\" href=\"https:\/\/ramse.es\/wordpress\/presentacion-en-la-ramse-del-libro-tacito-precursores-y-actores-de-la-transicion\/\">Presentaci\u00f3n en la RAMSE del libro \u2018T\u00e1cito. Precursores y actores de la Transici\u00f3n\u2019<\/a>\n\t\t\t\n\t\t\t\t\t\t\t\t\t\t\t\t\t\t\n\t\t\t\t\t\t\t\t\n\t\t\t\t\t\t\t\t\t\t\t\t\t<div class=\"fusion-rollover-sep\"><\/div>\n\t\t\t\t\n\t\t\t\t\t\t\t\t\t\t\t\t\t\t\t\t\t\t<a class=\"fusion-rollover-gallery\" href=\"https:\/\/ramse.es\/wordpress\/wp-content\/uploads\/2023\/02\/DSC_8327.jpg\" data-id=\"4242\" data-rel=\"iLightbox[gallery]\" data-title=\"Presentaci\u00f3n Libro\" data-caption=\"\">\n\t\t\t\t\t\tGaler\u00eda\t\t\t\t\t<\/a>\n\t\t\t\t\t\t\t\t\t\t\t\t\t\t\n\t\t\n\t\t\t\t\t\t\t\t\n\t\t\t\t\t\t\t\t\n\t\t\n\t\t\t\t\t\t<a class=\"fusion-link-wrapper\" href=\"https:\/\/ramse.es\/wordpress\/presentacion-en-la-ramse-del-libro-tacito-precursores-y-actores-de-la-transicion\/\" aria-label=\"Presentaci\u00f3n en la RAMSE del libro \u2018T\u00e1cito. Precursores y actores de la Transici\u00f3n\u2019\"><\/a>\n\t<\/div>\n<\/div>\n<\/div>\n<\/li>\n\t\t\t\n\t\t\t\n\t\t\t\t\t\t\t\t\t\t\t\t\t\t\t\t\t\t\t\t\t\t\t\t\t\t\t\t\t\t\t\t\t\t\t\t\t\t\t\t\t\t\t\t\t\t\t\t\t\t\t\t\t\t\t\t\t\t\t\t\t\t\t\t\t\t\t\t<\/ul>\n\t<\/div>\n\t<div class=\"fusion-date-and-formats\"><div class=\"fusion-date-box updated\"><span class=\"fusion-date\">febrero<\/span><span class=\"fusion-month-year\">4:00 pm<\/span><\/div><div class=\"fusion-format-box\"><i class=\"awb-icon-pen\" aria-hidden=\"true\"><\/i><\/div><\/div><div class=\"fusion-post-content post-content\"><h2 class=\"blog-shortcode-post-title entry-title\"><a href=\"https:\/\/ramse.es\/wordpress\/presentacion-en-la-ramse-del-libro-tacito-precursores-y-actores-de-la-transicion\/\">Presentaci\u00f3n en la RAMSE del libro \u2018T\u00e1cito. Precursores y actores de la Transici\u00f3n\u2019<\/a><\/h2><p class=\"fusion-single-line-meta\">Por <span class=\"vcard\"><span class=\"fn\"><a href=\"https:\/\/ramse.es\/wordpress\/author\/prensa\/\" title=\"Entradas de Mar\u00eda\" rel=\"author\">Mar\u00eda<\/a><\/span><\/span><span class=\"fusion-inline-sep\">|<\/span><span class=\"updated\" style=\"display:none;\">2023-02-08T16:04:31+02:00<\/span><span>febrero 2nd, 2023<\/span><span class=\"fusion-inline-sep\">|<\/span>Categor\u00edas: <a href=\"https:\/\/ramse.es\/wordpress\/category\/news\/actividades\/\" rel=\"category tag\">Actividades<\/a><span class=\"fusion-inline-sep\">|<\/span><span class=\"meta-tags\">Etiquetas: <a href=\"https:\/\/ramse.es\/wordpress\/tag\/fundacion-universitaria-ceu-fernando-iii\/\" rel=\"tag\">Fundaci\u00f3n Universitaria CEU Fernando III<\/a>, <a href=\"https:\/\/ramse.es\/wordpress\/tag\/grupo-tacito\/\" rel=\"tag\">Grupo T\u00e1cito<\/a>, <a href=\"https:\/\/ramse.es\/wordpress\/tag\/presentacion-de-libro\/\" rel=\"tag\">Presentaci\u00f3n de libro<\/a><\/span><span class=\"fusion-inline-sep\">|<\/span><\/p><div class=\"fusion-post-content-container\"><p>El sal\u00f3n Ram\u00f3n y Cajal de la Real Academia de Medicina y Cirug\u00eda de Sevilla acogi\u00f3 la presentaci\u00f3n del libro \u2018T\u00e1cito. Precursores y actores de la Transici\u00f3n\u2019 como punto de inicio del acuerdo de colaboraci\u00f3n con la Fundaci\u00f3n Universitaria CEU Fernando III. El acto cont\u00f3 con los testimonios del ex ministro de Educaci\u00f3n y de la Presidencia, Jos\u00e9 Manuel Otero Novas; el notario Rafael Le\u00f1a Fern\u00e1ndez; y el ex secretario <a href=\"https:\/\/ramse.es\/wordpress\/presentacion-en-la-ramse-del-libro-tacito-precursores-y-actores-de-la-transicion\/\">[...]<\/a><\/p><\/div><\/div><div class=\"fusion-clearfix\"><\/div><div class=\"fusion-meta-info\"><div class=\"fusion-alignright\"><a class=\"fusion-read-more\" href=\"https:\/\/ramse.es\/wordpress\/presentacion-en-la-ramse-del-libro-tacito-precursores-y-actores-de-la-transicion\/\" aria-label=\"More on Presentaci\u00f3n en la RAMSE del libro \u2018T\u00e1cito. Precursores y actores de la Transici\u00f3n\u2019\">Leer M\u00e1s<\/a><\/div><\/div><\/article>\n<article id=\"blog-1-post-4200\" class=\"fusion-post-large-alternate post-4200 post type-post status-publish format-standard has-post-thumbnail hentry category-convenio tag-fundacion-universitaria-ceu-fernando-iii tag-san-pablo-ceu\">\n\t<style type=\"text\/css\">\n\t\t\n\t\t\n\t\t\n\t\t\n\t\t\t<\/style>\n\n\n\t\t\t<div class=\"fusion-flexslider flexslider fusion-flexslider-loading fusion-post-slideshow\" style=\"\">\n\t\t<ul class=\"slides\">\n\t\t\t\n\t\t\t\t\t\t\t\t\t\t\t\t\t\t<li><div  class=\"fusion-image-wrapper\" aria-haspopup=\"true\">\n\t\t\t\t<img decoding=\"async\" width=\"2560\" height=\"1802\" src=\"https:\/\/ramse.es\/wordpress\/wp-content\/uploads\/2022\/11\/DSC_7205-scaled.jpg\" class=\"attachment-full size-full wp-post-image\" alt=\"\" srcset=\"https:\/\/ramse.es\/wordpress\/wp-content\/uploads\/2022\/11\/DSC_7205-200x141.jpg 200w, https:\/\/ramse.es\/wordpress\/wp-content\/uploads\/2022\/11\/DSC_7205-400x282.jpg 400w, https:\/\/ramse.es\/wordpress\/wp-content\/uploads\/2022\/11\/DSC_7205-600x422.jpg 600w, https:\/\/ramse.es\/wordpress\/wp-content\/uploads\/2022\/11\/DSC_7205-800x563.jpg 800w, https:\/\/ramse.es\/wordpress\/wp-content\/uploads\/2022\/11\/DSC_7205-1200x845.jpg 1200w, https:\/\/ramse.es\/wordpress\/wp-content\/uploads\/2022\/11\/DSC_7205-scaled.jpg 2560w\" sizes=\"(max-width: 1000px) 100vw, 800px\" \/><div class=\"fusion-rollover\">\n\t<div class=\"fusion-rollover-content\">\n\n\t\t\t\t\t\t\t\t\t\t\t\t\t\t<a class=\"fusion-rollover-link\" href=\"https:\/\/ramse.es\/wordpress\/nueva-colaboracion-entre-la-fundacion-universitaria-ceu-fernando-iii-y-la-ramse\/\">Nueva colaboraci\u00f3n entre la Fundaci\u00f3n Universitaria CEU Fernando III y la RAMSE<\/a>\n\t\t\t\n\t\t\t\t\t\t\t\t\t\t\t\t\t\t\n\t\t\t\t\t\t\t\t\n\t\t\t\t\t\t\t\t\t\t\t\t\t<div class=\"fusion-rollover-sep\"><\/div>\n\t\t\t\t\n\t\t\t\t\t\t\t\t\t\t\t\t\t\t\t\t\t\t<a class=\"fusion-rollover-gallery\" href=\"https:\/\/ramse.es\/wordpress\/wp-content\/uploads\/2022\/11\/DSC_7205-scaled.jpg\" data-id=\"4200\" data-rel=\"iLightbox[gallery]\" data-title=\"DSC_7205\" data-caption=\"\">\n\t\t\t\t\t\tGaler\u00eda\t\t\t\t\t<\/a>\n\t\t\t\t\t\t\t\t\t\t\t\t\t\t\n\t\t\n\t\t\t\t\t\t\t\t\n\t\t\t\t\t\t\t\t\n\t\t\n\t\t\t\t\t\t<a class=\"fusion-link-wrapper\" href=\"https:\/\/ramse.es\/wordpress\/nueva-colaboracion-entre-la-fundacion-universitaria-ceu-fernando-iii-y-la-ramse\/\" aria-label=\"Nueva colaboraci\u00f3n entre la Fundaci\u00f3n Universitaria CEU Fernando III y la RAMSE\"><\/a>\n\t<\/div>\n<\/div>\n<\/div>\n<\/li>\n\t\t\t\n\t\t\t\n\t\t\t\t\t\t\t\t\t\t\t\t\t\t\t\t\t\t\t\t\t\t\t\t\t\t\t\t\t\t\t\t\t\t\t\t\t\t\t\t\t\t\t\t\t\t\t\t\t\t\t\t\t\t\t\t\t\t\t\t\t\t\t\t\t\t\t\t<\/ul>\n\t<\/div>\n\t<div class=\"fusion-date-and-formats\"><div class=\"fusion-date-box updated\"><span class=\"fusion-date\">noviembre<\/span><span class=\"fusion-month-year\">3:53 pm<\/span><\/div><div class=\"fusion-format-box\"><i class=\"awb-icon-pen\" aria-hidden=\"true\"><\/i><\/div><\/div><div class=\"fusion-post-content post-content\"><h2 class=\"blog-shortcode-post-title entry-title\"><a href=\"https:\/\/ramse.es\/wordpress\/nueva-colaboracion-entre-la-fundacion-universitaria-ceu-fernando-iii-y-la-ramse\/\">Nueva colaboraci\u00f3n entre la Fundaci\u00f3n Universitaria CEU Fernando III y la RAMSE<\/a><\/h2><p class=\"fusion-single-line-meta\">Por <span class=\"vcard\"><span class=\"fn\"><a href=\"https:\/\/ramse.es\/wordpress\/author\/prensa\/\" title=\"Entradas de Mar\u00eda\" rel=\"author\">Mar\u00eda<\/a><\/span><\/span><span class=\"fusion-inline-sep\">|<\/span><span class=\"updated\" style=\"display:none;\">2022-11-09T15:53:12+02:00<\/span><span>noviembre 9th, 2022<\/span><span class=\"fusion-inline-sep\">|<\/span>Categor\u00edas: <a href=\"https:\/\/ramse.es\/wordpress\/category\/convenio\/\" rel=\"category tag\">Convenio<\/a><span class=\"fusion-inline-sep\">|<\/span><span class=\"meta-tags\">Etiquetas: <a href=\"https:\/\/ramse.es\/wordpress\/tag\/fundacion-universitaria-ceu-fernando-iii\/\" rel=\"tag\">Fundaci\u00f3n Universitaria CEU Fernando III<\/a>, <a href=\"https:\/\/ramse.es\/wordpress\/tag\/san-pablo-ceu\/\" rel=\"tag\">San Pablo CEU<\/a><\/span><span class=\"fusion-inline-sep\">|<\/span><\/p><div class=\"fusion-post-content-container\"><p>La Real Academia de Medicina y Cirug\u00eda de Sevilla y la Fundaci\u00f3n Universitaria CEU Fernando III y la \u00a0han firmado un convenio de colaboraci\u00f3n con el objetivo de impulsar acciones formativas y culturales, as\u00ed como establecer \u00e1mbitos de actuaci\u00f3n en el campo cient\u00edfico y promover los cauces que posibiliten la cooperaci\u00f3n mutua de ambas entidades. El acuerdo fue suscrito por Jos\u00e9 Alberto Parejo G\u00e1mir, rector- promotor de la Universidad CEU <a href=\"https:\/\/ramse.es\/wordpress\/nueva-colaboracion-entre-la-fundacion-universitaria-ceu-fernando-iii-y-la-ramse\/\">[...]<\/a><\/p><\/div><\/div><div class=\"fusion-clearfix\"><\/div><div class=\"fusion-meta-info\"><div class=\"fusion-alignright\"><a class=\"fusion-read-more\" href=\"https:\/\/ramse.es\/wordpress\/nueva-colaboracion-entre-la-fundacion-universitaria-ceu-fernando-iii-y-la-ramse\/\" aria-label=\"More on Nueva colaboraci\u00f3n entre la Fundaci\u00f3n Universitaria CEU Fernando III y la RAMSE\">Leer M\u00e1s<\/a><\/div><\/div><\/article>\n<article id=\"blog-1-post-4180\" class=\"fusion-post-large-alternate post-4180 post type-post status-publish format-standard has-post-thumbnail hentry category-mesa-redonda tag-pediatria tag-tecnologia-infancia\">\n\t<style type=\"text\/css\">\n\t\t\n\t\t\n\t\t\n\t\t\n\t\t\t<\/style>\n\n\n\t\t\t<div class=\"fusion-flexslider flexslider fusion-flexslider-loading fusion-post-slideshow\" style=\"\">\n\t\t<ul class=\"slides\">\n\t\t\t\n\t\t\t\t\t\t\t\t\t\t\t\t\t\t<li><div  class=\"fusion-image-wrapper\" aria-haspopup=\"true\">\n\t\t\t\t<img decoding=\"async\" width=\"980\" height=\"735\" src=\"https:\/\/ramse.es\/wordpress\/wp-content\/uploads\/2022\/10\/Ricoms.jpeg\" class=\"attachment-full size-full wp-post-image\" alt=\"\" srcset=\"https:\/\/ramse.es\/wordpress\/wp-content\/uploads\/2022\/10\/Ricoms-200x150.jpeg 200w, https:\/\/ramse.es\/wordpress\/wp-content\/uploads\/2022\/10\/Ricoms-400x300.jpeg 400w, https:\/\/ramse.es\/wordpress\/wp-content\/uploads\/2022\/10\/Ricoms-600x450.jpeg 600w, https:\/\/ramse.es\/wordpress\/wp-content\/uploads\/2022\/10\/Ricoms-800x600.jpeg 800w, https:\/\/ramse.es\/wordpress\/wp-content\/uploads\/2022\/10\/Ricoms.jpeg 980w\" sizes=\"(max-width: 1000px) 100vw, 800px\" \/><div class=\"fusion-rollover\">\n\t<div class=\"fusion-rollover-content\">\n\n\t\t\t\t\t\t\t\t\t\t\t\t\t\t<a class=\"fusion-rollover-link\" href=\"https:\/\/ramse.es\/wordpress\/analizan-el-uso-de-la-tecnologia-digital-en-la-infancia-desde-la-optica-de-la-medicina\/\">Analizan el uso de la tecnolog\u00eda digital en la infancia desde la \u00f3ptica de la Medicina<\/a>\n\t\t\t\n\t\t\t\t\t\t\t\t\t\t\t\t\t\t\n\t\t\t\t\t\t\t\t\n\t\t\t\t\t\t\t\t\t\t\t\t\t<div class=\"fusion-rollover-sep\"><\/div>\n\t\t\t\t\n\t\t\t\t\t\t\t\t\t\t\t\t\t\t\t\t\t\t<a class=\"fusion-rollover-gallery\" href=\"https:\/\/ramse.es\/wordpress\/wp-content\/uploads\/2022\/10\/Ricoms.jpeg\" data-id=\"4180\" data-rel=\"iLightbox[gallery]\" data-title=\"Ricoms\" data-caption=\"\">\n\t\t\t\t\t\tGaler\u00eda\t\t\t\t\t<\/a>\n\t\t\t\t\t\t\t\t\t\t\t\t\t\t\n\t\t\n\t\t\t\t\t\t\t\t\n\t\t\t\t\t\t\t\t\n\t\t\n\t\t\t\t\t\t<a class=\"fusion-link-wrapper\" href=\"https:\/\/ramse.es\/wordpress\/analizan-el-uso-de-la-tecnologia-digital-en-la-infancia-desde-la-optica-de-la-medicina\/\" aria-label=\"Analizan el uso de la tecnolog\u00eda digital en la infancia desde la \u00f3ptica de la Medicina\"><\/a>\n\t<\/div>\n<\/div>\n<\/div>\n<\/li>\n\t\t\t\n\t\t\t\n\t\t\t\t\t\t\t\t\t\t\t\t\t\t\t\t\t\t\t\t\t\t\t\t\t\t\t\t\t\t\t\t\t\t\t\t\t\t\t\t\t\t\t\t\t\t\t\t\t\t\t\t\t\t\t\t\t\t\t\t\t\t\t\t\t\t\t\t<\/ul>\n\t<\/div>\n\t<div class=\"fusion-date-and-formats\"><div class=\"fusion-date-box updated\"><span class=\"fusion-date\">octubre<\/span><span class=\"fusion-month-year\">2:49 pm<\/span><\/div><div class=\"fusion-format-box\"><i class=\"awb-icon-pen\" aria-hidden=\"true\"><\/i><\/div><\/div><div class=\"fusion-post-content post-content\"><h2 class=\"blog-shortcode-post-title entry-title\"><a href=\"https:\/\/ramse.es\/wordpress\/analizan-el-uso-de-la-tecnologia-digital-en-la-infancia-desde-la-optica-de-la-medicina\/\">Analizan el uso de la tecnolog\u00eda digital en la infancia desde la \u00f3ptica de la Medicina<\/a><\/h2><p class=\"fusion-single-line-meta\">Por <span class=\"vcard\"><span class=\"fn\"><a href=\"https:\/\/ramse.es\/wordpress\/author\/prensa\/\" title=\"Entradas de Mar\u00eda\" rel=\"author\">Mar\u00eda<\/a><\/span><\/span><span class=\"fusion-inline-sep\">|<\/span><span class=\"updated\" style=\"display:none;\">2022-10-31T14:49:59+02:00<\/span><span>octubre 31st, 2022<\/span><span class=\"fusion-inline-sep\">|<\/span>Categor\u00edas: <a href=\"https:\/\/ramse.es\/wordpress\/category\/mesa-redonda\/\" rel=\"category tag\">Mesa redonda<\/a><span class=\"fusion-inline-sep\">|<\/span><span class=\"meta-tags\">Etiquetas: <a href=\"https:\/\/ramse.es\/wordpress\/tag\/pediatria\/\" rel=\"tag\">pediatr\u00eda<\/a>, <a href=\"https:\/\/ramse.es\/wordpress\/tag\/tecnologia-infancia\/\" rel=\"tag\">Tecnologia infancia<\/a><\/span><span class=\"fusion-inline-sep\">|<\/span><\/p><div class=\"fusion-post-content-container\"><p>El Colegio de M\u00e9dicos de Sevilla y la Real Academia de Medicina y Cirug\u00eda de Sevilla han organizado un encuentro para debatir sobre el \u2018Uso de la tecnolog\u00eda digital en la infancia\u2019 que ha analizado las ventajas de este fen\u00f3meno desde un uso racional, as\u00ed como su impacto negativo en la poblaci\u00f3n infanto-juvenil. Seg\u00fan ha indicado, el Dr. Mart\u00edn Navarro Merino, profesor titular de Pediatr\u00eda de la Universidad de Sevilla, <a href=\"https:\/\/ramse.es\/wordpress\/analizan-el-uso-de-la-tecnologia-digital-en-la-infancia-desde-la-optica-de-la-medicina\/\">[...]<\/a><\/p><\/div><\/div><div class=\"fusion-clearfix\"><\/div><div class=\"fusion-meta-info\"><div class=\"fusion-alignright\"><a class=\"fusion-read-more\" href=\"https:\/\/ramse.es\/wordpress\/analizan-el-uso-de-la-tecnologia-digital-en-la-infancia-desde-la-optica-de-la-medicina\/\" aria-label=\"More on Analizan el uso de la tecnolog\u00eda digital en la infancia desde la \u00f3ptica de la Medicina\">Leer M\u00e1s<\/a><\/div><\/div><\/article>\n<article id=\"blog-1-post-4152\" class=\"fusion-post-large-alternate post-4152 post type-post status-publish format-standard has-post-thumbnail hentry category-academico-de-honor tag-celica tag-dra-isabel-polanco tag-gastroenterologia-y-nutricion\">\n\t<style type=\"text\/css\">\n\t\t\n\t\t\n\t\t\n\t\t\n\t\t\t<\/style>\n\n\n\t\t\t<div class=\"fusion-flexslider flexslider fusion-flexslider-loading fusion-post-slideshow\" style=\"\">\n\t\t<ul class=\"slides\">\n\t\t\t\n\t\t\t\t\t\t\t\t\t\t\t\t\t\t<li><div  class=\"fusion-image-wrapper\" aria-haspopup=\"true\">\n\t\t\t\t<img decoding=\"async\" width=\"1772\" height=\"2362\" src=\"https:\/\/ramse.es\/wordpress\/wp-content\/uploads\/2022\/10\/Toma-de-Posesio\u0301n-RAMSE.-Academica-Honor-Dra.-Polanco.jpg\" class=\"attachment-full size-full wp-post-image\" alt=\"\" srcset=\"https:\/\/ramse.es\/wordpress\/wp-content\/uploads\/2022\/10\/Toma-de-Posesio\u0301n-RAMSE.-Academica-Honor-Dra.-Polanco-200x267.jpg 200w, https:\/\/ramse.es\/wordpress\/wp-content\/uploads\/2022\/10\/Toma-de-Posesio\u0301n-RAMSE.-Academica-Honor-Dra.-Polanco-400x533.jpg 400w, https:\/\/ramse.es\/wordpress\/wp-content\/uploads\/2022\/10\/Toma-de-Posesio\u0301n-RAMSE.-Academica-Honor-Dra.-Polanco-600x800.jpg 600w, https:\/\/ramse.es\/wordpress\/wp-content\/uploads\/2022\/10\/Toma-de-Posesio\u0301n-RAMSE.-Academica-Honor-Dra.-Polanco-800x1066.jpg 800w, https:\/\/ramse.es\/wordpress\/wp-content\/uploads\/2022\/10\/Toma-de-Posesio\u0301n-RAMSE.-Academica-Honor-Dra.-Polanco-1200x1600.jpg 1200w, https:\/\/ramse.es\/wordpress\/wp-content\/uploads\/2022\/10\/Toma-de-Posesio\u0301n-RAMSE.-Academica-Honor-Dra.-Polanco.jpg 1772w\" sizes=\"(max-width: 1000px) 100vw, 800px\" \/><div class=\"fusion-rollover\">\n\t<div class=\"fusion-rollover-content\">\n\n\t\t\t\t\t\t\t\t\t\t\t\t\t\t<a class=\"fusion-rollover-link\" href=\"https:\/\/ramse.es\/wordpress\/la-catedratica-de-pediatria-maria-isabel-polanco-ingresa-como-academica-de-honor-en-la-ramse\/\">La Catedr\u00e1tica de Pediatr\u00eda Mar\u00eda Isabel Polanco ingresa como Acad\u00e9mica de Honor en la RAMSE<\/a>\n\t\t\t\n\t\t\t\t\t\t\t\t\t\t\t\t\t\t\n\t\t\t\t\t\t\t\t\n\t\t\t\t\t\t\t\t\t\t\t\t\t<div class=\"fusion-rollover-sep\"><\/div>\n\t\t\t\t\n\t\t\t\t\t\t\t\t\t\t\t\t\t\t\t\t\t\t<a class=\"fusion-rollover-gallery\" href=\"https:\/\/ramse.es\/wordpress\/wp-content\/uploads\/2022\/10\/Toma-de-Posesio\u0301n-RAMSE.-Academica-Honor-Dra.-Polanco.jpg\" data-id=\"4152\" data-rel=\"iLightbox[gallery]\" data-title=\"Toma de Posesio\u0301n RAMSE. Academica Honor Dra. Polanco\" data-caption=\"\">\n\t\t\t\t\t\tGaler\u00eda\t\t\t\t\t<\/a>\n\t\t\t\t\t\t\t\t\t\t\t\t\t\t\n\t\t\n\t\t\t\t\t\t\t\t\n\t\t\t\t\t\t\t\t\n\t\t\n\t\t\t\t\t\t<a class=\"fusion-link-wrapper\" href=\"https:\/\/ramse.es\/wordpress\/la-catedratica-de-pediatria-maria-isabel-polanco-ingresa-como-academica-de-honor-en-la-ramse\/\" aria-label=\"La Catedr\u00e1tica de Pediatr\u00eda Mar\u00eda Isabel Polanco ingresa como Acad\u00e9mica de Honor en la RAMSE\"><\/a>\n\t<\/div>\n<\/div>\n<\/div>\n<\/li>\n\t\t\t\n\t\t\t\n\t\t\t\t\t\t\t\t\t\t\t\t\t\t\t\t\t\t\t\t\t\t\t\t\t\t\t\t\t\t\t\t\t\t\t\t\t\t\t\t\t\t\t\t\t\t\t\t\t\t\t\t\t\t\t\t\t\t\t\t\t\t\t\t\t\t\t\t<\/ul>\n\t<\/div>\n\t<div class=\"fusion-date-and-formats\"><div class=\"fusion-date-box updated\"><span class=\"fusion-date\">octubre<\/span><span class=\"fusion-month-year\">5:47 pm<\/span><\/div><div class=\"fusion-format-box\"><i class=\"awb-icon-pen\" aria-hidden=\"true\"><\/i><\/div><\/div><div class=\"fusion-post-content post-content\"><h2 class=\"blog-shortcode-post-title entry-title\"><a href=\"https:\/\/ramse.es\/wordpress\/la-catedratica-de-pediatria-maria-isabel-polanco-ingresa-como-academica-de-honor-en-la-ramse\/\">La Catedr\u00e1tica de Pediatr\u00eda Mar\u00eda Isabel Polanco ingresa como Acad\u00e9mica de Honor en la RAMSE<\/a><\/h2><p class=\"fusion-single-line-meta\">Por <span class=\"vcard\"><span class=\"fn\"><a href=\"https:\/\/ramse.es\/wordpress\/author\/prensa\/\" title=\"Entradas de Mar\u00eda\" rel=\"author\">Mar\u00eda<\/a><\/span><\/span><span class=\"fusion-inline-sep\">|<\/span><span class=\"updated\" style=\"display:none;\">2022-10-18T17:47:47+02:00<\/span><span>octubre 18th, 2022<\/span><span class=\"fusion-inline-sep\">|<\/span>Categor\u00edas: <a href=\"https:\/\/ramse.es\/wordpress\/category\/academico-de-honor\/\" rel=\"category tag\">Acad\u00e9mico de honor<\/a><span class=\"fusion-inline-sep\">|<\/span><span class=\"meta-tags\">Etiquetas: <a href=\"https:\/\/ramse.es\/wordpress\/tag\/celica\/\" rel=\"tag\">Celica<\/a>, <a href=\"https:\/\/ramse.es\/wordpress\/tag\/dra-isabel-polanco\/\" rel=\"tag\">Dra. Isabel Polanco<\/a>, <a href=\"https:\/\/ramse.es\/wordpress\/tag\/gastroenterologia-y-nutricion\/\" rel=\"tag\">Gastroenterolog\u00eda y Nutrici\u00f3n<\/a><\/span><span class=\"fusion-inline-sep\">|<\/span><\/p><div class=\"fusion-post-content-container\"><p>La catedr\u00e1tica de pediatr\u00eda, Dra. Mar\u00eda Isabel Polanco Allu\u00e9 ya es Acad\u00e9mica de Honor de la Real Academia de Medicina y Cirug\u00eda de Sevilla (RAMSE). El solemne acto tuvo lugar en una sesi\u00f3n p\u00fablica y extraordinaria celebrada en el Sal\u00f3n Ram\u00f3n y Cajal de la RAMSE. Para la Dra. Polanco formar parte de esta instituci\u00f3n, la m\u00e1s antigua de Europa, supone \u201cun gran honor, un privilegio y una gran responsabilidad. <a href=\"https:\/\/ramse.es\/wordpress\/la-catedratica-de-pediatria-maria-isabel-polanco-ingresa-como-academica-de-honor-en-la-ramse\/\">[...]<\/a><\/p><\/div><\/div><div class=\"fusion-clearfix\"><\/div><div class=\"fusion-meta-info\"><div class=\"fusion-alignright\"><a class=\"fusion-read-more\" href=\"https:\/\/ramse.es\/wordpress\/la-catedratica-de-pediatria-maria-isabel-polanco-ingresa-como-academica-de-honor-en-la-ramse\/\" aria-label=\"More on La Catedr\u00e1tica de Pediatr\u00eda Mar\u00eda Isabel Polanco ingresa como Acad\u00e9mica de Honor en la RAMSE\">Leer M\u00e1s<\/a><\/div><\/div><\/article>\n<article id=\"blog-1-post-4146\" class=\"fusion-post-large-alternate post-4146 post type-post status-publish format-standard has-post-thumbnail hentry category-uncategorized\">\n\t<style type=\"text\/css\">\n\t\t\n\t\t\n\t\t\n\t\t\n\t\t\t<\/style>\n\n\n\t\t\t<div class=\"fusion-flexslider flexslider fusion-flexslider-loading fusion-post-slideshow\" style=\"\">\n\t\t<ul class=\"slides\">\n\t\t\t\n\t\t\t\t\t\t\t\t\t\t\t\t\t\t<li><div  class=\"fusion-image-wrapper\" aria-haspopup=\"true\">\n\t\t\t\t<img decoding=\"async\" width=\"1535\" height=\"880\" src=\"https:\/\/ramse.es\/wordpress\/wp-content\/uploads\/2022\/10\/DSC_1299.jpg\" class=\"attachment-full size-full wp-post-image\" alt=\"\" srcset=\"https:\/\/ramse.es\/wordpress\/wp-content\/uploads\/2022\/10\/DSC_1299-200x115.jpg 200w, https:\/\/ramse.es\/wordpress\/wp-content\/uploads\/2022\/10\/DSC_1299-400x229.jpg 400w, https:\/\/ramse.es\/wordpress\/wp-content\/uploads\/2022\/10\/DSC_1299-600x344.jpg 600w, https:\/\/ramse.es\/wordpress\/wp-content\/uploads\/2022\/10\/DSC_1299-800x459.jpg 800w, https:\/\/ramse.es\/wordpress\/wp-content\/uploads\/2022\/10\/DSC_1299-1200x688.jpg 1200w, https:\/\/ramse.es\/wordpress\/wp-content\/uploads\/2022\/10\/DSC_1299.jpg 1535w\" sizes=\"(max-width: 1000px) 100vw, 800px\" \/><div class=\"fusion-rollover\">\n\t<div class=\"fusion-rollover-content\">\n\n\t\t\t\t\t\t\t\t\t\t\t\t\t\t<a class=\"fusion-rollover-link\" href=\"https:\/\/ramse.es\/wordpress\/presentacion-del-libro-un-medico-arahalense-en-la-corte-de-felipe-v\/\">Presentaci\u00f3n del libro \u00abUn m\u00e9dico arahalense en la corte de Felipe V\u00bb<\/a>\n\t\t\t\n\t\t\t\t\t\t\t\t\t\t\t\t\t\t\n\t\t\t\t\t\t\t\t\n\t\t\t\t\t\t\t\t\t\t\t\t\t<div class=\"fusion-rollover-sep\"><\/div>\n\t\t\t\t\n\t\t\t\t\t\t\t\t\t\t\t\t\t\t\t\t\t\t<a class=\"fusion-rollover-gallery\" href=\"https:\/\/ramse.es\/wordpress\/wp-content\/uploads\/2022\/10\/DSC_1299.jpg\" data-id=\"4146\" data-rel=\"iLightbox[gallery]\" data-title=\"DSC_1299\" data-caption=\"\">\n\t\t\t\t\t\tGaler\u00eda\t\t\t\t\t<\/a>\n\t\t\t\t\t\t\t\t\t\t\t\t\t\t\n\t\t\n\t\t\t\t\t\t\t\t\n\t\t\t\t\t\t\t\t\n\t\t\n\t\t\t\t\t\t<a class=\"fusion-link-wrapper\" href=\"https:\/\/ramse.es\/wordpress\/presentacion-del-libro-un-medico-arahalense-en-la-corte-de-felipe-v\/\" aria-label=\"Presentaci\u00f3n del libro \u00abUn m\u00e9dico arahalense en la corte de Felipe V\u00bb\"><\/a>\n\t<\/div>\n<\/div>\n<\/div>\n<\/li>\n\t\t\t\n\t\t\t\n\t\t\t\t\t\t\t\t\t\t\t\t\t\t\t\t\t\t\t\t\t\t\t\t\t\t\t\t\t\t\t\t\t\t\t\t\t\t\t\t\t\t\t\t\t\t\t\t\t\t\t\t\t\t\t\t\t\t\t\t\t\t\t\t\t\t\t\t<\/ul>\n\t<\/div>\n\t<div class=\"fusion-date-and-formats\"><div class=\"fusion-date-box updated\"><span class=\"fusion-date\">octubre<\/span><span class=\"fusion-month-year\">12:56 pm<\/span><\/div><div class=\"fusion-format-box\"><i class=\"awb-icon-pen\" aria-hidden=\"true\"><\/i><\/div><\/div><div class=\"fusion-post-content post-content\"><h2 class=\"blog-shortcode-post-title entry-title\"><a href=\"https:\/\/ramse.es\/wordpress\/presentacion-del-libro-un-medico-arahalense-en-la-corte-de-felipe-v\/\">Presentaci\u00f3n del libro \u00abUn m\u00e9dico arahalense en la corte de Felipe V\u00bb<\/a><\/h2><p class=\"fusion-single-line-meta\">Por <span class=\"vcard\"><span class=\"fn\"><a href=\"https:\/\/ramse.es\/wordpress\/author\/prensa\/\" title=\"Entradas de Mar\u00eda\" rel=\"author\">Mar\u00eda<\/a><\/span><\/span><span class=\"fusion-inline-sep\">|<\/span><span class=\"updated\" style=\"display:none;\">2022-10-16T13:08:34+02:00<\/span><span>octubre 10th, 2022<\/span><span class=\"fusion-inline-sep\">|<\/span>Categor\u00edas: <a href=\"https:\/\/ramse.es\/wordpress\/category\/uncategorized\/\" rel=\"category tag\">Uncategorized<\/a><span class=\"fusion-inline-sep\">|<\/span><\/p><div class=\"fusion-post-content-container\"><p>La Fundaci\u00f3n Cajasol ha acogido la presentaci\u00f3n del libro \"Un m\u00e9dico arahalense en la corte de Felipe V\u00bb, de Francisco Morillas Caro y Jos\u00e9 Antonio Mart\u00ednez Rodr\u00edguez, organizada por la Real Academia de Medicina y Cirug\u00eda de Sevilla y la Fundaci\u00f3n Cajasol. Adem\u00e1s de los autores, intervendr\u00e1n en el acto Carlos Infantes Alc\u00f3n, presidente de la RAMSE y Jorge Dom\u00ednguez-Rodi\u00f1o S\u00e1nchez-Laulh\u00e9 y Juan Antonio Martos N\u00fa\u00f1ez. Ver presentaci\u00f3n completa:<\/p><\/div><\/div><div class=\"fusion-clearfix\"><\/div><div class=\"fusion-meta-info\"><div class=\"fusion-alignright\"><a class=\"fusion-read-more\" href=\"https:\/\/ramse.es\/wordpress\/presentacion-del-libro-un-medico-arahalense-en-la-corte-de-felipe-v\/\" aria-label=\"More on Presentaci\u00f3n del libro \u00abUn m\u00e9dico arahalense en la corte de Felipe V\u00bb\">Leer M\u00e1s<\/a><\/div><\/div><\/article>\n<article id=\"blog-1-post-4091\" class=\"fusion-post-large-alternate post-4091 post type-post status-publish format-standard has-post-thumbnail hentry category-mesa-redonda tag-fundacion-cajasol tag-medicina-y-tauromaquia\">\n\t<style type=\"text\/css\">\n\t\t\n\t\t\n\t\t\n\t\t\n\t\t\t<\/style>\n\n\n\t\t\t<div class=\"fusion-flexslider flexslider fusion-flexslider-loading fusion-post-slideshow\" style=\"\">\n\t\t<ul class=\"slides\">\n\t\t\t\n\t\t\t\t\t\t\t\t\t\t\t\t\t\t<li><div  class=\"fusion-image-wrapper\" aria-haspopup=\"true\">\n\t\t\t\t<img decoding=\"async\" width=\"1438\" height=\"909\" src=\"https:\/\/ramse.es\/wordpress\/wp-content\/uploads\/2022\/09\/DSC_0993.jpg\" class=\"attachment-full size-full wp-post-image\" alt=\"Medicina y Tauromaqui\" srcset=\"https:\/\/ramse.es\/wordpress\/wp-content\/uploads\/2022\/09\/DSC_0993-200x126.jpg 200w, https:\/\/ramse.es\/wordpress\/wp-content\/uploads\/2022\/09\/DSC_0993-400x253.jpg 400w, https:\/\/ramse.es\/wordpress\/wp-content\/uploads\/2022\/09\/DSC_0993-600x379.jpg 600w, https:\/\/ramse.es\/wordpress\/wp-content\/uploads\/2022\/09\/DSC_0993-800x506.jpg 800w, https:\/\/ramse.es\/wordpress\/wp-content\/uploads\/2022\/09\/DSC_0993-1200x759.jpg 1200w, https:\/\/ramse.es\/wordpress\/wp-content\/uploads\/2022\/09\/DSC_0993.jpg 1438w\" sizes=\"(max-width: 1000px) 100vw, 800px\" \/><div class=\"fusion-rollover\">\n\t<div class=\"fusion-rollover-content\">\n\n\t\t\t\t\t\t\t\t\t\t\t\t\t\t<a class=\"fusion-rollover-link\" href=\"https:\/\/ramse.es\/wordpress\/medicina-y-tautomaquia-en-el-siglo-xxi-a-debate-en-la-fundacion-cajasol\/\">Medicina y Tautomaquia en el siglo XXI, a debate en la Fundaci\u00f3n Cajasol<\/a>\n\t\t\t\n\t\t\t\t\t\t\t\t\t\t\t\t\t\t\n\t\t\t\t\t\t\t\t\n\t\t\t\t\t\t\t\t\t\t\t\t\t<div class=\"fusion-rollover-sep\"><\/div>\n\t\t\t\t\n\t\t\t\t\t\t\t\t\t\t\t\t\t\t\t\t\t\t<a class=\"fusion-rollover-gallery\" href=\"https:\/\/ramse.es\/wordpress\/wp-content\/uploads\/2022\/09\/DSC_0993.jpg\" data-id=\"4091\" data-rel=\"iLightbox[gallery]\" data-title=\"DSC_0993\" data-caption=\"\">\n\t\t\t\t\t\tGaler\u00eda\t\t\t\t\t<\/a>\n\t\t\t\t\t\t\t\t\t\t\t\t\t\t\n\t\t\n\t\t\t\t\t\t\t\t\n\t\t\t\t\t\t\t\t\n\t\t\n\t\t\t\t\t\t<a class=\"fusion-link-wrapper\" href=\"https:\/\/ramse.es\/wordpress\/medicina-y-tautomaquia-en-el-siglo-xxi-a-debate-en-la-fundacion-cajasol\/\" aria-label=\"Medicina y Tautomaquia en el siglo XXI, a debate en la Fundaci\u00f3n Cajasol\"><\/a>\n\t<\/div>\n<\/div>\n<\/div>\n<\/li>\n\t\t\t\n\t\t\t\n\t\t\t\t\t\t\t\t\t\t\t\t\t\t\t\t\t\t\t\t\t\t\t\t\t\t\t\t\t\t\t\t\t\t\t\t\t\t\t\t\t\t\t\t\t\t\t\t\t\t\t\t\t\t\t\t\t\t\t\t\t\t\t\t\t\t\t\t<\/ul>\n\t<\/div>\n\t<div class=\"fusion-date-and-formats\"><div class=\"fusion-date-box updated\"><span class=\"fusion-date\">septiembre<\/span><span class=\"fusion-month-year\">7:08 pm<\/span><\/div><div class=\"fusion-format-box\"><i class=\"awb-icon-pen\" aria-hidden=\"true\"><\/i><\/div><\/div><div class=\"fusion-post-content post-content\"><h2 class=\"blog-shortcode-post-title entry-title\"><a href=\"https:\/\/ramse.es\/wordpress\/medicina-y-tautomaquia-en-el-siglo-xxi-a-debate-en-la-fundacion-cajasol\/\">Medicina y Tautomaquia en el siglo XXI, a debate en la Fundaci\u00f3n Cajasol<\/a><\/h2><p class=\"fusion-single-line-meta\">Por <span class=\"vcard\"><span class=\"fn\"><a href=\"https:\/\/ramse.es\/wordpress\/author\/prensa\/\" title=\"Entradas de Mar\u00eda\" rel=\"author\">Mar\u00eda<\/a><\/span><\/span><span class=\"fusion-inline-sep\">|<\/span><span class=\"updated\" style=\"display:none;\">2022-09-26T19:16:06+02:00<\/span><span>septiembre 26th, 2022<\/span><span class=\"fusion-inline-sep\">|<\/span>Categor\u00edas: <a href=\"https:\/\/ramse.es\/wordpress\/category\/mesa-redonda\/\" rel=\"category tag\">Mesa redonda<\/a><span class=\"fusion-inline-sep\">|<\/span><span class=\"meta-tags\">Etiquetas: <a href=\"https:\/\/ramse.es\/wordpress\/tag\/fundacion-cajasol\/\" rel=\"tag\">Fundacion Cajasol<\/a>, <a href=\"https:\/\/ramse.es\/wordpress\/tag\/medicina-y-tauromaquia\/\" rel=\"tag\">Medicina y Tauromaquia<\/a><\/span><span class=\"fusion-inline-sep\">|<\/span><\/p><div class=\"fusion-post-content-container\"><p>La cirug\u00eda taurina del siglo XXI. Con esta mesa redonda ha comenzado la Real Academia de Medicina y Cirug\u00eda de Sevilla (RAMSE) el nuevo curso 2002-23. El acto, que tuvo lugar el pasado jueves en la Fundaci\u00f3n Cajasol, fue presidido por Carlos A. Infantes Alc\u00f3n. presidente de la RAMSE y moderado por el acad\u00e9mico de n\u00famero electo de la RAMSE, Alberto Garc\u00eda-Perla. \u201cDesgraciadamente, los toreros nos preocupamos m\u00e1s de entrar <a href=\"https:\/\/ramse.es\/wordpress\/medicina-y-tautomaquia-en-el-siglo-xxi-a-debate-en-la-fundacion-cajasol\/\">[...]<\/a><\/p><\/div><\/div><div class=\"fusion-clearfix\"><\/div><div class=\"fusion-meta-info\"><div class=\"fusion-alignright\"><a class=\"fusion-read-more\" href=\"https:\/\/ramse.es\/wordpress\/medicina-y-tautomaquia-en-el-siglo-xxi-a-debate-en-la-fundacion-cajasol\/\" aria-label=\"More on Medicina y Tautomaquia en el siglo XXI, a debate en la Fundaci\u00f3n Cajasol\">Leer M\u00e1s<\/a><\/div><\/div><\/article>\n<article id=\"blog-1-post-3964\" class=\"fusion-post-large-alternate post-3964 post type-post status-publish format-standard has-post-thumbnail hentry category-academicos-correspondientes category-actos-academicos\">\n\t<style type=\"text\/css\">\n\t\t\n\t\t\n\t\t\n\t\t\n\t\t\t<\/style>\n\n\n\t\t\t<div class=\"fusion-flexslider flexslider fusion-flexslider-loading fusion-post-slideshow\" style=\"\">\n\t\t<ul class=\"slides\">\n\t\t\t\n\t\t\t\t\t\t\t\t\t\t\t\t\t\t<li><div  class=\"fusion-image-wrapper\" aria-haspopup=\"true\">\n\t\t\t\t<img decoding=\"async\" width=\"942\" height=\"1048\" src=\"https:\/\/ramse.es\/wordpress\/wp-content\/uploads\/2022\/07\/RAMSE-Acade\u0301micos-Correspondientes-30-junio.jpg\" class=\"attachment-full size-full wp-post-image\" alt=\"\" srcset=\"https:\/\/ramse.es\/wordpress\/wp-content\/uploads\/2022\/07\/RAMSE-Acade\u0301micos-Correspondientes-30-junio-200x223.jpg 200w, https:\/\/ramse.es\/wordpress\/wp-content\/uploads\/2022\/07\/RAMSE-Acade\u0301micos-Correspondientes-30-junio-400x445.jpg 400w, https:\/\/ramse.es\/wordpress\/wp-content\/uploads\/2022\/07\/RAMSE-Acade\u0301micos-Correspondientes-30-junio-600x668.jpg 600w, https:\/\/ramse.es\/wordpress\/wp-content\/uploads\/2022\/07\/RAMSE-Acade\u0301micos-Correspondientes-30-junio-800x890.jpg 800w, https:\/\/ramse.es\/wordpress\/wp-content\/uploads\/2022\/07\/RAMSE-Acade\u0301micos-Correspondientes-30-junio.jpg 942w\" sizes=\"(max-width: 1000px) 100vw, 800px\" \/><div class=\"fusion-rollover\">\n\t<div class=\"fusion-rollover-content\">\n\n\t\t\t\t\t\t\t\t\t\t\t\t\t\t<a class=\"fusion-rollover-link\" href=\"https:\/\/ramse.es\/wordpress\/los-doctores-pradilla-y-bellido-nuevos-academicos-correspondientes-de-la-ramse\/\">Los doctores Pradilla y Bellido nuevos Acad\u00e9micos Correspondientes de la RAMSE<\/a>\n\t\t\t\n\t\t\t\t\t\t\t\t\t\t\t\t\t\t\n\t\t\t\t\t\t\t\t\n\t\t\t\t\t\t\t\t\t\t\t\t\t<div class=\"fusion-rollover-sep\"><\/div>\n\t\t\t\t\n\t\t\t\t\t\t\t\t\t\t\t\t\t\t\t\t\t\t<a class=\"fusion-rollover-gallery\" href=\"https:\/\/ramse.es\/wordpress\/wp-content\/uploads\/2022\/07\/RAMSE-Acade\u0301micos-Correspondientes-30-junio.jpg\" data-id=\"3964\" data-rel=\"iLightbox[gallery]\" data-title=\"RAMSE Acade\u0301micos Correspondientes 30 junio\" data-caption=\"\">\n\t\t\t\t\t\tGaler\u00eda\t\t\t\t\t<\/a>\n\t\t\t\t\t\t\t\t\t\t\t\t\t\t\n\t\t\n\t\t\t\t\t\t\t\t\n\t\t\t\t\t\t\t\t\n\t\t\n\t\t\t\t\t\t<a class=\"fusion-link-wrapper\" href=\"https:\/\/ramse.es\/wordpress\/los-doctores-pradilla-y-bellido-nuevos-academicos-correspondientes-de-la-ramse\/\" aria-label=\"Los doctores Pradilla y Bellido nuevos Acad\u00e9micos Correspondientes de la RAMSE\"><\/a>\n\t<\/div>\n<\/div>\n<\/div>\n<\/li>\n\t\t\t\n\t\t\t\n\t\t\t\t\t\t\t\t\t\t\t\t\t\t\t\t\t\t\t\t\t\t\t\t\t\t\t\t\t\t\t\t\t\t\t\t\t\t\t\t\t\t\t\t\t\t\t\t\t\t\t\t\t\t\t\t\t\t\t\t\t\t\t\t\t\t\t\t<\/ul>\n\t<\/div>\n\t<div class=\"fusion-date-and-formats\"><div class=\"fusion-date-box updated\"><span class=\"fusion-date\">julio<\/span><span class=\"fusion-month-year\">10:59 am<\/span><\/div><div class=\"fusion-format-box\"><i class=\"awb-icon-pen\" aria-hidden=\"true\"><\/i><\/div><\/div><div class=\"fusion-post-content post-content\"><h2 class=\"blog-shortcode-post-title entry-title\"><a href=\"https:\/\/ramse.es\/wordpress\/los-doctores-pradilla-y-bellido-nuevos-academicos-correspondientes-de-la-ramse\/\">Los doctores Pradilla y Bellido nuevos Acad\u00e9micos Correspondientes de la RAMSE<\/a><\/h2><p class=\"fusion-single-line-meta\">Por <span class=\"vcard\"><span class=\"fn\"><a href=\"https:\/\/ramse.es\/wordpress\/author\/prensa\/\" title=\"Entradas de Mar\u00eda\" rel=\"author\">Mar\u00eda<\/a><\/span><\/span><span class=\"fusion-inline-sep\">|<\/span><span class=\"updated\" style=\"display:none;\">2022-08-11T19:05:53+02:00<\/span><span>julio 4th, 2022<\/span><span class=\"fusion-inline-sep\">|<\/span>Categor\u00edas: <a href=\"https:\/\/ramse.es\/wordpress\/category\/actos-academicos\/academicos-correspondientes\/\" rel=\"category tag\">Acad\u00e9micos Correspondientes<\/a>, <a href=\"https:\/\/ramse.es\/wordpress\/category\/actos-academicos\/\" rel=\"category tag\">Actos Acad\u00e9micos<\/a><span class=\"fusion-inline-sep\">|<\/span><\/p><div class=\"fusion-post-content-container\"><p>La Real Academia de Medicina y Cirug\u00eda de Sevilla (RAMSE) ha celebrado el acto de recepci\u00f3n de dos nuevos Acad\u00e9micos Correspondientes: los doctores D\u00f1a. Pilar Pradilla Gordillo, especialista en Cirug\u00eda ortop\u00e9dica y traumatolog\u00eda en Sevilla y D. Juan Antonio Bellido Luque, especialista en Cirug\u00eda General y del Aparato Digestivo. \u201c\u00bfPor qu\u00e9 soy cirujano de mano?\u201d, fue el t\u00edtulo del discurso de la Dra. Pilar Pradilla, quien fue presentada por el <a href=\"https:\/\/ramse.es\/wordpress\/los-doctores-pradilla-y-bellido-nuevos-academicos-correspondientes-de-la-ramse\/\">[...]<\/a><\/p><\/div><\/div><div class=\"fusion-clearfix\"><\/div><div class=\"fusion-meta-info\"><div class=\"fusion-alignright\"><a class=\"fusion-read-more\" href=\"https:\/\/ramse.es\/wordpress\/los-doctores-pradilla-y-bellido-nuevos-academicos-correspondientes-de-la-ramse\/\" aria-label=\"More on Los doctores Pradilla y Bellido nuevos Acad\u00e9micos Correspondientes de la RAMSE\">Leer M\u00e1s<\/a><\/div><\/div><\/article>\n<article id=\"blog-1-post-3926\" class=\"fusion-post-large-alternate post-3926 post type-post status-publish format-standard has-post-thumbnail hentry category-uncategorized\">\n\t<style type=\"text\/css\">\n\t\t\n\t\t\n\t\t\n\t\t\n\t\t\t<\/style>\n\n\n\t\t\t<div class=\"fusion-flexslider flexslider fusion-flexslider-loading fusion-post-slideshow\" style=\"\">\n\t\t<ul class=\"slides\">\n\t\t\t\n\t\t\t\t\t\t\t\t\t\t\t\t\t\t<li><div  class=\"fusion-image-wrapper\" aria-haspopup=\"true\">\n\t\t\t\t<img decoding=\"async\" width=\"2362\" height=\"1772\" src=\"https:\/\/ramse.es\/wordpress\/wp-content\/uploads\/2022\/06\/22060788.jpg\" class=\"attachment-full size-full wp-post-image\" alt=\"\" srcset=\"https:\/\/ramse.es\/wordpress\/wp-content\/uploads\/2022\/06\/22060788-200x150.jpg 200w, https:\/\/ramse.es\/wordpress\/wp-content\/uploads\/2022\/06\/22060788-400x300.jpg 400w, https:\/\/ramse.es\/wordpress\/wp-content\/uploads\/2022\/06\/22060788-600x450.jpg 600w, https:\/\/ramse.es\/wordpress\/wp-content\/uploads\/2022\/06\/22060788-800x600.jpg 800w, https:\/\/ramse.es\/wordpress\/wp-content\/uploads\/2022\/06\/22060788-1200x900.jpg 1200w, https:\/\/ramse.es\/wordpress\/wp-content\/uploads\/2022\/06\/22060788.jpg 2362w\" sizes=\"(max-width: 1000px) 100vw, 800px\" \/><div class=\"fusion-rollover\">\n\t<div class=\"fusion-rollover-content\">\n\n\t\t\t\t\t\t\t\t\t\t\t\t\t\t<a class=\"fusion-rollover-link\" href=\"https:\/\/ramse.es\/wordpress\/3926-2\/\">La RAMSE conmemora el centenario de la utilizaci\u00f3n de la Insulina en diab\u00e9ticos<\/a>\n\t\t\t\n\t\t\t\t\t\t\t\t\t\t\t\t\t\t\n\t\t\t\t\t\t\t\t\n\t\t\t\t\t\t\t\t\t\t\t\t\t<div class=\"fusion-rollover-sep\"><\/div>\n\t\t\t\t\n\t\t\t\t\t\t\t\t\t\t\t\t\t\t\t\t\t\t<a class=\"fusion-rollover-gallery\" href=\"https:\/\/ramse.es\/wordpress\/wp-content\/uploads\/2022\/06\/22060788.jpg\" data-id=\"3926\" data-rel=\"iLightbox[gallery]\" data-title=\"centenario Insulina RAMSE\" data-caption=\"\">\n\t\t\t\t\t\tGaler\u00eda\t\t\t\t\t<\/a>\n\t\t\t\t\t\t\t\t\t\t\t\t\t\t\n\t\t\n\t\t\t\t\t\t\t\t\n\t\t\t\t\t\t\t\t\n\t\t\n\t\t\t\t\t\t<a class=\"fusion-link-wrapper\" href=\"https:\/\/ramse.es\/wordpress\/3926-2\/\" aria-label=\"La RAMSE conmemora el centenario de la utilizaci\u00f3n de la Insulina en diab\u00e9ticos\"><\/a>\n\t<\/div>\n<\/div>\n<\/div>\n<\/li>\n\t\t\t\n\t\t\t\n\t\t\t\t\t\t\t\t\t\t\t\t\t\t\t\t\t\t\t\t\t\t\t\t\t\t\t\t\t\t\t\t\t\t\t\t\t\t\t\t\t\t\t\t\t\t\t\t\t\t\t\t\t\t\t\t\t\t\t\t\t\t\t\t\t\t\t\t<\/ul>\n\t<\/div>\n\t<div class=\"fusion-date-and-formats\"><div class=\"fusion-date-box updated\"><span class=\"fusion-date\">junio<\/span><span class=\"fusion-month-year\">12:21 pm<\/span><\/div><div class=\"fusion-format-box\"><i class=\"awb-icon-pen\" aria-hidden=\"true\"><\/i><\/div><\/div><div class=\"fusion-post-content post-content\"><h2 class=\"blog-shortcode-post-title entry-title\"><a href=\"https:\/\/ramse.es\/wordpress\/3926-2\/\">La RAMSE conmemora el centenario de la utilizaci\u00f3n de la Insulina en diab\u00e9ticos<\/a><\/h2><p class=\"fusion-single-line-meta\">Por <span class=\"vcard\"><span class=\"fn\"><a href=\"https:\/\/ramse.es\/wordpress\/author\/prensa\/\" title=\"Entradas de Mar\u00eda\" rel=\"author\">Mar\u00eda<\/a><\/span><\/span><span class=\"fusion-inline-sep\">|<\/span><span class=\"updated\" style=\"display:none;\">2022-06-29T12:23:36+02:00<\/span><span>junio 29th, 2022<\/span><span class=\"fusion-inline-sep\">|<\/span>Categor\u00edas: <a href=\"https:\/\/ramse.es\/wordpress\/category\/uncategorized\/\" rel=\"category tag\">Uncategorized<\/a><span class=\"fusion-inline-sep\">|<\/span><\/p><div class=\"fusion-post-content-container\"><p>La Real Academia de Medicina y Cirug\u00eda de Sevilla (RAMSE) ha celebrado la mesa redonda titulada: \u201cAvances en la b\u00fasqueda de la curaci\u00f3n de la Diabetes: Terapia celular y regenerativa en diabetes tipo 1\u201d. \u00a0Dicho acto, organizado por el Acad\u00e9mico de N\u00famero, Dr. Santiago Dur\u00e1n, especialista en Endocrinolog\u00eda y Nutrici\u00f3n, forma parte de la conmemoraci\u00f3n del \u201cCentenario de la utilizaci\u00f3n de la Insulina por los pacientes diab\u00e9ticos\u201d. El encuentro tiene <a href=\"https:\/\/ramse.es\/wordpress\/3926-2\/\">[...]<\/a><\/p><\/div><\/div><div class=\"fusion-clearfix\"><\/div><div class=\"fusion-meta-info\"><div class=\"fusion-alignright\"><a class=\"fusion-read-more\" href=\"https:\/\/ramse.es\/wordpress\/3926-2\/\" aria-label=\"More on La RAMSE conmemora el centenario de la utilizaci\u00f3n de la Insulina en diab\u00e9ticos\">Leer M\u00e1s<\/a><\/div><\/div><\/article>\n<article id=\"blog-1-post-3897\" class=\"fusion-post-large-alternate post-3897 post type-post status-publish format-standard has-post-thumbnail hentry category-news\">\n\t<style type=\"text\/css\">\n\t\t\n\t\t\n\t\t\n\t\t\n\t\t\t<\/style>\n\n\n\t\t\t<div class=\"fusion-flexslider flexslider fusion-flexslider-loading fusion-post-slideshow\" style=\"\">\n\t\t<ul class=\"slides\">\n\t\t\t\n\t\t\t\t\t\t\t\t\t\t\t\t\t\t<li><div  class=\"fusion-image-wrapper\" aria-haspopup=\"true\">\n\t\t\t\t<img decoding=\"async\" width=\"1920\" height=\"2560\" src=\"https:\/\/ramse.es\/wordpress\/wp-content\/uploads\/2022\/06\/IMG_2309-scaled.jpg\" class=\"attachment-full size-full wp-post-image\" alt=\"\" srcset=\"https:\/\/ramse.es\/wordpress\/wp-content\/uploads\/2022\/06\/IMG_2309-200x267.jpg 200w, https:\/\/ramse.es\/wordpress\/wp-content\/uploads\/2022\/06\/IMG_2309-400x533.jpg 400w, https:\/\/ramse.es\/wordpress\/wp-content\/uploads\/2022\/06\/IMG_2309-600x800.jpg 600w, https:\/\/ramse.es\/wordpress\/wp-content\/uploads\/2022\/06\/IMG_2309-800x1067.jpg 800w, https:\/\/ramse.es\/wordpress\/wp-content\/uploads\/2022\/06\/IMG_2309-1200x1600.jpg 1200w, https:\/\/ramse.es\/wordpress\/wp-content\/uploads\/2022\/06\/IMG_2309-scaled.jpg 1920w\" sizes=\"(max-width: 1000px) 100vw, 800px\" \/><div class=\"fusion-rollover\">\n\t<div class=\"fusion-rollover-content\">\n\n\t\t\t\t\t\t\t\t\t\t\t\t\t\t<a class=\"fusion-rollover-link\" href=\"https:\/\/ramse.es\/wordpress\/felicitacion-a-d-jacinto-maqueda-dominguez\/\">Felicitaci\u00f3n a D. Jacinto Maqueda Dom\u00ednguez<\/a>\n\t\t\t\n\t\t\t\t\t\t\t\t\t\t\t\t\t\t\n\t\t\t\t\t\t\t\t\n\t\t\t\t\t\t\t\t\t\t\t\t\t<div class=\"fusion-rollover-sep\"><\/div>\n\t\t\t\t\n\t\t\t\t\t\t\t\t\t\t\t\t\t\t\t\t\t\t<a class=\"fusion-rollover-gallery\" href=\"https:\/\/ramse.es\/wordpress\/wp-content\/uploads\/2022\/06\/IMG_2309-scaled.jpg\" data-id=\"3897\" data-rel=\"iLightbox[gallery]\" data-title=\"IMG_2309\" data-caption=\"\">\n\t\t\t\t\t\tGaler\u00eda\t\t\t\t\t<\/a>\n\t\t\t\t\t\t\t\t\t\t\t\t\t\t\n\t\t\n\t\t\t\t\t\t\t\t\n\t\t\t\t\t\t\t\t\n\t\t\n\t\t\t\t\t\t<a class=\"fusion-link-wrapper\" href=\"https:\/\/ramse.es\/wordpress\/felicitacion-a-d-jacinto-maqueda-dominguez\/\" aria-label=\"Felicitaci\u00f3n a D. Jacinto Maqueda Dom\u00ednguez\"><\/a>\n\t<\/div>\n<\/div>\n<\/div>\n<\/li>\n\t\t\t\n\t\t\t\n\t\t\t\t\t\t\t\t\t\t\t\t\t\t\t\t\t\t\t\t\t\t\t\t\t\t\t\t\t\t\t\t\t\t\t\t\t\t\t\t\t\t\t\t\t\t\t\t\t\t\t\t\t\t\t\t\t\t\t\t\t\t\t\t\t\t\t\t<\/ul>\n\t<\/div>\n\t<div class=\"fusion-date-and-formats\"><div class=\"fusion-date-box updated\"><span class=\"fusion-date\">junio<\/span><span class=\"fusion-month-year\">6:50 pm<\/span><\/div><div class=\"fusion-format-box\"><i class=\"awb-icon-pen\" aria-hidden=\"true\"><\/i><\/div><\/div><div class=\"fusion-post-content post-content\"><h2 class=\"blog-shortcode-post-title entry-title\"><a href=\"https:\/\/ramse.es\/wordpress\/felicitacion-a-d-jacinto-maqueda-dominguez\/\">Felicitaci\u00f3n a D. Jacinto Maqueda Dom\u00ednguez<\/a><\/h2><p class=\"fusion-single-line-meta\">Por <span class=\"vcard\"><span class=\"fn\"><a href=\"https:\/\/ramse.es\/wordpress\/author\/prensa\/\" title=\"Entradas de Mar\u00eda\" rel=\"author\">Mar\u00eda<\/a><\/span><\/span><span class=\"fusion-inline-sep\">|<\/span><span class=\"updated\" style=\"display:none;\">2022-06-13T18:50:19+02:00<\/span><span>junio 13th, 2022<\/span><span class=\"fusion-inline-sep\">|<\/span>Categor\u00edas: <a href=\"https:\/\/ramse.es\/wordpress\/category\/news\/\" rel=\"category tag\">Noticias<\/a><span class=\"fusion-inline-sep\">|<\/span><\/p><div class=\"fusion-post-content-container\"><p>Los miembros de la Real Academia de Medicina y Cirug\u00eda de Sevilla, por acuerdo un\u00e1nime en pleno extraordinario celebrado el 2 de junio de 2022, felicitan cordialmente a su compa\u00f1ero D. Jacinto Maqueda Dom\u00ednguez, acad\u00e9mico correspondiente de esta Corporaci\u00f3n desde 1986, al cumplir cien a\u00f1os de edad el d\u00eda 13 de junio de 2022, festividad de San Antonio de Padua. Para ello se ha designado una comisi\u00f3n que, encabezada por <a href=\"https:\/\/ramse.es\/wordpress\/felicitacion-a-d-jacinto-maqueda-dominguez\/\">[...]<\/a><\/p><\/div><\/div><div class=\"fusion-clearfix\"><\/div><div class=\"fusion-meta-info\"><div class=\"fusion-alignright\"><a class=\"fusion-read-more\" href=\"https:\/\/ramse.es\/wordpress\/felicitacion-a-d-jacinto-maqueda-dominguez\/\" aria-label=\"More on Felicitaci\u00f3n a D. Jacinto Maqueda Dom\u00ednguez\">Leer M\u00e1s<\/a><\/div><\/div><\/article>\n<article id=\"blog-1-post-3886\" class=\"fusion-post-large-alternate post-3886 post type-post status-publish format-standard has-post-thumbnail hentry category-academico-de-honor category-actos-academicos\">\n\t<style type=\"text\/css\">\n\t\t\n\t\t\n\t\t\n\t\t\n\t\t\t<\/style>\n\n\n\t\t\t<div class=\"fusion-flexslider flexslider fusion-flexslider-loading fusion-post-slideshow\" style=\"\">\n\t\t<ul class=\"slides\">\n\t\t\t\n\t\t\t\t\t\t\t\t\t\t\t\t\t\t<li><div  class=\"fusion-image-wrapper\" aria-haspopup=\"true\">\n\t\t\t\t<img decoding=\"async\" width=\"1920\" height=\"2560\" src=\"https:\/\/ramse.es\/wordpress\/wp-content\/uploads\/2022\/06\/Dr.-Cristobal-Pera-Acade\u0301mico-Honor-RAMSE-scaled.jpg\" class=\"attachment-full size-full wp-post-image\" alt=\"\" srcset=\"https:\/\/ramse.es\/wordpress\/wp-content\/uploads\/2022\/06\/Dr.-Cristobal-Pera-Acade\u0301mico-Honor-RAMSE-200x267.jpg 200w, https:\/\/ramse.es\/wordpress\/wp-content\/uploads\/2022\/06\/Dr.-Cristobal-Pera-Acade\u0301mico-Honor-RAMSE-400x533.jpg 400w, https:\/\/ramse.es\/wordpress\/wp-content\/uploads\/2022\/06\/Dr.-Cristobal-Pera-Acade\u0301mico-Honor-RAMSE-600x800.jpg 600w, https:\/\/ramse.es\/wordpress\/wp-content\/uploads\/2022\/06\/Dr.-Cristobal-Pera-Acade\u0301mico-Honor-RAMSE-800x1067.jpg 800w, https:\/\/ramse.es\/wordpress\/wp-content\/uploads\/2022\/06\/Dr.-Cristobal-Pera-Acade\u0301mico-Honor-RAMSE-1200x1600.jpg 1200w, https:\/\/ramse.es\/wordpress\/wp-content\/uploads\/2022\/06\/Dr.-Cristobal-Pera-Acade\u0301mico-Honor-RAMSE-scaled.jpg 1920w\" sizes=\"(max-width: 1000px) 100vw, 800px\" \/><div class=\"fusion-rollover\">\n\t<div class=\"fusion-rollover-content\">\n\n\t\t\t\t\t\t\t\t\t\t\t\t\t\t<a class=\"fusion-rollover-link\" href=\"https:\/\/ramse.es\/wordpress\/el-catedratico-de-cirugia-cristobal-pera-nuevo-academico-de-honor-de-la-ramse\/\">El Catedr\u00e1tico de Cirug\u00eda Crist\u00f3bal Pera, nuevo Acad\u00e9mico de Honor de la RAMSE<\/a>\n\t\t\t\n\t\t\t\t\t\t\t\t\t\t\t\t\t\t\n\t\t\t\t\t\t\t\t\n\t\t\t\t\t\t\t\t\t\t\t\t\t<div class=\"fusion-rollover-sep\"><\/div>\n\t\t\t\t\n\t\t\t\t\t\t\t\t\t\t\t\t\t\t\t\t\t\t<a class=\"fusion-rollover-gallery\" href=\"https:\/\/ramse.es\/wordpress\/wp-content\/uploads\/2022\/06\/Dr.-Cristobal-Pera-Acade\u0301mico-Honor-RAMSE-scaled.jpg\" data-id=\"3886\" data-rel=\"iLightbox[gallery]\" data-title=\"Dr. Cristobal Pera Acade\u0301mico Honor RAMSE\" data-caption=\"\">\n\t\t\t\t\t\tGaler\u00eda\t\t\t\t\t<\/a>\n\t\t\t\t\t\t\t\t\t\t\t\t\t\t\n\t\t\n\t\t\t\t\t\t\t\t\n\t\t\t\t\t\t\t\t\n\t\t\n\t\t\t\t\t\t<a class=\"fusion-link-wrapper\" href=\"https:\/\/ramse.es\/wordpress\/el-catedratico-de-cirugia-cristobal-pera-nuevo-academico-de-honor-de-la-ramse\/\" aria-label=\"El Catedr\u00e1tico de Cirug\u00eda Crist\u00f3bal Pera, nuevo Acad\u00e9mico de Honor de la RAMSE\"><\/a>\n\t<\/div>\n<\/div>\n<\/div>\n<\/li>\n\t\t\t\n\t\t\t\n\t\t\t\t\t\t\t\t\t\t\t\t\t\t\t\t\t\t\t\t\t\t\t\t\t\t\t\t\t\t\t\t\t\t\t\t\t\t\t\t\t\t\t\t\t\t\t\t\t\t\t\t\t\t\t\t\t\t\t\t\t\t\t\t\t\t\t\t<\/ul>\n\t<\/div>\n\t<div class=\"fusion-date-and-formats\"><div class=\"fusion-date-box updated\"><span class=\"fusion-date\">junio<\/span><span class=\"fusion-month-year\">2:35 pm<\/span><\/div><div class=\"fusion-format-box\"><i class=\"awb-icon-pen\" aria-hidden=\"true\"><\/i><\/div><\/div><div class=\"fusion-post-content post-content\"><h2 class=\"blog-shortcode-post-title entry-title\"><a href=\"https:\/\/ramse.es\/wordpress\/el-catedratico-de-cirugia-cristobal-pera-nuevo-academico-de-honor-de-la-ramse\/\">El Catedr\u00e1tico de Cirug\u00eda Crist\u00f3bal Pera, nuevo Acad\u00e9mico de Honor de la RAMSE<\/a><\/h2><p class=\"fusion-single-line-meta\">Por <span class=\"vcard\"><span class=\"fn\"><a href=\"https:\/\/ramse.es\/wordpress\/author\/prensa\/\" title=\"Entradas de Mar\u00eda\" rel=\"author\">Mar\u00eda<\/a><\/span><\/span><span class=\"fusion-inline-sep\">|<\/span><span class=\"updated\" style=\"display:none;\">2022-06-12T20:20:22+02:00<\/span><span>junio 12th, 2022<\/span><span class=\"fusion-inline-sep\">|<\/span>Categor\u00edas: <a href=\"https:\/\/ramse.es\/wordpress\/category\/academico-de-honor\/\" rel=\"category tag\">Acad\u00e9mico de honor<\/a>, <a href=\"https:\/\/ramse.es\/wordpress\/category\/actos-academicos\/\" rel=\"category tag\">Actos Acad\u00e9micos<\/a><span class=\"fusion-inline-sep\">|<\/span><\/p><div class=\"fusion-post-content-container\"><p>El catedr\u00e1tico de cirug\u00eda, D. Crist\u00f3bal Pera Blanco-Morales (Badajoz, 1927) ha sido nombrado hoy acad\u00e9mico de honor de la Real Academia de Medicina y Cirug\u00eda de Sevilla (RAMSE). El solemne acto ha tenido lugar hoy, a las 12:00 h., en una sesi\u00f3n p\u00fablica y extraordinaria celebrada en el Sal\u00f3n Ram\u00f3n y Cajal de la Ramse. Para el acad\u00e9mico de honor electo el ingreso en la Academia supone \u201cla vuelta a <a href=\"https:\/\/ramse.es\/wordpress\/el-catedratico-de-cirugia-cristobal-pera-nuevo-academico-de-honor-de-la-ramse\/\">[...]<\/a><\/p><\/div><\/div><div class=\"fusion-clearfix\"><\/div><div class=\"fusion-meta-info\"><div class=\"fusion-alignright\"><a class=\"fusion-read-more\" href=\"https:\/\/ramse.es\/wordpress\/el-catedratico-de-cirugia-cristobal-pera-nuevo-academico-de-honor-de-la-ramse\/\" aria-label=\"More on El Catedr\u00e1tico de Cirug\u00eda Crist\u00f3bal Pera, nuevo Acad\u00e9mico de Honor de la RAMSE\">Leer M\u00e1s<\/a><\/div><\/div><\/article>\n<article id=\"blog-1-post-3868\" class=\"fusion-post-large-alternate post-3868 post type-post status-publish format-standard has-post-thumbnail hentry category-actividades tag-colegio-medicos-de-sevilla tag-congreso-medicos-jubilados\">\n\t<style type=\"text\/css\">\n\t\t\n\t\t\n\t\t\n\t\t\n\t\t\t<\/style>\n\n\n\t\t\t<div class=\"fusion-flexslider flexslider fusion-flexslider-loading fusion-post-slideshow\" style=\"\">\n\t\t<ul class=\"slides\">\n\t\t\t\n\t\t\t\t\t\t\t\t\t\t\t\t\t\t<li><div  class=\"fusion-image-wrapper\" aria-haspopup=\"true\">\n\t\t\t\t<img decoding=\"async\" width=\"1984\" height=\"1488\" src=\"https:\/\/ramse.es\/wordpress\/wp-content\/uploads\/2022\/06\/Medicos-Jubilados.jpeg\" class=\"attachment-full size-full wp-post-image\" alt=\"\" srcset=\"https:\/\/ramse.es\/wordpress\/wp-content\/uploads\/2022\/06\/Medicos-Jubilados-200x150.jpeg 200w, https:\/\/ramse.es\/wordpress\/wp-content\/uploads\/2022\/06\/Medicos-Jubilados-400x300.jpeg 400w, https:\/\/ramse.es\/wordpress\/wp-content\/uploads\/2022\/06\/Medicos-Jubilados-600x450.jpeg 600w, https:\/\/ramse.es\/wordpress\/wp-content\/uploads\/2022\/06\/Medicos-Jubilados-800x600.jpeg 800w, https:\/\/ramse.es\/wordpress\/wp-content\/uploads\/2022\/06\/Medicos-Jubilados-1200x900.jpeg 1200w, https:\/\/ramse.es\/wordpress\/wp-content\/uploads\/2022\/06\/Medicos-Jubilados.jpeg 1984w\" sizes=\"(max-width: 1000px) 100vw, 800px\" \/><div class=\"fusion-rollover\">\n\t<div class=\"fusion-rollover-content\">\n\n\t\t\t\t\t\t\t\t\t\t\t\t\t\t<a class=\"fusion-rollover-link\" href=\"https:\/\/ramse.es\/wordpress\/acto-inaugural-del-ix-congreso-de-medicos-jubilados-en-la-ramse\/\">Acto inaugural del IX Congreso de M\u00e9dicos Jubilados en la RAMSE<\/a>\n\t\t\t\n\t\t\t\t\t\t\t\t\t\t\t\t\t\t\n\t\t\t\t\t\t\t\t\n\t\t\t\t\t\t\t\t\t\t\t\t\t<div class=\"fusion-rollover-sep\"><\/div>\n\t\t\t\t\n\t\t\t\t\t\t\t\t\t\t\t\t\t\t\t\t\t\t<a class=\"fusion-rollover-gallery\" href=\"https:\/\/ramse.es\/wordpress\/wp-content\/uploads\/2022\/06\/Medicos-Jubilados.jpeg\" data-id=\"3868\" data-rel=\"iLightbox[gallery]\" data-title=\"Medicos Jubilados\" data-caption=\"\">\n\t\t\t\t\t\tGaler\u00eda\t\t\t\t\t<\/a>\n\t\t\t\t\t\t\t\t\t\t\t\t\t\t\n\t\t\n\t\t\t\t\t\t\t\t\n\t\t\t\t\t\t\t\t\n\t\t\n\t\t\t\t\t\t<a class=\"fusion-link-wrapper\" href=\"https:\/\/ramse.es\/wordpress\/acto-inaugural-del-ix-congreso-de-medicos-jubilados-en-la-ramse\/\" aria-label=\"Acto inaugural del IX Congreso de M\u00e9dicos Jubilados en la RAMSE\"><\/a>\n\t<\/div>\n<\/div>\n<\/div>\n<\/li>\n\t\t\t\n\t\t\t\n\t\t\t\t\t\t\t\t\t\t\t\t\t\t\t\t\t\t\t\t\t\t\t\t\t\t\t\t\t\t\t\t\t\t\t\t\t\t\t\t\t\t\t\t\t\t\t\t\t\t\t\t\t\t\t\t\t\t\t\t\t\t\t\t\t\t\t\t<\/ul>\n\t<\/div>\n\t<div class=\"fusion-date-and-formats\"><div class=\"fusion-date-box updated\"><span class=\"fusion-date\">junio<\/span><span class=\"fusion-month-year\">9:02 pm<\/span><\/div><div class=\"fusion-format-box\"><i class=\"awb-icon-pen\" aria-hidden=\"true\"><\/i><\/div><\/div><div class=\"fusion-post-content post-content\"><h2 class=\"blog-shortcode-post-title entry-title\"><a href=\"https:\/\/ramse.es\/wordpress\/acto-inaugural-del-ix-congreso-de-medicos-jubilados-en-la-ramse\/\">Acto inaugural del IX Congreso de M\u00e9dicos Jubilados en la RAMSE<\/a><\/h2><p class=\"fusion-single-line-meta\">Por <span class=\"vcard\"><span class=\"fn\"><a href=\"https:\/\/ramse.es\/wordpress\/author\/prensa\/\" title=\"Entradas de Mar\u00eda\" rel=\"author\">Mar\u00eda<\/a><\/span><\/span><span class=\"fusion-inline-sep\">|<\/span><span class=\"updated\" style=\"display:none;\">2022-06-10T21:05:12+02:00<\/span><span>junio 10th, 2022<\/span><span class=\"fusion-inline-sep\">|<\/span>Categor\u00edas: <a href=\"https:\/\/ramse.es\/wordpress\/category\/news\/actividades\/\" rel=\"category tag\">Actividades<\/a><span class=\"fusion-inline-sep\">|<\/span><span class=\"meta-tags\">Etiquetas: <a href=\"https:\/\/ramse.es\/wordpress\/tag\/colegio-medicos-de-sevilla\/\" rel=\"tag\">Colegio M\u00e9dicos de Sevilla<\/a>, <a href=\"https:\/\/ramse.es\/wordpress\/tag\/congreso-medicos-jubilados\/\" rel=\"tag\">Congreso M\u00e9dicos Jubilados<\/a><\/span><span class=\"fusion-inline-sep\">|<\/span><\/p><div class=\"fusion-post-content-container\"><p>El Colegio de M\u00e9dicos de Sevilla celebra la recepci\u00f3n de bienvenida del IX Congreso Nacional de M\u00e9dicos Jubilados presidida por el alcalde de la ciudad, Antonio Mu\u00f1oz; el presidente del Colegio Oficial de M\u00e9dicos de Sevilla, Dr. Alfonso Carmona; el presidente del Consejo Andaluz de Colegios de M\u00e9dicos, Dr. Antonio Aguado; y el presidente de la Real Academia de Medicina y Cirug\u00eda de Sevilla, Dr. Carlos A. Infantes. En el <a href=\"https:\/\/ramse.es\/wordpress\/acto-inaugural-del-ix-congreso-de-medicos-jubilados-en-la-ramse\/\">[...]<\/a><\/p><\/div><\/div><div class=\"fusion-clearfix\"><\/div><div class=\"fusion-meta-info\"><div class=\"fusion-alignright\"><a class=\"fusion-read-more\" href=\"https:\/\/ramse.es\/wordpress\/acto-inaugural-del-ix-congreso-de-medicos-jubilados-en-la-ramse\/\" aria-label=\"More on Acto inaugural del IX Congreso de M\u00e9dicos Jubilados en la RAMSE\">Leer M\u00e1s<\/a><\/div><\/div><\/article>\n<article id=\"blog-1-post-3875\" class=\"fusion-post-large-alternate post-3875 post type-post status-publish format-standard has-post-thumbnail hentry category-actos-academicos tag-dia-de-la-academia tag-presidente-tribunal-constitucional\">\n\t<style type=\"text\/css\">\n\t\t\n\t\t\n\t\t\n\t\t\n\t\t\t<\/style>\n\n\n\t\t\t<div class=\"fusion-flexslider flexslider fusion-flexslider-loading fusion-post-slideshow\" style=\"\">\n\t\t<ul class=\"slides\">\n\t\t\t\n\t\t\t\t\t\t\t\t\t\t\t\t\t\t<li><div  class=\"fusion-image-wrapper\" aria-haspopup=\"true\">\n\t\t\t\t<img decoding=\"async\" width=\"2362\" height=\"1772\" src=\"https:\/\/ramse.es\/wordpress\/wp-content\/uploads\/2022\/06\/22050577.jpg\" class=\"attachment-full size-full wp-post-image\" alt=\"\" srcset=\"https:\/\/ramse.es\/wordpress\/wp-content\/uploads\/2022\/06\/22050577-200x150.jpg 200w, https:\/\/ramse.es\/wordpress\/wp-content\/uploads\/2022\/06\/22050577-400x300.jpg 400w, https:\/\/ramse.es\/wordpress\/wp-content\/uploads\/2022\/06\/22050577-600x450.jpg 600w, https:\/\/ramse.es\/wordpress\/wp-content\/uploads\/2022\/06\/22050577-800x600.jpg 800w, https:\/\/ramse.es\/wordpress\/wp-content\/uploads\/2022\/06\/22050577-1200x900.jpg 1200w, https:\/\/ramse.es\/wordpress\/wp-content\/uploads\/2022\/06\/22050577.jpg 2362w\" sizes=\"(max-width: 1000px) 100vw, 800px\" \/><div class=\"fusion-rollover\">\n\t<div class=\"fusion-rollover-content\">\n\n\t\t\t\t\t\t\t\t\t\t\t\t\t\t<a class=\"fusion-rollover-link\" href=\"https:\/\/ramse.es\/wordpress\/el-presidente-del-tribunal-constitucional-protagoniza-el-dia-de-la-academia\/\">El presidente del Tribunal Constitucional protagoniza el D\u00eda de la Academ\u00eda<\/a>\n\t\t\t\n\t\t\t\t\t\t\t\t\t\t\t\t\t\t\n\t\t\t\t\t\t\t\t\n\t\t\t\t\t\t\t\t\t\t\t\t\t<div class=\"fusion-rollover-sep\"><\/div>\n\t\t\t\t\n\t\t\t\t\t\t\t\t\t\t\t\t\t\t\t\t\t\t<a class=\"fusion-rollover-gallery\" href=\"https:\/\/ramse.es\/wordpress\/wp-content\/uploads\/2022\/06\/22050577.jpg\" data-id=\"3875\" data-rel=\"iLightbox[gallery]\" data-title=\"Dia de la Academia\" data-caption=\"\">\n\t\t\t\t\t\tGaler\u00eda\t\t\t\t\t<\/a>\n\t\t\t\t\t\t\t\t\t\t\t\t\t\t\n\t\t\n\t\t\t\t\t\t\t\t\n\t\t\t\t\t\t\t\t\n\t\t\n\t\t\t\t\t\t<a class=\"fusion-link-wrapper\" href=\"https:\/\/ramse.es\/wordpress\/el-presidente-del-tribunal-constitucional-protagoniza-el-dia-de-la-academia\/\" aria-label=\"El presidente del Tribunal Constitucional protagoniza el D\u00eda de la Academ\u00eda\"><\/a>\n\t<\/div>\n<\/div>\n<\/div>\n<\/li>\n\t\t\t\n\t\t\t\n\t\t\t\t\t\t\t\t\t\t\t\t\t\t\t\t\t\t\t\t\t\t\t\t\t\t\t\t\t\t\t\t\t\t\t\t\t\t\t\t\t\t\t\t\t\t\t\t\t\t\t\t\t\t\t\t\t\t\t\t\t\t\t\t\t\t\t\t<\/ul>\n\t<\/div>\n\t<div class=\"fusion-date-and-formats\"><div class=\"fusion-date-box updated\"><span class=\"fusion-date\">mayo<\/span><span class=\"fusion-month-year\">9:10 pm<\/span><\/div><div class=\"fusion-format-box\"><i class=\"awb-icon-pen\" aria-hidden=\"true\"><\/i><\/div><\/div><div class=\"fusion-post-content post-content\"><h2 class=\"blog-shortcode-post-title entry-title\"><a href=\"https:\/\/ramse.es\/wordpress\/el-presidente-del-tribunal-constitucional-protagoniza-el-dia-de-la-academia\/\">El presidente del Tribunal Constitucional protagoniza el D\u00eda de la Academ\u00eda<\/a><\/h2><p class=\"fusion-single-line-meta\">Por <span class=\"vcard\"><span class=\"fn\"><a href=\"https:\/\/ramse.es\/wordpress\/author\/prensa\/\" title=\"Entradas de Mar\u00eda\" rel=\"author\">Mar\u00eda<\/a><\/span><\/span><span class=\"fusion-inline-sep\">|<\/span><span class=\"updated\" style=\"display:none;\">2022-06-10T22:02:38+02:00<\/span><span>mayo 28th, 2022<\/span><span class=\"fusion-inline-sep\">|<\/span>Categor\u00edas: <a href=\"https:\/\/ramse.es\/wordpress\/category\/actos-academicos\/\" rel=\"category tag\">Actos Acad\u00e9micos<\/a><span class=\"fusion-inline-sep\">|<\/span><span class=\"meta-tags\">Etiquetas: <a href=\"https:\/\/ramse.es\/wordpress\/tag\/dia-de-la-academia\/\" rel=\"tag\">D\u00eda de la Academia<\/a>, <a href=\"https:\/\/ramse.es\/wordpress\/tag\/presidente-tribunal-constitucional\/\" rel=\"tag\">Presidente Tribunal Constitucional<\/a><\/span><span class=\"fusion-inline-sep\">|<\/span><\/p><div class=\"fusion-post-content-container\"><p>El presidente del Tribunal Constitucional, Pedro Gonz\u00e1lez-Trevijano, ha sido el encargado de pronunciar la conferencia titulada: \u201cSentido y vigencia de la Constituci\u00f3n Espa\u00f1ola de 1978\u201d, con motivo de la celebraci\u00f3n del 322 aniversario de la Real Academia de Medicina y Cirug\u00eda de Sevilla. Durante su intervenci\u00f3n destac\u00f3 el papel de la Carta Magna como \u201cla primera que se hizo con consenso, la primera de todos y para todos los espa\u00f1oles\u201d, <a href=\"https:\/\/ramse.es\/wordpress\/el-presidente-del-tribunal-constitucional-protagoniza-el-dia-de-la-academia\/\">[...]<\/a><\/p><\/div><\/div><div class=\"fusion-clearfix\"><\/div><div class=\"fusion-meta-info\"><div class=\"fusion-alignright\"><a class=\"fusion-read-more\" href=\"https:\/\/ramse.es\/wordpress\/el-presidente-del-tribunal-constitucional-protagoniza-el-dia-de-la-academia\/\" aria-label=\"More on El presidente del Tribunal Constitucional protagoniza el D\u00eda de la Academ\u00eda\">Leer M\u00e1s<\/a><\/div><\/div><\/article>\n<article id=\"blog-1-post-3883\" class=\"fusion-post-large-alternate post-3883 post type-post status-publish format-standard has-post-thumbnail hentry category-mesa-redonda\">\n\t<style type=\"text\/css\">\n\t\t\n\t\t\n\t\t\n\t\t\n\t\t\t<\/style>\n\n\n\t\t\t<div class=\"fusion-flexslider flexslider fusion-flexslider-loading fusion-post-slideshow\" style=\"\">\n\t\t<ul class=\"slides\">\n\t\t\t\n\t\t\t\t\t\t\t\t\t\t\t\t\t\t<li><div  class=\"fusion-image-wrapper\" aria-haspopup=\"true\">\n\t\t\t\t<img decoding=\"async\" width=\"2362\" height=\"1772\" src=\"https:\/\/ramse.es\/wordpress\/wp-content\/uploads\/2022\/06\/22050360.jpg\" class=\"attachment-full size-full wp-post-image\" alt=\"\" srcset=\"https:\/\/ramse.es\/wordpress\/wp-content\/uploads\/2022\/06\/22050360-200x150.jpg 200w, https:\/\/ramse.es\/wordpress\/wp-content\/uploads\/2022\/06\/22050360-400x300.jpg 400w, https:\/\/ramse.es\/wordpress\/wp-content\/uploads\/2022\/06\/22050360-600x450.jpg 600w, https:\/\/ramse.es\/wordpress\/wp-content\/uploads\/2022\/06\/22050360-800x600.jpg 800w, https:\/\/ramse.es\/wordpress\/wp-content\/uploads\/2022\/06\/22050360-1200x900.jpg 1200w, https:\/\/ramse.es\/wordpress\/wp-content\/uploads\/2022\/06\/22050360.jpg 2362w\" sizes=\"(max-width: 1000px) 100vw, 800px\" \/><div class=\"fusion-rollover\">\n\t<div class=\"fusion-rollover-content\">\n\n\t\t\t\t\t\t\t\t\t\t\t\t\t\t<a class=\"fusion-rollover-link\" href=\"https:\/\/ramse.es\/wordpress\/abordaje-de-la-lesion-en-el-mundo-del-futbol\/\">Abordaje de la lesi\u00f3n en el mundo del f\u00fatbol<\/a>\n\t\t\t\n\t\t\t\t\t\t\t\t\t\t\t\t\t\t\n\t\t\t\t\t\t\t\t\n\t\t\t\t\t\t\t\t\t\t\t\t\t<div class=\"fusion-rollover-sep\"><\/div>\n\t\t\t\t\n\t\t\t\t\t\t\t\t\t\t\t\t\t\t\t\t\t\t<a class=\"fusion-rollover-gallery\" href=\"https:\/\/ramse.es\/wordpress\/wp-content\/uploads\/2022\/06\/22050360.jpg\" data-id=\"3883\" data-rel=\"iLightbox[gallery]\" data-title=\"Mesa Redonda Medicina y Deporte\" data-caption=\"\">\n\t\t\t\t\t\tGaler\u00eda\t\t\t\t\t<\/a>\n\t\t\t\t\t\t\t\t\t\t\t\t\t\t\n\t\t\n\t\t\t\t\t\t\t\t\n\t\t\t\t\t\t\t\t\n\t\t\n\t\t\t\t\t\t<a class=\"fusion-link-wrapper\" href=\"https:\/\/ramse.es\/wordpress\/abordaje-de-la-lesion-en-el-mundo-del-futbol\/\" aria-label=\"Abordaje de la lesi\u00f3n en el mundo del f\u00fatbol\"><\/a>\n\t<\/div>\n<\/div>\n<\/div>\n<\/li>\n\t\t\t\n\t\t\t\n\t\t\t\t\t\t\t\t\t\t\t\t\t\t\t\t\t\t\t\t\t\t\t\t\t\t\t\t\t\t\t\t\t\t\t\t\t\t\t\t\t\t\t\t\t\t\t\t\t\t\t\t\t\t\t\t\t\t\t\t\t\t\t\t\t\t\t\t<\/ul>\n\t<\/div>\n\t<div class=\"fusion-date-and-formats\"><div class=\"fusion-date-box updated\"><span class=\"fusion-date\">mayo<\/span><span class=\"fusion-month-year\">6:24 pm<\/span><\/div><div class=\"fusion-format-box\"><i class=\"awb-icon-pen\" aria-hidden=\"true\"><\/i><\/div><\/div><div class=\"fusion-post-content post-content\"><h2 class=\"blog-shortcode-post-title entry-title\"><a href=\"https:\/\/ramse.es\/wordpress\/abordaje-de-la-lesion-en-el-mundo-del-futbol\/\">Abordaje de la lesi\u00f3n en el mundo del f\u00fatbol<\/a><\/h2><p class=\"fusion-single-line-meta\">Por <span class=\"vcard\"><span class=\"fn\"><a href=\"https:\/\/ramse.es\/wordpress\/author\/prensa\/\" title=\"Entradas de Mar\u00eda\" rel=\"author\">Mar\u00eda<\/a><\/span><\/span><span class=\"fusion-inline-sep\">|<\/span><span class=\"updated\" style=\"display:none;\">2022-06-25T18:42:35+02:00<\/span><span>mayo 25th, 2022<\/span><span class=\"fusion-inline-sep\">|<\/span>Categor\u00edas: <a href=\"https:\/\/ramse.es\/wordpress\/category\/mesa-redonda\/\" rel=\"category tag\">Mesa redonda<\/a><span class=\"fusion-inline-sep\">|<\/span><\/p><div class=\"fusion-post-content-container\"><p>Real Academia de Medicina y Cirug\u00eda de Sevilla (RAMSE) ha acogido la celebraci\u00f3n de la jornada \u2018Abordaje de la lesi\u00f3n en el mundo del f\u00fatbol\u2019, un ciclo dirigido por el traumat\u00f3logo sevillano y Acad\u00e9mico Correspondiente, Dr. Emilio L\u00f3pez Vidriero, que acumula una amplia experiencia en el tratamiento de profesionales de diferentes deportes. La jornada ha contado con la participaci\u00f3n de profesionales del mundo del deporte que han estado o est\u00e1n <a href=\"https:\/\/ramse.es\/wordpress\/abordaje-de-la-lesion-en-el-mundo-del-futbol\/\">[...]<\/a><\/p><\/div><\/div><div class=\"fusion-clearfix\"><\/div><div class=\"fusion-meta-info\"><div class=\"fusion-alignright\"><a class=\"fusion-read-more\" href=\"https:\/\/ramse.es\/wordpress\/abordaje-de-la-lesion-en-el-mundo-del-futbol\/\" aria-label=\"More on Abordaje de la lesi\u00f3n en el mundo del f\u00fatbol\">Leer M\u00e1s<\/a><\/div><\/div><\/article>\n<article id=\"blog-1-post-3833\" class=\"fusion-post-large-alternate post-3833 post type-post status-publish format-standard has-post-thumbnail hentry category-academicos-correspondientes category-actos-academicos tag-academica-correspondiente-distincion\">\n\t<style type=\"text\/css\">\n\t\t\n\t\t\n\t\t\n\t\t\n\t\t\t<\/style>\n\n\n\t\t\t<div class=\"fusion-flexslider flexslider fusion-flexslider-loading fusion-post-slideshow\" style=\"\">\n\t\t<ul class=\"slides\">\n\t\t\t\n\t\t\t\t\t\t\t\t\t\t\t\t\t\t<li><div  class=\"fusion-image-wrapper\" aria-haspopup=\"true\">\n\t\t\t\t<img decoding=\"async\" width=\"930\" height=\"1080\" src=\"https:\/\/ramse.es\/wordpress\/wp-content\/uploads\/2022\/05\/RAMSE.-Academicos-Correspondientes-12-mayo.jpg\" class=\"attachment-full size-full wp-post-image\" alt=\"\" srcset=\"https:\/\/ramse.es\/wordpress\/wp-content\/uploads\/2022\/05\/RAMSE.-Academicos-Correspondientes-12-mayo-200x232.jpg 200w, https:\/\/ramse.es\/wordpress\/wp-content\/uploads\/2022\/05\/RAMSE.-Academicos-Correspondientes-12-mayo-400x465.jpg 400w, https:\/\/ramse.es\/wordpress\/wp-content\/uploads\/2022\/05\/RAMSE.-Academicos-Correspondientes-12-mayo-600x697.jpg 600w, https:\/\/ramse.es\/wordpress\/wp-content\/uploads\/2022\/05\/RAMSE.-Academicos-Correspondientes-12-mayo-800x929.jpg 800w, https:\/\/ramse.es\/wordpress\/wp-content\/uploads\/2022\/05\/RAMSE.-Academicos-Correspondientes-12-mayo.jpg 930w\" sizes=\"(max-width: 1000px) 100vw, 800px\" \/><div class=\"fusion-rollover\">\n\t<div class=\"fusion-rollover-content\">\n\n\t\t\t\t\t\t\t\t\t\t\t\t\t\t<a class=\"fusion-rollover-link\" href=\"https:\/\/ramse.es\/wordpress\/recepcion-de-dos-nuevos-academicos-correspondientes-de-la-ramse\/\">Recepci\u00f3n de dos Acad\u00e9micos Correspondientes y entrega de distinci\u00f3n en la RAMSE<\/a>\n\t\t\t\n\t\t\t\t\t\t\t\t\t\t\t\t\t\t\n\t\t\t\t\t\t\t\t\n\t\t\t\t\t\t\t\t\t\t\t\t\t<div class=\"fusion-rollover-sep\"><\/div>\n\t\t\t\t\n\t\t\t\t\t\t\t\t\t\t\t\t\t\t\t\t\t\t<a class=\"fusion-rollover-gallery\" href=\"https:\/\/ramse.es\/wordpress\/wp-content\/uploads\/2022\/05\/RAMSE.-Academicos-Correspondientes-12-mayo.jpg\" data-id=\"3833\" data-rel=\"iLightbox[gallery]\" data-title=\"RAMSE. Academicos Correspondientes 12 mayo\" data-caption=\"\">\n\t\t\t\t\t\tGaler\u00eda\t\t\t\t\t<\/a>\n\t\t\t\t\t\t\t\t\t\t\t\t\t\t\n\t\t\n\t\t\t\t\t\t\t\t\n\t\t\t\t\t\t\t\t\n\t\t\n\t\t\t\t\t\t<a class=\"fusion-link-wrapper\" href=\"https:\/\/ramse.es\/wordpress\/recepcion-de-dos-nuevos-academicos-correspondientes-de-la-ramse\/\" aria-label=\"Recepci\u00f3n de dos Acad\u00e9micos Correspondientes y entrega de distinci\u00f3n en la RAMSE\"><\/a>\n\t<\/div>\n<\/div>\n<\/div>\n<\/li>\n\t\t\t\n\t\t\t\n\t\t\t\t\t\t\t\t\t\t\t\t\t\t\t\t\t\t\t\t\t\t\t\t\t\t\t\t\t\t\t\t\t\t\t\t\t\t\t\t\t\t\t\t\t\t\t\t\t\t\t\t\t\t\t\t\t\t\t\t\t\t\t\t\t\t\t\t<\/ul>\n\t<\/div>\n\t<div class=\"fusion-date-and-formats\"><div class=\"fusion-date-box updated\"><span class=\"fusion-date\">mayo<\/span><span class=\"fusion-month-year\">5:19 pm<\/span><\/div><div class=\"fusion-format-box\"><i class=\"awb-icon-pen\" aria-hidden=\"true\"><\/i><\/div><\/div><div class=\"fusion-post-content post-content\"><h2 class=\"blog-shortcode-post-title entry-title\"><a href=\"https:\/\/ramse.es\/wordpress\/recepcion-de-dos-nuevos-academicos-correspondientes-de-la-ramse\/\">Recepci\u00f3n de dos Acad\u00e9micos Correspondientes y entrega de distinci\u00f3n en la RAMSE<\/a><\/h2><p class=\"fusion-single-line-meta\">Por <span class=\"vcard\"><span class=\"fn\"><a href=\"https:\/\/ramse.es\/wordpress\/author\/prensa\/\" title=\"Entradas de Mar\u00eda\" rel=\"author\">Mar\u00eda<\/a><\/span><\/span><span class=\"fusion-inline-sep\">|<\/span><span class=\"updated\" style=\"display:none;\">2022-05-16T17:34:16+02:00<\/span><span>mayo 16th, 2022<\/span><span class=\"fusion-inline-sep\">|<\/span>Categor\u00edas: <a href=\"https:\/\/ramse.es\/wordpress\/category\/actos-academicos\/academicos-correspondientes\/\" rel=\"category tag\">Acad\u00e9micos Correspondientes<\/a>, <a href=\"https:\/\/ramse.es\/wordpress\/category\/actos-academicos\/\" rel=\"category tag\">Actos Acad\u00e9micos<\/a><span class=\"fusion-inline-sep\">|<\/span><span class=\"meta-tags\">Etiquetas: <a href=\"https:\/\/ramse.es\/wordpress\/tag\/academica-correspondiente-distincion\/\" rel=\"tag\">Academica Correspondiente distinci\u00f3n<\/a><\/span><span class=\"fusion-inline-sep\">|<\/span><\/p><div class=\"fusion-post-content-container\"><p>La Real Academia de Medicina y Cirug\u00eda de Sevilla (RAMSE) ha celebrado el acto de recepci\u00f3n de dos nuevos acad\u00e9micos correspondientes. Se trata de los doctores Do\u00f1a Ana Fern\u00e1ndez-Teijeiro \u00c1lvarez, especialista en Onco-Hematolog\u00eda Pedi\u00e1trica, y Don Juan Manuel Garc\u00eda-Cubillana de la Cruz, especialista en Pediatr\u00eda. \u201cRetos actuales de la Oncolog\u00eda pedi\u00e1trica en Espa\u00f1a\u201d fue el t\u00edtulo del discurso de recepci\u00f3n de la doctora Ana Fern\u00e1ndez-Teijeiro \u00c1lvarez, actualmente Jefe de secci\u00f3n <a href=\"https:\/\/ramse.es\/wordpress\/recepcion-de-dos-nuevos-academicos-correspondientes-de-la-ramse\/\">[...]<\/a><\/p><\/div><\/div><div class=\"fusion-clearfix\"><\/div><div class=\"fusion-meta-info\"><div class=\"fusion-alignright\"><a class=\"fusion-read-more\" href=\"https:\/\/ramse.es\/wordpress\/recepcion-de-dos-nuevos-academicos-correspondientes-de-la-ramse\/\" aria-label=\"More on Recepci\u00f3n de dos Acad\u00e9micos Correspondientes y entrega de distinci\u00f3n en la RAMSE\">Leer M\u00e1s<\/a><\/div><\/div><\/article>\n<article id=\"blog-1-post-3808\" class=\"fusion-post-large-alternate post-3808 post type-post status-publish format-standard has-post-thumbnail hentry category-academicos-correspondientes\">\n\t<style type=\"text\/css\">\n\t\t\n\t\t\n\t\t\n\t\t\n\t\t\t<\/style>\n\n\n\t\t\t<div class=\"fusion-flexslider flexslider fusion-flexslider-loading fusion-post-slideshow\" style=\"\">\n\t\t<ul class=\"slides\">\n\t\t\t\n\t\t\t\t\t\t\t\t\t\t\t\t\t\t<li><div  class=\"fusion-image-wrapper\" aria-haspopup=\"true\">\n\t\t\t\t<img decoding=\"async\" width=\"783\" height=\"1053\" src=\"https:\/\/ramse.es\/wordpress\/wp-content\/uploads\/2022\/05\/Academicos-Correspondientes-RAMSE.28-Abril.jpg\" class=\"attachment-full size-full wp-post-image\" alt=\"\" srcset=\"https:\/\/ramse.es\/wordpress\/wp-content\/uploads\/2022\/05\/Academicos-Correspondientes-RAMSE.28-Abril-200x269.jpg 200w, https:\/\/ramse.es\/wordpress\/wp-content\/uploads\/2022\/05\/Academicos-Correspondientes-RAMSE.28-Abril-400x538.jpg 400w, https:\/\/ramse.es\/wordpress\/wp-content\/uploads\/2022\/05\/Academicos-Correspondientes-RAMSE.28-Abril-600x807.jpg 600w, https:\/\/ramse.es\/wordpress\/wp-content\/uploads\/2022\/05\/Academicos-Correspondientes-RAMSE.28-Abril.jpg 783w\" sizes=\"(max-width: 1000px) 100vw, 783px\" \/><div class=\"fusion-rollover\">\n\t<div class=\"fusion-rollover-content\">\n\n\t\t\t\t\t\t\t\t\t\t\t\t\t\t<a class=\"fusion-rollover-link\" href=\"https:\/\/ramse.es\/wordpress\/los-doctores-idoate-y-corcia-nuevosacademicos-correspondientes-de-la-ramse\/\">Los doctores Idoate y Corcia nuevos Acad\u00e9micos Correspondientes de la RAMSE<\/a>\n\t\t\t\n\t\t\t\t\t\t\t\t\t\t\t\t\t\t\n\t\t\t\t\t\t\t\t\n\t\t\t\t\t\t\t\t\t\t\t\t\t<div class=\"fusion-rollover-sep\"><\/div>\n\t\t\t\t\n\t\t\t\t\t\t\t\t\t\t\t\t\t\t\t\t\t\t<a class=\"fusion-rollover-gallery\" href=\"https:\/\/ramse.es\/wordpress\/wp-content\/uploads\/2022\/05\/Academicos-Correspondientes-RAMSE.28-Abril.jpg\" data-id=\"3808\" data-rel=\"iLightbox[gallery]\" data-title=\"Academicos Correspondientes RAMSE.28 Abril\" data-caption=\"\">\n\t\t\t\t\t\tGaler\u00eda\t\t\t\t\t<\/a>\n\t\t\t\t\t\t\t\t\t\t\t\t\t\t\n\t\t\n\t\t\t\t\t\t\t\t\n\t\t\t\t\t\t\t\t\n\t\t\n\t\t\t\t\t\t<a class=\"fusion-link-wrapper\" href=\"https:\/\/ramse.es\/wordpress\/los-doctores-idoate-y-corcia-nuevosacademicos-correspondientes-de-la-ramse\/\" aria-label=\"Los doctores Idoate y Corcia nuevos Acad\u00e9micos Correspondientes de la RAMSE\"><\/a>\n\t<\/div>\n<\/div>\n<\/div>\n<\/li>\n\t\t\t\n\t\t\t\n\t\t\t\t\t\t\t\t\t\t\t\t\t\t\t\t\t\t\t\t\t\t\t\t\t\t\t\t\t\t\t\t\t\t\t\t\t\t\t\t\t\t\t\t\t\t\t\t\t\t\t\t\t\t\t\t\t\t\t\t\t\t\t\t\t\t\t\t<\/ul>\n\t<\/div>\n\t<div class=\"fusion-date-and-formats\"><div class=\"fusion-date-box updated\"><span class=\"fusion-date\">abril<\/span><span class=\"fusion-month-year\">10:22 pm<\/span><\/div><div class=\"fusion-format-box\"><i class=\"awb-icon-pen\" aria-hidden=\"true\"><\/i><\/div><\/div><div class=\"fusion-post-content post-content\"><h2 class=\"blog-shortcode-post-title entry-title\"><a href=\"https:\/\/ramse.es\/wordpress\/los-doctores-idoate-y-corcia-nuevosacademicos-correspondientes-de-la-ramse\/\">Los doctores Idoate y Corcia nuevos Acad\u00e9micos Correspondientes de la RAMSE<\/a><\/h2><p class=\"fusion-single-line-meta\">Por <span class=\"vcard\"><span class=\"fn\"><a href=\"https:\/\/ramse.es\/wordpress\/author\/prensa\/\" title=\"Entradas de Mar\u00eda\" rel=\"author\">Mar\u00eda<\/a><\/span><\/span><span class=\"fusion-inline-sep\">|<\/span><span class=\"updated\" style=\"display:none;\">2022-05-10T22:32:21+02:00<\/span><span>abril 29th, 2022<\/span><span class=\"fusion-inline-sep\">|<\/span>Categor\u00edas: <a href=\"https:\/\/ramse.es\/wordpress\/category\/actos-academicos\/academicos-correspondientes\/\" rel=\"category tag\">Acad\u00e9micos Correspondientes<\/a><span class=\"fusion-inline-sep\">|<\/span><\/p><div class=\"fusion-post-content-container\"><p>La Real Academia de Medicina y Cirug\u00eda de Sevilla (RAMSE) ha celebrado el acto de recepci\u00f3n de dos nuevos Acad\u00e9micos Correspondientes: los doctores D. Miguel \u00c1ngel Idoate Gastearena, especialista en Anatom\u00eda Patol\u00f3gica y D. Salom\u00f3n Corcia Benarroch, especialista en Medicina Interna y Medicina Intensiva. \u201cRespuesta inmune y glioblastoma: un nuevo paradigma en la investigaci\u00f3n y el tratamiento del c\u00e1ncer\u201d, fue el t\u00edtulo del discurso del Dr. Idoate Gastearena, quien fue <a href=\"https:\/\/ramse.es\/wordpress\/los-doctores-idoate-y-corcia-nuevosacademicos-correspondientes-de-la-ramse\/\">[...]<\/a><\/p><\/div><\/div><div class=\"fusion-clearfix\"><\/div><div class=\"fusion-meta-info\"><div class=\"fusion-alignright\"><a class=\"fusion-read-more\" href=\"https:\/\/ramse.es\/wordpress\/los-doctores-idoate-y-corcia-nuevosacademicos-correspondientes-de-la-ramse\/\" aria-label=\"More on Los doctores Idoate y Corcia nuevos Acad\u00e9micos Correspondientes de la RAMSE\">Leer M\u00e1s<\/a><\/div><\/div><\/article>\n<article id=\"blog-1-post-3804\" class=\"fusion-post-large-alternate post-3804 post type-post status-publish format-standard has-post-thumbnail hentry category-necrologica\">\n\t<style type=\"text\/css\">\n\t\t\n\t\t\n\t\t\n\t\t\n\t\t\t<\/style>\n\n\n\t\t\t<div class=\"fusion-flexslider flexslider fusion-flexslider-loading fusion-post-slideshow\" style=\"\">\n\t\t<ul class=\"slides\">\n\t\t\t\n\t\t\t\t\t\t\t\t\t\t\t\t\t\t<li><div  class=\"fusion-image-wrapper\" aria-haspopup=\"true\">\n\t\t\t\t<img decoding=\"async\" width=\"1296\" height=\"1080\" src=\"https:\/\/ramse.es\/wordpress\/wp-content\/uploads\/2022\/05\/DSC_8634.jpg\" class=\"attachment-full size-full wp-post-image\" alt=\"\" srcset=\"https:\/\/ramse.es\/wordpress\/wp-content\/uploads\/2022\/05\/DSC_8634-200x167.jpg 200w, https:\/\/ramse.es\/wordpress\/wp-content\/uploads\/2022\/05\/DSC_8634-400x333.jpg 400w, https:\/\/ramse.es\/wordpress\/wp-content\/uploads\/2022\/05\/DSC_8634-600x500.jpg 600w, https:\/\/ramse.es\/wordpress\/wp-content\/uploads\/2022\/05\/DSC_8634-800x667.jpg 800w, https:\/\/ramse.es\/wordpress\/wp-content\/uploads\/2022\/05\/DSC_8634-1200x1000.jpg 1200w, https:\/\/ramse.es\/wordpress\/wp-content\/uploads\/2022\/05\/DSC_8634.jpg 1296w\" sizes=\"(max-width: 1000px) 100vw, 800px\" \/><div class=\"fusion-rollover\">\n\t<div class=\"fusion-rollover-content\">\n\n\t\t\t\t\t\t\t\t\t\t\t\t\t\t<a class=\"fusion-rollover-link\" href=\"https:\/\/ramse.es\/wordpress\/sesion-necrologica-dr-galnares\/\">Sesi\u00f3n Necrol\u00f3gica Dr. Galnares<\/a>\n\t\t\t\n\t\t\t\t\t\t\t\t\t\t\t\t\t\t\n\t\t\t\t\t\t\t\t\n\t\t\t\t\t\t\t\t\t\t\t\t\t<div class=\"fusion-rollover-sep\"><\/div>\n\t\t\t\t\n\t\t\t\t\t\t\t\t\t\t\t\t\t\t\t\t\t\t<a class=\"fusion-rollover-gallery\" href=\"https:\/\/ramse.es\/wordpress\/wp-content\/uploads\/2022\/05\/DSC_8634.jpg\" data-id=\"3804\" data-rel=\"iLightbox[gallery]\" data-title=\"Necrologica Dr Galnares\" data-caption=\"\">\n\t\t\t\t\t\tGaler\u00eda\t\t\t\t\t<\/a>\n\t\t\t\t\t\t\t\t\t\t\t\t\t\t\n\t\t\n\t\t\t\t\t\t\t\t\n\t\t\t\t\t\t\t\t\n\t\t\n\t\t\t\t\t\t<a class=\"fusion-link-wrapper\" href=\"https:\/\/ramse.es\/wordpress\/sesion-necrologica-dr-galnares\/\" aria-label=\"Sesi\u00f3n Necrol\u00f3gica Dr. Galnares\"><\/a>\n\t<\/div>\n<\/div>\n<\/div>\n<\/li>\n\t\t\t\n\t\t\t\n\t\t\t\t\t\t\t\t\t\t\t\t\t\t\t\t\t\t\t\t\t\t\t\t\t\t\t\t\t\t\t\t\t\t\t\t\t\t\t\t\t\t\t\t\t\t\t\t\t\t\t\t\t\t\t\t\t\t\t\t\t\t\t\t\t\t\t\t<\/ul>\n\t<\/div>\n\t<div class=\"fusion-date-and-formats\"><div class=\"fusion-date-box updated\"><span class=\"fusion-date\">abril<\/span><span class=\"fusion-month-year\">10:12 pm<\/span><\/div><div class=\"fusion-format-box\"><i class=\"awb-icon-pen\" aria-hidden=\"true\"><\/i><\/div><\/div><div class=\"fusion-post-content post-content\"><h2 class=\"blog-shortcode-post-title entry-title\"><a href=\"https:\/\/ramse.es\/wordpress\/sesion-necrologica-dr-galnares\/\">Sesi\u00f3n Necrol\u00f3gica Dr. Galnares<\/a><\/h2><p class=\"fusion-single-line-meta\">Por <span class=\"vcard\"><span class=\"fn\"><a href=\"https:\/\/ramse.es\/wordpress\/author\/prensa\/\" title=\"Entradas de Mar\u00eda\" rel=\"author\">Mar\u00eda<\/a><\/span><\/span><span class=\"fusion-inline-sep\">|<\/span><span class=\"updated\" style=\"display:none;\">2022-05-10T22:22:52+02:00<\/span><span>abril 25th, 2022<\/span><span class=\"fusion-inline-sep\">|<\/span>Categor\u00edas: <a href=\"https:\/\/ramse.es\/wordpress\/category\/necrologica\/\" rel=\"category tag\">Necrol\u00f3gica<\/a><span class=\"fusion-inline-sep\">|<\/span><\/p><div class=\"fusion-post-content-container\"><p>La Real Academia de Medicina y Cirug\u00eda de Sevilla ha celebrado la Sesi\u00f3n Necrol\u00f3gica en memoria del Acad\u00e9mico de N\u00famero, el Ilmo. Sr. Dr. D. Alfonso Galnares Ysern. El acto estuvo presidido por el Excmo. Sr. D. Carlos A. Infantes Alc\u00f3n, Presidente de la Real Academia de Medicina y Cirug\u00eda de Sevilla. En la sesi\u00f3n in Memoriam participaron el Sr. Dr. D. Joaqu\u00edn Lucena Romero, destacando la vida profesional del <a href=\"https:\/\/ramse.es\/wordpress\/sesion-necrologica-dr-galnares\/\">[...]<\/a><\/p><\/div><\/div><div class=\"fusion-clearfix\"><\/div><div class=\"fusion-meta-info\"><div class=\"fusion-alignright\"><a class=\"fusion-read-more\" href=\"https:\/\/ramse.es\/wordpress\/sesion-necrologica-dr-galnares\/\" aria-label=\"More on Sesi\u00f3n Necrol\u00f3gica Dr. Galnares\">Leer M\u00e1s<\/a><\/div><\/div><\/article>\n<article id=\"blog-1-post-3777\" class=\"fusion-post-large-alternate post-3777 post type-post status-publish format-standard has-post-thumbnail hentry category-actividades tag-estanislao-del-campo tag-josefa-roso tag-libro tag-presentacion\">\n\t<style type=\"text\/css\">\n\t\t\n\t\t\n\t\t\n\t\t\n\t\t\t<\/style>\n\n\n\t\t\t<div class=\"fusion-flexslider flexslider fusion-flexslider-loading fusion-post-slideshow\" style=\"\">\n\t\t<ul class=\"slides\">\n\t\t\t\n\t\t\t\t\t\t\t\t\t\t\t\t\t\t<li><div  class=\"fusion-image-wrapper\" aria-haspopup=\"true\">\n\t\t\t\t<img decoding=\"async\" width=\"2560\" height=\"1920\" src=\"https:\/\/ramse.es\/wordpress\/wp-content\/uploads\/2022\/03\/IMG_3781-scaled.jpeg\" class=\"attachment-full size-full wp-post-image\" alt=\"\" srcset=\"https:\/\/ramse.es\/wordpress\/wp-content\/uploads\/2022\/03\/IMG_3781-200x150.jpeg 200w, https:\/\/ramse.es\/wordpress\/wp-content\/uploads\/2022\/03\/IMG_3781-400x300.jpeg 400w, https:\/\/ramse.es\/wordpress\/wp-content\/uploads\/2022\/03\/IMG_3781-600x450.jpeg 600w, https:\/\/ramse.es\/wordpress\/wp-content\/uploads\/2022\/03\/IMG_3781-800x600.jpeg 800w, https:\/\/ramse.es\/wordpress\/wp-content\/uploads\/2022\/03\/IMG_3781-1200x900.jpeg 1200w, https:\/\/ramse.es\/wordpress\/wp-content\/uploads\/2022\/03\/IMG_3781-scaled.jpeg 2560w\" sizes=\"(max-width: 1000px) 100vw, 800px\" \/><div class=\"fusion-rollover\">\n\t<div class=\"fusion-rollover-content\">\n\n\t\t\t\t\t\t\t\t\t\t\t\t\t\t<a class=\"fusion-rollover-link\" href=\"https:\/\/ramse.es\/wordpress\/presentacion-del-libro-estanislao-del-campo-1889-1934\/\">Presentaci\u00f3n del libro: Estanislao del Campo (1889-1934)<\/a>\n\t\t\t\n\t\t\t\t\t\t\t\t\t\t\t\t\t\t\n\t\t\t\t\t\t\t\t\n\t\t\t\t\t\t\t\t\t\t\t\t\t<div class=\"fusion-rollover-sep\"><\/div>\n\t\t\t\t\n\t\t\t\t\t\t\t\t\t\t\t\t\t\t\t\t\t\t<a class=\"fusion-rollover-gallery\" href=\"https:\/\/ramse.es\/wordpress\/wp-content\/uploads\/2022\/03\/IMG_3781-scaled.jpeg\" data-id=\"3777\" data-rel=\"iLightbox[gallery]\" data-title=\"IMG_3781\" data-caption=\"\">\n\t\t\t\t\t\tGaler\u00eda\t\t\t\t\t<\/a>\n\t\t\t\t\t\t\t\t\t\t\t\t\t\t\n\t\t\n\t\t\t\t\t\t\t\t\n\t\t\t\t\t\t\t\t\n\t\t\n\t\t\t\t\t\t<a class=\"fusion-link-wrapper\" href=\"https:\/\/ramse.es\/wordpress\/presentacion-del-libro-estanislao-del-campo-1889-1934\/\" aria-label=\"Presentaci\u00f3n del libro: Estanislao del Campo (1889-1934)\"><\/a>\n\t<\/div>\n<\/div>\n<\/div>\n<\/li>\n\t\t\t\n\t\t\t\n\t\t\t\t\t\t\t\t\t\t\t\t\t\t\t\t\t\t\t\t\t\t\t\t\t\t\t\t\t\t\t\t\t\t\t\t\t\t\t\t\t\t\t\t\t\t\t\t\t\t\t\t\t\t\t\t\t\t\t\t\t\t\t\t\t\t\t\t<\/ul>\n\t<\/div>\n\t<div class=\"fusion-date-and-formats\"><div class=\"fusion-date-box updated\"><span class=\"fusion-date\">marzo<\/span><span class=\"fusion-month-year\">12:11 pm<\/span><\/div><div class=\"fusion-format-box\"><i class=\"awb-icon-pen\" aria-hidden=\"true\"><\/i><\/div><\/div><div class=\"fusion-post-content post-content\"><h2 class=\"blog-shortcode-post-title entry-title\"><a href=\"https:\/\/ramse.es\/wordpress\/presentacion-del-libro-estanislao-del-campo-1889-1934\/\">Presentaci\u00f3n del libro: Estanislao del Campo (1889-1934)<\/a><\/h2><p class=\"fusion-single-line-meta\">Por <span class=\"vcard\"><span class=\"fn\"><a href=\"https:\/\/ramse.es\/wordpress\/author\/prensa\/\" title=\"Entradas de Mar\u00eda\" rel=\"author\">Mar\u00eda<\/a><\/span><\/span><span class=\"fusion-inline-sep\">|<\/span><span class=\"updated\" style=\"display:none;\">2022-03-25T19:25:20+02:00<\/span><span>marzo 24th, 2022<\/span><span class=\"fusion-inline-sep\">|<\/span>Categor\u00edas: <a href=\"https:\/\/ramse.es\/wordpress\/category\/news\/actividades\/\" rel=\"category tag\">Actividades<\/a><span class=\"fusion-inline-sep\">|<\/span><span class=\"meta-tags\">Etiquetas: <a href=\"https:\/\/ramse.es\/wordpress\/tag\/estanislao-del-campo\/\" rel=\"tag\">Estanislao del Campo<\/a>, <a href=\"https:\/\/ramse.es\/wordpress\/tag\/josefa-roso\/\" rel=\"tag\">Josefa Roso<\/a>, <a href=\"https:\/\/ramse.es\/wordpress\/tag\/libro\/\" rel=\"tag\">Libro<\/a>, <a href=\"https:\/\/ramse.es\/wordpress\/tag\/presentacion\/\" rel=\"tag\">Presentaci\u00f3n<\/a><\/span><span class=\"fusion-inline-sep\">|<\/span><\/p><div class=\"fusion-post-content-container\"><p>La Real Academia de Medicina y Cirug\u00eda de Sevilla ha acogido la presentaci\u00f3n del libro: \u201cEstanislao del Campo (1889-1934). Medicina, Cultura y Pol\u00edtica en la Segunda Rep\u00fablica\u201d, escrito por D\u00f1a. Josefa Roso Pascual, Acad\u00e9mica Correspondiente de la RAMSE. En el acto, presentado por el Excmo. Dr. D. Carlos Infantes Alc\u00f3n, Presidente de la RAMSE, han participado el Ilmo. Dr. D. Joaqu\u00edn N\u00fa\u00f1ez Fuster, Acad\u00e9mico de N\u00famero de la RAMSE, que <a href=\"https:\/\/ramse.es\/wordpress\/presentacion-del-libro-estanislao-del-campo-1889-1934\/\">[...]<\/a><\/p><\/div><\/div><div class=\"fusion-clearfix\"><\/div><div class=\"fusion-meta-info\"><div class=\"fusion-alignright\"><a class=\"fusion-read-more\" href=\"https:\/\/ramse.es\/wordpress\/presentacion-del-libro-estanislao-del-campo-1889-1934\/\" aria-label=\"More on Presentaci\u00f3n del libro: Estanislao del Campo (1889-1934)\">Leer M\u00e1s<\/a><\/div><\/div><\/article>\n<article id=\"blog-1-post-3773\" class=\"fusion-post-large-alternate post-3773 post type-post status-publish format-standard has-post-thumbnail hentry category-actos-academicos category-necrologica tag-dr-pedro-blasco-huelva tag-in-memoriam\">\n\t<style type=\"text\/css\">\n\t\t\n\t\t\n\t\t\n\t\t\n\t\t\t<\/style>\n\n\n\t\t\t<div class=\"fusion-flexslider flexslider fusion-flexslider-loading fusion-post-slideshow\" style=\"\">\n\t\t<ul class=\"slides\">\n\t\t\t\n\t\t\t\t\t\t\t\t\t\t\t\t\t\t<li><div  class=\"fusion-image-wrapper\" aria-haspopup=\"true\">\n\t\t\t\t<img decoding=\"async\" width=\"1368\" height=\"1080\" src=\"https:\/\/ramse.es\/wordpress\/wp-content\/uploads\/2022\/03\/In-Memoriam-Dr.-Blasco.jpg\" class=\"attachment-full size-full wp-post-image\" alt=\"\" srcset=\"https:\/\/ramse.es\/wordpress\/wp-content\/uploads\/2022\/03\/In-Memoriam-Dr.-Blasco-200x158.jpg 200w, https:\/\/ramse.es\/wordpress\/wp-content\/uploads\/2022\/03\/In-Memoriam-Dr.-Blasco-400x316.jpg 400w, https:\/\/ramse.es\/wordpress\/wp-content\/uploads\/2022\/03\/In-Memoriam-Dr.-Blasco-600x474.jpg 600w, https:\/\/ramse.es\/wordpress\/wp-content\/uploads\/2022\/03\/In-Memoriam-Dr.-Blasco-800x632.jpg 800w, https:\/\/ramse.es\/wordpress\/wp-content\/uploads\/2022\/03\/In-Memoriam-Dr.-Blasco-1200x947.jpg 1200w, https:\/\/ramse.es\/wordpress\/wp-content\/uploads\/2022\/03\/In-Memoriam-Dr.-Blasco.jpg 1368w\" sizes=\"(max-width: 1000px) 100vw, 800px\" \/><div class=\"fusion-rollover\">\n\t<div class=\"fusion-rollover-content\">\n\n\t\t\t\t\t\t\t\t\t\t\t\t\t\t<a class=\"fusion-rollover-link\" href=\"https:\/\/ramse.es\/wordpress\/sesion-necrologica-del-ilmo-sr-dr-d-pedro-blasco-huelva\/\">Sesi\u00f3n Necrol\u00f3gica del Dr. D. Pedro Blasco Huelva<\/a>\n\t\t\t\n\t\t\t\t\t\t\t\t\t\t\t\t\t\t\n\t\t\t\t\t\t\t\t\n\t\t\t\t\t\t\t\t\t\t\t\t\t<div class=\"fusion-rollover-sep\"><\/div>\n\t\t\t\t\n\t\t\t\t\t\t\t\t\t\t\t\t\t\t\t\t\t\t<a class=\"fusion-rollover-gallery\" href=\"https:\/\/ramse.es\/wordpress\/wp-content\/uploads\/2022\/03\/In-Memoriam-Dr.-Blasco.jpg\" data-id=\"3773\" data-rel=\"iLightbox[gallery]\" data-title=\"In Memoriam Dr. Blasco\" data-caption=\"\">\n\t\t\t\t\t\tGaler\u00eda\t\t\t\t\t<\/a>\n\t\t\t\t\t\t\t\t\t\t\t\t\t\t\n\t\t\n\t\t\t\t\t\t\t\t\n\t\t\t\t\t\t\t\t\n\t\t\n\t\t\t\t\t\t<a class=\"fusion-link-wrapper\" href=\"https:\/\/ramse.es\/wordpress\/sesion-necrologica-del-ilmo-sr-dr-d-pedro-blasco-huelva\/\" aria-label=\"Sesi\u00f3n Necrol\u00f3gica del Dr. D. Pedro Blasco Huelva\"><\/a>\n\t<\/div>\n<\/div>\n<\/div>\n<\/li>\n\t\t\t\n\t\t\t\n\t\t\t\t\t\t\t\t\t\t\t\t\t\t\t\t\t\t\t\t\t\t\t\t\t\t\t\t\t\t\t\t\t\t\t\t\t\t\t\t\t\t\t\t\t\t\t\t\t\t\t\t\t\t\t\t\t\t\t\t\t\t\t\t\t\t\t\t<\/ul>\n\t<\/div>\n\t<div class=\"fusion-date-and-formats\"><div class=\"fusion-date-box updated\"><span class=\"fusion-date\">marzo<\/span><span class=\"fusion-month-year\">12:17 pm<\/span><\/div><div class=\"fusion-format-box\"><i class=\"awb-icon-pen\" aria-hidden=\"true\"><\/i><\/div><\/div><div class=\"fusion-post-content post-content\"><h2 class=\"blog-shortcode-post-title entry-title\"><a href=\"https:\/\/ramse.es\/wordpress\/sesion-necrologica-del-ilmo-sr-dr-d-pedro-blasco-huelva\/\">Sesi\u00f3n Necrol\u00f3gica del Dr. D. Pedro Blasco Huelva<\/a><\/h2><p class=\"fusion-single-line-meta\">Por <span class=\"vcard\"><span class=\"fn\"><a href=\"https:\/\/ramse.es\/wordpress\/author\/prensa\/\" title=\"Entradas de Mar\u00eda\" rel=\"author\">Mar\u00eda<\/a><\/span><\/span><span class=\"fusion-inline-sep\">|<\/span><span class=\"updated\" style=\"display:none;\">2022-03-25T01:50:00+02:00<\/span><span>marzo 21st, 2022<\/span><span class=\"fusion-inline-sep\">|<\/span>Categor\u00edas: <a href=\"https:\/\/ramse.es\/wordpress\/category\/actos-academicos\/\" rel=\"category tag\">Actos Acad\u00e9micos<\/a>, <a href=\"https:\/\/ramse.es\/wordpress\/category\/necrologica\/\" rel=\"category tag\">Necrol\u00f3gica<\/a><span class=\"fusion-inline-sep\">|<\/span><span class=\"meta-tags\">Etiquetas: <a href=\"https:\/\/ramse.es\/wordpress\/tag\/dr-pedro-blasco-huelva\/\" rel=\"tag\">Dr. Pedro Blasco Huelva<\/a>, <a href=\"https:\/\/ramse.es\/wordpress\/tag\/in-memoriam\/\" rel=\"tag\">In Memoriam<\/a><\/span><span class=\"fusion-inline-sep\">|<\/span><\/p><div class=\"fusion-post-content-container\"><p>la Real Academia de Medicina y Cirug\u00eda de Sevilla ha celebrado la Sesi\u00f3n Necrol\u00f3gica del Ilmo. Sr. Dr. D. Pedro Blasco Huelva. Acto \u201cin memoriam\u201d que sirve como reconocimiento, tanto de esta instituci\u00f3n como de su familia, en que se ha reflejado la labor, personalidad y calidad humana del Acad\u00e9mico de N\u00famero. Durante el acto han intervenido el Ilmo. Sr. Dr. D. Ignacio G\u00f3mez de Terreros, que ha hecho un <a href=\"https:\/\/ramse.es\/wordpress\/sesion-necrologica-del-ilmo-sr-dr-d-pedro-blasco-huelva\/\">[...]<\/a><\/p><\/div><\/div><div class=\"fusion-clearfix\"><\/div><div class=\"fusion-meta-info\"><div class=\"fusion-alignright\"><a class=\"fusion-read-more\" href=\"https:\/\/ramse.es\/wordpress\/sesion-necrologica-del-ilmo-sr-dr-d-pedro-blasco-huelva\/\" aria-label=\"More on Sesi\u00f3n Necrol\u00f3gica del Dr. D. Pedro Blasco Huelva\">Leer M\u00e1s<\/a><\/div><\/div><\/article>\n<article id=\"blog-1-post-3752\" class=\"fusion-post-large-alternate post-3752 post type-post status-publish format-standard has-post-thumbnail hentry category-actos-academicos category-conferencia category-uncategorized tag-santo-entierro\">\n\t<style type=\"text\/css\">\n\t\t\n\t\t\n\t\t\n\t\t\n\t\t\t<\/style>\n\n\n\t\t\t<div class=\"fusion-flexslider flexslider fusion-flexslider-loading fusion-post-slideshow\" style=\"\">\n\t\t<ul class=\"slides\">\n\t\t\t\n\t\t\t\t\t\t\t\t\t\t\t\t\t\t<li><div  class=\"fusion-image-wrapper\" aria-haspopup=\"true\">\n\t\t\t\t<img decoding=\"async\" width=\"1059\" height=\"1056\" src=\"https:\/\/ramse.es\/wordpress\/wp-content\/uploads\/2022\/03\/DSC_5972.jpg\" class=\"attachment-full size-full wp-post-image\" alt=\"\" srcset=\"https:\/\/ramse.es\/wordpress\/wp-content\/uploads\/2022\/03\/DSC_5972-200x199.jpg 200w, https:\/\/ramse.es\/wordpress\/wp-content\/uploads\/2022\/03\/DSC_5972-400x399.jpg 400w, https:\/\/ramse.es\/wordpress\/wp-content\/uploads\/2022\/03\/DSC_5972-600x598.jpg 600w, https:\/\/ramse.es\/wordpress\/wp-content\/uploads\/2022\/03\/DSC_5972-800x798.jpg 800w, https:\/\/ramse.es\/wordpress\/wp-content\/uploads\/2022\/03\/DSC_5972.jpg 1059w\" sizes=\"(max-width: 1000px) 100vw, 800px\" \/><div class=\"fusion-rollover\">\n\t<div class=\"fusion-rollover-content\">\n\n\t\t\t\t\t\t\t\t\t\t\t\t\t\t<a class=\"fusion-rollover-link\" href=\"https:\/\/ramse.es\/wordpress\/150-aniversario-de-la-concordia-entre-la-ramse-y-la-hermandad-del-santo-entierro\/\">150 Aniversario de la Concordia RAMSE y Hermandad del Santo Entierro<\/a>\n\t\t\t\n\t\t\t\t\t\t\t\t\t\t\t\t\t\t\n\t\t\t\t\t\t\t\t\n\t\t\t\t\t\t\t\t\t\t\t\t\t<div class=\"fusion-rollover-sep\"><\/div>\n\t\t\t\t\n\t\t\t\t\t\t\t\t\t\t\t\t\t\t\t\t\t\t<a class=\"fusion-rollover-gallery\" href=\"https:\/\/ramse.es\/wordpress\/wp-content\/uploads\/2022\/03\/DSC_5972.jpg\" data-id=\"3752\" data-rel=\"iLightbox[gallery]\" data-title=\"DSC_5972\" data-caption=\"\">\n\t\t\t\t\t\tGaler\u00eda\t\t\t\t\t<\/a>\n\t\t\t\t\t\t\t\t\t\t\t\t\t\t\n\t\t\n\t\t\t\t\t\t\t\t\n\t\t\t\t\t\t\t\t\n\t\t\n\t\t\t\t\t\t<a class=\"fusion-link-wrapper\" href=\"https:\/\/ramse.es\/wordpress\/150-aniversario-de-la-concordia-entre-la-ramse-y-la-hermandad-del-santo-entierro\/\" aria-label=\"150 Aniversario de la Concordia RAMSE y Hermandad del Santo Entierro\"><\/a>\n\t<\/div>\n<\/div>\n<\/div>\n<\/li>\n\t\t\t\n\t\t\t\n\t\t\t\t\t\t\t\t\t\t\t\t\t\t\t\t\t\t\t\t\t\t\t\t\t\t\t\t\t\t\t\t\t\t\t\t\t\t\t\t\t\t\t\t\t\t\t\t\t\t\t\t\t\t\t\t\t\t\t\t\t\t\t\t\t\t\t\t<\/ul>\n\t<\/div>\n\t<div class=\"fusion-date-and-formats\"><div class=\"fusion-date-box updated\"><span class=\"fusion-date\">marzo<\/span><span class=\"fusion-month-year\">5:30 pm<\/span><\/div><div class=\"fusion-format-box\"><i class=\"awb-icon-pen\" aria-hidden=\"true\"><\/i><\/div><\/div><div class=\"fusion-post-content post-content\"><h2 class=\"blog-shortcode-post-title entry-title\"><a href=\"https:\/\/ramse.es\/wordpress\/150-aniversario-de-la-concordia-entre-la-ramse-y-la-hermandad-del-santo-entierro\/\">150 Aniversario de la Concordia RAMSE y Hermandad del Santo Entierro<\/a><\/h2><p class=\"fusion-single-line-meta\">Por <span class=\"vcard\"><span class=\"fn\"><a href=\"https:\/\/ramse.es\/wordpress\/author\/prensa\/\" title=\"Entradas de Mar\u00eda\" rel=\"author\">Mar\u00eda<\/a><\/span><\/span><span class=\"fusion-inline-sep\">|<\/span><span class=\"updated\" style=\"display:none;\">2022-03-25T01:49:23+02:00<\/span><span>marzo 11th, 2022<\/span><span class=\"fusion-inline-sep\">|<\/span>Categor\u00edas: <a href=\"https:\/\/ramse.es\/wordpress\/category\/actos-academicos\/\" rel=\"category tag\">Actos Acad\u00e9micos<\/a>, <a href=\"https:\/\/ramse.es\/wordpress\/category\/conferencia\/\" rel=\"category tag\">Conferencia<\/a>, <a href=\"https:\/\/ramse.es\/wordpress\/category\/uncategorized\/\" rel=\"category tag\">Uncategorized<\/a><span class=\"fusion-inline-sep\">|<\/span><span class=\"meta-tags\">Etiquetas: <a href=\"https:\/\/ramse.es\/wordpress\/tag\/santo-entierro\/\" rel=\"tag\">Santo Entierro<\/a><\/span><span class=\"fusion-inline-sep\">|<\/span><\/p><div class=\"fusion-post-content-container\"><p>La Real Academia de Medicina y Cirug\u00eda de Sevilla ha celebrado el acto de conmemoraci\u00f3n: \u201c150 Aniversario de la Concordia entre la Real Academia de Medicina y Cirug\u00eda de Sevilla y la Real Hermandad Sacramental del Santo Entierro de Nuestro Se\u00f1or Jesucristo y Mar\u00eda Sant\u00edsima de Villaviciosa\u201d. Han presidido el acto la consejera de Cultura y Patrimonio Hist\u00f3rico de la Junta de Andaluc\u00eda, Patricia del Pozo, el Excmo. Sr. Dr. <a href=\"https:\/\/ramse.es\/wordpress\/150-aniversario-de-la-concordia-entre-la-ramse-y-la-hermandad-del-santo-entierro\/\">[...]<\/a><\/p><\/div><\/div><div class=\"fusion-clearfix\"><\/div><div class=\"fusion-meta-info\"><div class=\"fusion-alignright\"><a class=\"fusion-read-more\" href=\"https:\/\/ramse.es\/wordpress\/150-aniversario-de-la-concordia-entre-la-ramse-y-la-hermandad-del-santo-entierro\/\" aria-label=\"More on 150 Aniversario de la Concordia RAMSE y Hermandad del Santo Entierro\">Leer M\u00e1s<\/a><\/div><\/div><\/article>\n<article id=\"blog-1-post-3742\" class=\"fusion-post-large-alternate post-3742 post type-post status-publish format-standard has-post-thumbnail hentry category-convenio-news category-news tag-colegio-de-medicos-de-sevilla tag-convenio tag-ricoms\">\n\t<style type=\"text\/css\">\n\t\t\n\t\t\n\t\t\n\t\t\n\t\t\t<\/style>\n\n\n\t\t\t<div class=\"fusion-flexslider flexslider fusion-flexslider-loading fusion-post-slideshow\" style=\"\">\n\t\t<ul class=\"slides\">\n\t\t\t\n\t\t\t\t\t\t\t\t\t\t\t\t\t\t<li><div  class=\"fusion-image-wrapper\" aria-haspopup=\"true\">\n\t\t\t\t<img decoding=\"async\" width=\"2560\" height=\"1920\" src=\"https:\/\/ramse.es\/wordpress\/wp-content\/uploads\/2022\/03\/P1010027-scaled.jpg\" class=\"attachment-full size-full wp-post-image\" alt=\"\" srcset=\"https:\/\/ramse.es\/wordpress\/wp-content\/uploads\/2022\/03\/P1010027-200x150.jpg 200w, https:\/\/ramse.es\/wordpress\/wp-content\/uploads\/2022\/03\/P1010027-400x300.jpg 400w, https:\/\/ramse.es\/wordpress\/wp-content\/uploads\/2022\/03\/P1010027-600x450.jpg 600w, https:\/\/ramse.es\/wordpress\/wp-content\/uploads\/2022\/03\/P1010027-800x600.jpg 800w, https:\/\/ramse.es\/wordpress\/wp-content\/uploads\/2022\/03\/P1010027-1200x900.jpg 1200w, https:\/\/ramse.es\/wordpress\/wp-content\/uploads\/2022\/03\/P1010027-scaled.jpg 2560w\" sizes=\"(max-width: 1000px) 100vw, 800px\" \/><div class=\"fusion-rollover\">\n\t<div class=\"fusion-rollover-content\">\n\n\t\t\t\t\t\t\t\t\t\t\t\t\t\t<a class=\"fusion-rollover-link\" href=\"https:\/\/ramse.es\/wordpress\/convenio-de-colaboracion-entre-la-ramse-y-el-ricoms\/\">Convenio de Colaboraci\u00f3n entre la RAMSE y el RICOMS<\/a>\n\t\t\t\n\t\t\t\t\t\t\t\t\t\t\t\t\t\t\n\t\t\t\t\t\t\t\t\n\t\t\t\t\t\t\t\t\t\t\t\t\t<div class=\"fusion-rollover-sep\"><\/div>\n\t\t\t\t\n\t\t\t\t\t\t\t\t\t\t\t\t\t\t\t\t\t\t<a class=\"fusion-rollover-gallery\" href=\"https:\/\/ramse.es\/wordpress\/wp-content\/uploads\/2022\/03\/P1010027-scaled.jpg\" data-id=\"3742\" data-rel=\"iLightbox[gallery]\" data-title=\"P1010027\" data-caption=\"\">\n\t\t\t\t\t\tGaler\u00eda\t\t\t\t\t<\/a>\n\t\t\t\t\t\t\t\t\t\t\t\t\t\t\n\t\t\n\t\t\t\t\t\t\t\t\n\t\t\t\t\t\t\t\t\n\t\t\n\t\t\t\t\t\t<a class=\"fusion-link-wrapper\" href=\"https:\/\/ramse.es\/wordpress\/convenio-de-colaboracion-entre-la-ramse-y-el-ricoms\/\" aria-label=\"Convenio de Colaboraci\u00f3n entre la RAMSE y el RICOMS\"><\/a>\n\t<\/div>\n<\/div>\n<\/div>\n<\/li>\n\t\t\t\n\t\t\t\n\t\t\t\t\t\t\t\t\t\t\t\t\t\t\t\t\t\t\t\t\t\t\t\t\t\t\t\t\t\t\t\t\t\t\t\t\t\t\t\t\t\t\t\t\t\t\t\t\t\t\t\t\t\t\t\t\t\t\t\t\t\t\t\t\t\t\t\t<\/ul>\n\t<\/div>\n\t<div class=\"fusion-date-and-formats\"><div class=\"fusion-date-box updated\"><span class=\"fusion-date\">marzo<\/span><span class=\"fusion-month-year\">4:59 pm<\/span><\/div><div class=\"fusion-format-box\"><i class=\"awb-icon-pen\" aria-hidden=\"true\"><\/i><\/div><\/div><div class=\"fusion-post-content post-content\"><h2 class=\"blog-shortcode-post-title entry-title\"><a href=\"https:\/\/ramse.es\/wordpress\/convenio-de-colaboracion-entre-la-ramse-y-el-ricoms\/\">Convenio de Colaboraci\u00f3n entre la RAMSE y el RICOMS<\/a><\/h2><p class=\"fusion-single-line-meta\">Por <span class=\"vcard\"><span class=\"fn\"><a href=\"https:\/\/ramse.es\/wordpress\/author\/prensa\/\" title=\"Entradas de Mar\u00eda\" rel=\"author\">Mar\u00eda<\/a><\/span><\/span><span class=\"fusion-inline-sep\">|<\/span><span class=\"updated\" style=\"display:none;\">2022-03-09T17:06:03+02:00<\/span><span>marzo 7th, 2022<\/span><span class=\"fusion-inline-sep\">|<\/span>Categor\u00edas: <a href=\"https:\/\/ramse.es\/wordpress\/category\/news\/convenio-news\/\" rel=\"category tag\">Convenio<\/a>, <a href=\"https:\/\/ramse.es\/wordpress\/category\/news\/\" rel=\"category tag\">Noticias<\/a><span class=\"fusion-inline-sep\">|<\/span><span class=\"meta-tags\">Etiquetas: <a href=\"https:\/\/ramse.es\/wordpress\/tag\/colegio-de-medicos-de-sevilla\/\" rel=\"tag\">Colegio de M\u00e9dicos de Sevilla<\/a>, <a href=\"https:\/\/ramse.es\/wordpress\/tag\/convenio\/\" rel=\"tag\">Convenio<\/a>, <a href=\"https:\/\/ramse.es\/wordpress\/tag\/ricoms\/\" rel=\"tag\">Ricoms<\/a><\/span><span class=\"fusion-inline-sep\">|<\/span><\/p><div class=\"fusion-post-content-container\"><p>La Real Academia de Medicina y Cirug\u00eda de Sevilla (RAMSE) y el Real e Ilustre Colegio Oficial de M\u00e9dicos de Sevilla (RICOMS) firman un nuevo convenio de colaboraci\u00f3n con el objetivo de fomentar la participaci\u00f3n de ambas instituciones en la consecuci\u00f3n de los diferentes objetivos as\u00ed como fomentar la intervenci\u00f3n del RICOMS en las actividades de la Fundaci\u00f3n y colaborar en las actividades de la RAMSE.<\/p><\/div><\/div><div class=\"fusion-clearfix\"><\/div><div class=\"fusion-meta-info\"><div class=\"fusion-alignright\"><a class=\"fusion-read-more\" href=\"https:\/\/ramse.es\/wordpress\/convenio-de-colaboracion-entre-la-ramse-y-el-ricoms\/\" aria-label=\"More on Convenio de Colaboraci\u00f3n entre la RAMSE y el RICOMS\">Leer M\u00e1s<\/a><\/div><\/div><\/article>\n<article id=\"blog-1-post-3728\" class=\"fusion-post-large-alternate post-3728 post type-post status-publish format-standard has-post-thumbnail hentry category-academico-de-numero tag-francisco-trujillo tag-neurocirujano\">\n\t<style type=\"text\/css\">\n\t\t\n\t\t\n\t\t\n\t\t\n\t\t\t<\/style>\n\n\n\t\t\t<div class=\"fusion-flexslider flexslider fusion-flexslider-loading fusion-post-slideshow\" style=\"\">\n\t\t<ul class=\"slides\">\n\t\t\t\n\t\t\t\t\t\t\t\t\t\t\t\t\t\t<li><div  class=\"fusion-image-wrapper\" aria-haspopup=\"true\">\n\t\t\t\t<img decoding=\"async\" width=\"2000\" height=\"1333\" src=\"https:\/\/ramse.es\/wordpress\/wp-content\/uploads\/2022\/02\/RAMSE-Dr.-Trujillo.jpg\" class=\"attachment-full size-full wp-post-image\" alt=\"\" srcset=\"https:\/\/ramse.es\/wordpress\/wp-content\/uploads\/2022\/02\/RAMSE-Dr.-Trujillo-200x133.jpg 200w, https:\/\/ramse.es\/wordpress\/wp-content\/uploads\/2022\/02\/RAMSE-Dr.-Trujillo-400x267.jpg 400w, https:\/\/ramse.es\/wordpress\/wp-content\/uploads\/2022\/02\/RAMSE-Dr.-Trujillo-600x400.jpg 600w, https:\/\/ramse.es\/wordpress\/wp-content\/uploads\/2022\/02\/RAMSE-Dr.-Trujillo-800x533.jpg 800w, https:\/\/ramse.es\/wordpress\/wp-content\/uploads\/2022\/02\/RAMSE-Dr.-Trujillo-1200x800.jpg 1200w, https:\/\/ramse.es\/wordpress\/wp-content\/uploads\/2022\/02\/RAMSE-Dr.-Trujillo.jpg 2000w\" sizes=\"(max-width: 1000px) 100vw, 800px\" \/><div class=\"fusion-rollover\">\n\t<div class=\"fusion-rollover-content\">\n\n\t\t\t\t\t\t\t\t\t\t\t\t\t\t<a class=\"fusion-rollover-link\" href=\"https:\/\/ramse.es\/wordpress\/el-neurocirujano-francisco-trujillo-madronal-nuevo-academico-de-numero-de-la-ramse\/\">El Neurocirujano Francisco Trujillo, nuevo Acad\u00e9mico de N\u00famero de la RAMSE<\/a>\n\t\t\t\n\t\t\t\t\t\t\t\t\t\t\t\t\t\t\n\t\t\t\t\t\t\t\t\n\t\t\t\t\t\t\t\t\t\t\t\t\t<div class=\"fusion-rollover-sep\"><\/div>\n\t\t\t\t\n\t\t\t\t\t\t\t\t\t\t\t\t\t\t\t\t\t\t<a class=\"fusion-rollover-gallery\" href=\"https:\/\/ramse.es\/wordpress\/wp-content\/uploads\/2022\/02\/RAMSE-Dr.-Trujillo.jpg\" data-id=\"3728\" data-rel=\"iLightbox[gallery]\" data-title=\"RAMSE Dr. Trujillo\" data-caption=\"\">\n\t\t\t\t\t\tGaler\u00eda\t\t\t\t\t<\/a>\n\t\t\t\t\t\t\t\t\t\t\t\t\t\t\n\t\t\n\t\t\t\t\t\t\t\t\n\t\t\t\t\t\t\t\t\n\t\t\n\t\t\t\t\t\t<a class=\"fusion-link-wrapper\" href=\"https:\/\/ramse.es\/wordpress\/el-neurocirujano-francisco-trujillo-madronal-nuevo-academico-de-numero-de-la-ramse\/\" aria-label=\"El Neurocirujano Francisco Trujillo, nuevo Acad\u00e9mico de N\u00famero de la RAMSE\"><\/a>\n\t<\/div>\n<\/div>\n<\/div>\n<\/li>\n\t\t\t\n\t\t\t\n\t\t\t\t\t\t\t\t\t\t\t\t\t\t\t\t\t\t\t\t\t\t\t\t\t\t\t\t\t\t\t\t\t\t\t\t\t\t\t\t\t\t\t\t\t\t\t\t\t\t\t\t\t\t\t\t\t\t\t\t\t\t\t\t\t\t\t\t<\/ul>\n\t<\/div>\n\t<div class=\"fusion-date-and-formats\"><div class=\"fusion-date-box updated\"><span class=\"fusion-date\">febrero<\/span><span class=\"fusion-month-year\">9:56 pm<\/span><\/div><div class=\"fusion-format-box\"><i class=\"awb-icon-pen\" aria-hidden=\"true\"><\/i><\/div><\/div><div class=\"fusion-post-content post-content\"><h2 class=\"blog-shortcode-post-title entry-title\"><a href=\"https:\/\/ramse.es\/wordpress\/el-neurocirujano-francisco-trujillo-madronal-nuevo-academico-de-numero-de-la-ramse\/\">El Neurocirujano Francisco Trujillo, nuevo Acad\u00e9mico de N\u00famero de la RAMSE<\/a><\/h2><p class=\"fusion-single-line-meta\">Por <span class=\"vcard\"><span class=\"fn\"><a href=\"https:\/\/ramse.es\/wordpress\/author\/prensa\/\" title=\"Entradas de Mar\u00eda\" rel=\"author\">Mar\u00eda<\/a><\/span><\/span><span class=\"fusion-inline-sep\">|<\/span><span class=\"updated\" style=\"display:none;\">2022-02-22T21:59:38+02:00<\/span><span>febrero 21st, 2022<\/span><span class=\"fusion-inline-sep\">|<\/span>Categor\u00edas: <a href=\"https:\/\/ramse.es\/wordpress\/category\/academico-de-numero\/\" rel=\"category tag\">Acad\u00e9mico de N\u00famero<\/a><span class=\"fusion-inline-sep\">|<\/span><span class=\"meta-tags\">Etiquetas: <a href=\"https:\/\/ramse.es\/wordpress\/tag\/francisco-trujillo\/\" rel=\"tag\">Francisco Trujillo<\/a>, <a href=\"https:\/\/ramse.es\/wordpress\/tag\/neurocirujano\/\" rel=\"tag\">Neurocirujano<\/a><\/span><span class=\"fusion-inline-sep\">|<\/span><\/p><div class=\"fusion-post-content-container\"><p>El neur\u00f3logo y neurocirujano, el Dr. Francisco Trujillo Madro\u00f1al, ha tomado posesi\u00f3n de su plaza de Neurocirug\u00eda (Secci\u00f3n III) como Acad\u00e9mico de N\u00famero Electo en la sesi\u00f3n p\u00fablica y extraordinaria que se ha celebrado hoy, a las 12:00 h., en el Sal\u00f3n Ram\u00f3n y Cajal de la Real Academia de Medicina y Cirug\u00eda de Sevilla (RAMSE). \u201cPasado, presente y futuro de la Neurocirug\u00eda: aportaciones a la Medicina\u201d es el t\u00edtulo <a href=\"https:\/\/ramse.es\/wordpress\/el-neurocirujano-francisco-trujillo-madronal-nuevo-academico-de-numero-de-la-ramse\/\">[...]<\/a><\/p><\/div><\/div><div class=\"fusion-clearfix\"><\/div><div class=\"fusion-meta-info\"><div class=\"fusion-alignright\"><a class=\"fusion-read-more\" href=\"https:\/\/ramse.es\/wordpress\/el-neurocirujano-francisco-trujillo-madronal-nuevo-academico-de-numero-de-la-ramse\/\" aria-label=\"More on El Neurocirujano Francisco Trujillo, nuevo Acad\u00e9mico de N\u00famero de la RAMSE\">Leer M\u00e1s<\/a><\/div><\/div><\/article>\n<article id=\"blog-1-post-3710\" class=\"fusion-post-large-alternate post-3710 post type-post status-publish format-standard has-post-thumbnail hentry category-necrologica tag-homenaje tag-yebra\">\n\t<style type=\"text\/css\">\n\t\t\n\t\t\n\t\t\n\t\t\n\t\t\t<\/style>\n\n\n\t\t\t<div class=\"fusion-flexslider flexslider fusion-flexslider-loading fusion-post-slideshow\" style=\"\">\n\t\t<ul class=\"slides\">\n\t\t\t\n\t\t\t\t\t\t\t\t\t\t\t\t\t\t<li><div  class=\"fusion-image-wrapper\" aria-haspopup=\"true\">\n\t\t\t\t<img decoding=\"async\" width=\"980\" height=\"655\" src=\"https:\/\/ramse.es\/wordpress\/wp-content\/uploads\/2022\/02\/In-Memorian-Dr.-Yebra.webp\" class=\"attachment-full size-full wp-post-image\" alt=\"\" srcset=\"https:\/\/ramse.es\/wordpress\/wp-content\/uploads\/2022\/02\/In-Memorian-Dr.-Yebra-200x134.webp 200w, https:\/\/ramse.es\/wordpress\/wp-content\/uploads\/2022\/02\/In-Memorian-Dr.-Yebra-300x201.webp 300w, https:\/\/ramse.es\/wordpress\/wp-content\/uploads\/2022\/02\/In-Memorian-Dr.-Yebra-391x260.webp 391w, https:\/\/ramse.es\/wordpress\/wp-content\/uploads\/2022\/02\/In-Memorian-Dr.-Yebra-400x267.webp 400w, https:\/\/ramse.es\/wordpress\/wp-content\/uploads\/2022\/02\/In-Memorian-Dr.-Yebra-600x401.webp 600w, https:\/\/ramse.es\/wordpress\/wp-content\/uploads\/2022\/02\/In-Memorian-Dr.-Yebra-768x513.webp 768w, https:\/\/ramse.es\/wordpress\/wp-content\/uploads\/2022\/02\/In-Memorian-Dr.-Yebra-800x535.webp 800w, https:\/\/ramse.es\/wordpress\/wp-content\/uploads\/2022\/02\/In-Memorian-Dr.-Yebra.webp 980w\" sizes=\"(max-width: 1000px) 100vw, 800px\" \/><div class=\"fusion-rollover\">\n\t<div class=\"fusion-rollover-content\">\n\n\t\t\t\t\t\t\t\t\t\t\t\t\t\t<a class=\"fusion-rollover-link\" href=\"https:\/\/ramse.es\/wordpress\/sesion-in-memorian-de-homenaje-al-dr-ismael-yebra\/\">Sesi\u00f3n \u2018In Memorian\u2019 de homenaje al Dr. Ismael Yebra<\/a>\n\t\t\t\n\t\t\t\t\t\t\t\t\t\t\t\t\t\t\n\t\t\t\t\t\t\t\t\n\t\t\t\t\t\t\t\t\t\t\t\t\t<div class=\"fusion-rollover-sep\"><\/div>\n\t\t\t\t\n\t\t\t\t\t\t\t\t\t\t\t\t\t\t\t\t\t\t<a class=\"fusion-rollover-gallery\" href=\"https:\/\/ramse.es\/wordpress\/wp-content\/uploads\/2022\/02\/In-Memorian-Dr.-Yebra.webp\" data-id=\"3710\" data-rel=\"iLightbox[gallery]\" data-title=\"In Memorian Dr. Yebra\" data-caption=\"\">\n\t\t\t\t\t\tGaler\u00eda\t\t\t\t\t<\/a>\n\t\t\t\t\t\t\t\t\t\t\t\t\t\t\n\t\t\n\t\t\t\t\t\t\t\t\n\t\t\t\t\t\t\t\t\n\t\t\n\t\t\t\t\t\t<a class=\"fusion-link-wrapper\" href=\"https:\/\/ramse.es\/wordpress\/sesion-in-memorian-de-homenaje-al-dr-ismael-yebra\/\" aria-label=\"Sesi\u00f3n \u2018In Memorian\u2019 de homenaje al Dr. Ismael Yebra\"><\/a>\n\t<\/div>\n<\/div>\n<\/div>\n<\/li>\n\t\t\t\n\t\t\t\n\t\t\t\t\t\t\t\t\t\t\t\t\t\t\t\t\t\t\t\t\t\t\t\t\t\t\t\t\t\t\t\t\t\t\t\t\t\t\t\t\t\t\t\t\t\t\t\t\t\t\t\t\t\t\t\t\t\t\t\t\t\t\t\t\t\t\t\t<\/ul>\n\t<\/div>\n\t<div class=\"fusion-date-and-formats\"><div class=\"fusion-date-box updated\"><span class=\"fusion-date\">febrero<\/span><span class=\"fusion-month-year\">4:47 pm<\/span><\/div><div class=\"fusion-format-box\"><i class=\"awb-icon-pen\" aria-hidden=\"true\"><\/i><\/div><\/div><div class=\"fusion-post-content post-content\"><h2 class=\"blog-shortcode-post-title entry-title\"><a href=\"https:\/\/ramse.es\/wordpress\/sesion-in-memorian-de-homenaje-al-dr-ismael-yebra\/\">Sesi\u00f3n \u2018In Memorian\u2019 de homenaje al Dr. Ismael Yebra<\/a><\/h2><p class=\"fusion-single-line-meta\">Por <span class=\"vcard\"><span class=\"fn\"><a href=\"https:\/\/ramse.es\/wordpress\/author\/prensa\/\" title=\"Entradas de Mar\u00eda\" rel=\"author\">Mar\u00eda<\/a><\/span><\/span><span class=\"fusion-inline-sep\">|<\/span><span class=\"updated\" style=\"display:none;\">2022-02-19T17:15:17+02:00<\/span><span>febrero 18th, 2022<\/span><span class=\"fusion-inline-sep\">|<\/span>Categor\u00edas: <a href=\"https:\/\/ramse.es\/wordpress\/category\/necrologica\/\" rel=\"category tag\">Necrol\u00f3gica<\/a><span class=\"fusion-inline-sep\">|<\/span><span class=\"meta-tags\">Etiquetas: <a href=\"https:\/\/ramse.es\/wordpress\/tag\/homenaje\/\" rel=\"tag\">Homenaje<\/a>, <a href=\"https:\/\/ramse.es\/wordpress\/tag\/yebra\/\" rel=\"tag\">Yebra<\/a><\/span><span class=\"fusion-inline-sep\">|<\/span><\/p><div class=\"fusion-post-content-container\"><p>La sede de la Fundaci\u00f3n Cajasol ha acogido un sentido homenaje al Doctor Ismael Yebra Sotillo, Acad\u00e9mico de N\u00famero de la Real Academia de Medicina y Cirug\u00eda de Sevilla (RAMSE). En el acto, organizado por la\u00a0Real Academia de Medicina y Cirug\u00eda de Sevilla, la\u00a0Real Academia Sevillana de Buenas Letras\u00a0y la\u00a0Fundaci\u00f3n Cajasol, han estado presentes, entre otras personalidades,\u00a0Carlos Infantes, presidente de la Real Academia de Medicina y Cirug\u00eda de Sevilla;\u00a0Pablo Guti\u00e9rrez-Alviz <a href=\"https:\/\/ramse.es\/wordpress\/sesion-in-memorian-de-homenaje-al-dr-ismael-yebra\/\">[...]<\/a><\/p><\/div><\/div><div class=\"fusion-clearfix\"><\/div><div class=\"fusion-meta-info\"><div class=\"fusion-alignright\"><a class=\"fusion-read-more\" href=\"https:\/\/ramse.es\/wordpress\/sesion-in-memorian-de-homenaje-al-dr-ismael-yebra\/\" aria-label=\"More on Sesi\u00f3n \u2018In Memorian\u2019 de homenaje al Dr. Ismael Yebra\">Leer M\u00e1s<\/a><\/div><\/div><\/article>\n<article id=\"blog-1-post-3716\" class=\"fusion-post-large-alternate post-3716 post type-post status-publish format-standard has-post-thumbnail hentry category-actos-academicos tag-322-ano-academico tag-inauguracion-curso-academico\">\n\t<style type=\"text\/css\">\n\t\t\n\t\t\n\t\t\n\t\t\n\t\t\t<\/style>\n\n\n\t\t\t<div class=\"fusion-flexslider flexslider fusion-flexslider-loading fusion-post-slideshow\" style=\"\">\n\t\t<ul class=\"slides\">\n\t\t\t\n\t\t\t\t\t\t\t\t\t\t\t\t\t\t<li><div  class=\"fusion-image-wrapper\" aria-haspopup=\"true\">\n\t\t\t\t<img decoding=\"async\" width=\"1557\" height=\"1009\" src=\"https:\/\/ramse.es\/wordpress\/wp-content\/uploads\/2022\/02\/Inauguracio\u0301n-Curso-Academico-RAMSE-1.jpg\" class=\"attachment-full size-full wp-post-image\" alt=\"\" srcset=\"https:\/\/ramse.es\/wordpress\/wp-content\/uploads\/2022\/02\/Inauguracio\u0301n-Curso-Academico-RAMSE-1-200x130.jpg 200w, https:\/\/ramse.es\/wordpress\/wp-content\/uploads\/2022\/02\/Inauguracio\u0301n-Curso-Academico-RAMSE-1-400x259.jpg 400w, https:\/\/ramse.es\/wordpress\/wp-content\/uploads\/2022\/02\/Inauguracio\u0301n-Curso-Academico-RAMSE-1-600x389.jpg 600w, https:\/\/ramse.es\/wordpress\/wp-content\/uploads\/2022\/02\/Inauguracio\u0301n-Curso-Academico-RAMSE-1-800x518.jpg 800w, https:\/\/ramse.es\/wordpress\/wp-content\/uploads\/2022\/02\/Inauguracio\u0301n-Curso-Academico-RAMSE-1-1200x778.jpg 1200w, https:\/\/ramse.es\/wordpress\/wp-content\/uploads\/2022\/02\/Inauguracio\u0301n-Curso-Academico-RAMSE-1.jpg 1557w\" sizes=\"(max-width: 1000px) 100vw, 800px\" \/><div class=\"fusion-rollover\">\n\t<div class=\"fusion-rollover-content\">\n\n\t\t\t\t\t\t\t\t\t\t\t\t\t\t<a class=\"fusion-rollover-link\" href=\"https:\/\/ramse.es\/wordpress\/inauguracion-curso-academico-de-la-ramse\/\">Inauguraci\u00f3n 322 Curso Acad\u00e9mico de la RAMSE<\/a>\n\t\t\t\n\t\t\t\t\t\t\t\t\t\t\t\t\t\t\n\t\t\t\t\t\t\t\t\n\t\t\t\t\t\t\t\t\t\t\t\t\t<div class=\"fusion-rollover-sep\"><\/div>\n\t\t\t\t\n\t\t\t\t\t\t\t\t\t\t\t\t\t\t\t\t\t\t<a class=\"fusion-rollover-gallery\" href=\"https:\/\/ramse.es\/wordpress\/wp-content\/uploads\/2022\/02\/Inauguracio\u0301n-Curso-Academico-RAMSE-1.jpg\" data-id=\"3716\" data-rel=\"iLightbox[gallery]\" data-title=\"Inauguracio\u0301n Curso Academico RAMSE (1)\" data-caption=\"\">\n\t\t\t\t\t\tGaler\u00eda\t\t\t\t\t<\/a>\n\t\t\t\t\t\t\t\t\t\t\t\t\t\t\n\t\t\n\t\t\t\t\t\t\t\t\n\t\t\t\t\t\t\t\t\n\t\t\n\t\t\t\t\t\t<a class=\"fusion-link-wrapper\" href=\"https:\/\/ramse.es\/wordpress\/inauguracion-curso-academico-de-la-ramse\/\" aria-label=\"Inauguraci\u00f3n 322 Curso Acad\u00e9mico de la RAMSE\"><\/a>\n\t<\/div>\n<\/div>\n<\/div>\n<\/li>\n\t\t\t\n\t\t\t\n\t\t\t\t\t\t\t\t\t\t\t\t\t\t\t\t\t\t\t\t\t\t\t\t\t\t\t\t\t\t\t\t\t\t\t\t\t\t\t\t\t\t\t\t\t\t\t\t\t\t\t\t\t\t\t\t\t\t\t\t\t\t\t\t\t\t\t\t<\/ul>\n\t<\/div>\n\t<div class=\"fusion-date-and-formats\"><div class=\"fusion-date-box updated\"><span class=\"fusion-date\">enero<\/span><span class=\"fusion-month-year\">5:22 pm<\/span><\/div><div class=\"fusion-format-box\"><i class=\"awb-icon-pen\" aria-hidden=\"true\"><\/i><\/div><\/div><div class=\"fusion-post-content post-content\"><h2 class=\"blog-shortcode-post-title entry-title\"><a href=\"https:\/\/ramse.es\/wordpress\/inauguracion-curso-academico-de-la-ramse\/\">Inauguraci\u00f3n 322 Curso Acad\u00e9mico de la RAMSE<\/a><\/h2><p class=\"fusion-single-line-meta\">Por <span class=\"vcard\"><span class=\"fn\"><a href=\"https:\/\/ramse.es\/wordpress\/author\/prensa\/\" title=\"Entradas de Mar\u00eda\" rel=\"author\">Mar\u00eda<\/a><\/span><\/span><span class=\"fusion-inline-sep\">|<\/span><span class=\"updated\" style=\"display:none;\">2022-02-19T17:27:56+02:00<\/span><span>enero 28th, 2022<\/span><span class=\"fusion-inline-sep\">|<\/span>Categor\u00edas: <a href=\"https:\/\/ramse.es\/wordpress\/category\/actos-academicos\/\" rel=\"category tag\">Actos Acad\u00e9micos<\/a><span class=\"fusion-inline-sep\">|<\/span><span class=\"meta-tags\">Etiquetas: <a href=\"https:\/\/ramse.es\/wordpress\/tag\/322-ano-academico\/\" rel=\"tag\">322 A\u00f1o Acad\u00e9mico<\/a>, <a href=\"https:\/\/ramse.es\/wordpress\/tag\/inauguracion-curso-academico\/\" rel=\"tag\">Inauguraci\u00f3n Curso Acad\u00e9mico<\/a><\/span><span class=\"fusion-inline-sep\">|<\/span><\/p><div class=\"fusion-post-content-container\"><p>La Real Academia de Medicina y Cirug\u00eda de Sevilla (RAMSE) ha inaugurado esta tarde su\u00a0322 Curso Acad\u00e9mico.\u00a0El acto ha sido el primero que ha presidido el\u00a0Excmo. Sr.\u00a0Dr. D. Carlos Infantes Alc\u00f3n, nuevo Presidente de la RAMSE y ha contado con la presencia del\u00a0Excmo. Sr. Alcalde de Sevilla,\u00a0D. Antonio Mu\u00f1oz Mart\u00ednez. Durante el acto se han le\u00eddo las Memorias Acad\u00e9micas 2021, por parte del secretario de la RAMSE, Dr. Federico Arg\u00fcelles <a href=\"https:\/\/ramse.es\/wordpress\/inauguracion-curso-academico-de-la-ramse\/\">[...]<\/a><\/p><\/div><\/div><div class=\"fusion-clearfix\"><\/div><div class=\"fusion-meta-info\"><div class=\"fusion-alignright\"><a class=\"fusion-read-more\" href=\"https:\/\/ramse.es\/wordpress\/inauguracion-curso-academico-de-la-ramse\/\" aria-label=\"More on Inauguraci\u00f3n 322 Curso Acad\u00e9mico de la RAMSE\">Leer M\u00e1s<\/a><\/div><\/div><\/article>\n<article id=\"blog-1-post-3655\" class=\"fusion-post-large-alternate post-3655 post type-post status-publish format-standard has-post-thumbnail hentry category-actos-academicos category-prensa tag-infantes tag-nuevo-presidente-ramse\">\n\t<style type=\"text\/css\">\n\t\t\n\t\t\n\t\t\n\t\t\n\t\t\t<\/style>\n\n\n\t\t\t<div class=\"fusion-flexslider flexslider fusion-flexslider-loading fusion-post-slideshow\" style=\"\">\n\t\t<ul class=\"slides\">\n\t\t\t\n\t\t\t\t\t\t\t\t\t\t\t\t\t\t<li><div  class=\"fusion-image-wrapper\" aria-haspopup=\"true\">\n\t\t\t\t<img decoding=\"async\" width=\"931\" height=\"1175\" src=\"https:\/\/ramse.es\/wordpress\/wp-content\/uploads\/2022\/01\/Dr.-Carlos-Infantes_Presidente-RAMSE.jpg\" class=\"attachment-full size-full wp-post-image\" alt=\"\" srcset=\"https:\/\/ramse.es\/wordpress\/wp-content\/uploads\/2022\/01\/Dr.-Carlos-Infantes_Presidente-RAMSE-200x252.jpg 200w, https:\/\/ramse.es\/wordpress\/wp-content\/uploads\/2022\/01\/Dr.-Carlos-Infantes_Presidente-RAMSE-400x505.jpg 400w, https:\/\/ramse.es\/wordpress\/wp-content\/uploads\/2022\/01\/Dr.-Carlos-Infantes_Presidente-RAMSE-600x757.jpg 600w, https:\/\/ramse.es\/wordpress\/wp-content\/uploads\/2022\/01\/Dr.-Carlos-Infantes_Presidente-RAMSE-800x1010.jpg 800w, https:\/\/ramse.es\/wordpress\/wp-content\/uploads\/2022\/01\/Dr.-Carlos-Infantes_Presidente-RAMSE.jpg 931w\" sizes=\"(max-width: 1000px) 100vw, 800px\" \/><div class=\"fusion-rollover\">\n\t<div class=\"fusion-rollover-content\">\n\n\t\t\t\t\t\t\t\t\t\t\t\t\t\t<a class=\"fusion-rollover-link\" href=\"https:\/\/ramse.es\/wordpress\/el-cirujano-cardiovascular-carlos-infantes-alcon-nuevo-presidente-de-la-ramse\/\">El Cirujano Cardiovascular Carlos Infantes Alc\u00f3n, nuevo presidente de la RAMSE<\/a>\n\t\t\t\n\t\t\t\t\t\t\t\t\t\t\t\t\t\t\n\t\t\t\t\t\t\t\t\n\t\t\t\t\t\t\t\t\t\t\t\t\t<div class=\"fusion-rollover-sep\"><\/div>\n\t\t\t\t\n\t\t\t\t\t\t\t\t\t\t\t\t\t\t\t\t\t\t<a class=\"fusion-rollover-gallery\" href=\"https:\/\/ramse.es\/wordpress\/wp-content\/uploads\/2022\/01\/Dr.-Carlos-Infantes_Presidente-RAMSE.jpg\" data-id=\"3655\" data-rel=\"iLightbox[gallery]\" data-title=\"Dr. Carlos Infantes_Presidente RAMSE\" data-caption=\"\">\n\t\t\t\t\t\tGaler\u00eda\t\t\t\t\t<\/a>\n\t\t\t\t\t\t\t\t\t\t\t\t\t\t\n\t\t\n\t\t\t\t\t\t\t\t\n\t\t\t\t\t\t\t\t\n\t\t\n\t\t\t\t\t\t<a class=\"fusion-link-wrapper\" href=\"https:\/\/ramse.es\/wordpress\/el-cirujano-cardiovascular-carlos-infantes-alcon-nuevo-presidente-de-la-ramse\/\" aria-label=\"El Cirujano Cardiovascular Carlos Infantes Alc\u00f3n, nuevo presidente de la RAMSE\"><\/a>\n\t<\/div>\n<\/div>\n<\/div>\n<\/li>\n\t\t\t\n\t\t\t\n\t\t\t\t\t\t\t\t\t\t\t\t\t\t\t\t\t\t\t\t\t\t\t\t\t\t\t\t\t\t\t\t\t\t\t\t\t\t\t\t\t\t\t\t\t\t\t\t\t\t\t\t\t\t\t\t\t\t\t\t\t\t\t\t\t\t\t\t<\/ul>\n\t<\/div>\n\t<div class=\"fusion-date-and-formats\"><div class=\"fusion-date-box updated\"><span class=\"fusion-date\">enero<\/span><span class=\"fusion-month-year\">3:25 pm<\/span><\/div><div class=\"fusion-format-box\"><i class=\"awb-icon-pen\" aria-hidden=\"true\"><\/i><\/div><\/div><div class=\"fusion-post-content post-content\"><h2 class=\"blog-shortcode-post-title entry-title\"><a href=\"https:\/\/ramse.es\/wordpress\/el-cirujano-cardiovascular-carlos-infantes-alcon-nuevo-presidente-de-la-ramse\/\">El Cirujano Cardiovascular Carlos Infantes Alc\u00f3n, nuevo presidente de la RAMSE<\/a><\/h2><p class=\"fusion-single-line-meta\">Por <span class=\"vcard\"><span class=\"fn\"><a href=\"https:\/\/ramse.es\/wordpress\/author\/prensa\/\" title=\"Entradas de Mar\u00eda\" rel=\"author\">Mar\u00eda<\/a><\/span><\/span><span class=\"fusion-inline-sep\">|<\/span><span class=\"updated\" style=\"display:none;\">2022-01-24T15:28:06+02:00<\/span><span>enero 24th, 2022<\/span><span class=\"fusion-inline-sep\">|<\/span>Categor\u00edas: <a href=\"https:\/\/ramse.es\/wordpress\/category\/actos-academicos\/\" rel=\"category tag\">Actos Acad\u00e9micos<\/a>, <a href=\"https:\/\/ramse.es\/wordpress\/category\/prensa\/\" rel=\"category tag\">Prensa<\/a><span class=\"fusion-inline-sep\">|<\/span><span class=\"meta-tags\">Etiquetas: <a href=\"https:\/\/ramse.es\/wordpress\/tag\/infantes\/\" rel=\"tag\">Infantes<\/a>, <a href=\"https:\/\/ramse.es\/wordpress\/tag\/nuevo-presidente-ramse\/\" rel=\"tag\">Nuevo presidente RAMSE<\/a><\/span><span class=\"fusion-inline-sep\">|<\/span><\/p><div class=\"fusion-post-content-container\"><p>El prestigioso cardi\u00f3logo sevillano Carlos Infantes Alc\u00f3n ha sido elegido nuevo presidente de la Real Academia de Medicina y Cirug\u00eda de Sevilla para el periodo 2022-2025. El nuevo presidente tom\u00f3 posesi\u00f3n, junto a la nueva Junta Directiva, durante un acto celebrado el pasado jueves, 20 de enero, en la sede de la docta casa, ubicada en la Calle Abades 10-12. El Doctor Infantes es el presidente n\u00famero 23, si contamos <a href=\"https:\/\/ramse.es\/wordpress\/el-cirujano-cardiovascular-carlos-infantes-alcon-nuevo-presidente-de-la-ramse\/\">[...]<\/a><\/p><\/div><\/div><div class=\"fusion-clearfix\"><\/div><div class=\"fusion-meta-info\"><div class=\"fusion-alignright\"><a class=\"fusion-read-more\" href=\"https:\/\/ramse.es\/wordpress\/el-cirujano-cardiovascular-carlos-infantes-alcon-nuevo-presidente-de-la-ramse\/\" aria-label=\"More on El Cirujano Cardiovascular Carlos Infantes Alc\u00f3n, nuevo presidente de la RAMSE\">Leer M\u00e1s<\/a><\/div><\/div><\/article>\n<article id=\"blog-1-post-3611\" class=\"fusion-post-large-alternate post-3611 post type-post status-publish format-standard has-post-thumbnail hentry category-academico-de-numero tag-academico-de-numero tag-dr-enrique-poblador tag-real-academia-de-medicina-y-cirugia-de-sevilla\">\n\t<style type=\"text\/css\">\n\t\t\n\t\t\n\t\t\n\t\t\n\t\t\t<\/style>\n\n\n\t\t\t<div class=\"fusion-flexslider flexslider fusion-flexslider-loading fusion-post-slideshow\" style=\"\">\n\t\t<ul class=\"slides\">\n\t\t\t\n\t\t\t\t\t\t\t\t\t\t\t\t\t\t<li><div  class=\"fusion-image-wrapper\" aria-haspopup=\"true\">\n\t\t\t\t<img decoding=\"async\" width=\"1143\" height=\"1080\" src=\"https:\/\/ramse.es\/wordpress\/wp-content\/uploads\/2021\/12\/Dr.-Poblador-RAMSE.jpg\" class=\"attachment-full size-full wp-post-image\" alt=\"\" srcset=\"https:\/\/ramse.es\/wordpress\/wp-content\/uploads\/2021\/12\/Dr.-Poblador-RAMSE-200x189.jpg 200w, https:\/\/ramse.es\/wordpress\/wp-content\/uploads\/2021\/12\/Dr.-Poblador-RAMSE-400x378.jpg 400w, https:\/\/ramse.es\/wordpress\/wp-content\/uploads\/2021\/12\/Dr.-Poblador-RAMSE-600x567.jpg 600w, https:\/\/ramse.es\/wordpress\/wp-content\/uploads\/2021\/12\/Dr.-Poblador-RAMSE-800x756.jpg 800w, https:\/\/ramse.es\/wordpress\/wp-content\/uploads\/2021\/12\/Dr.-Poblador-RAMSE.jpg 1143w\" sizes=\"(max-width: 1000px) 100vw, 800px\" \/><div class=\"fusion-rollover\">\n\t<div class=\"fusion-rollover-content\">\n\n\t\t\t\t\t\t\t\t\t\t\t\t\t\t<a class=\"fusion-rollover-link\" href=\"https:\/\/ramse.es\/wordpress\/el-ginecologo-sevillano-enrique-poblador-toma-posesion-como-academico-de-numero-de-la-ramse\/\">El ginec\u00f3logo Enrique Poblador toma posesi\u00f3n como Acad\u00e9mico de N\u00famero de la RAMSE<\/a>\n\t\t\t\n\t\t\t\t\t\t\t\t\t\t\t\t\t\t\n\t\t\t\t\t\t\t\t\n\t\t\t\t\t\t\t\t\t\t\t\t\t<div class=\"fusion-rollover-sep\"><\/div>\n\t\t\t\t\n\t\t\t\t\t\t\t\t\t\t\t\t\t\t\t\t\t\t<a class=\"fusion-rollover-gallery\" href=\"https:\/\/ramse.es\/wordpress\/wp-content\/uploads\/2021\/12\/Dr.-Poblador-RAMSE.jpg\" data-id=\"3611\" data-rel=\"iLightbox[gallery]\" data-title=\"Dr. Poblador RAMSE\" data-caption=\"\">\n\t\t\t\t\t\tGaler\u00eda\t\t\t\t\t<\/a>\n\t\t\t\t\t\t\t\t\t\t\t\t\t\t\n\t\t\n\t\t\t\t\t\t\t\t\n\t\t\t\t\t\t\t\t\n\t\t\n\t\t\t\t\t\t<a class=\"fusion-link-wrapper\" href=\"https:\/\/ramse.es\/wordpress\/el-ginecologo-sevillano-enrique-poblador-toma-posesion-como-academico-de-numero-de-la-ramse\/\" aria-label=\"El ginec\u00f3logo Enrique Poblador toma posesi\u00f3n como Acad\u00e9mico de N\u00famero de la RAMSE\"><\/a>\n\t<\/div>\n<\/div>\n<\/div>\n<\/li>\n\t\t\t\n\t\t\t\n\t\t\t\t\t\t\t\t\t\t\t\t\t\t\t\t\t\t\t\t\t\t\t\t\t\t\t\t\t\t\t\t\t\t\t\t\t\t\t\t\t\t\t\t\t\t\t\t\t\t\t\t\t\t\t\t\t\t\t\t\t\t\t\t\t\t\t\t<\/ul>\n\t<\/div>\n\t<div class=\"fusion-date-and-formats\"><div class=\"fusion-date-box updated\"><span class=\"fusion-date\">diciembre<\/span><span class=\"fusion-month-year\">9:42 pm<\/span><\/div><div class=\"fusion-format-box\"><i class=\"awb-icon-pen\" aria-hidden=\"true\"><\/i><\/div><\/div><div class=\"fusion-post-content post-content\"><h2 class=\"blog-shortcode-post-title entry-title\"><a href=\"https:\/\/ramse.es\/wordpress\/el-ginecologo-sevillano-enrique-poblador-toma-posesion-como-academico-de-numero-de-la-ramse\/\">El ginec\u00f3logo Enrique Poblador toma posesi\u00f3n como Acad\u00e9mico de N\u00famero de la RAMSE<\/a><\/h2><p class=\"fusion-single-line-meta\">Por <span class=\"vcard\"><span class=\"fn\"><a href=\"https:\/\/ramse.es\/wordpress\/author\/prensa\/\" title=\"Entradas de Mar\u00eda\" rel=\"author\">Mar\u00eda<\/a><\/span><\/span><span class=\"fusion-inline-sep\">|<\/span><span class=\"updated\" style=\"display:none;\">2021-12-13T21:47:56+02:00<\/span><span>diciembre 13th, 2021<\/span><span class=\"fusion-inline-sep\">|<\/span>Categor\u00edas: <a href=\"https:\/\/ramse.es\/wordpress\/category\/academico-de-numero\/\" rel=\"category tag\">Acad\u00e9mico de N\u00famero<\/a><span class=\"fusion-inline-sep\">|<\/span><span class=\"meta-tags\">Etiquetas: <a href=\"https:\/\/ramse.es\/wordpress\/tag\/academico-de-numero\/\" rel=\"tag\">Acad\u00e9mico de N\u00famero<\/a>, <a href=\"https:\/\/ramse.es\/wordpress\/tag\/dr-enrique-poblador\/\" rel=\"tag\">Dr. Enrique Poblador<\/a>, <a href=\"https:\/\/ramse.es\/wordpress\/tag\/real-academia-de-medicina-y-cirugia-de-sevilla\/\" rel=\"tag\">Real Academia de Medicina y Cirug\u00eda de Sevilla<\/a><\/span><span class=\"fusion-inline-sep\">|<\/span><\/p><div class=\"fusion-post-content-container\"><p>El ginec\u00f3logo sevillano, Dr. Enrique Poblador Torres, ha tomado posesi\u00f3n de su plaza de Ginecolog\u00eda (Secci\u00f3n III) como Acad\u00e9mico de N\u00famero Electo en la sesi\u00f3n p\u00fablica y extraordinaria celebrada en el Sal\u00f3n Ram\u00f3n y Cajal de la Real Academia de Medicina y Cirug\u00eda de Sevilla (RAMSE). \u201cEl nasciturus\" es el t\u00edtulo de su discurso de ingreso en la RAMSE, que ha sido contestado por el Ilmo. Sr. Dr. Rogelio Garrido <a href=\"https:\/\/ramse.es\/wordpress\/el-ginecologo-sevillano-enrique-poblador-toma-posesion-como-academico-de-numero-de-la-ramse\/\">[...]<\/a><\/p><\/div><\/div><div class=\"fusion-clearfix\"><\/div><div class=\"fusion-meta-info\"><div class=\"fusion-alignright\"><a class=\"fusion-read-more\" href=\"https:\/\/ramse.es\/wordpress\/el-ginecologo-sevillano-enrique-poblador-toma-posesion-como-academico-de-numero-de-la-ramse\/\" aria-label=\"More on El ginec\u00f3logo Enrique Poblador toma posesi\u00f3n como Acad\u00e9mico de N\u00famero de la RAMSE\">Leer M\u00e1s<\/a><\/div><\/div><\/article>\n<article id=\"blog-1-post-3598\" class=\"fusion-post-large-alternate post-3598 post type-post status-publish format-standard has-post-thumbnail hentry category-academico-de-numero tag-academico-de-numero tag-dr-jose-antonio-milan tag-nefrologia\">\n\t<style type=\"text\/css\">\n\t\t\n\t\t\n\t\t\n\t\t\n\t\t\t<\/style>\n\n\n\t\t\t<div class=\"fusion-flexslider flexslider fusion-flexslider-loading fusion-post-slideshow\" style=\"\">\n\t\t<ul class=\"slides\">\n\t\t\t\n\t\t\t\t\t\t\t\t\t\t\t\t\t\t<li><div  class=\"fusion-image-wrapper\" aria-haspopup=\"true\">\n\t\t\t\t<img decoding=\"async\" width=\"871\" height=\"963\" src=\"https:\/\/ramse.es\/wordpress\/wp-content\/uploads\/2021\/12\/Dr.-Milan-Martin-RAMSE.jpg\" class=\"attachment-full size-full wp-post-image\" alt=\"\" srcset=\"https:\/\/ramse.es\/wordpress\/wp-content\/uploads\/2021\/12\/Dr.-Milan-Martin-RAMSE-200x221.jpg 200w, https:\/\/ramse.es\/wordpress\/wp-content\/uploads\/2021\/12\/Dr.-Milan-Martin-RAMSE-400x442.jpg 400w, https:\/\/ramse.es\/wordpress\/wp-content\/uploads\/2021\/12\/Dr.-Milan-Martin-RAMSE-600x663.jpg 600w, https:\/\/ramse.es\/wordpress\/wp-content\/uploads\/2021\/12\/Dr.-Milan-Martin-RAMSE-800x885.jpg 800w, https:\/\/ramse.es\/wordpress\/wp-content\/uploads\/2021\/12\/Dr.-Milan-Martin-RAMSE.jpg 871w\" sizes=\"(max-width: 1000px) 100vw, 800px\" \/><div class=\"fusion-rollover\">\n\t<div class=\"fusion-rollover-content\">\n\n\t\t\t\t\t\t\t\t\t\t\t\t\t\t<a class=\"fusion-rollover-link\" href=\"https:\/\/ramse.es\/wordpress\/el-nefrologo-el-dr-jose-antonio-milan-marin-ingresa-como-nuevo-academico-de-numero\/\">El Dr. Jos\u00e9 Antonio Mil\u00e1n Mart\u00edn, ingresa como nuevo Acad\u00e9mico de N\u00famero en la RAMSE<\/a>\n\t\t\t\n\t\t\t\t\t\t\t\t\t\t\t\t\t\t\n\t\t\t\t\t\t\t\t\n\t\t\t\t\t\t\t\t\t\t\t\t\t<div class=\"fusion-rollover-sep\"><\/div>\n\t\t\t\t\n\t\t\t\t\t\t\t\t\t\t\t\t\t\t\t\t\t\t<a class=\"fusion-rollover-gallery\" href=\"https:\/\/ramse.es\/wordpress\/wp-content\/uploads\/2021\/12\/Dr.-Milan-Martin-RAMSE.jpg\" data-id=\"3598\" data-rel=\"iLightbox[gallery]\" data-title=\"Dr. Milan Martin RAMSE\" data-caption=\"\">\n\t\t\t\t\t\tGaler\u00eda\t\t\t\t\t<\/a>\n\t\t\t\t\t\t\t\t\t\t\t\t\t\t\n\t\t\n\t\t\t\t\t\t\t\t\n\t\t\t\t\t\t\t\t\n\t\t\n\t\t\t\t\t\t<a class=\"fusion-link-wrapper\" href=\"https:\/\/ramse.es\/wordpress\/el-nefrologo-el-dr-jose-antonio-milan-marin-ingresa-como-nuevo-academico-de-numero\/\" aria-label=\"El Dr. Jos\u00e9 Antonio Mil\u00e1n Mart\u00edn, ingresa como nuevo Acad\u00e9mico de N\u00famero en la RAMSE\"><\/a>\n\t<\/div>\n<\/div>\n<\/div>\n<\/li>\n\t\t\t\n\t\t\t\n\t\t\t\t\t\t\t\t\t\t\t\t\t\t\t\t\t\t\t\t\t\t\t\t\t\t\t\t\t\t\t\t\t\t\t\t\t\t\t\t\t\t\t\t\t\t\t\t\t\t\t\t\t\t\t\t\t\t\t\t\t\t\t\t\t\t\t\t<\/ul>\n\t<\/div>\n\t<div class=\"fusion-date-and-formats\"><div class=\"fusion-date-box updated\"><span class=\"fusion-date\">noviembre<\/span><span class=\"fusion-month-year\">1:40 pm<\/span><\/div><div class=\"fusion-format-box\"><i class=\"awb-icon-pen\" aria-hidden=\"true\"><\/i><\/div><\/div><div class=\"fusion-post-content post-content\"><h2 class=\"blog-shortcode-post-title entry-title\"><a href=\"https:\/\/ramse.es\/wordpress\/el-nefrologo-el-dr-jose-antonio-milan-marin-ingresa-como-nuevo-academico-de-numero\/\">El Dr. Jos\u00e9 Antonio Mil\u00e1n Mart\u00edn, ingresa como nuevo Acad\u00e9mico de N\u00famero en la RAMSE<\/a><\/h2><p class=\"fusion-single-line-meta\">Por <span class=\"vcard\"><span class=\"fn\"><a href=\"https:\/\/ramse.es\/wordpress\/author\/prensa\/\" title=\"Entradas de Mar\u00eda\" rel=\"author\">Mar\u00eda<\/a><\/span><\/span><span class=\"fusion-inline-sep\">|<\/span><span class=\"updated\" style=\"display:none;\">2022-01-20T13:56:04+02:00<\/span><span>noviembre 29th, 2021<\/span><span class=\"fusion-inline-sep\">|<\/span>Categor\u00edas: <a href=\"https:\/\/ramse.es\/wordpress\/category\/academico-de-numero\/\" rel=\"category tag\">Acad\u00e9mico de N\u00famero<\/a><span class=\"fusion-inline-sep\">|<\/span><span class=\"meta-tags\">Etiquetas: <a href=\"https:\/\/ramse.es\/wordpress\/tag\/academico-de-numero\/\" rel=\"tag\">Acad\u00e9mico de N\u00famero<\/a>, <a href=\"https:\/\/ramse.es\/wordpress\/tag\/dr-jose-antonio-milan\/\" rel=\"tag\">Dr. Jos\u00e9 Antonio Mil\u00e1n<\/a>, <a href=\"https:\/\/ramse.es\/wordpress\/tag\/nefrologia\/\" rel=\"tag\">Nefrolog\u00eda<\/a><\/span><span class=\"fusion-inline-sep\">|<\/span><\/p><div class=\"fusion-post-content-container\"><p>El nefr\u00f3logo, el Dr. Jos\u00e9 Antonio Mil\u00e1n Mart\u00edn, ha tomado hoy posesi\u00f3n de su plaza de Nefrolog\u00eda (Secci\u00f3n II) como Acad\u00e9mico de N\u00famero Electo en la sesi\u00f3n p\u00fablica y extraordinaria que se ha celebrado el 21 de noviembre, a las 12:00 h., en el Sal\u00f3n Ram\u00f3n y Cajal de la Real Academia de Medicina y Cirug\u00eda de Sevilla (RAMSE). \u201cEl ri\u00f1\u00f3n como principal regulador de la homeostasis del medio interno\" <a href=\"https:\/\/ramse.es\/wordpress\/el-nefrologo-el-dr-jose-antonio-milan-marin-ingresa-como-nuevo-academico-de-numero\/\">[...]<\/a><\/p><\/div><\/div><div class=\"fusion-clearfix\"><\/div><div class=\"fusion-meta-info\"><div class=\"fusion-alignright\"><a class=\"fusion-read-more\" href=\"https:\/\/ramse.es\/wordpress\/el-nefrologo-el-dr-jose-antonio-milan-marin-ingresa-como-nuevo-academico-de-numero\/\" aria-label=\"More on El Dr. Jos\u00e9 Antonio Mil\u00e1n Mart\u00edn, ingresa como nuevo Acad\u00e9mico de N\u00famero en la RAMSE\">Leer M\u00e1s<\/a><\/div><\/div><\/article>\n<article id=\"blog-1-post-3618\" class=\"fusion-post-large-alternate post-3618 post type-post status-publish format-standard has-post-thumbnail hentry category-actos-academicos category-conferencia\">\n\t<style type=\"text\/css\">\n\t\t\n\t\t\n\t\t\n\t\t\n\t\t\t<\/style>\n\n\n\t\t\t<div class=\"fusion-flexslider flexslider fusion-flexslider-loading fusion-post-slideshow\" style=\"\">\n\t\t<ul class=\"slides\">\n\t\t\t\n\t\t\t\t\t\t\t\t\t\t\t\t\t\t<li><div  class=\"fusion-image-wrapper\" aria-haspopup=\"true\">\n\t\t\t\t<img decoding=\"async\" width=\"638\" height=\"756\" src=\"https:\/\/ramse.es\/wordpress\/wp-content\/uploads\/2021\/12\/Teniente-General-Jefe-de-la-Fuerza-Terrestre.jpg\" class=\"attachment-full size-full wp-post-image\" alt=\"\" srcset=\"https:\/\/ramse.es\/wordpress\/wp-content\/uploads\/2021\/12\/Teniente-General-Jefe-de-la-Fuerza-Terrestre-200x237.jpg 200w, https:\/\/ramse.es\/wordpress\/wp-content\/uploads\/2021\/12\/Teniente-General-Jefe-de-la-Fuerza-Terrestre-400x474.jpg 400w, https:\/\/ramse.es\/wordpress\/wp-content\/uploads\/2021\/12\/Teniente-General-Jefe-de-la-Fuerza-Terrestre-600x711.jpg 600w, https:\/\/ramse.es\/wordpress\/wp-content\/uploads\/2021\/12\/Teniente-General-Jefe-de-la-Fuerza-Terrestre.jpg 638w\" sizes=\"(max-width: 1000px) 100vw, 638px\" \/><div class=\"fusion-rollover\">\n\t<div class=\"fusion-rollover-content\">\n\n\t\t\t\t\t\t\t\t\t\t\t\t\t\t<a class=\"fusion-rollover-link\" href=\"https:\/\/ramse.es\/wordpress\/conferencia-del-futer-en-la-real-academia-de-medicina-y-cirugia-de-sevilla\/\">Conferencia del Futer en la Real Academia de Medicina y Cirug\u00eda de Sevilla<\/a>\n\t\t\t\n\t\t\t\t\t\t\t\t\t\t\t\t\t\t\n\t\t\t\t\t\t\t\t\n\t\t\t\t\t\t\t\t\t\t\t\t\t<div class=\"fusion-rollover-sep\"><\/div>\n\t\t\t\t\n\t\t\t\t\t\t\t\t\t\t\t\t\t\t\t\t\t\t<a class=\"fusion-rollover-gallery\" href=\"https:\/\/ramse.es\/wordpress\/wp-content\/uploads\/2021\/12\/Teniente-General-Jefe-de-la-Fuerza-Terrestre.jpg\" data-id=\"3618\" data-rel=\"iLightbox[gallery]\" data-title=\"Teniente General Jefe de la Fuerza Terrestre\" data-caption=\"\">\n\t\t\t\t\t\tGaler\u00eda\t\t\t\t\t<\/a>\n\t\t\t\t\t\t\t\t\t\t\t\t\t\t\n\t\t\n\t\t\t\t\t\t\t\t\n\t\t\t\t\t\t\t\t\n\t\t\n\t\t\t\t\t\t<a class=\"fusion-link-wrapper\" href=\"https:\/\/ramse.es\/wordpress\/conferencia-del-futer-en-la-real-academia-de-medicina-y-cirugia-de-sevilla\/\" aria-label=\"Conferencia del Futer en la Real Academia de Medicina y Cirug\u00eda de Sevilla\"><\/a>\n\t<\/div>\n<\/div>\n<\/div>\n<\/li>\n\t\t\t\n\t\t\t\n\t\t\t\t\t\t\t\t\t\t\t\t\t\t\t\t\t\t\t\t\t\t\t\t\t\t\t\t\t\t\t\t\t\t\t\t\t\t\t\t\t\t\t\t\t\t\t\t\t\t\t\t\t\t\t\t\t\t\t\t\t\t\t\t\t\t\t\t<\/ul>\n\t<\/div>\n\t<div class=\"fusion-date-and-formats\"><div class=\"fusion-date-box updated\"><span class=\"fusion-date\">noviembre<\/span><span class=\"fusion-month-year\">12:48 pm<\/span><\/div><div class=\"fusion-format-box\"><i class=\"awb-icon-pen\" aria-hidden=\"true\"><\/i><\/div><\/div><div class=\"fusion-post-content post-content\"><h2 class=\"blog-shortcode-post-title entry-title\"><a href=\"https:\/\/ramse.es\/wordpress\/conferencia-del-futer-en-la-real-academia-de-medicina-y-cirugia-de-sevilla\/\">Conferencia del Futer en la Real Academia de Medicina y Cirug\u00eda de Sevilla<\/a><\/h2><p class=\"fusion-single-line-meta\">Por <span class=\"vcard\"><span class=\"fn\"><a href=\"https:\/\/ramse.es\/wordpress\/author\/prensa\/\" title=\"Entradas de Mar\u00eda\" rel=\"author\">Mar\u00eda<\/a><\/span><\/span><span class=\"fusion-inline-sep\">|<\/span><span class=\"updated\" style=\"display:none;\">2021-12-13T21:56:57+02:00<\/span><span>noviembre 25th, 2021<\/span><span class=\"fusion-inline-sep\">|<\/span>Categor\u00edas: <a href=\"https:\/\/ramse.es\/wordpress\/category\/actos-academicos\/\" rel=\"category tag\">Actos Acad\u00e9micos<\/a>, <a href=\"https:\/\/ramse.es\/wordpress\/category\/conferencia\/\" rel=\"category tag\">Conferencia<\/a><span class=\"fusion-inline-sep\">|<\/span><\/p><div class=\"fusion-post-content-container\"><p>El Excmo. Sr. Teniente General\u00a0Jefe de la Fuerza Terrestre D. Jos\u00e9 Rodr\u00edguez Garc\u00eda, ha impartido la conferencia \"Fuerza Terrestre y Real Academia de Medicina y Cirug\u00eda de Sevilla\", en la sede de la Real Academia de Medicina y Cirug\u00eda de Sevilla. Durante su discurso ha hecho un recorrido por la relaci\u00f3n de hermanamiento entre las dos Instituciones.\u00a0 Adem\u00e1s, el Futer ha definido las funciones y actividades realizadas por el Ej\u00e9rcito <a href=\"https:\/\/ramse.es\/wordpress\/conferencia-del-futer-en-la-real-academia-de-medicina-y-cirugia-de-sevilla\/\">[...]<\/a><\/p><\/div><\/div><div class=\"fusion-clearfix\"><\/div><div class=\"fusion-meta-info\"><div class=\"fusion-alignright\"><a class=\"fusion-read-more\" href=\"https:\/\/ramse.es\/wordpress\/conferencia-del-futer-en-la-real-academia-de-medicina-y-cirugia-de-sevilla\/\" aria-label=\"More on Conferencia del Futer en la Real Academia de Medicina y Cirug\u00eda de Sevilla\">Leer M\u00e1s<\/a><\/div><\/div><\/article>\n<article id=\"blog-1-post-3505\" class=\"fusion-post-large-alternate post-3505 post type-post status-publish format-standard has-post-thumbnail hentry category-academico-de-numero category-actos-academicos tag-dr-guillermo-izquierdo-ayuso tag-neurologia tag-recepcion-ramse\">\n\t<style type=\"text\/css\">\n\t\t\n\t\t\n\t\t\n\t\t\n\t\t\t<\/style>\n\n\n\t\t\t<div class=\"fusion-flexslider flexslider fusion-flexslider-loading fusion-post-slideshow\" style=\"\">\n\t\t<ul class=\"slides\">\n\t\t\t\n\t\t\t\t\t\t\t\t\t\t\t\t\t\t<li><div  class=\"fusion-image-wrapper\" aria-haspopup=\"true\">\n\t\t\t\t<img decoding=\"async\" width=\"2282\" height=\"2094\" src=\"https:\/\/ramse.es\/wordpress\/wp-content\/uploads\/2021\/10\/Recepcion-Academico-de-Numero.-RAMSE.jpg\" class=\"attachment-full size-full wp-post-image\" alt=\"\" srcset=\"https:\/\/ramse.es\/wordpress\/wp-content\/uploads\/2021\/10\/Recepcion-Academico-de-Numero.-RAMSE-200x184.jpg 200w, https:\/\/ramse.es\/wordpress\/wp-content\/uploads\/2021\/10\/Recepcion-Academico-de-Numero.-RAMSE-400x367.jpg 400w, https:\/\/ramse.es\/wordpress\/wp-content\/uploads\/2021\/10\/Recepcion-Academico-de-Numero.-RAMSE-600x551.jpg 600w, https:\/\/ramse.es\/wordpress\/wp-content\/uploads\/2021\/10\/Recepcion-Academico-de-Numero.-RAMSE-800x734.jpg 800w, https:\/\/ramse.es\/wordpress\/wp-content\/uploads\/2021\/10\/Recepcion-Academico-de-Numero.-RAMSE-1200x1101.jpg 1200w, https:\/\/ramse.es\/wordpress\/wp-content\/uploads\/2021\/10\/Recepcion-Academico-de-Numero.-RAMSE.jpg 2282w\" sizes=\"(max-width: 1000px) 100vw, 800px\" \/><div class=\"fusion-rollover\">\n\t<div class=\"fusion-rollover-content\">\n\n\t\t\t\t\t\t\t\t\t\t\t\t\t\t<a class=\"fusion-rollover-link\" href=\"https:\/\/ramse.es\/wordpress\/el-neurologo-guillermo-izquierdo-ayuso-nuevo-academico-de-numero-de-la-ramse\/\">El Neur\u00f3logo Guillermo Izquierdo, nuevo Acad\u00e9mico de N\u00famero de la RAMSE<\/a>\n\t\t\t\n\t\t\t\t\t\t\t\t\t\t\t\t\t\t\n\t\t\t\t\t\t\t\t\n\t\t\t\t\t\t\t\t\t\t\t\t\t<div class=\"fusion-rollover-sep\"><\/div>\n\t\t\t\t\n\t\t\t\t\t\t\t\t\t\t\t\t\t\t\t\t\t\t<a class=\"fusion-rollover-gallery\" href=\"https:\/\/ramse.es\/wordpress\/wp-content\/uploads\/2021\/10\/Recepcion-Academico-de-Numero.-RAMSE.jpg\" data-id=\"3505\" data-rel=\"iLightbox[gallery]\" data-title=\"Recepcion Academico de Numero. RAMSE\" data-caption=\"\">\n\t\t\t\t\t\tGaler\u00eda\t\t\t\t\t<\/a>\n\t\t\t\t\t\t\t\t\t\t\t\t\t\t\n\t\t\n\t\t\t\t\t\t\t\t\n\t\t\t\t\t\t\t\t\n\t\t\n\t\t\t\t\t\t<a class=\"fusion-link-wrapper\" href=\"https:\/\/ramse.es\/wordpress\/el-neurologo-guillermo-izquierdo-ayuso-nuevo-academico-de-numero-de-la-ramse\/\" aria-label=\"El Neur\u00f3logo Guillermo Izquierdo, nuevo Acad\u00e9mico de N\u00famero de la RAMSE\"><\/a>\n\t<\/div>\n<\/div>\n<\/div>\n<\/li>\n\t\t\t\n\t\t\t\n\t\t\t\t\t\t\t\t\t\t\t\t\t\t\t\t\t\t\t\t\t\t\t\t\t\t\t\t\t\t\t\t\t\t\t\t\t\t\t\t\t\t\t\t\t\t\t\t\t\t\t\t\t\t\t\t\t\t\t\t\t\t\t\t\t\t\t\t<\/ul>\n\t<\/div>\n\t<div class=\"fusion-date-and-formats\"><div class=\"fusion-date-box updated\"><span class=\"fusion-date\">octubre<\/span><span class=\"fusion-month-year\">1:59 pm<\/span><\/div><div class=\"fusion-format-box\"><i class=\"awb-icon-pen\" aria-hidden=\"true\"><\/i><\/div><\/div><div class=\"fusion-post-content post-content\"><h2 class=\"blog-shortcode-post-title entry-title\"><a href=\"https:\/\/ramse.es\/wordpress\/el-neurologo-guillermo-izquierdo-ayuso-nuevo-academico-de-numero-de-la-ramse\/\">El Neur\u00f3logo Guillermo Izquierdo, nuevo Acad\u00e9mico de N\u00famero de la RAMSE<\/a><\/h2><p class=\"fusion-single-line-meta\">Por <span class=\"vcard\"><span class=\"fn\"><a href=\"https:\/\/ramse.es\/wordpress\/author\/prensa\/\" title=\"Entradas de Mar\u00eda\" rel=\"author\">Mar\u00eda<\/a><\/span><\/span><span class=\"fusion-inline-sep\">|<\/span><span class=\"updated\" style=\"display:none;\">2021-10-31T14:18:12+02:00<\/span><span>octubre 31st, 2021<\/span><span class=\"fusion-inline-sep\">|<\/span>Categor\u00edas: <a href=\"https:\/\/ramse.es\/wordpress\/category\/academico-de-numero\/\" rel=\"category tag\">Acad\u00e9mico de N\u00famero<\/a>, <a href=\"https:\/\/ramse.es\/wordpress\/category\/actos-academicos\/\" rel=\"category tag\">Actos Acad\u00e9micos<\/a><span class=\"fusion-inline-sep\">|<\/span><span class=\"meta-tags\">Etiquetas: <a href=\"https:\/\/ramse.es\/wordpress\/tag\/dr-guillermo-izquierdo-ayuso\/\" rel=\"tag\">Dr. Guillermo Izquierdo Ayuso<\/a>, <a href=\"https:\/\/ramse.es\/wordpress\/tag\/neurologia\/\" rel=\"tag\">Neurolog\u00eda<\/a>, <a href=\"https:\/\/ramse.es\/wordpress\/tag\/recepcion-ramse\/\" rel=\"tag\">Recepci\u00f3n RAMSE<\/a><\/span><span class=\"fusion-inline-sep\">|<\/span><\/p><div class=\"fusion-post-content-container\"><p>El neur\u00f3logo sevillano, el Dr. Guillermo Izquierdo Ayuso, ha tomado posesi\u00f3n de su plaza de Neurolog\u00eda (Secci\u00f3n II) como Acad\u00e9mico de N\u00famero Electo en la sesi\u00f3n p\u00fablica y extraordinaria que se ha celebrado el domingo 31 de octubre, a las 12:00 h., en el Sal\u00f3n Ram\u00f3n y Cajal de la Real Academia de Medicina y Cirug\u00eda de Sevilla (RAMSE). \u201cLa Esclerosis M\u00faltiple en Espa\u00f1a como est\u00edmulo individual y colectivo\"\u00a0 ha <a href=\"https:\/\/ramse.es\/wordpress\/el-neurologo-guillermo-izquierdo-ayuso-nuevo-academico-de-numero-de-la-ramse\/\">[...]<\/a><\/p><\/div><\/div><div class=\"fusion-clearfix\"><\/div><div class=\"fusion-meta-info\"><div class=\"fusion-alignright\"><a class=\"fusion-read-more\" href=\"https:\/\/ramse.es\/wordpress\/el-neurologo-guillermo-izquierdo-ayuso-nuevo-academico-de-numero-de-la-ramse\/\" aria-label=\"More on El Neur\u00f3logo Guillermo Izquierdo, nuevo Acad\u00e9mico de N\u00famero de la RAMSE\">Leer M\u00e1s<\/a><\/div><\/div><\/article>\n<article id=\"blog-1-post-3532\" class=\"fusion-post-large-alternate post-3532 post type-post status-publish format-standard has-post-thumbnail hentry category-actos-academicos tag-covid-19 tag-infancia-y-adolescencia tag-vacuna-covid-19\">\n\t<style type=\"text\/css\">\n\t\t\n\t\t\n\t\t\n\t\t\n\t\t\t<\/style>\n\n\n\t\t\t<div class=\"fusion-flexslider flexslider fusion-flexslider-loading fusion-post-slideshow\" style=\"\">\n\t\t<ul class=\"slides\">\n\t\t\t\n\t\t\t\t\t\t\t\t\t\t\t\t\t\t<li><div  class=\"fusion-image-wrapper\" aria-haspopup=\"true\">\n\t\t\t\t<img decoding=\"async\" width=\"2560\" height=\"1707\" src=\"https:\/\/ramse.es\/wordpress\/wp-content\/uploads\/2021\/11\/IMG_1290-scaled.jpg\" class=\"attachment-full size-full wp-post-image\" alt=\"\" srcset=\"https:\/\/ramse.es\/wordpress\/wp-content\/uploads\/2021\/11\/IMG_1290-200x133.jpg 200w, https:\/\/ramse.es\/wordpress\/wp-content\/uploads\/2021\/11\/IMG_1290-400x267.jpg 400w, https:\/\/ramse.es\/wordpress\/wp-content\/uploads\/2021\/11\/IMG_1290-600x400.jpg 600w, https:\/\/ramse.es\/wordpress\/wp-content\/uploads\/2021\/11\/IMG_1290-800x533.jpg 800w, https:\/\/ramse.es\/wordpress\/wp-content\/uploads\/2021\/11\/IMG_1290-1200x800.jpg 1200w, https:\/\/ramse.es\/wordpress\/wp-content\/uploads\/2021\/11\/IMG_1290-scaled.jpg 2560w\" sizes=\"(max-width: 1000px) 100vw, 800px\" \/><div class=\"fusion-rollover\">\n\t<div class=\"fusion-rollover-content\">\n\n\t\t\t\t\t\t\t\t\t\t\t\t\t\t<a class=\"fusion-rollover-link\" href=\"https:\/\/ramse.es\/wordpress\/analisis-del-impacto-de-la-pandemia-covid-19-en-la-infancia-y-adolescencia\/\">An\u00e1lisis del impacto de la pandemia Covid-19 en la infancia y adolescencia<\/a>\n\t\t\t\n\t\t\t\t\t\t\t\t\t\t\t\t\t\t\n\t\t\t\t\t\t\t\t\n\t\t\t\t\t\t\t\t\t\t\t\t\t<div class=\"fusion-rollover-sep\"><\/div>\n\t\t\t\t\n\t\t\t\t\t\t\t\t\t\t\t\t\t\t\t\t\t\t<a class=\"fusion-rollover-gallery\" href=\"https:\/\/ramse.es\/wordpress\/wp-content\/uploads\/2021\/11\/IMG_1290-scaled.jpg\" data-id=\"3532\" data-rel=\"iLightbox[gallery]\" data-title=\"Mesa Redonda Impacto Covid-19\" data-caption=\"\">\n\t\t\t\t\t\tGaler\u00eda\t\t\t\t\t<\/a>\n\t\t\t\t\t\t\t\t\t\t\t\t\t\t\n\t\t\n\t\t\t\t\t\t\t\t\n\t\t\t\t\t\t\t\t\n\t\t\n\t\t\t\t\t\t<a class=\"fusion-link-wrapper\" href=\"https:\/\/ramse.es\/wordpress\/analisis-del-impacto-de-la-pandemia-covid-19-en-la-infancia-y-adolescencia\/\" aria-label=\"An\u00e1lisis del impacto de la pandemia Covid-19 en la infancia y adolescencia\"><\/a>\n\t<\/div>\n<\/div>\n<\/div>\n<\/li>\n\t\t\t\n\t\t\t\n\t\t\t\t\t\t\t\t\t\t\t\t\t\t\t\t\t\t\t\t\t\t\t\t\t\t\t\t\t\t\t\t\t\t\t\t\t\t\t\t\t\t\t\t\t\t\t\t\t\t\t\t\t\t\t\t\t\t\t\t\t\t\t\t\t\t\t\t<\/ul>\n\t<\/div>\n\t<div class=\"fusion-date-and-formats\"><div class=\"fusion-date-box updated\"><span class=\"fusion-date\">octubre<\/span><span class=\"fusion-month-year\">7:47 pm<\/span><\/div><div class=\"fusion-format-box\"><i class=\"awb-icon-pen\" aria-hidden=\"true\"><\/i><\/div><\/div><div class=\"fusion-post-content post-content\"><h2 class=\"blog-shortcode-post-title entry-title\"><a href=\"https:\/\/ramse.es\/wordpress\/analisis-del-impacto-de-la-pandemia-covid-19-en-la-infancia-y-adolescencia\/\">An\u00e1lisis del impacto de la pandemia Covid-19 en la infancia y adolescencia<\/a><\/h2><p class=\"fusion-single-line-meta\">Por <span class=\"vcard\"><span class=\"fn\"><a href=\"https:\/\/ramse.es\/wordpress\/author\/prensa\/\" title=\"Entradas de Mar\u00eda\" rel=\"author\">Mar\u00eda<\/a><\/span><\/span><span class=\"fusion-inline-sep\">|<\/span><span class=\"updated\" style=\"display:none;\">2021-11-12T19:57:18+02:00<\/span><span>octubre 30th, 2021<\/span><span class=\"fusion-inline-sep\">|<\/span>Categor\u00edas: <a href=\"https:\/\/ramse.es\/wordpress\/category\/actos-academicos\/\" rel=\"category tag\">Actos Acad\u00e9micos<\/a><span class=\"fusion-inline-sep\">|<\/span><span class=\"meta-tags\">Etiquetas: <a href=\"https:\/\/ramse.es\/wordpress\/tag\/covid-19\/\" rel=\"tag\">Covid-19<\/a>, <a href=\"https:\/\/ramse.es\/wordpress\/tag\/infancia-y-adolescencia\/\" rel=\"tag\">Infancia y adolescencia<\/a>, <a href=\"https:\/\/ramse.es\/wordpress\/tag\/vacuna-covid-19\/\" rel=\"tag\">Vacuna Covid-19<\/a><\/span><span class=\"fusion-inline-sep\">|<\/span><\/p><div class=\"fusion-post-content-container\"><p>La mesa redonda titulada \u201cImpacto de la pandemia Covid-19 en la infancia y adolescencia\u201d, organizada por el Prof. Dr. Mart\u00edn Navarro Merino, Profesor Titular de Pediatr\u00eda de la Universidad de Sevilla y Acad\u00e9mico Correspondiente de la Real Academia de Medicina y Cirug\u00eda de Sevilla, ha abordado los temas m\u00e1s relevantes sobre esta materia. La cita tuvo lugar en la sede de la RAMSE el pasado 28 de octubre. \u201cEl que <a href=\"https:\/\/ramse.es\/wordpress\/analisis-del-impacto-de-la-pandemia-covid-19-en-la-infancia-y-adolescencia\/\">[...]<\/a><\/p><\/div><\/div><div class=\"fusion-clearfix\"><\/div><div class=\"fusion-meta-info\"><div class=\"fusion-alignright\"><a class=\"fusion-read-more\" href=\"https:\/\/ramse.es\/wordpress\/analisis-del-impacto-de-la-pandemia-covid-19-en-la-infancia-y-adolescencia\/\" aria-label=\"More on An\u00e1lisis del impacto de la pandemia Covid-19 en la infancia y adolescencia\">Leer M\u00e1s<\/a><\/div><\/div><\/article>\n<article id=\"blog-1-post-3495\" class=\"fusion-post-large-alternate post-3495 post type-post status-publish format-standard has-post-thumbnail hentry category-actividades category-news tag-pediatria tag-sindrome-de-noonan\">\n\t<style type=\"text\/css\">\n\t\t\n\t\t\n\t\t\n\t\t\n\t\t\t<\/style>\n\n\n\t\t\t<div class=\"fusion-flexslider flexslider fusion-flexslider-loading fusion-post-slideshow\" style=\"\">\n\t\t<ul class=\"slides\">\n\t\t\t\n\t\t\t\t\t\t\t\t\t\t\t\t\t\t<li><div  class=\"fusion-image-wrapper\" aria-haspopup=\"true\">\n\t\t\t\t<img decoding=\"async\" width=\"2362\" height=\"1772\" src=\"https:\/\/ramse.es\/wordpress\/wp-content\/uploads\/2021\/10\/21100571.jpg\" class=\"attachment-full size-full wp-post-image\" alt=\"\" srcset=\"https:\/\/ramse.es\/wordpress\/wp-content\/uploads\/2021\/10\/21100571-200x150.jpg 200w, https:\/\/ramse.es\/wordpress\/wp-content\/uploads\/2021\/10\/21100571-400x300.jpg 400w, https:\/\/ramse.es\/wordpress\/wp-content\/uploads\/2021\/10\/21100571-600x450.jpg 600w, https:\/\/ramse.es\/wordpress\/wp-content\/uploads\/2021\/10\/21100571-800x600.jpg 800w, https:\/\/ramse.es\/wordpress\/wp-content\/uploads\/2021\/10\/21100571-1200x900.jpg 1200w, https:\/\/ramse.es\/wordpress\/wp-content\/uploads\/2021\/10\/21100571.jpg 2362w\" sizes=\"(max-width: 1000px) 100vw, 800px\" \/><div class=\"fusion-rollover\">\n\t<div class=\"fusion-rollover-content\">\n\n\t\t\t\t\t\t\t\t\t\t\t\t\t\t<a class=\"fusion-rollover-link\" href=\"https:\/\/ramse.es\/wordpress\/jornada-cientifica-sindrome-de-noonan-avances-en-el-diagnostico-y-tratamiento\/\">Jornada Cient\u00edfica sobre el S\u00edndrome de Noonan<\/a>\n\t\t\t\n\t\t\t\t\t\t\t\t\t\t\t\t\t\t\n\t\t\t\t\t\t\t\t\n\t\t\t\t\t\t\t\t\t\t\t\t\t<div class=\"fusion-rollover-sep\"><\/div>\n\t\t\t\t\n\t\t\t\t\t\t\t\t\t\t\t\t\t\t\t\t\t\t<a class=\"fusion-rollover-gallery\" href=\"https:\/\/ramse.es\/wordpress\/wp-content\/uploads\/2021\/10\/21100571.jpg\" data-id=\"3495\" data-rel=\"iLightbox[gallery]\" data-title=\"Jornada S\u00edndrome de Noonan\" data-caption=\"\">\n\t\t\t\t\t\tGaler\u00eda\t\t\t\t\t<\/a>\n\t\t\t\t\t\t\t\t\t\t\t\t\t\t\n\t\t\n\t\t\t\t\t\t\t\t\n\t\t\t\t\t\t\t\t\n\t\t\n\t\t\t\t\t\t<a class=\"fusion-link-wrapper\" href=\"https:\/\/ramse.es\/wordpress\/jornada-cientifica-sindrome-de-noonan-avances-en-el-diagnostico-y-tratamiento\/\" aria-label=\"Jornada Cient\u00edfica sobre el S\u00edndrome de Noonan\"><\/a>\n\t<\/div>\n<\/div>\n<\/div>\n<\/li>\n\t\t\t\n\t\t\t\n\t\t\t\t\t\t\t\t\t\t\t\t\t\t\t\t\t\t\t\t\t\t\t\t\t\t\t\t\t\t\t\t\t\t\t\t\t\t\t\t\t\t\t\t\t\t\t\t\t\t\t\t\t\t\t\t\t\t\t\t\t\t\t\t\t\t\t\t<\/ul>\n\t<\/div>\n\t<div class=\"fusion-date-and-formats\"><div class=\"fusion-date-box updated\"><span class=\"fusion-date\">octubre<\/span><span class=\"fusion-month-year\">11:12 pm<\/span><\/div><div class=\"fusion-format-box\"><i class=\"awb-icon-pen\" aria-hidden=\"true\"><\/i><\/div><\/div><div class=\"fusion-post-content post-content\"><h2 class=\"blog-shortcode-post-title entry-title\"><a href=\"https:\/\/ramse.es\/wordpress\/jornada-cientifica-sindrome-de-noonan-avances-en-el-diagnostico-y-tratamiento\/\">Jornada Cient\u00edfica sobre el S\u00edndrome de Noonan<\/a><\/h2><p class=\"fusion-single-line-meta\">Por <span class=\"vcard\"><span class=\"fn\"><a href=\"https:\/\/ramse.es\/wordpress\/author\/prensa\/\" title=\"Entradas de Mar\u00eda\" rel=\"author\">Mar\u00eda<\/a><\/span><\/span><span class=\"fusion-inline-sep\">|<\/span><span class=\"updated\" style=\"display:none;\">2021-10-27T23:23:27+02:00<\/span><span>octubre 26th, 2021<\/span><span class=\"fusion-inline-sep\">|<\/span>Categor\u00edas: <a href=\"https:\/\/ramse.es\/wordpress\/category\/news\/actividades\/\" rel=\"category tag\">Actividades<\/a>, <a href=\"https:\/\/ramse.es\/wordpress\/category\/news\/\" rel=\"category tag\">Noticias<\/a><span class=\"fusion-inline-sep\">|<\/span><span class=\"meta-tags\">Etiquetas: <a href=\"https:\/\/ramse.es\/wordpress\/tag\/pediatria\/\" rel=\"tag\">pediatr\u00eda<\/a>, <a href=\"https:\/\/ramse.es\/wordpress\/tag\/sindrome-de-noonan\/\" rel=\"tag\">S\u00edndrome de Noonan<\/a><\/span><span class=\"fusion-inline-sep\">|<\/span><\/p><div class=\"fusion-post-content-container\"><p>La Real Academia de Medicina y Cirug\u00eda de Sevilla (RAMSE) acogi\u00f3 el pasado 21 de octubre de 2021 la Jornada Cient\u00edfica \u201cS\u00cdNDROME DE NOONAN: AVANCES EN EL DIAGN\u00d3STICO Y TRATAMIENTO\u201d. Bajo la direcci\u00f3n del Dr. Rafael Espino Aguilar, Acad\u00e9mico Correspondiente de la RAMSE, y Moderada con los Prof. Federico Arg\u00fcelles Martin, Secretario General de la RAMSE, y Prof. Ignacio G\u00f3mez de Terreros, Acad\u00e9mico de N\u00famero de la RAMSE, cont\u00f3 con <a href=\"https:\/\/ramse.es\/wordpress\/jornada-cientifica-sindrome-de-noonan-avances-en-el-diagnostico-y-tratamiento\/\">[...]<\/a><\/p><\/div><\/div><div class=\"fusion-clearfix\"><\/div><div class=\"fusion-meta-info\"><div class=\"fusion-alignright\"><a class=\"fusion-read-more\" href=\"https:\/\/ramse.es\/wordpress\/jornada-cientifica-sindrome-de-noonan-avances-en-el-diagnostico-y-tratamiento\/\" aria-label=\"More on Jornada Cient\u00edfica sobre el S\u00edndrome de Noonan\">Leer M\u00e1s<\/a><\/div><\/div><\/article>\n<article id=\"blog-1-post-3483\" class=\"fusion-post-large-alternate post-3483 post type-post status-publish format-standard has-post-thumbnail hentry category-academico-de-numero category-news category-publicaciones tag-covid-19 tag-sistema-inmunologico\">\n\t<style type=\"text\/css\">\n\t\t\n\t\t\n\t\t\n\t\t\n\t\t\t<\/style>\n\n\n\t\t\t<div class=\"fusion-flexslider flexslider fusion-flexslider-loading fusion-post-slideshow\" style=\"\">\n\t\t<ul class=\"slides\">\n\t\t\t\n\t\t\t\t\t\t\t\t\t\t\t\t\t\t<li><div  class=\"fusion-image-wrapper\" aria-haspopup=\"true\">\n\t\t\t\t<img decoding=\"async\" width=\"313\" height=\"500\" src=\"https:\/\/ramse.es\/wordpress\/wp-content\/uploads\/2021\/10\/libro-conoce-y-refuerza-sistema-inmunologico.jpeg\" class=\"attachment-full size-full wp-post-image\" alt=\"\" srcset=\"https:\/\/ramse.es\/wordpress\/wp-content\/uploads\/2021\/10\/libro-conoce-y-refuerza-sistema-inmunologico-200x319.jpeg 200w, https:\/\/ramse.es\/wordpress\/wp-content\/uploads\/2021\/10\/libro-conoce-y-refuerza-sistema-inmunologico.jpeg 313w\" sizes=\"(max-width: 1000px) 100vw, 313px\" \/><div class=\"fusion-rollover\">\n\t<div class=\"fusion-rollover-content\">\n\n\t\t\t\t\t\t\t\t\t\t\t\t\t\t<a class=\"fusion-rollover-link\" href=\"https:\/\/ramse.es\/wordpress\/conoce-y-refuerza-tu-sistema-inmunologico-por-el-dr-jose-pena\/\">Conoce y refuerza tu Sistema Inmunol\u00f3gico por el Dr. Jos\u00e9 Pe\u00f1a<\/a>\n\t\t\t\n\t\t\t\t\t\t\t\t\t\t\t\t\t\t\n\t\t\t\t\t\t\t\t\n\t\t\t\t\t\t\t\t\t\t\t\t\t<div class=\"fusion-rollover-sep\"><\/div>\n\t\t\t\t\n\t\t\t\t\t\t\t\t\t\t\t\t\t\t\t\t\t\t<a class=\"fusion-rollover-gallery\" href=\"https:\/\/ramse.es\/wordpress\/wp-content\/uploads\/2021\/10\/libro-conoce-y-refuerza-sistema-inmunologico.jpeg\" data-id=\"3483\" data-rel=\"iLightbox[gallery]\" data-title=\"libro conoce y refuerza sistema inmunologico\" data-caption=\"\">\n\t\t\t\t\t\tGaler\u00eda\t\t\t\t\t<\/a>\n\t\t\t\t\t\t\t\t\t\t\t\t\t\t\n\t\t\n\t\t\t\t\t\t\t\t\n\t\t\t\t\t\t\t\t\n\t\t\n\t\t\t\t\t\t<a class=\"fusion-link-wrapper\" href=\"https:\/\/ramse.es\/wordpress\/conoce-y-refuerza-tu-sistema-inmunologico-por-el-dr-jose-pena\/\" aria-label=\"Conoce y refuerza tu Sistema Inmunol\u00f3gico por el Dr. Jos\u00e9 Pe\u00f1a\"><\/a>\n\t<\/div>\n<\/div>\n<\/div>\n<\/li>\n\t\t\t\n\t\t\t\n\t\t\t\t\t\t\t\t\t\t\t\t\t\t\t\t\t\t\t\t\t\t\t\t\t\t\t\t\t\t\t\t\t\t\t\t\t\t\t\t\t\t\t\t\t\t\t\t\t\t\t\t\t\t\t\t\t\t\t\t\t\t\t\t\t\t\t\t<\/ul>\n\t<\/div>\n\t<div class=\"fusion-date-and-formats\"><div class=\"fusion-date-box updated\"><span class=\"fusion-date\">octubre<\/span><span class=\"fusion-month-year\">12:49 pm<\/span><\/div><div class=\"fusion-format-box\"><i class=\"awb-icon-pen\" aria-hidden=\"true\"><\/i><\/div><\/div><div class=\"fusion-post-content post-content\"><h2 class=\"blog-shortcode-post-title entry-title\"><a href=\"https:\/\/ramse.es\/wordpress\/conoce-y-refuerza-tu-sistema-inmunologico-por-el-dr-jose-pena\/\">Conoce y refuerza tu Sistema Inmunol\u00f3gico por el Dr. Jos\u00e9 Pe\u00f1a<\/a><\/h2><p class=\"fusion-single-line-meta\">Por <span class=\"vcard\"><span class=\"fn\"><a href=\"https:\/\/ramse.es\/wordpress\/author\/prensa\/\" title=\"Entradas de Mar\u00eda\" rel=\"author\">Mar\u00eda<\/a><\/span><\/span><span class=\"fusion-inline-sep\">|<\/span><span class=\"updated\" style=\"display:none;\">2021-10-10T12:50:41+02:00<\/span><span>octubre 10th, 2021<\/span><span class=\"fusion-inline-sep\">|<\/span>Categor\u00edas: <a href=\"https:\/\/ramse.es\/wordpress\/category\/academico-de-numero\/\" rel=\"category tag\">Acad\u00e9mico de N\u00famero<\/a>, <a href=\"https:\/\/ramse.es\/wordpress\/category\/news\/\" rel=\"category tag\">Noticias<\/a>, <a href=\"https:\/\/ramse.es\/wordpress\/category\/publicaciones\/\" rel=\"category tag\">Publicaciones<\/a><span class=\"fusion-inline-sep\">|<\/span><span class=\"meta-tags\">Etiquetas: <a href=\"https:\/\/ramse.es\/wordpress\/tag\/covid-19\/\" rel=\"tag\">Covid-19<\/a>, <a href=\"https:\/\/ramse.es\/wordpress\/tag\/sistema-inmunologico\/\" rel=\"tag\">Sistema Inmunol\u00f3gico<\/a><\/span><span class=\"fusion-inline-sep\">|<\/span><\/p><div class=\"fusion-post-content-container\"><p>El acad\u00e9mico de N\u00famero de la Real Academia de Medicina y Cirug\u00eda de Sevilla, Dr. Jos\u00e9 Pe\u00f1a Mart\u00ednez, ha publicado el libro titulado \u201cConoce y refuerza tu Sistema Inmunol\u00f3gico: Para protegerte del coronavirus, de nuevos desaf\u00edos futuros y vivir sano\u201d. La obra, editada en formato electr\u00f3nico puede descargarse a trav\u00e9s de la APP Kindle o, directamente, en este enlace de Amazon. Sobre el libro El\u00a0sistema inmunol\u00f3gico, es el gran aliado <a href=\"https:\/\/ramse.es\/wordpress\/conoce-y-refuerza-tu-sistema-inmunologico-por-el-dr-jose-pena\/\">[...]<\/a><\/p><\/div><\/div><div class=\"fusion-clearfix\"><\/div><div class=\"fusion-meta-info\"><div class=\"fusion-alignright\"><a class=\"fusion-read-more\" href=\"https:\/\/ramse.es\/wordpress\/conoce-y-refuerza-tu-sistema-inmunologico-por-el-dr-jose-pena\/\" aria-label=\"More on Conoce y refuerza tu Sistema Inmunol\u00f3gico por el Dr. Jos\u00e9 Pe\u00f1a\">Leer M\u00e1s<\/a><\/div><\/div><\/article>\n<article id=\"blog-1-post-3419\" class=\"fusion-post-large-alternate post-3419 post type-post status-publish format-standard has-post-thumbnail hentry category-articulo tag-ricoms tag-vacuna-covid\">\n\t<style type=\"text\/css\">\n\t\t\n\t\t\n\t\t\n\t\t\n\t\t\t<\/style>\n\n\n\t\t\t<div class=\"fusion-flexslider flexslider fusion-flexslider-loading fusion-post-slideshow\" style=\"\">\n\t\t<ul class=\"slides\">\n\t\t\t\n\t\t\t\t\t\t\t\t\t\t\t\t\t\t<li><div  class=\"fusion-image-wrapper\" aria-haspopup=\"true\">\n\t\t\t\t<img decoding=\"async\" width=\"666\" height=\"666\" src=\"https:\/\/ramse.es\/wordpress\/wp-content\/uploads\/2021\/06\/Dr.-Martin-Navarro.jpg\" class=\"attachment-full size-full wp-post-image\" alt=\"\" srcset=\"https:\/\/ramse.es\/wordpress\/wp-content\/uploads\/2021\/06\/Dr.-Martin-Navarro-200x200.jpg 200w, https:\/\/ramse.es\/wordpress\/wp-content\/uploads\/2021\/06\/Dr.-Martin-Navarro-400x400.jpg 400w, https:\/\/ramse.es\/wordpress\/wp-content\/uploads\/2021\/06\/Dr.-Martin-Navarro-600x600.jpg 600w, https:\/\/ramse.es\/wordpress\/wp-content\/uploads\/2021\/06\/Dr.-Martin-Navarro.jpg 666w\" sizes=\"(max-width: 1000px) 100vw, 666px\" \/><div class=\"fusion-rollover\">\n\t<div class=\"fusion-rollover-content\">\n\n\t\t\t\t\t\t\t\t\t\t\t\t\t\t<a class=\"fusion-rollover-link\" href=\"https:\/\/ramse.es\/wordpress\/tribuna-vacuna-frente-al-covid-19-en-la-infancia-y-adolescencia\/\">Tribuna | Vacuna frente al COVID-19 en la infancia y adolescencia<\/a>\n\t\t\t\n\t\t\t\t\t\t\t\t\t\t\t\t\t\t\n\t\t\t\t\t\t\t\t\n\t\t\t\t\t\t\t\t\t\t\t\t\t<div class=\"fusion-rollover-sep\"><\/div>\n\t\t\t\t\n\t\t\t\t\t\t\t\t\t\t\t\t\t\t\t\t\t\t<a class=\"fusion-rollover-gallery\" href=\"https:\/\/ramse.es\/wordpress\/wp-content\/uploads\/2021\/06\/Dr.-Martin-Navarro.jpg\" data-id=\"3419\" data-rel=\"iLightbox[gallery]\" data-title=\"Dr.-Martin-Navarro\" data-caption=\"\">\n\t\t\t\t\t\tGaler\u00eda\t\t\t\t\t<\/a>\n\t\t\t\t\t\t\t\t\t\t\t\t\t\t\n\t\t\n\t\t\t\t\t\t\t\t\n\t\t\t\t\t\t\t\t\n\t\t\n\t\t\t\t\t\t<a class=\"fusion-link-wrapper\" href=\"https:\/\/ramse.es\/wordpress\/tribuna-vacuna-frente-al-covid-19-en-la-infancia-y-adolescencia\/\" aria-label=\"Tribuna | Vacuna frente al COVID-19 en la infancia y adolescencia\"><\/a>\n\t<\/div>\n<\/div>\n<\/div>\n<\/li>\n\t\t\t\n\t\t\t\n\t\t\t\t\t\t\t\t\t\t\t\t\t\t\t\t\t\t\t\t\t\t\t\t\t\t\t\t\t\t\t\t\t\t\t\t\t\t\t\t\t\t\t\t\t\t\t\t\t\t\t\t\t\t\t\t\t\t\t\t\t\t\t\t\t\t\t\t<\/ul>\n\t<\/div>\n\t<div class=\"fusion-date-and-formats\"><div class=\"fusion-date-box updated\"><span class=\"fusion-date\">junio<\/span><span class=\"fusion-month-year\">3:57 pm<\/span><\/div><div class=\"fusion-format-box\"><i class=\"awb-icon-pen\" aria-hidden=\"true\"><\/i><\/div><\/div><div class=\"fusion-post-content post-content\"><h2 class=\"blog-shortcode-post-title entry-title\"><a href=\"https:\/\/ramse.es\/wordpress\/tribuna-vacuna-frente-al-covid-19-en-la-infancia-y-adolescencia\/\">Tribuna | Vacuna frente al COVID-19 en la infancia y adolescencia<\/a><\/h2><p class=\"fusion-single-line-meta\">Por <span class=\"vcard\"><span class=\"fn\"><a href=\"https:\/\/ramse.es\/wordpress\/author\/prensa\/\" title=\"Entradas de Mar\u00eda\" rel=\"author\">Mar\u00eda<\/a><\/span><\/span><span class=\"fusion-inline-sep\">|<\/span><span class=\"updated\" style=\"display:none;\">2021-06-30T16:01:28+02:00<\/span><span>junio 30th, 2021<\/span><span class=\"fusion-inline-sep\">|<\/span>Categor\u00edas: <a href=\"https:\/\/ramse.es\/wordpress\/category\/articulo\/\" rel=\"category tag\">Art\u00edculo<\/a><span class=\"fusion-inline-sep\">|<\/span><span class=\"meta-tags\">Etiquetas: <a href=\"https:\/\/ramse.es\/wordpress\/tag\/ricoms\/\" rel=\"tag\">Ricoms<\/a>, <a href=\"https:\/\/ramse.es\/wordpress\/tag\/vacuna-covid\/\" rel=\"tag\">Vacuna Covid<\/a><\/span><span class=\"fusion-inline-sep\">|<\/span><\/p><div class=\"fusion-post-content-container\"><p>Una vez alcanzado un porcentaje adecuado de vacunaci\u00f3n en adultos, es de vital importancia la vacunaci\u00f3n anti COVID-19 en la poblaci\u00f3n infantil, sin la cual el control de la Pandemia ser\u00eda imposible. El virus se refugia en la poblaci\u00f3n no vacunada y para lograr la inmunidad de reba\u00f1o, se requiere vacunar a los ni\u00f1os. Primero tienen que realizarse ensayos cl\u00ednicos que demuestren su eficacia y la falta de efectos secundarios <a href=\"https:\/\/ramse.es\/wordpress\/tribuna-vacuna-frente-al-covid-19-en-la-infancia-y-adolescencia\/\">[...]<\/a><\/p><\/div><\/div><div class=\"fusion-clearfix\"><\/div><div class=\"fusion-meta-info\"><div class=\"fusion-alignright\"><a class=\"fusion-read-more\" href=\"https:\/\/ramse.es\/wordpress\/tribuna-vacuna-frente-al-covid-19-en-la-infancia-y-adolescencia\/\" aria-label=\"More on Tribuna | Vacuna frente al COVID-19 en la infancia y adolescencia\">Leer M\u00e1s<\/a><\/div><\/div><\/article>\n<article id=\"blog-1-post-3422\" class=\"fusion-post-large-alternate post-3422 post type-post status-publish format-standard has-post-thumbnail hentry category-articulo tag-academico-de-numero tag-hospital-infantil tag-hospital-virgen-del-rocio tag-ignacio-gomez-de-terreros\">\n\t<style type=\"text\/css\">\n\t\t\n\t\t\n\t\t\n\t\t\n\t\t\t<\/style>\n\n\n\t\t\t<div class=\"fusion-flexslider flexslider fusion-flexslider-loading fusion-post-slideshow\" style=\"\">\n\t\t<ul class=\"slides\">\n\t\t\t\n\t\t\t\t\t\t\t\t\t\t\t\t\t\t<li><div  class=\"fusion-image-wrapper\" aria-haspopup=\"true\">\n\t\t\t\t<img decoding=\"async\" width=\"900\" height=\"1058\" src=\"https:\/\/ramse.es\/wordpress\/wp-content\/uploads\/2020\/06\/D.-Ignacio-Go\u0301mez-de-Terreros.jpg\" class=\"attachment-full size-full wp-post-image\" alt=\"\" srcset=\"https:\/\/ramse.es\/wordpress\/wp-content\/uploads\/2020\/06\/D.-Ignacio-Go\u0301mez-de-Terreros-200x235.jpg 200w, https:\/\/ramse.es\/wordpress\/wp-content\/uploads\/2020\/06\/D.-Ignacio-Go\u0301mez-de-Terreros-400x470.jpg 400w, https:\/\/ramse.es\/wordpress\/wp-content\/uploads\/2020\/06\/D.-Ignacio-Go\u0301mez-de-Terreros-600x705.jpg 600w, https:\/\/ramse.es\/wordpress\/wp-content\/uploads\/2020\/06\/D.-Ignacio-Go\u0301mez-de-Terreros-800x940.jpg 800w, https:\/\/ramse.es\/wordpress\/wp-content\/uploads\/2020\/06\/D.-Ignacio-Go\u0301mez-de-Terreros.jpg 900w\" sizes=\"(max-width: 1000px) 100vw, 800px\" \/><div class=\"fusion-rollover\">\n\t<div class=\"fusion-rollover-content\">\n\n\t\t\t\t\t\t\t\t\t\t\t\t\t\t<a class=\"fusion-rollover-link\" href=\"https:\/\/ramse.es\/wordpress\/tribuna-la-ramse-en-la-conmemoracion-del-50-aniversario-del-hospital-infantil\/\">Tribuna | La RAMSE en la conmemoraci\u00f3n del 50 aniversario del Hospital Infantil<\/a>\n\t\t\t\n\t\t\t\t\t\t\t\t\t\t\t\t\t\t\n\t\t\t\t\t\t\t\t\n\t\t\t\t\t\t\t\t\t\t\t\t\t<div class=\"fusion-rollover-sep\"><\/div>\n\t\t\t\t\n\t\t\t\t\t\t\t\t\t\t\t\t\t\t\t\t\t\t<a class=\"fusion-rollover-gallery\" href=\"https:\/\/ramse.es\/wordpress\/wp-content\/uploads\/2020\/06\/D.-Ignacio-Go\u0301mez-de-Terreros.jpg\" data-id=\"3422\" data-rel=\"iLightbox[gallery]\" data-title=\"D. Ignacio Go\u0301mez de Terreros\" data-caption=\"\">\n\t\t\t\t\t\tGaler\u00eda\t\t\t\t\t<\/a>\n\t\t\t\t\t\t\t\t\t\t\t\t\t\t\n\t\t\n\t\t\t\t\t\t\t\t\n\t\t\t\t\t\t\t\t\n\t\t\n\t\t\t\t\t\t<a class=\"fusion-link-wrapper\" href=\"https:\/\/ramse.es\/wordpress\/tribuna-la-ramse-en-la-conmemoracion-del-50-aniversario-del-hospital-infantil\/\" aria-label=\"Tribuna | La RAMSE en la conmemoraci\u00f3n del 50 aniversario del Hospital Infantil\"><\/a>\n\t<\/div>\n<\/div>\n<\/div>\n<\/li>\n\t\t\t\n\t\t\t\n\t\t\t\t\t\t\t\t\t\t\t\t\t\t\t\t\t\t\t\t\t\t\t\t\t\t\t\t\t\t\t\t\t\t\t\t\t\t\t\t\t\t\t\t\t\t\t\t\t\t\t\t\t\t\t\t\t\t\t\t\t\t\t\t\t\t\t\t<\/ul>\n\t<\/div>\n\t<div class=\"fusion-date-and-formats\"><div class=\"fusion-date-box updated\"><span class=\"fusion-date\">junio<\/span><span class=\"fusion-month-year\">4:02 pm<\/span><\/div><div class=\"fusion-format-box\"><i class=\"awb-icon-pen\" aria-hidden=\"true\"><\/i><\/div><\/div><div class=\"fusion-post-content post-content\"><h2 class=\"blog-shortcode-post-title entry-title\"><a href=\"https:\/\/ramse.es\/wordpress\/tribuna-la-ramse-en-la-conmemoracion-del-50-aniversario-del-hospital-infantil\/\">Tribuna | La RAMSE en la conmemoraci\u00f3n del 50 aniversario del Hospital Infantil<\/a><\/h2><p class=\"fusion-single-line-meta\">Por <span class=\"vcard\"><span class=\"fn\"><a href=\"https:\/\/ramse.es\/wordpress\/author\/prensa\/\" title=\"Entradas de Mar\u00eda\" rel=\"author\">Mar\u00eda<\/a><\/span><\/span><span class=\"fusion-inline-sep\">|<\/span><span class=\"updated\" style=\"display:none;\">2021-06-30T16:05:55+02:00<\/span><span>junio 20th, 2021<\/span><span class=\"fusion-inline-sep\">|<\/span>Categor\u00edas: <a href=\"https:\/\/ramse.es\/wordpress\/category\/articulo\/\" rel=\"category tag\">Art\u00edculo<\/a><span class=\"fusion-inline-sep\">|<\/span><span class=\"meta-tags\">Etiquetas: <a href=\"https:\/\/ramse.es\/wordpress\/tag\/academico-de-numero\/\" rel=\"tag\">Acad\u00e9mico de N\u00famero<\/a>, <a href=\"https:\/\/ramse.es\/wordpress\/tag\/hospital-infantil\/\" rel=\"tag\">Hospital Infantil<\/a>, <a href=\"https:\/\/ramse.es\/wordpress\/tag\/hospital-virgen-del-rocio\/\" rel=\"tag\">Hospital Virgen del Roc\u00edo<\/a>, <a href=\"https:\/\/ramse.es\/wordpress\/tag\/ignacio-gomez-de-terreros\/\" rel=\"tag\">Ignacio G\u00f3mez de Terreros<\/a><\/span><span class=\"fusion-inline-sep\">|<\/span><\/p><div class=\"fusion-post-content-container\"><p>Mi larga vinculaci\u00f3n con la\u00a0Real Academia de Medicina y Cirug\u00eda de Sevilla, ingresando como Acad\u00e9mico Correspondiente (AC) en 1968 y como Acad\u00e9mico de N\u00famero el 2008, me ha permitido ser testigo directo de la estrecha relaci\u00f3n entre ambas Instituciones y las sucesivas incorporaciones de compa\u00f1eros del H.I. a la n\u00f3mina de AC. La inauguraci\u00f3n de la Residencia Sanitaria \"Garc\u00eda Morato\" en 1955, dio origen a un cambio radical de la <a href=\"https:\/\/ramse.es\/wordpress\/tribuna-la-ramse-en-la-conmemoracion-del-50-aniversario-del-hospital-infantil\/\">[...]<\/a><\/p><\/div><\/div><div class=\"fusion-clearfix\"><\/div><div class=\"fusion-meta-info\"><div class=\"fusion-alignright\"><a class=\"fusion-read-more\" href=\"https:\/\/ramse.es\/wordpress\/tribuna-la-ramse-en-la-conmemoracion-del-50-aniversario-del-hospital-infantil\/\" aria-label=\"More on Tribuna | La RAMSE en la conmemoraci\u00f3n del 50 aniversario del Hospital Infantil\">Leer M\u00e1s<\/a><\/div><\/div><\/article>\n<article id=\"blog-1-post-3394\" class=\"fusion-post-large-alternate post-3394 post type-post status-publish format-standard has-post-thumbnail hentry category-actos-academicos tag-academico-institucional tag-colegio-de-medicos-de-sevilla tag-consejo-andaluz-de-colegios-de-medicos\">\n\t<style type=\"text\/css\">\n\t\t\n\t\t\n\t\t\n\t\t\n\t\t\t<\/style>\n\n\n\t\t\t<div class=\"fusion-flexslider flexslider fusion-flexslider-loading fusion-post-slideshow\" style=\"\">\n\t\t<ul class=\"slides\">\n\t\t\t\n\t\t\t\t\t\t\t\t\t\t\t\t\t\t<li><div  class=\"fusion-image-wrapper\" aria-haspopup=\"true\">\n\t\t\t\t<img decoding=\"async\" width=\"2362\" height=\"1772\" src=\"https:\/\/ramse.es\/wordpress\/wp-content\/uploads\/2021\/06\/Reconocimiento-RAMSE-a-los-colegios-de-Me\u0301dicos.jpg\" class=\"attachment-full size-full wp-post-image\" alt=\"\" srcset=\"https:\/\/ramse.es\/wordpress\/wp-content\/uploads\/2021\/06\/Reconocimiento-RAMSE-a-los-colegios-de-Me\u0301dicos-200x150.jpg 200w, https:\/\/ramse.es\/wordpress\/wp-content\/uploads\/2021\/06\/Reconocimiento-RAMSE-a-los-colegios-de-Me\u0301dicos-400x300.jpg 400w, https:\/\/ramse.es\/wordpress\/wp-content\/uploads\/2021\/06\/Reconocimiento-RAMSE-a-los-colegios-de-Me\u0301dicos-600x450.jpg 600w, https:\/\/ramse.es\/wordpress\/wp-content\/uploads\/2021\/06\/Reconocimiento-RAMSE-a-los-colegios-de-Me\u0301dicos-800x600.jpg 800w, https:\/\/ramse.es\/wordpress\/wp-content\/uploads\/2021\/06\/Reconocimiento-RAMSE-a-los-colegios-de-Me\u0301dicos-1200x900.jpg 1200w, https:\/\/ramse.es\/wordpress\/wp-content\/uploads\/2021\/06\/Reconocimiento-RAMSE-a-los-colegios-de-Me\u0301dicos.jpg 2362w\" sizes=\"(max-width: 1000px) 100vw, 800px\" \/><div class=\"fusion-rollover\">\n\t<div class=\"fusion-rollover-content\">\n\n\t\t\t\t\t\t\t\t\t\t\t\t\t\t<a class=\"fusion-rollover-link\" href=\"https:\/\/ramse.es\/wordpress\/la-real-academia-de-medicina-y-cirugia-de-sevilla-reconoce-la-labor-de-los-colegios-de-medicos\/\">La Real Academia de Medicina y Cirug\u00eda de Sevilla reconoce la labor de los Colegios de M\u00e9dicos<\/a>\n\t\t\t\n\t\t\t\t\t\t\t\t\t\t\t\t\t\t\n\t\t\t\t\t\t\t\t\n\t\t\t\t\t\t\t\t\t\t\t\t\t<div class=\"fusion-rollover-sep\"><\/div>\n\t\t\t\t\n\t\t\t\t\t\t\t\t\t\t\t\t\t\t\t\t\t\t<a class=\"fusion-rollover-gallery\" href=\"https:\/\/ramse.es\/wordpress\/wp-content\/uploads\/2021\/06\/Reconocimiento-RAMSE-a-los-colegios-de-Me\u0301dicos.jpg\" data-id=\"3394\" data-rel=\"iLightbox[gallery]\" data-title=\"Reconocimiento RAMSE a los colegios de Me\u0301dicos\" data-caption=\"\">\n\t\t\t\t\t\tGaler\u00eda\t\t\t\t\t<\/a>\n\t\t\t\t\t\t\t\t\t\t\t\t\t\t\n\t\t\n\t\t\t\t\t\t\t\t\n\t\t\t\t\t\t\t\t\n\t\t\n\t\t\t\t\t\t<a class=\"fusion-link-wrapper\" href=\"https:\/\/ramse.es\/wordpress\/la-real-academia-de-medicina-y-cirugia-de-sevilla-reconoce-la-labor-de-los-colegios-de-medicos\/\" aria-label=\"La Real Academia de Medicina y Cirug\u00eda de Sevilla reconoce la labor de los Colegios de M\u00e9dicos\"><\/a>\n\t<\/div>\n<\/div>\n<\/div>\n<\/li>\n\t\t\t\n\t\t\t\n\t\t\t\t\t\t\t\t\t\t\t\t\t\t\t\t\t\t\t\t\t\t\t\t\t\t\t\t\t\t\t\t\t\t\t\t\t\t\t\t\t\t\t\t\t\t\t\t\t\t\t\t\t\t\t\t\t\t\t\t\t\t\t\t\t\t\t\t<\/ul>\n\t<\/div>\n\t<div class=\"fusion-date-and-formats\"><div class=\"fusion-date-box updated\"><span class=\"fusion-date\">junio<\/span><span class=\"fusion-month-year\">9:54 pm<\/span><\/div><div class=\"fusion-format-box\"><i class=\"awb-icon-pen\" aria-hidden=\"true\"><\/i><\/div><\/div><div class=\"fusion-post-content post-content\"><h2 class=\"blog-shortcode-post-title entry-title\"><a href=\"https:\/\/ramse.es\/wordpress\/la-real-academia-de-medicina-y-cirugia-de-sevilla-reconoce-la-labor-de-los-colegios-de-medicos\/\">La Real Academia de Medicina y Cirug\u00eda de Sevilla reconoce la labor de los Colegios de M\u00e9dicos<\/a><\/h2><p class=\"fusion-single-line-meta\">Por <span class=\"vcard\"><span class=\"fn\"><a href=\"https:\/\/ramse.es\/wordpress\/author\/prensa\/\" title=\"Entradas de Mar\u00eda\" rel=\"author\">Mar\u00eda<\/a><\/span><\/span><span class=\"fusion-inline-sep\">|<\/span><span class=\"updated\" style=\"display:none;\">2021-06-15T21:54:45+02:00<\/span><span>junio 15th, 2021<\/span><span class=\"fusion-inline-sep\">|<\/span>Categor\u00edas: <a href=\"https:\/\/ramse.es\/wordpress\/category\/actos-academicos\/\" rel=\"category tag\">Actos Acad\u00e9micos<\/a><span class=\"fusion-inline-sep\">|<\/span><span class=\"meta-tags\">Etiquetas: <a href=\"https:\/\/ramse.es\/wordpress\/tag\/academico-institucional\/\" rel=\"tag\">Acad\u00e9mico Institucional<\/a>, <a href=\"https:\/\/ramse.es\/wordpress\/tag\/colegio-de-medicos-de-sevilla\/\" rel=\"tag\">Colegio de M\u00e9dicos de Sevilla<\/a>, <a href=\"https:\/\/ramse.es\/wordpress\/tag\/consejo-andaluz-de-colegios-de-medicos\/\" rel=\"tag\">Consejo Andaluz de Colegios de M\u00e9dicos<\/a><\/span><span class=\"fusion-inline-sep\">|<\/span><\/p><div class=\"fusion-post-content-container\"><p>La Real Academia de Medicina y Cirug\u00eda de Sevilla (RAMSE) ha protagonizado un reconocimiento p\u00fablico a la Instituci\u00f3n M\u00e9dica Colegial, en un acto celebrado en la sede de la Instituci\u00f3n, con la presencia del Consejero de Salud y Familia, D. Jes\u00fas Aguirre Mu\u00f1oz. Este reconocimiento es fruto de la colaboraci\u00f3n que tradicionalmente existe entre la Real Academia de Medicina y Cirug\u00eda de Sevilla y los Colegios de M\u00e9dicos andaluces. El <a href=\"https:\/\/ramse.es\/wordpress\/la-real-academia-de-medicina-y-cirugia-de-sevilla-reconoce-la-labor-de-los-colegios-de-medicos\/\">[...]<\/a><\/p><\/div><\/div><div class=\"fusion-clearfix\"><\/div><div class=\"fusion-meta-info\"><div class=\"fusion-alignright\"><a class=\"fusion-read-more\" href=\"https:\/\/ramse.es\/wordpress\/la-real-academia-de-medicina-y-cirugia-de-sevilla-reconoce-la-labor-de-los-colegios-de-medicos\/\" aria-label=\"More on La Real Academia de Medicina y Cirug\u00eda de Sevilla reconoce la labor de los Colegios de M\u00e9dicos\">Leer M\u00e1s<\/a><\/div><\/div><\/article>\n<article id=\"blog-1-post-3384\" class=\"fusion-post-large-alternate post-3384 post type-post status-publish format-standard has-post-thumbnail hentry category-academico-de-numero category-actos-academicos tag-academico-de-numero tag-dr-manuel-ortega-calvo tag-medicina-familiar-y-comunitaria tag-ramse\">\n\t<style type=\"text\/css\">\n\t\t\n\t\t\n\t\t\n\t\t\n\t\t\t<\/style>\n\n\n\t\t\t<div class=\"fusion-flexslider flexslider fusion-flexslider-loading fusion-post-slideshow\" style=\"\">\n\t\t<ul class=\"slides\">\n\t\t\t\n\t\t\t\t\t\t\t\t\t\t\t\t\t\t<li><div  class=\"fusion-image-wrapper\" aria-haspopup=\"true\">\n\t\t\t\t<img decoding=\"async\" width=\"665\" height=\"983\" src=\"https:\/\/ramse.es\/wordpress\/wp-content\/uploads\/2021\/06\/Dr.-Manuel-Ortega.-Ramse.jpg\" class=\"attachment-full size-full wp-post-image\" alt=\"\" srcset=\"https:\/\/ramse.es\/wordpress\/wp-content\/uploads\/2021\/06\/Dr.-Manuel-Ortega.-Ramse-200x296.jpg 200w, https:\/\/ramse.es\/wordpress\/wp-content\/uploads\/2021\/06\/Dr.-Manuel-Ortega.-Ramse-400x591.jpg 400w, https:\/\/ramse.es\/wordpress\/wp-content\/uploads\/2021\/06\/Dr.-Manuel-Ortega.-Ramse-600x887.jpg 600w, https:\/\/ramse.es\/wordpress\/wp-content\/uploads\/2021\/06\/Dr.-Manuel-Ortega.-Ramse.jpg 665w\" sizes=\"(max-width: 1000px) 100vw, 665px\" \/><div class=\"fusion-rollover\">\n\t<div class=\"fusion-rollover-content\">\n\n\t\t\t\t\t\t\t\t\t\t\t\t\t\t<a class=\"fusion-rollover-link\" href=\"https:\/\/ramse.es\/wordpress\/dr-manuel-ortega-calvo-nuevo-academico-numero-de-la-ramse\/\">Dr. Manuel Ortega Calvo Nuevo Acad\u00e9mico de N\u00famero de la RAMSE<\/a>\n\t\t\t\n\t\t\t\t\t\t\t\t\t\t\t\t\t\t\n\t\t\t\t\t\t\t\t\n\t\t\t\t\t\t\t\t\t\t\t\t\t<div class=\"fusion-rollover-sep\"><\/div>\n\t\t\t\t\n\t\t\t\t\t\t\t\t\t\t\t\t\t\t\t\t\t\t<a class=\"fusion-rollover-gallery\" href=\"https:\/\/ramse.es\/wordpress\/wp-content\/uploads\/2021\/06\/Dr.-Manuel-Ortega.-Ramse.jpg\" data-id=\"3384\" data-rel=\"iLightbox[gallery]\" data-title=\"Dr. Manuel Ortega. Ramse\" data-caption=\"\">\n\t\t\t\t\t\tGaler\u00eda\t\t\t\t\t<\/a>\n\t\t\t\t\t\t\t\t\t\t\t\t\t\t\n\t\t\n\t\t\t\t\t\t\t\t\n\t\t\t\t\t\t\t\t\n\t\t\n\t\t\t\t\t\t<a class=\"fusion-link-wrapper\" href=\"https:\/\/ramse.es\/wordpress\/dr-manuel-ortega-calvo-nuevo-academico-numero-de-la-ramse\/\" aria-label=\"Dr. Manuel Ortega Calvo Nuevo Acad\u00e9mico de N\u00famero de la RAMSE\"><\/a>\n\t<\/div>\n<\/div>\n<\/div>\n<\/li>\n\t\t\t\n\t\t\t\n\t\t\t\t\t\t\t\t\t\t\t\t\t\t\t\t\t\t\t\t\t\t\t\t\t\t\t\t\t\t\t\t\t\t\t\t\t\t\t\t\t\t\t\t\t\t\t\t\t\t\t\t\t\t\t\t\t\t\t\t\t\t\t\t\t\t\t\t<\/ul>\n\t<\/div>\n\t<div class=\"fusion-date-and-formats\"><div class=\"fusion-date-box updated\"><span class=\"fusion-date\">junio<\/span><span class=\"fusion-month-year\">10:20 pm<\/span><\/div><div class=\"fusion-format-box\"><i class=\"awb-icon-pen\" aria-hidden=\"true\"><\/i><\/div><\/div><div class=\"fusion-post-content post-content\"><h2 class=\"blog-shortcode-post-title entry-title\"><a href=\"https:\/\/ramse.es\/wordpress\/dr-manuel-ortega-calvo-nuevo-academico-numero-de-la-ramse\/\">Dr. Manuel Ortega Calvo Nuevo Acad\u00e9mico de N\u00famero de la RAMSE<\/a><\/h2><p class=\"fusion-single-line-meta\">Por <span class=\"vcard\"><span class=\"fn\"><a href=\"https:\/\/ramse.es\/wordpress\/author\/prensa\/\" title=\"Entradas de Mar\u00eda\" rel=\"author\">Mar\u00eda<\/a><\/span><\/span><span class=\"fusion-inline-sep\">|<\/span><span class=\"updated\" style=\"display:none;\">2021-06-15T14:41:49+02:00<\/span><span>junio 14th, 2021<\/span><span class=\"fusion-inline-sep\">|<\/span>Categor\u00edas: <a href=\"https:\/\/ramse.es\/wordpress\/category\/academico-de-numero\/\" rel=\"category tag\">Acad\u00e9mico de N\u00famero<\/a>, <a href=\"https:\/\/ramse.es\/wordpress\/category\/actos-academicos\/\" rel=\"category tag\">Actos Acad\u00e9micos<\/a><span class=\"fusion-inline-sep\">|<\/span><span class=\"meta-tags\">Etiquetas: <a href=\"https:\/\/ramse.es\/wordpress\/tag\/academico-de-numero\/\" rel=\"tag\">Acad\u00e9mico de N\u00famero<\/a>, <a href=\"https:\/\/ramse.es\/wordpress\/tag\/dr-manuel-ortega-calvo\/\" rel=\"tag\">Dr. Manuel Ortega Calvo<\/a>, <a href=\"https:\/\/ramse.es\/wordpress\/tag\/medicina-familiar-y-comunitaria\/\" rel=\"tag\">Medicina Familiar y Comunitaria<\/a>, <a href=\"https:\/\/ramse.es\/wordpress\/tag\/ramse\/\" rel=\"tag\">RAMSE<\/a><\/span><span class=\"fusion-inline-sep\">|<\/span><\/p><div class=\"fusion-post-content-container\"><p>El Profesor Dr. Manuel Ortega Calvo ha tomado posesi\u00f3n de la plaza de nueva creaci\u00f3n como Acad\u00e9mico de N\u00famero Electo de Medicina Familiar y Comunitaria el domingo, 13 de junio, en una sesi\u00f3n p\u00fablica y extraordinaria que se ha celebrado, a las 12:00 horas, en el Sal\u00f3n Ram\u00f3n y Cajal de la Real Academia de Medicina y Cirug\u00eda de Sevilla (RAMSE). \u201cEl Dise\u00f1o Observacional en Investigaci\u00f3n Cl\u00ednica\u201d es el t\u00edtulo <a href=\"https:\/\/ramse.es\/wordpress\/dr-manuel-ortega-calvo-nuevo-academico-numero-de-la-ramse\/\">[...]<\/a><\/p><\/div><\/div><div class=\"fusion-clearfix\"><\/div><div class=\"fusion-meta-info\"><div class=\"fusion-alignright\"><a class=\"fusion-read-more\" href=\"https:\/\/ramse.es\/wordpress\/dr-manuel-ortega-calvo-nuevo-academico-numero-de-la-ramse\/\" aria-label=\"More on Dr. Manuel Ortega Calvo Nuevo Acad\u00e9mico de N\u00famero de la RAMSE\">Leer M\u00e1s<\/a><\/div><\/div><\/article>\n<article id=\"blog-1-post-3312\" class=\"fusion-post-large-alternate post-3312 post type-post status-publish format-standard has-post-thumbnail hentry category-academico-de-numero category-actos-academicos tag-dr-hugo-galera-ruiz tag-otrorrinolaringologia\">\n\t<style type=\"text\/css\">\n\t\t\n\t\t\n\t\t\n\t\t\n\t\t\t<\/style>\n\n\n\t\t\t<div class=\"fusion-flexslider flexslider fusion-flexslider-loading fusion-post-slideshow\" style=\"\">\n\t\t<ul class=\"slides\">\n\t\t\t\n\t\t\t\t\t\t\t\t\t\t\t\t\t\t<li><div  class=\"fusion-image-wrapper\" aria-haspopup=\"true\">\n\t\t\t\t<img decoding=\"async\" width=\"1013\" height=\"909\" src=\"https:\/\/ramse.es\/wordpress\/wp-content\/uploads\/2021\/05\/DSC_8865.jpg\" class=\"attachment-full size-full wp-post-image\" alt=\"\" srcset=\"https:\/\/ramse.es\/wordpress\/wp-content\/uploads\/2021\/05\/DSC_8865-200x179.jpg 200w, https:\/\/ramse.es\/wordpress\/wp-content\/uploads\/2021\/05\/DSC_8865-400x359.jpg 400w, https:\/\/ramse.es\/wordpress\/wp-content\/uploads\/2021\/05\/DSC_8865-600x538.jpg 600w, https:\/\/ramse.es\/wordpress\/wp-content\/uploads\/2021\/05\/DSC_8865-800x718.jpg 800w, https:\/\/ramse.es\/wordpress\/wp-content\/uploads\/2021\/05\/DSC_8865.jpg 1013w\" sizes=\"(max-width: 1000px) 100vw, 800px\" \/><div class=\"fusion-rollover\">\n\t<div class=\"fusion-rollover-content\">\n\n\t\t\t\t\t\t\t\t\t\t\t\t\t\t<a class=\"fusion-rollover-link\" href=\"https:\/\/ramse.es\/wordpress\/nuevo-academico-de-numero-de-la-ramse-dr-hugo-galera-ruiz\/\">Nuevo Acad\u00e9mico de N\u00famero de la RAMSE, Dr. Hugo Galera Ruiz<\/a>\n\t\t\t\n\t\t\t\t\t\t\t\t\t\t\t\t\t\t\n\t\t\t\t\t\t\t\t\n\t\t\t\t\t\t\t\t\t\t\t\t\t<div class=\"fusion-rollover-sep\"><\/div>\n\t\t\t\t\n\t\t\t\t\t\t\t\t\t\t\t\t\t\t\t\t\t\t<a class=\"fusion-rollover-gallery\" href=\"https:\/\/ramse.es\/wordpress\/wp-content\/uploads\/2021\/05\/DSC_8865.jpg\" data-id=\"3312\" data-rel=\"iLightbox[gallery]\" data-title=\"DSC_8865\" data-caption=\"\">\n\t\t\t\t\t\tGaler\u00eda\t\t\t\t\t<\/a>\n\t\t\t\t\t\t\t\t\t\t\t\t\t\t\n\t\t\n\t\t\t\t\t\t\t\t\n\t\t\t\t\t\t\t\t\n\t\t\n\t\t\t\t\t\t<a class=\"fusion-link-wrapper\" href=\"https:\/\/ramse.es\/wordpress\/nuevo-academico-de-numero-de-la-ramse-dr-hugo-galera-ruiz\/\" aria-label=\"Nuevo Acad\u00e9mico de N\u00famero de la RAMSE, Dr. Hugo Galera Ruiz\"><\/a>\n\t<\/div>\n<\/div>\n<\/div>\n<\/li>\n\t\t\t\n\t\t\t\n\t\t\t\t\t\t\t\t\t\t\t\t\t\t\t\t\t\t\t\t\t\t\t\t\t\t\t\t\t\t\t\t\t\t\t\t\t\t\t\t\t\t\t\t\t\t\t\t\t\t\t\t\t\t\t\t\t\t\t\t\t\t\t\t\t\t\t\t<\/ul>\n\t<\/div>\n\t<div class=\"fusion-date-and-formats\"><div class=\"fusion-date-box updated\"><span class=\"fusion-date\">mayo<\/span><span class=\"fusion-month-year\">5:02 pm<\/span><\/div><div class=\"fusion-format-box\"><i class=\"awb-icon-pen\" aria-hidden=\"true\"><\/i><\/div><\/div><div class=\"fusion-post-content post-content\"><h2 class=\"blog-shortcode-post-title entry-title\"><a href=\"https:\/\/ramse.es\/wordpress\/nuevo-academico-de-numero-de-la-ramse-dr-hugo-galera-ruiz\/\">Nuevo Acad\u00e9mico de N\u00famero de la RAMSE, Dr. Hugo Galera Ruiz<\/a><\/h2><p class=\"fusion-single-line-meta\">Por <span class=\"vcard\"><span class=\"fn\"><a href=\"https:\/\/ramse.es\/wordpress\/author\/prensa\/\" title=\"Entradas de Mar\u00eda\" rel=\"author\">Mar\u00eda<\/a><\/span><\/span><span class=\"fusion-inline-sep\">|<\/span><span class=\"updated\" style=\"display:none;\">2021-05-24T18:35:10+02:00<\/span><span>mayo 23rd, 2021<\/span><span class=\"fusion-inline-sep\">|<\/span>Categor\u00edas: <a href=\"https:\/\/ramse.es\/wordpress\/category\/academico-de-numero\/\" rel=\"category tag\">Acad\u00e9mico de N\u00famero<\/a>, <a href=\"https:\/\/ramse.es\/wordpress\/category\/actos-academicos\/\" rel=\"category tag\">Actos Acad\u00e9micos<\/a><span class=\"fusion-inline-sep\">|<\/span><span class=\"meta-tags\">Etiquetas: <a href=\"https:\/\/ramse.es\/wordpress\/tag\/dr-hugo-galera-ruiz\/\" rel=\"tag\">Dr. Hugo Galera Ruiz<\/a>, <a href=\"https:\/\/ramse.es\/wordpress\/tag\/otrorrinolaringologia\/\" rel=\"tag\">Otrorrinolaringolog\u00eda<\/a><\/span><span class=\"fusion-inline-sep\">|<\/span><\/p><div class=\"fusion-post-content-container\"><p>El Prof. Dr. Hugo Galera Ruiz toma posesi\u00f3n de su plaza como Acad\u00e9mico de N\u00famero Electo el domingo, 23 de mayo, en una sesi\u00f3n p\u00fablica y extraordinaria que se celebrar\u00e1 en el Sal\u00f3n Ram\u00f3n y Cajal de la Real Academia de Medicina y Cirug\u00eda de Sevilla (RAMSE). \u201cCirug\u00eda Oncol\u00f3gica de Laringe\u201d es el t\u00edtulo de su discurso, que ser\u00e1 contestado por el Ilmo. Sr. Dr. D. Jes\u00fas Loscertales Abril. Mientras <a href=\"https:\/\/ramse.es\/wordpress\/nuevo-academico-de-numero-de-la-ramse-dr-hugo-galera-ruiz\/\">[...]<\/a><\/p><\/div><\/div><div class=\"fusion-clearfix\"><\/div><div class=\"fusion-meta-info\"><div class=\"fusion-alignright\"><a class=\"fusion-read-more\" href=\"https:\/\/ramse.es\/wordpress\/nuevo-academico-de-numero-de-la-ramse-dr-hugo-galera-ruiz\/\" aria-label=\"More on Nuevo Acad\u00e9mico de N\u00famero de la RAMSE, Dr. Hugo Galera Ruiz\">Leer M\u00e1s<\/a><\/div><\/div><\/article>\n<article id=\"blog-1-post-3305\" class=\"fusion-post-large-alternate post-3305 post type-post status-publish format-standard has-post-thumbnail hentry category-academico-de-numero category-actos-academicos tag-dr-jorge-dominguez-rodino\">\n\t<style type=\"text\/css\">\n\t\t\n\t\t\n\t\t\n\t\t\n\t\t\t<\/style>\n\n\n\t\t\t<div class=\"fusion-flexslider flexslider fusion-flexslider-loading fusion-post-slideshow\" style=\"\">\n\t\t<ul class=\"slides\">\n\t\t\t\n\t\t\t\t\t\t\t\t\t\t\t\t\t\t<li><div  class=\"fusion-image-wrapper\" aria-haspopup=\"true\">\n\t\t\t\t<img decoding=\"async\" width=\"1295\" height=\"1080\" src=\"https:\/\/ramse.es\/wordpress\/wp-content\/uploads\/2021\/05\/DSC_8732.jpg\" class=\"attachment-full size-full wp-post-image\" alt=\"\" srcset=\"https:\/\/ramse.es\/wordpress\/wp-content\/uploads\/2021\/05\/DSC_8732-200x167.jpg 200w, https:\/\/ramse.es\/wordpress\/wp-content\/uploads\/2021\/05\/DSC_8732-400x334.jpg 400w, https:\/\/ramse.es\/wordpress\/wp-content\/uploads\/2021\/05\/DSC_8732-600x500.jpg 600w, https:\/\/ramse.es\/wordpress\/wp-content\/uploads\/2021\/05\/DSC_8732-800x667.jpg 800w, https:\/\/ramse.es\/wordpress\/wp-content\/uploads\/2021\/05\/DSC_8732-1200x1001.jpg 1200w, https:\/\/ramse.es\/wordpress\/wp-content\/uploads\/2021\/05\/DSC_8732.jpg 1295w\" sizes=\"(max-width: 1000px) 100vw, 800px\" \/><div class=\"fusion-rollover\">\n\t<div class=\"fusion-rollover-content\">\n\n\t\t\t\t\t\t\t\t\t\t\t\t\t\t<a class=\"fusion-rollover-link\" href=\"https:\/\/ramse.es\/wordpress\/el-dr-dominguez-rodino-nuevo-academico-de-numero-en-la-ramse\/\">El Dr. Dom\u00ednguez-Rodi\u00f1o, Nuevo Acad\u00e9mico de N\u00famero en la RAMSE<\/a>\n\t\t\t\n\t\t\t\t\t\t\t\t\t\t\t\t\t\t\n\t\t\t\t\t\t\t\t\n\t\t\t\t\t\t\t\t\t\t\t\t\t<div class=\"fusion-rollover-sep\"><\/div>\n\t\t\t\t\n\t\t\t\t\t\t\t\t\t\t\t\t\t\t\t\t\t\t<a class=\"fusion-rollover-gallery\" href=\"https:\/\/ramse.es\/wordpress\/wp-content\/uploads\/2021\/05\/DSC_8732.jpg\" data-id=\"3305\" data-rel=\"iLightbox[gallery]\" data-title=\"DSC_8732\" data-caption=\"\">\n\t\t\t\t\t\tGaler\u00eda\t\t\t\t\t<\/a>\n\t\t\t\t\t\t\t\t\t\t\t\t\t\t\n\t\t\n\t\t\t\t\t\t\t\t\n\t\t\t\t\t\t\t\t\n\t\t\n\t\t\t\t\t\t<a class=\"fusion-link-wrapper\" href=\"https:\/\/ramse.es\/wordpress\/el-dr-dominguez-rodino-nuevo-academico-de-numero-en-la-ramse\/\" aria-label=\"El Dr. Dom\u00ednguez-Rodi\u00f1o, Nuevo Acad\u00e9mico de N\u00famero en la RAMSE\"><\/a>\n\t<\/div>\n<\/div>\n<\/div>\n<\/li>\n\t\t\t\n\t\t\t\n\t\t\t\t\t\t\t\t\t\t\t\t\t\t\t\t\t\t\t\t\t\t\t\t\t\t\t\t\t\t\t\t\t\t\t\t\t\t\t\t\t\t\t\t\t\t\t\t\t\t\t\t\t\t\t\t\t\t\t\t\t\t\t\t\t\t\t\t<\/ul>\n\t<\/div>\n\t<div class=\"fusion-date-and-formats\"><div class=\"fusion-date-box updated\"><span class=\"fusion-date\">mayo<\/span><span class=\"fusion-month-year\">4:46 pm<\/span><\/div><div class=\"fusion-format-box\"><i class=\"awb-icon-pen\" aria-hidden=\"true\"><\/i><\/div><\/div><div class=\"fusion-post-content post-content\"><h2 class=\"blog-shortcode-post-title entry-title\"><a href=\"https:\/\/ramse.es\/wordpress\/el-dr-dominguez-rodino-nuevo-academico-de-numero-en-la-ramse\/\">El Dr. Dom\u00ednguez-Rodi\u00f1o, Nuevo Acad\u00e9mico de N\u00famero en la RAMSE<\/a><\/h2><p class=\"fusion-single-line-meta\">Por <span class=\"vcard\"><span class=\"fn\"><a href=\"https:\/\/ramse.es\/wordpress\/author\/prensa\/\" title=\"Entradas de Mar\u00eda\" rel=\"author\">Mar\u00eda<\/a><\/span><\/span><span class=\"fusion-inline-sep\">|<\/span><span class=\"updated\" style=\"display:none;\">2021-05-24T18:35:57+02:00<\/span><span>mayo 10th, 2021<\/span><span class=\"fusion-inline-sep\">|<\/span>Categor\u00edas: <a href=\"https:\/\/ramse.es\/wordpress\/category\/academico-de-numero\/\" rel=\"category tag\">Acad\u00e9mico de N\u00famero<\/a>, <a href=\"https:\/\/ramse.es\/wordpress\/category\/actos-academicos\/\" rel=\"category tag\">Actos Acad\u00e9micos<\/a><span class=\"fusion-inline-sep\">|<\/span><span class=\"meta-tags\">Etiquetas: <a href=\"https:\/\/ramse.es\/wordpress\/tag\/dr-jorge-dominguez-rodino\/\" rel=\"tag\">Dr. Jorge Dom\u00ednguez-Rodi\u00f1o<\/a><\/span><span class=\"fusion-inline-sep\">|<\/span><\/p><div class=\"fusion-post-content-container\"><p>El Dr. Jorge Dom\u00ednguez-Rodi\u00f1o ha tomado posesi\u00f3n de su plaza como Acad\u00e9mico de N\u00famero el domingo, 9 de mayo, a las 12:00 h., en una sesi\u00f3n p\u00fablica y extraordinaria que se celebrar\u00e1 en el Sal\u00f3n Ram\u00f3n y Cajal de la Real Academia de Medicina y Cirug\u00eda de Sevilla (RAMSE). \u201cSobre las recepciones de Acad\u00e9micos Numerarios (en ciento setenta y tres ocasiones como esta, 1853-2018)\u201d es el t\u00edtulo de su discurso, <a href=\"https:\/\/ramse.es\/wordpress\/el-dr-dominguez-rodino-nuevo-academico-de-numero-en-la-ramse\/\">[...]<\/a><\/p><\/div><\/div><div class=\"fusion-clearfix\"><\/div><div class=\"fusion-meta-info\"><div class=\"fusion-alignright\"><a class=\"fusion-read-more\" href=\"https:\/\/ramse.es\/wordpress\/el-dr-dominguez-rodino-nuevo-academico-de-numero-en-la-ramse\/\" aria-label=\"More on El Dr. Dom\u00ednguez-Rodi\u00f1o, Nuevo Acad\u00e9mico de N\u00famero en la RAMSE\">Leer M\u00e1s<\/a><\/div><\/div><\/article>\n<article id=\"blog-1-post-3281\" class=\"fusion-post-large-alternate post-3281 post type-post status-publish format-standard has-post-thumbnail hentry category-articulo category-news tag-covid-19 tag-sistema-inmunologico tag-vacunas\">\n\t<style type=\"text\/css\">\n\t\t\n\t\t\n\t\t\n\t\t\n\t\t\t<\/style>\n\n\n\t\t\t<div class=\"fusion-flexslider flexslider fusion-flexslider-loading fusion-post-slideshow\" style=\"\">\n\t\t<ul class=\"slides\">\n\t\t\t\n\t\t\t\t\t\t\t\t\t\t\t\t\t\t<li><div  class=\"fusion-image-wrapper\" aria-haspopup=\"true\">\n\t\t\t\t<img decoding=\"async\" width=\"928\" height=\"577\" src=\"https:\/\/ramse.es\/wordpress\/wp-content\/uploads\/2021\/05\/Vacunas-Covid.png\" class=\"attachment-full size-full wp-post-image\" alt=\"\" srcset=\"https:\/\/ramse.es\/wordpress\/wp-content\/uploads\/2021\/05\/Vacunas-Covid-200x124.png 200w, https:\/\/ramse.es\/wordpress\/wp-content\/uploads\/2021\/05\/Vacunas-Covid-400x249.png 400w, https:\/\/ramse.es\/wordpress\/wp-content\/uploads\/2021\/05\/Vacunas-Covid-600x373.png 600w, https:\/\/ramse.es\/wordpress\/wp-content\/uploads\/2021\/05\/Vacunas-Covid-800x497.png 800w, https:\/\/ramse.es\/wordpress\/wp-content\/uploads\/2021\/05\/Vacunas-Covid.png 928w\" sizes=\"(max-width: 1000px) 100vw, 800px\" \/><div class=\"fusion-rollover\">\n\t<div class=\"fusion-rollover-content\">\n\n\t\t\t\t\t\t\t\t\t\t\t\t\t\t<a class=\"fusion-rollover-link\" href=\"https:\/\/ramse.es\/wordpress\/vacunas-covid-que-son-y-como-nos-protegen\/\">Vacunas COVID \u00bfQu\u00e9 son y c\u00f3mo nos protegen?<\/a>\n\t\t\t\n\t\t\t\t\t\t\t\t\t\t\t\t\t\t\n\t\t\t\t\t\t\t\t\n\t\t\t\t\t\t\t\t\t\t\t\t\t<div class=\"fusion-rollover-sep\"><\/div>\n\t\t\t\t\n\t\t\t\t\t\t\t\t\t\t\t\t\t\t\t\t\t\t<a class=\"fusion-rollover-gallery\" href=\"https:\/\/ramse.es\/wordpress\/wp-content\/uploads\/2021\/05\/Vacunas-Covid.png\" data-id=\"3281\" data-rel=\"iLightbox[gallery]\" data-title=\"Vacunas Covid\" data-caption=\"\">\n\t\t\t\t\t\tGaler\u00eda\t\t\t\t\t<\/a>\n\t\t\t\t\t\t\t\t\t\t\t\t\t\t\n\t\t\n\t\t\t\t\t\t\t\t\n\t\t\t\t\t\t\t\t\n\t\t\n\t\t\t\t\t\t<a class=\"fusion-link-wrapper\" href=\"https:\/\/ramse.es\/wordpress\/vacunas-covid-que-son-y-como-nos-protegen\/\" aria-label=\"Vacunas COVID \u00bfQu\u00e9 son y c\u00f3mo nos protegen?\"><\/a>\n\t<\/div>\n<\/div>\n<\/div>\n<\/li>\n\t\t\t\n\t\t\t\n\t\t\t\t\t\t\t\t\t\t\t\t\t\t\t\t\t\t\t\t\t\t\t\t\t\t\t\t\t\t\t\t\t\t\t\t\t\t\t\t\t\t\t\t\t\t\t\t\t\t\t\t\t\t\t\t\t\t\t\t\t\t\t\t\t\t\t\t<\/ul>\n\t<\/div>\n\t<div class=\"fusion-date-and-formats\"><div class=\"fusion-date-box updated\"><span class=\"fusion-date\">mayo<\/span><span class=\"fusion-month-year\">4:18 pm<\/span><\/div><div class=\"fusion-format-box\"><i class=\"awb-icon-pen\" aria-hidden=\"true\"><\/i><\/div><\/div><div class=\"fusion-post-content post-content\"><h2 class=\"blog-shortcode-post-title entry-title\"><a href=\"https:\/\/ramse.es\/wordpress\/vacunas-covid-que-son-y-como-nos-protegen\/\">Vacunas COVID \u00bfQu\u00e9 son y c\u00f3mo nos protegen?<\/a><\/h2><p class=\"fusion-single-line-meta\">Por <span class=\"vcard\"><span class=\"fn\"><a href=\"https:\/\/ramse.es\/wordpress\/author\/prensa\/\" title=\"Entradas de Mar\u00eda\" rel=\"author\">Mar\u00eda<\/a><\/span><\/span><span class=\"fusion-inline-sep\">|<\/span><span class=\"updated\" style=\"display:none;\">2021-05-23T17:03:19+02:00<\/span><span>mayo 3rd, 2021<\/span><span class=\"fusion-inline-sep\">|<\/span>Categor\u00edas: <a href=\"https:\/\/ramse.es\/wordpress\/category\/articulo\/\" rel=\"category tag\">Art\u00edculo<\/a>, <a href=\"https:\/\/ramse.es\/wordpress\/category\/news\/\" rel=\"category tag\">Noticias<\/a><span class=\"fusion-inline-sep\">|<\/span><span class=\"meta-tags\">Etiquetas: <a href=\"https:\/\/ramse.es\/wordpress\/tag\/covid-19\/\" rel=\"tag\">Covid-19<\/a>, <a href=\"https:\/\/ramse.es\/wordpress\/tag\/sistema-inmunologico\/\" rel=\"tag\">Sistema Inmunol\u00f3gico<\/a>, <a href=\"https:\/\/ramse.es\/wordpress\/tag\/vacunas\/\" rel=\"tag\">Vacunas<\/a><\/span><span class=\"fusion-inline-sep\">|<\/span><\/p><div class=\"fusion-post-content-container\"><p>Compartimos el art\u00edculo titulado VACUNAS COVID \u00bfQU\u00c9 SON Y C\u00d3MO NOS PROTEGEN? realizado por el Prof. Jos\u00e9 Pe\u00f1a Mart\u00ednez, Acad\u00e9mico de n\u00famero de la Real Academia Medicina de Sevilla. Profesor de la Universidad de C\u00f3rdoba. Miembro de la Asociaci\u00f3n Inmunosalud. Leer art\u00edculo completo aqu\u00ed.<\/p><\/div><\/div><div class=\"fusion-clearfix\"><\/div><div class=\"fusion-meta-info\"><div class=\"fusion-alignright\"><a class=\"fusion-read-more\" href=\"https:\/\/ramse.es\/wordpress\/vacunas-covid-que-son-y-como-nos-protegen\/\" aria-label=\"More on Vacunas COVID \u00bfQu\u00e9 son y c\u00f3mo nos protegen?\">Leer M\u00e1s<\/a><\/div><\/div><\/article>\n<article id=\"blog-1-post-3286\" class=\"fusion-post-large-alternate post-3286 post type-post status-publish format-standard has-post-thumbnail hentry category-academicos-correspondientes category-actos-academicos category-news tag-academicos-corresponcdientes\">\n\t<style type=\"text\/css\">\n\t\t\n\t\t\n\t\t\n\t\t\n\t\t\t<\/style>\n\n\n\t\t\t<div class=\"fusion-flexslider flexslider fusion-flexslider-loading fusion-post-slideshow\" style=\"\">\n\t\t<ul class=\"slides\">\n\t\t\t\n\t\t\t\t\t\t\t\t\t\t\t\t\t\t<li><div  class=\"fusion-image-wrapper\" aria-haspopup=\"true\">\n\t\t\t\t<img decoding=\"async\" width=\"877\" height=\"959\" src=\"https:\/\/ramse.es\/wordpress\/wp-content\/uploads\/2021\/05\/Acade\u0301micos-Correspondiente-RAMSE.-29-abril-2021.jpg\" class=\"attachment-full size-full wp-post-image\" alt=\"\" srcset=\"https:\/\/ramse.es\/wordpress\/wp-content\/uploads\/2021\/05\/Acade\u0301micos-Correspondiente-RAMSE.-29-abril-2021-200x219.jpg 200w, https:\/\/ramse.es\/wordpress\/wp-content\/uploads\/2021\/05\/Acade\u0301micos-Correspondiente-RAMSE.-29-abril-2021-400x437.jpg 400w, https:\/\/ramse.es\/wordpress\/wp-content\/uploads\/2021\/05\/Acade\u0301micos-Correspondiente-RAMSE.-29-abril-2021-600x656.jpg 600w, https:\/\/ramse.es\/wordpress\/wp-content\/uploads\/2021\/05\/Acade\u0301micos-Correspondiente-RAMSE.-29-abril-2021-800x875.jpg 800w, https:\/\/ramse.es\/wordpress\/wp-content\/uploads\/2021\/05\/Acade\u0301micos-Correspondiente-RAMSE.-29-abril-2021.jpg 877w\" sizes=\"(max-width: 1000px) 100vw, 800px\" \/><div class=\"fusion-rollover\">\n\t<div class=\"fusion-rollover-content\">\n\n\t\t\t\t\t\t\t\t\t\t\t\t\t\t<a class=\"fusion-rollover-link\" href=\"https:\/\/ramse.es\/wordpress\/una-cirujana-digestiva-un-inmunologo-y-una-cardiologa-nuevos-acacemicos-correspondientes-de-la-ramse\/\">Nuevos Acad\u00e9micos Correspondientes de la RAMSE<\/a>\n\t\t\t\n\t\t\t\t\t\t\t\t\t\t\t\t\t\t\n\t\t\t\t\t\t\t\t\n\t\t\t\t\t\t\t\t\t\t\t\t\t<div class=\"fusion-rollover-sep\"><\/div>\n\t\t\t\t\n\t\t\t\t\t\t\t\t\t\t\t\t\t\t\t\t\t\t<a class=\"fusion-rollover-gallery\" href=\"https:\/\/ramse.es\/wordpress\/wp-content\/uploads\/2021\/05\/Acade\u0301micos-Correspondiente-RAMSE.-29-abril-2021.jpg\" data-id=\"3286\" data-rel=\"iLightbox[gallery]\" data-title=\"Acade\u0301micos Correspondiente RAMSE. 29 abril 2021\" data-caption=\"\">\n\t\t\t\t\t\tGaler\u00eda\t\t\t\t\t<\/a>\n\t\t\t\t\t\t\t\t\t\t\t\t\t\t\n\t\t\n\t\t\t\t\t\t\t\t\n\t\t\t\t\t\t\t\t\n\t\t\n\t\t\t\t\t\t<a class=\"fusion-link-wrapper\" href=\"https:\/\/ramse.es\/wordpress\/una-cirujana-digestiva-un-inmunologo-y-una-cardiologa-nuevos-acacemicos-correspondientes-de-la-ramse\/\" aria-label=\"Nuevos Acad\u00e9micos Correspondientes de la RAMSE\"><\/a>\n\t<\/div>\n<\/div>\n<\/div>\n<\/li>\n\t\t\t\n\t\t\t\n\t\t\t\t\t\t\t\t\t\t\t\t\t\t\t\t\t\t\t\t\t\t\t\t\t\t\t\t\t\t\t\t\t\t\t\t\t\t\t\t\t\t\t\t\t\t\t\t\t\t\t\t\t\t\t\t\t\t\t\t\t\t\t\t\t\t\t\t<\/ul>\n\t<\/div>\n\t<div class=\"fusion-date-and-formats\"><div class=\"fusion-date-box updated\"><span class=\"fusion-date\">abril<\/span><span class=\"fusion-month-year\">4:27 pm<\/span><\/div><div class=\"fusion-format-box\"><i class=\"awb-icon-pen\" aria-hidden=\"true\"><\/i><\/div><\/div><div class=\"fusion-post-content post-content\"><h2 class=\"blog-shortcode-post-title entry-title\"><a href=\"https:\/\/ramse.es\/wordpress\/una-cirujana-digestiva-un-inmunologo-y-una-cardiologa-nuevos-acacemicos-correspondientes-de-la-ramse\/\">Nuevos Acad\u00e9micos Correspondientes de la RAMSE<\/a><\/h2><p class=\"fusion-single-line-meta\">Por <span class=\"vcard\"><span class=\"fn\"><a href=\"https:\/\/ramse.es\/wordpress\/author\/prensa\/\" title=\"Entradas de Mar\u00eda\" rel=\"author\">Mar\u00eda<\/a><\/span><\/span><span class=\"fusion-inline-sep\">|<\/span><span class=\"updated\" style=\"display:none;\">2021-05-24T18:36:57+02:00<\/span><span>abril 30th, 2021<\/span><span class=\"fusion-inline-sep\">|<\/span>Categor\u00edas: <a href=\"https:\/\/ramse.es\/wordpress\/category\/actos-academicos\/academicos-correspondientes\/\" rel=\"category tag\">Acad\u00e9micos Correspondientes<\/a>, <a href=\"https:\/\/ramse.es\/wordpress\/category\/actos-academicos\/\" rel=\"category tag\">Actos Acad\u00e9micos<\/a>, <a href=\"https:\/\/ramse.es\/wordpress\/category\/news\/\" rel=\"category tag\">Noticias<\/a><span class=\"fusion-inline-sep\">|<\/span><span class=\"meta-tags\">Etiquetas: <a href=\"https:\/\/ramse.es\/wordpress\/tag\/academicos-corresponcdientes\/\" rel=\"tag\">Acad\u00e9micos Corresponcdientes<\/a><\/span><span class=\"fusion-inline-sep\">|<\/span><\/p><div class=\"fusion-post-content-container\"><p>La Real Academia de Medicina y Cirug\u00eda de Sevilla (RAMSE) ha celebrado el acto de recepci\u00f3n de tres nuevos Acad\u00e9micos Correspondientes Electos. Estos son sus CV y lo que significa para ellos formar parte de esta docta casa. Dra. Mar\u00eda del Carmen Delgado Jim\u00e9nez Especialista en Cirug\u00eda General y Digestiva, Delgado ha cursado Master en Senolog\u00eda y Patolog\u00eda Mamaria. Durante los \u00faltimos 15 a\u00f1os, coordina la Unidad de Mama del <a href=\"https:\/\/ramse.es\/wordpress\/una-cirujana-digestiva-un-inmunologo-y-una-cardiologa-nuevos-acacemicos-correspondientes-de-la-ramse\/\">[...]<\/a><\/p><\/div><\/div><div class=\"fusion-clearfix\"><\/div><div class=\"fusion-meta-info\"><div class=\"fusion-alignright\"><a class=\"fusion-read-more\" href=\"https:\/\/ramse.es\/wordpress\/una-cirujana-digestiva-un-inmunologo-y-una-cardiologa-nuevos-acacemicos-correspondientes-de-la-ramse\/\" aria-label=\"More on Nuevos Acad\u00e9micos Correspondientes de la RAMSE\">Leer M\u00e1s<\/a><\/div><\/div><\/article>\n<article id=\"blog-1-post-3233\" class=\"fusion-post-large-alternate post-3233 post type-post status-publish format-standard has-post-thumbnail hentry category-academicos-correspondientes category-actos-academicos category-news tag-ramse\">\n\t<style type=\"text\/css\">\n\t\t\n\t\t\n\t\t\n\t\t\n\t\t\t<\/style>\n\n\n\t\t\t<div class=\"fusion-flexslider flexslider fusion-flexslider-loading fusion-post-slideshow\" style=\"\">\n\t\t<ul class=\"slides\">\n\t\t\t\n\t\t\t\t\t\t\t\t\t\t\t\t\t\t<li><div  class=\"fusion-image-wrapper\" aria-haspopup=\"true\">\n\t\t\t\t<img decoding=\"async\" width=\"1048\" height=\"958\" src=\"https:\/\/ramse.es\/wordpress\/wp-content\/uploads\/2021\/03\/Acade\u0301micos-Correspondiente-RAMSE.jpg\" class=\"attachment-full size-full wp-post-image\" alt=\"\" srcset=\"https:\/\/ramse.es\/wordpress\/wp-content\/uploads\/2021\/03\/Acade\u0301micos-Correspondiente-RAMSE-200x183.jpg 200w, https:\/\/ramse.es\/wordpress\/wp-content\/uploads\/2021\/03\/Acade\u0301micos-Correspondiente-RAMSE-400x366.jpg 400w, https:\/\/ramse.es\/wordpress\/wp-content\/uploads\/2021\/03\/Acade\u0301micos-Correspondiente-RAMSE-600x548.jpg 600w, https:\/\/ramse.es\/wordpress\/wp-content\/uploads\/2021\/03\/Acade\u0301micos-Correspondiente-RAMSE-800x731.jpg 800w, https:\/\/ramse.es\/wordpress\/wp-content\/uploads\/2021\/03\/Acade\u0301micos-Correspondiente-RAMSE.jpg 1048w\" sizes=\"(max-width: 1000px) 100vw, 800px\" \/><div class=\"fusion-rollover\">\n\t<div class=\"fusion-rollover-content\">\n\n\t\t\t\t\t\t\t\t\t\t\t\t\t\t<a class=\"fusion-rollover-link\" href=\"https:\/\/ramse.es\/wordpress\/tres-nuevos-academicos-correspondientes-en-la-ramse\/\">Recepci\u00f3n de nuevos Acad\u00e9micos Correspondientes en la RAMSE<\/a>\n\t\t\t\n\t\t\t\t\t\t\t\t\t\t\t\t\t\t\n\t\t\t\t\t\t\t\t\n\t\t\t\t\t\t\t\t\t\t\t\t\t<div class=\"fusion-rollover-sep\"><\/div>\n\t\t\t\t\n\t\t\t\t\t\t\t\t\t\t\t\t\t\t\t\t\t\t<a class=\"fusion-rollover-gallery\" href=\"https:\/\/ramse.es\/wordpress\/wp-content\/uploads\/2021\/03\/Acade\u0301micos-Correspondiente-RAMSE.jpg\" data-id=\"3233\" data-rel=\"iLightbox[gallery]\" data-title=\"Acade\u0301micos Correspondiente RAMSE\" data-caption=\"\">\n\t\t\t\t\t\tGaler\u00eda\t\t\t\t\t<\/a>\n\t\t\t\t\t\t\t\t\t\t\t\t\t\t\n\t\t\n\t\t\t\t\t\t\t\t\n\t\t\t\t\t\t\t\t\n\t\t\n\t\t\t\t\t\t<a class=\"fusion-link-wrapper\" href=\"https:\/\/ramse.es\/wordpress\/tres-nuevos-academicos-correspondientes-en-la-ramse\/\" aria-label=\"Recepci\u00f3n de nuevos Acad\u00e9micos Correspondientes en la RAMSE\"><\/a>\n\t<\/div>\n<\/div>\n<\/div>\n<\/li>\n\t\t\t\n\t\t\t\n\t\t\t\t\t\t\t\t\t\t\t\t\t\t\t\t\t\t\t\t\t\t\t\t\t\t\t\t\t\t\t\t\t\t\t\t\t\t\t\t\t\t\t\t\t\t\t\t\t\t\t\t\t\t\t\t\t\t\t\t\t\t\t\t\t\t\t\t<\/ul>\n\t<\/div>\n\t<div class=\"fusion-date-and-formats\"><div class=\"fusion-date-box updated\"><span class=\"fusion-date\">marzo<\/span><span class=\"fusion-month-year\">12:50 pm<\/span><\/div><div class=\"fusion-format-box\"><i class=\"awb-icon-pen\" aria-hidden=\"true\"><\/i><\/div><\/div><div class=\"fusion-post-content post-content\"><h2 class=\"blog-shortcode-post-title entry-title\"><a href=\"https:\/\/ramse.es\/wordpress\/tres-nuevos-academicos-correspondientes-en-la-ramse\/\">Recepci\u00f3n de nuevos Acad\u00e9micos Correspondientes en la RAMSE<\/a><\/h2><p class=\"fusion-single-line-meta\">Por <span class=\"vcard\"><span class=\"fn\"><a href=\"https:\/\/ramse.es\/wordpress\/author\/prensa\/\" title=\"Entradas de Mar\u00eda\" rel=\"author\">Mar\u00eda<\/a><\/span><\/span><span class=\"fusion-inline-sep\">|<\/span><span class=\"updated\" style=\"display:none;\">2021-05-24T18:38:18+02:00<\/span><span>marzo 20th, 2021<\/span><span class=\"fusion-inline-sep\">|<\/span>Categor\u00edas: <a href=\"https:\/\/ramse.es\/wordpress\/category\/actos-academicos\/academicos-correspondientes\/\" rel=\"category tag\">Acad\u00e9micos Correspondientes<\/a>, <a href=\"https:\/\/ramse.es\/wordpress\/category\/actos-academicos\/\" rel=\"category tag\">Actos Acad\u00e9micos<\/a>, <a href=\"https:\/\/ramse.es\/wordpress\/category\/news\/\" rel=\"category tag\">Noticias<\/a><span class=\"fusion-inline-sep\">|<\/span><span class=\"meta-tags\">Etiquetas: <a href=\"https:\/\/ramse.es\/wordpress\/tag\/ramse\/\" rel=\"tag\">RAMSE<\/a><\/span><span class=\"fusion-inline-sep\">|<\/span><\/p><div class=\"fusion-post-content-container\"><p>La Real Academia de Medicina y Cirug\u00eda de Sevilla (RAMSE) ha celebrado una sesi\u00f3n solemne: la recepci\u00f3n de tres nuevos Acad\u00e9micos Correspondientes. Se trata de los doctores Dr. D. Emilio L\u00f3pez Vidriero, especialista en Traumatolog\u00eda; Dr. D. Julio S\u00e1nchez Rom\u00e1n, especialista en Medicina Interna y Dr. D. Manuel Rodr\u00edguez Navarro, especialista en Gesti\u00f3n Hospitalaria. El acto de toma de posesi\u00f3n tuvo lugar en el Sal\u00f3n Ram\u00f3n y Cajal de la <a href=\"https:\/\/ramse.es\/wordpress\/tres-nuevos-academicos-correspondientes-en-la-ramse\/\">[...]<\/a><\/p><\/div><\/div><div class=\"fusion-clearfix\"><\/div><div class=\"fusion-meta-info\"><div class=\"fusion-alignright\"><a class=\"fusion-read-more\" href=\"https:\/\/ramse.es\/wordpress\/tres-nuevos-academicos-correspondientes-en-la-ramse\/\" aria-label=\"More on Recepci\u00f3n de nuevos Acad\u00e9micos Correspondientes en la RAMSE\">Leer M\u00e1s<\/a><\/div><\/div><\/article>\n<article id=\"blog-1-post-3225\" class=\"fusion-post-large-alternate post-3225 post type-post status-publish format-standard has-post-thumbnail hentry category-necrologica category-news category-prensa tag-academico-de-numero tag-ignacio-gomez-de-terreros tag-pedro-blasco-huelva\">\n\t<style type=\"text\/css\">\n\t\t\n\t\t\n\t\t\n\t\t\n\t\t\t<\/style>\n\n\n\t\t\t<div class=\"fusion-flexslider flexslider fusion-flexslider-loading fusion-post-slideshow\" style=\"\">\n\t\t<ul class=\"slides\">\n\t\t\t\n\t\t\t\t\t\t\t\t\t\t\t\t\t\t<li><div  class=\"fusion-image-wrapper\" aria-haspopup=\"true\">\n\t\t\t\t<img decoding=\"async\" width=\"788\" height=\"1050\" src=\"https:\/\/ramse.es\/wordpress\/wp-content\/uploads\/2020\/06\/D.-Pedro-Blasco.jpg\" class=\"attachment-full size-full wp-post-image\" alt=\"\" srcset=\"https:\/\/ramse.es\/wordpress\/wp-content\/uploads\/2020\/06\/D.-Pedro-Blasco-200x266.jpg 200w, https:\/\/ramse.es\/wordpress\/wp-content\/uploads\/2020\/06\/D.-Pedro-Blasco-400x533.jpg 400w, https:\/\/ramse.es\/wordpress\/wp-content\/uploads\/2020\/06\/D.-Pedro-Blasco-600x799.jpg 600w, https:\/\/ramse.es\/wordpress\/wp-content\/uploads\/2020\/06\/D.-Pedro-Blasco.jpg 788w\" sizes=\"(max-width: 1000px) 100vw, 788px\" \/><div class=\"fusion-rollover\">\n\t<div class=\"fusion-rollover-content\">\n\n\t\t\t\t\t\t\t\t\t\t\t\t\t\t<a class=\"fusion-rollover-link\" href=\"https:\/\/ramse.es\/wordpress\/prestigioso-epidemiologo-y-destacado-medico-de-la-sanidad-nacional\/\">Prestigioso Epidemi\u00f3logo y destacado m\u00e9dico: D. Pedro Blasco Huelva<\/a>\n\t\t\t\n\t\t\t\t\t\t\t\t\t\t\t\t\t\t\n\t\t\t\t\t\t\t\t\n\t\t\t\t\t\t\t\t\t\t\t\t\t<div class=\"fusion-rollover-sep\"><\/div>\n\t\t\t\t\n\t\t\t\t\t\t\t\t\t\t\t\t\t\t\t\t\t\t<a class=\"fusion-rollover-gallery\" href=\"https:\/\/ramse.es\/wordpress\/wp-content\/uploads\/2020\/06\/D.-Pedro-Blasco.jpg\" data-id=\"3225\" data-rel=\"iLightbox[gallery]\" data-title=\"D. Pedro Blasco\" data-caption=\"\">\n\t\t\t\t\t\tGaler\u00eda\t\t\t\t\t<\/a>\n\t\t\t\t\t\t\t\t\t\t\t\t\t\t\n\t\t\n\t\t\t\t\t\t\t\t\n\t\t\t\t\t\t\t\t\n\t\t\n\t\t\t\t\t\t<a class=\"fusion-link-wrapper\" href=\"https:\/\/ramse.es\/wordpress\/prestigioso-epidemiologo-y-destacado-medico-de-la-sanidad-nacional\/\" aria-label=\"Prestigioso Epidemi\u00f3logo y destacado m\u00e9dico: D. Pedro Blasco Huelva\"><\/a>\n\t<\/div>\n<\/div>\n<\/div>\n<\/li>\n\t\t\t\n\t\t\t\n\t\t\t\t\t\t\t\t\t\t\t\t\t\t\t\t\t\t\t\t\t\t\t\t\t\t\t\t\t\t\t\t\t\t\t\t\t\t\t\t\t\t\t\t\t\t\t\t\t\t\t\t\t\t\t\t\t\t\t\t\t\t\t\t\t\t\t\t<\/ul>\n\t<\/div>\n\t<div class=\"fusion-date-and-formats\"><div class=\"fusion-date-box updated\"><span class=\"fusion-date\">febrero<\/span><span class=\"fusion-month-year\">1:59 pm<\/span><\/div><div class=\"fusion-format-box\"><i class=\"awb-icon-pen\" aria-hidden=\"true\"><\/i><\/div><\/div><div class=\"fusion-post-content post-content\"><h2 class=\"blog-shortcode-post-title entry-title\"><a href=\"https:\/\/ramse.es\/wordpress\/prestigioso-epidemiologo-y-destacado-medico-de-la-sanidad-nacional\/\">Prestigioso Epidemi\u00f3logo y destacado m\u00e9dico: D. Pedro Blasco Huelva<\/a><\/h2><p class=\"fusion-single-line-meta\">Por <span class=\"vcard\"><span class=\"fn\"><a href=\"https:\/\/ramse.es\/wordpress\/author\/prensa\/\" title=\"Entradas de Mar\u00eda\" rel=\"author\">Mar\u00eda<\/a><\/span><\/span><span class=\"fusion-inline-sep\">|<\/span><span class=\"updated\" style=\"display:none;\">2021-02-19T14:20:22+02:00<\/span><span>febrero 16th, 2021<\/span><span class=\"fusion-inline-sep\">|<\/span>Categor\u00edas: <a href=\"https:\/\/ramse.es\/wordpress\/category\/necrologica\/\" rel=\"category tag\">Necrol\u00f3gica<\/a>, <a href=\"https:\/\/ramse.es\/wordpress\/category\/news\/\" rel=\"category tag\">Noticias<\/a>, <a href=\"https:\/\/ramse.es\/wordpress\/category\/prensa\/\" rel=\"category tag\">Prensa<\/a><span class=\"fusion-inline-sep\">|<\/span><span class=\"meta-tags\">Etiquetas: <a href=\"https:\/\/ramse.es\/wordpress\/tag\/academico-de-numero\/\" rel=\"tag\">Acad\u00e9mico de N\u00famero<\/a>, <a href=\"https:\/\/ramse.es\/wordpress\/tag\/ignacio-gomez-de-terreros\/\" rel=\"tag\">Ignacio G\u00f3mez de Terreros<\/a>, <a href=\"https:\/\/ramse.es\/wordpress\/tag\/pedro-blasco-huelva\/\" rel=\"tag\">Pedro Blasco Huelva<\/a><\/span><span class=\"fusion-inline-sep\">|<\/span><\/p><div class=\"fusion-post-content-container\"><p>Prestigioso Epidemi\u00f3logo y destacado m\u00e9dico de la Sanidad Nacional Pedro Manuel Blasco Huelva (1934-2021). El pasado d\u00eda 4 de febrero falleci\u00f3 en nuestra ciudad el Dr. Pedro Manuel Blasco Huelva a los 86 a\u00f1os de edad. Su muerte se produce precisamente en plena pandemia del Covid-19, cuando m\u00e1s lo necesit\u00e1bamos dada su experiencia en la lucha contra brotes epid\u00e9micos. Naci\u00f3 en Sevilla en cuya Facultad de Me\u00addicina curs\u00f3 sus estudios <a href=\"https:\/\/ramse.es\/wordpress\/prestigioso-epidemiologo-y-destacado-medico-de-la-sanidad-nacional\/\">[...]<\/a><\/p><\/div><\/div><div class=\"fusion-clearfix\"><\/div><div class=\"fusion-meta-info\"><div class=\"fusion-alignright\"><a class=\"fusion-read-more\" href=\"https:\/\/ramse.es\/wordpress\/prestigioso-epidemiologo-y-destacado-medico-de-la-sanidad-nacional\/\" aria-label=\"More on Prestigioso Epidemi\u00f3logo y destacado m\u00e9dico: D. Pedro Blasco Huelva\">Leer M\u00e1s<\/a><\/div><\/div><\/article>\n<article id=\"blog-1-post-3210\" class=\"fusion-post-large-alternate post-3210 post type-post status-publish format-standard has-post-thumbnail hentry category-necrologica category-news category-prensa tag-academico-numero tag-pedroblasco-huelva\">\n\t<style type=\"text\/css\">\n\t\t\n\t\t\n\t\t\n\t\t\n\t\t\t<\/style>\n\n\n\t\t\t<div class=\"fusion-flexslider flexslider fusion-flexslider-loading fusion-post-slideshow\" style=\"\">\n\t\t<ul class=\"slides\">\n\t\t\t\n\t\t\t\t\t\t\t\t\t\t\t\t\t\t<li><div  class=\"fusion-image-wrapper\" aria-haspopup=\"true\">\n\t\t\t\t<img decoding=\"async\" width=\"900\" height=\"1200\" src=\"https:\/\/ramse.es\/wordpress\/wp-content\/uploads\/2021\/02\/Pedro-Blasco.jpg\" class=\"attachment-full size-full wp-post-image\" alt=\"\" srcset=\"https:\/\/ramse.es\/wordpress\/wp-content\/uploads\/2021\/02\/Pedro-Blasco-200x267.jpg 200w, https:\/\/ramse.es\/wordpress\/wp-content\/uploads\/2021\/02\/Pedro-Blasco-400x533.jpg 400w, https:\/\/ramse.es\/wordpress\/wp-content\/uploads\/2021\/02\/Pedro-Blasco-600x800.jpg 600w, https:\/\/ramse.es\/wordpress\/wp-content\/uploads\/2021\/02\/Pedro-Blasco-800x1067.jpg 800w, https:\/\/ramse.es\/wordpress\/wp-content\/uploads\/2021\/02\/Pedro-Blasco.jpg 900w\" sizes=\"(max-width: 1000px) 100vw, 800px\" \/><div class=\"fusion-rollover\">\n\t<div class=\"fusion-rollover-content\">\n\n\t\t\t\t\t\t\t\t\t\t\t\t\t\t<a class=\"fusion-rollover-link\" href=\"https:\/\/ramse.es\/wordpress\/necrologica-dr-pedro-blasco\/\">Necrol\u00f3gica Dr. Pedro Blasco Huelva<\/a>\n\t\t\t\n\t\t\t\t\t\t\t\t\t\t\t\t\t\t\n\t\t\t\t\t\t\t\t\n\t\t\t\t\t\t\t\t\t\t\t\t\t<div class=\"fusion-rollover-sep\"><\/div>\n\t\t\t\t\n\t\t\t\t\t\t\t\t\t\t\t\t\t\t\t\t\t\t<a class=\"fusion-rollover-gallery\" href=\"https:\/\/ramse.es\/wordpress\/wp-content\/uploads\/2021\/02\/Pedro-Blasco.jpg\" data-id=\"3210\" data-rel=\"iLightbox[gallery]\" data-title=\"Pedro Blasco\" data-caption=\"\">\n\t\t\t\t\t\tGaler\u00eda\t\t\t\t\t<\/a>\n\t\t\t\t\t\t\t\t\t\t\t\t\t\t\n\t\t\n\t\t\t\t\t\t\t\t\n\t\t\t\t\t\t\t\t\n\t\t\n\t\t\t\t\t\t<a class=\"fusion-link-wrapper\" href=\"https:\/\/ramse.es\/wordpress\/necrologica-dr-pedro-blasco\/\" aria-label=\"Necrol\u00f3gica Dr. Pedro Blasco Huelva\"><\/a>\n\t<\/div>\n<\/div>\n<\/div>\n<\/li>\n\t\t\t\n\t\t\t\n\t\t\t\t\t\t\t\t\t\t\t\t\t\t\t\t\t\t\t\t\t\t\t\t\t\t\t\t\t\t\t\t\t\t\t\t\t\t\t\t\t\t\t\t\t\t\t\t\t\t\t\t\t\t\t\t\t\t\t\t\t\t\t\t\t\t\t\t<\/ul>\n\t<\/div>\n\t<div class=\"fusion-date-and-formats\"><div class=\"fusion-date-box updated\"><span class=\"fusion-date\">febrero<\/span><span class=\"fusion-month-year\">2:10 pm<\/span><\/div><div class=\"fusion-format-box\"><i class=\"awb-icon-pen\" aria-hidden=\"true\"><\/i><\/div><\/div><div class=\"fusion-post-content post-content\"><h2 class=\"blog-shortcode-post-title entry-title\"><a href=\"https:\/\/ramse.es\/wordpress\/necrologica-dr-pedro-blasco\/\">Necrol\u00f3gica Dr. Pedro Blasco Huelva<\/a><\/h2><p class=\"fusion-single-line-meta\">Por <span class=\"vcard\"><span class=\"fn\"><a href=\"https:\/\/ramse.es\/wordpress\/author\/prensa\/\" title=\"Entradas de Mar\u00eda\" rel=\"author\">Mar\u00eda<\/a><\/span><\/span><span class=\"fusion-inline-sep\">|<\/span><span class=\"updated\" style=\"display:none;\">2021-04-20T18:14:23+02:00<\/span><span>febrero 15th, 2021<\/span><span class=\"fusion-inline-sep\">|<\/span>Categor\u00edas: <a href=\"https:\/\/ramse.es\/wordpress\/category\/necrologica\/\" rel=\"category tag\">Necrol\u00f3gica<\/a>, <a href=\"https:\/\/ramse.es\/wordpress\/category\/news\/\" rel=\"category tag\">Noticias<\/a>, <a href=\"https:\/\/ramse.es\/wordpress\/category\/prensa\/\" rel=\"category tag\">Prensa<\/a><span class=\"fusion-inline-sep\">|<\/span><span class=\"meta-tags\">Etiquetas: <a href=\"https:\/\/ramse.es\/wordpress\/tag\/academico-numero\/\" rel=\"tag\">Acad\u00e9mico N\u00famero<\/a>, <a href=\"https:\/\/ramse.es\/wordpress\/tag\/pedroblasco-huelva\/\" rel=\"tag\">PedroBlasco Huelva<\/a><\/span><span class=\"fusion-inline-sep\">|<\/span><\/p><div class=\"fusion-post-content-container\"><p>Desde la Real Academia de Medicina y Cirug\u00eda de Sevilla lamentamos profundamente el fallecimiento del Acad\u00e9mico de N\u00famero de esta instituci\u00f3n, Illmo. Dr. D. Pedro Blasco Huelva, fallecido el pasado 4 de febrero de 2021. El Dr. D. Pedro Blasco tom\u00f3 posesi\u00f3n el 27 de noviembre de 1983 con el discurso titulado \u00abEducaci\u00f3n para la salud\u00bb. Le respondi\u00f3, en nombre de la corporaci\u00f3n, el Ilmo. Sr. Dr. D. Rafael Mart\u00ednez <a href=\"https:\/\/ramse.es\/wordpress\/necrologica-dr-pedro-blasco\/\">[...]<\/a><\/p><\/div><\/div><div class=\"fusion-clearfix\"><\/div><div class=\"fusion-meta-info\"><div class=\"fusion-alignright\"><a class=\"fusion-read-more\" href=\"https:\/\/ramse.es\/wordpress\/necrologica-dr-pedro-blasco\/\" aria-label=\"More on Necrol\u00f3gica Dr. Pedro Blasco Huelva\">Leer M\u00e1s<\/a><\/div><\/div><\/article>\n<article id=\"blog-1-post-3222\" class=\"fusion-post-large-alternate post-3222 post type-post status-publish format-standard has-post-thumbnail hentry category-news category-opinion category-prensa tag-dr-jose-maria-rubio tag-eutanasia\">\n\t<style type=\"text\/css\">\n\t\t\n\t\t\n\t\t\n\t\t\n\t\t\t<\/style>\n\n\n\t\t\t<div class=\"fusion-flexslider flexslider fusion-flexslider-loading fusion-post-slideshow\" style=\"\">\n\t\t<ul class=\"slides\">\n\t\t\t\n\t\t\t\t\t\t\t\t\t\t\t\t\t\t<li><div  class=\"fusion-image-wrapper\" aria-haspopup=\"true\">\n\t\t\t\t<img decoding=\"async\" width=\"591\" height=\"279\" src=\"https:\/\/ramse.es\/wordpress\/wp-content\/uploads\/2021\/02\/Articulo-Dr.-Rubio.jpg\" class=\"attachment-full size-full wp-post-image\" alt=\"\" srcset=\"https:\/\/ramse.es\/wordpress\/wp-content\/uploads\/2021\/02\/Articulo-Dr.-Rubio-200x94.jpg 200w, https:\/\/ramse.es\/wordpress\/wp-content\/uploads\/2021\/02\/Articulo-Dr.-Rubio-400x189.jpg 400w, https:\/\/ramse.es\/wordpress\/wp-content\/uploads\/2021\/02\/Articulo-Dr.-Rubio.jpg 591w\" sizes=\"(max-width: 1000px) 100vw, 591px\" \/><div class=\"fusion-rollover\">\n\t<div class=\"fusion-rollover-content\">\n\n\t\t\t\t\t\t\t\t\t\t\t\t\t\t<a class=\"fusion-rollover-link\" href=\"https:\/\/ramse.es\/wordpress\/tribuna-la-ayuda-medica-al-bien-morir\/\">Tribuna | La ayuda m\u00e9dica al bien morir<\/a>\n\t\t\t\n\t\t\t\t\t\t\t\t\t\t\t\t\t\t\n\t\t\t\t\t\t\t\t\n\t\t\t\t\t\t\t\t\t\t\t\t\t<div class=\"fusion-rollover-sep\"><\/div>\n\t\t\t\t\n\t\t\t\t\t\t\t\t\t\t\t\t\t\t\t\t\t\t<a class=\"fusion-rollover-gallery\" href=\"https:\/\/ramse.es\/wordpress\/wp-content\/uploads\/2021\/02\/Articulo-Dr.-Rubio.jpg\" data-id=\"3222\" data-rel=\"iLightbox[gallery]\" data-title=\"Articulo Dr. Rubio\" data-caption=\"\">\n\t\t\t\t\t\tGaler\u00eda\t\t\t\t\t<\/a>\n\t\t\t\t\t\t\t\t\t\t\t\t\t\t\n\t\t\n\t\t\t\t\t\t\t\t\n\t\t\t\t\t\t\t\t\n\t\t\n\t\t\t\t\t\t<a class=\"fusion-link-wrapper\" href=\"https:\/\/ramse.es\/wordpress\/tribuna-la-ayuda-medica-al-bien-morir\/\" aria-label=\"Tribuna | La ayuda m\u00e9dica al bien morir\"><\/a>\n\t<\/div>\n<\/div>\n<\/div>\n<\/li>\n\t\t\t\n\t\t\t\n\t\t\t\t\t\t\t\t\t\t\t\t\t\t\t\t\t\t\t\t\t\t\t\t\t\t\t\t\t\t\t\t\t\t\t\t\t\t\t\t\t\t\t\t\t\t\t\t\t\t\t\t\t\t\t\t\t\t\t\t\t\t\t\t\t\t\t\t<\/ul>\n\t<\/div>\n\t<div class=\"fusion-date-and-formats\"><div class=\"fusion-date-box updated\"><span class=\"fusion-date\">febrero<\/span><span class=\"fusion-month-year\">2:52 pm<\/span><\/div><div class=\"fusion-format-box\"><i class=\"awb-icon-pen\" aria-hidden=\"true\"><\/i><\/div><\/div><div class=\"fusion-post-content post-content\"><h2 class=\"blog-shortcode-post-title entry-title\"><a href=\"https:\/\/ramse.es\/wordpress\/tribuna-la-ayuda-medica-al-bien-morir\/\">Tribuna | La ayuda m\u00e9dica al bien morir<\/a><\/h2><p class=\"fusion-single-line-meta\">Por <span class=\"vcard\"><span class=\"fn\"><a href=\"https:\/\/ramse.es\/wordpress\/author\/prensa\/\" title=\"Entradas de Mar\u00eda\" rel=\"author\">Mar\u00eda<\/a><\/span><\/span><span class=\"fusion-inline-sep\">|<\/span><span class=\"updated\" style=\"display:none;\">2021-02-18T14:58:32+02:00<\/span><span>febrero 12th, 2021<\/span><span class=\"fusion-inline-sep\">|<\/span>Categor\u00edas: <a href=\"https:\/\/ramse.es\/wordpress\/category\/news\/\" rel=\"category tag\">Noticias<\/a>, <a href=\"https:\/\/ramse.es\/wordpress\/category\/opinion\/\" rel=\"category tag\">Opini\u00f3n<\/a>, <a href=\"https:\/\/ramse.es\/wordpress\/category\/prensa\/\" rel=\"category tag\">Prensa<\/a><span class=\"fusion-inline-sep\">|<\/span><span class=\"meta-tags\">Etiquetas: <a href=\"https:\/\/ramse.es\/wordpress\/tag\/dr-jose-maria-rubio\/\" rel=\"tag\">Dr. Jose Maria Rubio<\/a>, <a href=\"https:\/\/ramse.es\/wordpress\/tag\/eutanasia\/\" rel=\"tag\">Eutanasia<\/a><\/span><span class=\"fusion-inline-sep\">|<\/span><\/p><div class=\"fusion-post-content-container\"><p>Compartimos el art\u00edculo \"La ayuda m\u00e9dica al bien morir\" escrito por el Acad\u00e9mico de N\u00famero D. Jos\u00e9 Mar\u00eda Rubio en el Diario ABC de Sevilla el 11 de febrero de 2021. Descargar art\u00edculo completo aqu\u00ed. \u00a0<\/p><\/div><\/div><div class=\"fusion-clearfix\"><\/div><div class=\"fusion-meta-info\"><div class=\"fusion-alignright\"><a class=\"fusion-read-more\" href=\"https:\/\/ramse.es\/wordpress\/tribuna-la-ayuda-medica-al-bien-morir\/\" aria-label=\"More on Tribuna | La ayuda m\u00e9dica al bien morir\">Leer M\u00e1s<\/a><\/div><\/div><\/article>\n<article id=\"blog-1-post-3203\" class=\"fusion-post-large-alternate post-3203 post type-post status-publish format-standard has-post-thumbnail hentry category-actividades category-news category-opinion category-prensa tag-real-maestranza-de-caballeria-de-sevilla\">\n\t<style type=\"text\/css\">\n\t\t\n\t\t\n\t\t\n\t\t\n\t\t\t<\/style>\n\n\n\t\t\t<div class=\"fusion-flexslider flexslider fusion-flexslider-loading fusion-post-slideshow\" style=\"\">\n\t\t<ul class=\"slides\">\n\t\t\t\n\t\t\t\t\t\t\t\t\t\t\t\t\t\t<li><div  class=\"fusion-image-wrapper\" aria-haspopup=\"true\">\n\t\t\t\t<img decoding=\"async\" width=\"495\" height=\"327\" src=\"https:\/\/ramse.es\/wordpress\/wp-content\/uploads\/2020\/12\/Diario-Sevilla-1.png\" class=\"attachment-full size-full wp-post-image\" alt=\"\" srcset=\"https:\/\/ramse.es\/wordpress\/wp-content\/uploads\/2020\/12\/Diario-Sevilla-1-200x132.png 200w, https:\/\/ramse.es\/wordpress\/wp-content\/uploads\/2020\/12\/Diario-Sevilla-1-400x264.png 400w, https:\/\/ramse.es\/wordpress\/wp-content\/uploads\/2020\/12\/Diario-Sevilla-1.png 495w\" sizes=\"(max-width: 1000px) 100vw, 495px\" \/><div class=\"fusion-rollover\">\n\t<div class=\"fusion-rollover-content\">\n\n\t\t\t\t\t\t\t\t\t\t\t\t\t\t<a class=\"fusion-rollover-link\" href=\"https:\/\/ramse.es\/wordpress\/dos-reales-instituciones-caminan-juntas\/\">Tribuna | Dos reales instituciones caminan juntas<\/a>\n\t\t\t\n\t\t\t\t\t\t\t\t\t\t\t\t\t\t\n\t\t\t\t\t\t\t\t\n\t\t\t\t\t\t\t\t\t\t\t\t\t<div class=\"fusion-rollover-sep\"><\/div>\n\t\t\t\t\n\t\t\t\t\t\t\t\t\t\t\t\t\t\t\t\t\t\t<a class=\"fusion-rollover-gallery\" href=\"https:\/\/ramse.es\/wordpress\/wp-content\/uploads\/2020\/12\/Diario-Sevilla-1.png\" data-id=\"3203\" data-rel=\"iLightbox[gallery]\" data-title=\"Diario Sevilla\" data-caption=\"\">\n\t\t\t\t\t\tGaler\u00eda\t\t\t\t\t<\/a>\n\t\t\t\t\t\t\t\t\t\t\t\t\t\t\n\t\t\n\t\t\t\t\t\t\t\t\n\t\t\t\t\t\t\t\t\n\t\t\n\t\t\t\t\t\t<a class=\"fusion-link-wrapper\" href=\"https:\/\/ramse.es\/wordpress\/dos-reales-instituciones-caminan-juntas\/\" aria-label=\"Tribuna | Dos reales instituciones caminan juntas\"><\/a>\n\t<\/div>\n<\/div>\n<\/div>\n<\/li>\n\t\t\t\n\t\t\t\n\t\t\t\t\t\t\t\t\t\t\t\t\t\t\t\t\t\t\t\t\t\t\t\t\t\t\t\t\t\t\t\t\t\t\t\t\t\t\t\t\t\t\t\t\t\t\t\t\t\t\t\t\t\t\t\t\t\t\t\t\t\t\t\t\t\t\t\t<\/ul>\n\t<\/div>\n\t<div class=\"fusion-date-and-formats\"><div class=\"fusion-date-box updated\"><span class=\"fusion-date\">diciembre<\/span><span class=\"fusion-month-year\">1:51 pm<\/span><\/div><div class=\"fusion-format-box\"><i class=\"awb-icon-pen\" aria-hidden=\"true\"><\/i><\/div><\/div><div class=\"fusion-post-content post-content\"><h2 class=\"blog-shortcode-post-title entry-title\"><a href=\"https:\/\/ramse.es\/wordpress\/dos-reales-instituciones-caminan-juntas\/\">Tribuna | Dos reales instituciones caminan juntas<\/a><\/h2><p class=\"fusion-single-line-meta\">Por <span class=\"vcard\"><span class=\"fn\"><a href=\"https:\/\/ramse.es\/wordpress\/author\/prensa\/\" title=\"Entradas de Mar\u00eda\" rel=\"author\">Mar\u00eda<\/a><\/span><\/span><span class=\"fusion-inline-sep\">|<\/span><span class=\"updated\" style=\"display:none;\">2021-02-18T15:00:56+02:00<\/span><span>diciembre 11th, 2020<\/span><span class=\"fusion-inline-sep\">|<\/span>Categor\u00edas: <a href=\"https:\/\/ramse.es\/wordpress\/category\/news\/actividades\/\" rel=\"category tag\">Actividades<\/a>, <a href=\"https:\/\/ramse.es\/wordpress\/category\/news\/\" rel=\"category tag\">Noticias<\/a>, <a href=\"https:\/\/ramse.es\/wordpress\/category\/opinion\/\" rel=\"category tag\">Opini\u00f3n<\/a>, <a href=\"https:\/\/ramse.es\/wordpress\/category\/prensa\/\" rel=\"category tag\">Prensa<\/a><span class=\"fusion-inline-sep\">|<\/span><span class=\"meta-tags\">Etiquetas: <a href=\"https:\/\/ramse.es\/wordpress\/tag\/real-maestranza-de-caballeria-de-sevilla\/\" rel=\"tag\">Real Maestranza de Caballer\u00eda de Sevilla<\/a><\/span><span class=\"fusion-inline-sep\">|<\/span><\/p><div class=\"fusion-post-content-container\"><p>Art\u00edculo escrito por el Dr. D. Jes\u00fas Casti\u00f1eiras Fern\u00e1ndez, presidente de la RAMSE, publicado en el Diario de Sevilla. Descargar el art\u00edculo aqu\u00ed<\/p><\/div><\/div><div class=\"fusion-clearfix\"><\/div><div class=\"fusion-meta-info\"><div class=\"fusion-alignright\"><a class=\"fusion-read-more\" href=\"https:\/\/ramse.es\/wordpress\/dos-reales-instituciones-caminan-juntas\/\" aria-label=\"More on Tribuna | Dos reales instituciones caminan juntas\">Leer M\u00e1s<\/a><\/div><\/div><\/article>\n<article id=\"blog-1-post-3175\" class=\"fusion-post-large-alternate post-3175 post type-post status-publish format-standard has-post-thumbnail hentry category-actividades category-news tag-cuadro-rey-alfonso-xiii tag-ramse tag-real-maestranza-de-caballeria-de-sevilla\">\n\t<style type=\"text\/css\">\n\t\t\n\t\t\n\t\t\n\t\t\n\t\t\t<\/style>\n\n\n\t\t\t<div class=\"fusion-flexslider flexslider fusion-flexslider-loading fusion-post-slideshow\" style=\"\">\n\t\t<ul class=\"slides\">\n\t\t\t\n\t\t\t\t\t\t\t\t\t\t\t\t\t\t<li><div  class=\"fusion-image-wrapper\" aria-haspopup=\"true\">\n\t\t\t\t<img decoding=\"async\" width=\"851\" height=\"798\" src=\"https:\/\/ramse.es\/wordpress\/wp-content\/uploads\/2020\/12\/Ramse_Real-Maestranza-1.jpg\" class=\"attachment-full size-full wp-post-image\" alt=\"\" srcset=\"https:\/\/ramse.es\/wordpress\/wp-content\/uploads\/2020\/12\/Ramse_Real-Maestranza-1-200x188.jpg 200w, https:\/\/ramse.es\/wordpress\/wp-content\/uploads\/2020\/12\/Ramse_Real-Maestranza-1-400x375.jpg 400w, https:\/\/ramse.es\/wordpress\/wp-content\/uploads\/2020\/12\/Ramse_Real-Maestranza-1-600x563.jpg 600w, https:\/\/ramse.es\/wordpress\/wp-content\/uploads\/2020\/12\/Ramse_Real-Maestranza-1-800x750.jpg 800w, https:\/\/ramse.es\/wordpress\/wp-content\/uploads\/2020\/12\/Ramse_Real-Maestranza-1.jpg 851w\" sizes=\"(max-width: 1000px) 100vw, 800px\" \/><div class=\"fusion-rollover\">\n\t<div class=\"fusion-rollover-content\">\n\n\t\t\t\t\t\t\t\t\t\t\t\t\t\t<a class=\"fusion-rollover-link\" href=\"https:\/\/ramse.es\/wordpress\/presentacion-del-retrato-del-rey-alfonso-xiii\/\">Presentaci\u00f3n del retrato del Rey Alfonso XIII<\/a>\n\t\t\t\n\t\t\t\t\t\t\t\t\t\t\t\t\t\t\n\t\t\t\t\t\t\t\t\n\t\t\t\t\t\t\t\t\t\t\t\t\t<div class=\"fusion-rollover-sep\"><\/div>\n\t\t\t\t\n\t\t\t\t\t\t\t\t\t\t\t\t\t\t\t\t\t\t<a class=\"fusion-rollover-gallery\" href=\"https:\/\/ramse.es\/wordpress\/wp-content\/uploads\/2020\/12\/Ramse_Real-Maestranza-1.jpg\" data-id=\"3175\" data-rel=\"iLightbox[gallery]\" data-title=\"Ramse_Real Maestranza 1\" data-caption=\"\">\n\t\t\t\t\t\tGaler\u00eda\t\t\t\t\t<\/a>\n\t\t\t\t\t\t\t\t\t\t\t\t\t\t\n\t\t\n\t\t\t\t\t\t\t\t\n\t\t\t\t\t\t\t\t\n\t\t\n\t\t\t\t\t\t<a class=\"fusion-link-wrapper\" href=\"https:\/\/ramse.es\/wordpress\/presentacion-del-retrato-del-rey-alfonso-xiii\/\" aria-label=\"Presentaci\u00f3n del retrato del Rey Alfonso XIII\"><\/a>\n\t<\/div>\n<\/div>\n<\/div>\n<\/li>\n\t\t\t\n\t\t\t\n\t\t\t\t\t\t\t\t\t\t\t\t\t\t\t\t\t\t\t\t\t\t\t\t\t\t\t\t\t\t\t\t\t\t\t\t\t\t\t\t\t\t\t\t\t\t\t\t\t\t\t\t\t\t\t\t\t\t\t\t\t\t\t\t\t\t\t\t<\/ul>\n\t<\/div>\n\t<div class=\"fusion-date-and-formats\"><div class=\"fusion-date-box updated\"><span class=\"fusion-date\">diciembre<\/span><span class=\"fusion-month-year\">1:45 pm<\/span><\/div><div class=\"fusion-format-box\"><i class=\"awb-icon-pen\" aria-hidden=\"true\"><\/i><\/div><\/div><div class=\"fusion-post-content post-content\"><h2 class=\"blog-shortcode-post-title entry-title\"><a href=\"https:\/\/ramse.es\/wordpress\/presentacion-del-retrato-del-rey-alfonso-xiii\/\">Presentaci\u00f3n del retrato del Rey Alfonso XIII<\/a><\/h2><p class=\"fusion-single-line-meta\">Por <span class=\"vcard\"><span class=\"fn\"><a href=\"https:\/\/ramse.es\/wordpress\/author\/prensa\/\" title=\"Entradas de Mar\u00eda\" rel=\"author\">Mar\u00eda<\/a><\/span><\/span><span class=\"fusion-inline-sep\">|<\/span><span class=\"updated\" style=\"display:none;\">2020-12-17T13:46:57+02:00<\/span><span>diciembre 4th, 2020<\/span><span class=\"fusion-inline-sep\">|<\/span>Categor\u00edas: <a href=\"https:\/\/ramse.es\/wordpress\/category\/news\/actividades\/\" rel=\"category tag\">Actividades<\/a>, <a href=\"https:\/\/ramse.es\/wordpress\/category\/news\/\" rel=\"category tag\">Noticias<\/a><span class=\"fusion-inline-sep\">|<\/span><span class=\"meta-tags\">Etiquetas: <a href=\"https:\/\/ramse.es\/wordpress\/tag\/cuadro-rey-alfonso-xiii\/\" rel=\"tag\">Cuadro Rey Alfonso XIII<\/a>, <a href=\"https:\/\/ramse.es\/wordpress\/tag\/ramse\/\" rel=\"tag\">RAMSE<\/a>, <a href=\"https:\/\/ramse.es\/wordpress\/tag\/real-maestranza-de-caballeria-de-sevilla\/\" rel=\"tag\">Real Maestranza de Caballer\u00eda de Sevilla<\/a><\/span><span class=\"fusion-inline-sep\">|<\/span><\/p><div class=\"fusion-post-content-container\"><p>La Real Academia de Medicina de Sevilla cont\u00f3 este jueves con la presentaci\u00f3n del retrato del rey Alfonso XIII, que la Real Maestranza de Caballer\u00eda ha donado a la centenaria instituci\u00f3n, pintado por Juan Vald\u00e9s. Al acto, celebrado en el sal\u00f3n de actos Ram\u00f3n y Cajal de la academia, el pasado jueves 3 de diciembre, acudieron, el presidente de la Academia de Medicina, D. Jes\u00fas Casti\u00f1eiras, el teniente de Hermano <a href=\"https:\/\/ramse.es\/wordpress\/presentacion-del-retrato-del-rey-alfonso-xiii\/\">[...]<\/a><\/p><\/div><\/div><div class=\"fusion-clearfix\"><\/div><div class=\"fusion-meta-info\"><div class=\"fusion-alignright\"><a class=\"fusion-read-more\" href=\"https:\/\/ramse.es\/wordpress\/presentacion-del-retrato-del-rey-alfonso-xiii\/\" aria-label=\"More on Presentaci\u00f3n del retrato del Rey Alfonso XIII\">Leer M\u00e1s<\/a><\/div><\/div><\/article>\n<article id=\"blog-1-post-3180\" class=\"fusion-post-large-alternate post-3180 post type-post status-publish format-standard has-post-thumbnail hentry category-actividades category-necrologica tag-hugo-galera tag-necrologica tag-ramse\">\n\t<style type=\"text\/css\">\n\t\t\n\t\t\n\t\t\n\t\t\n\t\t\t<\/style>\n\n\n\t\t\t<div class=\"fusion-flexslider flexslider fusion-flexslider-loading fusion-post-slideshow\" style=\"\">\n\t\t<ul class=\"slides\">\n\t\t\t\n\t\t\t\t\t\t\t\t\t\t\t\t\t\t<li><div  class=\"fusion-image-wrapper\" aria-haspopup=\"true\">\n\t\t\t\t<img decoding=\"async\" width=\"1017\" height=\"966\" src=\"https:\/\/ramse.es\/wordpress\/wp-content\/uploads\/2020\/12\/Necrologica-D.-Hugo-Galera.jpg\" class=\"attachment-full size-full wp-post-image\" alt=\"\" srcset=\"https:\/\/ramse.es\/wordpress\/wp-content\/uploads\/2020\/12\/Necrologica-D.-Hugo-Galera-200x190.jpg 200w, https:\/\/ramse.es\/wordpress\/wp-content\/uploads\/2020\/12\/Necrologica-D.-Hugo-Galera-400x380.jpg 400w, https:\/\/ramse.es\/wordpress\/wp-content\/uploads\/2020\/12\/Necrologica-D.-Hugo-Galera-600x570.jpg 600w, https:\/\/ramse.es\/wordpress\/wp-content\/uploads\/2020\/12\/Necrologica-D.-Hugo-Galera-800x760.jpg 800w, https:\/\/ramse.es\/wordpress\/wp-content\/uploads\/2020\/12\/Necrologica-D.-Hugo-Galera.jpg 1017w\" sizes=\"(max-width: 1000px) 100vw, 800px\" \/><div class=\"fusion-rollover\">\n\t<div class=\"fusion-rollover-content\">\n\n\t\t\t\t\t\t\t\t\t\t\t\t\t\t<a class=\"fusion-rollover-link\" href=\"https:\/\/ramse.es\/wordpress\/sesion-necrologica-en-memoria-del-excmo-dr-d-hugo-galera-davidso\/\">Sesi\u00f3n Necrologica en memoria del Excmo. Dr. D. Hugo Galera Davidso<\/a>\n\t\t\t\n\t\t\t\t\t\t\t\t\t\t\t\t\t\t\n\t\t\t\t\t\t\t\t\n\t\t\t\t\t\t\t\t\t\t\t\t\t<div class=\"fusion-rollover-sep\"><\/div>\n\t\t\t\t\n\t\t\t\t\t\t\t\t\t\t\t\t\t\t\t\t\t\t<a class=\"fusion-rollover-gallery\" href=\"https:\/\/ramse.es\/wordpress\/wp-content\/uploads\/2020\/12\/Necrologica-D.-Hugo-Galera.jpg\" data-id=\"3180\" data-rel=\"iLightbox[gallery]\" data-title=\"Necrologica D. Hugo Galera\" data-caption=\"\">\n\t\t\t\t\t\tGaler\u00eda\t\t\t\t\t<\/a>\n\t\t\t\t\t\t\t\t\t\t\t\t\t\t\n\t\t\n\t\t\t\t\t\t\t\t\n\t\t\t\t\t\t\t\t\n\t\t\n\t\t\t\t\t\t<a class=\"fusion-link-wrapper\" href=\"https:\/\/ramse.es\/wordpress\/sesion-necrologica-en-memoria-del-excmo-dr-d-hugo-galera-davidso\/\" aria-label=\"Sesi\u00f3n Necrologica en memoria del Excmo. Dr. D. Hugo Galera Davidso\"><\/a>\n\t<\/div>\n<\/div>\n<\/div>\n<\/li>\n\t\t\t\n\t\t\t\n\t\t\t\t\t\t\t\t\t\t\t\t\t\t\t\t\t\t\t\t\t\t\t\t\t\t\t\t\t\t\t\t\t\t\t\t\t\t\t\t\t\t\t\t\t\t\t\t\t\t\t\t\t\t\t\t\t\t\t\t\t\t\t\t\t\t\t\t<\/ul>\n\t<\/div>\n\t<div class=\"fusion-date-and-formats\"><div class=\"fusion-date-box updated\"><span class=\"fusion-date\">noviembre<\/span><span class=\"fusion-month-year\">1:53 pm<\/span><\/div><div class=\"fusion-format-box\"><i class=\"awb-icon-pen\" aria-hidden=\"true\"><\/i><\/div><\/div><div class=\"fusion-post-content post-content\"><h2 class=\"blog-shortcode-post-title entry-title\"><a href=\"https:\/\/ramse.es\/wordpress\/sesion-necrologica-en-memoria-del-excmo-dr-d-hugo-galera-davidso\/\">Sesi\u00f3n Necrologica en memoria del Excmo. Dr. D. Hugo Galera Davidso<\/a><\/h2><p class=\"fusion-single-line-meta\">Por <span class=\"vcard\"><span class=\"fn\"><a href=\"https:\/\/ramse.es\/wordpress\/author\/prensa\/\" title=\"Entradas de Mar\u00eda\" rel=\"author\">Mar\u00eda<\/a><\/span><\/span><span class=\"fusion-inline-sep\">|<\/span><span class=\"updated\" style=\"display:none;\">2020-12-17T13:53:30+02:00<\/span><span>noviembre 27th, 2020<\/span><span class=\"fusion-inline-sep\">|<\/span>Categor\u00edas: <a href=\"https:\/\/ramse.es\/wordpress\/category\/news\/actividades\/\" rel=\"category tag\">Actividades<\/a>, <a href=\"https:\/\/ramse.es\/wordpress\/category\/necrologica\/\" rel=\"category tag\">Necrol\u00f3gica<\/a><span class=\"fusion-inline-sep\">|<\/span><span class=\"meta-tags\">Etiquetas: <a href=\"https:\/\/ramse.es\/wordpress\/tag\/hugo-galera\/\" rel=\"tag\">Hugo Galera<\/a>, <a href=\"https:\/\/ramse.es\/wordpress\/tag\/necrologica\/\" rel=\"tag\">Necrol\u00f3gica<\/a>, <a href=\"https:\/\/ramse.es\/wordpress\/tag\/ramse\/\" rel=\"tag\">RAMSE<\/a><\/span><span class=\"fusion-inline-sep\">|<\/span><\/p><div class=\"fusion-post-content-container\"><p>La sede de la Real Academia de Medicina y Cirug\u00eda de Sevilla (RAMSE) ha acogido la Sesi\u00f3n Necrologica en memoria del Excmo. Dr. D. Hugo Galera Davidson celebrada el jueves 26 de noviembre. En la Sesi\u00f3n in Memoriam participaron: Ilmo. Dr. D. Jos\u00e9 Luis Serrera Contreras\u00a0(Perfil acad\u00e9mico);\u00a0D. Obdulio Rodr\u00edguez-Armijo S\u00e1nchez\u00a0(Perfil personal);\u00a0D. Diego Galera Ruiz\u00a0(Perfil humano y familiar).\u00a0Y el encargado de clausurar el acto fue el Excmo. Sr. Presidente\u00a0Dr. D. Jes\u00fas <a href=\"https:\/\/ramse.es\/wordpress\/sesion-necrologica-en-memoria-del-excmo-dr-d-hugo-galera-davidso\/\">[...]<\/a><\/p><\/div><\/div><div class=\"fusion-clearfix\"><\/div><div class=\"fusion-meta-info\"><div class=\"fusion-alignright\"><a class=\"fusion-read-more\" href=\"https:\/\/ramse.es\/wordpress\/sesion-necrologica-en-memoria-del-excmo-dr-d-hugo-galera-davidso\/\" aria-label=\"More on Sesi\u00f3n Necrologica en memoria del Excmo. Dr. D. Hugo Galera Davidso\">Leer M\u00e1s<\/a><\/div><\/div><\/article>\n<article id=\"blog-1-post-3139\" class=\"fusion-post-large-alternate post-3139 post type-post status-publish format-standard has-post-thumbnail hentry category-actividades category-necrologica category-news tag-mauricio-dominguez-adame tag-ramse\">\n\t<style type=\"text\/css\">\n\t\t\n\t\t\n\t\t\n\t\t\n\t\t\t<\/style>\n\n\n\t\t\t<div class=\"fusion-flexslider flexslider fusion-flexslider-loading fusion-post-slideshow\" style=\"\">\n\t\t<ul class=\"slides\">\n\t\t\t\n\t\t\t\t\t\t\t\t\t\t\t\t\t\t<li><div  class=\"fusion-image-wrapper\" aria-haspopup=\"true\">\n\t\t\t\t<img decoding=\"async\" width=\"1496\" height=\"721\" src=\"https:\/\/ramse.es\/wordpress\/wp-content\/uploads\/2020\/11\/Misa-Necrologica-Dr.-Dominguez-Adame.jpg\" class=\"attachment-full size-full wp-post-image\" alt=\"\" srcset=\"https:\/\/ramse.es\/wordpress\/wp-content\/uploads\/2020\/11\/Misa-Necrologica-Dr.-Dominguez-Adame-200x96.jpg 200w, https:\/\/ramse.es\/wordpress\/wp-content\/uploads\/2020\/11\/Misa-Necrologica-Dr.-Dominguez-Adame-400x193.jpg 400w, https:\/\/ramse.es\/wordpress\/wp-content\/uploads\/2020\/11\/Misa-Necrologica-Dr.-Dominguez-Adame-600x289.jpg 600w, https:\/\/ramse.es\/wordpress\/wp-content\/uploads\/2020\/11\/Misa-Necrologica-Dr.-Dominguez-Adame-800x386.jpg 800w, https:\/\/ramse.es\/wordpress\/wp-content\/uploads\/2020\/11\/Misa-Necrologica-Dr.-Dominguez-Adame-1200x578.jpg 1200w, https:\/\/ramse.es\/wordpress\/wp-content\/uploads\/2020\/11\/Misa-Necrologica-Dr.-Dominguez-Adame.jpg 1496w\" sizes=\"(max-width: 1000px) 100vw, 800px\" \/><div class=\"fusion-rollover\">\n\t<div class=\"fusion-rollover-content\">\n\n\t\t\t\t\t\t\t\t\t\t\t\t\t\t<a class=\"fusion-rollover-link\" href=\"https:\/\/ramse.es\/wordpress\/sesion-necrologica-en-recuerdo-del-dr-mauricio-dominguez-adame\/\">Sesi\u00f3n necrol\u00f3gica en recuerdo de D. Mauricio Dom\u00ednguez-Adame<\/a>\n\t\t\t\n\t\t\t\t\t\t\t\t\t\t\t\t\t\t\n\t\t\t\t\t\t\t\t\n\t\t\t\t\t\t\t\t\t\t\t\t\t<div class=\"fusion-rollover-sep\"><\/div>\n\t\t\t\t\n\t\t\t\t\t\t\t\t\t\t\t\t\t\t\t\t\t\t<a class=\"fusion-rollover-gallery\" href=\"https:\/\/ramse.es\/wordpress\/wp-content\/uploads\/2020\/11\/Misa-Necrologica-Dr.-Dominguez-Adame.jpg\" data-id=\"3139\" data-rel=\"iLightbox[gallery]\" data-title=\"Misa Necrologica Dr. Dominguez-Adame\" data-caption=\"\">\n\t\t\t\t\t\tGaler\u00eda\t\t\t\t\t<\/a>\n\t\t\t\t\t\t\t\t\t\t\t\t\t\t\n\t\t\n\t\t\t\t\t\t\t\t\n\t\t\t\t\t\t\t\t\n\t\t\n\t\t\t\t\t\t<a class=\"fusion-link-wrapper\" href=\"https:\/\/ramse.es\/wordpress\/sesion-necrologica-en-recuerdo-del-dr-mauricio-dominguez-adame\/\" aria-label=\"Sesi\u00f3n necrol\u00f3gica en recuerdo de D. Mauricio Dom\u00ednguez-Adame\"><\/a>\n\t<\/div>\n<\/div>\n<\/div>\n<\/li>\n\t\t\t\n\t\t\t\n\t\t\t\t\t\t\t\t\t\t\t\t\t\t\t\t\t\t\t\t\t\t\t\t\t\t\t\t\t\t\t\t\t\t\t\t\t\t\t\t\t\t\t\t\t\t\t\t\t\t\t\t\t\t\t\t\t\t\t\t\t\t\t\t\t\t\t\t<\/ul>\n\t<\/div>\n\t<div class=\"fusion-date-and-formats\"><div class=\"fusion-date-box updated\"><span class=\"fusion-date\">octubre<\/span><span class=\"fusion-month-year\">8:12 pm<\/span><\/div><div class=\"fusion-format-box\"><i class=\"awb-icon-pen\" aria-hidden=\"true\"><\/i><\/div><\/div><div class=\"fusion-post-content post-content\"><h2 class=\"blog-shortcode-post-title entry-title\"><a href=\"https:\/\/ramse.es\/wordpress\/sesion-necrologica-en-recuerdo-del-dr-mauricio-dominguez-adame\/\">Sesi\u00f3n necrol\u00f3gica en recuerdo de D. Mauricio Dom\u00ednguez-Adame<\/a><\/h2><p class=\"fusion-single-line-meta\">Por <span class=\"vcard\"><span class=\"fn\"><a href=\"https:\/\/ramse.es\/wordpress\/author\/prensa\/\" title=\"Entradas de Mar\u00eda\" rel=\"author\">Mar\u00eda<\/a><\/span><\/span><span class=\"fusion-inline-sep\">|<\/span><span class=\"updated\" style=\"display:none;\">2020-12-17T13:55:15+02:00<\/span><span>octubre 30th, 2020<\/span><span class=\"fusion-inline-sep\">|<\/span>Categor\u00edas: <a href=\"https:\/\/ramse.es\/wordpress\/category\/news\/actividades\/\" rel=\"category tag\">Actividades<\/a>, <a href=\"https:\/\/ramse.es\/wordpress\/category\/necrologica\/\" rel=\"category tag\">Necrol\u00f3gica<\/a>, <a href=\"https:\/\/ramse.es\/wordpress\/category\/news\/\" rel=\"category tag\">Noticias<\/a><span class=\"fusion-inline-sep\">|<\/span><span class=\"meta-tags\">Etiquetas: <a href=\"https:\/\/ramse.es\/wordpress\/tag\/mauricio-dominguez-adame\/\" rel=\"tag\">Mauricio Dom\u00ednguez-Adame<\/a>, <a href=\"https:\/\/ramse.es\/wordpress\/tag\/ramse\/\" rel=\"tag\">RAMSE<\/a><\/span><span class=\"fusion-inline-sep\">|<\/span><\/p><div class=\"fusion-post-content-container\"><p>La Real Academia de Medicina y Cirug\u00eda de Sevilla (RAMSE) ha celebrado una Sesi\u00f3n Necrol\u00f3gica en recuerdo del Dr. Mauricio Dom\u00ednguez-Adame Cobos, M\u00e9dico especialista en Obstetricia y Ginecolog\u00eda, fallecido en febrero de 2019, quien fue Acad\u00e9mico de N\u00famero desde 1989 y Acad\u00e9mico Honorario desde 2015. Durante el acto, que tuvo lugar en el Sal\u00f3n de Actos Ram\u00f3n y Cajal de la RAMSE, se celebr\u00f3 una Santa Misa, oficiada por el <a href=\"https:\/\/ramse.es\/wordpress\/sesion-necrologica-en-recuerdo-del-dr-mauricio-dominguez-adame\/\">[...]<\/a><\/p><\/div><\/div><div class=\"fusion-clearfix\"><\/div><div class=\"fusion-meta-info\"><div class=\"fusion-alignright\"><a class=\"fusion-read-more\" href=\"https:\/\/ramse.es\/wordpress\/sesion-necrologica-en-recuerdo-del-dr-mauricio-dominguez-adame\/\" aria-label=\"More on Sesi\u00f3n necrol\u00f3gica en recuerdo de D. Mauricio Dom\u00ednguez-Adame\">Leer M\u00e1s<\/a><\/div><\/div><\/article>\n<article id=\"blog-1-post-3116\" class=\"fusion-post-large-alternate post-3116 post type-post status-publish format-standard has-post-thumbnail hentry category-actividades category-news tag-actos tag-ramse\">\n\t<style type=\"text\/css\">\n\t\t\n\t\t\n\t\t\n\t\t\n\t\t\t<\/style>\n\n\n\t\t\t<div class=\"fusion-flexslider flexslider fusion-flexslider-loading fusion-post-slideshow\" style=\"\">\n\t\t<ul class=\"slides\">\n\t\t\t\n\t\t\t\t\t\t\t\t\t\t\t\t\t\t<li><div  class=\"fusion-image-wrapper\" aria-haspopup=\"true\">\n\t\t\t\t<img decoding=\"async\" width=\"1080\" height=\"1080\" src=\"https:\/\/ramse.es\/wordpress\/wp-content\/uploads\/2020\/11\/Real-Academia-de-Medicina-y-Cirugia-de-Sevilla.png\" class=\"attachment-full size-full wp-post-image\" alt=\"\" srcset=\"https:\/\/ramse.es\/wordpress\/wp-content\/uploads\/2020\/11\/Real-Academia-de-Medicina-y-Cirugia-de-Sevilla-200x200.png 200w, https:\/\/ramse.es\/wordpress\/wp-content\/uploads\/2020\/11\/Real-Academia-de-Medicina-y-Cirugia-de-Sevilla-400x400.png 400w, https:\/\/ramse.es\/wordpress\/wp-content\/uploads\/2020\/11\/Real-Academia-de-Medicina-y-Cirugia-de-Sevilla-600x600.png 600w, https:\/\/ramse.es\/wordpress\/wp-content\/uploads\/2020\/11\/Real-Academia-de-Medicina-y-Cirugia-de-Sevilla-800x800.png 800w, https:\/\/ramse.es\/wordpress\/wp-content\/uploads\/2020\/11\/Real-Academia-de-Medicina-y-Cirugia-de-Sevilla.png 1080w\" sizes=\"(max-width: 1000px) 100vw, 800px\" \/><div class=\"fusion-rollover\">\n\t<div class=\"fusion-rollover-content\">\n\n\t\t\t\t\t\t\t\t\t\t\t\t\t\t<a class=\"fusion-rollover-link\" href=\"https:\/\/ramse.es\/wordpress\/limitacion-de-aforo-en-los-actos-organizados-por-la-real-academia-de-medicina-y-cirugia-de-sevilla-ramse\/\">Limitaci\u00f3n de aforo en los actos organizados por la RAMSE<\/a>\n\t\t\t\n\t\t\t\t\t\t\t\t\t\t\t\t\t\t\n\t\t\t\t\t\t\t\t\n\t\t\t\t\t\t\t\t\t\t\t\t\t<div class=\"fusion-rollover-sep\"><\/div>\n\t\t\t\t\n\t\t\t\t\t\t\t\t\t\t\t\t\t\t\t\t\t\t<a class=\"fusion-rollover-gallery\" href=\"https:\/\/ramse.es\/wordpress\/wp-content\/uploads\/2020\/11\/Real-Academia-de-Medicina-y-Cirugia-de-Sevilla.png\" data-id=\"3116\" data-rel=\"iLightbox[gallery]\" data-title=\"Real Academia de Medicina y Cirug\u00eda de Sevilla\" data-caption=\"\">\n\t\t\t\t\t\tGaler\u00eda\t\t\t\t\t<\/a>\n\t\t\t\t\t\t\t\t\t\t\t\t\t\t\n\t\t\n\t\t\t\t\t\t\t\t\n\t\t\t\t\t\t\t\t\n\t\t\n\t\t\t\t\t\t<a class=\"fusion-link-wrapper\" href=\"https:\/\/ramse.es\/wordpress\/limitacion-de-aforo-en-los-actos-organizados-por-la-real-academia-de-medicina-y-cirugia-de-sevilla-ramse\/\" aria-label=\"Limitaci\u00f3n de aforo en los actos organizados por la RAMSE\"><\/a>\n\t<\/div>\n<\/div>\n<\/div>\n<\/li>\n\t\t\t\n\t\t\t\n\t\t\t\t\t\t\t\t\t\t\t\t\t\t\t\t\t\t\t\t\t\t\t\t\t\t\t\t\t\t\t\t\t\t\t\t\t\t\t\t\t\t\t\t\t\t\t\t\t\t\t\t\t\t\t\t\t\t\t\t\t\t\t\t\t\t\t\t<\/ul>\n\t<\/div>\n\t<div class=\"fusion-date-and-formats\"><div class=\"fusion-date-box updated\"><span class=\"fusion-date\">octubre<\/span><span class=\"fusion-month-year\">2:09 pm<\/span><\/div><div class=\"fusion-format-box\"><i class=\"awb-icon-pen\" aria-hidden=\"true\"><\/i><\/div><\/div><div class=\"fusion-post-content post-content\"><h2 class=\"blog-shortcode-post-title entry-title\"><a href=\"https:\/\/ramse.es\/wordpress\/limitacion-de-aforo-en-los-actos-organizados-por-la-real-academia-de-medicina-y-cirugia-de-sevilla-ramse\/\">Limitaci\u00f3n de aforo en los actos organizados por la RAMSE<\/a><\/h2><p class=\"fusion-single-line-meta\">Por <span class=\"vcard\"><span class=\"fn\"><a href=\"https:\/\/ramse.es\/wordpress\/author\/prensa\/\" title=\"Entradas de Mar\u00eda\" rel=\"author\">Mar\u00eda<\/a><\/span><\/span><span class=\"fusion-inline-sep\">|<\/span><span class=\"updated\" style=\"display:none;\">2020-11-17T11:53:25+02:00<\/span><span>octubre 26th, 2020<\/span><span class=\"fusion-inline-sep\">|<\/span>Categor\u00edas: <a href=\"https:\/\/ramse.es\/wordpress\/category\/news\/actividades\/\" rel=\"category tag\">Actividades<\/a>, <a href=\"https:\/\/ramse.es\/wordpress\/category\/news\/\" rel=\"category tag\">Noticias<\/a><span class=\"fusion-inline-sep\">|<\/span><span class=\"meta-tags\">Etiquetas: <a href=\"https:\/\/ramse.es\/wordpress\/tag\/actos\/\" rel=\"tag\">Actos<\/a>, <a href=\"https:\/\/ramse.es\/wordpress\/tag\/ramse\/\" rel=\"tag\">RAMSE<\/a><\/span><span class=\"fusion-inline-sep\">|<\/span><\/p><div class=\"fusion-post-content-container\"><p>Debido a la situaci\u00f3n actual en la que nos encontramos por la evoluci\u00f3n de la pandemia por Covid-19, nos vemos obligados a cumplir con todas las medidas de prevenci\u00f3n en materia de salud p\u00fablica aprobadas por la Junta de Andaluc\u00eda. Por este motivo, la Junta de Gobierno de la RAMSE ha decidido limitar la asistencia presencial a los actos organizados por la Real Academia de Medicina y Cirug\u00eda de Sevilla. <a href=\"https:\/\/ramse.es\/wordpress\/limitacion-de-aforo-en-los-actos-organizados-por-la-real-academia-de-medicina-y-cirugia-de-sevilla-ramse\/\">[...]<\/a><\/p><\/div><\/div><div class=\"fusion-clearfix\"><\/div><div class=\"fusion-meta-info\"><div class=\"fusion-alignright\"><a class=\"fusion-read-more\" href=\"https:\/\/ramse.es\/wordpress\/limitacion-de-aforo-en-los-actos-organizados-por-la-real-academia-de-medicina-y-cirugia-de-sevilla-ramse\/\" aria-label=\"More on Limitaci\u00f3n de aforo en los actos organizados por la RAMSE\">Leer M\u00e1s<\/a><\/div><\/div><\/article>\n<article id=\"blog-1-post-3108\" class=\"fusion-post-large-alternate post-3108 post type-post status-publish format-standard has-post-thumbnail hentry category-prensa tag-abc-de-sevilla tag-academico-correspondiente tag-jacinto-maqueda tag-ricoms\">\n\t<style type=\"text\/css\">\n\t\t\n\t\t\n\t\t\n\t\t\n\t\t\t<\/style>\n\n\n\t\t\t<div class=\"fusion-flexslider flexslider fusion-flexslider-loading fusion-post-slideshow\" style=\"\">\n\t\t<ul class=\"slides\">\n\t\t\t\n\t\t\t\t\t\t\t\t\t\t\t\t\t\t<li><div  class=\"fusion-image-wrapper\" aria-haspopup=\"true\">\n\t\t\t\t<img decoding=\"async\" width=\"620\" height=\"349\" src=\"https:\/\/ramse.es\/wordpress\/wp-content\/uploads\/2020\/09\/Jacinto-Maqueda.jpg\" class=\"attachment-full size-full wp-post-image\" alt=\"\" srcset=\"https:\/\/ramse.es\/wordpress\/wp-content\/uploads\/2020\/09\/Jacinto-Maqueda-200x113.jpg 200w, https:\/\/ramse.es\/wordpress\/wp-content\/uploads\/2020\/09\/Jacinto-Maqueda-400x225.jpg 400w, https:\/\/ramse.es\/wordpress\/wp-content\/uploads\/2020\/09\/Jacinto-Maqueda-600x338.jpg 600w, https:\/\/ramse.es\/wordpress\/wp-content\/uploads\/2020\/09\/Jacinto-Maqueda.jpg 620w\" sizes=\"(max-width: 1000px) 100vw, 620px\" \/><div class=\"fusion-rollover\">\n\t<div class=\"fusion-rollover-content\">\n\n\t\t\t\t\t\t\t\t\t\t\t\t\t\t<a class=\"fusion-rollover-link\" href=\"https:\/\/ramse.es\/wordpress\/entrevista-a-jacinto-maqueda\/\">Entrevista al Dr. Jacinto Maqueda<\/a>\n\t\t\t\n\t\t\t\t\t\t\t\t\t\t\t\t\t\t\n\t\t\t\t\t\t\t\t\n\t\t\t\t\t\t\t\t\t\t\t\t\t<div class=\"fusion-rollover-sep\"><\/div>\n\t\t\t\t\n\t\t\t\t\t\t\t\t\t\t\t\t\t\t\t\t\t\t<a class=\"fusion-rollover-gallery\" href=\"https:\/\/ramse.es\/wordpress\/wp-content\/uploads\/2020\/09\/Jacinto-Maqueda.jpg\" data-id=\"3108\" data-rel=\"iLightbox[gallery]\" data-title=\"Jacinto Maqueda\" data-caption=\"\">\n\t\t\t\t\t\tGaler\u00eda\t\t\t\t\t<\/a>\n\t\t\t\t\t\t\t\t\t\t\t\t\t\t\n\t\t\n\t\t\t\t\t\t\t\t\n\t\t\t\t\t\t\t\t\n\t\t\n\t\t\t\t\t\t<a class=\"fusion-link-wrapper\" href=\"https:\/\/ramse.es\/wordpress\/entrevista-a-jacinto-maqueda\/\" aria-label=\"Entrevista al Dr. Jacinto Maqueda\"><\/a>\n\t<\/div>\n<\/div>\n<\/div>\n<\/li>\n\t\t\t\n\t\t\t\n\t\t\t\t\t\t\t\t\t\t\t\t\t\t\t\t\t\t\t\t\t\t\t\t\t\t\t\t\t\t\t\t\t\t\t\t\t\t\t\t\t\t\t\t\t\t\t\t\t\t\t\t\t\t\t\t\t\t\t\t\t\t\t\t\t\t\t\t<\/ul>\n\t<\/div>\n\t<div class=\"fusion-date-and-formats\"><div class=\"fusion-date-box updated\"><span class=\"fusion-date\">septiembre<\/span><span class=\"fusion-month-year\">1:12 pm<\/span><\/div><div class=\"fusion-format-box\"><i class=\"awb-icon-pen\" aria-hidden=\"true\"><\/i><\/div><\/div><div class=\"fusion-post-content post-content\"><h2 class=\"blog-shortcode-post-title entry-title\"><a href=\"https:\/\/ramse.es\/wordpress\/entrevista-a-jacinto-maqueda\/\">Entrevista al Dr. Jacinto Maqueda<\/a><\/h2><p class=\"fusion-single-line-meta\">Por <span class=\"vcard\"><span class=\"fn\"><a href=\"https:\/\/ramse.es\/wordpress\/author\/prensa\/\" title=\"Entradas de Mar\u00eda\" rel=\"author\">Mar\u00eda<\/a><\/span><\/span><span class=\"fusion-inline-sep\">|<\/span><span class=\"updated\" style=\"display:none;\">2020-09-21T10:24:56+02:00<\/span><span>septiembre 20th, 2020<\/span><span class=\"fusion-inline-sep\">|<\/span>Categor\u00edas: <a href=\"https:\/\/ramse.es\/wordpress\/category\/prensa\/\" rel=\"category tag\">Prensa<\/a><span class=\"fusion-inline-sep\">|<\/span><span class=\"meta-tags\">Etiquetas: <a href=\"https:\/\/ramse.es\/wordpress\/tag\/abc-de-sevilla\/\" rel=\"tag\">ABC de Sevilla<\/a>, <a href=\"https:\/\/ramse.es\/wordpress\/tag\/academico-correspondiente\/\" rel=\"tag\">Acad\u00e9mico Correspondiente<\/a>, <a href=\"https:\/\/ramse.es\/wordpress\/tag\/jacinto-maqueda\/\" rel=\"tag\">Jacinto Maqueda<\/a>, <a href=\"https:\/\/ramse.es\/wordpress\/tag\/ricoms\/\" rel=\"tag\">Ricoms<\/a><\/span><span class=\"fusion-inline-sep\">|<\/span><\/p><div class=\"fusion-post-content-container\"><p>Jacinto Maqueda: \u00abSi hay ilusi\u00f3n y fe, es estupendo llegar a los 98, aunque los m\u00e9dicos j\u00f3venes no me pidan consejos\u00bb Jacinto Maqueda\u00a0tiene 98 a\u00f1os y ha ejercido la medicina durante sesenta. Hermano n\u00famero uno de varias hermandades sevillanas, es el colegiado con m\u00e1s antig\u00fcedad del Colegio de M\u00e9dicos de Sevilla. Este especialista en aparato digestivo que fund\u00f3 el\u00a0Sindicato M\u00e9dico\u00a0y ha tenido nueve consultas abiertas en Sevilla y provincia a <a href=\"https:\/\/ramse.es\/wordpress\/entrevista-a-jacinto-maqueda\/\">[...]<\/a><\/p><\/div><\/div><div class=\"fusion-clearfix\"><\/div><div class=\"fusion-meta-info\"><div class=\"fusion-alignright\"><a class=\"fusion-read-more\" href=\"https:\/\/ramse.es\/wordpress\/entrevista-a-jacinto-maqueda\/\" aria-label=\"More on Entrevista al Dr. Jacinto Maqueda\">Leer M\u00e1s<\/a><\/div><\/div><\/article>\n<article id=\"blog-1-post-2893\" class=\"fusion-post-large-alternate post-2893 post type-post status-publish format-standard has-post-thumbnail hentry category-news category-latest-news tag-academicos-de-numero\">\n\t<style type=\"text\/css\">\n\t\t\n\t\t\n\t\t\n\t\t\n\t\t\t<\/style>\n\n\n\t\t\t<div class=\"fusion-flexslider flexslider fusion-flexslider-loading fusion-post-slideshow\" style=\"\">\n\t\t<ul class=\"slides\">\n\t\t\t\n\t\t\t\t\t\t\t\t\t\t\t\t\t\t<li><div  class=\"fusion-image-wrapper\" aria-haspopup=\"true\">\n\t\t\t\t<img decoding=\"async\" width=\"350\" height=\"263\" src=\"https:\/\/ramse.es\/wordpress\/wp-content\/uploads\/2020\/06\/08005-1462-e1591860582381.jpg\" class=\"attachment-full size-full wp-post-image\" alt=\"\" \/><div class=\"fusion-rollover\">\n\t<div class=\"fusion-rollover-content\">\n\n\t\t\t\t\t\t\t\t\t\t\t\t\t\t<a class=\"fusion-rollover-link\" href=\"https:\/\/ramse.es\/wordpress\/homenaje-a-d-pedro-munoz\/\">Homenaje a D. Pedro Mu\u00f1oz<\/a>\n\t\t\t\n\t\t\t\t\t\t\t\t\t\t\t\t\t\t\n\t\t\t\t\t\t\t\t\n\t\t\t\t\t\t\t\t\t\t\t\t\t<div class=\"fusion-rollover-sep\"><\/div>\n\t\t\t\t\n\t\t\t\t\t\t\t\t\t\t\t\t\t\t\t\t\t\t<a class=\"fusion-rollover-gallery\" href=\"https:\/\/ramse.es\/wordpress\/wp-content\/uploads\/2020\/06\/08005-1462-e1591860582381.jpg\" data-id=\"2893\" data-rel=\"iLightbox[gallery]\" data-title=\"D. Pedro Mu\u00f1oz\" data-caption=\"\">\n\t\t\t\t\t\tGaler\u00eda\t\t\t\t\t<\/a>\n\t\t\t\t\t\t\t\t\t\t\t\t\t\t\n\t\t\n\t\t\t\t\t\t\t\t\n\t\t\t\t\t\t\t\t\n\t\t\n\t\t\t\t\t\t<a class=\"fusion-link-wrapper\" href=\"https:\/\/ramse.es\/wordpress\/homenaje-a-d-pedro-munoz\/\" aria-label=\"Homenaje a D. Pedro Mu\u00f1oz\"><\/a>\n\t<\/div>\n<\/div>\n<\/div>\n<\/li>\n\t\t\t\n\t\t\t\n\t\t\t\t\t\t\t\t\t\t\t\t\t\t\t\t\t\t\t\t\t\t\t\t\t\t\t\t\t\t\t\t\t\t\t\t\t\t\t\t\t\t\t\t\t\t\t\t\t\t\t\t\t\t\t\t\t\t\t\t\t\t\t\t\t\t\t\t<\/ul>\n\t<\/div>\n\t<div class=\"fusion-date-and-formats\"><div class=\"fusion-date-box updated\"><span class=\"fusion-date\">junio<\/span><span class=\"fusion-month-year\">7:30 am<\/span><\/div><div class=\"fusion-format-box\"><i class=\"awb-icon-pen\" aria-hidden=\"true\"><\/i><\/div><\/div><div class=\"fusion-post-content post-content\"><h2 class=\"blog-shortcode-post-title entry-title\"><a href=\"https:\/\/ramse.es\/wordpress\/homenaje-a-d-pedro-munoz\/\">Homenaje a D. Pedro Mu\u00f1oz<\/a><\/h2><p class=\"fusion-single-line-meta\">Por <span class=\"vcard\"><span class=\"fn\"><a href=\"https:\/\/ramse.es\/wordpress\/author\/prensa\/\" title=\"Entradas de Mar\u00eda\" rel=\"author\">Mar\u00eda<\/a><\/span><\/span><span class=\"fusion-inline-sep\">|<\/span><span class=\"updated\" style=\"display:none;\">2020-06-11T07:45:53+02:00<\/span><span>junio 11th, 2020<\/span><span class=\"fusion-inline-sep\">|<\/span>Categor\u00edas: <a href=\"https:\/\/ramse.es\/wordpress\/category\/news\/\" rel=\"category tag\">Noticias<\/a>, <a href=\"https:\/\/ramse.es\/wordpress\/category\/news\/latest-news\/\" rel=\"category tag\">Noticias<\/a><span class=\"fusion-inline-sep\">|<\/span><span class=\"meta-tags\">Etiquetas: <a href=\"https:\/\/ramse.es\/wordpress\/tag\/academicos-de-numero\/\" rel=\"tag\">Acad\u00e9micos de Numero<\/a><\/span><span class=\"fusion-inline-sep\">|<\/span><\/p><div class=\"fusion-post-content-container\"><p>El pasado 30 de mayo de 2020 D. Pedro Mu\u00f1oz, Acad\u00e9mico de N\u00famero de la RAMSE, cumpli\u00f3 100 a\u00f1os. La Junta de Gobierno y los Acad\u00e9micos de la Real Academia de Medicina y Cirug\u00eda de Sevilla le han querido rendir un emotivo homenaje con un video de felicitaciones en el que han participado el Ilmo. Sr. Dr. D. Juan Bautista Alca\u00f1iz, Vicepresidente de la RAMSE,\u00a0 y el Ilmo. Sr. Dr. <a href=\"https:\/\/ramse.es\/wordpress\/homenaje-a-d-pedro-munoz\/\">[...]<\/a><\/p><\/div><\/div><div class=\"fusion-clearfix\"><\/div><div class=\"fusion-meta-info\"><div class=\"fusion-alignright\"><a class=\"fusion-read-more\" href=\"https:\/\/ramse.es\/wordpress\/homenaje-a-d-pedro-munoz\/\" aria-label=\"More on Homenaje a D. Pedro Mu\u00f1oz\">Leer M\u00e1s<\/a><\/div><\/div><\/article>\n<article id=\"blog-1-post-2587\" class=\"fusion-post-large-alternate post-2587 post type-post status-publish format-standard has-post-thumbnail hentry category-latest-news category-news\">\n\t<style type=\"text\/css\">\n\t\t\n\t\t\n\t\t\n\t\t\n\t\t\t<\/style>\n\n\n\t\t\t<div class=\"fusion-flexslider flexslider fusion-flexslider-loading fusion-post-slideshow\" style=\"\">\n\t\t<ul class=\"slides\">\n\t\t\t\n\t\t\t\t\t\t\t\t\t\t\t\t\t\t<li><div  class=\"fusion-image-wrapper\" aria-haspopup=\"true\">\n\t\t\t\t<img decoding=\"async\" width=\"300\" height=\"427\" src=\"https:\/\/ramse.es\/wordpress\/wp-content\/uploads\/2020\/05\/hugo-galera-web1-e1591856638461.jpg\" class=\"attachment-full size-full wp-post-image\" alt=\"\" \/><div class=\"fusion-rollover\">\n\t<div class=\"fusion-rollover-content\">\n\n\t\t\t\t\t\t\t\t\t\t\t\t\t\t<a class=\"fusion-rollover-link\" href=\"https:\/\/ramse.es\/wordpress\/fallece-el-excmo-sr-dr-d-hugo-galera-davidson\/\">Fallece el Excmo. Sr. Dr. D. Hugo Galera Davidson<\/a>\n\t\t\t\n\t\t\t\t\t\t\t\t\t\t\t\t\t\t\n\t\t\t\t\t\t\t\t\n\t\t\t\t\t\t\t\t\t\t\t\t\t<div class=\"fusion-rollover-sep\"><\/div>\n\t\t\t\t\n\t\t\t\t\t\t\t\t\t\t\t\t\t\t\t\t\t\t<a class=\"fusion-rollover-gallery\" href=\"https:\/\/ramse.es\/wordpress\/wp-content\/uploads\/2020\/05\/hugo-galera-web1-e1591856638461.jpg\" data-id=\"2587\" data-rel=\"iLightbox[gallery]\" data-title=\"hugo galera web1\" data-caption=\"\">\n\t\t\t\t\t\tGaler\u00eda\t\t\t\t\t<\/a>\n\t\t\t\t\t\t\t\t\t\t\t\t\t\t\n\t\t\n\t\t\t\t\t\t\t\t\n\t\t\t\t\t\t\t\t\n\t\t\n\t\t\t\t\t\t<a class=\"fusion-link-wrapper\" href=\"https:\/\/ramse.es\/wordpress\/fallece-el-excmo-sr-dr-d-hugo-galera-davidson\/\" aria-label=\"Fallece el Excmo. Sr. Dr. D. Hugo Galera Davidson\"><\/a>\n\t<\/div>\n<\/div>\n<\/div>\n<\/li>\n\t\t\t\n\t\t\t\n\t\t\t\t\t\t\t\t\t\t\t\t\t\t\t\t\t\t\t\t\t\t\t\t\t\t\t\t\t\t\t\t\t\t\t\t\t\t\t\t\t\t\t\t\t\t\t\t\t\t\t\t\t\t\t\t\t\t\t\t\t\t\t\t\t\t\t\t<\/ul>\n\t<\/div>\n\t<div class=\"fusion-date-and-formats\"><div class=\"fusion-date-box updated\"><span class=\"fusion-date\">mayo<\/span><span class=\"fusion-month-year\">3:56 pm<\/span><\/div><div class=\"fusion-format-box\"><i class=\"awb-icon-pen\" aria-hidden=\"true\"><\/i><\/div><\/div><div class=\"fusion-post-content post-content\"><h2 class=\"blog-shortcode-post-title entry-title\"><a href=\"https:\/\/ramse.es\/wordpress\/fallece-el-excmo-sr-dr-d-hugo-galera-davidson\/\">Fallece el Excmo. Sr. Dr. D. Hugo Galera Davidson<\/a><\/h2><p class=\"fusion-single-line-meta\">Por <span class=\"vcard\"><span class=\"fn\"><a href=\"https:\/\/ramse.es\/wordpress\/author\/eva\/\" title=\"Entradas de Eva M\u00aa Repetto Montero\" rel=\"author\">Eva M\u00aa Repetto Montero<\/a><\/span><\/span><span class=\"fusion-inline-sep\">|<\/span><span class=\"updated\" style=\"display:none;\">2020-06-11T07:31:18+02:00<\/span><span>mayo 5th, 2020<\/span><span class=\"fusion-inline-sep\">|<\/span>Categor\u00edas: <a href=\"https:\/\/ramse.es\/wordpress\/category\/news\/latest-news\/\" rel=\"category tag\">Noticias<\/a>, <a href=\"https:\/\/ramse.es\/wordpress\/category\/news\/\" rel=\"category tag\">Noticias<\/a><span class=\"fusion-inline-sep\">|<\/span><\/p><div class=\"fusion-post-content-container\"><p>Sentimos comunicar el fallecimiento del Excelent\u00edsimo Sr. Prof. Dr. D. Hugo Galera Davidson, presidente de la Real Academia de Medicina y Cirug\u00eda de Sevilla (RAMSE) entre 2009 y 2013. El Dr. Hugo Galera ingres\u00f3 en la RAMSE en 1987. La RAMSE rindi\u00f3 un emotivo\u00a0 homenaje el pasado 6 de junio en el que fue nombrado Acad\u00e9mico Honorario de la instituci\u00f3n m\u00e9dica. Catedr\u00e1tico de Anatom\u00eda Patol\u00f3gica de la Facultad de Medicina <a href=\"https:\/\/ramse.es\/wordpress\/fallece-el-excmo-sr-dr-d-hugo-galera-davidson\/\">[...]<\/a><\/p><\/div><\/div><div class=\"fusion-clearfix\"><\/div><div class=\"fusion-meta-info\"><div class=\"fusion-alignright\"><a class=\"fusion-read-more\" href=\"https:\/\/ramse.es\/wordpress\/fallece-el-excmo-sr-dr-d-hugo-galera-davidson\/\" aria-label=\"More on Fallece el Excmo. Sr. Dr. D. Hugo Galera Davidson\">Leer M\u00e1s<\/a><\/div><\/div><\/article>\n<article id=\"blog-1-post-2367\" class=\"fusion-post-large-alternate post-2367 post type-post status-publish format-standard has-post-thumbnail hentry category-latest-news\">\n\t<style type=\"text\/css\">\n\t\t\n\t\t\n\t\t\n\t\t\n\t\t\t<\/style>\n\n\n\t\t\t<div class=\"fusion-flexslider flexslider fusion-flexslider-loading fusion-post-slideshow\" style=\"\">\n\t\t<ul class=\"slides\">\n\t\t\t\n\t\t\t\t\t\t\t\t\t\t\t\t\t\t<li><div  class=\"fusion-image-wrapper\" aria-haspopup=\"true\">\n\t\t\t\t<img decoding=\"async\" width=\"500\" height=\"188\" src=\"https:\/\/ramse.es\/wordpress\/wp-content\/uploads\/2020\/04\/cabecera-web-logo-ramse-e1590490809739.png\" class=\"attachment-full size-full wp-post-image\" alt=\"\" srcset=\"https:\/\/ramse.es\/wordpress\/wp-content\/uploads\/2020\/04\/cabecera-web-logo-ramse-e1590490809739-200x75.png 200w, https:\/\/ramse.es\/wordpress\/wp-content\/uploads\/2020\/04\/cabecera-web-logo-ramse-e1590490809739-400x150.png 400w, https:\/\/ramse.es\/wordpress\/wp-content\/uploads\/2020\/04\/cabecera-web-logo-ramse-e1590490809739.png 500w\" sizes=\"(max-width: 1000px) 100vw, 500px\" \/><div class=\"fusion-rollover\">\n\t<div class=\"fusion-rollover-content\">\n\n\t\t\t\t\t\t\t\t\t\t\t\t\t\t<a class=\"fusion-rollover-link\" href=\"https:\/\/ramse.es\/wordpress\/la-real-academia-de-medicina-y-cirugia-de-sevilla-aplaza-las-actividades-academicas-programadas\/\">LA REAL ACADEMIA DE MEDICINA Y CIRUG\u00cdA DE SEVILLA APLAZA LAS ACTIVIDADES ACAD\u00c9MICAS PROGRAMADAS<\/a>\n\t\t\t\n\t\t\t\t\t\t\t\t\t\t\t\t\t\t\n\t\t\t\t\t\t\t\t\n\t\t\t\t\t\t\t\t\t\t\t\t\t<div class=\"fusion-rollover-sep\"><\/div>\n\t\t\t\t\n\t\t\t\t\t\t\t\t\t\t\t\t\t\t\t\t\t\t<a class=\"fusion-rollover-gallery\" href=\"https:\/\/ramse.es\/wordpress\/wp-content\/uploads\/2020\/04\/cabecera-web-logo-ramse-e1590490809739.png\" data-id=\"2367\" data-rel=\"iLightbox[gallery]\" data-title=\"cabecera web logo ramse\" data-caption=\"\">\n\t\t\t\t\t\tGaler\u00eda\t\t\t\t\t<\/a>\n\t\t\t\t\t\t\t\t\t\t\t\t\t\t\n\t\t\n\t\t\t\t\t\t\t\t\n\t\t\t\t\t\t\t\t\n\t\t\n\t\t\t\t\t\t<a class=\"fusion-link-wrapper\" href=\"https:\/\/ramse.es\/wordpress\/la-real-academia-de-medicina-y-cirugia-de-sevilla-aplaza-las-actividades-academicas-programadas\/\" aria-label=\"LA REAL ACADEMIA DE MEDICINA Y CIRUG\u00cdA DE SEVILLA APLAZA LAS ACTIVIDADES ACAD\u00c9MICAS PROGRAMADAS\"><\/a>\n\t<\/div>\n<\/div>\n<\/div>\n<\/li>\n\t\t\t\n\t\t\t\n\t\t\t\t\t\t\t\t\t\t\t\t\t\t\t\t\t\t\t\t\t\t\t\t\t\t\t\t\t\t\t\t\t\t\t\t\t\t\t\t\t\t\t\t\t\t\t\t\t\t\t\t\t\t\t\t\t\t\t\t\t\t\t\t\t\t\t\t<\/ul>\n\t<\/div>\n\t<div class=\"fusion-date-and-formats\"><div class=\"fusion-date-box updated\"><span class=\"fusion-date\">marzo<\/span><span class=\"fusion-month-year\">10:40 am<\/span><\/div><div class=\"fusion-format-box\"><i class=\"awb-icon-pen\" aria-hidden=\"true\"><\/i><\/div><\/div><div class=\"fusion-post-content post-content\"><h2 class=\"blog-shortcode-post-title entry-title\"><a href=\"https:\/\/ramse.es\/wordpress\/la-real-academia-de-medicina-y-cirugia-de-sevilla-aplaza-las-actividades-academicas-programadas\/\">LA REAL ACADEMIA DE MEDICINA Y CIRUG\u00cdA DE SEVILLA APLAZA LAS ACTIVIDADES ACAD\u00c9MICAS PROGRAMADAS<\/a><\/h2><p class=\"fusion-single-line-meta\">Por <span class=\"vcard\"><span class=\"fn\"><a href=\"https:\/\/ramse.es\/wordpress\/author\/ivan_z0qj9h4b\/\" title=\"Entradas de admin\" rel=\"author\">admin<\/a><\/span><\/span><span class=\"fusion-inline-sep\">|<\/span><span class=\"updated\" style=\"display:none;\">2020-05-07T17:12:59+02:00<\/span><span>marzo 5th, 2020<\/span><span class=\"fusion-inline-sep\">|<\/span>Categor\u00edas: <a href=\"https:\/\/ramse.es\/wordpress\/category\/news\/latest-news\/\" rel=\"category tag\">Noticias<\/a><span class=\"fusion-inline-sep\">|<\/span><\/p><div class=\"fusion-post-content-container\"><p>COMUNICADO DE PRENSA LA REAL ACADEMIA DE MEDICINA Y CIRUG\u00cdA DE SEVILLA APLAZA LAS ACTIVIDADES ACAD\u00c9MICAS PROGRAMADAS Sevilla, 5 de marzo de 2020. La Real Academia de Medicina y Cirug\u00eda de Sevilla (RAMSE) ha decidido aplazar temporalmente las actividades acad\u00e9micas programadas para los pr\u00f3ximos d\u00edas, como medida preventiva para evitar posibles contagios del coronavirus COVID-19. Esta decisi\u00f3n se ha tomado en la reuni\u00f3n de la Junta de Gobierno celebrada ayer, <a href=\"https:\/\/ramse.es\/wordpress\/la-real-academia-de-medicina-y-cirugia-de-sevilla-aplaza-las-actividades-academicas-programadas\/\">[...]<\/a><\/p><\/div><\/div><div class=\"fusion-clearfix\"><\/div><div class=\"fusion-meta-info\"><div class=\"fusion-alignright\"><a class=\"fusion-read-more\" href=\"https:\/\/ramse.es\/wordpress\/la-real-academia-de-medicina-y-cirugia-de-sevilla-aplaza-las-actividades-academicas-programadas\/\" aria-label=\"More on LA REAL ACADEMIA DE MEDICINA Y CIRUG\u00cdA DE SEVILLA APLAZA LAS ACTIVIDADES ACAD\u00c9MICAS PROGRAMADAS\">Leer M\u00e1s<\/a><\/div><\/div><\/article>\n<article id=\"blog-1-post-2363\" class=\"fusion-post-large-alternate post-2363 post type-post status-publish format-standard has-post-thumbnail hentry category-latest-news\">\n\t<style type=\"text\/css\">\n\t\t\n\t\t\n\t\t\n\t\t\n\t\t\t<\/style>\n\n\n\t\t\t<div class=\"fusion-flexslider flexslider fusion-flexslider-loading fusion-post-slideshow\" style=\"\">\n\t\t<ul class=\"slides\">\n\t\t\t\n\t\t\t\t\t\t\t\t\t\t\t\t\t\t<li><div  class=\"fusion-image-wrapper\" aria-haspopup=\"true\">\n\t\t\t\t<img decoding=\"async\" width=\"600\" height=\"456\" src=\"https:\/\/ramse.es\/wordpress\/wp-content\/uploads\/2020\/02\/curso-laparoscopia-2020.jpg\" class=\"attachment-full size-full wp-post-image\" alt=\"\" srcset=\"https:\/\/ramse.es\/wordpress\/wp-content\/uploads\/2020\/02\/curso-laparoscopia-2020-200x152.jpg 200w, https:\/\/ramse.es\/wordpress\/wp-content\/uploads\/2020\/02\/curso-laparoscopia-2020-400x304.jpg 400w, https:\/\/ramse.es\/wordpress\/wp-content\/uploads\/2020\/02\/curso-laparoscopia-2020.jpg 600w\" sizes=\"(max-width: 1000px) 100vw, 600px\" \/><div class=\"fusion-rollover\">\n\t<div class=\"fusion-rollover-content\">\n\n\t\t\t\t\t\t\t\t\t\t\t\t\t\t<a class=\"fusion-rollover-link\" href=\"https:\/\/ramse.es\/wordpress\/otra-mirada-al-futuro-de-la-medicina-y-de-la-cirugia\/\">Otra mirada al futuro de la Medicina y de la Cirug\u00eda<\/a>\n\t\t\t\n\t\t\t\t\t\t\t\t\t\t\t\t\t\t\n\t\t\t\t\t\t\t\t\n\t\t\t\t\t\t\t\t\t\t\t\t\t<div class=\"fusion-rollover-sep\"><\/div>\n\t\t\t\t\n\t\t\t\t\t\t\t\t\t\t\t\t\t\t\t\t\t\t<a class=\"fusion-rollover-gallery\" href=\"https:\/\/ramse.es\/wordpress\/wp-content\/uploads\/2020\/02\/curso-laparoscopia-2020.jpg\" data-id=\"2363\" data-rel=\"iLightbox[gallery]\" data-title=\"curso-laparoscopia-2020\" data-caption=\"\">\n\t\t\t\t\t\tGaler\u00eda\t\t\t\t\t<\/a>\n\t\t\t\t\t\t\t\t\t\t\t\t\t\t\n\t\t\n\t\t\t\t\t\t\t\t\n\t\t\t\t\t\t\t\t\n\t\t\n\t\t\t\t\t\t<a class=\"fusion-link-wrapper\" href=\"https:\/\/ramse.es\/wordpress\/otra-mirada-al-futuro-de-la-medicina-y-de-la-cirugia\/\" aria-label=\"Otra mirada al futuro de la Medicina y de la Cirug\u00eda\"><\/a>\n\t<\/div>\n<\/div>\n<\/div>\n<\/li>\n\t\t\t\n\t\t\t\n\t\t\t\t\t\t\t\t\t\t\t\t\t\t\t\t\t\t\t\t\t\t\t\t\t\t\t\t\t\t\t\t\t\t\t\t\t\t\t\t\t\t\t\t\t\t\t\t\t\t\t\t\t\t\t\t\t\t\t\t\t\t\t\t\t\t\t\t<\/ul>\n\t<\/div>\n\t<div class=\"fusion-date-and-formats\"><div class=\"fusion-date-box updated\"><span class=\"fusion-date\">febrero<\/span><span class=\"fusion-month-year\">9:15 pm<\/span><\/div><div class=\"fusion-format-box\"><i class=\"awb-icon-pen\" aria-hidden=\"true\"><\/i><\/div><\/div><div class=\"fusion-post-content post-content\"><h2 class=\"blog-shortcode-post-title entry-title\"><a href=\"https:\/\/ramse.es\/wordpress\/otra-mirada-al-futuro-de-la-medicina-y-de-la-cirugia\/\">Otra mirada al futuro de la Medicina y de la Cirug\u00eda<\/a><\/h2><p class=\"fusion-single-line-meta\">Por <span class=\"vcard\"><span class=\"fn\"><a href=\"https:\/\/ramse.es\/wordpress\/author\/ivan_z0qj9h4b\/\" title=\"Entradas de admin\" rel=\"author\">admin<\/a><\/span><\/span><span class=\"fusion-inline-sep\">|<\/span><span class=\"updated\" style=\"display:none;\">2020-02-06T21:15:53+02:00<\/span><span>febrero 6th, 2020<\/span><span class=\"fusion-inline-sep\">|<\/span>Categor\u00edas: <a href=\"https:\/\/ramse.es\/wordpress\/category\/news\/latest-news\/\" rel=\"category tag\">Noticias<\/a><span class=\"fusion-inline-sep\">|<\/span><\/p><div class=\"fusion-post-content-container\"><p>La\u00a0Real Academia de Medicina y Cirug\u00eda de Sevilla ha acogido este jueves, 6 de febrero, la sesi\u00f3n titulada \u201cEAES-iMIS SESSION - Otra mirada al futuro de la Medicina y de la Cirug\u00eda\u201d. Este acto, moderado por el Dr. Salvador Morales Conde, est\u00e1 enmarcado dentro de la programaci\u00f3n de del XXXIX Curso de actualizaci\u00f3n en Cirug\u00eda. Innovaci\u00f3n y Cirug\u00eda minimamente invasiva. Cirug\u00eda Laparosc\u00f3pica XXVII \u00a0 \u00a0 De izquierda a derecha: Dr. <a href=\"https:\/\/ramse.es\/wordpress\/otra-mirada-al-futuro-de-la-medicina-y-de-la-cirugia\/\">[...]<\/a><\/p><\/div><\/div><div class=\"fusion-clearfix\"><\/div><div class=\"fusion-meta-info\"><div class=\"fusion-alignright\"><a class=\"fusion-read-more\" href=\"https:\/\/ramse.es\/wordpress\/otra-mirada-al-futuro-de-la-medicina-y-de-la-cirugia\/\" aria-label=\"More on Otra mirada al futuro de la Medicina y de la Cirug\u00eda\">Leer M\u00e1s<\/a><\/div><\/div><\/article>\n<article id=\"blog-1-post-2366\" class=\"fusion-post-large-alternate post-2366 post type-post status-publish format-standard has-post-thumbnail hentry category-latest-news\">\n\t<style type=\"text\/css\">\n\t\t\n\t\t\n\t\t\n\t\t\n\t\t\t<\/style>\n\n\n\t\t\t<div class=\"fusion-flexslider flexslider fusion-flexslider-loading fusion-post-slideshow\" style=\"\">\n\t\t<ul class=\"slides\">\n\t\t\t\n\t\t\t\t\t\t\t\t\t\t\t\t\t\t<li><div  class=\"fusion-image-wrapper\" aria-haspopup=\"true\">\n\t\t\t\t<img decoding=\"async\" width=\"700\" height=\"467\" src=\"https:\/\/ramse.es\/wordpress\/wp-content\/uploads\/2020\/01\/inicio-curso-2020.jpg\" class=\"attachment-full size-full wp-post-image\" alt=\"\" srcset=\"https:\/\/ramse.es\/wordpress\/wp-content\/uploads\/2020\/01\/inicio-curso-2020-200x133.jpg 200w, https:\/\/ramse.es\/wordpress\/wp-content\/uploads\/2020\/01\/inicio-curso-2020-400x267.jpg 400w, https:\/\/ramse.es\/wordpress\/wp-content\/uploads\/2020\/01\/inicio-curso-2020-600x400.jpg 600w, https:\/\/ramse.es\/wordpress\/wp-content\/uploads\/2020\/01\/inicio-curso-2020.jpg 700w\" sizes=\"(max-width: 1000px) 100vw, 700px\" \/><div class=\"fusion-rollover\">\n\t<div class=\"fusion-rollover-content\">\n\n\t\t\t\t\t\t\t\t\t\t\t\t\t\t<a class=\"fusion-rollover-link\" href=\"https:\/\/ramse.es\/wordpress\/discurso-de-apertura-del-320-ano-academico-ramse\/\">DISCURSO DE APERTURA DEL 320 A\u00d1O ACAD\u00c9MICO RAMSE<\/a>\n\t\t\t\n\t\t\t\t\t\t\t\t\t\t\t\t\t\t\n\t\t\t\t\t\t\t\t\n\t\t\t\t\t\t\t\t\t\t\t\t\t<div class=\"fusion-rollover-sep\"><\/div>\n\t\t\t\t\n\t\t\t\t\t\t\t\t\t\t\t\t\t\t\t\t\t\t<a class=\"fusion-rollover-gallery\" href=\"https:\/\/ramse.es\/wordpress\/wp-content\/uploads\/2020\/01\/inicio-curso-2020.jpg\" data-id=\"2366\" data-rel=\"iLightbox[gallery]\" data-title=\"inicio-curso-2020\" data-caption=\"\">\n\t\t\t\t\t\tGaler\u00eda\t\t\t\t\t<\/a>\n\t\t\t\t\t\t\t\t\t\t\t\t\t\t\n\t\t\n\t\t\t\t\t\t\t\t\n\t\t\t\t\t\t\t\t\n\t\t\n\t\t\t\t\t\t<a class=\"fusion-link-wrapper\" href=\"https:\/\/ramse.es\/wordpress\/discurso-de-apertura-del-320-ano-academico-ramse\/\" aria-label=\"DISCURSO DE APERTURA DEL 320 A\u00d1O ACAD\u00c9MICO RAMSE\"><\/a>\n\t<\/div>\n<\/div>\n<\/div>\n<\/li>\n\t\t\t\n\t\t\t\n\t\t\t\t\t\t\t\t\t\t\t\t\t\t\t\t\t\t\t\t\t\t\t\t\t\t\t\t\t\t\t\t\t\t\t\t\t\t\t\t\t\t\t\t\t\t\t\t\t\t\t\t\t\t\t\t\t\t\t\t\t\t\t\t\t\t\t\t<\/ul>\n\t<\/div>\n\t<div class=\"fusion-date-and-formats\"><div class=\"fusion-date-box updated\"><span class=\"fusion-date\">enero<\/span><span class=\"fusion-month-year\">12:00 am<\/span><\/div><div class=\"fusion-format-box\"><i class=\"awb-icon-pen\" aria-hidden=\"true\"><\/i><\/div><\/div><div class=\"fusion-post-content post-content\"><h2 class=\"blog-shortcode-post-title entry-title\"><a href=\"https:\/\/ramse.es\/wordpress\/discurso-de-apertura-del-320-ano-academico-ramse\/\">DISCURSO DE APERTURA DEL 320 A\u00d1O ACAD\u00c9MICO RAMSE<\/a><\/h2><p class=\"fusion-single-line-meta\">Por <span class=\"vcard\"><span class=\"fn\"><a href=\"https:\/\/ramse.es\/wordpress\/author\/ivan_z0qj9h4b\/\" title=\"Entradas de admin\" rel=\"author\">admin<\/a><\/span><\/span><span class=\"fusion-inline-sep\">|<\/span><span class=\"updated\" style=\"display:none;\">2020-01-31T00:00:00+02:00<\/span><span>enero 31st, 2020<\/span><span class=\"fusion-inline-sep\">|<\/span>Categor\u00edas: <a href=\"https:\/\/ramse.es\/wordpress\/category\/news\/latest-news\/\" rel=\"category tag\">Noticias<\/a><span class=\"fusion-inline-sep\">|<\/span><\/p><div class=\"fusion-post-content-container\"><p>\u201cLA GOTA DE LECHE DE SEVILLA, CENTENARIA INSTITUCI\u00d3N. VINCULACI\u00d3N ACAD\u00c9MICA. MIRADA DE FUTURO\u201d Conferenciante: Ignacio G\u00f3mez de Terreros. Acad\u00e9mico de N\u00famero de la Real Academia de Medicina de Sevilla. La Gota de Leche fue legalmente constituida en 1906 y desde su inicio ha tenido y mantiene un especial arraigo con la ciudad. El Ayuntamiento de Sevilla dedic\u00f3 a su Fundador, D. Ciriaco Esteban, una c\u00e9ntrica calle situada frente a la <a href=\"https:\/\/ramse.es\/wordpress\/discurso-de-apertura-del-320-ano-academico-ramse\/\">[...]<\/a><\/p><\/div><\/div><div class=\"fusion-clearfix\"><\/div><div class=\"fusion-meta-info\"><div class=\"fusion-alignright\"><a class=\"fusion-read-more\" href=\"https:\/\/ramse.es\/wordpress\/discurso-de-apertura-del-320-ano-academico-ramse\/\" aria-label=\"More on DISCURSO DE APERTURA DEL 320 A\u00d1O ACAD\u00c9MICO RAMSE\">Leer M\u00e1s<\/a><\/div><\/div><\/article>\n<article id=\"blog-1-post-2169\" class=\"fusion-post-large-alternate post-2169 post type-post status-publish format-standard hentry category-latest-news\">\n\t<style type=\"text\/css\">\n\t\t\n\t\t\n\t\t\n\t\t\n\t\t\t<\/style>\n\n\n<div class=\"fusion-date-and-formats\"><div class=\"fusion-date-box updated\"><span class=\"fusion-date\">octubre<\/span><span class=\"fusion-month-year\">12:00 am<\/span><\/div><div class=\"fusion-format-box\"><i class=\"awb-icon-pen\" aria-hidden=\"true\"><\/i><\/div><\/div><div class=\"fusion-post-content post-content\"><h2 class=\"blog-shortcode-post-title entry-title\"><a href=\"https:\/\/ramse.es\/wordpress\/calendario-de-actividades\/\">Calendario de actividades<\/a><\/h2><p class=\"fusion-single-line-meta\">Por <span class=\"vcard\"><span class=\"fn\"><a href=\"https:\/\/ramse.es\/wordpress\/author\/ivan_z0qj9h4b\/\" title=\"Entradas de admin\" rel=\"author\">admin<\/a><\/span><\/span><span class=\"fusion-inline-sep\">|<\/span><span class=\"updated\" style=\"display:none;\">2019-10-28T00:00:00+02:00<\/span><span>octubre 28th, 2019<\/span><span class=\"fusion-inline-sep\">|<\/span>Categor\u00edas: <a href=\"https:\/\/ramse.es\/wordpress\/category\/news\/latest-news\/\" rel=\"category tag\">Noticias<\/a><span class=\"fusion-inline-sep\">|<\/span><\/p><div class=\"fusion-post-content-container\"><p>Actividades programadas para el mes de noviembre: -\u00a0Jueves 7\/11 MR titulada: Primer centenario de la publicaci\u00f3n\u00a0del libro \"La edad cr\u00edtica\" del profesor Gregorio Mara\u00f1\u00f3n. Madrid 1919 (20h.). Moderador Dr. Santiago Dur\u00e1n Garc\u00eda (AN). -\u00a0Jueves 14\/11 MR titulada: Radicales libres: envejecimiento y trabajo (19h.). Moderador Dr. Pedro de Castro S\u00e1nchez (AN). - Martes 19\/11 MR titulada: Nuevo C\u00f3digo de \u00c9tica y Deontolog\u00eda M\u00e9dica (20h.). Organizada por los Dres. Jos\u00e9 Mar\u00eda Rubio <a href=\"https:\/\/ramse.es\/wordpress\/calendario-de-actividades\/\">[...]<\/a><\/p><\/div><\/div><div class=\"fusion-clearfix\"><\/div><div class=\"fusion-meta-info\"><div class=\"fusion-alignright\"><a class=\"fusion-read-more\" href=\"https:\/\/ramse.es\/wordpress\/calendario-de-actividades\/\" aria-label=\"More on Calendario de actividades\">Leer M\u00e1s<\/a><\/div><\/div><\/article>\n<article id=\"blog-1-post-2361\" class=\"fusion-post-large-alternate post-2361 post type-post status-publish format-standard has-post-thumbnail hentry category-latest-news\">\n\t<style type=\"text\/css\">\n\t\t\n\t\t\n\t\t\n\t\t\n\t\t\t<\/style>\n\n\n\t\t\t<div class=\"fusion-flexslider flexslider fusion-flexslider-loading fusion-post-slideshow\" style=\"\">\n\t\t<ul class=\"slides\">\n\t\t\t\n\t\t\t\t\t\t\t\t\t\t\t\t\t\t<li><div  class=\"fusion-image-wrapper\" aria-haspopup=\"true\">\n\t\t\t\t<img decoding=\"async\" width=\"500\" height=\"375\" src=\"https:\/\/ramse.es\/wordpress\/wp-content\/uploads\/2019\/10\/dr.-rivera-academico-honor-ramse_1.jpg\" class=\"attachment-full size-full wp-post-image\" alt=\"\" srcset=\"https:\/\/ramse.es\/wordpress\/wp-content\/uploads\/2019\/10\/dr.-rivera-academico-honor-ramse_1-200x150.jpg 200w, https:\/\/ramse.es\/wordpress\/wp-content\/uploads\/2019\/10\/dr.-rivera-academico-honor-ramse_1-400x300.jpg 400w, https:\/\/ramse.es\/wordpress\/wp-content\/uploads\/2019\/10\/dr.-rivera-academico-honor-ramse_1.jpg 500w\" sizes=\"(max-width: 1000px) 100vw, 500px\" \/><div class=\"fusion-rollover\">\n\t<div class=\"fusion-rollover-content\">\n\n\t\t\t\t\t\t\t\t\t\t\t\t\t\t<a class=\"fusion-rollover-link\" href=\"https:\/\/ramse.es\/wordpress\/el-profesor-ramiro-rivera-nuevo-academico-de-honor-de-la-real-academia-de-medicina-y-cirugia-de-sevilla\/\">EL PROFESOR RAMIRO RIVERA, NUEVO ACAD\u00c9MICO DE HONOR DE LA REAL ACADEMIA DE MEDICINA Y CIRUG\u00cdA DE SEVILLA<\/a>\n\t\t\t\n\t\t\t\t\t\t\t\t\t\t\t\t\t\t\n\t\t\t\t\t\t\t\t\n\t\t\t\t\t\t\t\t\t\t\t\t\t<div class=\"fusion-rollover-sep\"><\/div>\n\t\t\t\t\n\t\t\t\t\t\t\t\t\t\t\t\t\t\t\t\t\t\t<a class=\"fusion-rollover-gallery\" href=\"https:\/\/ramse.es\/wordpress\/wp-content\/uploads\/2019\/10\/dr.-rivera-academico-honor-ramse_1.jpg\" data-id=\"2361\" data-rel=\"iLightbox[gallery]\" data-title=\"dr.-rivera-academico-honor-ramse_1\" data-caption=\"\">\n\t\t\t\t\t\tGaler\u00eda\t\t\t\t\t<\/a>\n\t\t\t\t\t\t\t\t\t\t\t\t\t\t\n\t\t\n\t\t\t\t\t\t\t\t\n\t\t\t\t\t\t\t\t\n\t\t\n\t\t\t\t\t\t<a class=\"fusion-link-wrapper\" href=\"https:\/\/ramse.es\/wordpress\/el-profesor-ramiro-rivera-nuevo-academico-de-honor-de-la-real-academia-de-medicina-y-cirugia-de-sevilla\/\" aria-label=\"EL PROFESOR RAMIRO RIVERA, NUEVO ACAD\u00c9MICO DE HONOR DE LA REAL ACADEMIA DE MEDICINA Y CIRUG\u00cdA DE SEVILLA\"><\/a>\n\t<\/div>\n<\/div>\n<\/div>\n<\/li>\n\t\t\t\n\t\t\t\n\t\t\t\t\t\t\t\t\t\t\t\t\t\t\t\t\t\t\t\t\t\t\t\t\t\t\t\t\t\t\t\t\t\t\t\t\t\t\t\t\t\t\t\t\t\t\t\t\t\t\t\t\t\t\t\t\t\t\t\t\t\t\t\t\t\t\t\t<\/ul>\n\t<\/div>\n\t<div class=\"fusion-date-and-formats\"><div class=\"fusion-date-box updated\"><span class=\"fusion-date\">octubre<\/span><span class=\"fusion-month-year\">2:10 pm<\/span><\/div><div class=\"fusion-format-box\"><i class=\"awb-icon-pen\" aria-hidden=\"true\"><\/i><\/div><\/div><div class=\"fusion-post-content post-content\"><h2 class=\"blog-shortcode-post-title entry-title\"><a href=\"https:\/\/ramse.es\/wordpress\/el-profesor-ramiro-rivera-nuevo-academico-de-honor-de-la-real-academia-de-medicina-y-cirugia-de-sevilla\/\">EL PROFESOR RAMIRO RIVERA, NUEVO ACAD\u00c9MICO DE HONOR DE LA REAL ACADEMIA DE MEDICINA Y CIRUG\u00cdA DE SEVILLA<\/a><\/h2><p class=\"fusion-single-line-meta\">Por <span class=\"vcard\"><span class=\"fn\"><a href=\"https:\/\/ramse.es\/wordpress\/author\/ivan_z0qj9h4b\/\" title=\"Entradas de admin\" rel=\"author\">admin<\/a><\/span><\/span><span class=\"fusion-inline-sep\">|<\/span><span class=\"updated\" style=\"display:none;\">2019-10-07T14:10:34+02:00<\/span><span>octubre 7th, 2019<\/span><span class=\"fusion-inline-sep\">|<\/span>Categor\u00edas: <a href=\"https:\/\/ramse.es\/wordpress\/category\/news\/latest-news\/\" rel=\"category tag\">Noticias<\/a><span class=\"fusion-inline-sep\">|<\/span><\/p><div class=\"fusion-post-content-container\"><p>\u00a0 EL PROFESOR RAMIRO RIVERA, NUEVO ACAD\u00c9MICO DE HONOR DE LA REAL ACADEMIA DE MEDICINA Y CIRUG\u00cdA DE SEVILLA La\u00a0Real Academia de Medicina y Cirug\u00eda de Sevilla (RAMSE)\u00a0tiene ya un nuevo Acad\u00e9mico de Honor. Se trata del Dr. Ramiro Rivera L\u00f3pez, cirujano cardiovascular. El acto de ingreso tuvo lugar este domingo, a las 12:00 horas, en el Sal\u00f3n\u00a0Ram\u00f3n y Cajal de la sede de la RAMSE. En su discurso de <a href=\"https:\/\/ramse.es\/wordpress\/el-profesor-ramiro-rivera-nuevo-academico-de-honor-de-la-real-academia-de-medicina-y-cirugia-de-sevilla\/\">[...]<\/a><\/p><\/div><\/div><div class=\"fusion-clearfix\"><\/div><div class=\"fusion-meta-info\"><div class=\"fusion-alignright\"><a class=\"fusion-read-more\" href=\"https:\/\/ramse.es\/wordpress\/el-profesor-ramiro-rivera-nuevo-academico-de-honor-de-la-real-academia-de-medicina-y-cirugia-de-sevilla\/\" aria-label=\"More on EL PROFESOR RAMIRO RIVERA, NUEVO ACAD\u00c9MICO DE HONOR DE LA REAL ACADEMIA DE MEDICINA Y CIRUG\u00cdA DE SEVILLA\">Leer M\u00e1s<\/a><\/div><\/div><\/article>\n<article id=\"blog-1-post-2358\" class=\"fusion-post-large-alternate post-2358 post type-post status-publish format-standard has-post-thumbnail hentry category-latest-news category-premios-academia\">\n\t<style type=\"text\/css\">\n\t\t\n\t\t\n\t\t\n\t\t\n\t\t\t<\/style>\n\n\n\t\t\t<div class=\"fusion-flexslider flexslider fusion-flexslider-loading fusion-post-slideshow\" style=\"\">\n\t\t<ul class=\"slides\">\n\t\t\t\n\t\t\t\t\t\t\t\t\t\t\t\t\t\t<li><div  class=\"fusion-image-wrapper\" aria-haspopup=\"true\">\n\t\t\t\t<img decoding=\"async\" width=\"500\" height=\"375\" src=\"https:\/\/ramse.es\/wordpress\/wp-content\/uploads\/2019\/10\/entrega-premios-2018-septiembre.jpg\" class=\"attachment-full size-full wp-post-image\" alt=\"\" srcset=\"https:\/\/ramse.es\/wordpress\/wp-content\/uploads\/2019\/10\/entrega-premios-2018-septiembre-200x150.jpg 200w, https:\/\/ramse.es\/wordpress\/wp-content\/uploads\/2019\/10\/entrega-premios-2018-septiembre-400x300.jpg 400w, https:\/\/ramse.es\/wordpress\/wp-content\/uploads\/2019\/10\/entrega-premios-2018-septiembre.jpg 500w\" sizes=\"(max-width: 1000px) 100vw, 500px\" \/><div class=\"fusion-rollover\">\n\t<div class=\"fusion-rollover-content\">\n\n\t\t\t\t\t\t\t\t\t\t\t\t\t\t<a class=\"fusion-rollover-link\" href=\"https:\/\/ramse.es\/wordpress\/entrega-de-premios-ramse-2018\/\">Entrega de premios RAMSE 2018<\/a>\n\t\t\t\n\t\t\t\t\t\t\t\t\t\t\t\t\t\t\n\t\t\t\t\t\t\t\t\n\t\t\t\t\t\t\t\t\t\t\t\t\t<div class=\"fusion-rollover-sep\"><\/div>\n\t\t\t\t\n\t\t\t\t\t\t\t\t\t\t\t\t\t\t\t\t\t\t<a class=\"fusion-rollover-gallery\" href=\"https:\/\/ramse.es\/wordpress\/wp-content\/uploads\/2019\/10\/entrega-premios-2018-septiembre.jpg\" data-id=\"2358\" data-rel=\"iLightbox[gallery]\" data-title=\"entrega-premios-2018-septiembre\" data-caption=\"\">\n\t\t\t\t\t\tGaler\u00eda\t\t\t\t\t<\/a>\n\t\t\t\t\t\t\t\t\t\t\t\t\t\t\n\t\t\n\t\t\t\t\t\t\t\t\n\t\t\t\t\t\t\t\t\n\t\t\n\t\t\t\t\t\t<a class=\"fusion-link-wrapper\" href=\"https:\/\/ramse.es\/wordpress\/entrega-de-premios-ramse-2018\/\" aria-label=\"Entrega de premios RAMSE 2018\"><\/a>\n\t<\/div>\n<\/div>\n<\/div>\n<\/li>\n\t\t\t\n\t\t\t\n\t\t\t\t\t\t\t\t\t\t\t\t\t\t\t\t\t\t\t\t\t\t\t\t\t\t\t\t\t\t\t\t\t\t\t\t\t\t\t\t\t\t\t\t\t\t\t\t\t\t\t\t\t\t\t\t\t\t\t\t\t\t\t\t\t\t\t\t<\/ul>\n\t<\/div>\n\t<div class=\"fusion-date-and-formats\"><div class=\"fusion-date-box updated\"><span class=\"fusion-date\">octubre<\/span><span class=\"fusion-month-year\">6:13 pm<\/span><\/div><div class=\"fusion-format-box\"><i class=\"awb-icon-pen\" aria-hidden=\"true\"><\/i><\/div><\/div><div class=\"fusion-post-content post-content\"><h2 class=\"blog-shortcode-post-title entry-title\"><a href=\"https:\/\/ramse.es\/wordpress\/entrega-de-premios-ramse-2018\/\">Entrega de premios RAMSE 2018<\/a><\/h2><p class=\"fusion-single-line-meta\">Por <span class=\"vcard\"><span class=\"fn\"><a href=\"https:\/\/ramse.es\/wordpress\/author\/ivan_z0qj9h4b\/\" title=\"Entradas de admin\" rel=\"author\">admin<\/a><\/span><\/span><span class=\"fusion-inline-sep\">|<\/span><span class=\"updated\" style=\"display:none;\">2020-04-13T11:30:39+02:00<\/span><span>octubre 3rd, 2019<\/span><span class=\"fusion-inline-sep\">|<\/span>Categor\u00edas: <a href=\"https:\/\/ramse.es\/wordpress\/category\/news\/latest-news\/\" rel=\"category tag\">Noticias<\/a>, <a href=\"https:\/\/ramse.es\/wordpress\/category\/premios-academia\/\" rel=\"category tag\">Premios Academia<\/a><span class=\"fusion-inline-sep\">|<\/span><\/p><div class=\"fusion-post-content-container\"><p>La Real Academia de Medicina y Cirug\u00eda de Sevilla ha entregado los premios de investigaci\u00f3n del a\u00f1o 2018. Concretamente se ha presentado y entregado los premios de las siguientes categor\u00edas: Premio de la Real Academia de Medicina y Cirug\u00eda de Sevilla a Publicaciones Cient\u00edficas, al trabajo cient\u00edfico de investigaci\u00f3n b\u00e1sica o aplicada, publicado en los a\u00f1os 2016-2017 Trabajo titulado: \u201cLas c\u00e9lulas nestinas positivas dirigen la migraci\u00f3n de las c\u00e9lulas inflamatorias <a href=\"https:\/\/ramse.es\/wordpress\/entrega-de-premios-ramse-2018\/\">[...]<\/a><\/p><\/div><\/div><div class=\"fusion-clearfix\"><\/div><div class=\"fusion-meta-info\"><div class=\"fusion-alignright\"><a class=\"fusion-read-more\" href=\"https:\/\/ramse.es\/wordpress\/entrega-de-premios-ramse-2018\/\" aria-label=\"More on Entrega de premios RAMSE 2018\">Leer M\u00e1s<\/a><\/div><\/div><\/article>\n<article id=\"blog-1-post-2355\" class=\"fusion-post-large-alternate post-2355 post type-post status-publish format-standard hentry category-latest-news\">\n\t<style type=\"text\/css\">\n\t\t\n\t\t\n\t\t\n\t\t\n\t\t\t<\/style>\n\n\n<div class=\"fusion-date-and-formats\"><div class=\"fusion-date-box updated\"><span class=\"fusion-date\">septiembre<\/span><span class=\"fusion-month-year\">12:00 am<\/span><\/div><div class=\"fusion-format-box\"><i class=\"awb-icon-pen\" aria-hidden=\"true\"><\/i><\/div><\/div><div class=\"fusion-post-content post-content\"><h2 class=\"blog-shortcode-post-title entry-title\"><a href=\"https:\/\/ramse.es\/wordpress\/calendario-de-actividades-2\/\">CALENDARIO DE ACTIVIDADES<\/a><\/h2><p class=\"fusion-single-line-meta\">Por <span class=\"vcard\"><span class=\"fn\"><a href=\"https:\/\/ramse.es\/wordpress\/author\/ivan_z0qj9h4b\/\" title=\"Entradas de admin\" rel=\"author\">admin<\/a><\/span><\/span><span class=\"fusion-inline-sep\">|<\/span><span class=\"updated\" style=\"display:none;\">2019-09-17T00:00:00+02:00<\/span><span>septiembre 17th, 2019<\/span><span class=\"fusion-inline-sep\">|<\/span>Categor\u00edas: <a href=\"https:\/\/ramse.es\/wordpress\/category\/news\/latest-news\/\" rel=\"category tag\">Noticias<\/a><span class=\"fusion-inline-sep\">|<\/span><\/p><div class=\"fusion-post-content-container\"><p>OCTUBRE Jueves 3 de octubre a las 20:00 horas Entrega de premios del concurso del a\u00f1o 2018: Premio Fundacio\u0301n Repetto, sobre tema libre de Gestio\u0301n Sanitaria Premio Dr. Argu\u0308elles Tera\u0301n, al mejor trabajo presentado sobre Nutricio\u0301n Pedia\u0301trica Premio Prof. Alberto Valls y Sa\u0301nchez de Puerta, sobre Gastroenterologi\u0301a Pedia\u0301trica \u00a0 \u00a0 Domingo 6 de octubre a las 12:00 horas Recepci\u00f3n Acad\u00e9mico de Honor Excmo. Dr. D. Ramiro Rivera L\u00f3pez Leer\u00e1 su <a href=\"https:\/\/ramse.es\/wordpress\/calendario-de-actividades-2\/\">[...]<\/a><\/p><\/div><\/div><div class=\"fusion-clearfix\"><\/div><div class=\"fusion-meta-info\"><div class=\"fusion-alignright\"><a class=\"fusion-read-more\" href=\"https:\/\/ramse.es\/wordpress\/calendario-de-actividades-2\/\" aria-label=\"More on CALENDARIO DE ACTIVIDADES\">Leer M\u00e1s<\/a><\/div><\/div><\/article>\n<article id=\"blog-1-post-2354\" class=\"fusion-post-large-alternate post-2354 post type-post status-publish format-standard has-post-thumbnail hentry category-latest-news\">\n\t<style type=\"text\/css\">\n\t\t\n\t\t\n\t\t\n\t\t\n\t\t\t<\/style>\n\n\n\t\t\t<div class=\"fusion-flexslider flexslider fusion-flexslider-loading fusion-post-slideshow\" style=\"\">\n\t\t<ul class=\"slides\">\n\t\t\t\n\t\t\t\t\t\t\t\t\t\t\t\t\t\t<li><div  class=\"fusion-image-wrapper\" aria-haspopup=\"true\">\n\t\t\t\t<img decoding=\"async\" width=\"800\" height=\"600\" src=\"https:\/\/ramse.es\/wordpress\/wp-content\/uploads\/2019\/06\/ramse.-jornada-cientifica-crecimiento-infantil.jpg\" class=\"attachment-full size-full wp-post-image\" alt=\"\" srcset=\"https:\/\/ramse.es\/wordpress\/wp-content\/uploads\/2019\/06\/ramse.-jornada-cientifica-crecimiento-infantil-200x150.jpg 200w, https:\/\/ramse.es\/wordpress\/wp-content\/uploads\/2019\/06\/ramse.-jornada-cientifica-crecimiento-infantil-400x300.jpg 400w, https:\/\/ramse.es\/wordpress\/wp-content\/uploads\/2019\/06\/ramse.-jornada-cientifica-crecimiento-infantil-600x450.jpg 600w, https:\/\/ramse.es\/wordpress\/wp-content\/uploads\/2019\/06\/ramse.-jornada-cientifica-crecimiento-infantil.jpg 800w\" sizes=\"(max-width: 1000px) 100vw, 800px\" \/><div class=\"fusion-rollover\">\n\t<div class=\"fusion-rollover-content\">\n\n\t\t\t\t\t\t\t\t\t\t\t\t\t\t<a class=\"fusion-rollover-link\" href=\"https:\/\/ramse.es\/wordpress\/jornada-cientifica-nuevos-retos-en-el-manejo-de-los-problemas-de-crecimiento\/\">Jornada cient\u00edfica: \u201cNuevos retos en el manejo de los problemas de crecimiento\u201d<\/a>\n\t\t\t\n\t\t\t\t\t\t\t\t\t\t\t\t\t\t\n\t\t\t\t\t\t\t\t\n\t\t\t\t\t\t\t\t\t\t\t\t\t<div class=\"fusion-rollover-sep\"><\/div>\n\t\t\t\t\n\t\t\t\t\t\t\t\t\t\t\t\t\t\t\t\t\t\t<a class=\"fusion-rollover-gallery\" href=\"https:\/\/ramse.es\/wordpress\/wp-content\/uploads\/2019\/06\/ramse.-jornada-cientifica-crecimiento-infantil.jpg\" data-id=\"2354\" data-rel=\"iLightbox[gallery]\" data-title=\"ramse.-jornada-cientifica-crecimiento-infantil\" data-caption=\"\">\n\t\t\t\t\t\tGaler\u00eda\t\t\t\t\t<\/a>\n\t\t\t\t\t\t\t\t\t\t\t\t\t\t\n\t\t\n\t\t\t\t\t\t\t\t\n\t\t\t\t\t\t\t\t\n\t\t\n\t\t\t\t\t\t<a class=\"fusion-link-wrapper\" href=\"https:\/\/ramse.es\/wordpress\/jornada-cientifica-nuevos-retos-en-el-manejo-de-los-problemas-de-crecimiento\/\" aria-label=\"Jornada cient\u00edfica: \u201cNuevos retos en el manejo de los problemas de crecimiento\u201d\"><\/a>\n\t<\/div>\n<\/div>\n<\/div>\n<\/li>\n\t\t\t\n\t\t\t\n\t\t\t\t\t\t\t\t\t\t\t\t\t\t\t\t\t\t\t\t\t\t\t\t\t\t\t\t\t\t\t\t\t\t\t\t\t\t\t\t\t\t\t\t\t\t\t\t\t\t\t\t\t\t\t\t\t\t\t\t\t\t\t\t\t\t\t\t<\/ul>\n\t<\/div>\n\t<div class=\"fusion-date-and-formats\"><div class=\"fusion-date-box updated\"><span class=\"fusion-date\">junio<\/span><span class=\"fusion-month-year\">8:58 pm<\/span><\/div><div class=\"fusion-format-box\"><i class=\"awb-icon-pen\" aria-hidden=\"true\"><\/i><\/div><\/div><div class=\"fusion-post-content post-content\"><h2 class=\"blog-shortcode-post-title entry-title\"><a href=\"https:\/\/ramse.es\/wordpress\/jornada-cientifica-nuevos-retos-en-el-manejo-de-los-problemas-de-crecimiento\/\">Jornada cient\u00edfica: \u201cNuevos retos en el manejo de los problemas de crecimiento\u201d<\/a><\/h2><p class=\"fusion-single-line-meta\">Por <span class=\"vcard\"><span class=\"fn\"><a href=\"https:\/\/ramse.es\/wordpress\/author\/ivan_z0qj9h4b\/\" title=\"Entradas de admin\" rel=\"author\">admin<\/a><\/span><\/span><span class=\"fusion-inline-sep\">|<\/span><span class=\"updated\" style=\"display:none;\">2019-06-10T20:58:51+02:00<\/span><span>junio 10th, 2019<\/span><span class=\"fusion-inline-sep\">|<\/span>Categor\u00edas: <a href=\"https:\/\/ramse.es\/wordpress\/category\/news\/latest-news\/\" rel=\"category tag\">Noticias<\/a><span class=\"fusion-inline-sep\">|<\/span><\/p><div class=\"fusion-post-content-container\"><p>Uno de cada 6.000 ni\u00f1os sevillanos menores de 15 a\u00f1os es tratado con hormona de crecimiento La Real Academia de Medicina y Cirug\u00eda de Sevilla (RAMSE), con el patrocinio de Fundaci\u00f3n Merck Salud, organiz\u00f3 el pasado jueves 30 de mayo, la jornada cient\u00edfica \u201cNuevos retos en el manejo de los problemas de crecimiento\u201d, dirigida por el Dr. Rafael Espino Aguilar, Acad\u00e9mico Correspondiente de la RAMSE, Jefe del Servicio de Pediatr\u00eda <a href=\"https:\/\/ramse.es\/wordpress\/jornada-cientifica-nuevos-retos-en-el-manejo-de-los-problemas-de-crecimiento\/\">[...]<\/a><\/p><\/div><\/div><div class=\"fusion-clearfix\"><\/div><div class=\"fusion-meta-info\"><div class=\"fusion-alignright\"><a class=\"fusion-read-more\" href=\"https:\/\/ramse.es\/wordpress\/jornada-cientifica-nuevos-retos-en-el-manejo-de-los-problemas-de-crecimiento\/\" aria-label=\"More on Jornada cient\u00edfica: \u201cNuevos retos en el manejo de los problemas de crecimiento\u201d\">Leer M\u00e1s<\/a><\/div><\/div><\/article>\n<article id=\"blog-1-post-2004\" class=\"fusion-post-large-alternate post-2004 post type-post status-publish format-standard has-post-thumbnail hentry category-latest-news\">\n\t<style type=\"text\/css\">\n\t\t\n\t\t\n\t\t\n\t\t\n\t\t\t<\/style>\n\n\n\t\t\t<div class=\"fusion-flexslider flexslider fusion-flexslider-loading fusion-post-slideshow\" style=\"\">\n\t\t<ul class=\"slides\">\n\t\t\t\n\t\t\t\t\t\t\t\t\t\t\t\t\t\t<li><div  class=\"fusion-image-wrapper\" aria-haspopup=\"true\">\n\t\t\t\t<img decoding=\"async\" width=\"500\" height=\"1486\" src=\"https:\/\/ramse.es\/wordpress\/wp-content\/uploads\/2019\/04\/mr-ramse-sxx-25-4-19.jpg\" class=\"attachment-full size-full wp-post-image\" alt=\"\" srcset=\"https:\/\/ramse.es\/wordpress\/wp-content\/uploads\/2019\/04\/mr-ramse-sxx-25-4-19-200x594.jpg 200w, https:\/\/ramse.es\/wordpress\/wp-content\/uploads\/2019\/04\/mr-ramse-sxx-25-4-19-400x1189.jpg 400w, https:\/\/ramse.es\/wordpress\/wp-content\/uploads\/2019\/04\/mr-ramse-sxx-25-4-19.jpg 500w\" sizes=\"(max-width: 1000px) 100vw, 500px\" \/><div class=\"fusion-rollover\">\n\t<div class=\"fusion-rollover-content\">\n\n\t\t\t\t\t\t\t\t\t\t\t\t\t\t<a class=\"fusion-rollover-link\" href=\"https:\/\/ramse.es\/wordpress\/proximos-eventos-25-abril\/\">Pr\u00f3ximos eventos: 25 abril<\/a>\n\t\t\t\n\t\t\t\t\t\t\t\t\t\t\t\t\t\t\n\t\t\t\t\t\t\t\t\n\t\t\t\t\t\t\t\t\t\t\t\t\t<div class=\"fusion-rollover-sep\"><\/div>\n\t\t\t\t\n\t\t\t\t\t\t\t\t\t\t\t\t\t\t\t\t\t\t<a class=\"fusion-rollover-gallery\" href=\"https:\/\/ramse.es\/wordpress\/wp-content\/uploads\/2019\/04\/mr-ramse-sxx-25-4-19.jpg\" data-id=\"2004\" data-rel=\"iLightbox[gallery]\" data-title=\"mr-ramse-sxx-25-4-19\" data-caption=\"\">\n\t\t\t\t\t\tGaler\u00eda\t\t\t\t\t<\/a>\n\t\t\t\t\t\t\t\t\t\t\t\t\t\t\n\t\t\n\t\t\t\t\t\t\t\t\n\t\t\t\t\t\t\t\t\n\t\t\n\t\t\t\t\t\t<a class=\"fusion-link-wrapper\" href=\"https:\/\/ramse.es\/wordpress\/proximos-eventos-25-abril\/\" aria-label=\"Pr\u00f3ximos eventos: 25 abril\"><\/a>\n\t<\/div>\n<\/div>\n<\/div>\n<\/li>\n\t\t\t\n\t\t\t\n\t\t\t\t\t\t\t\t\t\t\t\t\t\t\t\t\t\t\t\t\t\t\t\t\t\t\t\t\t\t\t\t\t\t\t\t\t\t\t\t\t\t\t\t\t\t\t\t\t\t\t\t\t\t\t\t\t\t\t\t\t\t\t\t\t\t\t\t<\/ul>\n\t<\/div>\n\t<div class=\"fusion-date-and-formats\"><div class=\"fusion-date-box updated\"><span class=\"fusion-date\">abril<\/span><span class=\"fusion-month-year\">12:00 am<\/span><\/div><div class=\"fusion-format-box\"><i class=\"awb-icon-pen\" aria-hidden=\"true\"><\/i><\/div><\/div><div class=\"fusion-post-content post-content\"><h2 class=\"blog-shortcode-post-title entry-title\"><a href=\"https:\/\/ramse.es\/wordpress\/proximos-eventos-25-abril\/\">Pr\u00f3ximos eventos: 25 abril<\/a><\/h2><p class=\"fusion-single-line-meta\">Por <span class=\"vcard\"><span class=\"fn\"><a href=\"https:\/\/ramse.es\/wordpress\/author\/ivan_z0qj9h4b\/\" title=\"Entradas de admin\" rel=\"author\">admin<\/a><\/span><\/span><span class=\"fusion-inline-sep\">|<\/span><span class=\"updated\" style=\"display:none;\">2019-04-01T00:00:00+02:00<\/span><span>abril 1st, 2019<\/span><span class=\"fusion-inline-sep\">|<\/span>Categor\u00edas: <a href=\"https:\/\/ramse.es\/wordpress\/category\/news\/latest-news\/\" rel=\"category tag\">Noticias<\/a><span class=\"fusion-inline-sep\">|<\/span><\/p><div class=\"fusion-post-content-container\"><p>Jueves 25 de abril a las 19:00 horas Mesa redonda \u201cLa Real Academia de Medicina y\u00a0Cirug\u00eda en el siglo XX\" \u00a0 Descargar programa aqu\u00ed \u00a0 \u00a0 p.p1 {margin: 0.0px 0.0px 0.0px 0.0px; font: 15.0px Helvetica; color: #8a0f00}<\/p><\/div><\/div><div class=\"fusion-clearfix\"><\/div><div class=\"fusion-meta-info\"><div class=\"fusion-alignright\"><a class=\"fusion-read-more\" href=\"https:\/\/ramse.es\/wordpress\/proximos-eventos-25-abril\/\" aria-label=\"More on Pr\u00f3ximos eventos: 25 abril\">Leer M\u00e1s<\/a><\/div><\/div><\/article>\n<article id=\"blog-1-post-2352\" class=\"fusion-post-large-alternate post-2352 post type-post status-publish format-standard hentry category-latest-news category-premios-fundacion\">\n\t<style type=\"text\/css\">\n\t\t\n\t\t\n\t\t\n\t\t\n\t\t\t<\/style>\n\n\n<div class=\"fusion-date-and-formats\"><div class=\"fusion-date-box updated\"><span class=\"fusion-date\">marzo<\/span><span class=\"fusion-month-year\">12:00 am<\/span><\/div><div class=\"fusion-format-box\"><i class=\"awb-icon-pen\" aria-hidden=\"true\"><\/i><\/div><\/div><div class=\"fusion-post-content post-content\"><h2 class=\"blog-shortcode-post-title entry-title\"><a href=\"https:\/\/ramse.es\/wordpress\/premios-fundacion-ramse-2019\/\">Premios Fundaci\u00f3n RAMSE 2019<\/a><\/h2><p class=\"fusion-single-line-meta\">Por <span class=\"vcard\"><span class=\"fn\"><a href=\"https:\/\/ramse.es\/wordpress\/author\/ivan_z0qj9h4b\/\" title=\"Entradas de admin\" rel=\"author\">admin<\/a><\/span><\/span><span class=\"fusion-inline-sep\">|<\/span><span class=\"updated\" style=\"display:none;\">2020-04-13T11:30:53+02:00<\/span><span>marzo 25th, 2019<\/span><span class=\"fusion-inline-sep\">|<\/span>Categor\u00edas: <a href=\"https:\/\/ramse.es\/wordpress\/category\/news\/latest-news\/\" rel=\"category tag\">Noticias<\/a>, <a href=\"https:\/\/ramse.es\/wordpress\/category\/premios-fundacion\/\" rel=\"category tag\">Premios Fundaci\u00f3n<\/a><span class=\"fusion-inline-sep\">|<\/span><\/p><div class=\"fusion-post-content-container\"><p>La Fundaci\u00f3n Real Academia de Medicina y Cirug\u00eda de Sevilla convoca el concurso cient\u00edfico de premios a\u00f1o 2019 - Premio a la investigaci\u00f3n b\u00e1sica y\/o cl\u00ednica traslacional en tumores genitourinarios, con el patrocinio de la Real Academia de Medicina y Cirug\u00eda de Sevilla y del Laboratorio de Biolog\u00eda Molecular del C\u00e1ncer del CIMES (UMA). Dotado con 3000 Euros y diploma acreditativo. - Premio sobre tema libre socio-sanitario Odontol\u00f3gico, con el <a href=\"https:\/\/ramse.es\/wordpress\/premios-fundacion-ramse-2019\/\">[...]<\/a><\/p><\/div><\/div><div class=\"fusion-clearfix\"><\/div><div class=\"fusion-meta-info\"><div class=\"fusion-alignright\"><a class=\"fusion-read-more\" href=\"https:\/\/ramse.es\/wordpress\/premios-fundacion-ramse-2019\/\" aria-label=\"More on Premios Fundaci\u00f3n RAMSE 2019\">Leer M\u00e1s<\/a><\/div><\/div><\/article>\n<article id=\"blog-1-post-2340\" class=\"fusion-post-large-alternate post-2340 post type-post status-publish format-standard has-post-thumbnail hentry category-latest-news\">\n\t<style type=\"text\/css\">\n\t\t\n\t\t\n\t\t\n\t\t\n\t\t\t<\/style>\n\n\n\t\t\t<div class=\"fusion-flexslider flexslider fusion-flexslider-loading fusion-post-slideshow\" style=\"\">\n\t\t<ul class=\"slides\">\n\t\t\t\n\t\t\t\t\t\t\t\t\t\t\t\t\t\t<li><div  class=\"fusion-image-wrapper\" aria-haspopup=\"true\">\n\t\t\t\t<img decoding=\"async\" width=\"500\" height=\"707\" src=\"https:\/\/ramse.es\/wordpress\/wp-content\/uploads\/2019\/03\/tarjeton-24-abril.jpg\" class=\"attachment-full size-full wp-post-image\" alt=\"\" srcset=\"https:\/\/ramse.es\/wordpress\/wp-content\/uploads\/2019\/03\/tarjeton-24-abril-200x283.jpg 200w, https:\/\/ramse.es\/wordpress\/wp-content\/uploads\/2019\/03\/tarjeton-24-abril-400x566.jpg 400w, https:\/\/ramse.es\/wordpress\/wp-content\/uploads\/2019\/03\/tarjeton-24-abril.jpg 500w\" sizes=\"(max-width: 1000px) 100vw, 500px\" \/><div class=\"fusion-rollover\">\n\t<div class=\"fusion-rollover-content\">\n\n\t\t\t\t\t\t\t\t\t\t\t\t\t\t<a class=\"fusion-rollover-link\" href=\"https:\/\/ramse.es\/wordpress\/proximos-eventos-24-abril\/\">Pr\u00f3ximos eventos: 24 abril<\/a>\n\t\t\t\n\t\t\t\t\t\t\t\t\t\t\t\t\t\t\n\t\t\t\t\t\t\t\t\n\t\t\t\t\t\t\t\t\t\t\t\t\t<div class=\"fusion-rollover-sep\"><\/div>\n\t\t\t\t\n\t\t\t\t\t\t\t\t\t\t\t\t\t\t\t\t\t\t<a class=\"fusion-rollover-gallery\" href=\"https:\/\/ramse.es\/wordpress\/wp-content\/uploads\/2019\/03\/tarjeton-24-abril.jpg\" data-id=\"2340\" data-rel=\"iLightbox[gallery]\" data-title=\"tarjeton-24-abril\" data-caption=\"\">\n\t\t\t\t\t\tGaler\u00eda\t\t\t\t\t<\/a>\n\t\t\t\t\t\t\t\t\t\t\t\t\t\t\n\t\t\n\t\t\t\t\t\t\t\t\n\t\t\t\t\t\t\t\t\n\t\t\n\t\t\t\t\t\t<a class=\"fusion-link-wrapper\" href=\"https:\/\/ramse.es\/wordpress\/proximos-eventos-24-abril\/\" aria-label=\"Pr\u00f3ximos eventos: 24 abril\"><\/a>\n\t<\/div>\n<\/div>\n<\/div>\n<\/li>\n\t\t\t\n\t\t\t\n\t\t\t\t\t\t\t\t\t\t\t\t\t\t\t\t\t\t\t\t\t\t\t\t\t\t\t\t\t\t\t\t\t\t\t\t\t\t\t\t\t\t\t\t\t\t\t\t\t\t\t\t\t\t\t\t\t\t\t\t\t\t\t\t\t\t\t\t<\/ul>\n\t<\/div>\n\t<div class=\"fusion-date-and-formats\"><div class=\"fusion-date-box updated\"><span class=\"fusion-date\">marzo<\/span><span class=\"fusion-month-year\">12:00 am<\/span><\/div><div class=\"fusion-format-box\"><i class=\"awb-icon-pen\" aria-hidden=\"true\"><\/i><\/div><\/div><div class=\"fusion-post-content post-content\"><h2 class=\"blog-shortcode-post-title entry-title\"><a href=\"https:\/\/ramse.es\/wordpress\/proximos-eventos-24-abril\/\">Pr\u00f3ximos eventos: 24 abril<\/a><\/h2><p class=\"fusion-single-line-meta\">Por <span class=\"vcard\"><span class=\"fn\"><a href=\"https:\/\/ramse.es\/wordpress\/author\/ivan_z0qj9h4b\/\" title=\"Entradas de admin\" rel=\"author\">admin<\/a><\/span><\/span><span class=\"fusion-inline-sep\">|<\/span><span class=\"updated\" style=\"display:none;\">2019-03-24T00:00:00+02:00<\/span><span>marzo 24th, 2019<\/span><span class=\"fusion-inline-sep\">|<\/span>Categor\u00edas: <a href=\"https:\/\/ramse.es\/wordpress\/category\/news\/latest-news\/\" rel=\"category tag\">Noticias<\/a><span class=\"fusion-inline-sep\">|<\/span><\/p><div class=\"fusion-post-content-container\"><p>Jueves 24 de abril a las 20:00 horas II Jornada: Retos de la vacunaci\u00f3n en el siglo XXI: El impacto de las vacunas en la salud infantil Descargar el programa del acto aqu\u00ed \u00a0<\/p><\/div><\/div><div class=\"fusion-clearfix\"><\/div><div class=\"fusion-meta-info\"><div class=\"fusion-alignright\"><a class=\"fusion-read-more\" href=\"https:\/\/ramse.es\/wordpress\/proximos-eventos-24-abril\/\" aria-label=\"More on Pr\u00f3ximos eventos: 24 abril\">Leer M\u00e1s<\/a><\/div><\/div><\/article>\n<article id=\"blog-1-post-2337\" class=\"fusion-post-large-alternate post-2337 post type-post status-publish format-standard has-post-thumbnail hentry category-latest-news\">\n\t<style type=\"text\/css\">\n\t\t\n\t\t\n\t\t\n\t\t\n\t\t\t<\/style>\n\n\n\t\t\t<div class=\"fusion-flexslider flexslider fusion-flexslider-loading fusion-post-slideshow\" style=\"\">\n\t\t<ul class=\"slides\">\n\t\t\t\n\t\t\t\t\t\t\t\t\t\t\t\t\t\t<li><div  class=\"fusion-image-wrapper\" aria-haspopup=\"true\">\n\t\t\t\t<img decoding=\"async\" width=\"500\" height=\"1023\" src=\"https:\/\/ramse.es\/wordpress\/wp-content\/uploads\/2019\/03\/correspondientes_11-4-19_0.jpg\" class=\"attachment-full size-full wp-post-image\" alt=\"\" srcset=\"https:\/\/ramse.es\/wordpress\/wp-content\/uploads\/2019\/03\/correspondientes_11-4-19_0-200x409.jpg 200w, https:\/\/ramse.es\/wordpress\/wp-content\/uploads\/2019\/03\/correspondientes_11-4-19_0-400x818.jpg 400w, https:\/\/ramse.es\/wordpress\/wp-content\/uploads\/2019\/03\/correspondientes_11-4-19_0.jpg 500w\" sizes=\"(max-width: 1000px) 100vw, 500px\" \/><div class=\"fusion-rollover\">\n\t<div class=\"fusion-rollover-content\">\n\n\t\t\t\t\t\t\t\t\t\t\t\t\t\t<a class=\"fusion-rollover-link\" href=\"https:\/\/ramse.es\/wordpress\/proximos-eventos-11-abril\/\">Pr\u00f3ximos eventos: 11 abril<\/a>\n\t\t\t\n\t\t\t\t\t\t\t\t\t\t\t\t\t\t\n\t\t\t\t\t\t\t\t\n\t\t\t\t\t\t\t\t\t\t\t\t\t<div class=\"fusion-rollover-sep\"><\/div>\n\t\t\t\t\n\t\t\t\t\t\t\t\t\t\t\t\t\t\t\t\t\t\t<a class=\"fusion-rollover-gallery\" href=\"https:\/\/ramse.es\/wordpress\/wp-content\/uploads\/2019\/03\/correspondientes_11-4-19_0.jpg\" data-id=\"2337\" data-rel=\"iLightbox[gallery]\" data-title=\"correspondientes_11-4-19_0\" data-caption=\"\">\n\t\t\t\t\t\tGaler\u00eda\t\t\t\t\t<\/a>\n\t\t\t\t\t\t\t\t\t\t\t\t\t\t\n\t\t\n\t\t\t\t\t\t\t\t\n\t\t\t\t\t\t\t\t\n\t\t\n\t\t\t\t\t\t<a class=\"fusion-link-wrapper\" href=\"https:\/\/ramse.es\/wordpress\/proximos-eventos-11-abril\/\" aria-label=\"Pr\u00f3ximos eventos: 11 abril\"><\/a>\n\t<\/div>\n<\/div>\n<\/div>\n<\/li>\n\t\t\t\n\t\t\t\n\t\t\t\t\t\t\t\t\t\t\t\t\t\t\t\t\t\t\t\t\t\t\t\t\t\t\t\t\t\t\t\t\t\t\t\t\t\t\t\t\t\t\t\t\t\t\t\t\t\t\t\t\t\t\t\t\t\t\t\t\t\t\t\t\t\t\t\t<\/ul>\n\t<\/div>\n\t<div class=\"fusion-date-and-formats\"><div class=\"fusion-date-box updated\"><span class=\"fusion-date\">marzo<\/span><span class=\"fusion-month-year\">12:00 am<\/span><\/div><div class=\"fusion-format-box\"><i class=\"awb-icon-pen\" aria-hidden=\"true\"><\/i><\/div><\/div><div class=\"fusion-post-content post-content\"><h2 class=\"blog-shortcode-post-title entry-title\"><a href=\"https:\/\/ramse.es\/wordpress\/proximos-eventos-11-abril\/\">Pr\u00f3ximos eventos: 11 abril<\/a><\/h2><p class=\"fusion-single-line-meta\">Por <span class=\"vcard\"><span class=\"fn\"><a href=\"https:\/\/ramse.es\/wordpress\/author\/ivan_z0qj9h4b\/\" title=\"Entradas de admin\" rel=\"author\">admin<\/a><\/span><\/span><span class=\"fusion-inline-sep\">|<\/span><span class=\"updated\" style=\"display:none;\">2019-03-23T00:00:00+02:00<\/span><span>marzo 23rd, 2019<\/span><span class=\"fusion-inline-sep\">|<\/span>Categor\u00edas: <a href=\"https:\/\/ramse.es\/wordpress\/category\/news\/latest-news\/\" rel=\"category tag\">Noticias<\/a><span class=\"fusion-inline-sep\">|<\/span><\/p><div class=\"fusion-post-content-container\"><p>Jueves 11 de abril a las 20:00 horas Recepci\u00f3n de Acad\u00e9micos Correspondientes: Dr. D. Lutgardo Garc\u00eda D\u00edaz Dr.\u00a0D. Eusebio Torres Carranza \u00a0 \u00a0 Descargar el programa aqu\u00ed \u00a0 \u00a0 \u00a0 \u00a0 \u00a0<\/p><\/div><\/div><div class=\"fusion-clearfix\"><\/div><div class=\"fusion-meta-info\"><div class=\"fusion-alignright\"><a class=\"fusion-read-more\" href=\"https:\/\/ramse.es\/wordpress\/proximos-eventos-11-abril\/\" aria-label=\"More on Pr\u00f3ximos eventos: 11 abril\">Leer M\u00e1s<\/a><\/div><\/div><\/article>\n<article id=\"blog-1-post-2334\" class=\"fusion-post-large-alternate post-2334 post type-post status-publish format-standard has-post-thumbnail hentry category-latest-news\">\n\t<style type=\"text\/css\">\n\t\t\n\t\t\n\t\t\n\t\t\n\t\t\t<\/style>\n\n\n\t\t\t<div class=\"fusion-flexslider flexslider fusion-flexslider-loading fusion-post-slideshow\" style=\"\">\n\t\t<ul class=\"slides\">\n\t\t\t\n\t\t\t\t\t\t\t\t\t\t\t\t\t\t<li><div  class=\"fusion-image-wrapper\" aria-haspopup=\"true\">\n\t\t\t\t<img decoding=\"async\" width=\"500\" height=\"1486\" src=\"https:\/\/ramse.es\/wordpress\/wp-content\/uploads\/2019\/03\/ricoms-9-4-19.jpg\" class=\"attachment-full size-full wp-post-image\" alt=\"\" srcset=\"https:\/\/ramse.es\/wordpress\/wp-content\/uploads\/2019\/03\/ricoms-9-4-19-200x594.jpg 200w, https:\/\/ramse.es\/wordpress\/wp-content\/uploads\/2019\/03\/ricoms-9-4-19-400x1189.jpg 400w, https:\/\/ramse.es\/wordpress\/wp-content\/uploads\/2019\/03\/ricoms-9-4-19.jpg 500w\" sizes=\"(max-width: 1000px) 100vw, 500px\" \/><div class=\"fusion-rollover\">\n\t<div class=\"fusion-rollover-content\">\n\n\t\t\t\t\t\t\t\t\t\t\t\t\t\t<a class=\"fusion-rollover-link\" href=\"https:\/\/ramse.es\/wordpress\/proximos-eventos-9-abril\/\">Pr\u00f3ximos eventos: 9 abril<\/a>\n\t\t\t\n\t\t\t\t\t\t\t\t\t\t\t\t\t\t\n\t\t\t\t\t\t\t\t\n\t\t\t\t\t\t\t\t\t\t\t\t\t<div class=\"fusion-rollover-sep\"><\/div>\n\t\t\t\t\n\t\t\t\t\t\t\t\t\t\t\t\t\t\t\t\t\t\t<a class=\"fusion-rollover-gallery\" href=\"https:\/\/ramse.es\/wordpress\/wp-content\/uploads\/2019\/03\/ricoms-9-4-19.jpg\" data-id=\"2334\" data-rel=\"iLightbox[gallery]\" data-title=\"ricoms-9-4-19\" data-caption=\"\">\n\t\t\t\t\t\tGaler\u00eda\t\t\t\t\t<\/a>\n\t\t\t\t\t\t\t\t\t\t\t\t\t\t\n\t\t\n\t\t\t\t\t\t\t\t\n\t\t\t\t\t\t\t\t\n\t\t\n\t\t\t\t\t\t<a class=\"fusion-link-wrapper\" href=\"https:\/\/ramse.es\/wordpress\/proximos-eventos-9-abril\/\" aria-label=\"Pr\u00f3ximos eventos: 9 abril\"><\/a>\n\t<\/div>\n<\/div>\n<\/div>\n<\/li>\n\t\t\t\n\t\t\t\n\t\t\t\t\t\t\t\t\t\t\t\t\t\t\t\t\t\t\t\t\t\t\t\t\t\t\t\t\t\t\t\t\t\t\t\t\t\t\t\t\t\t\t\t\t\t\t\t\t\t\t\t\t\t\t\t\t\t\t\t\t\t\t\t\t\t\t\t<\/ul>\n\t<\/div>\n\t<div class=\"fusion-date-and-formats\"><div class=\"fusion-date-box updated\"><span class=\"fusion-date\">marzo<\/span><span class=\"fusion-month-year\">12:00 am<\/span><\/div><div class=\"fusion-format-box\"><i class=\"awb-icon-pen\" aria-hidden=\"true\"><\/i><\/div><\/div><div class=\"fusion-post-content post-content\"><h2 class=\"blog-shortcode-post-title entry-title\"><a href=\"https:\/\/ramse.es\/wordpress\/proximos-eventos-9-abril\/\">Pr\u00f3ximos eventos: 9 abril<\/a><\/h2><p class=\"fusion-single-line-meta\">Por <span class=\"vcard\"><span class=\"fn\"><a href=\"https:\/\/ramse.es\/wordpress\/author\/ivan_z0qj9h4b\/\" title=\"Entradas de admin\" rel=\"author\">admin<\/a><\/span><\/span><span class=\"fusion-inline-sep\">|<\/span><span class=\"updated\" style=\"display:none;\">2019-03-22T00:00:00+02:00<\/span><span>marzo 22nd, 2019<\/span><span class=\"fusion-inline-sep\">|<\/span>Categor\u00edas: <a href=\"https:\/\/ramse.es\/wordpress\/category\/news\/latest-news\/\" rel=\"category tag\">Noticias<\/a><span class=\"fusion-inline-sep\">|<\/span><\/p><div class=\"fusion-post-content-container\"><p>Martes 9 de abril a las 20:00 horas Mesa Redonda\u00a0\u201cLa cara oculta de los Colegios de M\u00e9dicos: Solidaridad, Protecci\u00f3n Social y Colaboraci\u00f3n Internacional\u201d Descarga programa completo p.p1 {margin: 0.0px 0.0px 0.0px 0.0px; font: 14.0px Helvetica; color: #8a0f00}<\/p><\/div><\/div><div class=\"fusion-clearfix\"><\/div><div class=\"fusion-meta-info\"><div class=\"fusion-alignright\"><a class=\"fusion-read-more\" href=\"https:\/\/ramse.es\/wordpress\/proximos-eventos-9-abril\/\" aria-label=\"More on Pr\u00f3ximos eventos: 9 abril\">Leer M\u00e1s<\/a><\/div><\/div><\/article>\n<article id=\"blog-1-post-2351\" class=\"fusion-post-large-alternate post-2351 post type-post status-publish format-standard has-post-thumbnail hentry category-newsflash\">\n\t<style type=\"text\/css\">\n\t\t\n\t\t\n\t\t\n\t\t\n\t\t\t<\/style>\n\n\n\t\t\t<div class=\"fusion-flexslider flexslider fusion-flexslider-loading fusion-post-slideshow\" style=\"\">\n\t\t<ul class=\"slides\">\n\t\t\t\n\t\t\t\t\t\t\t\t\t\t\t\t\t\t<li><div  class=\"fusion-image-wrapper\" aria-haspopup=\"true\">\n\t\t\t\t<img decoding=\"async\" width=\"600\" height=\"365\" src=\"https:\/\/ramse.es\/wordpress\/wp-content\/uploads\/2019\/02\/inicio-curso-academia.jpg\" class=\"attachment-full size-full wp-post-image\" alt=\"\" srcset=\"https:\/\/ramse.es\/wordpress\/wp-content\/uploads\/2019\/02\/inicio-curso-academia-200x122.jpg 200w, https:\/\/ramse.es\/wordpress\/wp-content\/uploads\/2019\/02\/inicio-curso-academia-400x243.jpg 400w, https:\/\/ramse.es\/wordpress\/wp-content\/uploads\/2019\/02\/inicio-curso-academia.jpg 600w\" sizes=\"(max-width: 1000px) 100vw, 600px\" \/><div class=\"fusion-rollover\">\n\t<div class=\"fusion-rollover-content\">\n\n\t\t\t\t\t\t\t\t\t\t\t\t\t\t<a class=\"fusion-rollover-link\" href=\"https:\/\/ramse.es\/wordpress\/a-corazon-abierto-50-anos-de-cirugia-cardiaca-2\/\">\u201cA CORAZ\u00d3N ABIERTO: 50 A\u00d1OS DE CIRUG\u00cdA CARDIACA\u201d<\/a>\n\t\t\t\n\t\t\t\t\t\t\t\t\t\t\t\t\t\t\n\t\t\t\t\t\t\t\t\n\t\t\t\t\t\t\t\t\t\t\t\t\t<div class=\"fusion-rollover-sep\"><\/div>\n\t\t\t\t\n\t\t\t\t\t\t\t\t\t\t\t\t\t\t\t\t\t\t<a class=\"fusion-rollover-gallery\" href=\"https:\/\/ramse.es\/wordpress\/wp-content\/uploads\/2019\/02\/inicio-curso-academia.jpg\" data-id=\"2351\" data-rel=\"iLightbox[gallery]\" data-title=\"inicio-curso-academia\" data-caption=\"\">\n\t\t\t\t\t\tGaler\u00eda\t\t\t\t\t<\/a>\n\t\t\t\t\t\t\t\t\t\t\t\t\t\t\n\t\t\n\t\t\t\t\t\t\t\t\n\t\t\t\t\t\t\t\t\n\t\t\n\t\t\t\t\t\t<a class=\"fusion-link-wrapper\" href=\"https:\/\/ramse.es\/wordpress\/a-corazon-abierto-50-anos-de-cirugia-cardiaca-2\/\" aria-label=\"\u201cA CORAZ\u00d3N ABIERTO: 50 A\u00d1OS DE CIRUG\u00cdA CARDIACA\u201d\"><\/a>\n\t<\/div>\n<\/div>\n<\/div>\n<\/li>\n\t\t\t\n\t\t\t\n\t\t\t\t\t\t\t\t\t\t\t\t\t\t\t\t\t\t\t\t\t\t\t\t\t\t\t\t\t\t\t\t\t\t\t\t\t\t\t\t\t\t\t\t\t\t\t\t\t\t\t\t\t\t\t\t\t\t\t\t\t\t\t\t\t\t\t\t<\/ul>\n\t<\/div>\n\t<div class=\"fusion-date-and-formats\"><div class=\"fusion-date-box updated\"><span class=\"fusion-date\">febrero<\/span><span class=\"fusion-month-year\">10:55 am<\/span><\/div><div class=\"fusion-format-box\"><i class=\"awb-icon-pen\" aria-hidden=\"true\"><\/i><\/div><\/div><div class=\"fusion-post-content post-content\"><h2 class=\"blog-shortcode-post-title entry-title\"><a href=\"https:\/\/ramse.es\/wordpress\/a-corazon-abierto-50-anos-de-cirugia-cardiaca-2\/\">\u201cA CORAZ\u00d3N ABIERTO: 50 A\u00d1OS DE CIRUG\u00cdA CARDIACA\u201d<\/a><\/h2><p class=\"fusion-single-line-meta\">Por <span class=\"vcard\"><span class=\"fn\"><a href=\"https:\/\/ramse.es\/wordpress\/author\/ivan_z0qj9h4b\/\" title=\"Entradas de admin\" rel=\"author\">admin<\/a><\/span><\/span><span class=\"fusion-inline-sep\">|<\/span><span class=\"updated\" style=\"display:none;\">2019-02-01T10:55:13+02:00<\/span><span>febrero 1st, 2019<\/span><span class=\"fusion-inline-sep\">|<\/span>Categor\u00edas: <a href=\"https:\/\/ramse.es\/wordpress\/category\/news\/newsflash\/\" rel=\"category tag\">Destacado<\/a><span class=\"fusion-inline-sep\">|<\/span><\/p><div class=\"fusion-post-content-container\"><p>La Real Academia de Medicina y Cirug\u00eda de Sevilla (RAMSE) ha inaugurado su 319 Curso Acad\u00e9mico. La lectura de la Memorias Acad\u00e9micas 2018, por parte del secretario de la RAMSE, D. Federico Arg\u00fcelles Mart\u00ednez, abrir\u00e1 esta importante cita. A continuaci\u00f3n, el cirujano cardiovascular sevillano D. Carlos Infantes Alc\u00f3n,\u00a0Acad\u00e9mico de N\u00famero de la RAMSE, impartir\u00e1 la conferencia inaugural del curso: \u201cA coraz\u00f3n abierto: 50 a\u00f1os de cirug\u00eda cardiaca\u201d. Despu\u00e9s de 50 <a href=\"https:\/\/ramse.es\/wordpress\/a-corazon-abierto-50-anos-de-cirugia-cardiaca-2\/\">[...]<\/a><\/p><\/div><\/div><div class=\"fusion-clearfix\"><\/div><div class=\"fusion-meta-info\"><div class=\"fusion-alignright\"><a class=\"fusion-read-more\" href=\"https:\/\/ramse.es\/wordpress\/a-corazon-abierto-50-anos-de-cirugia-cardiaca-2\/\" aria-label=\"More on \u201cA CORAZ\u00d3N ABIERTO: 50 A\u00d1OS DE CIRUG\u00cdA CARDIACA\u201d\">Leer M\u00e1s<\/a><\/div><\/div><\/article>\n<article id=\"blog-1-post-2350\" class=\"fusion-post-large-alternate post-2350 post type-post status-publish format-standard has-post-thumbnail hentry category-latest-news\">\n\t<style type=\"text\/css\">\n\t\t\n\t\t\n\t\t\n\t\t\n\t\t\t<\/style>\n\n\n\t\t\t<div class=\"fusion-flexslider flexslider fusion-flexslider-loading fusion-post-slideshow\" style=\"\">\n\t\t<ul class=\"slides\">\n\t\t\t\n\t\t\t\t\t\t\t\t\t\t\t\t\t\t<li><div  class=\"fusion-image-wrapper\" aria-haspopup=\"true\">\n\t\t\t\t<img decoding=\"async\" width=\"600\" height=\"365\" src=\"https:\/\/ramse.es\/wordpress\/wp-content\/uploads\/2019\/02\/inicio-curso-academia.jpg\" class=\"attachment-full size-full wp-post-image\" alt=\"\" srcset=\"https:\/\/ramse.es\/wordpress\/wp-content\/uploads\/2019\/02\/inicio-curso-academia-200x122.jpg 200w, https:\/\/ramse.es\/wordpress\/wp-content\/uploads\/2019\/02\/inicio-curso-academia-400x243.jpg 400w, https:\/\/ramse.es\/wordpress\/wp-content\/uploads\/2019\/02\/inicio-curso-academia.jpg 600w\" sizes=\"(max-width: 1000px) 100vw, 600px\" \/><div class=\"fusion-rollover\">\n\t<div class=\"fusion-rollover-content\">\n\n\t\t\t\t\t\t\t\t\t\t\t\t\t\t<a class=\"fusion-rollover-link\" href=\"https:\/\/ramse.es\/wordpress\/a-corazon-abierto-50-anos-de-cirugia-cardiaca\/\">\u201cA CORAZ\u00d3N ABIERTO: 50 A\u00d1OS DE CIRUG\u00cdA CARDIACA\u201d<\/a>\n\t\t\t\n\t\t\t\t\t\t\t\t\t\t\t\t\t\t\n\t\t\t\t\t\t\t\t\n\t\t\t\t\t\t\t\t\t\t\t\t\t<div class=\"fusion-rollover-sep\"><\/div>\n\t\t\t\t\n\t\t\t\t\t\t\t\t\t\t\t\t\t\t\t\t\t\t<a class=\"fusion-rollover-gallery\" href=\"https:\/\/ramse.es\/wordpress\/wp-content\/uploads\/2019\/02\/inicio-curso-academia.jpg\" data-id=\"2350\" data-rel=\"iLightbox[gallery]\" data-title=\"inicio-curso-academia\" data-caption=\"\">\n\t\t\t\t\t\tGaler\u00eda\t\t\t\t\t<\/a>\n\t\t\t\t\t\t\t\t\t\t\t\t\t\t\n\t\t\n\t\t\t\t\t\t\t\t\n\t\t\t\t\t\t\t\t\n\t\t\n\t\t\t\t\t\t<a class=\"fusion-link-wrapper\" href=\"https:\/\/ramse.es\/wordpress\/a-corazon-abierto-50-anos-de-cirugia-cardiaca\/\" aria-label=\"\u201cA CORAZ\u00d3N ABIERTO: 50 A\u00d1OS DE CIRUG\u00cdA CARDIACA\u201d\"><\/a>\n\t<\/div>\n<\/div>\n<\/div>\n<\/li>\n\t\t\t\n\t\t\t\n\t\t\t\t\t\t\t\t\t\t\t\t\t\t\t\t\t\t\t\t\t\t\t\t\t\t\t\t\t\t\t\t\t\t\t\t\t\t\t\t\t\t\t\t\t\t\t\t\t\t\t\t\t\t\t\t\t\t\t\t\t\t\t\t\t\t\t\t<\/ul>\n\t<\/div>\n\t<div class=\"fusion-date-and-formats\"><div class=\"fusion-date-box updated\"><span class=\"fusion-date\">febrero<\/span><span class=\"fusion-month-year\">10:55 am<\/span><\/div><div class=\"fusion-format-box\"><i class=\"awb-icon-pen\" aria-hidden=\"true\"><\/i><\/div><\/div><div class=\"fusion-post-content post-content\"><h2 class=\"blog-shortcode-post-title entry-title\"><a href=\"https:\/\/ramse.es\/wordpress\/a-corazon-abierto-50-anos-de-cirugia-cardiaca\/\">\u201cA CORAZ\u00d3N ABIERTO: 50 A\u00d1OS DE CIRUG\u00cdA CARDIACA\u201d<\/a><\/h2><p class=\"fusion-single-line-meta\">Por <span class=\"vcard\"><span class=\"fn\"><a href=\"https:\/\/ramse.es\/wordpress\/author\/ivan_z0qj9h4b\/\" title=\"Entradas de admin\" rel=\"author\">admin<\/a><\/span><\/span><span class=\"fusion-inline-sep\">|<\/span><span class=\"updated\" style=\"display:none;\">2019-02-01T10:55:13+02:00<\/span><span>febrero 1st, 2019<\/span><span class=\"fusion-inline-sep\">|<\/span>Categor\u00edas: <a href=\"https:\/\/ramse.es\/wordpress\/category\/news\/latest-news\/\" rel=\"category tag\">Noticias<\/a><span class=\"fusion-inline-sep\">|<\/span><\/p><div class=\"fusion-post-content-container\"><p>La Real Academia de Medicina y Cirug\u00eda de Sevilla (RAMSE) ha inaugurado su 319 Curso Acad\u00e9mico. La lectura de la Memorias Acad\u00e9micas 2018, por parte del secretario de la RAMSE, D. Federico Arg\u00fcelles Mart\u00ednez, abrir\u00e1 esta importante cita. A continuaci\u00f3n, el cirujano cardiovascular sevillano D. Carlos Infantes Alc\u00f3n,\u00a0Acad\u00e9mico de N\u00famero de la RAMSE, impartir\u00e1 la conferencia inaugural del curso: \u201cA coraz\u00f3n abierto: 50 a\u00f1os de cirug\u00eda cardiaca\u201d. Despu\u00e9s de 50 <a href=\"https:\/\/ramse.es\/wordpress\/a-corazon-abierto-50-anos-de-cirugia-cardiaca\/\">[...]<\/a><\/p><\/div><\/div><div class=\"fusion-clearfix\"><\/div><div class=\"fusion-meta-info\"><div class=\"fusion-alignright\"><a class=\"fusion-read-more\" href=\"https:\/\/ramse.es\/wordpress\/a-corazon-abierto-50-anos-de-cirugia-cardiaca\/\" aria-label=\"More on \u201cA CORAZ\u00d3N ABIERTO: 50 A\u00d1OS DE CIRUG\u00cdA CARDIACA\u201d\">Leer M\u00e1s<\/a><\/div><\/div><\/article>\n<article id=\"blog-1-post-2348\" class=\"fusion-post-large-alternate post-2348 post type-post status-publish format-standard has-post-thumbnail hentry category-latest-news\">\n\t<style type=\"text\/css\">\n\t\t\n\t\t\n\t\t\n\t\t\n\t\t\t<\/style>\n\n\n\t\t\t<div class=\"fusion-flexslider flexslider fusion-flexslider-loading fusion-post-slideshow\" style=\"\">\n\t\t<ul class=\"slides\">\n\t\t\t\n\t\t\t\t\t\t\t\t\t\t\t\t\t\t<li><div  class=\"fusion-image-wrapper\" aria-haspopup=\"true\">\n\t\t\t\t<img decoding=\"async\" width=\"640\" height=\"455\" src=\"https:\/\/ramse.es\/wordpress\/wp-content\/uploads\/2018\/12\/clausura-curso-academico-ramse.jpg\" class=\"attachment-full size-full wp-post-image\" alt=\"\" srcset=\"https:\/\/ramse.es\/wordpress\/wp-content\/uploads\/2018\/12\/clausura-curso-academico-ramse-200x142.jpg 200w, https:\/\/ramse.es\/wordpress\/wp-content\/uploads\/2018\/12\/clausura-curso-academico-ramse-400x284.jpg 400w, https:\/\/ramse.es\/wordpress\/wp-content\/uploads\/2018\/12\/clausura-curso-academico-ramse-600x427.jpg 600w, https:\/\/ramse.es\/wordpress\/wp-content\/uploads\/2018\/12\/clausura-curso-academico-ramse.jpg 640w\" sizes=\"(max-width: 1000px) 100vw, 640px\" \/><div class=\"fusion-rollover\">\n\t<div class=\"fusion-rollover-content\">\n\n\t\t\t\t\t\t\t\t\t\t\t\t\t\t<a class=\"fusion-rollover-link\" href=\"https:\/\/ramse.es\/wordpress\/la-real-academia-de-medicia-y-cirugia-de-sevilla-clausura-su-318-curso-academico\/\">LA REAL ACADEMIA DE MEDICIA Y CIRUG\u00cdA DE SEVILLA CLAUSURA SU 318 CURSO ACAD\u00c9MICO<\/a>\n\t\t\t\n\t\t\t\t\t\t\t\t\t\t\t\t\t\t\n\t\t\t\t\t\t\t\t\n\t\t\t\t\t\t\t\t\t\t\t\t\t<div class=\"fusion-rollover-sep\"><\/div>\n\t\t\t\t\n\t\t\t\t\t\t\t\t\t\t\t\t\t\t\t\t\t\t<a class=\"fusion-rollover-gallery\" href=\"https:\/\/ramse.es\/wordpress\/wp-content\/uploads\/2018\/12\/clausura-curso-academico-ramse.jpg\" data-id=\"2348\" data-rel=\"iLightbox[gallery]\" data-title=\"clausura-curso-academico-ramse\" data-caption=\"\">\n\t\t\t\t\t\tGaler\u00eda\t\t\t\t\t<\/a>\n\t\t\t\t\t\t\t\t\t\t\t\t\t\t\n\t\t\n\t\t\t\t\t\t\t\t\n\t\t\t\t\t\t\t\t\n\t\t\n\t\t\t\t\t\t<a class=\"fusion-link-wrapper\" href=\"https:\/\/ramse.es\/wordpress\/la-real-academia-de-medicia-y-cirugia-de-sevilla-clausura-su-318-curso-academico\/\" aria-label=\"LA REAL ACADEMIA DE MEDICIA Y CIRUG\u00cdA DE SEVILLA CLAUSURA SU 318 CURSO ACAD\u00c9MICO\"><\/a>\n\t<\/div>\n<\/div>\n<\/div>\n<\/li>\n\t\t\t\n\t\t\t\n\t\t\t\t\t\t\t\t\t\t\t\t\t\t\t\t\t\t\t\t\t\t\t\t\t\t\t\t\t\t\t\t\t\t\t\t\t\t\t\t\t\t\t\t\t\t\t\t\t\t\t\t\t\t\t\t\t\t\t\t\t\t\t\t\t\t\t\t<\/ul>\n\t<\/div>\n\t<div class=\"fusion-date-and-formats\"><div class=\"fusion-date-box updated\"><span class=\"fusion-date\">diciembre<\/span><span class=\"fusion-month-year\">2:48 pm<\/span><\/div><div class=\"fusion-format-box\"><i class=\"awb-icon-pen\" aria-hidden=\"true\"><\/i><\/div><\/div><div class=\"fusion-post-content post-content\"><h2 class=\"blog-shortcode-post-title entry-title\"><a href=\"https:\/\/ramse.es\/wordpress\/la-real-academia-de-medicia-y-cirugia-de-sevilla-clausura-su-318-curso-academico\/\">LA REAL ACADEMIA DE MEDICIA Y CIRUG\u00cdA DE SEVILLA CLAUSURA SU 318 CURSO ACAD\u00c9MICO<\/a><\/h2><p class=\"fusion-single-line-meta\">Por <span class=\"vcard\"><span class=\"fn\"><a href=\"https:\/\/ramse.es\/wordpress\/author\/ivan_z0qj9h4b\/\" title=\"Entradas de admin\" rel=\"author\">admin<\/a><\/span><\/span><span class=\"fusion-inline-sep\">|<\/span><span class=\"updated\" style=\"display:none;\">2018-12-21T14:48:29+02:00<\/span><span>diciembre 21st, 2018<\/span><span class=\"fusion-inline-sep\">|<\/span>Categor\u00edas: <a href=\"https:\/\/ramse.es\/wordpress\/category\/news\/latest-news\/\" rel=\"category tag\">Noticias<\/a><span class=\"fusion-inline-sep\">|<\/span><\/p><div class=\"fusion-post-content-container\"><p>La Real Academia de Medicina y Cirug\u00eda de Sevilla (RAMSE), la m\u00e1s antigua de Europa, ha clausurado esta semana su\u00a0318 Curso Acad\u00e9mico. El acto tuvo lugar el jueves, 20 de diciembre, en el Sal\u00f3n de Actos Ram\u00f3n y Cajal de su sede. El Excmo. Sr.\u00a0D. Enrique Biosca V\u00e1zquez,\u00a0General Director de Ense\u00f1anza del Ej\u00e9rcito del Aire, ha sido\u00a0el ponente invitado. En su brillante conferencia titulada: \"Hacia una primera Estrategia de Seguridad <a href=\"https:\/\/ramse.es\/wordpress\/la-real-academia-de-medicia-y-cirugia-de-sevilla-clausura-su-318-curso-academico\/\">[...]<\/a><\/p><\/div><\/div><div class=\"fusion-clearfix\"><\/div><div class=\"fusion-meta-info\"><div class=\"fusion-alignright\"><a class=\"fusion-read-more\" href=\"https:\/\/ramse.es\/wordpress\/la-real-academia-de-medicia-y-cirugia-de-sevilla-clausura-su-318-curso-academico\/\" aria-label=\"More on LA REAL ACADEMIA DE MEDICIA Y CIRUG\u00cdA DE SEVILLA CLAUSURA SU 318 CURSO ACAD\u00c9MICO\">Leer M\u00e1s<\/a><\/div><\/div><\/article>\n<article id=\"blog-1-post-2346\" class=\"fusion-post-large-alternate post-2346 post type-post status-publish format-standard has-post-thumbnail hentry category-latest-news\">\n\t<style type=\"text\/css\">\n\t\t\n\t\t\n\t\t\n\t\t\n\t\t\t<\/style>\n\n\n\t\t\t<div class=\"fusion-flexslider flexslider fusion-flexslider-loading fusion-post-slideshow\" style=\"\">\n\t\t<ul class=\"slides\">\n\t\t\t\n\t\t\t\t\t\t\t\t\t\t\t\t\t\t<li><div  class=\"fusion-image-wrapper\" aria-haspopup=\"true\">\n\t\t\t\t<img decoding=\"async\" width=\"639\" height=\"480\" src=\"https:\/\/ramse.es\/wordpress\/wp-content\/uploads\/2018\/12\/encdocrinos2.jpg\" class=\"attachment-full size-full wp-post-image\" alt=\"\" srcset=\"https:\/\/ramse.es\/wordpress\/wp-content\/uploads\/2018\/12\/encdocrinos2-200x150.jpg 200w, https:\/\/ramse.es\/wordpress\/wp-content\/uploads\/2018\/12\/encdocrinos2-400x300.jpg 400w, https:\/\/ramse.es\/wordpress\/wp-content\/uploads\/2018\/12\/encdocrinos2-600x451.jpg 600w, https:\/\/ramse.es\/wordpress\/wp-content\/uploads\/2018\/12\/encdocrinos2.jpg 639w\" sizes=\"(max-width: 1000px) 100vw, 639px\" \/><div class=\"fusion-rollover\">\n\t<div class=\"fusion-rollover-content\">\n\n\t\t\t\t\t\t\t\t\t\t\t\t\t\t<a class=\"fusion-rollover-link\" href=\"https:\/\/ramse.es\/wordpress\/especialistas-en-endocrinologia-protagonistas-de-una-jornada-cientifica-en-la-ramse\/\">Especialistas en Endocrinolog\u00eda protagonistas de una jornada cient\u00edfica en la RAMSE<\/a>\n\t\t\t\n\t\t\t\t\t\t\t\t\t\t\t\t\t\t\n\t\t\t\t\t\t\t\t\n\t\t\t\t\t\t\t\t\t\t\t\t\t<div class=\"fusion-rollover-sep\"><\/div>\n\t\t\t\t\n\t\t\t\t\t\t\t\t\t\t\t\t\t\t\t\t\t\t<a class=\"fusion-rollover-gallery\" href=\"https:\/\/ramse.es\/wordpress\/wp-content\/uploads\/2018\/12\/encdocrinos2.jpg\" data-id=\"2346\" data-rel=\"iLightbox[gallery]\" data-title=\"encdocrinos2\" data-caption=\"\">\n\t\t\t\t\t\tGaler\u00eda\t\t\t\t\t<\/a>\n\t\t\t\t\t\t\t\t\t\t\t\t\t\t\n\t\t\n\t\t\t\t\t\t\t\t\n\t\t\t\t\t\t\t\t\n\t\t\n\t\t\t\t\t\t<a class=\"fusion-link-wrapper\" href=\"https:\/\/ramse.es\/wordpress\/especialistas-en-endocrinologia-protagonistas-de-una-jornada-cientifica-en-la-ramse\/\" aria-label=\"Especialistas en Endocrinolog\u00eda protagonistas de una jornada cient\u00edfica en la RAMSE\"><\/a>\n\t<\/div>\n<\/div>\n<\/div>\n<\/li>\n\t\t\t\n\t\t\t\n\t\t\t\t\t\t\t\t\t\t\t\t\t\t\t\t\t\t\t\t\t\t\t\t\t\t\t\t\t\t\t\t\t\t\t\t\t\t\t\t\t\t\t\t\t\t\t\t\t\t\t\t\t\t\t\t\t\t\t\t\t\t\t\t\t\t\t\t<\/ul>\n\t<\/div>\n\t<div class=\"fusion-date-and-formats\"><div class=\"fusion-date-box updated\"><span class=\"fusion-date\">diciembre<\/span><span class=\"fusion-month-year\">12:00 am<\/span><\/div><div class=\"fusion-format-box\"><i class=\"awb-icon-pen\" aria-hidden=\"true\"><\/i><\/div><\/div><div class=\"fusion-post-content post-content\"><h2 class=\"blog-shortcode-post-title entry-title\"><a href=\"https:\/\/ramse.es\/wordpress\/especialistas-en-endocrinologia-protagonistas-de-una-jornada-cientifica-en-la-ramse\/\">Especialistas en Endocrinolog\u00eda protagonistas de una jornada cient\u00edfica en la RAMSE<\/a><\/h2><p class=\"fusion-single-line-meta\">Por <span class=\"vcard\"><span class=\"fn\"><a href=\"https:\/\/ramse.es\/wordpress\/author\/ivan_z0qj9h4b\/\" title=\"Entradas de admin\" rel=\"author\">admin<\/a><\/span><\/span><span class=\"fusion-inline-sep\">|<\/span><span class=\"updated\" style=\"display:none;\">2018-12-14T00:00:00+02:00<\/span><span>diciembre 14th, 2018<\/span><span class=\"fusion-inline-sep\">|<\/span>Categor\u00edas: <a href=\"https:\/\/ramse.es\/wordpress\/category\/news\/latest-news\/\" rel=\"category tag\">Noticias<\/a><span class=\"fusion-inline-sep\">|<\/span><\/p><div class=\"fusion-post-content-container\"><p>La Real Academia de Medicina y Cirug\u00eda de Sevilla (RAMSE) ha acogido la Mesa Redonda \u201cA hombros de gigantes: Aportaciones de Francisco Escobar y Gabriela Morreale a la Endocrinolog\u00eda: In memoriam\u201d con la que se ha pretendido honrar la memoria de dos de los endocrin\u00f3logos m\u00e1s importantes del siglo XX a nivel nacional e internacional. Durante la jornada se hizo especial hincapi\u00e9 en la deficiencia de yodo durante la gestaci\u00f3n <a href=\"https:\/\/ramse.es\/wordpress\/especialistas-en-endocrinologia-protagonistas-de-una-jornada-cientifica-en-la-ramse\/\">[...]<\/a><\/p><\/div><\/div><div class=\"fusion-clearfix\"><\/div><div class=\"fusion-meta-info\"><div class=\"fusion-alignright\"><a class=\"fusion-read-more\" href=\"https:\/\/ramse.es\/wordpress\/especialistas-en-endocrinologia-protagonistas-de-una-jornada-cientifica-en-la-ramse\/\" aria-label=\"More on Especialistas en Endocrinolog\u00eda protagonistas de una jornada cient\u00edfica en la RAMSE\">Leer M\u00e1s<\/a><\/div><\/div><\/article>\n<article id=\"blog-1-post-2344\" class=\"fusion-post-large-alternate post-2344 post type-post status-publish format-standard has-post-thumbnail hentry category-latest-news\">\n\t<style type=\"text\/css\">\n\t\t\n\t\t\n\t\t\n\t\t\n\t\t\t<\/style>\n\n\n\t\t\t<div class=\"fusion-flexslider flexslider fusion-flexslider-loading fusion-post-slideshow\" style=\"\">\n\t\t<ul class=\"slides\">\n\t\t\t\n\t\t\t\t\t\t\t\t\t\t\t\t\t\t<li><div  class=\"fusion-image-wrapper\" aria-haspopup=\"true\">\n\t\t\t\t<img decoding=\"async\" width=\"600\" height=\"469\" src=\"https:\/\/ramse.es\/wordpress\/wp-content\/uploads\/2018\/11\/ramse_academicos-correspondientes-15-nov_1.jpg\" class=\"attachment-full size-full wp-post-image\" alt=\"\" srcset=\"https:\/\/ramse.es\/wordpress\/wp-content\/uploads\/2018\/11\/ramse_academicos-correspondientes-15-nov_1-200x156.jpg 200w, https:\/\/ramse.es\/wordpress\/wp-content\/uploads\/2018\/11\/ramse_academicos-correspondientes-15-nov_1-400x313.jpg 400w, https:\/\/ramse.es\/wordpress\/wp-content\/uploads\/2018\/11\/ramse_academicos-correspondientes-15-nov_1.jpg 600w\" sizes=\"(max-width: 1000px) 100vw, 600px\" \/><div class=\"fusion-rollover\">\n\t<div class=\"fusion-rollover-content\">\n\n\t\t\t\t\t\t\t\t\t\t\t\t\t\t<a class=\"fusion-rollover-link\" href=\"https:\/\/ramse.es\/wordpress\/mario-iceta-obispo-de-bilbao-y-emilio-gomez-catedratico-de-fisica-aplicada-nuevos-academicos-correspondientes-de-la-ramse\/\">Mario Iceta, Obispo de Bilbao y Emilio G\u00f3mez, Catedr\u00e1tico de F\u00edsica Aplicada, nuevos Acad\u00e9micos Correspondientes de la RAMSE<\/a>\n\t\t\t\n\t\t\t\t\t\t\t\t\t\t\t\t\t\t\n\t\t\t\t\t\t\t\t\n\t\t\t\t\t\t\t\t\t\t\t\t\t<div class=\"fusion-rollover-sep\"><\/div>\n\t\t\t\t\n\t\t\t\t\t\t\t\t\t\t\t\t\t\t\t\t\t\t<a class=\"fusion-rollover-gallery\" href=\"https:\/\/ramse.es\/wordpress\/wp-content\/uploads\/2018\/11\/ramse_academicos-correspondientes-15-nov_1.jpg\" data-id=\"2344\" data-rel=\"iLightbox[gallery]\" data-title=\"ramse_academicos-correspondientes-15-nov_1\" data-caption=\"\">\n\t\t\t\t\t\tGaler\u00eda\t\t\t\t\t<\/a>\n\t\t\t\t\t\t\t\t\t\t\t\t\t\t\n\t\t\n\t\t\t\t\t\t\t\t\n\t\t\t\t\t\t\t\t\n\t\t\n\t\t\t\t\t\t<a class=\"fusion-link-wrapper\" href=\"https:\/\/ramse.es\/wordpress\/mario-iceta-obispo-de-bilbao-y-emilio-gomez-catedratico-de-fisica-aplicada-nuevos-academicos-correspondientes-de-la-ramse\/\" aria-label=\"Mario Iceta, Obispo de Bilbao y Emilio G\u00f3mez, Catedr\u00e1tico de F\u00edsica Aplicada, nuevos Acad\u00e9micos Correspondientes de la RAMSE\"><\/a>\n\t<\/div>\n<\/div>\n<\/div>\n<\/li>\n\t\t\t\n\t\t\t\n\t\t\t\t\t\t\t\t\t\t\t\t\t\t\t\t\t\t\t\t\t\t\t\t\t\t\t\t\t\t\t\t\t\t\t\t\t\t\t\t\t\t\t\t\t\t\t\t\t\t\t\t\t\t\t\t\t\t\t\t\t\t\t\t\t\t\t\t<\/ul>\n\t<\/div>\n\t<div class=\"fusion-date-and-formats\"><div class=\"fusion-date-box updated\"><span class=\"fusion-date\">noviembre<\/span><span class=\"fusion-month-year\">12:00 am<\/span><\/div><div class=\"fusion-format-box\"><i class=\"awb-icon-pen\" aria-hidden=\"true\"><\/i><\/div><\/div><div class=\"fusion-post-content post-content\"><h2 class=\"blog-shortcode-post-title entry-title\"><a href=\"https:\/\/ramse.es\/wordpress\/mario-iceta-obispo-de-bilbao-y-emilio-gomez-catedratico-de-fisica-aplicada-nuevos-academicos-correspondientes-de-la-ramse\/\">Mario Iceta, Obispo de Bilbao y Emilio G\u00f3mez, Catedr\u00e1tico de F\u00edsica Aplicada, nuevos Acad\u00e9micos Correspondientes de la RAMSE<\/a><\/h2><p class=\"fusion-single-line-meta\">Por <span class=\"vcard\"><span class=\"fn\"><a href=\"https:\/\/ramse.es\/wordpress\/author\/ivan_z0qj9h4b\/\" title=\"Entradas de admin\" rel=\"author\">admin<\/a><\/span><\/span><span class=\"fusion-inline-sep\">|<\/span><span class=\"updated\" style=\"display:none;\">2018-11-16T00:00:00+02:00<\/span><span>noviembre 16th, 2018<\/span><span class=\"fusion-inline-sep\">|<\/span>Categor\u00edas: <a href=\"https:\/\/ramse.es\/wordpress\/category\/news\/latest-news\/\" rel=\"category tag\">Noticias<\/a><span class=\"fusion-inline-sep\">|<\/span><\/p><div class=\"fusion-post-content-container\"><p>La Real Academia de Medicina y Cirug\u00eda de Sevilla (RAMSE) ha dado la bienvenida a dos nuevos Acad\u00e9micos Correspondientes. Se trata del Obispo de Bilbao, el Exmmo. Rvdmo. Sr. D. Mario Iceta Gavicagogeascoa y el catedr\u00e1tico de F\u00edsica Aplicada de la Escuela T\u00e9cnica Superior de Ingenier\u00eda de la Universidad de Sevilla (US), el Dr. D. Emilio G\u00f3mez Gonz\u00e1lez. Emmo. Rvdmo. Sr. D. Mario Iceta Gavicagogeascoa. Tema: \u201cEl m\u00e9dico, promotor incondicional <a href=\"https:\/\/ramse.es\/wordpress\/mario-iceta-obispo-de-bilbao-y-emilio-gomez-catedratico-de-fisica-aplicada-nuevos-academicos-correspondientes-de-la-ramse\/\">[...]<\/a><\/p><\/div><\/div><div class=\"fusion-clearfix\"><\/div><div class=\"fusion-meta-info\"><div class=\"fusion-alignright\"><a class=\"fusion-read-more\" href=\"https:\/\/ramse.es\/wordpress\/mario-iceta-obispo-de-bilbao-y-emilio-gomez-catedratico-de-fisica-aplicada-nuevos-academicos-correspondientes-de-la-ramse\/\" aria-label=\"More on Mario Iceta, Obispo de Bilbao y Emilio G\u00f3mez, Catedr\u00e1tico de F\u00edsica Aplicada, nuevos Acad\u00e9micos Correspondientes de la RAMSE\">Leer M\u00e1s<\/a><\/div><\/div><\/article>\n<article id=\"blog-1-post-2342\" class=\"fusion-post-large-alternate post-2342 post type-post status-publish format-standard has-post-thumbnail hentry category-latest-news\">\n\t<style type=\"text\/css\">\n\t\t\n\t\t\n\t\t\n\t\t\n\t\t\t<\/style>\n\n\n\t\t\t<div class=\"fusion-flexslider flexslider fusion-flexslider-loading fusion-post-slideshow\" style=\"\">\n\t\t<ul class=\"slides\">\n\t\t\t\n\t\t\t\t\t\t\t\t\t\t\t\t\t\t<li><div  class=\"fusion-image-wrapper\" aria-haspopup=\"true\">\n\t\t\t\t<img decoding=\"async\" width=\"600\" height=\"450\" src=\"https:\/\/ramse.es\/wordpress\/wp-content\/uploads\/2018\/11\/mesa-redonda-neumologia-pediatrica_ok1.jpg\" class=\"attachment-full size-full wp-post-image\" alt=\"\" srcset=\"https:\/\/ramse.es\/wordpress\/wp-content\/uploads\/2018\/11\/mesa-redonda-neumologia-pediatrica_ok1-200x150.jpg 200w, https:\/\/ramse.es\/wordpress\/wp-content\/uploads\/2018\/11\/mesa-redonda-neumologia-pediatrica_ok1-400x300.jpg 400w, https:\/\/ramse.es\/wordpress\/wp-content\/uploads\/2018\/11\/mesa-redonda-neumologia-pediatrica_ok1.jpg 600w\" sizes=\"(max-width: 1000px) 100vw, 600px\" \/><div class=\"fusion-rollover\">\n\t<div class=\"fusion-rollover-content\">\n\n\t\t\t\t\t\t\t\t\t\t\t\t\t\t<a class=\"fusion-rollover-link\" href=\"https:\/\/ramse.es\/wordpress\/las-patologias-respiratorias-en-el-nino-a-debate-en-la-ramse\/\">Las patolog\u00edas respiratorias en el ni\u00f1o, a debate en la RAMSE<\/a>\n\t\t\t\n\t\t\t\t\t\t\t\t\t\t\t\t\t\t\n\t\t\t\t\t\t\t\t\n\t\t\t\t\t\t\t\t\t\t\t\t\t<div class=\"fusion-rollover-sep\"><\/div>\n\t\t\t\t\n\t\t\t\t\t\t\t\t\t\t\t\t\t\t\t\t\t\t<a class=\"fusion-rollover-gallery\" href=\"https:\/\/ramse.es\/wordpress\/wp-content\/uploads\/2018\/11\/mesa-redonda-neumologia-pediatrica_ok1.jpg\" data-id=\"2342\" data-rel=\"iLightbox[gallery]\" data-title=\"mesa-redonda-neumologia-pediatrica_ok1\" data-caption=\"\">\n\t\t\t\t\t\tGaler\u00eda\t\t\t\t\t<\/a>\n\t\t\t\t\t\t\t\t\t\t\t\t\t\t\n\t\t\n\t\t\t\t\t\t\t\t\n\t\t\t\t\t\t\t\t\n\t\t\n\t\t\t\t\t\t<a class=\"fusion-link-wrapper\" href=\"https:\/\/ramse.es\/wordpress\/las-patologias-respiratorias-en-el-nino-a-debate-en-la-ramse\/\" aria-label=\"Las patolog\u00edas respiratorias en el ni\u00f1o, a debate en la RAMSE\"><\/a>\n\t<\/div>\n<\/div>\n<\/div>\n<\/li>\n\t\t\t\n\t\t\t\n\t\t\t\t\t\t\t\t\t\t\t\t\t\t\t\t\t\t\t\t\t\t\t\t\t\t\t\t\t\t\t\t\t\t\t\t\t\t\t\t\t\t\t\t\t\t\t\t\t\t\t\t\t\t\t\t\t\t\t\t\t\t\t\t\t\t\t\t<\/ul>\n\t<\/div>\n\t<div class=\"fusion-date-and-formats\"><div class=\"fusion-date-box updated\"><span class=\"fusion-date\">noviembre<\/span><span class=\"fusion-month-year\">12:00 am<\/span><\/div><div class=\"fusion-format-box\"><i class=\"awb-icon-pen\" aria-hidden=\"true\"><\/i><\/div><\/div><div class=\"fusion-post-content post-content\"><h2 class=\"blog-shortcode-post-title entry-title\"><a href=\"https:\/\/ramse.es\/wordpress\/las-patologias-respiratorias-en-el-nino-a-debate-en-la-ramse\/\">Las patolog\u00edas respiratorias en el ni\u00f1o, a debate en la RAMSE<\/a><\/h2><p class=\"fusion-single-line-meta\">Por <span class=\"vcard\"><span class=\"fn\"><a href=\"https:\/\/ramse.es\/wordpress\/author\/ivan_z0qj9h4b\/\" title=\"Entradas de admin\" rel=\"author\">admin<\/a><\/span><\/span><span class=\"fusion-inline-sep\">|<\/span><span class=\"updated\" style=\"display:none;\">2018-11-15T00:00:00+02:00<\/span><span>noviembre 15th, 2018<\/span><span class=\"fusion-inline-sep\">|<\/span>Categor\u00edas: <a href=\"https:\/\/ramse.es\/wordpress\/category\/news\/latest-news\/\" rel=\"category tag\">Noticias<\/a><span class=\"fusion-inline-sep\">|<\/span><\/p><div class=\"fusion-post-content-container\"><p>La Real Academia de Medicina y Cirug\u00eda de Sevilla (RAMSE) ha acogido la Mesa Redonda \u201cAvances en Neumolog\u00eda Pedi\u00e1trica\u201d, un homenaje al Profesor Mart\u00edn Navarro Merino con motivo de su jubilaci\u00f3n. Han presidido el acto los siguientes acad\u00e9micos de n\u00famero especializados en Pediatr\u00eda: Dr. Federico Argu\u0308elles Mart\u00edn, Dr. Ignacio G\u00f3mez de Terreros S\u00e1nchez y el Dr. Joaqu\u00edn N\u00fa\u00f1ez Fuster. La patolog\u00eda respiratoria en el ni\u00f1o, una de las causas de <a href=\"https:\/\/ramse.es\/wordpress\/las-patologias-respiratorias-en-el-nino-a-debate-en-la-ramse\/\">[...]<\/a><\/p><\/div><\/div><div class=\"fusion-clearfix\"><\/div><div class=\"fusion-meta-info\"><div class=\"fusion-alignright\"><a class=\"fusion-read-more\" href=\"https:\/\/ramse.es\/wordpress\/las-patologias-respiratorias-en-el-nino-a-debate-en-la-ramse\/\" aria-label=\"More on Las patolog\u00edas respiratorias en el ni\u00f1o, a debate en la RAMSE\">Leer M\u00e1s<\/a><\/div><\/div><\/article>\n<article id=\"blog-1-post-2332\" class=\"fusion-post-large-alternate post-2332 post type-post status-publish format-standard has-post-thumbnail hentry category-latest-news\">\n\t<style type=\"text\/css\">\n\t\t\n\t\t\n\t\t\n\t\t\n\t\t\t<\/style>\n\n\n\t\t\t<div class=\"fusion-flexslider flexslider fusion-flexslider-loading fusion-post-slideshow\" style=\"\">\n\t\t<ul class=\"slides\">\n\t\t\t\n\t\t\t\t\t\t\t\t\t\t\t\t\t\t<li><div  class=\"fusion-image-wrapper\" aria-haspopup=\"true\">\n\t\t\t\t<img decoding=\"async\" width=\"616\" height=\"480\" src=\"https:\/\/ramse.es\/wordpress\/wp-content\/uploads\/2018\/11\/ac_ramse-8-noviembre.jpg\" class=\"attachment-full size-full wp-post-image\" alt=\"\" srcset=\"https:\/\/ramse.es\/wordpress\/wp-content\/uploads\/2018\/11\/ac_ramse-8-noviembre-200x156.jpg 200w, https:\/\/ramse.es\/wordpress\/wp-content\/uploads\/2018\/11\/ac_ramse-8-noviembre-400x312.jpg 400w, https:\/\/ramse.es\/wordpress\/wp-content\/uploads\/2018\/11\/ac_ramse-8-noviembre-600x468.jpg 600w, https:\/\/ramse.es\/wordpress\/wp-content\/uploads\/2018\/11\/ac_ramse-8-noviembre.jpg 616w\" sizes=\"(max-width: 1000px) 100vw, 616px\" \/><div class=\"fusion-rollover\">\n\t<div class=\"fusion-rollover-content\">\n\n\t\t\t\t\t\t\t\t\t\t\t\t\t\t<a class=\"fusion-rollover-link\" href=\"https:\/\/ramse.es\/wordpress\/la-ramse-recibe-nuevos-academicos-correspondientes\/\">La RAMSE recibe nuevos Acad\u00e9micos Correspondientes<\/a>\n\t\t\t\n\t\t\t\t\t\t\t\t\t\t\t\t\t\t\n\t\t\t\t\t\t\t\t\n\t\t\t\t\t\t\t\t\t\t\t\t\t<div class=\"fusion-rollover-sep\"><\/div>\n\t\t\t\t\n\t\t\t\t\t\t\t\t\t\t\t\t\t\t\t\t\t\t<a class=\"fusion-rollover-gallery\" href=\"https:\/\/ramse.es\/wordpress\/wp-content\/uploads\/2018\/11\/ac_ramse-8-noviembre.jpg\" data-id=\"2332\" data-rel=\"iLightbox[gallery]\" data-title=\"ac_ramse-8-noviembre\" data-caption=\"\">\n\t\t\t\t\t\tGaler\u00eda\t\t\t\t\t<\/a>\n\t\t\t\t\t\t\t\t\t\t\t\t\t\t\n\t\t\n\t\t\t\t\t\t\t\t\n\t\t\t\t\t\t\t\t\n\t\t\n\t\t\t\t\t\t<a class=\"fusion-link-wrapper\" href=\"https:\/\/ramse.es\/wordpress\/la-ramse-recibe-nuevos-academicos-correspondientes\/\" aria-label=\"La RAMSE recibe nuevos Acad\u00e9micos Correspondientes\"><\/a>\n\t<\/div>\n<\/div>\n<\/div>\n<\/li>\n\t\t\t\n\t\t\t\n\t\t\t\t\t\t\t\t\t\t\t\t\t\t\t\t\t\t\t\t\t\t\t\t\t\t\t\t\t\t\t\t\t\t\t\t\t\t\t\t\t\t\t\t\t\t\t\t\t\t\t\t\t\t\t\t\t\t\t\t\t\t\t\t\t\t\t\t<\/ul>\n\t<\/div>\n\t<div class=\"fusion-date-and-formats\"><div class=\"fusion-date-box updated\"><span class=\"fusion-date\">noviembre<\/span><span class=\"fusion-month-year\">7:46 pm<\/span><\/div><div class=\"fusion-format-box\"><i class=\"awb-icon-pen\" aria-hidden=\"true\"><\/i><\/div><\/div><div class=\"fusion-post-content post-content\"><h2 class=\"blog-shortcode-post-title entry-title\"><a href=\"https:\/\/ramse.es\/wordpress\/la-ramse-recibe-nuevos-academicos-correspondientes\/\">La RAMSE recibe nuevos Acad\u00e9micos Correspondientes<\/a><\/h2><p class=\"fusion-single-line-meta\">Por <span class=\"vcard\"><span class=\"fn\"><a href=\"https:\/\/ramse.es\/wordpress\/author\/ivan_z0qj9h4b\/\" title=\"Entradas de admin\" rel=\"author\">admin<\/a><\/span><\/span><span class=\"fusion-inline-sep\">|<\/span><span class=\"updated\" style=\"display:none;\">2018-11-08T19:46:11+02:00<\/span><span>noviembre 8th, 2018<\/span><span class=\"fusion-inline-sep\">|<\/span>Categor\u00edas: <a href=\"https:\/\/ramse.es\/wordpress\/category\/news\/latest-news\/\" rel=\"category tag\">Noticias<\/a><span class=\"fusion-inline-sep\">|<\/span><\/p><div class=\"fusion-post-content-container\"><p>Tres doctores han ingresado hoy como nuevos Acad\u00e9micos Correspondientes en la Real Academia de Medicina y Cirug\u00eda de Sevilla (RAMSE). Se trata del Dr. D. Francisco de la Gala, especialista en Medicina del Trabajo; el Dr. D. Francisco Campa, especialista en Bio\u00e9tica y Deontolog\u00eda y el Dr. D. Antonio Bellido, especialista en Medicina Preventiva y de Salud P\u00fabica. El acto de toma de posesi\u00f3n ha tenido lugar esta tarde, a <a href=\"https:\/\/ramse.es\/wordpress\/la-ramse-recibe-nuevos-academicos-correspondientes\/\">[...]<\/a><\/p><\/div><\/div><div class=\"fusion-clearfix\"><\/div><div class=\"fusion-meta-info\"><div class=\"fusion-alignright\"><a class=\"fusion-read-more\" href=\"https:\/\/ramse.es\/wordpress\/la-ramse-recibe-nuevos-academicos-correspondientes\/\" aria-label=\"More on La RAMSE recibe nuevos Acad\u00e9micos Correspondientes\">Leer M\u00e1s<\/a><\/div><\/div><\/article>\n<article id=\"blog-1-post-2330\" class=\"fusion-post-large-alternate post-2330 post type-post status-publish format-standard has-post-thumbnail hentry category-latest-news\">\n\t<style type=\"text\/css\">\n\t\t\n\t\t\n\t\t\n\t\t\n\t\t\t<\/style>\n\n\n\t\t\t<div class=\"fusion-flexslider flexslider fusion-flexslider-loading fusion-post-slideshow\" style=\"\">\n\t\t<ul class=\"slides\">\n\t\t\t\n\t\t\t\t\t\t\t\t\t\t\t\t\t\t<li><div  class=\"fusion-image-wrapper\" aria-haspopup=\"true\">\n\t\t\t\t<img decoding=\"async\" width=\"556\" height=\"600\" src=\"https:\/\/ramse.es\/wordpress\/wp-content\/uploads\/2018\/10\/academicos-correspondientes_4-octubre.jpg\" class=\"attachment-full size-full wp-post-image\" alt=\"\" srcset=\"https:\/\/ramse.es\/wordpress\/wp-content\/uploads\/2018\/10\/academicos-correspondientes_4-octubre-200x216.jpg 200w, https:\/\/ramse.es\/wordpress\/wp-content\/uploads\/2018\/10\/academicos-correspondientes_4-octubre-400x432.jpg 400w, https:\/\/ramse.es\/wordpress\/wp-content\/uploads\/2018\/10\/academicos-correspondientes_4-octubre.jpg 556w\" sizes=\"(max-width: 1000px) 100vw, 556px\" \/><div class=\"fusion-rollover\">\n\t<div class=\"fusion-rollover-content\">\n\n\t\t\t\t\t\t\t\t\t\t\t\t\t\t<a class=\"fusion-rollover-link\" href=\"https:\/\/ramse.es\/wordpress\/ingreso-de-tres-nuevos-academicos-correspondientes-en-la-real-academia-de-medicina-y-cirujia-de-sevilla\/\">INGRESO DE TRES NUEVOS ACAD\u00c9MICOS CORRESPONDIENTES EN LA REAL ACADEMIA DE MEDICINA Y CIRUJ\u00cdA DE SEVILLA<\/a>\n\t\t\t\n\t\t\t\t\t\t\t\t\t\t\t\t\t\t\n\t\t\t\t\t\t\t\t\n\t\t\t\t\t\t\t\t\t\t\t\t\t<div class=\"fusion-rollover-sep\"><\/div>\n\t\t\t\t\n\t\t\t\t\t\t\t\t\t\t\t\t\t\t\t\t\t\t<a class=\"fusion-rollover-gallery\" href=\"https:\/\/ramse.es\/wordpress\/wp-content\/uploads\/2018\/10\/academicos-correspondientes_4-octubre.jpg\" data-id=\"2330\" data-rel=\"iLightbox[gallery]\" data-title=\"academicos-correspondientes_4-octubre\" data-caption=\"\">\n\t\t\t\t\t\tGaler\u00eda\t\t\t\t\t<\/a>\n\t\t\t\t\t\t\t\t\t\t\t\t\t\t\n\t\t\n\t\t\t\t\t\t\t\t\n\t\t\t\t\t\t\t\t\n\t\t\n\t\t\t\t\t\t<a class=\"fusion-link-wrapper\" href=\"https:\/\/ramse.es\/wordpress\/ingreso-de-tres-nuevos-academicos-correspondientes-en-la-real-academia-de-medicina-y-cirujia-de-sevilla\/\" aria-label=\"INGRESO DE TRES NUEVOS ACAD\u00c9MICOS CORRESPONDIENTES EN LA REAL ACADEMIA DE MEDICINA Y CIRUJ\u00cdA DE SEVILLA\"><\/a>\n\t<\/div>\n<\/div>\n<\/div>\n<\/li>\n\t\t\t\n\t\t\t\n\t\t\t\t\t\t\t\t\t\t\t\t\t\t\t\t\t\t\t\t\t\t\t\t\t\t\t\t\t\t\t\t\t\t\t\t\t\t\t\t\t\t\t\t\t\t\t\t\t\t\t\t\t\t\t\t\t\t\t\t\t\t\t\t\t\t\t\t<\/ul>\n\t<\/div>\n\t<div class=\"fusion-date-and-formats\"><div class=\"fusion-date-box updated\"><span class=\"fusion-date\">octubre<\/span><span class=\"fusion-month-year\">12:00 am<\/span><\/div><div class=\"fusion-format-box\"><i class=\"awb-icon-pen\" aria-hidden=\"true\"><\/i><\/div><\/div><div class=\"fusion-post-content post-content\"><h2 class=\"blog-shortcode-post-title entry-title\"><a href=\"https:\/\/ramse.es\/wordpress\/ingreso-de-tres-nuevos-academicos-correspondientes-en-la-real-academia-de-medicina-y-cirujia-de-sevilla\/\">INGRESO DE TRES NUEVOS ACAD\u00c9MICOS CORRESPONDIENTES EN LA REAL ACADEMIA DE MEDICINA Y CIRUJ\u00cdA DE SEVILLA<\/a><\/h2><p class=\"fusion-single-line-meta\">Por <span class=\"vcard\"><span class=\"fn\"><a href=\"https:\/\/ramse.es\/wordpress\/author\/ivan_z0qj9h4b\/\" title=\"Entradas de admin\" rel=\"author\">admin<\/a><\/span><\/span><span class=\"fusion-inline-sep\">|<\/span><span class=\"updated\" style=\"display:none;\">2018-10-05T00:00:00+02:00<\/span><span>octubre 5th, 2018<\/span><span class=\"fusion-inline-sep\">|<\/span>Categor\u00edas: <a href=\"https:\/\/ramse.es\/wordpress\/category\/news\/latest-news\/\" rel=\"category tag\">Noticias<\/a><span class=\"fusion-inline-sep\">|<\/span><\/p><div class=\"fusion-post-content-container\"><p>\u00a0 El acto de toma de posesi\u00f3n tuvo lugar el pasado 4 de octubre\u00a0y los tres doctores que han ingresado como Acad\u00e9micos Correspondientes en la Real Academia de Medicina y Cirug\u00eda de Sevilla (RAMSE) fueron los sevillanos, el Dr. Ru\u00edz Salmer\u00f3n y el Dr. Chaparro Heredia y el madrile\u00f1o Rodr\u00edguez-Boto. El primero en tomar posesi\u00f3n fue el neurocirujano D. Gregorio Rodr\u00edguez-Boto, cuya presentaci\u00f3n correr\u00e1 a cargo del Acad\u00e9mico de N\u00famero <a href=\"https:\/\/ramse.es\/wordpress\/ingreso-de-tres-nuevos-academicos-correspondientes-en-la-real-academia-de-medicina-y-cirujia-de-sevilla\/\">[...]<\/a><\/p><\/div><\/div><div class=\"fusion-clearfix\"><\/div><div class=\"fusion-meta-info\"><div class=\"fusion-alignright\"><a class=\"fusion-read-more\" href=\"https:\/\/ramse.es\/wordpress\/ingreso-de-tres-nuevos-academicos-correspondientes-en-la-real-academia-de-medicina-y-cirujia-de-sevilla\/\" aria-label=\"More on INGRESO DE TRES NUEVOS ACAD\u00c9MICOS CORRESPONDIENTES EN LA REAL ACADEMIA DE MEDICINA Y CIRUJ\u00cdA DE SEVILLA\">Leer M\u00e1s<\/a><\/div><\/div><\/article>\n<article id=\"blog-1-post-2327\" class=\"fusion-post-large-alternate post-2327 post type-post status-publish format-standard has-post-thumbnail hentry category-latest-news\">\n\t<style type=\"text\/css\">\n\t\t\n\t\t\n\t\t\n\t\t\n\t\t\t<\/style>\n\n\n\t\t\t<div class=\"fusion-flexslider flexslider fusion-flexslider-loading fusion-post-slideshow\" style=\"\">\n\t\t<ul class=\"slides\">\n\t\t\t\n\t\t\t\t\t\t\t\t\t\t\t\t\t\t<li><div  class=\"fusion-image-wrapper\" aria-haspopup=\"true\">\n\t\t\t\t<img decoding=\"async\" width=\"600\" height=\"450\" src=\"https:\/\/ramse.es\/wordpress\/wp-content\/uploads\/2018\/09\/memoria-grafica.jpg\" class=\"attachment-full size-full wp-post-image\" alt=\"\" srcset=\"https:\/\/ramse.es\/wordpress\/wp-content\/uploads\/2018\/09\/memoria-grafica-200x150.jpg 200w, https:\/\/ramse.es\/wordpress\/wp-content\/uploads\/2018\/09\/memoria-grafica-400x300.jpg 400w, https:\/\/ramse.es\/wordpress\/wp-content\/uploads\/2018\/09\/memoria-grafica.jpg 600w\" sizes=\"(max-width: 1000px) 100vw, 600px\" \/><div class=\"fusion-rollover\">\n\t<div class=\"fusion-rollover-content\">\n\n\t\t\t\t\t\t\t\t\t\t\t\t\t\t<a class=\"fusion-rollover-link\" href=\"https:\/\/ramse.es\/wordpress\/conferencia-memoria-grafica-de-la-ramse-una-retrospectiva-en-imagenes-del-siglo-xx\/\">Conferencia \u201cMemoria Gra\u0301fica de la RAMSE. Una retrospectiva en ima\u0301genes del siglo XX\u201d<\/a>\n\t\t\t\n\t\t\t\t\t\t\t\t\t\t\t\t\t\t\n\t\t\t\t\t\t\t\t\n\t\t\t\t\t\t\t\t\t\t\t\t\t<div class=\"fusion-rollover-sep\"><\/div>\n\t\t\t\t\n\t\t\t\t\t\t\t\t\t\t\t\t\t\t\t\t\t\t<a class=\"fusion-rollover-gallery\" href=\"https:\/\/ramse.es\/wordpress\/wp-content\/uploads\/2018\/09\/memoria-grafica.jpg\" data-id=\"2327\" data-rel=\"iLightbox[gallery]\" data-title=\"memoria-grafica\" data-caption=\"\">\n\t\t\t\t\t\tGaler\u00eda\t\t\t\t\t<\/a>\n\t\t\t\t\t\t\t\t\t\t\t\t\t\t\n\t\t\n\t\t\t\t\t\t\t\t\n\t\t\t\t\t\t\t\t\n\t\t\n\t\t\t\t\t\t<a class=\"fusion-link-wrapper\" href=\"https:\/\/ramse.es\/wordpress\/conferencia-memoria-grafica-de-la-ramse-una-retrospectiva-en-imagenes-del-siglo-xx\/\" aria-label=\"Conferencia \u201cMemoria Gra\u0301fica de la RAMSE. Una retrospectiva en ima\u0301genes del siglo XX\u201d\"><\/a>\n\t<\/div>\n<\/div>\n<\/div>\n<\/li>\n\t\t\t\n\t\t\t\n\t\t\t\t\t\t\t\t\t\t\t\t\t\t\t\t\t\t\t\t\t\t\t\t\t\t\t\t\t\t\t\t\t\t\t\t\t\t\t\t\t\t\t\t\t\t\t\t\t\t\t\t\t\t\t\t\t\t\t\t\t\t\t\t\t\t\t\t<\/ul>\n\t<\/div>\n\t<div class=\"fusion-date-and-formats\"><div class=\"fusion-date-box updated\"><span class=\"fusion-date\">septiembre<\/span><span class=\"fusion-month-year\">12:00 am<\/span><\/div><div class=\"fusion-format-box\"><i class=\"awb-icon-pen\" aria-hidden=\"true\"><\/i><\/div><\/div><div class=\"fusion-post-content post-content\"><h2 class=\"blog-shortcode-post-title entry-title\"><a href=\"https:\/\/ramse.es\/wordpress\/conferencia-memoria-grafica-de-la-ramse-una-retrospectiva-en-imagenes-del-siglo-xx\/\">Conferencia \u201cMemoria Gra\u0301fica de la RAMSE. Una retrospectiva en ima\u0301genes del siglo XX\u201d<\/a><\/h2><p class=\"fusion-single-line-meta\">Por <span class=\"vcard\"><span class=\"fn\"><a href=\"https:\/\/ramse.es\/wordpress\/author\/ivan_z0qj9h4b\/\" title=\"Entradas de admin\" rel=\"author\">admin<\/a><\/span><\/span><span class=\"fusion-inline-sep\">|<\/span><span class=\"updated\" style=\"display:none;\">2018-09-28T00:00:00+02:00<\/span><span>septiembre 28th, 2018<\/span><span class=\"fusion-inline-sep\">|<\/span>Categor\u00edas: <a href=\"https:\/\/ramse.es\/wordpress\/category\/news\/latest-news\/\" rel=\"category tag\">Noticias<\/a><span class=\"fusion-inline-sep\">|<\/span><\/p><div class=\"fusion-post-content-container\"><p>La Real Academia de Medicina y Cirug\u00eda de Sevilla ha acogido la conferencia titulada\u00a0\u201cMemoria Gra\u0301fica de la RAMSE. Una retrospectiva en ima\u0301genes del siglo XX\u201d, impartida por el\u00a0Dr. D. Jorge Dominguez-Rodin\u0303o Sa\u0301nchez-Laulhe\u0301, Acad\u00e9mico Correspondiente de esta corporaci\u00f3n. El acto, presentado por el acad\u00e9mico de n\u00famero\u00a0Dr. D. Juan Sabat\u00e9 D\u00edaz, tambi\u00e9n cont\u00f3 con la introducci\u00f3n titulada \u201cLa importancia del humanismo en la historia de la RAMSE\u201d, impartida por Dr. D. Ismael <a href=\"https:\/\/ramse.es\/wordpress\/conferencia-memoria-grafica-de-la-ramse-una-retrospectiva-en-imagenes-del-siglo-xx\/\">[...]<\/a><\/p><\/div><\/div><div class=\"fusion-clearfix\"><\/div><div class=\"fusion-meta-info\"><div class=\"fusion-alignright\"><a class=\"fusion-read-more\" href=\"https:\/\/ramse.es\/wordpress\/conferencia-memoria-grafica-de-la-ramse-una-retrospectiva-en-imagenes-del-siglo-xx\/\" aria-label=\"More on Conferencia \u201cMemoria Gra\u0301fica de la RAMSE. Una retrospectiva en ima\u0301genes del siglo XX\u201d\">Leer M\u00e1s<\/a><\/div><\/div><\/article>\n<article id=\"blog-1-post-2324\" class=\"fusion-post-large-alternate post-2324 post type-post status-publish format-standard has-post-thumbnail hentry category-latest-news\">\n\t<style type=\"text\/css\">\n\t\t\n\t\t\n\t\t\n\t\t\n\t\t\t<\/style>\n\n\n\t\t\t<div class=\"fusion-flexslider flexslider fusion-flexslider-loading fusion-post-slideshow\" style=\"\">\n\t\t<ul class=\"slides\">\n\t\t\t\n\t\t\t\t\t\t\t\t\t\t\t\t\t\t<li><div  class=\"fusion-image-wrapper\" aria-haspopup=\"true\">\n\t\t\t\t<img decoding=\"async\" width=\"600\" height=\"450\" src=\"https:\/\/ramse.es\/wordpress\/wp-content\/uploads\/2018\/09\/premios-cientificos-pediatria-ramse_web.jpg\" class=\"attachment-full size-full wp-post-image\" alt=\"\" srcset=\"https:\/\/ramse.es\/wordpress\/wp-content\/uploads\/2018\/09\/premios-cientificos-pediatria-ramse_web-200x150.jpg 200w, https:\/\/ramse.es\/wordpress\/wp-content\/uploads\/2018\/09\/premios-cientificos-pediatria-ramse_web-400x300.jpg 400w, https:\/\/ramse.es\/wordpress\/wp-content\/uploads\/2018\/09\/premios-cientificos-pediatria-ramse_web.jpg 600w\" sizes=\"(max-width: 1000px) 100vw, 600px\" \/><div class=\"fusion-rollover\">\n\t<div class=\"fusion-rollover-content\">\n\n\t\t\t\t\t\t\t\t\t\t\t\t\t\t<a class=\"fusion-rollover-link\" href=\"https:\/\/ramse.es\/wordpress\/la-patologia-perianal-en-el-nino-y-epilogo-de-la-vacunacion-no-sistematica-por-rotavirus-trabajos-premiados-en-la-ramse\/\">\u201cLA PATOLOG\u00cdA PERIANAL EN EL NI\u00d1O\u201d Y \u201cEP\u00cdLOGO DE LA VACUNACI\u00d3N NO SISTEM\u00c1TICA POR ROTAVIRUS\u201d TRABAJOS PREMIADOS EN LA RAMSE<\/a>\n\t\t\t\n\t\t\t\t\t\t\t\t\t\t\t\t\t\t\n\t\t\t\t\t\t\t\t\n\t\t\t\t\t\t\t\t\t\t\t\t\t<div class=\"fusion-rollover-sep\"><\/div>\n\t\t\t\t\n\t\t\t\t\t\t\t\t\t\t\t\t\t\t\t\t\t\t<a class=\"fusion-rollover-gallery\" href=\"https:\/\/ramse.es\/wordpress\/wp-content\/uploads\/2018\/09\/premios-cientificos-pediatria-ramse_web.jpg\" data-id=\"2324\" data-rel=\"iLightbox[gallery]\" data-title=\"premios-cientificos-pediatria-ramse_web\" data-caption=\"\">\n\t\t\t\t\t\tGaler\u00eda\t\t\t\t\t<\/a>\n\t\t\t\t\t\t\t\t\t\t\t\t\t\t\n\t\t\n\t\t\t\t\t\t\t\t\n\t\t\t\t\t\t\t\t\n\t\t\n\t\t\t\t\t\t<a class=\"fusion-link-wrapper\" href=\"https:\/\/ramse.es\/wordpress\/la-patologia-perianal-en-el-nino-y-epilogo-de-la-vacunacion-no-sistematica-por-rotavirus-trabajos-premiados-en-la-ramse\/\" aria-label=\"\u201cLA PATOLOG\u00cdA PERIANAL EN EL NI\u00d1O\u201d Y \u201cEP\u00cdLOGO DE LA VACUNACI\u00d3N NO SISTEM\u00c1TICA POR ROTAVIRUS\u201d TRABAJOS PREMIADOS EN LA RAMSE\"><\/a>\n\t<\/div>\n<\/div>\n<\/div>\n<\/li>\n\t\t\t\n\t\t\t\n\t\t\t\t\t\t\t\t\t\t\t\t\t\t\t\t\t\t\t\t\t\t\t\t\t\t\t\t\t\t\t\t\t\t\t\t\t\t\t\t\t\t\t\t\t\t\t\t\t\t\t\t\t\t\t\t\t\t\t\t\t\t\t\t\t\t\t\t<\/ul>\n\t<\/div>\n\t<div class=\"fusion-date-and-formats\"><div class=\"fusion-date-box updated\"><span class=\"fusion-date\">septiembre<\/span><span class=\"fusion-month-year\">12:00 am<\/span><\/div><div class=\"fusion-format-box\"><i class=\"awb-icon-pen\" aria-hidden=\"true\"><\/i><\/div><\/div><div class=\"fusion-post-content post-content\"><h2 class=\"blog-shortcode-post-title entry-title\"><a href=\"https:\/\/ramse.es\/wordpress\/la-patologia-perianal-en-el-nino-y-epilogo-de-la-vacunacion-no-sistematica-por-rotavirus-trabajos-premiados-en-la-ramse\/\">\u201cLA PATOLOG\u00cdA PERIANAL EN EL NI\u00d1O\u201d Y \u201cEP\u00cdLOGO DE LA VACUNACI\u00d3N NO SISTEM\u00c1TICA POR ROTAVIRUS\u201d TRABAJOS PREMIADOS EN LA RAMSE<\/a><\/h2><p class=\"fusion-single-line-meta\">Por <span class=\"vcard\"><span class=\"fn\"><a href=\"https:\/\/ramse.es\/wordpress\/author\/ivan_z0qj9h4b\/\" title=\"Entradas de admin\" rel=\"author\">admin<\/a><\/span><\/span><span class=\"fusion-inline-sep\">|<\/span><span class=\"updated\" style=\"display:none;\">2018-09-24T00:00:00+02:00<\/span><span>septiembre 24th, 2018<\/span><span class=\"fusion-inline-sep\">|<\/span>Categor\u00edas: <a href=\"https:\/\/ramse.es\/wordpress\/category\/news\/latest-news\/\" rel=\"category tag\">Noticias<\/a><span class=\"fusion-inline-sep\">|<\/span><\/p><div class=\"fusion-post-content-container\"><p><\/p><p>La Real Academia de Medicina y Cirug\u00eda de Sevilla continua con los actos de presentaci\u00f3n de los trabajos que han obtenido alguno de los premios del Concurso Cient\u00edfico 2017. El pasado 21 de septiembre se entregaron los de Pediatr\u00eda.  <a href=\"https:\/\/ramse.es\/wordpress\/la-patologia-perianal-en-el-nino-y-epilogo-de-la-vacunacion-no-sistematica-por-rotavirus-trabajos-premiados-en-la-ramse\/\">[\u2026]<\/a><\/p>\n<\/div><\/div><div class=\"fusion-clearfix\"><\/div><div class=\"fusion-meta-info\"><div class=\"fusion-alignright\"><a class=\"fusion-read-more\" href=\"https:\/\/ramse.es\/wordpress\/la-patologia-perianal-en-el-nino-y-epilogo-de-la-vacunacion-no-sistematica-por-rotavirus-trabajos-premiados-en-la-ramse\/\" aria-label=\"More on \u201cLA PATOLOG\u00cdA PERIANAL EN EL NI\u00d1O\u201d Y \u201cEP\u00cdLOGO DE LA VACUNACI\u00d3N NO SISTEM\u00c1TICA POR ROTAVIRUS\u201d TRABAJOS PREMIADOS EN LA RAMSE\">Leer M\u00e1s<\/a><\/div><\/div><\/article>\n<article id=\"blog-1-post-2322\" class=\"fusion-post-large-alternate post-2322 post type-post status-publish format-standard has-post-thumbnail hentry category-latest-news\">\n\t<style type=\"text\/css\">\n\t\t\n\t\t\n\t\t\n\t\t\n\t\t\t<\/style>\n\n\n\t\t\t<div class=\"fusion-flexslider flexslider fusion-flexslider-loading fusion-post-slideshow\" style=\"\">\n\t\t<ul class=\"slides\">\n\t\t\t\n\t\t\t\t\t\t\t\t\t\t\t\t\t\t<li><div  class=\"fusion-image-wrapper\" aria-haspopup=\"true\">\n\t\t\t\t<img decoding=\"async\" width=\"700\" height=\"525\" src=\"https:\/\/ramse.es\/wordpress\/wp-content\/uploads\/2018\/06\/caremujer3.jpg\" class=\"attachment-full size-full wp-post-image\" alt=\"\" srcset=\"https:\/\/ramse.es\/wordpress\/wp-content\/uploads\/2018\/06\/caremujer3-200x150.jpg 200w, https:\/\/ramse.es\/wordpress\/wp-content\/uploads\/2018\/06\/caremujer3-400x300.jpg 400w, https:\/\/ramse.es\/wordpress\/wp-content\/uploads\/2018\/06\/caremujer3-600x450.jpg 600w, https:\/\/ramse.es\/wordpress\/wp-content\/uploads\/2018\/06\/caremujer3.jpg 700w\" sizes=\"(max-width: 1000px) 100vw, 700px\" \/><div class=\"fusion-rollover\">\n\t<div class=\"fusion-rollover-content\">\n\n\t\t\t\t\t\t\t\t\t\t\t\t\t\t<a class=\"fusion-rollover-link\" href=\"https:\/\/ramse.es\/wordpress\/jornadas-de-medicina-avanzada-en-la-real-academia-de-medicina-y-cirugia-de-sevilla\/\">Jornadas de Medicina Avanzada en la Real Academia de Medicina y Cirug\u00eda de Sevilla<\/a>\n\t\t\t\n\t\t\t\t\t\t\t\t\t\t\t\t\t\t\n\t\t\t\t\t\t\t\t\n\t\t\t\t\t\t\t\t\t\t\t\t\t<div class=\"fusion-rollover-sep\"><\/div>\n\t\t\t\t\n\t\t\t\t\t\t\t\t\t\t\t\t\t\t\t\t\t\t<a class=\"fusion-rollover-gallery\" href=\"https:\/\/ramse.es\/wordpress\/wp-content\/uploads\/2018\/06\/caremujer3.jpg\" data-id=\"2322\" data-rel=\"iLightbox[gallery]\" data-title=\"caremujer3\" data-caption=\"\">\n\t\t\t\t\t\tGaler\u00eda\t\t\t\t\t<\/a>\n\t\t\t\t\t\t\t\t\t\t\t\t\t\t\n\t\t\n\t\t\t\t\t\t\t\t\n\t\t\t\t\t\t\t\t\n\t\t\n\t\t\t\t\t\t<a class=\"fusion-link-wrapper\" href=\"https:\/\/ramse.es\/wordpress\/jornadas-de-medicina-avanzada-en-la-real-academia-de-medicina-y-cirugia-de-sevilla\/\" aria-label=\"Jornadas de Medicina Avanzada en la Real Academia de Medicina y Cirug\u00eda de Sevilla\"><\/a>\n\t<\/div>\n<\/div>\n<\/div>\n<\/li>\n\t\t\t\n\t\t\t\n\t\t\t\t\t\t\t\t\t\t\t\t\t\t\t\t\t\t\t\t\t\t\t\t\t\t\t\t\t\t\t\t\t\t\t\t\t\t\t\t\t\t\t\t\t\t\t\t\t\t\t\t\t\t\t\t\t\t\t\t\t\t\t\t\t\t\t\t<\/ul>\n\t<\/div>\n\t<div class=\"fusion-date-and-formats\"><div class=\"fusion-date-box updated\"><span class=\"fusion-date\">junio<\/span><span class=\"fusion-month-year\">12:00 am<\/span><\/div><div class=\"fusion-format-box\"><i class=\"awb-icon-pen\" aria-hidden=\"true\"><\/i><\/div><\/div><div class=\"fusion-post-content post-content\"><h2 class=\"blog-shortcode-post-title entry-title\"><a href=\"https:\/\/ramse.es\/wordpress\/jornadas-de-medicina-avanzada-en-la-real-academia-de-medicina-y-cirugia-de-sevilla\/\">Jornadas de Medicina Avanzada en la Real Academia de Medicina y Cirug\u00eda de Sevilla<\/a><\/h2><p class=\"fusion-single-line-meta\">Por <span class=\"vcard\"><span class=\"fn\"><a href=\"https:\/\/ramse.es\/wordpress\/author\/ivan_z0qj9h4b\/\" title=\"Entradas de admin\" rel=\"author\">admin<\/a><\/span><\/span><span class=\"fusion-inline-sep\">|<\/span><span class=\"updated\" style=\"display:none;\">2018-06-29T00:00:00+02:00<\/span><span>junio 29th, 2018<\/span><span class=\"fusion-inline-sep\">|<\/span>Categor\u00edas: <a href=\"https:\/\/ramse.es\/wordpress\/category\/news\/latest-news\/\" rel=\"category tag\">Noticias<\/a><span class=\"fusion-inline-sep\">|<\/span><\/p><div class=\"fusion-post-content-container\"><p>La Real Academia de Medicina y Cirug\u00eda de Sevilla ha acogido las I Jornadas de Medicina Avanzada: La radiofrecuencia como alternativa a la cirug\u00eda. Las jornadas fueron inauguradas por el alcalde de Sevilla, Juan Espadas y contaron con la presencia de m\u00e9dicos especialistas de toda Espa\u00f1a para hablar de las nuevas t\u00e9cnicas que se aplican como alternativa a la cirug\u00eda, como es el caso de la radiofrecuencia. Entre los ponentes <a href=\"https:\/\/ramse.es\/wordpress\/jornadas-de-medicina-avanzada-en-la-real-academia-de-medicina-y-cirugia-de-sevilla\/\">[...]<\/a><\/p><\/div><\/div><div class=\"fusion-clearfix\"><\/div><div class=\"fusion-meta-info\"><div class=\"fusion-alignright\"><a class=\"fusion-read-more\" href=\"https:\/\/ramse.es\/wordpress\/jornadas-de-medicina-avanzada-en-la-real-academia-de-medicina-y-cirugia-de-sevilla\/\" aria-label=\"More on Jornadas de Medicina Avanzada en la Real Academia de Medicina y Cirug\u00eda de Sevilla\">Leer M\u00e1s<\/a><\/div><\/div><\/article>\n<article id=\"blog-1-post-2320\" class=\"fusion-post-large-alternate post-2320 post type-post status-publish format-standard has-post-thumbnail hentry category-latest-news\">\n\t<style type=\"text\/css\">\n\t\t\n\t\t\n\t\t\n\t\t\n\t\t\t<\/style>\n\n\n\t\t\t<div class=\"fusion-flexslider flexslider fusion-flexslider-loading fusion-post-slideshow\" style=\"\">\n\t\t<ul class=\"slides\">\n\t\t\t\n\t\t\t\t\t\t\t\t\t\t\t\t\t\t<li><div  class=\"fusion-image-wrapper\" aria-haspopup=\"true\">\n\t\t\t\t<img decoding=\"async\" width=\"800\" height=\"600\" src=\"https:\/\/ramse.es\/wordpress\/wp-content\/uploads\/2018\/06\/olivencia.jpg\" class=\"attachment-full size-full wp-post-image\" alt=\"\" srcset=\"https:\/\/ramse.es\/wordpress\/wp-content\/uploads\/2018\/06\/olivencia-200x150.jpg 200w, https:\/\/ramse.es\/wordpress\/wp-content\/uploads\/2018\/06\/olivencia-400x300.jpg 400w, https:\/\/ramse.es\/wordpress\/wp-content\/uploads\/2018\/06\/olivencia-600x450.jpg 600w, https:\/\/ramse.es\/wordpress\/wp-content\/uploads\/2018\/06\/olivencia.jpg 800w\" sizes=\"(max-width: 1000px) 100vw, 800px\" \/><div class=\"fusion-rollover\">\n\t<div class=\"fusion-rollover-content\">\n\n\t\t\t\t\t\t\t\t\t\t\t\t\t\t<a class=\"fusion-rollover-link\" href=\"https:\/\/ramse.es\/wordpress\/las-academias-de-medicina-buenas-letras-y-legislacion-y-jurisprudencia-homenajean-a-manuel-olivencia\/\">LAS ACADEMIAS DE MEDICINA, BUENAS LETRAS Y LEGISLACI\u00d3N Y JURISPRUDENCIA HOMENAJEAN A MANUEL OLIVENCIA<\/a>\n\t\t\t\n\t\t\t\t\t\t\t\t\t\t\t\t\t\t\n\t\t\t\t\t\t\t\t\n\t\t\t\t\t\t\t\t\t\t\t\t\t<div class=\"fusion-rollover-sep\"><\/div>\n\t\t\t\t\n\t\t\t\t\t\t\t\t\t\t\t\t\t\t\t\t\t\t<a class=\"fusion-rollover-gallery\" href=\"https:\/\/ramse.es\/wordpress\/wp-content\/uploads\/2018\/06\/olivencia.jpg\" data-id=\"2320\" data-rel=\"iLightbox[gallery]\" data-title=\"olivencia\" data-caption=\"\">\n\t\t\t\t\t\tGaler\u00eda\t\t\t\t\t<\/a>\n\t\t\t\t\t\t\t\t\t\t\t\t\t\t\n\t\t\n\t\t\t\t\t\t\t\t\n\t\t\t\t\t\t\t\t\n\t\t\n\t\t\t\t\t\t<a class=\"fusion-link-wrapper\" href=\"https:\/\/ramse.es\/wordpress\/las-academias-de-medicina-buenas-letras-y-legislacion-y-jurisprudencia-homenajean-a-manuel-olivencia\/\" aria-label=\"LAS ACADEMIAS DE MEDICINA, BUENAS LETRAS Y LEGISLACI\u00d3N Y JURISPRUDENCIA HOMENAJEAN A MANUEL OLIVENCIA\"><\/a>\n\t<\/div>\n<\/div>\n<\/div>\n<\/li>\n\t\t\t\n\t\t\t\n\t\t\t\t\t\t\t\t\t\t\t\t\t\t\t\t\t\t\t\t\t\t\t\t\t\t\t\t\t\t\t\t\t\t\t\t\t\t\t\t\t\t\t\t\t\t\t\t\t\t\t\t\t\t\t\t\t\t\t\t\t\t\t\t\t\t\t\t<\/ul>\n\t<\/div>\n\t<div class=\"fusion-date-and-formats\"><div class=\"fusion-date-box updated\"><span class=\"fusion-date\">junio<\/span><span class=\"fusion-month-year\">12:00 am<\/span><\/div><div class=\"fusion-format-box\"><i class=\"awb-icon-pen\" aria-hidden=\"true\"><\/i><\/div><\/div><div class=\"fusion-post-content post-content\"><h2 class=\"blog-shortcode-post-title entry-title\"><a href=\"https:\/\/ramse.es\/wordpress\/las-academias-de-medicina-buenas-letras-y-legislacion-y-jurisprudencia-homenajean-a-manuel-olivencia\/\">LAS ACADEMIAS DE MEDICINA, BUENAS LETRAS Y LEGISLACI\u00d3N Y JURISPRUDENCIA HOMENAJEAN A MANUEL OLIVENCIA<\/a><\/h2><p class=\"fusion-single-line-meta\">Por <span class=\"vcard\"><span class=\"fn\"><a href=\"https:\/\/ramse.es\/wordpress\/author\/ivan_z0qj9h4b\/\" title=\"Entradas de admin\" rel=\"author\">admin<\/a><\/span><\/span><span class=\"fusion-inline-sep\">|<\/span><span class=\"updated\" style=\"display:none;\">2018-06-13T00:00:00+02:00<\/span><span>junio 13th, 2018<\/span><span class=\"fusion-inline-sep\">|<\/span>Categor\u00edas: <a href=\"https:\/\/ramse.es\/wordpress\/category\/news\/latest-news\/\" rel=\"category tag\">Noticias<\/a><span class=\"fusion-inline-sep\">|<\/span><\/p><div class=\"fusion-post-content-container\"><p>Las Reales Academias sevillanas de Medicina y Cirug\u00eda, Buenas Letras y Legislaci\u00f3n y Jurisprudencia han celebrado una sesi\u00f3n p\u00fablica y conjunta en recuerdo y homenaje de D. Manuel Olivencia Ruiz, prestigioso jurista sevillano. Olivencia, doctor, abogado y catedr\u00e1tico de Derecho Mercantil en la Universidad de Sevilla, fue el primer comisario de la Exposici\u00f3n Universal de 1992. El acto contar\u00e1 con las intervenciones de los siguientes acad\u00e9micos: D. Carlos Infantes Alc\u00f3n, <a href=\"https:\/\/ramse.es\/wordpress\/las-academias-de-medicina-buenas-letras-y-legislacion-y-jurisprudencia-homenajean-a-manuel-olivencia\/\">[...]<\/a><\/p><\/div><\/div><div class=\"fusion-clearfix\"><\/div><div class=\"fusion-meta-info\"><div class=\"fusion-alignright\"><a class=\"fusion-read-more\" href=\"https:\/\/ramse.es\/wordpress\/las-academias-de-medicina-buenas-letras-y-legislacion-y-jurisprudencia-homenajean-a-manuel-olivencia\/\" aria-label=\"More on LAS ACADEMIAS DE MEDICINA, BUENAS LETRAS Y LEGISLACI\u00d3N Y JURISPRUDENCIA HOMENAJEAN A MANUEL OLIVENCIA\">Leer M\u00e1s<\/a><\/div><\/div><\/article>\n<article id=\"blog-1-post-2318\" class=\"fusion-post-large-alternate post-2318 post type-post status-publish format-standard has-post-thumbnail hentry category-latest-news\">\n\t<style type=\"text\/css\">\n\t\t\n\t\t\n\t\t\n\t\t\n\t\t\t<\/style>\n\n\n\t\t\t<div class=\"fusion-flexslider flexslider fusion-flexslider-loading fusion-post-slideshow\" style=\"\">\n\t\t<ul class=\"slides\">\n\t\t\t\n\t\t\t\t\t\t\t\t\t\t\t\t\t\t<li><div  class=\"fusion-image-wrapper\" aria-haspopup=\"true\">\n\t\t\t\t<img decoding=\"async\" width=\"448\" height=\"336\" src=\"https:\/\/ramse.es\/wordpress\/wp-content\/uploads\/2018\/05\/vacunas.jpg\" class=\"attachment-full size-full wp-post-image\" alt=\"\" srcset=\"https:\/\/ramse.es\/wordpress\/wp-content\/uploads\/2018\/05\/vacunas-200x150.jpg 200w, https:\/\/ramse.es\/wordpress\/wp-content\/uploads\/2018\/05\/vacunas-400x300.jpg 400w, https:\/\/ramse.es\/wordpress\/wp-content\/uploads\/2018\/05\/vacunas.jpg 448w\" sizes=\"(max-width: 1000px) 100vw, 448px\" \/><div class=\"fusion-rollover\">\n\t<div class=\"fusion-rollover-content\">\n\n\t\t\t\t\t\t\t\t\t\t\t\t\t\t<a class=\"fusion-rollover-link\" href=\"https:\/\/ramse.es\/wordpress\/retos-de-la-vacunacion-en-el-siglo-xxi-el-impacto-de-las-vacunas-en-la-salud-infantil\/\">RETOS DE LA VACUNACI\u00d3N EN EL SIGLO XXI: EL IMPACTO DE LAS VACUNAS EN LA SALUD INFANTIL<\/a>\n\t\t\t\n\t\t\t\t\t\t\t\t\t\t\t\t\t\t\n\t\t\t\t\t\t\t\t\n\t\t\t\t\t\t\t\t\t\t\t\t\t<div class=\"fusion-rollover-sep\"><\/div>\n\t\t\t\t\n\t\t\t\t\t\t\t\t\t\t\t\t\t\t\t\t\t\t<a class=\"fusion-rollover-gallery\" href=\"https:\/\/ramse.es\/wordpress\/wp-content\/uploads\/2018\/05\/vacunas.jpg\" data-id=\"2318\" data-rel=\"iLightbox[gallery]\" data-title=\"vacunas\" data-caption=\"\">\n\t\t\t\t\t\tGaler\u00eda\t\t\t\t\t<\/a>\n\t\t\t\t\t\t\t\t\t\t\t\t\t\t\n\t\t\n\t\t\t\t\t\t\t\t\n\t\t\t\t\t\t\t\t\n\t\t\n\t\t\t\t\t\t<a class=\"fusion-link-wrapper\" href=\"https:\/\/ramse.es\/wordpress\/retos-de-la-vacunacion-en-el-siglo-xxi-el-impacto-de-las-vacunas-en-la-salud-infantil\/\" aria-label=\"RETOS DE LA VACUNACI\u00d3N EN EL SIGLO XXI: EL IMPACTO DE LAS VACUNAS EN LA SALUD INFANTIL\"><\/a>\n\t<\/div>\n<\/div>\n<\/div>\n<\/li>\n\t\t\t\n\t\t\t\n\t\t\t\t\t\t\t\t\t\t\t\t\t\t\t\t\t\t\t\t\t\t\t\t\t\t\t\t\t\t\t\t\t\t\t\t\t\t\t\t\t\t\t\t\t\t\t\t\t\t\t\t\t\t\t\t\t\t\t\t\t\t\t\t\t\t\t\t<\/ul>\n\t<\/div>\n\t<div class=\"fusion-date-and-formats\"><div class=\"fusion-date-box updated\"><span class=\"fusion-date\">mayo<\/span><span class=\"fusion-month-year\">2:45 pm<\/span><\/div><div class=\"fusion-format-box\"><i class=\"awb-icon-pen\" aria-hidden=\"true\"><\/i><\/div><\/div><div class=\"fusion-post-content post-content\"><h2 class=\"blog-shortcode-post-title entry-title\"><a href=\"https:\/\/ramse.es\/wordpress\/retos-de-la-vacunacion-en-el-siglo-xxi-el-impacto-de-las-vacunas-en-la-salud-infantil\/\">RETOS DE LA VACUNACI\u00d3N EN EL SIGLO XXI: EL IMPACTO DE LAS VACUNAS EN LA SALUD INFANTIL<\/a><\/h2><p class=\"fusion-single-line-meta\">Por <span class=\"vcard\"><span class=\"fn\"><a href=\"https:\/\/ramse.es\/wordpress\/author\/ivan_z0qj9h4b\/\" title=\"Entradas de admin\" rel=\"author\">admin<\/a><\/span><\/span><span class=\"fusion-inline-sep\">|<\/span><span class=\"updated\" style=\"display:none;\">2018-05-24T14:45:23+02:00<\/span><span>mayo 24th, 2018<\/span><span class=\"fusion-inline-sep\">|<\/span>Categor\u00edas: <a href=\"https:\/\/ramse.es\/wordpress\/category\/news\/latest-news\/\" rel=\"category tag\">Noticias<\/a><span class=\"fusion-inline-sep\">|<\/span><\/p><div class=\"fusion-post-content-container\"><p><\/p><p>La Real Academia de Medicina y Cirug\u00eda de Sevilla ha acogido la mesa redonda\u00a0\u201cRetos de la vacunaci\u00f3n en el siglo XXI: El impacto de las vacunas en la salud infantil\u201d, cita que reunir\u00e1 a prestigiosos expertos en Pediatr\u00eda que debatir\u00e1n sobre uno de los temas que m\u00e1s preocupa a la sociedad actual. La jornada, organizada en colaboraci\u00f3n con el laboratorio GSK, est\u00e1 enmarcada dentro de un ciclo mesas redondas sobre\u00a0Medicina <a href=\"https:\/\/ramse.es\/wordpress\/retos-de-la-vacunacion-en-el-siglo-xxi-el-impacto-de-las-vacunas-en-la-salud-infantil\/\">[...]<\/a><\/p><\/div><\/div><div class=\"fusion-clearfix\"><\/div><div class=\"fusion-meta-info\"><div class=\"fusion-alignright\"><a class=\"fusion-read-more\" href=\"https:\/\/ramse.es\/wordpress\/retos-de-la-vacunacion-en-el-siglo-xxi-el-impacto-de-las-vacunas-en-la-salud-infantil\/\" aria-label=\"More on RETOS DE LA VACUNACI\u00d3N EN EL SIGLO XXI: EL IMPACTO DE LAS VACUNAS EN LA SALUD INFANTIL\">Leer M\u00e1s<\/a><\/div><\/div><\/article>\n<article id=\"blog-1-post-2316\" class=\"fusion-post-large-alternate post-2316 post type-post status-publish format-standard has-post-thumbnail hentry category-latest-news\">\n\t<style type=\"text\/css\">\n\t\t\n\t\t\n\t\t\n\t\t\n\t\t\t<\/style>\n\n\n\t\t\t<div class=\"fusion-flexslider flexslider fusion-flexslider-loading fusion-post-slideshow\" style=\"\">\n\t\t<ul class=\"slides\">\n\t\t\t\n\t\t\t\t\t\t\t\t\t\t\t\t\t\t<li><div  class=\"fusion-image-wrapper\" aria-haspopup=\"true\">\n\t\t\t\t<img decoding=\"async\" width=\"448\" height=\"336\" src=\"https:\/\/ramse.es\/wordpress\/wp-content\/uploads\/2018\/05\/agresiones-sanitarias_ramse-1.jpg\" class=\"attachment-full size-full wp-post-image\" alt=\"\" srcset=\"https:\/\/ramse.es\/wordpress\/wp-content\/uploads\/2018\/05\/agresiones-sanitarias_ramse-1-200x150.jpg 200w, https:\/\/ramse.es\/wordpress\/wp-content\/uploads\/2018\/05\/agresiones-sanitarias_ramse-1-400x300.jpg 400w, https:\/\/ramse.es\/wordpress\/wp-content\/uploads\/2018\/05\/agresiones-sanitarias_ramse-1.jpg 448w\" sizes=\"(max-width: 1000px) 100vw, 448px\" \/><div class=\"fusion-rollover\">\n\t<div class=\"fusion-rollover-content\">\n\n\t\t\t\t\t\t\t\t\t\t\t\t\t\t<a class=\"fusion-rollover-link\" href=\"https:\/\/ramse.es\/wordpress\/cada-agresion-medica-afecta-a-toda-la-estructura-del-sistema-sanitario\/\">\u201cCADA AGRESI\u00d3N M\u00c9DICA AFECTA A TODA LA ESTRUCTURA DEL SISTEMA SANITARIO<\/a>\n\t\t\t\n\t\t\t\t\t\t\t\t\t\t\t\t\t\t\n\t\t\t\t\t\t\t\t\n\t\t\t\t\t\t\t\t\t\t\t\t\t<div class=\"fusion-rollover-sep\"><\/div>\n\t\t\t\t\n\t\t\t\t\t\t\t\t\t\t\t\t\t\t\t\t\t\t<a class=\"fusion-rollover-gallery\" href=\"https:\/\/ramse.es\/wordpress\/wp-content\/uploads\/2018\/05\/agresiones-sanitarias_ramse-1.jpg\" data-id=\"2316\" data-rel=\"iLightbox[gallery]\" data-title=\"agresiones-sanitarias_ramse-1\" data-caption=\"\">\n\t\t\t\t\t\tGaler\u00eda\t\t\t\t\t<\/a>\n\t\t\t\t\t\t\t\t\t\t\t\t\t\t\n\t\t\n\t\t\t\t\t\t\t\t\n\t\t\t\t\t\t\t\t\n\t\t\n\t\t\t\t\t\t<a class=\"fusion-link-wrapper\" href=\"https:\/\/ramse.es\/wordpress\/cada-agresion-medica-afecta-a-toda-la-estructura-del-sistema-sanitario\/\" aria-label=\"\u201cCADA AGRESI\u00d3N M\u00c9DICA AFECTA A TODA LA ESTRUCTURA DEL SISTEMA SANITARIO\"><\/a>\n\t<\/div>\n<\/div>\n<\/div>\n<\/li>\n\t\t\t\n\t\t\t\n\t\t\t\t\t\t\t\t\t\t\t\t\t\t\t\t\t\t\t\t\t\t\t\t\t\t\t\t\t\t\t\t\t\t\t\t\t\t\t\t\t\t\t\t\t\t\t\t\t\t\t\t\t\t\t\t\t\t\t\t\t\t\t\t\t\t\t\t<\/ul>\n\t<\/div>\n\t<div class=\"fusion-date-and-formats\"><div class=\"fusion-date-box updated\"><span class=\"fusion-date\">mayo<\/span><span class=\"fusion-month-year\">2:19 pm<\/span><\/div><div class=\"fusion-format-box\"><i class=\"awb-icon-pen\" aria-hidden=\"true\"><\/i><\/div><\/div><div class=\"fusion-post-content post-content\"><h2 class=\"blog-shortcode-post-title entry-title\"><a href=\"https:\/\/ramse.es\/wordpress\/cada-agresion-medica-afecta-a-toda-la-estructura-del-sistema-sanitario\/\">\u201cCADA AGRESI\u00d3N M\u00c9DICA AFECTA A TODA LA ESTRUCTURA DEL SISTEMA SANITARIO<\/a><\/h2><p class=\"fusion-single-line-meta\">Por <span class=\"vcard\"><span class=\"fn\"><a href=\"https:\/\/ramse.es\/wordpress\/author\/ivan_z0qj9h4b\/\" title=\"Entradas de admin\" rel=\"author\">admin<\/a><\/span><\/span><span class=\"fusion-inline-sep\">|<\/span><span class=\"updated\" style=\"display:none;\">2018-05-24T14:19:44+02:00<\/span><span>mayo 24th, 2018<\/span><span class=\"fusion-inline-sep\">|<\/span>Categor\u00edas: <a href=\"https:\/\/ramse.es\/wordpress\/category\/news\/latest-news\/\" rel=\"category tag\">Noticias<\/a><span class=\"fusion-inline-sep\">|<\/span><\/p><div class=\"fusion-post-content-container\"><p><\/p><p>Proporcionar una informaci\u00f3n diferente a la que el paciente o su familia espera escuchar; la negativa a certificar una baja o prescribir un medicamento, pueden ser algunos de los motivos que desgraciadamente desencadenen una conducta agresiva en las consultas m\u00e9dicas. Y es que Andaluc\u00eda est\u00e1 a la cabeza del ranking nacional de Agresiones M\u00e9dicas con un total de 122 casos en 2017 de los 515 registrados en toda Espa\u00f1a, seg\u00fan <a href=\"https:\/\/ramse.es\/wordpress\/cada-agresion-medica-afecta-a-toda-la-estructura-del-sistema-sanitario\/\">[...]<\/a><\/p><\/div><\/div><div class=\"fusion-clearfix\"><\/div><div class=\"fusion-meta-info\"><div class=\"fusion-alignright\"><a class=\"fusion-read-more\" href=\"https:\/\/ramse.es\/wordpress\/cada-agresion-medica-afecta-a-toda-la-estructura-del-sistema-sanitario\/\" aria-label=\"More on \u201cCADA AGRESI\u00d3N M\u00c9DICA AFECTA A TODA LA ESTRUCTURA DEL SISTEMA SANITARIO\">Leer M\u00e1s<\/a><\/div><\/div><\/article>\n<article id=\"blog-1-post-2314\" class=\"fusion-post-large-alternate post-2314 post type-post status-publish format-standard has-post-thumbnail hentry category-latest-news\">\n\t<style type=\"text\/css\">\n\t\t\n\t\t\n\t\t\n\t\t\n\t\t\t<\/style>\n\n\n\t\t\t<div class=\"fusion-flexslider flexslider fusion-flexslider-loading fusion-post-slideshow\" style=\"\">\n\t\t<ul class=\"slides\">\n\t\t\t\n\t\t\t\t\t\t\t\t\t\t\t\t\t\t<li><div  class=\"fusion-image-wrapper\" aria-haspopup=\"true\">\n\t\t\t\t<img decoding=\"async\" width=\"448\" height=\"336\" src=\"https:\/\/ramse.es\/wordpress\/wp-content\/uploads\/2018\/05\/sostenibilidad3.jpg\" class=\"attachment-full size-full wp-post-image\" alt=\"\" srcset=\"https:\/\/ramse.es\/wordpress\/wp-content\/uploads\/2018\/05\/sostenibilidad3-200x150.jpg 200w, https:\/\/ramse.es\/wordpress\/wp-content\/uploads\/2018\/05\/sostenibilidad3-400x300.jpg 400w, https:\/\/ramse.es\/wordpress\/wp-content\/uploads\/2018\/05\/sostenibilidad3.jpg 448w\" sizes=\"(max-width: 1000px) 100vw, 448px\" \/><div class=\"fusion-rollover\">\n\t<div class=\"fusion-rollover-content\">\n\n\t\t\t\t\t\t\t\t\t\t\t\t\t\t<a class=\"fusion-rollover-link\" href=\"https:\/\/ramse.es\/wordpress\/la-atencion-primaria-tiene-pasar-de-ser-la-puerta-de-entrada-del-sistema-sanitario-a-agente-de-salud-del-paciente\/\">\u201cLA ATENCI\u00d3N PRIMARIA TIENE PASAR DE SER LA PUERTA DE ENTRADA DEL SISTEMA SANITARIO A AGENTE DE SALUD DEL PACIENTE\u201d<\/a>\n\t\t\t\n\t\t\t\t\t\t\t\t\t\t\t\t\t\t\n\t\t\t\t\t\t\t\t\n\t\t\t\t\t\t\t\t\t\t\t\t\t<div class=\"fusion-rollover-sep\"><\/div>\n\t\t\t\t\n\t\t\t\t\t\t\t\t\t\t\t\t\t\t\t\t\t\t<a class=\"fusion-rollover-gallery\" href=\"https:\/\/ramse.es\/wordpress\/wp-content\/uploads\/2018\/05\/sostenibilidad3.jpg\" data-id=\"2314\" data-rel=\"iLightbox[gallery]\" data-title=\"sostenibilidad3\" data-caption=\"\">\n\t\t\t\t\t\tGaler\u00eda\t\t\t\t\t<\/a>\n\t\t\t\t\t\t\t\t\t\t\t\t\t\t\n\t\t\n\t\t\t\t\t\t\t\t\n\t\t\t\t\t\t\t\t\n\t\t\n\t\t\t\t\t\t<a class=\"fusion-link-wrapper\" href=\"https:\/\/ramse.es\/wordpress\/la-atencion-primaria-tiene-pasar-de-ser-la-puerta-de-entrada-del-sistema-sanitario-a-agente-de-salud-del-paciente\/\" aria-label=\"\u201cLA ATENCI\u00d3N PRIMARIA TIENE PASAR DE SER LA PUERTA DE ENTRADA DEL SISTEMA SANITARIO A AGENTE DE SALUD DEL PACIENTE\u201d\"><\/a>\n\t<\/div>\n<\/div>\n<\/div>\n<\/li>\n\t\t\t\n\t\t\t\n\t\t\t\t\t\t\t\t\t\t\t\t\t\t\t\t\t\t\t\t\t\t\t\t\t\t\t\t\t\t\t\t\t\t\t\t\t\t\t\t\t\t\t\t\t\t\t\t\t\t\t\t\t\t\t\t\t\t\t\t\t\t\t\t\t\t\t\t<\/ul>\n\t<\/div>\n\t<div class=\"fusion-date-and-formats\"><div class=\"fusion-date-box updated\"><span class=\"fusion-date\">mayo<\/span><span class=\"fusion-month-year\">2:11 pm<\/span><\/div><div class=\"fusion-format-box\"><i class=\"awb-icon-pen\" aria-hidden=\"true\"><\/i><\/div><\/div><div class=\"fusion-post-content post-content\"><h2 class=\"blog-shortcode-post-title entry-title\"><a href=\"https:\/\/ramse.es\/wordpress\/la-atencion-primaria-tiene-pasar-de-ser-la-puerta-de-entrada-del-sistema-sanitario-a-agente-de-salud-del-paciente\/\">\u201cLA ATENCI\u00d3N PRIMARIA TIENE PASAR DE SER LA PUERTA DE ENTRADA DEL SISTEMA SANITARIO A AGENTE DE SALUD DEL PACIENTE\u201d<\/a><\/h2><p class=\"fusion-single-line-meta\">Por <span class=\"vcard\"><span class=\"fn\"><a href=\"https:\/\/ramse.es\/wordpress\/author\/ivan_z0qj9h4b\/\" title=\"Entradas de admin\" rel=\"author\">admin<\/a><\/span><\/span><span class=\"fusion-inline-sep\">|<\/span><span class=\"updated\" style=\"display:none;\">2018-05-24T14:11:50+02:00<\/span><span>mayo 24th, 2018<\/span><span class=\"fusion-inline-sep\">|<\/span>Categor\u00edas: <a href=\"https:\/\/ramse.es\/wordpress\/category\/news\/latest-news\/\" rel=\"category tag\">Noticias<\/a><span class=\"fusion-inline-sep\">|<\/span><\/p><div class=\"fusion-post-content-container\"><p><\/p><p>La necesidad de reformar la Atenci\u00f3n Primaria, la financiaci\u00f3n del Sistema Sanitario P\u00fablico, el mantenimiento del Estado de Bienestar, los efectos de la crisis econ\u00f3mica, la Industria Farmac\u00e9utica y la formaci\u00f3n m\u00e9dica, as\u00ed como los grandes los retos de la Sostenibilidad del Sistema Sanitario P\u00fablico (SPPP) como son el desaf\u00edo de la cronicidad-evejecimmiento de la poblaci\u00f3n, globalizaci\u00f3n, nuevas tecnolog\u00edas, medicina personalizada o el impacto de las nuevas tecnolog\u00edas fueron los <a href=\"https:\/\/ramse.es\/wordpress\/la-atencion-primaria-tiene-pasar-de-ser-la-puerta-de-entrada-del-sistema-sanitario-a-agente-de-salud-del-paciente\/\">[...]<\/a><\/p><\/div><\/div><div class=\"fusion-clearfix\"><\/div><div class=\"fusion-meta-info\"><div class=\"fusion-alignright\"><a class=\"fusion-read-more\" href=\"https:\/\/ramse.es\/wordpress\/la-atencion-primaria-tiene-pasar-de-ser-la-puerta-de-entrada-del-sistema-sanitario-a-agente-de-salud-del-paciente\/\" aria-label=\"More on \u201cLA ATENCI\u00d3N PRIMARIA TIENE PASAR DE SER LA PUERTA DE ENTRADA DEL SISTEMA SANITARIO A AGENTE DE SALUD DEL PACIENTE\u201d\">Leer M\u00e1s<\/a><\/div><\/div><\/article>\n<article id=\"blog-1-post-2312\" class=\"fusion-post-large-alternate post-2312 post type-post status-publish format-standard has-post-thumbnail hentry category-latest-news\">\n\t<style type=\"text\/css\">\n\t\t\n\t\t\n\t\t\n\t\t\n\t\t\t<\/style>\n\n\n\t\t\t<div class=\"fusion-flexslider flexslider fusion-flexslider-loading fusion-post-slideshow\" style=\"\">\n\t\t<ul class=\"slides\">\n\t\t\t\n\t\t\t\t\t\t\t\t\t\t\t\t\t\t<li><div  class=\"fusion-image-wrapper\" aria-haspopup=\"true\">\n\t\t\t\t<img decoding=\"async\" width=\"567\" height=\"425\" src=\"https:\/\/ramse.es\/wordpress\/wp-content\/uploads\/2018\/05\/sostenibilidad.jpg\" class=\"attachment-full size-full wp-post-image\" alt=\"\" srcset=\"https:\/\/ramse.es\/wordpress\/wp-content\/uploads\/2018\/05\/sostenibilidad-200x150.jpg 200w, https:\/\/ramse.es\/wordpress\/wp-content\/uploads\/2018\/05\/sostenibilidad-400x300.jpg 400w, https:\/\/ramse.es\/wordpress\/wp-content\/uploads\/2018\/05\/sostenibilidad.jpg 567w\" sizes=\"(max-width: 1000px) 100vw, 567px\" \/><div class=\"fusion-rollover\">\n\t<div class=\"fusion-rollover-content\">\n\n\t\t\t\t\t\t\t\t\t\t\t\t\t\t<a class=\"fusion-rollover-link\" href=\"https:\/\/ramse.es\/wordpress\/jornadas-sobre-sostenibilidad-del-sistema-publico-de-la-salud-ramse\/\">Jornadas sobre Sostenibilidad del Sistema P\u00fablico de la Salud RAMSE<\/a>\n\t\t\t\n\t\t\t\t\t\t\t\t\t\t\t\t\t\t\n\t\t\t\t\t\t\t\t\n\t\t\t\t\t\t\t\t\t\t\t\t\t<div class=\"fusion-rollover-sep\"><\/div>\n\t\t\t\t\n\t\t\t\t\t\t\t\t\t\t\t\t\t\t\t\t\t\t<a class=\"fusion-rollover-gallery\" href=\"https:\/\/ramse.es\/wordpress\/wp-content\/uploads\/2018\/05\/sostenibilidad.jpg\" data-id=\"2312\" data-rel=\"iLightbox[gallery]\" data-title=\"sostenibilidad\" data-caption=\"\">\n\t\t\t\t\t\tGaler\u00eda\t\t\t\t\t<\/a>\n\t\t\t\t\t\t\t\t\t\t\t\t\t\t\n\t\t\n\t\t\t\t\t\t\t\t\n\t\t\t\t\t\t\t\t\n\t\t\n\t\t\t\t\t\t<a class=\"fusion-link-wrapper\" href=\"https:\/\/ramse.es\/wordpress\/jornadas-sobre-sostenibilidad-del-sistema-publico-de-la-salud-ramse\/\" aria-label=\"Jornadas sobre Sostenibilidad del Sistema P\u00fablico de la Salud RAMSE\"><\/a>\n\t<\/div>\n<\/div>\n<\/div>\n<\/li>\n\t\t\t\n\t\t\t\n\t\t\t\t\t\t\t\t\t\t\t\t\t\t\t\t\t\t\t\t\t\t\t\t\t\t\t\t\t\t\t\t\t\t\t\t\t\t\t\t\t\t\t\t\t\t\t\t\t\t\t\t\t\t\t\t\t\t\t\t\t\t\t\t\t\t\t\t<\/ul>\n\t<\/div>\n\t<div class=\"fusion-date-and-formats\"><div class=\"fusion-date-box updated\"><span class=\"fusion-date\">mayo<\/span><span class=\"fusion-month-year\">2:46 pm<\/span><\/div><div class=\"fusion-format-box\"><i class=\"awb-icon-pen\" aria-hidden=\"true\"><\/i><\/div><\/div><div class=\"fusion-post-content post-content\"><h2 class=\"blog-shortcode-post-title entry-title\"><a href=\"https:\/\/ramse.es\/wordpress\/jornadas-sobre-sostenibilidad-del-sistema-publico-de-la-salud-ramse\/\">Jornadas sobre Sostenibilidad del Sistema P\u00fablico de la Salud RAMSE<\/a><\/h2><p class=\"fusion-single-line-meta\">Por <span class=\"vcard\"><span class=\"fn\"><a href=\"https:\/\/ramse.es\/wordpress\/author\/ivan_z0qj9h4b\/\" title=\"Entradas de admin\" rel=\"author\">admin<\/a><\/span><\/span><span class=\"fusion-inline-sep\">|<\/span><span class=\"updated\" style=\"display:none;\">2018-05-17T14:46:19+02:00<\/span><span>mayo 17th, 2018<\/span><span class=\"fusion-inline-sep\">|<\/span>Categor\u00edas: <a href=\"https:\/\/ramse.es\/wordpress\/category\/news\/latest-news\/\" rel=\"category tag\">Noticias<\/a><span class=\"fusion-inline-sep\">|<\/span><\/p><div class=\"fusion-post-content-container\"><p>La Real Academia de Medicina y Cirug\u00eda de Sevilla (RAMSE) y la Consejer\u00eda de Salud de la Junta de Andaluc\u00eda han organizado, por segundo a\u00f1o consecutivo, las Jornadas de Sostenibilidad del Sistema P\u00fablico Sanitario, en la que se dan cita prestigiosos expertos de todo el territorio nacional para debatir sobre temas de inter\u00e9s sociosanitarios. La inauguraci\u00f3n de las jornadas, celebrada el pasado martes, 15 de mayo, cont\u00f3 con la presencia <a href=\"https:\/\/ramse.es\/wordpress\/jornadas-sobre-sostenibilidad-del-sistema-publico-de-la-salud-ramse\/\">[...]<\/a><\/p><\/div><\/div><div class=\"fusion-clearfix\"><\/div><div class=\"fusion-meta-info\"><div class=\"fusion-alignright\"><a class=\"fusion-read-more\" href=\"https:\/\/ramse.es\/wordpress\/jornadas-sobre-sostenibilidad-del-sistema-publico-de-la-salud-ramse\/\" aria-label=\"More on Jornadas sobre Sostenibilidad del Sistema P\u00fablico de la Salud RAMSE\">Leer M\u00e1s<\/a><\/div><\/div><\/article>\n<article id=\"blog-1-post-2310\" class=\"fusion-post-large-alternate post-2310 post type-post status-publish format-standard has-post-thumbnail hentry category-latest-news category-premios-academia\">\n\t<style type=\"text\/css\">\n\t\t\n\t\t\n\t\t\n\t\t\n\t\t\t<\/style>\n\n\n\t\t\t<div class=\"fusion-flexslider flexslider fusion-flexslider-loading fusion-post-slideshow\" style=\"\">\n\t\t<ul class=\"slides\">\n\t\t\t\n\t\t\t\t\t\t\t\t\t\t\t\t\t\t<li><div  class=\"fusion-image-wrapper\" aria-haspopup=\"true\">\n\t\t\t\t<img decoding=\"async\" width=\"600\" height=\"400\" src=\"https:\/\/ramse.es\/wordpress\/wp-content\/uploads\/2018\/05\/premios-2017_1.jpg\" class=\"attachment-full size-full wp-post-image\" alt=\"\" srcset=\"https:\/\/ramse.es\/wordpress\/wp-content\/uploads\/2018\/05\/premios-2017_1-200x133.jpg 200w, https:\/\/ramse.es\/wordpress\/wp-content\/uploads\/2018\/05\/premios-2017_1-400x267.jpg 400w, https:\/\/ramse.es\/wordpress\/wp-content\/uploads\/2018\/05\/premios-2017_1.jpg 600w\" sizes=\"(max-width: 1000px) 100vw, 600px\" \/><div class=\"fusion-rollover\">\n\t<div class=\"fusion-rollover-content\">\n\n\t\t\t\t\t\t\t\t\t\t\t\t\t\t<a class=\"fusion-rollover-link\" href=\"https:\/\/ramse.es\/wordpress\/entrega-de-los-primeros-premios-cientificos-2017\/\">Entrega de los primeros Premios Cient\u00edficos 2017<\/a>\n\t\t\t\n\t\t\t\t\t\t\t\t\t\t\t\t\t\t\n\t\t\t\t\t\t\t\t\n\t\t\t\t\t\t\t\t\t\t\t\t\t<div class=\"fusion-rollover-sep\"><\/div>\n\t\t\t\t\n\t\t\t\t\t\t\t\t\t\t\t\t\t\t\t\t\t\t<a class=\"fusion-rollover-gallery\" href=\"https:\/\/ramse.es\/wordpress\/wp-content\/uploads\/2018\/05\/premios-2017_1.jpg\" data-id=\"2310\" data-rel=\"iLightbox[gallery]\" data-title=\"premios-2017_1\" data-caption=\"\">\n\t\t\t\t\t\tGaler\u00eda\t\t\t\t\t<\/a>\n\t\t\t\t\t\t\t\t\t\t\t\t\t\t\n\t\t\n\t\t\t\t\t\t\t\t\n\t\t\t\t\t\t\t\t\n\t\t\n\t\t\t\t\t\t<a class=\"fusion-link-wrapper\" href=\"https:\/\/ramse.es\/wordpress\/entrega-de-los-primeros-premios-cientificos-2017\/\" aria-label=\"Entrega de los primeros Premios Cient\u00edficos 2017\"><\/a>\n\t<\/div>\n<\/div>\n<\/div>\n<\/li>\n\t\t\t\n\t\t\t\n\t\t\t\t\t\t\t\t\t\t\t\t\t\t\t\t\t\t\t\t\t\t\t\t\t\t\t\t\t\t\t\t\t\t\t\t\t\t\t\t\t\t\t\t\t\t\t\t\t\t\t\t\t\t\t\t\t\t\t\t\t\t\t\t\t\t\t\t<\/ul>\n\t<\/div>\n\t<div class=\"fusion-date-and-formats\"><div class=\"fusion-date-box updated\"><span class=\"fusion-date\">mayo<\/span><span class=\"fusion-month-year\">12:00 am<\/span><\/div><div class=\"fusion-format-box\"><i class=\"awb-icon-pen\" aria-hidden=\"true\"><\/i><\/div><\/div><div class=\"fusion-post-content post-content\"><h2 class=\"blog-shortcode-post-title entry-title\"><a href=\"https:\/\/ramse.es\/wordpress\/entrega-de-los-primeros-premios-cientificos-2017\/\">Entrega de los primeros Premios Cient\u00edficos 2017<\/a><\/h2><p class=\"fusion-single-line-meta\">Por <span class=\"vcard\"><span class=\"fn\"><a href=\"https:\/\/ramse.es\/wordpress\/author\/ivan_z0qj9h4b\/\" title=\"Entradas de admin\" rel=\"author\">admin<\/a><\/span><\/span><span class=\"fusion-inline-sep\">|<\/span><span class=\"updated\" style=\"display:none;\">2020-04-13T11:31:38+02:00<\/span><span>mayo 2nd, 2018<\/span><span class=\"fusion-inline-sep\">|<\/span>Categor\u00edas: <a href=\"https:\/\/ramse.es\/wordpress\/category\/news\/latest-news\/\" rel=\"category tag\">Noticias<\/a>, <a href=\"https:\/\/ramse.es\/wordpress\/category\/premios-academia\/\" rel=\"category tag\">Premios Academia<\/a><span class=\"fusion-inline-sep\">|<\/span><\/p><div class=\"fusion-post-content-container\"><p>La Real Academia de Medicina y Cirug\u00eda de Sevilla ha hecho entrega recientemente de dos de los\u00a0Premios Cient\u00edficos 2017, concretamente el\u00a0Premio de la Real Academia de Medicina de Sevilla a Publicaciones Cient\u00edficas y el Premio Dr. Antonio Hermosilla Molina, dotado por el Excmo. Ateneo de Sevilla. Los trabajos premiados y presentados fueron los siguientes: \u201cHLA-B18 como factor de riesgo en la progresi\u00f3n al estado de fibrosis hep\u00e1tica severa en pacientes <a href=\"https:\/\/ramse.es\/wordpress\/entrega-de-los-primeros-premios-cientificos-2017\/\">[...]<\/a><\/p><\/div><\/div><div class=\"fusion-clearfix\"><\/div><div class=\"fusion-meta-info\"><div class=\"fusion-alignright\"><a class=\"fusion-read-more\" href=\"https:\/\/ramse.es\/wordpress\/entrega-de-los-primeros-premios-cientificos-2017\/\" aria-label=\"More on Entrega de los primeros Premios Cient\u00edficos 2017\">Leer M\u00e1s<\/a><\/div><\/div><\/article>\n<article id=\"blog-1-post-2308\" class=\"fusion-post-large-alternate post-2308 post type-post status-publish format-standard has-post-thumbnail hentry category-latest-news\">\n\t<style type=\"text\/css\">\n\t\t\n\t\t\n\t\t\n\t\t\n\t\t\t<\/style>\n\n\n\t\t\t<div class=\"fusion-flexslider flexslider fusion-flexslider-loading fusion-post-slideshow\" style=\"\">\n\t\t<ul class=\"slides\">\n\t\t\t\n\t\t\t\t\t\t\t\t\t\t\t\t\t\t<li><div  class=\"fusion-image-wrapper\" aria-haspopup=\"true\">\n\t\t\t\t<img decoding=\"async\" width=\"450\" height=\"645\" src=\"https:\/\/ramse.es\/wordpress\/wp-content\/uploads\/2018\/04\/programa-mesas-redondas1.jpg\" class=\"attachment-full size-full wp-post-image\" alt=\"\" srcset=\"https:\/\/ramse.es\/wordpress\/wp-content\/uploads\/2018\/04\/programa-mesas-redondas1-200x287.jpg 200w, https:\/\/ramse.es\/wordpress\/wp-content\/uploads\/2018\/04\/programa-mesas-redondas1-400x573.jpg 400w, https:\/\/ramse.es\/wordpress\/wp-content\/uploads\/2018\/04\/programa-mesas-redondas1.jpg 450w\" sizes=\"(max-width: 1000px) 100vw, 450px\" \/><div class=\"fusion-rollover\">\n\t<div class=\"fusion-rollover-content\">\n\n\t\t\t\t\t\t\t\t\t\t\t\t\t\t<a class=\"fusion-rollover-link\" href=\"https:\/\/ramse.es\/wordpress\/ciclo-de-mesas-redondas-temas-de-interes-sociosanitario\/\">Ciclo de mesas redondas \u00abTemas de inter\u00e9s sociosanitario\u00bb<\/a>\n\t\t\t\n\t\t\t\t\t\t\t\t\t\t\t\t\t\t\n\t\t\t\t\t\t\t\t\n\t\t\t\t\t\t\t\t\t\t\t\t\t<div class=\"fusion-rollover-sep\"><\/div>\n\t\t\t\t\n\t\t\t\t\t\t\t\t\t\t\t\t\t\t\t\t\t\t<a class=\"fusion-rollover-gallery\" href=\"https:\/\/ramse.es\/wordpress\/wp-content\/uploads\/2018\/04\/programa-mesas-redondas1.jpg\" data-id=\"2308\" data-rel=\"iLightbox[gallery]\" data-title=\"programa-mesas-redondas1\" data-caption=\"\">\n\t\t\t\t\t\tGaler\u00eda\t\t\t\t\t<\/a>\n\t\t\t\t\t\t\t\t\t\t\t\t\t\t\n\t\t\n\t\t\t\t\t\t\t\t\n\t\t\t\t\t\t\t\t\n\t\t\n\t\t\t\t\t\t<a class=\"fusion-link-wrapper\" href=\"https:\/\/ramse.es\/wordpress\/ciclo-de-mesas-redondas-temas-de-interes-sociosanitario\/\" aria-label=\"Ciclo de mesas redondas \u00abTemas de inter\u00e9s sociosanitario\u00bb\"><\/a>\n\t<\/div>\n<\/div>\n<\/div>\n<\/li>\n\t\t\t\n\t\t\t\n\t\t\t\t\t\t\t\t\t\t\t\t\t\t\t\t\t\t\t\t\t\t\t\t\t\t\t\t\t\t\t\t\t\t\t\t\t\t\t\t\t\t\t\t\t\t\t\t\t\t\t\t\t\t\t\t\t\t\t\t\t\t\t\t\t\t\t\t<\/ul>\n\t<\/div>\n\t<div class=\"fusion-date-and-formats\"><div class=\"fusion-date-box updated\"><span class=\"fusion-date\">abril<\/span><span class=\"fusion-month-year\">10:36 am<\/span><\/div><div class=\"fusion-format-box\"><i class=\"awb-icon-pen\" aria-hidden=\"true\"><\/i><\/div><\/div><div class=\"fusion-post-content post-content\"><h2 class=\"blog-shortcode-post-title entry-title\"><a href=\"https:\/\/ramse.es\/wordpress\/ciclo-de-mesas-redondas-temas-de-interes-sociosanitario\/\">Ciclo de mesas redondas \u00abTemas de inter\u00e9s sociosanitario\u00bb<\/a><\/h2><p class=\"fusion-single-line-meta\">Por <span class=\"vcard\"><span class=\"fn\"><a href=\"https:\/\/ramse.es\/wordpress\/author\/ivan_z0qj9h4b\/\" title=\"Entradas de admin\" rel=\"author\">admin<\/a><\/span><\/span><span class=\"fusion-inline-sep\">|<\/span><span class=\"updated\" style=\"display:none;\">2018-04-25T10:36:19+02:00<\/span><span>abril 25th, 2018<\/span><span class=\"fusion-inline-sep\">|<\/span>Categor\u00edas: <a href=\"https:\/\/ramse.es\/wordpress\/category\/news\/latest-news\/\" rel=\"category tag\">Noticias<\/a><span class=\"fusion-inline-sep\">|<\/span><\/p><div class=\"fusion-post-content-container\"><p>La Consejer\u00eda de Salud de la Junta de Andaluc\u00eda y la Real Academia de Medicina y Cirug\u00eda de Sevilla organizan, durante el mes de mayo de 2018, un ciclo de mesas redondas bajo el t\u00edtulo \"Temas de inter\u00e9s Sociosanitario\" dividido en dos bloques tem\u00e1ticos de cuatro mesas cada uno. Ambas instituciones han reeditado el proyecto titulado \u201cSostenibilidad del Sistema Sanitario P\u00fablico\u201d (SSSP) y que en esta segunda edici\u00f3n se ha <a href=\"https:\/\/ramse.es\/wordpress\/ciclo-de-mesas-redondas-temas-de-interes-sociosanitario\/\">[...]<\/a><\/p><\/div><\/div><div class=\"fusion-clearfix\"><\/div><div class=\"fusion-meta-info\"><div class=\"fusion-alignright\"><a class=\"fusion-read-more\" href=\"https:\/\/ramse.es\/wordpress\/ciclo-de-mesas-redondas-temas-de-interes-sociosanitario\/\" aria-label=\"More on Ciclo de mesas redondas \u00abTemas de inter\u00e9s sociosanitario\u00bb\">Leer M\u00e1s<\/a><\/div><\/div><\/article>\n<article id=\"blog-1-post-2306\" class=\"fusion-post-large-alternate post-2306 post type-post status-publish format-standard has-post-thumbnail hentry category-latest-news\">\n\t<style type=\"text\/css\">\n\t\t\n\t\t\n\t\t\n\t\t\n\t\t\t<\/style>\n\n\n\t\t\t<div class=\"fusion-flexslider flexslider fusion-flexslider-loading fusion-post-slideshow\" style=\"\">\n\t\t<ul class=\"slides\">\n\t\t\t\n\t\t\t\t\t\t\t\t\t\t\t\t\t\t<li><div  class=\"fusion-image-wrapper\" aria-haspopup=\"true\">\n\t\t\t\t<img decoding=\"async\" width=\"517\" height=\"427\" src=\"https:\/\/ramse.es\/wordpress\/wp-content\/uploads\/2018\/04\/garrido.jpg\" class=\"attachment-full size-full wp-post-image\" alt=\"\" srcset=\"https:\/\/ramse.es\/wordpress\/wp-content\/uploads\/2018\/04\/garrido-200x165.jpg 200w, https:\/\/ramse.es\/wordpress\/wp-content\/uploads\/2018\/04\/garrido-400x330.jpg 400w, https:\/\/ramse.es\/wordpress\/wp-content\/uploads\/2018\/04\/garrido.jpg 517w\" sizes=\"(max-width: 1000px) 100vw, 517px\" \/><div class=\"fusion-rollover\">\n\t<div class=\"fusion-rollover-content\">\n\n\t\t\t\t\t\t\t\t\t\t\t\t\t\t<a class=\"fusion-rollover-link\" href=\"https:\/\/ramse.es\/wordpress\/el-profesor-rogelio-garrido-teruel-nuevo-academico-de-numero-de-la-real-academia-de-medicina-y-cirugia-de-sevilla\/\">El profesor Rogelio Garrido Teruel nuevo Acad\u00e9mico de N\u00famero de la Real Academia de Medicina y Cirug\u00eda de Sevilla<\/a>\n\t\t\t\n\t\t\t\t\t\t\t\t\t\t\t\t\t\t\n\t\t\t\t\t\t\t\t\n\t\t\t\t\t\t\t\t\t\t\t\t\t<div class=\"fusion-rollover-sep\"><\/div>\n\t\t\t\t\n\t\t\t\t\t\t\t\t\t\t\t\t\t\t\t\t\t\t<a class=\"fusion-rollover-gallery\" href=\"https:\/\/ramse.es\/wordpress\/wp-content\/uploads\/2018\/04\/garrido.jpg\" data-id=\"2306\" data-rel=\"iLightbox[gallery]\" data-title=\"garrido\" data-caption=\"\">\n\t\t\t\t\t\tGaler\u00eda\t\t\t\t\t<\/a>\n\t\t\t\t\t\t\t\t\t\t\t\t\t\t\n\t\t\n\t\t\t\t\t\t\t\t\n\t\t\t\t\t\t\t\t\n\t\t\n\t\t\t\t\t\t<a class=\"fusion-link-wrapper\" href=\"https:\/\/ramse.es\/wordpress\/el-profesor-rogelio-garrido-teruel-nuevo-academico-de-numero-de-la-real-academia-de-medicina-y-cirugia-de-sevilla\/\" aria-label=\"El profesor Rogelio Garrido Teruel nuevo Acad\u00e9mico de N\u00famero de la Real Academia de Medicina y Cirug\u00eda de Sevilla\"><\/a>\n\t<\/div>\n<\/div>\n<\/div>\n<\/li>\n\t\t\t\n\t\t\t\n\t\t\t\t\t\t\t\t\t\t\t\t\t\t\t\t\t\t\t\t\t\t\t\t\t\t\t\t\t\t\t\t\t\t\t\t\t\t\t\t\t\t\t\t\t\t\t\t\t\t\t\t\t\t\t\t\t\t\t\t\t\t\t\t\t\t\t\t<\/ul>\n\t<\/div>\n\t<div class=\"fusion-date-and-formats\"><div class=\"fusion-date-box updated\"><span class=\"fusion-date\">abril<\/span><span class=\"fusion-month-year\">8:39 am<\/span><\/div><div class=\"fusion-format-box\"><i class=\"awb-icon-pen\" aria-hidden=\"true\"><\/i><\/div><\/div><div class=\"fusion-post-content post-content\"><h2 class=\"blog-shortcode-post-title entry-title\"><a href=\"https:\/\/ramse.es\/wordpress\/el-profesor-rogelio-garrido-teruel-nuevo-academico-de-numero-de-la-real-academia-de-medicina-y-cirugia-de-sevilla\/\">El profesor Rogelio Garrido Teruel nuevo Acad\u00e9mico de N\u00famero de la Real Academia de Medicina y Cirug\u00eda de Sevilla<\/a><\/h2><p class=\"fusion-single-line-meta\">Por <span class=\"vcard\"><span class=\"fn\"><a href=\"https:\/\/ramse.es\/wordpress\/author\/ivan_z0qj9h4b\/\" title=\"Entradas de admin\" rel=\"author\">admin<\/a><\/span><\/span><span class=\"fusion-inline-sep\">|<\/span><span class=\"updated\" style=\"display:none;\">2018-04-09T08:39:08+02:00<\/span><span>abril 9th, 2018<\/span><span class=\"fusion-inline-sep\">|<\/span>Categor\u00edas: <a href=\"https:\/\/ramse.es\/wordpress\/category\/news\/latest-news\/\" rel=\"category tag\">Noticias<\/a><span class=\"fusion-inline-sep\">|<\/span><\/p><div class=\"fusion-post-content-container\"><p><\/p><p>El Dr. D. Rogelio Garrido Teruel, jefe del Servicio de Ginecolog\u00eda y Obstetricia en el Hospital de Valme, Catedr\u00e1tico de la Universidad de Sevilla y m\u00e9dico cooperante en Am\u00e9rica y \u00c1frica, ha ingresado como Acad\u00e9mico de N\u00famero, por la especialidad de Obstetricia y Ginecolog\u00eda, en la Real Academia de Medicina y Cirug\u00eda de Sevilla (RAMSE). La Obstetricia y la Ginecolog\u00eda a trav\u00e9s de la magia de la pintura y la <a href=\"https:\/\/ramse.es\/wordpress\/el-profesor-rogelio-garrido-teruel-nuevo-academico-de-numero-de-la-real-academia-de-medicina-y-cirugia-de-sevilla\/\">[...]<\/a><\/p><\/div><\/div><div class=\"fusion-clearfix\"><\/div><div class=\"fusion-meta-info\"><div class=\"fusion-alignright\"><a class=\"fusion-read-more\" href=\"https:\/\/ramse.es\/wordpress\/el-profesor-rogelio-garrido-teruel-nuevo-academico-de-numero-de-la-real-academia-de-medicina-y-cirugia-de-sevilla\/\" aria-label=\"More on El profesor Rogelio Garrido Teruel nuevo Acad\u00e9mico de N\u00famero de la Real Academia de Medicina y Cirug\u00eda de Sevilla\">Leer M\u00e1s<\/a><\/div><\/div><\/article>\n<article id=\"blog-1-post-2304\" class=\"fusion-post-large-alternate post-2304 post type-post status-publish format-standard has-post-thumbnail hentry category-latest-news\">\n\t<style type=\"text\/css\">\n\t\t\n\t\t\n\t\t\n\t\t\n\t\t\t<\/style>\n\n\n\t\t\t<div class=\"fusion-flexslider flexslider fusion-flexslider-loading fusion-post-slideshow\" style=\"\">\n\t\t<ul class=\"slides\">\n\t\t\t\n\t\t\t\t\t\t\t\t\t\t\t\t\t\t<li><div  class=\"fusion-image-wrapper\" aria-haspopup=\"true\">\n\t\t\t\t<img decoding=\"async\" width=\"500\" height=\"375\" src=\"https:\/\/ramse.es\/wordpress\/wp-content\/uploads\/2018\/03\/ac_15-de-marzo.jpg\" class=\"attachment-full size-full wp-post-image\" alt=\"\" srcset=\"https:\/\/ramse.es\/wordpress\/wp-content\/uploads\/2018\/03\/ac_15-de-marzo-200x150.jpg 200w, https:\/\/ramse.es\/wordpress\/wp-content\/uploads\/2018\/03\/ac_15-de-marzo-400x300.jpg 400w, https:\/\/ramse.es\/wordpress\/wp-content\/uploads\/2018\/03\/ac_15-de-marzo.jpg 500w\" sizes=\"(max-width: 1000px) 100vw, 500px\" \/><div class=\"fusion-rollover\">\n\t<div class=\"fusion-rollover-content\">\n\n\t\t\t\t\t\t\t\t\t\t\t\t\t\t<a class=\"fusion-rollover-link\" href=\"https:\/\/ramse.es\/wordpress\/recepcion-de-tres-nuevos-academicos-correspondientes-en-la-real-academia-de-medicina-y-cirugia-de-sevilla\/\">Recepci\u00f3n de tres nuevos Acad\u00e9micos Correspondientes en la Real Academia de Medicina y Cirug\u00eda de Sevilla<\/a>\n\t\t\t\n\t\t\t\t\t\t\t\t\t\t\t\t\t\t\n\t\t\t\t\t\t\t\t\n\t\t\t\t\t\t\t\t\t\t\t\t\t<div class=\"fusion-rollover-sep\"><\/div>\n\t\t\t\t\n\t\t\t\t\t\t\t\t\t\t\t\t\t\t\t\t\t\t<a class=\"fusion-rollover-gallery\" href=\"https:\/\/ramse.es\/wordpress\/wp-content\/uploads\/2018\/03\/ac_15-de-marzo.jpg\" data-id=\"2304\" data-rel=\"iLightbox[gallery]\" data-title=\"ac_15-de-marzo\" data-caption=\"\">\n\t\t\t\t\t\tGaler\u00eda\t\t\t\t\t<\/a>\n\t\t\t\t\t\t\t\t\t\t\t\t\t\t\n\t\t\n\t\t\t\t\t\t\t\t\n\t\t\t\t\t\t\t\t\n\t\t\n\t\t\t\t\t\t<a class=\"fusion-link-wrapper\" href=\"https:\/\/ramse.es\/wordpress\/recepcion-de-tres-nuevos-academicos-correspondientes-en-la-real-academia-de-medicina-y-cirugia-de-sevilla\/\" aria-label=\"Recepci\u00f3n de tres nuevos Acad\u00e9micos Correspondientes en la Real Academia de Medicina y Cirug\u00eda de Sevilla\"><\/a>\n\t<\/div>\n<\/div>\n<\/div>\n<\/li>\n\t\t\t\n\t\t\t\n\t\t\t\t\t\t\t\t\t\t\t\t\t\t\t\t\t\t\t\t\t\t\t\t\t\t\t\t\t\t\t\t\t\t\t\t\t\t\t\t\t\t\t\t\t\t\t\t\t\t\t\t\t\t\t\t\t\t\t\t\t\t\t\t\t\t\t\t<\/ul>\n\t<\/div>\n\t<div class=\"fusion-date-and-formats\"><div class=\"fusion-date-box updated\"><span class=\"fusion-date\">marzo<\/span><span class=\"fusion-month-year\">12:21 pm<\/span><\/div><div class=\"fusion-format-box\"><i class=\"awb-icon-pen\" aria-hidden=\"true\"><\/i><\/div><\/div><div class=\"fusion-post-content post-content\"><h2 class=\"blog-shortcode-post-title entry-title\"><a href=\"https:\/\/ramse.es\/wordpress\/recepcion-de-tres-nuevos-academicos-correspondientes-en-la-real-academia-de-medicina-y-cirugia-de-sevilla\/\">Recepci\u00f3n de tres nuevos Acad\u00e9micos Correspondientes en la Real Academia de Medicina y Cirug\u00eda de Sevilla<\/a><\/h2><p class=\"fusion-single-line-meta\">Por <span class=\"vcard\"><span class=\"fn\"><a href=\"https:\/\/ramse.es\/wordpress\/author\/ivan_z0qj9h4b\/\" title=\"Entradas de admin\" rel=\"author\">admin<\/a><\/span><\/span><span class=\"fusion-inline-sep\">|<\/span><span class=\"updated\" style=\"display:none;\">2018-03-16T12:21:58+02:00<\/span><span>marzo 16th, 2018<\/span><span class=\"fusion-inline-sep\">|<\/span>Categor\u00edas: <a href=\"https:\/\/ramse.es\/wordpress\/category\/news\/latest-news\/\" rel=\"category tag\">Noticias<\/a><span class=\"fusion-inline-sep\">|<\/span><\/p><div class=\"fusion-post-content-container\"><p><\/p><p>El Dr. D. Antonio Rivero Rom\u00e1n (especialista en Enfermedades Infecciosas), el Dr. D. Gonzalo Bar\u00f3n Esquivias (cardi\u00f3logo) y el Dr. D. Andr\u00e9s Rodr\u00edguez-Sacrist\u00e1n Cascajo (neuropediatra) ingresaron el pasado jueves, 15 de marzo, en la Real Academia de Medicina y Cirug\u00eda de Sevilla (RAMSE) como miembros Acad\u00e9micos Correspondientes. La infecci\u00f3n por VIH y sus complicaciones; el tratamiento con marcapasos en el paciente con s\u00edncope y la educaci\u00f3n m\u00e9dica pedi\u00e1trica son los <a href=\"https:\/\/ramse.es\/wordpress\/recepcion-de-tres-nuevos-academicos-correspondientes-en-la-real-academia-de-medicina-y-cirugia-de-sevilla\/\">[...]<\/a><\/p><\/div><\/div><div class=\"fusion-clearfix\"><\/div><div class=\"fusion-meta-info\"><div class=\"fusion-alignright\"><a class=\"fusion-read-more\" href=\"https:\/\/ramse.es\/wordpress\/recepcion-de-tres-nuevos-academicos-correspondientes-en-la-real-academia-de-medicina-y-cirugia-de-sevilla\/\" aria-label=\"More on Recepci\u00f3n de tres nuevos Acad\u00e9micos Correspondientes en la Real Academia de Medicina y Cirug\u00eda de Sevilla\">Leer M\u00e1s<\/a><\/div><\/div><\/article>\n<article id=\"blog-1-post-2302\" class=\"fusion-post-large-alternate post-2302 post type-post status-publish format-standard has-post-thumbnail hentry category-latest-news\">\n\t<style type=\"text\/css\">\n\t\t\n\t\t\n\t\t\n\t\t\n\t\t\t<\/style>\n\n\n\t\t\t<div class=\"fusion-flexslider flexslider fusion-flexslider-loading fusion-post-slideshow\" style=\"\">\n\t\t<ul class=\"slides\">\n\t\t\t\n\t\t\t\t\t\t\t\t\t\t\t\t\t\t<li><div  class=\"fusion-image-wrapper\" aria-haspopup=\"true\">\n\t\t\t\t<img decoding=\"async\" width=\"567\" height=\"425\" src=\"https:\/\/ramse.es\/wordpress\/wp-content\/uploads\/2018\/02\/libro.jpg\" class=\"attachment-full size-full wp-post-image\" alt=\"\" srcset=\"https:\/\/ramse.es\/wordpress\/wp-content\/uploads\/2018\/02\/libro-200x150.jpg 200w, https:\/\/ramse.es\/wordpress\/wp-content\/uploads\/2018\/02\/libro-400x300.jpg 400w, https:\/\/ramse.es\/wordpress\/wp-content\/uploads\/2018\/02\/libro.jpg 567w\" sizes=\"(max-width: 1000px) 100vw, 567px\" \/><div class=\"fusion-rollover\">\n\t<div class=\"fusion-rollover-content\">\n\n\t\t\t\t\t\t\t\t\t\t\t\t\t\t<a class=\"fusion-rollover-link\" href=\"https:\/\/ramse.es\/wordpress\/presentacion-del-libro-del-doctor-castineras-en-la-real-academia-de-medicina-y-cirugia-de-sevilla\/\">Presentaci\u00f3n del libro del Doctor Casti\u00f1eras en la Real Academia de Medicina y Cirug\u00eda de Sevilla<\/a>\n\t\t\t\n\t\t\t\t\t\t\t\t\t\t\t\t\t\t\n\t\t\t\t\t\t\t\t\n\t\t\t\t\t\t\t\t\t\t\t\t\t<div class=\"fusion-rollover-sep\"><\/div>\n\t\t\t\t\n\t\t\t\t\t\t\t\t\t\t\t\t\t\t\t\t\t\t<a class=\"fusion-rollover-gallery\" href=\"https:\/\/ramse.es\/wordpress\/wp-content\/uploads\/2018\/02\/libro.jpg\" data-id=\"2302\" data-rel=\"iLightbox[gallery]\" data-title=\"libro\" data-caption=\"\">\n\t\t\t\t\t\tGaler\u00eda\t\t\t\t\t<\/a>\n\t\t\t\t\t\t\t\t\t\t\t\t\t\t\n\t\t\n\t\t\t\t\t\t\t\t\n\t\t\t\t\t\t\t\t\n\t\t\n\t\t\t\t\t\t<a class=\"fusion-link-wrapper\" href=\"https:\/\/ramse.es\/wordpress\/presentacion-del-libro-del-doctor-castineras-en-la-real-academia-de-medicina-y-cirugia-de-sevilla\/\" aria-label=\"Presentaci\u00f3n del libro del Doctor Casti\u00f1eras en la Real Academia de Medicina y Cirug\u00eda de Sevilla\"><\/a>\n\t<\/div>\n<\/div>\n<\/div>\n<\/li>\n\t\t\t\n\t\t\t\n\t\t\t\t\t\t\t\t\t\t\t\t\t\t\t\t\t\t\t\t\t\t\t\t\t\t\t\t\t\t\t\t\t\t\t\t\t\t\t\t\t\t\t\t\t\t\t\t\t\t\t\t\t\t\t\t\t\t\t\t\t\t\t\t\t\t\t\t<\/ul>\n\t<\/div>\n\t<div class=\"fusion-date-and-formats\"><div class=\"fusion-date-box updated\"><span class=\"fusion-date\">febrero<\/span><span class=\"fusion-month-year\">4:00 pm<\/span><\/div><div class=\"fusion-format-box\"><i class=\"awb-icon-pen\" aria-hidden=\"true\"><\/i><\/div><\/div><div class=\"fusion-post-content post-content\"><h2 class=\"blog-shortcode-post-title entry-title\"><a href=\"https:\/\/ramse.es\/wordpress\/presentacion-del-libro-del-doctor-castineras-en-la-real-academia-de-medicina-y-cirugia-de-sevilla\/\">Presentaci\u00f3n del libro del Doctor Casti\u00f1eras en la Real Academia de Medicina y Cirug\u00eda de Sevilla<\/a><\/h2><p class=\"fusion-single-line-meta\">Por <span class=\"vcard\"><span class=\"fn\"><a href=\"https:\/\/ramse.es\/wordpress\/author\/ivan_z0qj9h4b\/\" title=\"Entradas de admin\" rel=\"author\">admin<\/a><\/span><\/span><span class=\"fusion-inline-sep\">|<\/span><span class=\"updated\" style=\"display:none;\">2018-02-26T16:00:00+02:00<\/span><span>febrero 26th, 2018<\/span><span class=\"fusion-inline-sep\">|<\/span>Categor\u00edas: <a href=\"https:\/\/ramse.es\/wordpress\/category\/news\/latest-news\/\" rel=\"category tag\">Noticias<\/a><span class=\"fusion-inline-sep\">|<\/span><\/p><div class=\"fusion-post-content-container\"><p><\/p><p>La Real Academia de Medicina y Cirug\u00eda de Sevilla (RAMSE) acogi\u00f3 el pasado lunes, 26 de febrero, el acto de la presentaci\u00f3n del libro La Pr\u00f3stata: Anatom\u00eda Quir\u00fargica Translacional, tambi\u00e9n publicada en ingl\u00e9s (\u201cThe Prostate, Translational Anatomy-Surgical\u201d), obra del Prof. Dr. D. Jes\u00fas Casti\u00f1eiras Fern\u00e1ndez, Presidente de la RAMSE. Se trata de una novedosa Enciclopedia de la Anatom\u00eda de la Pr\u00f3stata que por su dise\u00f1o y contenido est\u00e1 considerada entre <a href=\"https:\/\/ramse.es\/wordpress\/presentacion-del-libro-del-doctor-castineras-en-la-real-academia-de-medicina-y-cirugia-de-sevilla\/\">[...]<\/a><\/p><\/div><\/div><div class=\"fusion-clearfix\"><\/div><div class=\"fusion-meta-info\"><div class=\"fusion-alignright\"><a class=\"fusion-read-more\" href=\"https:\/\/ramse.es\/wordpress\/presentacion-del-libro-del-doctor-castineras-en-la-real-academia-de-medicina-y-cirugia-de-sevilla\/\" aria-label=\"More on Presentaci\u00f3n del libro del Doctor Casti\u00f1eras en la Real Academia de Medicina y Cirug\u00eda de Sevilla\">Leer M\u00e1s<\/a><\/div><\/div><\/article>\n<article id=\"blog-1-post-2300\" class=\"fusion-post-large-alternate post-2300 post type-post status-publish format-standard has-post-thumbnail hentry category-latest-news\">\n\t<style type=\"text\/css\">\n\t\t\n\t\t\n\t\t\n\t\t\n\t\t\t<\/style>\n\n\n\t\t\t<div class=\"fusion-flexslider flexslider fusion-flexslider-loading fusion-post-slideshow\" style=\"\">\n\t\t<ul class=\"slides\">\n\t\t\t\n\t\t\t\t\t\t\t\t\t\t\t\t\t\t<li><div  class=\"fusion-image-wrapper\" aria-haspopup=\"true\">\n\t\t\t\t<img decoding=\"async\" width=\"567\" height=\"425\" src=\"https:\/\/ramse.es\/wordpress\/wp-content\/uploads\/2018\/02\/dr-duran2.jpg\" class=\"attachment-full size-full wp-post-image\" alt=\"\" srcset=\"https:\/\/ramse.es\/wordpress\/wp-content\/uploads\/2018\/02\/dr-duran2-200x150.jpg 200w, https:\/\/ramse.es\/wordpress\/wp-content\/uploads\/2018\/02\/dr-duran2-400x300.jpg 400w, https:\/\/ramse.es\/wordpress\/wp-content\/uploads\/2018\/02\/dr-duran2.jpg 567w\" sizes=\"(max-width: 1000px) 100vw, 567px\" \/><div class=\"fusion-rollover\">\n\t<div class=\"fusion-rollover-content\">\n\n\t\t\t\t\t\t\t\t\t\t\t\t\t\t<a class=\"fusion-rollover-link\" href=\"https:\/\/ramse.es\/wordpress\/toma-de-posesion-del-doctor-santiago-duran-como-academico-de-numero-de-la-real-academia-de-medicina-y-cirugia-de-sevilla\/\">Toma de posesi\u00f3n del Doctor Santiago Dur\u00e1n como Acad\u00e9mico de N\u00famero de la Real Academia de Medicina y Cirug\u00eda de Sevilla<\/a>\n\t\t\t\n\t\t\t\t\t\t\t\t\t\t\t\t\t\t\n\t\t\t\t\t\t\t\t\n\t\t\t\t\t\t\t\t\t\t\t\t\t<div class=\"fusion-rollover-sep\"><\/div>\n\t\t\t\t\n\t\t\t\t\t\t\t\t\t\t\t\t\t\t\t\t\t\t<a class=\"fusion-rollover-gallery\" href=\"https:\/\/ramse.es\/wordpress\/wp-content\/uploads\/2018\/02\/dr-duran2.jpg\" data-id=\"2300\" data-rel=\"iLightbox[gallery]\" data-title=\"dr-duran2\" data-caption=\"\">\n\t\t\t\t\t\tGaler\u00eda\t\t\t\t\t<\/a>\n\t\t\t\t\t\t\t\t\t\t\t\t\t\t\n\t\t\n\t\t\t\t\t\t\t\t\n\t\t\t\t\t\t\t\t\n\t\t\n\t\t\t\t\t\t<a class=\"fusion-link-wrapper\" href=\"https:\/\/ramse.es\/wordpress\/toma-de-posesion-del-doctor-santiago-duran-como-academico-de-numero-de-la-real-academia-de-medicina-y-cirugia-de-sevilla\/\" aria-label=\"Toma de posesi\u00f3n del Doctor Santiago Dur\u00e1n como Acad\u00e9mico de N\u00famero de la Real Academia de Medicina y Cirug\u00eda de Sevilla\"><\/a>\n\t<\/div>\n<\/div>\n<\/div>\n<\/li>\n\t\t\t\n\t\t\t\n\t\t\t\t\t\t\t\t\t\t\t\t\t\t\t\t\t\t\t\t\t\t\t\t\t\t\t\t\t\t\t\t\t\t\t\t\t\t\t\t\t\t\t\t\t\t\t\t\t\t\t\t\t\t\t\t\t\t\t\t\t\t\t\t\t\t\t\t<\/ul>\n\t<\/div>\n\t<div class=\"fusion-date-and-formats\"><div class=\"fusion-date-box updated\"><span class=\"fusion-date\">febrero<\/span><span class=\"fusion-month-year\">4:00 pm<\/span><\/div><div class=\"fusion-format-box\"><i class=\"awb-icon-pen\" aria-hidden=\"true\"><\/i><\/div><\/div><div class=\"fusion-post-content post-content\"><h2 class=\"blog-shortcode-post-title entry-title\"><a href=\"https:\/\/ramse.es\/wordpress\/toma-de-posesion-del-doctor-santiago-duran-como-academico-de-numero-de-la-real-academia-de-medicina-y-cirugia-de-sevilla\/\">Toma de posesi\u00f3n del Doctor Santiago Dur\u00e1n como Acad\u00e9mico de N\u00famero de la Real Academia de Medicina y Cirug\u00eda de Sevilla<\/a><\/h2><p class=\"fusion-single-line-meta\">Por <span class=\"vcard\"><span class=\"fn\"><a href=\"https:\/\/ramse.es\/wordpress\/author\/ivan_z0qj9h4b\/\" title=\"Entradas de admin\" rel=\"author\">admin<\/a><\/span><\/span><span class=\"fusion-inline-sep\">|<\/span><span class=\"updated\" style=\"display:none;\">2018-02-25T16:00:00+02:00<\/span><span>febrero 25th, 2018<\/span><span class=\"fusion-inline-sep\">|<\/span>Categor\u00edas: <a href=\"https:\/\/ramse.es\/wordpress\/category\/news\/latest-news\/\" rel=\"category tag\">Noticias<\/a><span class=\"fusion-inline-sep\">|<\/span><\/p><div class=\"fusion-post-content-container\"><p><\/p><p>El Profesor D. Santiago Dur\u00e1n Garc\u00eda, Catedr\u00e1tico de Endocrinolog\u00eda y Nutrici\u00f3n de la Facultad de Medicina de Sevilla, pronunci\u00f3 el pasado domingo, 25 de febrero, su discurso de recepci\u00f3n como Acad\u00e9mico de N\u00famero de la Real Academia de Medicina y Cirug\u00eda de Sevilla bajo el t\u00edtulo \u2018Tratamiento de las personas con diabetes mellitus: 1968-2018. Cincuenta a\u00f1os de progresos\u2019.  <a href=\"https:\/\/ramse.es\/wordpress\/toma-de-posesion-del-doctor-santiago-duran-como-academico-de-numero-de-la-real-academia-de-medicina-y-cirugia-de-sevilla\/\">[\u2026]<\/a><\/p>\n<\/div><\/div><div class=\"fusion-clearfix\"><\/div><div class=\"fusion-meta-info\"><div class=\"fusion-alignright\"><a class=\"fusion-read-more\" href=\"https:\/\/ramse.es\/wordpress\/toma-de-posesion-del-doctor-santiago-duran-como-academico-de-numero-de-la-real-academia-de-medicina-y-cirugia-de-sevilla\/\" aria-label=\"More on Toma de posesi\u00f3n del Doctor Santiago Dur\u00e1n como Acad\u00e9mico de N\u00famero de la Real Academia de Medicina y Cirug\u00eda de Sevilla\">Leer M\u00e1s<\/a><\/div><\/div><\/article>\n<article id=\"blog-1-post-2298\" class=\"fusion-post-large-alternate post-2298 post type-post status-publish format-standard hentry category-latest-news\">\n\t<style type=\"text\/css\">\n\t\t\n\t\t\n\t\t\n\t\t\n\t\t\t<\/style>\n\n\n<div class=\"fusion-date-and-formats\"><div class=\"fusion-date-box updated\"><span class=\"fusion-date\">diciembre<\/span><span class=\"fusion-month-year\">12:00 am<\/span><\/div><div class=\"fusion-format-box\"><i class=\"awb-icon-pen\" aria-hidden=\"true\"><\/i><\/div><\/div><div class=\"fusion-post-content post-content\"><h2 class=\"blog-shortcode-post-title entry-title\"><a href=\"https:\/\/ramse.es\/wordpress\/resolucion-del-concurso-cientifico-de-premios-convocados-por-la-fundacion-de-la-real-academia-de-medicina-y-cirugia-de-sevilla-correspondientes-al-ano-2017\/\">Resoluci\u00f3n del Concurso Cient\u00edfico de Premios convocados por la Fundaci\u00f3n de la  Real Academia de Medicina y Cirug\u00eda de Sevilla correspondientes al a\u00f1o 2017<\/a><\/h2><p class=\"fusion-single-line-meta\">Por <span class=\"vcard\"><span class=\"fn\"><a href=\"https:\/\/ramse.es\/wordpress\/author\/ivan_z0qj9h4b\/\" title=\"Entradas de admin\" rel=\"author\">admin<\/a><\/span><\/span><span class=\"fusion-inline-sep\">|<\/span><span class=\"updated\" style=\"display:none;\">2017-12-21T00:00:00+02:00<\/span><span>diciembre 21st, 2017<\/span><span class=\"fusion-inline-sep\">|<\/span>Categor\u00edas: <a href=\"https:\/\/ramse.es\/wordpress\/category\/news\/latest-news\/\" rel=\"category tag\">Noticias<\/a><span class=\"fusion-inline-sep\">|<\/span><\/p><div class=\"fusion-post-content-container\"><p>Resoluci\u00f3n del Concurso Cient\u00edfico de Premios convocados por la Fundaci\u00f3n de la Real Academia de Medicina y Cirug\u00eda de Sevilla correspondientes al a\u00f1o 2017 Una vez o\u00eddas las propuestas de los jurados calificadores, el Patronato ha acordado conceder: El Premio de la Fundaci\u00f3n Real Academia de Medicina de Sevilla, a la investigaci\u00f3n en Vejiga Hiperactiva, con el patrocinio de Gebro Pharma, S.A., al trabajo titulado \u201cUTILIDAD DE LA OXIBUTININA TRANSD\u00c9RMICA <a href=\"https:\/\/ramse.es\/wordpress\/resolucion-del-concurso-cientifico-de-premios-convocados-por-la-fundacion-de-la-real-academia-de-medicina-y-cirugia-de-sevilla-correspondientes-al-ano-2017\/\">[...]<\/a><\/p><\/div><\/div><div class=\"fusion-clearfix\"><\/div><div class=\"fusion-meta-info\"><div class=\"fusion-alignright\"><a class=\"fusion-read-more\" href=\"https:\/\/ramse.es\/wordpress\/resolucion-del-concurso-cientifico-de-premios-convocados-por-la-fundacion-de-la-real-academia-de-medicina-y-cirugia-de-sevilla-correspondientes-al-ano-2017\/\" aria-label=\"More on Resoluci\u00f3n del Concurso Cient\u00edfico de Premios convocados por la Fundaci\u00f3n de la  Real Academia de Medicina y Cirug\u00eda de Sevilla correspondientes al a\u00f1o 2017\">Leer M\u00e1s<\/a><\/div><\/div><\/article>\n<article id=\"blog-1-post-2297\" class=\"fusion-post-large-alternate post-2297 post type-post status-publish format-standard hentry category-latest-news\">\n\t<style type=\"text\/css\">\n\t\t\n\t\t\n\t\t\n\t\t\n\t\t\t<\/style>\n\n\n<div class=\"fusion-date-and-formats\"><div class=\"fusion-date-box updated\"><span class=\"fusion-date\">diciembre<\/span><span class=\"fusion-month-year\">12:00 am<\/span><\/div><div class=\"fusion-format-box\"><i class=\"awb-icon-pen\" aria-hidden=\"true\"><\/i><\/div><\/div><div class=\"fusion-post-content post-content\"><h2 class=\"blog-shortcode-post-title entry-title\"><a href=\"https:\/\/ramse.es\/wordpress\/resolucion-del-concurso-cientifico-de-premios-convocados-por-la-real-academia-de-medicina-y-cirugia-de-sevilla-correspondientes-al-ano-2017\/\">Resoluci\u00f3n del Concurso Cient\u00edfico de Premios convocados por la Real Academia de Medicina y Cirug\u00eda de Sevilla correspondientes al a\u00f1o 2017<\/a><\/h2><p class=\"fusion-single-line-meta\">Por <span class=\"vcard\"><span class=\"fn\"><a href=\"https:\/\/ramse.es\/wordpress\/author\/ivan_z0qj9h4b\/\" title=\"Entradas de admin\" rel=\"author\">admin<\/a><\/span><\/span><span class=\"fusion-inline-sep\">|<\/span><span class=\"updated\" style=\"display:none;\">2017-12-21T00:00:00+02:00<\/span><span>diciembre 21st, 2017<\/span><span class=\"fusion-inline-sep\">|<\/span>Categor\u00edas: <a href=\"https:\/\/ramse.es\/wordpress\/category\/news\/latest-news\/\" rel=\"category tag\">Noticias<\/a><span class=\"fusion-inline-sep\">|<\/span><\/p><div class=\"fusion-post-content-container\"><p>Resoluci\u00f3n del Concurso Cient\u00edfico de Premios convocados por la Real Academia de Medicina y Cirug\u00eda de Sevilla correspondientes al a\u00f1o 2017 Una vez o\u00eddas las propuestas de los jurados calificadores nombrados para cada premio, el Pleno Acad\u00e9mico, reunido en sesi\u00f3n ordinaria el d\u00eda 28 de noviembre del presente a\u00f1o, ha acordado conceder los siguientes premios: \u00a0 Premio de la Real Academia de Medicina de Sevilla a Publicaciones Cient\u00edficas, al trabajo <a href=\"https:\/\/ramse.es\/wordpress\/resolucion-del-concurso-cientifico-de-premios-convocados-por-la-real-academia-de-medicina-y-cirugia-de-sevilla-correspondientes-al-ano-2017\/\">[...]<\/a><\/p><\/div><\/div><div class=\"fusion-clearfix\"><\/div><div class=\"fusion-meta-info\"><div class=\"fusion-alignright\"><a class=\"fusion-read-more\" href=\"https:\/\/ramse.es\/wordpress\/resolucion-del-concurso-cientifico-de-premios-convocados-por-la-real-academia-de-medicina-y-cirugia-de-sevilla-correspondientes-al-ano-2017\/\" aria-label=\"More on Resoluci\u00f3n del Concurso Cient\u00edfico de Premios convocados por la Real Academia de Medicina y Cirug\u00eda de Sevilla correspondientes al a\u00f1o 2017\">Leer M\u00e1s<\/a><\/div><\/div><\/article>\n<article id=\"blog-1-post-2296\" class=\"fusion-post-large-alternate post-2296 post type-post status-publish format-standard has-post-thumbnail hentry category-latest-news\">\n\t<style type=\"text\/css\">\n\t\t\n\t\t\n\t\t\n\t\t\n\t\t\t<\/style>\n\n\n\t\t\t<div class=\"fusion-flexslider flexslider fusion-flexslider-loading fusion-post-slideshow\" style=\"\">\n\t\t<ul class=\"slides\">\n\t\t\t\n\t\t\t\t\t\t\t\t\t\t\t\t\t\t<li><div  class=\"fusion-image-wrapper\" aria-haspopup=\"true\">\n\t\t\t\t<img decoding=\"async\" width=\"448\" height=\"336\" src=\"https:\/\/ramse.es\/wordpress\/wp-content\/uploads\/2017\/12\/img_0596.jpg\" class=\"attachment-full size-full wp-post-image\" alt=\"\" srcset=\"https:\/\/ramse.es\/wordpress\/wp-content\/uploads\/2017\/12\/img_0596-200x150.jpg 200w, https:\/\/ramse.es\/wordpress\/wp-content\/uploads\/2017\/12\/img_0596-400x300.jpg 400w, https:\/\/ramse.es\/wordpress\/wp-content\/uploads\/2017\/12\/img_0596.jpg 448w\" sizes=\"(max-width: 1000px) 100vw, 448px\" \/><div class=\"fusion-rollover\">\n\t<div class=\"fusion-rollover-content\">\n\n\t\t\t\t\t\t\t\t\t\t\t\t\t\t<a class=\"fusion-rollover-link\" href=\"https:\/\/ramse.es\/wordpress\/clausura-del-317-curso-academico\/\">Clausura del 317 curso acad\u00e9mico<\/a>\n\t\t\t\n\t\t\t\t\t\t\t\t\t\t\t\t\t\t\n\t\t\t\t\t\t\t\t\n\t\t\t\t\t\t\t\t\t\t\t\t\t<div class=\"fusion-rollover-sep\"><\/div>\n\t\t\t\t\n\t\t\t\t\t\t\t\t\t\t\t\t\t\t\t\t\t\t<a class=\"fusion-rollover-gallery\" href=\"https:\/\/ramse.es\/wordpress\/wp-content\/uploads\/2017\/12\/img_0596.jpg\" data-id=\"2296\" data-rel=\"iLightbox[gallery]\" data-title=\"img_0596\" data-caption=\"\">\n\t\t\t\t\t\tGaler\u00eda\t\t\t\t\t<\/a>\n\t\t\t\t\t\t\t\t\t\t\t\t\t\t\n\t\t\n\t\t\t\t\t\t\t\t\n\t\t\t\t\t\t\t\t\n\t\t\n\t\t\t\t\t\t<a class=\"fusion-link-wrapper\" href=\"https:\/\/ramse.es\/wordpress\/clausura-del-317-curso-academico\/\" aria-label=\"Clausura del 317 curso acad\u00e9mico\"><\/a>\n\t<\/div>\n<\/div>\n<\/div>\n<\/li>\n\t\t\t\n\t\t\t\n\t\t\t\t\t\t\t\t\t\t\t\t\t\t\t\t\t\t\t\t\t\t\t\t\t\t\t\t\t\t\t\t\t\t\t\t\t\t\t\t\t\t\t\t\t\t\t\t\t\t\t\t\t\t\t\t\t\t\t\t\t\t\t\t\t\t\t\t<\/ul>\n\t<\/div>\n\t<div class=\"fusion-date-and-formats\"><div class=\"fusion-date-box updated\"><span class=\"fusion-date\">diciembre<\/span><span class=\"fusion-month-year\">9:04 am<\/span><\/div><div class=\"fusion-format-box\"><i class=\"awb-icon-pen\" aria-hidden=\"true\"><\/i><\/div><\/div><div class=\"fusion-post-content post-content\"><h2 class=\"blog-shortcode-post-title entry-title\"><a href=\"https:\/\/ramse.es\/wordpress\/clausura-del-317-curso-academico\/\">Clausura del 317 curso acad\u00e9mico<\/a><\/h2><p class=\"fusion-single-line-meta\">Por <span class=\"vcard\"><span class=\"fn\"><a href=\"https:\/\/ramse.es\/wordpress\/author\/ivan_z0qj9h4b\/\" title=\"Entradas de admin\" rel=\"author\">admin<\/a><\/span><\/span><span class=\"fusion-inline-sep\">|<\/span><span class=\"updated\" style=\"display:none;\">2017-12-15T09:04:49+02:00<\/span><span>diciembre 15th, 2017<\/span><span class=\"fusion-inline-sep\">|<\/span>Categor\u00edas: <a href=\"https:\/\/ramse.es\/wordpress\/category\/news\/latest-news\/\" rel=\"category tag\">Noticias<\/a><span class=\"fusion-inline-sep\">|<\/span><\/p><div class=\"fusion-post-content-container\"><p>La Real Academia de Medicina y Cirug\u00eda de Sevilla ha acogido el acto de clausura de su 317 Curso Acad\u00e9mico en el que el Prof. Rafael Manzano pronunci\u00f3 una conferencia titulada \"Rafael Manzano y la Real Academia de Medicina de Sevilla\". Durante su intervenci\u00f3n ha contado la historia de la obra, c\u00f3mo se realiz\u00f3 y el porqu\u00e9 de los elementos arquitect\u00f3nicos del llamado ahora Sal\u00f3n de actos Ram\u00f3n y Cajal. <a href=\"https:\/\/ramse.es\/wordpress\/clausura-del-317-curso-academico\/\">[...]<\/a><\/p><\/div><\/div><div class=\"fusion-clearfix\"><\/div><div class=\"fusion-meta-info\"><div class=\"fusion-alignright\"><a class=\"fusion-read-more\" href=\"https:\/\/ramse.es\/wordpress\/clausura-del-317-curso-academico\/\" aria-label=\"More on Clausura del 317 curso acad\u00e9mico\">Leer M\u00e1s<\/a><\/div><\/div><\/article>\n<article id=\"blog-1-post-2294\" class=\"fusion-post-large-alternate post-2294 post type-post status-publish format-standard hentry category-latest-news\">\n\t<style type=\"text\/css\">\n\t\t\n\t\t\n\t\t\n\t\t\n\t\t\t<\/style>\n\n\n<div class=\"fusion-date-and-formats\"><div class=\"fusion-date-box updated\"><span class=\"fusion-date\">noviembre<\/span><span class=\"fusion-month-year\">12:26 pm<\/span><\/div><div class=\"fusion-format-box\"><i class=\"awb-icon-pen\" aria-hidden=\"true\"><\/i><\/div><\/div><div class=\"fusion-post-content post-content\"><h2 class=\"blog-shortcode-post-title entry-title\"><a href=\"https:\/\/ramse.es\/wordpress\/sesion-necrologica-en-memoria-del-academico-de-numero-dr-jose-maria-montana-ramonet\/\">Sesi\u00f3n necrol\u00f3gica en memoria del Acad\u00e9mico de N\u00famero Dr. Jose Mar\u00eda Monta\u00f1a Ramonet<\/a><\/h2><p class=\"fusion-single-line-meta\">Por <span class=\"vcard\"><span class=\"fn\"><a href=\"https:\/\/ramse.es\/wordpress\/author\/ivan_z0qj9h4b\/\" title=\"Entradas de admin\" rel=\"author\">admin<\/a><\/span><\/span><span class=\"fusion-inline-sep\">|<\/span><span class=\"updated\" style=\"display:none;\">2017-11-29T12:26:28+02:00<\/span><span>noviembre 29th, 2017<\/span><span class=\"fusion-inline-sep\">|<\/span>Categor\u00edas: <a href=\"https:\/\/ramse.es\/wordpress\/category\/news\/latest-news\/\" rel=\"category tag\">Noticias<\/a><span class=\"fusion-inline-sep\">|<\/span><\/p><div class=\"fusion-post-content-container\"><p>La Real Academia de Medicina y Cirug\u00eda de Sevilla celebr\u00f3 el pasado jueves 30 de noviembre una sesi\u00f3n necrol\u00f3gica en recuerdo del Acad\u00e9mico de N\u00famero Dr. D. Jose Mar\u00eda Monta\u00f1a Ramonet, recientemente fallecido. En la sesi\u00f3n in Memoriam participaron los Dres. D. Joaqu\u00edn N\u00fa\u00f1ez Fuster, que abord\u00f3 su perfil como bibliotecario de la RAMSE, D. Jos\u00e9 Luis Serrera Contreras que present\u00f3 su perfil human\u00edstico, y D\u00f1a. Teresa Monta\u00f1a Gonz\u00e1lez que <a href=\"https:\/\/ramse.es\/wordpress\/sesion-necrologica-en-memoria-del-academico-de-numero-dr-jose-maria-montana-ramonet\/\">[...]<\/a><\/p><\/div><\/div><div class=\"fusion-clearfix\"><\/div><div class=\"fusion-meta-info\"><div class=\"fusion-alignright\"><a class=\"fusion-read-more\" href=\"https:\/\/ramse.es\/wordpress\/sesion-necrologica-en-memoria-del-academico-de-numero-dr-jose-maria-montana-ramonet\/\" aria-label=\"More on Sesi\u00f3n necrol\u00f3gica en memoria del Acad\u00e9mico de N\u00famero Dr. Jose Mar\u00eda Monta\u00f1a Ramonet\">Leer M\u00e1s<\/a><\/div><\/div><\/article>\n<article id=\"blog-1-post-2291\" class=\"fusion-post-large-alternate post-2291 post type-post status-publish format-standard hentry category-latest-news\">\n\t<style type=\"text\/css\">\n\t\t\n\t\t\n\t\t\n\t\t\n\t\t\t<\/style>\n\n\n<div class=\"fusion-date-and-formats\"><div class=\"fusion-date-box updated\"><span class=\"fusion-date\">noviembre<\/span><span class=\"fusion-month-year\">12:00 am<\/span><\/div><div class=\"fusion-format-box\"><i class=\"awb-icon-pen\" aria-hidden=\"true\"><\/i><\/div><\/div><div class=\"fusion-post-content post-content\"><h2 class=\"blog-shortcode-post-title entry-title\"><a href=\"https:\/\/ramse.es\/wordpress\/mesa-redonda-la-otoneurologia-en-el-siglo-xxi\/\">Mesa redonda: \u201cLA OTONEUROLOG\u00cdA EN EL SIGLO XXI\u00bb<\/a><\/h2><p class=\"fusion-single-line-meta\">Por <span class=\"vcard\"><span class=\"fn\"><a href=\"https:\/\/ramse.es\/wordpress\/author\/ivan_z0qj9h4b\/\" title=\"Entradas de admin\" rel=\"author\">admin<\/a><\/span><\/span><span class=\"fusion-inline-sep\">|<\/span><span class=\"updated\" style=\"display:none;\">2017-11-24T00:00:00+02:00<\/span><span>noviembre 24th, 2017<\/span><span class=\"fusion-inline-sep\">|<\/span>Categor\u00edas: <a href=\"https:\/\/ramse.es\/wordpress\/category\/news\/latest-news\/\" rel=\"category tag\">Noticias<\/a><span class=\"fusion-inline-sep\">|<\/span><\/p><div class=\"fusion-post-content-container\"><p>La Real Academia de Medicina y Cirug\u00eda de Sevilla ha acogido una Mesa Redonda titulada \"La otoneurolog\u00faa en el siglo XXI\" en la que se han revisado y actualizado tres pilares b\u00e1sicos de la Otoneurolog\u00eda: el v\u00e9rtigo posicional parox\u00edstico benigno, la migra\u00f1a vestibular y la enfermedad de M\u00e9ni\u00e8re. Esta mesa redonda ha sido moderada por el Acad\u00e9mico Correspondiente Dr Hugo Galera Ruiz y en ella han intervenido los Dres. Emilio <a href=\"https:\/\/ramse.es\/wordpress\/mesa-redonda-la-otoneurologia-en-el-siglo-xxi\/\">[...]<\/a><\/p><\/div><\/div><div class=\"fusion-clearfix\"><\/div><div class=\"fusion-meta-info\"><div class=\"fusion-alignright\"><a class=\"fusion-read-more\" href=\"https:\/\/ramse.es\/wordpress\/mesa-redonda-la-otoneurologia-en-el-siglo-xxi\/\" aria-label=\"More on Mesa redonda: \u201cLA OTONEUROLOG\u00cdA EN EL SIGLO XXI\u00bb\">Leer M\u00e1s<\/a><\/div><\/div><\/article>\n<article id=\"blog-1-post-2292\" class=\"fusion-post-large-alternate post-2292 post type-post status-publish format-standard hentry category-latest-news\">\n\t<style type=\"text\/css\">\n\t\t\n\t\t\n\t\t\n\t\t\n\t\t\t<\/style>\n\n\n<div class=\"fusion-date-and-formats\"><div class=\"fusion-date-box updated\"><span class=\"fusion-date\">noviembre<\/span><span class=\"fusion-month-year\">12:00 am<\/span><\/div><div class=\"fusion-format-box\"><i class=\"awb-icon-pen\" aria-hidden=\"true\"><\/i><\/div><\/div><div class=\"fusion-post-content post-content\"><h2 class=\"blog-shortcode-post-title entry-title\"><a href=\"https:\/\/ramse.es\/wordpress\/recepcion-de-academico-de-erudicion\/\">Recepci\u00f3n de Acad\u00e9mico de Erudici\u00f3n<\/a><\/h2><p class=\"fusion-single-line-meta\">Por <span class=\"vcard\"><span class=\"fn\"><a href=\"https:\/\/ramse.es\/wordpress\/author\/ivan_z0qj9h4b\/\" title=\"Entradas de admin\" rel=\"author\">admin<\/a><\/span><\/span><span class=\"fusion-inline-sep\">|<\/span><span class=\"updated\" style=\"display:none;\">2017-11-20T00:00:00+02:00<\/span><span>noviembre 20th, 2017<\/span><span class=\"fusion-inline-sep\">|<\/span>Categor\u00edas: <a href=\"https:\/\/ramse.es\/wordpress\/category\/news\/latest-news\/\" rel=\"category tag\">Noticias<\/a><span class=\"fusion-inline-sep\">|<\/span><\/p><div class=\"fusion-post-content-container\"><p>El pasado domingo 19 de noviembre, la Real Academia de Medicina y Cirug\u00eda de Sevilla acogi\u00f3 la Sesi\u00f3n P\u00fablica y Extraordinaria en la que se recibi\u00f3 como Acad\u00e9mico de Erudici\u00f3n al Excelent\u00edsimo y Reverend\u00edsimo Sr. D. Juan Jos\u00e9 Asenjo Pelegrina, Arzobispo de Sevilla, quien ley\u00f3 su discurso sobre \u201cJes\u00fas de Nazaret y los enfermos\u201d. Fue presentado por el Ilmo. Acad\u00e9mico de N\u00famero Dr. D. Jos\u00e9 Luis Serrera Contreras, y clausur\u00f3 <a href=\"https:\/\/ramse.es\/wordpress\/recepcion-de-academico-de-erudicion\/\">[...]<\/a><\/p><\/div><\/div><div class=\"fusion-clearfix\"><\/div><div class=\"fusion-meta-info\"><div class=\"fusion-alignright\"><a class=\"fusion-read-more\" href=\"https:\/\/ramse.es\/wordpress\/recepcion-de-academico-de-erudicion\/\" aria-label=\"More on Recepci\u00f3n de Acad\u00e9mico de Erudici\u00f3n\">Leer M\u00e1s<\/a><\/div><\/div><\/article>\n<article id=\"blog-1-post-2293\" class=\"fusion-post-large-alternate post-2293 post type-post status-publish format-standard hentry category-latest-news\">\n\t<style type=\"text\/css\">\n\t\t\n\t\t\n\t\t\n\t\t\n\t\t\t<\/style>\n\n\n<div class=\"fusion-date-and-formats\"><div class=\"fusion-date-box updated\"><span class=\"fusion-date\">noviembre<\/span><span class=\"fusion-month-year\">12:00 am<\/span><\/div><div class=\"fusion-format-box\"><i class=\"awb-icon-pen\" aria-hidden=\"true\"><\/i><\/div><\/div><div class=\"fusion-post-content post-content\"><h2 class=\"blog-shortcode-post-title entry-title\"><a href=\"https:\/\/ramse.es\/wordpress\/mesa-redonda-conocimientos-actuales-sobre-los-efectos-de-los-campos-electromagneticos-basados-en-la-investigacion-cientifica-son-un-peligro-para-la-salud\/\">Mesa Redonda: CONOCIMIENTOS ACTUALES  SOBRE LOS EFECTOS DE LOS CAMPOS ELECTROMAGNETICOS  BASADOS EN LA INVESTIGACION CIENTIFICA.  \u00bfSON UN PELIGRO  PARA LA SALUD?<\/a><\/h2><p class=\"fusion-single-line-meta\">Por <span class=\"vcard\"><span class=\"fn\"><a href=\"https:\/\/ramse.es\/wordpress\/author\/ivan_z0qj9h4b\/\" title=\"Entradas de admin\" rel=\"author\">admin<\/a><\/span><\/span><span class=\"fusion-inline-sep\">|<\/span><span class=\"updated\" style=\"display:none;\">2017-11-17T00:00:00+02:00<\/span><span>noviembre 17th, 2017<\/span><span class=\"fusion-inline-sep\">|<\/span>Categor\u00edas: <a href=\"https:\/\/ramse.es\/wordpress\/category\/news\/latest-news\/\" rel=\"category tag\">Noticias<\/a><span class=\"fusion-inline-sep\">|<\/span><\/p><div class=\"fusion-post-content-container\"><p>La Real Academia de Medicina y Cirug\u00eda de Sevilla ha organizado una mesa redonda titulada \"Conocimientos actuales sobre los efectos de los campos electromagn\u00e9ticos basados en la investigaci\u00f3n cient\u00edfica. \u00bfSon un peligro para la salud?\" Con esta mesa redonda se ha dado a conocer la informaci\u00f3n cient\u00edfica actual sobre los posibles riesgos, aportando las medidas preventivas aplicables a los trabajadores y a la sociedad en general. Ha sido moderada por <a href=\"https:\/\/ramse.es\/wordpress\/mesa-redonda-conocimientos-actuales-sobre-los-efectos-de-los-campos-electromagneticos-basados-en-la-investigacion-cientifica-son-un-peligro-para-la-salud\/\">[...]<\/a><\/p><\/div><\/div><div class=\"fusion-clearfix\"><\/div><div class=\"fusion-meta-info\"><div class=\"fusion-alignright\"><a class=\"fusion-read-more\" href=\"https:\/\/ramse.es\/wordpress\/mesa-redonda-conocimientos-actuales-sobre-los-efectos-de-los-campos-electromagneticos-basados-en-la-investigacion-cientifica-son-un-peligro-para-la-salud\/\" aria-label=\"More on Mesa Redonda: CONOCIMIENTOS ACTUALES  SOBRE LOS EFECTOS DE LOS CAMPOS ELECTROMAGNETICOS  BASADOS EN LA INVESTIGACION CIENTIFICA.  \u00bfSON UN PELIGRO  PARA LA SALUD?\">Leer M\u00e1s<\/a><\/div><\/div><\/article>\n<article id=\"blog-1-post-2280\" class=\"fusion-post-large-alternate post-2280 post type-post status-publish format-standard hentry category-latest-news\">\n\t<style type=\"text\/css\">\n\t\t\n\t\t\n\t\t\n\t\t\n\t\t\t<\/style>\n\n\n<div class=\"fusion-date-and-formats\"><div class=\"fusion-date-box updated\"><span class=\"fusion-date\">mayo<\/span><span class=\"fusion-month-year\">12:00 am<\/span><\/div><div class=\"fusion-format-box\"><i class=\"awb-icon-pen\" aria-hidden=\"true\"><\/i><\/div><\/div><div class=\"fusion-post-content post-content\"><h2 class=\"blog-shortcode-post-title entry-title\"><a href=\"https:\/\/ramse.es\/wordpress\/estudio-de-los-problemas-socio-sanitarios-de-los-mayores\/\">ESTUDIO DE LOS PROBLEMAS SOCIO SANITARIOS DE LOS MAYORES<\/a><\/h2><p class=\"fusion-single-line-meta\">Por <span class=\"vcard\"><span class=\"fn\"><a href=\"https:\/\/ramse.es\/wordpress\/author\/ivan_z0qj9h4b\/\" title=\"Entradas de admin\" rel=\"author\">admin<\/a><\/span><\/span><span class=\"fusion-inline-sep\">|<\/span><span class=\"updated\" style=\"display:none;\">2017-05-23T00:00:00+02:00<\/span><span>mayo 23rd, 2017<\/span><span class=\"fusion-inline-sep\">|<\/span>Categor\u00edas: <a href=\"https:\/\/ramse.es\/wordpress\/category\/news\/latest-news\/\" rel=\"category tag\">Noticias<\/a><span class=\"fusion-inline-sep\">|<\/span><\/p><div class=\"fusion-post-content-container\"><p>En la actualidad, casi 700 millones de personas son mayores de 60 a\u00f1os. Para el 2050 se piensa que estas podr\u00edan llegar a ser 2.000 millones, esto es, m\u00e1s del 20 % de poblaci\u00f3n mundial. Con esto en mente, est\u00e1 claro que es necesario prestar mayor atenci\u00f3n a las necesidades particulares de las personas de edad, y a los problemas a los que se enfrentan muchas de ellas. La importancia <a href=\"https:\/\/ramse.es\/wordpress\/estudio-de-los-problemas-socio-sanitarios-de-los-mayores\/\">[...]<\/a><\/p><\/div><\/div><div class=\"fusion-clearfix\"><\/div><div class=\"fusion-meta-info\"><div class=\"fusion-alignright\"><a class=\"fusion-read-more\" href=\"https:\/\/ramse.es\/wordpress\/estudio-de-los-problemas-socio-sanitarios-de-los-mayores\/\" aria-label=\"More on ESTUDIO DE LOS PROBLEMAS SOCIO SANITARIOS DE LOS MAYORES\">Leer M\u00e1s<\/a><\/div><\/div><\/article>\n<article id=\"blog-1-post-2288\" class=\"fusion-post-large-alternate post-2288 post type-post status-publish format-standard hentry category-latest-news\">\n\t<style type=\"text\/css\">\n\t\t\n\t\t\n\t\t\n\t\t\n\t\t\t<\/style>\n\n\n<div class=\"fusion-date-and-formats\"><div class=\"fusion-date-box updated\"><span class=\"fusion-date\">mayo<\/span><span class=\"fusion-month-year\">12:00 am<\/span><\/div><div class=\"fusion-format-box\"><i class=\"awb-icon-pen\" aria-hidden=\"true\"><\/i><\/div><\/div><div class=\"fusion-post-content post-content\"><h2 class=\"blog-shortcode-post-title entry-title\"><a href=\"https:\/\/ramse.es\/wordpress\/cuidar-a-las-personas-mayores-como-quieren-y-como-deben-ser-cuidadas\/\">Cuidar a las personas mayores como quieren y como deben ser cuidadas<\/a><\/h2><p class=\"fusion-single-line-meta\">Por <span class=\"vcard\"><span class=\"fn\"><a href=\"https:\/\/ramse.es\/wordpress\/author\/ivan_z0qj9h4b\/\" title=\"Entradas de admin\" rel=\"author\">admin<\/a><\/span><\/span><span class=\"fusion-inline-sep\">|<\/span><span class=\"updated\" style=\"display:none;\">2017-05-22T00:00:00+02:00<\/span><span>mayo 22nd, 2017<\/span><span class=\"fusion-inline-sep\">|<\/span>Categor\u00edas: <a href=\"https:\/\/ramse.es\/wordpress\/category\/news\/latest-news\/\" rel=\"category tag\">Noticias<\/a><span class=\"fusion-inline-sep\">|<\/span><\/p><div class=\"fusion-post-content-container\"><p>El jueves 18 de mayo tuvo lugar en la RAMSE la \u00faltima de las mesas redondas del ciclo \"Los Mayores\" titulada: Cuidar a las personas mayores como quieren y como deben ser cuidadas. Esta mesa estuvo moderada por el Prof. Dr. Jos\u00e9 Mar\u00eda Rubio Rubio. Acad\u00e9mico de N\u00famero de la RAMSE e intervinieron como ponentes: Dra. Olga Mart\u00ednez P\u00e9rez. Geriatra. Unidad de Hospitalizaci\u00f3n Domiciliaria y Cuidados Paliativos del Hospital Universitario <a href=\"https:\/\/ramse.es\/wordpress\/cuidar-a-las-personas-mayores-como-quieren-y-como-deben-ser-cuidadas\/\">[...]<\/a><\/p><\/div><\/div><div class=\"fusion-clearfix\"><\/div><div class=\"fusion-meta-info\"><div class=\"fusion-alignright\"><a class=\"fusion-read-more\" href=\"https:\/\/ramse.es\/wordpress\/cuidar-a-las-personas-mayores-como-quieren-y-como-deben-ser-cuidadas\/\" aria-label=\"More on Cuidar a las personas mayores como quieren y como deben ser cuidadas\">Leer M\u00e1s<\/a><\/div><\/div><\/article>\n<article id=\"blog-1-post-2287\" class=\"fusion-post-large-alternate post-2287 post type-post status-publish format-standard has-post-thumbnail hentry category-latest-news\">\n\t<style type=\"text\/css\">\n\t\t\n\t\t\n\t\t\n\t\t\n\t\t\t<\/style>\n\n\n\t\t\t<div class=\"fusion-flexslider flexslider fusion-flexslider-loading fusion-post-slideshow\" style=\"\">\n\t\t<ul class=\"slides\">\n\t\t\t\n\t\t\t\t\t\t\t\t\t\t\t\t\t\t<li><div  class=\"fusion-image-wrapper\" aria-haspopup=\"true\">\n\t\t\t\t<img decoding=\"async\" width=\"423\" height=\"336\" src=\"https:\/\/ramse.es\/wordpress\/wp-content\/uploads\/2017\/05\/mayores42.jpg\" class=\"attachment-full size-full wp-post-image\" alt=\"\" srcset=\"https:\/\/ramse.es\/wordpress\/wp-content\/uploads\/2017\/05\/mayores42-200x159.jpg 200w, https:\/\/ramse.es\/wordpress\/wp-content\/uploads\/2017\/05\/mayores42-400x318.jpg 400w, https:\/\/ramse.es\/wordpress\/wp-content\/uploads\/2017\/05\/mayores42.jpg 423w\" sizes=\"(max-width: 1000px) 100vw, 423px\" \/><div class=\"fusion-rollover\">\n\t<div class=\"fusion-rollover-content\">\n\n\t\t\t\t\t\t\t\t\t\t\t\t\t\t<a class=\"fusion-rollover-link\" href=\"https:\/\/ramse.es\/wordpress\/aspectos-personales-en-el-envejecimiento\/\">Aspectos personales en el envejecimiento<\/a>\n\t\t\t\n\t\t\t\t\t\t\t\t\t\t\t\t\t\t\n\t\t\t\t\t\t\t\t\n\t\t\t\t\t\t\t\t\t\t\t\t\t<div class=\"fusion-rollover-sep\"><\/div>\n\t\t\t\t\n\t\t\t\t\t\t\t\t\t\t\t\t\t\t\t\t\t\t<a class=\"fusion-rollover-gallery\" href=\"https:\/\/ramse.es\/wordpress\/wp-content\/uploads\/2017\/05\/mayores42.jpg\" data-id=\"2287\" data-rel=\"iLightbox[gallery]\" data-title=\"mayores42\" data-caption=\"\">\n\t\t\t\t\t\tGaler\u00eda\t\t\t\t\t<\/a>\n\t\t\t\t\t\t\t\t\t\t\t\t\t\t\n\t\t\n\t\t\t\t\t\t\t\t\n\t\t\t\t\t\t\t\t\n\t\t\n\t\t\t\t\t\t<a class=\"fusion-link-wrapper\" href=\"https:\/\/ramse.es\/wordpress\/aspectos-personales-en-el-envejecimiento\/\" aria-label=\"Aspectos personales en el envejecimiento\"><\/a>\n\t<\/div>\n<\/div>\n<\/div>\n<\/li>\n\t\t\t\n\t\t\t\n\t\t\t\t\t\t\t\t\t\t\t\t\t\t\t\t\t\t\t\t\t\t\t\t\t\t\t\t\t\t\t\t\t\t\t\t\t\t\t\t\t\t\t\t\t\t\t\t\t\t\t\t\t\t\t\t\t\t\t\t\t\t\t\t\t\t\t\t<\/ul>\n\t<\/div>\n\t<div class=\"fusion-date-and-formats\"><div class=\"fusion-date-box updated\"><span class=\"fusion-date\">mayo<\/span><span class=\"fusion-month-year\">12:00 am<\/span><\/div><div class=\"fusion-format-box\"><i class=\"awb-icon-pen\" aria-hidden=\"true\"><\/i><\/div><\/div><div class=\"fusion-post-content post-content\"><h2 class=\"blog-shortcode-post-title entry-title\"><a href=\"https:\/\/ramse.es\/wordpress\/aspectos-personales-en-el-envejecimiento\/\">Aspectos personales en el envejecimiento<\/a><\/h2><p class=\"fusion-single-line-meta\">Por <span class=\"vcard\"><span class=\"fn\"><a href=\"https:\/\/ramse.es\/wordpress\/author\/ivan_z0qj9h4b\/\" title=\"Entradas de admin\" rel=\"author\">admin<\/a><\/span><\/span><span class=\"fusion-inline-sep\">|<\/span><span class=\"updated\" style=\"display:none;\">2017-05-15T00:00:00+02:00<\/span><span>mayo 15th, 2017<\/span><span class=\"fusion-inline-sep\">|<\/span>Categor\u00edas: <a href=\"https:\/\/ramse.es\/wordpress\/category\/news\/latest-news\/\" rel=\"category tag\">Noticias<\/a><span class=\"fusion-inline-sep\">|<\/span><\/p><div class=\"fusion-post-content-container\"><p>El jueves 11 de mayo la RAMSE acogi\u00f3 la mesa redonda \"Aspectos personales en el envejecimiento\" englobada en el ciclo \"Los Mayores\". Esta mesa estuvo moderada por el Prof. Dr. Jaime Rodr\u00edguez Sacrist\u00e1n. Acad\u00e9mico de N\u00famero de la RAMSE e intervinieron como ponentes: Dr\u00aa M\u00aa del Carmen Garc\u00eda Molina. Licenciada en pedagog\u00eda y Orientadora familiar y de Instituto de Secundaria. Vicepresidente del Centro Unesco de Sevilla.\u201cSanar desde la autobiograf\u00eda\u201d. Dr. <a href=\"https:\/\/ramse.es\/wordpress\/aspectos-personales-en-el-envejecimiento\/\">[...]<\/a><\/p><\/div><\/div><div class=\"fusion-clearfix\"><\/div><div class=\"fusion-meta-info\"><div class=\"fusion-alignright\"><a class=\"fusion-read-more\" href=\"https:\/\/ramse.es\/wordpress\/aspectos-personales-en-el-envejecimiento\/\" aria-label=\"More on Aspectos personales en el envejecimiento\">Leer M\u00e1s<\/a><\/div><\/div><\/article>\n<article id=\"blog-1-post-2290\" class=\"fusion-post-large-alternate post-2290 post type-post status-publish format-standard has-post-thumbnail hentry category-latest-news\">\n\t<style type=\"text\/css\">\n\t\t\n\t\t\n\t\t\n\t\t\n\t\t\t<\/style>\n\n\n\t\t\t<div class=\"fusion-flexslider flexslider fusion-flexslider-loading fusion-post-slideshow\" style=\"\">\n\t\t<ul class=\"slides\">\n\t\t\t\n\t\t\t\t\t\t\t\t\t\t\t\t\t\t<li><div  class=\"fusion-image-wrapper\" aria-haspopup=\"true\">\n\t\t\t\t<img decoding=\"async\" width=\"448\" height=\"336\" src=\"https:\/\/ramse.es\/wordpress\/wp-content\/uploads\/2017\/04\/2017-03-30-19.01.51.jpg\" class=\"attachment-full size-full wp-post-image\" alt=\"\" srcset=\"https:\/\/ramse.es\/wordpress\/wp-content\/uploads\/2017\/04\/2017-03-30-19.01.51-200x150.jpg 200w, https:\/\/ramse.es\/wordpress\/wp-content\/uploads\/2017\/04\/2017-03-30-19.01.51-400x300.jpg 400w, https:\/\/ramse.es\/wordpress\/wp-content\/uploads\/2017\/04\/2017-03-30-19.01.51.jpg 448w\" sizes=\"(max-width: 1000px) 100vw, 448px\" \/><div class=\"fusion-rollover\">\n\t<div class=\"fusion-rollover-content\">\n\n\t\t\t\t\t\t\t\t\t\t\t\t\t\t<a class=\"fusion-rollover-link\" href=\"https:\/\/ramse.es\/wordpress\/oclusion-en-estomatologia-protesis-versus-ortodoncia\/\">\u201cOclusi\u00f3n en estomatolog\u00eda. Pr\u00f3tesis versus Ortodoncia\u201d<\/a>\n\t\t\t\n\t\t\t\t\t\t\t\t\t\t\t\t\t\t\n\t\t\t\t\t\t\t\t\n\t\t\t\t\t\t\t\t\t\t\t\t\t<div class=\"fusion-rollover-sep\"><\/div>\n\t\t\t\t\n\t\t\t\t\t\t\t\t\t\t\t\t\t\t\t\t\t\t<a class=\"fusion-rollover-gallery\" href=\"https:\/\/ramse.es\/wordpress\/wp-content\/uploads\/2017\/04\/2017-03-30-19.01.51.jpg\" data-id=\"2290\" data-rel=\"iLightbox[gallery]\" data-title=\"2017-03-30-19.01.51\" data-caption=\"\">\n\t\t\t\t\t\tGaler\u00eda\t\t\t\t\t<\/a>\n\t\t\t\t\t\t\t\t\t\t\t\t\t\t\n\t\t\n\t\t\t\t\t\t\t\t\n\t\t\t\t\t\t\t\t\n\t\t\n\t\t\t\t\t\t<a class=\"fusion-link-wrapper\" href=\"https:\/\/ramse.es\/wordpress\/oclusion-en-estomatologia-protesis-versus-ortodoncia\/\" aria-label=\"\u201cOclusi\u00f3n en estomatolog\u00eda. Pr\u00f3tesis versus Ortodoncia\u201d\"><\/a>\n\t<\/div>\n<\/div>\n<\/div>\n<\/li>\n\t\t\t\n\t\t\t\n\t\t\t\t\t\t\t\t\t\t\t\t\t\t\t\t\t\t\t\t\t\t\t\t\t\t\t\t\t\t\t\t\t\t\t\t\t\t\t\t\t\t\t\t\t\t\t\t\t\t\t\t\t\t\t\t\t\t\t\t\t\t\t\t\t\t\t\t<\/ul>\n\t<\/div>\n\t<div class=\"fusion-date-and-formats\"><div class=\"fusion-date-box updated\"><span class=\"fusion-date\">abril<\/span><span class=\"fusion-month-year\">12:00 am<\/span><\/div><div class=\"fusion-format-box\"><i class=\"awb-icon-pen\" aria-hidden=\"true\"><\/i><\/div><\/div><div class=\"fusion-post-content post-content\"><h2 class=\"blog-shortcode-post-title entry-title\"><a href=\"https:\/\/ramse.es\/wordpress\/oclusion-en-estomatologia-protesis-versus-ortodoncia\/\">\u201cOclusi\u00f3n en estomatolog\u00eda. Pr\u00f3tesis versus Ortodoncia\u201d<\/a><\/h2><p class=\"fusion-single-line-meta\">Por <span class=\"vcard\"><span class=\"fn\"><a href=\"https:\/\/ramse.es\/wordpress\/author\/ivan_z0qj9h4b\/\" title=\"Entradas de admin\" rel=\"author\">admin<\/a><\/span><\/span><span class=\"fusion-inline-sep\">|<\/span><span class=\"updated\" style=\"display:none;\">2017-04-03T00:00:00+02:00<\/span><span>abril 3rd, 2017<\/span><span class=\"fusion-inline-sep\">|<\/span>Categor\u00edas: <a href=\"https:\/\/ramse.es\/wordpress\/category\/news\/latest-news\/\" rel=\"category tag\">Noticias<\/a><span class=\"fusion-inline-sep\">|<\/span><\/p><div class=\"fusion-post-content-container\"><p>El 30 de marzo tuvo lugar en la RAMSE una mesa redonda moderada por Acad\u00e9mico de N\u00famero Prof. Dr. Manuel L\u00f3pez L\u00f3pez para abordar la oclusi\u00f3n en estomatolog\u00eda y las diferentes pr\u00f3tesis. La pr\u00f3tesis primaria artesanal de reposici\u00f3n dental evolucion\u00f3 desde la motivaci\u00f3n morfol\u00f3gica hacia la funcionalidad, la estabilidad y la est\u00e9tica. En este largo periodo temporal, la topograf\u00eda bucal, la mec\u00e1nica, la t\u00e9cnica y los instrumentos simuladores de las <a href=\"https:\/\/ramse.es\/wordpress\/oclusion-en-estomatologia-protesis-versus-ortodoncia\/\">[...]<\/a><\/p><\/div><\/div><div class=\"fusion-clearfix\"><\/div><div class=\"fusion-meta-info\"><div class=\"fusion-alignright\"><a class=\"fusion-read-more\" href=\"https:\/\/ramse.es\/wordpress\/oclusion-en-estomatologia-protesis-versus-ortodoncia\/\" aria-label=\"More on \u201cOclusi\u00f3n en estomatolog\u00eda. Pr\u00f3tesis versus Ortodoncia\u201d\">Leer M\u00e1s<\/a><\/div><\/div><\/article>\n<article id=\"blog-1-post-2285\" class=\"fusion-post-large-alternate post-2285 post type-post status-publish format-standard has-post-thumbnail hentry category-latest-news\">\n\t<style type=\"text\/css\">\n\t\t\n\t\t\n\t\t\n\t\t\n\t\t\t<\/style>\n\n\n\t\t\t<div class=\"fusion-flexslider flexslider fusion-flexslider-loading fusion-post-slideshow\" style=\"\">\n\t\t<ul class=\"slides\">\n\t\t\t\n\t\t\t\t\t\t\t\t\t\t\t\t\t\t<li><div  class=\"fusion-image-wrapper\" aria-haspopup=\"true\">\n\t\t\t\t<img decoding=\"async\" width=\"448\" height=\"336\" src=\"https:\/\/ramse.es\/wordpress\/wp-content\/uploads\/2017\/03\/mayores3.jpg\" class=\"attachment-full size-full wp-post-image\" alt=\"\" srcset=\"https:\/\/ramse.es\/wordpress\/wp-content\/uploads\/2017\/03\/mayores3-200x150.jpg 200w, https:\/\/ramse.es\/wordpress\/wp-content\/uploads\/2017\/03\/mayores3-400x300.jpg 400w, https:\/\/ramse.es\/wordpress\/wp-content\/uploads\/2017\/03\/mayores3.jpg 448w\" sizes=\"(max-width: 1000px) 100vw, 448px\" \/><div class=\"fusion-rollover\">\n\t<div class=\"fusion-rollover-content\">\n\n\t\t\t\t\t\t\t\t\t\t\t\t\t\t<a class=\"fusion-rollover-link\" href=\"https:\/\/ramse.es\/wordpress\/como-se-puede-prevenir-el-deterioro-y-la-enfermedad-en-los-paciente-mayores\/\">\u00bfC\u00f3mo se puede prevenir el deterioro y la enfermedad en los paciente mayores?<\/a>\n\t\t\t\n\t\t\t\t\t\t\t\t\t\t\t\t\t\t\n\t\t\t\t\t\t\t\t\n\t\t\t\t\t\t\t\t\t\t\t\t\t<div class=\"fusion-rollover-sep\"><\/div>\n\t\t\t\t\n\t\t\t\t\t\t\t\t\t\t\t\t\t\t\t\t\t\t<a class=\"fusion-rollover-gallery\" href=\"https:\/\/ramse.es\/wordpress\/wp-content\/uploads\/2017\/03\/mayores3.jpg\" data-id=\"2285\" data-rel=\"iLightbox[gallery]\" data-title=\"mayores3\" data-caption=\"\">\n\t\t\t\t\t\tGaler\u00eda\t\t\t\t\t<\/a>\n\t\t\t\t\t\t\t\t\t\t\t\t\t\t\n\t\t\n\t\t\t\t\t\t\t\t\n\t\t\t\t\t\t\t\t\n\t\t\n\t\t\t\t\t\t<a class=\"fusion-link-wrapper\" href=\"https:\/\/ramse.es\/wordpress\/como-se-puede-prevenir-el-deterioro-y-la-enfermedad-en-los-paciente-mayores\/\" aria-label=\"\u00bfC\u00f3mo se puede prevenir el deterioro y la enfermedad en los paciente mayores?\"><\/a>\n\t<\/div>\n<\/div>\n<\/div>\n<\/li>\n\t\t\t\n\t\t\t\n\t\t\t\t\t\t\t\t\t\t\t\t\t\t\t\t\t\t\t\t\t\t\t\t\t\t\t\t\t\t\t\t\t\t\t\t\t\t\t\t\t\t\t\t\t\t\t\t\t\t\t\t\t\t\t\t\t\t\t\t\t\t\t\t\t\t\t\t<\/ul>\n\t<\/div>\n\t<div class=\"fusion-date-and-formats\"><div class=\"fusion-date-box updated\"><span class=\"fusion-date\">marzo<\/span><span class=\"fusion-month-year\">12:00 am<\/span><\/div><div class=\"fusion-format-box\"><i class=\"awb-icon-pen\" aria-hidden=\"true\"><\/i><\/div><\/div><div class=\"fusion-post-content post-content\"><h2 class=\"blog-shortcode-post-title entry-title\"><a href=\"https:\/\/ramse.es\/wordpress\/como-se-puede-prevenir-el-deterioro-y-la-enfermedad-en-los-paciente-mayores\/\">\u00bfC\u00f3mo se puede prevenir el deterioro y la enfermedad en los paciente mayores?<\/a><\/h2><p class=\"fusion-single-line-meta\">Por <span class=\"vcard\"><span class=\"fn\"><a href=\"https:\/\/ramse.es\/wordpress\/author\/ivan_z0qj9h4b\/\" title=\"Entradas de admin\" rel=\"author\">admin<\/a><\/span><\/span><span class=\"fusion-inline-sep\">|<\/span><span class=\"updated\" style=\"display:none;\">2017-03-27T00:00:00+02:00<\/span><span>marzo 27th, 2017<\/span><span class=\"fusion-inline-sep\">|<\/span>Categor\u00edas: <a href=\"https:\/\/ramse.es\/wordpress\/category\/news\/latest-news\/\" rel=\"category tag\">Noticias<\/a><span class=\"fusion-inline-sep\">|<\/span><\/p><div class=\"fusion-post-content-container\"><p>El jueves 23 de marzo tuvo lugar la tercera mesa redonda del ciclo \"Los Mayores\" titulada \u00bfC\u00f3mo se puede prevenir el deterioro y la enfermedad en los paciente mayores? Esta mesa fue moderada por el \u00a0Prof. Dr. Miguel \u00c1ngel Muni\u00e1in Ezcurra. Acad\u00e9mico de N\u00famero de la RAMSE e intervinieron como ponentes: Prof. Dr. Miguel \u00c1ngel Muni\u00e1in Ezcurra. Acad\u00e9mico de N\u00famero de la RAMSE. \u201cLas enfermedades m\u00e1s frecuentes en el mayor. <a href=\"https:\/\/ramse.es\/wordpress\/como-se-puede-prevenir-el-deterioro-y-la-enfermedad-en-los-paciente-mayores\/\">[...]<\/a><\/p><\/div><\/div><div class=\"fusion-clearfix\"><\/div><div class=\"fusion-meta-info\"><div class=\"fusion-alignright\"><a class=\"fusion-read-more\" href=\"https:\/\/ramse.es\/wordpress\/como-se-puede-prevenir-el-deterioro-y-la-enfermedad-en-los-paciente-mayores\/\" aria-label=\"More on \u00bfC\u00f3mo se puede prevenir el deterioro y la enfermedad en los paciente mayores?\">Leer M\u00e1s<\/a><\/div><\/div><\/article>\n<article id=\"blog-1-post-2283\" class=\"fusion-post-large-alternate post-2283 post type-post status-publish format-standard has-post-thumbnail hentry category-latest-news\">\n\t<style type=\"text\/css\">\n\t\t\n\t\t\n\t\t\n\t\t\n\t\t\t<\/style>\n\n\n\t\t\t<div class=\"fusion-flexslider flexslider fusion-flexslider-loading fusion-post-slideshow\" style=\"\">\n\t\t<ul class=\"slides\">\n\t\t\t\n\t\t\t\t\t\t\t\t\t\t\t\t\t\t<li><div  class=\"fusion-image-wrapper\" aria-haspopup=\"true\">\n\t\t\t\t<img decoding=\"async\" width=\"448\" height=\"336\" src=\"https:\/\/ramse.es\/wordpress\/wp-content\/uploads\/2017\/03\/mayores2.jpg\" class=\"attachment-full size-full wp-post-image\" alt=\"\" srcset=\"https:\/\/ramse.es\/wordpress\/wp-content\/uploads\/2017\/03\/mayores2-200x150.jpg 200w, https:\/\/ramse.es\/wordpress\/wp-content\/uploads\/2017\/03\/mayores2-400x300.jpg 400w, https:\/\/ramse.es\/wordpress\/wp-content\/uploads\/2017\/03\/mayores2.jpg 448w\" sizes=\"(max-width: 1000px) 100vw, 448px\" \/><div class=\"fusion-rollover\">\n\t<div class=\"fusion-rollover-content\">\n\n\t\t\t\t\t\t\t\t\t\t\t\t\t\t<a class=\"fusion-rollover-link\" href=\"https:\/\/ramse.es\/wordpress\/la-asistencia-sanitaria-a-los-mayores-en-el-siglo-xxi\/\">La asistencia sanitaria a los mayores en el siglo XXI<\/a>\n\t\t\t\n\t\t\t\t\t\t\t\t\t\t\t\t\t\t\n\t\t\t\t\t\t\t\t\n\t\t\t\t\t\t\t\t\t\t\t\t\t<div class=\"fusion-rollover-sep\"><\/div>\n\t\t\t\t\n\t\t\t\t\t\t\t\t\t\t\t\t\t\t\t\t\t\t<a class=\"fusion-rollover-gallery\" href=\"https:\/\/ramse.es\/wordpress\/wp-content\/uploads\/2017\/03\/mayores2.jpg\" data-id=\"2283\" data-rel=\"iLightbox[gallery]\" data-title=\"mayores2\" data-caption=\"\">\n\t\t\t\t\t\tGaler\u00eda\t\t\t\t\t<\/a>\n\t\t\t\t\t\t\t\t\t\t\t\t\t\t\n\t\t\n\t\t\t\t\t\t\t\t\n\t\t\t\t\t\t\t\t\n\t\t\n\t\t\t\t\t\t<a class=\"fusion-link-wrapper\" href=\"https:\/\/ramse.es\/wordpress\/la-asistencia-sanitaria-a-los-mayores-en-el-siglo-xxi\/\" aria-label=\"La asistencia sanitaria a los mayores en el siglo XXI\"><\/a>\n\t<\/div>\n<\/div>\n<\/div>\n<\/li>\n\t\t\t\n\t\t\t\n\t\t\t\t\t\t\t\t\t\t\t\t\t\t\t\t\t\t\t\t\t\t\t\t\t\t\t\t\t\t\t\t\t\t\t\t\t\t\t\t\t\t\t\t\t\t\t\t\t\t\t\t\t\t\t\t\t\t\t\t\t\t\t\t\t\t\t\t<\/ul>\n\t<\/div>\n\t<div class=\"fusion-date-and-formats\"><div class=\"fusion-date-box updated\"><span class=\"fusion-date\">marzo<\/span><span class=\"fusion-month-year\">12:00 am<\/span><\/div><div class=\"fusion-format-box\"><i class=\"awb-icon-pen\" aria-hidden=\"true\"><\/i><\/div><\/div><div class=\"fusion-post-content post-content\"><h2 class=\"blog-shortcode-post-title entry-title\"><a href=\"https:\/\/ramse.es\/wordpress\/la-asistencia-sanitaria-a-los-mayores-en-el-siglo-xxi\/\">La asistencia sanitaria a los mayores en el siglo XXI<\/a><\/h2><p class=\"fusion-single-line-meta\">Por <span class=\"vcard\"><span class=\"fn\"><a href=\"https:\/\/ramse.es\/wordpress\/author\/ivan_z0qj9h4b\/\" title=\"Entradas de admin\" rel=\"author\">admin<\/a><\/span><\/span><span class=\"fusion-inline-sep\">|<\/span><span class=\"updated\" style=\"display:none;\">2017-03-20T00:00:00+02:00<\/span><span>marzo 20th, 2017<\/span><span class=\"fusion-inline-sep\">|<\/span>Categor\u00edas: <a href=\"https:\/\/ramse.es\/wordpress\/category\/news\/latest-news\/\" rel=\"category tag\">Noticias<\/a><span class=\"fusion-inline-sep\">|<\/span><\/p><div class=\"fusion-post-content-container\"><p>El jueves 16 de marzo tuvo lugar la mesa redonda \"La asistencia sanitaria a los mayores en el siglo XXI\" dentro del ciclo de mesas redondas \"Los Mayores\". Esta mesa estuvo moderada por el \u00a0Prof. Dr. Carlos Mart\u00ednez Manzanares Acad\u00e9mico de N\u00famero de la RAMSE e intervinieron como ponentes: Dr\u00aa M\u00aa Isabel Galv\u00e1 Borr\u00e1s. Geriatra. Residencia asistida de Mayores de la Junta de Andaluc\u00eda de Heli\u00f3polis (Sevilla). \u201cCalidad y equidad <a href=\"https:\/\/ramse.es\/wordpress\/la-asistencia-sanitaria-a-los-mayores-en-el-siglo-xxi\/\">[...]<\/a><\/p><\/div><\/div><div class=\"fusion-clearfix\"><\/div><div class=\"fusion-meta-info\"><div class=\"fusion-alignright\"><a class=\"fusion-read-more\" href=\"https:\/\/ramse.es\/wordpress\/la-asistencia-sanitaria-a-los-mayores-en-el-siglo-xxi\/\" aria-label=\"More on La asistencia sanitaria a los mayores en el siglo XXI\">Leer M\u00e1s<\/a><\/div><\/div><\/article>\n<article id=\"blog-1-post-2281\" class=\"fusion-post-large-alternate post-2281 post type-post status-publish format-standard hentry category-latest-news\">\n\t<style type=\"text\/css\">\n\t\t\n\t\t\n\t\t\n\t\t\n\t\t\t<\/style>\n\n\n<div class=\"fusion-date-and-formats\"><div class=\"fusion-date-box updated\"><span class=\"fusion-date\">marzo<\/span><span class=\"fusion-month-year\">12:00 am<\/span><\/div><div class=\"fusion-format-box\"><i class=\"awb-icon-pen\" aria-hidden=\"true\"><\/i><\/div><\/div><div class=\"fusion-post-content post-content\"><h2 class=\"blog-shortcode-post-title entry-title\"><a href=\"https:\/\/ramse.es\/wordpress\/aspectos-biologicos-del-envejecimiento\/\">Aspectos biol\u00f3gicos del envejecimiento<\/a><\/h2><p class=\"fusion-single-line-meta\">Por <span class=\"vcard\"><span class=\"fn\"><a href=\"https:\/\/ramse.es\/wordpress\/author\/ivan_z0qj9h4b\/\" title=\"Entradas de admin\" rel=\"author\">admin<\/a><\/span><\/span><span class=\"fusion-inline-sep\">|<\/span><span class=\"updated\" style=\"display:none;\">2017-03-13T00:00:00+02:00<\/span><span>marzo 13th, 2017<\/span><span class=\"fusion-inline-sep\">|<\/span>Categor\u00edas: <a href=\"https:\/\/ramse.es\/wordpress\/category\/news\/latest-news\/\" rel=\"category tag\">Noticias<\/a><span class=\"fusion-inline-sep\">|<\/span><\/p><div class=\"fusion-post-content-container\"><p>El jueves 9 de marzo tuvo lugar en la RAMSE la primera mesa redonda del ciclo \"Los mayores\" en la que se abordaron los Aspectos biol\u00f3gicos del envejecimiento. La mesa estuvo moderada por el Dr. Carlos Mart\u00ednez Manzanares Acad\u00e9mico de N\u00famero de la RAMSE e intervinieron como ponentes: Prof. Dr. Ricardo Gonz\u00e1lez C\u00e1mpora Acad\u00e9mico de N\u00famero de la RAMSE. \u201cBases moleculares del envejecimiento y sus implicaciones terap\u00e9uticas\u201d. Prof. Dr. Jos\u00e9 <a href=\"https:\/\/ramse.es\/wordpress\/aspectos-biologicos-del-envejecimiento\/\">[...]<\/a><\/p><\/div><\/div><div class=\"fusion-clearfix\"><\/div><div class=\"fusion-meta-info\"><div class=\"fusion-alignright\"><a class=\"fusion-read-more\" href=\"https:\/\/ramse.es\/wordpress\/aspectos-biologicos-del-envejecimiento\/\" aria-label=\"More on Aspectos biol\u00f3gicos del envejecimiento\">Leer M\u00e1s<\/a><\/div><\/div><\/article>\n<article id=\"blog-1-post-2279\" class=\"fusion-post-large-alternate post-2279 post type-post status-publish format-standard hentry category-latest-news\">\n\t<style type=\"text\/css\">\n\t\t\n\t\t\n\t\t\n\t\t\n\t\t\t<\/style>\n\n\n<div class=\"fusion-date-and-formats\"><div class=\"fusion-date-box updated\"><span class=\"fusion-date\">febrero<\/span><span class=\"fusion-month-year\">12:00 am<\/span><\/div><div class=\"fusion-format-box\"><i class=\"awb-icon-pen\" aria-hidden=\"true\"><\/i><\/div><\/div><div class=\"fusion-post-content post-content\"><h2 class=\"blog-shortcode-post-title entry-title\"><a href=\"https:\/\/ramse.es\/wordpress\/iv-jornadas-medico-quirurgicas-en-cancer-de-prostata\/\">IV Jornadas M\u00e9dico-Quir\u00fargicas en C\u00e1ncer de Pr\u00f3stata<\/a><\/h2><p class=\"fusion-single-line-meta\">Por <span class=\"vcard\"><span class=\"fn\"><a href=\"https:\/\/ramse.es\/wordpress\/author\/ivan_z0qj9h4b\/\" title=\"Entradas de admin\" rel=\"author\">admin<\/a><\/span><\/span><span class=\"fusion-inline-sep\">|<\/span><span class=\"updated\" style=\"display:none;\">2017-02-20T00:00:00+02:00<\/span><span>febrero 20th, 2017<\/span><span class=\"fusion-inline-sep\">|<\/span>Categor\u00edas: <a href=\"https:\/\/ramse.es\/wordpress\/category\/news\/latest-news\/\" rel=\"category tag\">Noticias<\/a><span class=\"fusion-inline-sep\">|<\/span><\/p><div class=\"fusion-post-content-container\"><p>El 16 y 17 de febrero tuvieron lugar las IV Jornadas M\u00e9dico-Quir\u00fargicas en C\u00e1ncer de Pr\u00f3stata, que se celebraron en la Real Academia de Medicina y Cirug\u00eda de Sevilla. En ellas se revisaron las novedades en el manejo y tratamiento del c\u00e1ncer de pr\u00f3stata avanzado y analizaron los diferentes abordajes quir\u00fargicos de la patolog\u00eda renal y de la uretra.<\/p><\/div><\/div><div class=\"fusion-clearfix\"><\/div><div class=\"fusion-meta-info\"><div class=\"fusion-alignright\"><a class=\"fusion-read-more\" href=\"https:\/\/ramse.es\/wordpress\/iv-jornadas-medico-quirurgicas-en-cancer-de-prostata\/\" aria-label=\"More on IV Jornadas M\u00e9dico-Quir\u00fargicas en C\u00e1ncer de Pr\u00f3stata\">Leer M\u00e1s<\/a><\/div><\/div><\/article>\n<article id=\"blog-1-post-2278\" class=\"fusion-post-large-alternate post-2278 post type-post status-publish format-standard has-post-thumbnail hentry category-latest-news\">\n\t<style type=\"text\/css\">\n\t\t\n\t\t\n\t\t\n\t\t\n\t\t\t<\/style>\n\n\n\t\t\t<div class=\"fusion-flexslider flexslider fusion-flexslider-loading fusion-post-slideshow\" style=\"\">\n\t\t<ul class=\"slides\">\n\t\t\t\n\t\t\t\t\t\t\t\t\t\t\t\t\t\t<li><div  class=\"fusion-image-wrapper\" aria-haspopup=\"true\">\n\t\t\t\t<img decoding=\"async\" width=\"448\" height=\"336\" src=\"https:\/\/ramse.es\/wordpress\/wp-content\/uploads\/2017\/02\/morales1.jpg\" class=\"attachment-full size-full wp-post-image\" alt=\"\" srcset=\"https:\/\/ramse.es\/wordpress\/wp-content\/uploads\/2017\/02\/morales1-200x150.jpg 200w, https:\/\/ramse.es\/wordpress\/wp-content\/uploads\/2017\/02\/morales1-400x300.jpg 400w, https:\/\/ramse.es\/wordpress\/wp-content\/uploads\/2017\/02\/morales1.jpg 448w\" sizes=\"(max-width: 1000px) 100vw, 448px\" \/><div class=\"fusion-rollover\">\n\t<div class=\"fusion-rollover-content\">\n\n\t\t\t\t\t\t\t\t\t\t\t\t\t\t<a class=\"fusion-rollover-link\" href=\"https:\/\/ramse.es\/wordpress\/las-transformacion-del-futuro-cirujano-una-vision\/\">\u201cLAS TRANSFORMACI\u00d3N DEL FUTURO CIRUJANO: Una visi\u00f3n\u201d<\/a>\n\t\t\t\n\t\t\t\t\t\t\t\t\t\t\t\t\t\t\n\t\t\t\t\t\t\t\t\n\t\t\t\t\t\t\t\t\t\t\t\t\t<div class=\"fusion-rollover-sep\"><\/div>\n\t\t\t\t\n\t\t\t\t\t\t\t\t\t\t\t\t\t\t\t\t\t\t<a class=\"fusion-rollover-gallery\" href=\"https:\/\/ramse.es\/wordpress\/wp-content\/uploads\/2017\/02\/morales1.jpg\" data-id=\"2278\" data-rel=\"iLightbox[gallery]\" data-title=\"morales1\" data-caption=\"\">\n\t\t\t\t\t\tGaler\u00eda\t\t\t\t\t<\/a>\n\t\t\t\t\t\t\t\t\t\t\t\t\t\t\n\t\t\n\t\t\t\t\t\t\t\t\n\t\t\t\t\t\t\t\t\n\t\t\n\t\t\t\t\t\t<a class=\"fusion-link-wrapper\" href=\"https:\/\/ramse.es\/wordpress\/las-transformacion-del-futuro-cirujano-una-vision\/\" aria-label=\"\u201cLAS TRANSFORMACI\u00d3N DEL FUTURO CIRUJANO: Una visi\u00f3n\u201d\"><\/a>\n\t<\/div>\n<\/div>\n<\/div>\n<\/li>\n\t\t\t\n\t\t\t\n\t\t\t\t\t\t\t\t\t\t\t\t\t\t\t\t\t\t\t\t\t\t\t\t\t\t\t\t\t\t\t\t\t\t\t\t\t\t\t\t\t\t\t\t\t\t\t\t\t\t\t\t\t\t\t\t\t\t\t\t\t\t\t\t\t\t\t\t<\/ul>\n\t<\/div>\n\t<div class=\"fusion-date-and-formats\"><div class=\"fusion-date-box updated\"><span class=\"fusion-date\">febrero<\/span><span class=\"fusion-month-year\">12:00 am<\/span><\/div><div class=\"fusion-format-box\"><i class=\"awb-icon-pen\" aria-hidden=\"true\"><\/i><\/div><\/div><div class=\"fusion-post-content post-content\"><h2 class=\"blog-shortcode-post-title entry-title\"><a href=\"https:\/\/ramse.es\/wordpress\/las-transformacion-del-futuro-cirujano-una-vision\/\">\u201cLAS TRANSFORMACI\u00d3N DEL FUTURO CIRUJANO: Una visi\u00f3n\u201d<\/a><\/h2><p class=\"fusion-single-line-meta\">Por <span class=\"vcard\"><span class=\"fn\"><a href=\"https:\/\/ramse.es\/wordpress\/author\/ivan_z0qj9h4b\/\" title=\"Entradas de admin\" rel=\"author\">admin<\/a><\/span><\/span><span class=\"fusion-inline-sep\">|<\/span><span class=\"updated\" style=\"display:none;\">2017-02-13T00:00:00+02:00<\/span><span>febrero 13th, 2017<\/span><span class=\"fusion-inline-sep\">|<\/span>Categor\u00edas: <a href=\"https:\/\/ramse.es\/wordpress\/category\/news\/latest-news\/\" rel=\"category tag\">Noticias<\/a><span class=\"fusion-inline-sep\">|<\/span><\/p><div class=\"fusion-post-content-container\"><p>El pasado jueves tuvo lugar en la sede de la Real Academia de Medicina y Cirug\u00eda de Sevilla la sesi\u00f3n \u201cLAS TRANSFORMACI\u00d3N DEL FUTURO CIRUJANO: Una visi\u00f3n\u201d del Curso de Actualizaciones en Cirug\u00eda - Cirug\u00eda Laparosc\u00f3pica,que anualmente organizan los Dres. Salvador Morales Conde y Javier Padillo. Durante la sesi\u00f3n se abordaron tres temas fundamentalmente: \u00bfCIRUJANOS M\u00c1S ENDOSCOPISTAS O ENDOSCOPISTAS M\u00c1S CIRUJANOS? por el Dr. JF Noguera con comentarios del Prof. <a href=\"https:\/\/ramse.es\/wordpress\/las-transformacion-del-futuro-cirujano-una-vision\/\">[...]<\/a><\/p><\/div><\/div><div class=\"fusion-clearfix\"><\/div><div class=\"fusion-meta-info\"><div class=\"fusion-alignright\"><a class=\"fusion-read-more\" href=\"https:\/\/ramse.es\/wordpress\/las-transformacion-del-futuro-cirujano-una-vision\/\" aria-label=\"More on \u201cLAS TRANSFORMACI\u00d3N DEL FUTURO CIRUJANO: Una visi\u00f3n\u201d\">Leer M\u00e1s<\/a><\/div><\/div><\/article>\n<article id=\"blog-1-post-2276\" class=\"fusion-post-large-alternate post-2276 post type-post status-publish format-standard hentry category-latest-news\">\n\t<style type=\"text\/css\">\n\t\t\n\t\t\n\t\t\n\t\t\n\t\t\t<\/style>\n\n\n<div class=\"fusion-date-and-formats\"><div class=\"fusion-date-box updated\"><span class=\"fusion-date\">febrero<\/span><span class=\"fusion-month-year\">12:00 am<\/span><\/div><div class=\"fusion-format-box\"><i class=\"awb-icon-pen\" aria-hidden=\"true\"><\/i><\/div><\/div><div class=\"fusion-post-content post-content\"><h2 class=\"blog-shortcode-post-title entry-title\"><a href=\"https:\/\/ramse.es\/wordpress\/jornadas-de-cirugia-septica-en-cot\/\">Jornadas de Cirug\u00eda S\u00e9ptica en COT<\/a><\/h2><p class=\"fusion-single-line-meta\">Por <span class=\"vcard\"><span class=\"fn\"><a href=\"https:\/\/ramse.es\/wordpress\/author\/ivan_z0qj9h4b\/\" title=\"Entradas de admin\" rel=\"author\">admin<\/a><\/span><\/span><span class=\"fusion-inline-sep\">|<\/span><span class=\"updated\" style=\"display:none;\">2017-02-02T00:00:00+02:00<\/span><span>febrero 2nd, 2017<\/span><span class=\"fusion-inline-sep\">|<\/span>Categor\u00edas: <a href=\"https:\/\/ramse.es\/wordpress\/category\/news\/latest-news\/\" rel=\"category tag\">Noticias<\/a><span class=\"fusion-inline-sep\">|<\/span><\/p><div class=\"fusion-post-content-container\"><p>La Real Academia de Medicina y Cirug\u00eda de Sevilla a acogido las Jornadas de Cirug\u00eda S\u00e9ptica en COT organizadas por la Unidad de Gesti\u00f3n Cl\u00ednica de Cirug\u00eda Ortop\u00e9dica, Traumatolog\u00eda y Reumatolog\u00eda Virgen del Roc\u00edo y dirigidas por los Dr. Javier Garc\u00e9s y Dr. Pedro Cano. En ellas se han abordado desde generalidades hasta infecciones articulares pasando por infecciones asociadas a materia de osteos\u00edntesis.<\/p><\/div><\/div><div class=\"fusion-clearfix\"><\/div><div class=\"fusion-meta-info\"><div class=\"fusion-alignright\"><a class=\"fusion-read-more\" href=\"https:\/\/ramse.es\/wordpress\/jornadas-de-cirugia-septica-en-cot\/\" aria-label=\"More on Jornadas de Cirug\u00eda S\u00e9ptica en COT\">Leer M\u00e1s<\/a><\/div><\/div><\/article>\n<article id=\"blog-1-post-2275\" class=\"fusion-post-large-alternate post-2275 post type-post status-publish format-standard hentry category-latest-news\">\n\t<style type=\"text\/css\">\n\t\t\n\t\t\n\t\t\n\t\t\n\t\t\t<\/style>\n\n\n<div class=\"fusion-date-and-formats\"><div class=\"fusion-date-box updated\"><span class=\"fusion-date\">enero<\/span><span class=\"fusion-month-year\">12:00 am<\/span><\/div><div class=\"fusion-format-box\"><i class=\"awb-icon-pen\" aria-hidden=\"true\"><\/i><\/div><\/div><div class=\"fusion-post-content post-content\"><h2 class=\"blog-shortcode-post-title entry-title\"><a href=\"https:\/\/ramse.es\/wordpress\/apertura-del-317-curso-academico\/\">Apertura del 317 Curso Acad\u00e9mico<\/a><\/h2><p class=\"fusion-single-line-meta\">Por <span class=\"vcard\"><span class=\"fn\"><a href=\"https:\/\/ramse.es\/wordpress\/author\/ivan_z0qj9h4b\/\" title=\"Entradas de admin\" rel=\"author\">admin<\/a><\/span><\/span><span class=\"fusion-inline-sep\">|<\/span><span class=\"updated\" style=\"display:none;\">2017-01-13T00:00:00+02:00<\/span><span>enero 13th, 2017<\/span><span class=\"fusion-inline-sep\">|<\/span>Categor\u00edas: <a href=\"https:\/\/ramse.es\/wordpress\/category\/news\/latest-news\/\" rel=\"category tag\">Noticias<\/a><span class=\"fusion-inline-sep\">|<\/span><\/p><div class=\"fusion-post-content-container\"><p>La Real Academia de Medicina y Cirug\u00eda de Sevilla ha celebrado la Apertura del 317 Curso Acad\u00e9mico, en la que el Acad\u00e9mico de N\u00famero Ilmo. Dr. D. Juan Bautista Alca\u00f1iz Folch, ha pronunciado el discurso protocolario titulado \u201cSeguridad en el acto anest\u00e9sico quir\u00fargico como garant\u00eda del paciente\u201d. En este acto , el Secretario General de la Corporaci\u00f3n, Ilmo. Dr. D. Ignacio G\u00f3mez de Terreros, ha hecho lectura de la Memoria <a href=\"https:\/\/ramse.es\/wordpress\/apertura-del-317-curso-academico\/\">[...]<\/a><\/p><\/div><\/div><div class=\"fusion-clearfix\"><\/div><div class=\"fusion-meta-info\"><div class=\"fusion-alignright\"><a class=\"fusion-read-more\" href=\"https:\/\/ramse.es\/wordpress\/apertura-del-317-curso-academico\/\" aria-label=\"More on Apertura del 317 Curso Acad\u00e9mico\">Leer M\u00e1s<\/a><\/div><\/div><\/article>\n<article id=\"blog-1-post-2274\" class=\"fusion-post-large-alternate post-2274 post type-post status-publish format-standard hentry category-latest-news\">\n\t<style type=\"text\/css\">\n\t\t\n\t\t\n\t\t\n\t\t\n\t\t\t<\/style>\n\n\n<div class=\"fusion-date-and-formats\"><div class=\"fusion-date-box updated\"><span class=\"fusion-date\">enero<\/span><span class=\"fusion-month-year\">12:00 am<\/span><\/div><div class=\"fusion-format-box\"><i class=\"awb-icon-pen\" aria-hidden=\"true\"><\/i><\/div><\/div><div class=\"fusion-post-content post-content\"><h2 class=\"blog-shortcode-post-title entry-title\"><a href=\"https:\/\/ramse.es\/wordpress\/ciclo-de-mesas-redondas-qsostenibilidad-del-sistema-sanitario-publicoq\/\">Ciclo de Mesas Redondas \u00abSostenibilidad del Sistema Sanitario Publico\u00bb<\/a><\/h2><p class=\"fusion-single-line-meta\">Por <span class=\"vcard\"><span class=\"fn\"><a href=\"https:\/\/ramse.es\/wordpress\/author\/ivan_z0qj9h4b\/\" title=\"Entradas de admin\" rel=\"author\">admin<\/a><\/span><\/span><span class=\"fusion-inline-sep\">|<\/span><span class=\"updated\" style=\"display:none;\">2017-01-11T00:00:00+02:00<\/span><span>enero 11th, 2017<\/span><span class=\"fusion-inline-sep\">|<\/span>Categor\u00edas: <a href=\"https:\/\/ramse.es\/wordpress\/category\/news\/latest-news\/\" rel=\"category tag\">Noticias<\/a><span class=\"fusion-inline-sep\">|<\/span><\/p><div class=\"fusion-post-content-container\"><p>La Real Academia de Medicina y Cirug\u00eda de Sevilla acoge un ciclo de Mesas Redondas sobre el tema de \"Sostenibilidad del Sistema Sanitario Publico\" ha organizado esta Real Academia en colaboraci\u00f3n con la Consejer\u00eda de Salud de la Junta de Andaluc\u00eda, se celebrar\u00e1n los mi\u00e9rcoles 11 de enero (20h.), 18 de enero (19:30h.), 25 de enero (20h.) y 1 de febrero (19:30h.). Puede descargar el programa pinchando aqu\u00ed<\/p><\/div><\/div><div class=\"fusion-clearfix\"><\/div><div class=\"fusion-meta-info\"><div class=\"fusion-alignright\"><a class=\"fusion-read-more\" href=\"https:\/\/ramse.es\/wordpress\/ciclo-de-mesas-redondas-qsostenibilidad-del-sistema-sanitario-publicoq\/\" aria-label=\"More on Ciclo de Mesas Redondas \u00abSostenibilidad del Sistema Sanitario Publico\u00bb\">Leer M\u00e1s<\/a><\/div><\/div><\/article>\n<article id=\"blog-1-post-2273\" class=\"fusion-post-large-alternate post-2273 post type-post status-publish format-standard has-post-thumbnail hentry category-latest-news category-premios-fundacion\">\n\t<style type=\"text\/css\">\n\t\t\n\t\t\n\t\t\n\t\t\n\t\t\t<\/style>\n\n\n\t\t\t<div class=\"fusion-flexslider flexslider fusion-flexslider-loading fusion-post-slideshow\" style=\"\">\n\t\t<ul class=\"slides\">\n\t\t\t\n\t\t\t\t\t\t\t\t\t\t\t\t\t\t<li><div  class=\"fusion-image-wrapper\" aria-haspopup=\"true\">\n\t\t\t\t<img decoding=\"async\" width=\"422\" height=\"336\" src=\"https:\/\/ramse.es\/wordpress\/wp-content\/uploads\/2016\/12\/premiosfunda16.jpg\" class=\"attachment-full size-full wp-post-image\" alt=\"\" srcset=\"https:\/\/ramse.es\/wordpress\/wp-content\/uploads\/2016\/12\/premiosfunda16-200x159.jpg 200w, https:\/\/ramse.es\/wordpress\/wp-content\/uploads\/2016\/12\/premiosfunda16-400x318.jpg 400w, https:\/\/ramse.es\/wordpress\/wp-content\/uploads\/2016\/12\/premiosfunda16.jpg 422w\" sizes=\"(max-width: 1000px) 100vw, 422px\" \/><div class=\"fusion-rollover\">\n\t<div class=\"fusion-rollover-content\">\n\n\t\t\t\t\t\t\t\t\t\t\t\t\t\t<a class=\"fusion-rollover-link\" href=\"https:\/\/ramse.es\/wordpress\/resolucion-del-concurso-cientifico-de-premios-convocados-por-la-fundacion-ramse-correspondientes-al-ano-2016\/\">Resoluci\u00f3n del Concurso Cient\u00edfico de Premios convocados por la Fundaci\u00f3n RAMSE, correspondientes al a\u00f1o 2016<\/a>\n\t\t\t\n\t\t\t\t\t\t\t\t\t\t\t\t\t\t\n\t\t\t\t\t\t\t\t\n\t\t\t\t\t\t\t\t\t\t\t\t\t<div class=\"fusion-rollover-sep\"><\/div>\n\t\t\t\t\n\t\t\t\t\t\t\t\t\t\t\t\t\t\t\t\t\t\t<a class=\"fusion-rollover-gallery\" href=\"https:\/\/ramse.es\/wordpress\/wp-content\/uploads\/2016\/12\/premiosfunda16.jpg\" data-id=\"2273\" data-rel=\"iLightbox[gallery]\" data-title=\"premiosfunda16\" data-caption=\"\">\n\t\t\t\t\t\tGaler\u00eda\t\t\t\t\t<\/a>\n\t\t\t\t\t\t\t\t\t\t\t\t\t\t\n\t\t\n\t\t\t\t\t\t\t\t\n\t\t\t\t\t\t\t\t\n\t\t\n\t\t\t\t\t\t<a class=\"fusion-link-wrapper\" href=\"https:\/\/ramse.es\/wordpress\/resolucion-del-concurso-cientifico-de-premios-convocados-por-la-fundacion-ramse-correspondientes-al-ano-2016\/\" aria-label=\"Resoluci\u00f3n del Concurso Cient\u00edfico de Premios convocados por la Fundaci\u00f3n RAMSE, correspondientes al a\u00f1o 2016\"><\/a>\n\t<\/div>\n<\/div>\n<\/div>\n<\/li>\n\t\t\t\n\t\t\t\n\t\t\t\t\t\t\t\t\t\t\t\t\t\t\t\t\t\t\t\t\t\t\t\t\t\t\t\t\t\t\t\t\t\t\t\t\t\t\t\t\t\t\t\t\t\t\t\t\t\t\t\t\t\t\t\t\t\t\t\t\t\t\t\t\t\t\t\t<\/ul>\n\t<\/div>\n\t<div class=\"fusion-date-and-formats\"><div class=\"fusion-date-box updated\"><span class=\"fusion-date\">diciembre<\/span><span class=\"fusion-month-year\">9:04 am<\/span><\/div><div class=\"fusion-format-box\"><i class=\"awb-icon-pen\" aria-hidden=\"true\"><\/i><\/div><\/div><div class=\"fusion-post-content post-content\"><h2 class=\"blog-shortcode-post-title entry-title\"><a href=\"https:\/\/ramse.es\/wordpress\/resolucion-del-concurso-cientifico-de-premios-convocados-por-la-fundacion-ramse-correspondientes-al-ano-2016\/\">Resoluci\u00f3n del Concurso Cient\u00edfico de Premios convocados por la Fundaci\u00f3n RAMSE, correspondientes al a\u00f1o 2016<\/a><\/h2><p class=\"fusion-single-line-meta\">Por <span class=\"vcard\"><span class=\"fn\"><a href=\"https:\/\/ramse.es\/wordpress\/author\/ivan_z0qj9h4b\/\" title=\"Entradas de admin\" rel=\"author\">admin<\/a><\/span><\/span><span class=\"fusion-inline-sep\">|<\/span><span class=\"updated\" style=\"display:none;\">2020-04-13T11:32:08+02:00<\/span><span>diciembre 20th, 2016<\/span><span class=\"fusion-inline-sep\">|<\/span>Categor\u00edas: <a href=\"https:\/\/ramse.es\/wordpress\/category\/news\/latest-news\/\" rel=\"category tag\">Noticias<\/a>, <a href=\"https:\/\/ramse.es\/wordpress\/category\/premios-fundacion\/\" rel=\"category tag\">Premios Fundaci\u00f3n<\/a><span class=\"fusion-inline-sep\">|<\/span><\/p><div class=\"fusion-post-content-container\"><p><\/p><p>Una vez o\u00eddas las propuestas de los jurados calificadores nombrados para cada premio, el Patronato ha acordado conceder:  <a href=\"https:\/\/ramse.es\/wordpress\/resolucion-del-concurso-cientifico-de-premios-convocados-por-la-fundacion-ramse-correspondientes-al-ano-2016\/\">[\u2026]<\/a><\/p>\n<\/div><\/div><div class=\"fusion-clearfix\"><\/div><div class=\"fusion-meta-info\"><div class=\"fusion-alignright\"><a class=\"fusion-read-more\" href=\"https:\/\/ramse.es\/wordpress\/resolucion-del-concurso-cientifico-de-premios-convocados-por-la-fundacion-ramse-correspondientes-al-ano-2016\/\" aria-label=\"More on Resoluci\u00f3n del Concurso Cient\u00edfico de Premios convocados por la Fundaci\u00f3n RAMSE, correspondientes al a\u00f1o 2016\">Leer M\u00e1s<\/a><\/div><\/div><\/article>\n<article id=\"blog-1-post-2271\" class=\"fusion-post-large-alternate post-2271 post type-post status-publish format-standard has-post-thumbnail hentry category-latest-news category-premios-academia\">\n\t<style type=\"text\/css\">\n\t\t\n\t\t\n\t\t\n\t\t\n\t\t\t<\/style>\n\n\n\t\t\t<div class=\"fusion-flexslider flexslider fusion-flexslider-loading fusion-post-slideshow\" style=\"\">\n\t\t<ul class=\"slides\">\n\t\t\t\n\t\t\t\t\t\t\t\t\t\t\t\t\t\t<li><div  class=\"fusion-image-wrapper\" aria-haspopup=\"true\">\n\t\t\t\t<img decoding=\"async\" width=\"448\" height=\"336\" src=\"https:\/\/ramse.es\/wordpress\/wp-content\/uploads\/2016\/12\/premiosramse16.jpg\" class=\"attachment-full size-full wp-post-image\" alt=\"\" srcset=\"https:\/\/ramse.es\/wordpress\/wp-content\/uploads\/2016\/12\/premiosramse16-200x150.jpg 200w, https:\/\/ramse.es\/wordpress\/wp-content\/uploads\/2016\/12\/premiosramse16-400x300.jpg 400w, https:\/\/ramse.es\/wordpress\/wp-content\/uploads\/2016\/12\/premiosramse16.jpg 448w\" sizes=\"(max-width: 1000px) 100vw, 448px\" \/><div class=\"fusion-rollover\">\n\t<div class=\"fusion-rollover-content\">\n\n\t\t\t\t\t\t\t\t\t\t\t\t\t\t<a class=\"fusion-rollover-link\" href=\"https:\/\/ramse.es\/wordpress\/resolucion-del-concurso-cientifico-de-premios-convocados-por-la-real-academia-de-medicina-y-cirugia-de-sevilla-correspondientes-al-ano-2016\/\">Resoluci\u00f3n del Concurso Cient\u00edfico de Premios convocados por la Real Academia de Medicina y Cirug\u00eda de Sevilla correspondientes al a\u00f1o 2016<\/a>\n\t\t\t\n\t\t\t\t\t\t\t\t\t\t\t\t\t\t\n\t\t\t\t\t\t\t\t\n\t\t\t\t\t\t\t\t\t\t\t\t\t<div class=\"fusion-rollover-sep\"><\/div>\n\t\t\t\t\n\t\t\t\t\t\t\t\t\t\t\t\t\t\t\t\t\t\t<a class=\"fusion-rollover-gallery\" href=\"https:\/\/ramse.es\/wordpress\/wp-content\/uploads\/2016\/12\/premiosramse16.jpg\" data-id=\"2271\" data-rel=\"iLightbox[gallery]\" data-title=\"premiosramse16\" data-caption=\"\">\n\t\t\t\t\t\tGaler\u00eda\t\t\t\t\t<\/a>\n\t\t\t\t\t\t\t\t\t\t\t\t\t\t\n\t\t\n\t\t\t\t\t\t\t\t\n\t\t\t\t\t\t\t\t\n\t\t\n\t\t\t\t\t\t<a class=\"fusion-link-wrapper\" href=\"https:\/\/ramse.es\/wordpress\/resolucion-del-concurso-cientifico-de-premios-convocados-por-la-real-academia-de-medicina-y-cirugia-de-sevilla-correspondientes-al-ano-2016\/\" aria-label=\"Resoluci\u00f3n del Concurso Cient\u00edfico de Premios convocados por la Real Academia de Medicina y Cirug\u00eda de Sevilla correspondientes al a\u00f1o 2016\"><\/a>\n\t<\/div>\n<\/div>\n<\/div>\n<\/li>\n\t\t\t\n\t\t\t\n\t\t\t\t\t\t\t\t\t\t\t\t\t\t\t\t\t\t\t\t\t\t\t\t\t\t\t\t\t\t\t\t\t\t\t\t\t\t\t\t\t\t\t\t\t\t\t\t\t\t\t\t\t\t\t\t\t\t\t\t\t\t\t\t\t\t\t\t<\/ul>\n\t<\/div>\n\t<div class=\"fusion-date-and-formats\"><div class=\"fusion-date-box updated\"><span class=\"fusion-date\">diciembre<\/span><span class=\"fusion-month-year\">8:58 am<\/span><\/div><div class=\"fusion-format-box\"><i class=\"awb-icon-pen\" aria-hidden=\"true\"><\/i><\/div><\/div><div class=\"fusion-post-content post-content\"><h2 class=\"blog-shortcode-post-title entry-title\"><a href=\"https:\/\/ramse.es\/wordpress\/resolucion-del-concurso-cientifico-de-premios-convocados-por-la-real-academia-de-medicina-y-cirugia-de-sevilla-correspondientes-al-ano-2016\/\">Resoluci\u00f3n del Concurso Cient\u00edfico de Premios convocados por la Real Academia de Medicina y Cirug\u00eda de Sevilla correspondientes al a\u00f1o 2016<\/a><\/h2><p class=\"fusion-single-line-meta\">Por <span class=\"vcard\"><span class=\"fn\"><a href=\"https:\/\/ramse.es\/wordpress\/author\/ivan_z0qj9h4b\/\" title=\"Entradas de admin\" rel=\"author\">admin<\/a><\/span><\/span><span class=\"fusion-inline-sep\">|<\/span><span class=\"updated\" style=\"display:none;\">2020-04-13T11:32:18+02:00<\/span><span>diciembre 20th, 2016<\/span><span class=\"fusion-inline-sep\">|<\/span>Categor\u00edas: <a href=\"https:\/\/ramse.es\/wordpress\/category\/news\/latest-news\/\" rel=\"category tag\">Noticias<\/a>, <a href=\"https:\/\/ramse.es\/wordpress\/category\/premios-academia\/\" rel=\"category tag\">Premios Academia<\/a><span class=\"fusion-inline-sep\">|<\/span><\/p><div class=\"fusion-post-content-container\"><p><\/p><p>Una vez o\u00eddas las propuestas de los jurados calificadores nombrados para cada premio, el Pleno Acad\u00e9mico, reunido en sesi\u00f3n ordinaria el d\u00eda 29 de noviembre del presente a\u00f1o, ha acordado conceder los siguientes premios:  <a href=\"https:\/\/ramse.es\/wordpress\/resolucion-del-concurso-cientifico-de-premios-convocados-por-la-real-academia-de-medicina-y-cirugia-de-sevilla-correspondientes-al-ano-2016\/\">[\u2026]<\/a><\/p>\n<\/div><\/div><div class=\"fusion-clearfix\"><\/div><div class=\"fusion-meta-info\"><div class=\"fusion-alignright\"><a class=\"fusion-read-more\" href=\"https:\/\/ramse.es\/wordpress\/resolucion-del-concurso-cientifico-de-premios-convocados-por-la-real-academia-de-medicina-y-cirugia-de-sevilla-correspondientes-al-ano-2016\/\" aria-label=\"More on Resoluci\u00f3n del Concurso Cient\u00edfico de Premios convocados por la Real Academia de Medicina y Cirug\u00eda de Sevilla correspondientes al a\u00f1o 2016\">Leer M\u00e1s<\/a><\/div><\/div><\/article>\n<article id=\"blog-1-post-2269\" class=\"fusion-post-large-alternate post-2269 post type-post status-publish format-standard has-post-thumbnail hentry category-latest-news\">\n\t<style type=\"text\/css\">\n\t\t\n\t\t\n\t\t\n\t\t\n\t\t\t<\/style>\n\n\n\t\t\t<div class=\"fusion-flexslider flexslider fusion-flexslider-loading fusion-post-slideshow\" style=\"\">\n\t\t<ul class=\"slides\">\n\t\t\t\n\t\t\t\t\t\t\t\t\t\t\t\t\t\t<li><div  class=\"fusion-image-wrapper\" aria-haspopup=\"true\">\n\t\t\t\t<img decoding=\"async\" width=\"448\" height=\"336\" src=\"https:\/\/ramse.es\/wordpress\/wp-content\/uploads\/2016\/12\/clausura16.jpg\" class=\"attachment-full size-full wp-post-image\" alt=\"\" srcset=\"https:\/\/ramse.es\/wordpress\/wp-content\/uploads\/2016\/12\/clausura16-200x150.jpg 200w, https:\/\/ramse.es\/wordpress\/wp-content\/uploads\/2016\/12\/clausura16-400x300.jpg 400w, https:\/\/ramse.es\/wordpress\/wp-content\/uploads\/2016\/12\/clausura16.jpg 448w\" sizes=\"(max-width: 1000px) 100vw, 448px\" \/><div class=\"fusion-rollover\">\n\t<div class=\"fusion-rollover-content\">\n\n\t\t\t\t\t\t\t\t\t\t\t\t\t\t<a class=\"fusion-rollover-link\" href=\"https:\/\/ramse.es\/wordpress\/clausura-del-316-curso-academico\/\">Clausura del 316 Curso Acad\u00e9mico<\/a>\n\t\t\t\n\t\t\t\t\t\t\t\t\t\t\t\t\t\t\n\t\t\t\t\t\t\t\t\n\t\t\t\t\t\t\t\t\t\t\t\t\t<div class=\"fusion-rollover-sep\"><\/div>\n\t\t\t\t\n\t\t\t\t\t\t\t\t\t\t\t\t\t\t\t\t\t\t<a class=\"fusion-rollover-gallery\" href=\"https:\/\/ramse.es\/wordpress\/wp-content\/uploads\/2016\/12\/clausura16.jpg\" data-id=\"2269\" data-rel=\"iLightbox[gallery]\" data-title=\"clausura16\" data-caption=\"\">\n\t\t\t\t\t\tGaler\u00eda\t\t\t\t\t<\/a>\n\t\t\t\t\t\t\t\t\t\t\t\t\t\t\n\t\t\n\t\t\t\t\t\t\t\t\n\t\t\t\t\t\t\t\t\n\t\t\n\t\t\t\t\t\t<a class=\"fusion-link-wrapper\" href=\"https:\/\/ramse.es\/wordpress\/clausura-del-316-curso-academico\/\" aria-label=\"Clausura del 316 Curso Acad\u00e9mico\"><\/a>\n\t<\/div>\n<\/div>\n<\/div>\n<\/li>\n\t\t\t\n\t\t\t\n\t\t\t\t\t\t\t\t\t\t\t\t\t\t\t\t\t\t\t\t\t\t\t\t\t\t\t\t\t\t\t\t\t\t\t\t\t\t\t\t\t\t\t\t\t\t\t\t\t\t\t\t\t\t\t\t\t\t\t\t\t\t\t\t\t\t\t\t<\/ul>\n\t<\/div>\n\t<div class=\"fusion-date-and-formats\"><div class=\"fusion-date-box updated\"><span class=\"fusion-date\">diciembre<\/span><span class=\"fusion-month-year\">12:00 am<\/span><\/div><div class=\"fusion-format-box\"><i class=\"awb-icon-pen\" aria-hidden=\"true\"><\/i><\/div><\/div><div class=\"fusion-post-content post-content\"><h2 class=\"blog-shortcode-post-title entry-title\"><a href=\"https:\/\/ramse.es\/wordpress\/clausura-del-316-curso-academico\/\">Clausura del 316 Curso Acad\u00e9mico<\/a><\/h2><p class=\"fusion-single-line-meta\">Por <span class=\"vcard\"><span class=\"fn\"><a href=\"https:\/\/ramse.es\/wordpress\/author\/ivan_z0qj9h4b\/\" title=\"Entradas de admin\" rel=\"author\">admin<\/a><\/span><\/span><span class=\"fusion-inline-sep\">|<\/span><span class=\"updated\" style=\"display:none;\">2016-12-16T00:00:00+02:00<\/span><span>diciembre 16th, 2016<\/span><span class=\"fusion-inline-sep\">|<\/span>Categor\u00edas: <a href=\"https:\/\/ramse.es\/wordpress\/category\/news\/latest-news\/\" rel=\"category tag\">Noticias<\/a><span class=\"fusion-inline-sep\">|<\/span><\/p><div class=\"fusion-post-content-container\"><p>El pasado jueves 15 de diciembre tuvo lugar en la Real Academia de Medicina y Cirug\u00eda de Sevilla la clausura del 316 Curso Acad\u00e9mico en la que el Prof. Dr. Josep Rodes-Cabau, pronunci\u00f3 una conferencia titulada \u201cExperiencia global con TAVI: \u00bfhacia d\u00f3nde vamos?, \u00bfcu\u00e1les son los nuevos escenarios?\u201d siendo presentado por el Acad\u00e9mico de N\u00famero Ilmo. Carlos Infantes Alc\u00f3n. Finalmente se procedi\u00f3 a la apertura de Plicas del Concurso Cient\u00edfico <a href=\"https:\/\/ramse.es\/wordpress\/clausura-del-316-curso-academico\/\">[...]<\/a><\/p><\/div><\/div><div class=\"fusion-clearfix\"><\/div><div class=\"fusion-meta-info\"><div class=\"fusion-alignright\"><a class=\"fusion-read-more\" href=\"https:\/\/ramse.es\/wordpress\/clausura-del-316-curso-academico\/\" aria-label=\"More on Clausura del 316 Curso Acad\u00e9mico\">Leer M\u00e1s<\/a><\/div><\/div><\/article>\n<article id=\"blog-1-post-2267\" class=\"fusion-post-large-alternate post-2267 post type-post status-publish format-standard has-post-thumbnail hentry category-latest-news\">\n\t<style type=\"text\/css\">\n\t\t\n\t\t\n\t\t\n\t\t\n\t\t\t<\/style>\n\n\n\t\t\t<div class=\"fusion-flexslider flexslider fusion-flexslider-loading fusion-post-slideshow\" style=\"\">\n\t\t<ul class=\"slides\">\n\t\t\t\n\t\t\t\t\t\t\t\t\t\t\t\t\t\t<li><div  class=\"fusion-image-wrapper\" aria-haspopup=\"true\">\n\t\t\t\t<img decoding=\"async\" width=\"336\" height=\"448\" src=\"https:\/\/ramse.es\/wordpress\/wp-content\/uploads\/2016\/12\/2016-11-30-21.09.43.jpg\" class=\"attachment-full size-full wp-post-image\" alt=\"\" srcset=\"https:\/\/ramse.es\/wordpress\/wp-content\/uploads\/2016\/12\/2016-11-30-21.09.43-200x267.jpg 200w, https:\/\/ramse.es\/wordpress\/wp-content\/uploads\/2016\/12\/2016-11-30-21.09.43.jpg 336w\" sizes=\"(max-width: 1000px) 100vw, 336px\" \/><div class=\"fusion-rollover\">\n\t<div class=\"fusion-rollover-content\">\n\n\t\t\t\t\t\t\t\t\t\t\t\t\t\t<a class=\"fusion-rollover-link\" href=\"https:\/\/ramse.es\/wordpress\/presentacion-del-libro-acido-hialuronico-manual-de-relleno-esteticos-tercio-facial-inferior\/\">Presentaci\u00f3n del libro \u00ab\u00c1cido hialur\u00f3nico. Manual de relleno est\u00e9ticos-tercio facial inferior\u00bb<\/a>\n\t\t\t\n\t\t\t\t\t\t\t\t\t\t\t\t\t\t\n\t\t\t\t\t\t\t\t\n\t\t\t\t\t\t\t\t\t\t\t\t\t<div class=\"fusion-rollover-sep\"><\/div>\n\t\t\t\t\n\t\t\t\t\t\t\t\t\t\t\t\t\t\t\t\t\t\t<a class=\"fusion-rollover-gallery\" href=\"https:\/\/ramse.es\/wordpress\/wp-content\/uploads\/2016\/12\/2016-11-30-21.09.43.jpg\" data-id=\"2267\" data-rel=\"iLightbox[gallery]\" data-title=\"2016-11-30-21.09.43\" data-caption=\"\">\n\t\t\t\t\t\tGaler\u00eda\t\t\t\t\t<\/a>\n\t\t\t\t\t\t\t\t\t\t\t\t\t\t\n\t\t\n\t\t\t\t\t\t\t\t\n\t\t\t\t\t\t\t\t\n\t\t\n\t\t\t\t\t\t<a class=\"fusion-link-wrapper\" href=\"https:\/\/ramse.es\/wordpress\/presentacion-del-libro-acido-hialuronico-manual-de-relleno-esteticos-tercio-facial-inferior\/\" aria-label=\"Presentaci\u00f3n del libro \u00ab\u00c1cido hialur\u00f3nico. Manual de relleno est\u00e9ticos-tercio facial inferior\u00bb\"><\/a>\n\t<\/div>\n<\/div>\n<\/div>\n<\/li>\n\t\t\t\n\t\t\t\n\t\t\t\t\t\t\t\t\t\t\t\t\t\t\t\t\t\t\t\t\t\t\t\t\t\t\t\t\t\t\t\t\t\t\t\t\t\t\t\t\t\t\t\t\t\t\t\t\t\t\t\t\t\t\t\t\t\t\t\t\t\t\t\t\t\t\t\t<\/ul>\n\t<\/div>\n\t<div class=\"fusion-date-and-formats\"><div class=\"fusion-date-box updated\"><span class=\"fusion-date\">diciembre<\/span><span class=\"fusion-month-year\">9:31 am<\/span><\/div><div class=\"fusion-format-box\"><i class=\"awb-icon-pen\" aria-hidden=\"true\"><\/i><\/div><\/div><div class=\"fusion-post-content post-content\"><h2 class=\"blog-shortcode-post-title entry-title\"><a href=\"https:\/\/ramse.es\/wordpress\/presentacion-del-libro-acido-hialuronico-manual-de-relleno-esteticos-tercio-facial-inferior\/\">Presentaci\u00f3n del libro \u00ab\u00c1cido hialur\u00f3nico. Manual de relleno est\u00e9ticos-tercio facial inferior\u00bb<\/a><\/h2><p class=\"fusion-single-line-meta\">Por <span class=\"vcard\"><span class=\"fn\"><a href=\"https:\/\/ramse.es\/wordpress\/author\/ivan_z0qj9h4b\/\" title=\"Entradas de admin\" rel=\"author\">admin<\/a><\/span><\/span><span class=\"fusion-inline-sep\">|<\/span><span class=\"updated\" style=\"display:none;\">2016-12-02T09:31:49+02:00<\/span><span>diciembre 2nd, 2016<\/span><span class=\"fusion-inline-sep\">|<\/span>Categor\u00edas: <a href=\"https:\/\/ramse.es\/wordpress\/category\/news\/latest-news\/\" rel=\"category tag\">Noticias<\/a><span class=\"fusion-inline-sep\">|<\/span><\/p><div class=\"fusion-post-content-container\"><p>\u00a0 El pasado mi\u00e9rcoles 30 de noviembre tuvo lugar en la Real Academia de Medicina y Cirug\u00eda de Sevilla la presentaci\u00f3n del libro de la Dra. Esther Hern\u00e1ndez-Pacheco Camarero titulado: \"\u00c1cido hialur\u00f3nico. Manual de relleno est\u00e9ticos-tercio facial inferior\". El acto fue presidido por el Secretario General, doctor Ignacio G\u00f3mez de Terreros.<\/p><\/div><\/div><div class=\"fusion-clearfix\"><\/div><div class=\"fusion-meta-info\"><div class=\"fusion-alignright\"><a class=\"fusion-read-more\" href=\"https:\/\/ramse.es\/wordpress\/presentacion-del-libro-acido-hialuronico-manual-de-relleno-esteticos-tercio-facial-inferior\/\" aria-label=\"More on Presentaci\u00f3n del libro \u00ab\u00c1cido hialur\u00f3nico. Manual de relleno est\u00e9ticos-tercio facial inferior\u00bb\">Leer M\u00e1s<\/a><\/div><\/div><\/article>\n<article id=\"blog-1-post-2265\" class=\"fusion-post-large-alternate post-2265 post type-post status-publish format-standard has-post-thumbnail hentry category-latest-news\">\n\t<style type=\"text\/css\">\n\t\t\n\t\t\n\t\t\n\t\t\n\t\t\t<\/style>\n\n\n\t\t\t<div class=\"fusion-flexslider flexslider fusion-flexslider-loading fusion-post-slideshow\" style=\"\">\n\t\t<ul class=\"slides\">\n\t\t\t\n\t\t\t\t\t\t\t\t\t\t\t\t\t\t<li><div  class=\"fusion-image-wrapper\" aria-haspopup=\"true\">\n\t\t\t\t<img decoding=\"async\" width=\"437\" height=\"336\" src=\"https:\/\/ramse.es\/wordpress\/wp-content\/uploads\/2016\/11\/conferenciaantoniopulido2.jpg\" class=\"attachment-full size-full wp-post-image\" alt=\"\" srcset=\"https:\/\/ramse.es\/wordpress\/wp-content\/uploads\/2016\/11\/conferenciaantoniopulido2-200x154.jpg 200w, https:\/\/ramse.es\/wordpress\/wp-content\/uploads\/2016\/11\/conferenciaantoniopulido2-400x308.jpg 400w, https:\/\/ramse.es\/wordpress\/wp-content\/uploads\/2016\/11\/conferenciaantoniopulido2.jpg 437w\" sizes=\"(max-width: 1000px) 100vw, 437px\" \/><div class=\"fusion-rollover\">\n\t<div class=\"fusion-rollover-content\">\n\n\t\t\t\t\t\t\t\t\t\t\t\t\t\t<a class=\"fusion-rollover-link\" href=\"https:\/\/ramse.es\/wordpress\/conferencia-transformacion-y-perspectivas-del-sistema-sanitario-financiero-espanol\/\">Conferencia \u00abTransformaci\u00f3n y perspectivas del Sistema Sanitario Financiero Espa\u00f1ol\u00bb<\/a>\n\t\t\t\n\t\t\t\t\t\t\t\t\t\t\t\t\t\t\n\t\t\t\t\t\t\t\t\n\t\t\t\t\t\t\t\t\t\t\t\t\t<div class=\"fusion-rollover-sep\"><\/div>\n\t\t\t\t\n\t\t\t\t\t\t\t\t\t\t\t\t\t\t\t\t\t\t<a class=\"fusion-rollover-gallery\" href=\"https:\/\/ramse.es\/wordpress\/wp-content\/uploads\/2016\/11\/conferenciaantoniopulido2.jpg\" data-id=\"2265\" data-rel=\"iLightbox[gallery]\" data-title=\"conferenciaantoniopulido2\" data-caption=\"\">\n\t\t\t\t\t\tGaler\u00eda\t\t\t\t\t<\/a>\n\t\t\t\t\t\t\t\t\t\t\t\t\t\t\n\t\t\n\t\t\t\t\t\t\t\t\n\t\t\t\t\t\t\t\t\n\t\t\n\t\t\t\t\t\t<a class=\"fusion-link-wrapper\" href=\"https:\/\/ramse.es\/wordpress\/conferencia-transformacion-y-perspectivas-del-sistema-sanitario-financiero-espanol\/\" aria-label=\"Conferencia \u00abTransformaci\u00f3n y perspectivas del Sistema Sanitario Financiero Espa\u00f1ol\u00bb\"><\/a>\n\t<\/div>\n<\/div>\n<\/div>\n<\/li>\n\t\t\t\n\t\t\t\n\t\t\t\t\t\t\t\t\t\t\t\t\t\t\t\t\t\t\t\t\t\t\t\t\t\t\t\t\t\t\t\t\t\t\t\t\t\t\t\t\t\t\t\t\t\t\t\t\t\t\t\t\t\t\t\t\t\t\t\t\t\t\t\t\t\t\t\t<\/ul>\n\t<\/div>\n\t<div class=\"fusion-date-and-formats\"><div class=\"fusion-date-box updated\"><span class=\"fusion-date\">noviembre<\/span><span class=\"fusion-month-year\">12:00 am<\/span><\/div><div class=\"fusion-format-box\"><i class=\"awb-icon-pen\" aria-hidden=\"true\"><\/i><\/div><\/div><div class=\"fusion-post-content post-content\"><h2 class=\"blog-shortcode-post-title entry-title\"><a href=\"https:\/\/ramse.es\/wordpress\/conferencia-transformacion-y-perspectivas-del-sistema-sanitario-financiero-espanol\/\">Conferencia \u00abTransformaci\u00f3n y perspectivas del Sistema Sanitario Financiero Espa\u00f1ol\u00bb<\/a><\/h2><p class=\"fusion-single-line-meta\">Por <span class=\"vcard\"><span class=\"fn\"><a href=\"https:\/\/ramse.es\/wordpress\/author\/ivan_z0qj9h4b\/\" title=\"Entradas de admin\" rel=\"author\">admin<\/a><\/span><\/span><span class=\"fusion-inline-sep\">|<\/span><span class=\"updated\" style=\"display:none;\">2016-11-23T00:00:00+02:00<\/span><span>noviembre 23rd, 2016<\/span><span class=\"fusion-inline-sep\">|<\/span>Categor\u00edas: <a href=\"https:\/\/ramse.es\/wordpress\/category\/news\/latest-news\/\" rel=\"category tag\">Noticias<\/a><span class=\"fusion-inline-sep\">|<\/span><\/p><div class=\"fusion-post-content-container\"><p>Esta tarde se ha celebrado en la Real Academia de Medicina y Cirug\u00eda de Sevilla una conferencia impartida por D. Antonio Pulido Guti\u00e9rrez, presidente de la Fundaci\u00f3n Cajasol, titulada \"Transformaci\u00f3n y perspectivas del Sistema Sanitario Financiero Espa\u00f1ol\". El conferenciante ha sido presentado por el presidente de la RAMSE, D. Jes\u00fas Casti\u00f1eiras Fern\u00e1ndez.<\/p><\/div><\/div><div class=\"fusion-clearfix\"><\/div><div class=\"fusion-meta-info\"><div class=\"fusion-alignright\"><a class=\"fusion-read-more\" href=\"https:\/\/ramse.es\/wordpress\/conferencia-transformacion-y-perspectivas-del-sistema-sanitario-financiero-espanol\/\" aria-label=\"More on Conferencia \u00abTransformaci\u00f3n y perspectivas del Sistema Sanitario Financiero Espa\u00f1ol\u00bb\">Leer M\u00e1s<\/a><\/div><\/div><\/article>\n<article id=\"blog-1-post-2263\" class=\"fusion-post-large-alternate post-2263 post type-post status-publish format-standard hentry category-latest-news\">\n\t<style type=\"text\/css\">\n\t\t\n\t\t\n\t\t\n\t\t\n\t\t\t<\/style>\n\n\n<div class=\"fusion-date-and-formats\"><div class=\"fusion-date-box updated\"><span class=\"fusion-date\">noviembre<\/span><span class=\"fusion-month-year\">12:00 am<\/span><\/div><div class=\"fusion-format-box\"><i class=\"awb-icon-pen\" aria-hidden=\"true\"><\/i><\/div><\/div><div class=\"fusion-post-content post-content\"><h2 class=\"blog-shortcode-post-title entry-title\"><a href=\"https:\/\/ramse.es\/wordpress\/mesa-redonda-qpresente-y-futuro-de-la-medicina-del-trabajo-en-el-siglo-xxiq\/\">Mesa Redonda \u00abPresente y futuro de la Medicina del Trabajo en el siglo XXI\u00bb<\/a><\/h2><p class=\"fusion-single-line-meta\">Por <span class=\"vcard\"><span class=\"fn\"><a href=\"https:\/\/ramse.es\/wordpress\/author\/ivan_z0qj9h4b\/\" title=\"Entradas de admin\" rel=\"author\">admin<\/a><\/span><\/span><span class=\"fusion-inline-sep\">|<\/span><span class=\"updated\" style=\"display:none;\">2016-11-18T00:00:00+02:00<\/span><span>noviembre 18th, 2016<\/span><span class=\"fusion-inline-sep\">|<\/span>Categor\u00edas: <a href=\"https:\/\/ramse.es\/wordpress\/category\/news\/latest-news\/\" rel=\"category tag\">Noticias<\/a><span class=\"fusion-inline-sep\">|<\/span><\/p><div class=\"fusion-post-content-container\"><p>El pasado jueves 17 de noviembre tuvo lugar en la Real Academia de Medicina y Cirug\u00eda de Sevilla una mesa redonda titulada \"Presente y futuro de la Medicina del Trabajo en el siglo XXI\" organizada y moderada por el Acad\u00e9mico de N\u00famero Ilmo. Dr. Pedro de Castro. Durante el transcurso de la mesa redonda se record\u00f3 c\u00f3mo ha sido el devenir de esta especialidad, haciendo menci\u00f3n de aquellas situaciones que <a href=\"https:\/\/ramse.es\/wordpress\/mesa-redonda-qpresente-y-futuro-de-la-medicina-del-trabajo-en-el-siglo-xxiq\/\">[...]<\/a><\/p><\/div><\/div><div class=\"fusion-clearfix\"><\/div><div class=\"fusion-meta-info\"><div class=\"fusion-alignright\"><a class=\"fusion-read-more\" href=\"https:\/\/ramse.es\/wordpress\/mesa-redonda-qpresente-y-futuro-de-la-medicina-del-trabajo-en-el-siglo-xxiq\/\" aria-label=\"More on Mesa Redonda \u00abPresente y futuro de la Medicina del Trabajo en el siglo XXI\u00bb\">Leer M\u00e1s<\/a><\/div><\/div><\/article>\n<article id=\"blog-1-post-2262\" class=\"fusion-post-large-alternate post-2262 post type-post status-publish format-standard hentry category-latest-news\">\n\t<style type=\"text\/css\">\n\t\t\n\t\t\n\t\t\n\t\t\n\t\t\t<\/style>\n\n\n<div class=\"fusion-date-and-formats\"><div class=\"fusion-date-box updated\"><span class=\"fusion-date\">noviembre<\/span><span class=\"fusion-month-year\">12:00 am<\/span><\/div><div class=\"fusion-format-box\"><i class=\"awb-icon-pen\" aria-hidden=\"true\"><\/i><\/div><\/div><div class=\"fusion-post-content post-content\"><h2 class=\"blog-shortcode-post-title entry-title\"><a href=\"https:\/\/ramse.es\/wordpress\/mesa-redonda-presente-y-futuro-de-la-cirugia-laringea\/\">Mesa Redonda \u00abPresente y futuro de la cirug\u00eda lar\u00edngea\u00bb<\/a><\/h2><p class=\"fusion-single-line-meta\">Por <span class=\"vcard\"><span class=\"fn\"><a href=\"https:\/\/ramse.es\/wordpress\/author\/ivan_z0qj9h4b\/\" title=\"Entradas de admin\" rel=\"author\">admin<\/a><\/span><\/span><span class=\"fusion-inline-sep\">|<\/span><span class=\"updated\" style=\"display:none;\">2016-11-11T00:00:00+02:00<\/span><span>noviembre 11th, 2016<\/span><span class=\"fusion-inline-sep\">|<\/span>Categor\u00edas: <a href=\"https:\/\/ramse.es\/wordpress\/category\/news\/latest-news\/\" rel=\"category tag\">Noticias<\/a><span class=\"fusion-inline-sep\">|<\/span><\/p><div class=\"fusion-post-content-container\"><p>La Real Academia de Medicina y Cirug\u00eda de Sevilla acogi\u00f3 ayer una mesa redonda titulada \"Presente y futuro de la cirug\u00eda lar\u00edngea\" organizada y moderada por el Acad\u00e9mico Correspondiente Hugo Galera Ruiz. Los avances cient\u00edfico t\u00e9cnicos de finales del siglo XX facilitan el mejor conocimiento de la fisiolog\u00eda lar\u00edngea y permiten desarrollar nuevos tratamientos menos invasivos. Existen 3 pilares en cirug\u00eda de laringe en los que se apoyan estos avances: <a href=\"https:\/\/ramse.es\/wordpress\/mesa-redonda-presente-y-futuro-de-la-cirugia-laringea\/\">[...]<\/a><\/p><\/div><\/div><div class=\"fusion-clearfix\"><\/div><div class=\"fusion-meta-info\"><div class=\"fusion-alignright\"><a class=\"fusion-read-more\" href=\"https:\/\/ramse.es\/wordpress\/mesa-redonda-presente-y-futuro-de-la-cirugia-laringea\/\" aria-label=\"More on Mesa Redonda \u00abPresente y futuro de la cirug\u00eda lar\u00edngea\u00bb\">Leer M\u00e1s<\/a><\/div><\/div><\/article>\n<article id=\"blog-1-post-2261\" class=\"fusion-post-large-alternate post-2261 post type-post status-publish format-standard hentry category-latest-news\">\n\t<style type=\"text\/css\">\n\t\t\n\t\t\n\t\t\n\t\t\n\t\t\t<\/style>\n\n\n<div class=\"fusion-date-and-formats\"><div class=\"fusion-date-box updated\"><span class=\"fusion-date\">noviembre<\/span><span class=\"fusion-month-year\">12:00 am<\/span><\/div><div class=\"fusion-format-box\"><i class=\"awb-icon-pen\" aria-hidden=\"true\"><\/i><\/div><\/div><div class=\"fusion-post-content post-content\"><h2 class=\"blog-shortcode-post-title entry-title\"><a href=\"https:\/\/ramse.es\/wordpress\/iii-jornadas-de-medicina-fetal-genetica-y-reproduccion\/\">III Jornadas de Medicina Fetal, Gen\u00e9tica y Reproducci\u00f3n<\/a><\/h2><p class=\"fusion-single-line-meta\">Por <span class=\"vcard\"><span class=\"fn\"><a href=\"https:\/\/ramse.es\/wordpress\/author\/ivan_z0qj9h4b\/\" title=\"Entradas de admin\" rel=\"author\">admin<\/a><\/span><\/span><span class=\"fusion-inline-sep\">|<\/span><span class=\"updated\" style=\"display:none;\">2016-11-07T00:00:00+02:00<\/span><span>noviembre 7th, 2016<\/span><span class=\"fusion-inline-sep\">|<\/span>Categor\u00edas: <a href=\"https:\/\/ramse.es\/wordpress\/category\/news\/latest-news\/\" rel=\"category tag\">Noticias<\/a><span class=\"fusion-inline-sep\">|<\/span><\/p><div class=\"fusion-post-content-container\"><p>El pasado 3 de noviembre la Real Academia de Medicina y Cirug\u00eda de Sevilla acogi\u00f3 \"III Jornadas de Medicina Fetal, Gen\u00e9tica y Reproducci\u00f3n\" organizadas por la Dra. Victoria Rey Caballero. El aumento de la edad materna para la gestaci\u00f3n, la aplicaci\u00f3n, cada vez m\u00e1s frecuente, de t\u00e9cnicas de reproducci\u00f3n asistida para la consecuci\u00f3n del embarazo, y la demanda social de un conocimiento cada vez m\u00e1s preciso de la evoluci\u00f3n del <a href=\"https:\/\/ramse.es\/wordpress\/iii-jornadas-de-medicina-fetal-genetica-y-reproduccion\/\">[...]<\/a><\/p><\/div><\/div><div class=\"fusion-clearfix\"><\/div><div class=\"fusion-meta-info\"><div class=\"fusion-alignright\"><a class=\"fusion-read-more\" href=\"https:\/\/ramse.es\/wordpress\/iii-jornadas-de-medicina-fetal-genetica-y-reproduccion\/\" aria-label=\"More on III Jornadas de Medicina Fetal, Gen\u00e9tica y Reproducci\u00f3n\">Leer M\u00e1s<\/a><\/div><\/div><\/article>\n<article id=\"blog-1-post-2260\" class=\"fusion-post-large-alternate post-2260 post type-post status-publish format-standard hentry category-latest-news\">\n\t<style type=\"text\/css\">\n\t\t\n\t\t\n\t\t\n\t\t\n\t\t\t<\/style>\n\n\n<div class=\"fusion-date-and-formats\"><div class=\"fusion-date-box updated\"><span class=\"fusion-date\">octubre<\/span><span class=\"fusion-month-year\">12:00 am<\/span><\/div><div class=\"fusion-format-box\"><i class=\"awb-icon-pen\" aria-hidden=\"true\"><\/i><\/div><\/div><div class=\"fusion-post-content post-content\"><h2 class=\"blog-shortcode-post-title entry-title\"><a href=\"https:\/\/ramse.es\/wordpress\/el-prof-manuel-cruz-hernandez-tomo-posesion-de-la-plaza-de-academico-de-honor\/\">El Prof. Manuel Cruz Hern\u00e1ndez tom\u00f3 posesi\u00f3n de la plaza de Acad\u00e9mico de Honor<\/a><\/h2><p class=\"fusion-single-line-meta\">Por <span class=\"vcard\"><span class=\"fn\"><a href=\"https:\/\/ramse.es\/wordpress\/author\/ivan_z0qj9h4b\/\" title=\"Entradas de admin\" rel=\"author\">admin<\/a><\/span><\/span><span class=\"fusion-inline-sep\">|<\/span><span class=\"updated\" style=\"display:none;\">2016-10-31T00:00:00+02:00<\/span><span>octubre 31st, 2016<\/span><span class=\"fusion-inline-sep\">|<\/span>Categor\u00edas: <a href=\"https:\/\/ramse.es\/wordpress\/category\/news\/latest-news\/\" rel=\"category tag\">Noticias<\/a><span class=\"fusion-inline-sep\">|<\/span><\/p><div class=\"fusion-post-content-container\"><p>El pasado domingo 30 de octubre a las 12 horas, tuvo lugar en la Real Academia de Medicina de Sevilla la sesi\u00f3n p\u00fablica y extraordinaria en la que se dio posesi\u00f3n de Acad\u00e9mico de Honor al Excmo. Sr. Dr. D. Manuel Cruz Hern\u00e1ndez, quien ley\u00f3 su discurso sobre \u201cEn la estela de las epidemias vividas\u201d. Fue presentado por el acad\u00e9mico de n\u00famero Dr. D. Ignacio G\u00f3mez de Terreros. Clausur\u00f3 el <a href=\"https:\/\/ramse.es\/wordpress\/el-prof-manuel-cruz-hernandez-tomo-posesion-de-la-plaza-de-academico-de-honor\/\">[...]<\/a><\/p><\/div><\/div><div class=\"fusion-clearfix\"><\/div><div class=\"fusion-meta-info\"><div class=\"fusion-alignright\"><a class=\"fusion-read-more\" href=\"https:\/\/ramse.es\/wordpress\/el-prof-manuel-cruz-hernandez-tomo-posesion-de-la-plaza-de-academico-de-honor\/\" aria-label=\"More on El Prof. Manuel Cruz Hern\u00e1ndez tom\u00f3 posesi\u00f3n de la plaza de Acad\u00e9mico de Honor\">Leer M\u00e1s<\/a><\/div><\/div><\/article>\n<article id=\"blog-1-post-2258\" class=\"fusion-post-large-alternate post-2258 post type-post status-publish format-standard hentry category-latest-news\">\n\t<style type=\"text\/css\">\n\t\t\n\t\t\n\t\t\n\t\t\n\t\t\t<\/style>\n\n\n<div class=\"fusion-date-and-formats\"><div class=\"fusion-date-box updated\"><span class=\"fusion-date\">octubre<\/span><span class=\"fusion-month-year\">12:00 am<\/span><\/div><div class=\"fusion-format-box\"><i class=\"awb-icon-pen\" aria-hidden=\"true\"><\/i><\/div><\/div><div class=\"fusion-post-content post-content\"><h2 class=\"blog-shortcode-post-title entry-title\"><a href=\"https:\/\/ramse.es\/wordpress\/el-dr-galera-ingresa-en-la-orden-civil-de-alfonso-x-el-sabio\/\">EL DR. GALERA INGRESA EN LA ORDEN CIVIL DE ALFONSO X EL SABIO<\/a><\/h2><p class=\"fusion-single-line-meta\">Por <span class=\"vcard\"><span class=\"fn\"><a href=\"https:\/\/ramse.es\/wordpress\/author\/ivan_z0qj9h4b\/\" title=\"Entradas de admin\" rel=\"author\">admin<\/a><\/span><\/span><span class=\"fusion-inline-sep\">|<\/span><span class=\"updated\" style=\"display:none;\">2016-10-27T00:00:00+02:00<\/span><span>octubre 27th, 2016<\/span><span class=\"fusion-inline-sep\">|<\/span>Categor\u00edas: <a href=\"https:\/\/ramse.es\/wordpress\/category\/news\/latest-news\/\" rel=\"category tag\">Noticias<\/a><span class=\"fusion-inline-sep\">|<\/span><\/p><div class=\"fusion-post-content-container\"><p>El Dr. Hugo Galera Davidson ha sido distinguido con el ingreso en la Orden Civil de Alfonso X el Sabio con la categor\u00eda de Cruz, seg\u00fan orden del Ministro de Educaci\u00f3n, Cultura y Deporte publicada en el Bolet\u00edn Oficial del Estado (BOE) de 24 de octubre de 2016. Vinculado a la Academia como Numerario desde 1987, el Dr. Galera ocup\u00f3 la presidencia de la misma entre los a\u00f1os 2010 y <a href=\"https:\/\/ramse.es\/wordpress\/el-dr-galera-ingresa-en-la-orden-civil-de-alfonso-x-el-sabio\/\">[...]<\/a><\/p><\/div><\/div><div class=\"fusion-clearfix\"><\/div><div class=\"fusion-meta-info\"><div class=\"fusion-alignright\"><a class=\"fusion-read-more\" href=\"https:\/\/ramse.es\/wordpress\/el-dr-galera-ingresa-en-la-orden-civil-de-alfonso-x-el-sabio\/\" aria-label=\"More on EL DR. GALERA INGRESA EN LA ORDEN CIVIL DE ALFONSO X EL SABIO\">Leer M\u00e1s<\/a><\/div><\/div><\/article>\n<article id=\"blog-1-post-2257\" class=\"fusion-post-large-alternate post-2257 post type-post status-publish format-standard hentry category-latest-news category-premios-academia\">\n\t<style type=\"text\/css\">\n\t\t\n\t\t\n\t\t\n\t\t\n\t\t\t<\/style>\n\n\n<div class=\"fusion-date-and-formats\"><div class=\"fusion-date-box updated\"><span class=\"fusion-date\">octubre<\/span><span class=\"fusion-month-year\">9:04 am<\/span><\/div><div class=\"fusion-format-box\"><i class=\"awb-icon-pen\" aria-hidden=\"true\"><\/i><\/div><\/div><div class=\"fusion-post-content post-content\"><h2 class=\"blog-shortcode-post-title entry-title\"><a href=\"https:\/\/ramse.es\/wordpress\/premio-y-distinciones-a-nuestros-academicos-de-numero-y-correspondientes\/\">Premio y distinciones a nuestros Acad\u00e9micos de N\u00famero y Correspondientes<\/a><\/h2><p class=\"fusion-single-line-meta\">Por <span class=\"vcard\"><span class=\"fn\"><a href=\"https:\/\/ramse.es\/wordpress\/author\/ivan_z0qj9h4b\/\" title=\"Entradas de admin\" rel=\"author\">admin<\/a><\/span><\/span><span class=\"fusion-inline-sep\">|<\/span><span class=\"updated\" style=\"display:none;\">2020-04-13T11:32:37+02:00<\/span><span>octubre 19th, 2016<\/span><span class=\"fusion-inline-sep\">|<\/span>Categor\u00edas: <a href=\"https:\/\/ramse.es\/wordpress\/category\/news\/latest-news\/\" rel=\"category tag\">Noticias<\/a>, <a href=\"https:\/\/ramse.es\/wordpress\/category\/premios-academia\/\" rel=\"category tag\">Premios Academia<\/a><span class=\"fusion-inline-sep\">|<\/span><\/p><div class=\"fusion-post-content-container\"><p>El pasado d\u00eda 15 de octubre de 2016, en la sede del Real e Ilustre Colegio Oficial de M\u00e9dicos de Sevilla, y como parte de los actos de celebraci\u00f3n de la Semana de San Lucas, le fue impuesta la Medalla de Colegiado de Honor al Dr. Jes\u00fas Loscertales Abril, Acad\u00e9mico de N\u00famero de la Real de Medicina y Cirug\u00eda de Sevilla distinci\u00f3n con la que se le reconoce su conducta, <a href=\"https:\/\/ramse.es\/wordpress\/premio-y-distinciones-a-nuestros-academicos-de-numero-y-correspondientes\/\">[...]<\/a><\/p><\/div><\/div><div class=\"fusion-clearfix\"><\/div><div class=\"fusion-meta-info\"><div class=\"fusion-alignright\"><a class=\"fusion-read-more\" href=\"https:\/\/ramse.es\/wordpress\/premio-y-distinciones-a-nuestros-academicos-de-numero-y-correspondientes\/\" aria-label=\"More on Premio y distinciones a nuestros Acad\u00e9micos de N\u00famero y Correspondientes\">Leer M\u00e1s<\/a><\/div><\/div><\/article>\n<article id=\"blog-1-post-2256\" class=\"fusion-post-large-alternate post-2256 post type-post status-publish format-standard has-post-thumbnail hentry category-latest-news\">\n\t<style type=\"text\/css\">\n\t\t\n\t\t\n\t\t\n\t\t\n\t\t\t<\/style>\n\n\n\t\t\t<div class=\"fusion-flexslider flexslider fusion-flexslider-loading fusion-post-slideshow\" style=\"\">\n\t\t<ul class=\"slides\">\n\t\t\t\n\t\t\t\t\t\t\t\t\t\t\t\t\t\t<li><div  class=\"fusion-image-wrapper\" aria-haspopup=\"true\">\n\t\t\t\t<img decoding=\"async\" width=\"1000\" height=\"704\" src=\"https:\/\/ramse.es\/wordpress\/wp-content\/uploads\/2016\/10\/premio-g_terreros_1.jpg\" class=\"attachment-full size-full wp-post-image\" alt=\"\" srcset=\"https:\/\/ramse.es\/wordpress\/wp-content\/uploads\/2016\/10\/premio-g_terreros_1-200x141.jpg 200w, https:\/\/ramse.es\/wordpress\/wp-content\/uploads\/2016\/10\/premio-g_terreros_1-400x282.jpg 400w, https:\/\/ramse.es\/wordpress\/wp-content\/uploads\/2016\/10\/premio-g_terreros_1-600x422.jpg 600w, https:\/\/ramse.es\/wordpress\/wp-content\/uploads\/2016\/10\/premio-g_terreros_1-800x563.jpg 800w, https:\/\/ramse.es\/wordpress\/wp-content\/uploads\/2016\/10\/premio-g_terreros_1.jpg 1000w\" sizes=\"(max-width: 1000px) 100vw, 800px\" \/><div class=\"fusion-rollover\">\n\t<div class=\"fusion-rollover-content\">\n\n\t\t\t\t\t\t\t\t\t\t\t\t\t\t<a class=\"fusion-rollover-link\" href=\"https:\/\/ramse.es\/wordpress\/la-asociacion-espanola-de-pediatria-reconoce-con-el-premio-pediatra-ejemplar-2016-al-profesor-ignacio-gomez-de-terreros-sanchez\/\">La Asociaci\u00f3n Espa\u00f1ola de Pediatr\u00eda reconoce con el premio \u201cPediatra Ejemplar 2016\u201d al profesor Ignacio G\u00f3mez de Terreros S\u00e1nchez<\/a>\n\t\t\t\n\t\t\t\t\t\t\t\t\t\t\t\t\t\t\n\t\t\t\t\t\t\t\t\n\t\t\t\t\t\t\t\t\t\t\t\t\t<div class=\"fusion-rollover-sep\"><\/div>\n\t\t\t\t\n\t\t\t\t\t\t\t\t\t\t\t\t\t\t\t\t\t\t<a class=\"fusion-rollover-gallery\" href=\"https:\/\/ramse.es\/wordpress\/wp-content\/uploads\/2016\/10\/premio-g_terreros_1.jpg\" data-id=\"2256\" data-rel=\"iLightbox[gallery]\" data-title=\"premio-g_terreros_1\" data-caption=\"\">\n\t\t\t\t\t\tGaler\u00eda\t\t\t\t\t<\/a>\n\t\t\t\t\t\t\t\t\t\t\t\t\t\t\n\t\t\n\t\t\t\t\t\t\t\t\n\t\t\t\t\t\t\t\t\n\t\t\n\t\t\t\t\t\t<a class=\"fusion-link-wrapper\" href=\"https:\/\/ramse.es\/wordpress\/la-asociacion-espanola-de-pediatria-reconoce-con-el-premio-pediatra-ejemplar-2016-al-profesor-ignacio-gomez-de-terreros-sanchez\/\" aria-label=\"La Asociaci\u00f3n Espa\u00f1ola de Pediatr\u00eda reconoce con el premio \u201cPediatra Ejemplar 2016\u201d al profesor Ignacio G\u00f3mez de Terreros S\u00e1nchez\"><\/a>\n\t<\/div>\n<\/div>\n<\/div>\n<\/li>\n\t\t\t\n\t\t\t\n\t\t\t\t\t\t\t\t\t\t\t\t\t\t\t\t\t\t\t\t\t\t\t\t\t\t\t\t\t\t\t\t\t\t\t\t\t\t\t\t\t\t\t\t\t\t\t\t\t\t\t\t\t\t\t\t\t\t\t\t\t\t\t\t\t\t\t\t<\/ul>\n\t<\/div>\n\t<div class=\"fusion-date-and-formats\"><div class=\"fusion-date-box updated\"><span class=\"fusion-date\">octubre<\/span><span class=\"fusion-month-year\">8:55 am<\/span><\/div><div class=\"fusion-format-box\"><i class=\"awb-icon-pen\" aria-hidden=\"true\"><\/i><\/div><\/div><div class=\"fusion-post-content post-content\"><h2 class=\"blog-shortcode-post-title entry-title\"><a href=\"https:\/\/ramse.es\/wordpress\/la-asociacion-espanola-de-pediatria-reconoce-con-el-premio-pediatra-ejemplar-2016-al-profesor-ignacio-gomez-de-terreros-sanchez\/\">La Asociaci\u00f3n Espa\u00f1ola de Pediatr\u00eda reconoce con el premio \u201cPediatra Ejemplar 2016\u201d al profesor Ignacio G\u00f3mez de Terreros S\u00e1nchez<\/a><\/h2><p class=\"fusion-single-line-meta\">Por <span class=\"vcard\"><span class=\"fn\"><a href=\"https:\/\/ramse.es\/wordpress\/author\/ivan_z0qj9h4b\/\" title=\"Entradas de admin\" rel=\"author\">admin<\/a><\/span><\/span><span class=\"fusion-inline-sep\">|<\/span><span class=\"updated\" style=\"display:none;\">2016-10-19T08:55:08+02:00<\/span><span>octubre 19th, 2016<\/span><span class=\"fusion-inline-sep\">|<\/span>Categor\u00edas: <a href=\"https:\/\/ramse.es\/wordpress\/category\/news\/latest-news\/\" rel=\"category tag\">Noticias<\/a><span class=\"fusion-inline-sep\">|<\/span><\/p><div class=\"fusion-post-content-container\"><p>En la ciudad de Madrid, el pasado d\u00eda 6 de octubre de 2016, en el marco de la celebraci\u00f3n del D\u00eda de la Pediatr\u00eda, la Asociaci\u00f3n Espa\u00f1ola de Pediatr\u00eda (AEP) otorg\u00f3 el Premio \u201cPediatra Ejemplar\u201d al profesor Ignacio G\u00f3mez de Terreros S\u00e1nchez, en reconocimiento a su contribuci\u00f3n a la especialidad, por su humanidad, entrega y vocaci\u00f3n hacia los ni\u00f1os m\u00e1s desfavorecidos en riesgo de exclusi\u00f3n social. Seg\u00fan expuso el profesor <a href=\"https:\/\/ramse.es\/wordpress\/la-asociacion-espanola-de-pediatria-reconoce-con-el-premio-pediatra-ejemplar-2016-al-profesor-ignacio-gomez-de-terreros-sanchez\/\">[...]<\/a><\/p><\/div><\/div><div class=\"fusion-clearfix\"><\/div><div class=\"fusion-meta-info\"><div class=\"fusion-alignright\"><a class=\"fusion-read-more\" href=\"https:\/\/ramse.es\/wordpress\/la-asociacion-espanola-de-pediatria-reconoce-con-el-premio-pediatra-ejemplar-2016-al-profesor-ignacio-gomez-de-terreros-sanchez\/\" aria-label=\"More on La Asociaci\u00f3n Espa\u00f1ola de Pediatr\u00eda reconoce con el premio \u201cPediatra Ejemplar 2016\u201d al profesor Ignacio G\u00f3mez de Terreros S\u00e1nchez\">Leer M\u00e1s<\/a><\/div><\/div><\/article>\n<article id=\"blog-1-post-2259\" class=\"fusion-post-large-alternate post-2259 post type-post status-publish format-standard hentry category-latest-news\">\n\t<style type=\"text\/css\">\n\t\t\n\t\t\n\t\t\n\t\t\n\t\t\t<\/style>\n\n\n<div class=\"fusion-date-and-formats\"><div class=\"fusion-date-box updated\"><span class=\"fusion-date\">octubre<\/span><span class=\"fusion-month-year\">12:00 am<\/span><\/div><div class=\"fusion-format-box\"><i class=\"awb-icon-pen\" aria-hidden=\"true\"><\/i><\/div><\/div><div class=\"fusion-post-content post-content\"><h2 class=\"blog-shortcode-post-title entry-title\"><a href=\"https:\/\/ramse.es\/wordpress\/nuevos-academicos-correspondientes-2\/\">Nuevos Acad\u00e9micos Correspondientes<\/a><\/h2><p class=\"fusion-single-line-meta\">Por <span class=\"vcard\"><span class=\"fn\"><a href=\"https:\/\/ramse.es\/wordpress\/author\/ivan_z0qj9h4b\/\" title=\"Entradas de admin\" rel=\"author\">admin<\/a><\/span><\/span><span class=\"fusion-inline-sep\">|<\/span><span class=\"updated\" style=\"display:none;\">2016-10-10T00:00:00+02:00<\/span><span>octubre 10th, 2016<\/span><span class=\"fusion-inline-sep\">|<\/span>Categor\u00edas: <a href=\"https:\/\/ramse.es\/wordpress\/category\/news\/latest-news\/\" rel=\"category tag\">Noticias<\/a><span class=\"fusion-inline-sep\">|<\/span><\/p><div class=\"fusion-post-content-container\"><p>El pasado jueves 6 de octubre \u00a0tuvo lugar en la Real Academia de Medicina y Cirug\u00eda de Sevilla sesi\u00f3n solemne para la recepci\u00f3n de nuevos Acad\u00e9micos Correspondientes tomando posesi\u00f3n el Dr. \u00c1ngel Nogales Mu\u00f1oz, que abord\u00f3 \u201cC\u00e1ncer de p\u00e1ncreas: caminando hacia su derrota\u201d siendo presentado por Acad\u00e9mico de N\u00famero Ilmo. Dr. D. Jos\u00e9 Cantillana Mart\u00ednez. Y el Dr. Miguel \u00c1ngel G\u00f3mez Bravo que trat\u00f3 durante su intervenci\u00f3n \"Estado actual del <a href=\"https:\/\/ramse.es\/wordpress\/nuevos-academicos-correspondientes-2\/\">[...]<\/a><\/p><\/div><\/div><div class=\"fusion-clearfix\"><\/div><div class=\"fusion-meta-info\"><div class=\"fusion-alignright\"><a class=\"fusion-read-more\" href=\"https:\/\/ramse.es\/wordpress\/nuevos-academicos-correspondientes-2\/\" aria-label=\"More on Nuevos Acad\u00e9micos Correspondientes\">Leer M\u00e1s<\/a><\/div><\/div><\/article>\n<article id=\"blog-1-post-2254\" class=\"fusion-post-large-alternate post-2254 post type-post status-publish format-standard has-post-thumbnail hentry category-latest-news\">\n\t<style type=\"text\/css\">\n\t\t\n\t\t\n\t\t\n\t\t\n\t\t\t<\/style>\n\n\n\t\t\t<div class=\"fusion-flexslider flexslider fusion-flexslider-loading fusion-post-slideshow\" style=\"\">\n\t\t<ul class=\"slides\">\n\t\t\t\n\t\t\t\t\t\t\t\t\t\t\t\t\t\t<li><div  class=\"fusion-image-wrapper\" aria-haspopup=\"true\">\n\t\t\t\t<img decoding=\"async\" width=\"448\" height=\"336\" src=\"https:\/\/ramse.es\/wordpress\/wp-content\/uploads\/2016\/10\/elrenacido.jpg\" class=\"attachment-full size-full wp-post-image\" alt=\"\" srcset=\"https:\/\/ramse.es\/wordpress\/wp-content\/uploads\/2016\/10\/elrenacido-200x150.jpg 200w, https:\/\/ramse.es\/wordpress\/wp-content\/uploads\/2016\/10\/elrenacido-400x300.jpg 400w, https:\/\/ramse.es\/wordpress\/wp-content\/uploads\/2016\/10\/elrenacido.jpg 448w\" sizes=\"(max-width: 1000px) 100vw, 448px\" \/><div class=\"fusion-rollover\">\n\t<div class=\"fusion-rollover-content\">\n\n\t\t\t\t\t\t\t\t\t\t\t\t\t\t<a class=\"fusion-rollover-link\" href=\"https:\/\/ramse.es\/wordpress\/seminario-medicina-y-cine-las-heridas-por-ataques-de-animales-salvajes\/\">Seminario Medicina y Cine: \u201cLas heridas por ataques de animales salvajes\u201d<\/a>\n\t\t\t\n\t\t\t\t\t\t\t\t\t\t\t\t\t\t\n\t\t\t\t\t\t\t\t\n\t\t\t\t\t\t\t\t\t\t\t\t\t<div class=\"fusion-rollover-sep\"><\/div>\n\t\t\t\t\n\t\t\t\t\t\t\t\t\t\t\t\t\t\t\t\t\t\t<a class=\"fusion-rollover-gallery\" href=\"https:\/\/ramse.es\/wordpress\/wp-content\/uploads\/2016\/10\/elrenacido.jpg\" data-id=\"2254\" data-rel=\"iLightbox[gallery]\" data-title=\"elrenacido\" data-caption=\"\">\n\t\t\t\t\t\tGaler\u00eda\t\t\t\t\t<\/a>\n\t\t\t\t\t\t\t\t\t\t\t\t\t\t\n\t\t\n\t\t\t\t\t\t\t\t\n\t\t\t\t\t\t\t\t\n\t\t\n\t\t\t\t\t\t<a class=\"fusion-link-wrapper\" href=\"https:\/\/ramse.es\/wordpress\/seminario-medicina-y-cine-las-heridas-por-ataques-de-animales-salvajes\/\" aria-label=\"Seminario Medicina y Cine: \u201cLas heridas por ataques de animales salvajes\u201d\"><\/a>\n\t<\/div>\n<\/div>\n<\/div>\n<\/li>\n\t\t\t\n\t\t\t\n\t\t\t\t\t\t\t\t\t\t\t\t\t\t\t\t\t\t\t\t\t\t\t\t\t\t\t\t\t\t\t\t\t\t\t\t\t\t\t\t\t\t\t\t\t\t\t\t\t\t\t\t\t\t\t\t\t\t\t\t\t\t\t\t\t\t\t\t<\/ul>\n\t<\/div>\n\t<div class=\"fusion-date-and-formats\"><div class=\"fusion-date-box updated\"><span class=\"fusion-date\">octubre<\/span><span class=\"fusion-month-year\">8:28 am<\/span><\/div><div class=\"fusion-format-box\"><i class=\"awb-icon-pen\" aria-hidden=\"true\"><\/i><\/div><\/div><div class=\"fusion-post-content post-content\"><h2 class=\"blog-shortcode-post-title entry-title\"><a href=\"https:\/\/ramse.es\/wordpress\/seminario-medicina-y-cine-las-heridas-por-ataques-de-animales-salvajes\/\">Seminario Medicina y Cine: \u201cLas heridas por ataques de animales salvajes\u201d<\/a><\/h2><p class=\"fusion-single-line-meta\">Por <span class=\"vcard\"><span class=\"fn\"><a href=\"https:\/\/ramse.es\/wordpress\/author\/ivan_z0qj9h4b\/\" title=\"Entradas de admin\" rel=\"author\">admin<\/a><\/span><\/span><span class=\"fusion-inline-sep\">|<\/span><span class=\"updated\" style=\"display:none;\">2016-10-03T08:28:32+02:00<\/span><span>octubre 3rd, 2016<\/span><span class=\"fusion-inline-sep\">|<\/span>Categor\u00edas: <a href=\"https:\/\/ramse.es\/wordpress\/category\/news\/latest-news\/\" rel=\"category tag\">Noticias<\/a><span class=\"fusion-inline-sep\">|<\/span><\/p><div class=\"fusion-post-content-container\"><p>Este fin de semana ha tenido lugar en la Real Academia de Medicina y Cirug\u00eda e Sevilla el Seminario Medicina y Cine \"Las heridas por ataque de animales salvajes.\" Durante el acto se ha proyectado la pel\u00edcula \"El Renacido\" y posteriormente se celebr\u00f3 una mesa redonda en que la que intervinieron el Acad\u00e9mico de N\u00famero D. Jes\u00fas Loscertales Abril, Jes\u00fas Garrido Guisado y Eduardo Renshaw Arroyo. La actividad ha sido <a href=\"https:\/\/ramse.es\/wordpress\/seminario-medicina-y-cine-las-heridas-por-ataques-de-animales-salvajes\/\">[...]<\/a><\/p><\/div><\/div><div class=\"fusion-clearfix\"><\/div><div class=\"fusion-meta-info\"><div class=\"fusion-alignright\"><a class=\"fusion-read-more\" href=\"https:\/\/ramse.es\/wordpress\/seminario-medicina-y-cine-las-heridas-por-ataques-de-animales-salvajes\/\" aria-label=\"More on Seminario Medicina y Cine: \u201cLas heridas por ataques de animales salvajes\u201d\">Leer M\u00e1s<\/a><\/div><\/div><\/article>\n<article id=\"blog-1-post-2252\" class=\"fusion-post-large-alternate post-2252 post type-post status-publish format-standard has-post-thumbnail hentry category-latest-news\">\n\t<style type=\"text\/css\">\n\t\t\n\t\t\n\t\t\n\t\t\n\t\t\t<\/style>\n\n\n\t\t\t<div class=\"fusion-flexslider flexslider fusion-flexslider-loading fusion-post-slideshow\" style=\"\">\n\t\t<ul class=\"slides\">\n\t\t\t\n\t\t\t\t\t\t\t\t\t\t\t\t\t\t<li><div  class=\"fusion-image-wrapper\" aria-haspopup=\"true\">\n\t\t\t\t<img decoding=\"async\" width=\"448\" height=\"336\" src=\"https:\/\/ramse.es\/wordpress\/wp-content\/uploads\/2016\/09\/someweb.jpg\" class=\"attachment-full size-full wp-post-image\" alt=\"\" srcset=\"https:\/\/ramse.es\/wordpress\/wp-content\/uploads\/2016\/09\/someweb-200x150.jpg 200w, https:\/\/ramse.es\/wordpress\/wp-content\/uploads\/2016\/09\/someweb-400x300.jpg 400w, https:\/\/ramse.es\/wordpress\/wp-content\/uploads\/2016\/09\/someweb.jpg 448w\" sizes=\"(max-width: 1000px) 100vw, 448px\" \/><div class=\"fusion-rollover\">\n\t<div class=\"fusion-rollover-content\">\n\n\t\t\t\t\t\t\t\t\t\t\t\t\t\t<a class=\"fusion-rollover-link\" href=\"https:\/\/ramse.es\/wordpress\/como-alcanzar-el-exito\/\">\u201cC\u00f3mo alcanzar el \u00e9xito\u201d<\/a>\n\t\t\t\n\t\t\t\t\t\t\t\t\t\t\t\t\t\t\n\t\t\t\t\t\t\t\t\n\t\t\t\t\t\t\t\t\t\t\t\t\t<div class=\"fusion-rollover-sep\"><\/div>\n\t\t\t\t\n\t\t\t\t\t\t\t\t\t\t\t\t\t\t\t\t\t\t<a class=\"fusion-rollover-gallery\" href=\"https:\/\/ramse.es\/wordpress\/wp-content\/uploads\/2016\/09\/someweb.jpg\" data-id=\"2252\" data-rel=\"iLightbox[gallery]\" data-title=\"someweb\" data-caption=\"\">\n\t\t\t\t\t\tGaler\u00eda\t\t\t\t\t<\/a>\n\t\t\t\t\t\t\t\t\t\t\t\t\t\t\n\t\t\n\t\t\t\t\t\t\t\t\n\t\t\t\t\t\t\t\t\n\t\t\n\t\t\t\t\t\t<a class=\"fusion-link-wrapper\" href=\"https:\/\/ramse.es\/wordpress\/como-alcanzar-el-exito\/\" aria-label=\"\u201cC\u00f3mo alcanzar el \u00e9xito\u201d\"><\/a>\n\t<\/div>\n<\/div>\n<\/div>\n<\/li>\n\t\t\t\n\t\t\t\n\t\t\t\t\t\t\t\t\t\t\t\t\t\t\t\t\t\t\t\t\t\t\t\t\t\t\t\t\t\t\t\t\t\t\t\t\t\t\t\t\t\t\t\t\t\t\t\t\t\t\t\t\t\t\t\t\t\t\t\t\t\t\t\t\t\t\t\t<\/ul>\n\t<\/div>\n\t<div class=\"fusion-date-and-formats\"><div class=\"fusion-date-box updated\"><span class=\"fusion-date\">septiembre<\/span><span class=\"fusion-month-year\">12:00 am<\/span><\/div><div class=\"fusion-format-box\"><i class=\"awb-icon-pen\" aria-hidden=\"true\"><\/i><\/div><\/div><div class=\"fusion-post-content post-content\"><h2 class=\"blog-shortcode-post-title entry-title\"><a href=\"https:\/\/ramse.es\/wordpress\/como-alcanzar-el-exito\/\">\u201cC\u00f3mo alcanzar el \u00e9xito\u201d<\/a><\/h2><p class=\"fusion-single-line-meta\">Por <span class=\"vcard\"><span class=\"fn\"><a href=\"https:\/\/ramse.es\/wordpress\/author\/ivan_z0qj9h4b\/\" title=\"Entradas de admin\" rel=\"author\">admin<\/a><\/span><\/span><span class=\"fusion-inline-sep\">|<\/span><span class=\"updated\" style=\"display:none;\">2016-09-30T00:00:00+02:00<\/span><span>septiembre 30th, 2016<\/span><span class=\"fusion-inline-sep\">|<\/span>Categor\u00edas: <a href=\"https:\/\/ramse.es\/wordpress\/category\/news\/latest-news\/\" rel=\"category tag\">Noticias<\/a><span class=\"fusion-inline-sep\">|<\/span><\/p><div class=\"fusion-post-content-container\"><p>La Real Academia de Medicina y Cirug\u00eda de Sevilla acogi\u00f3 ayer una interesante conferencia impartida por D. Antonio Som\u00e9 Carrillo, CEO de Pers\u00e1n, que vers\u00f3 sobre \"C\u00f3mo alcanzar el \u00e9xito\". El acto fue inaugurado por el presidente de la RAMSE, D. Jes\u00fas Casti\u00f1eiras Fern\u00e1ndez y el conferenciante fue presentado por el Acad\u00e9mico de N\u00f1umero D. Felipe Mart\u00ednez Alcal\u00e1.<\/p><\/div><\/div><div class=\"fusion-clearfix\"><\/div><div class=\"fusion-meta-info\"><div class=\"fusion-alignright\"><a class=\"fusion-read-more\" href=\"https:\/\/ramse.es\/wordpress\/como-alcanzar-el-exito\/\" aria-label=\"More on \u201cC\u00f3mo alcanzar el \u00e9xito\u201d\">Leer M\u00e1s<\/a><\/div><\/div><\/article>\n<article id=\"blog-1-post-2250\" class=\"fusion-post-large-alternate post-2250 post type-post status-publish format-standard has-post-thumbnail hentry category-latest-news\">\n\t<style type=\"text\/css\">\n\t\t\n\t\t\n\t\t\n\t\t\n\t\t\t<\/style>\n\n\n\t\t\t<div class=\"fusion-flexslider flexslider fusion-flexslider-loading fusion-post-slideshow\" style=\"\">\n\t\t<ul class=\"slides\">\n\t\t\t\n\t\t\t\t\t\t\t\t\t\t\t\t\t\t<li><div  class=\"fusion-image-wrapper\" aria-haspopup=\"true\">\n\t\t\t\t<img decoding=\"async\" width=\"336\" height=\"448\" src=\"https:\/\/ramse.es\/wordpress\/wp-content\/uploads\/2016\/09\/necro_barraquer.jpg\" class=\"attachment-full size-full wp-post-image\" alt=\"\" srcset=\"https:\/\/ramse.es\/wordpress\/wp-content\/uploads\/2016\/09\/necro_barraquer-200x267.jpg 200w, https:\/\/ramse.es\/wordpress\/wp-content\/uploads\/2016\/09\/necro_barraquer.jpg 336w\" sizes=\"(max-width: 1000px) 100vw, 336px\" \/><div class=\"fusion-rollover\">\n\t<div class=\"fusion-rollover-content\">\n\n\t\t\t\t\t\t\t\t\t\t\t\t\t\t<a class=\"fusion-rollover-link\" href=\"https:\/\/ramse.es\/wordpress\/fallece-el-profesor-d-joaquin-barraquer-moner\/\">Fallece el profesor D. Joaqu\u00edn  Barraquer Moner<\/a>\n\t\t\t\n\t\t\t\t\t\t\t\t\t\t\t\t\t\t\n\t\t\t\t\t\t\t\t\n\t\t\t\t\t\t\t\t\t\t\t\t\t<div class=\"fusion-rollover-sep\"><\/div>\n\t\t\t\t\n\t\t\t\t\t\t\t\t\t\t\t\t\t\t\t\t\t\t<a class=\"fusion-rollover-gallery\" href=\"https:\/\/ramse.es\/wordpress\/wp-content\/uploads\/2016\/09\/necro_barraquer.jpg\" data-id=\"2250\" data-rel=\"iLightbox[gallery]\" data-title=\"necro_barraquer\" data-caption=\"\">\n\t\t\t\t\t\tGaler\u00eda\t\t\t\t\t<\/a>\n\t\t\t\t\t\t\t\t\t\t\t\t\t\t\n\t\t\n\t\t\t\t\t\t\t\t\n\t\t\t\t\t\t\t\t\n\t\t\n\t\t\t\t\t\t<a class=\"fusion-link-wrapper\" href=\"https:\/\/ramse.es\/wordpress\/fallece-el-profesor-d-joaquin-barraquer-moner\/\" aria-label=\"Fallece el profesor D. Joaqu\u00edn  Barraquer Moner\"><\/a>\n\t<\/div>\n<\/div>\n<\/div>\n<\/li>\n\t\t\t\n\t\t\t\n\t\t\t\t\t\t\t\t\t\t\t\t\t\t\t\t\t\t\t\t\t\t\t\t\t\t\t\t\t\t\t\t\t\t\t\t\t\t\t\t\t\t\t\t\t\t\t\t\t\t\t\t\t\t\t\t\t\t\t\t\t\t\t\t\t\t\t\t<\/ul>\n\t<\/div>\n\t<div class=\"fusion-date-and-formats\"><div class=\"fusion-date-box updated\"><span class=\"fusion-date\">septiembre<\/span><span class=\"fusion-month-year\">10:27 am<\/span><\/div><div class=\"fusion-format-box\"><i class=\"awb-icon-pen\" aria-hidden=\"true\"><\/i><\/div><\/div><div class=\"fusion-post-content post-content\"><h2 class=\"blog-shortcode-post-title entry-title\"><a href=\"https:\/\/ramse.es\/wordpress\/fallece-el-profesor-d-joaquin-barraquer-moner\/\">Fallece el profesor D. Joaqu\u00edn  Barraquer Moner<\/a><\/h2><p class=\"fusion-single-line-meta\">Por <span class=\"vcard\"><span class=\"fn\"><a href=\"https:\/\/ramse.es\/wordpress\/author\/ivan_z0qj9h4b\/\" title=\"Entradas de admin\" rel=\"author\">admin<\/a><\/span><\/span><span class=\"fusion-inline-sep\">|<\/span><span class=\"updated\" style=\"display:none;\">2016-09-14T10:27:04+02:00<\/span><span>septiembre 14th, 2016<\/span><span class=\"fusion-inline-sep\">|<\/span>Categor\u00edas: <a href=\"https:\/\/ramse.es\/wordpress\/category\/news\/latest-news\/\" rel=\"category tag\">Noticias<\/a><span class=\"fusion-inline-sep\">|<\/span><\/p><div class=\"fusion-post-content-container\"><p><\/p><p>En la madrugada del d\u00eda 26 del pasado mes de agosto, a los 89 a\u00f1os de edad, falleci\u00f3 en Barcelona (ciudad donde naci\u00f3) el profesor D. Joaqu\u00edn Barraquer Moner, catedr\u00e1tico de Cirug\u00eda Ocular de la Universitat Aut\u00f2noma de Barcelona (UAB) y prestigioso oftalm\u00f3logo, con el que la Real Academia de Medicina y Cirug\u00eda de Sevilla conservaba especiales lazos de amistad y cercan\u00eda, sobre todo a partir de su ingreso en <a href=\"https:\/\/ramse.es\/wordpress\/fallece-el-profesor-d-joaquin-barraquer-moner\/\">[...]<\/a><\/p><\/div><\/div><div class=\"fusion-clearfix\"><\/div><div class=\"fusion-meta-info\"><div class=\"fusion-alignright\"><a class=\"fusion-read-more\" href=\"https:\/\/ramse.es\/wordpress\/fallece-el-profesor-d-joaquin-barraquer-moner\/\" aria-label=\"More on Fallece el profesor D. Joaqu\u00edn  Barraquer Moner\">Leer M\u00e1s<\/a><\/div><\/div><\/article>\n<article id=\"blog-1-post-2248\" class=\"fusion-post-large-alternate post-2248 post type-post status-publish format-standard has-post-thumbnail hentry category-latest-news\">\n\t<style type=\"text\/css\">\n\t\t\n\t\t\n\t\t\n\t\t\n\t\t\t<\/style>\n\n\n\t\t\t<div class=\"fusion-flexslider flexslider fusion-flexslider-loading fusion-post-slideshow\" style=\"\">\n\t\t<ul class=\"slides\">\n\t\t\t\n\t\t\t\t\t\t\t\t\t\t\t\t\t\t<li><div  class=\"fusion-image-wrapper\" aria-haspopup=\"true\">\n\t\t\t\t<img decoding=\"async\" width=\"448\" height=\"336\" src=\"https:\/\/ramse.es\/wordpress\/wp-content\/uploads\/2016\/06\/alcaldeespa.jpg\" class=\"attachment-full size-full wp-post-image\" alt=\"\" srcset=\"https:\/\/ramse.es\/wordpress\/wp-content\/uploads\/2016\/06\/alcaldeespa-200x150.jpg 200w, https:\/\/ramse.es\/wordpress\/wp-content\/uploads\/2016\/06\/alcaldeespa-400x300.jpg 400w, https:\/\/ramse.es\/wordpress\/wp-content\/uploads\/2016\/06\/alcaldeespa.jpg 448w\" sizes=\"(max-width: 1000px) 100vw, 448px\" \/><div class=\"fusion-rollover\">\n\t<div class=\"fusion-rollover-content\">\n\n\t\t\t\t\t\t\t\t\t\t\t\t\t\t<a class=\"fusion-rollover-link\" href=\"https:\/\/ramse.es\/wordpress\/conferencia-qsevilla-ciudad-saludableq\/\">Conferencia \u00abSevilla: Ciudad Saludable\u00bb<\/a>\n\t\t\t\n\t\t\t\t\t\t\t\t\t\t\t\t\t\t\n\t\t\t\t\t\t\t\t\n\t\t\t\t\t\t\t\t\t\t\t\t\t<div class=\"fusion-rollover-sep\"><\/div>\n\t\t\t\t\n\t\t\t\t\t\t\t\t\t\t\t\t\t\t\t\t\t\t<a class=\"fusion-rollover-gallery\" href=\"https:\/\/ramse.es\/wordpress\/wp-content\/uploads\/2016\/06\/alcaldeespa.jpg\" data-id=\"2248\" data-rel=\"iLightbox[gallery]\" data-title=\"alcaldeespa\" data-caption=\"\">\n\t\t\t\t\t\tGaler\u00eda\t\t\t\t\t<\/a>\n\t\t\t\t\t\t\t\t\t\t\t\t\t\t\n\t\t\n\t\t\t\t\t\t\t\t\n\t\t\t\t\t\t\t\t\n\t\t\n\t\t\t\t\t\t<a class=\"fusion-link-wrapper\" href=\"https:\/\/ramse.es\/wordpress\/conferencia-qsevilla-ciudad-saludableq\/\" aria-label=\"Conferencia \u00abSevilla: Ciudad Saludable\u00bb\"><\/a>\n\t<\/div>\n<\/div>\n<\/div>\n<\/li>\n\t\t\t\n\t\t\t\n\t\t\t\t\t\t\t\t\t\t\t\t\t\t\t\t\t\t\t\t\t\t\t\t\t\t\t\t\t\t\t\t\t\t\t\t\t\t\t\t\t\t\t\t\t\t\t\t\t\t\t\t\t\t\t\t\t\t\t\t\t\t\t\t\t\t\t\t<\/ul>\n\t<\/div>\n\t<div class=\"fusion-date-and-formats\"><div class=\"fusion-date-box updated\"><span class=\"fusion-date\">junio<\/span><span class=\"fusion-month-year\">12:24 pm<\/span><\/div><div class=\"fusion-format-box\"><i class=\"awb-icon-pen\" aria-hidden=\"true\"><\/i><\/div><\/div><div class=\"fusion-post-content post-content\"><h2 class=\"blog-shortcode-post-title entry-title\"><a href=\"https:\/\/ramse.es\/wordpress\/conferencia-qsevilla-ciudad-saludableq\/\">Conferencia \u00abSevilla: Ciudad Saludable\u00bb<\/a><\/h2><p class=\"fusion-single-line-meta\">Por <span class=\"vcard\"><span class=\"fn\"><a href=\"https:\/\/ramse.es\/wordpress\/author\/ivan_z0qj9h4b\/\" title=\"Entradas de admin\" rel=\"author\">admin<\/a><\/span><\/span><span class=\"fusion-inline-sep\">|<\/span><span class=\"updated\" style=\"display:none;\">2016-06-10T12:24:25+02:00<\/span><span>junio 10th, 2016<\/span><span class=\"fusion-inline-sep\">|<\/span>Categor\u00edas: <a href=\"https:\/\/ramse.es\/wordpress\/category\/news\/latest-news\/\" rel=\"category tag\">Noticias<\/a><span class=\"fusion-inline-sep\">|<\/span><\/p><div class=\"fusion-post-content-container\"><p>El Teniente Alcalde Delegado de Bienestar Social y Empleo del Ayuntamiento de Sevilla, Dr. D. Juan Manuel Flores Cordero, pronunci\u00f3 ayer en el Sal\u00f3n Ram\u00f3n y Cajal de la Real Academia de Medicina y Cirug\u00eda de Sevilla una conferencia titulada \"Sevilla: Ciudad Saludable\" abordando las pol\u00edticas de salud y bienestar social que se desarrollan desde la administraci\u00f3n local. El conferenciante fue presentado por el Excmo. Sr. Alcalde de Sevilla, Juan <a href=\"https:\/\/ramse.es\/wordpress\/conferencia-qsevilla-ciudad-saludableq\/\">[...]<\/a><\/p><\/div><\/div><div class=\"fusion-clearfix\"><\/div><div class=\"fusion-meta-info\"><div class=\"fusion-alignright\"><a class=\"fusion-read-more\" href=\"https:\/\/ramse.es\/wordpress\/conferencia-qsevilla-ciudad-saludableq\/\" aria-label=\"More on Conferencia \u00abSevilla: Ciudad Saludable\u00bb\">Leer M\u00e1s<\/a><\/div><\/div><\/article>\n<article id=\"blog-1-post-2245\" class=\"fusion-post-large-alternate post-2245 post type-post status-publish format-standard has-post-thumbnail hentry category-latest-news\">\n\t<style type=\"text\/css\">\n\t\t\n\t\t\n\t\t\n\t\t\n\t\t\t<\/style>\n\n\n\t\t\t<div class=\"fusion-flexslider flexslider fusion-flexslider-loading fusion-post-slideshow\" style=\"\">\n\t\t<ul class=\"slides\">\n\t\t\t\n\t\t\t\t\t\t\t\t\t\t\t\t\t\t<li><div  class=\"fusion-image-wrapper\" aria-haspopup=\"true\">\n\t\t\t\t<img decoding=\"async\" width=\"448\" height=\"336\" src=\"https:\/\/ramse.es\/wordpress\/wp-content\/uploads\/2016\/06\/temasse.jpg\" class=\"attachment-full size-full wp-post-image\" alt=\"\" srcset=\"https:\/\/ramse.es\/wordpress\/wp-content\/uploads\/2016\/06\/temasse-200x150.jpg 200w, https:\/\/ramse.es\/wordpress\/wp-content\/uploads\/2016\/06\/temasse-400x300.jpg 400w, https:\/\/ramse.es\/wordpress\/wp-content\/uploads\/2016\/06\/temasse.jpg 448w\" sizes=\"(max-width: 1000px) 100vw, 448px\" \/><div class=\"fusion-rollover\">\n\t<div class=\"fusion-rollover-content\">\n\n\t\t\t\t\t\t\t\t\t\t\t\t\t\t<a class=\"fusion-rollover-link\" href=\"https:\/\/ramse.es\/wordpress\/acto-de-clausura-del-xxvii-curso-de-temas-sevillanos\/\">Acto de Clausura del XXVII Curso de Temas Sevillanos<\/a>\n\t\t\t\n\t\t\t\t\t\t\t\t\t\t\t\t\t\t\n\t\t\t\t\t\t\t\t\n\t\t\t\t\t\t\t\t\t\t\t\t\t<div class=\"fusion-rollover-sep\"><\/div>\n\t\t\t\t\n\t\t\t\t\t\t\t\t\t\t\t\t\t\t\t\t\t\t<a class=\"fusion-rollover-gallery\" href=\"https:\/\/ramse.es\/wordpress\/wp-content\/uploads\/2016\/06\/temasse.jpg\" data-id=\"2245\" data-rel=\"iLightbox[gallery]\" data-title=\"temasse\" data-caption=\"\">\n\t\t\t\t\t\tGaler\u00eda\t\t\t\t\t<\/a>\n\t\t\t\t\t\t\t\t\t\t\t\t\t\t\n\t\t\n\t\t\t\t\t\t\t\t\n\t\t\t\t\t\t\t\t\n\t\t\n\t\t\t\t\t\t<a class=\"fusion-link-wrapper\" href=\"https:\/\/ramse.es\/wordpress\/acto-de-clausura-del-xxvii-curso-de-temas-sevillanos\/\" aria-label=\"Acto de Clausura del XXVII Curso de Temas Sevillanos\"><\/a>\n\t<\/div>\n<\/div>\n<\/div>\n<\/li>\n\t\t\t\n\t\t\t\n\t\t\t\t\t\t\t\t\t\t\t\t\t\t\t\t\t\t\t\t\t\t\t\t\t\t\t\t\t\t\t\t\t\t\t\t\t\t\t\t\t\t\t\t\t\t\t\t\t\t\t\t\t\t\t\t\t\t\t\t\t\t\t\t\t\t\t\t<\/ul>\n\t<\/div>\n\t<div class=\"fusion-date-and-formats\"><div class=\"fusion-date-box updated\"><span class=\"fusion-date\">junio<\/span><span class=\"fusion-month-year\">12:00 am<\/span><\/div><div class=\"fusion-format-box\"><i class=\"awb-icon-pen\" aria-hidden=\"true\"><\/i><\/div><\/div><div class=\"fusion-post-content post-content\"><h2 class=\"blog-shortcode-post-title entry-title\"><a href=\"https:\/\/ramse.es\/wordpress\/acto-de-clausura-del-xxvii-curso-de-temas-sevillanos\/\">Acto de Clausura del XXVII Curso de Temas Sevillanos<\/a><\/h2><p class=\"fusion-single-line-meta\">Por <span class=\"vcard\"><span class=\"fn\"><a href=\"https:\/\/ramse.es\/wordpress\/author\/ivan_z0qj9h4b\/\" title=\"Entradas de admin\" rel=\"author\">admin<\/a><\/span><\/span><span class=\"fusion-inline-sep\">|<\/span><span class=\"updated\" style=\"display:none;\">2016-06-06T00:00:00+02:00<\/span><span>junio 6th, 2016<\/span><span class=\"fusion-inline-sep\">|<\/span>Categor\u00edas: <a href=\"https:\/\/ramse.es\/wordpress\/category\/news\/latest-news\/\" rel=\"category tag\">Noticias<\/a><span class=\"fusion-inline-sep\">|<\/span><\/p><div class=\"fusion-post-content-container\"><p>El Vicepresidente de la Real Academia de Medicina y Cirug\u00eda de Sevilla, Ilmo. Dr. D. Jos\u00e9 Luis Serrera Contreras, ha sido el encargado de pronunciar el discurso de clausura del XXVII Ciclo Acad\u00e9mico del curso de Temas Sevillanos que dirige D. Antonio Bustos.<\/p><\/div><\/div><div class=\"fusion-clearfix\"><\/div><div class=\"fusion-meta-info\"><div class=\"fusion-alignright\"><a class=\"fusion-read-more\" href=\"https:\/\/ramse.es\/wordpress\/acto-de-clausura-del-xxvii-curso-de-temas-sevillanos\/\" aria-label=\"More on Acto de Clausura del XXVII Curso de Temas Sevillanos\">Leer M\u00e1s<\/a><\/div><\/div><\/article>\n<article id=\"blog-1-post-2246\" class=\"fusion-post-large-alternate post-2246 post type-post status-publish format-standard hentry category-latest-news\">\n\t<style type=\"text\/css\">\n\t\t\n\t\t\n\t\t\n\t\t\n\t\t\t<\/style>\n\n\n<div class=\"fusion-date-and-formats\"><div class=\"fusion-date-box updated\"><span class=\"fusion-date\">junio<\/span><span class=\"fusion-month-year\">12:00 am<\/span><\/div><div class=\"fusion-format-box\"><i class=\"awb-icon-pen\" aria-hidden=\"true\"><\/i><\/div><\/div><div class=\"fusion-post-content post-content\"><h2 class=\"blog-shortcode-post-title entry-title\"><a href=\"https:\/\/ramse.es\/wordpress\/segunda-sesion-de-presentacion-de-premios-2015\/\">Segunda sesi\u00f3n de Presentaci\u00f3n de Premios 2015<\/a><\/h2><p class=\"fusion-single-line-meta\">Por <span class=\"vcard\"><span class=\"fn\"><a href=\"https:\/\/ramse.es\/wordpress\/author\/ivan_z0qj9h4b\/\" title=\"Entradas de admin\" rel=\"author\">admin<\/a><\/span><\/span><span class=\"fusion-inline-sep\">|<\/span><span class=\"updated\" style=\"display:none;\">2016-06-03T00:00:00+02:00<\/span><span>junio 3rd, 2016<\/span><span class=\"fusion-inline-sep\">|<\/span>Categor\u00edas: <a href=\"https:\/\/ramse.es\/wordpress\/category\/news\/latest-news\/\" rel=\"category tag\">Noticias<\/a><span class=\"fusion-inline-sep\">|<\/span><\/p><div class=\"fusion-post-content-container\"><p>El d\u00eda de ayer tuvo lugar la segunda sesi\u00f3n de presentaci\u00f3n de Premios del Concurso del A\u00f1o 2015 en la que han intervenido los Dres. D. Pedro Medina Vico, ganador del Premio de la Real Academia de Medicina de Sevilla, por su trabajo sobre un tema de medicina o especialidades m\u00e9dicas, titulado \u201cLos MicroARNs en el desarrollo de neoplasias hematol\u00f3gicas\u201d; D. Javier Ben\u00edtez Herreros, ganador del Premio Profesor Antonio Pi\u00f1ero <a href=\"https:\/\/ramse.es\/wordpress\/segunda-sesion-de-presentacion-de-premios-2015\/\">[...]<\/a><\/p><\/div><\/div><div class=\"fusion-clearfix\"><\/div><div class=\"fusion-meta-info\"><div class=\"fusion-alignright\"><a class=\"fusion-read-more\" href=\"https:\/\/ramse.es\/wordpress\/segunda-sesion-de-presentacion-de-premios-2015\/\" aria-label=\"More on Segunda sesi\u00f3n de Presentaci\u00f3n de Premios 2015\">Leer M\u00e1s<\/a><\/div><\/div><\/article>\n<article id=\"blog-1-post-2243\" class=\"fusion-post-large-alternate post-2243 post type-post status-publish format-standard has-post-thumbnail hentry category-latest-news\">\n\t<style type=\"text\/css\">\n\t\t\n\t\t\n\t\t\n\t\t\n\t\t\t<\/style>\n\n\n\t\t\t<div class=\"fusion-flexslider flexslider fusion-flexslider-loading fusion-post-slideshow\" style=\"\">\n\t\t<ul class=\"slides\">\n\t\t\t\n\t\t\t\t\t\t\t\t\t\t\t\t\t\t<li><div  class=\"fusion-image-wrapper\" aria-haspopup=\"true\">\n\t\t\t\t<img decoding=\"async\" width=\"448\" height=\"336\" src=\"https:\/\/ramse.es\/wordpress\/wp-content\/uploads\/2016\/05\/bonoramse.jpg\" class=\"attachment-full size-full wp-post-image\" alt=\"\" srcset=\"https:\/\/ramse.es\/wordpress\/wp-content\/uploads\/2016\/05\/bonoramse-200x150.jpg 200w, https:\/\/ramse.es\/wordpress\/wp-content\/uploads\/2016\/05\/bonoramse-400x300.jpg 400w, https:\/\/ramse.es\/wordpress\/wp-content\/uploads\/2016\/05\/bonoramse.jpg 448w\" sizes=\"(max-width: 1000px) 100vw, 448px\" \/><div class=\"fusion-rollover\">\n\t<div class=\"fusion-rollover-content\">\n\n\t\t\t\t\t\t\t\t\t\t\t\t\t\t<a class=\"fusion-rollover-link\" href=\"https:\/\/ramse.es\/wordpress\/316-anos-de-la-regia-sociedad\/\">316 a\u00f1os de la Regia Sociedad<\/a>\n\t\t\t\n\t\t\t\t\t\t\t\t\t\t\t\t\t\t\n\t\t\t\t\t\t\t\t\n\t\t\t\t\t\t\t\t\t\t\t\t\t<div class=\"fusion-rollover-sep\"><\/div>\n\t\t\t\t\n\t\t\t\t\t\t\t\t\t\t\t\t\t\t\t\t\t\t<a class=\"fusion-rollover-gallery\" href=\"https:\/\/ramse.es\/wordpress\/wp-content\/uploads\/2016\/05\/bonoramse.jpg\" data-id=\"2243\" data-rel=\"iLightbox[gallery]\" data-title=\"bonoramse\" data-caption=\"\">\n\t\t\t\t\t\tGaler\u00eda\t\t\t\t\t<\/a>\n\t\t\t\t\t\t\t\t\t\t\t\t\t\t\n\t\t\n\t\t\t\t\t\t\t\t\n\t\t\t\t\t\t\t\t\n\t\t\n\t\t\t\t\t\t<a class=\"fusion-link-wrapper\" href=\"https:\/\/ramse.es\/wordpress\/316-anos-de-la-regia-sociedad\/\" aria-label=\"316 a\u00f1os de la Regia Sociedad\"><\/a>\n\t<\/div>\n<\/div>\n<\/div>\n<\/li>\n\t\t\t\n\t\t\t\n\t\t\t\t\t\t\t\t\t\t\t\t\t\t\t\t\t\t\t\t\t\t\t\t\t\t\t\t\t\t\t\t\t\t\t\t\t\t\t\t\t\t\t\t\t\t\t\t\t\t\t\t\t\t\t\t\t\t\t\t\t\t\t\t\t\t\t\t<\/ul>\n\t<\/div>\n\t<div class=\"fusion-date-and-formats\"><div class=\"fusion-date-box updated\"><span class=\"fusion-date\">mayo<\/span><span class=\"fusion-month-year\">12:00 am<\/span><\/div><div class=\"fusion-format-box\"><i class=\"awb-icon-pen\" aria-hidden=\"true\"><\/i><\/div><\/div><div class=\"fusion-post-content post-content\"><h2 class=\"blog-shortcode-post-title entry-title\"><a href=\"https:\/\/ramse.es\/wordpress\/316-anos-de-la-regia-sociedad\/\">316 a\u00f1os de la Regia Sociedad<\/a><\/h2><p class=\"fusion-single-line-meta\">Por <span class=\"vcard\"><span class=\"fn\"><a href=\"https:\/\/ramse.es\/wordpress\/author\/ivan_z0qj9h4b\/\" title=\"Entradas de admin\" rel=\"author\">admin<\/a><\/span><\/span><span class=\"fusion-inline-sep\">|<\/span><span class=\"updated\" style=\"display:none;\">2016-05-23T00:00:00+02:00<\/span><span>mayo 23rd, 2016<\/span><span class=\"fusion-inline-sep\">|<\/span>Categor\u00edas: <a href=\"https:\/\/ramse.es\/wordpress\/category\/news\/latest-news\/\" rel=\"category tag\">Noticias<\/a><span class=\"fusion-inline-sep\">|<\/span><\/p><div class=\"fusion-post-content-container\"><p>El pasado jueves tuvo lugar en el Sal\u00f3n \u201cRam\u00f3n y Cajal\u201d de la Real Academia de Medicina y Cirug\u00eda de Sevilla el 316 Aniversario de la Regia Sociedad. El Excmo. Sr. Presidente, Dr. D. Jes\u00fas Casti\u00f1erias Fern\u00e1ndez fue el encargado de presentar al conferenciante D. Jos\u00e9 Bono Mart\u00ednez, que imparti\u00f3 una conferencia titulada \u201cLa Espa\u00f1a del S. XXI\u201d. Seguidamente se cedi\u00f3 la palabra al Ilmo. Sr. Secretario General, D. Ignacio <a href=\"https:\/\/ramse.es\/wordpress\/316-anos-de-la-regia-sociedad\/\">[...]<\/a><\/p><\/div><\/div><div class=\"fusion-clearfix\"><\/div><div class=\"fusion-meta-info\"><div class=\"fusion-alignright\"><a class=\"fusion-read-more\" href=\"https:\/\/ramse.es\/wordpress\/316-anos-de-la-regia-sociedad\/\" aria-label=\"More on 316 a\u00f1os de la Regia Sociedad\">Leer M\u00e1s<\/a><\/div><\/div><\/article>\n<article id=\"blog-1-post-2240\" class=\"fusion-post-large-alternate post-2240 post type-post status-publish format-standard has-post-thumbnail hentry category-latest-news\">\n\t<style type=\"text\/css\">\n\t\t\n\t\t\n\t\t\n\t\t\n\t\t\t<\/style>\n\n\n\t\t\t<div class=\"fusion-flexslider flexslider fusion-flexslider-loading fusion-post-slideshow\" style=\"\">\n\t\t<ul class=\"slides\">\n\t\t\t\n\t\t\t\t\t\t\t\t\t\t\t\t\t\t<li><div  class=\"fusion-image-wrapper\" aria-haspopup=\"true\">\n\t\t\t\t<img decoding=\"async\" width=\"448\" height=\"336\" src=\"https:\/\/ramse.es\/wordpress\/wp-content\/uploads\/2016\/05\/correspondientesmayo.jpg\" class=\"attachment-full size-full wp-post-image\" alt=\"\" srcset=\"https:\/\/ramse.es\/wordpress\/wp-content\/uploads\/2016\/05\/correspondientesmayo-200x150.jpg 200w, https:\/\/ramse.es\/wordpress\/wp-content\/uploads\/2016\/05\/correspondientesmayo-400x300.jpg 400w, https:\/\/ramse.es\/wordpress\/wp-content\/uploads\/2016\/05\/correspondientesmayo.jpg 448w\" sizes=\"(max-width: 1000px) 100vw, 448px\" \/><div class=\"fusion-rollover\">\n\t<div class=\"fusion-rollover-content\">\n\n\t\t\t\t\t\t\t\t\t\t\t\t\t\t<a class=\"fusion-rollover-link\" href=\"https:\/\/ramse.es\/wordpress\/recepcion-de-academicos-correspondientes-8\/\">Recepci\u00f3n de Acad\u00e9micos Correspondientes<\/a>\n\t\t\t\n\t\t\t\t\t\t\t\t\t\t\t\t\t\t\n\t\t\t\t\t\t\t\t\n\t\t\t\t\t\t\t\t\t\t\t\t\t<div class=\"fusion-rollover-sep\"><\/div>\n\t\t\t\t\n\t\t\t\t\t\t\t\t\t\t\t\t\t\t\t\t\t\t<a class=\"fusion-rollover-gallery\" href=\"https:\/\/ramse.es\/wordpress\/wp-content\/uploads\/2016\/05\/correspondientesmayo.jpg\" data-id=\"2240\" data-rel=\"iLightbox[gallery]\" data-title=\"correspondientesmayo\" data-caption=\"\">\n\t\t\t\t\t\tGaler\u00eda\t\t\t\t\t<\/a>\n\t\t\t\t\t\t\t\t\t\t\t\t\t\t\n\t\t\n\t\t\t\t\t\t\t\t\n\t\t\t\t\t\t\t\t\n\t\t\n\t\t\t\t\t\t<a class=\"fusion-link-wrapper\" href=\"https:\/\/ramse.es\/wordpress\/recepcion-de-academicos-correspondientes-8\/\" aria-label=\"Recepci\u00f3n de Acad\u00e9micos Correspondientes\"><\/a>\n\t<\/div>\n<\/div>\n<\/div>\n<\/li>\n\t\t\t\n\t\t\t\n\t\t\t\t\t\t\t\t\t\t\t\t\t\t\t\t\t\t\t\t\t\t\t\t\t\t\t\t\t\t\t\t\t\t\t\t\t\t\t\t\t\t\t\t\t\t\t\t\t\t\t\t\t\t\t\t\t\t\t\t\t\t\t\t\t\t\t\t<\/ul>\n\t<\/div>\n\t<div class=\"fusion-date-and-formats\"><div class=\"fusion-date-box updated\"><span class=\"fusion-date\">mayo<\/span><span class=\"fusion-month-year\">12:00 am<\/span><\/div><div class=\"fusion-format-box\"><i class=\"awb-icon-pen\" aria-hidden=\"true\"><\/i><\/div><\/div><div class=\"fusion-post-content post-content\"><h2 class=\"blog-shortcode-post-title entry-title\"><a href=\"https:\/\/ramse.es\/wordpress\/recepcion-de-academicos-correspondientes-8\/\">Recepci\u00f3n de Acad\u00e9micos Correspondientes<\/a><\/h2><p class=\"fusion-single-line-meta\">Por <span class=\"vcard\"><span class=\"fn\"><a href=\"https:\/\/ramse.es\/wordpress\/author\/ivan_z0qj9h4b\/\" title=\"Entradas de admin\" rel=\"author\">admin<\/a><\/span><\/span><span class=\"fusion-inline-sep\">|<\/span><span class=\"updated\" style=\"display:none;\">2016-05-07T00:00:00+02:00<\/span><span>mayo 7th, 2016<\/span><span class=\"fusion-inline-sep\">|<\/span>Categor\u00edas: <a href=\"https:\/\/ramse.es\/wordpress\/category\/news\/latest-news\/\" rel=\"category tag\">Noticias<\/a><span class=\"fusion-inline-sep\">|<\/span><\/p><div class=\"fusion-post-content-container\"><p>El pasado jueves 5 de mayo tuvo lugar en la Real Academia de Medicina y Cirug\u00eda de Sevilla sesi\u00f3n solemne para la recepci\u00f3n de nuevos Acad\u00e9micos Correspondientes tomando posesi\u00f3n el Dr. Manuel Ortega Calvo, que abord\u00f3 \u201cLa Escuela Inglesa de Atenci\u00f3n Primaria entre los siglos XX y XXI\u201d siendo presentado por Acad\u00e9mico de N\u00famero Ilmo. Dr. D. Carlos Mart\u00ednez Manzanares. El Dr. Juan G\u00e1lvez Acebal que trat\u00f3 durante su intervenci\u00f3n <a href=\"https:\/\/ramse.es\/wordpress\/recepcion-de-academicos-correspondientes-8\/\">[...]<\/a><\/p><\/div><\/div><div class=\"fusion-clearfix\"><\/div><div class=\"fusion-meta-info\"><div class=\"fusion-alignright\"><a class=\"fusion-read-more\" href=\"https:\/\/ramse.es\/wordpress\/recepcion-de-academicos-correspondientes-8\/\" aria-label=\"More on Recepci\u00f3n de Acad\u00e9micos Correspondientes\">Leer M\u00e1s<\/a><\/div><\/div><\/article>\n<article id=\"blog-1-post-2238\" class=\"fusion-post-large-alternate post-2238 post type-post status-publish format-standard has-post-thumbnail hentry category-latest-news\">\n\t<style type=\"text\/css\">\n\t\t\n\t\t\n\t\t\n\t\t\n\t\t\t<\/style>\n\n\n\t\t\t<div class=\"fusion-flexslider flexslider fusion-flexslider-loading fusion-post-slideshow\" style=\"\">\n\t\t<ul class=\"slides\">\n\t\t\t\n\t\t\t\t\t\t\t\t\t\t\t\t\t\t<li><div  class=\"fusion-image-wrapper\" aria-haspopup=\"true\">\n\t\t\t\t<img decoding=\"async\" width=\"448\" height=\"336\" src=\"https:\/\/ramse.es\/wordpress\/wp-content\/uploads\/2016\/05\/pieytobillo.jpg\" class=\"attachment-full size-full wp-post-image\" alt=\"\" srcset=\"https:\/\/ramse.es\/wordpress\/wp-content\/uploads\/2016\/05\/pieytobillo-200x150.jpg 200w, https:\/\/ramse.es\/wordpress\/wp-content\/uploads\/2016\/05\/pieytobillo-400x300.jpg 400w, https:\/\/ramse.es\/wordpress\/wp-content\/uploads\/2016\/05\/pieytobillo.jpg 448w\" sizes=\"(max-width: 1000px) 100vw, 448px\" \/><div class=\"fusion-rollover\">\n\t<div class=\"fusion-rollover-content\">\n\n\t\t\t\t\t\t\t\t\t\t\t\t\t\t<a class=\"fusion-rollover-link\" href=\"https:\/\/ramse.es\/wordpress\/vii-jornadas-porto-barcelona\/\">VII Jornadas Porto-Barcelona<\/a>\n\t\t\t\n\t\t\t\t\t\t\t\t\t\t\t\t\t\t\n\t\t\t\t\t\t\t\t\n\t\t\t\t\t\t\t\t\t\t\t\t\t<div class=\"fusion-rollover-sep\"><\/div>\n\t\t\t\t\n\t\t\t\t\t\t\t\t\t\t\t\t\t\t\t\t\t\t<a class=\"fusion-rollover-gallery\" href=\"https:\/\/ramse.es\/wordpress\/wp-content\/uploads\/2016\/05\/pieytobillo.jpg\" data-id=\"2238\" data-rel=\"iLightbox[gallery]\" data-title=\"pieytobillo\" data-caption=\"\">\n\t\t\t\t\t\tGaler\u00eda\t\t\t\t\t<\/a>\n\t\t\t\t\t\t\t\t\t\t\t\t\t\t\n\t\t\n\t\t\t\t\t\t\t\t\n\t\t\t\t\t\t\t\t\n\t\t\n\t\t\t\t\t\t<a class=\"fusion-link-wrapper\" href=\"https:\/\/ramse.es\/wordpress\/vii-jornadas-porto-barcelona\/\" aria-label=\"VII Jornadas Porto-Barcelona\"><\/a>\n\t<\/div>\n<\/div>\n<\/div>\n<\/li>\n\t\t\t\n\t\t\t\n\t\t\t\t\t\t\t\t\t\t\t\t\t\t\t\t\t\t\t\t\t\t\t\t\t\t\t\t\t\t\t\t\t\t\t\t\t\t\t\t\t\t\t\t\t\t\t\t\t\t\t\t\t\t\t\t\t\t\t\t\t\t\t\t\t\t\t\t<\/ul>\n\t<\/div>\n\t<div class=\"fusion-date-and-formats\"><div class=\"fusion-date-box updated\"><span class=\"fusion-date\">mayo<\/span><span class=\"fusion-month-year\">12:00 am<\/span><\/div><div class=\"fusion-format-box\"><i class=\"awb-icon-pen\" aria-hidden=\"true\"><\/i><\/div><\/div><div class=\"fusion-post-content post-content\"><h2 class=\"blog-shortcode-post-title entry-title\"><a href=\"https:\/\/ramse.es\/wordpress\/vii-jornadas-porto-barcelona\/\">VII Jornadas Porto-Barcelona<\/a><\/h2><p class=\"fusion-single-line-meta\">Por <span class=\"vcard\"><span class=\"fn\"><a href=\"https:\/\/ramse.es\/wordpress\/author\/ivan_z0qj9h4b\/\" title=\"Entradas de admin\" rel=\"author\">admin<\/a><\/span><\/span><span class=\"fusion-inline-sep\">|<\/span><span class=\"updated\" style=\"display:none;\">2016-05-02T00:00:00+02:00<\/span><span>mayo 2nd, 2016<\/span><span class=\"fusion-inline-sep\">|<\/span>Categor\u00edas: <a href=\"https:\/\/ramse.es\/wordpress\/category\/news\/latest-news\/\" rel=\"category tag\">Noticias<\/a><span class=\"fusion-inline-sep\">|<\/span><\/p><div class=\"fusion-post-content-container\"><p>Este fin de semana han tenido lugar en la Real Academia de Medicina y Cirug\u00eda de Sevilla las VII Jornadas Porto-Barcelona Pie y Tobillo en las que se han dado cita casi un centenar de profesionales. Las Jornadas han estado dirigidas por los doctores Aurelio Borr\u00e1s Verdera, Xavier Mart\u00edn Oliva y Paulo Amado. La conferencia inaugural titulada \"Resultados de la artrodesis de tobillo\" corri\u00f3 a cargo del profesor Antonio Viladot.<\/p><\/div><\/div><div class=\"fusion-clearfix\"><\/div><div class=\"fusion-meta-info\"><div class=\"fusion-alignright\"><a class=\"fusion-read-more\" href=\"https:\/\/ramse.es\/wordpress\/vii-jornadas-porto-barcelona\/\" aria-label=\"More on VII Jornadas Porto-Barcelona\">Leer M\u00e1s<\/a><\/div><\/div><\/article>\n<article id=\"blog-1-post-2236\" class=\"fusion-post-large-alternate post-2236 post type-post status-publish format-standard has-post-thumbnail hentry category-latest-news\">\n\t<style type=\"text\/css\">\n\t\t\n\t\t\n\t\t\n\t\t\n\t\t\t<\/style>\n\n\n\t\t\t<div class=\"fusion-flexslider flexslider fusion-flexslider-loading fusion-post-slideshow\" style=\"\">\n\t\t<ul class=\"slides\">\n\t\t\t\n\t\t\t\t\t\t\t\t\t\t\t\t\t\t<li><div  class=\"fusion-image-wrapper\" aria-haspopup=\"true\">\n\t\t\t\t<img decoding=\"async\" width=\"448\" height=\"336\" src=\"https:\/\/ramse.es\/wordpress\/wp-content\/uploads\/2016\/04\/arguellespedi.jpg\" class=\"attachment-full size-full wp-post-image\" alt=\"\" srcset=\"https:\/\/ramse.es\/wordpress\/wp-content\/uploads\/2016\/04\/arguellespedi-200x150.jpg 200w, https:\/\/ramse.es\/wordpress\/wp-content\/uploads\/2016\/04\/arguellespedi-400x300.jpg 400w, https:\/\/ramse.es\/wordpress\/wp-content\/uploads\/2016\/04\/arguellespedi.jpg 448w\" sizes=\"(max-width: 1000px) 100vw, 448px\" \/><div class=\"fusion-rollover\">\n\t<div class=\"fusion-rollover-content\">\n\n\t\t\t\t\t\t\t\t\t\t\t\t\t\t<a class=\"fusion-rollover-link\" href=\"https:\/\/ramse.es\/wordpress\/i-encuentro-de-gastroenterologia-infantil\/\">I Encuentro de Gastroenterolog\u00eda Infantil<\/a>\n\t\t\t\n\t\t\t\t\t\t\t\t\t\t\t\t\t\t\n\t\t\t\t\t\t\t\t\n\t\t\t\t\t\t\t\t\t\t\t\t\t<div class=\"fusion-rollover-sep\"><\/div>\n\t\t\t\t\n\t\t\t\t\t\t\t\t\t\t\t\t\t\t\t\t\t\t<a class=\"fusion-rollover-gallery\" href=\"https:\/\/ramse.es\/wordpress\/wp-content\/uploads\/2016\/04\/arguellespedi.jpg\" data-id=\"2236\" data-rel=\"iLightbox[gallery]\" data-title=\"arguellespedi\" data-caption=\"\">\n\t\t\t\t\t\tGaler\u00eda\t\t\t\t\t<\/a>\n\t\t\t\t\t\t\t\t\t\t\t\t\t\t\n\t\t\n\t\t\t\t\t\t\t\t\n\t\t\t\t\t\t\t\t\n\t\t\n\t\t\t\t\t\t<a class=\"fusion-link-wrapper\" href=\"https:\/\/ramse.es\/wordpress\/i-encuentro-de-gastroenterologia-infantil\/\" aria-label=\"I Encuentro de Gastroenterolog\u00eda Infantil\"><\/a>\n\t<\/div>\n<\/div>\n<\/div>\n<\/li>\n\t\t\t\n\t\t\t\n\t\t\t\t\t\t\t\t\t\t\t\t\t\t\t\t\t\t\t\t\t\t\t\t\t\t\t\t\t\t\t\t\t\t\t\t\t\t\t\t\t\t\t\t\t\t\t\t\t\t\t\t\t\t\t\t\t\t\t\t\t\t\t\t\t\t\t\t<\/ul>\n\t<\/div>\n\t<div class=\"fusion-date-and-formats\"><div class=\"fusion-date-box updated\"><span class=\"fusion-date\">abril<\/span><span class=\"fusion-month-year\">12:00 am<\/span><\/div><div class=\"fusion-format-box\"><i class=\"awb-icon-pen\" aria-hidden=\"true\"><\/i><\/div><\/div><div class=\"fusion-post-content post-content\"><h2 class=\"blog-shortcode-post-title entry-title\"><a href=\"https:\/\/ramse.es\/wordpress\/i-encuentro-de-gastroenterologia-infantil\/\">I Encuentro de Gastroenterolog\u00eda Infantil<\/a><\/h2><p class=\"fusion-single-line-meta\">Por <span class=\"vcard\"><span class=\"fn\"><a href=\"https:\/\/ramse.es\/wordpress\/author\/ivan_z0qj9h4b\/\" title=\"Entradas de admin\" rel=\"author\">admin<\/a><\/span><\/span><span class=\"fusion-inline-sep\">|<\/span><span class=\"updated\" style=\"display:none;\">2016-04-29T00:00:00+02:00<\/span><span>abril 29th, 2016<\/span><span class=\"fusion-inline-sep\">|<\/span>Categor\u00edas: <a href=\"https:\/\/ramse.es\/wordpress\/category\/news\/latest-news\/\" rel=\"category tag\">Noticias<\/a><span class=\"fusion-inline-sep\">|<\/span><\/p><div class=\"fusion-post-content-container\"><p>La Real Academia de Medicina y Cirug\u00eda de Sevilla acogi\u00f3 el I Encuentro de Gastroenterolog\u00eda Infantil coordinado y moderado por el Dr. Cristobal Coronel Rodr\u00edguez y en el que han intervenido los Dres. Antonio Mill\u00e1n Jim\u00e9nez, Beatriz Esp\u00edn Jaime y Federico Arg\u00fcelles Mart\u00edn, siendo este \u00faltimo el encargado de presidir el acto. La actividad formativa estaba dirigida preferentemente a pediatras generales y pediatras con especial dedicaci\u00f3n a la atenci\u00f3n de <a href=\"https:\/\/ramse.es\/wordpress\/i-encuentro-de-gastroenterologia-infantil\/\">[...]<\/a><\/p><\/div><\/div><div class=\"fusion-clearfix\"><\/div><div class=\"fusion-meta-info\"><div class=\"fusion-alignright\"><a class=\"fusion-read-more\" href=\"https:\/\/ramse.es\/wordpress\/i-encuentro-de-gastroenterologia-infantil\/\" aria-label=\"More on I Encuentro de Gastroenterolog\u00eda Infantil\">Leer M\u00e1s<\/a><\/div><\/div><\/article>\n<article id=\"blog-1-post-2234\" class=\"fusion-post-large-alternate post-2234 post type-post status-publish format-standard has-post-thumbnail hentry category-latest-news\">\n\t<style type=\"text\/css\">\n\t\t\n\t\t\n\t\t\n\t\t\n\t\t\t<\/style>\n\n\n\t\t\t<div class=\"fusion-flexslider flexslider fusion-flexslider-loading fusion-post-slideshow\" style=\"\">\n\t\t<ul class=\"slides\">\n\t\t\t\n\t\t\t\t\t\t\t\t\t\t\t\t\t\t<li><div  class=\"fusion-image-wrapper\" aria-haspopup=\"true\">\n\t\t\t\t<img decoding=\"async\" width=\"448\" height=\"336\" src=\"https:\/\/ramse.es\/wordpress\/wp-content\/uploads\/2016\/04\/premios20151.jpg\" class=\"attachment-full size-full wp-post-image\" alt=\"\" srcset=\"https:\/\/ramse.es\/wordpress\/wp-content\/uploads\/2016\/04\/premios20151-200x150.jpg 200w, https:\/\/ramse.es\/wordpress\/wp-content\/uploads\/2016\/04\/premios20151-400x300.jpg 400w, https:\/\/ramse.es\/wordpress\/wp-content\/uploads\/2016\/04\/premios20151.jpg 448w\" sizes=\"(max-width: 1000px) 100vw, 448px\" \/><div class=\"fusion-rollover\">\n\t<div class=\"fusion-rollover-content\">\n\n\t\t\t\t\t\t\t\t\t\t\t\t\t\t<a class=\"fusion-rollover-link\" href=\"https:\/\/ramse.es\/wordpress\/primera-sesion-de-presentacion-de-premios-2015\/\">Primera sesi\u00f3n de Presentaci\u00f3n de Premios 2015<\/a>\n\t\t\t\n\t\t\t\t\t\t\t\t\t\t\t\t\t\t\n\t\t\t\t\t\t\t\t\n\t\t\t\t\t\t\t\t\t\t\t\t\t<div class=\"fusion-rollover-sep\"><\/div>\n\t\t\t\t\n\t\t\t\t\t\t\t\t\t\t\t\t\t\t\t\t\t\t<a class=\"fusion-rollover-gallery\" href=\"https:\/\/ramse.es\/wordpress\/wp-content\/uploads\/2016\/04\/premios20151.jpg\" data-id=\"2234\" data-rel=\"iLightbox[gallery]\" data-title=\"premios20151\" data-caption=\"\">\n\t\t\t\t\t\tGaler\u00eda\t\t\t\t\t<\/a>\n\t\t\t\t\t\t\t\t\t\t\t\t\t\t\n\t\t\n\t\t\t\t\t\t\t\t\n\t\t\t\t\t\t\t\t\n\t\t\n\t\t\t\t\t\t<a class=\"fusion-link-wrapper\" href=\"https:\/\/ramse.es\/wordpress\/primera-sesion-de-presentacion-de-premios-2015\/\" aria-label=\"Primera sesi\u00f3n de Presentaci\u00f3n de Premios 2015\"><\/a>\n\t<\/div>\n<\/div>\n<\/div>\n<\/li>\n\t\t\t\n\t\t\t\n\t\t\t\t\t\t\t\t\t\t\t\t\t\t\t\t\t\t\t\t\t\t\t\t\t\t\t\t\t\t\t\t\t\t\t\t\t\t\t\t\t\t\t\t\t\t\t\t\t\t\t\t\t\t\t\t\t\t\t\t\t\t\t\t\t\t\t\t<\/ul>\n\t<\/div>\n\t<div class=\"fusion-date-and-formats\"><div class=\"fusion-date-box updated\"><span class=\"fusion-date\">abril<\/span><span class=\"fusion-month-year\">12:00 am<\/span><\/div><div class=\"fusion-format-box\"><i class=\"awb-icon-pen\" aria-hidden=\"true\"><\/i><\/div><\/div><div class=\"fusion-post-content post-content\"><h2 class=\"blog-shortcode-post-title entry-title\"><a href=\"https:\/\/ramse.es\/wordpress\/primera-sesion-de-presentacion-de-premios-2015\/\">Primera sesi\u00f3n de Presentaci\u00f3n de Premios 2015<\/a><\/h2><p class=\"fusion-single-line-meta\">Por <span class=\"vcard\"><span class=\"fn\"><a href=\"https:\/\/ramse.es\/wordpress\/author\/ivan_z0qj9h4b\/\" title=\"Entradas de admin\" rel=\"author\">admin<\/a><\/span><\/span><span class=\"fusion-inline-sep\">|<\/span><span class=\"updated\" style=\"display:none;\">2016-04-22T00:00:00+02:00<\/span><span>abril 22nd, 2016<\/span><span class=\"fusion-inline-sep\">|<\/span>Categor\u00edas: <a href=\"https:\/\/ramse.es\/wordpress\/category\/news\/latest-news\/\" rel=\"category tag\">Noticias<\/a><span class=\"fusion-inline-sep\">|<\/span><\/p><div class=\"fusion-post-content-container\"><p>El d\u00eda de ayer tuvo lugar la primera sesi\u00f3n depresentaci\u00f3n de Premios del Concurso del A\u00f1o 2015 en la que han intervenido los Dres. Gregorio Rodr\u00edguez-Boto, ganador del Premio de la Real Academia de Medicina y Cirug\u00eda de Sevilla a Publicaciones Cient\u00edficas, por su trabajo titulado \u201cCombined staged therapy of complex arteriovenous malformations: initial experience\u201d; Antonio L\u00f3pez Jim\u00e9nez, ganador del Premio Real e Ilustre Colegio Oficial de M\u00e9dicos de Sevilla, <a href=\"https:\/\/ramse.es\/wordpress\/primera-sesion-de-presentacion-de-premios-2015\/\">[...]<\/a><\/p><\/div><\/div><div class=\"fusion-clearfix\"><\/div><div class=\"fusion-meta-info\"><div class=\"fusion-alignright\"><a class=\"fusion-read-more\" href=\"https:\/\/ramse.es\/wordpress\/primera-sesion-de-presentacion-de-premios-2015\/\" aria-label=\"More on Primera sesi\u00f3n de Presentaci\u00f3n de Premios 2015\">Leer M\u00e1s<\/a><\/div><\/div><\/article>\n<article id=\"blog-1-post-2232\" class=\"fusion-post-large-alternate post-2232 post type-post status-publish format-standard has-post-thumbnail hentry category-uncategorized\">\n\t<style type=\"text\/css\">\n\t\t\n\t\t\n\t\t\n\t\t\n\t\t\t<\/style>\n\n\n\t\t\t<div class=\"fusion-flexslider flexslider fusion-flexslider-loading fusion-post-slideshow\" style=\"\">\n\t\t<ul class=\"slides\">\n\t\t\t\n\t\t\t\t\t\t\t\t\t\t\t\t\t\t<li><div  class=\"fusion-image-wrapper\" aria-haspopup=\"true\">\n\t\t\t\t<img decoding=\"async\" width=\"670\" height=\"695\" src=\"https:\/\/ramse.es\/wordpress\/wp-content\/uploads\/2016\/04\/fundalogos2.jpg\" class=\"attachment-full size-full wp-post-image\" alt=\"\" srcset=\"https:\/\/ramse.es\/wordpress\/wp-content\/uploads\/2016\/04\/fundalogos2-200x207.jpg 200w, https:\/\/ramse.es\/wordpress\/wp-content\/uploads\/2016\/04\/fundalogos2-400x415.jpg 400w, https:\/\/ramse.es\/wordpress\/wp-content\/uploads\/2016\/04\/fundalogos2-600x622.jpg 600w, https:\/\/ramse.es\/wordpress\/wp-content\/uploads\/2016\/04\/fundalogos2.jpg 670w\" sizes=\"(max-width: 1000px) 100vw, 670px\" \/><div class=\"fusion-rollover\">\n\t<div class=\"fusion-rollover-content\">\n\n\t\t\t\t\t\t\t\t\t\t\t\t\t\t<a class=\"fusion-rollover-link\" href=\"https:\/\/ramse.es\/wordpress\/fundacion-ramse\/\">Fundaci\u00f3n RAMSE<\/a>\n\t\t\t\n\t\t\t\t\t\t\t\t\t\t\t\t\t\t\n\t\t\t\t\t\t\t\t\n\t\t\t\t\t\t\t\t\t\t\t\t\t<div class=\"fusion-rollover-sep\"><\/div>\n\t\t\t\t\n\t\t\t\t\t\t\t\t\t\t\t\t\t\t\t\t\t\t<a class=\"fusion-rollover-gallery\" href=\"https:\/\/ramse.es\/wordpress\/wp-content\/uploads\/2016\/04\/fundalogos2.jpg\" data-id=\"2232\" data-rel=\"iLightbox[gallery]\" data-title=\"fundalogos2\" data-caption=\"\">\n\t\t\t\t\t\tGaler\u00eda\t\t\t\t\t<\/a>\n\t\t\t\t\t\t\t\t\t\t\t\t\t\t\n\t\t\n\t\t\t\t\t\t\t\t\n\t\t\t\t\t\t\t\t\n\t\t\n\t\t\t\t\t\t<a class=\"fusion-link-wrapper\" href=\"https:\/\/ramse.es\/wordpress\/fundacion-ramse\/\" aria-label=\"Fundaci\u00f3n RAMSE\"><\/a>\n\t<\/div>\n<\/div>\n<\/div>\n<\/li>\n\t\t\t\n\t\t\t\n\t\t\t\t\t\t\t\t\t\t\t\t\t\t\t\t\t\t\t\t\t\t\t\t\t\t\t\t\t\t\t\t\t\t\t\t\t\t\t\t\t\t\t\t\t\t\t\t\t\t\t\t\t\t\t\t\t\t\t\t\t\t\t\t\t\t\t\t<\/ul>\n\t<\/div>\n\t<div class=\"fusion-date-and-formats\"><div class=\"fusion-date-box updated\"><span class=\"fusion-date\">abril<\/span><span class=\"fusion-month-year\">10:07 am<\/span><\/div><div class=\"fusion-format-box\"><i class=\"awb-icon-pen\" aria-hidden=\"true\"><\/i><\/div><\/div><div class=\"fusion-post-content post-content\"><h2 class=\"blog-shortcode-post-title entry-title\"><a href=\"https:\/\/ramse.es\/wordpress\/fundacion-ramse\/\">Fundaci\u00f3n RAMSE<\/a><\/h2><p class=\"fusion-single-line-meta\">Por <span class=\"vcard\"><span class=\"fn\"><a href=\"https:\/\/ramse.es\/wordpress\/author\/ivan_z0qj9h4b\/\" title=\"Entradas de admin\" rel=\"author\">admin<\/a><\/span><\/span><span class=\"fusion-inline-sep\">|<\/span><span class=\"updated\" style=\"display:none;\">2016-04-14T10:07:17+02:00<\/span><span>abril 14th, 2016<\/span><span class=\"fusion-inline-sep\">|<\/span>Categor\u00edas: <a href=\"https:\/\/ramse.es\/wordpress\/category\/uncategorized\/\" rel=\"category tag\">Uncategorized<\/a><span class=\"fusion-inline-sep\">|<\/span><\/p><div class=\"fusion-post-content-container\"><p>A lo largo de sus m\u00e1s de tres siglos de historia, la Real Academia de Medicina y Cirug\u00eda de Sevilla ha mantenido su primitiva vocaci\u00f3n de cultivo de la pr\u00e1ctica y saber m\u00e9dico y la difusi\u00f3n de su conocimiento, de modo que, a pesar de los cambios y continua evoluci\u00f3n de sus disciplinas, la Academia sigue presentando la excelencia de las ciencias m\u00e9dicas en lo novedoso y en el respetuoso <a href=\"https:\/\/ramse.es\/wordpress\/fundacion-ramse\/\">[...]<\/a><\/p><\/div><\/div><div class=\"fusion-clearfix\"><\/div><div class=\"fusion-meta-info\"><div class=\"fusion-alignright\"><a class=\"fusion-read-more\" href=\"https:\/\/ramse.es\/wordpress\/fundacion-ramse\/\" aria-label=\"More on Fundaci\u00f3n RAMSE\">Leer M\u00e1s<\/a><\/div><\/div><\/article>\n<article id=\"blog-1-post-2228\" class=\"fusion-post-large-alternate post-2228 post type-post status-publish format-standard has-post-thumbnail hentry category-latest-news\">\n\t<style type=\"text\/css\">\n\t\t\n\t\t\n\t\t\n\t\t\n\t\t\t<\/style>\n\n\n\t\t\t<div class=\"fusion-flexslider flexslider fusion-flexslider-loading fusion-post-slideshow\" style=\"\">\n\t\t<ul class=\"slides\">\n\t\t\t\n\t\t\t\t\t\t\t\t\t\t\t\t\t\t<li><div  class=\"fusion-image-wrapper\" aria-haspopup=\"true\">\n\t\t\t\t<img decoding=\"async\" width=\"448\" height=\"336\" src=\"https:\/\/ramse.es\/wordpress\/wp-content\/uploads\/2016\/04\/barrett.jpg\" class=\"attachment-full size-full wp-post-image\" alt=\"\" srcset=\"https:\/\/ramse.es\/wordpress\/wp-content\/uploads\/2016\/04\/barrett-200x150.jpg 200w, https:\/\/ramse.es\/wordpress\/wp-content\/uploads\/2016\/04\/barrett-400x300.jpg 400w, https:\/\/ramse.es\/wordpress\/wp-content\/uploads\/2016\/04\/barrett.jpg 448w\" sizes=\"(max-width: 1000px) 100vw, 448px\" \/><div class=\"fusion-rollover\">\n\t<div class=\"fusion-rollover-content\">\n\n\t\t\t\t\t\t\t\t\t\t\t\t\t\t<a class=\"fusion-rollover-link\" href=\"https:\/\/ramse.es\/wordpress\/jornada-de-tratamiento-del-esofago-de-barrett-con-radiofrecuencia\/\">JORNADA DE TRATAMIENTO DEL ESOFAGO DE BARRETT CON RADIOFRECUENCIA<\/a>\n\t\t\t\n\t\t\t\t\t\t\t\t\t\t\t\t\t\t\n\t\t\t\t\t\t\t\t\n\t\t\t\t\t\t\t\t\t\t\t\t\t<div class=\"fusion-rollover-sep\"><\/div>\n\t\t\t\t\n\t\t\t\t\t\t\t\t\t\t\t\t\t\t\t\t\t\t<a class=\"fusion-rollover-gallery\" href=\"https:\/\/ramse.es\/wordpress\/wp-content\/uploads\/2016\/04\/barrett.jpg\" data-id=\"2228\" data-rel=\"iLightbox[gallery]\" data-title=\"barrett\" data-caption=\"\">\n\t\t\t\t\t\tGaler\u00eda\t\t\t\t\t<\/a>\n\t\t\t\t\t\t\t\t\t\t\t\t\t\t\n\t\t\n\t\t\t\t\t\t\t\t\n\t\t\t\t\t\t\t\t\n\t\t\n\t\t\t\t\t\t<a class=\"fusion-link-wrapper\" href=\"https:\/\/ramse.es\/wordpress\/jornada-de-tratamiento-del-esofago-de-barrett-con-radiofrecuencia\/\" aria-label=\"JORNADA DE TRATAMIENTO DEL ESOFAGO DE BARRETT CON RADIOFRECUENCIA\"><\/a>\n\t<\/div>\n<\/div>\n<\/div>\n<\/li>\n\t\t\t\n\t\t\t\n\t\t\t\t\t\t\t\t\t\t\t\t\t\t\t\t\t\t\t\t\t\t\t\t\t\t\t\t\t\t\t\t\t\t\t\t\t\t\t\t\t\t\t\t\t\t\t\t\t\t\t\t\t\t\t\t\t\t\t\t\t\t\t\t\t\t\t\t<\/ul>\n\t<\/div>\n\t<div class=\"fusion-date-and-formats\"><div class=\"fusion-date-box updated\"><span class=\"fusion-date\">abril<\/span><span class=\"fusion-month-year\">12:00 am<\/span><\/div><div class=\"fusion-format-box\"><i class=\"awb-icon-pen\" aria-hidden=\"true\"><\/i><\/div><\/div><div class=\"fusion-post-content post-content\"><h2 class=\"blog-shortcode-post-title entry-title\"><a href=\"https:\/\/ramse.es\/wordpress\/jornada-de-tratamiento-del-esofago-de-barrett-con-radiofrecuencia\/\">JORNADA DE TRATAMIENTO DEL ESOFAGO DE BARRETT CON RADIOFRECUENCIA<\/a><\/h2><p class=\"fusion-single-line-meta\">Por <span class=\"vcard\"><span class=\"fn\"><a href=\"https:\/\/ramse.es\/wordpress\/author\/ivan_z0qj9h4b\/\" title=\"Entradas de admin\" rel=\"author\">admin<\/a><\/span><\/span><span class=\"fusion-inline-sep\">|<\/span><span class=\"updated\" style=\"display:none;\">2016-04-06T00:00:00+02:00<\/span><span>abril 6th, 2016<\/span><span class=\"fusion-inline-sep\">|<\/span>Categor\u00edas: <a href=\"https:\/\/ramse.es\/wordpress\/category\/news\/latest-news\/\" rel=\"category tag\">Noticias<\/a><span class=\"fusion-inline-sep\">|<\/span><\/p><div class=\"fusion-post-content-container\"><p>El sal\u00f3n Severo Ochoa de la Real Academia de Medicina y Cirug\u00eda de Sevilla acogi\u00f3 la Jornada sobre tratamiento del es\u00f3fago de Barrett con radiofrecuencia. La sesi\u00f3n cont\u00f3 con seis ponencias de 20 minutos con discusi\u00f3n\/preguntas de 10 minutos y discusi\u00f3n de casos cl\u00ednicos con v\u00eddeos.<\/p><\/div><\/div><div class=\"fusion-clearfix\"><\/div><div class=\"fusion-meta-info\"><div class=\"fusion-alignright\"><a class=\"fusion-read-more\" href=\"https:\/\/ramse.es\/wordpress\/jornada-de-tratamiento-del-esofago-de-barrett-con-radiofrecuencia\/\" aria-label=\"More on JORNADA DE TRATAMIENTO DEL ESOFAGO DE BARRETT CON RADIOFRECUENCIA\">Leer M\u00e1s<\/a><\/div><\/div><\/article>\n<article id=\"blog-1-post-2226\" class=\"fusion-post-large-alternate post-2226 post type-post status-publish format-standard has-post-thumbnail hentry category-latest-news\">\n\t<style type=\"text\/css\">\n\t\t\n\t\t\n\t\t\n\t\t\n\t\t\t<\/style>\n\n\n\t\t\t<div class=\"fusion-flexslider flexslider fusion-flexslider-loading fusion-post-slideshow\" style=\"\">\n\t\t<ul class=\"slides\">\n\t\t\t\n\t\t\t\t\t\t\t\t\t\t\t\t\t\t<li><div  class=\"fusion-image-wrapper\" aria-haspopup=\"true\">\n\t\t\t\t<img decoding=\"async\" width=\"448\" height=\"336\" src=\"https:\/\/ramse.es\/wordpress\/wp-content\/uploads\/2016\/04\/sollinger.jpg\" class=\"attachment-full size-full wp-post-image\" alt=\"\" srcset=\"https:\/\/ramse.es\/wordpress\/wp-content\/uploads\/2016\/04\/sollinger-200x150.jpg 200w, https:\/\/ramse.es\/wordpress\/wp-content\/uploads\/2016\/04\/sollinger-400x300.jpg 400w, https:\/\/ramse.es\/wordpress\/wp-content\/uploads\/2016\/04\/sollinger.jpg 448w\" sizes=\"(max-width: 1000px) 100vw, 448px\" \/><div class=\"fusion-rollover\">\n\t<div class=\"fusion-rollover-content\">\n\n\t\t\t\t\t\t\t\t\t\t\t\t\t\t<a class=\"fusion-rollover-link\" href=\"https:\/\/ramse.es\/wordpress\/conferencia-gene-therapy-in-diabetes\/\">Conferencia \u201cGene Therapy in Diabetes\u201d<\/a>\n\t\t\t\n\t\t\t\t\t\t\t\t\t\t\t\t\t\t\n\t\t\t\t\t\t\t\t\n\t\t\t\t\t\t\t\t\t\t\t\t\t<div class=\"fusion-rollover-sep\"><\/div>\n\t\t\t\t\n\t\t\t\t\t\t\t\t\t\t\t\t\t\t\t\t\t\t<a class=\"fusion-rollover-gallery\" href=\"https:\/\/ramse.es\/wordpress\/wp-content\/uploads\/2016\/04\/sollinger.jpg\" data-id=\"2226\" data-rel=\"iLightbox[gallery]\" data-title=\"sollinger\" data-caption=\"\">\n\t\t\t\t\t\tGaler\u00eda\t\t\t\t\t<\/a>\n\t\t\t\t\t\t\t\t\t\t\t\t\t\t\n\t\t\n\t\t\t\t\t\t\t\t\n\t\t\t\t\t\t\t\t\n\t\t\n\t\t\t\t\t\t<a class=\"fusion-link-wrapper\" href=\"https:\/\/ramse.es\/wordpress\/conferencia-gene-therapy-in-diabetes\/\" aria-label=\"Conferencia \u201cGene Therapy in Diabetes\u201d\"><\/a>\n\t<\/div>\n<\/div>\n<\/div>\n<\/li>\n\t\t\t\n\t\t\t\n\t\t\t\t\t\t\t\t\t\t\t\t\t\t\t\t\t\t\t\t\t\t\t\t\t\t\t\t\t\t\t\t\t\t\t\t\t\t\t\t\t\t\t\t\t\t\t\t\t\t\t\t\t\t\t\t\t\t\t\t\t\t\t\t\t\t\t\t<\/ul>\n\t<\/div>\n\t<div class=\"fusion-date-and-formats\"><div class=\"fusion-date-box updated\"><span class=\"fusion-date\">abril<\/span><span class=\"fusion-month-year\">12:00 am<\/span><\/div><div class=\"fusion-format-box\"><i class=\"awb-icon-pen\" aria-hidden=\"true\"><\/i><\/div><\/div><div class=\"fusion-post-content post-content\"><h2 class=\"blog-shortcode-post-title entry-title\"><a href=\"https:\/\/ramse.es\/wordpress\/conferencia-gene-therapy-in-diabetes\/\">Conferencia \u201cGene Therapy in Diabetes\u201d<\/a><\/h2><p class=\"fusion-single-line-meta\">Por <span class=\"vcard\"><span class=\"fn\"><a href=\"https:\/\/ramse.es\/wordpress\/author\/ivan_z0qj9h4b\/\" title=\"Entradas de admin\" rel=\"author\">admin<\/a><\/span><\/span><span class=\"fusion-inline-sep\">|<\/span><span class=\"updated\" style=\"display:none;\">2016-04-05T00:00:00+02:00<\/span><span>abril 5th, 2016<\/span><span class=\"fusion-inline-sep\">|<\/span>Categor\u00edas: <a href=\"https:\/\/ramse.es\/wordpress\/category\/news\/latest-news\/\" rel=\"category tag\">Noticias<\/a><span class=\"fusion-inline-sep\">|<\/span><\/p><div class=\"fusion-post-content-container\"><p>La Real Academia de Medicina y Cirug\u00eda de Sevilla acogi\u00f3 el 31 de marzo una sesi\u00f3n extraordinaria en la que el Prof. Dr. D. Hans W. Sollinger dio una conferencia titulada \u201cGene Therapy in Diabetes\u201d. El conferenciante fue presentado por el Acad\u00e9mico de N\u00famero Ilmo. Dr. Carlos Pera Madrazo.<\/p><\/div><\/div><div class=\"fusion-clearfix\"><\/div><div class=\"fusion-meta-info\"><div class=\"fusion-alignright\"><a class=\"fusion-read-more\" href=\"https:\/\/ramse.es\/wordpress\/conferencia-gene-therapy-in-diabetes\/\" aria-label=\"More on Conferencia \u201cGene Therapy in Diabetes\u201d\">Leer M\u00e1s<\/a><\/div><\/div><\/article>\n<article id=\"blog-1-post-553\" class=\"fusion-post-large-alternate post-553 post type-post status-publish format-standard has-post-thumbnail hentry category-university-news\">\n\t<style type=\"text\/css\">\n\t\t\n\t\t\n\t\t\n\t\t\n\t\t\t<\/style>\n\n\n\t\t\t<div class=\"fusion-flexslider flexslider fusion-flexslider-loading fusion-post-slideshow\" style=\"\">\n\t\t<ul class=\"slides\">\n\t\t\t\n\t\t\t\t\t\t\t\t\t\t\t\t\t\t<li><div  class=\"fusion-image-wrapper\" aria-haspopup=\"true\">\n\t\t\t\t<img decoding=\"async\" width=\"900\" height=\"500\" src=\"https:\/\/ramse.es\/wordpress\/wp-content\/uploads\/2016\/03\/news_single_post_header_1.jpg\" class=\"attachment-full size-full wp-post-image\" alt=\"\" srcset=\"https:\/\/ramse.es\/wordpress\/wp-content\/uploads\/2016\/03\/news_single_post_header_1-200x111.jpg 200w, https:\/\/ramse.es\/wordpress\/wp-content\/uploads\/2016\/03\/news_single_post_header_1-400x222.jpg 400w, https:\/\/ramse.es\/wordpress\/wp-content\/uploads\/2016\/03\/news_single_post_header_1-600x333.jpg 600w, https:\/\/ramse.es\/wordpress\/wp-content\/uploads\/2016\/03\/news_single_post_header_1-800x444.jpg 800w, https:\/\/ramse.es\/wordpress\/wp-content\/uploads\/2016\/03\/news_single_post_header_1.jpg 900w\" sizes=\"(max-width: 1000px) 100vw, 800px\" \/><div class=\"fusion-rollover\">\n\t<div class=\"fusion-rollover-content\">\n\n\t\t\t\t\t\t\t\t\t\t\t\t\t\t<a class=\"fusion-rollover-link\" href=\"https:\/\/ramse.es\/wordpress\/what-do-successful-grads-think-you-should-study\/\">What do successful grads think you should study?<\/a>\n\t\t\t\n\t\t\t\t\t\t\t\t\t\t\t\t\t\t\n\t\t\t\t\t\t\t\t\n\t\t\t\t\t\t\t\t\t\t\t\t\t<div class=\"fusion-rollover-sep\"><\/div>\n\t\t\t\t\n\t\t\t\t\t\t\t\t\t\t\t\t\t\t\t\t\t\t<a class=\"fusion-rollover-gallery\" href=\"https:\/\/ramse.es\/wordpress\/wp-content\/uploads\/2016\/03\/news_single_post_header_1.jpg\" data-id=\"553\" data-rel=\"iLightbox[gallery]\" data-title=\"news_single_post_header_1\" data-caption=\"\">\n\t\t\t\t\t\tGaler\u00eda\t\t\t\t\t<\/a>\n\t\t\t\t\t\t\t\t\t\t\t\t\t\t\n\t\t\n\t\t\t\t\t\t\t\t\n\t\t\t\t\t\t\t\t\n\t\t\n\t\t\t\t\t\t<a class=\"fusion-link-wrapper\" href=\"https:\/\/ramse.es\/wordpress\/what-do-successful-grads-think-you-should-study\/\" aria-label=\"What do successful grads think you should study?\"><\/a>\n\t<\/div>\n<\/div>\n<\/div>\n<\/li>\n\t\t\t\n\t\t\t\n\t\t\t\t\t\t\t\t\t\t\t\t\t\t\t\t\t\t\t\t\t\t\t\t\t\t\t\t\t\t\t\t\t\t\t\t\t\t\t\t\t\t\t\t\t\t\t\t\t\t\t\t\t\t\t\t\t\t\t\t\t\t\t\t\t\t\t\t<\/ul>\n\t<\/div>\n\t<div class=\"fusion-date-and-formats\"><div class=\"fusion-date-box updated\"><span class=\"fusion-date\">marzo<\/span><span class=\"fusion-month-year\">10:54 am<\/span><\/div><div class=\"fusion-format-box\"><i class=\"awb-icon-pen\" aria-hidden=\"true\"><\/i><\/div><\/div><div class=\"fusion-post-content post-content\"><h2 class=\"blog-shortcode-post-title entry-title\"><a href=\"https:\/\/ramse.es\/wordpress\/what-do-successful-grads-think-you-should-study\/\">What do successful grads think you should study?<\/a><\/h2><p class=\"fusion-single-line-meta\">Por <span class=\"vcard\"><span class=\"fn\"><a href=\"https:\/\/ramse.es\/wordpress\/author\/ivan_z0qj9h4b\/\" title=\"Entradas de admin\" rel=\"author\">admin<\/a><\/span><\/span><span class=\"fusion-inline-sep\">|<\/span><span class=\"updated\" style=\"display:none;\">2016-03-16T10:54:22+02:00<\/span><span>marzo 16th, 2016<\/span><span class=\"fusion-inline-sep\">|<\/span>Categor\u00edas: <a href=\"https:\/\/ramse.es\/wordpress\/category\/university-news\/\" rel=\"category tag\">University News<\/a><span class=\"fusion-inline-sep\">|<\/span><\/p><div class=\"fusion-post-content-container\"><p> Learn to think smart. Etiam consectetur odio erat, quis mattis leo vestibulum non. Fusce ex ligula, tristique quis finibus sed, placerat sed libero. Phasellus convallis, sem ac tristique interdum, purus purus vehicula quam, ut fermentum sem orci in est. Aliquam leo purus, iaculis non condimentum hendrerit, vestibulum quis tortor. Vestibulum quis viverra felis. Vestibulum elementum magna ut diam placerat, in venenatis est egestas. Vivamus at libero auctor, ullamcorper libero <a href=\"https:\/\/ramse.es\/wordpress\/what-do-successful-grads-think-you-should-study\/\">[...]<\/a><\/p><\/div><\/div><div class=\"fusion-clearfix\"><\/div><div class=\"fusion-meta-info\"><div class=\"fusion-alignright\"><a class=\"fusion-read-more\" href=\"https:\/\/ramse.es\/wordpress\/what-do-successful-grads-think-you-should-study\/\" aria-label=\"More on What do successful grads think you should study?\">Leer M\u00e1s<\/a><\/div><\/div><\/article>\n<article id=\"blog-1-post-392\" class=\"fusion-post-large-alternate post-392 post type-post status-publish format-standard has-post-thumbnail hentry category-university-news\">\n\t<style type=\"text\/css\">\n\t\t\n\t\t\n\t\t\n\t\t\n\t\t\t<\/style>\n\n\n\t\t\t<div class=\"fusion-flexslider flexslider fusion-flexslider-loading fusion-post-slideshow\" style=\"\">\n\t\t<ul class=\"slides\">\n\t\t\t\n\t\t\t\t\t\t\t\t\t\t\t\t\t\t<li><div  class=\"fusion-image-wrapper\" aria-haspopup=\"true\">\n\t\t\t\t<img decoding=\"async\" width=\"900\" height=\"500\" src=\"https:\/\/ramse.es\/wordpress\/wp-content\/uploads\/2016\/03\/news_single_post_header_2.jpg\" class=\"attachment-full size-full wp-post-image\" alt=\"\" srcset=\"https:\/\/ramse.es\/wordpress\/wp-content\/uploads\/2016\/03\/news_single_post_header_2-200x111.jpg 200w, https:\/\/ramse.es\/wordpress\/wp-content\/uploads\/2016\/03\/news_single_post_header_2-400x222.jpg 400w, https:\/\/ramse.es\/wordpress\/wp-content\/uploads\/2016\/03\/news_single_post_header_2-600x333.jpg 600w, https:\/\/ramse.es\/wordpress\/wp-content\/uploads\/2016\/03\/news_single_post_header_2-800x444.jpg 800w, https:\/\/ramse.es\/wordpress\/wp-content\/uploads\/2016\/03\/news_single_post_header_2.jpg 900w\" sizes=\"(max-width: 1000px) 100vw, 800px\" \/><div class=\"fusion-rollover\">\n\t<div class=\"fusion-rollover-content\">\n\n\t\t\t\t\t\t\t\t\t\t\t\t\t\t<a class=\"fusion-rollover-link\" href=\"https:\/\/ramse.es\/wordpress\/former-student-discusses-success-in-the-fashion-industry\/\">Former student discusses success in the fashion industry<\/a>\n\t\t\t\n\t\t\t\t\t\t\t\t\t\t\t\t\t\t\n\t\t\t\t\t\t\t\t\n\t\t\t\t\t\t\t\t\t\t\t\t\t<div class=\"fusion-rollover-sep\"><\/div>\n\t\t\t\t\n\t\t\t\t\t\t\t\t\t\t\t\t\t\t\t\t\t\t<a class=\"fusion-rollover-gallery\" href=\"https:\/\/ramse.es\/wordpress\/wp-content\/uploads\/2016\/03\/news_single_post_header_2.jpg\" data-id=\"392\" data-rel=\"iLightbox[gallery]\" data-title=\"news_single_post_header_2\" data-caption=\"\">\n\t\t\t\t\t\tGaler\u00eda\t\t\t\t\t<\/a>\n\t\t\t\t\t\t\t\t\t\t\t\t\t\t\n\t\t\n\t\t\t\t\t\t\t\t\n\t\t\t\t\t\t\t\t\n\t\t\n\t\t\t\t\t\t<a class=\"fusion-link-wrapper\" href=\"https:\/\/ramse.es\/wordpress\/former-student-discusses-success-in-the-fashion-industry\/\" aria-label=\"Former student discusses success in the fashion industry\"><\/a>\n\t<\/div>\n<\/div>\n<\/div>\n<\/li>\n\t\t\t\n\t\t\t\n\t\t\t\t\t\t\t\t\t\t\t\t\t\t\t\t\t\t\t\t\t\t\t\t\t\t\t\t\t\t\t\t\t\t\t\t\t\t\t\t\t\t\t\t\t\t\t\t\t\t\t\t\t\t\t\t\t\t\t\t\t\t\t\t\t\t\t\t<\/ul>\n\t<\/div>\n\t<div class=\"fusion-date-and-formats\"><div class=\"fusion-date-box updated\"><span class=\"fusion-date\">marzo<\/span><span class=\"fusion-month-year\">9:44 am<\/span><\/div><div class=\"fusion-format-box\"><i class=\"awb-icon-pen\" aria-hidden=\"true\"><\/i><\/div><\/div><div class=\"fusion-post-content post-content\"><h2 class=\"blog-shortcode-post-title entry-title\"><a href=\"https:\/\/ramse.es\/wordpress\/former-student-discusses-success-in-the-fashion-industry\/\">Former student discusses success in the fashion industry<\/a><\/h2><p class=\"fusion-single-line-meta\">Por <span class=\"vcard\"><span class=\"fn\"><a href=\"https:\/\/ramse.es\/wordpress\/author\/ivan_z0qj9h4b\/\" title=\"Entradas de admin\" rel=\"author\">admin<\/a><\/span><\/span><span class=\"fusion-inline-sep\">|<\/span><span class=\"updated\" style=\"display:none;\">2016-03-15T09:44:57+02:00<\/span><span>marzo 15th, 2016<\/span><span class=\"fusion-inline-sep\">|<\/span>Categor\u00edas: <a href=\"https:\/\/ramse.es\/wordpress\/category\/university-news\/\" rel=\"category tag\">University News<\/a><span class=\"fusion-inline-sep\">|<\/span><\/p><div class=\"fusion-post-content-container\"><p>My success is no accident. Etiam consectetur odio erat, quis mattis leo vestibulum non. Fusce ex ligula, tristique quis finibus sed, placerat sed libero. Phasellus convallis, sem ac tristique interdum, purus purus vehicula quam, ut fermentum sem orci in est. Aliquam leo purus, iaculis non condimentum hendrerit, vestibulum quis tortor. Vestibulum quis viverra felis. Vestibulum elementum magna ut diam placerat, in venenatis est egestas. Vivamus at libero auctor, ullamcorper libero <a href=\"https:\/\/ramse.es\/wordpress\/former-student-discusses-success-in-the-fashion-industry\/\">[...]<\/a><\/p><\/div><\/div><div class=\"fusion-clearfix\"><\/div><div class=\"fusion-meta-info\"><div class=\"fusion-alignright\"><a class=\"fusion-read-more\" href=\"https:\/\/ramse.es\/wordpress\/former-student-discusses-success-in-the-fashion-industry\/\" aria-label=\"More on Former student discusses success in the fashion industry\">Leer M\u00e1s<\/a><\/div><\/div><\/article>\n<article id=\"blog-1-post-388\" class=\"fusion-post-large-alternate post-388 post type-post status-publish format-standard has-post-thumbnail hentry category-university-news\">\n\t<style type=\"text\/css\">\n\t\t\n\t\t\n\t\t\n\t\t\n\t\t\t<\/style>\n\n\n\t\t\t<div class=\"fusion-flexslider flexslider fusion-flexslider-loading fusion-post-slideshow\" style=\"\">\n\t\t<ul class=\"slides\">\n\t\t\t\n\t\t\t\t\t\t\t\t\t\t\t\t\t\t<li><div  class=\"fusion-image-wrapper\" aria-haspopup=\"true\">\n\t\t\t\t<img decoding=\"async\" width=\"900\" height=\"500\" src=\"https:\/\/ramse.es\/wordpress\/wp-content\/uploads\/2016\/03\/news_single_post_header_3.jpg\" class=\"attachment-full size-full wp-post-image\" alt=\"\" srcset=\"https:\/\/ramse.es\/wordpress\/wp-content\/uploads\/2016\/03\/news_single_post_header_3-200x111.jpg 200w, https:\/\/ramse.es\/wordpress\/wp-content\/uploads\/2016\/03\/news_single_post_header_3-400x222.jpg 400w, https:\/\/ramse.es\/wordpress\/wp-content\/uploads\/2016\/03\/news_single_post_header_3-600x333.jpg 600w, https:\/\/ramse.es\/wordpress\/wp-content\/uploads\/2016\/03\/news_single_post_header_3-800x444.jpg 800w, https:\/\/ramse.es\/wordpress\/wp-content\/uploads\/2016\/03\/news_single_post_header_3.jpg 900w\" sizes=\"(max-width: 1000px) 100vw, 800px\" \/><div class=\"fusion-rollover\">\n\t<div class=\"fusion-rollover-content\">\n\n\t\t\t\t\t\t\t\t\t\t\t\t\t\t<a class=\"fusion-rollover-link\" href=\"https:\/\/ramse.es\/wordpress\/how-do-you-best-prepare-for-university\/\">How do you best prepare for university?<\/a>\n\t\t\t\n\t\t\t\t\t\t\t\t\t\t\t\t\t\t\n\t\t\t\t\t\t\t\t\n\t\t\t\t\t\t\t\t\t\t\t\t\t<div class=\"fusion-rollover-sep\"><\/div>\n\t\t\t\t\n\t\t\t\t\t\t\t\t\t\t\t\t\t\t\t\t\t\t<a class=\"fusion-rollover-gallery\" href=\"https:\/\/ramse.es\/wordpress\/wp-content\/uploads\/2016\/03\/news_single_post_header_3.jpg\" data-id=\"388\" data-rel=\"iLightbox[gallery]\" data-title=\"news_single_post_header_3\" data-caption=\"\">\n\t\t\t\t\t\tGaler\u00eda\t\t\t\t\t<\/a>\n\t\t\t\t\t\t\t\t\t\t\t\t\t\t\n\t\t\n\t\t\t\t\t\t\t\t\n\t\t\t\t\t\t\t\t\n\t\t\n\t\t\t\t\t\t<a class=\"fusion-link-wrapper\" href=\"https:\/\/ramse.es\/wordpress\/how-do-you-best-prepare-for-university\/\" aria-label=\"How do you best prepare for university?\"><\/a>\n\t<\/div>\n<\/div>\n<\/div>\n<\/li>\n\t\t\t\n\t\t\t\n\t\t\t\t\t\t\t\t\t\t\t\t\t\t\t\t\t\t\t\t\t\t\t\t\t\t\t\t\t\t\t\t\t\t\t\t\t\t\t\t\t\t\t\t\t\t\t\t\t\t\t\t\t\t\t\t\t\t\t\t\t\t\t\t\t\t\t\t<\/ul>\n\t<\/div>\n\t<div class=\"fusion-date-and-formats\"><div class=\"fusion-date-box updated\"><span class=\"fusion-date\">marzo<\/span><span class=\"fusion-month-year\">9:44 am<\/span><\/div><div class=\"fusion-format-box\"><i class=\"awb-icon-pen\" aria-hidden=\"true\"><\/i><\/div><\/div><div class=\"fusion-post-content post-content\"><h2 class=\"blog-shortcode-post-title entry-title\"><a href=\"https:\/\/ramse.es\/wordpress\/how-do-you-best-prepare-for-university\/\">How do you best prepare for university?<\/a><\/h2><p class=\"fusion-single-line-meta\">Por <span class=\"vcard\"><span class=\"fn\"><a href=\"https:\/\/ramse.es\/wordpress\/author\/ivan_z0qj9h4b\/\" title=\"Entradas de admin\" rel=\"author\">admin<\/a><\/span><\/span><span class=\"fusion-inline-sep\">|<\/span><span class=\"updated\" style=\"display:none;\">2016-03-15T09:44:09+02:00<\/span><span>marzo 15th, 2016<\/span><span class=\"fusion-inline-sep\">|<\/span>Categor\u00edas: <a href=\"https:\/\/ramse.es\/wordpress\/category\/university-news\/\" rel=\"category tag\">University News<\/a><span class=\"fusion-inline-sep\">|<\/span><\/p><div class=\"fusion-post-content-container\"><p>Focus on exam results. Etiam consectetur odio erat, quis mattis leo vestibulum non. Fusce ex ligula, tristique quis finibus sed, placerat sed libero. Phasellus convallis, sem ac tristique interdum, purus purus vehicula quam, ut fermentum sem orci in est. Aliquam leo purus, iaculis non condimentum hendrerit, vestibulum quis tortor. Vestibulum quis viverra felis. Vestibulum elementum magna ut diam placerat, in venenatis est egestas. Vivamus at libero auctor, ullamcorper libero condimentum, <a href=\"https:\/\/ramse.es\/wordpress\/how-do-you-best-prepare-for-university\/\">[...]<\/a><\/p><\/div><\/div><div class=\"fusion-clearfix\"><\/div><div class=\"fusion-meta-info\"><div class=\"fusion-alignright\"><a class=\"fusion-read-more\" href=\"https:\/\/ramse.es\/wordpress\/how-do-you-best-prepare-for-university\/\" aria-label=\"More on How do you best prepare for university?\">Leer M\u00e1s<\/a><\/div><\/div><\/article>\n<article id=\"blog-1-post-2224\" class=\"fusion-post-large-alternate post-2224 post type-post status-publish format-standard has-post-thumbnail hentry category-latest-news\">\n\t<style type=\"text\/css\">\n\t\t\n\t\t\n\t\t\n\t\t\n\t\t\t<\/style>\n\n\n\t\t\t<div class=\"fusion-flexslider flexslider fusion-flexslider-loading fusion-post-slideshow\" style=\"\">\n\t\t<ul class=\"slides\">\n\t\t\t\n\t\t\t\t\t\t\t\t\t\t\t\t\t\t<li><div  class=\"fusion-image-wrapper\" aria-haspopup=\"true\">\n\t\t\t\t<img decoding=\"async\" width=\"448\" height=\"336\" src=\"https:\/\/ramse.es\/wordpress\/wp-content\/uploads\/2016\/03\/acmarzo.jpg\" class=\"attachment-full size-full wp-post-image\" alt=\"\" srcset=\"https:\/\/ramse.es\/wordpress\/wp-content\/uploads\/2016\/03\/acmarzo-200x150.jpg 200w, https:\/\/ramse.es\/wordpress\/wp-content\/uploads\/2016\/03\/acmarzo-400x300.jpg 400w, https:\/\/ramse.es\/wordpress\/wp-content\/uploads\/2016\/03\/acmarzo.jpg 448w\" sizes=\"(max-width: 1000px) 100vw, 448px\" \/><div class=\"fusion-rollover\">\n\t<div class=\"fusion-rollover-content\">\n\n\t\t\t\t\t\t\t\t\t\t\t\t\t\t<a class=\"fusion-rollover-link\" href=\"https:\/\/ramse.es\/wordpress\/recepcion-de-academicos-correspondientes-7\/\">Recepci\u00f3n de Acad\u00e9micos Correspondientes<\/a>\n\t\t\t\n\t\t\t\t\t\t\t\t\t\t\t\t\t\t\n\t\t\t\t\t\t\t\t\n\t\t\t\t\t\t\t\t\t\t\t\t\t<div class=\"fusion-rollover-sep\"><\/div>\n\t\t\t\t\n\t\t\t\t\t\t\t\t\t\t\t\t\t\t\t\t\t\t<a class=\"fusion-rollover-gallery\" href=\"https:\/\/ramse.es\/wordpress\/wp-content\/uploads\/2016\/03\/acmarzo.jpg\" data-id=\"2224\" data-rel=\"iLightbox[gallery]\" data-title=\"acmarzo\" data-caption=\"\">\n\t\t\t\t\t\tGaler\u00eda\t\t\t\t\t<\/a>\n\t\t\t\t\t\t\t\t\t\t\t\t\t\t\n\t\t\n\t\t\t\t\t\t\t\t\n\t\t\t\t\t\t\t\t\n\t\t\n\t\t\t\t\t\t<a class=\"fusion-link-wrapper\" href=\"https:\/\/ramse.es\/wordpress\/recepcion-de-academicos-correspondientes-7\/\" aria-label=\"Recepci\u00f3n de Acad\u00e9micos Correspondientes\"><\/a>\n\t<\/div>\n<\/div>\n<\/div>\n<\/li>\n\t\t\t\n\t\t\t\n\t\t\t\t\t\t\t\t\t\t\t\t\t\t\t\t\t\t\t\t\t\t\t\t\t\t\t\t\t\t\t\t\t\t\t\t\t\t\t\t\t\t\t\t\t\t\t\t\t\t\t\t\t\t\t\t\t\t\t\t\t\t\t\t\t\t\t\t<\/ul>\n\t<\/div>\n\t<div class=\"fusion-date-and-formats\"><div class=\"fusion-date-box updated\"><span class=\"fusion-date\">marzo<\/span><span class=\"fusion-month-year\">12:00 am<\/span><\/div><div class=\"fusion-format-box\"><i class=\"awb-icon-pen\" aria-hidden=\"true\"><\/i><\/div><\/div><div class=\"fusion-post-content post-content\"><h2 class=\"blog-shortcode-post-title entry-title\"><a href=\"https:\/\/ramse.es\/wordpress\/recepcion-de-academicos-correspondientes-7\/\">Recepci\u00f3n de Acad\u00e9micos Correspondientes<\/a><\/h2><p class=\"fusion-single-line-meta\">Por <span class=\"vcard\"><span class=\"fn\"><a href=\"https:\/\/ramse.es\/wordpress\/author\/ivan_z0qj9h4b\/\" title=\"Entradas de admin\" rel=\"author\">admin<\/a><\/span><\/span><span class=\"fusion-inline-sep\">|<\/span><span class=\"updated\" style=\"display:none;\">2016-03-14T00:00:00+02:00<\/span><span>marzo 14th, 2016<\/span><span class=\"fusion-inline-sep\">|<\/span>Categor\u00edas: <a href=\"https:\/\/ramse.es\/wordpress\/category\/news\/latest-news\/\" rel=\"category tag\">Noticias<\/a><span class=\"fusion-inline-sep\">|<\/span><\/p><div class=\"fusion-post-content-container\"><p>El d\u00eda 10 de marzo, la Real Academia de Medicina y Cirug\u00eda de Sevilla celebr\u00f3 sesi\u00f3n solemne para la recepci\u00f3n de nuevos Acad\u00e9micos Correspondientes tomando posesi\u00f3n el Dr. Pedro Cano Luis, que abord\u00f3 \u201cNuevos avances en cirug\u00eda p\u00e9lvica: Tratamiento de las secuelas traum\u00e1ticas del anillo pelviano\u201d siendo presentado por Acad\u00e9mico de N\u00famero Ilmo. Dr. D. Fernado Sa\u00e9nz L\u00f3pez de Rueda. Y el Dr. Rafael Espino Aquilar que trat\u00f3 durante su <a href=\"https:\/\/ramse.es\/wordpress\/recepcion-de-academicos-correspondientes-7\/\">[...]<\/a><\/p><\/div><\/div><div class=\"fusion-clearfix\"><\/div><div class=\"fusion-meta-info\"><div class=\"fusion-alignright\"><a class=\"fusion-read-more\" href=\"https:\/\/ramse.es\/wordpress\/recepcion-de-academicos-correspondientes-7\/\" aria-label=\"More on Recepci\u00f3n de Acad\u00e9micos Correspondientes\">Leer M\u00e1s<\/a><\/div><\/div><\/article>\n<article id=\"blog-1-post-2222\" class=\"fusion-post-large-alternate post-2222 post type-post status-publish format-standard has-post-thumbnail hentry category-latest-news\">\n\t<style type=\"text\/css\">\n\t\t\n\t\t\n\t\t\n\t\t\n\t\t\t<\/style>\n\n\n\t\t\t<div class=\"fusion-flexslider flexslider fusion-flexslider-loading fusion-post-slideshow\" style=\"\">\n\t\t<ul class=\"slides\">\n\t\t\t\n\t\t\t\t\t\t\t\t\t\t\t\t\t\t<li><div  class=\"fusion-image-wrapper\" aria-haspopup=\"true\">\n\t\t\t\t<img decoding=\"async\" width=\"448\" height=\"336\" src=\"https:\/\/ramse.es\/wordpress\/wp-content\/uploads\/2016\/03\/miasarah.jpg\" class=\"attachment-full size-full wp-post-image\" alt=\"\" srcset=\"https:\/\/ramse.es\/wordpress\/wp-content\/uploads\/2016\/03\/miasarah-200x150.jpg 200w, https:\/\/ramse.es\/wordpress\/wp-content\/uploads\/2016\/03\/miasarah-400x300.jpg 400w, https:\/\/ramse.es\/wordpress\/wp-content\/uploads\/2016\/03\/miasarah.jpg 448w\" sizes=\"(max-width: 1000px) 100vw, 448px\" \/><div class=\"fusion-rollover\">\n\t<div class=\"fusion-rollover-content\">\n\n\t\t\t\t\t\t\t\t\t\t\t\t\t\t<a class=\"fusion-rollover-link\" href=\"https:\/\/ramse.es\/wordpress\/seminario-medicina-y-cine-las-fobias\/\">Seminario Medicina y Cine: \u201cLas fobias\u201d<\/a>\n\t\t\t\n\t\t\t\t\t\t\t\t\t\t\t\t\t\t\n\t\t\t\t\t\t\t\t\n\t\t\t\t\t\t\t\t\t\t\t\t\t<div class=\"fusion-rollover-sep\"><\/div>\n\t\t\t\t\n\t\t\t\t\t\t\t\t\t\t\t\t\t\t\t\t\t\t<a class=\"fusion-rollover-gallery\" href=\"https:\/\/ramse.es\/wordpress\/wp-content\/uploads\/2016\/03\/miasarah.jpg\" data-id=\"2222\" data-rel=\"iLightbox[gallery]\" data-title=\"miasarah\" data-caption=\"\">\n\t\t\t\t\t\tGaler\u00eda\t\t\t\t\t<\/a>\n\t\t\t\t\t\t\t\t\t\t\t\t\t\t\n\t\t\n\t\t\t\t\t\t\t\t\n\t\t\t\t\t\t\t\t\n\t\t\n\t\t\t\t\t\t<a class=\"fusion-link-wrapper\" href=\"https:\/\/ramse.es\/wordpress\/seminario-medicina-y-cine-las-fobias\/\" aria-label=\"Seminario Medicina y Cine: \u201cLas fobias\u201d\"><\/a>\n\t<\/div>\n<\/div>\n<\/div>\n<\/li>\n\t\t\t\n\t\t\t\n\t\t\t\t\t\t\t\t\t\t\t\t\t\t\t\t\t\t\t\t\t\t\t\t\t\t\t\t\t\t\t\t\t\t\t\t\t\t\t\t\t\t\t\t\t\t\t\t\t\t\t\t\t\t\t\t\t\t\t\t\t\t\t\t\t\t\t\t<\/ul>\n\t<\/div>\n\t<div class=\"fusion-date-and-formats\"><div class=\"fusion-date-box updated\"><span class=\"fusion-date\">marzo<\/span><span class=\"fusion-month-year\">12:00 am<\/span><\/div><div class=\"fusion-format-box\"><i class=\"awb-icon-pen\" aria-hidden=\"true\"><\/i><\/div><\/div><div class=\"fusion-post-content post-content\"><h2 class=\"blog-shortcode-post-title entry-title\"><a href=\"https:\/\/ramse.es\/wordpress\/seminario-medicina-y-cine-las-fobias\/\">Seminario Medicina y Cine: \u201cLas fobias\u201d<\/a><\/h2><p class=\"fusion-single-line-meta\">Por <span class=\"vcard\"><span class=\"fn\"><a href=\"https:\/\/ramse.es\/wordpress\/author\/ivan_z0qj9h4b\/\" title=\"Entradas de admin\" rel=\"author\">admin<\/a><\/span><\/span><span class=\"fusion-inline-sep\">|<\/span><span class=\"updated\" style=\"display:none;\">2016-03-08T00:00:00+02:00<\/span><span>marzo 8th, 2016<\/span><span class=\"fusion-inline-sep\">|<\/span>Categor\u00edas: <a href=\"https:\/\/ramse.es\/wordpress\/category\/news\/latest-news\/\" rel=\"category tag\">Noticias<\/a><span class=\"fusion-inline-sep\">|<\/span><\/p><div class=\"fusion-post-content-container\"><p>La Real Academia de Medicina y Cirug\u00eda de Sevilla acogi\u00f3 el seminario Medicina y Cine \"Las fobias\" durante el cual se proyect\u00f3 la pel\u00edcula M\u00eda Sarah dirigida por Gustavo Ron. Tras la proyecci\u00f3n tuvo lugar un debate en el que participaron D. Jaime Rodr\u00edguez Sacrist\u00e1n, D\u00f1a. Olga Garc\u00eda L\u00f3pez y D. Andr\u00e9s Barb\u00e9 Riesco. Entre los temas que se abordaron destacan qu\u00e9 son las fobias y qu\u00e9 las desencadena, la <a href=\"https:\/\/ramse.es\/wordpress\/seminario-medicina-y-cine-las-fobias\/\">[...]<\/a><\/p><\/div><\/div><div class=\"fusion-clearfix\"><\/div><div class=\"fusion-meta-info\"><div class=\"fusion-alignright\"><a class=\"fusion-read-more\" href=\"https:\/\/ramse.es\/wordpress\/seminario-medicina-y-cine-las-fobias\/\" aria-label=\"More on Seminario Medicina y Cine: \u201cLas fobias\u201d\">Leer M\u00e1s<\/a><\/div><\/div><\/article>\n<article id=\"blog-1-post-2220\" class=\"fusion-post-large-alternate post-2220 post type-post status-publish format-standard hentry category-latest-news\">\n\t<style type=\"text\/css\">\n\t\t\n\t\t\n\t\t\n\t\t\n\t\t\t<\/style>\n\n\n<div class=\"fusion-date-and-formats\"><div class=\"fusion-date-box updated\"><span class=\"fusion-date\">marzo<\/span><span class=\"fusion-month-year\">12:00 am<\/span><\/div><div class=\"fusion-format-box\"><i class=\"awb-icon-pen\" aria-hidden=\"true\"><\/i><\/div><\/div><div class=\"fusion-post-content post-content\"><h2 class=\"blog-shortcode-post-title entry-title\"><a href=\"https:\/\/ramse.es\/wordpress\/mesa-redonda-disenos-de-investigacion-en-atencion-primaria\/\">Mesa redonda \u201cDise\u00f1os de investigaci\u00f3n en Atenci\u00f3n Primaria\u201d<\/a><\/h2><p class=\"fusion-single-line-meta\">Por <span class=\"vcard\"><span class=\"fn\"><a href=\"https:\/\/ramse.es\/wordpress\/author\/ivan_z0qj9h4b\/\" title=\"Entradas de admin\" rel=\"author\">admin<\/a><\/span><\/span><span class=\"fusion-inline-sep\">|<\/span><span class=\"updated\" style=\"display:none;\">2016-03-07T00:00:00+02:00<\/span><span>marzo 7th, 2016<\/span><span class=\"fusion-inline-sep\">|<\/span>Categor\u00edas: <a href=\"https:\/\/ramse.es\/wordpress\/category\/news\/latest-news\/\" rel=\"category tag\">Noticias<\/a><span class=\"fusion-inline-sep\">|<\/span><\/p><div class=\"fusion-post-content-container\"><p>El jueves 3 de marzo tuvo lugar en sede de la Real Academia de Medicina y Cirug\u00eda de Sevilla, una mesa redonda titulada \u201cDise\u00f1os de investigaci\u00f3n en Atenci\u00f3n Primaria\u201d, organizada por el Acad\u00e9mico de N\u00famero Ilmo. Dr. D. Carlos Mart\u00ednez Manzanares y en la que intervinieron los Dres. D. Manuel Ortega Calvo, Jos\u00e9 Manuel Santos Lozano y Jos\u00e9 Lapetra Peralta. Durante la mesa se abord\u00f3 el diagn\u00f3stico, control y difusi\u00f3n <a href=\"https:\/\/ramse.es\/wordpress\/mesa-redonda-disenos-de-investigacion-en-atencion-primaria\/\">[...]<\/a><\/p><\/div><\/div><div class=\"fusion-clearfix\"><\/div><div class=\"fusion-meta-info\"><div class=\"fusion-alignright\"><a class=\"fusion-read-more\" href=\"https:\/\/ramse.es\/wordpress\/mesa-redonda-disenos-de-investigacion-en-atencion-primaria\/\" aria-label=\"More on Mesa redonda \u201cDise\u00f1os de investigaci\u00f3n en Atenci\u00f3n Primaria\u201d\">Leer M\u00e1s<\/a><\/div><\/div><\/article>\n<article id=\"blog-1-post-2219\" class=\"fusion-post-large-alternate post-2219 post type-post status-publish format-standard has-post-thumbnail hentry category-latest-news\">\n\t<style type=\"text\/css\">\n\t\t\n\t\t\n\t\t\n\t\t\n\t\t\t<\/style>\n\n\n\t\t\t<div class=\"fusion-flexslider flexslider fusion-flexslider-loading fusion-post-slideshow\" style=\"\">\n\t\t<ul class=\"slides\">\n\t\t\t\n\t\t\t\t\t\t\t\t\t\t\t\t\t\t<li><div  class=\"fusion-image-wrapper\" aria-haspopup=\"true\">\n\t\t\t\t<img decoding=\"async\" width=\"448\" height=\"300\" src=\"https:\/\/ramse.es\/wordpress\/wp-content\/uploads\/2016\/03\/cordo.jpg\" class=\"attachment-full size-full wp-post-image\" alt=\"\" srcset=\"https:\/\/ramse.es\/wordpress\/wp-content\/uploads\/2016\/03\/cordo-200x134.jpg 200w, https:\/\/ramse.es\/wordpress\/wp-content\/uploads\/2016\/03\/cordo-400x268.jpg 400w, https:\/\/ramse.es\/wordpress\/wp-content\/uploads\/2016\/03\/cordo.jpg 448w\" sizes=\"(max-width: 1000px) 100vw, 448px\" \/><div class=\"fusion-rollover\">\n\t<div class=\"fusion-rollover-content\">\n\n\t\t\t\t\t\t\t\t\t\t\t\t\t\t<a class=\"fusion-rollover-link\" href=\"https:\/\/ramse.es\/wordpress\/la-real-academia-de-medicina-de-sevilla-celebra-en-cordoba-la-mesa-redonda-nuevas-fronteras\/\">La Real Academia de Medicina de Sevilla celebra en C\u00f3rdoba la mesa redonda \u201cNuevas fronteras\u201d<\/a>\n\t\t\t\n\t\t\t\t\t\t\t\t\t\t\t\t\t\t\n\t\t\t\t\t\t\t\t\n\t\t\t\t\t\t\t\t\t\t\t\t\t<div class=\"fusion-rollover-sep\"><\/div>\n\t\t\t\t\n\t\t\t\t\t\t\t\t\t\t\t\t\t\t\t\t\t\t<a class=\"fusion-rollover-gallery\" href=\"https:\/\/ramse.es\/wordpress\/wp-content\/uploads\/2016\/03\/cordo.jpg\" data-id=\"2219\" data-rel=\"iLightbox[gallery]\" data-title=\"cordo\" data-caption=\"\">\n\t\t\t\t\t\tGaler\u00eda\t\t\t\t\t<\/a>\n\t\t\t\t\t\t\t\t\t\t\t\t\t\t\n\t\t\n\t\t\t\t\t\t\t\t\n\t\t\t\t\t\t\t\t\n\t\t\n\t\t\t\t\t\t<a class=\"fusion-link-wrapper\" href=\"https:\/\/ramse.es\/wordpress\/la-real-academia-de-medicina-de-sevilla-celebra-en-cordoba-la-mesa-redonda-nuevas-fronteras\/\" aria-label=\"La Real Academia de Medicina de Sevilla celebra en C\u00f3rdoba la mesa redonda \u201cNuevas fronteras\u201d\"><\/a>\n\t<\/div>\n<\/div>\n<\/div>\n<\/li>\n\t\t\t\n\t\t\t\n\t\t\t\t\t\t\t\t\t\t\t\t\t\t\t\t\t\t\t\t\t\t\t\t\t\t\t\t\t\t\t\t\t\t\t\t\t\t\t\t\t\t\t\t\t\t\t\t\t\t\t\t\t\t\t\t\t\t\t\t\t\t\t\t\t\t\t\t<\/ul>\n\t<\/div>\n\t<div class=\"fusion-date-and-formats\"><div class=\"fusion-date-box updated\"><span class=\"fusion-date\">marzo<\/span><span class=\"fusion-month-year\">12:00 am<\/span><\/div><div class=\"fusion-format-box\"><i class=\"awb-icon-pen\" aria-hidden=\"true\"><\/i><\/div><\/div><div class=\"fusion-post-content post-content\"><h2 class=\"blog-shortcode-post-title entry-title\"><a href=\"https:\/\/ramse.es\/wordpress\/la-real-academia-de-medicina-de-sevilla-celebra-en-cordoba-la-mesa-redonda-nuevas-fronteras\/\">La Real Academia de Medicina de Sevilla celebra en C\u00f3rdoba la mesa redonda \u201cNuevas fronteras\u201d<\/a><\/h2><p class=\"fusion-single-line-meta\">Por <span class=\"vcard\"><span class=\"fn\"><a href=\"https:\/\/ramse.es\/wordpress\/author\/ivan_z0qj9h4b\/\" title=\"Entradas de admin\" rel=\"author\">admin<\/a><\/span><\/span><span class=\"fusion-inline-sep\">|<\/span><span class=\"updated\" style=\"display:none;\">2016-03-01T00:00:00+02:00<\/span><span>marzo 1st, 2016<\/span><span class=\"fusion-inline-sep\">|<\/span>Categor\u00edas: <a href=\"https:\/\/ramse.es\/wordpress\/category\/news\/latest-news\/\" rel=\"category tag\">Noticias<\/a><span class=\"fusion-inline-sep\">|<\/span><\/p><div class=\"fusion-post-content-container\"><p><\/p><p>El pasado jueves 25 de febrero tuvo lugar en C\u00f3rdoba, en el Instituto Maimonides de Investigaci\u00f3n Biom\u00e9dica (IMIBIC) una mesa redonda organizada por la Real Academia de Medicina y Cirug\u00eda de Sevilla titulada \u201cNuevas fronteras\u201d.  <a href=\"https:\/\/ramse.es\/wordpress\/la-real-academia-de-medicina-de-sevilla-celebra-en-cordoba-la-mesa-redonda-nuevas-fronteras\/\">[\u2026]<\/a><\/p>\n<\/div><\/div><div class=\"fusion-clearfix\"><\/div><div class=\"fusion-meta-info\"><div class=\"fusion-alignright\"><a class=\"fusion-read-more\" href=\"https:\/\/ramse.es\/wordpress\/la-real-academia-de-medicina-de-sevilla-celebra-en-cordoba-la-mesa-redonda-nuevas-fronteras\/\" aria-label=\"More on La Real Academia de Medicina de Sevilla celebra en C\u00f3rdoba la mesa redonda \u201cNuevas fronteras\u201d\">Leer M\u00e1s<\/a><\/div><\/div><\/article>\n<article id=\"blog-1-post-2217\" class=\"fusion-post-large-alternate post-2217 post type-post status-publish format-standard has-post-thumbnail hentry category-latest-news\">\n\t<style type=\"text\/css\">\n\t\t\n\t\t\n\t\t\n\t\t\n\t\t\t<\/style>\n\n\n\t\t\t<div class=\"fusion-flexslider flexslider fusion-flexslider-loading fusion-post-slideshow\" style=\"\">\n\t\t<ul class=\"slides\">\n\t\t\t\n\t\t\t\t\t\t\t\t\t\t\t\t\t\t<li><div  class=\"fusion-image-wrapper\" aria-haspopup=\"true\">\n\t\t\t\t<img decoding=\"async\" width=\"448\" height=\"336\" src=\"https:\/\/ramse.es\/wordpress\/wp-content\/uploads\/2016\/02\/sesionnecro.jpg\" class=\"attachment-full size-full wp-post-image\" alt=\"\" srcset=\"https:\/\/ramse.es\/wordpress\/wp-content\/uploads\/2016\/02\/sesionnecro-200x150.jpg 200w, https:\/\/ramse.es\/wordpress\/wp-content\/uploads\/2016\/02\/sesionnecro-400x300.jpg 400w, https:\/\/ramse.es\/wordpress\/wp-content\/uploads\/2016\/02\/sesionnecro.jpg 448w\" sizes=\"(max-width: 1000px) 100vw, 448px\" \/><div class=\"fusion-rollover\">\n\t<div class=\"fusion-rollover-content\">\n\n\t\t\t\t\t\t\t\t\t\t\t\t\t\t<a class=\"fusion-rollover-link\" href=\"https:\/\/ramse.es\/wordpress\/sesion-necrologica-en-recuerdo-del-academico-de-numero-dr-d-eduardo-zamora-madaria\/\">Sesi\u00f3n necrol\u00f3gica en recuerdo del Acad\u00e9mico de N\u00famero Dr. D. Eduardo Zamora Madaria<\/a>\n\t\t\t\n\t\t\t\t\t\t\t\t\t\t\t\t\t\t\n\t\t\t\t\t\t\t\t\n\t\t\t\t\t\t\t\t\t\t\t\t\t<div class=\"fusion-rollover-sep\"><\/div>\n\t\t\t\t\n\t\t\t\t\t\t\t\t\t\t\t\t\t\t\t\t\t\t<a class=\"fusion-rollover-gallery\" href=\"https:\/\/ramse.es\/wordpress\/wp-content\/uploads\/2016\/02\/sesionnecro.jpg\" data-id=\"2217\" data-rel=\"iLightbox[gallery]\" data-title=\"sesionnecro\" data-caption=\"\">\n\t\t\t\t\t\tGaler\u00eda\t\t\t\t\t<\/a>\n\t\t\t\t\t\t\t\t\t\t\t\t\t\t\n\t\t\n\t\t\t\t\t\t\t\t\n\t\t\t\t\t\t\t\t\n\t\t\n\t\t\t\t\t\t<a class=\"fusion-link-wrapper\" href=\"https:\/\/ramse.es\/wordpress\/sesion-necrologica-en-recuerdo-del-academico-de-numero-dr-d-eduardo-zamora-madaria\/\" aria-label=\"Sesi\u00f3n necrol\u00f3gica en recuerdo del Acad\u00e9mico de N\u00famero Dr. D. Eduardo Zamora Madaria\"><\/a>\n\t<\/div>\n<\/div>\n<\/div>\n<\/li>\n\t\t\t\n\t\t\t\n\t\t\t\t\t\t\t\t\t\t\t\t\t\t\t\t\t\t\t\t\t\t\t\t\t\t\t\t\t\t\t\t\t\t\t\t\t\t\t\t\t\t\t\t\t\t\t\t\t\t\t\t\t\t\t\t\t\t\t\t\t\t\t\t\t\t\t\t<\/ul>\n\t<\/div>\n\t<div class=\"fusion-date-and-formats\"><div class=\"fusion-date-box updated\"><span class=\"fusion-date\">febrero<\/span><span class=\"fusion-month-year\">12:00 am<\/span><\/div><div class=\"fusion-format-box\"><i class=\"awb-icon-pen\" aria-hidden=\"true\"><\/i><\/div><\/div><div class=\"fusion-post-content post-content\"><h2 class=\"blog-shortcode-post-title entry-title\"><a href=\"https:\/\/ramse.es\/wordpress\/sesion-necrologica-en-recuerdo-del-academico-de-numero-dr-d-eduardo-zamora-madaria\/\">Sesi\u00f3n necrol\u00f3gica en recuerdo del Acad\u00e9mico de N\u00famero Dr. D. Eduardo Zamora Madaria<\/a><\/h2><p class=\"fusion-single-line-meta\">Por <span class=\"vcard\"><span class=\"fn\"><a href=\"https:\/\/ramse.es\/wordpress\/author\/ivan_z0qj9h4b\/\" title=\"Entradas de admin\" rel=\"author\">admin<\/a><\/span><\/span><span class=\"fusion-inline-sep\">|<\/span><span class=\"updated\" style=\"display:none;\">2016-02-15T00:00:00+02:00<\/span><span>febrero 15th, 2016<\/span><span class=\"fusion-inline-sep\">|<\/span>Categor\u00edas: <a href=\"https:\/\/ramse.es\/wordpress\/category\/news\/latest-news\/\" rel=\"category tag\">Noticias<\/a><span class=\"fusion-inline-sep\">|<\/span><\/p><div class=\"fusion-post-content-container\"><p>La Real Academia de Medicina y Cirug\u00eda acogi\u00f3 el pasado jueves sesi\u00f3n necrol\u00f3gica en recuerdo del Acad\u00e9mico de N\u00famero Dr. D. Eduardo Zamora Madaria. En el acto in Memoriam participaron los Dres. D. Miguel \u00c1ngel Munia\u00edn que se encarg\u00f3 de presentar el perfil universitario, D. Jos\u00e9 M\u00aa Rubio Rubio que abord\u00f3 el perfil m\u00e9dico y humano y D. Pedro S\u00e1nchez Guijo que present\u00f3 el perfil acad\u00e9mico. Previamente se celebr\u00f3 Santa <a href=\"https:\/\/ramse.es\/wordpress\/sesion-necrologica-en-recuerdo-del-academico-de-numero-dr-d-eduardo-zamora-madaria\/\">[...]<\/a><\/p><\/div><\/div><div class=\"fusion-clearfix\"><\/div><div class=\"fusion-meta-info\"><div class=\"fusion-alignright\"><a class=\"fusion-read-more\" href=\"https:\/\/ramse.es\/wordpress\/sesion-necrologica-en-recuerdo-del-academico-de-numero-dr-d-eduardo-zamora-madaria\/\" aria-label=\"More on Sesi\u00f3n necrol\u00f3gica en recuerdo del Acad\u00e9mico de N\u00famero Dr. D. Eduardo Zamora Madaria\">Leer M\u00e1s<\/a><\/div><\/div><\/article>\n<article id=\"blog-1-post-2215\" class=\"fusion-post-large-alternate post-2215 post type-post status-publish format-standard hentry category-latest-news\">\n\t<style type=\"text\/css\">\n\t\t\n\t\t\n\t\t\n\t\t\n\t\t\t<\/style>\n\n\n<div class=\"fusion-date-and-formats\"><div class=\"fusion-date-box updated\"><span class=\"fusion-date\">febrero<\/span><span class=\"fusion-month-year\">9:58 am<\/span><\/div><div class=\"fusion-format-box\"><i class=\"awb-icon-pen\" aria-hidden=\"true\"><\/i><\/div><\/div><div class=\"fusion-post-content post-content\"><h2 class=\"blog-shortcode-post-title entry-title\"><a href=\"https:\/\/ramse.es\/wordpress\/xxxv-curso-de-actualizaciones-en-cirugia-cirugia-laparoscopica-xxiii\/\">XXXV Curso de Actualizaciones en Cirug\u00eda &#8211; Cirug\u00eda Laparosc\u00f3pica XXIII<\/a><\/h2><p class=\"fusion-single-line-meta\">Por <span class=\"vcard\"><span class=\"fn\"><a href=\"https:\/\/ramse.es\/wordpress\/author\/ivan_z0qj9h4b\/\" title=\"Entradas de admin\" rel=\"author\">admin<\/a><\/span><\/span><span class=\"fusion-inline-sep\">|<\/span><span class=\"updated\" style=\"display:none;\">2016-02-08T09:58:29+02:00<\/span><span>febrero 8th, 2016<\/span><span class=\"fusion-inline-sep\">|<\/span>Categor\u00edas: <a href=\"https:\/\/ramse.es\/wordpress\/category\/news\/latest-news\/\" rel=\"category tag\">Noticias<\/a><span class=\"fusion-inline-sep\">|<\/span><\/p><div class=\"fusion-post-content-container\"><p>El pasado jueves 4 de febrero tuvo lugar en la sede de la Real Academia de Medicina y Cirug\u00eda de Sevilla la sesi\u00f3n \u201cCirug\u00eda rob\u00f3tica: desarrollo, aplicabilidad y futuro\u201d del XXXV Curso de Actualizaciones en Cirug\u00eda - Cirug\u00eda Laparosc\u00f3pica XXIII,que anualmente organizan los Dres. Salvador Morales Conde y Javier Padillo. Durante la sesi\u00f3n el Dr. Esp\u00edn Basany abord\u00f3 el \u201cDesarrollo de la Cirug\u00eda Rob\u00f3tica: Una visi\u00f3n realista desde la falta <a href=\"https:\/\/ramse.es\/wordpress\/xxxv-curso-de-actualizaciones-en-cirugia-cirugia-laparoscopica-xxiii\/\">[...]<\/a><\/p><\/div><\/div><div class=\"fusion-clearfix\"><\/div><div class=\"fusion-meta-info\"><div class=\"fusion-alignright\"><a class=\"fusion-read-more\" href=\"https:\/\/ramse.es\/wordpress\/xxxv-curso-de-actualizaciones-en-cirugia-cirugia-laparoscopica-xxiii\/\" aria-label=\"More on XXXV Curso de Actualizaciones en Cirug\u00eda &#8211; Cirug\u00eda Laparosc\u00f3pica XXIII\">Leer M\u00e1s<\/a><\/div><\/div><\/article>\n<article id=\"blog-1-post-2214\" class=\"fusion-post-large-alternate post-2214 post type-post status-publish format-standard has-post-thumbnail hentry category-latest-news\">\n\t<style type=\"text\/css\">\n\t\t\n\t\t\n\t\t\n\t\t\n\t\t\t<\/style>\n\n\n\t\t\t<div class=\"fusion-flexslider flexslider fusion-flexslider-loading fusion-post-slideshow\" style=\"\">\n\t\t<ul class=\"slides\">\n\t\t\t\n\t\t\t\t\t\t\t\t\t\t\t\t\t\t<li><div  class=\"fusion-image-wrapper\" aria-haspopup=\"true\">\n\t\t\t\t<img decoding=\"async\" width=\"448\" height=\"300\" src=\"https:\/\/ramse.es\/wordpress\/wp-content\/uploads\/2016\/01\/premiadosweb.jpg\" class=\"attachment-full size-full wp-post-image\" alt=\"\" srcset=\"https:\/\/ramse.es\/wordpress\/wp-content\/uploads\/2016\/01\/premiadosweb-200x134.jpg 200w, https:\/\/ramse.es\/wordpress\/wp-content\/uploads\/2016\/01\/premiadosweb-400x268.jpg 400w, https:\/\/ramse.es\/wordpress\/wp-content\/uploads\/2016\/01\/premiadosweb.jpg 448w\" sizes=\"(max-width: 1000px) 100vw, 448px\" \/><div class=\"fusion-rollover\">\n\t<div class=\"fusion-rollover-content\">\n\n\t\t\t\t\t\t\t\t\t\t\t\t\t\t<a class=\"fusion-rollover-link\" href=\"https:\/\/ramse.es\/wordpress\/apertura-del-316-curso-academico\/\">Apertura del 316 Curso Acad\u00e9mico<\/a>\n\t\t\t\n\t\t\t\t\t\t\t\t\t\t\t\t\t\t\n\t\t\t\t\t\t\t\t\n\t\t\t\t\t\t\t\t\t\t\t\t\t<div class=\"fusion-rollover-sep\"><\/div>\n\t\t\t\t\n\t\t\t\t\t\t\t\t\t\t\t\t\t\t\t\t\t\t<a class=\"fusion-rollover-gallery\" href=\"https:\/\/ramse.es\/wordpress\/wp-content\/uploads\/2016\/01\/premiadosweb.jpg\" data-id=\"2214\" data-rel=\"iLightbox[gallery]\" data-title=\"premiadosweb\" data-caption=\"\">\n\t\t\t\t\t\tGaler\u00eda\t\t\t\t\t<\/a>\n\t\t\t\t\t\t\t\t\t\t\t\t\t\t\n\t\t\n\t\t\t\t\t\t\t\t\n\t\t\t\t\t\t\t\t\n\t\t\n\t\t\t\t\t\t<a class=\"fusion-link-wrapper\" href=\"https:\/\/ramse.es\/wordpress\/apertura-del-316-curso-academico\/\" aria-label=\"Apertura del 316 Curso Acad\u00e9mico\"><\/a>\n\t<\/div>\n<\/div>\n<\/div>\n<\/li>\n\t\t\t\n\t\t\t\n\t\t\t\t\t\t\t\t\t\t\t\t\t\t\t\t\t\t\t\t\t\t\t\t\t\t\t\t\t\t\t\t\t\t\t\t\t\t\t\t\t\t\t\t\t\t\t\t\t\t\t\t\t\t\t\t\t\t\t\t\t\t\t\t\t\t\t\t<\/ul>\n\t<\/div>\n\t<div class=\"fusion-date-and-formats\"><div class=\"fusion-date-box updated\"><span class=\"fusion-date\">enero<\/span><span class=\"fusion-month-year\">12:00 am<\/span><\/div><div class=\"fusion-format-box\"><i class=\"awb-icon-pen\" aria-hidden=\"true\"><\/i><\/div><\/div><div class=\"fusion-post-content post-content\"><h2 class=\"blog-shortcode-post-title entry-title\"><a href=\"https:\/\/ramse.es\/wordpress\/apertura-del-316-curso-academico\/\">Apertura del 316 Curso Acad\u00e9mico<\/a><\/h2><p class=\"fusion-single-line-meta\">Por <span class=\"vcard\"><span class=\"fn\"><a href=\"https:\/\/ramse.es\/wordpress\/author\/ivan_z0qj9h4b\/\" title=\"Entradas de admin\" rel=\"author\">admin<\/a><\/span><\/span><span class=\"fusion-inline-sep\">|<\/span><span class=\"updated\" style=\"display:none;\">2016-01-29T00:00:00+02:00<\/span><span>enero 29th, 2016<\/span><span class=\"fusion-inline-sep\">|<\/span>Categor\u00edas: <a href=\"https:\/\/ramse.es\/wordpress\/category\/news\/latest-news\/\" rel=\"category tag\">Noticias<\/a><span class=\"fusion-inline-sep\">|<\/span><\/p><div class=\"fusion-post-content-container\"><p><\/p><p>La Real Academia de Medicina y Cirug\u00eda de Sevilla ha celebrado \u00a0la Apertura del 316 Curso Acad\u00e9mico, en la que el Acad\u00e9mico de N\u00famero Ilmo. Dr. D. \u00a0Manuel L\u00f3pez L\u00f3pez, ha pronunciado el discurso protocolario titulado \u201cSobre una revisi\u00f3n cr\u00edtica de la din\u00e1mica mandibular\u201d.  <a href=\"https:\/\/ramse.es\/wordpress\/apertura-del-316-curso-academico\/\">[\u2026]<\/a><\/p>\n<\/div><\/div><div class=\"fusion-clearfix\"><\/div><div class=\"fusion-meta-info\"><div class=\"fusion-alignright\"><a class=\"fusion-read-more\" href=\"https:\/\/ramse.es\/wordpress\/apertura-del-316-curso-academico\/\" aria-label=\"More on Apertura del 316 Curso Acad\u00e9mico\">Leer M\u00e1s<\/a><\/div><\/div><\/article>\n<article id=\"blog-1-post-2212\" class=\"fusion-post-large-alternate post-2212 post type-post status-publish format-standard hentry category-latest-news\">\n\t<style type=\"text\/css\">\n\t\t\n\t\t\n\t\t\n\t\t\n\t\t\t<\/style>\n\n\n<div class=\"fusion-date-and-formats\"><div class=\"fusion-date-box updated\"><span class=\"fusion-date\">diciembre<\/span><span class=\"fusion-month-year\">10:28 am<\/span><\/div><div class=\"fusion-format-box\"><i class=\"awb-icon-pen\" aria-hidden=\"true\"><\/i><\/div><\/div><div class=\"fusion-post-content post-content\"><h2 class=\"blog-shortcode-post-title entry-title\"><a href=\"https:\/\/ramse.es\/wordpress\/clausura-del-curso-academico\/\">Clausura del Curso Acad\u00e9mico<\/a><\/h2><p class=\"fusion-single-line-meta\">Por <span class=\"vcard\"><span class=\"fn\"><a href=\"https:\/\/ramse.es\/wordpress\/author\/ivan_z0qj9h4b\/\" title=\"Entradas de admin\" rel=\"author\">admin<\/a><\/span><\/span><span class=\"fusion-inline-sep\">|<\/span><span class=\"updated\" style=\"display:none;\">2015-12-15T10:28:16+02:00<\/span><span>diciembre 15th, 2015<\/span><span class=\"fusion-inline-sep\">|<\/span>Categor\u00edas: <a href=\"https:\/\/ramse.es\/wordpress\/category\/news\/latest-news\/\" rel=\"category tag\">Noticias<\/a><span class=\"fusion-inline-sep\">|<\/span><\/p><div class=\"fusion-post-content-container\"><p>El pasado jueves 10 de diciembre tuvo lugar en la Real Academia de Medicina y Cirug\u00eda de Sevilla la clausura del 315 Curso Acad\u00e9mico en la que el Acad\u00e9mico de N\u00famero Jos\u00e9 Mar\u00eda Monta\u00f1a Ramonet, pronunci\u00f3 una conferencia titulada \u201cEl protomedicato, los protom\u00e9dicos y sus man\u00edas\u201d. Previo al discurso protocolario, se presentaron los cuadros de SS.MM los Reyes de Espa\u00f1a, obras del pintor Juan Vald\u00e9s, donados por la Real Maestranza <a href=\"https:\/\/ramse.es\/wordpress\/clausura-del-curso-academico\/\">[...]<\/a><\/p><\/div><\/div><div class=\"fusion-clearfix\"><\/div><div class=\"fusion-meta-info\"><div class=\"fusion-alignright\"><a class=\"fusion-read-more\" href=\"https:\/\/ramse.es\/wordpress\/clausura-del-curso-academico\/\" aria-label=\"More on Clausura del Curso Acad\u00e9mico\">Leer M\u00e1s<\/a><\/div><\/div><\/article>\n<article id=\"blog-1-post-2211\" class=\"fusion-post-large-alternate post-2211 post type-post status-publish format-standard hentry category-latest-news\">\n\t<style type=\"text\/css\">\n\t\t\n\t\t\n\t\t\n\t\t\n\t\t\t<\/style>\n\n\n<div class=\"fusion-date-and-formats\"><div class=\"fusion-date-box updated\"><span class=\"fusion-date\">diciembre<\/span><span class=\"fusion-month-year\">12:00 am<\/span><\/div><div class=\"fusion-format-box\"><i class=\"awb-icon-pen\" aria-hidden=\"true\"><\/i><\/div><\/div><div class=\"fusion-post-content post-content\"><h2 class=\"blog-shortcode-post-title entry-title\"><a href=\"https:\/\/ramse.es\/wordpress\/resolucion-del-concurso-cientifico-de-premios-convocados-por-la-real-academia-de-medicina-y-cirugia-de-sevilla-correspondientes-al-ano-2015\/\">Resoluci\u00f3n del Concurso Cient\u00edfico de Premios convocados por la Real Academia de Medicina y Cirug\u00eda de Sevilla correspondientes al a\u00f1o 2015<\/a><\/h2><p class=\"fusion-single-line-meta\">Por <span class=\"vcard\"><span class=\"fn\"><a href=\"https:\/\/ramse.es\/wordpress\/author\/ivan_z0qj9h4b\/\" title=\"Entradas de admin\" rel=\"author\">admin<\/a><\/span><\/span><span class=\"fusion-inline-sep\">|<\/span><span class=\"updated\" style=\"display:none;\">2015-12-14T00:00:00+02:00<\/span><span>diciembre 14th, 2015<\/span><span class=\"fusion-inline-sep\">|<\/span>Categor\u00edas: <a href=\"https:\/\/ramse.es\/wordpress\/category\/news\/latest-news\/\" rel=\"category tag\">Noticias<\/a><span class=\"fusion-inline-sep\">|<\/span><\/p><div class=\"fusion-post-content-container\"><p><\/p><p>Una vez o\u00eddas las propuestas de los jurados calificadores nombrados para cada premio, el Pleno Acad\u00e9mico, reunido en sesi\u00f3n ordinaria el d\u00eda 3 de diciembre del presente a\u00f1o, ha acordado conceder los siguientes premios:  <a href=\"https:\/\/ramse.es\/wordpress\/resolucion-del-concurso-cientifico-de-premios-convocados-por-la-real-academia-de-medicina-y-cirugia-de-sevilla-correspondientes-al-ano-2015\/\">[\u2026]<\/a><\/p>\n<\/div><\/div><div class=\"fusion-clearfix\"><\/div><div class=\"fusion-meta-info\"><div class=\"fusion-alignright\"><a class=\"fusion-read-more\" href=\"https:\/\/ramse.es\/wordpress\/resolucion-del-concurso-cientifico-de-premios-convocados-por-la-real-academia-de-medicina-y-cirugia-de-sevilla-correspondientes-al-ano-2015\/\" aria-label=\"More on Resoluci\u00f3n del Concurso Cient\u00edfico de Premios convocados por la Real Academia de Medicina y Cirug\u00eda de Sevilla correspondientes al a\u00f1o 2015\">Leer M\u00e1s<\/a><\/div><\/div><\/article>\n<article id=\"blog-1-post-2210\" class=\"fusion-post-large-alternate post-2210 post type-post status-publish format-standard has-post-thumbnail hentry category-latest-news\">\n\t<style type=\"text\/css\">\n\t\t\n\t\t\n\t\t\n\t\t\n\t\t\t<\/style>\n\n\n\t\t\t<div class=\"fusion-flexslider flexslider fusion-flexslider-loading fusion-post-slideshow\" style=\"\">\n\t\t<ul class=\"slides\">\n\t\t\t\n\t\t\t\t\t\t\t\t\t\t\t\t\t\t<li><div  class=\"fusion-image-wrapper\" aria-haspopup=\"true\">\n\t\t\t\t<img decoding=\"async\" width=\"448\" height=\"336\" src=\"https:\/\/ramse.es\/wordpress\/wp-content\/uploads\/2015\/11\/saludweb.jpg\" class=\"attachment-full size-full wp-post-image\" alt=\"\" srcset=\"https:\/\/ramse.es\/wordpress\/wp-content\/uploads\/2015\/11\/saludweb-200x150.jpg 200w, https:\/\/ramse.es\/wordpress\/wp-content\/uploads\/2015\/11\/saludweb-400x300.jpg 400w, https:\/\/ramse.es\/wordpress\/wp-content\/uploads\/2015\/11\/saludweb.jpg 448w\" sizes=\"(max-width: 1000px) 100vw, 448px\" \/><div class=\"fusion-rollover\">\n\t<div class=\"fusion-rollover-content\">\n\n\t\t\t\t\t\t\t\t\t\t\t\t\t\t<a class=\"fusion-rollover-link\" href=\"https:\/\/ramse.es\/wordpress\/la-dra-salud-borrego-toma-posesion-como-academica-de-numero-de-la-real-academia-de-medicina-de-sevilla\/\">La Dra. Salud Borrego toma posesi\u00f3n como Acad\u00e9mica de N\u00famero de la Real Academia de Medicina de Sevilla<\/a>\n\t\t\t\n\t\t\t\t\t\t\t\t\t\t\t\t\t\t\n\t\t\t\t\t\t\t\t\n\t\t\t\t\t\t\t\t\t\t\t\t\t<div class=\"fusion-rollover-sep\"><\/div>\n\t\t\t\t\n\t\t\t\t\t\t\t\t\t\t\t\t\t\t\t\t\t\t<a class=\"fusion-rollover-gallery\" href=\"https:\/\/ramse.es\/wordpress\/wp-content\/uploads\/2015\/11\/saludweb.jpg\" data-id=\"2210\" data-rel=\"iLightbox[gallery]\" data-title=\"saludweb\" data-caption=\"\">\n\t\t\t\t\t\tGaler\u00eda\t\t\t\t\t<\/a>\n\t\t\t\t\t\t\t\t\t\t\t\t\t\t\n\t\t\n\t\t\t\t\t\t\t\t\n\t\t\t\t\t\t\t\t\n\t\t\n\t\t\t\t\t\t<a class=\"fusion-link-wrapper\" href=\"https:\/\/ramse.es\/wordpress\/la-dra-salud-borrego-toma-posesion-como-academica-de-numero-de-la-real-academia-de-medicina-de-sevilla\/\" aria-label=\"La Dra. Salud Borrego toma posesi\u00f3n como Acad\u00e9mica de N\u00famero de la Real Academia de Medicina de Sevilla\"><\/a>\n\t<\/div>\n<\/div>\n<\/div>\n<\/li>\n\t\t\t\n\t\t\t\n\t\t\t\t\t\t\t\t\t\t\t\t\t\t\t\t\t\t\t\t\t\t\t\t\t\t\t\t\t\t\t\t\t\t\t\t\t\t\t\t\t\t\t\t\t\t\t\t\t\t\t\t\t\t\t\t\t\t\t\t\t\t\t\t\t\t\t\t<\/ul>\n\t<\/div>\n\t<div class=\"fusion-date-and-formats\"><div class=\"fusion-date-box updated\"><span class=\"fusion-date\">noviembre<\/span><span class=\"fusion-month-year\">1:38 pm<\/span><\/div><div class=\"fusion-format-box\"><i class=\"awb-icon-pen\" aria-hidden=\"true\"><\/i><\/div><\/div><div class=\"fusion-post-content post-content\"><h2 class=\"blog-shortcode-post-title entry-title\"><a href=\"https:\/\/ramse.es\/wordpress\/la-dra-salud-borrego-toma-posesion-como-academica-de-numero-de-la-real-academia-de-medicina-de-sevilla\/\">La Dra. Salud Borrego toma posesi\u00f3n como Acad\u00e9mica de N\u00famero de la Real Academia de Medicina de Sevilla<\/a><\/h2><p class=\"fusion-single-line-meta\">Por <span class=\"vcard\"><span class=\"fn\"><a href=\"https:\/\/ramse.es\/wordpress\/author\/ivan_z0qj9h4b\/\" title=\"Entradas de admin\" rel=\"author\">admin<\/a><\/span><\/span><span class=\"fusion-inline-sep\">|<\/span><span class=\"updated\" style=\"display:none;\">2015-11-15T13:38:10+02:00<\/span><span>noviembre 15th, 2015<\/span><span class=\"fusion-inline-sep\">|<\/span>Categor\u00edas: <a href=\"https:\/\/ramse.es\/wordpress\/category\/news\/latest-news\/\" rel=\"category tag\">Noticias<\/a><span class=\"fusion-inline-sep\">|<\/span><\/p><div class=\"fusion-post-content-container\"><p><\/p><p>La Dra. Salud Borrego L\u00f3pez, jefa de Secci\u00f3n de Laboratorio de Gen\u00e9tica y Reproducci\u00f3n del Hospital Universitario Virgen del Roc\u00edo; Investigador Responsable del Instituto de Biomedicina de Sevilla y presidenta de la Comisi\u00f3n T\u00e9cnica de Evaluaci\u00f3n de proyectos de I+D+i en el \u00e1rea de Enfermedades Gen\u00e9ticas y Modelos de Enfermedad del Instituto de Salud Carlos III, ha tomado posesi\u00f3n hoy como Acad\u00e9mica de N\u00famero de la Real Academia de Medicina <a href=\"https:\/\/ramse.es\/wordpress\/la-dra-salud-borrego-toma-posesion-como-academica-de-numero-de-la-real-academia-de-medicina-de-sevilla\/\">[...]<\/a><\/p><\/div><\/div><div class=\"fusion-clearfix\"><\/div><div class=\"fusion-meta-info\"><div class=\"fusion-alignright\"><a class=\"fusion-read-more\" href=\"https:\/\/ramse.es\/wordpress\/la-dra-salud-borrego-toma-posesion-como-academica-de-numero-de-la-real-academia-de-medicina-de-sevilla\/\" aria-label=\"More on La Dra. Salud Borrego toma posesi\u00f3n como Acad\u00e9mica de N\u00famero de la Real Academia de Medicina de Sevilla\">Leer M\u00e1s<\/a><\/div><\/div><\/article>\n<article id=\"blog-1-post-2208\" class=\"fusion-post-large-alternate post-2208 post type-post status-publish format-standard hentry category-latest-news\">\n\t<style type=\"text\/css\">\n\t\t\n\t\t\n\t\t\n\t\t\n\t\t\t<\/style>\n\n\n<div class=\"fusion-date-and-formats\"><div class=\"fusion-date-box updated\"><span class=\"fusion-date\">noviembre<\/span><span class=\"fusion-month-year\">12:00 am<\/span><\/div><div class=\"fusion-format-box\"><i class=\"awb-icon-pen\" aria-hidden=\"true\"><\/i><\/div><\/div><div class=\"fusion-post-content post-content\"><h2 class=\"blog-shortcode-post-title entry-title\"><a href=\"https:\/\/ramse.es\/wordpress\/toma-de-posesion-de-academicos-de-numero\/\">Toma de posesi\u00f3n de acad\u00e9micos de n\u00famero<\/a><\/h2><p class=\"fusion-single-line-meta\">Por <span class=\"vcard\"><span class=\"fn\"><a href=\"https:\/\/ramse.es\/wordpress\/author\/ivan_z0qj9h4b\/\" title=\"Entradas de admin\" rel=\"author\">admin<\/a><\/span><\/span><span class=\"fusion-inline-sep\">|<\/span><span class=\"updated\" style=\"display:none;\">2015-11-13T00:00:00+02:00<\/span><span>noviembre 13th, 2015<\/span><span class=\"fusion-inline-sep\">|<\/span>Categor\u00edas: <a href=\"https:\/\/ramse.es\/wordpress\/category\/news\/latest-news\/\" rel=\"category tag\">Noticias<\/a><span class=\"fusion-inline-sep\">|<\/span><\/p><div class=\"fusion-post-content-container\"><p><\/p><p>El d\u00eda 12 de noviembre, la Real Academia de Medicina y Cirug\u00eda de Sevilla celebr\u00f3 sesi\u00f3n solemne para la recepci\u00f3n de nuevos Acad\u00e9micos Correspondientes tomando posesi\u00f3n los Dres. Mart\u00edn Navarro Merino, que abord\u00f3 \u201cTabaquismo en la Infancia y Adolescencia\u201d, y Antonio Pav\u00f3n Delgado, que pronunci\u00f3 un discurso titulado \u201cLos Cuidados Intensivos Neonatales actuales: avances tecnol\u00f3gicos y dimensi\u00f3n humana\u201d.  <a href=\"https:\/\/ramse.es\/wordpress\/toma-de-posesion-de-academicos-de-numero\/\">[\u2026]<\/a><\/p>\n<\/div><\/div><div class=\"fusion-clearfix\"><\/div><div class=\"fusion-meta-info\"><div class=\"fusion-alignright\"><a class=\"fusion-read-more\" href=\"https:\/\/ramse.es\/wordpress\/toma-de-posesion-de-academicos-de-numero\/\" aria-label=\"More on Toma de posesi\u00f3n de acad\u00e9micos de n\u00famero\">Leer M\u00e1s<\/a><\/div><\/div><\/article>\n<article id=\"blog-1-post-2207\" class=\"fusion-post-large-alternate post-2207 post type-post status-publish format-standard hentry category-latest-news\">\n\t<style type=\"text\/css\">\n\t\t\n\t\t\n\t\t\n\t\t\n\t\t\t<\/style>\n\n\n<div class=\"fusion-date-and-formats\"><div class=\"fusion-date-box updated\"><span class=\"fusion-date\">noviembre<\/span><span class=\"fusion-month-year\">12:00 am<\/span><\/div><div class=\"fusion-format-box\"><i class=\"awb-icon-pen\" aria-hidden=\"true\"><\/i><\/div><\/div><div class=\"fusion-post-content post-content\"><h2 class=\"blog-shortcode-post-title entry-title\"><a href=\"https:\/\/ramse.es\/wordpress\/la-rinosinusitis-cronica-con-polipos-nasales-y-sus-repercusiones-sobre-la-salud\/\">\u201cLa Rinosinusitis cr\u00f3nica con p\u00f3lipos nasales y sus repercusiones sobre la salud\u201d<\/a><\/h2><p class=\"fusion-single-line-meta\">Por <span class=\"vcard\"><span class=\"fn\"><a href=\"https:\/\/ramse.es\/wordpress\/author\/ivan_z0qj9h4b\/\" title=\"Entradas de admin\" rel=\"author\">admin<\/a><\/span><\/span><span class=\"fusion-inline-sep\">|<\/span><span class=\"updated\" style=\"display:none;\">2015-11-06T00:00:00+02:00<\/span><span>noviembre 6th, 2015<\/span><span class=\"fusion-inline-sep\">|<\/span>Categor\u00edas: <a href=\"https:\/\/ramse.es\/wordpress\/category\/news\/latest-news\/\" rel=\"category tag\">Noticias<\/a><span class=\"fusion-inline-sep\">|<\/span><\/p><div class=\"fusion-post-content-container\"><p><\/p><p>La Real Academia de Medicina y Cirug\u00eda de Sevilla ha acogido una mesa redonda titulada \u201cLa Rinosinusitis cr\u00f3nica con p\u00f3lipos nasales y sus repercusiones sobre la salud\u201d moderada por el Dr. Hugo Galera Ruiz, Acad\u00e9mico Correspondiente y Profesor de Otorrinolaringolog\u00eda adscrito al Hospital Macarena de la Universidad de Sevilla.  <a href=\"https:\/\/ramse.es\/wordpress\/la-rinosinusitis-cronica-con-polipos-nasales-y-sus-repercusiones-sobre-la-salud\/\">[\u2026]<\/a><\/p>\n<\/div><\/div><div class=\"fusion-clearfix\"><\/div><div class=\"fusion-meta-info\"><div class=\"fusion-alignright\"><a class=\"fusion-read-more\" href=\"https:\/\/ramse.es\/wordpress\/la-rinosinusitis-cronica-con-polipos-nasales-y-sus-repercusiones-sobre-la-salud\/\" aria-label=\"More on \u201cLa Rinosinusitis cr\u00f3nica con p\u00f3lipos nasales y sus repercusiones sobre la salud\u201d\">Leer M\u00e1s<\/a><\/div><\/div><\/article>\n<article id=\"blog-1-post-2204\" class=\"fusion-post-large-alternate post-2204 post type-post status-publish format-standard hentry category-latest-news\">\n\t<style type=\"text\/css\">\n\t\t\n\t\t\n\t\t\n\t\t\n\t\t\t<\/style>\n\n\n<div class=\"fusion-date-and-formats\"><div class=\"fusion-date-box updated\"><span class=\"fusion-date\">noviembre<\/span><span class=\"fusion-month-year\">5:35 pm<\/span><\/div><div class=\"fusion-format-box\"><i class=\"awb-icon-pen\" aria-hidden=\"true\"><\/i><\/div><\/div><div class=\"fusion-post-content post-content\"><h2 class=\"blog-shortcode-post-title entry-title\"><a href=\"https:\/\/ramse.es\/wordpress\/leccion-magistral-inaugural-del-curso-2015-2016-en-el-real-e-ilustre-colegio-de-medicos-de-sevilla\/\">Lecci\u00f3n Magistral Inaugural del Curso 2015 &#8211; 2016 en el Real e Ilustre Colegio de M\u00e9dicos de Sevilla<\/a><\/h2><p class=\"fusion-single-line-meta\">Por <span class=\"vcard\"><span class=\"fn\"><a href=\"https:\/\/ramse.es\/wordpress\/author\/ivan_z0qj9h4b\/\" title=\"Entradas de admin\" rel=\"author\">admin<\/a><\/span><\/span><span class=\"fusion-inline-sep\">|<\/span><span class=\"updated\" style=\"display:none;\">2015-11-03T17:35:03+02:00<\/span><span>noviembre 3rd, 2015<\/span><span class=\"fusion-inline-sep\">|<\/span>Categor\u00edas: <a href=\"https:\/\/ramse.es\/wordpress\/category\/news\/latest-news\/\" rel=\"category tag\">Noticias<\/a><span class=\"fusion-inline-sep\">|<\/span><\/p><div class=\"fusion-post-content-container\"><p>Por su inter\u00e9s, comunicamos que el Prof. Dr. D. Jos\u00e9 Mar\u00eda Rubio Rubio, Acad\u00e9mico de N\u00famero de la Real Academia de Medicina de Sevilla y profesor titular de la Universidad de Sevilla, dict\u00f3 su Lecci\u00f3n Magistral Inaugural del Curso 2015 - 2016 en el Real e Ilustre Colegio de M\u00e9dicos de Sevilla el pasado d\u00eda 17 de octubre de 2015, bajo el t\u00edtulo \u201cEsencia y fin del Acto M\u00e9dico. Del <a href=\"https:\/\/ramse.es\/wordpress\/leccion-magistral-inaugural-del-curso-2015-2016-en-el-real-e-ilustre-colegio-de-medicos-de-sevilla\/\">[...]<\/a><\/p><\/div><\/div><div class=\"fusion-clearfix\"><\/div><div class=\"fusion-meta-info\"><div class=\"fusion-alignright\"><a class=\"fusion-read-more\" href=\"https:\/\/ramse.es\/wordpress\/leccion-magistral-inaugural-del-curso-2015-2016-en-el-real-e-ilustre-colegio-de-medicos-de-sevilla\/\" aria-label=\"More on Lecci\u00f3n Magistral Inaugural del Curso 2015 &#8211; 2016 en el Real e Ilustre Colegio de M\u00e9dicos de Sevilla\">Leer M\u00e1s<\/a><\/div><\/div><\/article>\n<article id=\"blog-1-post-2206\" class=\"fusion-post-large-alternate post-2206 post type-post status-publish format-standard hentry category-latest-news\">\n\t<style type=\"text\/css\">\n\t\t\n\t\t\n\t\t\n\t\t\n\t\t\t<\/style>\n\n\n<div class=\"fusion-date-and-formats\"><div class=\"fusion-date-box updated\"><span class=\"fusion-date\">noviembre<\/span><span class=\"fusion-month-year\">12:00 am<\/span><\/div><div class=\"fusion-format-box\"><i class=\"awb-icon-pen\" aria-hidden=\"true\"><\/i><\/div><\/div><div class=\"fusion-post-content post-content\"><h2 class=\"blog-shortcode-post-title entry-title\"><a href=\"https:\/\/ramse.es\/wordpress\/conferencia-magistral-del-dr-d-klaus-monkemuller\/\">Conferencia magistral del Dr. D. Klaus M\u00f6nkem\u00fcller<\/a><\/h2><p class=\"fusion-single-line-meta\">Por <span class=\"vcard\"><span class=\"fn\"><a href=\"https:\/\/ramse.es\/wordpress\/author\/ivan_z0qj9h4b\/\" title=\"Entradas de admin\" rel=\"author\">admin<\/a><\/span><\/span><span class=\"fusion-inline-sep\">|<\/span><span class=\"updated\" style=\"display:none;\">2015-11-03T00:00:00+02:00<\/span><span>noviembre 3rd, 2015<\/span><span class=\"fusion-inline-sep\">|<\/span>Categor\u00edas: <a href=\"https:\/\/ramse.es\/wordpress\/category\/news\/latest-news\/\" rel=\"category tag\">Noticias<\/a><span class=\"fusion-inline-sep\">|<\/span><\/p><div class=\"fusion-post-content-container\"><p>El viernes d\u00eda 30 de octubre la Real Academia de Medicina acog\u00eda la Conferencia Magistral del\u202fDr. Klaus M\u00f6nkem\u00fcller titulada \u202f\u201cHoy y ma\u00f1ana en la resecci\u00f3n endosc\u00f3pica de las lesiones neopl\u00e1sicas del colon\u201d. El Prof M\u00f6nkem\u00fcller, que fue presentado por el Acad\u00e9mico de N\u00famero Felipe Mart\u00ednez Manzanares, es\u202fDirector del \u202fBasil Hirschowitz Endoscopic Center of Excellence, Professor of Medicine, Division of Gastroenterology, University of Alabama at Birmingham, USA.<\/p><\/div><\/div><div class=\"fusion-clearfix\"><\/div><div class=\"fusion-meta-info\"><div class=\"fusion-alignright\"><a class=\"fusion-read-more\" href=\"https:\/\/ramse.es\/wordpress\/conferencia-magistral-del-dr-d-klaus-monkemuller\/\" aria-label=\"More on Conferencia magistral del Dr. D. Klaus M\u00f6nkem\u00fcller\">Leer M\u00e1s<\/a><\/div><\/div><\/article>\n<article id=\"blog-1-post-2205\" class=\"fusion-post-large-alternate post-2205 post type-post status-publish format-standard hentry category-latest-news\">\n\t<style type=\"text\/css\">\n\t\t\n\t\t\n\t\t\n\t\t\n\t\t\t<\/style>\n\n\n<div class=\"fusion-date-and-formats\"><div class=\"fusion-date-box updated\"><span class=\"fusion-date\">noviembre<\/span><span class=\"fusion-month-year\">12:00 am<\/span><\/div><div class=\"fusion-format-box\"><i class=\"awb-icon-pen\" aria-hidden=\"true\"><\/i><\/div><\/div><div class=\"fusion-post-content post-content\"><h2 class=\"blog-shortcode-post-title entry-title\"><a href=\"https:\/\/ramse.es\/wordpress\/recepcion-de-nuevos-academicos-correspondientes\/\">Recepci\u00f3n de nuevos Acad\u00e9micos Correspondientes<\/a><\/h2><p class=\"fusion-single-line-meta\">Por <span class=\"vcard\"><span class=\"fn\"><a href=\"https:\/\/ramse.es\/wordpress\/author\/ivan_z0qj9h4b\/\" title=\"Entradas de admin\" rel=\"author\">admin<\/a><\/span><\/span><span class=\"fusion-inline-sep\">|<\/span><span class=\"updated\" style=\"display:none;\">2015-11-02T00:00:00+02:00<\/span><span>noviembre 2nd, 2015<\/span><span class=\"fusion-inline-sep\">|<\/span>Categor\u00edas: <a href=\"https:\/\/ramse.es\/wordpress\/category\/news\/latest-news\/\" rel=\"category tag\">Noticias<\/a><span class=\"fusion-inline-sep\">|<\/span><\/p><div class=\"fusion-post-content-container\"><p><\/p><p>El pasado jueves d\u00eda 29 de octubre la Real Academia de Medicina y Cirug\u00eda de Sevilla celebr\u00f3 sesi\u00f3n solemne para la recepci\u00f3n de nuevos Acad\u00e9micos Correspondientes, tomando posesi\u00f3n de las plazas los Dres.Rafael Jim\u00e9nez Merch\u00e1n,\u00a0Rafael Hidalgo Urbano y Jaime Boceta Osuna; leyendo los discursos titulados: \u201cEl sudor: \u00bfUn problema social o quir\u00fargico?\u201d, \u201cProyecto com\u00fan para la atenci\u00f3n del infarto de miocardio: c\u00f3digo infarto Sevilla\u201d y \u201cLa relaci\u00f3n cl\u00ednica en Medicina <a href=\"https:\/\/ramse.es\/wordpress\/recepcion-de-nuevos-academicos-correspondientes\/\">[...]<\/a><\/p><\/div><\/div><div class=\"fusion-clearfix\"><\/div><div class=\"fusion-meta-info\"><div class=\"fusion-alignright\"><a class=\"fusion-read-more\" href=\"https:\/\/ramse.es\/wordpress\/recepcion-de-nuevos-academicos-correspondientes\/\" aria-label=\"More on Recepci\u00f3n de nuevos Acad\u00e9micos Correspondientes\">Leer M\u00e1s<\/a><\/div><\/div><\/article>\n<article id=\"blog-1-post-2203\" class=\"fusion-post-large-alternate post-2203 post type-post status-publish format-standard hentry category-latest-news\">\n\t<style type=\"text\/css\">\n\t\t\n\t\t\n\t\t\n\t\t\n\t\t\t<\/style>\n\n\n<div class=\"fusion-date-and-formats\"><div class=\"fusion-date-box updated\"><span class=\"fusion-date\">octubre<\/span><span class=\"fusion-month-year\">12:00 am<\/span><\/div><div class=\"fusion-format-box\"><i class=\"awb-icon-pen\" aria-hidden=\"true\"><\/i><\/div><\/div><div class=\"fusion-post-content post-content\"><h2 class=\"blog-shortcode-post-title entry-title\"><a href=\"https:\/\/ramse.es\/wordpress\/mesa-redonda-mindfulness-una-experiencia-de-promocion-de-la-salud-en-el-trabajo\/\">Mesa redonda \u00abMindfulness. Una experiencia de promoci\u00f3n de la salud en el trabajo\u00bb<\/a><\/h2><p class=\"fusion-single-line-meta\">Por <span class=\"vcard\"><span class=\"fn\"><a href=\"https:\/\/ramse.es\/wordpress\/author\/ivan_z0qj9h4b\/\" title=\"Entradas de admin\" rel=\"author\">admin<\/a><\/span><\/span><span class=\"fusion-inline-sep\">|<\/span><span class=\"updated\" style=\"display:none;\">2015-10-19T00:00:00+02:00<\/span><span>octubre 19th, 2015<\/span><span class=\"fusion-inline-sep\">|<\/span>Categor\u00edas: <a href=\"https:\/\/ramse.es\/wordpress\/category\/news\/latest-news\/\" rel=\"category tag\">Noticias<\/a><span class=\"fusion-inline-sep\">|<\/span><\/p><div class=\"fusion-post-content-container\"><p><\/p><p>La Real Academia de Medicina y Cirug\u00eda de Sevilla ha acogido una sesi\u00f3n en la que el Dr. Andr\u00e9s Pomares Alonso ha acercado a los presentes el Mindfulness, t\u00e9cnica psicol\u00f3gica moderna e innovadora que sirve no s\u00f3lo para el abordaje de la \u201cpresi\u00f3n\u201d ps\u00edquica y emocional \u201cdolorosa\u201d y \u201ct\u00f3xica\u201d constantes del trabajo, sino tambi\u00e9n como una herramienta poderosa con la que tomar consciencia del momento presente.  <a href=\"https:\/\/ramse.es\/wordpress\/mesa-redonda-mindfulness-una-experiencia-de-promocion-de-la-salud-en-el-trabajo\/\">[\u2026]<\/a><\/p>\n<\/div><\/div><div class=\"fusion-clearfix\"><\/div><div class=\"fusion-meta-info\"><div class=\"fusion-alignright\"><a class=\"fusion-read-more\" href=\"https:\/\/ramse.es\/wordpress\/mesa-redonda-mindfulness-una-experiencia-de-promocion-de-la-salud-en-el-trabajo\/\" aria-label=\"More on Mesa redonda \u00abMindfulness. Una experiencia de promoci\u00f3n de la salud en el trabajo\u00bb\">Leer M\u00e1s<\/a><\/div><\/div><\/article>\n<article id=\"blog-1-post-2202\" class=\"fusion-post-large-alternate post-2202 post type-post status-publish format-standard hentry category-latest-news\">\n\t<style type=\"text\/css\">\n\t\t\n\t\t\n\t\t\n\t\t\n\t\t\t<\/style>\n\n\n<div class=\"fusion-date-and-formats\"><div class=\"fusion-date-box updated\"><span class=\"fusion-date\">octubre<\/span><span class=\"fusion-month-year\">12:00 am<\/span><\/div><div class=\"fusion-format-box\"><i class=\"awb-icon-pen\" aria-hidden=\"true\"><\/i><\/div><\/div><div class=\"fusion-post-content post-content\"><h2 class=\"blog-shortcode-post-title entry-title\"><a href=\"https:\/\/ramse.es\/wordpress\/la-medicina-forense-y-el-cine-el-crimen-de-los-galindos\/\">\u201cLA MEDICINA FORENSE Y EL CINE: EL CRIMEN DE LOS GALINDOS\u201d<\/a><\/h2><p class=\"fusion-single-line-meta\">Por <span class=\"vcard\"><span class=\"fn\"><a href=\"https:\/\/ramse.es\/wordpress\/author\/ivan_z0qj9h4b\/\" title=\"Entradas de admin\" rel=\"author\">admin<\/a><\/span><\/span><span class=\"fusion-inline-sep\">|<\/span><span class=\"updated\" style=\"display:none;\">2015-10-13T00:00:00+02:00<\/span><span>octubre 13th, 2015<\/span><span class=\"fusion-inline-sep\">|<\/span>Categor\u00edas: <a href=\"https:\/\/ramse.es\/wordpress\/category\/news\/latest-news\/\" rel=\"category tag\">Noticias<\/a><span class=\"fusion-inline-sep\">|<\/span><\/p><div class=\"fusion-post-content-container\"><p>La Real Academia de Medicina y Cirug\u00eda de Sevilla acogi\u00f3 el pasado s\u00e1bado una mesa redonda titulada \u201cControversias en Medicina Legal y Forense: 40 a\u00f1os del crimen de Los Galindos\u201d en la que se proyect\u00f3 la pel\u00edcula \u201cLos invitados\" dirigida por V\u00edctor Barrera. Tras la proyecci\u00f3n de la misma tuvo lugar un debate en el que participaron D. V\u00edctor Manuel Barrera Rodr\u00edguez (\u201cV\u00edctor Alc\u00e1zar\u201d), D. Alfredo Flores P\u00e9rez, el Acad\u00e9mico <a href=\"https:\/\/ramse.es\/wordpress\/la-medicina-forense-y-el-cine-el-crimen-de-los-galindos\/\">[...]<\/a><\/p><\/div><\/div><div class=\"fusion-clearfix\"><\/div><div class=\"fusion-meta-info\"><div class=\"fusion-alignright\"><a class=\"fusion-read-more\" href=\"https:\/\/ramse.es\/wordpress\/la-medicina-forense-y-el-cine-el-crimen-de-los-galindos\/\" aria-label=\"More on \u201cLA MEDICINA FORENSE Y EL CINE: EL CRIMEN DE LOS GALINDOS\u201d\">Leer M\u00e1s<\/a><\/div><\/div><\/article>\n<article id=\"blog-1-post-2201\" class=\"fusion-post-large-alternate post-2201 post type-post status-publish format-standard hentry category-latest-news\">\n\t<style type=\"text\/css\">\n\t\t\n\t\t\n\t\t\n\t\t\n\t\t\t<\/style>\n\n\n<div class=\"fusion-date-and-formats\"><div class=\"fusion-date-box updated\"><span class=\"fusion-date\">octubre<\/span><span class=\"fusion-month-year\">12:00 am<\/span><\/div><div class=\"fusion-format-box\"><i class=\"awb-icon-pen\" aria-hidden=\"true\"><\/i><\/div><\/div><div class=\"fusion-post-content post-content\"><h2 class=\"blog-shortcode-post-title entry-title\"><a href=\"https:\/\/ramse.es\/wordpress\/el-prof-dr-d-edagardo-carosella-toma-posesion-como-academico-correspondiente-extranjero\/\">El Prof. Dr. D. Edagardo Carosella toma posesi\u00f3n como Acad\u00e9mico Correspondiente Extranjero<\/a><\/h2><p class=\"fusion-single-line-meta\">Por <span class=\"vcard\"><span class=\"fn\"><a href=\"https:\/\/ramse.es\/wordpress\/author\/ivan_z0qj9h4b\/\" title=\"Entradas de admin\" rel=\"author\">admin<\/a><\/span><\/span><span class=\"fusion-inline-sep\">|<\/span><span class=\"updated\" style=\"display:none;\">2015-10-05T00:00:00+02:00<\/span><span>octubre 5th, 2015<\/span><span class=\"fusion-inline-sep\">|<\/span>Categor\u00edas: <a href=\"https:\/\/ramse.es\/wordpress\/category\/news\/latest-news\/\" rel=\"category tag\">Noticias<\/a><span class=\"fusion-inline-sep\">|<\/span><\/p><div class=\"fusion-post-content-container\"><p>El pasado 1 de octubre la Real Academia de Medicina y Cirug\u00eda de Sevilla acogi\u00f3 al Prof. Dr. D. Edagardo Carosella del Hospital de San Luis de Par\u00eds como Acad\u00e9mico Correspondiente Extranjero quien ley\u00f3 su discurso \"La condici\u00f3n de la identidad humana\"; siendo presentado por el Acad\u00e9mico de N\u00famero Dr. D. Jos\u00e9 Pe\u00f1a Mart\u00ednez.El Prof. Carosella posee un brillante Curriculum profesional como cient\u00edfico y a la vez como\u202f humanista, m\u00e9dico <a href=\"https:\/\/ramse.es\/wordpress\/el-prof-dr-d-edagardo-carosella-toma-posesion-como-academico-correspondiente-extranjero\/\">[...]<\/a><\/p><\/div><\/div><div class=\"fusion-clearfix\"><\/div><div class=\"fusion-meta-info\"><div class=\"fusion-alignright\"><a class=\"fusion-read-more\" href=\"https:\/\/ramse.es\/wordpress\/el-prof-dr-d-edagardo-carosella-toma-posesion-como-academico-correspondiente-extranjero\/\" aria-label=\"More on El Prof. Dr. D. Edagardo Carosella toma posesi\u00f3n como Acad\u00e9mico Correspondiente Extranjero\">Leer M\u00e1s<\/a><\/div><\/div><\/article>\n<article id=\"blog-1-post-2200\" class=\"fusion-post-large-alternate post-2200 post type-post status-publish format-standard hentry category-latest-news\">\n\t<style type=\"text\/css\">\n\t\t\n\t\t\n\t\t\n\t\t\n\t\t\t<\/style>\n\n\n<div class=\"fusion-date-and-formats\"><div class=\"fusion-date-box updated\"><span class=\"fusion-date\">septiembre<\/span><span class=\"fusion-month-year\">12:00 am<\/span><\/div><div class=\"fusion-format-box\"><i class=\"awb-icon-pen\" aria-hidden=\"true\"><\/i><\/div><\/div><div class=\"fusion-post-content post-content\"><h2 class=\"blog-shortcode-post-title entry-title\"><a href=\"https:\/\/ramse.es\/wordpress\/i-reunion-de-medicina-repruductiva-y-ginecologia-de-vanguardia\/\">I Reuni\u00f3n de Medicina Repruductiva y Ginecolog\u00eda de Vanguardia<\/a><\/h2><p class=\"fusion-single-line-meta\">Por <span class=\"vcard\"><span class=\"fn\"><a href=\"https:\/\/ramse.es\/wordpress\/author\/ivan_z0qj9h4b\/\" title=\"Entradas de admin\" rel=\"author\">admin<\/a><\/span><\/span><span class=\"fusion-inline-sep\">|<\/span><span class=\"updated\" style=\"display:none;\">2015-09-25T00:00:00+02:00<\/span><span>septiembre 25th, 2015<\/span><span class=\"fusion-inline-sep\">|<\/span>Categor\u00edas: <a href=\"https:\/\/ramse.es\/wordpress\/category\/news\/latest-news\/\" rel=\"category tag\">Noticias<\/a><span class=\"fusion-inline-sep\">|<\/span><\/p><div class=\"fusion-post-content-container\"><p>La Real Academia de Medicina y Cirug\u00eda de Sevilla ha acogido la I Reuni\u00f3n de Medicina Repruductiva y Ginecolog\u00eda de Vanguardia, organizada por la Fundaci\u00f3n CARE Mujer y en la que se han dado diversos profesionales del sector. La reuni\u00f3n estuvo dividada en dos partes y en ella participaron los Dres. Antonio Jim\u00e9nez Caraballo, Jos\u00e9 Antonio Castilla, Manuel Fern\u00e1ndez, Victoria Rey, Juan Gilabert, Guillermo Anti\u00f1olo, Enrique Poblador, Jos\u00e9 Antonio Dom\u00ednguez <a href=\"https:\/\/ramse.es\/wordpress\/i-reunion-de-medicina-repruductiva-y-ginecologia-de-vanguardia\/\">[...]<\/a><\/p><\/div><\/div><div class=\"fusion-clearfix\"><\/div><div class=\"fusion-meta-info\"><div class=\"fusion-alignright\"><a class=\"fusion-read-more\" href=\"https:\/\/ramse.es\/wordpress\/i-reunion-de-medicina-repruductiva-y-ginecologia-de-vanguardia\/\" aria-label=\"More on I Reuni\u00f3n de Medicina Repruductiva y Ginecolog\u00eda de Vanguardia\">Leer M\u00e1s<\/a><\/div><\/div><\/article>\n<article id=\"blog-1-post-2199\" class=\"fusion-post-large-alternate post-2199 post type-post status-publish format-standard hentry category-latest-news\">\n\t<style type=\"text\/css\">\n\t\t\n\t\t\n\t\t\n\t\t\n\t\t\t<\/style>\n\n\n<div class=\"fusion-date-and-formats\"><div class=\"fusion-date-box updated\"><span class=\"fusion-date\">junio<\/span><span class=\"fusion-month-year\">12:00 am<\/span><\/div><div class=\"fusion-format-box\"><i class=\"awb-icon-pen\" aria-hidden=\"true\"><\/i><\/div><\/div><div class=\"fusion-post-content post-content\"><h2 class=\"blog-shortcode-post-title entry-title\"><a href=\"https:\/\/ramse.es\/wordpress\/315-anos-de-la-regia-sociedad\/\">315 a\u00f1os de la Regia Sociedad<\/a><\/h2><p class=\"fusion-single-line-meta\">Por <span class=\"vcard\"><span class=\"fn\"><a href=\"https:\/\/ramse.es\/wordpress\/author\/ivan_z0qj9h4b\/\" title=\"Entradas de admin\" rel=\"author\">admin<\/a><\/span><\/span><span class=\"fusion-inline-sep\">|<\/span><span class=\"updated\" style=\"display:none;\">2015-06-01T00:00:00+02:00<\/span><span>junio 1st, 2015<\/span><span class=\"fusion-inline-sep\">|<\/span>Categor\u00edas: <a href=\"https:\/\/ramse.es\/wordpress\/category\/news\/latest-news\/\" rel=\"category tag\">Noticias<\/a><span class=\"fusion-inline-sep\">|<\/span><\/p><div class=\"fusion-post-content-container\"><p><\/p><p>El pasado 28 de mayo tuvo lugar en el Sal\u00f3n \u201cRam\u00f3n y Cajal\u201d de la Real Academia de Medicina y Cirug\u00eda de Sevilla el 315 Aniversario de la Regia Sociedad.  <a href=\"https:\/\/ramse.es\/wordpress\/315-anos-de-la-regia-sociedad\/\">[\u2026]<\/a><\/p>\n<\/div><\/div><div class=\"fusion-clearfix\"><\/div><div class=\"fusion-meta-info\"><div class=\"fusion-alignright\"><a class=\"fusion-read-more\" href=\"https:\/\/ramse.es\/wordpress\/315-anos-de-la-regia-sociedad\/\" aria-label=\"More on 315 a\u00f1os de la Regia Sociedad\">Leer M\u00e1s<\/a><\/div><\/div><\/article>\n<article id=\"blog-1-post-2198\" class=\"fusion-post-large-alternate post-2198 post type-post status-publish format-standard has-post-thumbnail hentry category-latest-news\">\n\t<style type=\"text\/css\">\n\t\t\n\t\t\n\t\t\n\t\t\n\t\t\t<\/style>\n\n\n\t\t\t<div class=\"fusion-flexslider flexslider fusion-flexslider-loading fusion-post-slideshow\" style=\"\">\n\t\t<ul class=\"slides\">\n\t\t\t\n\t\t\t\t\t\t\t\t\t\t\t\t\t\t<li><div  class=\"fusion-image-wrapper\" aria-haspopup=\"true\">\n\t\t\t\t<img decoding=\"async\" width=\"448\" height=\"336\" src=\"https:\/\/ramse.es\/wordpress\/wp-content\/uploads\/2015\/05\/murillo_capitan.jpg\" class=\"attachment-full size-full wp-post-image\" alt=\"\" srcset=\"https:\/\/ramse.es\/wordpress\/wp-content\/uploads\/2015\/05\/murillo_capitan-200x150.jpg 200w, https:\/\/ramse.es\/wordpress\/wp-content\/uploads\/2015\/05\/murillo_capitan-400x300.jpg 400w, https:\/\/ramse.es\/wordpress\/wp-content\/uploads\/2015\/05\/murillo_capitan.jpg 448w\" sizes=\"(max-width: 1000px) 100vw, 448px\" \/><div class=\"fusion-rollover\">\n\t<div class=\"fusion-rollover-content\">\n\n\t\t\t\t\t\t\t\t\t\t\t\t\t\t<a class=\"fusion-rollover-link\" href=\"https:\/\/ramse.es\/wordpress\/el-dr-enrique-murillo-capitan-ingresa-como-academico-de-numero-en-la-plaza-de-oncologia\/\">El Dr. Enrique Murillo Capit\u00e1n ingresa como Acad\u00e9mico de N\u00famero en la plaza de Oncolog\u00eda<\/a>\n\t\t\t\n\t\t\t\t\t\t\t\t\t\t\t\t\t\t\n\t\t\t\t\t\t\t\t\n\t\t\t\t\t\t\t\t\t\t\t\t\t<div class=\"fusion-rollover-sep\"><\/div>\n\t\t\t\t\n\t\t\t\t\t\t\t\t\t\t\t\t\t\t\t\t\t\t<a class=\"fusion-rollover-gallery\" href=\"https:\/\/ramse.es\/wordpress\/wp-content\/uploads\/2015\/05\/murillo_capitan.jpg\" data-id=\"2198\" data-rel=\"iLightbox[gallery]\" data-title=\"murillo_capitan\" data-caption=\"\">\n\t\t\t\t\t\tGaler\u00eda\t\t\t\t\t<\/a>\n\t\t\t\t\t\t\t\t\t\t\t\t\t\t\n\t\t\n\t\t\t\t\t\t\t\t\n\t\t\t\t\t\t\t\t\n\t\t\n\t\t\t\t\t\t<a class=\"fusion-link-wrapper\" href=\"https:\/\/ramse.es\/wordpress\/el-dr-enrique-murillo-capitan-ingresa-como-academico-de-numero-en-la-plaza-de-oncologia\/\" aria-label=\"El Dr. Enrique Murillo Capit\u00e1n ingresa como Acad\u00e9mico de N\u00famero en la plaza de Oncolog\u00eda\"><\/a>\n\t<\/div>\n<\/div>\n<\/div>\n<\/li>\n\t\t\t\n\t\t\t\n\t\t\t\t\t\t\t\t\t\t\t\t\t\t\t\t\t\t\t\t\t\t\t\t\t\t\t\t\t\t\t\t\t\t\t\t\t\t\t\t\t\t\t\t\t\t\t\t\t\t\t\t\t\t\t\t\t\t\t\t\t\t\t\t\t\t\t\t<\/ul>\n\t<\/div>\n\t<div class=\"fusion-date-and-formats\"><div class=\"fusion-date-box updated\"><span class=\"fusion-date\">mayo<\/span><span class=\"fusion-month-year\">12:00 am<\/span><\/div><div class=\"fusion-format-box\"><i class=\"awb-icon-pen\" aria-hidden=\"true\"><\/i><\/div><\/div><div class=\"fusion-post-content post-content\"><h2 class=\"blog-shortcode-post-title entry-title\"><a href=\"https:\/\/ramse.es\/wordpress\/el-dr-enrique-murillo-capitan-ingresa-como-academico-de-numero-en-la-plaza-de-oncologia\/\">El Dr. Enrique Murillo Capit\u00e1n ingresa como Acad\u00e9mico de N\u00famero en la plaza de Oncolog\u00eda<\/a><\/h2><p class=\"fusion-single-line-meta\">Por <span class=\"vcard\"><span class=\"fn\"><a href=\"https:\/\/ramse.es\/wordpress\/author\/ivan_z0qj9h4b\/\" title=\"Entradas de admin\" rel=\"author\">admin<\/a><\/span><\/span><span class=\"fusion-inline-sep\">|<\/span><span class=\"updated\" style=\"display:none;\">2015-05-17T00:00:00+02:00<\/span><span>mayo 17th, 2015<\/span><span class=\"fusion-inline-sep\">|<\/span>Categor\u00edas: <a href=\"https:\/\/ramse.es\/wordpress\/category\/news\/latest-news\/\" rel=\"category tag\">Noticias<\/a><span class=\"fusion-inline-sep\">|<\/span><\/p><div class=\"fusion-post-content-container\"><p>La Real Academia de Medicina y Cirug\u00eda de Sevilla (RAMSE) ha celebrado hoy el acto de toma de posesi\u00f3n como Acad\u00e9mico del N\u00famero del Dr. Enrique Murillo Capit\u00e1n en la plaza de Oncolog\u00eda en la Secci\u00f3n II de Medicina y Especialidades M\u00e9dicas, ocupada anteriormente por el Prof. Hugo Galera Davidson. El nuevo Acad\u00e9mico ha pronunciado un discurso titulado \u201cInicios y progresos de la Oncolog\u00eda. Semblanza de la vida breve de <a href=\"https:\/\/ramse.es\/wordpress\/el-dr-enrique-murillo-capitan-ingresa-como-academico-de-numero-en-la-plaza-de-oncologia\/\">[...]<\/a><\/p><\/div><\/div><div class=\"fusion-clearfix\"><\/div><div class=\"fusion-meta-info\"><div class=\"fusion-alignright\"><a class=\"fusion-read-more\" href=\"https:\/\/ramse.es\/wordpress\/el-dr-enrique-murillo-capitan-ingresa-como-academico-de-numero-en-la-plaza-de-oncologia\/\" aria-label=\"More on El Dr. Enrique Murillo Capit\u00e1n ingresa como Acad\u00e9mico de N\u00famero en la plaza de Oncolog\u00eda\">Leer M\u00e1s<\/a><\/div><\/div><\/article>\n<article id=\"blog-1-post-2196\" class=\"fusion-post-large-alternate post-2196 post type-post status-publish format-standard has-post-thumbnail hentry category-latest-news\">\n\t<style type=\"text\/css\">\n\t\t\n\t\t\n\t\t\n\t\t\n\t\t\t<\/style>\n\n\n\t\t\t<div class=\"fusion-flexslider flexslider fusion-flexslider-loading fusion-post-slideshow\" style=\"\">\n\t\t<ul class=\"slides\">\n\t\t\t\n\t\t\t\t\t\t\t\t\t\t\t\t\t\t<li><div  class=\"fusion-image-wrapper\" aria-haspopup=\"true\">\n\t\t\t\t<img decoding=\"async\" width=\"448\" height=\"336\" src=\"https:\/\/ramse.es\/wordpress\/wp-content\/uploads\/2015\/05\/correspondientes_mayo_web.jpg\" class=\"attachment-full size-full wp-post-image\" alt=\"\" srcset=\"https:\/\/ramse.es\/wordpress\/wp-content\/uploads\/2015\/05\/correspondientes_mayo_web-200x150.jpg 200w, https:\/\/ramse.es\/wordpress\/wp-content\/uploads\/2015\/05\/correspondientes_mayo_web-400x300.jpg 400w, https:\/\/ramse.es\/wordpress\/wp-content\/uploads\/2015\/05\/correspondientes_mayo_web.jpg 448w\" sizes=\"(max-width: 1000px) 100vw, 448px\" \/><div class=\"fusion-rollover\">\n\t<div class=\"fusion-rollover-content\">\n\n\t\t\t\t\t\t\t\t\t\t\t\t\t\t<a class=\"fusion-rollover-link\" href=\"https:\/\/ramse.es\/wordpress\/recepcion-de-academicos-correspondientes-6\/\">Recepci\u00f3n de Acad\u00e9micos Correspondientes<\/a>\n\t\t\t\n\t\t\t\t\t\t\t\t\t\t\t\t\t\t\n\t\t\t\t\t\t\t\t\n\t\t\t\t\t\t\t\t\t\t\t\t\t<div class=\"fusion-rollover-sep\"><\/div>\n\t\t\t\t\n\t\t\t\t\t\t\t\t\t\t\t\t\t\t\t\t\t\t<a class=\"fusion-rollover-gallery\" href=\"https:\/\/ramse.es\/wordpress\/wp-content\/uploads\/2015\/05\/correspondientes_mayo_web.jpg\" data-id=\"2196\" data-rel=\"iLightbox[gallery]\" data-title=\"correspondientes_mayo_web\" data-caption=\"\">\n\t\t\t\t\t\tGaler\u00eda\t\t\t\t\t<\/a>\n\t\t\t\t\t\t\t\t\t\t\t\t\t\t\n\t\t\n\t\t\t\t\t\t\t\t\n\t\t\t\t\t\t\t\t\n\t\t\n\t\t\t\t\t\t<a class=\"fusion-link-wrapper\" href=\"https:\/\/ramse.es\/wordpress\/recepcion-de-academicos-correspondientes-6\/\" aria-label=\"Recepci\u00f3n de Acad\u00e9micos Correspondientes\"><\/a>\n\t<\/div>\n<\/div>\n<\/div>\n<\/li>\n\t\t\t\n\t\t\t\n\t\t\t\t\t\t\t\t\t\t\t\t\t\t\t\t\t\t\t\t\t\t\t\t\t\t\t\t\t\t\t\t\t\t\t\t\t\t\t\t\t\t\t\t\t\t\t\t\t\t\t\t\t\t\t\t\t\t\t\t\t\t\t\t\t\t\t\t<\/ul>\n\t<\/div>\n\t<div class=\"fusion-date-and-formats\"><div class=\"fusion-date-box updated\"><span class=\"fusion-date\">mayo<\/span><span class=\"fusion-month-year\">8:33 am<\/span><\/div><div class=\"fusion-format-box\"><i class=\"awb-icon-pen\" aria-hidden=\"true\"><\/i><\/div><\/div><div class=\"fusion-post-content post-content\"><h2 class=\"blog-shortcode-post-title entry-title\"><a href=\"https:\/\/ramse.es\/wordpress\/recepcion-de-academicos-correspondientes-6\/\">Recepci\u00f3n de Acad\u00e9micos Correspondientes<\/a><\/h2><p class=\"fusion-single-line-meta\">Por <span class=\"vcard\"><span class=\"fn\"><a href=\"https:\/\/ramse.es\/wordpress\/author\/ivan_z0qj9h4b\/\" title=\"Entradas de admin\" rel=\"author\">admin<\/a><\/span><\/span><span class=\"fusion-inline-sep\">|<\/span><span class=\"updated\" style=\"display:none;\">2015-05-08T08:33:41+02:00<\/span><span>mayo 8th, 2015<\/span><span class=\"fusion-inline-sep\">|<\/span>Categor\u00edas: <a href=\"https:\/\/ramse.es\/wordpress\/category\/news\/latest-news\/\" rel=\"category tag\">Noticias<\/a><span class=\"fusion-inline-sep\">|<\/span><\/p><div class=\"fusion-post-content-container\"><p>Los Dres. Eugenio M\u00aa Cordero Acosta, Alejandra Pera Rojas y Carlos Ort\u00edz Leyba tomaron ayer posesi\u00f3n como Acad\u00e9micos Correspondientes de la Real Academia de Medicina y Cirug\u00eda de Sevilla. El Dr. Cordero, que fue presentado por numerario D. Manuel L\u00f3pez L\u00f3pez, pronunci\u00f3 un discurso titulado \"Los factores oclusales en la etiopatogenia de las algias miofasciales\". La Dra. Pera abord\u00f3 durante su intervenci\u00f3n el \"Efecto del Citomegalovirus sobre el sistema inmune: <a href=\"https:\/\/ramse.es\/wordpress\/recepcion-de-academicos-correspondientes-6\/\">[...]<\/a><\/p><\/div><\/div><div class=\"fusion-clearfix\"><\/div><div class=\"fusion-meta-info\"><div class=\"fusion-alignright\"><a class=\"fusion-read-more\" href=\"https:\/\/ramse.es\/wordpress\/recepcion-de-academicos-correspondientes-6\/\" aria-label=\"More on Recepci\u00f3n de Acad\u00e9micos Correspondientes\">Leer M\u00e1s<\/a><\/div><\/div><\/article>\n<article id=\"blog-1-post-2194\" class=\"fusion-post-large-alternate post-2194 post type-post status-publish format-standard hentry category-latest-news category-premios-academia\">\n\t<style type=\"text\/css\">\n\t\t\n\t\t\n\t\t\n\t\t\n\t\t\t<\/style>\n\n\n<div class=\"fusion-date-and-formats\"><div class=\"fusion-date-box updated\"><span class=\"fusion-date\">abril<\/span><span class=\"fusion-month-year\">12:00 am<\/span><\/div><div class=\"fusion-format-box\"><i class=\"awb-icon-pen\" aria-hidden=\"true\"><\/i><\/div><\/div><div class=\"fusion-post-content post-content\"><h2 class=\"blog-shortcode-post-title entry-title\"><a href=\"https:\/\/ramse.es\/wordpress\/primera-sesion-presentacion-de-premios-del-concurso-2014\/\">Primera sesi\u00f3n presentaci\u00f3n de Premios del Concurso 2014<\/a><\/h2><p class=\"fusion-single-line-meta\">Por <span class=\"vcard\"><span class=\"fn\"><a href=\"https:\/\/ramse.es\/wordpress\/author\/ivan_z0qj9h4b\/\" title=\"Entradas de admin\" rel=\"author\">admin<\/a><\/span><\/span><span class=\"fusion-inline-sep\">|<\/span><span class=\"updated\" style=\"display:none;\">2020-04-13T11:33:20+02:00<\/span><span>abril 17th, 2015<\/span><span class=\"fusion-inline-sep\">|<\/span>Categor\u00edas: <a href=\"https:\/\/ramse.es\/wordpress\/category\/news\/latest-news\/\" rel=\"category tag\">Noticias<\/a>, <a href=\"https:\/\/ramse.es\/wordpress\/category\/premios-academia\/\" rel=\"category tag\">Premios Academia<\/a><span class=\"fusion-inline-sep\">|<\/span><\/p><div class=\"fusion-post-content-container\"><p>Ayer tuvo lugar la primera sesi\u00f3n de presentaci\u00f3n de Premios del Concurso del A\u00f1o 2014 en la que han intervenido los Dres. Paloma Ruiz Vega, Ignacio L\u00f3pez Villalba y Rafael Espino Aguilar. La Dra. Ruiz Vega ha sido la ganadora del Accesit del Premio de la Real Academia de Medicina y Cirug\u00eda de Sevilla, por su trabajo titulado \u201cEl Hospital de San L\u00e1zaro de Sevilla, seg\u00fan documentaci\u00f3n de la RAM <a href=\"https:\/\/ramse.es\/wordpress\/primera-sesion-presentacion-de-premios-del-concurso-2014\/\">[...]<\/a><\/p><\/div><\/div><div class=\"fusion-clearfix\"><\/div><div class=\"fusion-meta-info\"><div class=\"fusion-alignright\"><a class=\"fusion-read-more\" href=\"https:\/\/ramse.es\/wordpress\/primera-sesion-presentacion-de-premios-del-concurso-2014\/\" aria-label=\"More on Primera sesi\u00f3n presentaci\u00f3n de Premios del Concurso 2014\">Leer M\u00e1s<\/a><\/div><\/div><\/article>\n<article id=\"blog-1-post-2193\" class=\"fusion-post-large-alternate post-2193 post type-post status-publish format-standard has-post-thumbnail hentry category-latest-news\">\n\t<style type=\"text\/css\">\n\t\t\n\t\t\n\t\t\n\t\t\n\t\t\t<\/style>\n\n\n\t\t\t<div class=\"fusion-flexslider flexslider fusion-flexslider-loading fusion-post-slideshow\" style=\"\">\n\t\t<ul class=\"slides\">\n\t\t\t\n\t\t\t\t\t\t\t\t\t\t\t\t\t\t<li><div  class=\"fusion-image-wrapper\" aria-haspopup=\"true\">\n\t\t\t\t<img decoding=\"async\" width=\"448\" height=\"336\" src=\"https:\/\/ramse.es\/wordpress\/wp-content\/uploads\/2015\/04\/15040217.jpg\" class=\"attachment-full size-full wp-post-image\" alt=\"\" srcset=\"https:\/\/ramse.es\/wordpress\/wp-content\/uploads\/2015\/04\/15040217-200x150.jpg 200w, https:\/\/ramse.es\/wordpress\/wp-content\/uploads\/2015\/04\/15040217-400x300.jpg 400w, https:\/\/ramse.es\/wordpress\/wp-content\/uploads\/2015\/04\/15040217.jpg 448w\" sizes=\"(max-width: 1000px) 100vw, 448px\" \/><div class=\"fusion-rollover\">\n\t<div class=\"fusion-rollover-content\">\n\n\t\t\t\t\t\t\t\t\t\t\t\t\t\t<a class=\"fusion-rollover-link\" href=\"https:\/\/ramse.es\/wordpress\/mesa-redonda-violencia-y-abuso-sexual-en-la-infancia\/\">Mesa redonda: \u201cViolencia y abuso sexual en la infancia\u201d<\/a>\n\t\t\t\n\t\t\t\t\t\t\t\t\t\t\t\t\t\t\n\t\t\t\t\t\t\t\t\n\t\t\t\t\t\t\t\t\t\t\t\t\t<div class=\"fusion-rollover-sep\"><\/div>\n\t\t\t\t\n\t\t\t\t\t\t\t\t\t\t\t\t\t\t\t\t\t\t<a class=\"fusion-rollover-gallery\" href=\"https:\/\/ramse.es\/wordpress\/wp-content\/uploads\/2015\/04\/15040217.jpg\" data-id=\"2193\" data-rel=\"iLightbox[gallery]\" data-title=\"15040217\" data-caption=\"\">\n\t\t\t\t\t\tGaler\u00eda\t\t\t\t\t<\/a>\n\t\t\t\t\t\t\t\t\t\t\t\t\t\t\n\t\t\n\t\t\t\t\t\t\t\t\n\t\t\t\t\t\t\t\t\n\t\t\n\t\t\t\t\t\t<a class=\"fusion-link-wrapper\" href=\"https:\/\/ramse.es\/wordpress\/mesa-redonda-violencia-y-abuso-sexual-en-la-infancia\/\" aria-label=\"Mesa redonda: \u201cViolencia y abuso sexual en la infancia\u201d\"><\/a>\n\t<\/div>\n<\/div>\n<\/div>\n<\/li>\n\t\t\t\n\t\t\t\n\t\t\t\t\t\t\t\t\t\t\t\t\t\t\t\t\t\t\t\t\t\t\t\t\t\t\t\t\t\t\t\t\t\t\t\t\t\t\t\t\t\t\t\t\t\t\t\t\t\t\t\t\t\t\t\t\t\t\t\t\t\t\t\t\t\t\t\t<\/ul>\n\t<\/div>\n\t<div class=\"fusion-date-and-formats\"><div class=\"fusion-date-box updated\"><span class=\"fusion-date\">abril<\/span><span class=\"fusion-month-year\">12:00 am<\/span><\/div><div class=\"fusion-format-box\"><i class=\"awb-icon-pen\" aria-hidden=\"true\"><\/i><\/div><\/div><div class=\"fusion-post-content post-content\"><h2 class=\"blog-shortcode-post-title entry-title\"><a href=\"https:\/\/ramse.es\/wordpress\/mesa-redonda-violencia-y-abuso-sexual-en-la-infancia\/\">Mesa redonda: \u201cViolencia y abuso sexual en la infancia\u201d<\/a><\/h2><p class=\"fusion-single-line-meta\">Por <span class=\"vcard\"><span class=\"fn\"><a href=\"https:\/\/ramse.es\/wordpress\/author\/ivan_z0qj9h4b\/\" title=\"Entradas de admin\" rel=\"author\">admin<\/a><\/span><\/span><span class=\"fusion-inline-sep\">|<\/span><span class=\"updated\" style=\"display:none;\">2015-04-13T00:00:00+02:00<\/span><span>abril 13th, 2015<\/span><span class=\"fusion-inline-sep\">|<\/span>Categor\u00edas: <a href=\"https:\/\/ramse.es\/wordpress\/category\/news\/latest-news\/\" rel=\"category tag\">Noticias<\/a><span class=\"fusion-inline-sep\">|<\/span><\/p><div class=\"fusion-post-content-container\"><p>El pasado jueves 9 de abril la Real Academia de Medicina y Cirug\u00eda de Sevilla (RAMSE) acogi\u00f3 una mesa redonda presidida por el Secretario General de la Academia, Dr. Ignacio G\u00f3mez de Terreros y moderada por el presidente de la Sociedad Andaluza de Medicina Psicosom\u00e1tica, Dr. Manuel \u00c1lvarez Romero. En ella intervinieron como ponentes los Dres. Juan Gil Arrones y Jos\u00e9 Ignacio del Pino Montesinos abordando la perspectiva pedi\u00e1trica social <a href=\"https:\/\/ramse.es\/wordpress\/mesa-redonda-violencia-y-abuso-sexual-en-la-infancia\/\">[...]<\/a><\/p><\/div><\/div><div class=\"fusion-clearfix\"><\/div><div class=\"fusion-meta-info\"><div class=\"fusion-alignright\"><a class=\"fusion-read-more\" href=\"https:\/\/ramse.es\/wordpress\/mesa-redonda-violencia-y-abuso-sexual-en-la-infancia\/\" aria-label=\"More on Mesa redonda: \u201cViolencia y abuso sexual en la infancia\u201d\">Leer M\u00e1s<\/a><\/div><\/div><\/article>\n<article id=\"blog-1-post-2179\" class=\"fusion-post-large-alternate post-2179 post type-post status-publish format-standard hentry category-latest-news\">\n\t<style type=\"text\/css\">\n\t\t\n\t\t\n\t\t\n\t\t\n\t\t\t<\/style>\n\n\n<div class=\"fusion-date-and-formats\"><div class=\"fusion-date-box updated\"><span class=\"fusion-date\">abril<\/span><span class=\"fusion-month-year\">12:00 am<\/span><\/div><div class=\"fusion-format-box\"><i class=\"awb-icon-pen\" aria-hidden=\"true\"><\/i><\/div><\/div><div class=\"fusion-post-content post-content\"><h2 class=\"blog-shortcode-post-title entry-title\"><a href=\"https:\/\/ramse.es\/wordpress\/proximas-actividades-en-la-real-academia-de-medicina-y-cirugia-de-sevilla\/\">Pr\u00f3ximas actividades en la Real Academia de Medicina y Cirug\u00eda de Sevilla<\/a><\/h2><p class=\"fusion-single-line-meta\">Por <span class=\"vcard\"><span class=\"fn\"><a href=\"https:\/\/ramse.es\/wordpress\/author\/ivan_z0qj9h4b\/\" title=\"Entradas de admin\" rel=\"author\">admin<\/a><\/span><\/span><span class=\"fusion-inline-sep\">|<\/span><span class=\"updated\" style=\"display:none;\">2015-04-13T00:00:00+02:00<\/span><span>abril 13th, 2015<\/span><span class=\"fusion-inline-sep\">|<\/span>Categor\u00edas: <a href=\"https:\/\/ramse.es\/wordpress\/category\/news\/latest-news\/\" rel=\"category tag\">Noticias<\/a><span class=\"fusion-inline-sep\">|<\/span><\/p><div class=\"fusion-post-content-container\"><p>Abril \u00a0 Jueves 16 de abril a las 20h. Presentaci\u00f3n de Premios del Concurso 2014. \u00a0 Mayo \u00a0 Jueves 7 de mayo a las 20h. Recepci\u00f3n de Acad\u00e9micos Correspondientes. Dres. Cordero Acosta, Pera Rojas y Ortiz Leyba. Domingo 17 de mayo a las 12h. Recepci\u00f3n de Acad\u00e9mico de N\u00famero. Dr. D. Enrique Murillo Capit\u00e1n. Jueves 28 de mayo a las 20h. D\u00eda de la Academia. \u00a0 Junio Jueves 11 de <a href=\"https:\/\/ramse.es\/wordpress\/proximas-actividades-en-la-real-academia-de-medicina-y-cirugia-de-sevilla\/\">[...]<\/a><\/p><\/div><\/div><div class=\"fusion-clearfix\"><\/div><div class=\"fusion-meta-info\"><div class=\"fusion-alignright\"><a class=\"fusion-read-more\" href=\"https:\/\/ramse.es\/wordpress\/proximas-actividades-en-la-real-academia-de-medicina-y-cirugia-de-sevilla\/\" aria-label=\"More on Pr\u00f3ximas actividades en la Real Academia de Medicina y Cirug\u00eda de Sevilla\">Leer M\u00e1s<\/a><\/div><\/div><\/article>\n<article id=\"blog-1-post-2189\" class=\"fusion-post-large-alternate post-2189 post type-post status-publish format-standard has-post-thumbnail hentry category-latest-news\">\n\t<style type=\"text\/css\">\n\t\t\n\t\t\n\t\t\n\t\t\n\t\t\t<\/style>\n\n\n\t\t\t<div class=\"fusion-flexslider flexslider fusion-flexslider-loading fusion-post-slideshow\" style=\"\">\n\t\t<ul class=\"slides\">\n\t\t\t\n\t\t\t\t\t\t\t\t\t\t\t\t\t\t<li><div  class=\"fusion-image-wrapper\" aria-haspopup=\"true\">\n\t\t\t\t<img decoding=\"async\" width=\"415\" height=\"336\" src=\"https:\/\/ramse.es\/wordpress\/wp-content\/uploads\/2015\/03\/yebra_web.jpg\" class=\"attachment-full size-full wp-post-image\" alt=\"\" srcset=\"https:\/\/ramse.es\/wordpress\/wp-content\/uploads\/2015\/03\/yebra_web-200x162.jpg 200w, https:\/\/ramse.es\/wordpress\/wp-content\/uploads\/2015\/03\/yebra_web-400x324.jpg 400w, https:\/\/ramse.es\/wordpress\/wp-content\/uploads\/2015\/03\/yebra_web.jpg 415w\" sizes=\"(max-width: 1000px) 100vw, 415px\" \/><div class=\"fusion-rollover\">\n\t<div class=\"fusion-rollover-content\">\n\n\t\t\t\t\t\t\t\t\t\t\t\t\t\t<a class=\"fusion-rollover-link\" href=\"https:\/\/ramse.es\/wordpress\/el-dr-ismael-yebra-sotillo-ingresa-como-academico-de-numero-en-la-plaza-de-dermatologia\/\">El Dr. Ismael Yebra Sotillo ingresa como Acad\u00e9mico de N\u00famero en la plaza de Dermatolog\u00eda<\/a>\n\t\t\t\n\t\t\t\t\t\t\t\t\t\t\t\t\t\t\n\t\t\t\t\t\t\t\t\n\t\t\t\t\t\t\t\t\t\t\t\t\t<div class=\"fusion-rollover-sep\"><\/div>\n\t\t\t\t\n\t\t\t\t\t\t\t\t\t\t\t\t\t\t\t\t\t\t<a class=\"fusion-rollover-gallery\" href=\"https:\/\/ramse.es\/wordpress\/wp-content\/uploads\/2015\/03\/yebra_web.jpg\" data-id=\"2189\" data-rel=\"iLightbox[gallery]\" data-title=\"yebra_web\" data-caption=\"\">\n\t\t\t\t\t\tGaler\u00eda\t\t\t\t\t<\/a>\n\t\t\t\t\t\t\t\t\t\t\t\t\t\t\n\t\t\n\t\t\t\t\t\t\t\t\n\t\t\t\t\t\t\t\t\n\t\t\n\t\t\t\t\t\t<a class=\"fusion-link-wrapper\" href=\"https:\/\/ramse.es\/wordpress\/el-dr-ismael-yebra-sotillo-ingresa-como-academico-de-numero-en-la-plaza-de-dermatologia\/\" aria-label=\"El Dr. Ismael Yebra Sotillo ingresa como Acad\u00e9mico de N\u00famero en la plaza de Dermatolog\u00eda\"><\/a>\n\t<\/div>\n<\/div>\n<\/div>\n<\/li>\n\t\t\t\n\t\t\t\n\t\t\t\t\t\t\t\t\t\t\t\t\t\t\t\t\t\t\t\t\t\t\t\t\t\t\t\t\t\t\t\t\t\t\t\t\t\t\t\t\t\t\t\t\t\t\t\t\t\t\t\t\t\t\t\t\t\t\t\t\t\t\t\t\t\t\t\t<\/ul>\n\t<\/div>\n\t<div class=\"fusion-date-and-formats\"><div class=\"fusion-date-box updated\"><span class=\"fusion-date\">marzo<\/span><span class=\"fusion-month-year\">3:58 pm<\/span><\/div><div class=\"fusion-format-box\"><i class=\"awb-icon-pen\" aria-hidden=\"true\"><\/i><\/div><\/div><div class=\"fusion-post-content post-content\"><h2 class=\"blog-shortcode-post-title entry-title\"><a href=\"https:\/\/ramse.es\/wordpress\/el-dr-ismael-yebra-sotillo-ingresa-como-academico-de-numero-en-la-plaza-de-dermatologia\/\">El Dr. Ismael Yebra Sotillo ingresa como Acad\u00e9mico de N\u00famero en la plaza de Dermatolog\u00eda<\/a><\/h2><p class=\"fusion-single-line-meta\">Por <span class=\"vcard\"><span class=\"fn\"><a href=\"https:\/\/ramse.es\/wordpress\/author\/ivan_z0qj9h4b\/\" title=\"Entradas de admin\" rel=\"author\">admin<\/a><\/span><\/span><span class=\"fusion-inline-sep\">|<\/span><span class=\"updated\" style=\"display:none;\">2015-03-15T15:58:01+02:00<\/span><span>marzo 15th, 2015<\/span><span class=\"fusion-inline-sep\">|<\/span>Categor\u00edas: <a href=\"https:\/\/ramse.es\/wordpress\/category\/news\/latest-news\/\" rel=\"category tag\">Noticias<\/a><span class=\"fusion-inline-sep\">|<\/span><\/p><div class=\"fusion-post-content-container\"><p><\/p><p>La Real Academia de Medicina y Cirug\u00eda de Sevilla (RAMSE) ha celebrado hoy el acto de toma de posesi\u00f3n como Acad\u00e9mico del N\u00famero del Dr. Ismael Yebra Sotillo en la plaza de Dermatolog\u00eda en la Secci\u00f3n II de Medicina y Especialidades M\u00e9dicas.  <a href=\"https:\/\/ramse.es\/wordpress\/el-dr-ismael-yebra-sotillo-ingresa-como-academico-de-numero-en-la-plaza-de-dermatologia\/\">[\u2026]<\/a><\/p>\n<\/div><\/div><div class=\"fusion-clearfix\"><\/div><div class=\"fusion-meta-info\"><div class=\"fusion-alignright\"><a class=\"fusion-read-more\" href=\"https:\/\/ramse.es\/wordpress\/el-dr-ismael-yebra-sotillo-ingresa-como-academico-de-numero-en-la-plaza-de-dermatologia\/\" aria-label=\"More on El Dr. Ismael Yebra Sotillo ingresa como Acad\u00e9mico de N\u00famero en la plaza de Dermatolog\u00eda\">Leer M\u00e1s<\/a><\/div><\/div><\/article>\n<article id=\"blog-1-post-2191\" class=\"fusion-post-large-alternate post-2191 post type-post status-publish format-standard has-post-thumbnail hentry category-latest-news\">\n\t<style type=\"text\/css\">\n\t\t\n\t\t\n\t\t\n\t\t\n\t\t\t<\/style>\n\n\n\t\t\t<div class=\"fusion-flexslider flexslider fusion-flexslider-loading fusion-post-slideshow\" style=\"\">\n\t\t<ul class=\"slides\">\n\t\t\t\n\t\t\t\t\t\t\t\t\t\t\t\t\t\t<li><div  class=\"fusion-image-wrapper\" aria-haspopup=\"true\">\n\t\t\t\t<img decoding=\"async\" width=\"448\" height=\"336\" src=\"https:\/\/ramse.es\/wordpress\/wp-content\/uploads\/2015\/03\/img_0129.jpg\" class=\"attachment-full size-full wp-post-image\" alt=\"\" srcset=\"https:\/\/ramse.es\/wordpress\/wp-content\/uploads\/2015\/03\/img_0129-200x150.jpg 200w, https:\/\/ramse.es\/wordpress\/wp-content\/uploads\/2015\/03\/img_0129-400x300.jpg 400w, https:\/\/ramse.es\/wordpress\/wp-content\/uploads\/2015\/03\/img_0129.jpg 448w\" sizes=\"(max-width: 1000px) 100vw, 448px\" \/><div class=\"fusion-rollover\">\n\t<div class=\"fusion-rollover-content\">\n\n\t\t\t\t\t\t\t\t\t\t\t\t\t\t<a class=\"fusion-rollover-link\" href=\"https:\/\/ramse.es\/wordpress\/conferencia-magistral-en-huelva\/\">Conferencia magistral en Huelva<\/a>\n\t\t\t\n\t\t\t\t\t\t\t\t\t\t\t\t\t\t\n\t\t\t\t\t\t\t\t\n\t\t\t\t\t\t\t\t\t\t\t\t\t<div class=\"fusion-rollover-sep\"><\/div>\n\t\t\t\t\n\t\t\t\t\t\t\t\t\t\t\t\t\t\t\t\t\t\t<a class=\"fusion-rollover-gallery\" href=\"https:\/\/ramse.es\/wordpress\/wp-content\/uploads\/2015\/03\/img_0129.jpg\" data-id=\"2191\" data-rel=\"iLightbox[gallery]\" data-title=\"img_0129\" data-caption=\"\">\n\t\t\t\t\t\tGaler\u00eda\t\t\t\t\t<\/a>\n\t\t\t\t\t\t\t\t\t\t\t\t\t\t\n\t\t\n\t\t\t\t\t\t\t\t\n\t\t\t\t\t\t\t\t\n\t\t\n\t\t\t\t\t\t<a class=\"fusion-link-wrapper\" href=\"https:\/\/ramse.es\/wordpress\/conferencia-magistral-en-huelva\/\" aria-label=\"Conferencia magistral en Huelva\"><\/a>\n\t<\/div>\n<\/div>\n<\/div>\n<\/li>\n\t\t\t\n\t\t\t\n\t\t\t\t\t\t\t\t\t\t\t\t\t\t\t\t\t\t\t\t\t\t\t\t\t\t\t\t\t\t\t\t\t\t\t\t\t\t\t\t\t\t\t\t\t\t\t\t\t\t\t\t\t\t\t\t\t\t\t\t\t\t\t\t\t\t\t\t<\/ul>\n\t<\/div>\n\t<div class=\"fusion-date-and-formats\"><div class=\"fusion-date-box updated\"><span class=\"fusion-date\">marzo<\/span><span class=\"fusion-month-year\">12:00 am<\/span><\/div><div class=\"fusion-format-box\"><i class=\"awb-icon-pen\" aria-hidden=\"true\"><\/i><\/div><\/div><div class=\"fusion-post-content post-content\"><h2 class=\"blog-shortcode-post-title entry-title\"><a href=\"https:\/\/ramse.es\/wordpress\/conferencia-magistral-en-huelva\/\">Conferencia magistral en Huelva<\/a><\/h2><p class=\"fusion-single-line-meta\">Por <span class=\"vcard\"><span class=\"fn\"><a href=\"https:\/\/ramse.es\/wordpress\/author\/ivan_z0qj9h4b\/\" title=\"Entradas de admin\" rel=\"author\">admin<\/a><\/span><\/span><span class=\"fusion-inline-sep\">|<\/span><span class=\"updated\" style=\"display:none;\">2015-03-13T00:00:00+02:00<\/span><span>marzo 13th, 2015<\/span><span class=\"fusion-inline-sep\">|<\/span>Categor\u00edas: <a href=\"https:\/\/ramse.es\/wordpress\/category\/news\/latest-news\/\" rel=\"category tag\">Noticias<\/a><span class=\"fusion-inline-sep\">|<\/span><\/p><div class=\"fusion-post-content-container\"><p><\/p><p>La Real Academia de Medicina y Cirug\u00eda de Sevilla ha celebrado, por primera vez en sus 315 a\u00f1os de historia un acto acad\u00e9mico en la ciudad de Huelva.  <a href=\"https:\/\/ramse.es\/wordpress\/conferencia-magistral-en-huelva\/\">[\u2026]<\/a><\/p>\n<\/div><\/div><div class=\"fusion-clearfix\"><\/div><div class=\"fusion-meta-info\"><div class=\"fusion-alignright\"><a class=\"fusion-read-more\" href=\"https:\/\/ramse.es\/wordpress\/conferencia-magistral-en-huelva\/\" aria-label=\"More on Conferencia magistral en Huelva\">Leer M\u00e1s<\/a><\/div><\/div><\/article>\n<article id=\"blog-1-post-2187\" class=\"fusion-post-large-alternate post-2187 post type-post status-publish format-standard hentry category-latest-news\">\n\t<style type=\"text\/css\">\n\t\t\n\t\t\n\t\t\n\t\t\n\t\t\t<\/style>\n\n\n<div class=\"fusion-date-and-formats\"><div class=\"fusion-date-box updated\"><span class=\"fusion-date\">febrero<\/span><span class=\"fusion-month-year\">6:12 pm<\/span><\/div><div class=\"fusion-format-box\"><i class=\"awb-icon-pen\" aria-hidden=\"true\"><\/i><\/div><\/div><div class=\"fusion-post-content post-content\"><h2 class=\"blog-shortcode-post-title entry-title\"><a href=\"https:\/\/ramse.es\/wordpress\/mesa-redonda-nuestras-defensas-al-limite-ante-las-pandemias-que-nos-amenazan\/\">Mesa Redonda \u201cNuestras defensas al l\u00edmite ante las pandemias que nos amenazan\u201d<\/a><\/h2><p class=\"fusion-single-line-meta\">Por <span class=\"vcard\"><span class=\"fn\"><a href=\"https:\/\/ramse.es\/wordpress\/author\/ivan_z0qj9h4b\/\" title=\"Entradas de admin\" rel=\"author\">admin<\/a><\/span><\/span><span class=\"fusion-inline-sep\">|<\/span><span class=\"updated\" style=\"display:none;\">2015-02-19T18:12:24+02:00<\/span><span>febrero 19th, 2015<\/span><span class=\"fusion-inline-sep\">|<\/span>Categor\u00edas: <a href=\"https:\/\/ramse.es\/wordpress\/category\/news\/latest-news\/\" rel=\"category tag\">Noticias<\/a><span class=\"fusion-inline-sep\">|<\/span><\/p><div class=\"fusion-post-content-container\"><p>El pasado jueves 19 de febrero a las 20 horas, tuvo lugar en el Sal\u00f3n Ram\u00f3n y Cajal de la Real Academia de Medicina y Cirug\u00eda de Sevilla la mesa redonda \u201cNuestras defensas al l\u00edmite ante las pandemias que nos amenazan\u201d en la que se abord\u00f3 el riego que para el sistema inmune representa el modo de vida moderno y las consecuencias a trav\u00e9s de tres de las infecciones m\u00e1s <a href=\"https:\/\/ramse.es\/wordpress\/mesa-redonda-nuestras-defensas-al-limite-ante-las-pandemias-que-nos-amenazan\/\">[...]<\/a><\/p><\/div><\/div><div class=\"fusion-clearfix\"><\/div><div class=\"fusion-meta-info\"><div class=\"fusion-alignright\"><a class=\"fusion-read-more\" href=\"https:\/\/ramse.es\/wordpress\/mesa-redonda-nuestras-defensas-al-limite-ante-las-pandemias-que-nos-amenazan\/\" aria-label=\"More on Mesa Redonda \u201cNuestras defensas al l\u00edmite ante las pandemias que nos amenazan\u201d\">Leer M\u00e1s<\/a><\/div><\/div><\/article>\n<article id=\"blog-1-post-2186\" class=\"fusion-post-large-alternate post-2186 post type-post status-publish format-standard has-post-thumbnail hentry category-latest-news\">\n\t<style type=\"text\/css\">\n\t\t\n\t\t\n\t\t\n\t\t\n\t\t\t<\/style>\n\n\n\t\t\t<div class=\"fusion-flexslider flexslider fusion-flexslider-loading fusion-post-slideshow\" style=\"\">\n\t\t<ul class=\"slides\">\n\t\t\t\n\t\t\t\t\t\t\t\t\t\t\t\t\t\t<li><div  class=\"fusion-image-wrapper\" aria-haspopup=\"true\">\n\t\t\t\t<img decoding=\"async\" width=\"332\" height=\"448\" src=\"https:\/\/ramse.es\/wordpress\/wp-content\/uploads\/2015\/02\/boletin_ramse.jpg\" class=\"attachment-full size-full wp-post-image\" alt=\"\" srcset=\"https:\/\/ramse.es\/wordpress\/wp-content\/uploads\/2015\/02\/boletin_ramse-200x270.jpg 200w, https:\/\/ramse.es\/wordpress\/wp-content\/uploads\/2015\/02\/boletin_ramse.jpg 332w\" sizes=\"(max-width: 1000px) 100vw, 332px\" \/><div class=\"fusion-rollover\">\n\t<div class=\"fusion-rollover-content\">\n\n\t\t\t\t\t\t\t\t\t\t\t\t\t\t<a class=\"fusion-rollover-link\" href=\"https:\/\/ramse.es\/wordpress\/ya-esta-disponible-el-boletin-informativo-no10-de-la-real-academia-de-medicina-y-cirugia-de-sevilla\/\">Ya est\u00e1 disponible el bolet\u00edn informativo N\u00ba10 de la Real Academia de Medicina y Cirug\u00eda de Sevilla<\/a>\n\t\t\t\n\t\t\t\t\t\t\t\t\t\t\t\t\t\t\n\t\t\t\t\t\t\t\t\n\t\t\t\t\t\t\t\t\t\t\t\t\t<div class=\"fusion-rollover-sep\"><\/div>\n\t\t\t\t\n\t\t\t\t\t\t\t\t\t\t\t\t\t\t\t\t\t\t<a class=\"fusion-rollover-gallery\" href=\"https:\/\/ramse.es\/wordpress\/wp-content\/uploads\/2015\/02\/boletin_ramse.jpg\" data-id=\"2186\" data-rel=\"iLightbox[gallery]\" data-title=\"boletin_ramse\" data-caption=\"\">\n\t\t\t\t\t\tGaler\u00eda\t\t\t\t\t<\/a>\n\t\t\t\t\t\t\t\t\t\t\t\t\t\t\n\t\t\n\t\t\t\t\t\t\t\t\n\t\t\t\t\t\t\t\t\n\t\t\n\t\t\t\t\t\t<a class=\"fusion-link-wrapper\" href=\"https:\/\/ramse.es\/wordpress\/ya-esta-disponible-el-boletin-informativo-no10-de-la-real-academia-de-medicina-y-cirugia-de-sevilla\/\" aria-label=\"Ya est\u00e1 disponible el bolet\u00edn informativo N\u00ba10 de la Real Academia de Medicina y Cirug\u00eda de Sevilla\"><\/a>\n\t<\/div>\n<\/div>\n<\/div>\n<\/li>\n\t\t\t\n\t\t\t\n\t\t\t\t\t\t\t\t\t\t\t\t\t\t\t\t\t\t\t\t\t\t\t\t\t\t\t\t\t\t\t\t\t\t\t\t\t\t\t\t\t\t\t\t\t\t\t\t\t\t\t\t\t\t\t\t\t\t\t\t\t\t\t\t\t\t\t\t<\/ul>\n\t<\/div>\n\t<div class=\"fusion-date-and-formats\"><div class=\"fusion-date-box updated\"><span class=\"fusion-date\">febrero<\/span><span class=\"fusion-month-year\">6:58 pm<\/span><\/div><div class=\"fusion-format-box\"><i class=\"awb-icon-pen\" aria-hidden=\"true\"><\/i><\/div><\/div><div class=\"fusion-post-content post-content\"><h2 class=\"blog-shortcode-post-title entry-title\"><a href=\"https:\/\/ramse.es\/wordpress\/ya-esta-disponible-el-boletin-informativo-no10-de-la-real-academia-de-medicina-y-cirugia-de-sevilla\/\">Ya est\u00e1 disponible el bolet\u00edn informativo N\u00ba10 de la Real Academia de Medicina y Cirug\u00eda de Sevilla<\/a><\/h2><p class=\"fusion-single-line-meta\">Por <span class=\"vcard\"><span class=\"fn\"><a href=\"https:\/\/ramse.es\/wordpress\/author\/ivan_z0qj9h4b\/\" title=\"Entradas de admin\" rel=\"author\">admin<\/a><\/span><\/span><span class=\"fusion-inline-sep\">|<\/span><span class=\"updated\" style=\"display:none;\">2015-02-18T18:58:12+02:00<\/span><span>febrero 18th, 2015<\/span><span class=\"fusion-inline-sep\">|<\/span>Categor\u00edas: <a href=\"https:\/\/ramse.es\/wordpress\/category\/news\/latest-news\/\" rel=\"category tag\">Noticias<\/a><span class=\"fusion-inline-sep\">|<\/span><\/p><div class=\"fusion-post-content-container\"><p>El bolet\u00edn informativo n\u00famero 10 de la Real Academia de Medicina y Cirug\u00eda de Sevilla ya est\u00e1 disponible en la web. Se puede acceder a \u00e9l en la secci\u00f3n de descargas o pinchando aqu\u00ed.<\/p><\/div><\/div><div class=\"fusion-clearfix\"><\/div><div class=\"fusion-meta-info\"><div class=\"fusion-alignright\"><a class=\"fusion-read-more\" href=\"https:\/\/ramse.es\/wordpress\/ya-esta-disponible-el-boletin-informativo-no10-de-la-real-academia-de-medicina-y-cirugia-de-sevilla\/\" aria-label=\"More on Ya est\u00e1 disponible el bolet\u00edn informativo N\u00ba10 de la Real Academia de Medicina y Cirug\u00eda de Sevilla\">Leer M\u00e1s<\/a><\/div><\/div><\/article>\n<article id=\"blog-1-post-2184\" class=\"fusion-post-large-alternate post-2184 post type-post status-publish format-standard has-post-thumbnail hentry category-latest-news\">\n\t<style type=\"text\/css\">\n\t\t\n\t\t\n\t\t\n\t\t\n\t\t\t<\/style>\n\n\n\t\t\t<div class=\"fusion-flexslider flexslider fusion-flexslider-loading fusion-post-slideshow\" style=\"\">\n\t\t<ul class=\"slides\">\n\t\t\t\n\t\t\t\t\t\t\t\t\t\t\t\t\t\t<li><div  class=\"fusion-image-wrapper\" aria-haspopup=\"true\">\n\t\t\t\t<img decoding=\"async\" width=\"448\" height=\"321\" src=\"https:\/\/ramse.es\/wordpress\/wp-content\/uploads\/2015\/02\/cine_web.jpg\" class=\"attachment-full size-full wp-post-image\" alt=\"\" srcset=\"https:\/\/ramse.es\/wordpress\/wp-content\/uploads\/2015\/02\/cine_web-200x143.jpg 200w, https:\/\/ramse.es\/wordpress\/wp-content\/uploads\/2015\/02\/cine_web-400x287.jpg 400w, https:\/\/ramse.es\/wordpress\/wp-content\/uploads\/2015\/02\/cine_web.jpg 448w\" sizes=\"(max-width: 1000px) 100vw, 448px\" \/><div class=\"fusion-rollover\">\n\t<div class=\"fusion-rollover-content\">\n\n\t\t\t\t\t\t\t\t\t\t\t\t\t\t<a class=\"fusion-rollover-link\" href=\"https:\/\/ramse.es\/wordpress\/seminario-medicina-y-cine-el-sexo-y-la-censura-en-el-franquismo\/\">Seminario medicina y cine: \u201cEl sexo y la censura en el franquismo\u201d<\/a>\n\t\t\t\n\t\t\t\t\t\t\t\t\t\t\t\t\t\t\n\t\t\t\t\t\t\t\t\n\t\t\t\t\t\t\t\t\t\t\t\t\t<div class=\"fusion-rollover-sep\"><\/div>\n\t\t\t\t\n\t\t\t\t\t\t\t\t\t\t\t\t\t\t\t\t\t\t<a class=\"fusion-rollover-gallery\" href=\"https:\/\/ramse.es\/wordpress\/wp-content\/uploads\/2015\/02\/cine_web.jpg\" data-id=\"2184\" data-rel=\"iLightbox[gallery]\" data-title=\"cine_web\" data-caption=\"\">\n\t\t\t\t\t\tGaler\u00eda\t\t\t\t\t<\/a>\n\t\t\t\t\t\t\t\t\t\t\t\t\t\t\n\t\t\n\t\t\t\t\t\t\t\t\n\t\t\t\t\t\t\t\t\n\t\t\n\t\t\t\t\t\t<a class=\"fusion-link-wrapper\" href=\"https:\/\/ramse.es\/wordpress\/seminario-medicina-y-cine-el-sexo-y-la-censura-en-el-franquismo\/\" aria-label=\"Seminario medicina y cine: \u201cEl sexo y la censura en el franquismo\u201d\"><\/a>\n\t<\/div>\n<\/div>\n<\/div>\n<\/li>\n\t\t\t\n\t\t\t\n\t\t\t\t\t\t\t\t\t\t\t\t\t\t\t\t\t\t\t\t\t\t\t\t\t\t\t\t\t\t\t\t\t\t\t\t\t\t\t\t\t\t\t\t\t\t\t\t\t\t\t\t\t\t\t\t\t\t\t\t\t\t\t\t\t\t\t\t<\/ul>\n\t<\/div>\n\t<div class=\"fusion-date-and-formats\"><div class=\"fusion-date-box updated\"><span class=\"fusion-date\">febrero<\/span><span class=\"fusion-month-year\">9:25 am<\/span><\/div><div class=\"fusion-format-box\"><i class=\"awb-icon-pen\" aria-hidden=\"true\"><\/i><\/div><\/div><div class=\"fusion-post-content post-content\"><h2 class=\"blog-shortcode-post-title entry-title\"><a href=\"https:\/\/ramse.es\/wordpress\/seminario-medicina-y-cine-el-sexo-y-la-censura-en-el-franquismo\/\">Seminario medicina y cine: \u201cEl sexo y la censura en el franquismo\u201d<\/a><\/h2><p class=\"fusion-single-line-meta\">Por <span class=\"vcard\"><span class=\"fn\"><a href=\"https:\/\/ramse.es\/wordpress\/author\/ivan_z0qj9h4b\/\" title=\"Entradas de admin\" rel=\"author\">admin<\/a><\/span><\/span><span class=\"fusion-inline-sep\">|<\/span><span class=\"updated\" style=\"display:none;\">2015-02-07T09:25:35+02:00<\/span><span>febrero 7th, 2015<\/span><span class=\"fusion-inline-sep\">|<\/span>Categor\u00edas: <a href=\"https:\/\/ramse.es\/wordpress\/category\/news\/latest-news\/\" rel=\"category tag\">Noticias<\/a><span class=\"fusion-inline-sep\">|<\/span><\/p><div class=\"fusion-post-content-container\"><p>La Real Academia de Medicina y Cirug\u00eda de Sevilla ha acogido, dentro de su calendario de actividades, un seminario sobre medicina y cine que ha versado sobre el sexo y la censura en el franquismo. Tras la proyecci\u00f3n de la pel\u00edcula \u201cMi querida se\u00f1orita\u201d, nominada a un Oscar en 1972, ha tenido lugar un debate en el que han participado como ponentes el Excmo. Sr. D. Jaime de Armi\u00f1an y <a href=\"https:\/\/ramse.es\/wordpress\/seminario-medicina-y-cine-el-sexo-y-la-censura-en-el-franquismo\/\">[...]<\/a><\/p><\/div><\/div><div class=\"fusion-clearfix\"><\/div><div class=\"fusion-meta-info\"><div class=\"fusion-alignright\"><a class=\"fusion-read-more\" href=\"https:\/\/ramse.es\/wordpress\/seminario-medicina-y-cine-el-sexo-y-la-censura-en-el-franquismo\/\" aria-label=\"More on Seminario medicina y cine: \u201cEl sexo y la censura en el franquismo\u201d\">Leer M\u00e1s<\/a><\/div><\/div><\/article>\n<article id=\"blog-1-post-2182\" class=\"fusion-post-large-alternate post-2182 post type-post status-publish format-standard has-post-thumbnail hentry category-latest-news\">\n\t<style type=\"text\/css\">\n\t\t\n\t\t\n\t\t\n\t\t\n\t\t\t<\/style>\n\n\n\t\t\t<div class=\"fusion-flexslider flexslider fusion-flexslider-loading fusion-post-slideshow\" style=\"\">\n\t\t<ul class=\"slides\">\n\t\t\t\n\t\t\t\t\t\t\t\t\t\t\t\t\t\t<li><div  class=\"fusion-image-wrapper\" aria-haspopup=\"true\">\n\t\t\t\t<img decoding=\"async\" width=\"448\" height=\"336\" src=\"https:\/\/ramse.es\/wordpress\/wp-content\/uploads\/2015\/02\/apertura_web.jpg\" class=\"attachment-full size-full wp-post-image\" alt=\"\" srcset=\"https:\/\/ramse.es\/wordpress\/wp-content\/uploads\/2015\/02\/apertura_web-200x150.jpg 200w, https:\/\/ramse.es\/wordpress\/wp-content\/uploads\/2015\/02\/apertura_web-400x300.jpg 400w, https:\/\/ramse.es\/wordpress\/wp-content\/uploads\/2015\/02\/apertura_web.jpg 448w\" sizes=\"(max-width: 1000px) 100vw, 448px\" \/><div class=\"fusion-rollover\">\n\t<div class=\"fusion-rollover-content\">\n\n\t\t\t\t\t\t\t\t\t\t\t\t\t\t<a class=\"fusion-rollover-link\" href=\"https:\/\/ramse.es\/wordpress\/apertura-del-315-curso-academico\/\">Apertura del 315 Curso Acad\u00e9mico<\/a>\n\t\t\t\n\t\t\t\t\t\t\t\t\t\t\t\t\t\t\n\t\t\t\t\t\t\t\t\n\t\t\t\t\t\t\t\t\t\t\t\t\t<div class=\"fusion-rollover-sep\"><\/div>\n\t\t\t\t\n\t\t\t\t\t\t\t\t\t\t\t\t\t\t\t\t\t\t<a class=\"fusion-rollover-gallery\" href=\"https:\/\/ramse.es\/wordpress\/wp-content\/uploads\/2015\/02\/apertura_web.jpg\" data-id=\"2182\" data-rel=\"iLightbox[gallery]\" data-title=\"apertura_web\" data-caption=\"\">\n\t\t\t\t\t\tGaler\u00eda\t\t\t\t\t<\/a>\n\t\t\t\t\t\t\t\t\t\t\t\t\t\t\n\t\t\n\t\t\t\t\t\t\t\t\n\t\t\t\t\t\t\t\t\n\t\t\n\t\t\t\t\t\t<a class=\"fusion-link-wrapper\" href=\"https:\/\/ramse.es\/wordpress\/apertura-del-315-curso-academico\/\" aria-label=\"Apertura del 315 Curso Acad\u00e9mico\"><\/a>\n\t<\/div>\n<\/div>\n<\/div>\n<\/li>\n\t\t\t\n\t\t\t\n\t\t\t\t\t\t\t\t\t\t\t\t\t\t\t\t\t\t\t\t\t\t\t\t\t\t\t\t\t\t\t\t\t\t\t\t\t\t\t\t\t\t\t\t\t\t\t\t\t\t\t\t\t\t\t\t\t\t\t\t\t\t\t\t\t\t\t\t<\/ul>\n\t<\/div>\n\t<div class=\"fusion-date-and-formats\"><div class=\"fusion-date-box updated\"><span class=\"fusion-date\">febrero<\/span><span class=\"fusion-month-year\">10:27 am<\/span><\/div><div class=\"fusion-format-box\"><i class=\"awb-icon-pen\" aria-hidden=\"true\"><\/i><\/div><\/div><div class=\"fusion-post-content post-content\"><h2 class=\"blog-shortcode-post-title entry-title\"><a href=\"https:\/\/ramse.es\/wordpress\/apertura-del-315-curso-academico\/\">Apertura del 315 Curso Acad\u00e9mico<\/a><\/h2><p class=\"fusion-single-line-meta\">Por <span class=\"vcard\"><span class=\"fn\"><a href=\"https:\/\/ramse.es\/wordpress\/author\/ivan_z0qj9h4b\/\" title=\"Entradas de admin\" rel=\"author\">admin<\/a><\/span><\/span><span class=\"fusion-inline-sep\">|<\/span><span class=\"updated\" style=\"display:none;\">2015-02-03T10:27:43+02:00<\/span><span>febrero 3rd, 2015<\/span><span class=\"fusion-inline-sep\">|<\/span>Categor\u00edas: <a href=\"https:\/\/ramse.es\/wordpress\/category\/news\/latest-news\/\" rel=\"category tag\">Noticias<\/a><span class=\"fusion-inline-sep\">|<\/span><\/p><div class=\"fusion-post-content-container\"><p>El pasado jueves 29 de enero tuvo lugar en el Sal\u00f3n Ram\u00f3n y Cajal de la Real Academia de Medicina y Cirug\u00eda de Sevilla la apertura del 315 Curso Acad\u00e9mico con un discurso titulado \u201cDel G\u00e9nesis a los Biomateriales y a la Regeneraci\u00f3n Tisular: Perspectiva de un Cirujano Ortop\u00e9dico\u201d, dicho discurso fue pronunciado por el Acad\u00e9mico de N\u00famero Ilmo. Dr. D. Fernando Saenz L\u00f3pez de Rueda. Durante el acto de <a href=\"https:\/\/ramse.es\/wordpress\/apertura-del-315-curso-academico\/\">[...]<\/a><\/p><\/div><\/div><div class=\"fusion-clearfix\"><\/div><div class=\"fusion-meta-info\"><div class=\"fusion-alignright\"><a class=\"fusion-read-more\" href=\"https:\/\/ramse.es\/wordpress\/apertura-del-315-curso-academico\/\" aria-label=\"More on Apertura del 315 Curso Acad\u00e9mico\">Leer M\u00e1s<\/a><\/div><\/div><\/article>\n<article id=\"blog-1-post-2178\" class=\"fusion-post-large-alternate post-2178 post type-post status-publish format-standard hentry category-latest-news\">\n\t<style type=\"text\/css\">\n\t\t\n\t\t\n\t\t\n\t\t\n\t\t\t<\/style>\n\n\n<div class=\"fusion-date-and-formats\"><div class=\"fusion-date-box updated\"><span class=\"fusion-date\">diciembre<\/span><span class=\"fusion-month-year\">8:38 pm<\/span><\/div><div class=\"fusion-format-box\"><i class=\"awb-icon-pen\" aria-hidden=\"true\"><\/i><\/div><\/div><div class=\"fusion-post-content post-content\"><h2 class=\"blog-shortcode-post-title entry-title\"><a href=\"https:\/\/ramse.es\/wordpress\/clausura-del-314-curso-academico-y-apertura-de-plicas-del-concurso-cientifico-2014\/\">Clausura del 314 Curso Acad\u00e9mico y apertura de plicas del concurso cient\u00edfico 2014<\/a><\/h2><p class=\"fusion-single-line-meta\">Por <span class=\"vcard\"><span class=\"fn\"><a href=\"https:\/\/ramse.es\/wordpress\/author\/ivan_z0qj9h4b\/\" title=\"Entradas de admin\" rel=\"author\">admin<\/a><\/span><\/span><span class=\"fusion-inline-sep\">|<\/span><span class=\"updated\" style=\"display:none;\">2014-12-11T20:38:51+02:00<\/span><span>diciembre 11th, 2014<\/span><span class=\"fusion-inline-sep\">|<\/span>Categor\u00edas: <a href=\"https:\/\/ramse.es\/wordpress\/category\/news\/latest-news\/\" rel=\"category tag\">Noticias<\/a><span class=\"fusion-inline-sep\">|<\/span><\/p><div class=\"fusion-post-content-container\"><p>El Dr. D. Manuel Catal\u00e1n P\u00e9rez-Urquiola, Almirante de la Armada Espa\u00f1ola y Secretario T\u00e9cnico del Comit\u00e9 Polar Espa\u00f1ol, ha sido el encargado de pronunciar la conferencia de clausura del 314 curso acad\u00e9mico titulada \u201cLas zonas polares y el cambio clim\u00e1tico\u201d de la Real Academia de Medicina y Cirug\u00eda de Sevilla. A continuaci\u00f3n se hizo entrega de placa conmemorativa de sus 25 a\u00f1os de Acad\u00e9mico de N\u00famero a los Ilmos. Dres. <a href=\"https:\/\/ramse.es\/wordpress\/clausura-del-314-curso-academico-y-apertura-de-plicas-del-concurso-cientifico-2014\/\">[...]<\/a><\/p><\/div><\/div><div class=\"fusion-clearfix\"><\/div><div class=\"fusion-meta-info\"><div class=\"fusion-alignright\"><a class=\"fusion-read-more\" href=\"https:\/\/ramse.es\/wordpress\/clausura-del-314-curso-academico-y-apertura-de-plicas-del-concurso-cientifico-2014\/\" aria-label=\"More on Clausura del 314 Curso Acad\u00e9mico y apertura de plicas del concurso cient\u00edfico 2014\">Leer M\u00e1s<\/a><\/div><\/div><\/article>\n<article id=\"blog-1-post-2177\" class=\"fusion-post-large-alternate post-2177 post type-post status-publish format-standard has-post-thumbnail hentry category-latest-news\">\n\t<style type=\"text\/css\">\n\t\t\n\t\t\n\t\t\n\t\t\n\t\t\t<\/style>\n\n\n\t\t\t<div class=\"fusion-flexslider flexslider fusion-flexslider-loading fusion-post-slideshow\" style=\"\">\n\t\t<ul class=\"slides\">\n\t\t\t\n\t\t\t\t\t\t\t\t\t\t\t\t\t\t<li><div  class=\"fusion-image-wrapper\" aria-haspopup=\"true\">\n\t\t\t\t<img decoding=\"async\" width=\"336\" height=\"339\" src=\"https:\/\/ramse.es\/wordpress\/wp-content\/uploads\/2014\/11\/legal_web.jpg\" class=\"attachment-full size-full wp-post-image\" alt=\"\" srcset=\"https:\/\/ramse.es\/wordpress\/wp-content\/uploads\/2014\/11\/legal_web-200x202.jpg 200w, https:\/\/ramse.es\/wordpress\/wp-content\/uploads\/2014\/11\/legal_web.jpg 336w\" sizes=\"(max-width: 1000px) 100vw, 336px\" \/><div class=\"fusion-rollover\">\n\t<div class=\"fusion-rollover-content\">\n\n\t\t\t\t\t\t\t\t\t\t\t\t\t\t<a class=\"fusion-rollover-link\" href=\"https:\/\/ramse.es\/wordpress\/aspectos-clinicos-y-legales-de-la-toxicologia-laboral\/\">Aspectos cl\u00ednicos y legales de la toxicolog\u00eda laboral<\/a>\n\t\t\t\n\t\t\t\t\t\t\t\t\t\t\t\t\t\t\n\t\t\t\t\t\t\t\t\n\t\t\t\t\t\t\t\t\t\t\t\t\t<div class=\"fusion-rollover-sep\"><\/div>\n\t\t\t\t\n\t\t\t\t\t\t\t\t\t\t\t\t\t\t\t\t\t\t<a class=\"fusion-rollover-gallery\" href=\"https:\/\/ramse.es\/wordpress\/wp-content\/uploads\/2014\/11\/legal_web.jpg\" data-id=\"2177\" data-rel=\"iLightbox[gallery]\" data-title=\"legal_web\" data-caption=\"\">\n\t\t\t\t\t\tGaler\u00eda\t\t\t\t\t<\/a>\n\t\t\t\t\t\t\t\t\t\t\t\t\t\t\n\t\t\n\t\t\t\t\t\t\t\t\n\t\t\t\t\t\t\t\t\n\t\t\n\t\t\t\t\t\t<a class=\"fusion-link-wrapper\" href=\"https:\/\/ramse.es\/wordpress\/aspectos-clinicos-y-legales-de-la-toxicologia-laboral\/\" aria-label=\"Aspectos cl\u00ednicos y legales de la toxicolog\u00eda laboral\"><\/a>\n\t<\/div>\n<\/div>\n<\/div>\n<\/li>\n\t\t\t\n\t\t\t\n\t\t\t\t\t\t\t\t\t\t\t\t\t\t\t\t\t\t\t\t\t\t\t\t\t\t\t\t\t\t\t\t\t\t\t\t\t\t\t\t\t\t\t\t\t\t\t\t\t\t\t\t\t\t\t\t\t\t\t\t\t\t\t\t\t\t\t\t<\/ul>\n\t<\/div>\n\t<div class=\"fusion-date-and-formats\"><div class=\"fusion-date-box updated\"><span class=\"fusion-date\">noviembre<\/span><span class=\"fusion-month-year\">11:07 am<\/span><\/div><div class=\"fusion-format-box\"><i class=\"awb-icon-pen\" aria-hidden=\"true\"><\/i><\/div><\/div><div class=\"fusion-post-content post-content\"><h2 class=\"blog-shortcode-post-title entry-title\"><a href=\"https:\/\/ramse.es\/wordpress\/aspectos-clinicos-y-legales-de-la-toxicologia-laboral\/\">Aspectos cl\u00ednicos y legales de la toxicolog\u00eda laboral<\/a><\/h2><p class=\"fusion-single-line-meta\">Por <span class=\"vcard\"><span class=\"fn\"><a href=\"https:\/\/ramse.es\/wordpress\/author\/ivan_z0qj9h4b\/\" title=\"Entradas de admin\" rel=\"author\">admin<\/a><\/span><\/span><span class=\"fusion-inline-sep\">|<\/span><span class=\"updated\" style=\"display:none;\">2014-11-28T11:07:56+02:00<\/span><span>noviembre 28th, 2014<\/span><span class=\"fusion-inline-sep\">|<\/span>Categor\u00edas: <a href=\"https:\/\/ramse.es\/wordpress\/category\/news\/latest-news\/\" rel=\"category tag\">Noticias<\/a><span class=\"fusion-inline-sep\">|<\/span><\/p><div class=\"fusion-post-content-container\"><p><\/p><p>La Real Academia de Medicina y Cirug\u00eda de Sevilla acogi\u00f3 ayer una mesa redonda organizada por el Acad\u00e9mico de N\u00famero Dr. Pedro de Castro titulada \u201cAspectos cl\u00ednicos y legales de la toxicolog\u00eda laboral\u00bb y en la que han intervenido los Dres. Juan Mar\u00eda Le\u00f3n Asuero y Mar\u00eda Castellano Arroyo; con unas ponencias tituladas \u201cLa toxicolog\u00eda laboral: una experiencia de cine\u201d y \u201cAspectos Legales de la Toxicolog\u00eda Laboral\u201d, respectivamente.  <a href=\"https:\/\/ramse.es\/wordpress\/aspectos-clinicos-y-legales-de-la-toxicologia-laboral\/\">[...]<\/a><\/p><\/div><\/div><div class=\"fusion-clearfix\"><\/div><div class=\"fusion-meta-info\"><div class=\"fusion-alignright\"><a class=\"fusion-read-more\" href=\"https:\/\/ramse.es\/wordpress\/aspectos-clinicos-y-legales-de-la-toxicologia-laboral\/\" aria-label=\"More on Aspectos cl\u00ednicos y legales de la toxicolog\u00eda laboral\">Leer M\u00e1s<\/a><\/div><\/div><\/article>\n<article id=\"blog-1-post-2175\" class=\"fusion-post-large-alternate post-2175 post type-post status-publish format-standard has-post-thumbnail hentry category-latest-news\">\n\t<style type=\"text\/css\">\n\t\t\n\t\t\n\t\t\n\t\t\n\t\t\t<\/style>\n\n\n\t\t\t<div class=\"fusion-flexslider flexslider fusion-flexslider-loading fusion-post-slideshow\" style=\"\">\n\t\t<ul class=\"slides\">\n\t\t\t\n\t\t\t\t\t\t\t\t\t\t\t\t\t\t<li><div  class=\"fusion-image-wrapper\" aria-haspopup=\"true\">\n\t\t\t\t<img decoding=\"async\" width=\"322\" height=\"336\" src=\"https:\/\/ramse.es\/wordpress\/wp-content\/uploads\/2014\/11\/mesa-apneas.jpg\" class=\"attachment-full size-full wp-post-image\" alt=\"\" srcset=\"https:\/\/ramse.es\/wordpress\/wp-content\/uploads\/2014\/11\/mesa-apneas-200x209.jpg 200w, https:\/\/ramse.es\/wordpress\/wp-content\/uploads\/2014\/11\/mesa-apneas.jpg 322w\" sizes=\"(max-width: 1000px) 100vw, 322px\" \/><div class=\"fusion-rollover\">\n\t<div class=\"fusion-rollover-content\">\n\n\t\t\t\t\t\t\t\t\t\t\t\t\t\t<a class=\"fusion-rollover-link\" href=\"https:\/\/ramse.es\/wordpress\/el-ronquido-las-apneas-y-la-medicina-del-sueno\/\">\u201cEl ronquido, las apneas y la medicina del sue\u00f1o\u201d<\/a>\n\t\t\t\n\t\t\t\t\t\t\t\t\t\t\t\t\t\t\n\t\t\t\t\t\t\t\t\n\t\t\t\t\t\t\t\t\t\t\t\t\t<div class=\"fusion-rollover-sep\"><\/div>\n\t\t\t\t\n\t\t\t\t\t\t\t\t\t\t\t\t\t\t\t\t\t\t<a class=\"fusion-rollover-gallery\" href=\"https:\/\/ramse.es\/wordpress\/wp-content\/uploads\/2014\/11\/mesa-apneas.jpg\" data-id=\"2175\" data-rel=\"iLightbox[gallery]\" data-title=\"mesa-apneas\" data-caption=\"\">\n\t\t\t\t\t\tGaler\u00eda\t\t\t\t\t<\/a>\n\t\t\t\t\t\t\t\t\t\t\t\t\t\t\n\t\t\n\t\t\t\t\t\t\t\t\n\t\t\t\t\t\t\t\t\n\t\t\n\t\t\t\t\t\t<a class=\"fusion-link-wrapper\" href=\"https:\/\/ramse.es\/wordpress\/el-ronquido-las-apneas-y-la-medicina-del-sueno\/\" aria-label=\"\u201cEl ronquido, las apneas y la medicina del sue\u00f1o\u201d\"><\/a>\n\t<\/div>\n<\/div>\n<\/div>\n<\/li>\n\t\t\t\n\t\t\t\n\t\t\t\t\t\t\t\t\t\t\t\t\t\t\t\t\t\t\t\t\t\t\t\t\t\t\t\t\t\t\t\t\t\t\t\t\t\t\t\t\t\t\t\t\t\t\t\t\t\t\t\t\t\t\t\t\t\t\t\t\t\t\t\t\t\t\t\t<\/ul>\n\t<\/div>\n\t<div class=\"fusion-date-and-formats\"><div class=\"fusion-date-box updated\"><span class=\"fusion-date\">noviembre<\/span><span class=\"fusion-month-year\">12:00 am<\/span><\/div><div class=\"fusion-format-box\"><i class=\"awb-icon-pen\" aria-hidden=\"true\"><\/i><\/div><\/div><div class=\"fusion-post-content post-content\"><h2 class=\"blog-shortcode-post-title entry-title\"><a href=\"https:\/\/ramse.es\/wordpress\/el-ronquido-las-apneas-y-la-medicina-del-sueno\/\">\u201cEl ronquido, las apneas y la medicina del sue\u00f1o\u201d<\/a><\/h2><p class=\"fusion-single-line-meta\">Por <span class=\"vcard\"><span class=\"fn\"><a href=\"https:\/\/ramse.es\/wordpress\/author\/ivan_z0qj9h4b\/\" title=\"Entradas de admin\" rel=\"author\">admin<\/a><\/span><\/span><span class=\"fusion-inline-sep\">|<\/span><span class=\"updated\" style=\"display:none;\">2014-11-15T00:00:00+02:00<\/span><span>noviembre 15th, 2014<\/span><span class=\"fusion-inline-sep\">|<\/span>Categor\u00edas: <a href=\"https:\/\/ramse.es\/wordpress\/category\/news\/latest-news\/\" rel=\"category tag\">Noticias<\/a><span class=\"fusion-inline-sep\">|<\/span><\/p><div class=\"fusion-post-content-container\"><p>\u00a0 La Real Academia de Medicina y Cirug\u00eda de Sevilla ha acogido una mesa redonda titulada \u201cEl ronquido, las apneas y la medicina del sue\u00f1o\u201d, moderada por el Acad\u00e9mico Correspondiente Dr. Hugo Galera Ruiz, interviniendo como ponentes los Dres. Odile Romero Santo Tom\u00e1s y D. Carlos O\u2019Connor Reina. Y siendo clausurada por el presidente Dr. Jes\u00fas Casti\u00f1eiras Fern\u00e1ndez. En ella se han tratado los desordenes respiratorios que se producen durante <a href=\"https:\/\/ramse.es\/wordpress\/el-ronquido-las-apneas-y-la-medicina-del-sueno\/\">[...]<\/a><\/p><\/div><\/div><div class=\"fusion-clearfix\"><\/div><div class=\"fusion-meta-info\"><div class=\"fusion-alignright\"><a class=\"fusion-read-more\" href=\"https:\/\/ramse.es\/wordpress\/el-ronquido-las-apneas-y-la-medicina-del-sueno\/\" aria-label=\"More on \u201cEl ronquido, las apneas y la medicina del sue\u00f1o\u201d\">Leer M\u00e1s<\/a><\/div><\/div><\/article>\n<article id=\"blog-1-post-2173\" class=\"fusion-post-large-alternate post-2173 post type-post status-publish format-standard has-post-thumbnail hentry category-latest-news\">\n\t<style type=\"text\/css\">\n\t\t\n\t\t\n\t\t\n\t\t\n\t\t\t<\/style>\n\n\n\t\t\t<div class=\"fusion-flexslider flexslider fusion-flexslider-loading fusion-post-slideshow\" style=\"\">\n\t\t<ul class=\"slides\">\n\t\t\t\n\t\t\t\t\t\t\t\t\t\t\t\t\t\t<li><div  class=\"fusion-image-wrapper\" aria-haspopup=\"true\">\n\t\t\t\t<img decoding=\"async\" width=\"448\" height=\"336\" src=\"https:\/\/ramse.es\/wordpress\/wp-content\/uploads\/2014\/11\/correspondientes_nov_14.jpg\" class=\"attachment-full size-full wp-post-image\" alt=\"\" srcset=\"https:\/\/ramse.es\/wordpress\/wp-content\/uploads\/2014\/11\/correspondientes_nov_14-200x150.jpg 200w, https:\/\/ramse.es\/wordpress\/wp-content\/uploads\/2014\/11\/correspondientes_nov_14-400x300.jpg 400w, https:\/\/ramse.es\/wordpress\/wp-content\/uploads\/2014\/11\/correspondientes_nov_14.jpg 448w\" sizes=\"(max-width: 1000px) 100vw, 448px\" \/><div class=\"fusion-rollover\">\n\t<div class=\"fusion-rollover-content\">\n\n\t\t\t\t\t\t\t\t\t\t\t\t\t\t<a class=\"fusion-rollover-link\" href=\"https:\/\/ramse.es\/wordpress\/recepcion-de-academicos-correspondientes-5\/\">Recepci\u00f3n de Acad\u00e9micos Correspondientes<\/a>\n\t\t\t\n\t\t\t\t\t\t\t\t\t\t\t\t\t\t\n\t\t\t\t\t\t\t\t\n\t\t\t\t\t\t\t\t\t\t\t\t\t<div class=\"fusion-rollover-sep\"><\/div>\n\t\t\t\t\n\t\t\t\t\t\t\t\t\t\t\t\t\t\t\t\t\t\t<a class=\"fusion-rollover-gallery\" href=\"https:\/\/ramse.es\/wordpress\/wp-content\/uploads\/2014\/11\/correspondientes_nov_14.jpg\" data-id=\"2173\" data-rel=\"iLightbox[gallery]\" data-title=\"correspondientes_nov_14\" data-caption=\"\">\n\t\t\t\t\t\tGaler\u00eda\t\t\t\t\t<\/a>\n\t\t\t\t\t\t\t\t\t\t\t\t\t\t\n\t\t\n\t\t\t\t\t\t\t\t\n\t\t\t\t\t\t\t\t\n\t\t\n\t\t\t\t\t\t<a class=\"fusion-link-wrapper\" href=\"https:\/\/ramse.es\/wordpress\/recepcion-de-academicos-correspondientes-5\/\" aria-label=\"Recepci\u00f3n de Acad\u00e9micos Correspondientes\"><\/a>\n\t<\/div>\n<\/div>\n<\/div>\n<\/li>\n\t\t\t\n\t\t\t\n\t\t\t\t\t\t\t\t\t\t\t\t\t\t\t\t\t\t\t\t\t\t\t\t\t\t\t\t\t\t\t\t\t\t\t\t\t\t\t\t\t\t\t\t\t\t\t\t\t\t\t\t\t\t\t\t\t\t\t\t\t\t\t\t\t\t\t\t<\/ul>\n\t<\/div>\n\t<div class=\"fusion-date-and-formats\"><div class=\"fusion-date-box updated\"><span class=\"fusion-date\">noviembre<\/span><span class=\"fusion-month-year\">10:06 am<\/span><\/div><div class=\"fusion-format-box\"><i class=\"awb-icon-pen\" aria-hidden=\"true\"><\/i><\/div><\/div><div class=\"fusion-post-content post-content\"><h2 class=\"blog-shortcode-post-title entry-title\"><a href=\"https:\/\/ramse.es\/wordpress\/recepcion-de-academicos-correspondientes-5\/\">Recepci\u00f3n de Acad\u00e9micos Correspondientes<\/a><\/h2><p class=\"fusion-single-line-meta\">Por <span class=\"vcard\"><span class=\"fn\"><a href=\"https:\/\/ramse.es\/wordpress\/author\/ivan_z0qj9h4b\/\" title=\"Entradas de admin\" rel=\"author\">admin<\/a><\/span><\/span><span class=\"fusion-inline-sep\">|<\/span><span class=\"updated\" style=\"display:none;\">2014-11-07T10:06:25+02:00<\/span><span>noviembre 7th, 2014<\/span><span class=\"fusion-inline-sep\">|<\/span>Categor\u00edas: <a href=\"https:\/\/ramse.es\/wordpress\/category\/news\/latest-news\/\" rel=\"category tag\">Noticias<\/a><span class=\"fusion-inline-sep\">|<\/span><\/p><div class=\"fusion-post-content-container\"><p>Los Dres, D. Joaqu\u00edn Lucena Romero, D. Juan S\u00e1nchez Burs\u00f3n y Luis Salvador Cueto \u00c1lvarez tomaron posesi\u00f3n ayer como Acad\u00e9micos Correspondientes en el Real Academia de Medicina de Sevilla. El Dr. Lucena Romero abord\u00f3 durante su intervenci\u00f3n la \u201cMuerte s\u00fabita juvenil en Sevilla. Abordaje desde la patolog\u00eda forense\u201d, el Dr. S\u00e1nchez Burs\u00f3n present\u00f3 un discurso titulado \u201cArtritis reumatoide. De la dependencia a la libertad\u201d, y finalmente el Dr. Cuento \u00c1lvarez <a href=\"https:\/\/ramse.es\/wordpress\/recepcion-de-academicos-correspondientes-5\/\">[...]<\/a><\/p><\/div><\/div><div class=\"fusion-clearfix\"><\/div><div class=\"fusion-meta-info\"><div class=\"fusion-alignright\"><a class=\"fusion-read-more\" href=\"https:\/\/ramse.es\/wordpress\/recepcion-de-academicos-correspondientes-5\/\" aria-label=\"More on Recepci\u00f3n de Acad\u00e9micos Correspondientes\">Leer M\u00e1s<\/a><\/div><\/div><\/article>\n<article id=\"blog-1-post-2171\" class=\"fusion-post-large-alternate post-2171 post type-post status-publish format-standard has-post-thumbnail hentry category-latest-news\">\n\t<style type=\"text\/css\">\n\t\t\n\t\t\n\t\t\n\t\t\n\t\t\t<\/style>\n\n\n\t\t\t<div class=\"fusion-flexslider flexslider fusion-flexslider-loading fusion-post-slideshow\" style=\"\">\n\t\t<ul class=\"slides\">\n\t\t\t\n\t\t\t\t\t\t\t\t\t\t\t\t\t\t<li><div  class=\"fusion-image-wrapper\" aria-haspopup=\"true\">\n\t\t\t\t<img decoding=\"async\" width=\"435\" height=\"336\" src=\"https:\/\/ramse.es\/wordpress\/wp-content\/uploads\/2014\/10\/argelles_web.jpg\" class=\"attachment-full size-full wp-post-image\" alt=\"\" srcset=\"https:\/\/ramse.es\/wordpress\/wp-content\/uploads\/2014\/10\/argelles_web-200x154.jpg 200w, https:\/\/ramse.es\/wordpress\/wp-content\/uploads\/2014\/10\/argelles_web-400x309.jpg 400w, https:\/\/ramse.es\/wordpress\/wp-content\/uploads\/2014\/10\/argelles_web.jpg 435w\" sizes=\"(max-width: 1000px) 100vw, 435px\" \/><div class=\"fusion-rollover\">\n\t<div class=\"fusion-rollover-content\">\n\n\t\t\t\t\t\t\t\t\t\t\t\t\t\t<a class=\"fusion-rollover-link\" href=\"https:\/\/ramse.es\/wordpress\/el-dr-federico-arguelles-martin-ingresa-como-academico-de-numero-en-la-plaza-de-pediatria\/\">El Dr. Federico Arg\u00fcelles Mart\u00edn ingresa como Acad\u00e9mico de N\u00famero en la plaza de Pediatr\u00eda<\/a>\n\t\t\t\n\t\t\t\t\t\t\t\t\t\t\t\t\t\t\n\t\t\t\t\t\t\t\t\n\t\t\t\t\t\t\t\t\t\t\t\t\t<div class=\"fusion-rollover-sep\"><\/div>\n\t\t\t\t\n\t\t\t\t\t\t\t\t\t\t\t\t\t\t\t\t\t\t<a class=\"fusion-rollover-gallery\" href=\"https:\/\/ramse.es\/wordpress\/wp-content\/uploads\/2014\/10\/argelles_web.jpg\" data-id=\"2171\" data-rel=\"iLightbox[gallery]\" data-title=\"argelles_web\" data-caption=\"\">\n\t\t\t\t\t\tGaler\u00eda\t\t\t\t\t<\/a>\n\t\t\t\t\t\t\t\t\t\t\t\t\t\t\n\t\t\n\t\t\t\t\t\t\t\t\n\t\t\t\t\t\t\t\t\n\t\t\n\t\t\t\t\t\t<a class=\"fusion-link-wrapper\" href=\"https:\/\/ramse.es\/wordpress\/el-dr-federico-arguelles-martin-ingresa-como-academico-de-numero-en-la-plaza-de-pediatria\/\" aria-label=\"El Dr. Federico Arg\u00fcelles Mart\u00edn ingresa como Acad\u00e9mico de N\u00famero en la plaza de Pediatr\u00eda\"><\/a>\n\t<\/div>\n<\/div>\n<\/div>\n<\/li>\n\t\t\t\n\t\t\t\n\t\t\t\t\t\t\t\t\t\t\t\t\t\t\t\t\t\t\t\t\t\t\t\t\t\t\t\t\t\t\t\t\t\t\t\t\t\t\t\t\t\t\t\t\t\t\t\t\t\t\t\t\t\t\t\t\t\t\t\t\t\t\t\t\t\t\t\t<\/ul>\n\t<\/div>\n\t<div class=\"fusion-date-and-formats\"><div class=\"fusion-date-box updated\"><span class=\"fusion-date\">octubre<\/span><span class=\"fusion-month-year\">7:06 pm<\/span><\/div><div class=\"fusion-format-box\"><i class=\"awb-icon-pen\" aria-hidden=\"true\"><\/i><\/div><\/div><div class=\"fusion-post-content post-content\"><h2 class=\"blog-shortcode-post-title entry-title\"><a href=\"https:\/\/ramse.es\/wordpress\/el-dr-federico-arguelles-martin-ingresa-como-academico-de-numero-en-la-plaza-de-pediatria\/\">El Dr. Federico Arg\u00fcelles Mart\u00edn ingresa como Acad\u00e9mico de N\u00famero en la plaza de Pediatr\u00eda<\/a><\/h2><p class=\"fusion-single-line-meta\">Por <span class=\"vcard\"><span class=\"fn\"><a href=\"https:\/\/ramse.es\/wordpress\/author\/ivan_z0qj9h4b\/\" title=\"Entradas de admin\" rel=\"author\">admin<\/a><\/span><\/span><span class=\"fusion-inline-sep\">|<\/span><span class=\"updated\" style=\"display:none;\">2014-10-27T19:06:28+02:00<\/span><span>octubre 27th, 2014<\/span><span class=\"fusion-inline-sep\">|<\/span>Categor\u00edas: <a href=\"https:\/\/ramse.es\/wordpress\/category\/news\/latest-news\/\" rel=\"category tag\">Noticias<\/a><span class=\"fusion-inline-sep\">|<\/span><\/p><div class=\"fusion-post-content-container\"><p>La Real Academia de Medicina y Cirug\u00eda de Sevilla (RAMSE) ha acogido la toma de posesi\u00f3n como Acad\u00e9mico del N\u00famero del Prof. Dr. Federico Arg\u00fcelles Mart\u00edn en la plaza de Pediatr\u00eda en la Secci\u00f3n II de Medicina y Especialidades M\u00e9dicas. \u201cLa alimentaci\u00f3n del ni\u00f1o a trav\u00e9s de la historia\u201d ha sido el t\u00edtulo del discurso que ha pronunciado el Dr. Arg\u00fcelles donde ha destacado que la reflexi\u00f3n de la influencia <a href=\"https:\/\/ramse.es\/wordpress\/el-dr-federico-arguelles-martin-ingresa-como-academico-de-numero-en-la-plaza-de-pediatria\/\">[...]<\/a><\/p><\/div><\/div><div class=\"fusion-clearfix\"><\/div><div class=\"fusion-meta-info\"><div class=\"fusion-alignright\"><a class=\"fusion-read-more\" href=\"https:\/\/ramse.es\/wordpress\/el-dr-federico-arguelles-martin-ingresa-como-academico-de-numero-en-la-plaza-de-pediatria\/\" aria-label=\"More on El Dr. Federico Arg\u00fcelles Mart\u00edn ingresa como Acad\u00e9mico de N\u00famero en la plaza de Pediatr\u00eda\">Leer M\u00e1s<\/a><\/div><\/div><\/article>\n<article id=\"blog-1-post-2168\" class=\"fusion-post-large-alternate post-2168 post type-post status-publish format-standard hentry category-latest-news\">\n\t<style type=\"text\/css\">\n\t\t\n\t\t\n\t\t\n\t\t\n\t\t\t<\/style>\n\n\n<div class=\"fusion-date-and-formats\"><div class=\"fusion-date-box updated\"><span class=\"fusion-date\">octubre<\/span><span class=\"fusion-month-year\">12:00 am<\/span><\/div><div class=\"fusion-format-box\"><i class=\"awb-icon-pen\" aria-hidden=\"true\"><\/i><\/div><\/div><div class=\"fusion-post-content post-content\"><h2 class=\"blog-shortcode-post-title entry-title\"><a href=\"https:\/\/ramse.es\/wordpress\/sesion-necrologica-en-memoria-del-ilmo-dr-d-lucas-bermudo\/\">Sesi\u00f3n necrol\u00f3gica en memoria del Ilmo. Dr. D. Lucas Bermudo<\/a><\/h2><p class=\"fusion-single-line-meta\">Por <span class=\"vcard\"><span class=\"fn\"><a href=\"https:\/\/ramse.es\/wordpress\/author\/ivan_z0qj9h4b\/\" title=\"Entradas de admin\" rel=\"author\">admin<\/a><\/span><\/span><span class=\"fusion-inline-sep\">|<\/span><span class=\"updated\" style=\"display:none;\">2014-10-20T00:00:00+02:00<\/span><span>octubre 20th, 2014<\/span><span class=\"fusion-inline-sep\">|<\/span>Categor\u00edas: <a href=\"https:\/\/ramse.es\/wordpress\/category\/news\/latest-news\/\" rel=\"category tag\">Noticias<\/a><span class=\"fusion-inline-sep\">|<\/span><\/p><div class=\"fusion-post-content-container\"><p>La Real Academia de Medicina y Cirug\u00eda de Sevilla acogi\u00f3 sesi\u00f3n en recuerdo del Acad\u00e9mico de N\u00famero Ilmo. Dr. D. Lucas Bermudo Fern\u00e1ndez, recientemente fallecido. El Dr. Jos\u00e9 Mar\u00eda Monta\u00f1a Ramonet pronunci\u00f3 discurso en nombre del Dr. Pedro Mu\u00f1oz Gonz\u00e1lez hablando sobre el perfil acad\u00e9mico. A continuaci\u00f3n el Dr. Jos\u00e9 A. Dur\u00e1n Quintana que habl\u00f3 sobre el retrato personal de D. Lucas Bermudo. La sesi\u00f3n fue clausurada por Sr. Presidente, <a href=\"https:\/\/ramse.es\/wordpress\/sesion-necrologica-en-memoria-del-ilmo-dr-d-lucas-bermudo\/\">[...]<\/a><\/p><\/div><\/div><div class=\"fusion-clearfix\"><\/div><div class=\"fusion-meta-info\"><div class=\"fusion-alignright\"><a class=\"fusion-read-more\" href=\"https:\/\/ramse.es\/wordpress\/sesion-necrologica-en-memoria-del-ilmo-dr-d-lucas-bermudo\/\" aria-label=\"More on Sesi\u00f3n necrol\u00f3gica en memoria del Ilmo. Dr. D. Lucas Bermudo\">Leer M\u00e1s<\/a><\/div><\/div><\/article>\n<article id=\"blog-1-post-2167\" class=\"fusion-post-large-alternate post-2167 post type-post status-publish format-standard has-post-thumbnail hentry category-latest-news\">\n\t<style type=\"text\/css\">\n\t\t\n\t\t\n\t\t\n\t\t\n\t\t\t<\/style>\n\n\n\t\t\t<div class=\"fusion-flexslider flexslider fusion-flexslider-loading fusion-post-slideshow\" style=\"\">\n\t\t<ul class=\"slides\">\n\t\t\t\n\t\t\t\t\t\t\t\t\t\t\t\t\t\t<li><div  class=\"fusion-image-wrapper\" aria-haspopup=\"true\">\n\t\t\t\t<img decoding=\"async\" width=\"336\" height=\"448\" src=\"https:\/\/ramse.es\/wordpress\/wp-content\/uploads\/2014\/10\/correspondientes_oct_web.jpg\" class=\"attachment-full size-full wp-post-image\" alt=\"\" srcset=\"https:\/\/ramse.es\/wordpress\/wp-content\/uploads\/2014\/10\/correspondientes_oct_web-200x267.jpg 200w, https:\/\/ramse.es\/wordpress\/wp-content\/uploads\/2014\/10\/correspondientes_oct_web.jpg 336w\" sizes=\"(max-width: 1000px) 100vw, 336px\" \/><div class=\"fusion-rollover\">\n\t<div class=\"fusion-rollover-content\">\n\n\t\t\t\t\t\t\t\t\t\t\t\t\t\t<a class=\"fusion-rollover-link\" href=\"https:\/\/ramse.es\/wordpress\/recepcion-de-academicos-correspondientes-4\/\">Recepci\u00f3n de Acad\u00e9micos Correspondientes<\/a>\n\t\t\t\n\t\t\t\t\t\t\t\t\t\t\t\t\t\t\n\t\t\t\t\t\t\t\t\n\t\t\t\t\t\t\t\t\t\t\t\t\t<div class=\"fusion-rollover-sep\"><\/div>\n\t\t\t\t\n\t\t\t\t\t\t\t\t\t\t\t\t\t\t\t\t\t\t<a class=\"fusion-rollover-gallery\" href=\"https:\/\/ramse.es\/wordpress\/wp-content\/uploads\/2014\/10\/correspondientes_oct_web.jpg\" data-id=\"2167\" data-rel=\"iLightbox[gallery]\" data-title=\"correspondientes_oct_web\" data-caption=\"\">\n\t\t\t\t\t\tGaler\u00eda\t\t\t\t\t<\/a>\n\t\t\t\t\t\t\t\t\t\t\t\t\t\t\n\t\t\n\t\t\t\t\t\t\t\t\n\t\t\t\t\t\t\t\t\n\t\t\n\t\t\t\t\t\t<a class=\"fusion-link-wrapper\" href=\"https:\/\/ramse.es\/wordpress\/recepcion-de-academicos-correspondientes-4\/\" aria-label=\"Recepci\u00f3n de Acad\u00e9micos Correspondientes\"><\/a>\n\t<\/div>\n<\/div>\n<\/div>\n<\/li>\n\t\t\t\n\t\t\t\n\t\t\t\t\t\t\t\t\t\t\t\t\t\t\t\t\t\t\t\t\t\t\t\t\t\t\t\t\t\t\t\t\t\t\t\t\t\t\t\t\t\t\t\t\t\t\t\t\t\t\t\t\t\t\t\t\t\t\t\t\t\t\t\t\t\t\t\t<\/ul>\n\t<\/div>\n\t<div class=\"fusion-date-and-formats\"><div class=\"fusion-date-box updated\"><span class=\"fusion-date\">octubre<\/span><span class=\"fusion-month-year\">12:00 am<\/span><\/div><div class=\"fusion-format-box\"><i class=\"awb-icon-pen\" aria-hidden=\"true\"><\/i><\/div><\/div><div class=\"fusion-post-content post-content\"><h2 class=\"blog-shortcode-post-title entry-title\"><a href=\"https:\/\/ramse.es\/wordpress\/recepcion-de-academicos-correspondientes-4\/\">Recepci\u00f3n de Acad\u00e9micos Correspondientes<\/a><\/h2><p class=\"fusion-single-line-meta\">Por <span class=\"vcard\"><span class=\"fn\"><a href=\"https:\/\/ramse.es\/wordpress\/author\/ivan_z0qj9h4b\/\" title=\"Entradas de admin\" rel=\"author\">admin<\/a><\/span><\/span><span class=\"fusion-inline-sep\">|<\/span><span class=\"updated\" style=\"display:none;\">2014-10-14T00:00:00+02:00<\/span><span>octubre 14th, 2014<\/span><span class=\"fusion-inline-sep\">|<\/span>Categor\u00edas: <a href=\"https:\/\/ramse.es\/wordpress\/category\/news\/latest-news\/\" rel=\"category tag\">Noticias<\/a><span class=\"fusion-inline-sep\">|<\/span><\/p><div class=\"fusion-post-content-container\"><p>\u00a0 El sal\u00f3n Ram\u00f3n y Cajal de la Real Academia de Medicina de Sevilla acogi\u00f3 el pasado 9 de octubre sesi\u00f3n durante la cual se recibieron como Acad\u00e9micos Correspondientes los Dres. D. Joaqu\u00edn Alan\u00eds L\u00f3pez, D. Jos\u00e9 Antonio Mil\u00e1n Mart\u00edn y D. Ram\u00f3n Mart\u00edn G\u00f3mez. El Dr. Alan\u00eds L\u00f3pez intervino con un discurso titulado \u201cEstudios cl\u00ednicos farmacogen\u00e9ticos en Andaluc\u00eda\u201d, el Dr. Mil\u00e1n Mart\u00edn trat\u00f3 durante su intervenci\u00f3n \u201cLa importancia de <a href=\"https:\/\/ramse.es\/wordpress\/recepcion-de-academicos-correspondientes-4\/\">[...]<\/a><\/p><\/div><\/div><div class=\"fusion-clearfix\"><\/div><div class=\"fusion-meta-info\"><div class=\"fusion-alignright\"><a class=\"fusion-read-more\" href=\"https:\/\/ramse.es\/wordpress\/recepcion-de-academicos-correspondientes-4\/\" aria-label=\"More on Recepci\u00f3n de Acad\u00e9micos Correspondientes\">Leer M\u00e1s<\/a><\/div><\/div><\/article>\n<article id=\"blog-1-post-2165\" class=\"fusion-post-large-alternate post-2165 post type-post status-publish format-standard hentry category-uncategorized\">\n\t<style type=\"text\/css\">\n\t\t\n\t\t\n\t\t\n\t\t\n\t\t\t<\/style>\n\n\n<div class=\"fusion-date-and-formats\"><div class=\"fusion-date-box updated\"><span class=\"fusion-date\">septiembre<\/span><span class=\"fusion-month-year\">11:06 am<\/span><\/div><div class=\"fusion-format-box\"><i class=\"awb-icon-pen\" aria-hidden=\"true\"><\/i><\/div><\/div><div class=\"fusion-post-content post-content\"><h2 class=\"blog-shortcode-post-title entry-title\"><a href=\"https:\/\/ramse.es\/wordpress\/politica-de-cookies\/\">Pol\u00edtica de Cookies<\/a><\/h2><p class=\"fusion-single-line-meta\">Por <span class=\"vcard\"><span class=\"fn\"><a href=\"https:\/\/ramse.es\/wordpress\/author\/ivan_z0qj9h4b\/\" title=\"Entradas de admin\" rel=\"author\">admin<\/a><\/span><\/span><span class=\"fusion-inline-sep\">|<\/span><span class=\"updated\" style=\"display:none;\">2014-09-24T11:06:52+02:00<\/span><span>septiembre 24th, 2014<\/span><span class=\"fusion-inline-sep\">|<\/span>Categor\u00edas: <a href=\"https:\/\/ramse.es\/wordpress\/category\/uncategorized\/\" rel=\"category tag\">Uncategorized<\/a><span class=\"fusion-inline-sep\">|<\/span><\/p><div class=\"fusion-post-content-container\"><p>Uso de cookies en las webs y aplicaciones de RAMSEEn cumplimiento de la Ley 34\/2002, de 11 de julio, de Servicios de la Sociedad de la Informaci\u00f3n y Comercio Electr\u00f3nico le informamos de la utilizaci\u00f3n de cookies en las webs y aplicaciones de Real Academia de Medicina de Sevilla con el fin de facilitar y mejorar la navegaci\u00f3n a los usuarios, recordando por donde naveg\u00f3 en el sitio web, su <a href=\"https:\/\/ramse.es\/wordpress\/politica-de-cookies\/\">[...]<\/a><\/p><\/div><\/div><div class=\"fusion-clearfix\"><\/div><div class=\"fusion-meta-info\"><div class=\"fusion-alignright\"><a class=\"fusion-read-more\" href=\"https:\/\/ramse.es\/wordpress\/politica-de-cookies\/\" aria-label=\"More on Pol\u00edtica de Cookies\">Leer M\u00e1s<\/a><\/div><\/div><\/article>\n<article id=\"blog-1-post-2164\" class=\"fusion-post-large-alternate post-2164 post type-post status-publish format-standard has-post-thumbnail hentry category-latest-news\">\n\t<style type=\"text\/css\">\n\t\t\n\t\t\n\t\t\n\t\t\n\t\t\t<\/style>\n\n\n\t\t\t<div class=\"fusion-flexslider flexslider fusion-flexslider-loading fusion-post-slideshow\" style=\"\">\n\t\t<ul class=\"slides\">\n\t\t\t\n\t\t\t\t\t\t\t\t\t\t\t\t\t\t<li><div  class=\"fusion-image-wrapper\" aria-haspopup=\"true\">\n\t\t\t\t<img decoding=\"async\" width=\"448\" height=\"336\" src=\"https:\/\/ramse.es\/wordpress\/wp-content\/uploads\/2014\/06\/diplomaweb.jpg\" class=\"attachment-full size-full wp-post-image\" alt=\"\" srcset=\"https:\/\/ramse.es\/wordpress\/wp-content\/uploads\/2014\/06\/diplomaweb-200x150.jpg 200w, https:\/\/ramse.es\/wordpress\/wp-content\/uploads\/2014\/06\/diplomaweb-400x300.jpg 400w, https:\/\/ramse.es\/wordpress\/wp-content\/uploads\/2014\/06\/diplomaweb.jpg 448w\" sizes=\"(max-width: 1000px) 100vw, 448px\" \/><div class=\"fusion-rollover\">\n\t<div class=\"fusion-rollover-content\">\n\n\t\t\t\t\t\t\t\t\t\t\t\t\t\t<a class=\"fusion-rollover-link\" href=\"https:\/\/ramse.es\/wordpress\/el-dr-javier-briceno-delgado-ingresa-como-academico-de-numero\/\">El Dr. Javier Brice\u00f1o Delgado ingresa como Acad\u00e9mico de N\u00famero<\/a>\n\t\t\t\n\t\t\t\t\t\t\t\t\t\t\t\t\t\t\n\t\t\t\t\t\t\t\t\n\t\t\t\t\t\t\t\t\t\t\t\t\t<div class=\"fusion-rollover-sep\"><\/div>\n\t\t\t\t\n\t\t\t\t\t\t\t\t\t\t\t\t\t\t\t\t\t\t<a class=\"fusion-rollover-gallery\" href=\"https:\/\/ramse.es\/wordpress\/wp-content\/uploads\/2014\/06\/diplomaweb.jpg\" data-id=\"2164\" data-rel=\"iLightbox[gallery]\" data-title=\"diplomaweb\" data-caption=\"\">\n\t\t\t\t\t\tGaler\u00eda\t\t\t\t\t<\/a>\n\t\t\t\t\t\t\t\t\t\t\t\t\t\t\n\t\t\n\t\t\t\t\t\t\t\t\n\t\t\t\t\t\t\t\t\n\t\t\n\t\t\t\t\t\t<a class=\"fusion-link-wrapper\" href=\"https:\/\/ramse.es\/wordpress\/el-dr-javier-briceno-delgado-ingresa-como-academico-de-numero\/\" aria-label=\"El Dr. Javier Brice\u00f1o Delgado ingresa como Acad\u00e9mico de N\u00famero\"><\/a>\n\t<\/div>\n<\/div>\n<\/div>\n<\/li>\n\t\t\t\n\t\t\t\n\t\t\t\t\t\t\t\t\t\t\t\t\t\t\t\t\t\t\t\t\t\t\t\t\t\t\t\t\t\t\t\t\t\t\t\t\t\t\t\t\t\t\t\t\t\t\t\t\t\t\t\t\t\t\t\t\t\t\t\t\t\t\t\t\t\t\t\t<\/ul>\n\t<\/div>\n\t<div class=\"fusion-date-and-formats\"><div class=\"fusion-date-box updated\"><span class=\"fusion-date\">junio<\/span><span class=\"fusion-month-year\">11:41 am<\/span><\/div><div class=\"fusion-format-box\"><i class=\"awb-icon-pen\" aria-hidden=\"true\"><\/i><\/div><\/div><div class=\"fusion-post-content post-content\"><h2 class=\"blog-shortcode-post-title entry-title\"><a href=\"https:\/\/ramse.es\/wordpress\/el-dr-javier-briceno-delgado-ingresa-como-academico-de-numero\/\">El Dr. Javier Brice\u00f1o Delgado ingresa como Acad\u00e9mico de N\u00famero<\/a><\/h2><p class=\"fusion-single-line-meta\">Por <span class=\"vcard\"><span class=\"fn\"><a href=\"https:\/\/ramse.es\/wordpress\/author\/ivan_z0qj9h4b\/\" title=\"Entradas de admin\" rel=\"author\">admin<\/a><\/span><\/span><span class=\"fusion-inline-sep\">|<\/span><span class=\"updated\" style=\"display:none;\">2014-06-15T11:41:35+02:00<\/span><span>junio 15th, 2014<\/span><span class=\"fusion-inline-sep\">|<\/span>Categor\u00edas: <a href=\"https:\/\/ramse.es\/wordpress\/category\/news\/latest-news\/\" rel=\"category tag\">Noticias<\/a><span class=\"fusion-inline-sep\">|<\/span><\/p><div class=\"fusion-post-content-container\"><p><\/p><p>Esta ma\u00f1ana el doctor Javier Brice\u00f1o Delgado ha tomado posesi\u00f3n como Acad\u00e9mico de N\u00famero en la plaza de Trasplante de \u00d3rganos en la Secci\u00f3n III de Cirug\u00eda y Especialidades Quir\u00fargicas, leyendo su discurso de ingreso sobre \u201cReflexiones sobre la vida y la muerte en el trasplante de \u00f3rganos\u201d siendo contestado por el Ilmo. Dr. Carlos Pera Madrazo.  <a href=\"https:\/\/ramse.es\/wordpress\/el-dr-javier-briceno-delgado-ingresa-como-academico-de-numero\/\">[\u2026]<\/a><\/p>\n<\/div><\/div><div class=\"fusion-clearfix\"><\/div><div class=\"fusion-meta-info\"><div class=\"fusion-alignright\"><a class=\"fusion-read-more\" href=\"https:\/\/ramse.es\/wordpress\/el-dr-javier-briceno-delgado-ingresa-como-academico-de-numero\/\" aria-label=\"More on El Dr. Javier Brice\u00f1o Delgado ingresa como Acad\u00e9mico de N\u00famero\">Leer M\u00e1s<\/a><\/div><\/div><\/article>\n<article id=\"blog-1-post-2162\" class=\"fusion-post-large-alternate post-2162 post type-post status-publish format-standard has-post-thumbnail hentry category-latest-news\">\n\t<style type=\"text\/css\">\n\t\t\n\t\t\n\t\t\n\t\t\n\t\t\t<\/style>\n\n\n\t\t\t<div class=\"fusion-flexslider flexslider fusion-flexslider-loading fusion-post-slideshow\" style=\"\">\n\t\t<ul class=\"slides\">\n\t\t\t\n\t\t\t\t\t\t\t\t\t\t\t\t\t\t<li><div  class=\"fusion-image-wrapper\" aria-haspopup=\"true\">\n\t\t\t\t<img decoding=\"async\" width=\"448\" height=\"336\" src=\"https:\/\/ramse.es\/wordpress\/wp-content\/uploads\/2014\/05\/serrera314.jpg\" class=\"attachment-full size-full wp-post-image\" alt=\"\" srcset=\"https:\/\/ramse.es\/wordpress\/wp-content\/uploads\/2014\/05\/serrera314-200x150.jpg 200w, https:\/\/ramse.es\/wordpress\/wp-content\/uploads\/2014\/05\/serrera314-400x300.jpg 400w, https:\/\/ramse.es\/wordpress\/wp-content\/uploads\/2014\/05\/serrera314.jpg 448w\" sizes=\"(max-width: 1000px) 100vw, 448px\" \/><div class=\"fusion-rollover\">\n\t<div class=\"fusion-rollover-content\">\n\n\t\t\t\t\t\t\t\t\t\t\t\t\t\t<a class=\"fusion-rollover-link\" href=\"https:\/\/ramse.es\/wordpress\/314-aniversario-de-la-regia-sociedad\/\">314 Aniversario de la Regia Sociedad<\/a>\n\t\t\t\n\t\t\t\t\t\t\t\t\t\t\t\t\t\t\n\t\t\t\t\t\t\t\t\n\t\t\t\t\t\t\t\t\t\t\t\t\t<div class=\"fusion-rollover-sep\"><\/div>\n\t\t\t\t\n\t\t\t\t\t\t\t\t\t\t\t\t\t\t\t\t\t\t<a class=\"fusion-rollover-gallery\" href=\"https:\/\/ramse.es\/wordpress\/wp-content\/uploads\/2014\/05\/serrera314.jpg\" data-id=\"2162\" data-rel=\"iLightbox[gallery]\" data-title=\"serrera314\" data-caption=\"\">\n\t\t\t\t\t\tGaler\u00eda\t\t\t\t\t<\/a>\n\t\t\t\t\t\t\t\t\t\t\t\t\t\t\n\t\t\n\t\t\t\t\t\t\t\t\n\t\t\t\t\t\t\t\t\n\t\t\n\t\t\t\t\t\t<a class=\"fusion-link-wrapper\" href=\"https:\/\/ramse.es\/wordpress\/314-aniversario-de-la-regia-sociedad\/\" aria-label=\"314 Aniversario de la Regia Sociedad\"><\/a>\n\t<\/div>\n<\/div>\n<\/div>\n<\/li>\n\t\t\t\n\t\t\t\n\t\t\t\t\t\t\t\t\t\t\t\t\t\t\t\t\t\t\t\t\t\t\t\t\t\t\t\t\t\t\t\t\t\t\t\t\t\t\t\t\t\t\t\t\t\t\t\t\t\t\t\t\t\t\t\t\t\t\t\t\t\t\t\t\t\t\t\t<\/ul>\n\t<\/div>\n\t<div class=\"fusion-date-and-formats\"><div class=\"fusion-date-box updated\"><span class=\"fusion-date\">mayo<\/span><span class=\"fusion-month-year\">12:00 am<\/span><\/div><div class=\"fusion-format-box\"><i class=\"awb-icon-pen\" aria-hidden=\"true\"><\/i><\/div><\/div><div class=\"fusion-post-content post-content\"><h2 class=\"blog-shortcode-post-title entry-title\"><a href=\"https:\/\/ramse.es\/wordpress\/314-aniversario-de-la-regia-sociedad\/\">314 Aniversario de la Regia Sociedad<\/a><\/h2><p class=\"fusion-single-line-meta\">Por <span class=\"vcard\"><span class=\"fn\"><a href=\"https:\/\/ramse.es\/wordpress\/author\/ivan_z0qj9h4b\/\" title=\"Entradas de admin\" rel=\"author\">admin<\/a><\/span><\/span><span class=\"fusion-inline-sep\">|<\/span><span class=\"updated\" style=\"display:none;\">2014-05-26T00:00:00+02:00<\/span><span>mayo 26th, 2014<\/span><span class=\"fusion-inline-sep\">|<\/span>Categor\u00edas: <a href=\"https:\/\/ramse.es\/wordpress\/category\/news\/latest-news\/\" rel=\"category tag\">Noticias<\/a><span class=\"fusion-inline-sep\">|<\/span><\/p><div class=\"fusion-post-content-container\"><p><\/p><p>El pasado jueves 22 de mayo tuvo lugar en el Sal\u00f3n \u201cRam\u00f3n y Cajal\u201d de la Real Academia de Medicina de Sevilla el 314 Aniversario de la Regia Sociedad en el que el Acad\u00e9mico de N\u00famero y vicepresidente de la corporaci\u00f3n Dr. D. Jos\u00e9 Luis Serrera Contreras pronunci\u00f3 una conferencia titulada \u201cFelipe V y la Real Academia de Medicina y Cirug\u00eda de Sevilla\u201d.  <a href=\"https:\/\/ramse.es\/wordpress\/314-aniversario-de-la-regia-sociedad\/\">[\u2026]<\/a><\/p>\n<\/div><\/div><div class=\"fusion-clearfix\"><\/div><div class=\"fusion-meta-info\"><div class=\"fusion-alignright\"><a class=\"fusion-read-more\" href=\"https:\/\/ramse.es\/wordpress\/314-aniversario-de-la-regia-sociedad\/\" aria-label=\"More on 314 Aniversario de la Regia Sociedad\">Leer M\u00e1s<\/a><\/div><\/div><\/article>\n<article id=\"blog-1-post-2160\" class=\"fusion-post-large-alternate post-2160 post type-post status-publish format-standard has-post-thumbnail hentry category-latest-news\">\n\t<style type=\"text\/css\">\n\t\t\n\t\t\n\t\t\n\t\t\n\t\t\t<\/style>\n\n\n\t\t\t<div class=\"fusion-flexslider flexslider fusion-flexslider-loading fusion-post-slideshow\" style=\"\">\n\t\t<ul class=\"slides\">\n\t\t\t\n\t\t\t\t\t\t\t\t\t\t\t\t\t\t<li><div  class=\"fusion-image-wrapper\" aria-haspopup=\"true\">\n\t\t\t\t<img decoding=\"async\" width=\"448\" height=\"336\" src=\"https:\/\/ramse.es\/wordpress\/wp-content\/uploads\/2014\/05\/cmpora.jpg\" class=\"attachment-full size-full wp-post-image\" alt=\"\" srcset=\"https:\/\/ramse.es\/wordpress\/wp-content\/uploads\/2014\/05\/cmpora-200x150.jpg 200w, https:\/\/ramse.es\/wordpress\/wp-content\/uploads\/2014\/05\/cmpora-400x300.jpg 400w, https:\/\/ramse.es\/wordpress\/wp-content\/uploads\/2014\/05\/cmpora.jpg 448w\" sizes=\"(max-width: 1000px) 100vw, 448px\" \/><div class=\"fusion-rollover\">\n\t<div class=\"fusion-rollover-content\">\n\n\t\t\t\t\t\t\t\t\t\t\t\t\t\t<a class=\"fusion-rollover-link\" href=\"https:\/\/ramse.es\/wordpress\/ilmo-dr-d-ricardo-gonzalez-campora-toma-posesion-como-academico-de-numero\/\">Ilmo. Dr. D. Ricardo Gonz\u00e1lez C\u00e1mpora toma posesi\u00f3n como Acad\u00e9mico de N\u00famero<\/a>\n\t\t\t\n\t\t\t\t\t\t\t\t\t\t\t\t\t\t\n\t\t\t\t\t\t\t\t\n\t\t\t\t\t\t\t\t\t\t\t\t\t<div class=\"fusion-rollover-sep\"><\/div>\n\t\t\t\t\n\t\t\t\t\t\t\t\t\t\t\t\t\t\t\t\t\t\t<a class=\"fusion-rollover-gallery\" href=\"https:\/\/ramse.es\/wordpress\/wp-content\/uploads\/2014\/05\/cmpora.jpg\" data-id=\"2160\" data-rel=\"iLightbox[gallery]\" data-title=\"cmpora\" data-caption=\"\">\n\t\t\t\t\t\tGaler\u00eda\t\t\t\t\t<\/a>\n\t\t\t\t\t\t\t\t\t\t\t\t\t\t\n\t\t\n\t\t\t\t\t\t\t\t\n\t\t\t\t\t\t\t\t\n\t\t\n\t\t\t\t\t\t<a class=\"fusion-link-wrapper\" href=\"https:\/\/ramse.es\/wordpress\/ilmo-dr-d-ricardo-gonzalez-campora-toma-posesion-como-academico-de-numero\/\" aria-label=\"Ilmo. Dr. D. Ricardo Gonz\u00e1lez C\u00e1mpora toma posesi\u00f3n como Acad\u00e9mico de N\u00famero\"><\/a>\n\t<\/div>\n<\/div>\n<\/div>\n<\/li>\n\t\t\t\n\t\t\t\n\t\t\t\t\t\t\t\t\t\t\t\t\t\t\t\t\t\t\t\t\t\t\t\t\t\t\t\t\t\t\t\t\t\t\t\t\t\t\t\t\t\t\t\t\t\t\t\t\t\t\t\t\t\t\t\t\t\t\t\t\t\t\t\t\t\t\t\t<\/ul>\n\t<\/div>\n\t<div class=\"fusion-date-and-formats\"><div class=\"fusion-date-box updated\"><span class=\"fusion-date\">mayo<\/span><span class=\"fusion-month-year\">12:00 am<\/span><\/div><div class=\"fusion-format-box\"><i class=\"awb-icon-pen\" aria-hidden=\"true\"><\/i><\/div><\/div><div class=\"fusion-post-content post-content\"><h2 class=\"blog-shortcode-post-title entry-title\"><a href=\"https:\/\/ramse.es\/wordpress\/ilmo-dr-d-ricardo-gonzalez-campora-toma-posesion-como-academico-de-numero\/\">Ilmo. Dr. D. Ricardo Gonz\u00e1lez C\u00e1mpora toma posesi\u00f3n como Acad\u00e9mico de N\u00famero<\/a><\/h2><p class=\"fusion-single-line-meta\">Por <span class=\"vcard\"><span class=\"fn\"><a href=\"https:\/\/ramse.es\/wordpress\/author\/ivan_z0qj9h4b\/\" title=\"Entradas de admin\" rel=\"author\">admin<\/a><\/span><\/span><span class=\"fusion-inline-sep\">|<\/span><span class=\"updated\" style=\"display:none;\">2014-05-18T00:00:00+02:00<\/span><span>mayo 18th, 2014<\/span><span class=\"fusion-inline-sep\">|<\/span>Categor\u00edas: <a href=\"https:\/\/ramse.es\/wordpress\/category\/news\/latest-news\/\" rel=\"category tag\">Noticias<\/a><span class=\"fusion-inline-sep\">|<\/span><\/p><div class=\"fusion-post-content-container\"><p><\/p><p>Esta ma\u00f1ana ha tomado posesi\u00f3n como Acad\u00e9mico de N\u00famero de la Real Academia de Medicina de Sevilla el profesor Ilmo. Dr. D. Ricardo Gonz\u00e1lez C\u00e1mpora, que ha pasado a ocupar la plaza de Patolog\u00eda Molecular, de nueva creaci\u00f3n, leyendo un discurso titulado \u201cLa patolog\u00eda molecular y el progreso de la medicina\u201d, que ha sido contestado por el Excmo. Dr. D. Hugo Galera Davidson.  <a href=\"https:\/\/ramse.es\/wordpress\/ilmo-dr-d-ricardo-gonzalez-campora-toma-posesion-como-academico-de-numero\/\">[\u2026]<\/a><\/p>\n<\/div><\/div><div class=\"fusion-clearfix\"><\/div><div class=\"fusion-meta-info\"><div class=\"fusion-alignright\"><a class=\"fusion-read-more\" href=\"https:\/\/ramse.es\/wordpress\/ilmo-dr-d-ricardo-gonzalez-campora-toma-posesion-como-academico-de-numero\/\" aria-label=\"More on Ilmo. Dr. D. Ricardo Gonz\u00e1lez C\u00e1mpora toma posesi\u00f3n como Acad\u00e9mico de N\u00famero\">Leer M\u00e1s<\/a><\/div><\/div><\/article>\n<article id=\"blog-1-post-2158\" class=\"fusion-post-large-alternate post-2158 post type-post status-publish format-standard hentry category-latest-news\">\n\t<style type=\"text\/css\">\n\t\t\n\t\t\n\t\t\n\t\t\n\t\t\t<\/style>\n\n\n<div class=\"fusion-date-and-formats\"><div class=\"fusion-date-box updated\"><span class=\"fusion-date\">abril<\/span><span class=\"fusion-month-year\">12:00 am<\/span><\/div><div class=\"fusion-format-box\"><i class=\"awb-icon-pen\" aria-hidden=\"true\"><\/i><\/div><\/div><div class=\"fusion-post-content post-content\"><h2 class=\"blog-shortcode-post-title entry-title\"><a href=\"https:\/\/ramse.es\/wordpress\/necrologica\/\">NECROL\u00d3GICA<\/a><\/h2><p class=\"fusion-single-line-meta\">Por <span class=\"vcard\"><span class=\"fn\"><a href=\"https:\/\/ramse.es\/wordpress\/author\/ivan_z0qj9h4b\/\" title=\"Entradas de admin\" rel=\"author\">admin<\/a><\/span><\/span><span class=\"fusion-inline-sep\">|<\/span><span class=\"updated\" style=\"display:none;\">2014-04-30T00:00:00+02:00<\/span><span>abril 30th, 2014<\/span><span class=\"fusion-inline-sep\">|<\/span>Categor\u00edas: <a href=\"https:\/\/ramse.es\/wordpress\/category\/news\/latest-news\/\" rel=\"category tag\">Noticias<\/a><span class=\"fusion-inline-sep\">|<\/span><\/p><div class=\"fusion-post-content-container\"><p><\/p><p>El pasado d\u00eda 28 de abril falleci\u00f3 en Sevilla el Ilmo. Dr. D. Lucas Bermudo Fern\u00e1ndez, miembro numerario de la Real Academia de Medicina y Cirug\u00eda de Sevilla.  <a href=\"https:\/\/ramse.es\/wordpress\/necrologica\/\">[\u2026]<\/a><\/p>\n<\/div><\/div><div class=\"fusion-clearfix\"><\/div><div class=\"fusion-meta-info\"><div class=\"fusion-alignright\"><a class=\"fusion-read-more\" href=\"https:\/\/ramse.es\/wordpress\/necrologica\/\" aria-label=\"More on NECROL\u00d3GICA\">Leer M\u00e1s<\/a><\/div><\/div><\/article>\n<article id=\"blog-1-post-2157\" class=\"fusion-post-large-alternate post-2157 post type-post status-publish format-standard has-post-thumbnail hentry category-latest-news category-premios-academia\">\n\t<style type=\"text\/css\">\n\t\t\n\t\t\n\t\t\n\t\t\n\t\t\t<\/style>\n\n\n\t\t\t<div class=\"fusion-flexslider flexslider fusion-flexslider-loading fusion-post-slideshow\" style=\"\">\n\t\t<ul class=\"slides\">\n\t\t\t\n\t\t\t\t\t\t\t\t\t\t\t\t\t\t<li><div  class=\"fusion-image-wrapper\" aria-haspopup=\"true\">\n\t\t\t\t<img decoding=\"async\" width=\"448\" height=\"336\" src=\"https:\/\/ramse.es\/wordpress\/wp-content\/uploads\/2014\/04\/img_9883.jpg\" class=\"attachment-full size-full wp-post-image\" alt=\"\" srcset=\"https:\/\/ramse.es\/wordpress\/wp-content\/uploads\/2014\/04\/img_9883-200x150.jpg 200w, https:\/\/ramse.es\/wordpress\/wp-content\/uploads\/2014\/04\/img_9883-400x300.jpg 400w, https:\/\/ramse.es\/wordpress\/wp-content\/uploads\/2014\/04\/img_9883.jpg 448w\" sizes=\"(max-width: 1000px) 100vw, 448px\" \/><div class=\"fusion-rollover\">\n\t<div class=\"fusion-rollover-content\">\n\n\t\t\t\t\t\t\t\t\t\t\t\t\t\t<a class=\"fusion-rollover-link\" href=\"https:\/\/ramse.es\/wordpress\/presentacion-de-premios-del-concurso-del-ano-2013-2\/\">Presentaci\u00f3n de Premios del Concurso del A\u00f1o 2013<\/a>\n\t\t\t\n\t\t\t\t\t\t\t\t\t\t\t\t\t\t\n\t\t\t\t\t\t\t\t\n\t\t\t\t\t\t\t\t\t\t\t\t\t<div class=\"fusion-rollover-sep\"><\/div>\n\t\t\t\t\n\t\t\t\t\t\t\t\t\t\t\t\t\t\t\t\t\t\t<a class=\"fusion-rollover-gallery\" href=\"https:\/\/ramse.es\/wordpress\/wp-content\/uploads\/2014\/04\/img_9883.jpg\" data-id=\"2157\" data-rel=\"iLightbox[gallery]\" data-title=\"img_9883\" data-caption=\"\">\n\t\t\t\t\t\tGaler\u00eda\t\t\t\t\t<\/a>\n\t\t\t\t\t\t\t\t\t\t\t\t\t\t\n\t\t\n\t\t\t\t\t\t\t\t\n\t\t\t\t\t\t\t\t\n\t\t\n\t\t\t\t\t\t<a class=\"fusion-link-wrapper\" href=\"https:\/\/ramse.es\/wordpress\/presentacion-de-premios-del-concurso-del-ano-2013-2\/\" aria-label=\"Presentaci\u00f3n de Premios del Concurso del A\u00f1o 2013\"><\/a>\n\t<\/div>\n<\/div>\n<\/div>\n<\/li>\n\t\t\t\n\t\t\t\n\t\t\t\t\t\t\t\t\t\t\t\t\t\t\t\t\t\t\t\t\t\t\t\t\t\t\t\t\t\t\t\t\t\t\t\t\t\t\t\t\t\t\t\t\t\t\t\t\t\t\t\t\t\t\t\t\t\t\t\t\t\t\t\t\t\t\t\t<\/ul>\n\t<\/div>\n\t<div class=\"fusion-date-and-formats\"><div class=\"fusion-date-box updated\"><span class=\"fusion-date\">abril<\/span><span class=\"fusion-month-year\">12:00 am<\/span><\/div><div class=\"fusion-format-box\"><i class=\"awb-icon-pen\" aria-hidden=\"true\"><\/i><\/div><\/div><div class=\"fusion-post-content post-content\"><h2 class=\"blog-shortcode-post-title entry-title\"><a href=\"https:\/\/ramse.es\/wordpress\/presentacion-de-premios-del-concurso-del-ano-2013-2\/\">Presentaci\u00f3n de Premios del Concurso del A\u00f1o 2013<\/a><\/h2><p class=\"fusion-single-line-meta\">Por <span class=\"vcard\"><span class=\"fn\"><a href=\"https:\/\/ramse.es\/wordpress\/author\/ivan_z0qj9h4b\/\" title=\"Entradas de admin\" rel=\"author\">admin<\/a><\/span><\/span><span class=\"fusion-inline-sep\">|<\/span><span class=\"updated\" style=\"display:none;\">2020-04-13T11:33:45+02:00<\/span><span>abril 28th, 2014<\/span><span class=\"fusion-inline-sep\">|<\/span>Categor\u00edas: <a href=\"https:\/\/ramse.es\/wordpress\/category\/news\/latest-news\/\" rel=\"category tag\">Noticias<\/a>, <a href=\"https:\/\/ramse.es\/wordpress\/category\/premios-academia\/\" rel=\"category tag\">Premios Academia<\/a><span class=\"fusion-inline-sep\">|<\/span><\/p><div class=\"fusion-post-content-container\"><p><\/p><p>La Real Academia de Medicina de Sevilla ha acogido la segunda sesi\u00f3n de presentaci\u00f3n de Premios del Concurso del A\u00f1o 2013 en la que han intervenido los Dres. D\u00f1a. Libia Quero Acosta y D. Mart\u00edn Navarro Merino.  <a href=\"https:\/\/ramse.es\/wordpress\/presentacion-de-premios-del-concurso-del-ano-2013-2\/\">[\u2026]<\/a><\/p>\n<\/div><\/div><div class=\"fusion-clearfix\"><\/div><div class=\"fusion-meta-info\"><div class=\"fusion-alignright\"><a class=\"fusion-read-more\" href=\"https:\/\/ramse.es\/wordpress\/presentacion-de-premios-del-concurso-del-ano-2013-2\/\" aria-label=\"More on Presentaci\u00f3n de Premios del Concurso del A\u00f1o 2013\">Leer M\u00e1s<\/a><\/div><\/div><\/article>\n<article id=\"blog-1-post-2155\" class=\"fusion-post-large-alternate post-2155 post type-post status-publish format-standard has-post-thumbnail hentry category-latest-news\">\n\t<style type=\"text\/css\">\n\t\t\n\t\t\n\t\t\n\t\t\n\t\t\t<\/style>\n\n\n\t\t\t<div class=\"fusion-flexslider flexslider fusion-flexslider-loading fusion-post-slideshow\" style=\"\">\n\t\t<ul class=\"slides\">\n\t\t\t\n\t\t\t\t\t\t\t\t\t\t\t\t\t\t<li><div  class=\"fusion-image-wrapper\" aria-haspopup=\"true\">\n\t\t\t\t<img decoding=\"async\" width=\"448\" height=\"336\" src=\"https:\/\/ramse.es\/wordpress\/wp-content\/uploads\/2014\/04\/correspondientes_abril_14.jpg\" class=\"attachment-full size-full wp-post-image\" alt=\"\" srcset=\"https:\/\/ramse.es\/wordpress\/wp-content\/uploads\/2014\/04\/correspondientes_abril_14-200x150.jpg 200w, https:\/\/ramse.es\/wordpress\/wp-content\/uploads\/2014\/04\/correspondientes_abril_14-400x300.jpg 400w, https:\/\/ramse.es\/wordpress\/wp-content\/uploads\/2014\/04\/correspondientes_abril_14.jpg 448w\" sizes=\"(max-width: 1000px) 100vw, 448px\" \/><div class=\"fusion-rollover\">\n\t<div class=\"fusion-rollover-content\">\n\n\t\t\t\t\t\t\t\t\t\t\t\t\t\t<a class=\"fusion-rollover-link\" href=\"https:\/\/ramse.es\/wordpress\/recepcion-de-academicos-correspondientes-3\/\">Recepci\u00f3n de Acad\u00e9micos Correspondientes<\/a>\n\t\t\t\n\t\t\t\t\t\t\t\t\t\t\t\t\t\t\n\t\t\t\t\t\t\t\t\n\t\t\t\t\t\t\t\t\t\t\t\t\t<div class=\"fusion-rollover-sep\"><\/div>\n\t\t\t\t\n\t\t\t\t\t\t\t\t\t\t\t\t\t\t\t\t\t\t<a class=\"fusion-rollover-gallery\" href=\"https:\/\/ramse.es\/wordpress\/wp-content\/uploads\/2014\/04\/correspondientes_abril_14.jpg\" data-id=\"2155\" data-rel=\"iLightbox[gallery]\" data-title=\"correspondientes_abril_14\" data-caption=\"\">\n\t\t\t\t\t\tGaler\u00eda\t\t\t\t\t<\/a>\n\t\t\t\t\t\t\t\t\t\t\t\t\t\t\n\t\t\n\t\t\t\t\t\t\t\t\n\t\t\t\t\t\t\t\t\n\t\t\n\t\t\t\t\t\t<a class=\"fusion-link-wrapper\" href=\"https:\/\/ramse.es\/wordpress\/recepcion-de-academicos-correspondientes-3\/\" aria-label=\"Recepci\u00f3n de Acad\u00e9micos Correspondientes\"><\/a>\n\t<\/div>\n<\/div>\n<\/div>\n<\/li>\n\t\t\t\n\t\t\t\n\t\t\t\t\t\t\t\t\t\t\t\t\t\t\t\t\t\t\t\t\t\t\t\t\t\t\t\t\t\t\t\t\t\t\t\t\t\t\t\t\t\t\t\t\t\t\t\t\t\t\t\t\t\t\t\t\t\t\t\t\t\t\t\t\t\t\t\t<\/ul>\n\t<\/div>\n\t<div class=\"fusion-date-and-formats\"><div class=\"fusion-date-box updated\"><span class=\"fusion-date\">abril<\/span><span class=\"fusion-month-year\">12:00 am<\/span><\/div><div class=\"fusion-format-box\"><i class=\"awb-icon-pen\" aria-hidden=\"true\"><\/i><\/div><\/div><div class=\"fusion-post-content post-content\"><h2 class=\"blog-shortcode-post-title entry-title\"><a href=\"https:\/\/ramse.es\/wordpress\/recepcion-de-academicos-correspondientes-3\/\">Recepci\u00f3n de Acad\u00e9micos Correspondientes<\/a><\/h2><p class=\"fusion-single-line-meta\">Por <span class=\"vcard\"><span class=\"fn\"><a href=\"https:\/\/ramse.es\/wordpress\/author\/ivan_z0qj9h4b\/\" title=\"Entradas de admin\" rel=\"author\">admin<\/a><\/span><\/span><span class=\"fusion-inline-sep\">|<\/span><span class=\"updated\" style=\"display:none;\">2014-04-04T00:00:00+02:00<\/span><span>abril 4th, 2014<\/span><span class=\"fusion-inline-sep\">|<\/span>Categor\u00edas: <a href=\"https:\/\/ramse.es\/wordpress\/category\/news\/latest-news\/\" rel=\"category tag\">Noticias<\/a><span class=\"fusion-inline-sep\">|<\/span><\/p><div class=\"fusion-post-content-container\"><p><\/p><p>\u00a0 Ayer se celebr\u00f3 en la Real Academia de Medicina de Sevilla acto durante el cual se recibieron como Acad\u00e9micos Correspondientes los Dres. Juan Virizuela Echaburru, Manuel Montero P\u00e9rez-Barquero y Juan Luis P\u00e9rez Navero.  <a href=\"https:\/\/ramse.es\/wordpress\/recepcion-de-academicos-correspondientes-3\/\">[\u2026]<\/a><\/p>\n<\/div><\/div><div class=\"fusion-clearfix\"><\/div><div class=\"fusion-meta-info\"><div class=\"fusion-alignright\"><a class=\"fusion-read-more\" href=\"https:\/\/ramse.es\/wordpress\/recepcion-de-academicos-correspondientes-3\/\" aria-label=\"More on Recepci\u00f3n de Acad\u00e9micos Correspondientes\">Leer M\u00e1s<\/a><\/div><\/div><\/article>\n<article id=\"blog-1-post-2153\" class=\"fusion-post-large-alternate post-2153 post type-post status-publish format-standard has-post-thumbnail hentry category-latest-news category-premios-academia\">\n\t<style type=\"text\/css\">\n\t\t\n\t\t\n\t\t\n\t\t\n\t\t\t<\/style>\n\n\n\t\t\t<div class=\"fusion-flexslider flexslider fusion-flexslider-loading fusion-post-slideshow\" style=\"\">\n\t\t<ul class=\"slides\">\n\t\t\t\n\t\t\t\t\t\t\t\t\t\t\t\t\t\t<li><div  class=\"fusion-image-wrapper\" aria-haspopup=\"true\">\n\t\t\t\t<img decoding=\"async\" width=\"448\" height=\"300\" src=\"https:\/\/ramse.es\/wordpress\/wp-content\/uploads\/2014\/03\/premios2013.jpg\" class=\"attachment-full size-full wp-post-image\" alt=\"\" srcset=\"https:\/\/ramse.es\/wordpress\/wp-content\/uploads\/2014\/03\/premios2013-200x134.jpg 200w, https:\/\/ramse.es\/wordpress\/wp-content\/uploads\/2014\/03\/premios2013-400x268.jpg 400w, https:\/\/ramse.es\/wordpress\/wp-content\/uploads\/2014\/03\/premios2013.jpg 448w\" sizes=\"(max-width: 1000px) 100vw, 448px\" \/><div class=\"fusion-rollover\">\n\t<div class=\"fusion-rollover-content\">\n\n\t\t\t\t\t\t\t\t\t\t\t\t\t\t<a class=\"fusion-rollover-link\" href=\"https:\/\/ramse.es\/wordpress\/presentacion-de-premios-del-concurso-del-ano-2013\/\">Presentaci\u00f3n de Premios del Concurso del A\u00f1o 2013<\/a>\n\t\t\t\n\t\t\t\t\t\t\t\t\t\t\t\t\t\t\n\t\t\t\t\t\t\t\t\n\t\t\t\t\t\t\t\t\t\t\t\t\t<div class=\"fusion-rollover-sep\"><\/div>\n\t\t\t\t\n\t\t\t\t\t\t\t\t\t\t\t\t\t\t\t\t\t\t<a class=\"fusion-rollover-gallery\" href=\"https:\/\/ramse.es\/wordpress\/wp-content\/uploads\/2014\/03\/premios2013.jpg\" data-id=\"2153\" data-rel=\"iLightbox[gallery]\" data-title=\"premios2013\" data-caption=\"\">\n\t\t\t\t\t\tGaler\u00eda\t\t\t\t\t<\/a>\n\t\t\t\t\t\t\t\t\t\t\t\t\t\t\n\t\t\n\t\t\t\t\t\t\t\t\n\t\t\t\t\t\t\t\t\n\t\t\n\t\t\t\t\t\t<a class=\"fusion-link-wrapper\" href=\"https:\/\/ramse.es\/wordpress\/presentacion-de-premios-del-concurso-del-ano-2013\/\" aria-label=\"Presentaci\u00f3n de Premios del Concurso del A\u00f1o 2013\"><\/a>\n\t<\/div>\n<\/div>\n<\/div>\n<\/li>\n\t\t\t\n\t\t\t\n\t\t\t\t\t\t\t\t\t\t\t\t\t\t\t\t\t\t\t\t\t\t\t\t\t\t\t\t\t\t\t\t\t\t\t\t\t\t\t\t\t\t\t\t\t\t\t\t\t\t\t\t\t\t\t\t\t\t\t\t\t\t\t\t\t\t\t\t<\/ul>\n\t<\/div>\n\t<div class=\"fusion-date-and-formats\"><div class=\"fusion-date-box updated\"><span class=\"fusion-date\">marzo<\/span><span class=\"fusion-month-year\">12:00 am<\/span><\/div><div class=\"fusion-format-box\"><i class=\"awb-icon-pen\" aria-hidden=\"true\"><\/i><\/div><\/div><div class=\"fusion-post-content post-content\"><h2 class=\"blog-shortcode-post-title entry-title\"><a href=\"https:\/\/ramse.es\/wordpress\/presentacion-de-premios-del-concurso-del-ano-2013\/\">Presentaci\u00f3n de Premios del Concurso del A\u00f1o 2013<\/a><\/h2><p class=\"fusion-single-line-meta\">Por <span class=\"vcard\"><span class=\"fn\"><a href=\"https:\/\/ramse.es\/wordpress\/author\/ivan_z0qj9h4b\/\" title=\"Entradas de admin\" rel=\"author\">admin<\/a><\/span><\/span><span class=\"fusion-inline-sep\">|<\/span><span class=\"updated\" style=\"display:none;\">2020-04-13T11:33:41+02:00<\/span><span>marzo 14th, 2014<\/span><span class=\"fusion-inline-sep\">|<\/span>Categor\u00edas: <a href=\"https:\/\/ramse.es\/wordpress\/category\/news\/latest-news\/\" rel=\"category tag\">Noticias<\/a>, <a href=\"https:\/\/ramse.es\/wordpress\/category\/premios-academia\/\" rel=\"category tag\">Premios Academia<\/a><span class=\"fusion-inline-sep\">|<\/span><\/p><div class=\"fusion-post-content-container\"><p><\/p><p>\u00a0 La Real Academia de Medicina de Sevilla ha acogido la primera sesi\u00f3n de presentaci\u00f3n de Premios del Concurso del A\u00f1o 2013 en la que han intervenido los Dres. D. Carlos Col\u00e1s Sanz y D. Fernando Vaquero Ruiz.  <a href=\"https:\/\/ramse.es\/wordpress\/presentacion-de-premios-del-concurso-del-ano-2013\/\">[\u2026]<\/a><\/p>\n<\/div><\/div><div class=\"fusion-clearfix\"><\/div><div class=\"fusion-meta-info\"><div class=\"fusion-alignright\"><a class=\"fusion-read-more\" href=\"https:\/\/ramse.es\/wordpress\/presentacion-de-premios-del-concurso-del-ano-2013\/\" aria-label=\"More on Presentaci\u00f3n de Premios del Concurso del A\u00f1o 2013\">Leer M\u00e1s<\/a><\/div><\/div><\/article>\n<article id=\"blog-1-post-2151\" class=\"fusion-post-large-alternate post-2151 post type-post status-publish format-standard has-post-thumbnail hentry category-latest-news\">\n\t<style type=\"text\/css\">\n\t\t\n\t\t\n\t\t\n\t\t\n\t\t\t<\/style>\n\n\n\t\t\t<div class=\"fusion-flexslider flexslider fusion-flexslider-loading fusion-post-slideshow\" style=\"\">\n\t\t<ul class=\"slides\">\n\t\t\t\n\t\t\t\t\t\t\t\t\t\t\t\t\t\t<li><div  class=\"fusion-image-wrapper\" aria-haspopup=\"true\">\n\t\t\t\t<img decoding=\"async\" width=\"448\" height=\"300\" src=\"https:\/\/ramse.es\/wordpress\/wp-content\/uploads\/2014\/03\/dsc_0071.jpg\" class=\"attachment-full size-full wp-post-image\" alt=\"\" srcset=\"https:\/\/ramse.es\/wordpress\/wp-content\/uploads\/2014\/03\/dsc_0071-200x134.jpg 200w, https:\/\/ramse.es\/wordpress\/wp-content\/uploads\/2014\/03\/dsc_0071-400x268.jpg 400w, https:\/\/ramse.es\/wordpress\/wp-content\/uploads\/2014\/03\/dsc_0071.jpg 448w\" sizes=\"(max-width: 1000px) 100vw, 448px\" \/><div class=\"fusion-rollover\">\n\t<div class=\"fusion-rollover-content\">\n\n\t\t\t\t\t\t\t\t\t\t\t\t\t\t<a class=\"fusion-rollover-link\" href=\"https:\/\/ramse.es\/wordpress\/la-real-academia-de-medicina-y-cirugia-de-sevilla-firma-un-acuerdo-de-colaboracion-con-el-real-e-ilustre-colegio-oficial-de-medicos\/\">La Real Academia de Medicina y Cirug\u00eda de Sevilla firma un acuerdo de colaboraci\u00f3n con el Real e Ilustre Colegio Oficial de M\u00e9dicos<\/a>\n\t\t\t\n\t\t\t\t\t\t\t\t\t\t\t\t\t\t\n\t\t\t\t\t\t\t\t\n\t\t\t\t\t\t\t\t\t\t\t\t\t<div class=\"fusion-rollover-sep\"><\/div>\n\t\t\t\t\n\t\t\t\t\t\t\t\t\t\t\t\t\t\t\t\t\t\t<a class=\"fusion-rollover-gallery\" href=\"https:\/\/ramse.es\/wordpress\/wp-content\/uploads\/2014\/03\/dsc_0071.jpg\" data-id=\"2151\" data-rel=\"iLightbox[gallery]\" data-title=\"dsc_0071\" data-caption=\"\">\n\t\t\t\t\t\tGaler\u00eda\t\t\t\t\t<\/a>\n\t\t\t\t\t\t\t\t\t\t\t\t\t\t\n\t\t\n\t\t\t\t\t\t\t\t\n\t\t\t\t\t\t\t\t\n\t\t\n\t\t\t\t\t\t<a class=\"fusion-link-wrapper\" href=\"https:\/\/ramse.es\/wordpress\/la-real-academia-de-medicina-y-cirugia-de-sevilla-firma-un-acuerdo-de-colaboracion-con-el-real-e-ilustre-colegio-oficial-de-medicos\/\" aria-label=\"La Real Academia de Medicina y Cirug\u00eda de Sevilla firma un acuerdo de colaboraci\u00f3n con el Real e Ilustre Colegio Oficial de M\u00e9dicos\"><\/a>\n\t<\/div>\n<\/div>\n<\/div>\n<\/li>\n\t\t\t\n\t\t\t\n\t\t\t\t\t\t\t\t\t\t\t\t\t\t\t\t\t\t\t\t\t\t\t\t\t\t\t\t\t\t\t\t\t\t\t\t\t\t\t\t\t\t\t\t\t\t\t\t\t\t\t\t\t\t\t\t\t\t\t\t\t\t\t\t\t\t\t\t<\/ul>\n\t<\/div>\n\t<div class=\"fusion-date-and-formats\"><div class=\"fusion-date-box updated\"><span class=\"fusion-date\">marzo<\/span><span class=\"fusion-month-year\">12:00 am<\/span><\/div><div class=\"fusion-format-box\"><i class=\"awb-icon-pen\" aria-hidden=\"true\"><\/i><\/div><\/div><div class=\"fusion-post-content post-content\"><h2 class=\"blog-shortcode-post-title entry-title\"><a href=\"https:\/\/ramse.es\/wordpress\/la-real-academia-de-medicina-y-cirugia-de-sevilla-firma-un-acuerdo-de-colaboracion-con-el-real-e-ilustre-colegio-oficial-de-medicos\/\">La Real Academia de Medicina y Cirug\u00eda de Sevilla firma un acuerdo de colaboraci\u00f3n con el Real e Ilustre Colegio Oficial de M\u00e9dicos<\/a><\/h2><p class=\"fusion-single-line-meta\">Por <span class=\"vcard\"><span class=\"fn\"><a href=\"https:\/\/ramse.es\/wordpress\/author\/ivan_z0qj9h4b\/\" title=\"Entradas de admin\" rel=\"author\">admin<\/a><\/span><\/span><span class=\"fusion-inline-sep\">|<\/span><span class=\"updated\" style=\"display:none;\">2014-03-13T00:00:00+02:00<\/span><span>marzo 13th, 2014<\/span><span class=\"fusion-inline-sep\">|<\/span>Categor\u00edas: <a href=\"https:\/\/ramse.es\/wordpress\/category\/news\/latest-news\/\" rel=\"category tag\">Noticias<\/a><span class=\"fusion-inline-sep\">|<\/span><\/p><div class=\"fusion-post-content-container\"><p><\/p><p>\u00a0 El presidente de la Academia, Dr. D. Jes\u00fas Casti\u00f1eiras Fern\u00e1ndez; y el presidente del Colegio de M\u00e9dicos, Dr. D. Juan Bautista Alca\u00f1iz Folch, han firmado un acuerdo con la finalidad de establecer una colaboraci\u00f3n m\u00e1s estrecha entre ambas corporaciones.  <a href=\"https:\/\/ramse.es\/wordpress\/la-real-academia-de-medicina-y-cirugia-de-sevilla-firma-un-acuerdo-de-colaboracion-con-el-real-e-ilustre-colegio-oficial-de-medicos\/\">[\u2026]<\/a><\/p>\n<\/div><\/div><div class=\"fusion-clearfix\"><\/div><div class=\"fusion-meta-info\"><div class=\"fusion-alignright\"><a class=\"fusion-read-more\" href=\"https:\/\/ramse.es\/wordpress\/la-real-academia-de-medicina-y-cirugia-de-sevilla-firma-un-acuerdo-de-colaboracion-con-el-real-e-ilustre-colegio-oficial-de-medicos\/\" aria-label=\"More on La Real Academia de Medicina y Cirug\u00eda de Sevilla firma un acuerdo de colaboraci\u00f3n con el Real e Ilustre Colegio Oficial de M\u00e9dicos\">Leer M\u00e1s<\/a><\/div><\/div><\/article>\n<article id=\"blog-1-post-2148\" class=\"fusion-post-large-alternate post-2148 post type-post status-publish format-standard has-post-thumbnail hentry category-latest-news\">\n\t<style type=\"text\/css\">\n\t\t\n\t\t\n\t\t\n\t\t\n\t\t\t<\/style>\n\n\n\t\t\t<div class=\"fusion-flexslider flexslider fusion-flexslider-loading fusion-post-slideshow\" style=\"\">\n\t\t<ul class=\"slides\">\n\t\t\t\n\t\t\t\t\t\t\t\t\t\t\t\t\t\t<li><div  class=\"fusion-image-wrapper\" aria-haspopup=\"true\">\n\t\t\t\t<img decoding=\"async\" width=\"448\" height=\"300\" src=\"https:\/\/ramse.es\/wordpress\/wp-content\/uploads\/2014\/03\/dr_pea.jpg\" class=\"attachment-full size-full wp-post-image\" alt=\"\" srcset=\"https:\/\/ramse.es\/wordpress\/wp-content\/uploads\/2014\/03\/dr_pea-200x134.jpg 200w, https:\/\/ramse.es\/wordpress\/wp-content\/uploads\/2014\/03\/dr_pea-400x268.jpg 400w, https:\/\/ramse.es\/wordpress\/wp-content\/uploads\/2014\/03\/dr_pea.jpg 448w\" sizes=\"(max-width: 1000px) 100vw, 448px\" \/><div class=\"fusion-rollover\">\n\t<div class=\"fusion-rollover-content\">\n\n\t\t\t\t\t\t\t\t\t\t\t\t\t\t<a class=\"fusion-rollover-link\" href=\"https:\/\/ramse.es\/wordpress\/el-dr-jose-pena-martinez-ingresa-como-academico-de-numero\/\">El Dr. Jos\u00e9 Pe\u00f1a Mart\u00ednez ingresa como Acad\u00e9mico de N\u00famero<\/a>\n\t\t\t\n\t\t\t\t\t\t\t\t\t\t\t\t\t\t\n\t\t\t\t\t\t\t\t\n\t\t\t\t\t\t\t\t\t\t\t\t\t<div class=\"fusion-rollover-sep\"><\/div>\n\t\t\t\t\n\t\t\t\t\t\t\t\t\t\t\t\t\t\t\t\t\t\t<a class=\"fusion-rollover-gallery\" href=\"https:\/\/ramse.es\/wordpress\/wp-content\/uploads\/2014\/03\/dr_pea.jpg\" data-id=\"2148\" data-rel=\"iLightbox[gallery]\" data-title=\"dr_pea\" data-caption=\"\">\n\t\t\t\t\t\tGaler\u00eda\t\t\t\t\t<\/a>\n\t\t\t\t\t\t\t\t\t\t\t\t\t\t\n\t\t\n\t\t\t\t\t\t\t\t\n\t\t\t\t\t\t\t\t\n\t\t\n\t\t\t\t\t\t<a class=\"fusion-link-wrapper\" href=\"https:\/\/ramse.es\/wordpress\/el-dr-jose-pena-martinez-ingresa-como-academico-de-numero\/\" aria-label=\"El Dr. Jos\u00e9 Pe\u00f1a Mart\u00ednez ingresa como Acad\u00e9mico de N\u00famero\"><\/a>\n\t<\/div>\n<\/div>\n<\/div>\n<\/li>\n\t\t\t\n\t\t\t\n\t\t\t\t\t\t\t\t\t\t\t\t\t\t\t\t\t\t\t\t\t\t\t\t\t\t\t\t\t\t\t\t\t\t\t\t\t\t\t\t\t\t\t\t\t\t\t\t\t\t\t\t\t\t\t\t\t\t\t\t\t\t\t\t\t\t\t\t<\/ul>\n\t<\/div>\n\t<div class=\"fusion-date-and-formats\"><div class=\"fusion-date-box updated\"><span class=\"fusion-date\">marzo<\/span><span class=\"fusion-month-year\">12:00 am<\/span><\/div><div class=\"fusion-format-box\"><i class=\"awb-icon-pen\" aria-hidden=\"true\"><\/i><\/div><\/div><div class=\"fusion-post-content post-content\"><h2 class=\"blog-shortcode-post-title entry-title\"><a href=\"https:\/\/ramse.es\/wordpress\/el-dr-jose-pena-martinez-ingresa-como-academico-de-numero\/\">El Dr. Jos\u00e9 Pe\u00f1a Mart\u00ednez ingresa como Acad\u00e9mico de N\u00famero<\/a><\/h2><p class=\"fusion-single-line-meta\">Por <span class=\"vcard\"><span class=\"fn\"><a href=\"https:\/\/ramse.es\/wordpress\/author\/ivan_z0qj9h4b\/\" title=\"Entradas de admin\" rel=\"author\">admin<\/a><\/span><\/span><span class=\"fusion-inline-sep\">|<\/span><span class=\"updated\" style=\"display:none;\">2014-03-10T00:00:00+02:00<\/span><span>marzo 10th, 2014<\/span><span class=\"fusion-inline-sep\">|<\/span>Categor\u00edas: <a href=\"https:\/\/ramse.es\/wordpress\/category\/news\/latest-news\/\" rel=\"category tag\">Noticias<\/a><span class=\"fusion-inline-sep\">|<\/span><\/p><div class=\"fusion-post-content-container\"><p>\u00a0 Este fin de semana el Dr. Jos\u00e9 Pe\u00f1a Mart\u00ednez ha tomado posesi\u00f3n como Acad\u00e9mico de N\u00famero en la plaza de Inmunolog\u00eda M\u00e9dica, de nueva creaci\u00f3n, en la Real Academia de Medicina y Cirug\u00eda de Sevilla, leyendo su discurso de ingreso sobre \u201cSistema inmunol\u00f3gico como guardi\u00e1n de nuestra identidad: \u00e9xitos y fracasos\u201d, siendo contestado por el tambi\u00e9n Numerario Dr. Pedro S\u00e1nchez Guijo. Durante su intervenci\u00f3n ha destacado la importancia de <a href=\"https:\/\/ramse.es\/wordpress\/el-dr-jose-pena-martinez-ingresa-como-academico-de-numero\/\">[...]<\/a><\/p><\/div><\/div><div class=\"fusion-clearfix\"><\/div><div class=\"fusion-meta-info\"><div class=\"fusion-alignright\"><a class=\"fusion-read-more\" href=\"https:\/\/ramse.es\/wordpress\/el-dr-jose-pena-martinez-ingresa-como-academico-de-numero\/\" aria-label=\"More on El Dr. Jos\u00e9 Pe\u00f1a Mart\u00ednez ingresa como Acad\u00e9mico de N\u00famero\">Leer M\u00e1s<\/a><\/div><\/div><\/article>\n<article id=\"blog-1-post-2149\" class=\"fusion-post-large-alternate post-2149 post type-post status-publish format-standard hentry category-latest-news\">\n\t<style type=\"text\/css\">\n\t\t\n\t\t\n\t\t\n\t\t\n\t\t\t<\/style>\n\n\n<div class=\"fusion-date-and-formats\"><div class=\"fusion-date-box updated\"><span class=\"fusion-date\">febrero<\/span><span class=\"fusion-month-year\">12:00 am<\/span><\/div><div class=\"fusion-format-box\"><i class=\"awb-icon-pen\" aria-hidden=\"true\"><\/i><\/div><\/div><div class=\"fusion-post-content post-content\"><h2 class=\"blog-shortcode-post-title entry-title\"><a href=\"https:\/\/ramse.es\/wordpress\/fallece-el-dr-rafael-martinez-dominguez\/\">Fallece el Dr. Rafael Mart\u00ednez Dom\u00ednguez<\/a><\/h2><p class=\"fusion-single-line-meta\">Por <span class=\"vcard\"><span class=\"fn\"><a href=\"https:\/\/ramse.es\/wordpress\/author\/ivan_z0qj9h4b\/\" title=\"Entradas de admin\" rel=\"author\">admin<\/a><\/span><\/span><span class=\"fusion-inline-sep\">|<\/span><span class=\"updated\" style=\"display:none;\">2014-02-24T00:00:00+02:00<\/span><span>febrero 24th, 2014<\/span><span class=\"fusion-inline-sep\">|<\/span>Categor\u00edas: <a href=\"https:\/\/ramse.es\/wordpress\/category\/news\/latest-news\/\" rel=\"category tag\">Noticias<\/a><span class=\"fusion-inline-sep\">|<\/span><\/p><div class=\"fusion-post-content-container\"><p>El d\u00eda 23 de febrero del presente a\u00f1o falleci\u00f3 en Sevilla el Secretario General Perpetuo de Honor de la Real Academia de Medicina de Sevilla, Ilmo. Dr. D. Rafael Mart\u00ednez Dom\u00ednguez. La Regia Sociedad tiene previsto en fecha pr\u00f3xima a\u00fan no se\u00f1alada, Sesi\u00f3n Necrol\u00f3gica en homenaje a su memoria.<\/p><\/div><\/div><div class=\"fusion-clearfix\"><\/div><div class=\"fusion-meta-info\"><div class=\"fusion-alignright\"><a class=\"fusion-read-more\" href=\"https:\/\/ramse.es\/wordpress\/fallece-el-dr-rafael-martinez-dominguez\/\" aria-label=\"More on Fallece el Dr. Rafael Mart\u00ednez Dom\u00ednguez\">Leer M\u00e1s<\/a><\/div><\/div><\/article>\n<article id=\"blog-1-post-2146\" class=\"fusion-post-large-alternate post-2146 post type-post status-publish format-standard has-post-thumbnail hentry category-latest-news\">\n\t<style type=\"text\/css\">\n\t\t\n\t\t\n\t\t\n\t\t\n\t\t\t<\/style>\n\n\n\t\t\t<div class=\"fusion-flexslider flexslider fusion-flexslider-loading fusion-post-slideshow\" style=\"\">\n\t\t<ul class=\"slides\">\n\t\t\t\n\t\t\t\t\t\t\t\t\t\t\t\t\t\t<li><div  class=\"fusion-image-wrapper\" aria-haspopup=\"true\">\n\t\t\t\t<img decoding=\"async\" width=\"448\" height=\"300\" src=\"https:\/\/ramse.es\/wordpress\/wp-content\/uploads\/2014\/01\/aperturacurso.jpg\" class=\"attachment-full size-full wp-post-image\" alt=\"\" srcset=\"https:\/\/ramse.es\/wordpress\/wp-content\/uploads\/2014\/01\/aperturacurso-200x134.jpg 200w, https:\/\/ramse.es\/wordpress\/wp-content\/uploads\/2014\/01\/aperturacurso-400x268.jpg 400w, https:\/\/ramse.es\/wordpress\/wp-content\/uploads\/2014\/01\/aperturacurso.jpg 448w\" sizes=\"(max-width: 1000px) 100vw, 448px\" \/><div class=\"fusion-rollover\">\n\t<div class=\"fusion-rollover-content\">\n\n\t\t\t\t\t\t\t\t\t\t\t\t\t\t<a class=\"fusion-rollover-link\" href=\"https:\/\/ramse.es\/wordpress\/la-real-academia-de-medicina-de-sevilla-abre-su-314-curso-academico\/\">La Real Academia de Medicina de Sevilla abre su 314 Curso Acad\u00e9mico<\/a>\n\t\t\t\n\t\t\t\t\t\t\t\t\t\t\t\t\t\t\n\t\t\t\t\t\t\t\t\n\t\t\t\t\t\t\t\t\t\t\t\t\t<div class=\"fusion-rollover-sep\"><\/div>\n\t\t\t\t\n\t\t\t\t\t\t\t\t\t\t\t\t\t\t\t\t\t\t<a class=\"fusion-rollover-gallery\" href=\"https:\/\/ramse.es\/wordpress\/wp-content\/uploads\/2014\/01\/aperturacurso.jpg\" data-id=\"2146\" data-rel=\"iLightbox[gallery]\" data-title=\"aperturacurso\" data-caption=\"\">\n\t\t\t\t\t\tGaler\u00eda\t\t\t\t\t<\/a>\n\t\t\t\t\t\t\t\t\t\t\t\t\t\t\n\t\t\n\t\t\t\t\t\t\t\t\n\t\t\t\t\t\t\t\t\n\t\t\n\t\t\t\t\t\t<a class=\"fusion-link-wrapper\" href=\"https:\/\/ramse.es\/wordpress\/la-real-academia-de-medicina-de-sevilla-abre-su-314-curso-academico\/\" aria-label=\"La Real Academia de Medicina de Sevilla abre su 314 Curso Acad\u00e9mico\"><\/a>\n\t<\/div>\n<\/div>\n<\/div>\n<\/li>\n\t\t\t\n\t\t\t\n\t\t\t\t\t\t\t\t\t\t\t\t\t\t\t\t\t\t\t\t\t\t\t\t\t\t\t\t\t\t\t\t\t\t\t\t\t\t\t\t\t\t\t\t\t\t\t\t\t\t\t\t\t\t\t\t\t\t\t\t\t\t\t\t\t\t\t\t<\/ul>\n\t<\/div>\n\t<div class=\"fusion-date-and-formats\"><div class=\"fusion-date-box updated\"><span class=\"fusion-date\">enero<\/span><span class=\"fusion-month-year\">11:57 am<\/span><\/div><div class=\"fusion-format-box\"><i class=\"awb-icon-pen\" aria-hidden=\"true\"><\/i><\/div><\/div><div class=\"fusion-post-content post-content\"><h2 class=\"blog-shortcode-post-title entry-title\"><a href=\"https:\/\/ramse.es\/wordpress\/la-real-academia-de-medicina-de-sevilla-abre-su-314-curso-academico\/\">La Real Academia de Medicina de Sevilla abre su 314 Curso Acad\u00e9mico<\/a><\/h2><p class=\"fusion-single-line-meta\">Por <span class=\"vcard\"><span class=\"fn\"><a href=\"https:\/\/ramse.es\/wordpress\/author\/ivan_z0qj9h4b\/\" title=\"Entradas de admin\" rel=\"author\">admin<\/a><\/span><\/span><span class=\"fusion-inline-sep\">|<\/span><span class=\"updated\" style=\"display:none;\">2014-01-29T11:57:41+02:00<\/span><span>enero 29th, 2014<\/span><span class=\"fusion-inline-sep\">|<\/span>Categor\u00edas: <a href=\"https:\/\/ramse.es\/wordpress\/category\/news\/latest-news\/\" rel=\"category tag\">Noticias<\/a><span class=\"fusion-inline-sep\">|<\/span><\/p><div class=\"fusion-post-content-container\"><p>El pasado 23 de enero tuvo lugar en la Real Academia de Medicina de Sevilla (RAMSE) la apertura del Curso Acad\u00e9mico 314 y en la que el doctor Blas Rodr\u00edguez de Quesada Tello pronunci\u00f3 el discurso titulado \"Radioactividad: origen y utilizaci\u00f3n por el hombre\" donde ha abordado la radioactividad desde el descubrimiento del uranio hasta el beneficio que ha supuesto en todos los aspectos de la vida del hombre desde <a href=\"https:\/\/ramse.es\/wordpress\/la-real-academia-de-medicina-de-sevilla-abre-su-314-curso-academico\/\">[...]<\/a><\/p><\/div><\/div><div class=\"fusion-clearfix\"><\/div><div class=\"fusion-meta-info\"><div class=\"fusion-alignright\"><a class=\"fusion-read-more\" href=\"https:\/\/ramse.es\/wordpress\/la-real-academia-de-medicina-de-sevilla-abre-su-314-curso-academico\/\" aria-label=\"More on La Real Academia de Medicina de Sevilla abre su 314 Curso Acad\u00e9mico\">Leer M\u00e1s<\/a><\/div><\/div><\/article>\n<article id=\"blog-1-post-2144\" class=\"fusion-post-large-alternate post-2144 post type-post status-publish format-standard has-post-thumbnail hentry category-latest-news\">\n\t<style type=\"text\/css\">\n\t\t\n\t\t\n\t\t\n\t\t\n\t\t\t<\/style>\n\n\n\t\t\t<div class=\"fusion-flexslider flexslider fusion-flexslider-loading fusion-post-slideshow\" style=\"\">\n\t\t<ul class=\"slides\">\n\t\t\t\n\t\t\t\t\t\t\t\t\t\t\t\t\t\t<li><div  class=\"fusion-image-wrapper\" aria-haspopup=\"true\">\n\t\t\t\t<img decoding=\"async\" width=\"320\" height=\"448\" src=\"https:\/\/ramse.es\/wordpress\/wp-content\/uploads\/2013\/12\/foto-prof-castieiras_web.jpg\" class=\"attachment-full size-full wp-post-image\" alt=\"\" srcset=\"https:\/\/ramse.es\/wordpress\/wp-content\/uploads\/2013\/12\/foto-prof-castieiras_web-200x280.jpg 200w, https:\/\/ramse.es\/wordpress\/wp-content\/uploads\/2013\/12\/foto-prof-castieiras_web.jpg 320w\" sizes=\"(max-width: 1000px) 100vw, 320px\" \/><div class=\"fusion-rollover\">\n\t<div class=\"fusion-rollover-content\">\n\n\t\t\t\t\t\t\t\t\t\t\t\t\t\t<a class=\"fusion-rollover-link\" href=\"https:\/\/ramse.es\/wordpress\/el-dr-jesus-castineiras-fernandez-nuevo-presidente-de-la-real-academia-de-medicina-de-sevilla\/\">El Dr. Jes\u00fas Casti\u00f1eiras Fern\u00e1ndez nuevo presidente de la Real Academia de Medicina de Sevilla<\/a>\n\t\t\t\n\t\t\t\t\t\t\t\t\t\t\t\t\t\t\n\t\t\t\t\t\t\t\t\n\t\t\t\t\t\t\t\t\t\t\t\t\t<div class=\"fusion-rollover-sep\"><\/div>\n\t\t\t\t\n\t\t\t\t\t\t\t\t\t\t\t\t\t\t\t\t\t\t<a class=\"fusion-rollover-gallery\" href=\"https:\/\/ramse.es\/wordpress\/wp-content\/uploads\/2013\/12\/foto-prof-castieiras_web.jpg\" data-id=\"2144\" data-rel=\"iLightbox[gallery]\" data-title=\"foto-prof-castieiras_web\" data-caption=\"\">\n\t\t\t\t\t\tGaler\u00eda\t\t\t\t\t<\/a>\n\t\t\t\t\t\t\t\t\t\t\t\t\t\t\n\t\t\n\t\t\t\t\t\t\t\t\n\t\t\t\t\t\t\t\t\n\t\t\n\t\t\t\t\t\t<a class=\"fusion-link-wrapper\" href=\"https:\/\/ramse.es\/wordpress\/el-dr-jesus-castineiras-fernandez-nuevo-presidente-de-la-real-academia-de-medicina-de-sevilla\/\" aria-label=\"El Dr. Jes\u00fas Casti\u00f1eiras Fern\u00e1ndez nuevo presidente de la Real Academia de Medicina de Sevilla\"><\/a>\n\t<\/div>\n<\/div>\n<\/div>\n<\/li>\n\t\t\t\n\t\t\t\n\t\t\t\t\t\t\t\t\t\t\t\t\t\t\t\t\t\t\t\t\t\t\t\t\t\t\t\t\t\t\t\t\t\t\t\t\t\t\t\t\t\t\t\t\t\t\t\t\t\t\t\t\t\t\t\t\t\t\t\t\t\t\t\t\t\t\t\t<\/ul>\n\t<\/div>\n\t<div class=\"fusion-date-and-formats\"><div class=\"fusion-date-box updated\"><span class=\"fusion-date\">diciembre<\/span><span class=\"fusion-month-year\">11:16 am<\/span><\/div><div class=\"fusion-format-box\"><i class=\"awb-icon-pen\" aria-hidden=\"true\"><\/i><\/div><\/div><div class=\"fusion-post-content post-content\"><h2 class=\"blog-shortcode-post-title entry-title\"><a href=\"https:\/\/ramse.es\/wordpress\/el-dr-jesus-castineiras-fernandez-nuevo-presidente-de-la-real-academia-de-medicina-de-sevilla\/\">El Dr. Jes\u00fas Casti\u00f1eiras Fern\u00e1ndez nuevo presidente de la Real Academia de Medicina de Sevilla<\/a><\/h2><p class=\"fusion-single-line-meta\">Por <span class=\"vcard\"><span class=\"fn\"><a href=\"https:\/\/ramse.es\/wordpress\/author\/ivan_z0qj9h4b\/\" title=\"Entradas de admin\" rel=\"author\">admin<\/a><\/span><\/span><span class=\"fusion-inline-sep\">|<\/span><span class=\"updated\" style=\"display:none;\">2013-12-20T11:16:36+02:00<\/span><span>diciembre 20th, 2013<\/span><span class=\"fusion-inline-sep\">|<\/span>Categor\u00edas: <a href=\"https:\/\/ramse.es\/wordpress\/category\/news\/latest-news\/\" rel=\"category tag\">Noticias<\/a><span class=\"fusion-inline-sep\">|<\/span><\/p><div class=\"fusion-post-content-container\"><p><\/p><p>El Dr. Jes\u00fas Casti\u00f1eiras Fern\u00e1ndez, catedr\u00e1tico de Urolog\u00eda en la Universidad de Sevilla y jefe del servicio de Urolog\u00eda del Hospital Universitario Virgen Macarena, se convirti\u00f3 ayer en presidente de la Real Academia de Medicina de Sevilla, tras la celebraci\u00f3n de un pleno extraordinario. \u00a0  <a href=\"https:\/\/ramse.es\/wordpress\/el-dr-jesus-castineiras-fernandez-nuevo-presidente-de-la-real-academia-de-medicina-de-sevilla\/\">[\u2026]<\/a><\/p>\n<\/div><\/div><div class=\"fusion-clearfix\"><\/div><div class=\"fusion-meta-info\"><div class=\"fusion-alignright\"><a class=\"fusion-read-more\" href=\"https:\/\/ramse.es\/wordpress\/el-dr-jesus-castineiras-fernandez-nuevo-presidente-de-la-real-academia-de-medicina-de-sevilla\/\" aria-label=\"More on El Dr. Jes\u00fas Casti\u00f1eiras Fern\u00e1ndez nuevo presidente de la Real Academia de Medicina de Sevilla\">Leer M\u00e1s<\/a><\/div><\/div><\/article>\n<article id=\"blog-1-post-2142\" class=\"fusion-post-large-alternate post-2142 post type-post status-publish format-standard has-post-thumbnail hentry category-latest-news\">\n\t<style type=\"text\/css\">\n\t\t\n\t\t\n\t\t\n\t\t\n\t\t\t<\/style>\n\n\n\t\t\t<div class=\"fusion-flexslider flexslider fusion-flexslider-loading fusion-post-slideshow\" style=\"\">\n\t\t<ul class=\"slides\">\n\t\t\t\n\t\t\t\t\t\t\t\t\t\t\t\t\t\t<li><div  class=\"fusion-image-wrapper\" aria-haspopup=\"true\">\n\t\t\t\t<img decoding=\"async\" width=\"448\" height=\"336\" src=\"https:\/\/ramse.es\/wordpress\/wp-content\/uploads\/2013\/12\/dr_nuez_durante_discurso_web.jpg\" class=\"attachment-full size-full wp-post-image\" alt=\"\" srcset=\"https:\/\/ramse.es\/wordpress\/wp-content\/uploads\/2013\/12\/dr_nuez_durante_discurso_web-200x150.jpg 200w, https:\/\/ramse.es\/wordpress\/wp-content\/uploads\/2013\/12\/dr_nuez_durante_discurso_web-400x300.jpg 400w, https:\/\/ramse.es\/wordpress\/wp-content\/uploads\/2013\/12\/dr_nuez_durante_discurso_web.jpg 448w\" sizes=\"(max-width: 1000px) 100vw, 448px\" \/><div class=\"fusion-rollover\">\n\t<div class=\"fusion-rollover-content\">\n\n\t\t\t\t\t\t\t\t\t\t\t\t\t\t<a class=\"fusion-rollover-link\" href=\"https:\/\/ramse.es\/wordpress\/el-dr-joaquin-nunez-fuster-ingresa-como-academico-de-numero\/\">El Dr. Joaqu\u00edn N\u00fa\u00f1ez Fuster ingresa como Acad\u00e9mico de N\u00famero<\/a>\n\t\t\t\n\t\t\t\t\t\t\t\t\t\t\t\t\t\t\n\t\t\t\t\t\t\t\t\n\t\t\t\t\t\t\t\t\t\t\t\t\t<div class=\"fusion-rollover-sep\"><\/div>\n\t\t\t\t\n\t\t\t\t\t\t\t\t\t\t\t\t\t\t\t\t\t\t<a class=\"fusion-rollover-gallery\" href=\"https:\/\/ramse.es\/wordpress\/wp-content\/uploads\/2013\/12\/dr_nuez_durante_discurso_web.jpg\" data-id=\"2142\" data-rel=\"iLightbox[gallery]\" data-title=\"dr_nuez_durante_discurso_web\" data-caption=\"\">\n\t\t\t\t\t\tGaler\u00eda\t\t\t\t\t<\/a>\n\t\t\t\t\t\t\t\t\t\t\t\t\t\t\n\t\t\n\t\t\t\t\t\t\t\t\n\t\t\t\t\t\t\t\t\n\t\t\n\t\t\t\t\t\t<a class=\"fusion-link-wrapper\" href=\"https:\/\/ramse.es\/wordpress\/el-dr-joaquin-nunez-fuster-ingresa-como-academico-de-numero\/\" aria-label=\"El Dr. Joaqu\u00edn N\u00fa\u00f1ez Fuster ingresa como Acad\u00e9mico de N\u00famero\"><\/a>\n\t<\/div>\n<\/div>\n<\/div>\n<\/li>\n\t\t\t\n\t\t\t\n\t\t\t\t\t\t\t\t\t\t\t\t\t\t\t\t\t\t\t\t\t\t\t\t\t\t\t\t\t\t\t\t\t\t\t\t\t\t\t\t\t\t\t\t\t\t\t\t\t\t\t\t\t\t\t\t\t\t\t\t\t\t\t\t\t\t\t\t<\/ul>\n\t<\/div>\n\t<div class=\"fusion-date-and-formats\"><div class=\"fusion-date-box updated\"><span class=\"fusion-date\">diciembre<\/span><span class=\"fusion-month-year\">1:09 pm<\/span><\/div><div class=\"fusion-format-box\"><i class=\"awb-icon-pen\" aria-hidden=\"true\"><\/i><\/div><\/div><div class=\"fusion-post-content post-content\"><h2 class=\"blog-shortcode-post-title entry-title\"><a href=\"https:\/\/ramse.es\/wordpress\/el-dr-joaquin-nunez-fuster-ingresa-como-academico-de-numero\/\">El Dr. Joaqu\u00edn N\u00fa\u00f1ez Fuster ingresa como Acad\u00e9mico de N\u00famero<\/a><\/h2><p class=\"fusion-single-line-meta\">Por <span class=\"vcard\"><span class=\"fn\"><a href=\"https:\/\/ramse.es\/wordpress\/author\/ivan_z0qj9h4b\/\" title=\"Entradas de admin\" rel=\"author\">admin<\/a><\/span><\/span><span class=\"fusion-inline-sep\">|<\/span><span class=\"updated\" style=\"display:none;\">2013-12-01T13:09:21+02:00<\/span><span>diciembre 1st, 2013<\/span><span class=\"fusion-inline-sep\">|<\/span>Categor\u00edas: <a href=\"https:\/\/ramse.es\/wordpress\/category\/news\/latest-news\/\" rel=\"category tag\">Noticias<\/a><span class=\"fusion-inline-sep\">|<\/span><\/p><div class=\"fusion-post-content-container\"><p>Esta ma\u00f1ana el Dr. Joaqu\u00edn N\u00fa\u00f1ez Fuster ha tomado posesi\u00f3n como Acad\u00e9mico de N\u00famero en la plaza de Biblioteconom\u00eda y Archiv\u00edstica M\u00e9dica, de nueva creaci\u00f3n, en la Real Academia de Medicina y Cirug\u00eda de Sevilla, leyendo su discurso de ingreso sobre \u201cLa Biblioteca de la Real Academia de Medicina de Sevilla: de los incunables y el Archivo Hist\u00f3rico a la informatizaci\u00f3n de sus contenidos\u201d, siendo contestado por el tambi\u00e9n Numerario <a href=\"https:\/\/ramse.es\/wordpress\/el-dr-joaquin-nunez-fuster-ingresa-como-academico-de-numero\/\">[...]<\/a><\/p><\/div><\/div><div class=\"fusion-clearfix\"><\/div><div class=\"fusion-meta-info\"><div class=\"fusion-alignright\"><a class=\"fusion-read-more\" href=\"https:\/\/ramse.es\/wordpress\/el-dr-joaquin-nunez-fuster-ingresa-como-academico-de-numero\/\" aria-label=\"More on El Dr. Joaqu\u00edn N\u00fa\u00f1ez Fuster ingresa como Acad\u00e9mico de N\u00famero\">Leer M\u00e1s<\/a><\/div><\/div><\/article>\n<article id=\"blog-1-post-2140\" class=\"fusion-post-large-alternate post-2140 post type-post status-publish format-standard hentry category-uncategorized\">\n\t<style type=\"text\/css\">\n\t\t\n\t\t\n\t\t\n\t\t\n\t\t\t<\/style>\n\n\n<div class=\"fusion-date-and-formats\"><div class=\"fusion-date-box updated\"><span class=\"fusion-date\">octubre<\/span><span class=\"fusion-month-year\">11:45 am<\/span><\/div><div class=\"fusion-format-box\"><i class=\"awb-icon-pen\" aria-hidden=\"true\"><\/i><\/div><\/div><div class=\"fusion-post-content post-content\"><h2 class=\"blog-shortcode-post-title entry-title\"><a href=\"https:\/\/ramse.es\/wordpress\/avisolegal\/\">Aviso legal<\/a><\/h2><p class=\"fusion-single-line-meta\">Por <span class=\"vcard\"><span class=\"fn\"><a href=\"https:\/\/ramse.es\/wordpress\/author\/ivan_z0qj9h4b\/\" title=\"Entradas de admin\" rel=\"author\">admin<\/a><\/span><\/span><span class=\"fusion-inline-sep\">|<\/span><span class=\"updated\" style=\"display:none;\">2013-10-29T11:45:35+02:00<\/span><span>octubre 29th, 2013<\/span><span class=\"fusion-inline-sep\">|<\/span>Categor\u00edas: <a href=\"https:\/\/ramse.es\/wordpress\/category\/uncategorized\/\" rel=\"category tag\">Uncategorized<\/a><span class=\"fusion-inline-sep\">|<\/span><\/p><div class=\"fusion-post-content-container\"><p>En cumplimiento del art\u00edculo 10 de la Ley 34\/2002, de 11 de julio, de Servicios de la Sociedad de la Informaci\u00f3n y Comercio Electr\u00f3nico, a continuaci\u00f3n se exponen los datos identificativos de la corporaci\u00f3n de derecho p\u00fablico . Denominaci\u00f3n Social: REAL ACADEMIA DE MEDICINA DE SEVILLA Y CIRUG\u00cdA DE SEVILLA (RAMSE). Nif\/Cif: Q4168006G Domicilio Social: C\/ Abades, 10-12, Sevilla, PROPIEDAD INTELECTUAL El c\u00f3digo fuente, los dise\u00f1os gr\u00e1ficos, las im\u00e1genes, las <a href=\"https:\/\/ramse.es\/wordpress\/avisolegal\/\">[...]<\/a><\/p><\/div><\/div><div class=\"fusion-clearfix\"><\/div><div class=\"fusion-meta-info\"><div class=\"fusion-alignright\"><a class=\"fusion-read-more\" href=\"https:\/\/ramse.es\/wordpress\/avisolegal\/\" aria-label=\"More on Aviso legal\">Leer M\u00e1s<\/a><\/div><\/div><\/article>\n<article id=\"blog-1-post-2139\" class=\"fusion-post-large-alternate post-2139 post type-post status-publish format-standard has-post-thumbnail hentry category-latest-news\">\n\t<style type=\"text\/css\">\n\t\t\n\t\t\n\t\t\n\t\t\n\t\t\t<\/style>\n\n\n\t\t\t<div class=\"fusion-flexslider flexslider fusion-flexslider-loading fusion-post-slideshow\" style=\"\">\n\t\t<ul class=\"slides\">\n\t\t\t\n\t\t\t\t\t\t\t\t\t\t\t\t\t\t<li><div  class=\"fusion-image-wrapper\" aria-haspopup=\"true\">\n\t\t\t\t<img decoding=\"async\" width=\"448\" height=\"336\" src=\"https:\/\/ramse.es\/wordpress\/wp-content\/uploads\/2013\/10\/dr_de_castro_web.jpg\" class=\"attachment-full size-full wp-post-image\" alt=\"\" srcset=\"https:\/\/ramse.es\/wordpress\/wp-content\/uploads\/2013\/10\/dr_de_castro_web-200x150.jpg 200w, https:\/\/ramse.es\/wordpress\/wp-content\/uploads\/2013\/10\/dr_de_castro_web-400x300.jpg 400w, https:\/\/ramse.es\/wordpress\/wp-content\/uploads\/2013\/10\/dr_de_castro_web.jpg 448w\" sizes=\"(max-width: 1000px) 100vw, 448px\" \/><div class=\"fusion-rollover\">\n\t<div class=\"fusion-rollover-content\">\n\n\t\t\t\t\t\t\t\t\t\t\t\t\t\t<a class=\"fusion-rollover-link\" href=\"https:\/\/ramse.es\/wordpress\/el-dr-pedro-de-castro-sanchez-ingresa-como-academico-de-numero\/\">El Dr. Pedro de Castro S\u00e1nchez ingresa como Acad\u00e9mico de N\u00famero<\/a>\n\t\t\t\n\t\t\t\t\t\t\t\t\t\t\t\t\t\t\n\t\t\t\t\t\t\t\t\n\t\t\t\t\t\t\t\t\t\t\t\t\t<div class=\"fusion-rollover-sep\"><\/div>\n\t\t\t\t\n\t\t\t\t\t\t\t\t\t\t\t\t\t\t\t\t\t\t<a class=\"fusion-rollover-gallery\" href=\"https:\/\/ramse.es\/wordpress\/wp-content\/uploads\/2013\/10\/dr_de_castro_web.jpg\" data-id=\"2139\" data-rel=\"iLightbox[gallery]\" data-title=\"dr_de_castro_web\" data-caption=\"\">\n\t\t\t\t\t\tGaler\u00eda\t\t\t\t\t<\/a>\n\t\t\t\t\t\t\t\t\t\t\t\t\t\t\n\t\t\n\t\t\t\t\t\t\t\t\n\t\t\t\t\t\t\t\t\n\t\t\n\t\t\t\t\t\t<a class=\"fusion-link-wrapper\" href=\"https:\/\/ramse.es\/wordpress\/el-dr-pedro-de-castro-sanchez-ingresa-como-academico-de-numero\/\" aria-label=\"El Dr. Pedro de Castro S\u00e1nchez ingresa como Acad\u00e9mico de N\u00famero\"><\/a>\n\t<\/div>\n<\/div>\n<\/div>\n<\/li>\n\t\t\t\n\t\t\t\n\t\t\t\t\t\t\t\t\t\t\t\t\t\t\t\t\t\t\t\t\t\t\t\t\t\t\t\t\t\t\t\t\t\t\t\t\t\t\t\t\t\t\t\t\t\t\t\t\t\t\t\t\t\t\t\t\t\t\t\t\t\t\t\t\t\t\t\t<\/ul>\n\t<\/div>\n\t<div class=\"fusion-date-and-formats\"><div class=\"fusion-date-box updated\"><span class=\"fusion-date\">octubre<\/span><span class=\"fusion-month-year\">1:09 pm<\/span><\/div><div class=\"fusion-format-box\"><i class=\"awb-icon-pen\" aria-hidden=\"true\"><\/i><\/div><\/div><div class=\"fusion-post-content post-content\"><h2 class=\"blog-shortcode-post-title entry-title\"><a href=\"https:\/\/ramse.es\/wordpress\/el-dr-pedro-de-castro-sanchez-ingresa-como-academico-de-numero\/\">El Dr. Pedro de Castro S\u00e1nchez ingresa como Acad\u00e9mico de N\u00famero<\/a><\/h2><p class=\"fusion-single-line-meta\">Por <span class=\"vcard\"><span class=\"fn\"><a href=\"https:\/\/ramse.es\/wordpress\/author\/ivan_z0qj9h4b\/\" title=\"Entradas de admin\" rel=\"author\">admin<\/a><\/span><\/span><span class=\"fusion-inline-sep\">|<\/span><span class=\"updated\" style=\"display:none;\">2013-10-20T13:09:05+02:00<\/span><span>octubre 20th, 2013<\/span><span class=\"fusion-inline-sep\">|<\/span>Categor\u00edas: <a href=\"https:\/\/ramse.es\/wordpress\/category\/news\/latest-news\/\" rel=\"category tag\">Noticias<\/a><span class=\"fusion-inline-sep\">|<\/span><\/p><div class=\"fusion-post-content-container\"><p>Esta ma\u00f1ana el doctor Pedro de Castro S\u00e1nchez ha tomado posesi\u00f3n como Acad\u00e9mico de N\u00famero en la plaza de Medicina del Trabajo, de nueva creaci\u00f3n, leyendo su discurso de ingreso sobre \u201cEvoluci\u00f3n asistencial y acad\u00e9mica de la especialidad de Medicina del Trabajo\u201d, siendo contestado por el Numerario doctor Blas Rodr\u00edguez de Quesada Tello. Durante su intervenci\u00f3n ha dado a conocer la evoluci\u00f3n de la especialidad desde el punto de vista <a href=\"https:\/\/ramse.es\/wordpress\/el-dr-pedro-de-castro-sanchez-ingresa-como-academico-de-numero\/\">[...]<\/a><\/p><\/div><\/div><div class=\"fusion-clearfix\"><\/div><div class=\"fusion-meta-info\"><div class=\"fusion-alignright\"><a class=\"fusion-read-more\" href=\"https:\/\/ramse.es\/wordpress\/el-dr-pedro-de-castro-sanchez-ingresa-como-academico-de-numero\/\" aria-label=\"More on El Dr. Pedro de Castro S\u00e1nchez ingresa como Acad\u00e9mico de N\u00famero\">Leer M\u00e1s<\/a><\/div><\/div><\/article>\n<article id=\"blog-1-post-2137\" class=\"fusion-post-large-alternate post-2137 post type-post status-publish format-standard has-post-thumbnail hentry category-latest-news\">\n\t<style type=\"text\/css\">\n\t\t\n\t\t\n\t\t\n\t\t\n\t\t\t<\/style>\n\n\n\t\t\t<div class=\"fusion-flexslider flexslider fusion-flexslider-loading fusion-post-slideshow\" style=\"\">\n\t\t<ul class=\"slides\">\n\t\t\t\n\t\t\t\t\t\t\t\t\t\t\t\t\t\t<li><div  class=\"fusion-image-wrapper\" aria-haspopup=\"true\">\n\t\t\t\t<img decoding=\"async\" width=\"448\" height=\"336\" src=\"https:\/\/ramse.es\/wordpress\/wp-content\/uploads\/2013\/06\/correspondientes_junio.jpg\" class=\"attachment-full size-full wp-post-image\" alt=\"\" srcset=\"https:\/\/ramse.es\/wordpress\/wp-content\/uploads\/2013\/06\/correspondientes_junio-200x150.jpg 200w, https:\/\/ramse.es\/wordpress\/wp-content\/uploads\/2013\/06\/correspondientes_junio-400x300.jpg 400w, https:\/\/ramse.es\/wordpress\/wp-content\/uploads\/2013\/06\/correspondientes_junio.jpg 448w\" sizes=\"(max-width: 1000px) 100vw, 448px\" \/><div class=\"fusion-rollover\">\n\t<div class=\"fusion-rollover-content\">\n\n\t\t\t\t\t\t\t\t\t\t\t\t\t\t<a class=\"fusion-rollover-link\" href=\"https:\/\/ramse.es\/wordpress\/recepcion-de-academicos-correspondientes-2\/\">Recepci\u00f3n de Acad\u00e9micos Correspondientes<\/a>\n\t\t\t\n\t\t\t\t\t\t\t\t\t\t\t\t\t\t\n\t\t\t\t\t\t\t\t\n\t\t\t\t\t\t\t\t\t\t\t\t\t<div class=\"fusion-rollover-sep\"><\/div>\n\t\t\t\t\n\t\t\t\t\t\t\t\t\t\t\t\t\t\t\t\t\t\t<a class=\"fusion-rollover-gallery\" href=\"https:\/\/ramse.es\/wordpress\/wp-content\/uploads\/2013\/06\/correspondientes_junio.jpg\" data-id=\"2137\" data-rel=\"iLightbox[gallery]\" data-title=\"correspondientes_junio\" data-caption=\"\">\n\t\t\t\t\t\tGaler\u00eda\t\t\t\t\t<\/a>\n\t\t\t\t\t\t\t\t\t\t\t\t\t\t\n\t\t\n\t\t\t\t\t\t\t\t\n\t\t\t\t\t\t\t\t\n\t\t\n\t\t\t\t\t\t<a class=\"fusion-link-wrapper\" href=\"https:\/\/ramse.es\/wordpress\/recepcion-de-academicos-correspondientes-2\/\" aria-label=\"Recepci\u00f3n de Acad\u00e9micos Correspondientes\"><\/a>\n\t<\/div>\n<\/div>\n<\/div>\n<\/li>\n\t\t\t\n\t\t\t\n\t\t\t\t\t\t\t\t\t\t\t\t\t\t\t\t\t\t\t\t\t\t\t\t\t\t\t\t\t\t\t\t\t\t\t\t\t\t\t\t\t\t\t\t\t\t\t\t\t\t\t\t\t\t\t\t\t\t\t\t\t\t\t\t\t\t\t\t<\/ul>\n\t<\/div>\n\t<div class=\"fusion-date-and-formats\"><div class=\"fusion-date-box updated\"><span class=\"fusion-date\">junio<\/span><span class=\"fusion-month-year\">12:00 am<\/span><\/div><div class=\"fusion-format-box\"><i class=\"awb-icon-pen\" aria-hidden=\"true\"><\/i><\/div><\/div><div class=\"fusion-post-content post-content\"><h2 class=\"blog-shortcode-post-title entry-title\"><a href=\"https:\/\/ramse.es\/wordpress\/recepcion-de-academicos-correspondientes-2\/\">Recepci\u00f3n de Acad\u00e9micos Correspondientes<\/a><\/h2><p class=\"fusion-single-line-meta\">Por <span class=\"vcard\"><span class=\"fn\"><a href=\"https:\/\/ramse.es\/wordpress\/author\/ivan_z0qj9h4b\/\" title=\"Entradas de admin\" rel=\"author\">admin<\/a><\/span><\/span><span class=\"fusion-inline-sep\">|<\/span><span class=\"updated\" style=\"display:none;\">2013-06-21T00:00:00+02:00<\/span><span>junio 21st, 2013<\/span><span class=\"fusion-inline-sep\">|<\/span>Categor\u00edas: <a href=\"https:\/\/ramse.es\/wordpress\/category\/news\/latest-news\/\" rel=\"category tag\">Noticias<\/a><span class=\"fusion-inline-sep\">|<\/span><\/p><div class=\"fusion-post-content-container\"><p>La Real Academia de Medicina y Cirug\u00eda de Sevilla ha celebrado acto solemne para la recepci\u00f3n de nuevos Acad\u00e9micos Correspondientes: Dr. D. Jos\u00e9 Mar\u00eda Lazo-Zbikowski Taracena Tema: \"Reflexiones sobre la consolidaci\u00f3n \u00f3sea. Fijaci\u00f3n externa din\u00e1mica\". Dr. D. Jos\u00e9 Antonio Rodr\u00edguez Montes Tema: \"\u00bfSe deber\u00eda integrar la investigaci\u00f3n en la formaci\u00f3n del cirujano?\" Dra. D\u00f1a. Amparo Jim\u00e9nez Planas Tema: \"Biocompatibilidad\". \u00a0 Cada nuevo Acad\u00e9mico Correspondiente ha sido presentado por un Acad\u00e9mico <a href=\"https:\/\/ramse.es\/wordpress\/recepcion-de-academicos-correspondientes-2\/\">[...]<\/a><\/p><\/div><\/div><div class=\"fusion-clearfix\"><\/div><div class=\"fusion-meta-info\"><div class=\"fusion-alignright\"><a class=\"fusion-read-more\" href=\"https:\/\/ramse.es\/wordpress\/recepcion-de-academicos-correspondientes-2\/\" aria-label=\"More on Recepci\u00f3n de Acad\u00e9micos Correspondientes\">Leer M\u00e1s<\/a><\/div><\/div><\/article>\n<article id=\"blog-1-post-2135\" class=\"fusion-post-large-alternate post-2135 post type-post status-publish format-standard has-post-thumbnail hentry category-latest-news\">\n\t<style type=\"text\/css\">\n\t\t\n\t\t\n\t\t\n\t\t\n\t\t\t<\/style>\n\n\n\t\t\t<div class=\"fusion-flexslider flexslider fusion-flexslider-loading fusion-post-slideshow\" style=\"\">\n\t\t<ul class=\"slides\">\n\t\t\t\n\t\t\t\t\t\t\t\t\t\t\t\t\t\t<li><div  class=\"fusion-image-wrapper\" aria-haspopup=\"true\">\n\t\t\t\t<img decoding=\"async\" width=\"448\" height=\"336\" src=\"https:\/\/ramse.es\/wordpress\/wp-content\/uploads\/2013\/06\/martinez-alcal-web.jpg\" class=\"attachment-full size-full wp-post-image\" alt=\"\" srcset=\"https:\/\/ramse.es\/wordpress\/wp-content\/uploads\/2013\/06\/martinez-alcal-web-200x150.jpg 200w, https:\/\/ramse.es\/wordpress\/wp-content\/uploads\/2013\/06\/martinez-alcal-web-400x300.jpg 400w, https:\/\/ramse.es\/wordpress\/wp-content\/uploads\/2013\/06\/martinez-alcal-web.jpg 448w\" sizes=\"(max-width: 1000px) 100vw, 448px\" \/><div class=\"fusion-rollover\">\n\t<div class=\"fusion-rollover-content\">\n\n\t\t\t\t\t\t\t\t\t\t\t\t\t\t<a class=\"fusion-rollover-link\" href=\"https:\/\/ramse.es\/wordpress\/el-dr-felipe-martinez-alcala-ingresa-como-academico-de-numero\/\">El Dr. Felipe Mart\u00ednez Alcal\u00e1 ingresa como Acad\u00e9mico de N\u00famero<\/a>\n\t\t\t\n\t\t\t\t\t\t\t\t\t\t\t\t\t\t\n\t\t\t\t\t\t\t\t\n\t\t\t\t\t\t\t\t\t\t\t\t\t<div class=\"fusion-rollover-sep\"><\/div>\n\t\t\t\t\n\t\t\t\t\t\t\t\t\t\t\t\t\t\t\t\t\t\t<a class=\"fusion-rollover-gallery\" href=\"https:\/\/ramse.es\/wordpress\/wp-content\/uploads\/2013\/06\/martinez-alcal-web.jpg\" data-id=\"2135\" data-rel=\"iLightbox[gallery]\" data-title=\"martinez-alcal-web\" data-caption=\"\">\n\t\t\t\t\t\tGaler\u00eda\t\t\t\t\t<\/a>\n\t\t\t\t\t\t\t\t\t\t\t\t\t\t\n\t\t\n\t\t\t\t\t\t\t\t\n\t\t\t\t\t\t\t\t\n\t\t\n\t\t\t\t\t\t<a class=\"fusion-link-wrapper\" href=\"https:\/\/ramse.es\/wordpress\/el-dr-felipe-martinez-alcala-ingresa-como-academico-de-numero\/\" aria-label=\"El Dr. Felipe Mart\u00ednez Alcal\u00e1 ingresa como Acad\u00e9mico de N\u00famero\"><\/a>\n\t<\/div>\n<\/div>\n<\/div>\n<\/li>\n\t\t\t\n\t\t\t\n\t\t\t\t\t\t\t\t\t\t\t\t\t\t\t\t\t\t\t\t\t\t\t\t\t\t\t\t\t\t\t\t\t\t\t\t\t\t\t\t\t\t\t\t\t\t\t\t\t\t\t\t\t\t\t\t\t\t\t\t\t\t\t\t\t\t\t\t<\/ul>\n\t<\/div>\n\t<div class=\"fusion-date-and-formats\"><div class=\"fusion-date-box updated\"><span class=\"fusion-date\">junio<\/span><span class=\"fusion-month-year\">12:55 pm<\/span><\/div><div class=\"fusion-format-box\"><i class=\"awb-icon-pen\" aria-hidden=\"true\"><\/i><\/div><\/div><div class=\"fusion-post-content post-content\"><h2 class=\"blog-shortcode-post-title entry-title\"><a href=\"https:\/\/ramse.es\/wordpress\/el-dr-felipe-martinez-alcala-ingresa-como-academico-de-numero\/\">El Dr. Felipe Mart\u00ednez Alcal\u00e1 ingresa como Acad\u00e9mico de N\u00famero<\/a><\/h2><p class=\"fusion-single-line-meta\">Por <span class=\"vcard\"><span class=\"fn\"><a href=\"https:\/\/ramse.es\/wordpress\/author\/ivan_z0qj9h4b\/\" title=\"Entradas de admin\" rel=\"author\">admin<\/a><\/span><\/span><span class=\"fusion-inline-sep\">|<\/span><span class=\"updated\" style=\"display:none;\">2013-06-16T12:55:19+02:00<\/span><span>junio 16th, 2013<\/span><span class=\"fusion-inline-sep\">|<\/span>Categor\u00edas: <a href=\"https:\/\/ramse.es\/wordpress\/category\/news\/latest-news\/\" rel=\"category tag\">Noticias<\/a><span class=\"fusion-inline-sep\">|<\/span><\/p><div class=\"fusion-post-content-container\"><p>Esta ma\u00f1ana el profesor Felipe Mart\u00ednez Alcal\u00e1 ha tomado posesi\u00f3n como Acad\u00e9mico de N\u00famero en la plaza de Medicina Interna: Aparato Digestivo, en la Real Academia de Medicina y Cirug\u00eda de Sevilla, leyendo su discurso de ingreso sobre \u201cEndoscopia digestiva en los inicios del siglo XXI. Del diagn\u00f3stico a la terap\u00e9utica\u201d, siendo contestado por el Numerario Pedro S\u00e1nchez Guijo. Durante su intervenci\u00f3n ha se\u00f1alado que \u201cel desarrollo tecnol\u00f3gico en endoscopia <a href=\"https:\/\/ramse.es\/wordpress\/el-dr-felipe-martinez-alcala-ingresa-como-academico-de-numero\/\">[...]<\/a><\/p><\/div><\/div><div class=\"fusion-clearfix\"><\/div><div class=\"fusion-meta-info\"><div class=\"fusion-alignright\"><a class=\"fusion-read-more\" href=\"https:\/\/ramse.es\/wordpress\/el-dr-felipe-martinez-alcala-ingresa-como-academico-de-numero\/\" aria-label=\"More on El Dr. Felipe Mart\u00ednez Alcal\u00e1 ingresa como Acad\u00e9mico de N\u00famero\">Leer M\u00e1s<\/a><\/div><\/div><\/article>\n<article id=\"blog-1-post-2133\" class=\"fusion-post-large-alternate post-2133 post type-post status-publish format-standard has-post-thumbnail hentry category-latest-news\">\n\t<style type=\"text\/css\">\n\t\t\n\t\t\n\t\t\n\t\t\n\t\t\t<\/style>\n\n\n\t\t\t<div class=\"fusion-flexslider flexslider fusion-flexslider-loading fusion-post-slideshow\" style=\"\">\n\t\t<ul class=\"slides\">\n\t\t\t\n\t\t\t\t\t\t\t\t\t\t\t\t\t\t<li><div  class=\"fusion-image-wrapper\" aria-haspopup=\"true\">\n\t\t\t\t<img decoding=\"async\" width=\"438\" height=\"336\" src=\"https:\/\/ramse.es\/wordpress\/wp-content\/uploads\/2013\/05\/catedra_cardiologia_web.jpg\" class=\"attachment-full size-full wp-post-image\" alt=\"\" srcset=\"https:\/\/ramse.es\/wordpress\/wp-content\/uploads\/2013\/05\/catedra_cardiologia_web-200x153.jpg 200w, https:\/\/ramse.es\/wordpress\/wp-content\/uploads\/2013\/05\/catedra_cardiologia_web-400x307.jpg 400w, https:\/\/ramse.es\/wordpress\/wp-content\/uploads\/2013\/05\/catedra_cardiologia_web.jpg 438w\" sizes=\"(max-width: 1000px) 100vw, 438px\" \/><div class=\"fusion-rollover\">\n\t<div class=\"fusion-rollover-content\">\n\n\t\t\t\t\t\t\t\t\t\t\t\t\t\t<a class=\"fusion-rollover-link\" href=\"https:\/\/ramse.es\/wordpress\/la-fundacion-ramse-crea-la-catedra-de-cardiologia\/\">La Fundaci\u00f3n RAMSE crea la C\u00e1tedra de Cardiolog\u00eda<\/a>\n\t\t\t\n\t\t\t\t\t\t\t\t\t\t\t\t\t\t\n\t\t\t\t\t\t\t\t\n\t\t\t\t\t\t\t\t\t\t\t\t\t<div class=\"fusion-rollover-sep\"><\/div>\n\t\t\t\t\n\t\t\t\t\t\t\t\t\t\t\t\t\t\t\t\t\t\t<a class=\"fusion-rollover-gallery\" href=\"https:\/\/ramse.es\/wordpress\/wp-content\/uploads\/2013\/05\/catedra_cardiologia_web.jpg\" data-id=\"2133\" data-rel=\"iLightbox[gallery]\" data-title=\"catedra_cardiologia_web\" data-caption=\"\">\n\t\t\t\t\t\tGaler\u00eda\t\t\t\t\t<\/a>\n\t\t\t\t\t\t\t\t\t\t\t\t\t\t\n\t\t\n\t\t\t\t\t\t\t\t\n\t\t\t\t\t\t\t\t\n\t\t\n\t\t\t\t\t\t<a class=\"fusion-link-wrapper\" href=\"https:\/\/ramse.es\/wordpress\/la-fundacion-ramse-crea-la-catedra-de-cardiologia\/\" aria-label=\"La Fundaci\u00f3n RAMSE crea la C\u00e1tedra de Cardiolog\u00eda\"><\/a>\n\t<\/div>\n<\/div>\n<\/div>\n<\/li>\n\t\t\t\n\t\t\t\n\t\t\t\t\t\t\t\t\t\t\t\t\t\t\t\t\t\t\t\t\t\t\t\t\t\t\t\t\t\t\t\t\t\t\t\t\t\t\t\t\t\t\t\t\t\t\t\t\t\t\t\t\t\t\t\t\t\t\t\t\t\t\t\t\t\t\t\t<\/ul>\n\t<\/div>\n\t<div class=\"fusion-date-and-formats\"><div class=\"fusion-date-box updated\"><span class=\"fusion-date\">mayo<\/span><span class=\"fusion-month-year\">12:00 am<\/span><\/div><div class=\"fusion-format-box\"><i class=\"awb-icon-pen\" aria-hidden=\"true\"><\/i><\/div><\/div><div class=\"fusion-post-content post-content\"><h2 class=\"blog-shortcode-post-title entry-title\"><a href=\"https:\/\/ramse.es\/wordpress\/la-fundacion-ramse-crea-la-catedra-de-cardiologia\/\">La Fundaci\u00f3n RAMSE crea la C\u00e1tedra de Cardiolog\u00eda<\/a><\/h2><p class=\"fusion-single-line-meta\">Por <span class=\"vcard\"><span class=\"fn\"><a href=\"https:\/\/ramse.es\/wordpress\/author\/ivan_z0qj9h4b\/\" title=\"Entradas de admin\" rel=\"author\">admin<\/a><\/span><\/span><span class=\"fusion-inline-sep\">|<\/span><span class=\"updated\" style=\"display:none;\">2013-05-29T00:00:00+02:00<\/span><span>mayo 29th, 2013<\/span><span class=\"fusion-inline-sep\">|<\/span>Categor\u00edas: <a href=\"https:\/\/ramse.es\/wordpress\/category\/news\/latest-news\/\" rel=\"category tag\">Noticias<\/a><span class=\"fusion-inline-sep\">|<\/span><\/p><div class=\"fusion-post-content-container\"><p>Esta tarde ha tenido lugar la firma de la C\u00e1tedra de Cardiolog\u00eda creada por la Fundaci\u00f3n Real Academia de Medicina de Sevilla que se constituye como un foro cient\u00edfico de reflexi\u00f3n y debate con el objetivo de luchar contra las enfermedades cardiovasculares, que constituyen la primera causa de morbimortalidad en nuestra sociedad. La direcci\u00f3n ejecutiva de la misma ser\u00e1 llevada a cabo por el Dr. Jos\u00e9 Mar\u00eda Cruz Fern\u00e1ndez, profesor <a href=\"https:\/\/ramse.es\/wordpress\/la-fundacion-ramse-crea-la-catedra-de-cardiologia\/\">[...]<\/a><\/p><\/div><\/div><div class=\"fusion-clearfix\"><\/div><div class=\"fusion-meta-info\"><div class=\"fusion-alignright\"><a class=\"fusion-read-more\" href=\"https:\/\/ramse.es\/wordpress\/la-fundacion-ramse-crea-la-catedra-de-cardiologia\/\" aria-label=\"More on La Fundaci\u00f3n RAMSE crea la C\u00e1tedra de Cardiolog\u00eda\">Leer M\u00e1s<\/a><\/div><\/div><\/article>\n<article id=\"blog-1-post-2131\" class=\"fusion-post-large-alternate post-2131 post type-post status-publish format-standard has-post-thumbnail hentry category-latest-news\">\n\t<style type=\"text\/css\">\n\t\t\n\t\t\n\t\t\n\t\t\n\t\t\t<\/style>\n\n\n\t\t\t<div class=\"fusion-flexslider flexslider fusion-flexslider-loading fusion-post-slideshow\" style=\"\">\n\t\t<ul class=\"slides\">\n\t\t\t\n\t\t\t\t\t\t\t\t\t\t\t\t\t\t<li><div  class=\"fusion-image-wrapper\" aria-haspopup=\"true\">\n\t\t\t\t<img decoding=\"async\" width=\"448\" height=\"336\" src=\"https:\/\/ramse.es\/wordpress\/wp-content\/uploads\/2013\/05\/catedra-1web.jpg\" class=\"attachment-full size-full wp-post-image\" alt=\"\" srcset=\"https:\/\/ramse.es\/wordpress\/wp-content\/uploads\/2013\/05\/catedra-1web-200x150.jpg 200w, https:\/\/ramse.es\/wordpress\/wp-content\/uploads\/2013\/05\/catedra-1web-400x300.jpg 400w, https:\/\/ramse.es\/wordpress\/wp-content\/uploads\/2013\/05\/catedra-1web.jpg 448w\" sizes=\"(max-width: 1000px) 100vw, 448px\" \/><div class=\"fusion-rollover\">\n\t<div class=\"fusion-rollover-content\">\n\n\t\t\t\t\t\t\t\t\t\t\t\t\t\t<a class=\"fusion-rollover-link\" href=\"https:\/\/ramse.es\/wordpress\/la-fundacion-ramse-crea-la-catedra-de-diabetologia-foro-diabetologico-hispalense\/\">La Fundaci\u00f3n RAMSE crea la C\u00e1tedra de Diabetolog\u00eda: Foro Diabetol\u00f3gico Hispalense<\/a>\n\t\t\t\n\t\t\t\t\t\t\t\t\t\t\t\t\t\t\n\t\t\t\t\t\t\t\t\n\t\t\t\t\t\t\t\t\t\t\t\t\t<div class=\"fusion-rollover-sep\"><\/div>\n\t\t\t\t\n\t\t\t\t\t\t\t\t\t\t\t\t\t\t\t\t\t\t<a class=\"fusion-rollover-gallery\" href=\"https:\/\/ramse.es\/wordpress\/wp-content\/uploads\/2013\/05\/catedra-1web.jpg\" data-id=\"2131\" data-rel=\"iLightbox[gallery]\" data-title=\"catedra-1web\" data-caption=\"\">\n\t\t\t\t\t\tGaler\u00eda\t\t\t\t\t<\/a>\n\t\t\t\t\t\t\t\t\t\t\t\t\t\t\n\t\t\n\t\t\t\t\t\t\t\t\n\t\t\t\t\t\t\t\t\n\t\t\n\t\t\t\t\t\t<a class=\"fusion-link-wrapper\" href=\"https:\/\/ramse.es\/wordpress\/la-fundacion-ramse-crea-la-catedra-de-diabetologia-foro-diabetologico-hispalense\/\" aria-label=\"La Fundaci\u00f3n RAMSE crea la C\u00e1tedra de Diabetolog\u00eda: Foro Diabetol\u00f3gico Hispalense\"><\/a>\n\t<\/div>\n<\/div>\n<\/div>\n<\/li>\n\t\t\t\n\t\t\t\n\t\t\t\t\t\t\t\t\t\t\t\t\t\t\t\t\t\t\t\t\t\t\t\t\t\t\t\t\t\t\t\t\t\t\t\t\t\t\t\t\t\t\t\t\t\t\t\t\t\t\t\t\t\t\t\t\t\t\t\t\t\t\t\t\t\t\t\t<\/ul>\n\t<\/div>\n\t<div class=\"fusion-date-and-formats\"><div class=\"fusion-date-box updated\"><span class=\"fusion-date\">mayo<\/span><span class=\"fusion-month-year\">7:53 pm<\/span><\/div><div class=\"fusion-format-box\"><i class=\"awb-icon-pen\" aria-hidden=\"true\"><\/i><\/div><\/div><div class=\"fusion-post-content post-content\"><h2 class=\"blog-shortcode-post-title entry-title\"><a href=\"https:\/\/ramse.es\/wordpress\/la-fundacion-ramse-crea-la-catedra-de-diabetologia-foro-diabetologico-hispalense\/\">La Fundaci\u00f3n RAMSE crea la C\u00e1tedra de Diabetolog\u00eda: Foro Diabetol\u00f3gico Hispalense<\/a><\/h2><p class=\"fusion-single-line-meta\">Por <span class=\"vcard\"><span class=\"fn\"><a href=\"https:\/\/ramse.es\/wordpress\/author\/ivan_z0qj9h4b\/\" title=\"Entradas de admin\" rel=\"author\">admin<\/a><\/span><\/span><span class=\"fusion-inline-sep\">|<\/span><span class=\"updated\" style=\"display:none;\">2013-05-02T19:53:25+02:00<\/span><span>mayo 2nd, 2013<\/span><span class=\"fusion-inline-sep\">|<\/span>Categor\u00edas: <a href=\"https:\/\/ramse.es\/wordpress\/category\/news\/latest-news\/\" rel=\"category tag\">Noticias<\/a><span class=\"fusion-inline-sep\">|<\/span><\/p><div class=\"fusion-post-content-container\"><p>Esta tarde ha tenido lugar la firma de la C\u00e1tedra de Diabetolog\u00eda: Foro Diabetol\u00f3gico Hispalense creada por la Fundaci\u00f3n Real Academia de Medicina de Sevilla que, en cumplimiento de sus fines estatutarios, pone en marcha esta actividad cient\u00edfica\/docente encuadrada en la modalidad de C\u00e1tedra Institucional y cuya direcci\u00f3n ejecutiva se conf\u00eda al Profesor Dr. D. Santiago Dur\u00e1n Garc\u00eda, Catedr\u00e1tico de Endocrinolog\u00eda y Nutrici\u00f3n de la Facultad de Medicina de la <a href=\"https:\/\/ramse.es\/wordpress\/la-fundacion-ramse-crea-la-catedra-de-diabetologia-foro-diabetologico-hispalense\/\">[...]<\/a><\/p><\/div><\/div><div class=\"fusion-clearfix\"><\/div><div class=\"fusion-meta-info\"><div class=\"fusion-alignright\"><a class=\"fusion-read-more\" href=\"https:\/\/ramse.es\/wordpress\/la-fundacion-ramse-crea-la-catedra-de-diabetologia-foro-diabetologico-hispalense\/\" aria-label=\"More on La Fundaci\u00f3n RAMSE crea la C\u00e1tedra de Diabetolog\u00eda: Foro Diabetol\u00f3gico Hispalense\">Leer M\u00e1s<\/a><\/div><\/div><\/article>\n<article id=\"blog-1-post-2129\" class=\"fusion-post-large-alternate post-2129 post type-post status-publish format-standard has-post-thumbnail hentry category-latest-news\">\n\t<style type=\"text\/css\">\n\t\t\n\t\t\n\t\t\n\t\t\n\t\t\t<\/style>\n\n\n\t\t\t<div class=\"fusion-flexslider flexslider fusion-flexslider-loading fusion-post-slideshow\" style=\"\">\n\t\t<ul class=\"slides\">\n\t\t\t\n\t\t\t\t\t\t\t\t\t\t\t\t\t\t<li><div  class=\"fusion-image-wrapper\" aria-haspopup=\"true\">\n\t\t\t\t<img decoding=\"async\" width=\"488\" height=\"784\" src=\"https:\/\/ramse.es\/wordpress\/wp-content\/uploads\/2013\/04\/abc.jpg\" class=\"attachment-full size-full wp-post-image\" alt=\"\" srcset=\"https:\/\/ramse.es\/wordpress\/wp-content\/uploads\/2013\/04\/abc-200x321.jpg 200w, https:\/\/ramse.es\/wordpress\/wp-content\/uploads\/2013\/04\/abc-400x643.jpg 400w, https:\/\/ramse.es\/wordpress\/wp-content\/uploads\/2013\/04\/abc.jpg 488w\" sizes=\"(max-width: 1000px) 100vw, 488px\" \/><div class=\"fusion-rollover\">\n\t<div class=\"fusion-rollover-content\">\n\n\t\t\t\t\t\t\t\t\t\t\t\t\t\t<a class=\"fusion-rollover-link\" href=\"https:\/\/ramse.es\/wordpress\/noticia-sobre-la-entrega-de-premsio-en-abc-de-sevilla\/\">Noticia sobre la entrega de premios en ABC de Sevilla<\/a>\n\t\t\t\n\t\t\t\t\t\t\t\t\t\t\t\t\t\t\n\t\t\t\t\t\t\t\t\n\t\t\t\t\t\t\t\t\t\t\t\t\t<div class=\"fusion-rollover-sep\"><\/div>\n\t\t\t\t\n\t\t\t\t\t\t\t\t\t\t\t\t\t\t\t\t\t\t<a class=\"fusion-rollover-gallery\" href=\"https:\/\/ramse.es\/wordpress\/wp-content\/uploads\/2013\/04\/abc.jpg\" data-id=\"2129\" data-rel=\"iLightbox[gallery]\" data-title=\"abc\" data-caption=\"\">\n\t\t\t\t\t\tGaler\u00eda\t\t\t\t\t<\/a>\n\t\t\t\t\t\t\t\t\t\t\t\t\t\t\n\t\t\n\t\t\t\t\t\t\t\t\n\t\t\t\t\t\t\t\t\n\t\t\n\t\t\t\t\t\t<a class=\"fusion-link-wrapper\" href=\"https:\/\/ramse.es\/wordpress\/noticia-sobre-la-entrega-de-premsio-en-abc-de-sevilla\/\" aria-label=\"Noticia sobre la entrega de premios en ABC de Sevilla\"><\/a>\n\t<\/div>\n<\/div>\n<\/div>\n<\/li>\n\t\t\t\n\t\t\t\n\t\t\t\t\t\t\t\t\t\t\t\t\t\t\t\t\t\t\t\t\t\t\t\t\t\t\t\t\t\t\t\t\t\t\t\t\t\t\t\t\t\t\t\t\t\t\t\t\t\t\t\t\t\t\t\t\t\t\t\t\t\t\t\t\t\t\t\t<\/ul>\n\t<\/div>\n\t<div class=\"fusion-date-and-formats\"><div class=\"fusion-date-box updated\"><span class=\"fusion-date\">abril<\/span><span class=\"fusion-month-year\">9:45 am<\/span><\/div><div class=\"fusion-format-box\"><i class=\"awb-icon-pen\" aria-hidden=\"true\"><\/i><\/div><\/div><div class=\"fusion-post-content post-content\"><h2 class=\"blog-shortcode-post-title entry-title\"><a href=\"https:\/\/ramse.es\/wordpress\/noticia-sobre-la-entrega-de-premsio-en-abc-de-sevilla\/\">Noticia sobre la entrega de premios en ABC de Sevilla<\/a><\/h2><p class=\"fusion-single-line-meta\">Por <span class=\"vcard\"><span class=\"fn\"><a href=\"https:\/\/ramse.es\/wordpress\/author\/ivan_z0qj9h4b\/\" title=\"Entradas de admin\" rel=\"author\">admin<\/a><\/span><\/span><span class=\"fusion-inline-sep\">|<\/span><span class=\"updated\" style=\"display:none;\">2013-04-12T09:45:57+02:00<\/span><span>abril 12th, 2013<\/span><span class=\"fusion-inline-sep\">|<\/span>Categor\u00edas: <a href=\"https:\/\/ramse.es\/wordpress\/category\/news\/latest-news\/\" rel=\"category tag\">Noticias<\/a><span class=\"fusion-inline-sep\">|<\/span><\/p><div class=\"fusion-post-content-container\"><p>Por su inter\u00e9s reproducimos noticia publicada hoy en el Abc de Sevilla.<\/p><\/div><\/div><div class=\"fusion-clearfix\"><\/div><div class=\"fusion-meta-info\"><div class=\"fusion-alignright\"><a class=\"fusion-read-more\" href=\"https:\/\/ramse.es\/wordpress\/noticia-sobre-la-entrega-de-premsio-en-abc-de-sevilla\/\" aria-label=\"More on Noticia sobre la entrega de premios en ABC de Sevilla\">Leer M\u00e1s<\/a><\/div><\/div><\/article>\n<article id=\"blog-1-post-2127\" class=\"fusion-post-large-alternate post-2127 post type-post status-publish format-standard has-post-thumbnail hentry category-latest-news\">\n\t<style type=\"text\/css\">\n\t\t\n\t\t\n\t\t\n\t\t\n\t\t\t<\/style>\n\n\n\t\t\t<div class=\"fusion-flexslider flexslider fusion-flexslider-loading fusion-post-slideshow\" style=\"\">\n\t\t<ul class=\"slides\">\n\t\t\t\n\t\t\t\t\t\t\t\t\t\t\t\t\t\t<li><div  class=\"fusion-image-wrapper\" aria-haspopup=\"true\">\n\t\t\t\t<img decoding=\"async\" width=\"448\" height=\"336\" src=\"https:\/\/ramse.es\/wordpress\/wp-content\/uploads\/2013\/03\/correspondientes_web.jpg\" class=\"attachment-full size-full wp-post-image\" alt=\"\" srcset=\"https:\/\/ramse.es\/wordpress\/wp-content\/uploads\/2013\/03\/correspondientes_web-200x150.jpg 200w, https:\/\/ramse.es\/wordpress\/wp-content\/uploads\/2013\/03\/correspondientes_web-400x300.jpg 400w, https:\/\/ramse.es\/wordpress\/wp-content\/uploads\/2013\/03\/correspondientes_web.jpg 448w\" sizes=\"(max-width: 1000px) 100vw, 448px\" \/><div class=\"fusion-rollover\">\n\t<div class=\"fusion-rollover-content\">\n\n\t\t\t\t\t\t\t\t\t\t\t\t\t\t<a class=\"fusion-rollover-link\" href=\"https:\/\/ramse.es\/wordpress\/recepcion-de-academicos-correspondientes\/\">Recepci\u00f3n de Acad\u00e9micos Correspondientes<\/a>\n\t\t\t\n\t\t\t\t\t\t\t\t\t\t\t\t\t\t\n\t\t\t\t\t\t\t\t\n\t\t\t\t\t\t\t\t\t\t\t\t\t<div class=\"fusion-rollover-sep\"><\/div>\n\t\t\t\t\n\t\t\t\t\t\t\t\t\t\t\t\t\t\t\t\t\t\t<a class=\"fusion-rollover-gallery\" href=\"https:\/\/ramse.es\/wordpress\/wp-content\/uploads\/2013\/03\/correspondientes_web.jpg\" data-id=\"2127\" data-rel=\"iLightbox[gallery]\" data-title=\"correspondientes_web\" data-caption=\"\">\n\t\t\t\t\t\tGaler\u00eda\t\t\t\t\t<\/a>\n\t\t\t\t\t\t\t\t\t\t\t\t\t\t\n\t\t\n\t\t\t\t\t\t\t\t\n\t\t\t\t\t\t\t\t\n\t\t\n\t\t\t\t\t\t<a class=\"fusion-link-wrapper\" href=\"https:\/\/ramse.es\/wordpress\/recepcion-de-academicos-correspondientes\/\" aria-label=\"Recepci\u00f3n de Acad\u00e9micos Correspondientes\"><\/a>\n\t<\/div>\n<\/div>\n<\/div>\n<\/li>\n\t\t\t\n\t\t\t\n\t\t\t\t\t\t\t\t\t\t\t\t\t\t\t\t\t\t\t\t\t\t\t\t\t\t\t\t\t\t\t\t\t\t\t\t\t\t\t\t\t\t\t\t\t\t\t\t\t\t\t\t\t\t\t\t\t\t\t\t\t\t\t\t\t\t\t\t<\/ul>\n\t<\/div>\n\t<div class=\"fusion-date-and-formats\"><div class=\"fusion-date-box updated\"><span class=\"fusion-date\">marzo<\/span><span class=\"fusion-month-year\">12:00 am<\/span><\/div><div class=\"fusion-format-box\"><i class=\"awb-icon-pen\" aria-hidden=\"true\"><\/i><\/div><\/div><div class=\"fusion-post-content post-content\"><h2 class=\"blog-shortcode-post-title entry-title\"><a href=\"https:\/\/ramse.es\/wordpress\/recepcion-de-academicos-correspondientes\/\">Recepci\u00f3n de Acad\u00e9micos Correspondientes<\/a><\/h2><p class=\"fusion-single-line-meta\">Por <span class=\"vcard\"><span class=\"fn\"><a href=\"https:\/\/ramse.es\/wordpress\/author\/ivan_z0qj9h4b\/\" title=\"Entradas de admin\" rel=\"author\">admin<\/a><\/span><\/span><span class=\"fusion-inline-sep\">|<\/span><span class=\"updated\" style=\"display:none;\">2013-03-15T00:00:00+02:00<\/span><span>marzo 15th, 2013<\/span><span class=\"fusion-inline-sep\">|<\/span>Categor\u00edas: <a href=\"https:\/\/ramse.es\/wordpress\/category\/news\/latest-news\/\" rel=\"category tag\">Noticias<\/a><span class=\"fusion-inline-sep\">|<\/span><\/p><div class=\"fusion-post-content-container\"><p>Ayer tuvo lugar en el sal\u00f3n rojo de la Real Academia de Medicina y Cirug\u00eda de Sevilla un acto acad\u00e9mico de recepci\u00f3n de Acad\u00e9micos Correspondientes de especial relevancia por la participaci\u00f3n representativa de la medicina de Huelva, provincia que forma parte del distrito de la Real de Medicina Sevilla. En el acto de recepci\u00f3n han ingresado de los doctores Antonio Barrios Merino, Emilio M\u00e1rquez Contreras y Francisco Trujillo Berraquero; siendo <a href=\"https:\/\/ramse.es\/wordpress\/recepcion-de-academicos-correspondientes\/\">[...]<\/a><\/p><\/div><\/div><div class=\"fusion-clearfix\"><\/div><div class=\"fusion-meta-info\"><div class=\"fusion-alignright\"><a class=\"fusion-read-more\" href=\"https:\/\/ramse.es\/wordpress\/recepcion-de-academicos-correspondientes\/\" aria-label=\"More on Recepci\u00f3n de Acad\u00e9micos Correspondientes\">Leer M\u00e1s<\/a><\/div><\/div><\/article>\n<article id=\"blog-1-post-2125\" class=\"fusion-post-large-alternate post-2125 post type-post status-publish format-standard hentry category-latest-news\">\n\t<style type=\"text\/css\">\n\t\t\n\t\t\n\t\t\n\t\t\n\t\t\t<\/style>\n\n\n<div class=\"fusion-date-and-formats\"><div class=\"fusion-date-box updated\"><span class=\"fusion-date\">marzo<\/span><span class=\"fusion-month-year\">8:13 pm<\/span><\/div><div class=\"fusion-format-box\"><i class=\"awb-icon-pen\" aria-hidden=\"true\"><\/i><\/div><\/div><div class=\"fusion-post-content post-content\"><h2 class=\"blog-shortcode-post-title entry-title\"><a href=\"https:\/\/ramse.es\/wordpress\/ciclo-qacademia-y-humanismo-las-academias-sevillanas-en-la-sociedad-actualq\/\">Ciclo \u00abAcademia y Humanismo: las Academias Sevillanas en la sociedad actual\u00bb.<\/a><\/h2><p class=\"fusion-single-line-meta\">Por <span class=\"vcard\"><span class=\"fn\"><a href=\"https:\/\/ramse.es\/wordpress\/author\/ivan_z0qj9h4b\/\" title=\"Entradas de admin\" rel=\"author\">admin<\/a><\/span><\/span><span class=\"fusion-inline-sep\">|<\/span><span class=\"updated\" style=\"display:none;\">2013-03-11T20:13:35+02:00<\/span><span>marzo 11th, 2013<\/span><span class=\"fusion-inline-sep\">|<\/span>Categor\u00edas: <a href=\"https:\/\/ramse.es\/wordpress\/category\/news\/latest-news\/\" rel=\"category tag\">Noticias<\/a><span class=\"fusion-inline-sep\">|<\/span><\/p><div class=\"fusion-post-content-container\"><p>Ciclo \"Academia y Humanismo: las Academias Sevillanas en la sociedad actual\". La Real Academia de Medicina y Cirug\u00eda de Sevilla participa en el ciclo \"Academia y Humanismo: las Academias Sevillanas en la sociedad actual\" que se desarrollar\u00e1 del 13 de marzo al 26 de junio. Para consultar el programa pinche aqu\u00ed<\/p><\/div><\/div><div class=\"fusion-clearfix\"><\/div><div class=\"fusion-meta-info\"><div class=\"fusion-alignright\"><a class=\"fusion-read-more\" href=\"https:\/\/ramse.es\/wordpress\/ciclo-qacademia-y-humanismo-las-academias-sevillanas-en-la-sociedad-actualq\/\" aria-label=\"More on Ciclo \u00abAcademia y Humanismo: las Academias Sevillanas en la sociedad actual\u00bb.\">Leer M\u00e1s<\/a><\/div><\/div><\/article>\n<article id=\"blog-1-post-2124\" class=\"fusion-post-large-alternate post-2124 post type-post status-publish format-standard hentry category-latest-news\">\n\t<style type=\"text\/css\">\n\t\t\n\t\t\n\t\t\n\t\t\n\t\t\t<\/style>\n\n\n<div class=\"fusion-date-and-formats\"><div class=\"fusion-date-box updated\"><span class=\"fusion-date\">marzo<\/span><span class=\"fusion-month-year\">10:42 am<\/span><\/div><div class=\"fusion-format-box\"><i class=\"awb-icon-pen\" aria-hidden=\"true\"><\/i><\/div><\/div><div class=\"fusion-post-content post-content\"><h2 class=\"blog-shortcode-post-title entry-title\"><a href=\"https:\/\/ramse.es\/wordpress\/cambio-en-el-programa-de-actividades\/\">Cambio en el programa de actividades<\/a><\/h2><p class=\"fusion-single-line-meta\">Por <span class=\"vcard\"><span class=\"fn\"><a href=\"https:\/\/ramse.es\/wordpress\/author\/ivan_z0qj9h4b\/\" title=\"Entradas de admin\" rel=\"author\">admin<\/a><\/span><\/span><span class=\"fusion-inline-sep\">|<\/span><span class=\"updated\" style=\"display:none;\">2013-03-05T10:42:50+02:00<\/span><span>marzo 5th, 2013<\/span><span class=\"fusion-inline-sep\">|<\/span>Categor\u00edas: <a href=\"https:\/\/ramse.es\/wordpress\/category\/news\/latest-news\/\" rel=\"category tag\">Noticias<\/a><span class=\"fusion-inline-sep\">|<\/span><\/p><div class=\"fusion-post-content-container\"><p>La Real Academia de Medicina de Sevilla ha modificado la fecha de dos de las actividades previstas para los meses marzo y abril quedando el programa de la siguiente forma: \u00a0 Jueves 14 de marzo a las 20 horas Recepci\u00f3n de Acad\u00e9micos Correspondientes. Dr. D. Antonio Barrios Merino Dr. D. Emilio M\u00e1rquez Contreras Dr. D. Francisco Trujillo Berraquero \u00a0 Jueves 25 de abril a las 20 horas Mesa redonda: \u201cEnvejecimiento: <a href=\"https:\/\/ramse.es\/wordpress\/cambio-en-el-programa-de-actividades\/\">[...]<\/a><\/p><\/div><\/div><div class=\"fusion-clearfix\"><\/div><div class=\"fusion-meta-info\"><div class=\"fusion-alignright\"><a class=\"fusion-read-more\" href=\"https:\/\/ramse.es\/wordpress\/cambio-en-el-programa-de-actividades\/\" aria-label=\"More on Cambio en el programa de actividades\">Leer M\u00e1s<\/a><\/div><\/div><\/article>\n<article id=\"blog-1-post-2123\" class=\"fusion-post-large-alternate post-2123 post type-post status-publish format-standard has-post-thumbnail hentry category-latest-news\">\n\t<style type=\"text\/css\">\n\t\t\n\t\t\n\t\t\n\t\t\n\t\t\t<\/style>\n\n\n\t\t\t<div class=\"fusion-flexslider flexslider fusion-flexslider-loading fusion-post-slideshow\" style=\"\">\n\t\t<ul class=\"slides\">\n\t\t\t\n\t\t\t\t\t\t\t\t\t\t\t\t\t\t<li><div  class=\"fusion-image-wrapper\" aria-haspopup=\"true\">\n\t\t\t\t<img decoding=\"async\" width=\"448\" height=\"336\" src=\"https:\/\/ramse.es\/wordpress\/wp-content\/uploads\/2013\/03\/muniain_web.jpg\" class=\"attachment-full size-full wp-post-image\" alt=\"\" srcset=\"https:\/\/ramse.es\/wordpress\/wp-content\/uploads\/2013\/03\/muniain_web-200x150.jpg 200w, https:\/\/ramse.es\/wordpress\/wp-content\/uploads\/2013\/03\/muniain_web-400x300.jpg 400w, https:\/\/ramse.es\/wordpress\/wp-content\/uploads\/2013\/03\/muniain_web.jpg 448w\" sizes=\"(max-width: 1000px) 100vw, 448px\" \/><div class=\"fusion-rollover\">\n\t<div class=\"fusion-rollover-content\">\n\n\t\t\t\t\t\t\t\t\t\t\t\t\t\t<a class=\"fusion-rollover-link\" href=\"https:\/\/ramse.es\/wordpress\/el-dr-miguel-angel-muniain-ezcurra-ingresa-como-academico-de-numero\/\">El Dr. Miguel \u00c1ngel Muni\u00e1in Ezcurra ingresa como Acad\u00e9mico de N\u00famero<\/a>\n\t\t\t\n\t\t\t\t\t\t\t\t\t\t\t\t\t\t\n\t\t\t\t\t\t\t\t\n\t\t\t\t\t\t\t\t\t\t\t\t\t<div class=\"fusion-rollover-sep\"><\/div>\n\t\t\t\t\n\t\t\t\t\t\t\t\t\t\t\t\t\t\t\t\t\t\t<a class=\"fusion-rollover-gallery\" href=\"https:\/\/ramse.es\/wordpress\/wp-content\/uploads\/2013\/03\/muniain_web.jpg\" data-id=\"2123\" data-rel=\"iLightbox[gallery]\" data-title=\"muniain_web\" data-caption=\"\">\n\t\t\t\t\t\tGaler\u00eda\t\t\t\t\t<\/a>\n\t\t\t\t\t\t\t\t\t\t\t\t\t\t\n\t\t\n\t\t\t\t\t\t\t\t\n\t\t\t\t\t\t\t\t\n\t\t\n\t\t\t\t\t\t<a class=\"fusion-link-wrapper\" href=\"https:\/\/ramse.es\/wordpress\/el-dr-miguel-angel-muniain-ezcurra-ingresa-como-academico-de-numero\/\" aria-label=\"El Dr. Miguel \u00c1ngel Muni\u00e1in Ezcurra ingresa como Acad\u00e9mico de N\u00famero\"><\/a>\n\t<\/div>\n<\/div>\n<\/div>\n<\/li>\n\t\t\t\n\t\t\t\n\t\t\t\t\t\t\t\t\t\t\t\t\t\t\t\t\t\t\t\t\t\t\t\t\t\t\t\t\t\t\t\t\t\t\t\t\t\t\t\t\t\t\t\t\t\t\t\t\t\t\t\t\t\t\t\t\t\t\t\t\t\t\t\t\t\t\t\t<\/ul>\n\t<\/div>\n\t<div class=\"fusion-date-and-formats\"><div class=\"fusion-date-box updated\"><span class=\"fusion-date\">marzo<\/span><span class=\"fusion-month-year\">12:00 am<\/span><\/div><div class=\"fusion-format-box\"><i class=\"awb-icon-pen\" aria-hidden=\"true\"><\/i><\/div><\/div><div class=\"fusion-post-content post-content\"><h2 class=\"blog-shortcode-post-title entry-title\"><a href=\"https:\/\/ramse.es\/wordpress\/el-dr-miguel-angel-muniain-ezcurra-ingresa-como-academico-de-numero\/\">El Dr. Miguel \u00c1ngel Muni\u00e1in Ezcurra ingresa como Acad\u00e9mico de N\u00famero<\/a><\/h2><p class=\"fusion-single-line-meta\">Por <span class=\"vcard\"><span class=\"fn\"><a href=\"https:\/\/ramse.es\/wordpress\/author\/ivan_z0qj9h4b\/\" title=\"Entradas de admin\" rel=\"author\">admin<\/a><\/span><\/span><span class=\"fusion-inline-sep\">|<\/span><span class=\"updated\" style=\"display:none;\">2013-03-03T00:00:00+02:00<\/span><span>marzo 3rd, 2013<\/span><span class=\"fusion-inline-sep\">|<\/span>Categor\u00edas: <a href=\"https:\/\/ramse.es\/wordpress\/category\/news\/latest-news\/\" rel=\"category tag\">Noticias<\/a><span class=\"fusion-inline-sep\">|<\/span><\/p><div class=\"fusion-post-content-container\"><p>Esta ma\u00f1ana el catedr\u00e1tico Miguel \u00c1ngel Muni\u00e1in Ezcurra ha tomado posesi\u00f3n como Acad\u00e9mico de N\u00famero en la plaza de Enfermedades Infecciosas, de nueva creaci\u00f3n, en la Real Academia de Medicina y Cirug\u00eda de Sevilla, leyendo su discurso de ingreso sobre \u201cEnfermedades infecciosas: pasado, presente y futuro\u201d, siendo contestado por el tambi\u00e9n Numerario Carlos Mart\u00ednez Manzanares. En su intervenci\u00f3n ha hecho un recorrido por la evoluci\u00f3n de las enfermedades infecciosas en <a href=\"https:\/\/ramse.es\/wordpress\/el-dr-miguel-angel-muniain-ezcurra-ingresa-como-academico-de-numero\/\">[...]<\/a><\/p><\/div><\/div><div class=\"fusion-clearfix\"><\/div><div class=\"fusion-meta-info\"><div class=\"fusion-alignright\"><a class=\"fusion-read-more\" href=\"https:\/\/ramse.es\/wordpress\/el-dr-miguel-angel-muniain-ezcurra-ingresa-como-academico-de-numero\/\" aria-label=\"More on El Dr. Miguel \u00c1ngel Muni\u00e1in Ezcurra ingresa como Acad\u00e9mico de N\u00famero\">Leer M\u00e1s<\/a><\/div><\/div><\/article>\n<article id=\"blog-1-post-2121\" class=\"fusion-post-large-alternate post-2121 post type-post status-publish format-standard has-post-thumbnail hentry category-latest-news\">\n\t<style type=\"text\/css\">\n\t\t\n\t\t\n\t\t\n\t\t\n\t\t\t<\/style>\n\n\n\t\t\t<div class=\"fusion-flexslider flexslider fusion-flexslider-loading fusion-post-slideshow\" style=\"\">\n\t\t<ul class=\"slides\">\n\t\t\t\n\t\t\t\t\t\t\t\t\t\t\t\t\t\t<li><div  class=\"fusion-image-wrapper\" aria-haspopup=\"true\">\n\t\t\t\t<img decoding=\"async\" width=\"448\" height=\"336\" src=\"https:\/\/ramse.es\/wordpress\/wp-content\/uploads\/2013\/03\/duquesa_alba.jpg\" class=\"attachment-full size-full wp-post-image\" alt=\"\" srcset=\"https:\/\/ramse.es\/wordpress\/wp-content\/uploads\/2013\/03\/duquesa_alba-200x150.jpg 200w, https:\/\/ramse.es\/wordpress\/wp-content\/uploads\/2013\/03\/duquesa_alba-400x300.jpg 400w, https:\/\/ramse.es\/wordpress\/wp-content\/uploads\/2013\/03\/duquesa_alba.jpg 448w\" sizes=\"(max-width: 1000px) 100vw, 448px\" \/><div class=\"fusion-rollover\">\n\t<div class=\"fusion-rollover-content\">\n\n\t\t\t\t\t\t\t\t\t\t\t\t\t\t<a class=\"fusion-rollover-link\" href=\"https:\/\/ramse.es\/wordpress\/la-duquesa-de-alba-presidenta-de-honor-de-la-fundacion-real-academia-de-medicina-y-cirugia-de-sevilla\/\">La Duquesa de Alba, presidenta de Honor de la Fundaci\u00f3n Real Academia de Medicina y Cirug\u00eda de Sevilla<\/a>\n\t\t\t\n\t\t\t\t\t\t\t\t\t\t\t\t\t\t\n\t\t\t\t\t\t\t\t\n\t\t\t\t\t\t\t\t\t\t\t\t\t<div class=\"fusion-rollover-sep\"><\/div>\n\t\t\t\t\n\t\t\t\t\t\t\t\t\t\t\t\t\t\t\t\t\t\t<a class=\"fusion-rollover-gallery\" href=\"https:\/\/ramse.es\/wordpress\/wp-content\/uploads\/2013\/03\/duquesa_alba.jpg\" data-id=\"2121\" data-rel=\"iLightbox[gallery]\" data-title=\"duquesa_alba\" data-caption=\"\">\n\t\t\t\t\t\tGaler\u00eda\t\t\t\t\t<\/a>\n\t\t\t\t\t\t\t\t\t\t\t\t\t\t\n\t\t\n\t\t\t\t\t\t\t\t\n\t\t\t\t\t\t\t\t\n\t\t\n\t\t\t\t\t\t<a class=\"fusion-link-wrapper\" href=\"https:\/\/ramse.es\/wordpress\/la-duquesa-de-alba-presidenta-de-honor-de-la-fundacion-real-academia-de-medicina-y-cirugia-de-sevilla\/\" aria-label=\"La Duquesa de Alba, presidenta de Honor de la Fundaci\u00f3n Real Academia de Medicina y Cirug\u00eda de Sevilla\"><\/a>\n\t<\/div>\n<\/div>\n<\/div>\n<\/li>\n\t\t\t\n\t\t\t\n\t\t\t\t\t\t\t\t\t\t\t\t\t\t\t\t\t\t\t\t\t\t\t\t\t\t\t\t\t\t\t\t\t\t\t\t\t\t\t\t\t\t\t\t\t\t\t\t\t\t\t\t\t\t\t\t\t\t\t\t\t\t\t\t\t\t\t\t<\/ul>\n\t<\/div>\n\t<div class=\"fusion-date-and-formats\"><div class=\"fusion-date-box updated\"><span class=\"fusion-date\">marzo<\/span><span class=\"fusion-month-year\">12:00 am<\/span><\/div><div class=\"fusion-format-box\"><i class=\"awb-icon-pen\" aria-hidden=\"true\"><\/i><\/div><\/div><div class=\"fusion-post-content post-content\"><h2 class=\"blog-shortcode-post-title entry-title\"><a href=\"https:\/\/ramse.es\/wordpress\/la-duquesa-de-alba-presidenta-de-honor-de-la-fundacion-real-academia-de-medicina-y-cirugia-de-sevilla\/\">La Duquesa de Alba, presidenta de Honor de la Fundaci\u00f3n Real Academia de Medicina y Cirug\u00eda de Sevilla<\/a><\/h2><p class=\"fusion-single-line-meta\">Por <span class=\"vcard\"><span class=\"fn\"><a href=\"https:\/\/ramse.es\/wordpress\/author\/ivan_z0qj9h4b\/\" title=\"Entradas de admin\" rel=\"author\">admin<\/a><\/span><\/span><span class=\"fusion-inline-sep\">|<\/span><span class=\"updated\" style=\"display:none;\">2013-03-03T00:00:00+02:00<\/span><span>marzo 3rd, 2013<\/span><span class=\"fusion-inline-sep\">|<\/span>Categor\u00edas: <a href=\"https:\/\/ramse.es\/wordpress\/category\/news\/latest-news\/\" rel=\"category tag\">Noticias<\/a><span class=\"fusion-inline-sep\">|<\/span><\/p><div class=\"fusion-post-content-container\"><p>La Excma. Duquesa de Alba, Cayetana Fitz-James Stuart y Silva ha tomado posesi\u00f3n esta ma\u00f1ana como presidenta de Honor de la Fundaci\u00f3n Real Academia de Medicina y Cirug\u00eda de Sevilla, en un acto celebrado despu\u00e9s de que la Fundaci\u00f3n aprobara por unanimidad, el pasado mes de diciembre, concederle dicha distinci\u00f3n. El presidente de la Fundaci\u00f3n, Carlos Infantes Alc\u00f3n, ha se\u00f1alado que la tricentenaria Academia de Medicina de Sevilla ha sabido <a href=\"https:\/\/ramse.es\/wordpress\/la-duquesa-de-alba-presidenta-de-honor-de-la-fundacion-real-academia-de-medicina-y-cirugia-de-sevilla\/\">[...]<\/a><\/p><\/div><\/div><div class=\"fusion-clearfix\"><\/div><div class=\"fusion-meta-info\"><div class=\"fusion-alignright\"><a class=\"fusion-read-more\" href=\"https:\/\/ramse.es\/wordpress\/la-duquesa-de-alba-presidenta-de-honor-de-la-fundacion-real-academia-de-medicina-y-cirugia-de-sevilla\/\" aria-label=\"More on La Duquesa de Alba, presidenta de Honor de la Fundaci\u00f3n Real Academia de Medicina y Cirug\u00eda de Sevilla\">Leer M\u00e1s<\/a><\/div><\/div><\/article>\n<article id=\"blog-1-post-2119\" class=\"fusion-post-large-alternate post-2119 post type-post status-publish format-standard has-post-thumbnail hentry category-latest-news\">\n\t<style type=\"text\/css\">\n\t\t\n\t\t\n\t\t\n\t\t\n\t\t\t<\/style>\n\n\n\t\t\t<div class=\"fusion-flexslider flexslider fusion-flexslider-loading fusion-post-slideshow\" style=\"\">\n\t\t<ul class=\"slides\">\n\t\t\t\n\t\t\t\t\t\t\t\t\t\t\t\t\t\t<li><div  class=\"fusion-image-wrapper\" aria-haspopup=\"true\">\n\t\t\t\t<img decoding=\"async\" width=\"448\" height=\"336\" src=\"https:\/\/ramse.es\/wordpress\/wp-content\/uploads\/2013\/03\/ateneo.jpg\" class=\"attachment-full size-full wp-post-image\" alt=\"\" srcset=\"https:\/\/ramse.es\/wordpress\/wp-content\/uploads\/2013\/03\/ateneo-200x150.jpg 200w, https:\/\/ramse.es\/wordpress\/wp-content\/uploads\/2013\/03\/ateneo-400x300.jpg 400w, https:\/\/ramse.es\/wordpress\/wp-content\/uploads\/2013\/03\/ateneo.jpg 448w\" sizes=\"(max-width: 1000px) 100vw, 448px\" \/><div class=\"fusion-rollover\">\n\t<div class=\"fusion-rollover-content\">\n\n\t\t\t\t\t\t\t\t\t\t\t\t\t\t<a class=\"fusion-rollover-link\" href=\"https:\/\/ramse.es\/wordpress\/el-ateneo-de-sevilla-apoya-el-desarrollo-y-la-difusion-de-la-salud-con-la-firma-de-un-convenio-de-colaboracion-con-la-fundacion-real-academia-de-medicina-y-cirugia-de-sevilla\/\">El Ateneo de Sevilla apoya  el desarrollo y la difusi\u00f3n de la salud con la firma de un convenio de colaboraci\u00f3n con la Fundaci\u00f3n Real Academia de Medicina y Cirug\u00eda de Sevilla<\/a>\n\t\t\t\n\t\t\t\t\t\t\t\t\t\t\t\t\t\t\n\t\t\t\t\t\t\t\t\n\t\t\t\t\t\t\t\t\t\t\t\t\t<div class=\"fusion-rollover-sep\"><\/div>\n\t\t\t\t\n\t\t\t\t\t\t\t\t\t\t\t\t\t\t\t\t\t\t<a class=\"fusion-rollover-gallery\" href=\"https:\/\/ramse.es\/wordpress\/wp-content\/uploads\/2013\/03\/ateneo.jpg\" data-id=\"2119\" data-rel=\"iLightbox[gallery]\" data-title=\"ateneo\" data-caption=\"\">\n\t\t\t\t\t\tGaler\u00eda\t\t\t\t\t<\/a>\n\t\t\t\t\t\t\t\t\t\t\t\t\t\t\n\t\t\n\t\t\t\t\t\t\t\t\n\t\t\t\t\t\t\t\t\n\t\t\n\t\t\t\t\t\t<a class=\"fusion-link-wrapper\" href=\"https:\/\/ramse.es\/wordpress\/el-ateneo-de-sevilla-apoya-el-desarrollo-y-la-difusion-de-la-salud-con-la-firma-de-un-convenio-de-colaboracion-con-la-fundacion-real-academia-de-medicina-y-cirugia-de-sevilla\/\" aria-label=\"El Ateneo de Sevilla apoya  el desarrollo y la difusi\u00f3n de la salud con la firma de un convenio de colaboraci\u00f3n con la Fundaci\u00f3n Real Academia de Medicina y Cirug\u00eda de Sevilla\"><\/a>\n\t<\/div>\n<\/div>\n<\/div>\n<\/li>\n\t\t\t\n\t\t\t\n\t\t\t\t\t\t\t\t\t\t\t\t\t\t\t\t\t\t\t\t\t\t\t\t\t\t\t\t\t\t\t\t\t\t\t\t\t\t\t\t\t\t\t\t\t\t\t\t\t\t\t\t\t\t\t\t\t\t\t\t\t\t\t\t\t\t\t\t<\/ul>\n\t<\/div>\n\t<div class=\"fusion-date-and-formats\"><div class=\"fusion-date-box updated\"><span class=\"fusion-date\">marzo<\/span><span class=\"fusion-month-year\">12:00 am<\/span><\/div><div class=\"fusion-format-box\"><i class=\"awb-icon-pen\" aria-hidden=\"true\"><\/i><\/div><\/div><div class=\"fusion-post-content post-content\"><h2 class=\"blog-shortcode-post-title entry-title\"><a href=\"https:\/\/ramse.es\/wordpress\/el-ateneo-de-sevilla-apoya-el-desarrollo-y-la-difusion-de-la-salud-con-la-firma-de-un-convenio-de-colaboracion-con-la-fundacion-real-academia-de-medicina-y-cirugia-de-sevilla\/\">El Ateneo de Sevilla apoya  el desarrollo y la difusi\u00f3n de la salud con la firma de un convenio de colaboraci\u00f3n con la Fundaci\u00f3n Real Academia de Medicina y Cirug\u00eda de Sevilla<\/a><\/h2><p class=\"fusion-single-line-meta\">Por <span class=\"vcard\"><span class=\"fn\"><a href=\"https:\/\/ramse.es\/wordpress\/author\/ivan_z0qj9h4b\/\" title=\"Entradas de admin\" rel=\"author\">admin<\/a><\/span><\/span><span class=\"fusion-inline-sep\">|<\/span><span class=\"updated\" style=\"display:none;\">2013-03-01T00:00:00+02:00<\/span><span>marzo 1st, 2013<\/span><span class=\"fusion-inline-sep\">|<\/span>Categor\u00edas: <a href=\"https:\/\/ramse.es\/wordpress\/category\/news\/latest-news\/\" rel=\"category tag\">Noticias<\/a><span class=\"fusion-inline-sep\">|<\/span><\/p><div class=\"fusion-post-content-container\"><p>El presidente del Excmo. Ateneo de Sevilla, D. Alberto M\u00e1ximo P\u00e9rez Calero, y el presidente de la Fundaci\u00f3n Real Academia de Medicina y Cirug\u00eda de Sevilla, D. Carlos Infantes Alc\u00f3n han firmado un convenio de colaboraci\u00f3n entre ambas instituciones. La colaboraci\u00f3n tiene por objeto fomentar la participaci\u00f3n de Ateneo de Sevilla en la financiaci\u00f3n de la Fundaci\u00f3n para el desarrollo de sus fines, as\u00ed como fomentar su intervenci\u00f3n en las <a href=\"https:\/\/ramse.es\/wordpress\/el-ateneo-de-sevilla-apoya-el-desarrollo-y-la-difusion-de-la-salud-con-la-firma-de-un-convenio-de-colaboracion-con-la-fundacion-real-academia-de-medicina-y-cirugia-de-sevilla\/\">[...]<\/a><\/p><\/div><\/div><div class=\"fusion-clearfix\"><\/div><div class=\"fusion-meta-info\"><div class=\"fusion-alignright\"><a class=\"fusion-read-more\" href=\"https:\/\/ramse.es\/wordpress\/el-ateneo-de-sevilla-apoya-el-desarrollo-y-la-difusion-de-la-salud-con-la-firma-de-un-convenio-de-colaboracion-con-la-fundacion-real-academia-de-medicina-y-cirugia-de-sevilla\/\" aria-label=\"More on El Ateneo de Sevilla apoya  el desarrollo y la difusi\u00f3n de la salud con la firma de un convenio de colaboraci\u00f3n con la Fundaci\u00f3n Real Academia de Medicina y Cirug\u00eda de Sevilla\">Leer M\u00e1s<\/a><\/div><\/div><\/article>\n<article id=\"blog-1-post-2117\" class=\"fusion-post-large-alternate post-2117 post type-post status-publish format-standard has-post-thumbnail hentry category-latest-news\">\n\t<style type=\"text\/css\">\n\t\t\n\t\t\n\t\t\n\t\t\n\t\t\t<\/style>\n\n\n\t\t\t<div class=\"fusion-flexslider flexslider fusion-flexslider-loading fusion-post-slideshow\" style=\"\">\n\t\t<ul class=\"slides\">\n\t\t\t\n\t\t\t\t\t\t\t\t\t\t\t\t\t\t<li><div  class=\"fusion-image-wrapper\" aria-haspopup=\"true\">\n\t\t\t\t<img decoding=\"async\" width=\"448\" height=\"300\" src=\"https:\/\/ramse.es\/wordpress\/wp-content\/uploads\/2013\/01\/aperturacursoweb.jpg\" class=\"attachment-full size-full wp-post-image\" alt=\"\" srcset=\"https:\/\/ramse.es\/wordpress\/wp-content\/uploads\/2013\/01\/aperturacursoweb-200x134.jpg 200w, https:\/\/ramse.es\/wordpress\/wp-content\/uploads\/2013\/01\/aperturacursoweb-400x268.jpg 400w, https:\/\/ramse.es\/wordpress\/wp-content\/uploads\/2013\/01\/aperturacursoweb.jpg 448w\" sizes=\"(max-width: 1000px) 100vw, 448px\" \/><div class=\"fusion-rollover\">\n\t<div class=\"fusion-rollover-content\">\n\n\t\t\t\t\t\t\t\t\t\t\t\t\t\t<a class=\"fusion-rollover-link\" href=\"https:\/\/ramse.es\/wordpress\/apertura-313-curso-academico\/\">Apertura 313 Curso Acad\u00e9mico<\/a>\n\t\t\t\n\t\t\t\t\t\t\t\t\t\t\t\t\t\t\n\t\t\t\t\t\t\t\t\n\t\t\t\t\t\t\t\t\t\t\t\t\t<div class=\"fusion-rollover-sep\"><\/div>\n\t\t\t\t\n\t\t\t\t\t\t\t\t\t\t\t\t\t\t\t\t\t\t<a class=\"fusion-rollover-gallery\" href=\"https:\/\/ramse.es\/wordpress\/wp-content\/uploads\/2013\/01\/aperturacursoweb.jpg\" data-id=\"2117\" data-rel=\"iLightbox[gallery]\" data-title=\"aperturacursoweb\" data-caption=\"\">\n\t\t\t\t\t\tGaler\u00eda\t\t\t\t\t<\/a>\n\t\t\t\t\t\t\t\t\t\t\t\t\t\t\n\t\t\n\t\t\t\t\t\t\t\t\n\t\t\t\t\t\t\t\t\n\t\t\n\t\t\t\t\t\t<a class=\"fusion-link-wrapper\" href=\"https:\/\/ramse.es\/wordpress\/apertura-313-curso-academico\/\" aria-label=\"Apertura 313 Curso Acad\u00e9mico\"><\/a>\n\t<\/div>\n<\/div>\n<\/div>\n<\/li>\n\t\t\t\n\t\t\t\n\t\t\t\t\t\t\t\t\t\t\t\t\t\t\t\t\t\t\t\t\t\t\t\t\t\t\t\t\t\t\t\t\t\t\t\t\t\t\t\t\t\t\t\t\t\t\t\t\t\t\t\t\t\t\t\t\t\t\t\t\t\t\t\t\t\t\t\t<\/ul>\n\t<\/div>\n\t<div class=\"fusion-date-and-formats\"><div class=\"fusion-date-box updated\"><span class=\"fusion-date\">enero<\/span><span class=\"fusion-month-year\">12:00 am<\/span><\/div><div class=\"fusion-format-box\"><i class=\"awb-icon-pen\" aria-hidden=\"true\"><\/i><\/div><\/div><div class=\"fusion-post-content post-content\"><h2 class=\"blog-shortcode-post-title entry-title\"><a href=\"https:\/\/ramse.es\/wordpress\/apertura-313-curso-academico\/\">Apertura 313 Curso Acad\u00e9mico<\/a><\/h2><p class=\"fusion-single-line-meta\">Por <span class=\"vcard\"><span class=\"fn\"><a href=\"https:\/\/ramse.es\/wordpress\/author\/ivan_z0qj9h4b\/\" title=\"Entradas de admin\" rel=\"author\">admin<\/a><\/span><\/span><span class=\"fusion-inline-sep\">|<\/span><span class=\"updated\" style=\"display:none;\">2013-01-25T00:00:00+02:00<\/span><span>enero 25th, 2013<\/span><span class=\"fusion-inline-sep\">|<\/span>Categor\u00edas: <a href=\"https:\/\/ramse.es\/wordpress\/category\/news\/latest-news\/\" rel=\"category tag\">Noticias<\/a><span class=\"fusion-inline-sep\">|<\/span><\/p><div class=\"fusion-post-content-container\"><p>La Real Academia de Medicina de Sevilla ha celebrado la apertura Curso Acad\u00e9mico 313 en la que el doctor Carlos Mart\u00ednez Manzanares ha pronunciado el discurso titulado \"Fragilidad y prevenci\u00f3n en geriatr\u00eda\" donde ha destacado la importancia preventiva de car\u00e1cter primario que tiene la detecci\u00f3n y el tratamiento de los mayores que son calificados como fr\u00e1giles. Previamente el doctor Ignacio G\u00f3mez de Terreros ha dado lectura de la Memoria Anual <a href=\"https:\/\/ramse.es\/wordpress\/apertura-313-curso-academico\/\">[...]<\/a><\/p><\/div><\/div><div class=\"fusion-clearfix\"><\/div><div class=\"fusion-meta-info\"><div class=\"fusion-alignright\"><a class=\"fusion-read-more\" href=\"https:\/\/ramse.es\/wordpress\/apertura-313-curso-academico\/\" aria-label=\"More on Apertura 313 Curso Acad\u00e9mico\">Leer M\u00e1s<\/a><\/div><\/div><\/article>\n<article id=\"blog-1-post-2115\" class=\"fusion-post-large-alternate post-2115 post type-post status-publish format-standard hentry category-latest-news category-premios-academia\">\n\t<style type=\"text\/css\">\n\t\t\n\t\t\n\t\t\n\t\t\n\t\t\t<\/style>\n\n\n<div class=\"fusion-date-and-formats\"><div class=\"fusion-date-box updated\"><span class=\"fusion-date\">enero<\/span><span class=\"fusion-month-year\">9:48 am<\/span><\/div><div class=\"fusion-format-box\"><i class=\"awb-icon-pen\" aria-hidden=\"true\"><\/i><\/div><\/div><div class=\"fusion-post-content post-content\"><h2 class=\"blog-shortcode-post-title entry-title\"><a href=\"https:\/\/ramse.es\/wordpress\/bases-del-concurso-cientifico-de-premios-2013\/\">Bases del Concurso Cient\u00edfico de Premios 2013<\/a><\/h2><p class=\"fusion-single-line-meta\">Por <span class=\"vcard\"><span class=\"fn\"><a href=\"https:\/\/ramse.es\/wordpress\/author\/ivan_z0qj9h4b\/\" title=\"Entradas de admin\" rel=\"author\">admin<\/a><\/span><\/span><span class=\"fusion-inline-sep\">|<\/span><span class=\"updated\" style=\"display:none;\">2020-04-13T11:34:20+02:00<\/span><span>enero 22nd, 2013<\/span><span class=\"fusion-inline-sep\">|<\/span>Categor\u00edas: <a href=\"https:\/\/ramse.es\/wordpress\/category\/news\/latest-news\/\" rel=\"category tag\">Noticias<\/a>, <a href=\"https:\/\/ramse.es\/wordpress\/category\/premios-academia\/\" rel=\"category tag\">Premios Academia<\/a><span class=\"fusion-inline-sep\">|<\/span><\/p><div class=\"fusion-post-content-container\"><p>Si desea consultar las bases del Concurso Cient\u00edfico de Premios 2013 pinche aqu\u00ed: Bases<\/p><\/div><\/div><div class=\"fusion-clearfix\"><\/div><div class=\"fusion-meta-info\"><div class=\"fusion-alignright\"><a class=\"fusion-read-more\" href=\"https:\/\/ramse.es\/wordpress\/bases-del-concurso-cientifico-de-premios-2013\/\" aria-label=\"More on Bases del Concurso Cient\u00edfico de Premios 2013\">Leer M\u00e1s<\/a><\/div><\/div><\/article>\n<article id=\"blog-1-post-2114\" class=\"fusion-post-large-alternate post-2114 post type-post status-publish format-standard has-post-thumbnail hentry category-latest-news category-premios-academia\">\n\t<style type=\"text\/css\">\n\t\t\n\t\t\n\t\t\n\t\t\n\t\t\t<\/style>\n\n\n\t\t\t<div class=\"fusion-flexslider flexslider fusion-flexslider-loading fusion-post-slideshow\" style=\"\">\n\t\t<ul class=\"slides\">\n\t\t\t\n\t\t\t\t\t\t\t\t\t\t\t\t\t\t<li><div  class=\"fusion-image-wrapper\" aria-haspopup=\"true\">\n\t\t\t\t<img decoding=\"async\" width=\"448\" height=\"336\" src=\"https:\/\/ramse.es\/wordpress\/wp-content\/uploads\/2012\/12\/plicasconcursoweb.jpg\" class=\"attachment-full size-full wp-post-image\" alt=\"\" srcset=\"https:\/\/ramse.es\/wordpress\/wp-content\/uploads\/2012\/12\/plicasconcursoweb-200x150.jpg 200w, https:\/\/ramse.es\/wordpress\/wp-content\/uploads\/2012\/12\/plicasconcursoweb-400x300.jpg 400w, https:\/\/ramse.es\/wordpress\/wp-content\/uploads\/2012\/12\/plicasconcursoweb.jpg 448w\" sizes=\"(max-width: 1000px) 100vw, 448px\" \/><div class=\"fusion-rollover\">\n\t<div class=\"fusion-rollover-content\">\n\n\t\t\t\t\t\t\t\t\t\t\t\t\t\t<a class=\"fusion-rollover-link\" href=\"https:\/\/ramse.es\/wordpress\/los-premios-cientificos-ganadores-del-concurso-del-2012\/\">Los Premios Cient\u00edficos ganadores del concurso del 2012<\/a>\n\t\t\t\n\t\t\t\t\t\t\t\t\t\t\t\t\t\t\n\t\t\t\t\t\t\t\t\n\t\t\t\t\t\t\t\t\t\t\t\t\t<div class=\"fusion-rollover-sep\"><\/div>\n\t\t\t\t\n\t\t\t\t\t\t\t\t\t\t\t\t\t\t\t\t\t\t<a class=\"fusion-rollover-gallery\" href=\"https:\/\/ramse.es\/wordpress\/wp-content\/uploads\/2012\/12\/plicasconcursoweb.jpg\" data-id=\"2114\" data-rel=\"iLightbox[gallery]\" data-title=\"plicasconcursoweb\" data-caption=\"\">\n\t\t\t\t\t\tGaler\u00eda\t\t\t\t\t<\/a>\n\t\t\t\t\t\t\t\t\t\t\t\t\t\t\n\t\t\n\t\t\t\t\t\t\t\t\n\t\t\t\t\t\t\t\t\n\t\t\n\t\t\t\t\t\t<a class=\"fusion-link-wrapper\" href=\"https:\/\/ramse.es\/wordpress\/los-premios-cientificos-ganadores-del-concurso-del-2012\/\" aria-label=\"Los Premios Cient\u00edficos ganadores del concurso del 2012\"><\/a>\n\t<\/div>\n<\/div>\n<\/div>\n<\/li>\n\t\t\t\n\t\t\t\n\t\t\t\t\t\t\t\t\t\t\t\t\t\t\t\t\t\t\t\t\t\t\t\t\t\t\t\t\t\t\t\t\t\t\t\t\t\t\t\t\t\t\t\t\t\t\t\t\t\t\t\t\t\t\t\t\t\t\t\t\t\t\t\t\t\t\t\t<\/ul>\n\t<\/div>\n\t<div class=\"fusion-date-and-formats\"><div class=\"fusion-date-box updated\"><span class=\"fusion-date\">diciembre<\/span><span class=\"fusion-month-year\">1:09 pm<\/span><\/div><div class=\"fusion-format-box\"><i class=\"awb-icon-pen\" aria-hidden=\"true\"><\/i><\/div><\/div><div class=\"fusion-post-content post-content\"><h2 class=\"blog-shortcode-post-title entry-title\"><a href=\"https:\/\/ramse.es\/wordpress\/los-premios-cientificos-ganadores-del-concurso-del-2012\/\">Los Premios Cient\u00edficos ganadores del concurso del 2012<\/a><\/h2><p class=\"fusion-single-line-meta\">Por <span class=\"vcard\"><span class=\"fn\"><a href=\"https:\/\/ramse.es\/wordpress\/author\/ivan_z0qj9h4b\/\" title=\"Entradas de admin\" rel=\"author\">admin<\/a><\/span><\/span><span class=\"fusion-inline-sep\">|<\/span><span class=\"updated\" style=\"display:none;\">2020-04-13T11:34:26+02:00<\/span><span>diciembre 18th, 2012<\/span><span class=\"fusion-inline-sep\">|<\/span>Categor\u00edas: <a href=\"https:\/\/ramse.es\/wordpress\/category\/news\/latest-news\/\" rel=\"category tag\">Noticias<\/a>, <a href=\"https:\/\/ramse.es\/wordpress\/category\/premios-academia\/\" rel=\"category tag\">Premios Academia<\/a><span class=\"fusion-inline-sep\">|<\/span><\/p><div class=\"fusion-post-content-container\"><p>El pasado 13 de diciembre, en el transcurso de la clausura del 312 A\u00f1o Acad\u00e9mico tuvo lugar la apertura de plicas en la que se desvel\u00f3 el nombre de los ganadores del concurso de premios, concedidos tras el Pleno Ordinario celebrado el 29 de noviembre y tras las deliberaciones de los jurados calificadores nombrados al respecto. El Premio de la Real Academia de Medicina de Sevilla sobre un tema de <a href=\"https:\/\/ramse.es\/wordpress\/los-premios-cientificos-ganadores-del-concurso-del-2012\/\">[...]<\/a><\/p><\/div><\/div><div class=\"fusion-clearfix\"><\/div><div class=\"fusion-meta-info\"><div class=\"fusion-alignright\"><a class=\"fusion-read-more\" href=\"https:\/\/ramse.es\/wordpress\/los-premios-cientificos-ganadores-del-concurso-del-2012\/\" aria-label=\"More on Los Premios Cient\u00edficos ganadores del concurso del 2012\">Leer M\u00e1s<\/a><\/div><\/div><\/article>\n<article id=\"blog-1-post-2112\" class=\"fusion-post-large-alternate post-2112 post type-post status-publish format-standard hentry category-uncategorized\">\n\t<style type=\"text\/css\">\n\t\t\n\t\t\n\t\t\n\t\t\n\t\t\t<\/style>\n\n\n<div class=\"fusion-date-and-formats\"><div class=\"fusion-date-box updated\"><span class=\"fusion-date\">diciembre<\/span><span class=\"fusion-month-year\">9:29 am<\/span><\/div><div class=\"fusion-format-box\"><i class=\"awb-icon-pen\" aria-hidden=\"true\"><\/i><\/div><\/div><div class=\"fusion-post-content post-content\"><h2 class=\"blog-shortcode-post-title entry-title\"><a href=\"https:\/\/ramse.es\/wordpress\/sobre-los-emblemas-y-simbolos-de-la-ramse\/\">Sobre los emblemas y s\u00edmbolos de la RAMSE<\/a><\/h2><p class=\"fusion-single-line-meta\">Por <span class=\"vcard\"><span class=\"fn\"><a href=\"https:\/\/ramse.es\/wordpress\/author\/ivan_z0qj9h4b\/\" title=\"Entradas de admin\" rel=\"author\">admin<\/a><\/span><\/span><span class=\"fusion-inline-sep\">|<\/span><span class=\"updated\" style=\"display:none;\">2012-12-18T09:29:45+02:00<\/span><span>diciembre 18th, 2012<\/span><span class=\"fusion-inline-sep\">|<\/span>Categor\u00edas: <a href=\"https:\/\/ramse.es\/wordpress\/category\/uncategorized\/\" rel=\"category tag\">Uncategorized<\/a><span class=\"fusion-inline-sep\">|<\/span><\/p><div class=\"fusion-post-content-container\"><p>\u00a0 SOBRE LOS EMBLEMAS Y SIMBOLOS DE LA REAL ACADEMIA DE MEDICINA Y CIRUG\u00cdA DE SEVILLA. Ilmo.\u00a0Dr. Jos\u00e9 Luis Serrera Contreras. La redacci\u00f3n del Reglamento de R\u00e9gimen Interior de la RAMSE, una vez aprobados en Febrero de 2011 sus nuevos Estatutos, ha invitado a analizar y profundizar en el conocimiento y descripci\u00f3n de sus emblemas y s\u00edmbolos que tradicionalmente ha venido utilizando, as\u00ed como \u00a0a estudiar el origen de los <a href=\"https:\/\/ramse.es\/wordpress\/sobre-los-emblemas-y-simbolos-de-la-ramse\/\">[...]<\/a><\/p><\/div><\/div><div class=\"fusion-clearfix\"><\/div><div class=\"fusion-meta-info\"><div class=\"fusion-alignright\"><a class=\"fusion-read-more\" href=\"https:\/\/ramse.es\/wordpress\/sobre-los-emblemas-y-simbolos-de-la-ramse\/\" aria-label=\"More on Sobre los emblemas y s\u00edmbolos de la RAMSE\">Leer M\u00e1s<\/a><\/div><\/div><\/article>\n<article id=\"blog-1-post-2111\" class=\"fusion-post-large-alternate post-2111 post type-post status-publish format-standard has-post-thumbnail hentry category-latest-news\">\n\t<style type=\"text\/css\">\n\t\t\n\t\t\n\t\t\n\t\t\n\t\t\t<\/style>\n\n\n\t\t\t<div class=\"fusion-flexslider flexslider fusion-flexslider-loading fusion-post-slideshow\" style=\"\">\n\t\t<ul class=\"slides\">\n\t\t\t\n\t\t\t\t\t\t\t\t\t\t\t\t\t\t<li><div  class=\"fusion-image-wrapper\" aria-haspopup=\"true\">\n\t\t\t\t<img decoding=\"async\" width=\"448\" height=\"300\" src=\"https:\/\/ramse.es\/wordpress\/wp-content\/uploads\/2012\/11\/lopez-barneo.jpg\" class=\"attachment-full size-full wp-post-image\" alt=\"\" srcset=\"https:\/\/ramse.es\/wordpress\/wp-content\/uploads\/2012\/11\/lopez-barneo-200x134.jpg 200w, https:\/\/ramse.es\/wordpress\/wp-content\/uploads\/2012\/11\/lopez-barneo-400x268.jpg 400w, https:\/\/ramse.es\/wordpress\/wp-content\/uploads\/2012\/11\/lopez-barneo.jpg 448w\" sizes=\"(max-width: 1000px) 100vw, 448px\" \/><div class=\"fusion-rollover\">\n\t<div class=\"fusion-rollover-content\">\n\n\t\t\t\t\t\t\t\t\t\t\t\t\t\t<a class=\"fusion-rollover-link\" href=\"https:\/\/ramse.es\/wordpress\/el-dr-jose-lopez-barneo-ingresa-como-academico-de-numero\/\">El Dr. Jos\u00e9 L\u00f3pez Barneo ingresa como Acad\u00e9mico de N\u00famero<\/a>\n\t\t\t\n\t\t\t\t\t\t\t\t\t\t\t\t\t\t\n\t\t\t\t\t\t\t\t\n\t\t\t\t\t\t\t\t\t\t\t\t\t<div class=\"fusion-rollover-sep\"><\/div>\n\t\t\t\t\n\t\t\t\t\t\t\t\t\t\t\t\t\t\t\t\t\t\t<a class=\"fusion-rollover-gallery\" href=\"https:\/\/ramse.es\/wordpress\/wp-content\/uploads\/2012\/11\/lopez-barneo.jpg\" data-id=\"2111\" data-rel=\"iLightbox[gallery]\" data-title=\"lopez-barneo\" data-caption=\"\">\n\t\t\t\t\t\tGaler\u00eda\t\t\t\t\t<\/a>\n\t\t\t\t\t\t\t\t\t\t\t\t\t\t\n\t\t\n\t\t\t\t\t\t\t\t\n\t\t\t\t\t\t\t\t\n\t\t\n\t\t\t\t\t\t<a class=\"fusion-link-wrapper\" href=\"https:\/\/ramse.es\/wordpress\/el-dr-jose-lopez-barneo-ingresa-como-academico-de-numero\/\" aria-label=\"El Dr. Jos\u00e9 L\u00f3pez Barneo ingresa como Acad\u00e9mico de N\u00famero\"><\/a>\n\t<\/div>\n<\/div>\n<\/div>\n<\/li>\n\t\t\t\n\t\t\t\n\t\t\t\t\t\t\t\t\t\t\t\t\t\t\t\t\t\t\t\t\t\t\t\t\t\t\t\t\t\t\t\t\t\t\t\t\t\t\t\t\t\t\t\t\t\t\t\t\t\t\t\t\t\t\t\t\t\t\t\t\t\t\t\t\t\t\t\t<\/ul>\n\t<\/div>\n\t<div class=\"fusion-date-and-formats\"><div class=\"fusion-date-box updated\"><span class=\"fusion-date\">noviembre<\/span><span class=\"fusion-month-year\">1:27 pm<\/span><\/div><div class=\"fusion-format-box\"><i class=\"awb-icon-pen\" aria-hidden=\"true\"><\/i><\/div><\/div><div class=\"fusion-post-content post-content\"><h2 class=\"blog-shortcode-post-title entry-title\"><a href=\"https:\/\/ramse.es\/wordpress\/el-dr-jose-lopez-barneo-ingresa-como-academico-de-numero\/\">El Dr. Jos\u00e9 L\u00f3pez Barneo ingresa como Acad\u00e9mico de N\u00famero<\/a><\/h2><p class=\"fusion-single-line-meta\">Por <span class=\"vcard\"><span class=\"fn\"><a href=\"https:\/\/ramse.es\/wordpress\/author\/ivan_z0qj9h4b\/\" title=\"Entradas de admin\" rel=\"author\">admin<\/a><\/span><\/span><span class=\"fusion-inline-sep\">|<\/span><span class=\"updated\" style=\"display:none;\">2012-11-25T13:27:21+02:00<\/span><span>noviembre 25th, 2012<\/span><span class=\"fusion-inline-sep\">|<\/span>Categor\u00edas: <a href=\"https:\/\/ramse.es\/wordpress\/category\/news\/latest-news\/\" rel=\"category tag\">Noticias<\/a><span class=\"fusion-inline-sep\">|<\/span><\/p><div class=\"fusion-post-content-container\"><p><\/p><p>Esta ma\u00f1ana el profesor Jos\u00e9 L\u00f3pez Barneo ha tomado posesi\u00f3n como Acad\u00e9mico de N\u00famero en la plaza de Biomedicina, de nueva creaci\u00f3n, en la Real Academia de Medicina y Cirug\u00eda de Sevilla, que contin\u00faa con la tradici\u00f3n en ciencias fundamentales, y es heredera de la ocupada por Manuel Losada Villansante, denominada Bioqu\u00edmica.  <a href=\"https:\/\/ramse.es\/wordpress\/el-dr-jose-lopez-barneo-ingresa-como-academico-de-numero\/\">[\u2026]<\/a><\/p>\n<\/div><\/div><div class=\"fusion-clearfix\"><\/div><div class=\"fusion-meta-info\"><div class=\"fusion-alignright\"><a class=\"fusion-read-more\" href=\"https:\/\/ramse.es\/wordpress\/el-dr-jose-lopez-barneo-ingresa-como-academico-de-numero\/\" aria-label=\"More on El Dr. Jos\u00e9 L\u00f3pez Barneo ingresa como Acad\u00e9mico de N\u00famero\">Leer M\u00e1s<\/a><\/div><\/div><\/article>\n<article id=\"blog-1-post-2109\" class=\"fusion-post-large-alternate post-2109 post type-post status-publish format-standard has-post-thumbnail hentry category-latest-news\">\n\t<style type=\"text\/css\">\n\t\t\n\t\t\n\t\t\n\t\t\n\t\t\t<\/style>\n\n\n\t\t\t<div class=\"fusion-flexslider flexslider fusion-flexslider-loading fusion-post-slideshow\" style=\"\">\n\t\t<ul class=\"slides\">\n\t\t\t\n\t\t\t\t\t\t\t\t\t\t\t\t\t\t<li><div  class=\"fusion-image-wrapper\" aria-haspopup=\"true\">\n\t\t\t\t<img decoding=\"async\" width=\"448\" height=\"336\" src=\"https:\/\/ramse.es\/wordpress\/wp-content\/uploads\/2012\/10\/cantillana-2web.jpg\" class=\"attachment-full size-full wp-post-image\" alt=\"\" srcset=\"https:\/\/ramse.es\/wordpress\/wp-content\/uploads\/2012\/10\/cantillana-2web-200x150.jpg 200w, https:\/\/ramse.es\/wordpress\/wp-content\/uploads\/2012\/10\/cantillana-2web-400x300.jpg 400w, https:\/\/ramse.es\/wordpress\/wp-content\/uploads\/2012\/10\/cantillana-2web.jpg 448w\" sizes=\"(max-width: 1000px) 100vw, 448px\" \/><div class=\"fusion-rollover\">\n\t<div class=\"fusion-rollover-content\">\n\n\t\t\t\t\t\t\t\t\t\t\t\t\t\t<a class=\"fusion-rollover-link\" href=\"https:\/\/ramse.es\/wordpress\/el-dr-jose-cantillana-martinez-ingresa-como-academico-de-numero\/\">El Dr. Jos\u00e9 Cantillana Mart\u00ednez ingresa como Acad\u00e9mico de N\u00famero<\/a>\n\t\t\t\n\t\t\t\t\t\t\t\t\t\t\t\t\t\t\n\t\t\t\t\t\t\t\t\n\t\t\t\t\t\t\t\t\t\t\t\t\t<div class=\"fusion-rollover-sep\"><\/div>\n\t\t\t\t\n\t\t\t\t\t\t\t\t\t\t\t\t\t\t\t\t\t\t<a class=\"fusion-rollover-gallery\" href=\"https:\/\/ramse.es\/wordpress\/wp-content\/uploads\/2012\/10\/cantillana-2web.jpg\" data-id=\"2109\" data-rel=\"iLightbox[gallery]\" data-title=\"cantillana-2web\" data-caption=\"\">\n\t\t\t\t\t\tGaler\u00eda\t\t\t\t\t<\/a>\n\t\t\t\t\t\t\t\t\t\t\t\t\t\t\n\t\t\n\t\t\t\t\t\t\t\t\n\t\t\t\t\t\t\t\t\n\t\t\n\t\t\t\t\t\t<a class=\"fusion-link-wrapper\" href=\"https:\/\/ramse.es\/wordpress\/el-dr-jose-cantillana-martinez-ingresa-como-academico-de-numero\/\" aria-label=\"El Dr. Jos\u00e9 Cantillana Mart\u00ednez ingresa como Acad\u00e9mico de N\u00famero\"><\/a>\n\t<\/div>\n<\/div>\n<\/div>\n<\/li>\n\t\t\t\n\t\t\t\n\t\t\t\t\t\t\t\t\t\t\t\t\t\t\t\t\t\t\t\t\t\t\t\t\t\t\t\t\t\t\t\t\t\t\t\t\t\t\t\t\t\t\t\t\t\t\t\t\t\t\t\t\t\t\t\t\t\t\t\t\t\t\t\t\t\t\t\t<\/ul>\n\t<\/div>\n\t<div class=\"fusion-date-and-formats\"><div class=\"fusion-date-box updated\"><span class=\"fusion-date\">octubre<\/span><span class=\"fusion-month-year\">11:53 am<\/span><\/div><div class=\"fusion-format-box\"><i class=\"awb-icon-pen\" aria-hidden=\"true\"><\/i><\/div><\/div><div class=\"fusion-post-content post-content\"><h2 class=\"blog-shortcode-post-title entry-title\"><a href=\"https:\/\/ramse.es\/wordpress\/el-dr-jose-cantillana-martinez-ingresa-como-academico-de-numero\/\">El Dr. Jos\u00e9 Cantillana Mart\u00ednez ingresa como Acad\u00e9mico de N\u00famero<\/a><\/h2><p class=\"fusion-single-line-meta\">Por <span class=\"vcard\"><span class=\"fn\"><a href=\"https:\/\/ramse.es\/wordpress\/author\/ivan_z0qj9h4b\/\" title=\"Entradas de admin\" rel=\"author\">admin<\/a><\/span><\/span><span class=\"fusion-inline-sep\">|<\/span><span class=\"updated\" style=\"display:none;\">2012-10-21T11:53:05+02:00<\/span><span>octubre 21st, 2012<\/span><span class=\"fusion-inline-sep\">|<\/span>Categor\u00edas: <a href=\"https:\/\/ramse.es\/wordpress\/category\/news\/latest-news\/\" rel=\"category tag\">Noticias<\/a><span class=\"fusion-inline-sep\">|<\/span><\/p><div class=\"fusion-post-content-container\"><p><\/p><p>Esta ma\u00f1ana el Dr. Jos\u00e9 Cantillana Mart\u00ednez ha tomado posesi\u00f3n como Acad\u00e9mico de N\u00famero en la plaza de Cirug\u00eda General de la Real Academia de Medicina y Cirug\u00eda de Sevilla siendo contestado por el tambi\u00e9n Numerario Carlos Pera Madrazo.  <a href=\"https:\/\/ramse.es\/wordpress\/el-dr-jose-cantillana-martinez-ingresa-como-academico-de-numero\/\">[\u2026]<\/a><\/p>\n<\/div><\/div><div class=\"fusion-clearfix\"><\/div><div class=\"fusion-meta-info\"><div class=\"fusion-alignright\"><a class=\"fusion-read-more\" href=\"https:\/\/ramse.es\/wordpress\/el-dr-jose-cantillana-martinez-ingresa-como-academico-de-numero\/\" aria-label=\"More on El Dr. Jos\u00e9 Cantillana Mart\u00ednez ingresa como Acad\u00e9mico de N\u00famero\">Leer M\u00e1s<\/a><\/div><\/div><\/article>\n<article id=\"blog-1-post-2107\" class=\"fusion-post-large-alternate post-2107 post type-post status-publish format-standard has-post-thumbnail hentry category-latest-news\">\n\t<style type=\"text\/css\">\n\t\t\n\t\t\n\t\t\n\t\t\n\t\t\t<\/style>\n\n\n\t\t\t<div class=\"fusion-flexslider flexslider fusion-flexslider-loading fusion-post-slideshow\" style=\"\">\n\t\t<ul class=\"slides\">\n\t\t\t\n\t\t\t\t\t\t\t\t\t\t\t\t\t\t<li><div  class=\"fusion-image-wrapper\" aria-haspopup=\"true\">\n\t\t\t\t<img decoding=\"async\" width=\"336\" height=\"339\" src=\"https:\/\/ramse.es\/wordpress\/wp-content\/uploads\/2012\/10\/correspondientesweb.jpg\" class=\"attachment-full size-full wp-post-image\" alt=\"\" srcset=\"https:\/\/ramse.es\/wordpress\/wp-content\/uploads\/2012\/10\/correspondientesweb-200x202.jpg 200w, https:\/\/ramse.es\/wordpress\/wp-content\/uploads\/2012\/10\/correspondientesweb.jpg 336w\" sizes=\"(max-width: 1000px) 100vw, 336px\" \/><div class=\"fusion-rollover\">\n\t<div class=\"fusion-rollover-content\">\n\n\t\t\t\t\t\t\t\t\t\t\t\t\t\t<a class=\"fusion-rollover-link\" href=\"https:\/\/ramse.es\/wordpress\/nuevos-academicos-correspondientes\/\">Nuevos Acad\u00e9micos Correspondientes<\/a>\n\t\t\t\n\t\t\t\t\t\t\t\t\t\t\t\t\t\t\n\t\t\t\t\t\t\t\t\n\t\t\t\t\t\t\t\t\t\t\t\t\t<div class=\"fusion-rollover-sep\"><\/div>\n\t\t\t\t\n\t\t\t\t\t\t\t\t\t\t\t\t\t\t\t\t\t\t<a class=\"fusion-rollover-gallery\" href=\"https:\/\/ramse.es\/wordpress\/wp-content\/uploads\/2012\/10\/correspondientesweb.jpg\" data-id=\"2107\" data-rel=\"iLightbox[gallery]\" data-title=\"correspondientesweb\" data-caption=\"\">\n\t\t\t\t\t\tGaler\u00eda\t\t\t\t\t<\/a>\n\t\t\t\t\t\t\t\t\t\t\t\t\t\t\n\t\t\n\t\t\t\t\t\t\t\t\n\t\t\t\t\t\t\t\t\n\t\t\n\t\t\t\t\t\t<a class=\"fusion-link-wrapper\" href=\"https:\/\/ramse.es\/wordpress\/nuevos-academicos-correspondientes\/\" aria-label=\"Nuevos Acad\u00e9micos Correspondientes\"><\/a>\n\t<\/div>\n<\/div>\n<\/div>\n<\/li>\n\t\t\t\n\t\t\t\n\t\t\t\t\t\t\t\t\t\t\t\t\t\t\t\t\t\t\t\t\t\t\t\t\t\t\t\t\t\t\t\t\t\t\t\t\t\t\t\t\t\t\t\t\t\t\t\t\t\t\t\t\t\t\t\t\t\t\t\t\t\t\t\t\t\t\t\t<\/ul>\n\t<\/div>\n\t<div class=\"fusion-date-and-formats\"><div class=\"fusion-date-box updated\"><span class=\"fusion-date\">octubre<\/span><span class=\"fusion-month-year\">12:00 am<\/span><\/div><div class=\"fusion-format-box\"><i class=\"awb-icon-pen\" aria-hidden=\"true\"><\/i><\/div><\/div><div class=\"fusion-post-content post-content\"><h2 class=\"blog-shortcode-post-title entry-title\"><a href=\"https:\/\/ramse.es\/wordpress\/nuevos-academicos-correspondientes\/\">Nuevos Acad\u00e9micos Correspondientes<\/a><\/h2><p class=\"fusion-single-line-meta\">Por <span class=\"vcard\"><span class=\"fn\"><a href=\"https:\/\/ramse.es\/wordpress\/author\/ivan_z0qj9h4b\/\" title=\"Entradas de admin\" rel=\"author\">admin<\/a><\/span><\/span><span class=\"fusion-inline-sep\">|<\/span><span class=\"updated\" style=\"display:none;\">2012-10-14T00:00:00+02:00<\/span><span>octubre 14th, 2012<\/span><span class=\"fusion-inline-sep\">|<\/span>Categor\u00edas: <a href=\"https:\/\/ramse.es\/wordpress\/category\/news\/latest-news\/\" rel=\"category tag\">Noticias<\/a><span class=\"fusion-inline-sep\">|<\/span><\/p><div class=\"fusion-post-content-container\"><p><\/p><p>En acto Acad\u00e9mico celebrado el d\u00eda 11 de octubre en el sal\u00f3n rojo de la Real Instituci\u00f3n Sevillana de Medicina se recibieron como Acad\u00e9micos Correspondientes los doctores D. Rogelio Garrido Teruel, D. Enrique Vaz Hern\u00e1ndez y D. Rom\u00e1n Alberca Serrano.  <a href=\"https:\/\/ramse.es\/wordpress\/nuevos-academicos-correspondientes\/\">[\u2026]<\/a><\/p>\n<\/div><\/div><div class=\"fusion-clearfix\"><\/div><div class=\"fusion-meta-info\"><div class=\"fusion-alignright\"><a class=\"fusion-read-more\" href=\"https:\/\/ramse.es\/wordpress\/nuevos-academicos-correspondientes\/\" aria-label=\"More on Nuevos Acad\u00e9micos Correspondientes\">Leer M\u00e1s<\/a><\/div><\/div><\/article>\n<article id=\"blog-1-post-2105\" class=\"fusion-post-large-alternate post-2105 post type-post status-publish format-standard has-post-thumbnail hentry category-latest-news\">\n\t<style type=\"text\/css\">\n\t\t\n\t\t\n\t\t\n\t\t\n\t\t\t<\/style>\n\n\n\t\t\t<div class=\"fusion-flexslider flexslider fusion-flexslider-loading fusion-post-slideshow\" style=\"\">\n\t\t<ul class=\"slides\">\n\t\t\t\n\t\t\t\t\t\t\t\t\t\t\t\t\t\t<li><div  class=\"fusion-image-wrapper\" aria-haspopup=\"true\">\n\t\t\t\t<img decoding=\"async\" width=\"448\" height=\"336\" src=\"https:\/\/ramse.es\/wordpress\/wp-content\/uploads\/2012\/10\/dsc04584web.jpg\" class=\"attachment-full size-full wp-post-image\" alt=\"\" srcset=\"https:\/\/ramse.es\/wordpress\/wp-content\/uploads\/2012\/10\/dsc04584web-200x150.jpg 200w, https:\/\/ramse.es\/wordpress\/wp-content\/uploads\/2012\/10\/dsc04584web-400x300.jpg 400w, https:\/\/ramse.es\/wordpress\/wp-content\/uploads\/2012\/10\/dsc04584web.jpg 448w\" sizes=\"(max-width: 1000px) 100vw, 448px\" \/><div class=\"fusion-rollover\">\n\t<div class=\"fusion-rollover-content\">\n\n\t\t\t\t\t\t\t\t\t\t\t\t\t\t<a class=\"fusion-rollover-link\" href=\"https:\/\/ramse.es\/wordpress\/el-dr-jesus-loscertales-ingresa-como-academico-de-numero\/\">El Dr. Jes\u00fas Loscertales ingresa como Acad\u00e9mico de N\u00famero<\/a>\n\t\t\t\n\t\t\t\t\t\t\t\t\t\t\t\t\t\t\n\t\t\t\t\t\t\t\t\n\t\t\t\t\t\t\t\t\t\t\t\t\t<div class=\"fusion-rollover-sep\"><\/div>\n\t\t\t\t\n\t\t\t\t\t\t\t\t\t\t\t\t\t\t\t\t\t\t<a class=\"fusion-rollover-gallery\" href=\"https:\/\/ramse.es\/wordpress\/wp-content\/uploads\/2012\/10\/dsc04584web.jpg\" data-id=\"2105\" data-rel=\"iLightbox[gallery]\" data-title=\"dsc04584web\" data-caption=\"\">\n\t\t\t\t\t\tGaler\u00eda\t\t\t\t\t<\/a>\n\t\t\t\t\t\t\t\t\t\t\t\t\t\t\n\t\t\n\t\t\t\t\t\t\t\t\n\t\t\t\t\t\t\t\t\n\t\t\n\t\t\t\t\t\t<a class=\"fusion-link-wrapper\" href=\"https:\/\/ramse.es\/wordpress\/el-dr-jesus-loscertales-ingresa-como-academico-de-numero\/\" aria-label=\"El Dr. Jes\u00fas Loscertales ingresa como Acad\u00e9mico de N\u00famero\"><\/a>\n\t<\/div>\n<\/div>\n<\/div>\n<\/li>\n\t\t\t\n\t\t\t\n\t\t\t\t\t\t\t\t\t\t\t\t\t\t\t\t\t\t\t\t\t\t\t\t\t\t\t\t\t\t\t\t\t\t\t\t\t\t\t\t\t\t\t\t\t\t\t\t\t\t\t\t\t\t\t\t\t\t\t\t\t\t\t\t\t\t\t\t<\/ul>\n\t<\/div>\n\t<div class=\"fusion-date-and-formats\"><div class=\"fusion-date-box updated\"><span class=\"fusion-date\">octubre<\/span><span class=\"fusion-month-year\">12:26 pm<\/span><\/div><div class=\"fusion-format-box\"><i class=\"awb-icon-pen\" aria-hidden=\"true\"><\/i><\/div><\/div><div class=\"fusion-post-content post-content\"><h2 class=\"blog-shortcode-post-title entry-title\"><a href=\"https:\/\/ramse.es\/wordpress\/el-dr-jesus-loscertales-ingresa-como-academico-de-numero\/\">El Dr. Jes\u00fas Loscertales ingresa como Acad\u00e9mico de N\u00famero<\/a><\/h2><p class=\"fusion-single-line-meta\">Por <span class=\"vcard\"><span class=\"fn\"><a href=\"https:\/\/ramse.es\/wordpress\/author\/ivan_z0qj9h4b\/\" title=\"Entradas de admin\" rel=\"author\">admin<\/a><\/span><\/span><span class=\"fusion-inline-sep\">|<\/span><span class=\"updated\" style=\"display:none;\">2012-10-07T12:26:37+02:00<\/span><span>octubre 7th, 2012<\/span><span class=\"fusion-inline-sep\">|<\/span>Categor\u00edas: <a href=\"https:\/\/ramse.es\/wordpress\/category\/news\/latest-news\/\" rel=\"category tag\">Noticias<\/a><span class=\"fusion-inline-sep\">|<\/span><\/p><div class=\"fusion-post-content-container\"><p>Esta ma\u00f1ana el catedr\u00e1tico de cirug\u00eda de la Universidad de Sevilla Dr. Jes\u00fas Loscertales Abril ha tomado posesi\u00f3n como Acad\u00e9mico de N\u00famero en la plaza de Cirug\u00eda Tor\u00e1cica, de nueva creaci\u00f3n, en la Real Academia de Medicina y Cirug\u00eda de Sevilla. Durante su intervenci\u00f3n ha le\u00eddo el discurso titulado \u201cNacimiento y evoluci\u00f3n hist\u00f3rica de la cirug\u00eda de resecci\u00f3n pulmonar\u201d destacando que el \u201cconocimiento hist\u00f3rico nos ayuda a evitar errores y <a href=\"https:\/\/ramse.es\/wordpress\/el-dr-jesus-loscertales-ingresa-como-academico-de-numero\/\">[...]<\/a><\/p><\/div><\/div><div class=\"fusion-clearfix\"><\/div><div class=\"fusion-meta-info\"><div class=\"fusion-alignright\"><a class=\"fusion-read-more\" href=\"https:\/\/ramse.es\/wordpress\/el-dr-jesus-loscertales-ingresa-como-academico-de-numero\/\" aria-label=\"More on El Dr. Jes\u00fas Loscertales ingresa como Acad\u00e9mico de N\u00famero\">Leer M\u00e1s<\/a><\/div><\/div><\/article>\n<article id=\"blog-1-post-2103\" class=\"fusion-post-large-alternate post-2103 post type-post status-publish format-standard has-post-thumbnail hentry category-latest-news\">\n\t<style type=\"text\/css\">\n\t\t\n\t\t\n\t\t\n\t\t\n\t\t\t<\/style>\n\n\n\t\t\t<div class=\"fusion-flexslider flexslider fusion-flexslider-loading fusion-post-slideshow\" style=\"\">\n\t\t<ul class=\"slides\">\n\t\t\t\n\t\t\t\t\t\t\t\t\t\t\t\t\t\t<li><div  class=\"fusion-image-wrapper\" aria-haspopup=\"true\">\n\t\t\t\t<img decoding=\"async\" width=\"448\" height=\"300\" src=\"https:\/\/ramse.es\/wordpress\/wp-content\/uploads\/2012\/09\/dsc_0537web.jpg\" class=\"attachment-full size-full wp-post-image\" alt=\"\" srcset=\"https:\/\/ramse.es\/wordpress\/wp-content\/uploads\/2012\/09\/dsc_0537web-200x134.jpg 200w, https:\/\/ramse.es\/wordpress\/wp-content\/uploads\/2012\/09\/dsc_0537web-400x268.jpg 400w, https:\/\/ramse.es\/wordpress\/wp-content\/uploads\/2012\/09\/dsc_0537web.jpg 448w\" sizes=\"(max-width: 1000px) 100vw, 448px\" \/><div class=\"fusion-rollover\">\n\t<div class=\"fusion-rollover-content\">\n\n\t\t\t\t\t\t\t\t\t\t\t\t\t\t<a class=\"fusion-rollover-link\" href=\"https:\/\/ramse.es\/wordpress\/eficiencia-eficacia-seguridad-y-comodidad-del-paciente-claves-del-diagnostico-por-imagen\/\">EFICIENCIA, EFICACIA, SEGURIDAD Y COMODIDAD DEL PACIENTE, CLAVES DEL DIAGN\u00d3STICO POR IMAGEN<\/a>\n\t\t\t\n\t\t\t\t\t\t\t\t\t\t\t\t\t\t\n\t\t\t\t\t\t\t\t\n\t\t\t\t\t\t\t\t\t\t\t\t\t<div class=\"fusion-rollover-sep\"><\/div>\n\t\t\t\t\n\t\t\t\t\t\t\t\t\t\t\t\t\t\t\t\t\t\t<a class=\"fusion-rollover-gallery\" href=\"https:\/\/ramse.es\/wordpress\/wp-content\/uploads\/2012\/09\/dsc_0537web.jpg\" data-id=\"2103\" data-rel=\"iLightbox[gallery]\" data-title=\"dsc_0537web\" data-caption=\"\">\n\t\t\t\t\t\tGaler\u00eda\t\t\t\t\t<\/a>\n\t\t\t\t\t\t\t\t\t\t\t\t\t\t\n\t\t\n\t\t\t\t\t\t\t\t\n\t\t\t\t\t\t\t\t\n\t\t\n\t\t\t\t\t\t<a class=\"fusion-link-wrapper\" href=\"https:\/\/ramse.es\/wordpress\/eficiencia-eficacia-seguridad-y-comodidad-del-paciente-claves-del-diagnostico-por-imagen\/\" aria-label=\"EFICIENCIA, EFICACIA, SEGURIDAD Y COMODIDAD DEL PACIENTE, CLAVES DEL DIAGN\u00d3STICO POR IMAGEN\"><\/a>\n\t<\/div>\n<\/div>\n<\/div>\n<\/li>\n\t\t\t\n\t\t\t\n\t\t\t\t\t\t\t\t\t\t\t\t\t\t\t\t\t\t\t\t\t\t\t\t\t\t\t\t\t\t\t\t\t\t\t\t\t\t\t\t\t\t\t\t\t\t\t\t\t\t\t\t\t\t\t\t\t\t\t\t\t\t\t\t\t\t\t\t<\/ul>\n\t<\/div>\n\t<div class=\"fusion-date-and-formats\"><div class=\"fusion-date-box updated\"><span class=\"fusion-date\">septiembre<\/span><span class=\"fusion-month-year\">12:00 am<\/span><\/div><div class=\"fusion-format-box\"><i class=\"awb-icon-pen\" aria-hidden=\"true\"><\/i><\/div><\/div><div class=\"fusion-post-content post-content\"><h2 class=\"blog-shortcode-post-title entry-title\"><a href=\"https:\/\/ramse.es\/wordpress\/eficiencia-eficacia-seguridad-y-comodidad-del-paciente-claves-del-diagnostico-por-imagen\/\">EFICIENCIA, EFICACIA, SEGURIDAD Y COMODIDAD DEL PACIENTE, CLAVES DEL DIAGN\u00d3STICO POR IMAGEN<\/a><\/h2><p class=\"fusion-single-line-meta\">Por <span class=\"vcard\"><span class=\"fn\"><a href=\"https:\/\/ramse.es\/wordpress\/author\/ivan_z0qj9h4b\/\" title=\"Entradas de admin\" rel=\"author\">admin<\/a><\/span><\/span><span class=\"fusion-inline-sep\">|<\/span><span class=\"updated\" style=\"display:none;\">2012-09-24T00:00:00+02:00<\/span><span>septiembre 24th, 2012<\/span><span class=\"fusion-inline-sep\">|<\/span>Categor\u00edas: <a href=\"https:\/\/ramse.es\/wordpress\/category\/news\/latest-news\/\" rel=\"category tag\">Noticias<\/a><span class=\"fusion-inline-sep\">|<\/span><\/p><div class=\"fusion-post-content-container\"><p>\u00a0 El diagn\u00f3stico por imagen ha experimentado importantes progresos en los \u00faltimos a\u00f1os. La tecnolog\u00eda m\u00e9dica ofrece cada vez m\u00e1s posibilidades y los sistemas son cada vez m\u00e1s precisos, c\u00f3modos y seguros para el paciente. D. Ignacio Ayerdi, Director General de Philips Cuidado de la Salud, destac\u00f3 en su ponencia de ayer en la mesa \u201cNuevos Horizontes en diagn\u00f3stico por imagen\u201d celebrada en la Real Academia de Medicina de Sevilla, <a href=\"https:\/\/ramse.es\/wordpress\/eficiencia-eficacia-seguridad-y-comodidad-del-paciente-claves-del-diagnostico-por-imagen\/\">[...]<\/a><\/p><\/div><\/div><div class=\"fusion-clearfix\"><\/div><div class=\"fusion-meta-info\"><div class=\"fusion-alignright\"><a class=\"fusion-read-more\" href=\"https:\/\/ramse.es\/wordpress\/eficiencia-eficacia-seguridad-y-comodidad-del-paciente-claves-del-diagnostico-por-imagen\/\" aria-label=\"More on EFICIENCIA, EFICACIA, SEGURIDAD Y COMODIDAD DEL PACIENTE, CLAVES DEL DIAGN\u00d3STICO POR IMAGEN\">Leer M\u00e1s<\/a><\/div><\/div><\/article>\n<article id=\"blog-1-post-2101\" class=\"fusion-post-large-alternate post-2101 post type-post status-publish format-standard hentry category-latest-news\">\n\t<style type=\"text\/css\">\n\t\t\n\t\t\n\t\t\n\t\t\n\t\t\t<\/style>\n\n\n<div class=\"fusion-date-and-formats\"><div class=\"fusion-date-box updated\"><span class=\"fusion-date\">julio<\/span><span class=\"fusion-month-year\">8:17 am<\/span><\/div><div class=\"fusion-format-box\"><i class=\"awb-icon-pen\" aria-hidden=\"true\"><\/i><\/div><\/div><div class=\"fusion-post-content post-content\"><h2 class=\"blog-shortcode-post-title entry-title\"><a href=\"https:\/\/ramse.es\/wordpress\/la-real-academia-de-medicina-de-sevilla-reedita-el-libro-de-su-coleccion-artistica\/\">La Real Academia de Medicina de Sevilla reedita el libro de su colecci\u00f3n art\u00edstica<\/a><\/h2><p class=\"fusion-single-line-meta\">Por <span class=\"vcard\"><span class=\"fn\"><a href=\"https:\/\/ramse.es\/wordpress\/author\/ivan_z0qj9h4b\/\" title=\"Entradas de admin\" rel=\"author\">admin<\/a><\/span><\/span><span class=\"fusion-inline-sep\">|<\/span><span class=\"updated\" style=\"display:none;\">2012-07-24T08:17:33+02:00<\/span><span>julio 24th, 2012<\/span><span class=\"fusion-inline-sep\">|<\/span>Categor\u00edas: <a href=\"https:\/\/ramse.es\/wordpress\/category\/news\/latest-news\/\" rel=\"category tag\">Noticias<\/a><span class=\"fusion-inline-sep\">|<\/span><\/p><div class=\"fusion-post-content-container\"><p>La Real Academia de Medicina de Sevilla posee una espl\u00e9ndida colecci\u00f3n de obras de arte que la Regia Corporaci\u00f3n, desde sus comienzos, se ha preocupado de formar y conservar. La colecci\u00f3n se puede dividir en varios grupos ateni\u00e9ndonos a su tem\u00e1tica. Galer\u00eda de presidentes, religiosos, m\u00e9dicos, reyes (desde Carlos II a los actuales monarcas), anat\u00f3micos y de ornato. La colecci\u00f3n art\u00edstica se ha consolidado como referente del inter\u00e9s cultural de <a href=\"https:\/\/ramse.es\/wordpress\/la-real-academia-de-medicina-de-sevilla-reedita-el-libro-de-su-coleccion-artistica\/\">[...]<\/a><\/p><\/div><\/div><div class=\"fusion-clearfix\"><\/div><div class=\"fusion-meta-info\"><div class=\"fusion-alignright\"><a class=\"fusion-read-more\" href=\"https:\/\/ramse.es\/wordpress\/la-real-academia-de-medicina-de-sevilla-reedita-el-libro-de-su-coleccion-artistica\/\" aria-label=\"More on La Real Academia de Medicina de Sevilla reedita el libro de su colecci\u00f3n art\u00edstica\">Leer M\u00e1s<\/a><\/div><\/div><\/article>\n<article id=\"blog-1-post-2100\" class=\"fusion-post-large-alternate post-2100 post type-post status-publish format-standard hentry category-latest-news\">\n\t<style type=\"text\/css\">\n\t\t\n\t\t\n\t\t\n\t\t\n\t\t\t<\/style>\n\n\n<div class=\"fusion-date-and-formats\"><div class=\"fusion-date-box updated\"><span class=\"fusion-date\">junio<\/span><span class=\"fusion-month-year\">9:04 am<\/span><\/div><div class=\"fusion-format-box\"><i class=\"awb-icon-pen\" aria-hidden=\"true\"><\/i><\/div><\/div><div class=\"fusion-post-content post-content\"><h2 class=\"blog-shortcode-post-title entry-title\"><a href=\"https:\/\/ramse.es\/wordpress\/cambios-en-el-programa-de-actividades-2012\/\">Cambios en el programa de actividades 2012<\/a><\/h2><p class=\"fusion-single-line-meta\">Por <span class=\"vcard\"><span class=\"fn\"><a href=\"https:\/\/ramse.es\/wordpress\/author\/ivan_z0qj9h4b\/\" title=\"Entradas de admin\" rel=\"author\">admin<\/a><\/span><\/span><span class=\"fusion-inline-sep\">|<\/span><span class=\"updated\" style=\"display:none;\">2012-06-12T09:04:23+02:00<\/span><span>junio 12th, 2012<\/span><span class=\"fusion-inline-sep\">|<\/span>Categor\u00edas: <a href=\"https:\/\/ramse.es\/wordpress\/category\/news\/latest-news\/\" rel=\"category tag\">Noticias<\/a><span class=\"fusion-inline-sep\">|<\/span><\/p><div class=\"fusion-post-content-container\"><p>La Real Academia de Medicina de Sevilla ha modificado las actividades previstas para los meses de septiembre y octubre quedando el programa de la siguiente forma: \u00a0 20 de septiembre de 2012 a las 20 horas Mesa redonda: \u201cNuevos Horizontes en Diagn\u00f3stico por Imagen\u201d Moderador: Ilmo. Dr. D. Juan Sabat\u00e9 D\u00edaz \u00a0 4 de octubre de 2012 a las 20 horas Mesa redonda: \u201cLa enfermedad profesional en el marco europeo\u201d <a href=\"https:\/\/ramse.es\/wordpress\/cambios-en-el-programa-de-actividades-2012\/\">[...]<\/a><\/p><\/div><\/div><div class=\"fusion-clearfix\"><\/div><div class=\"fusion-meta-info\"><div class=\"fusion-alignright\"><a class=\"fusion-read-more\" href=\"https:\/\/ramse.es\/wordpress\/cambios-en-el-programa-de-actividades-2012\/\" aria-label=\"More on Cambios en el programa de actividades 2012\">Leer M\u00e1s<\/a><\/div><\/div><\/article>\n<article id=\"blog-1-post-2099\" class=\"fusion-post-large-alternate post-2099 post type-post status-publish format-standard has-post-thumbnail hentry category-latest-news\">\n\t<style type=\"text\/css\">\n\t\t\n\t\t\n\t\t\n\t\t\n\t\t\t<\/style>\n\n\n\t\t\t<div class=\"fusion-flexslider flexslider fusion-flexslider-loading fusion-post-slideshow\" style=\"\">\n\t\t<ul class=\"slides\">\n\t\t\t\n\t\t\t\t\t\t\t\t\t\t\t\t\t\t<li><div  class=\"fusion-image-wrapper\" aria-haspopup=\"true\">\n\t\t\t\t<img decoding=\"async\" width=\"448\" height=\"336\" src=\"https:\/\/ramse.es\/wordpress\/wp-content\/uploads\/2012\/03\/avf.jpg\" class=\"attachment-full size-full wp-post-image\" alt=\"\" srcset=\"https:\/\/ramse.es\/wordpress\/wp-content\/uploads\/2012\/03\/avf-200x150.jpg 200w, https:\/\/ramse.es\/wordpress\/wp-content\/uploads\/2012\/03\/avf-400x300.jpg 400w, https:\/\/ramse.es\/wordpress\/wp-content\/uploads\/2012\/03\/avf.jpg 448w\" sizes=\"(max-width: 1000px) 100vw, 448px\" \/><div class=\"fusion-rollover\">\n\t<div class=\"fusion-rollover-content\">\n\n\t\t\t\t\t\t\t\t\t\t\t\t\t\t<a class=\"fusion-rollover-link\" href=\"https:\/\/ramse.es\/wordpress\/conferencia-extraordinaria-siete-vidas-y-media\/\">Conferencia extraordinaria \u201cSiete vidas y media\u201d<\/a>\n\t\t\t\n\t\t\t\t\t\t\t\t\t\t\t\t\t\t\n\t\t\t\t\t\t\t\t\n\t\t\t\t\t\t\t\t\t\t\t\t\t<div class=\"fusion-rollover-sep\"><\/div>\n\t\t\t\t\n\t\t\t\t\t\t\t\t\t\t\t\t\t\t\t\t\t\t<a class=\"fusion-rollover-gallery\" href=\"https:\/\/ramse.es\/wordpress\/wp-content\/uploads\/2012\/03\/avf.jpg\" data-id=\"2099\" data-rel=\"iLightbox[gallery]\" data-title=\"avf\" data-caption=\"\">\n\t\t\t\t\t\tGaler\u00eda\t\t\t\t\t<\/a>\n\t\t\t\t\t\t\t\t\t\t\t\t\t\t\n\t\t\n\t\t\t\t\t\t\t\t\n\t\t\t\t\t\t\t\t\n\t\t\n\t\t\t\t\t\t<a class=\"fusion-link-wrapper\" href=\"https:\/\/ramse.es\/wordpress\/conferencia-extraordinaria-siete-vidas-y-media\/\" aria-label=\"Conferencia extraordinaria \u201cSiete vidas y media\u201d\"><\/a>\n\t<\/div>\n<\/div>\n<\/div>\n<\/li>\n\t\t\t\n\t\t\t\n\t\t\t\t\t\t\t\t\t\t\t\t\t\t\t\t\t\t\t\t\t\t\t\t\t\t\t\t\t\t\t\t\t\t\t\t\t\t\t\t\t\t\t\t\t\t\t\t\t\t\t\t\t\t\t\t\t\t\t\t\t\t\t\t\t\t\t\t<\/ul>\n\t<\/div>\n\t<div class=\"fusion-date-and-formats\"><div class=\"fusion-date-box updated\"><span class=\"fusion-date\">marzo<\/span><span class=\"fusion-month-year\">12:00 am<\/span><\/div><div class=\"fusion-format-box\"><i class=\"awb-icon-pen\" aria-hidden=\"true\"><\/i><\/div><\/div><div class=\"fusion-post-content post-content\"><h2 class=\"blog-shortcode-post-title entry-title\"><a href=\"https:\/\/ramse.es\/wordpress\/conferencia-extraordinaria-siete-vidas-y-media\/\">Conferencia extraordinaria \u201cSiete vidas y media\u201d<\/a><\/h2><p class=\"fusion-single-line-meta\">Por <span class=\"vcard\"><span class=\"fn\"><a href=\"https:\/\/ramse.es\/wordpress\/author\/ivan_z0qj9h4b\/\" title=\"Entradas de admin\" rel=\"author\">admin<\/a><\/span><\/span><span class=\"fusion-inline-sep\">|<\/span><span class=\"updated\" style=\"display:none;\">2012-03-15T00:00:00+02:00<\/span><span>marzo 15th, 2012<\/span><span class=\"fusion-inline-sep\">|<\/span>Categor\u00edas: <a href=\"https:\/\/ramse.es\/wordpress\/category\/news\/latest-news\/\" rel=\"category tag\">Noticias<\/a><span class=\"fusion-inline-sep\">|<\/span><\/p><div class=\"fusion-post-content-container\"><p>Esta tarde ha tenido lugar en el Sal\u00f3n Rojo de la Real Academia de Medicina de Sevilla la conferencia extraordinaria \u201cSiete vidas y media\u201d pronunciada por Alberto V\u00e1zquez Figueroa y en la que el escritor e inventor ha expuesto a los asistentes su particular visi\u00f3n de la medicina as\u00ed como sus experiencias y an\u00e9cdotas como corresponsal de guerra y como escritor aventurero e inventor en los m\u00e1s diversos y ex\u00f3ticos <a href=\"https:\/\/ramse.es\/wordpress\/conferencia-extraordinaria-siete-vidas-y-media\/\">[...]<\/a><\/p><\/div><\/div><div class=\"fusion-clearfix\"><\/div><div class=\"fusion-meta-info\"><div class=\"fusion-alignright\"><a class=\"fusion-read-more\" href=\"https:\/\/ramse.es\/wordpress\/conferencia-extraordinaria-siete-vidas-y-media\/\" aria-label=\"More on Conferencia extraordinaria \u201cSiete vidas y media\u201d\">Leer M\u00e1s<\/a><\/div><\/div><\/article>\n<article id=\"blog-1-post-2097\" class=\"fusion-post-large-alternate post-2097 post type-post status-publish format-standard has-post-thumbnail hentry category-latest-news\">\n\t<style type=\"text\/css\">\n\t\t\n\t\t\n\t\t\n\t\t\n\t\t\t<\/style>\n\n\n\t\t\t<div class=\"fusion-flexslider flexslider fusion-flexslider-loading fusion-post-slideshow\" style=\"\">\n\t\t<ul class=\"slides\">\n\t\t\t\n\t\t\t\t\t\t\t\t\t\t\t\t\t\t<li><div  class=\"fusion-image-wrapper\" aria-haspopup=\"true\">\n\t\t\t\t<img decoding=\"async\" width=\"448\" height=\"217\" src=\"https:\/\/ramse.es\/wordpress\/wp-content\/uploads\/2012\/03\/fundacin.jpg\" class=\"attachment-full size-full wp-post-image\" alt=\"\" srcset=\"https:\/\/ramse.es\/wordpress\/wp-content\/uploads\/2012\/03\/fundacin-200x97.jpg 200w, https:\/\/ramse.es\/wordpress\/wp-content\/uploads\/2012\/03\/fundacin-400x194.jpg 400w, https:\/\/ramse.es\/wordpress\/wp-content\/uploads\/2012\/03\/fundacin.jpg 448w\" sizes=\"(max-width: 1000px) 100vw, 448px\" \/><div class=\"fusion-rollover\">\n\t<div class=\"fusion-rollover-content\">\n\n\t\t\t\t\t\t\t\t\t\t\t\t\t\t<a class=\"fusion-rollover-link\" href=\"https:\/\/ramse.es\/wordpress\/constitucion-de-la-fundacion-real-academia-demedicina-y-cirugia-de-sevilla\/\">Constituci\u00f3n de la Fundaci\u00f3n Real Academia deMedicina y Cirug\u00eda de Sevilla<\/a>\n\t\t\t\n\t\t\t\t\t\t\t\t\t\t\t\t\t\t\n\t\t\t\t\t\t\t\t\n\t\t\t\t\t\t\t\t\t\t\t\t\t<div class=\"fusion-rollover-sep\"><\/div>\n\t\t\t\t\n\t\t\t\t\t\t\t\t\t\t\t\t\t\t\t\t\t\t<a class=\"fusion-rollover-gallery\" href=\"https:\/\/ramse.es\/wordpress\/wp-content\/uploads\/2012\/03\/fundacin.jpg\" data-id=\"2097\" data-rel=\"iLightbox[gallery]\" data-title=\"fundacin\" data-caption=\"\">\n\t\t\t\t\t\tGaler\u00eda\t\t\t\t\t<\/a>\n\t\t\t\t\t\t\t\t\t\t\t\t\t\t\n\t\t\n\t\t\t\t\t\t\t\t\n\t\t\t\t\t\t\t\t\n\t\t\n\t\t\t\t\t\t<a class=\"fusion-link-wrapper\" href=\"https:\/\/ramse.es\/wordpress\/constitucion-de-la-fundacion-real-academia-demedicina-y-cirugia-de-sevilla\/\" aria-label=\"Constituci\u00f3n de la Fundaci\u00f3n Real Academia deMedicina y Cirug\u00eda de Sevilla\"><\/a>\n\t<\/div>\n<\/div>\n<\/div>\n<\/li>\n\t\t\t\n\t\t\t\n\t\t\t\t\t\t\t\t\t\t\t\t\t\t\t\t\t\t\t\t\t\t\t\t\t\t\t\t\t\t\t\t\t\t\t\t\t\t\t\t\t\t\t\t\t\t\t\t\t\t\t\t\t\t\t\t\t\t\t\t\t\t\t\t\t\t\t\t<\/ul>\n\t<\/div>\n\t<div class=\"fusion-date-and-formats\"><div class=\"fusion-date-box updated\"><span class=\"fusion-date\">marzo<\/span><span class=\"fusion-month-year\">12:00 am<\/span><\/div><div class=\"fusion-format-box\"><i class=\"awb-icon-pen\" aria-hidden=\"true\"><\/i><\/div><\/div><div class=\"fusion-post-content post-content\"><h2 class=\"blog-shortcode-post-title entry-title\"><a href=\"https:\/\/ramse.es\/wordpress\/constitucion-de-la-fundacion-real-academia-demedicina-y-cirugia-de-sevilla\/\">Constituci\u00f3n de la Fundaci\u00f3n Real Academia deMedicina y Cirug\u00eda de Sevilla<\/a><\/h2><p class=\"fusion-single-line-meta\">Por <span class=\"vcard\"><span class=\"fn\"><a href=\"https:\/\/ramse.es\/wordpress\/author\/ivan_z0qj9h4b\/\" title=\"Entradas de admin\" rel=\"author\">admin<\/a><\/span><\/span><span class=\"fusion-inline-sep\">|<\/span><span class=\"updated\" style=\"display:none;\">2012-03-13T00:00:00+02:00<\/span><span>marzo 13th, 2012<\/span><span class=\"fusion-inline-sep\">|<\/span>Categor\u00edas: <a href=\"https:\/\/ramse.es\/wordpress\/category\/news\/latest-news\/\" rel=\"category tag\">Noticias<\/a><span class=\"fusion-inline-sep\">|<\/span><\/p><div class=\"fusion-post-content-container\"><p>Esta tarde ha tenido lugar la firma para la constituci\u00f3n de la Fundaci\u00f3n Real Academia deMedicina y Cirug\u00eda de Sevilla que contar\u00e1 con un total de 27 patronos fundadores. Entre las actividades que realizar\u00e1 la Fundaci\u00f3n destaca la edici\u00f3n y difusi\u00f3n de publicaciones cient\u00edficas e hist\u00f3ricas relacionadas con las ciencias m\u00e9dicas; la promoci\u00f3n de encuentros cultivadores de las Cienciasde la Salud y afines; y, el desarrollo de programas conjuntos con <a href=\"https:\/\/ramse.es\/wordpress\/constitucion-de-la-fundacion-real-academia-demedicina-y-cirugia-de-sevilla\/\">[...]<\/a><\/p><\/div><\/div><div class=\"fusion-clearfix\"><\/div><div class=\"fusion-meta-info\"><div class=\"fusion-alignright\"><a class=\"fusion-read-more\" href=\"https:\/\/ramse.es\/wordpress\/constitucion-de-la-fundacion-real-academia-demedicina-y-cirugia-de-sevilla\/\" aria-label=\"More on Constituci\u00f3n de la Fundaci\u00f3n Real Academia deMedicina y Cirug\u00eda de Sevilla\">Leer M\u00e1s<\/a><\/div><\/div><\/article>\n<article id=\"blog-1-post-2095\" class=\"fusion-post-large-alternate post-2095 post type-post status-publish format-standard has-post-thumbnail hentry category-latest-news\">\n\t<style type=\"text\/css\">\n\t\t\n\t\t\n\t\t\n\t\t\n\t\t\t<\/style>\n\n\n\t\t\t<div class=\"fusion-flexslider flexslider fusion-flexslider-loading fusion-post-slideshow\" style=\"\">\n\t\t<ul class=\"slides\">\n\t\t\t\n\t\t\t\t\t\t\t\t\t\t\t\t\t\t<li><div  class=\"fusion-image-wrapper\" aria-haspopup=\"true\">\n\t\t\t\t<img decoding=\"async\" width=\"448\" height=\"336\" src=\"https:\/\/ramse.es\/wordpress\/wp-content\/uploads\/2012\/03\/img_7920correspondientesweb.jpg\" class=\"attachment-full size-full wp-post-image\" alt=\"\" srcset=\"https:\/\/ramse.es\/wordpress\/wp-content\/uploads\/2012\/03\/img_7920correspondientesweb-200x150.jpg 200w, https:\/\/ramse.es\/wordpress\/wp-content\/uploads\/2012\/03\/img_7920correspondientesweb-400x300.jpg 400w, https:\/\/ramse.es\/wordpress\/wp-content\/uploads\/2012\/03\/img_7920correspondientesweb.jpg 448w\" sizes=\"(max-width: 1000px) 100vw, 448px\" \/><div class=\"fusion-rollover\">\n\t<div class=\"fusion-rollover-content\">\n\n\t\t\t\t\t\t\t\t\t\t\t\t\t\t<a class=\"fusion-rollover-link\" href=\"https:\/\/ramse.es\/wordpress\/los-dres-camacho-martinez-rey-caballero-y-briceno-delgado-nuevos-academicos-correspondientes\/\">Los Dres. Camacho Mart\u00ednez, Rey Caballero y Brice\u00f1o Delgado nuevos acad\u00e9micos correspondientes<\/a>\n\t\t\t\n\t\t\t\t\t\t\t\t\t\t\t\t\t\t\n\t\t\t\t\t\t\t\t\n\t\t\t\t\t\t\t\t\t\t\t\t\t<div class=\"fusion-rollover-sep\"><\/div>\n\t\t\t\t\n\t\t\t\t\t\t\t\t\t\t\t\t\t\t\t\t\t\t<a class=\"fusion-rollover-gallery\" href=\"https:\/\/ramse.es\/wordpress\/wp-content\/uploads\/2012\/03\/img_7920correspondientesweb.jpg\" data-id=\"2095\" data-rel=\"iLightbox[gallery]\" data-title=\"img_7920correspondientesweb\" data-caption=\"\">\n\t\t\t\t\t\tGaler\u00eda\t\t\t\t\t<\/a>\n\t\t\t\t\t\t\t\t\t\t\t\t\t\t\n\t\t\n\t\t\t\t\t\t\t\t\n\t\t\t\t\t\t\t\t\n\t\t\n\t\t\t\t\t\t<a class=\"fusion-link-wrapper\" href=\"https:\/\/ramse.es\/wordpress\/los-dres-camacho-martinez-rey-caballero-y-briceno-delgado-nuevos-academicos-correspondientes\/\" aria-label=\"Los Dres. Camacho Mart\u00ednez, Rey Caballero y Brice\u00f1o Delgado nuevos acad\u00e9micos correspondientes\"><\/a>\n\t<\/div>\n<\/div>\n<\/div>\n<\/li>\n\t\t\t\n\t\t\t\n\t\t\t\t\t\t\t\t\t\t\t\t\t\t\t\t\t\t\t\t\t\t\t\t\t\t\t\t\t\t\t\t\t\t\t\t\t\t\t\t\t\t\t\t\t\t\t\t\t\t\t\t\t\t\t\t\t\t\t\t\t\t\t\t\t\t\t\t<\/ul>\n\t<\/div>\n\t<div class=\"fusion-date-and-formats\"><div class=\"fusion-date-box updated\"><span class=\"fusion-date\">marzo<\/span><span class=\"fusion-month-year\">8:29 am<\/span><\/div><div class=\"fusion-format-box\"><i class=\"awb-icon-pen\" aria-hidden=\"true\"><\/i><\/div><\/div><div class=\"fusion-post-content post-content\"><h2 class=\"blog-shortcode-post-title entry-title\"><a href=\"https:\/\/ramse.es\/wordpress\/los-dres-camacho-martinez-rey-caballero-y-briceno-delgado-nuevos-academicos-correspondientes\/\">Los Dres. Camacho Mart\u00ednez, Rey Caballero y Brice\u00f1o Delgado nuevos acad\u00e9micos correspondientes<\/a><\/h2><p class=\"fusion-single-line-meta\">Por <span class=\"vcard\"><span class=\"fn\"><a href=\"https:\/\/ramse.es\/wordpress\/author\/ivan_z0qj9h4b\/\" title=\"Entradas de admin\" rel=\"author\">admin<\/a><\/span><\/span><span class=\"fusion-inline-sep\">|<\/span><span class=\"updated\" style=\"display:none;\">2012-03-09T08:29:12+02:00<\/span><span>marzo 9th, 2012<\/span><span class=\"fusion-inline-sep\">|<\/span>Categor\u00edas: <a href=\"https:\/\/ramse.es\/wordpress\/category\/news\/latest-news\/\" rel=\"category tag\">Noticias<\/a><span class=\"fusion-inline-sep\">|<\/span><\/p><div class=\"fusion-post-content-container\"><p>La Real Academia de Medicina ha recibido como Acad\u00e9micos Correspondientes a los doctores D. Francisco Camacho Mart\u00ednez, D\u00f1a. Victoria Rey Caballero y D. Francisco Javier Brice\u00f1o Delgado. El Dr. Camacho Mart\u00ednez abord\u00f3 la \"Investigaci\u00f3n en Tricolog\u00eda\", la Dra. Rey Caballero ley\u00f3 un discurso titulado \"Ciencia y proporci\u00f3n. Claves musicales de la medicina\" y finalmente el Dr. Brice\u00f1o Delgado trat\u00f3 las \"Lecciones del trasplante hep\u00e1tico aplicadas a la cirug\u00eda hep\u00e1tica\".<\/p><\/div><\/div><div class=\"fusion-clearfix\"><\/div><div class=\"fusion-meta-info\"><div class=\"fusion-alignright\"><a class=\"fusion-read-more\" href=\"https:\/\/ramse.es\/wordpress\/los-dres-camacho-martinez-rey-caballero-y-briceno-delgado-nuevos-academicos-correspondientes\/\" aria-label=\"More on Los Dres. Camacho Mart\u00ednez, Rey Caballero y Brice\u00f1o Delgado nuevos acad\u00e9micos correspondientes\">Leer M\u00e1s<\/a><\/div><\/div><\/article>\n<article id=\"blog-1-post-2093\" class=\"fusion-post-large-alternate post-2093 post type-post status-publish format-standard has-post-thumbnail hentry category-latest-news\">\n\t<style type=\"text\/css\">\n\t\t\n\t\t\n\t\t\n\t\t\n\t\t\t<\/style>\n\n\n\t\t\t<div class=\"fusion-flexslider flexslider fusion-flexslider-loading fusion-post-slideshow\" style=\"\">\n\t\t<ul class=\"slides\">\n\t\t\t\n\t\t\t\t\t\t\t\t\t\t\t\t\t\t<li><div  class=\"fusion-image-wrapper\" aria-haspopup=\"true\">\n\t\t\t\t<img decoding=\"async\" width=\"336\" height=\"401\" src=\"https:\/\/ramse.es\/wordpress\/wp-content\/uploads\/2012\/03\/sabat01web.jpg\" class=\"attachment-full size-full wp-post-image\" alt=\"\" srcset=\"https:\/\/ramse.es\/wordpress\/wp-content\/uploads\/2012\/03\/sabat01web-200x239.jpg 200w, https:\/\/ramse.es\/wordpress\/wp-content\/uploads\/2012\/03\/sabat01web.jpg 336w\" sizes=\"(max-width: 1000px) 100vw, 336px\" \/><div class=\"fusion-rollover\">\n\t<div class=\"fusion-rollover-content\">\n\n\t\t\t\t\t\t\t\t\t\t\t\t\t\t<a class=\"fusion-rollover-link\" href=\"https:\/\/ramse.es\/wordpress\/el-dr-juan-sabate-diaz-ingresa-como-academico-de-numero\/\">El Dr. Juan Sabat\u00e9 D\u00edaz ingresa como Acad\u00e9mico de N\u00famero<\/a>\n\t\t\t\n\t\t\t\t\t\t\t\t\t\t\t\t\t\t\n\t\t\t\t\t\t\t\t\n\t\t\t\t\t\t\t\t\t\t\t\t\t<div class=\"fusion-rollover-sep\"><\/div>\n\t\t\t\t\n\t\t\t\t\t\t\t\t\t\t\t\t\t\t\t\t\t\t<a class=\"fusion-rollover-gallery\" href=\"https:\/\/ramse.es\/wordpress\/wp-content\/uploads\/2012\/03\/sabat01web.jpg\" data-id=\"2093\" data-rel=\"iLightbox[gallery]\" data-title=\"sabat01web\" data-caption=\"\">\n\t\t\t\t\t\tGaler\u00eda\t\t\t\t\t<\/a>\n\t\t\t\t\t\t\t\t\t\t\t\t\t\t\n\t\t\n\t\t\t\t\t\t\t\t\n\t\t\t\t\t\t\t\t\n\t\t\n\t\t\t\t\t\t<a class=\"fusion-link-wrapper\" href=\"https:\/\/ramse.es\/wordpress\/el-dr-juan-sabate-diaz-ingresa-como-academico-de-numero\/\" aria-label=\"El Dr. Juan Sabat\u00e9 D\u00edaz ingresa como Acad\u00e9mico de N\u00famero\"><\/a>\n\t<\/div>\n<\/div>\n<\/div>\n<\/li>\n\t\t\t\n\t\t\t\n\t\t\t\t\t\t\t\t\t\t\t\t\t\t\t\t\t\t\t\t\t\t\t\t\t\t\t\t\t\t\t\t\t\t\t\t\t\t\t\t\t\t\t\t\t\t\t\t\t\t\t\t\t\t\t\t\t\t\t\t\t\t\t\t\t\t\t\t<\/ul>\n\t<\/div>\n\t<div class=\"fusion-date-and-formats\"><div class=\"fusion-date-box updated\"><span class=\"fusion-date\">marzo<\/span><span class=\"fusion-month-year\">11:57 am<\/span><\/div><div class=\"fusion-format-box\"><i class=\"awb-icon-pen\" aria-hidden=\"true\"><\/i><\/div><\/div><div class=\"fusion-post-content post-content\"><h2 class=\"blog-shortcode-post-title entry-title\"><a href=\"https:\/\/ramse.es\/wordpress\/el-dr-juan-sabate-diaz-ingresa-como-academico-de-numero\/\">El Dr. Juan Sabat\u00e9 D\u00edaz ingresa como Acad\u00e9mico de N\u00famero<\/a><\/h2><p class=\"fusion-single-line-meta\">Por <span class=\"vcard\"><span class=\"fn\"><a href=\"https:\/\/ramse.es\/wordpress\/author\/ivan_z0qj9h4b\/\" title=\"Entradas de admin\" rel=\"author\">admin<\/a><\/span><\/span><span class=\"fusion-inline-sep\">|<\/span><span class=\"updated\" style=\"display:none;\">2012-03-04T11:57:16+02:00<\/span><span>marzo 4th, 2012<\/span><span class=\"fusion-inline-sep\">|<\/span>Categor\u00edas: <a href=\"https:\/\/ramse.es\/wordpress\/category\/news\/latest-news\/\" rel=\"category tag\">Noticias<\/a><span class=\"fusion-inline-sep\">|<\/span><\/p><div class=\"fusion-post-content-container\"><p>Esta ma\u00f1ana el Dr. Juan Sabat\u00e9 D\u00edaz ha tomado posesi\u00f3n como Acad\u00e9mico de N\u00famero en la plaza Diagn\u00f3stico por la Imagen, de nueva creaci\u00f3n, en la Real Academia de Medicina y Cirug\u00eda de Sevilla. Durante su intervenci\u00f3n ha destacado que la instituci\u00f3n brinda la oportunidad de dar y recibir conocimientos, dentro de una profesi\u00f3n claramente vocacional, y as\u00ed poder defender por una parte y ofrecer por otra, todas las aportaciones, <a href=\"https:\/\/ramse.es\/wordpress\/el-dr-juan-sabate-diaz-ingresa-como-academico-de-numero\/\">[...]<\/a><\/p><\/div><\/div><div class=\"fusion-clearfix\"><\/div><div class=\"fusion-meta-info\"><div class=\"fusion-alignright\"><a class=\"fusion-read-more\" href=\"https:\/\/ramse.es\/wordpress\/el-dr-juan-sabate-diaz-ingresa-como-academico-de-numero\/\" aria-label=\"More on El Dr. Juan Sabat\u00e9 D\u00edaz ingresa como Acad\u00e9mico de N\u00famero\">Leer M\u00e1s<\/a><\/div><\/div><\/article>\n<article id=\"blog-1-post-2089\" class=\"fusion-post-large-alternate post-2089 post type-post status-publish format-standard has-post-thumbnail hentry category-latest-news\">\n\t<style type=\"text\/css\">\n\t\t\n\t\t\n\t\t\n\t\t\n\t\t\t<\/style>\n\n\n\t\t\t<div class=\"fusion-flexslider flexslider fusion-flexslider-loading fusion-post-slideshow\" style=\"\">\n\t\t<ul class=\"slides\">\n\t\t\t\n\t\t\t\t\t\t\t\t\t\t\t\t\t\t<li><div  class=\"fusion-image-wrapper\" aria-haspopup=\"true\">\n\t\t\t\t<img decoding=\"async\" width=\"450\" height=\"496\" src=\"https:\/\/ramse.es\/wordpress\/wp-content\/uploads\/2012\/01\/boletin4.jpg\" class=\"attachment-full size-full wp-post-image\" alt=\"\" srcset=\"https:\/\/ramse.es\/wordpress\/wp-content\/uploads\/2012\/01\/boletin4-200x220.jpg 200w, https:\/\/ramse.es\/wordpress\/wp-content\/uploads\/2012\/01\/boletin4-400x441.jpg 400w, https:\/\/ramse.es\/wordpress\/wp-content\/uploads\/2012\/01\/boletin4.jpg 450w\" sizes=\"(max-width: 1000px) 100vw, 450px\" \/><div class=\"fusion-rollover\">\n\t<div class=\"fusion-rollover-content\">\n\n\t\t\t\t\t\t\t\t\t\t\t\t\t\t<a class=\"fusion-rollover-link\" href=\"https:\/\/ramse.es\/wordpress\/boletin-informativo-no4\/\">Bolet\u00edn Informativo N\u00ba4<\/a>\n\t\t\t\n\t\t\t\t\t\t\t\t\t\t\t\t\t\t\n\t\t\t\t\t\t\t\t\n\t\t\t\t\t\t\t\t\t\t\t\t\t<div class=\"fusion-rollover-sep\"><\/div>\n\t\t\t\t\n\t\t\t\t\t\t\t\t\t\t\t\t\t\t\t\t\t\t<a class=\"fusion-rollover-gallery\" href=\"https:\/\/ramse.es\/wordpress\/wp-content\/uploads\/2012\/01\/boletin4.jpg\" data-id=\"2089\" data-rel=\"iLightbox[gallery]\" data-title=\"boletin4\" data-caption=\"Bolet\u00edn Informativo N\u00ba4\">\n\t\t\t\t\t\tGaler\u00eda\t\t\t\t\t<\/a>\n\t\t\t\t\t\t\t\t\t\t\t\t\t\t\n\t\t\n\t\t\t\t\t\t\t\t\n\t\t\t\t\t\t\t\t\n\t\t\n\t\t\t\t\t\t<a class=\"fusion-link-wrapper\" href=\"https:\/\/ramse.es\/wordpress\/boletin-informativo-no4\/\" aria-label=\"Bolet\u00edn Informativo N\u00ba4\"><\/a>\n\t<\/div>\n<\/div>\n<\/div>\n<\/li>\n\t\t\t\n\t\t\t\n\t\t\t\t\t\t\t\t\t\t\t\t\t\t\t\t\t\t\t\t\t\t\t\t\t\t\t\t\t\t\t\t\t\t\t\t\t\t\t\t\t\t\t\t\t\t\t\t\t\t\t\t\t\t\t\t\t\t\t\t\t\t\t\t\t\t\t\t<\/ul>\n\t<\/div>\n\t<div class=\"fusion-date-and-formats\"><div class=\"fusion-date-box updated\"><span class=\"fusion-date\">enero<\/span><span class=\"fusion-month-year\">9:48 am<\/span><\/div><div class=\"fusion-format-box\"><i class=\"awb-icon-pen\" aria-hidden=\"true\"><\/i><\/div><\/div><div class=\"fusion-post-content post-content\"><h2 class=\"blog-shortcode-post-title entry-title\"><a href=\"https:\/\/ramse.es\/wordpress\/boletin-informativo-no4\/\">Bolet\u00edn Informativo N\u00ba4<\/a><\/h2><p class=\"fusion-single-line-meta\">Por <span class=\"vcard\"><span class=\"fn\"><a href=\"https:\/\/ramse.es\/wordpress\/author\/ivan_z0qj9h4b\/\" title=\"Entradas de admin\" rel=\"author\">admin<\/a><\/span><\/span><span class=\"fusion-inline-sep\">|<\/span><span class=\"updated\" style=\"display:none;\">2012-01-25T09:48:32+02:00<\/span><span>enero 25th, 2012<\/span><span class=\"fusion-inline-sep\">|<\/span>Categor\u00edas: <a href=\"https:\/\/ramse.es\/wordpress\/category\/news\/latest-news\/\" rel=\"category tag\">Noticias<\/a><span class=\"fusion-inline-sep\">|<\/span><\/p><div class=\"fusion-post-content-container\"><p>Ya est\u00e1 disponible el Bolet\u00edn Informativo N\u00ba4. Para su visualizaci\u00f3n hacer clic el siguiente icono: \u00a0<\/p><\/div><\/div><div class=\"fusion-clearfix\"><\/div><div class=\"fusion-meta-info\"><div class=\"fusion-alignright\"><a class=\"fusion-read-more\" href=\"https:\/\/ramse.es\/wordpress\/boletin-informativo-no4\/\" aria-label=\"More on Bolet\u00edn Informativo N\u00ba4\">Leer M\u00e1s<\/a><\/div><\/div><\/article>\n<article id=\"blog-1-post-2086\" class=\"fusion-post-large-alternate post-2086 post type-post status-publish format-standard hentry category-latest-news\">\n\t<style type=\"text\/css\">\n\t\t\n\t\t\n\t\t\n\t\t\n\t\t\t<\/style>\n\n\n<div class=\"fusion-date-and-formats\"><div class=\"fusion-date-box updated\"><span class=\"fusion-date\">diciembre<\/span><span class=\"fusion-month-year\">9:32 am<\/span><\/div><div class=\"fusion-format-box\"><i class=\"awb-icon-pen\" aria-hidden=\"true\"><\/i><\/div><\/div><div class=\"fusion-post-content post-content\"><h2 class=\"blog-shortcode-post-title entry-title\"><a href=\"https:\/\/ramse.es\/wordpress\/resolucion-de-concurso-cientifico-de-premios-2011\/\">RESOLUCI\u00d3N DE CONCURSO CIENT\u00cdFICO DE PREMIOS 2011<\/a><\/h2><p class=\"fusion-single-line-meta\">Por <span class=\"vcard\"><span class=\"fn\"><a href=\"https:\/\/ramse.es\/wordpress\/author\/ivan_z0qj9h4b\/\" title=\"Entradas de admin\" rel=\"author\">admin<\/a><\/span><\/span><span class=\"fusion-inline-sep\">|<\/span><span class=\"updated\" style=\"display:none;\">2011-12-21T09:32:18+02:00<\/span><span>diciembre 21st, 2011<\/span><span class=\"fusion-inline-sep\">|<\/span>Categor\u00edas: <a href=\"https:\/\/ramse.es\/wordpress\/category\/news\/latest-news\/\" rel=\"category tag\">Noticias<\/a><span class=\"fusion-inline-sep\">|<\/span><\/p><div class=\"fusion-post-content-container\"><p>En el Pleno Ordinario celebrado el pasado 1 de diciembre y tras las deliberaciones de los\u00a0 jurados calificadores nombrados al respecto, esta Real Academia ha tenido a bien conceder los siguientes premios: Premio de la Real Academia de Medicina de Sevilla sobre un tema de Medicina o especialidades m\u00e9dicas al trabajo titulado \u201cEstudio experimental de nuevo material autoadhesivo para reaparici\u00f3n de pared abdominal: estudio f\u00edsico dinamom\u00e9trico y comportamiento frente a <a href=\"https:\/\/ramse.es\/wordpress\/resolucion-de-concurso-cientifico-de-premios-2011\/\">[...]<\/a><\/p><\/div><\/div><div class=\"fusion-clearfix\"><\/div><div class=\"fusion-meta-info\"><div class=\"fusion-alignright\"><a class=\"fusion-read-more\" href=\"https:\/\/ramse.es\/wordpress\/resolucion-de-concurso-cientifico-de-premios-2011\/\" aria-label=\"More on RESOLUCI\u00d3N DE CONCURSO CIENT\u00cdFICO DE PREMIOS 2011\">Leer M\u00e1s<\/a><\/div><\/div><\/article>\n<article id=\"blog-1-post-2085\" class=\"fusion-post-large-alternate post-2085 post type-post status-publish format-standard has-post-thumbnail hentry category-latest-news\">\n\t<style type=\"text\/css\">\n\t\t\n\t\t\n\t\t\n\t\t\n\t\t\t<\/style>\n\n\n\t\t\t<div class=\"fusion-flexslider flexslider fusion-flexslider-loading fusion-post-slideshow\" style=\"\">\n\t\t<ul class=\"slides\">\n\t\t\t\n\t\t\t\t\t\t\t\t\t\t\t\t\t\t<li><div  class=\"fusion-image-wrapper\" aria-haspopup=\"true\">\n\t\t\t\t<img decoding=\"async\" width=\"448\" height=\"336\" src=\"https:\/\/ramse.es\/wordpress\/wp-content\/uploads\/2011\/12\/d_ramn_serreraweb.jpg\" class=\"attachment-full size-full wp-post-image\" alt=\"\" srcset=\"https:\/\/ramse.es\/wordpress\/wp-content\/uploads\/2011\/12\/d_ramn_serreraweb-200x150.jpg 200w, https:\/\/ramse.es\/wordpress\/wp-content\/uploads\/2011\/12\/d_ramn_serreraweb-400x300.jpg 400w, https:\/\/ramse.es\/wordpress\/wp-content\/uploads\/2011\/12\/d_ramn_serreraweb.jpg 448w\" sizes=\"(max-width: 1000px) 100vw, 448px\" \/><div class=\"fusion-rollover\">\n\t<div class=\"fusion-rollover-content\">\n\n\t\t\t\t\t\t\t\t\t\t\t\t\t\t<a class=\"fusion-rollover-link\" href=\"https:\/\/ramse.es\/wordpress\/con-el-descubrimiento-y-la-conquista-se-abrieron-en-la-esfera-biologica-las-puertas-a-la-universalizacion-de-la-morbilidad-humana\/\">Con el descubrimiento y la conquista se abrieron en la esfera biol\u00f3gica las puertas a la universalizaci\u00f3n de la morbilidad humana<\/a>\n\t\t\t\n\t\t\t\t\t\t\t\t\t\t\t\t\t\t\n\t\t\t\t\t\t\t\t\n\t\t\t\t\t\t\t\t\t\t\t\t\t<div class=\"fusion-rollover-sep\"><\/div>\n\t\t\t\t\n\t\t\t\t\t\t\t\t\t\t\t\t\t\t\t\t\t\t<a class=\"fusion-rollover-gallery\" href=\"https:\/\/ramse.es\/wordpress\/wp-content\/uploads\/2011\/12\/d_ramn_serreraweb.jpg\" data-id=\"2085\" data-rel=\"iLightbox[gallery]\" data-title=\"d_ramn_serreraweb\" data-caption=\"\">\n\t\t\t\t\t\tGaler\u00eda\t\t\t\t\t<\/a>\n\t\t\t\t\t\t\t\t\t\t\t\t\t\t\n\t\t\n\t\t\t\t\t\t\t\t\n\t\t\t\t\t\t\t\t\n\t\t\n\t\t\t\t\t\t<a class=\"fusion-link-wrapper\" href=\"https:\/\/ramse.es\/wordpress\/con-el-descubrimiento-y-la-conquista-se-abrieron-en-la-esfera-biologica-las-puertas-a-la-universalizacion-de-la-morbilidad-humana\/\" aria-label=\"Con el descubrimiento y la conquista se abrieron en la esfera biol\u00f3gica las puertas a la universalizaci\u00f3n de la morbilidad humana\"><\/a>\n\t<\/div>\n<\/div>\n<\/div>\n<\/li>\n\t\t\t\n\t\t\t\n\t\t\t\t\t\t\t\t\t\t\t\t\t\t\t\t\t\t\t\t\t\t\t\t\t\t\t\t\t\t\t\t\t\t\t\t\t\t\t\t\t\t\t\t\t\t\t\t\t\t\t\t\t\t\t\t\t\t\t\t\t\t\t\t\t\t\t\t<\/ul>\n\t<\/div>\n\t<div class=\"fusion-date-and-formats\"><div class=\"fusion-date-box updated\"><span class=\"fusion-date\">diciembre<\/span><span class=\"fusion-month-year\">12:00 am<\/span><\/div><div class=\"fusion-format-box\"><i class=\"awb-icon-pen\" aria-hidden=\"true\"><\/i><\/div><\/div><div class=\"fusion-post-content post-content\"><h2 class=\"blog-shortcode-post-title entry-title\"><a href=\"https:\/\/ramse.es\/wordpress\/con-el-descubrimiento-y-la-conquista-se-abrieron-en-la-esfera-biologica-las-puertas-a-la-universalizacion-de-la-morbilidad-humana\/\">Con el descubrimiento y la conquista se abrieron en la esfera biol\u00f3gica las puertas a la universalizaci\u00f3n de la morbilidad humana<\/a><\/h2><p class=\"fusion-single-line-meta\">Por <span class=\"vcard\"><span class=\"fn\"><a href=\"https:\/\/ramse.es\/wordpress\/author\/ivan_z0qj9h4b\/\" title=\"Entradas de admin\" rel=\"author\">admin<\/a><\/span><\/span><span class=\"fusion-inline-sep\">|<\/span><span class=\"updated\" style=\"display:none;\">2011-12-15T00:00:00+02:00<\/span><span>diciembre 15th, 2011<\/span><span class=\"fusion-inline-sep\">|<\/span>Categor\u00edas: <a href=\"https:\/\/ramse.es\/wordpress\/category\/news\/latest-news\/\" rel=\"category tag\">Noticias<\/a><span class=\"fusion-inline-sep\">|<\/span><\/p><div class=\"fusion-post-content-container\"><p>Esta tarde el Ilmo. Sr. D. Ram\u00f3n Mar\u00eda Serrera Contreras, ha clausurado el 311 a\u00f1o Acad\u00e9mico con una conferencia titulada \"El descubrimiento del nuevo mundo: revoluci\u00f3n antropol\u00f3gica y microbiol\u00f3gica\". Su intervenci\u00f3n ha estado centrada en tres pilares fundamentales: los intercambios bot\u00e1nicos y zool\u00f3gicos, la globalizaci\u00f3n de la morbilidad humana y la revoluci\u00f3n antropol\u00f3gica. En la primera parte de su intervenci\u00f3n el catedr\u00e1tico de Historia de Am\u00e9rica hizo un recorrido por <a href=\"https:\/\/ramse.es\/wordpress\/con-el-descubrimiento-y-la-conquista-se-abrieron-en-la-esfera-biologica-las-puertas-a-la-universalizacion-de-la-morbilidad-humana\/\">[...]<\/a><\/p><\/div><\/div><div class=\"fusion-clearfix\"><\/div><div class=\"fusion-meta-info\"><div class=\"fusion-alignright\"><a class=\"fusion-read-more\" href=\"https:\/\/ramse.es\/wordpress\/con-el-descubrimiento-y-la-conquista-se-abrieron-en-la-esfera-biologica-las-puertas-a-la-universalizacion-de-la-morbilidad-humana\/\" aria-label=\"More on Con el descubrimiento y la conquista se abrieron en la esfera biol\u00f3gica las puertas a la universalizaci\u00f3n de la morbilidad humana\">Leer M\u00e1s<\/a><\/div><\/div><\/article>\n<article id=\"blog-1-post-2082\" class=\"fusion-post-large-alternate post-2082 post type-post status-publish format-standard has-post-thumbnail hentry category-latest-news\">\n\t<style type=\"text\/css\">\n\t\t\n\t\t\n\t\t\n\t\t\n\t\t\t<\/style>\n\n\n\t\t\t<div class=\"fusion-flexslider flexslider fusion-flexslider-loading fusion-post-slideshow\" style=\"\">\n\t\t<ul class=\"slides\">\n\t\t\t\n\t\t\t\t\t\t\t\t\t\t\t\t\t\t<li><div  class=\"fusion-image-wrapper\" aria-haspopup=\"true\">\n\t\t\t\t<img decoding=\"async\" width=\"448\" height=\"318\" src=\"https:\/\/ramse.es\/wordpress\/wp-content\/uploads\/2011\/11\/fotografeda-sin-tedtulo-011.jpg\" class=\"attachment-full size-full wp-post-image\" alt=\"\" srcset=\"https:\/\/ramse.es\/wordpress\/wp-content\/uploads\/2011\/11\/fotografeda-sin-tedtulo-011-200x142.jpg 200w, https:\/\/ramse.es\/wordpress\/wp-content\/uploads\/2011\/11\/fotografeda-sin-tedtulo-011-400x284.jpg 400w, https:\/\/ramse.es\/wordpress\/wp-content\/uploads\/2011\/11\/fotografeda-sin-tedtulo-011.jpg 448w\" sizes=\"(max-width: 1000px) 100vw, 448px\" \/><div class=\"fusion-rollover\">\n\t<div class=\"fusion-rollover-content\">\n\n\t\t\t\t\t\t\t\t\t\t\t\t\t\t<a class=\"fusion-rollover-link\" href=\"https:\/\/ramse.es\/wordpress\/el-ilmo-dr-ignacio-gomez-de-terreros-recibe-un-emotivo-homenaje-en-su-jubilacion\/\">El Ilmo. Dr. Ignacio G\u00f3mez de Terreros recibe un emotivo homenaje en su jubilaci\u00f3n<\/a>\n\t\t\t\n\t\t\t\t\t\t\t\t\t\t\t\t\t\t\n\t\t\t\t\t\t\t\t\n\t\t\t\t\t\t\t\t\t\t\t\t\t<div class=\"fusion-rollover-sep\"><\/div>\n\t\t\t\t\n\t\t\t\t\t\t\t\t\t\t\t\t\t\t\t\t\t\t<a class=\"fusion-rollover-gallery\" href=\"https:\/\/ramse.es\/wordpress\/wp-content\/uploads\/2011\/11\/fotografeda-sin-tedtulo-011.jpg\" data-id=\"2082\" data-rel=\"iLightbox[gallery]\" data-title=\"fotografeda-sin-tedtulo-011\" data-caption=\"\">\n\t\t\t\t\t\tGaler\u00eda\t\t\t\t\t<\/a>\n\t\t\t\t\t\t\t\t\t\t\t\t\t\t\n\t\t\n\t\t\t\t\t\t\t\t\n\t\t\t\t\t\t\t\t\n\t\t\n\t\t\t\t\t\t<a class=\"fusion-link-wrapper\" href=\"https:\/\/ramse.es\/wordpress\/el-ilmo-dr-ignacio-gomez-de-terreros-recibe-un-emotivo-homenaje-en-su-jubilacion\/\" aria-label=\"El Ilmo. Dr. Ignacio G\u00f3mez de Terreros recibe un emotivo homenaje en su jubilaci\u00f3n\"><\/a>\n\t<\/div>\n<\/div>\n<\/div>\n<\/li>\n\t\t\t\n\t\t\t\n\t\t\t\t\t\t\t\t\t\t\t\t\t\t\t\t\t\t\t\t\t\t\t\t\t\t\t\t\t\t\t\t\t\t\t\t\t\t\t\t\t\t\t\t\t\t\t\t\t\t\t\t\t\t\t\t\t\t\t\t\t\t\t\t\t\t\t\t<\/ul>\n\t<\/div>\n\t<div class=\"fusion-date-and-formats\"><div class=\"fusion-date-box updated\"><span class=\"fusion-date\">noviembre<\/span><span class=\"fusion-month-year\">11:52 am<\/span><\/div><div class=\"fusion-format-box\"><i class=\"awb-icon-pen\" aria-hidden=\"true\"><\/i><\/div><\/div><div class=\"fusion-post-content post-content\"><h2 class=\"blog-shortcode-post-title entry-title\"><a href=\"https:\/\/ramse.es\/wordpress\/el-ilmo-dr-ignacio-gomez-de-terreros-recibe-un-emotivo-homenaje-en-su-jubilacion\/\">El Ilmo. Dr. Ignacio G\u00f3mez de Terreros recibe un emotivo homenaje en su jubilaci\u00f3n<\/a><\/h2><p class=\"fusion-single-line-meta\">Por <span class=\"vcard\"><span class=\"fn\"><a href=\"https:\/\/ramse.es\/wordpress\/author\/ivan_z0qj9h4b\/\" title=\"Entradas de admin\" rel=\"author\">admin<\/a><\/span><\/span><span class=\"fusion-inline-sep\">|<\/span><span class=\"updated\" style=\"display:none;\">2011-11-15T11:52:41+02:00<\/span><span>noviembre 15th, 2011<\/span><span class=\"fusion-inline-sep\">|<\/span>Categor\u00edas: <a href=\"https:\/\/ramse.es\/wordpress\/category\/news\/latest-news\/\" rel=\"category tag\">Noticias<\/a><span class=\"fusion-inline-sep\">|<\/span><\/p><div class=\"fusion-post-content-container\"><p>La Universidad de Sevilla y la Real Academia de Medicina se han sumado al reconocimiento que los compa\u00f1eros y el equipo directivo del centro han querido hacer a la intachable trayectoria profesional de este pediatra La larga y consolidada trayectoria profesional de Ignacio G\u00f3mez de Terreros, jefe de Pediatr\u00eda del Hospital Infantil Virgen del Roc\u00edo desde su puesta en marcha en 1971 y profesor titular de Pediatr\u00eda de la Facultad <a href=\"https:\/\/ramse.es\/wordpress\/el-ilmo-dr-ignacio-gomez-de-terreros-recibe-un-emotivo-homenaje-en-su-jubilacion\/\">[...]<\/a><\/p><\/div><\/div><div class=\"fusion-clearfix\"><\/div><div class=\"fusion-meta-info\"><div class=\"fusion-alignright\"><a class=\"fusion-read-more\" href=\"https:\/\/ramse.es\/wordpress\/el-ilmo-dr-ignacio-gomez-de-terreros-recibe-un-emotivo-homenaje-en-su-jubilacion\/\" aria-label=\"More on El Ilmo. Dr. Ignacio G\u00f3mez de Terreros recibe un emotivo homenaje en su jubilaci\u00f3n\">Leer M\u00e1s<\/a><\/div><\/div><\/article>\n<article id=\"blog-1-post-2080\" class=\"fusion-post-large-alternate post-2080 post type-post status-publish format-standard has-post-thumbnail hentry category-latest-news\">\n\t<style type=\"text\/css\">\n\t\t\n\t\t\n\t\t\n\t\t\n\t\t\t<\/style>\n\n\n\t\t\t<div class=\"fusion-flexslider flexslider fusion-flexslider-loading fusion-post-slideshow\" style=\"\">\n\t\t<ul class=\"slides\">\n\t\t\t\n\t\t\t\t\t\t\t\t\t\t\t\t\t\t<li><div  class=\"fusion-image-wrapper\" aria-haspopup=\"true\">\n\t\t\t\t<img decoding=\"async\" width=\"448\" height=\"336\" src=\"https:\/\/ramse.es\/wordpress\/wp-content\/uploads\/2011\/11\/diabesidad.jpg\" class=\"attachment-full size-full wp-post-image\" alt=\"\" srcset=\"https:\/\/ramse.es\/wordpress\/wp-content\/uploads\/2011\/11\/diabesidad-200x150.jpg 200w, https:\/\/ramse.es\/wordpress\/wp-content\/uploads\/2011\/11\/diabesidad-400x300.jpg 400w, https:\/\/ramse.es\/wordpress\/wp-content\/uploads\/2011\/11\/diabesidad.jpg 448w\" sizes=\"(max-width: 1000px) 100vw, 448px\" \/><div class=\"fusion-rollover\">\n\t<div class=\"fusion-rollover-content\">\n\n\t\t\t\t\t\t\t\t\t\t\t\t\t\t<a class=\"fusion-rollover-link\" href=\"https:\/\/ramse.es\/wordpress\/el-numero-de-personas-obesas-supera-al-numero-de-personas-que-padecen-desnutricion\/\">El n\u00famero de personas obesas supera al n\u00famero de personas que padecen desnutrici\u00f3n<\/a>\n\t\t\t\n\t\t\t\t\t\t\t\t\t\t\t\t\t\t\n\t\t\t\t\t\t\t\t\n\t\t\t\t\t\t\t\t\t\t\t\t\t<div class=\"fusion-rollover-sep\"><\/div>\n\t\t\t\t\n\t\t\t\t\t\t\t\t\t\t\t\t\t\t\t\t\t\t<a class=\"fusion-rollover-gallery\" href=\"https:\/\/ramse.es\/wordpress\/wp-content\/uploads\/2011\/11\/diabesidad.jpg\" data-id=\"2080\" data-rel=\"iLightbox[gallery]\" data-title=\"diabesidad\" data-caption=\"\">\n\t\t\t\t\t\tGaler\u00eda\t\t\t\t\t<\/a>\n\t\t\t\t\t\t\t\t\t\t\t\t\t\t\n\t\t\n\t\t\t\t\t\t\t\t\n\t\t\t\t\t\t\t\t\n\t\t\n\t\t\t\t\t\t<a class=\"fusion-link-wrapper\" href=\"https:\/\/ramse.es\/wordpress\/el-numero-de-personas-obesas-supera-al-numero-de-personas-que-padecen-desnutricion\/\" aria-label=\"El n\u00famero de personas obesas supera al n\u00famero de personas que padecen desnutrici\u00f3n\"><\/a>\n\t<\/div>\n<\/div>\n<\/div>\n<\/li>\n\t\t\t\n\t\t\t\n\t\t\t\t\t\t\t\t\t\t\t\t\t\t\t\t\t\t\t\t\t\t\t\t\t\t\t\t\t\t\t\t\t\t\t\t\t\t\t\t\t\t\t\t\t\t\t\t\t\t\t\t\t\t\t\t\t\t\t\t\t\t\t\t\t\t\t\t<\/ul>\n\t<\/div>\n\t<div class=\"fusion-date-and-formats\"><div class=\"fusion-date-box updated\"><span class=\"fusion-date\">noviembre<\/span><span class=\"fusion-month-year\">12:00 am<\/span><\/div><div class=\"fusion-format-box\"><i class=\"awb-icon-pen\" aria-hidden=\"true\"><\/i><\/div><\/div><div class=\"fusion-post-content post-content\"><h2 class=\"blog-shortcode-post-title entry-title\"><a href=\"https:\/\/ramse.es\/wordpress\/el-numero-de-personas-obesas-supera-al-numero-de-personas-que-padecen-desnutricion\/\">El n\u00famero de personas obesas supera al n\u00famero de personas que padecen desnutrici\u00f3n<\/a><\/h2><p class=\"fusion-single-line-meta\">Por <span class=\"vcard\"><span class=\"fn\"><a href=\"https:\/\/ramse.es\/wordpress\/author\/ivan_z0qj9h4b\/\" title=\"Entradas de admin\" rel=\"author\">admin<\/a><\/span><\/span><span class=\"fusion-inline-sep\">|<\/span><span class=\"updated\" style=\"display:none;\">2011-11-10T00:00:00+02:00<\/span><span>noviembre 10th, 2011<\/span><span class=\"fusion-inline-sep\">|<\/span>Categor\u00edas: <a href=\"https:\/\/ramse.es\/wordpress\/category\/news\/latest-news\/\" rel=\"category tag\">Noticias<\/a><span class=\"fusion-inline-sep\">|<\/span><\/p><div class=\"fusion-post-content-container\"><p>Esta tarde ha tenido lugar en la Real Academia de Medicina de Sevilla una mesa redonda titulada \u201cDiabesidad: epidemia del siglo XXI\u201d moderada por el Prof. Dr. D. Santiago Dur\u00e1n Garc\u00eda, Catedr\u00e1tico de Endocrinolog\u00eda y Nutrici\u00f3n Cl\u00ednica, Departamento de Medicina, Universidad de Sevilla. En ella han intervenido los Dres. Pedro Pablo Garc\u00eda Luna y Manuel Mart\u00edn G\u00f3mez. Prof. Pedro Pablo Garc\u00eda Luna ha desarrollado en su exposici\u00f3n el concepto\u00a0 de <a href=\"https:\/\/ramse.es\/wordpress\/el-numero-de-personas-obesas-supera-al-numero-de-personas-que-padecen-desnutricion\/\">[...]<\/a><\/p><\/div><\/div><div class=\"fusion-clearfix\"><\/div><div class=\"fusion-meta-info\"><div class=\"fusion-alignright\"><a class=\"fusion-read-more\" href=\"https:\/\/ramse.es\/wordpress\/el-numero-de-personas-obesas-supera-al-numero-de-personas-que-padecen-desnutricion\/\" aria-label=\"More on El n\u00famero de personas obesas supera al n\u00famero de personas que padecen desnutrici\u00f3n\">Leer M\u00e1s<\/a><\/div><\/div><\/article>\n<article id=\"blog-1-post-2078\" class=\"fusion-post-large-alternate post-2078 post type-post status-publish format-standard has-post-thumbnail hentry category-latest-news\">\n\t<style type=\"text\/css\">\n\t\t\n\t\t\n\t\t\n\t\t\n\t\t\t<\/style>\n\n\n\t\t\t<div class=\"fusion-flexslider flexslider fusion-flexslider-loading fusion-post-slideshow\" style=\"\">\n\t\t<ul class=\"slides\">\n\t\t\t\n\t\t\t\t\t\t\t\t\t\t\t\t\t\t<li><div  class=\"fusion-image-wrapper\" aria-haspopup=\"true\">\n\t\t\t\t<img decoding=\"async\" width=\"448\" height=\"336\" src=\"https:\/\/ramse.es\/wordpress\/wp-content\/uploads\/2011\/10\/img_7202web.jpg\" class=\"attachment-full size-full wp-post-image\" alt=\"\" srcset=\"https:\/\/ramse.es\/wordpress\/wp-content\/uploads\/2011\/10\/img_7202web-200x150.jpg 200w, https:\/\/ramse.es\/wordpress\/wp-content\/uploads\/2011\/10\/img_7202web-400x300.jpg 400w, https:\/\/ramse.es\/wordpress\/wp-content\/uploads\/2011\/10\/img_7202web.jpg 448w\" sizes=\"(max-width: 1000px) 100vw, 448px\" \/><div class=\"fusion-rollover\">\n\t<div class=\"fusion-rollover-content\">\n\n\t\t\t\t\t\t\t\t\t\t\t\t\t\t<a class=\"fusion-rollover-link\" href=\"https:\/\/ramse.es\/wordpress\/qestado-actual-del-tratamiento-de-los-tumores-de-la-base-anterior-del-craneoq\/\">\u00abEstado actual del tratamiento de los tumores de la base anterior del cr\u00e1neo\u00bb<\/a>\n\t\t\t\n\t\t\t\t\t\t\t\t\t\t\t\t\t\t\n\t\t\t\t\t\t\t\t\n\t\t\t\t\t\t\t\t\t\t\t\t\t<div class=\"fusion-rollover-sep\"><\/div>\n\t\t\t\t\n\t\t\t\t\t\t\t\t\t\t\t\t\t\t\t\t\t\t<a class=\"fusion-rollover-gallery\" href=\"https:\/\/ramse.es\/wordpress\/wp-content\/uploads\/2011\/10\/img_7202web.jpg\" data-id=\"2078\" data-rel=\"iLightbox[gallery]\" data-title=\"img_7202web\" data-caption=\"\">\n\t\t\t\t\t\tGaler\u00eda\t\t\t\t\t<\/a>\n\t\t\t\t\t\t\t\t\t\t\t\t\t\t\n\t\t\n\t\t\t\t\t\t\t\t\n\t\t\t\t\t\t\t\t\n\t\t\n\t\t\t\t\t\t<a class=\"fusion-link-wrapper\" href=\"https:\/\/ramse.es\/wordpress\/qestado-actual-del-tratamiento-de-los-tumores-de-la-base-anterior-del-craneoq\/\" aria-label=\"\u00abEstado actual del tratamiento de los tumores de la base anterior del cr\u00e1neo\u00bb\"><\/a>\n\t<\/div>\n<\/div>\n<\/div>\n<\/li>\n\t\t\t\n\t\t\t\n\t\t\t\t\t\t\t\t\t\t\t\t\t\t\t\t\t\t\t\t\t\t\t\t\t\t\t\t\t\t\t\t\t\t\t\t\t\t\t\t\t\t\t\t\t\t\t\t\t\t\t\t\t\t\t\t\t\t\t\t\t\t\t\t\t\t\t\t<\/ul>\n\t<\/div>\n\t<div class=\"fusion-date-and-formats\"><div class=\"fusion-date-box updated\"><span class=\"fusion-date\">octubre<\/span><span class=\"fusion-month-year\">12:00 am<\/span><\/div><div class=\"fusion-format-box\"><i class=\"awb-icon-pen\" aria-hidden=\"true\"><\/i><\/div><\/div><div class=\"fusion-post-content post-content\"><h2 class=\"blog-shortcode-post-title entry-title\"><a href=\"https:\/\/ramse.es\/wordpress\/qestado-actual-del-tratamiento-de-los-tumores-de-la-base-anterior-del-craneoq\/\">\u00abEstado actual del tratamiento de los tumores de la base anterior del cr\u00e1neo\u00bb<\/a><\/h2><p class=\"fusion-single-line-meta\">Por <span class=\"vcard\"><span class=\"fn\"><a href=\"https:\/\/ramse.es\/wordpress\/author\/ivan_z0qj9h4b\/\" title=\"Entradas de admin\" rel=\"author\">admin<\/a><\/span><\/span><span class=\"fusion-inline-sep\">|<\/span><span class=\"updated\" style=\"display:none;\">2011-10-27T00:00:00+02:00<\/span><span>octubre 27th, 2011<\/span><span class=\"fusion-inline-sep\">|<\/span>Categor\u00edas: <a href=\"https:\/\/ramse.es\/wordpress\/category\/news\/latest-news\/\" rel=\"category tag\">Noticias<\/a><span class=\"fusion-inline-sep\">|<\/span><\/p><div class=\"fusion-post-content-container\"><p>Esta tarde ha tenido lugar en la Real Academia de Medicina de Sevilla una mesa redonda moderada por el Acad\u00e9mico Correspondiente Hugo Galera Ruiz y en la que se ha abordado el tratamiento de los tumores de la base anterior del cr\u00e1neo. El primero en intervenir ha sido el Prof. Carlos Su\u00e1rez Nieto que habl\u00f3 de los tumores nasosinusales, particularmente los originados en el etmoides que se presentan en m\u00e1s <a href=\"https:\/\/ramse.es\/wordpress\/qestado-actual-del-tratamiento-de-los-tumores-de-la-base-anterior-del-craneoq\/\">[...]<\/a><\/p><\/div><\/div><div class=\"fusion-clearfix\"><\/div><div class=\"fusion-meta-info\"><div class=\"fusion-alignright\"><a class=\"fusion-read-more\" href=\"https:\/\/ramse.es\/wordpress\/qestado-actual-del-tratamiento-de-los-tumores-de-la-base-anterior-del-craneoq\/\" aria-label=\"More on \u00abEstado actual del tratamiento de los tumores de la base anterior del cr\u00e1neo\u00bb\">Leer M\u00e1s<\/a><\/div><\/div><\/article>\n<article id=\"blog-1-post-2076\" class=\"fusion-post-large-alternate post-2076 post type-post status-publish format-standard hentry category-latest-news\">\n\t<style type=\"text\/css\">\n\t\t\n\t\t\n\t\t\n\t\t\n\t\t\t<\/style>\n\n\n<div class=\"fusion-date-and-formats\"><div class=\"fusion-date-box updated\"><span class=\"fusion-date\">octubre<\/span><span class=\"fusion-month-year\">11:49 am<\/span><\/div><div class=\"fusion-format-box\"><i class=\"awb-icon-pen\" aria-hidden=\"true\"><\/i><\/div><\/div><div class=\"fusion-post-content post-content\"><h2 class=\"blog-shortcode-post-title entry-title\"><a href=\"https:\/\/ramse.es\/wordpress\/se-amplia-el-periodo-de-presentacion-de-trabajos-2011\/\">Se ampl\u00eda el periodo de presentaci\u00f3n de trabajos 2011<\/a><\/h2><p class=\"fusion-single-line-meta\">Por <span class=\"vcard\"><span class=\"fn\"><a href=\"https:\/\/ramse.es\/wordpress\/author\/ivan_z0qj9h4b\/\" title=\"Entradas de admin\" rel=\"author\">admin<\/a><\/span><\/span><span class=\"fusion-inline-sep\">|<\/span><span class=\"updated\" style=\"display:none;\">2011-10-11T11:49:55+02:00<\/span><span>octubre 11th, 2011<\/span><span class=\"fusion-inline-sep\">|<\/span>Categor\u00edas: <a href=\"https:\/\/ramse.es\/wordpress\/category\/news\/latest-news\/\" rel=\"category tag\">Noticias<\/a><span class=\"fusion-inline-sep\">|<\/span><\/p><div class=\"fusion-post-content-container\"><p>El plazo de presentaci\u00f3n de trabajos para el Concurso Cient\u00edfico de Premios 2011 se ampl\u00eda hasta el 11 de noviembre. Las bases est\u00e1n disponibles en www.ramse.es o en el siguiente enlace Bases Premios 2011. Dichos trabajos deben ser remitidos a C\/ Abades, 10-12 41004 Sevilla Tfno. 954 22 22 45<\/p><\/div><\/div><div class=\"fusion-clearfix\"><\/div><div class=\"fusion-meta-info\"><div class=\"fusion-alignright\"><a class=\"fusion-read-more\" href=\"https:\/\/ramse.es\/wordpress\/se-amplia-el-periodo-de-presentacion-de-trabajos-2011\/\" aria-label=\"More on Se ampl\u00eda el periodo de presentaci\u00f3n de trabajos 2011\">Leer M\u00e1s<\/a><\/div><\/div><\/article>\n<article id=\"blog-1-post-2074\" class=\"fusion-post-large-alternate post-2074 post type-post status-publish format-standard hentry category-latest-news\">\n\t<style type=\"text\/css\">\n\t\t\n\t\t\n\t\t\n\t\t\n\t\t\t<\/style>\n\n\n<div class=\"fusion-date-and-formats\"><div class=\"fusion-date-box updated\"><span class=\"fusion-date\">octubre<\/span><span class=\"fusion-month-year\">9:55 am<\/span><\/div><div class=\"fusion-format-box\"><i class=\"awb-icon-pen\" aria-hidden=\"true\"><\/i><\/div><\/div><div class=\"fusion-post-content post-content\"><h2 class=\"blog-shortcode-post-title entry-title\"><a href=\"https:\/\/ramse.es\/wordpress\/aviso-mesa-redonda-pospuesta\/\">Aviso. Mesa redonda pospuesta<\/a><\/h2><p class=\"fusion-single-line-meta\">Por <span class=\"vcard\"><span class=\"fn\"><a href=\"https:\/\/ramse.es\/wordpress\/author\/ivan_z0qj9h4b\/\" title=\"Entradas de admin\" rel=\"author\">admin<\/a><\/span><\/span><span class=\"fusion-inline-sep\">|<\/span><span class=\"updated\" style=\"display:none;\">2011-10-11T09:55:51+02:00<\/span><span>octubre 11th, 2011<\/span><span class=\"fusion-inline-sep\">|<\/span>Categor\u00edas: <a href=\"https:\/\/ramse.es\/wordpress\/category\/news\/latest-news\/\" rel=\"category tag\">Noticias<\/a><span class=\"fusion-inline-sep\">|<\/span><\/p><div class=\"fusion-post-content-container\"><p>Se pone en conocimiento de los se\u00f1ores Acad\u00e9micos, profesionales de la medicina y p\u00fablico en general, que la mesa redonda titulada \u201cTratamiento integral de la aorta\u201d, prevista para el jueves 20 de octubre de 2011, no se celebrar\u00e1 en la fecha anunciada, traslad\u00e1ndose el mismo acto al programa del pr\u00f3ximo a\u00f1o 2012. As\u00ed mismo se comunica, por adelantado, que el d\u00eda 20 de octubre a las 19 horas se ha <a href=\"https:\/\/ramse.es\/wordpress\/aviso-mesa-redonda-pospuesta\/\">[...]<\/a><\/p><\/div><\/div><div class=\"fusion-clearfix\"><\/div><div class=\"fusion-meta-info\"><div class=\"fusion-alignright\"><a class=\"fusion-read-more\" href=\"https:\/\/ramse.es\/wordpress\/aviso-mesa-redonda-pospuesta\/\" aria-label=\"More on Aviso. Mesa redonda pospuesta\">Leer M\u00e1s<\/a><\/div><\/div><\/article>\n<article id=\"blog-1-post-2073\" class=\"fusion-post-large-alternate post-2073 post type-post status-publish format-standard has-post-thumbnail hentry category-latest-news\">\n\t<style type=\"text\/css\">\n\t\t\n\t\t\n\t\t\n\t\t\n\t\t\t<\/style>\n\n\n\t\t\t<div class=\"fusion-flexslider flexslider fusion-flexslider-loading fusion-post-slideshow\" style=\"\">\n\t\t<ul class=\"slides\">\n\t\t\t\n\t\t\t\t\t\t\t\t\t\t\t\t\t\t<li><div  class=\"fusion-image-wrapper\" aria-haspopup=\"true\">\n\t\t\t\t<img decoding=\"async\" width=\"448\" height=\"336\" src=\"https:\/\/ramse.es\/wordpress\/wp-content\/uploads\/2011\/10\/11010_298web.jpg\" class=\"attachment-full size-full wp-post-image\" alt=\"\" srcset=\"https:\/\/ramse.es\/wordpress\/wp-content\/uploads\/2011\/10\/11010_298web-200x150.jpg 200w, https:\/\/ramse.es\/wordpress\/wp-content\/uploads\/2011\/10\/11010_298web-400x300.jpg 400w, https:\/\/ramse.es\/wordpress\/wp-content\/uploads\/2011\/10\/11010_298web.jpg 448w\" sizes=\"(max-width: 1000px) 100vw, 448px\" \/><div class=\"fusion-rollover\">\n\t<div class=\"fusion-rollover-content\">\n\n\t\t\t\t\t\t\t\t\t\t\t\t\t\t<a class=\"fusion-rollover-link\" href=\"https:\/\/ramse.es\/wordpress\/estado-actual-de-la-cirugia-protesica-de-cadera\/\">\u201cEstado actual de la cirug\u00eda prot\u00e9sica de cadera\u201d<\/a>\n\t\t\t\n\t\t\t\t\t\t\t\t\t\t\t\t\t\t\n\t\t\t\t\t\t\t\t\n\t\t\t\t\t\t\t\t\t\t\t\t\t<div class=\"fusion-rollover-sep\"><\/div>\n\t\t\t\t\n\t\t\t\t\t\t\t\t\t\t\t\t\t\t\t\t\t\t<a class=\"fusion-rollover-gallery\" href=\"https:\/\/ramse.es\/wordpress\/wp-content\/uploads\/2011\/10\/11010_298web.jpg\" data-id=\"2073\" data-rel=\"iLightbox[gallery]\" data-title=\"11010_298web\" data-caption=\"\">\n\t\t\t\t\t\tGaler\u00eda\t\t\t\t\t<\/a>\n\t\t\t\t\t\t\t\t\t\t\t\t\t\t\n\t\t\n\t\t\t\t\t\t\t\t\n\t\t\t\t\t\t\t\t\n\t\t\n\t\t\t\t\t\t<a class=\"fusion-link-wrapper\" href=\"https:\/\/ramse.es\/wordpress\/estado-actual-de-la-cirugia-protesica-de-cadera\/\" aria-label=\"\u201cEstado actual de la cirug\u00eda prot\u00e9sica de cadera\u201d\"><\/a>\n\t<\/div>\n<\/div>\n<\/div>\n<\/li>\n\t\t\t\n\t\t\t\n\t\t\t\t\t\t\t\t\t\t\t\t\t\t\t\t\t\t\t\t\t\t\t\t\t\t\t\t\t\t\t\t\t\t\t\t\t\t\t\t\t\t\t\t\t\t\t\t\t\t\t\t\t\t\t\t\t\t\t\t\t\t\t\t\t\t\t\t<\/ul>\n\t<\/div>\n\t<div class=\"fusion-date-and-formats\"><div class=\"fusion-date-box updated\"><span class=\"fusion-date\">octubre<\/span><span class=\"fusion-month-year\">12:00 am<\/span><\/div><div class=\"fusion-format-box\"><i class=\"awb-icon-pen\" aria-hidden=\"true\"><\/i><\/div><\/div><div class=\"fusion-post-content post-content\"><h2 class=\"blog-shortcode-post-title entry-title\"><a href=\"https:\/\/ramse.es\/wordpress\/estado-actual-de-la-cirugia-protesica-de-cadera\/\">\u201cEstado actual de la cirug\u00eda prot\u00e9sica de cadera\u201d<\/a><\/h2><p class=\"fusion-single-line-meta\">Por <span class=\"vcard\"><span class=\"fn\"><a href=\"https:\/\/ramse.es\/wordpress\/author\/ivan_z0qj9h4b\/\" title=\"Entradas de admin\" rel=\"author\">admin<\/a><\/span><\/span><span class=\"fusion-inline-sep\">|<\/span><span class=\"updated\" style=\"display:none;\">2011-10-07T00:00:00+02:00<\/span><span>octubre 7th, 2011<\/span><span class=\"fusion-inline-sep\">|<\/span>Categor\u00edas: <a href=\"https:\/\/ramse.es\/wordpress\/category\/news\/latest-news\/\" rel=\"category tag\">Noticias<\/a><span class=\"fusion-inline-sep\">|<\/span><\/p><div class=\"fusion-post-content-container\"><p>La Real Academia de Medicina de Sevilla acogi\u00f3 ayer una mesa redonda titulada \u201cEstado actual de la cirug\u00eda prot\u00e9sica de cadera\u201d y en la que los doctores Fernando L\u00f3pez Vizcaya, Jos\u00e9 Sueiro Fern\u00e1ndez y Pedro Cano Luis, bajo la moderaci\u00f3n del acad\u00e9mico de n\u00famero Ilmo. Prof. Dr. D. Fernando S\u00e1enz L\u00f3pez de Rueda; abordaron todo un abanico de cuestiones relacionadas con la evoluci\u00f3n de la cirug\u00eda de la cadera as\u00ed <a href=\"https:\/\/ramse.es\/wordpress\/estado-actual-de-la-cirugia-protesica-de-cadera\/\">[...]<\/a><\/p><\/div><\/div><div class=\"fusion-clearfix\"><\/div><div class=\"fusion-meta-info\"><div class=\"fusion-alignright\"><a class=\"fusion-read-more\" href=\"https:\/\/ramse.es\/wordpress\/estado-actual-de-la-cirugia-protesica-de-cadera\/\" aria-label=\"More on \u201cEstado actual de la cirug\u00eda prot\u00e9sica de cadera\u201d\">Leer M\u00e1s<\/a><\/div><\/div><\/article>\n<article id=\"blog-1-post-2075\" class=\"fusion-post-large-alternate post-2075 post type-post status-publish format-standard hentry category-latest-news\">\n\t<style type=\"text\/css\">\n\t\t\n\t\t\n\t\t\n\t\t\n\t\t\t<\/style>\n\n\n<div class=\"fusion-date-and-formats\"><div class=\"fusion-date-box updated\"><span class=\"fusion-date\">octubre<\/span><span class=\"fusion-month-year\">12:00 am<\/span><\/div><div class=\"fusion-format-box\"><i class=\"awb-icon-pen\" aria-hidden=\"true\"><\/i><\/div><\/div><div class=\"fusion-post-content post-content\"><h2 class=\"blog-shortcode-post-title entry-title\"><a href=\"https:\/\/ramse.es\/wordpress\/ponencias-mesa-redonda-qpediatria-y-sociedadq\/\">Ponencias mesa redonda \u00abPediatr\u00eda y Sociedad\u00bb<\/a><\/h2><p class=\"fusion-single-line-meta\">Por <span class=\"vcard\"><span class=\"fn\"><a href=\"https:\/\/ramse.es\/wordpress\/author\/ivan_z0qj9h4b\/\" title=\"Entradas de admin\" rel=\"author\">admin<\/a><\/span><\/span><span class=\"fusion-inline-sep\">|<\/span><span class=\"updated\" style=\"display:none;\">2011-10-04T00:00:00+02:00<\/span><span>octubre 4th, 2011<\/span><span class=\"fusion-inline-sep\">|<\/span>Categor\u00edas: <a href=\"https:\/\/ramse.es\/wordpress\/category\/news\/latest-news\/\" rel=\"category tag\">Noticias<\/a><span class=\"fusion-inline-sep\">|<\/span><\/p><div class=\"fusion-post-content-container\"><p>Por su inter\u00e9s reproducimos las ponencias de la mesa redonda celebrada el pasado 7 de abril de 2011 titulada \"Pediatr\u00eda y Sociedad\". Dicha mesa redonda fue moderada por el Ilmo. Sr. Dr. Ignacio G\u00f3mez de Terreros, Acad\u00e9mico de n\u00famero de la Real Academia de Medicina de Sevilla y Presidente del Consejo Andaluz de Asuntos de Menores. En ella intervinieron la Dra. Ana Mar\u00eda \u00c1lvarez Silv\u00e1n, Acad\u00e9mica Correspondiente de la Real <a href=\"https:\/\/ramse.es\/wordpress\/ponencias-mesa-redonda-qpediatria-y-sociedadq\/\">[...]<\/a><\/p><\/div><\/div><div class=\"fusion-clearfix\"><\/div><div class=\"fusion-meta-info\"><div class=\"fusion-alignright\"><a class=\"fusion-read-more\" href=\"https:\/\/ramse.es\/wordpress\/ponencias-mesa-redonda-qpediatria-y-sociedadq\/\" aria-label=\"More on Ponencias mesa redonda \u00abPediatr\u00eda y Sociedad\u00bb\">Leer M\u00e1s<\/a><\/div><\/div><\/article>\n<article id=\"blog-1-post-2071\" class=\"fusion-post-large-alternate post-2071 post type-post status-publish format-standard has-post-thumbnail hentry category-latest-news\">\n\t<style type=\"text\/css\">\n\t\t\n\t\t\n\t\t\n\t\t\n\t\t\t<\/style>\n\n\n\t\t\t<div class=\"fusion-flexslider flexslider fusion-flexslider-loading fusion-post-slideshow\" style=\"\">\n\t\t<ul class=\"slides\">\n\t\t\t\n\t\t\t\t\t\t\t\t\t\t\t\t\t\t<li><div  class=\"fusion-image-wrapper\" aria-haspopup=\"true\">\n\t\t\t\t<img decoding=\"async\" width=\"448\" height=\"336\" src=\"https:\/\/ramse.es\/wordpress\/wp-content\/uploads\/2011\/09\/29-01-11web.jpg\" class=\"attachment-full size-full wp-post-image\" alt=\"\" srcset=\"https:\/\/ramse.es\/wordpress\/wp-content\/uploads\/2011\/09\/29-01-11web-200x150.jpg 200w, https:\/\/ramse.es\/wordpress\/wp-content\/uploads\/2011\/09\/29-01-11web-400x300.jpg 400w, https:\/\/ramse.es\/wordpress\/wp-content\/uploads\/2011\/09\/29-01-11web.jpg 448w\" sizes=\"(max-width: 1000px) 100vw, 448px\" \/><div class=\"fusion-rollover\">\n\t<div class=\"fusion-rollover-content\">\n\n\t\t\t\t\t\t\t\t\t\t\t\t\t\t<a class=\"fusion-rollover-link\" href=\"https:\/\/ramse.es\/wordpress\/ies-posible-encontrar-un-punto-de-encuentro-entre-los-deseos-de-los-pacientes-y-la-fidelidad-del-medico-a-su-creencia\/\">\u00bfEs posible encontrar un punto de encuentro entre los deseos de los pacientes y la fidelidad del m\u00e9dico a su creencia?<\/a>\n\t\t\t\n\t\t\t\t\t\t\t\t\t\t\t\t\t\t\n\t\t\t\t\t\t\t\t\n\t\t\t\t\t\t\t\t\t\t\t\t\t<div class=\"fusion-rollover-sep\"><\/div>\n\t\t\t\t\n\t\t\t\t\t\t\t\t\t\t\t\t\t\t\t\t\t\t<a class=\"fusion-rollover-gallery\" href=\"https:\/\/ramse.es\/wordpress\/wp-content\/uploads\/2011\/09\/29-01-11web.jpg\" data-id=\"2071\" data-rel=\"iLightbox[gallery]\" data-title=\"29-01-11web\" data-caption=\"\">\n\t\t\t\t\t\tGaler\u00eda\t\t\t\t\t<\/a>\n\t\t\t\t\t\t\t\t\t\t\t\t\t\t\n\t\t\n\t\t\t\t\t\t\t\t\n\t\t\t\t\t\t\t\t\n\t\t\n\t\t\t\t\t\t<a class=\"fusion-link-wrapper\" href=\"https:\/\/ramse.es\/wordpress\/ies-posible-encontrar-un-punto-de-encuentro-entre-los-deseos-de-los-pacientes-y-la-fidelidad-del-medico-a-su-creencia\/\" aria-label=\"\u00bfEs posible encontrar un punto de encuentro entre los deseos de los pacientes y la fidelidad del m\u00e9dico a su creencia?\"><\/a>\n\t<\/div>\n<\/div>\n<\/div>\n<\/li>\n\t\t\t\n\t\t\t\n\t\t\t\t\t\t\t\t\t\t\t\t\t\t\t\t\t\t\t\t\t\t\t\t\t\t\t\t\t\t\t\t\t\t\t\t\t\t\t\t\t\t\t\t\t\t\t\t\t\t\t\t\t\t\t\t\t\t\t\t\t\t\t\t\t\t\t\t<\/ul>\n\t<\/div>\n\t<div class=\"fusion-date-and-formats\"><div class=\"fusion-date-box updated\"><span class=\"fusion-date\">septiembre<\/span><span class=\"fusion-month-year\">8:14 am<\/span><\/div><div class=\"fusion-format-box\"><i class=\"awb-icon-pen\" aria-hidden=\"true\"><\/i><\/div><\/div><div class=\"fusion-post-content post-content\"><h2 class=\"blog-shortcode-post-title entry-title\"><a href=\"https:\/\/ramse.es\/wordpress\/ies-posible-encontrar-un-punto-de-encuentro-entre-los-deseos-de-los-pacientes-y-la-fidelidad-del-medico-a-su-creencia\/\">\u00bfEs posible encontrar un punto de encuentro entre los deseos de los pacientes y la fidelidad del m\u00e9dico a su creencia?<\/a><\/h2><p class=\"fusion-single-line-meta\">Por <span class=\"vcard\"><span class=\"fn\"><a href=\"https:\/\/ramse.es\/wordpress\/author\/ivan_z0qj9h4b\/\" title=\"Entradas de admin\" rel=\"author\">admin<\/a><\/span><\/span><span class=\"fusion-inline-sep\">|<\/span><span class=\"updated\" style=\"display:none;\">2011-09-30T08:14:02+02:00<\/span><span>septiembre 30th, 2011<\/span><span class=\"fusion-inline-sep\">|<\/span>Categor\u00edas: <a href=\"https:\/\/ramse.es\/wordpress\/category\/news\/latest-news\/\" rel=\"category tag\">Noticias<\/a><span class=\"fusion-inline-sep\">|<\/span><\/p><div class=\"fusion-post-content-container\"><p>En la tarde de ayer tuvo lugar en la Real Academia de Medicina de Sevilla una mesa redonda moderada por el Ilmo. Prof. Jos\u00e9 Mar\u00eda Rubio y en la que el Prof. D. Abraham Barrero Ortega, el Dr. D. Rafael G\u00f3mez Garc\u00eda y el Ilmo. Sr. Dr. D. Juan Bautista Alca\u00f1iz Folch; han abordado la objeci\u00f3n de conciencia en la pr\u00e1ctica m\u00e9dica. Durante las intervenciones, tanto los ponentes como el <a href=\"https:\/\/ramse.es\/wordpress\/ies-posible-encontrar-un-punto-de-encuentro-entre-los-deseos-de-los-pacientes-y-la-fidelidad-del-medico-a-su-creencia\/\">[...]<\/a><\/p><\/div><\/div><div class=\"fusion-clearfix\"><\/div><div class=\"fusion-meta-info\"><div class=\"fusion-alignright\"><a class=\"fusion-read-more\" href=\"https:\/\/ramse.es\/wordpress\/ies-posible-encontrar-un-punto-de-encuentro-entre-los-deseos-de-los-pacientes-y-la-fidelidad-del-medico-a-su-creencia\/\" aria-label=\"More on \u00bfEs posible encontrar un punto de encuentro entre los deseos de los pacientes y la fidelidad del m\u00e9dico a su creencia?\">Leer M\u00e1s<\/a><\/div><\/div><\/article>\n<article id=\"blog-1-post-2069\" class=\"fusion-post-large-alternate post-2069 post type-post status-publish format-standard has-post-thumbnail hentry category-latest-news\">\n\t<style type=\"text\/css\">\n\t\t\n\t\t\n\t\t\n\t\t\n\t\t\t<\/style>\n\n\n\t\t\t<div class=\"fusion-flexslider flexslider fusion-flexslider-loading fusion-post-slideshow\" style=\"\">\n\t\t<ul class=\"slides\">\n\t\t\t\n\t\t\t\t\t\t\t\t\t\t\t\t\t\t<li><div  class=\"fusion-image-wrapper\" aria-haspopup=\"true\">\n\t\t\t\t<img decoding=\"async\" width=\"412\" height=\"336\" src=\"https:\/\/ramse.es\/wordpress\/wp-content\/uploads\/2011\/07\/nacacorr.jpg\" class=\"attachment-full size-full wp-post-image\" alt=\"\" srcset=\"https:\/\/ramse.es\/wordpress\/wp-content\/uploads\/2011\/07\/nacacorr-200x163.jpg 200w, https:\/\/ramse.es\/wordpress\/wp-content\/uploads\/2011\/07\/nacacorr-400x326.jpg 400w, https:\/\/ramse.es\/wordpress\/wp-content\/uploads\/2011\/07\/nacacorr.jpg 412w\" sizes=\"(max-width: 1000px) 100vw, 412px\" \/><div class=\"fusion-rollover\">\n\t<div class=\"fusion-rollover-content\">\n\n\t\t\t\t\t\t\t\t\t\t\t\t\t\t<a class=\"fusion-rollover-link\" href=\"https:\/\/ramse.es\/wordpress\/los-dres-rojas-box-palacios-calvo-y-gomez-angel-nuevos-academicos-correspondientes\/\">Los Dres. Rojas Box, Palacios Calvo y G\u00f3mez \u00c1ngel, nuevos Acad\u00e9micos Correspondientes<\/a>\n\t\t\t\n\t\t\t\t\t\t\t\t\t\t\t\t\t\t\n\t\t\t\t\t\t\t\t\n\t\t\t\t\t\t\t\t\t\t\t\t\t<div class=\"fusion-rollover-sep\"><\/div>\n\t\t\t\t\n\t\t\t\t\t\t\t\t\t\t\t\t\t\t\t\t\t\t<a class=\"fusion-rollover-gallery\" href=\"https:\/\/ramse.es\/wordpress\/wp-content\/uploads\/2011\/07\/nacacorr.jpg\" data-id=\"2069\" data-rel=\"iLightbox[gallery]\" data-title=\"nacacorr\" data-caption=\"\">\n\t\t\t\t\t\tGaler\u00eda\t\t\t\t\t<\/a>\n\t\t\t\t\t\t\t\t\t\t\t\t\t\t\n\t\t\n\t\t\t\t\t\t\t\t\n\t\t\t\t\t\t\t\t\n\t\t\n\t\t\t\t\t\t<a class=\"fusion-link-wrapper\" href=\"https:\/\/ramse.es\/wordpress\/los-dres-rojas-box-palacios-calvo-y-gomez-angel-nuevos-academicos-correspondientes\/\" aria-label=\"Los Dres. Rojas Box, Palacios Calvo y G\u00f3mez \u00c1ngel, nuevos Acad\u00e9micos Correspondientes\"><\/a>\n\t<\/div>\n<\/div>\n<\/div>\n<\/li>\n\t\t\t\n\t\t\t\n\t\t\t\t\t\t\t\t\t\t\t\t\t\t\t\t\t\t\t\t\t\t\t\t\t\t\t\t\t\t\t\t\t\t\t\t\t\t\t\t\t\t\t\t\t\t\t\t\t\t\t\t\t\t\t\t\t\t\t\t\t\t\t\t\t\t\t\t<\/ul>\n\t<\/div>\n\t<div class=\"fusion-date-and-formats\"><div class=\"fusion-date-box updated\"><span class=\"fusion-date\">julio<\/span><span class=\"fusion-month-year\">12:00 am<\/span><\/div><div class=\"fusion-format-box\"><i class=\"awb-icon-pen\" aria-hidden=\"true\"><\/i><\/div><\/div><div class=\"fusion-post-content post-content\"><h2 class=\"blog-shortcode-post-title entry-title\"><a href=\"https:\/\/ramse.es\/wordpress\/los-dres-rojas-box-palacios-calvo-y-gomez-angel-nuevos-academicos-correspondientes\/\">Los Dres. Rojas Box, Palacios Calvo y G\u00f3mez \u00c1ngel, nuevos Acad\u00e9micos Correspondientes<\/a><\/h2><p class=\"fusion-single-line-meta\">Por <span class=\"vcard\"><span class=\"fn\"><a href=\"https:\/\/ramse.es\/wordpress\/author\/ivan_z0qj9h4b\/\" title=\"Entradas de admin\" rel=\"author\">admin<\/a><\/span><\/span><span class=\"fusion-inline-sep\">|<\/span><span class=\"updated\" style=\"display:none;\">2011-07-04T00:00:00+02:00<\/span><span>julio 4th, 2011<\/span><span class=\"fusion-inline-sep\">|<\/span>Categor\u00edas: <a href=\"https:\/\/ramse.es\/wordpress\/category\/news\/latest-news\/\" rel=\"category tag\">Noticias<\/a><span class=\"fusion-inline-sep\">|<\/span><\/p><div class=\"fusion-post-content-container\"><p>La Real Academia de Medicina ha recibido como Acad\u00e9micos Correspondientes a los doctores D. Jos\u00e9 Luis Rojas Box, D. Jos\u00e9 Palacios Calvo y D. Diego Antonio G\u00f3mez \u00c1ngel, tomando posesi\u00f3n el pasado 30 de junio. El Dr. Jos\u00e9 Luis Rojas Box ley\u00f3 un discurso titulado \"EPOC: \u00bfqu\u00e9 me ha dicho que tengo doctor?\", el Dr. Palacios Calvo abord\u00f3 en el suyo \"C\u00e1ncer de Endometrio: patolog\u00eda molecular\" y finalmente el Dr. <a href=\"https:\/\/ramse.es\/wordpress\/los-dres-rojas-box-palacios-calvo-y-gomez-angel-nuevos-academicos-correspondientes\/\">[...]<\/a><\/p><\/div><\/div><div class=\"fusion-clearfix\"><\/div><div class=\"fusion-meta-info\"><div class=\"fusion-alignright\"><a class=\"fusion-read-more\" href=\"https:\/\/ramse.es\/wordpress\/los-dres-rojas-box-palacios-calvo-y-gomez-angel-nuevos-academicos-correspondientes\/\" aria-label=\"More on Los Dres. Rojas Box, Palacios Calvo y G\u00f3mez \u00c1ngel, nuevos Acad\u00e9micos Correspondientes\">Leer M\u00e1s<\/a><\/div><\/div><\/article>\n<article id=\"blog-1-post-2067\" class=\"fusion-post-large-alternate post-2067 post type-post status-publish format-standard has-post-thumbnail hentry category-latest-news\">\n\t<style type=\"text\/css\">\n\t\t\n\t\t\n\t\t\n\t\t\n\t\t\t<\/style>\n\n\n\t\t\t<div class=\"fusion-flexslider flexslider fusion-flexslider-loading fusion-post-slideshow\" style=\"\">\n\t\t<ul class=\"slides\">\n\t\t\t\n\t\t\t\t\t\t\t\t\t\t\t\t\t\t<li><div  class=\"fusion-image-wrapper\" aria-haspopup=\"true\">\n\t\t\t\t<img decoding=\"async\" width=\"448\" height=\"336\" src=\"https:\/\/ramse.es\/wordpress\/wp-content\/uploads\/2011\/06\/lopezlopez.jpg\" class=\"attachment-full size-full wp-post-image\" alt=\"\" srcset=\"https:\/\/ramse.es\/wordpress\/wp-content\/uploads\/2011\/06\/lopezlopez-200x150.jpg 200w, https:\/\/ramse.es\/wordpress\/wp-content\/uploads\/2011\/06\/lopezlopez-400x300.jpg 400w, https:\/\/ramse.es\/wordpress\/wp-content\/uploads\/2011\/06\/lopezlopez.jpg 448w\" sizes=\"(max-width: 1000px) 100vw, 448px\" \/><div class=\"fusion-rollover\">\n\t<div class=\"fusion-rollover-content\">\n\n\t\t\t\t\t\t\t\t\t\t\t\t\t\t<a class=\"fusion-rollover-link\" href=\"https:\/\/ramse.es\/wordpress\/la-odontologia-en-las-enfermedades-sistemicas\/\">La odontolog\u00eda en las enfermedades sist\u00e9micas<\/a>\n\t\t\t\n\t\t\t\t\t\t\t\t\t\t\t\t\t\t\n\t\t\t\t\t\t\t\t\n\t\t\t\t\t\t\t\t\t\t\t\t\t<div class=\"fusion-rollover-sep\"><\/div>\n\t\t\t\t\n\t\t\t\t\t\t\t\t\t\t\t\t\t\t\t\t\t\t<a class=\"fusion-rollover-gallery\" href=\"https:\/\/ramse.es\/wordpress\/wp-content\/uploads\/2011\/06\/lopezlopez.jpg\" data-id=\"2067\" data-rel=\"iLightbox[gallery]\" data-title=\"lopezlopez\" data-caption=\"\">\n\t\t\t\t\t\tGaler\u00eda\t\t\t\t\t<\/a>\n\t\t\t\t\t\t\t\t\t\t\t\t\t\t\n\t\t\n\t\t\t\t\t\t\t\t\n\t\t\t\t\t\t\t\t\n\t\t\n\t\t\t\t\t\t<a class=\"fusion-link-wrapper\" href=\"https:\/\/ramse.es\/wordpress\/la-odontologia-en-las-enfermedades-sistemicas\/\" aria-label=\"La odontolog\u00eda en las enfermedades sist\u00e9micas\"><\/a>\n\t<\/div>\n<\/div>\n<\/div>\n<\/li>\n\t\t\t\n\t\t\t\n\t\t\t\t\t\t\t\t\t\t\t\t\t\t\t\t\t\t\t\t\t\t\t\t\t\t\t\t\t\t\t\t\t\t\t\t\t\t\t\t\t\t\t\t\t\t\t\t\t\t\t\t\t\t\t\t\t\t\t\t\t\t\t\t\t\t\t\t<\/ul>\n\t<\/div>\n\t<div class=\"fusion-date-and-formats\"><div class=\"fusion-date-box updated\"><span class=\"fusion-date\">junio<\/span><span class=\"fusion-month-year\">12:00 am<\/span><\/div><div class=\"fusion-format-box\"><i class=\"awb-icon-pen\" aria-hidden=\"true\"><\/i><\/div><\/div><div class=\"fusion-post-content post-content\"><h2 class=\"blog-shortcode-post-title entry-title\"><a href=\"https:\/\/ramse.es\/wordpress\/la-odontologia-en-las-enfermedades-sistemicas\/\">La odontolog\u00eda en las enfermedades sist\u00e9micas<\/a><\/h2><p class=\"fusion-single-line-meta\">Por <span class=\"vcard\"><span class=\"fn\"><a href=\"https:\/\/ramse.es\/wordpress\/author\/ivan_z0qj9h4b\/\" title=\"Entradas de admin\" rel=\"author\">admin<\/a><\/span><\/span><span class=\"fusion-inline-sep\">|<\/span><span class=\"updated\" style=\"display:none;\">2011-06-17T00:00:00+02:00<\/span><span>junio 17th, 2011<\/span><span class=\"fusion-inline-sep\">|<\/span>Categor\u00edas: <a href=\"https:\/\/ramse.es\/wordpress\/category\/news\/latest-news\/\" rel=\"category tag\">Noticias<\/a><span class=\"fusion-inline-sep\">|<\/span><\/p><div class=\"fusion-post-content-container\"><p>Ayer, tuvo lugar en la RAMSE una mesa redonda moderada por el Ilmo. Dr. D. Manuel L\u00f3pez L\u00f3pez y en la que participaron los profesores Jos\u00e9 Vicente R\u00edos, Guillermo Machuca, \u00c1ngel Mart\u00ednez-Sahuquillo y Pedro Bull\u00f3n Fern\u00e1ndez. La atenci\u00f3n m\u00e9dica debe contemplar al paciente como una totalidad integrada en la que la aparici\u00f3n de especialidades no impida conseguir un adecuado control y tratamiento general. En la cavidad oral se producen enfermedades <a href=\"https:\/\/ramse.es\/wordpress\/la-odontologia-en-las-enfermedades-sistemicas\/\">[...]<\/a><\/p><\/div><\/div><div class=\"fusion-clearfix\"><\/div><div class=\"fusion-meta-info\"><div class=\"fusion-alignright\"><a class=\"fusion-read-more\" href=\"https:\/\/ramse.es\/wordpress\/la-odontologia-en-las-enfermedades-sistemicas\/\" aria-label=\"More on La odontolog\u00eda en las enfermedades sist\u00e9micas\">Leer M\u00e1s<\/a><\/div><\/div><\/article>\n<article id=\"blog-1-post-2065\" class=\"fusion-post-large-alternate post-2065 post type-post status-publish format-standard has-post-thumbnail hentry category-latest-news\">\n\t<style type=\"text\/css\">\n\t\t\n\t\t\n\t\t\n\t\t\n\t\t\t<\/style>\n\n\n\t\t\t<div class=\"fusion-flexslider flexslider fusion-flexslider-loading fusion-post-slideshow\" style=\"\">\n\t\t<ul class=\"slides\">\n\t\t\t\n\t\t\t\t\t\t\t\t\t\t\t\t\t\t<li><div  class=\"fusion-image-wrapper\" aria-haspopup=\"true\">\n\t\t\t\t<img decoding=\"async\" width=\"448\" height=\"336\" src=\"https:\/\/ramse.es\/wordpress\/wp-content\/uploads\/2011\/06\/11006_642web.jpg\" class=\"attachment-full size-full wp-post-image\" alt=\"\" srcset=\"https:\/\/ramse.es\/wordpress\/wp-content\/uploads\/2011\/06\/11006_642web-200x150.jpg 200w, https:\/\/ramse.es\/wordpress\/wp-content\/uploads\/2011\/06\/11006_642web-400x300.jpg 400w, https:\/\/ramse.es\/wordpress\/wp-content\/uploads\/2011\/06\/11006_642web.jpg 448w\" sizes=\"(max-width: 1000px) 100vw, 448px\" \/><div class=\"fusion-rollover\">\n\t<div class=\"fusion-rollover-content\">\n\n\t\t\t\t\t\t\t\t\t\t\t\t\t\t<a class=\"fusion-rollover-link\" href=\"https:\/\/ramse.es\/wordpress\/trasplante-de-cara-contribucion-desde-el-sistema-sanitario-publico-andaluz\/\">Trasplante de cara. Contribuci\u00f3n desde el Sistema Sanitario P\u00fablico Andaluz<\/a>\n\t\t\t\n\t\t\t\t\t\t\t\t\t\t\t\t\t\t\n\t\t\t\t\t\t\t\t\n\t\t\t\t\t\t\t\t\t\t\t\t\t<div class=\"fusion-rollover-sep\"><\/div>\n\t\t\t\t\n\t\t\t\t\t\t\t\t\t\t\t\t\t\t\t\t\t\t<a class=\"fusion-rollover-gallery\" href=\"https:\/\/ramse.es\/wordpress\/wp-content\/uploads\/2011\/06\/11006_642web.jpg\" data-id=\"2065\" data-rel=\"iLightbox[gallery]\" data-title=\"11006_642web\" data-caption=\"\">\n\t\t\t\t\t\tGaler\u00eda\t\t\t\t\t<\/a>\n\t\t\t\t\t\t\t\t\t\t\t\t\t\t\n\t\t\n\t\t\t\t\t\t\t\t\n\t\t\t\t\t\t\t\t\n\t\t\n\t\t\t\t\t\t<a class=\"fusion-link-wrapper\" href=\"https:\/\/ramse.es\/wordpress\/trasplante-de-cara-contribucion-desde-el-sistema-sanitario-publico-andaluz\/\" aria-label=\"Trasplante de cara. Contribuci\u00f3n desde el Sistema Sanitario P\u00fablico Andaluz\"><\/a>\n\t<\/div>\n<\/div>\n<\/div>\n<\/li>\n\t\t\t\n\t\t\t\n\t\t\t\t\t\t\t\t\t\t\t\t\t\t\t\t\t\t\t\t\t\t\t\t\t\t\t\t\t\t\t\t\t\t\t\t\t\t\t\t\t\t\t\t\t\t\t\t\t\t\t\t\t\t\t\t\t\t\t\t\t\t\t\t\t\t\t\t<\/ul>\n\t<\/div>\n\t<div class=\"fusion-date-and-formats\"><div class=\"fusion-date-box updated\"><span class=\"fusion-date\">junio<\/span><span class=\"fusion-month-year\">12:00 am<\/span><\/div><div class=\"fusion-format-box\"><i class=\"awb-icon-pen\" aria-hidden=\"true\"><\/i><\/div><\/div><div class=\"fusion-post-content post-content\"><h2 class=\"blog-shortcode-post-title entry-title\"><a href=\"https:\/\/ramse.es\/wordpress\/trasplante-de-cara-contribucion-desde-el-sistema-sanitario-publico-andaluz\/\">Trasplante de cara. Contribuci\u00f3n desde el Sistema Sanitario P\u00fablico Andaluz<\/a><\/h2><p class=\"fusion-single-line-meta\">Por <span class=\"vcard\"><span class=\"fn\"><a href=\"https:\/\/ramse.es\/wordpress\/author\/ivan_z0qj9h4b\/\" title=\"Entradas de admin\" rel=\"author\">admin<\/a><\/span><\/span><span class=\"fusion-inline-sep\">|<\/span><span class=\"updated\" style=\"display:none;\">2011-06-09T00:00:00+02:00<\/span><span>junio 9th, 2011<\/span><span class=\"fusion-inline-sep\">|<\/span>Categor\u00edas: <a href=\"https:\/\/ramse.es\/wordpress\/category\/news\/latest-news\/\" rel=\"category tag\">Noticias<\/a><span class=\"fusion-inline-sep\">|<\/span><\/p><div class=\"fusion-post-content-container\"><p>El gerente del SAS, Jos\u00e9 Luis Guti\u00e9rrez, ha moderado una mesa redonda titulada \u201cTrasplante de cara. Contribuci\u00f3n desde el Sistema Sanitario P\u00fablico Andaluz\u201d en la que han intervenido el Dr. Tom\u00e1s G\u00f3mez C\u00eda, director de la UGC de Cirug\u00eda Pl\u00e1stica y Quemados; y el Dr. David Gonz\u00e1lez Padilla director de la UGC de Cirug\u00eda Oral y M\u00e1xilofacial.La jornada cient\u00edfica ha sido un punto de encuentro entre profesionales para reflexionar sobre <a href=\"https:\/\/ramse.es\/wordpress\/trasplante-de-cara-contribucion-desde-el-sistema-sanitario-publico-andaluz\/\">[...]<\/a><\/p><\/div><\/div><div class=\"fusion-clearfix\"><\/div><div class=\"fusion-meta-info\"><div class=\"fusion-alignright\"><a class=\"fusion-read-more\" href=\"https:\/\/ramse.es\/wordpress\/trasplante-de-cara-contribucion-desde-el-sistema-sanitario-publico-andaluz\/\" aria-label=\"More on Trasplante de cara. Contribuci\u00f3n desde el Sistema Sanitario P\u00fablico Andaluz\">Leer M\u00e1s<\/a><\/div><\/div><\/article>\n<article id=\"blog-1-post-2063\" class=\"fusion-post-large-alternate post-2063 post type-post status-publish format-standard has-post-thumbnail hentry category-latest-news\">\n\t<style type=\"text\/css\">\n\t\t\n\t\t\n\t\t\n\t\t\n\t\t\t<\/style>\n\n\n\t\t\t<div class=\"fusion-flexslider flexslider fusion-flexslider-loading fusion-post-slideshow\" style=\"\">\n\t\t<ul class=\"slides\">\n\t\t\t\n\t\t\t\t\t\t\t\t\t\t\t\t\t\t<li><div  class=\"fusion-image-wrapper\" aria-haspopup=\"true\">\n\t\t\t\t<img decoding=\"async\" width=\"448\" height=\"336\" src=\"https:\/\/ramse.es\/wordpress\/wp-content\/uploads\/2011\/06\/11006_073web.jpg\" class=\"attachment-full size-full wp-post-image\" alt=\"\" srcset=\"https:\/\/ramse.es\/wordpress\/wp-content\/uploads\/2011\/06\/11006_073web-200x150.jpg 200w, https:\/\/ramse.es\/wordpress\/wp-content\/uploads\/2011\/06\/11006_073web-400x300.jpg 400w, https:\/\/ramse.es\/wordpress\/wp-content\/uploads\/2011\/06\/11006_073web.jpg 448w\" sizes=\"(max-width: 1000px) 100vw, 448px\" \/><div class=\"fusion-rollover\">\n\t<div class=\"fusion-rollover-content\">\n\n\t\t\t\t\t\t\t\t\t\t\t\t\t\t<a class=\"fusion-rollover-link\" href=\"https:\/\/ramse.es\/wordpress\/acto-solemne-de-recepcion-de-academicos-correspondientes\/\">Acto solemne de recepci\u00f3n de Acad\u00e9micos Correspondientes<\/a>\n\t\t\t\n\t\t\t\t\t\t\t\t\t\t\t\t\t\t\n\t\t\t\t\t\t\t\t\n\t\t\t\t\t\t\t\t\t\t\t\t\t<div class=\"fusion-rollover-sep\"><\/div>\n\t\t\t\t\n\t\t\t\t\t\t\t\t\t\t\t\t\t\t\t\t\t\t<a class=\"fusion-rollover-gallery\" href=\"https:\/\/ramse.es\/wordpress\/wp-content\/uploads\/2011\/06\/11006_073web.jpg\" data-id=\"2063\" data-rel=\"iLightbox[gallery]\" data-title=\"11006_073web\" data-caption=\"\">\n\t\t\t\t\t\tGaler\u00eda\t\t\t\t\t<\/a>\n\t\t\t\t\t\t\t\t\t\t\t\t\t\t\n\t\t\n\t\t\t\t\t\t\t\t\n\t\t\t\t\t\t\t\t\n\t\t\n\t\t\t\t\t\t<a class=\"fusion-link-wrapper\" href=\"https:\/\/ramse.es\/wordpress\/acto-solemne-de-recepcion-de-academicos-correspondientes\/\" aria-label=\"Acto solemne de recepci\u00f3n de Acad\u00e9micos Correspondientes\"><\/a>\n\t<\/div>\n<\/div>\n<\/div>\n<\/li>\n\t\t\t\n\t\t\t\n\t\t\t\t\t\t\t\t\t\t\t\t\t\t\t\t\t\t\t\t\t\t\t\t\t\t\t\t\t\t\t\t\t\t\t\t\t\t\t\t\t\t\t\t\t\t\t\t\t\t\t\t\t\t\t\t\t\t\t\t\t\t\t\t\t\t\t\t<\/ul>\n\t<\/div>\n\t<div class=\"fusion-date-and-formats\"><div class=\"fusion-date-box updated\"><span class=\"fusion-date\">junio<\/span><span class=\"fusion-month-year\">12:00 am<\/span><\/div><div class=\"fusion-format-box\"><i class=\"awb-icon-pen\" aria-hidden=\"true\"><\/i><\/div><\/div><div class=\"fusion-post-content post-content\"><h2 class=\"blog-shortcode-post-title entry-title\"><a href=\"https:\/\/ramse.es\/wordpress\/acto-solemne-de-recepcion-de-academicos-correspondientes\/\">Acto solemne de recepci\u00f3n de Acad\u00e9micos Correspondientes<\/a><\/h2><p class=\"fusion-single-line-meta\">Por <span class=\"vcard\"><span class=\"fn\"><a href=\"https:\/\/ramse.es\/wordpress\/author\/ivan_z0qj9h4b\/\" title=\"Entradas de admin\" rel=\"author\">admin<\/a><\/span><\/span><span class=\"fusion-inline-sep\">|<\/span><span class=\"updated\" style=\"display:none;\">2011-06-02T00:00:00+02:00<\/span><span>junio 2nd, 2011<\/span><span class=\"fusion-inline-sep\">|<\/span>Categor\u00edas: <a href=\"https:\/\/ramse.es\/wordpress\/category\/news\/latest-news\/\" rel=\"category tag\">Noticias<\/a><span class=\"fusion-inline-sep\">|<\/span><\/p><div class=\"fusion-post-content-container\"><p>Esta tarde ha tenido lugar en la Real Academia de Medicina de Sevilla el acto de recepci\u00f3n de Acad\u00e9micos Correspondientes en el que han tomado posesi\u00f3n los doctores Hugo Galera Ruiz, Antonio L\u00f3pez Jim\u00e9nez y Juan Miguel Guerrero Mont\u00e1lvez.El Dr. Galera Ruiz ha le\u00eddo un discurso titulado \u201cEnfermedad por reflujo gastroesof\u00e1gico: manifestaciones ORL\u201d, el Dr. L\u00f3pez Jim\u00e9nez abord\u00f3 el \u201cDiagn\u00f3stico por la imagen en lesiones deportivas. F\u00fatbol\u201d mientras que el <a href=\"https:\/\/ramse.es\/wordpress\/acto-solemne-de-recepcion-de-academicos-correspondientes\/\">[...]<\/a><\/p><\/div><\/div><div class=\"fusion-clearfix\"><\/div><div class=\"fusion-meta-info\"><div class=\"fusion-alignright\"><a class=\"fusion-read-more\" href=\"https:\/\/ramse.es\/wordpress\/acto-solemne-de-recepcion-de-academicos-correspondientes\/\" aria-label=\"More on Acto solemne de recepci\u00f3n de Acad\u00e9micos Correspondientes\">Leer M\u00e1s<\/a><\/div><\/div><\/article>\n<article id=\"blog-1-post-2061\" class=\"fusion-post-large-alternate post-2061 post type-post status-publish format-standard has-post-thumbnail hentry category-latest-news\">\n\t<style type=\"text\/css\">\n\t\t\n\t\t\n\t\t\n\t\t\n\t\t\t<\/style>\n\n\n\t\t\t<div class=\"fusion-flexslider flexslider fusion-flexslider-loading fusion-post-slideshow\" style=\"\">\n\t\t<ul class=\"slides\">\n\t\t\t\n\t\t\t\t\t\t\t\t\t\t\t\t\t\t<li><div  class=\"fusion-image-wrapper\" aria-haspopup=\"true\">\n\t\t\t\t<img decoding=\"async\" width=\"448\" height=\"336\" src=\"https:\/\/ramse.es\/wordpress\/wp-content\/uploads\/2011\/05\/img_7010.jpg\" class=\"attachment-full size-full wp-post-image\" alt=\"\" srcset=\"https:\/\/ramse.es\/wordpress\/wp-content\/uploads\/2011\/05\/img_7010-200x150.jpg 200w, https:\/\/ramse.es\/wordpress\/wp-content\/uploads\/2011\/05\/img_7010-400x300.jpg 400w, https:\/\/ramse.es\/wordpress\/wp-content\/uploads\/2011\/05\/img_7010.jpg 448w\" sizes=\"(max-width: 1000px) 100vw, 448px\" \/><div class=\"fusion-rollover\">\n\t<div class=\"fusion-rollover-content\">\n\n\t\t\t\t\t\t\t\t\t\t\t\t\t\t<a class=\"fusion-rollover-link\" href=\"https:\/\/ramse.es\/wordpress\/avances-en-el-diagnostico-de-la-patologia-digestiva-la-capsula-endoscopica\/\">Avances en el diagn\u00f3stico de la patolog\u00eda digestiva: La c\u00e1psula endosc\u00f3pica<\/a>\n\t\t\t\n\t\t\t\t\t\t\t\t\t\t\t\t\t\t\n\t\t\t\t\t\t\t\t\n\t\t\t\t\t\t\t\t\t\t\t\t\t<div class=\"fusion-rollover-sep\"><\/div>\n\t\t\t\t\n\t\t\t\t\t\t\t\t\t\t\t\t\t\t\t\t\t\t<a class=\"fusion-rollover-gallery\" href=\"https:\/\/ramse.es\/wordpress\/wp-content\/uploads\/2011\/05\/img_7010.jpg\" data-id=\"2061\" data-rel=\"iLightbox[gallery]\" data-title=\"img_7010\" data-caption=\"\">\n\t\t\t\t\t\tGaler\u00eda\t\t\t\t\t<\/a>\n\t\t\t\t\t\t\t\t\t\t\t\t\t\t\n\t\t\n\t\t\t\t\t\t\t\t\n\t\t\t\t\t\t\t\t\n\t\t\n\t\t\t\t\t\t<a class=\"fusion-link-wrapper\" href=\"https:\/\/ramse.es\/wordpress\/avances-en-el-diagnostico-de-la-patologia-digestiva-la-capsula-endoscopica\/\" aria-label=\"Avances en el diagn\u00f3stico de la patolog\u00eda digestiva: La c\u00e1psula endosc\u00f3pica\"><\/a>\n\t<\/div>\n<\/div>\n<\/div>\n<\/li>\n\t\t\t\n\t\t\t\n\t\t\t\t\t\t\t\t\t\t\t\t\t\t\t\t\t\t\t\t\t\t\t\t\t\t\t\t\t\t\t\t\t\t\t\t\t\t\t\t\t\t\t\t\t\t\t\t\t\t\t\t\t\t\t\t\t\t\t\t\t\t\t\t\t\t\t\t<\/ul>\n\t<\/div>\n\t<div class=\"fusion-date-and-formats\"><div class=\"fusion-date-box updated\"><span class=\"fusion-date\">mayo<\/span><span class=\"fusion-month-year\">12:00 am<\/span><\/div><div class=\"fusion-format-box\"><i class=\"awb-icon-pen\" aria-hidden=\"true\"><\/i><\/div><\/div><div class=\"fusion-post-content post-content\"><h2 class=\"blog-shortcode-post-title entry-title\"><a href=\"https:\/\/ramse.es\/wordpress\/avances-en-el-diagnostico-de-la-patologia-digestiva-la-capsula-endoscopica\/\">Avances en el diagn\u00f3stico de la patolog\u00eda digestiva: La c\u00e1psula endosc\u00f3pica<\/a><\/h2><p class=\"fusion-single-line-meta\">Por <span class=\"vcard\"><span class=\"fn\"><a href=\"https:\/\/ramse.es\/wordpress\/author\/ivan_z0qj9h4b\/\" title=\"Entradas de admin\" rel=\"author\">admin<\/a><\/span><\/span><span class=\"fusion-inline-sep\">|<\/span><span class=\"updated\" style=\"display:none;\">2011-05-27T00:00:00+02:00<\/span><span>mayo 27th, 2011<\/span><span class=\"fusion-inline-sep\">|<\/span>Categor\u00edas: <a href=\"https:\/\/ramse.es\/wordpress\/category\/news\/latest-news\/\" rel=\"category tag\">Noticias<\/a><span class=\"fusion-inline-sep\">|<\/span><\/p><div class=\"fusion-post-content-container\"><p>Ayer tuvo lugar en la Academia de Medicina de Sevilla una mesa redonda titulada \"Avances en el diagn\u00f3stico de la Patolog\u00eda Digestiva: la C\u00e1psula Endosc\u00f3pica\" moderada por el acad\u00e9mico Correspondiente de la Real Academia Nacional de Medicina Prof. Dr. D. Juan Manuel Herrer\u00edas Guti\u00e9rrez y en la que participaron los doctores D. Javier Romero V\u00e1zquez. D. Federico Arg\u00fcelles Arias. Servicio y D. \u00c1ngel Caunedo \u00c1lvarez. En ella se abord\u00f3 la <a href=\"https:\/\/ramse.es\/wordpress\/avances-en-el-diagnostico-de-la-patologia-digestiva-la-capsula-endoscopica\/\">[...]<\/a><\/p><\/div><\/div><div class=\"fusion-clearfix\"><\/div><div class=\"fusion-meta-info\"><div class=\"fusion-alignright\"><a class=\"fusion-read-more\" href=\"https:\/\/ramse.es\/wordpress\/avances-en-el-diagnostico-de-la-patologia-digestiva-la-capsula-endoscopica\/\" aria-label=\"More on Avances en el diagn\u00f3stico de la patolog\u00eda digestiva: La c\u00e1psula endosc\u00f3pica\">Leer M\u00e1s<\/a><\/div><\/div><\/article>\n<article id=\"blog-1-post-2059\" class=\"fusion-post-large-alternate post-2059 post type-post status-publish format-standard has-post-thumbnail hentry category-latest-news\">\n\t<style type=\"text\/css\">\n\t\t\n\t\t\n\t\t\n\t\t\n\t\t\t<\/style>\n\n\n\t\t\t<div class=\"fusion-flexslider flexslider fusion-flexslider-loading fusion-post-slideshow\" style=\"\">\n\t\t<ul class=\"slides\">\n\t\t\t\n\t\t\t\t\t\t\t\t\t\t\t\t\t\t<li><div  class=\"fusion-image-wrapper\" aria-haspopup=\"true\">\n\t\t\t\t<img decoding=\"async\" width=\"448\" height=\"299\" src=\"https:\/\/ramse.es\/wordpress\/wp-content\/uploads\/2011\/05\/kko0158_1_o_k.jpg\" class=\"attachment-full size-full wp-post-image\" alt=\"\" srcset=\"https:\/\/ramse.es\/wordpress\/wp-content\/uploads\/2011\/05\/kko0158_1_o_k-200x133.jpg 200w, https:\/\/ramse.es\/wordpress\/wp-content\/uploads\/2011\/05\/kko0158_1_o_k-400x267.jpg 400w, https:\/\/ramse.es\/wordpress\/wp-content\/uploads\/2011\/05\/kko0158_1_o_k.jpg 448w\" sizes=\"(max-width: 1000px) 100vw, 448px\" \/><div class=\"fusion-rollover\">\n\t<div class=\"fusion-rollover-content\">\n\n\t\t\t\t\t\t\t\t\t\t\t\t\t\t<a class=\"fusion-rollover-link\" href=\"https:\/\/ramse.es\/wordpress\/dia-de-la-academia-2\/\">D\u00eda de la Academia<\/a>\n\t\t\t\n\t\t\t\t\t\t\t\t\t\t\t\t\t\t\n\t\t\t\t\t\t\t\t\n\t\t\t\t\t\t\t\t\t\t\t\t\t<div class=\"fusion-rollover-sep\"><\/div>\n\t\t\t\t\n\t\t\t\t\t\t\t\t\t\t\t\t\t\t\t\t\t\t<a class=\"fusion-rollover-gallery\" href=\"https:\/\/ramse.es\/wordpress\/wp-content\/uploads\/2011\/05\/kko0158_1_o_k.jpg\" data-id=\"2059\" data-rel=\"iLightbox[gallery]\" data-title=\"kko0158_1_o_k\" data-caption=\"\">\n\t\t\t\t\t\tGaler\u00eda\t\t\t\t\t<\/a>\n\t\t\t\t\t\t\t\t\t\t\t\t\t\t\n\t\t\n\t\t\t\t\t\t\t\t\n\t\t\t\t\t\t\t\t\n\t\t\n\t\t\t\t\t\t<a class=\"fusion-link-wrapper\" href=\"https:\/\/ramse.es\/wordpress\/dia-de-la-academia-2\/\" aria-label=\"D\u00eda de la Academia\"><\/a>\n\t<\/div>\n<\/div>\n<\/div>\n<\/li>\n\t\t\t\n\t\t\t\n\t\t\t\t\t\t\t\t\t\t\t\t\t\t\t\t\t\t\t\t\t\t\t\t\t\t\t\t\t\t\t\t\t\t\t\t\t\t\t\t\t\t\t\t\t\t\t\t\t\t\t\t\t\t\t\t\t\t\t\t\t\t\t\t\t\t\t\t<\/ul>\n\t<\/div>\n\t<div class=\"fusion-date-and-formats\"><div class=\"fusion-date-box updated\"><span class=\"fusion-date\">mayo<\/span><span class=\"fusion-month-year\">12:00 am<\/span><\/div><div class=\"fusion-format-box\"><i class=\"awb-icon-pen\" aria-hidden=\"true\"><\/i><\/div><\/div><div class=\"fusion-post-content post-content\"><h2 class=\"blog-shortcode-post-title entry-title\"><a href=\"https:\/\/ramse.es\/wordpress\/dia-de-la-academia-2\/\">D\u00eda de la Academia<\/a><\/h2><p class=\"fusion-single-line-meta\">Por <span class=\"vcard\"><span class=\"fn\"><a href=\"https:\/\/ramse.es\/wordpress\/author\/ivan_z0qj9h4b\/\" title=\"Entradas de admin\" rel=\"author\">admin<\/a><\/span><\/span><span class=\"fusion-inline-sep\">|<\/span><span class=\"updated\" style=\"display:none;\">2011-05-21T00:00:00+02:00<\/span><span>mayo 21st, 2011<\/span><span class=\"fusion-inline-sep\">|<\/span>Categor\u00edas: <a href=\"https:\/\/ramse.es\/wordpress\/category\/news\/latest-news\/\" rel=\"category tag\">Noticias<\/a><span class=\"fusion-inline-sep\">|<\/span><\/p><div class=\"fusion-post-content-container\"><p>El pasado\u00a0d\u00eda 19 de mayo el sal\u00f3n de actos de la Real Academia de Medicina de Sevilla acogi\u00f3 la celebraci\u00f3n del D\u00eda de la Academia con una sesi\u00f3n cient\u00edfica, p\u00fablica y extraordinaria que\u00a0fue conmemorativa del 311 aniversario de la Regia Sociedad, en la que el Dr. D. Pedro Mu\u00f1oz Gonz\u00e1lez pronunci\u00f3 una conferencia titulada \"Recordando al Prof. Lora Tamayo en el 75 Aniversario de su ingreso como Acad\u00e9mico Numerario\".<\/p><\/div><\/div><div class=\"fusion-clearfix\"><\/div><div class=\"fusion-meta-info\"><div class=\"fusion-alignright\"><a class=\"fusion-read-more\" href=\"https:\/\/ramse.es\/wordpress\/dia-de-la-academia-2\/\" aria-label=\"More on D\u00eda de la Academia\">Leer M\u00e1s<\/a><\/div><\/div><\/article>\n<article id=\"blog-1-post-2057\" class=\"fusion-post-large-alternate post-2057 post type-post status-publish format-standard has-post-thumbnail hentry category-latest-news\">\n\t<style type=\"text\/css\">\n\t\t\n\t\t\n\t\t\n\t\t\n\t\t\t<\/style>\n\n\n\t\t\t<div class=\"fusion-flexslider flexslider fusion-flexslider-loading fusion-post-slideshow\" style=\"\">\n\t\t<ul class=\"slides\">\n\t\t\t\n\t\t\t\t\t\t\t\t\t\t\t\t\t\t<li><div  class=\"fusion-image-wrapper\" aria-haspopup=\"true\">\n\t\t\t\t<img decoding=\"async\" width=\"448\" height=\"336\" src=\"https:\/\/ramse.es\/wordpress\/wp-content\/uploads\/2011\/05\/rojas-marcos-discurso01web.jpg\" class=\"attachment-full size-full wp-post-image\" alt=\"\" srcset=\"https:\/\/ramse.es\/wordpress\/wp-content\/uploads\/2011\/05\/rojas-marcos-discurso01web-200x150.jpg 200w, https:\/\/ramse.es\/wordpress\/wp-content\/uploads\/2011\/05\/rojas-marcos-discurso01web-400x300.jpg 400w, https:\/\/ramse.es\/wordpress\/wp-content\/uploads\/2011\/05\/rojas-marcos-discurso01web.jpg 448w\" sizes=\"(max-width: 1000px) 100vw, 448px\" \/><div class=\"fusion-rollover\">\n\t<div class=\"fusion-rollover-content\">\n\n\t\t\t\t\t\t\t\t\t\t\t\t\t\t<a class=\"fusion-rollover-link\" href=\"https:\/\/ramse.es\/wordpress\/dr-luis-rojas-marcos-de-la-viesca-ha-tomado-posesion-de-academico-de-honor\/\">Dr. Luis Rojas Marcos de la Viesca ha tomado posesi\u00f3n de Acad\u00e9mico de Honor<\/a>\n\t\t\t\n\t\t\t\t\t\t\t\t\t\t\t\t\t\t\n\t\t\t\t\t\t\t\t\n\t\t\t\t\t\t\t\t\t\t\t\t\t<div class=\"fusion-rollover-sep\"><\/div>\n\t\t\t\t\n\t\t\t\t\t\t\t\t\t\t\t\t\t\t\t\t\t\t<a class=\"fusion-rollover-gallery\" href=\"https:\/\/ramse.es\/wordpress\/wp-content\/uploads\/2011\/05\/rojas-marcos-discurso01web.jpg\" data-id=\"2057\" data-rel=\"iLightbox[gallery]\" data-title=\"rojas-marcos-discurso01web\" data-caption=\"\">\n\t\t\t\t\t\tGaler\u00eda\t\t\t\t\t<\/a>\n\t\t\t\t\t\t\t\t\t\t\t\t\t\t\n\t\t\n\t\t\t\t\t\t\t\t\n\t\t\t\t\t\t\t\t\n\t\t\n\t\t\t\t\t\t<a class=\"fusion-link-wrapper\" href=\"https:\/\/ramse.es\/wordpress\/dr-luis-rojas-marcos-de-la-viesca-ha-tomado-posesion-de-academico-de-honor\/\" aria-label=\"Dr. Luis Rojas Marcos de la Viesca ha tomado posesi\u00f3n de Acad\u00e9mico de Honor\"><\/a>\n\t<\/div>\n<\/div>\n<\/div>\n<\/li>\n\t\t\t\n\t\t\t\n\t\t\t\t\t\t\t\t\t\t\t\t\t\t\t\t\t\t\t\t\t\t\t\t\t\t\t\t\t\t\t\t\t\t\t\t\t\t\t\t\t\t\t\t\t\t\t\t\t\t\t\t\t\t\t\t\t\t\t\t\t\t\t\t\t\t\t\t<\/ul>\n\t<\/div>\n\t<div class=\"fusion-date-and-formats\"><div class=\"fusion-date-box updated\"><span class=\"fusion-date\">mayo<\/span><span class=\"fusion-month-year\">12:15 pm<\/span><\/div><div class=\"fusion-format-box\"><i class=\"awb-icon-pen\" aria-hidden=\"true\"><\/i><\/div><\/div><div class=\"fusion-post-content post-content\"><h2 class=\"blog-shortcode-post-title entry-title\"><a href=\"https:\/\/ramse.es\/wordpress\/dr-luis-rojas-marcos-de-la-viesca-ha-tomado-posesion-de-academico-de-honor\/\">Dr. Luis Rojas Marcos de la Viesca ha tomado posesi\u00f3n de Acad\u00e9mico de Honor<\/a><\/h2><p class=\"fusion-single-line-meta\">Por <span class=\"vcard\"><span class=\"fn\"><a href=\"https:\/\/ramse.es\/wordpress\/author\/ivan_z0qj9h4b\/\" title=\"Entradas de admin\" rel=\"author\">admin<\/a><\/span><\/span><span class=\"fusion-inline-sep\">|<\/span><span class=\"updated\" style=\"display:none;\">2011-05-15T12:15:57+02:00<\/span><span>mayo 15th, 2011<\/span><span class=\"fusion-inline-sep\">|<\/span>Categor\u00edas: <a href=\"https:\/\/ramse.es\/wordpress\/category\/news\/latest-news\/\" rel=\"category tag\">Noticias<\/a><span class=\"fusion-inline-sep\">|<\/span><\/p><div class=\"fusion-post-content-container\"><p>Esta ma\u00f1ana ha tenido lugar un solemne acto\u00a0en el que el Excmo. Dr. Luis Rojas Marcos de la Viesca ha tomado posesi\u00f3n de Acad\u00e9mico de Honor de la Real Academia de Medicina de Sevilla, leyendo un discurso titulado \u201cLa ciencia del optimismo\u201d.\u00a0 El nuevo Acad\u00e9mico de Honor ha sido presentado por el Acad\u00e9mico de N\u00famero\u00a0 Ilmo. Dr. Jaime Rodr\u00edguez Sacristan.<\/p><\/div><\/div><div class=\"fusion-clearfix\"><\/div><div class=\"fusion-meta-info\"><div class=\"fusion-alignright\"><a class=\"fusion-read-more\" href=\"https:\/\/ramse.es\/wordpress\/dr-luis-rojas-marcos-de-la-viesca-ha-tomado-posesion-de-academico-de-honor\/\" aria-label=\"More on Dr. Luis Rojas Marcos de la Viesca ha tomado posesi\u00f3n de Acad\u00e9mico de Honor\">Leer M\u00e1s<\/a><\/div><\/div><\/article>\n<article id=\"blog-1-post-2054\" class=\"fusion-post-large-alternate post-2054 post type-post status-publish format-standard has-post-thumbnail hentry category-latest-news\">\n\t<style type=\"text\/css\">\n\t\t\n\t\t\n\t\t\n\t\t\n\t\t\t<\/style>\n\n\n\t\t\t<div class=\"fusion-flexslider flexslider fusion-flexslider-loading fusion-post-slideshow\" style=\"\">\n\t\t<ul class=\"slides\">\n\t\t\t\n\t\t\t\t\t\t\t\t\t\t\t\t\t\t<li><div  class=\"fusion-image-wrapper\" aria-haspopup=\"true\">\n\t\t\t\t<img decoding=\"async\" width=\"297\" height=\"448\" src=\"https:\/\/ramse.es\/wordpress\/wp-content\/uploads\/2011\/04\/img_6886web.jpg\" class=\"attachment-full size-full wp-post-image\" alt=\"\" srcset=\"https:\/\/ramse.es\/wordpress\/wp-content\/uploads\/2011\/04\/img_6886web-200x302.jpg 200w, https:\/\/ramse.es\/wordpress\/wp-content\/uploads\/2011\/04\/img_6886web.jpg 297w\" sizes=\"(max-width: 1000px) 100vw, 297px\" \/><div class=\"fusion-rollover\">\n\t<div class=\"fusion-rollover-content\">\n\n\t\t\t\t\t\t\t\t\t\t\t\t\t\t<a class=\"fusion-rollover-link\" href=\"https:\/\/ramse.es\/wordpress\/el-dr-jesus-castineiras-toma-posesion-como-academico-numerario\/\">El Dr. Jes\u00fas Casti\u00f1eiras toma posesi\u00f3n como Acad\u00e9mico Numerario<\/a>\n\t\t\t\n\t\t\t\t\t\t\t\t\t\t\t\t\t\t\n\t\t\t\t\t\t\t\t\n\t\t\t\t\t\t\t\t\t\t\t\t\t<div class=\"fusion-rollover-sep\"><\/div>\n\t\t\t\t\n\t\t\t\t\t\t\t\t\t\t\t\t\t\t\t\t\t\t<a class=\"fusion-rollover-gallery\" href=\"https:\/\/ramse.es\/wordpress\/wp-content\/uploads\/2011\/04\/img_6886web.jpg\" data-id=\"2054\" data-rel=\"iLightbox[gallery]\" data-title=\"img_6886web\" data-caption=\"\">\n\t\t\t\t\t\tGaler\u00eda\t\t\t\t\t<\/a>\n\t\t\t\t\t\t\t\t\t\t\t\t\t\t\n\t\t\n\t\t\t\t\t\t\t\t\n\t\t\t\t\t\t\t\t\n\t\t\n\t\t\t\t\t\t<a class=\"fusion-link-wrapper\" href=\"https:\/\/ramse.es\/wordpress\/el-dr-jesus-castineiras-toma-posesion-como-academico-numerario\/\" aria-label=\"El Dr. Jes\u00fas Casti\u00f1eiras toma posesi\u00f3n como Acad\u00e9mico Numerario\"><\/a>\n\t<\/div>\n<\/div>\n<\/div>\n<\/li>\n\t\t\t\n\t\t\t\n\t\t\t\t\t\t\t\t\t\t\t\t\t\t\t\t\t\t\t\t\t\t\t\t\t\t\t\t\t\t\t\t\t\t\t\t\t\t\t\t\t\t\t\t\t\t\t\t\t\t\t\t\t\t\t\t\t\t\t\t\t\t\t\t\t\t\t\t<\/ul>\n\t<\/div>\n\t<div class=\"fusion-date-and-formats\"><div class=\"fusion-date-box updated\"><span class=\"fusion-date\">abril<\/span><span class=\"fusion-month-year\">12:00 am<\/span><\/div><div class=\"fusion-format-box\"><i class=\"awb-icon-pen\" aria-hidden=\"true\"><\/i><\/div><\/div><div class=\"fusion-post-content post-content\"><h2 class=\"blog-shortcode-post-title entry-title\"><a href=\"https:\/\/ramse.es\/wordpress\/el-dr-jesus-castineiras-toma-posesion-como-academico-numerario\/\">El Dr. Jes\u00fas Casti\u00f1eiras toma posesi\u00f3n como Acad\u00e9mico Numerario<\/a><\/h2><p class=\"fusion-single-line-meta\">Por <span class=\"vcard\"><span class=\"fn\"><a href=\"https:\/\/ramse.es\/wordpress\/author\/ivan_z0qj9h4b\/\" title=\"Entradas de admin\" rel=\"author\">admin<\/a><\/span><\/span><span class=\"fusion-inline-sep\">|<\/span><span class=\"updated\" style=\"display:none;\">2020-06-11T06:23:06+02:00<\/span><span>abril 10th, 2011<\/span><span class=\"fusion-inline-sep\">|<\/span>Categor\u00edas: <a href=\"https:\/\/ramse.es\/wordpress\/category\/news\/latest-news\/\" rel=\"category tag\">Noticias<\/a><span class=\"fusion-inline-sep\">|<\/span><\/p><div class=\"fusion-post-content-container\"><p>Esta ma\u00f1ana ha tomado posesi\u00f3n de plaza de Acad\u00e9mico Numerario, en la especialidad del Urolog\u00eda, de la Real Academia de Medicina de Sevilla, el Ilmo. Sr. Dr. D. Jes\u00fas Casti\u00f1eiras Fern\u00e1ndez, leyendo un discurso titulado \u201cPeriodos hist\u00f3ricos de la Universidad de Sevilla: La Anatom\u00eda Quir\u00fargica en su Primera Etapa\u201d.\u00a0 Dicho discurso ha sido contestado por el tambi\u00e9n Acad\u00e9mico de N\u00famero Juan Bautista Alca\u00f1iz Folch. El Dr. Casti\u00f1eiras es Jefe del <a href=\"https:\/\/ramse.es\/wordpress\/el-dr-jesus-castineiras-toma-posesion-como-academico-numerario\/\">[...]<\/a><\/p><\/div><\/div><div class=\"fusion-clearfix\"><\/div><div class=\"fusion-meta-info\"><div class=\"fusion-alignright\"><a class=\"fusion-read-more\" href=\"https:\/\/ramse.es\/wordpress\/el-dr-jesus-castineiras-toma-posesion-como-academico-numerario\/\" aria-label=\"More on El Dr. Jes\u00fas Casti\u00f1eiras toma posesi\u00f3n como Acad\u00e9mico Numerario\">Leer M\u00e1s<\/a><\/div><\/div><\/article>\n<article id=\"blog-1-post-2052\" class=\"fusion-post-large-alternate post-2052 post type-post status-publish format-standard has-post-thumbnail hentry category-latest-news\">\n\t<style type=\"text\/css\">\n\t\t\n\t\t\n\t\t\n\t\t\n\t\t\t<\/style>\n\n\n\t\t\t<div class=\"fusion-flexslider flexslider fusion-flexslider-loading fusion-post-slideshow\" style=\"\">\n\t\t<ul class=\"slides\">\n\t\t\t\n\t\t\t\t\t\t\t\t\t\t\t\t\t\t<li><div  class=\"fusion-image-wrapper\" aria-haspopup=\"true\">\n\t\t\t\t<img decoding=\"async\" width=\"448\" height=\"336\" src=\"https:\/\/ramse.es\/wordpress\/wp-content\/uploads\/2011\/04\/img_6862web.jpg\" class=\"attachment-full size-full wp-post-image\" alt=\"\" srcset=\"https:\/\/ramse.es\/wordpress\/wp-content\/uploads\/2011\/04\/img_6862web-200x150.jpg 200w, https:\/\/ramse.es\/wordpress\/wp-content\/uploads\/2011\/04\/img_6862web-400x300.jpg 400w, https:\/\/ramse.es\/wordpress\/wp-content\/uploads\/2011\/04\/img_6862web.jpg 448w\" sizes=\"(max-width: 1000px) 100vw, 448px\" \/><div class=\"fusion-rollover\">\n\t<div class=\"fusion-rollover-content\">\n\n\t\t\t\t\t\t\t\t\t\t\t\t\t\t<a class=\"fusion-rollover-link\" href=\"https:\/\/ramse.es\/wordpress\/mesa-redonda-pediatria-y-sociedad\/\">Mesa redonda: Pediatr\u00eda y sociedad<\/a>\n\t\t\t\n\t\t\t\t\t\t\t\t\t\t\t\t\t\t\n\t\t\t\t\t\t\t\t\n\t\t\t\t\t\t\t\t\t\t\t\t\t<div class=\"fusion-rollover-sep\"><\/div>\n\t\t\t\t\n\t\t\t\t\t\t\t\t\t\t\t\t\t\t\t\t\t\t<a class=\"fusion-rollover-gallery\" href=\"https:\/\/ramse.es\/wordpress\/wp-content\/uploads\/2011\/04\/img_6862web.jpg\" data-id=\"2052\" data-rel=\"iLightbox[gallery]\" data-title=\"img_6862web\" data-caption=\"\">\n\t\t\t\t\t\tGaler\u00eda\t\t\t\t\t<\/a>\n\t\t\t\t\t\t\t\t\t\t\t\t\t\t\n\t\t\n\t\t\t\t\t\t\t\t\n\t\t\t\t\t\t\t\t\n\t\t\n\t\t\t\t\t\t<a class=\"fusion-link-wrapper\" href=\"https:\/\/ramse.es\/wordpress\/mesa-redonda-pediatria-y-sociedad\/\" aria-label=\"Mesa redonda: Pediatr\u00eda y sociedad\"><\/a>\n\t<\/div>\n<\/div>\n<\/div>\n<\/li>\n\t\t\t\n\t\t\t\n\t\t\t\t\t\t\t\t\t\t\t\t\t\t\t\t\t\t\t\t\t\t\t\t\t\t\t\t\t\t\t\t\t\t\t\t\t\t\t\t\t\t\t\t\t\t\t\t\t\t\t\t\t\t\t\t\t\t\t\t\t\t\t\t\t\t\t\t<\/ul>\n\t<\/div>\n\t<div class=\"fusion-date-and-formats\"><div class=\"fusion-date-box updated\"><span class=\"fusion-date\">abril<\/span><span class=\"fusion-month-year\">12:00 am<\/span><\/div><div class=\"fusion-format-box\"><i class=\"awb-icon-pen\" aria-hidden=\"true\"><\/i><\/div><\/div><div class=\"fusion-post-content post-content\"><h2 class=\"blog-shortcode-post-title entry-title\"><a href=\"https:\/\/ramse.es\/wordpress\/mesa-redonda-pediatria-y-sociedad\/\">Mesa redonda: Pediatr\u00eda y sociedad<\/a><\/h2><p class=\"fusion-single-line-meta\">Por <span class=\"vcard\"><span class=\"fn\"><a href=\"https:\/\/ramse.es\/wordpress\/author\/ivan_z0qj9h4b\/\" title=\"Entradas de admin\" rel=\"author\">admin<\/a><\/span><\/span><span class=\"fusion-inline-sep\">|<\/span><span class=\"updated\" style=\"display:none;\">2011-04-08T00:00:00+02:00<\/span><span>abril 8th, 2011<\/span><span class=\"fusion-inline-sep\">|<\/span>Categor\u00edas: <a href=\"https:\/\/ramse.es\/wordpress\/category\/news\/latest-news\/\" rel=\"category tag\">Noticias<\/a><span class=\"fusion-inline-sep\">|<\/span><\/p><div class=\"fusion-post-content-container\"><p>El primer jueves de abril tuvo\u00a0lugar en la sede de la Real Academia de Medicina de Sevilla la mesa redonda titulada \"Pediatr\u00eda y sociedad\" moderada por el acad\u00e9mico numerario Ilmo. Sr. Dr. D. Ignacio G\u00f3mez de Terreros y en la que participaron:\u00a0\u00ad\u00a0\u00a0 Profesora Dra. D\u00f1a. Ana Mar\u00eda \u00c1lvarez Silv\u00e1n. Acad\u00e9mica Correspondiente.\u00ad\u00a0\u00a0 Dr. D. Manuel Posada de Paz. Instituto de Investigaci\u00f3n en Enfermedades Raras (IIER).\u00ad\u00a0\u00a0 Dr. D. Manuel P\u00e9rez P\u00e9rez. Acad\u00e9mico <a href=\"https:\/\/ramse.es\/wordpress\/mesa-redonda-pediatria-y-sociedad\/\">[...]<\/a><\/p><\/div><\/div><div class=\"fusion-clearfix\"><\/div><div class=\"fusion-meta-info\"><div class=\"fusion-alignright\"><a class=\"fusion-read-more\" href=\"https:\/\/ramse.es\/wordpress\/mesa-redonda-pediatria-y-sociedad\/\" aria-label=\"More on Mesa redonda: Pediatr\u00eda y sociedad\">Leer M\u00e1s<\/a><\/div><\/div><\/article>\n<article id=\"blog-1-post-2050\" class=\"fusion-post-large-alternate post-2050 post type-post status-publish format-standard has-post-thumbnail hentry category-latest-news\">\n\t<style type=\"text\/css\">\n\t\t\n\t\t\n\t\t\n\t\t\n\t\t\t<\/style>\n\n\n\t\t\t<div class=\"fusion-flexslider flexslider fusion-flexslider-loading fusion-post-slideshow\" style=\"\">\n\t\t<ul class=\"slides\">\n\t\t\t\n\t\t\t\t\t\t\t\t\t\t\t\t\t\t<li><div  class=\"fusion-image-wrapper\" aria-haspopup=\"true\">\n\t\t\t\t<img decoding=\"async\" width=\"384\" height=\"336\" src=\"https:\/\/ramse.es\/wordpress\/wp-content\/uploads\/2011\/04\/img_6856web.jpg\" class=\"attachment-full size-full wp-post-image\" alt=\"\" srcset=\"https:\/\/ramse.es\/wordpress\/wp-content\/uploads\/2011\/04\/img_6856web-200x175.jpg 200w, https:\/\/ramse.es\/wordpress\/wp-content\/uploads\/2011\/04\/img_6856web.jpg 384w\" sizes=\"(max-width: 1000px) 100vw, 384px\" \/><div class=\"fusion-rollover\">\n\t<div class=\"fusion-rollover-content\">\n\n\t\t\t\t\t\t\t\t\t\t\t\t\t\t<a class=\"fusion-rollover-link\" href=\"https:\/\/ramse.es\/wordpress\/mesa-redonda-frontera-en-los-trasplantes-de-organos\/\">Mesa redonda: Frontera en los trasplantes de \u00f3rganos<\/a>\n\t\t\t\n\t\t\t\t\t\t\t\t\t\t\t\t\t\t\n\t\t\t\t\t\t\t\t\n\t\t\t\t\t\t\t\t\t\t\t\t\t<div class=\"fusion-rollover-sep\"><\/div>\n\t\t\t\t\n\t\t\t\t\t\t\t\t\t\t\t\t\t\t\t\t\t\t<a class=\"fusion-rollover-gallery\" href=\"https:\/\/ramse.es\/wordpress\/wp-content\/uploads\/2011\/04\/img_6856web.jpg\" data-id=\"2050\" data-rel=\"iLightbox[gallery]\" data-title=\"img_6856web\" data-caption=\"\">\n\t\t\t\t\t\tGaler\u00eda\t\t\t\t\t<\/a>\n\t\t\t\t\t\t\t\t\t\t\t\t\t\t\n\t\t\n\t\t\t\t\t\t\t\t\n\t\t\t\t\t\t\t\t\n\t\t\n\t\t\t\t\t\t<a class=\"fusion-link-wrapper\" href=\"https:\/\/ramse.es\/wordpress\/mesa-redonda-frontera-en-los-trasplantes-de-organos\/\" aria-label=\"Mesa redonda: Frontera en los trasplantes de \u00f3rganos\"><\/a>\n\t<\/div>\n<\/div>\n<\/div>\n<\/li>\n\t\t\t\n\t\t\t\n\t\t\t\t\t\t\t\t\t\t\t\t\t\t\t\t\t\t\t\t\t\t\t\t\t\t\t\t\t\t\t\t\t\t\t\t\t\t\t\t\t\t\t\t\t\t\t\t\t\t\t\t\t\t\t\t\t\t\t\t\t\t\t\t\t\t\t\t<\/ul>\n\t<\/div>\n\t<div class=\"fusion-date-and-formats\"><div class=\"fusion-date-box updated\"><span class=\"fusion-date\">abril<\/span><span class=\"fusion-month-year\">12:00 am<\/span><\/div><div class=\"fusion-format-box\"><i class=\"awb-icon-pen\" aria-hidden=\"true\"><\/i><\/div><\/div><div class=\"fusion-post-content post-content\"><h2 class=\"blog-shortcode-post-title entry-title\"><a href=\"https:\/\/ramse.es\/wordpress\/mesa-redonda-frontera-en-los-trasplantes-de-organos\/\">Mesa redonda: Frontera en los trasplantes de \u00f3rganos<\/a><\/h2><p class=\"fusion-single-line-meta\">Por <span class=\"vcard\"><span class=\"fn\"><a href=\"https:\/\/ramse.es\/wordpress\/author\/ivan_z0qj9h4b\/\" title=\"Entradas de admin\" rel=\"author\">admin<\/a><\/span><\/span><span class=\"fusion-inline-sep\">|<\/span><span class=\"updated\" style=\"display:none;\">2011-04-01T00:00:00+02:00<\/span><span>abril 1st, 2011<\/span><span class=\"fusion-inline-sep\">|<\/span>Categor\u00edas: <a href=\"https:\/\/ramse.es\/wordpress\/category\/news\/latest-news\/\" rel=\"category tag\">Noticias<\/a><span class=\"fusion-inline-sep\">|<\/span><\/p><div class=\"fusion-post-content-container\"><p>El\u00a0jueves d\u00eda 31 de marzo tuvo lugar en la sede de la Real Academia de Medicina de Sevilla la mesa redonda titulada \"Frontera en los trasplantes de \u00f3rganos\" moderada por el acad\u00e9mico numerario Ilmo. Sr. Dr. D. Carlos Pera Madrazo y en la que participaron:\u00a0-\u00a0\u00a0\u00a0\u00a0\u00a0\u00a0\u00a0\u00a0\u00a0 Dr. D. Juan Carlos Garc\u00eda Valdecasas. Catedr\u00e1tico de Cirug\u00eda, Hospital Cl\u00ednico de Barcelona.-\u00a0\u00a0\u00a0\u00a0\u00a0\u00a0\u00a0\u00a0\u00a0\u00a0 Dr. D. Javier Brice\u00f1o Delgado. Prof. Asociado UCO, Hospital Universitario Reina Sof\u00eda.-\u00a0\u00a0\u00a0\u00a0\u00a0\u00a0\u00a0\u00a0\u00a0\u00a0 <a href=\"https:\/\/ramse.es\/wordpress\/mesa-redonda-frontera-en-los-trasplantes-de-organos\/\">[...]<\/a><\/p><\/div><\/div><div class=\"fusion-clearfix\"><\/div><div class=\"fusion-meta-info\"><div class=\"fusion-alignright\"><a class=\"fusion-read-more\" href=\"https:\/\/ramse.es\/wordpress\/mesa-redonda-frontera-en-los-trasplantes-de-organos\/\" aria-label=\"More on Mesa redonda: Frontera en los trasplantes de \u00f3rganos\">Leer M\u00e1s<\/a><\/div><\/div><\/article>\n<article id=\"blog-1-post-2048\" class=\"fusion-post-large-alternate post-2048 post type-post status-publish format-standard has-post-thumbnail hentry category-latest-news\">\n\t<style type=\"text\/css\">\n\t\t\n\t\t\n\t\t\n\t\t\n\t\t\t<\/style>\n\n\n\t\t\t<div class=\"fusion-flexslider flexslider fusion-flexslider-loading fusion-post-slideshow\" style=\"\">\n\t\t<ul class=\"slides\">\n\t\t\t\n\t\t\t\t\t\t\t\t\t\t\t\t\t\t<li><div  class=\"fusion-image-wrapper\" aria-haspopup=\"true\">\n\t\t\t\t<img decoding=\"async\" width=\"448\" height=\"336\" src=\"https:\/\/ramse.es\/wordpress\/wp-content\/uploads\/2011\/03\/dr_barraquer-1web.jpg\" class=\"attachment-full size-full wp-post-image\" alt=\"\" srcset=\"https:\/\/ramse.es\/wordpress\/wp-content\/uploads\/2011\/03\/dr_barraquer-1web-200x150.jpg 200w, https:\/\/ramse.es\/wordpress\/wp-content\/uploads\/2011\/03\/dr_barraquer-1web-400x300.jpg 400w, https:\/\/ramse.es\/wordpress\/wp-content\/uploads\/2011\/03\/dr_barraquer-1web.jpg 448w\" sizes=\"(max-width: 1000px) 100vw, 448px\" \/><div class=\"fusion-rollover\">\n\t<div class=\"fusion-rollover-content\">\n\n\t\t\t\t\t\t\t\t\t\t\t\t\t\t<a class=\"fusion-rollover-link\" href=\"https:\/\/ramse.es\/wordpress\/el-dr-joaquin-barraquer-ha-tomado-posesion-de-academico-de-honor\/\">El Dr. Joaqu\u00edn Barraquer ha tomado posesi\u00f3n de Acad\u00e9mico de Honor<\/a>\n\t\t\t\n\t\t\t\t\t\t\t\t\t\t\t\t\t\t\n\t\t\t\t\t\t\t\t\n\t\t\t\t\t\t\t\t\t\t\t\t\t<div class=\"fusion-rollover-sep\"><\/div>\n\t\t\t\t\n\t\t\t\t\t\t\t\t\t\t\t\t\t\t\t\t\t\t<a class=\"fusion-rollover-gallery\" href=\"https:\/\/ramse.es\/wordpress\/wp-content\/uploads\/2011\/03\/dr_barraquer-1web.jpg\" data-id=\"2048\" data-rel=\"iLightbox[gallery]\" data-title=\"dr_barraquer-1web\" data-caption=\"\">\n\t\t\t\t\t\tGaler\u00eda\t\t\t\t\t<\/a>\n\t\t\t\t\t\t\t\t\t\t\t\t\t\t\n\t\t\n\t\t\t\t\t\t\t\t\n\t\t\t\t\t\t\t\t\n\t\t\n\t\t\t\t\t\t<a class=\"fusion-link-wrapper\" href=\"https:\/\/ramse.es\/wordpress\/el-dr-joaquin-barraquer-ha-tomado-posesion-de-academico-de-honor\/\" aria-label=\"El Dr. Joaqu\u00edn Barraquer ha tomado posesi\u00f3n de Acad\u00e9mico de Honor\"><\/a>\n\t<\/div>\n<\/div>\n<\/div>\n<\/li>\n\t\t\t\n\t\t\t\n\t\t\t\t\t\t\t\t\t\t\t\t\t\t\t\t\t\t\t\t\t\t\t\t\t\t\t\t\t\t\t\t\t\t\t\t\t\t\t\t\t\t\t\t\t\t\t\t\t\t\t\t\t\t\t\t\t\t\t\t\t\t\t\t\t\t\t\t<\/ul>\n\t<\/div>\n\t<div class=\"fusion-date-and-formats\"><div class=\"fusion-date-box updated\"><span class=\"fusion-date\">marzo<\/span><span class=\"fusion-month-year\">12:00 am<\/span><\/div><div class=\"fusion-format-box\"><i class=\"awb-icon-pen\" aria-hidden=\"true\"><\/i><\/div><\/div><div class=\"fusion-post-content post-content\"><h2 class=\"blog-shortcode-post-title entry-title\"><a href=\"https:\/\/ramse.es\/wordpress\/el-dr-joaquin-barraquer-ha-tomado-posesion-de-academico-de-honor\/\">El Dr. Joaqu\u00edn Barraquer ha tomado posesi\u00f3n de Acad\u00e9mico de Honor<\/a><\/h2><p class=\"fusion-single-line-meta\">Por <span class=\"vcard\"><span class=\"fn\"><a href=\"https:\/\/ramse.es\/wordpress\/author\/ivan_z0qj9h4b\/\" title=\"Entradas de admin\" rel=\"author\">admin<\/a><\/span><\/span><span class=\"fusion-inline-sep\">|<\/span><span class=\"updated\" style=\"display:none;\">2011-03-27T00:00:00+02:00<\/span><span>marzo 27th, 2011<\/span><span class=\"fusion-inline-sep\">|<\/span>Categor\u00edas: <a href=\"https:\/\/ramse.es\/wordpress\/category\/news\/latest-news\/\" rel=\"category tag\">Noticias<\/a><span class=\"fusion-inline-sep\">|<\/span><\/p><div class=\"fusion-post-content-container\"><p>El prestigioso oftalm\u00f3logo Joaqu\u00edn Barraquer Moner, ha tomado posesi\u00f3n esta ma\u00f1ana de Acad\u00e9mico de Honor de la Real Academia de Medicina de Sevilla. El Excmo. Sr. Barraquer, que ha sido presentado por el Dr. Antonio Pi\u00f1ero Bustamante, la le\u00eddo un discurso, titulado \u201cLa cirug\u00eda de la catarata, de los trasplantes de c\u00f3rnea y su efecto refractivo\u201d. El Prof. Joaqu\u00edn Barraquer es Catedr\u00e1tico de Cirug\u00eda Ocular de la Universitat Aut\u00f2noma de <a href=\"https:\/\/ramse.es\/wordpress\/el-dr-joaquin-barraquer-ha-tomado-posesion-de-academico-de-honor\/\">[...]<\/a><\/p><\/div><\/div><div class=\"fusion-clearfix\"><\/div><div class=\"fusion-meta-info\"><div class=\"fusion-alignright\"><a class=\"fusion-read-more\" href=\"https:\/\/ramse.es\/wordpress\/el-dr-joaquin-barraquer-ha-tomado-posesion-de-academico-de-honor\/\" aria-label=\"More on El Dr. Joaqu\u00edn Barraquer ha tomado posesi\u00f3n de Acad\u00e9mico de Honor\">Leer M\u00e1s<\/a><\/div><\/div><\/article>\n<article id=\"blog-1-post-2046\" class=\"fusion-post-large-alternate post-2046 post type-post status-publish format-standard has-post-thumbnail hentry category-latest-news\">\n\t<style type=\"text\/css\">\n\t\t\n\t\t\n\t\t\n\t\t\n\t\t\t<\/style>\n\n\n\t\t\t<div class=\"fusion-flexslider flexslider fusion-flexslider-loading fusion-post-slideshow\" style=\"\">\n\t\t<ul class=\"slides\">\n\t\t\t\n\t\t\t\t\t\t\t\t\t\t\t\t\t\t<li><div  class=\"fusion-image-wrapper\" aria-haspopup=\"true\">\n\t\t\t\t<img decoding=\"async\" width=\"448\" height=\"336\" src=\"https:\/\/ramse.es\/wordpress\/wp-content\/uploads\/2011\/03\/img_6747web.jpg\" class=\"attachment-full size-full wp-post-image\" alt=\"\" srcset=\"https:\/\/ramse.es\/wordpress\/wp-content\/uploads\/2011\/03\/img_6747web-200x150.jpg 200w, https:\/\/ramse.es\/wordpress\/wp-content\/uploads\/2011\/03\/img_6747web-400x300.jpg 400w, https:\/\/ramse.es\/wordpress\/wp-content\/uploads\/2011\/03\/img_6747web.jpg 448w\" sizes=\"(max-width: 1000px) 100vw, 448px\" \/><div class=\"fusion-rollover\">\n\t<div class=\"fusion-rollover-content\">\n\n\t\t\t\t\t\t\t\t\t\t\t\t\t\t<a class=\"fusion-rollover-link\" href=\"https:\/\/ramse.es\/wordpress\/conferencia-del-dr-palacios-carvajal\/\">Conferencia del Dr. Palacios Carvajal<\/a>\n\t\t\t\n\t\t\t\t\t\t\t\t\t\t\t\t\t\t\n\t\t\t\t\t\t\t\t\n\t\t\t\t\t\t\t\t\t\t\t\t\t<div class=\"fusion-rollover-sep\"><\/div>\n\t\t\t\t\n\t\t\t\t\t\t\t\t\t\t\t\t\t\t\t\t\t\t<a class=\"fusion-rollover-gallery\" href=\"https:\/\/ramse.es\/wordpress\/wp-content\/uploads\/2011\/03\/img_6747web.jpg\" data-id=\"2046\" data-rel=\"iLightbox[gallery]\" data-title=\"img_6747web\" data-caption=\"\">\n\t\t\t\t\t\tGaler\u00eda\t\t\t\t\t<\/a>\n\t\t\t\t\t\t\t\t\t\t\t\t\t\t\n\t\t\n\t\t\t\t\t\t\t\t\n\t\t\t\t\t\t\t\t\n\t\t\n\t\t\t\t\t\t<a class=\"fusion-link-wrapper\" href=\"https:\/\/ramse.es\/wordpress\/conferencia-del-dr-palacios-carvajal\/\" aria-label=\"Conferencia del Dr. Palacios Carvajal\"><\/a>\n\t<\/div>\n<\/div>\n<\/div>\n<\/li>\n\t\t\t\n\t\t\t\n\t\t\t\t\t\t\t\t\t\t\t\t\t\t\t\t\t\t\t\t\t\t\t\t\t\t\t\t\t\t\t\t\t\t\t\t\t\t\t\t\t\t\t\t\t\t\t\t\t\t\t\t\t\t\t\t\t\t\t\t\t\t\t\t\t\t\t\t<\/ul>\n\t<\/div>\n\t<div class=\"fusion-date-and-formats\"><div class=\"fusion-date-box updated\"><span class=\"fusion-date\">marzo<\/span><span class=\"fusion-month-year\">12:00 am<\/span><\/div><div class=\"fusion-format-box\"><i class=\"awb-icon-pen\" aria-hidden=\"true\"><\/i><\/div><\/div><div class=\"fusion-post-content post-content\"><h2 class=\"blog-shortcode-post-title entry-title\"><a href=\"https:\/\/ramse.es\/wordpress\/conferencia-del-dr-palacios-carvajal\/\">Conferencia del Dr. Palacios Carvajal<\/a><\/h2><p class=\"fusion-single-line-meta\">Por <span class=\"vcard\"><span class=\"fn\"><a href=\"https:\/\/ramse.es\/wordpress\/author\/ivan_z0qj9h4b\/\" title=\"Entradas de admin\" rel=\"author\">admin<\/a><\/span><\/span><span class=\"fusion-inline-sep\">|<\/span><span class=\"updated\" style=\"display:none;\">2011-03-26T00:00:00+02:00<\/span><span>marzo 26th, 2011<\/span><span class=\"fusion-inline-sep\">|<\/span>Categor\u00edas: <a href=\"https:\/\/ramse.es\/wordpress\/category\/news\/latest-news\/\" rel=\"category tag\">Noticias<\/a><span class=\"fusion-inline-sep\">|<\/span><\/p><div class=\"fusion-post-content-container\"><p>El pasado jueves\u00a024 de marzo a las 20 horas tuvo lugar en la Real Academia de Medicina de Sevilla una conferencia del Acad\u00e9mico de Honor Ilmo. Sr. Dr. D. Jos\u00e9 de Palacios Carvajal, que llev\u00f3 por t\u00edtulo \u201cRegeneraci\u00f3n Tisular\u201d.<\/p><\/div><\/div><div class=\"fusion-clearfix\"><\/div><div class=\"fusion-meta-info\"><div class=\"fusion-alignright\"><a class=\"fusion-read-more\" href=\"https:\/\/ramse.es\/wordpress\/conferencia-del-dr-palacios-carvajal\/\" aria-label=\"More on Conferencia del Dr. Palacios Carvajal\">Leer M\u00e1s<\/a><\/div><\/div><\/article>\n<article id=\"blog-1-post-2044\" class=\"fusion-post-large-alternate post-2044 post type-post status-publish format-standard has-post-thumbnail hentry category-latest-news\">\n\t<style type=\"text\/css\">\n\t\t\n\t\t\n\t\t\n\t\t\n\t\t\t<\/style>\n\n\n\t\t\t<div class=\"fusion-flexslider flexslider fusion-flexslider-loading fusion-post-slideshow\" style=\"\">\n\t\t<ul class=\"slides\">\n\t\t\t\n\t\t\t\t\t\t\t\t\t\t\t\t\t\t<li><div  class=\"fusion-image-wrapper\" aria-haspopup=\"true\">\n\t\t\t\t<img decoding=\"async\" width=\"413\" height=\"336\" src=\"https:\/\/ramse.es\/wordpress\/wp-content\/uploads\/2011\/03\/cardenal-web.jpg\" class=\"attachment-full size-full wp-post-image\" alt=\"\" srcset=\"https:\/\/ramse.es\/wordpress\/wp-content\/uploads\/2011\/03\/cardenal-web-200x163.jpg 200w, https:\/\/ramse.es\/wordpress\/wp-content\/uploads\/2011\/03\/cardenal-web-400x325.jpg 400w, https:\/\/ramse.es\/wordpress\/wp-content\/uploads\/2011\/03\/cardenal-web.jpg 413w\" sizes=\"(max-width: 1000px) 100vw, 413px\" \/><div class=\"fusion-rollover\">\n\t<div class=\"fusion-rollover-content\">\n\n\t\t\t\t\t\t\t\t\t\t\t\t\t\t<a class=\"fusion-rollover-link\" href=\"https:\/\/ramse.es\/wordpress\/medicina-y-semana-santa\/\">Medicina y Semana Santa<\/a>\n\t\t\t\n\t\t\t\t\t\t\t\t\t\t\t\t\t\t\n\t\t\t\t\t\t\t\t\n\t\t\t\t\t\t\t\t\t\t\t\t\t<div class=\"fusion-rollover-sep\"><\/div>\n\t\t\t\t\n\t\t\t\t\t\t\t\t\t\t\t\t\t\t\t\t\t\t<a class=\"fusion-rollover-gallery\" href=\"https:\/\/ramse.es\/wordpress\/wp-content\/uploads\/2011\/03\/cardenal-web.jpg\" data-id=\"2044\" data-rel=\"iLightbox[gallery]\" data-title=\"cardenal-web\" data-caption=\"\">\n\t\t\t\t\t\tGaler\u00eda\t\t\t\t\t<\/a>\n\t\t\t\t\t\t\t\t\t\t\t\t\t\t\n\t\t\n\t\t\t\t\t\t\t\t\n\t\t\t\t\t\t\t\t\n\t\t\n\t\t\t\t\t\t<a class=\"fusion-link-wrapper\" href=\"https:\/\/ramse.es\/wordpress\/medicina-y-semana-santa\/\" aria-label=\"Medicina y Semana Santa\"><\/a>\n\t<\/div>\n<\/div>\n<\/div>\n<\/li>\n\t\t\t\n\t\t\t\n\t\t\t\t\t\t\t\t\t\t\t\t\t\t\t\t\t\t\t\t\t\t\t\t\t\t\t\t\t\t\t\t\t\t\t\t\t\t\t\t\t\t\t\t\t\t\t\t\t\t\t\t\t\t\t\t\t\t\t\t\t\t\t\t\t\t\t\t<\/ul>\n\t<\/div>\n\t<div class=\"fusion-date-and-formats\"><div class=\"fusion-date-box updated\"><span class=\"fusion-date\">marzo<\/span><span class=\"fusion-month-year\">12:00 am<\/span><\/div><div class=\"fusion-format-box\"><i class=\"awb-icon-pen\" aria-hidden=\"true\"><\/i><\/div><\/div><div class=\"fusion-post-content post-content\"><h2 class=\"blog-shortcode-post-title entry-title\"><a href=\"https:\/\/ramse.es\/wordpress\/medicina-y-semana-santa\/\">Medicina y Semana Santa<\/a><\/h2><p class=\"fusion-single-line-meta\">Por <span class=\"vcard\"><span class=\"fn\"><a href=\"https:\/\/ramse.es\/wordpress\/author\/ivan_z0qj9h4b\/\" title=\"Entradas de admin\" rel=\"author\">admin<\/a><\/span><\/span><span class=\"fusion-inline-sep\">|<\/span><span class=\"updated\" style=\"display:none;\">2011-03-18T00:00:00+02:00<\/span><span>marzo 18th, 2011<\/span><span class=\"fusion-inline-sep\">|<\/span>Categor\u00edas: <a href=\"https:\/\/ramse.es\/wordpress\/category\/news\/latest-news\/\" rel=\"category tag\">Noticias<\/a><span class=\"fusion-inline-sep\">|<\/span><\/p><div class=\"fusion-post-content-container\"><p>Ayer, en el sal\u00f3n de actos de la Real Academia de Medicina de Sevilla, tuvo lugar Mesa Redonda en la que su Eminencia el Cardenal D. Carlos Amigo Vallejo, el Ilmo. Sr. D. Jos\u00e9 Mar\u00eda Rubio Rubio y el Ilmo. Sr. D. Luis Torres Palaz\u00f3n abordaron en la mesa titulada \u201cMedicina y Semana Santa\u201d, no solo la pasi\u00f3n de Cristo desde un punto de vista m\u00e9dico-cient\u00edfico sino tambi\u00e9n la vivencia <a href=\"https:\/\/ramse.es\/wordpress\/medicina-y-semana-santa\/\">[...]<\/a><\/p><\/div><\/div><div class=\"fusion-clearfix\"><\/div><div class=\"fusion-meta-info\"><div class=\"fusion-alignright\"><a class=\"fusion-read-more\" href=\"https:\/\/ramse.es\/wordpress\/medicina-y-semana-santa\/\" aria-label=\"More on Medicina y Semana Santa\">Leer M\u00e1s<\/a><\/div><\/div><\/article>\n<article id=\"blog-1-post-2042\" class=\"fusion-post-large-alternate post-2042 post type-post status-publish format-standard has-post-thumbnail hentry category-latest-news category-premios-academia\">\n\t<style type=\"text\/css\">\n\t\t\n\t\t\n\t\t\n\t\t\n\t\t\t<\/style>\n\n\n\t\t\t<div class=\"fusion-flexslider flexslider fusion-flexslider-loading fusion-post-slideshow\" style=\"\">\n\t\t<ul class=\"slides\">\n\t\t\t\n\t\t\t\t\t\t\t\t\t\t\t\t\t\t<li><div  class=\"fusion-image-wrapper\" aria-haspopup=\"true\">\n\t\t\t\t<img decoding=\"async\" width=\"448\" height=\"336\" src=\"https:\/\/ramse.es\/wordpress\/wp-content\/uploads\/2011\/03\/img_6678web.jpg\" class=\"attachment-full size-full wp-post-image\" alt=\"\" srcset=\"https:\/\/ramse.es\/wordpress\/wp-content\/uploads\/2011\/03\/img_6678web-200x150.jpg 200w, https:\/\/ramse.es\/wordpress\/wp-content\/uploads\/2011\/03\/img_6678web-400x300.jpg 400w, https:\/\/ramse.es\/wordpress\/wp-content\/uploads\/2011\/03\/img_6678web.jpg 448w\" sizes=\"(max-width: 1000px) 100vw, 448px\" \/><div class=\"fusion-rollover\">\n\t<div class=\"fusion-rollover-content\">\n\n\t\t\t\t\t\t\t\t\t\t\t\t\t\t<a class=\"fusion-rollover-link\" href=\"https:\/\/ramse.es\/wordpress\/presentacion-de-los-premios-cientificos-2010\/\">Presentaci\u00f3n de los Premios Cient\u00edficos 2010<\/a>\n\t\t\t\n\t\t\t\t\t\t\t\t\t\t\t\t\t\t\n\t\t\t\t\t\t\t\t\n\t\t\t\t\t\t\t\t\t\t\t\t\t<div class=\"fusion-rollover-sep\"><\/div>\n\t\t\t\t\n\t\t\t\t\t\t\t\t\t\t\t\t\t\t\t\t\t\t<a class=\"fusion-rollover-gallery\" href=\"https:\/\/ramse.es\/wordpress\/wp-content\/uploads\/2011\/03\/img_6678web.jpg\" data-id=\"2042\" data-rel=\"iLightbox[gallery]\" data-title=\"img_6678web\" data-caption=\"\">\n\t\t\t\t\t\tGaler\u00eda\t\t\t\t\t<\/a>\n\t\t\t\t\t\t\t\t\t\t\t\t\t\t\n\t\t\n\t\t\t\t\t\t\t\t\n\t\t\t\t\t\t\t\t\n\t\t\n\t\t\t\t\t\t<a class=\"fusion-link-wrapper\" href=\"https:\/\/ramse.es\/wordpress\/presentacion-de-los-premios-cientificos-2010\/\" aria-label=\"Presentaci\u00f3n de los Premios Cient\u00edficos 2010\"><\/a>\n\t<\/div>\n<\/div>\n<\/div>\n<\/li>\n\t\t\t\n\t\t\t\n\t\t\t\t\t\t\t\t\t\t\t\t\t\t\t\t\t\t\t\t\t\t\t\t\t\t\t\t\t\t\t\t\t\t\t\t\t\t\t\t\t\t\t\t\t\t\t\t\t\t\t\t\t\t\t\t\t\t\t\t\t\t\t\t\t\t\t\t<\/ul>\n\t<\/div>\n\t<div class=\"fusion-date-and-formats\"><div class=\"fusion-date-box updated\"><span class=\"fusion-date\">marzo<\/span><span class=\"fusion-month-year\">12:00 am<\/span><\/div><div class=\"fusion-format-box\"><i class=\"awb-icon-pen\" aria-hidden=\"true\"><\/i><\/div><\/div><div class=\"fusion-post-content post-content\"><h2 class=\"blog-shortcode-post-title entry-title\"><a href=\"https:\/\/ramse.es\/wordpress\/presentacion-de-los-premios-cientificos-2010\/\">Presentaci\u00f3n de los Premios Cient\u00edficos 2010<\/a><\/h2><p class=\"fusion-single-line-meta\">Por <span class=\"vcard\"><span class=\"fn\"><a href=\"https:\/\/ramse.es\/wordpress\/author\/ivan_z0qj9h4b\/\" title=\"Entradas de admin\" rel=\"author\">admin<\/a><\/span><\/span><span class=\"fusion-inline-sep\">|<\/span><span class=\"updated\" style=\"display:none;\">2020-04-13T11:34:59+02:00<\/span><span>marzo 11th, 2011<\/span><span class=\"fusion-inline-sep\">|<\/span>Categor\u00edas: <a href=\"https:\/\/ramse.es\/wordpress\/category\/news\/latest-news\/\" rel=\"category tag\">Noticias<\/a>, <a href=\"https:\/\/ramse.es\/wordpress\/category\/premios-academia\/\" rel=\"category tag\">Premios Academia<\/a><span class=\"fusion-inline-sep\">|<\/span><\/p><div class=\"fusion-post-content-container\"><p>Los Premios Cient\u00edficos ganadores del concurso del 2010, fueron presentados por sus autores los d\u00edas 3 y 10 de marzo. Premio de la Real Academia de Medicina de Sevilla \u201cEstudio gen\u00e9tico del s\u00edndrome de Down hereditario\u201d. Autores: Raquel Rodr\u00edguez L\u00f3pez, Jos\u00e9 Mar\u00eda Car\u00acbonell P\u00e9rez, Eugenia S\u00e1nchez Guti\u00e9rrez, Julia S\u00e1enz Hurtado. Premio Real e Ilustre Colegio de M\u00e9dicos de Sevilla \u201c\u00c9tica de la objeci\u00f3n de conciencia en reproducci\u00f3n humana asistida\u201d. Autor: <a href=\"https:\/\/ramse.es\/wordpress\/presentacion-de-los-premios-cientificos-2010\/\">[...]<\/a><\/p><\/div><\/div><div class=\"fusion-clearfix\"><\/div><div class=\"fusion-meta-info\"><div class=\"fusion-alignright\"><a class=\"fusion-read-more\" href=\"https:\/\/ramse.es\/wordpress\/presentacion-de-los-premios-cientificos-2010\/\" aria-label=\"More on Presentaci\u00f3n de los Premios Cient\u00edficos 2010\">Leer M\u00e1s<\/a><\/div><\/div><\/article>\n<article id=\"blog-1-post-2040\" class=\"fusion-post-large-alternate post-2040 post type-post status-publish format-standard has-post-thumbnail hentry category-latest-news\">\n\t<style type=\"text\/css\">\n\t\t\n\t\t\n\t\t\n\t\t\n\t\t\t<\/style>\n\n\n\t\t\t<div class=\"fusion-flexslider flexslider fusion-flexslider-loading fusion-post-slideshow\" style=\"\">\n\t\t<ul class=\"slides\">\n\t\t\t\n\t\t\t\t\t\t\t\t\t\t\t\t\t\t<li><div  class=\"fusion-image-wrapper\" aria-haspopup=\"true\">\n\t\t\t\t<img decoding=\"async\" width=\"448\" height=\"336\" src=\"https:\/\/ramse.es\/wordpress\/wp-content\/uploads\/2011\/02\/11002_790web.jpg\" class=\"attachment-full size-full wp-post-image\" alt=\"\" srcset=\"https:\/\/ramse.es\/wordpress\/wp-content\/uploads\/2011\/02\/11002_790web-200x150.jpg 200w, https:\/\/ramse.es\/wordpress\/wp-content\/uploads\/2011\/02\/11002_790web-400x300.jpg 400w, https:\/\/ramse.es\/wordpress\/wp-content\/uploads\/2011\/02\/11002_790web.jpg 448w\" sizes=\"(max-width: 1000px) 100vw, 448px\" \/><div class=\"fusion-rollover\">\n\t<div class=\"fusion-rollover-content\">\n\n\t\t\t\t\t\t\t\t\t\t\t\t\t\t<a class=\"fusion-rollover-link\" href=\"https:\/\/ramse.es\/wordpress\/actualizaciones-sobre-el-deterioro-cognitivo-y-demencia\/\">Actualizaciones sobre el deterioro cognitivo y demencia<\/a>\n\t\t\t\n\t\t\t\t\t\t\t\t\t\t\t\t\t\t\n\t\t\t\t\t\t\t\t\n\t\t\t\t\t\t\t\t\t\t\t\t\t<div class=\"fusion-rollover-sep\"><\/div>\n\t\t\t\t\n\t\t\t\t\t\t\t\t\t\t\t\t\t\t\t\t\t\t<a class=\"fusion-rollover-gallery\" href=\"https:\/\/ramse.es\/wordpress\/wp-content\/uploads\/2011\/02\/11002_790web.jpg\" data-id=\"2040\" data-rel=\"iLightbox[gallery]\" data-title=\"11002_790web\" data-caption=\"\">\n\t\t\t\t\t\tGaler\u00eda\t\t\t\t\t<\/a>\n\t\t\t\t\t\t\t\t\t\t\t\t\t\t\n\t\t\n\t\t\t\t\t\t\t\t\n\t\t\t\t\t\t\t\t\n\t\t\n\t\t\t\t\t\t<a class=\"fusion-link-wrapper\" href=\"https:\/\/ramse.es\/wordpress\/actualizaciones-sobre-el-deterioro-cognitivo-y-demencia\/\" aria-label=\"Actualizaciones sobre el deterioro cognitivo y demencia\"><\/a>\n\t<\/div>\n<\/div>\n<\/div>\n<\/li>\n\t\t\t\n\t\t\t\n\t\t\t\t\t\t\t\t\t\t\t\t\t\t\t\t\t\t\t\t\t\t\t\t\t\t\t\t\t\t\t\t\t\t\t\t\t\t\t\t\t\t\t\t\t\t\t\t\t\t\t\t\t\t\t\t\t\t\t\t\t\t\t\t\t\t\t\t<\/ul>\n\t<\/div>\n\t<div class=\"fusion-date-and-formats\"><div class=\"fusion-date-box updated\"><span class=\"fusion-date\">febrero<\/span><span class=\"fusion-month-year\">12:00 am<\/span><\/div><div class=\"fusion-format-box\"><i class=\"awb-icon-pen\" aria-hidden=\"true\"><\/i><\/div><\/div><div class=\"fusion-post-content post-content\"><h2 class=\"blog-shortcode-post-title entry-title\"><a href=\"https:\/\/ramse.es\/wordpress\/actualizaciones-sobre-el-deterioro-cognitivo-y-demencia\/\">Actualizaciones sobre el deterioro cognitivo y demencia<\/a><\/h2><p class=\"fusion-single-line-meta\">Por <span class=\"vcard\"><span class=\"fn\"><a href=\"https:\/\/ramse.es\/wordpress\/author\/ivan_z0qj9h4b\/\" title=\"Entradas de admin\" rel=\"author\">admin<\/a><\/span><\/span><span class=\"fusion-inline-sep\">|<\/span><span class=\"updated\" style=\"display:none;\">2011-02-25T00:00:00+02:00<\/span><span>febrero 25th, 2011<\/span><span class=\"fusion-inline-sep\">|<\/span>Categor\u00edas: <a href=\"https:\/\/ramse.es\/wordpress\/category\/news\/latest-news\/\" rel=\"category tag\">Noticias<\/a><span class=\"fusion-inline-sep\">|<\/span><\/p><div class=\"fusion-post-content-container\"><p>El \u00faltimo jueves de febrero la Real Academia de Medicina de Sevilla acogi\u00f3 una mesa redonda moderada por el acad\u00e9mico numerario Dr. Carlos Mart\u00ednez Manzanares y en la que se ha tratado el deterioro cognitivo y su m\u00e1xima expresi\u00f3n, la demencia, que tiene una prevalencia de un diez por ciento entre las personas mayores de sesenta y cinco a\u00f1os, con una incidencia anual entre el uno y el dos por <a href=\"https:\/\/ramse.es\/wordpress\/actualizaciones-sobre-el-deterioro-cognitivo-y-demencia\/\">[...]<\/a><\/p><\/div><\/div><div class=\"fusion-clearfix\"><\/div><div class=\"fusion-meta-info\"><div class=\"fusion-alignright\"><a class=\"fusion-read-more\" href=\"https:\/\/ramse.es\/wordpress\/actualizaciones-sobre-el-deterioro-cognitivo-y-demencia\/\" aria-label=\"More on Actualizaciones sobre el deterioro cognitivo y demencia\">Leer M\u00e1s<\/a><\/div><\/div><\/article>\n<article id=\"blog-1-post-2036\" class=\"fusion-post-large-alternate post-2036 post type-post status-publish format-standard has-post-thumbnail hentry category-latest-news\">\n\t<style type=\"text\/css\">\n\t\t\n\t\t\n\t\t\n\t\t\n\t\t\t<\/style>\n\n\n\t\t\t<div class=\"fusion-flexslider flexslider fusion-flexslider-loading fusion-post-slideshow\" style=\"\">\n\t\t<ul class=\"slides\">\n\t\t\t\n\t\t\t\t\t\t\t\t\t\t\t\t\t\t<li><div  class=\"fusion-image-wrapper\" aria-haspopup=\"true\">\n\t\t\t\t<img decoding=\"async\" width=\"448\" height=\"306\" src=\"https:\/\/ramse.es\/wordpress\/wp-content\/uploads\/2011\/02\/conve_ram2web.jpg\" class=\"attachment-full size-full wp-post-image\" alt=\"\" srcset=\"https:\/\/ramse.es\/wordpress\/wp-content\/uploads\/2011\/02\/conve_ram2web-200x137.jpg 200w, https:\/\/ramse.es\/wordpress\/wp-content\/uploads\/2011\/02\/conve_ram2web-400x273.jpg 400w, https:\/\/ramse.es\/wordpress\/wp-content\/uploads\/2011\/02\/conve_ram2web.jpg 448w\" sizes=\"(max-width: 1000px) 100vw, 448px\" \/><div class=\"fusion-rollover\">\n\t<div class=\"fusion-rollover-content\">\n\n\t\t\t\t\t\t\t\t\t\t\t\t\t\t<a class=\"fusion-rollover-link\" href=\"https:\/\/ramse.es\/wordpress\/acuerdo-de-colaboracion-entre-el-rector-de-la-upo-y-el-presidente-de-la-real-academia-de-medicina-de-sevilla\/\">ACUERDO DE COLABORACI\u00d3N ENTRE EL RECTOR DE LA UPO Y EL PRESIDENTE DE LA REAL ACADEMIA DE MEDICINA DE SEVILLA<\/a>\n\t\t\t\n\t\t\t\t\t\t\t\t\t\t\t\t\t\t\n\t\t\t\t\t\t\t\t\n\t\t\t\t\t\t\t\t\t\t\t\t\t<div class=\"fusion-rollover-sep\"><\/div>\n\t\t\t\t\n\t\t\t\t\t\t\t\t\t\t\t\t\t\t\t\t\t\t<a class=\"fusion-rollover-gallery\" href=\"https:\/\/ramse.es\/wordpress\/wp-content\/uploads\/2011\/02\/conve_ram2web.jpg\" data-id=\"2036\" data-rel=\"iLightbox[gallery]\" data-title=\"conve_ram2web\" data-caption=\"\">\n\t\t\t\t\t\tGaler\u00eda\t\t\t\t\t<\/a>\n\t\t\t\t\t\t\t\t\t\t\t\t\t\t\n\t\t\n\t\t\t\t\t\t\t\t\n\t\t\t\t\t\t\t\t\n\t\t\n\t\t\t\t\t\t<a class=\"fusion-link-wrapper\" href=\"https:\/\/ramse.es\/wordpress\/acuerdo-de-colaboracion-entre-el-rector-de-la-upo-y-el-presidente-de-la-real-academia-de-medicina-de-sevilla\/\" aria-label=\"ACUERDO DE COLABORACI\u00d3N ENTRE EL RECTOR DE LA UPO Y EL PRESIDENTE DE LA REAL ACADEMIA DE MEDICINA DE SEVILLA\"><\/a>\n\t<\/div>\n<\/div>\n<\/div>\n<\/li>\n\t\t\t\n\t\t\t\n\t\t\t\t\t\t\t\t\t\t\t\t\t\t\t\t\t\t\t\t\t\t\t\t\t\t\t\t\t\t\t\t\t\t\t\t\t\t\t\t\t\t\t\t\t\t\t\t\t\t\t\t\t\t\t\t\t\t\t\t\t\t\t\t\t\t\t\t<\/ul>\n\t<\/div>\n\t<div class=\"fusion-date-and-formats\"><div class=\"fusion-date-box updated\"><span class=\"fusion-date\">febrero<\/span><span class=\"fusion-month-year\">2:44 pm<\/span><\/div><div class=\"fusion-format-box\"><i class=\"awb-icon-pen\" aria-hidden=\"true\"><\/i><\/div><\/div><div class=\"fusion-post-content post-content\"><h2 class=\"blog-shortcode-post-title entry-title\"><a href=\"https:\/\/ramse.es\/wordpress\/acuerdo-de-colaboracion-entre-el-rector-de-la-upo-y-el-presidente-de-la-real-academia-de-medicina-de-sevilla\/\">ACUERDO DE COLABORACI\u00d3N ENTRE EL RECTOR DE LA UPO Y EL PRESIDENTE DE LA REAL ACADEMIA DE MEDICINA DE SEVILLA<\/a><\/h2><p class=\"fusion-single-line-meta\">Por <span class=\"vcard\"><span class=\"fn\"><a href=\"https:\/\/ramse.es\/wordpress\/author\/ivan_z0qj9h4b\/\" title=\"Entradas de admin\" rel=\"author\">admin<\/a><\/span><\/span><span class=\"fusion-inline-sep\">|<\/span><span class=\"updated\" style=\"display:none;\">2011-02-21T14:44:43+02:00<\/span><span>febrero 21st, 2011<\/span><span class=\"fusion-inline-sep\">|<\/span>Categor\u00edas: <a href=\"https:\/\/ramse.es\/wordpress\/category\/news\/latest-news\/\" rel=\"category tag\">Noticias<\/a><span class=\"fusion-inline-sep\">|<\/span><\/p><div class=\"fusion-post-content-container\"><p>La Universidad Pablo de Olavide y la Real Academia de Medicina impulsar\u00e1n actividades conjuntas de formaci\u00f3n e investigaci\u00f3n, seg\u00fan recoge el convenio marco de colaboraci\u00f3n suscrito hoy lunes entre el rector de la Universidad Pablo de Olavide, Juan Jim\u00e9nez, y el presidente de la Real Academia de Medicina de Sevilla, Hugo Galera Davidson. Ambas instituciones promover\u00e1n la realizaci\u00f3n de actividades de car\u00e1cter econ\u00f3mico, cient\u00edfico y t\u00e9cnico en materias de inter\u00e9s <a href=\"https:\/\/ramse.es\/wordpress\/acuerdo-de-colaboracion-entre-el-rector-de-la-upo-y-el-presidente-de-la-real-academia-de-medicina-de-sevilla\/\">[...]<\/a><\/p><\/div><\/div><div class=\"fusion-clearfix\"><\/div><div class=\"fusion-meta-info\"><div class=\"fusion-alignright\"><a class=\"fusion-read-more\" href=\"https:\/\/ramse.es\/wordpress\/acuerdo-de-colaboracion-entre-el-rector-de-la-upo-y-el-presidente-de-la-real-academia-de-medicina-de-sevilla\/\" aria-label=\"More on ACUERDO DE COLABORACI\u00d3N ENTRE EL RECTOR DE LA UPO Y EL PRESIDENTE DE LA REAL ACADEMIA DE MEDICINA DE SEVILLA\">Leer M\u00e1s<\/a><\/div><\/div><\/article>\n<article id=\"blog-1-post-2038\" class=\"fusion-post-large-alternate post-2038 post type-post status-publish format-standard has-post-thumbnail hentry category-latest-news\">\n\t<style type=\"text\/css\">\n\t\t\n\t\t\n\t\t\n\t\t\n\t\t\t<\/style>\n\n\n\t\t\t<div class=\"fusion-flexslider flexslider fusion-flexslider-loading fusion-post-slideshow\" style=\"\">\n\t\t<ul class=\"slides\">\n\t\t\t\n\t\t\t\t\t\t\t\t\t\t\t\t\t\t<li><div  class=\"fusion-image-wrapper\" aria-haspopup=\"true\">\n\t\t\t\t<img decoding=\"async\" width=\"448\" height=\"336\" src=\"https:\/\/ramse.es\/wordpress\/wp-content\/uploads\/2011\/02\/img_6628web.jpg\" class=\"attachment-full size-full wp-post-image\" alt=\"\" srcset=\"https:\/\/ramse.es\/wordpress\/wp-content\/uploads\/2011\/02\/img_6628web-200x150.jpg 200w, https:\/\/ramse.es\/wordpress\/wp-content\/uploads\/2011\/02\/img_6628web-400x300.jpg 400w, https:\/\/ramse.es\/wordpress\/wp-content\/uploads\/2011\/02\/img_6628web.jpg 448w\" sizes=\"(max-width: 1000px) 100vw, 448px\" \/><div class=\"fusion-rollover\">\n\t<div class=\"fusion-rollover-content\">\n\n\t\t\t\t\t\t\t\t\t\t\t\t\t\t<a class=\"fusion-rollover-link\" href=\"https:\/\/ramse.es\/wordpress\/30-anos-de-sida-un-reto-a-la-medicina\/\">30 a\u00f1os de sida. Un reto a la medicina<\/a>\n\t\t\t\n\t\t\t\t\t\t\t\t\t\t\t\t\t\t\n\t\t\t\t\t\t\t\t\n\t\t\t\t\t\t\t\t\t\t\t\t\t<div class=\"fusion-rollover-sep\"><\/div>\n\t\t\t\t\n\t\t\t\t\t\t\t\t\t\t\t\t\t\t\t\t\t\t<a class=\"fusion-rollover-gallery\" href=\"https:\/\/ramse.es\/wordpress\/wp-content\/uploads\/2011\/02\/img_6628web.jpg\" data-id=\"2038\" data-rel=\"iLightbox[gallery]\" data-title=\"img_6628web\" data-caption=\"\">\n\t\t\t\t\t\tGaler\u00eda\t\t\t\t\t<\/a>\n\t\t\t\t\t\t\t\t\t\t\t\t\t\t\n\t\t\n\t\t\t\t\t\t\t\t\n\t\t\t\t\t\t\t\t\n\t\t\n\t\t\t\t\t\t<a class=\"fusion-link-wrapper\" href=\"https:\/\/ramse.es\/wordpress\/30-anos-de-sida-un-reto-a-la-medicina\/\" aria-label=\"30 a\u00f1os de sida. Un reto a la medicina\"><\/a>\n\t<\/div>\n<\/div>\n<\/div>\n<\/li>\n\t\t\t\n\t\t\t\n\t\t\t\t\t\t\t\t\t\t\t\t\t\t\t\t\t\t\t\t\t\t\t\t\t\t\t\t\t\t\t\t\t\t\t\t\t\t\t\t\t\t\t\t\t\t\t\t\t\t\t\t\t\t\t\t\t\t\t\t\t\t\t\t\t\t\t\t<\/ul>\n\t<\/div>\n\t<div class=\"fusion-date-and-formats\"><div class=\"fusion-date-box updated\"><span class=\"fusion-date\">febrero<\/span><span class=\"fusion-month-year\">12:00 am<\/span><\/div><div class=\"fusion-format-box\"><i class=\"awb-icon-pen\" aria-hidden=\"true\"><\/i><\/div><\/div><div class=\"fusion-post-content post-content\"><h2 class=\"blog-shortcode-post-title entry-title\"><a href=\"https:\/\/ramse.es\/wordpress\/30-anos-de-sida-un-reto-a-la-medicina\/\">30 a\u00f1os de sida. Un reto a la medicina<\/a><\/h2><p class=\"fusion-single-line-meta\">Por <span class=\"vcard\"><span class=\"fn\"><a href=\"https:\/\/ramse.es\/wordpress\/author\/ivan_z0qj9h4b\/\" title=\"Entradas de admin\" rel=\"author\">admin<\/a><\/span><\/span><span class=\"fusion-inline-sep\">|<\/span><span class=\"updated\" style=\"display:none;\">2011-02-18T00:00:00+02:00<\/span><span>febrero 18th, 2011<\/span><span class=\"fusion-inline-sep\">|<\/span>Categor\u00edas: <a href=\"https:\/\/ramse.es\/wordpress\/category\/news\/latest-news\/\" rel=\"category tag\">Noticias<\/a><span class=\"fusion-inline-sep\">|<\/span><\/p><div class=\"fusion-post-content-container\"><p>El pasado jueves 17 de febrero el sal\u00f3n rojo de la Real Academia de Medicina de Sevilla acogi\u00f3 la celebraci\u00f3n de una mesa redonda que llevaba como t\u00edtulo \u201c30 a\u00f1os de SIDA. Un reto a la medicina\u201d y que fue moderada por el acad\u00e9mico numerario Dr. D. Pedro S\u00e1nchez Guijo. En ella intervinieron los doctores Jer\u00f3nimo Pach\u00f3n D\u00edaz, Director de la Unidad Cl\u00ednica de enfermedades infecciosas, microbiolog\u00eda y medicina preventiva, <a href=\"https:\/\/ramse.es\/wordpress\/30-anos-de-sida-un-reto-a-la-medicina\/\">[...]<\/a><\/p><\/div><\/div><div class=\"fusion-clearfix\"><\/div><div class=\"fusion-meta-info\"><div class=\"fusion-alignright\"><a class=\"fusion-read-more\" href=\"https:\/\/ramse.es\/wordpress\/30-anos-de-sida-un-reto-a-la-medicina\/\" aria-label=\"More on 30 a\u00f1os de sida. Un reto a la medicina\">Leer M\u00e1s<\/a><\/div><\/div><\/article>\n<article id=\"blog-1-post-2034\" class=\"fusion-post-large-alternate post-2034 post type-post status-publish format-standard has-post-thumbnail hentry category-latest-news\">\n\t<style type=\"text\/css\">\n\t\t\n\t\t\n\t\t\n\t\t\n\t\t\t<\/style>\n\n\n\t\t\t<div class=\"fusion-flexslider flexslider fusion-flexslider-loading fusion-post-slideshow\" style=\"\">\n\t\t<ul class=\"slides\">\n\t\t\t\n\t\t\t\t\t\t\t\t\t\t\t\t\t\t<li><div  class=\"fusion-image-wrapper\" aria-haspopup=\"true\">\n\t\t\t\t<img decoding=\"async\" width=\"448\" height=\"336\" src=\"https:\/\/ramse.es\/wordpress\/wp-content\/uploads\/2011\/02\/img_6526web.jpg\" class=\"attachment-full size-full wp-post-image\" alt=\"\" srcset=\"https:\/\/ramse.es\/wordpress\/wp-content\/uploads\/2011\/02\/img_6526web-200x150.jpg 200w, https:\/\/ramse.es\/wordpress\/wp-content\/uploads\/2011\/02\/img_6526web-400x300.jpg 400w, https:\/\/ramse.es\/wordpress\/wp-content\/uploads\/2011\/02\/img_6526web.jpg 448w\" sizes=\"(max-width: 1000px) 100vw, 448px\" \/><div class=\"fusion-rollover\">\n\t<div class=\"fusion-rollover-content\">\n\n\t\t\t\t\t\t\t\t\t\t\t\t\t\t<a class=\"fusion-rollover-link\" href=\"https:\/\/ramse.es\/wordpress\/la-ramse-acoge-un-ciclo-de-conferencias-del-curso-qlos-lugares-del-organismo-que-retan-a-la-cirugia-minimamente-invasiva-en-busqueda-del-accesoq\/\">La RAMSE acoge un ciclo de conferencias del Curso \u00abLos lugares del organismo que retan a la Cirug\u00eda M\u00ednimamente Invasiva: EN BUSQUEDA DEL ACCESO\u00bb<\/a>\n\t\t\t\n\t\t\t\t\t\t\t\t\t\t\t\t\t\t\n\t\t\t\t\t\t\t\t\n\t\t\t\t\t\t\t\t\t\t\t\t\t<div class=\"fusion-rollover-sep\"><\/div>\n\t\t\t\t\n\t\t\t\t\t\t\t\t\t\t\t\t\t\t\t\t\t\t<a class=\"fusion-rollover-gallery\" href=\"https:\/\/ramse.es\/wordpress\/wp-content\/uploads\/2011\/02\/img_6526web.jpg\" data-id=\"2034\" data-rel=\"iLightbox[gallery]\" data-title=\"img_6526web\" data-caption=\"\">\n\t\t\t\t\t\tGaler\u00eda\t\t\t\t\t<\/a>\n\t\t\t\t\t\t\t\t\t\t\t\t\t\t\n\t\t\n\t\t\t\t\t\t\t\t\n\t\t\t\t\t\t\t\t\n\t\t\n\t\t\t\t\t\t<a class=\"fusion-link-wrapper\" href=\"https:\/\/ramse.es\/wordpress\/la-ramse-acoge-un-ciclo-de-conferencias-del-curso-qlos-lugares-del-organismo-que-retan-a-la-cirugia-minimamente-invasiva-en-busqueda-del-accesoq\/\" aria-label=\"La RAMSE acoge un ciclo de conferencias del Curso \u00abLos lugares del organismo que retan a la Cirug\u00eda M\u00ednimamente Invasiva: EN BUSQUEDA DEL ACCESO\u00bb\"><\/a>\n\t<\/div>\n<\/div>\n<\/div>\n<\/li>\n\t\t\t\n\t\t\t\n\t\t\t\t\t\t\t\t\t\t\t\t\t\t\t\t\t\t\t\t\t\t\t\t\t\t\t\t\t\t\t\t\t\t\t\t\t\t\t\t\t\t\t\t\t\t\t\t\t\t\t\t\t\t\t\t\t\t\t\t\t\t\t\t\t\t\t\t<\/ul>\n\t<\/div>\n\t<div class=\"fusion-date-and-formats\"><div class=\"fusion-date-box updated\"><span class=\"fusion-date\">febrero<\/span><span class=\"fusion-month-year\">12:00 am<\/span><\/div><div class=\"fusion-format-box\"><i class=\"awb-icon-pen\" aria-hidden=\"true\"><\/i><\/div><\/div><div class=\"fusion-post-content post-content\"><h2 class=\"blog-shortcode-post-title entry-title\"><a href=\"https:\/\/ramse.es\/wordpress\/la-ramse-acoge-un-ciclo-de-conferencias-del-curso-qlos-lugares-del-organismo-que-retan-a-la-cirugia-minimamente-invasiva-en-busqueda-del-accesoq\/\">La RAMSE acoge un ciclo de conferencias del Curso \u00abLos lugares del organismo que retan a la Cirug\u00eda M\u00ednimamente Invasiva: EN BUSQUEDA DEL ACCESO\u00bb<\/a><\/h2><p class=\"fusion-single-line-meta\">Por <span class=\"vcard\"><span class=\"fn\"><a href=\"https:\/\/ramse.es\/wordpress\/author\/ivan_z0qj9h4b\/\" title=\"Entradas de admin\" rel=\"author\">admin<\/a><\/span><\/span><span class=\"fusion-inline-sep\">|<\/span><span class=\"updated\" style=\"display:none;\">2011-02-11T00:00:00+02:00<\/span><span>febrero 11th, 2011<\/span><span class=\"fusion-inline-sep\">|<\/span>Categor\u00edas: <a href=\"https:\/\/ramse.es\/wordpress\/category\/news\/latest-news\/\" rel=\"category tag\">Noticias<\/a><span class=\"fusion-inline-sep\">|<\/span><\/p><div class=\"fusion-post-content-container\"><p>El pasado 10 de febrero tuvo lugar en la Real Academia de Medicina de Sevilla uno de los actos del Curso moderado por el Prof. Dr. D. Salvador Morales Conde y en el que participaron el Dr.D Lomanto (Singapur) con una conferencia titulada \u201cTIROIDES y SUPRARRENAL: Apoyo de la cirug\u00eda rob\u00f3tico\u201d\u00a0 y que fue comentada por el\u00a0Dr.JL Salvador Sanch\u00eds; el\u00a0\u00a0Dr. A Mart\u00ednez Isla (Londres) abordando el \u201cPANCREAS: Abriendo la puerta <a href=\"https:\/\/ramse.es\/wordpress\/la-ramse-acoge-un-ciclo-de-conferencias-del-curso-qlos-lugares-del-organismo-que-retan-a-la-cirugia-minimamente-invasiva-en-busqueda-del-accesoq\/\">[...]<\/a><\/p><\/div><\/div><div class=\"fusion-clearfix\"><\/div><div class=\"fusion-meta-info\"><div class=\"fusion-alignright\"><a class=\"fusion-read-more\" href=\"https:\/\/ramse.es\/wordpress\/la-ramse-acoge-un-ciclo-de-conferencias-del-curso-qlos-lugares-del-organismo-que-retan-a-la-cirugia-minimamente-invasiva-en-busqueda-del-accesoq\/\" aria-label=\"More on La RAMSE acoge un ciclo de conferencias del Curso \u00abLos lugares del organismo que retan a la Cirug\u00eda M\u00ednimamente Invasiva: EN BUSQUEDA DEL ACCESO\u00bb\">Leer M\u00e1s<\/a><\/div><\/div><\/article>\n<article id=\"blog-1-post-2032\" class=\"fusion-post-large-alternate post-2032 post type-post status-publish format-standard has-post-thumbnail hentry category-latest-news\">\n\t<style type=\"text\/css\">\n\t\t\n\t\t\n\t\t\n\t\t\n\t\t\t<\/style>\n\n\n\t\t\t<div class=\"fusion-flexslider flexslider fusion-flexslider-loading fusion-post-slideshow\" style=\"\">\n\t\t<ul class=\"slides\">\n\t\t\t\n\t\t\t\t\t\t\t\t\t\t\t\t\t\t<li><div  class=\"fusion-image-wrapper\" aria-haspopup=\"true\">\n\t\t\t\t<img decoding=\"async\" width=\"448\" height=\"336\" src=\"https:\/\/ramse.es\/wordpress\/wp-content\/uploads\/2011\/02\/img_6387web.jpg\" class=\"attachment-full size-full wp-post-image\" alt=\"\" srcset=\"https:\/\/ramse.es\/wordpress\/wp-content\/uploads\/2011\/02\/img_6387web-200x150.jpg 200w, https:\/\/ramse.es\/wordpress\/wp-content\/uploads\/2011\/02\/img_6387web-400x300.jpg 400w, https:\/\/ramse.es\/wordpress\/wp-content\/uploads\/2011\/02\/img_6387web.jpg 448w\" sizes=\"(max-width: 1000px) 100vw, 448px\" \/><div class=\"fusion-rollover\">\n\t<div class=\"fusion-rollover-content\">\n\n\t\t\t\t\t\t\t\t\t\t\t\t\t\t<a class=\"fusion-rollover-link\" href=\"https:\/\/ramse.es\/wordpress\/situacion-de-la-praxis-de-la-medicina-del-trabajo-en-la-encrucijada-del-siglo-xxi\/\">\u201cSituaci\u00f3n de la praxis de la medicina del trabajo en la encrucijada del siglo XXI\u201d<\/a>\n\t\t\t\n\t\t\t\t\t\t\t\t\t\t\t\t\t\t\n\t\t\t\t\t\t\t\t\n\t\t\t\t\t\t\t\t\t\t\t\t\t<div class=\"fusion-rollover-sep\"><\/div>\n\t\t\t\t\n\t\t\t\t\t\t\t\t\t\t\t\t\t\t\t\t\t\t<a class=\"fusion-rollover-gallery\" href=\"https:\/\/ramse.es\/wordpress\/wp-content\/uploads\/2011\/02\/img_6387web.jpg\" data-id=\"2032\" data-rel=\"iLightbox[gallery]\" data-title=\"img_6387web\" data-caption=\"\">\n\t\t\t\t\t\tGaler\u00eda\t\t\t\t\t<\/a>\n\t\t\t\t\t\t\t\t\t\t\t\t\t\t\n\t\t\n\t\t\t\t\t\t\t\t\n\t\t\t\t\t\t\t\t\n\t\t\n\t\t\t\t\t\t<a class=\"fusion-link-wrapper\" href=\"https:\/\/ramse.es\/wordpress\/situacion-de-la-praxis-de-la-medicina-del-trabajo-en-la-encrucijada-del-siglo-xxi\/\" aria-label=\"\u201cSituaci\u00f3n de la praxis de la medicina del trabajo en la encrucijada del siglo XXI\u201d\"><\/a>\n\t<\/div>\n<\/div>\n<\/div>\n<\/li>\n\t\t\t\n\t\t\t\n\t\t\t\t\t\t\t\t\t\t\t\t\t\t\t\t\t\t\t\t\t\t\t\t\t\t\t\t\t\t\t\t\t\t\t\t\t\t\t\t\t\t\t\t\t\t\t\t\t\t\t\t\t\t\t\t\t\t\t\t\t\t\t\t\t\t\t\t<\/ul>\n\t<\/div>\n\t<div class=\"fusion-date-and-formats\"><div class=\"fusion-date-box updated\"><span class=\"fusion-date\">febrero<\/span><span class=\"fusion-month-year\">12:00 am<\/span><\/div><div class=\"fusion-format-box\"><i class=\"awb-icon-pen\" aria-hidden=\"true\"><\/i><\/div><\/div><div class=\"fusion-post-content post-content\"><h2 class=\"blog-shortcode-post-title entry-title\"><a href=\"https:\/\/ramse.es\/wordpress\/situacion-de-la-praxis-de-la-medicina-del-trabajo-en-la-encrucijada-del-siglo-xxi\/\">\u201cSituaci\u00f3n de la praxis de la medicina del trabajo en la encrucijada del siglo XXI\u201d<\/a><\/h2><p class=\"fusion-single-line-meta\">Por <span class=\"vcard\"><span class=\"fn\"><a href=\"https:\/\/ramse.es\/wordpress\/author\/ivan_z0qj9h4b\/\" title=\"Entradas de admin\" rel=\"author\">admin<\/a><\/span><\/span><span class=\"fusion-inline-sep\">|<\/span><span class=\"updated\" style=\"display:none;\">2011-02-04T00:00:00+02:00<\/span><span>febrero 4th, 2011<\/span><span class=\"fusion-inline-sep\">|<\/span>Categor\u00edas: <a href=\"https:\/\/ramse.es\/wordpress\/category\/news\/latest-news\/\" rel=\"category tag\">Noticias<\/a><span class=\"fusion-inline-sep\">|<\/span><\/p><div class=\"fusion-post-content-container\"><p>Ayer la Real Academia de Medicina de Sevilla acogi\u00f3 una mesa redonda, moderada por el vicepresidente de la Regia Sociedad Ilmo. Dr. D. Jos\u00e9 Luis Serrera Contreras y en la que los ponentes Prof. Dr. D. Juan J. Gestal Otero, Decano de la Facultad de Medicina y Odontolog\u00eda de Santiago de Compostela, Catedr\u00e1tico y Jefe del Servicio de medicina Preventiva y Salud P\u00fablica de la Facultad de Medicina y Odontolog\u00eda <a href=\"https:\/\/ramse.es\/wordpress\/situacion-de-la-praxis-de-la-medicina-del-trabajo-en-la-encrucijada-del-siglo-xxi\/\">[...]<\/a><\/p><\/div><\/div><div class=\"fusion-clearfix\"><\/div><div class=\"fusion-meta-info\"><div class=\"fusion-alignright\"><a class=\"fusion-read-more\" href=\"https:\/\/ramse.es\/wordpress\/situacion-de-la-praxis-de-la-medicina-del-trabajo-en-la-encrucijada-del-siglo-xxi\/\" aria-label=\"More on \u201cSituaci\u00f3n de la praxis de la medicina del trabajo en la encrucijada del siglo XXI\u201d\">Leer M\u00e1s<\/a><\/div><\/div><\/article>\n<article id=\"blog-1-post-2030\" class=\"fusion-post-large-alternate post-2030 post type-post status-publish format-standard has-post-thumbnail hentry category-latest-news\">\n\t<style type=\"text\/css\">\n\t\t\n\t\t\n\t\t\n\t\t\n\t\t\t<\/style>\n\n\n\t\t\t<div class=\"fusion-flexslider flexslider fusion-flexslider-loading fusion-post-slideshow\" style=\"\">\n\t\t<ul class=\"slides\">\n\t\t\t\n\t\t\t\t\t\t\t\t\t\t\t\t\t\t<li><div  class=\"fusion-image-wrapper\" aria-haspopup=\"true\">\n\t\t\t\t<img decoding=\"async\" width=\"336\" height=\"448\" src=\"https:\/\/ramse.es\/wordpress\/wp-content\/uploads\/2011\/01\/img_6342web.jpg\" class=\"attachment-full size-full wp-post-image\" alt=\"\" srcset=\"https:\/\/ramse.es\/wordpress\/wp-content\/uploads\/2011\/01\/img_6342web-200x267.jpg 200w, https:\/\/ramse.es\/wordpress\/wp-content\/uploads\/2011\/01\/img_6342web.jpg 336w\" sizes=\"(max-width: 1000px) 100vw, 336px\" \/><div class=\"fusion-rollover\">\n\t<div class=\"fusion-rollover-content\">\n\n\t\t\t\t\t\t\t\t\t\t\t\t\t\t<a class=\"fusion-rollover-link\" href=\"https:\/\/ramse.es\/wordpress\/el-dr-duran-quintana-pronuncia-el-discurso-de-apertura-del-curso-academico-311\/\">El Dr. Dur\u00e1n Quintana pronuncia el discurso de apertura del Curso Acad\u00e9mico 311<\/a>\n\t\t\t\n\t\t\t\t\t\t\t\t\t\t\t\t\t\t\n\t\t\t\t\t\t\t\t\n\t\t\t\t\t\t\t\t\t\t\t\t\t<div class=\"fusion-rollover-sep\"><\/div>\n\t\t\t\t\n\t\t\t\t\t\t\t\t\t\t\t\t\t\t\t\t\t\t<a class=\"fusion-rollover-gallery\" href=\"https:\/\/ramse.es\/wordpress\/wp-content\/uploads\/2011\/01\/img_6342web.jpg\" data-id=\"2030\" data-rel=\"iLightbox[gallery]\" data-title=\"img_6342web\" data-caption=\"\">\n\t\t\t\t\t\tGaler\u00eda\t\t\t\t\t<\/a>\n\t\t\t\t\t\t\t\t\t\t\t\t\t\t\n\t\t\n\t\t\t\t\t\t\t\t\n\t\t\t\t\t\t\t\t\n\t\t\n\t\t\t\t\t\t<a class=\"fusion-link-wrapper\" href=\"https:\/\/ramse.es\/wordpress\/el-dr-duran-quintana-pronuncia-el-discurso-de-apertura-del-curso-academico-311\/\" aria-label=\"El Dr. Dur\u00e1n Quintana pronuncia el discurso de apertura del Curso Acad\u00e9mico 311\"><\/a>\n\t<\/div>\n<\/div>\n<\/div>\n<\/li>\n\t\t\t\n\t\t\t\n\t\t\t\t\t\t\t\t\t\t\t\t\t\t\t\t\t\t\t\t\t\t\t\t\t\t\t\t\t\t\t\t\t\t\t\t\t\t\t\t\t\t\t\t\t\t\t\t\t\t\t\t\t\t\t\t\t\t\t\t\t\t\t\t\t\t\t\t<\/ul>\n\t<\/div>\n\t<div class=\"fusion-date-and-formats\"><div class=\"fusion-date-box updated\"><span class=\"fusion-date\">enero<\/span><span class=\"fusion-month-year\">12:00 am<\/span><\/div><div class=\"fusion-format-box\"><i class=\"awb-icon-pen\" aria-hidden=\"true\"><\/i><\/div><\/div><div class=\"fusion-post-content post-content\"><h2 class=\"blog-shortcode-post-title entry-title\"><a href=\"https:\/\/ramse.es\/wordpress\/el-dr-duran-quintana-pronuncia-el-discurso-de-apertura-del-curso-academico-311\/\">El Dr. Dur\u00e1n Quintana pronuncia el discurso de apertura del Curso Acad\u00e9mico 311<\/a><\/h2><p class=\"fusion-single-line-meta\">Por <span class=\"vcard\"><span class=\"fn\"><a href=\"https:\/\/ramse.es\/wordpress\/author\/ivan_z0qj9h4b\/\" title=\"Entradas de admin\" rel=\"author\">admin<\/a><\/span><\/span><span class=\"fusion-inline-sep\">|<\/span><span class=\"updated\" style=\"display:none;\">2011-01-29T00:00:00+02:00<\/span><span>enero 29th, 2011<\/span><span class=\"fusion-inline-sep\">|<\/span>Categor\u00edas: <a href=\"https:\/\/ramse.es\/wordpress\/category\/news\/latest-news\/\" rel=\"category tag\">Noticias<\/a><span class=\"fusion-inline-sep\">|<\/span><\/p><div class=\"fusion-post-content-container\"><p>El 27 de enero tuvo lugar en la Real Academia de Medicina de Sevilla la apertura del Curso Acad\u00e9mico 311 que ha tenido como conferenciante al acad\u00e9mico numerario Ilmo. Dr. D. Jos\u00e9 Antonio Dur\u00e1n Quintana, pronunciando un discurso titulado \u201cEl aborto, verdad y biolog\u00eda\u201d.<\/p><\/div><\/div><div class=\"fusion-clearfix\"><\/div><div class=\"fusion-meta-info\"><div class=\"fusion-alignright\"><a class=\"fusion-read-more\" href=\"https:\/\/ramse.es\/wordpress\/el-dr-duran-quintana-pronuncia-el-discurso-de-apertura-del-curso-academico-311\/\" aria-label=\"More on El Dr. Dur\u00e1n Quintana pronuncia el discurso de apertura del Curso Acad\u00e9mico 311\">Leer M\u00e1s<\/a><\/div><\/div><\/article>\n<article id=\"blog-1-post-2027\" class=\"fusion-post-large-alternate post-2027 post type-post status-publish format-standard has-post-thumbnail hentry category-latest-news\">\n\t<style type=\"text\/css\">\n\t\t\n\t\t\n\t\t\n\t\t\n\t\t\t<\/style>\n\n\n\t\t\t<div class=\"fusion-flexslider flexslider fusion-flexslider-loading fusion-post-slideshow\" style=\"\">\n\t\t<ul class=\"slides\">\n\t\t\t\n\t\t\t\t\t\t\t\t\t\t\t\t\t\t<li><div  class=\"fusion-image-wrapper\" aria-haspopup=\"true\">\n\t\t\t\t<img decoding=\"async\" width=\"336\" height=\"448\" src=\"https:\/\/ramse.es\/wordpress\/wp-content\/uploads\/2010\/12\/10012_601web.jpg\" class=\"attachment-full size-full wp-post-image\" alt=\"\" srcset=\"https:\/\/ramse.es\/wordpress\/wp-content\/uploads\/2010\/12\/10012_601web-200x267.jpg 200w, https:\/\/ramse.es\/wordpress\/wp-content\/uploads\/2010\/12\/10012_601web.jpg 336w\" sizes=\"(max-width: 1000px) 100vw, 336px\" \/><div class=\"fusion-rollover\">\n\t<div class=\"fusion-rollover-content\">\n\n\t\t\t\t\t\t\t\t\t\t\t\t\t\t<a class=\"fusion-rollover-link\" href=\"https:\/\/ramse.es\/wordpress\/acto-de-clausura-del-310-ano-academico-y-apertura-de-plicas\/\">Acto de Clausura del 310 A\u00f1o Acad\u00e9mico y apertura de plicas<\/a>\n\t\t\t\n\t\t\t\t\t\t\t\t\t\t\t\t\t\t\n\t\t\t\t\t\t\t\t\n\t\t\t\t\t\t\t\t\t\t\t\t\t<div class=\"fusion-rollover-sep\"><\/div>\n\t\t\t\t\n\t\t\t\t\t\t\t\t\t\t\t\t\t\t\t\t\t\t<a class=\"fusion-rollover-gallery\" href=\"https:\/\/ramse.es\/wordpress\/wp-content\/uploads\/2010\/12\/10012_601web.jpg\" data-id=\"2027\" data-rel=\"iLightbox[gallery]\" data-title=\"10012_601web\" data-caption=\"\">\n\t\t\t\t\t\tGaler\u00eda\t\t\t\t\t<\/a>\n\t\t\t\t\t\t\t\t\t\t\t\t\t\t\n\t\t\n\t\t\t\t\t\t\t\t\n\t\t\t\t\t\t\t\t\n\t\t\n\t\t\t\t\t\t<a class=\"fusion-link-wrapper\" href=\"https:\/\/ramse.es\/wordpress\/acto-de-clausura-del-310-ano-academico-y-apertura-de-plicas\/\" aria-label=\"Acto de Clausura del 310 A\u00f1o Acad\u00e9mico y apertura de plicas\"><\/a>\n\t<\/div>\n<\/div>\n<\/div>\n<\/li>\n\t\t\t\n\t\t\t\n\t\t\t\t\t\t\t\t\t\t\t\t\t\t\t\t\t\t\t\t\t\t\t\t\t\t\t\t\t\t\t\t\t\t\t\t\t\t\t\t\t\t\t\t\t\t\t\t\t\t\t\t\t\t\t\t\t\t\t\t\t\t\t\t\t\t\t\t<\/ul>\n\t<\/div>\n\t<div class=\"fusion-date-and-formats\"><div class=\"fusion-date-box updated\"><span class=\"fusion-date\">diciembre<\/span><span class=\"fusion-month-year\">12:00 am<\/span><\/div><div class=\"fusion-format-box\"><i class=\"awb-icon-pen\" aria-hidden=\"true\"><\/i><\/div><\/div><div class=\"fusion-post-content post-content\"><h2 class=\"blog-shortcode-post-title entry-title\"><a href=\"https:\/\/ramse.es\/wordpress\/acto-de-clausura-del-310-ano-academico-y-apertura-de-plicas\/\">Acto de Clausura del 310 A\u00f1o Acad\u00e9mico y apertura de plicas<\/a><\/h2><p class=\"fusion-single-line-meta\">Por <span class=\"vcard\"><span class=\"fn\"><a href=\"https:\/\/ramse.es\/wordpress\/author\/ivan_z0qj9h4b\/\" title=\"Entradas de admin\" rel=\"author\">admin<\/a><\/span><\/span><span class=\"fusion-inline-sep\">|<\/span><span class=\"updated\" style=\"display:none;\">2010-12-20T00:00:00+02:00<\/span><span>diciembre 20th, 2010<\/span><span class=\"fusion-inline-sep\">|<\/span>Categor\u00edas: <a href=\"https:\/\/ramse.es\/wordpress\/category\/news\/latest-news\/\" rel=\"category tag\">Noticias<\/a><span class=\"fusion-inline-sep\">|<\/span><\/p><div class=\"fusion-post-content-container\"><p>El jueves 16 de diciembre a las 19 horas tuvo lugar en la sede de la Real Academia de Medicina de Sevilla el Acto de Clausura del 310 A\u00f1o Acad\u00e9mico en el que el Ilmo. Sr. Dr. D. Manuel L\u00f3pez L\u00f3pez, dio una conferencia que vers\u00f3 sobre \u201cEl gran complejo temporo- mandibular-dentario\u201d. \u00a0 En el Acto tambi\u00e9n se procedi\u00f3 a la apertura de Plicas del Concurso Cient\u00edfico de Premios del <a href=\"https:\/\/ramse.es\/wordpress\/acto-de-clausura-del-310-ano-academico-y-apertura-de-plicas\/\">[...]<\/a><\/p><\/div><\/div><div class=\"fusion-clearfix\"><\/div><div class=\"fusion-meta-info\"><div class=\"fusion-alignright\"><a class=\"fusion-read-more\" href=\"https:\/\/ramse.es\/wordpress\/acto-de-clausura-del-310-ano-academico-y-apertura-de-plicas\/\" aria-label=\"More on Acto de Clausura del 310 A\u00f1o Acad\u00e9mico y apertura de plicas\">Leer M\u00e1s<\/a><\/div><\/div><\/article>\n<article id=\"blog-1-post-2025\" class=\"fusion-post-large-alternate post-2025 post type-post status-publish format-standard has-post-thumbnail hentry category-latest-news\">\n\t<style type=\"text\/css\">\n\t\t\n\t\t\n\t\t\n\t\t\n\t\t\t<\/style>\n\n\n\t\t\t<div class=\"fusion-flexslider flexslider fusion-flexslider-loading fusion-post-slideshow\" style=\"\">\n\t\t<ul class=\"slides\">\n\t\t\t\n\t\t\t\t\t\t\t\t\t\t\t\t\t\t<li><div  class=\"fusion-image-wrapper\" aria-haspopup=\"true\">\n\t\t\t\t<img decoding=\"async\" width=\"336\" height=\"448\" src=\"https:\/\/ramse.es\/wordpress\/wp-content\/uploads\/2010\/12\/10012_452web.jpg\" class=\"attachment-full size-full wp-post-image\" alt=\"\" srcset=\"https:\/\/ramse.es\/wordpress\/wp-content\/uploads\/2010\/12\/10012_452web-200x267.jpg 200w, https:\/\/ramse.es\/wordpress\/wp-content\/uploads\/2010\/12\/10012_452web.jpg 336w\" sizes=\"(max-width: 1000px) 100vw, 336px\" \/><div class=\"fusion-rollover\">\n\t<div class=\"fusion-rollover-content\">\n\n\t\t\t\t\t\t\t\t\t\t\t\t\t\t<a class=\"fusion-rollover-link\" href=\"https:\/\/ramse.es\/wordpress\/el-prof-dr-d-jose-maria-rubio-rubio-toma-posesion-de-la-plaza-de-academico-numerario\/\">El Prof, Dr, D, Jos\u00e9 Mar\u00eda Rubio Rubio toma posesi\u00f3n de la plaza de Acad\u00e9mico Numerario<\/a>\n\t\t\t\n\t\t\t\t\t\t\t\t\t\t\t\t\t\t\n\t\t\t\t\t\t\t\t\n\t\t\t\t\t\t\t\t\t\t\t\t\t<div class=\"fusion-rollover-sep\"><\/div>\n\t\t\t\t\n\t\t\t\t\t\t\t\t\t\t\t\t\t\t\t\t\t\t<a class=\"fusion-rollover-gallery\" href=\"https:\/\/ramse.es\/wordpress\/wp-content\/uploads\/2010\/12\/10012_452web.jpg\" data-id=\"2025\" data-rel=\"iLightbox[gallery]\" data-title=\"10012_452web\" data-caption=\"\">\n\t\t\t\t\t\tGaler\u00eda\t\t\t\t\t<\/a>\n\t\t\t\t\t\t\t\t\t\t\t\t\t\t\n\t\t\n\t\t\t\t\t\t\t\t\n\t\t\t\t\t\t\t\t\n\t\t\n\t\t\t\t\t\t<a class=\"fusion-link-wrapper\" href=\"https:\/\/ramse.es\/wordpress\/el-prof-dr-d-jose-maria-rubio-rubio-toma-posesion-de-la-plaza-de-academico-numerario\/\" aria-label=\"El Prof, Dr, D, Jos\u00e9 Mar\u00eda Rubio Rubio toma posesi\u00f3n de la plaza de Acad\u00e9mico Numerario\"><\/a>\n\t<\/div>\n<\/div>\n<\/div>\n<\/li>\n\t\t\t\n\t\t\t\n\t\t\t\t\t\t\t\t\t\t\t\t\t\t\t\t\t\t\t\t\t\t\t\t\t\t\t\t\t\t\t\t\t\t\t\t\t\t\t\t\t\t\t\t\t\t\t\t\t\t\t\t\t\t\t\t\t\t\t\t\t\t\t\t\t\t\t\t<\/ul>\n\t<\/div>\n\t<div class=\"fusion-date-and-formats\"><div class=\"fusion-date-box updated\"><span class=\"fusion-date\">diciembre<\/span><span class=\"fusion-month-year\">4:03 pm<\/span><\/div><div class=\"fusion-format-box\"><i class=\"awb-icon-pen\" aria-hidden=\"true\"><\/i><\/div><\/div><div class=\"fusion-post-content post-content\"><h2 class=\"blog-shortcode-post-title entry-title\"><a href=\"https:\/\/ramse.es\/wordpress\/el-prof-dr-d-jose-maria-rubio-rubio-toma-posesion-de-la-plaza-de-academico-numerario\/\">El Prof, Dr, D, Jos\u00e9 Mar\u00eda Rubio Rubio toma posesi\u00f3n de la plaza de Acad\u00e9mico Numerario<\/a><\/h2><p class=\"fusion-single-line-meta\">Por <span class=\"vcard\"><span class=\"fn\"><a href=\"https:\/\/ramse.es\/wordpress\/author\/ivan_z0qj9h4b\/\" title=\"Entradas de admin\" rel=\"author\">admin<\/a><\/span><\/span><span class=\"fusion-inline-sep\">|<\/span><span class=\"updated\" style=\"display:none;\">2010-12-12T16:03:35+02:00<\/span><span>diciembre 12th, 2010<\/span><span class=\"fusion-inline-sep\">|<\/span>Categor\u00edas: <a href=\"https:\/\/ramse.es\/wordpress\/category\/news\/latest-news\/\" rel=\"category tag\">Noticias<\/a><span class=\"fusion-inline-sep\">|<\/span><\/p><div class=\"fusion-post-content-container\"><p>Esta ma\u00f1ana el Ilmo. Prof. Sr. Dr. D. Jos\u00e9 Mar\u00eda Rubio Rubio ha tomado posesi\u00f3n de plaza de Acad\u00e9mico Numerario, leyendo un discurso sobre \u201cLa Bio\u00e9tica, patrimonio desconocido\u201d y que ha sido contestado en nombre de la corporaci\u00f3n por el Ilmo. Prof. Sr. Dr. D. Eduardo Zamora Madaria, aunque dicho discurso lo ha le\u00eddo el Ilmo. Prof. Sr. Dr. D. Carlos Mart\u00ednez Manzanares.<\/p><\/div><\/div><div class=\"fusion-clearfix\"><\/div><div class=\"fusion-meta-info\"><div class=\"fusion-alignright\"><a class=\"fusion-read-more\" href=\"https:\/\/ramse.es\/wordpress\/el-prof-dr-d-jose-maria-rubio-rubio-toma-posesion-de-la-plaza-de-academico-numerario\/\" aria-label=\"More on El Prof, Dr, D, Jos\u00e9 Mar\u00eda Rubio Rubio toma posesi\u00f3n de la plaza de Acad\u00e9mico Numerario\">Leer M\u00e1s<\/a><\/div><\/div><\/article>\n<article id=\"blog-1-post-2021\" class=\"fusion-post-large-alternate post-2021 post type-post status-publish format-standard has-post-thumbnail hentry category-latest-news\">\n\t<style type=\"text\/css\">\n\t\t\n\t\t\n\t\t\n\t\t\n\t\t\t<\/style>\n\n\n\t\t\t<div class=\"fusion-flexslider flexslider fusion-flexslider-loading fusion-post-slideshow\" style=\"\">\n\t\t<ul class=\"slides\">\n\t\t\t\n\t\t\t\t\t\t\t\t\t\t\t\t\t\t<li><div  class=\"fusion-image-wrapper\" aria-haspopup=\"true\">\n\t\t\t\t<img decoding=\"async\" width=\"448\" height=\"300\" src=\"https:\/\/ramse.es\/wordpress\/wp-content\/uploads\/2010\/11\/dsc_0888web.jpg\" class=\"attachment-full size-full wp-post-image\" alt=\"\" srcset=\"https:\/\/ramse.es\/wordpress\/wp-content\/uploads\/2010\/11\/dsc_0888web-200x134.jpg 200w, https:\/\/ramse.es\/wordpress\/wp-content\/uploads\/2010\/11\/dsc_0888web-400x268.jpg 400w, https:\/\/ramse.es\/wordpress\/wp-content\/uploads\/2010\/11\/dsc_0888web.jpg 448w\" sizes=\"(max-width: 1000px) 100vw, 448px\" \/><div class=\"fusion-rollover\">\n\t<div class=\"fusion-rollover-content\">\n\n\t\t\t\t\t\t\t\t\t\t\t\t\t\t<a class=\"fusion-rollover-link\" href=\"https:\/\/ramse.es\/wordpress\/sedacion-paliativa-y-ley-de-muerte-digna\/\">Sedaci\u00f3n paliativa y Ley de muerte digna<\/a>\n\t\t\t\n\t\t\t\t\t\t\t\t\t\t\t\t\t\t\n\t\t\t\t\t\t\t\t\n\t\t\t\t\t\t\t\t\t\t\t\t\t<div class=\"fusion-rollover-sep\"><\/div>\n\t\t\t\t\n\t\t\t\t\t\t\t\t\t\t\t\t\t\t\t\t\t\t<a class=\"fusion-rollover-gallery\" href=\"https:\/\/ramse.es\/wordpress\/wp-content\/uploads\/2010\/11\/dsc_0888web.jpg\" data-id=\"2021\" data-rel=\"iLightbox[gallery]\" data-title=\"dsc_0888web\" data-caption=\"\">\n\t\t\t\t\t\tGaler\u00eda\t\t\t\t\t<\/a>\n\t\t\t\t\t\t\t\t\t\t\t\t\t\t\n\t\t\n\t\t\t\t\t\t\t\t\n\t\t\t\t\t\t\t\t\n\t\t\n\t\t\t\t\t\t<a class=\"fusion-link-wrapper\" href=\"https:\/\/ramse.es\/wordpress\/sedacion-paliativa-y-ley-de-muerte-digna\/\" aria-label=\"Sedaci\u00f3n paliativa y Ley de muerte digna\"><\/a>\n\t<\/div>\n<\/div>\n<\/div>\n<\/li>\n\t\t\t\n\t\t\t\n\t\t\t\t\t\t\t\t\t\t\t\t\t\t\t\t\t\t\t\t\t\t\t\t\t\t\t\t\t\t\t\t\t\t\t\t\t\t\t\t\t\t\t\t\t\t\t\t\t\t\t\t\t\t\t\t\t\t\t\t\t\t\t\t\t\t\t\t<\/ul>\n\t<\/div>\n\t<div class=\"fusion-date-and-formats\"><div class=\"fusion-date-box updated\"><span class=\"fusion-date\">noviembre<\/span><span class=\"fusion-month-year\">12:00 am<\/span><\/div><div class=\"fusion-format-box\"><i class=\"awb-icon-pen\" aria-hidden=\"true\"><\/i><\/div><\/div><div class=\"fusion-post-content post-content\"><h2 class=\"blog-shortcode-post-title entry-title\"><a href=\"https:\/\/ramse.es\/wordpress\/sedacion-paliativa-y-ley-de-muerte-digna\/\">Sedaci\u00f3n paliativa y Ley de muerte digna<\/a><\/h2><p class=\"fusion-single-line-meta\">Por <span class=\"vcard\"><span class=\"fn\"><a href=\"https:\/\/ramse.es\/wordpress\/author\/ivan_z0qj9h4b\/\" title=\"Entradas de admin\" rel=\"author\">admin<\/a><\/span><\/span><span class=\"fusion-inline-sep\">|<\/span><span class=\"updated\" style=\"display:none;\">2010-11-19T00:00:00+02:00<\/span><span>noviembre 19th, 2010<\/span><span class=\"fusion-inline-sep\">|<\/span>Categor\u00edas: <a href=\"https:\/\/ramse.es\/wordpress\/category\/news\/latest-news\/\" rel=\"category tag\">Noticias<\/a><span class=\"fusion-inline-sep\">|<\/span><\/p><div class=\"fusion-post-content-container\"><p>Ayer, en la Real Academia de Medicina de Sevilla se abord\u00f3, en una mesa redonda, la sedaci\u00f3n paliativa y la Ley de Muerte Digna. La mesa estaba compuesta por los doctores: \u00a0-\u00a0\u00a0\u00a0\u00a0\u00a0\u00a0\u00a0\u00a0\u00a0 Antonio Duque Amusco. Onc\u00f3logo. Jefe del Servicio de Oncolog\u00eda M\u00e9dica del Hospital Universitario Virgen Macarena durante 35 a\u00f1os. -\u00a0\u00a0\u00a0\u00a0\u00a0\u00a0\u00a0\u00a0\u00a0 Fernando Miguel Gamboa Anti\u00f1olo. M\u00e1ster y Profesor Asociado de Bio\u00e9tica. Especialista en Medicina Interna. Servicio de Medicina Interna, Hospital <a href=\"https:\/\/ramse.es\/wordpress\/sedacion-paliativa-y-ley-de-muerte-digna\/\">[...]<\/a><\/p><\/div><\/div><div class=\"fusion-clearfix\"><\/div><div class=\"fusion-meta-info\"><div class=\"fusion-alignright\"><a class=\"fusion-read-more\" href=\"https:\/\/ramse.es\/wordpress\/sedacion-paliativa-y-ley-de-muerte-digna\/\" aria-label=\"More on Sedaci\u00f3n paliativa y Ley de muerte digna\">Leer M\u00e1s<\/a><\/div><\/div><\/article>\n<article id=\"blog-1-post-2019\" class=\"fusion-post-large-alternate post-2019 post type-post status-publish format-standard has-post-thumbnail hentry category-latest-news\">\n\t<style type=\"text\/css\">\n\t\t\n\t\t\n\t\t\n\t\t\n\t\t\t<\/style>\n\n\n\t\t\t<div class=\"fusion-flexslider flexslider fusion-flexslider-loading fusion-post-slideshow\" style=\"\">\n\t\t<ul class=\"slides\">\n\t\t\t\n\t\t\t\t\t\t\t\t\t\t\t\t\t\t<li><div  class=\"fusion-image-wrapper\" aria-haspopup=\"true\">\n\t\t\t\t<img decoding=\"async\" width=\"448\" height=\"336\" src=\"https:\/\/ramse.es\/wordpress\/wp-content\/uploads\/2010\/10\/10010_755web.jpg\" class=\"attachment-full size-full wp-post-image\" alt=\"\" srcset=\"https:\/\/ramse.es\/wordpress\/wp-content\/uploads\/2010\/10\/10010_755web-200x150.jpg 200w, https:\/\/ramse.es\/wordpress\/wp-content\/uploads\/2010\/10\/10010_755web-400x300.jpg 400w, https:\/\/ramse.es\/wordpress\/wp-content\/uploads\/2010\/10\/10010_755web.jpg 448w\" sizes=\"(max-width: 1000px) 100vw, 448px\" \/><div class=\"fusion-rollover\">\n\t<div class=\"fusion-rollover-content\">\n\n\t\t\t\t\t\t\t\t\t\t\t\t\t\t<a class=\"fusion-rollover-link\" href=\"https:\/\/ramse.es\/wordpress\/el-futuro-de-la-medicina-nuclear\/\">El futuro de la medicina nuclear<\/a>\n\t\t\t\n\t\t\t\t\t\t\t\t\t\t\t\t\t\t\n\t\t\t\t\t\t\t\t\n\t\t\t\t\t\t\t\t\t\t\t\t\t<div class=\"fusion-rollover-sep\"><\/div>\n\t\t\t\t\n\t\t\t\t\t\t\t\t\t\t\t\t\t\t\t\t\t\t<a class=\"fusion-rollover-gallery\" href=\"https:\/\/ramse.es\/wordpress\/wp-content\/uploads\/2010\/10\/10010_755web.jpg\" data-id=\"2019\" data-rel=\"iLightbox[gallery]\" data-title=\"10010_755web\" data-caption=\"\">\n\t\t\t\t\t\tGaler\u00eda\t\t\t\t\t<\/a>\n\t\t\t\t\t\t\t\t\t\t\t\t\t\t\n\t\t\n\t\t\t\t\t\t\t\t\n\t\t\t\t\t\t\t\t\n\t\t\n\t\t\t\t\t\t<a class=\"fusion-link-wrapper\" href=\"https:\/\/ramse.es\/wordpress\/el-futuro-de-la-medicina-nuclear\/\" aria-label=\"El futuro de la medicina nuclear\"><\/a>\n\t<\/div>\n<\/div>\n<\/div>\n<\/li>\n\t\t\t\n\t\t\t\n\t\t\t\t\t\t\t\t\t\t\t\t\t\t\t\t\t\t\t\t\t\t\t\t\t\t\t\t\t\t\t\t\t\t\t\t\t\t\t\t\t\t\t\t\t\t\t\t\t\t\t\t\t\t\t\t\t\t\t\t\t\t\t\t\t\t\t\t<\/ul>\n\t<\/div>\n\t<div class=\"fusion-date-and-formats\"><div class=\"fusion-date-box updated\"><span class=\"fusion-date\">octubre<\/span><span class=\"fusion-month-year\">12:00 am<\/span><\/div><div class=\"fusion-format-box\"><i class=\"awb-icon-pen\" aria-hidden=\"true\"><\/i><\/div><\/div><div class=\"fusion-post-content post-content\"><h2 class=\"blog-shortcode-post-title entry-title\"><a href=\"https:\/\/ramse.es\/wordpress\/el-futuro-de-la-medicina-nuclear\/\">El futuro de la medicina nuclear<\/a><\/h2><p class=\"fusion-single-line-meta\">Por <span class=\"vcard\"><span class=\"fn\"><a href=\"https:\/\/ramse.es\/wordpress\/author\/ivan_z0qj9h4b\/\" title=\"Entradas de admin\" rel=\"author\">admin<\/a><\/span><\/span><span class=\"fusion-inline-sep\">|<\/span><span class=\"updated\" style=\"display:none;\">2010-10-29T00:00:00+02:00<\/span><span>octubre 29th, 2010<\/span><span class=\"fusion-inline-sep\">|<\/span>Categor\u00edas: <a href=\"https:\/\/ramse.es\/wordpress\/category\/news\/latest-news\/\" rel=\"category tag\">Noticias<\/a><span class=\"fusion-inline-sep\">|<\/span><\/p><div class=\"fusion-post-content-container\"><p>El pasado 28 de octubre tuvo lugar en la sede de la Real Academia de Medicina de Sevilla una mesa redonda, moderada por el acad\u00e9mico numerario Blas Rodr\u00edguez Quesada Tello, en la que los doctores Jos\u00e9 Luis Carreras Delgado y Ricardo V\u00e1zquez Albertino han abordado el futuro de la medicina nuclear. \u00a0\u00a0 En consecuencia, el contenido de la mesa se ha centrado en los nuevos radiof\u00e1rmacos, en la fusi\u00f3n de <a href=\"https:\/\/ramse.es\/wordpress\/el-futuro-de-la-medicina-nuclear\/\">[...]<\/a><\/p><\/div><\/div><div class=\"fusion-clearfix\"><\/div><div class=\"fusion-meta-info\"><div class=\"fusion-alignright\"><a class=\"fusion-read-more\" href=\"https:\/\/ramse.es\/wordpress\/el-futuro-de-la-medicina-nuclear\/\" aria-label=\"More on El futuro de la medicina nuclear\">Leer M\u00e1s<\/a><\/div><\/div><\/article>\n<article id=\"blog-1-post-2017\" class=\"fusion-post-large-alternate post-2017 post type-post status-publish format-standard has-post-thumbnail hentry category-latest-news\">\n\t<style type=\"text\/css\">\n\t\t\n\t\t\n\t\t\n\t\t\n\t\t\t<\/style>\n\n\n\t\t\t<div class=\"fusion-flexslider flexslider fusion-flexslider-loading fusion-post-slideshow\" style=\"\">\n\t\t<ul class=\"slides\">\n\t\t\t\n\t\t\t\t\t\t\t\t\t\t\t\t\t\t<li><div  class=\"fusion-image-wrapper\" aria-haspopup=\"true\">\n\t\t\t\t<img decoding=\"async\" width=\"591\" height=\"888\" src=\"https:\/\/ramse.es\/wordpress\/wp-content\/uploads\/2010\/10\/web.jpg\" class=\"attachment-full size-full wp-post-image\" alt=\"\" srcset=\"https:\/\/ramse.es\/wordpress\/wp-content\/uploads\/2010\/10\/web-200x301.jpg 200w, https:\/\/ramse.es\/wordpress\/wp-content\/uploads\/2010\/10\/web-400x601.jpg 400w, https:\/\/ramse.es\/wordpress\/wp-content\/uploads\/2010\/10\/web.jpg 591w\" sizes=\"(max-width: 1000px) 100vw, 591px\" \/><div class=\"fusion-rollover\">\n\t<div class=\"fusion-rollover-content\">\n\n\t\t\t\t\t\t\t\t\t\t\t\t\t\t<a class=\"fusion-rollover-link\" href=\"https:\/\/ramse.es\/wordpress\/proxima-mesa-redonda-qel-futuro-de-la-medicina-nuclearq\/\">Pr\u00f3xima mesa redonda: \u00abEL FUTURO DE LA MEDICINA NUCLEAR\u00bb<\/a>\n\t\t\t\n\t\t\t\t\t\t\t\t\t\t\t\t\t\t\n\t\t\t\t\t\t\t\t\n\t\t\t\t\t\t\t\t\t\t\t\t\t<div class=\"fusion-rollover-sep\"><\/div>\n\t\t\t\t\n\t\t\t\t\t\t\t\t\t\t\t\t\t\t\t\t\t\t<a class=\"fusion-rollover-gallery\" href=\"https:\/\/ramse.es\/wordpress\/wp-content\/uploads\/2010\/10\/web.jpg\" data-id=\"2017\" data-rel=\"iLightbox[gallery]\" data-title=\"web\" data-caption=\"\">\n\t\t\t\t\t\tGaler\u00eda\t\t\t\t\t<\/a>\n\t\t\t\t\t\t\t\t\t\t\t\t\t\t\n\t\t\n\t\t\t\t\t\t\t\t\n\t\t\t\t\t\t\t\t\n\t\t\n\t\t\t\t\t\t<a class=\"fusion-link-wrapper\" href=\"https:\/\/ramse.es\/wordpress\/proxima-mesa-redonda-qel-futuro-de-la-medicina-nuclearq\/\" aria-label=\"Pr\u00f3xima mesa redonda: \u00abEL FUTURO DE LA MEDICINA NUCLEAR\u00bb\"><\/a>\n\t<\/div>\n<\/div>\n<\/div>\n<\/li>\n\t\t\t\n\t\t\t\n\t\t\t\t\t\t\t\t\t\t\t\t\t\t\t\t\t\t\t\t\t\t\t\t\t\t\t\t\t\t\t\t\t\t\t\t\t\t\t\t\t\t\t\t\t\t\t\t\t\t\t\t\t\t\t\t\t\t\t\t\t\t\t\t\t\t\t\t<\/ul>\n\t<\/div>\n\t<div class=\"fusion-date-and-formats\"><div class=\"fusion-date-box updated\"><span class=\"fusion-date\">octubre<\/span><span class=\"fusion-month-year\">10:07 am<\/span><\/div><div class=\"fusion-format-box\"><i class=\"awb-icon-pen\" aria-hidden=\"true\"><\/i><\/div><\/div><div class=\"fusion-post-content post-content\"><h2 class=\"blog-shortcode-post-title entry-title\"><a href=\"https:\/\/ramse.es\/wordpress\/proxima-mesa-redonda-qel-futuro-de-la-medicina-nuclearq\/\">Pr\u00f3xima mesa redonda: \u00abEL FUTURO DE LA MEDICINA NUCLEAR\u00bb<\/a><\/h2><p class=\"fusion-single-line-meta\">Por <span class=\"vcard\"><span class=\"fn\"><a href=\"https:\/\/ramse.es\/wordpress\/author\/ivan_z0qj9h4b\/\" title=\"Entradas de admin\" rel=\"author\">admin<\/a><\/span><\/span><span class=\"fusion-inline-sep\">|<\/span><span class=\"updated\" style=\"display:none;\">2010-10-26T10:07:05+02:00<\/span><span>octubre 26th, 2010<\/span><span class=\"fusion-inline-sep\">|<\/span>Categor\u00edas: <a href=\"https:\/\/ramse.es\/wordpress\/category\/news\/latest-news\/\" rel=\"category tag\">Noticias<\/a><span class=\"fusion-inline-sep\">|<\/span><\/p><div class=\"fusion-post-content-container\"><p>La Real Academia de Medicina de Sevilla abordar\u00e1 el pr\u00f3ximo jueves 28 de octubre, a las 19 horas, El Futuro de la Medicina Nuclear en una mesa redonda moderada por el Acad\u00e9mico Numerario Blas Rodr\u00edguez de Quesada Tello, y en la que participaran los doctores Jos\u00e9 Luis Carreras Delgado, Juan Castro Monta\u00f1o y Ricardo V\u00e1zquez Albertino. Para ver el programa pinche aqu\u00ed<\/p><\/div><\/div><div class=\"fusion-clearfix\"><\/div><div class=\"fusion-meta-info\"><div class=\"fusion-alignright\"><a class=\"fusion-read-more\" href=\"https:\/\/ramse.es\/wordpress\/proxima-mesa-redonda-qel-futuro-de-la-medicina-nuclearq\/\" aria-label=\"More on Pr\u00f3xima mesa redonda: \u00abEL FUTURO DE LA MEDICINA NUCLEAR\u00bb\">Leer M\u00e1s<\/a><\/div><\/div><\/article>\n<article id=\"blog-1-post-2015\" class=\"fusion-post-large-alternate post-2015 post type-post status-publish format-standard has-post-thumbnail hentry category-latest-news\">\n\t<style type=\"text\/css\">\n\t\t\n\t\t\n\t\t\n\t\t\n\t\t\t<\/style>\n\n\n\t\t\t<div class=\"fusion-flexslider flexslider fusion-flexslider-loading fusion-post-slideshow\" style=\"\">\n\t\t<ul class=\"slides\">\n\t\t\t\n\t\t\t\t\t\t\t\t\t\t\t\t\t\t<li><div  class=\"fusion-image-wrapper\" aria-haspopup=\"true\">\n\t\t\t\t<img decoding=\"async\" width=\"448\" height=\"336\" src=\"https:\/\/ramse.es\/wordpress\/wp-content\/uploads\/2010\/10\/10010_534web.jpg\" class=\"attachment-full size-full wp-post-image\" alt=\"\" srcset=\"https:\/\/ramse.es\/wordpress\/wp-content\/uploads\/2010\/10\/10010_534web-200x150.jpg 200w, https:\/\/ramse.es\/wordpress\/wp-content\/uploads\/2010\/10\/10010_534web-400x300.jpg 400w, https:\/\/ramse.es\/wordpress\/wp-content\/uploads\/2010\/10\/10010_534web.jpg 448w\" sizes=\"(max-width: 1000px) 100vw, 448px\" \/><div class=\"fusion-rollover\">\n\t<div class=\"fusion-rollover-content\">\n\n\t\t\t\t\t\t\t\t\t\t\t\t\t\t<a class=\"fusion-rollover-link\" href=\"https:\/\/ramse.es\/wordpress\/investigacion-espeleologicas-y-sus-aplicaciones-terapeuticas\/\">Investigaci\u00f3n Espeleol\u00f3gicas y sus Aplicaciones Terap\u00e9uticas<\/a>\n\t\t\t\n\t\t\t\t\t\t\t\t\t\t\t\t\t\t\n\t\t\t\t\t\t\t\t\n\t\t\t\t\t\t\t\t\t\t\t\t\t<div class=\"fusion-rollover-sep\"><\/div>\n\t\t\t\t\n\t\t\t\t\t\t\t\t\t\t\t\t\t\t\t\t\t\t<a class=\"fusion-rollover-gallery\" href=\"https:\/\/ramse.es\/wordpress\/wp-content\/uploads\/2010\/10\/10010_534web.jpg\" data-id=\"2015\" data-rel=\"iLightbox[gallery]\" data-title=\"10010_534web\" data-caption=\"\">\n\t\t\t\t\t\tGaler\u00eda\t\t\t\t\t<\/a>\n\t\t\t\t\t\t\t\t\t\t\t\t\t\t\n\t\t\n\t\t\t\t\t\t\t\t\n\t\t\t\t\t\t\t\t\n\t\t\n\t\t\t\t\t\t<a class=\"fusion-link-wrapper\" href=\"https:\/\/ramse.es\/wordpress\/investigacion-espeleologicas-y-sus-aplicaciones-terapeuticas\/\" aria-label=\"Investigaci\u00f3n Espeleol\u00f3gicas y sus Aplicaciones Terap\u00e9uticas\"><\/a>\n\t<\/div>\n<\/div>\n<\/div>\n<\/li>\n\t\t\t\n\t\t\t\n\t\t\t\t\t\t\t\t\t\t\t\t\t\t\t\t\t\t\t\t\t\t\t\t\t\t\t\t\t\t\t\t\t\t\t\t\t\t\t\t\t\t\t\t\t\t\t\t\t\t\t\t\t\t\t\t\t\t\t\t\t\t\t\t\t\t\t\t<\/ul>\n\t<\/div>\n\t<div class=\"fusion-date-and-formats\"><div class=\"fusion-date-box updated\"><span class=\"fusion-date\">octubre<\/span><span class=\"fusion-month-year\">12:00 am<\/span><\/div><div class=\"fusion-format-box\"><i class=\"awb-icon-pen\" aria-hidden=\"true\"><\/i><\/div><\/div><div class=\"fusion-post-content post-content\"><h2 class=\"blog-shortcode-post-title entry-title\"><a href=\"https:\/\/ramse.es\/wordpress\/investigacion-espeleologicas-y-sus-aplicaciones-terapeuticas\/\">Investigaci\u00f3n Espeleol\u00f3gicas y sus Aplicaciones Terap\u00e9uticas<\/a><\/h2><p class=\"fusion-single-line-meta\">Por <span class=\"vcard\"><span class=\"fn\"><a href=\"https:\/\/ramse.es\/wordpress\/author\/ivan_z0qj9h4b\/\" title=\"Entradas de admin\" rel=\"author\">admin<\/a><\/span><\/span><span class=\"fusion-inline-sep\">|<\/span><span class=\"updated\" style=\"display:none;\">2010-10-15T00:00:00+02:00<\/span><span>octubre 15th, 2010<\/span><span class=\"fusion-inline-sep\">|<\/span>Categor\u00edas: <a href=\"https:\/\/ramse.es\/wordpress\/category\/news\/latest-news\/\" rel=\"category tag\">Noticias<\/a><span class=\"fusion-inline-sep\">|<\/span><\/p><div class=\"fusion-post-content-container\"><p>Ayer tuvo lugar en la sede de la Academia una interesante mesa redonda, moderada por el acad\u00e9mico numerario y profesor em\u00e9rito de la Faculta de Medicina, Fernando S\u00e1enz L\u00f3pez de Rueda, en la que los doctores Jos\u00e9 Guerrero Torre y Mar\u00eda del Carmen San Jos\u00e9 Arango, as\u00ed como el presidente del Grupo Espeleol\u00f3gico Plut\u00f3n Juan Mayoral Valsera trataron la investigaci\u00f3n espeleol\u00f3gica y sus aplicaciones terap\u00e9uticas. Y es que desde la <a href=\"https:\/\/ramse.es\/wordpress\/investigacion-espeleologicas-y-sus-aplicaciones-terapeuticas\/\">[...]<\/a><\/p><\/div><\/div><div class=\"fusion-clearfix\"><\/div><div class=\"fusion-meta-info\"><div class=\"fusion-alignright\"><a class=\"fusion-read-more\" href=\"https:\/\/ramse.es\/wordpress\/investigacion-espeleologicas-y-sus-aplicaciones-terapeuticas\/\" aria-label=\"More on Investigaci\u00f3n Espeleol\u00f3gicas y sus Aplicaciones Terap\u00e9uticas\">Leer M\u00e1s<\/a><\/div><\/div><\/article>\n<article id=\"blog-1-post-2012\" class=\"fusion-post-large-alternate post-2012 post type-post status-publish format-standard has-post-thumbnail hentry category-latest-news\">\n\t<style type=\"text\/css\">\n\t\t\n\t\t\n\t\t\n\t\t\n\t\t\t<\/style>\n\n\n\t\t\t<div class=\"fusion-flexslider flexslider fusion-flexslider-loading fusion-post-slideshow\" style=\"\">\n\t\t<ul class=\"slides\">\n\t\t\t\n\t\t\t\t\t\t\t\t\t\t\t\t\t\t<li><div  class=\"fusion-image-wrapper\" aria-haspopup=\"true\">\n\t\t\t\t<img decoding=\"async\" width=\"448\" height=\"336\" src=\"https:\/\/ramse.es\/wordpress\/wp-content\/uploads\/2010\/10\/p1040011web.jpg\" class=\"attachment-full size-full wp-post-image\" alt=\"\" srcset=\"https:\/\/ramse.es\/wordpress\/wp-content\/uploads\/2010\/10\/p1040011web-200x150.jpg 200w, https:\/\/ramse.es\/wordpress\/wp-content\/uploads\/2010\/10\/p1040011web-400x300.jpg 400w, https:\/\/ramse.es\/wordpress\/wp-content\/uploads\/2010\/10\/p1040011web.jpg 448w\" sizes=\"(max-width: 1000px) 100vw, 448px\" \/><div class=\"fusion-rollover\">\n\t<div class=\"fusion-rollover-content\">\n\n\t\t\t\t\t\t\t\t\t\t\t\t\t\t<a class=\"fusion-rollover-link\" href=\"https:\/\/ramse.es\/wordpress\/situacion-actual-del-manejo-de-la-via-aerea-aspectos-teoricos-y-practicos\/\">SITUACI\u00d3N ACTUAL DEL MANEJO DE LA V\u00cdA A\u00c9REA. ASPECTOS TE\u00d3RICOS Y PR\u00c1CTICOS<\/a>\n\t\t\t\n\t\t\t\t\t\t\t\t\t\t\t\t\t\t\n\t\t\t\t\t\t\t\t\n\t\t\t\t\t\t\t\t\t\t\t\t\t<div class=\"fusion-rollover-sep\"><\/div>\n\t\t\t\t\n\t\t\t\t\t\t\t\t\t\t\t\t\t\t\t\t\t\t<a class=\"fusion-rollover-gallery\" href=\"https:\/\/ramse.es\/wordpress\/wp-content\/uploads\/2010\/10\/p1040011web.jpg\" data-id=\"2012\" data-rel=\"iLightbox[gallery]\" data-title=\"p1040011web\" data-caption=\"\">\n\t\t\t\t\t\tGaler\u00eda\t\t\t\t\t<\/a>\n\t\t\t\t\t\t\t\t\t\t\t\t\t\t\n\t\t\n\t\t\t\t\t\t\t\t\n\t\t\t\t\t\t\t\t\n\t\t\n\t\t\t\t\t\t<a class=\"fusion-link-wrapper\" href=\"https:\/\/ramse.es\/wordpress\/situacion-actual-del-manejo-de-la-via-aerea-aspectos-teoricos-y-practicos\/\" aria-label=\"SITUACI\u00d3N ACTUAL DEL MANEJO DE LA V\u00cdA A\u00c9REA. ASPECTOS TE\u00d3RICOS Y PR\u00c1CTICOS\"><\/a>\n\t<\/div>\n<\/div>\n<\/div>\n<\/li>\n\t\t\t\n\t\t\t\n\t\t\t\t\t\t\t\t\t\t\t\t\t\t\t\t\t\t\t\t\t\t\t\t\t\t\t\t\t\t\t\t\t\t\t\t\t\t\t\t\t\t\t\t\t\t\t\t\t\t\t\t\t\t\t\t\t\t\t\t\t\t\t\t\t\t\t\t<\/ul>\n\t<\/div>\n\t<div class=\"fusion-date-and-formats\"><div class=\"fusion-date-box updated\"><span class=\"fusion-date\">octubre<\/span><span class=\"fusion-month-year\">12:00 am<\/span><\/div><div class=\"fusion-format-box\"><i class=\"awb-icon-pen\" aria-hidden=\"true\"><\/i><\/div><\/div><div class=\"fusion-post-content post-content\"><h2 class=\"blog-shortcode-post-title entry-title\"><a href=\"https:\/\/ramse.es\/wordpress\/situacion-actual-del-manejo-de-la-via-aerea-aspectos-teoricos-y-practicos\/\">SITUACI\u00d3N ACTUAL DEL MANEJO DE LA V\u00cdA A\u00c9REA. ASPECTOS TE\u00d3RICOS Y PR\u00c1CTICOS<\/a><\/h2><p class=\"fusion-single-line-meta\">Por <span class=\"vcard\"><span class=\"fn\"><a href=\"https:\/\/ramse.es\/wordpress\/author\/ivan_z0qj9h4b\/\" title=\"Entradas de admin\" rel=\"author\">admin<\/a><\/span><\/span><span class=\"fusion-inline-sep\">|<\/span><span class=\"updated\" style=\"display:none;\">2010-10-08T00:00:00+02:00<\/span><span>octubre 8th, 2010<\/span><span class=\"fusion-inline-sep\">|<\/span>Categor\u00edas: <a href=\"https:\/\/ramse.es\/wordpress\/category\/news\/latest-news\/\" rel=\"category tag\">Noticias<\/a><span class=\"fusion-inline-sep\">|<\/span><\/p><div class=\"fusion-post-content-container\"><p>La Real Academia de Medicina acogi\u00f3 ayer una mesa redonda moderada por el acad\u00e9mico numerario Dr. Juan Bautista Alca\u00f1iz Folch en la que en la que los doctores Ana Rodr\u00edguez Archilla, Ricardo Mart\u00edn Larrauri y Jos\u00e9 Manuel Cordero Lorenzo abordaron los aspectos te\u00f3ricos y pr\u00e1cticos del actual manejo de la v\u00eda a\u00e9rea. \u00a0Uno de los pilares b\u00e1sicos en la pr\u00e1ctica Anestesiol\u00f3gica lo constituye el adecuado manejo de la V\u00eda A\u00e9rea <a href=\"https:\/\/ramse.es\/wordpress\/situacion-actual-del-manejo-de-la-via-aerea-aspectos-teoricos-y-practicos\/\">[...]<\/a><\/p><\/div><\/div><div class=\"fusion-clearfix\"><\/div><div class=\"fusion-meta-info\"><div class=\"fusion-alignright\"><a class=\"fusion-read-more\" href=\"https:\/\/ramse.es\/wordpress\/situacion-actual-del-manejo-de-la-via-aerea-aspectos-teoricos-y-practicos\/\" aria-label=\"More on SITUACI\u00d3N ACTUAL DEL MANEJO DE LA V\u00cdA A\u00c9REA. ASPECTOS TE\u00d3RICOS Y PR\u00c1CTICOS\">Leer M\u00e1s<\/a><\/div><\/div><\/article>\n<article id=\"blog-1-post-2007\" class=\"fusion-post-large-alternate post-2007 post type-post status-publish format-standard hentry category-latest-news\">\n\t<style type=\"text\/css\">\n\t\t\n\t\t\n\t\t\n\t\t\n\t\t\t<\/style>\n\n\n<div class=\"fusion-date-and-formats\"><div class=\"fusion-date-box updated\"><span class=\"fusion-date\">octubre<\/span><span class=\"fusion-month-year\">9:51 am<\/span><\/div><div class=\"fusion-format-box\"><i class=\"awb-icon-pen\" aria-hidden=\"true\"><\/i><\/div><\/div><div class=\"fusion-post-content post-content\"><h2 class=\"blog-shortcode-post-title entry-title\"><a href=\"https:\/\/ramse.es\/wordpress\/libros-que-alimentan-los-suenos\/\">Libros que alimentan los sue\u00f1os<\/a><\/h2><p class=\"fusion-single-line-meta\">Por <span class=\"vcard\"><span class=\"fn\"><a href=\"https:\/\/ramse.es\/wordpress\/author\/ivan_z0qj9h4b\/\" title=\"Entradas de admin\" rel=\"author\">admin<\/a><\/span><\/span><span class=\"fusion-inline-sep\">|<\/span><span class=\"updated\" style=\"display:none;\">2010-10-05T09:51:28+02:00<\/span><span>octubre 5th, 2010<\/span><span class=\"fusion-inline-sep\">|<\/span>Categor\u00edas: <a href=\"https:\/\/ramse.es\/wordpress\/category\/news\/latest-news\/\" rel=\"category tag\">Noticias<\/a><span class=\"fusion-inline-sep\">|<\/span><\/p><div class=\"fusion-post-content-container\"><p>El peri\u00f3dico El Pa\u00eds public\u00f3 el pasado d\u00eda 26 de septiembre un\u00a0reportaje titulado \u201cLibros que alimentan los sue\u00f1os\u201d en el que el periodista Joaqu\u00edn Mayordomo hace un recorrido por el millar de libros antiguos, entre ellos una decena de incunables, que se encuentran en la sede de la Real Academia de Medicina de Sevilla. Si desea ver el\u00a0reportaje piche aqu\u00ed<\/p><\/div><\/div><div class=\"fusion-clearfix\"><\/div><div class=\"fusion-meta-info\"><div class=\"fusion-alignright\"><a class=\"fusion-read-more\" href=\"https:\/\/ramse.es\/wordpress\/libros-que-alimentan-los-suenos\/\" aria-label=\"More on Libros que alimentan los sue\u00f1os\">Leer M\u00e1s<\/a><\/div><\/div><\/article>\n<article id=\"blog-1-post-2006\" class=\"fusion-post-large-alternate post-2006 post type-post status-publish format-standard has-post-thumbnail hentry category-latest-news\">\n\t<style type=\"text\/css\">\n\t\t\n\t\t\n\t\t\n\t\t\n\t\t\t<\/style>\n\n\n\t\t\t<div class=\"fusion-flexslider flexslider fusion-flexslider-loading fusion-post-slideshow\" style=\"\">\n\t\t<ul class=\"slides\">\n\t\t\t\n\t\t\t\t\t\t\t\t\t\t\t\t\t\t<li><div  class=\"fusion-image-wrapper\" aria-haspopup=\"true\">\n\t\t\t\t<img decoding=\"async\" width=\"448\" height=\"336\" src=\"https:\/\/ramse.es\/wordpress\/wp-content\/uploads\/2010\/09\/10009_1843.jpg\" class=\"attachment-full size-full wp-post-image\" alt=\"\" srcset=\"https:\/\/ramse.es\/wordpress\/wp-content\/uploads\/2010\/09\/10009_1843-200x150.jpg 200w, https:\/\/ramse.es\/wordpress\/wp-content\/uploads\/2010\/09\/10009_1843-400x300.jpg 400w, https:\/\/ramse.es\/wordpress\/wp-content\/uploads\/2010\/09\/10009_1843.jpg 448w\" sizes=\"(max-width: 1000px) 100vw, 448px\" \/><div class=\"fusion-rollover\">\n\t<div class=\"fusion-rollover-content\">\n\n\t\t\t\t\t\t\t\t\t\t\t\t\t\t<a class=\"fusion-rollover-link\" href=\"https:\/\/ramse.es\/wordpress\/patologia-de-la-articulacion-temporo-mandibular-de-etiologia-oclusal\/\">Patolog\u00eda de la Articulaci\u00f3n T\u00e9mporo-Mandibular de etiolog\u00eda oclusal<\/a>\n\t\t\t\n\t\t\t\t\t\t\t\t\t\t\t\t\t\t\n\t\t\t\t\t\t\t\t\n\t\t\t\t\t\t\t\t\t\t\t\t\t<div class=\"fusion-rollover-sep\"><\/div>\n\t\t\t\t\n\t\t\t\t\t\t\t\t\t\t\t\t\t\t\t\t\t\t<a class=\"fusion-rollover-gallery\" href=\"https:\/\/ramse.es\/wordpress\/wp-content\/uploads\/2010\/09\/10009_1843.jpg\" data-id=\"2006\" data-rel=\"iLightbox[gallery]\" data-title=\"10009_1843\" data-caption=\"\">\n\t\t\t\t\t\tGaler\u00eda\t\t\t\t\t<\/a>\n\t\t\t\t\t\t\t\t\t\t\t\t\t\t\n\t\t\n\t\t\t\t\t\t\t\t\n\t\t\t\t\t\t\t\t\n\t\t\n\t\t\t\t\t\t<a class=\"fusion-link-wrapper\" href=\"https:\/\/ramse.es\/wordpress\/patologia-de-la-articulacion-temporo-mandibular-de-etiologia-oclusal\/\" aria-label=\"Patolog\u00eda de la Articulaci\u00f3n T\u00e9mporo-Mandibular de etiolog\u00eda oclusal\"><\/a>\n\t<\/div>\n<\/div>\n<\/div>\n<\/li>\n\t\t\t\n\t\t\t\n\t\t\t\t\t\t\t\t\t\t\t\t\t\t\t\t\t\t\t\t\t\t\t\t\t\t\t\t\t\t\t\t\t\t\t\t\t\t\t\t\t\t\t\t\t\t\t\t\t\t\t\t\t\t\t\t\t\t\t\t\t\t\t\t\t\t\t\t<\/ul>\n\t<\/div>\n\t<div class=\"fusion-date-and-formats\"><div class=\"fusion-date-box updated\"><span class=\"fusion-date\">septiembre<\/span><span class=\"fusion-month-year\">12:00 am<\/span><\/div><div class=\"fusion-format-box\"><i class=\"awb-icon-pen\" aria-hidden=\"true\"><\/i><\/div><\/div><div class=\"fusion-post-content post-content\"><h2 class=\"blog-shortcode-post-title entry-title\"><a href=\"https:\/\/ramse.es\/wordpress\/patologia-de-la-articulacion-temporo-mandibular-de-etiologia-oclusal\/\">Patolog\u00eda de la Articulaci\u00f3n T\u00e9mporo-Mandibular de etiolog\u00eda oclusal<\/a><\/h2><p class=\"fusion-single-line-meta\">Por <span class=\"vcard\"><span class=\"fn\"><a href=\"https:\/\/ramse.es\/wordpress\/author\/ivan_z0qj9h4b\/\" title=\"Entradas de admin\" rel=\"author\">admin<\/a><\/span><\/span><span class=\"fusion-inline-sep\">|<\/span><span class=\"updated\" style=\"display:none;\">2010-09-24T00:00:00+02:00<\/span><span>septiembre 24th, 2010<\/span><span class=\"fusion-inline-sep\">|<\/span>Categor\u00edas: <a href=\"https:\/\/ramse.es\/wordpress\/category\/news\/latest-news\/\" rel=\"category tag\">Noticias<\/a><span class=\"fusion-inline-sep\">|<\/span><\/p><div class=\"fusion-post-content-container\"><p>Ayer tuvo lugar en la sede de la Real Academia de Medicina de Sevilla una Mesa Redonda moderada por el Dr. Manuel L\u00f3pez L\u00f3pez, Acad\u00e9mico Numerario y Catedr\u00e1tico de la Universidad Hispalense y en la que los doctores Emilio Jim\u00e9nez-Castellanos, Diego Ca\u00f1ada, Enrique Solano y Jos\u00e9 Mar\u00eda Oliveras abordaron la patolog\u00eda de la articulaci\u00f3n t\u00e9mporo-mandibular de etiolog\u00eda oclusal. Los des\u00f3rdenes temporomandibulares fueron descritos por James Bray costen en 1934, denomin\u00e1ndose <a href=\"https:\/\/ramse.es\/wordpress\/patologia-de-la-articulacion-temporo-mandibular-de-etiologia-oclusal\/\">[...]<\/a><\/p><\/div><\/div><div class=\"fusion-clearfix\"><\/div><div class=\"fusion-meta-info\"><div class=\"fusion-alignright\"><a class=\"fusion-read-more\" href=\"https:\/\/ramse.es\/wordpress\/patologia-de-la-articulacion-temporo-mandibular-de-etiologia-oclusal\/\" aria-label=\"More on Patolog\u00eda de la Articulaci\u00f3n T\u00e9mporo-Mandibular de etiolog\u00eda oclusal\">Leer M\u00e1s<\/a><\/div><\/div><\/article>\n<article id=\"blog-1-post-2002\" class=\"fusion-post-large-alternate post-2002 post type-post status-publish format-standard has-post-thumbnail hentry category-latest-news\">\n\t<style type=\"text\/css\">\n\t\t\n\t\t\n\t\t\n\t\t\n\t\t\t<\/style>\n\n\n\t\t\t<div class=\"fusion-flexslider flexslider fusion-flexslider-loading fusion-post-slideshow\" style=\"\">\n\t\t<ul class=\"slides\">\n\t\t\t\n\t\t\t\t\t\t\t\t\t\t\t\t\t\t<li><div  class=\"fusion-image-wrapper\" aria-haspopup=\"true\">\n\t\t\t\t<img decoding=\"async\" width=\"447\" height=\"336\" src=\"https:\/\/ramse.es\/wordpress\/wp-content\/uploads\/2010\/06\/10006-1153web.jpg\" class=\"attachment-full size-full wp-post-image\" alt=\"C\u00e9lulas madre\" srcset=\"https:\/\/ramse.es\/wordpress\/wp-content\/uploads\/2010\/06\/10006-1153web-200x150.jpg 200w, https:\/\/ramse.es\/wordpress\/wp-content\/uploads\/2010\/06\/10006-1153web-400x301.jpg 400w, https:\/\/ramse.es\/wordpress\/wp-content\/uploads\/2010\/06\/10006-1153web.jpg 447w\" sizes=\"(max-width: 1000px) 100vw, 447px\" \/><div class=\"fusion-rollover\">\n\t<div class=\"fusion-rollover-content\">\n\n\t\t\t\t\t\t\t\t\t\t\t\t\t\t<a class=\"fusion-rollover-link\" href=\"https:\/\/ramse.es\/wordpress\/celulas-madre-en-el-tratamiento-de-las-enfermedades-del-aparato-locomotor-realidad-y-ficcion\/\">C\u00e9lulas madre en el tratamiento de las enfermedades del aparato locomotor: realidad y ficci\u00f3n<\/a>\n\t\t\t\n\t\t\t\t\t\t\t\t\t\t\t\t\t\t\n\t\t\t\t\t\t\t\t\n\t\t\t\t\t\t\t\t\t\t\t\t\t<div class=\"fusion-rollover-sep\"><\/div>\n\t\t\t\t\n\t\t\t\t\t\t\t\t\t\t\t\t\t\t\t\t\t\t<a class=\"fusion-rollover-gallery\" href=\"https:\/\/ramse.es\/wordpress\/wp-content\/uploads\/2010\/06\/10006-1153web.jpg\" data-id=\"2002\" data-rel=\"iLightbox[gallery]\" data-title=\"C\u00e9lulas madre\" data-caption=\"C\u00e9lulas madre\">\n\t\t\t\t\t\tGaler\u00eda\t\t\t\t\t<\/a>\n\t\t\t\t\t\t\t\t\t\t\t\t\t\t\n\t\t\n\t\t\t\t\t\t\t\t\n\t\t\t\t\t\t\t\t\n\t\t\n\t\t\t\t\t\t<a class=\"fusion-link-wrapper\" href=\"https:\/\/ramse.es\/wordpress\/celulas-madre-en-el-tratamiento-de-las-enfermedades-del-aparato-locomotor-realidad-y-ficcion\/\" aria-label=\"C\u00e9lulas madre en el tratamiento de las enfermedades del aparato locomotor: realidad y ficci\u00f3n\"><\/a>\n\t<\/div>\n<\/div>\n<\/div>\n<\/li>\n\t\t\t\n\t\t\t\n\t\t\t\t\t\t\t\t\t\t\t\t\t\t\t\t\t\t\t\t\t\t\t\t\t\t\t\t\t\t\t\t\t\t\t\t\t\t\t\t\t\t\t\t\t\t\t\t\t\t\t\t\t\t\t\t\t\t\t\t\t\t\t\t\t\t\t\t<\/ul>\n\t<\/div>\n\t<div class=\"fusion-date-and-formats\"><div class=\"fusion-date-box updated\"><span class=\"fusion-date\">junio<\/span><span class=\"fusion-month-year\">12:00 am<\/span><\/div><div class=\"fusion-format-box\"><i class=\"awb-icon-pen\" aria-hidden=\"true\"><\/i><\/div><\/div><div class=\"fusion-post-content post-content\"><h2 class=\"blog-shortcode-post-title entry-title\"><a href=\"https:\/\/ramse.es\/wordpress\/celulas-madre-en-el-tratamiento-de-las-enfermedades-del-aparato-locomotor-realidad-y-ficcion\/\">C\u00e9lulas madre en el tratamiento de las enfermedades del aparato locomotor: realidad y ficci\u00f3n<\/a><\/h2><p class=\"fusion-single-line-meta\">Por <span class=\"vcard\"><span class=\"fn\"><a href=\"https:\/\/ramse.es\/wordpress\/author\/ivan_z0qj9h4b\/\" title=\"Entradas de admin\" rel=\"author\">admin<\/a><\/span><\/span><span class=\"fusion-inline-sep\">|<\/span><span class=\"updated\" style=\"display:none;\">2010-06-24T00:00:00+02:00<\/span><span>junio 24th, 2010<\/span><span class=\"fusion-inline-sep\">|<\/span>Categor\u00edas: <a href=\"https:\/\/ramse.es\/wordpress\/category\/news\/latest-news\/\" rel=\"category tag\">Noticias<\/a><span class=\"fusion-inline-sep\">|<\/span><\/p><div class=\"fusion-post-content-container\"><p>\u00a0 \u00bfCu\u00e1l es el momento actual y la expectativa inmediata de esta cirug\u00eda regenerativa con c\u00e9lulas madre? Esa fue la pregunta que se formul\u00f3 el pasado jueves 24 de junio en el sal\u00f3n de actos de la Real Academia de Medicina y Cirug\u00eda de Sevilla en una Mesa Redonda moderada por el Dr. Fernando S\u00e1enz L\u00f3pez de Rueda, acad\u00e9mico numerario y profesor em\u00e9rito de la Universidad de Sevilla, y en <a href=\"https:\/\/ramse.es\/wordpress\/celulas-madre-en-el-tratamiento-de-las-enfermedades-del-aparato-locomotor-realidad-y-ficcion\/\">[...]<\/a><\/p><\/div><\/div><div class=\"fusion-clearfix\"><\/div><div class=\"fusion-meta-info\"><div class=\"fusion-alignright\"><a class=\"fusion-read-more\" href=\"https:\/\/ramse.es\/wordpress\/celulas-madre-en-el-tratamiento-de-las-enfermedades-del-aparato-locomotor-realidad-y-ficcion\/\" aria-label=\"More on C\u00e9lulas madre en el tratamiento de las enfermedades del aparato locomotor: realidad y ficci\u00f3n\">Leer M\u00e1s<\/a><\/div><\/div><\/article>\n<article id=\"blog-1-post-2000\" class=\"fusion-post-large-alternate post-2000 post type-post status-publish format-standard has-post-thumbnail hentry category-latest-news\">\n\t<style type=\"text\/css\">\n\t\t\n\t\t\n\t\t\n\t\t\n\t\t\t<\/style>\n\n\n\t\t\t<div class=\"fusion-flexslider flexslider fusion-flexslider-loading fusion-post-slideshow\" style=\"\">\n\t\t<ul class=\"slides\">\n\t\t\t\n\t\t\t\t\t\t\t\t\t\t\t\t\t\t<li><div  class=\"fusion-image-wrapper\" aria-haspopup=\"true\">\n\t\t\t\t<img decoding=\"async\" width=\"720\" height=\"482\" src=\"https:\/\/ramse.es\/wordpress\/wp-content\/uploads\/2010\/06\/dsc_0538.jpg\" class=\"attachment-full size-full wp-post-image\" alt=\"Radiolog\u00eda Tor\u00e1cica\" srcset=\"https:\/\/ramse.es\/wordpress\/wp-content\/uploads\/2010\/06\/dsc_0538-200x134.jpg 200w, https:\/\/ramse.es\/wordpress\/wp-content\/uploads\/2010\/06\/dsc_0538-400x268.jpg 400w, https:\/\/ramse.es\/wordpress\/wp-content\/uploads\/2010\/06\/dsc_0538-600x402.jpg 600w, https:\/\/ramse.es\/wordpress\/wp-content\/uploads\/2010\/06\/dsc_0538.jpg 720w\" sizes=\"(max-width: 1000px) 100vw, 720px\" \/><div class=\"fusion-rollover\">\n\t<div class=\"fusion-rollover-content\">\n\n\t\t\t\t\t\t\t\t\t\t\t\t\t\t<a class=\"fusion-rollover-link\" href=\"https:\/\/ramse.es\/wordpress\/la-radiologia-toracica-en-el-siglo-xxi\/\">La radiolog\u00eda tor\u00e1cica en el siglo XXI<\/a>\n\t\t\t\n\t\t\t\t\t\t\t\t\t\t\t\t\t\t\n\t\t\t\t\t\t\t\t\n\t\t\t\t\t\t\t\t\t\t\t\t\t<div class=\"fusion-rollover-sep\"><\/div>\n\t\t\t\t\n\t\t\t\t\t\t\t\t\t\t\t\t\t\t\t\t\t\t<a class=\"fusion-rollover-gallery\" href=\"https:\/\/ramse.es\/wordpress\/wp-content\/uploads\/2010\/06\/dsc_0538.jpg\" data-id=\"2000\" data-rel=\"iLightbox[gallery]\" data-title=\"Radiolog\u00eda Tor\u00e1cica\" data-caption=\"Radiolog\u00eda Tor\u00e1cica\">\n\t\t\t\t\t\tGaler\u00eda\t\t\t\t\t<\/a>\n\t\t\t\t\t\t\t\t\t\t\t\t\t\t\n\t\t\n\t\t\t\t\t\t\t\t\n\t\t\t\t\t\t\t\t\n\t\t\n\t\t\t\t\t\t<a class=\"fusion-link-wrapper\" href=\"https:\/\/ramse.es\/wordpress\/la-radiologia-toracica-en-el-siglo-xxi\/\" aria-label=\"La radiolog\u00eda tor\u00e1cica en el siglo XXI\"><\/a>\n\t<\/div>\n<\/div>\n<\/div>\n<\/li>\n\t\t\t\n\t\t\t\n\t\t\t\t\t\t\t\t\t\t\t\t\t\t\t\t\t\t\t\t\t\t\t\t\t\t\t\t\t\t\t\t\t\t\t\t\t\t\t\t\t\t\t\t\t\t\t\t\t\t\t\t\t\t\t\t\t\t\t\t\t\t\t\t\t\t\t\t<\/ul>\n\t<\/div>\n\t<div class=\"fusion-date-and-formats\"><div class=\"fusion-date-box updated\"><span class=\"fusion-date\">junio<\/span><span class=\"fusion-month-year\">12:00 am<\/span><\/div><div class=\"fusion-format-box\"><i class=\"awb-icon-pen\" aria-hidden=\"true\"><\/i><\/div><\/div><div class=\"fusion-post-content post-content\"><h2 class=\"blog-shortcode-post-title entry-title\"><a href=\"https:\/\/ramse.es\/wordpress\/la-radiologia-toracica-en-el-siglo-xxi\/\">La radiolog\u00eda tor\u00e1cica en el siglo XXI<\/a><\/h2><p class=\"fusion-single-line-meta\">Por <span class=\"vcard\"><span class=\"fn\"><a href=\"https:\/\/ramse.es\/wordpress\/author\/ivan_z0qj9h4b\/\" title=\"Entradas de admin\" rel=\"author\">admin<\/a><\/span><\/span><span class=\"fusion-inline-sep\">|<\/span><span class=\"updated\" style=\"display:none;\">2010-06-17T00:00:00+02:00<\/span><span>junio 17th, 2010<\/span><span class=\"fusion-inline-sep\">|<\/span>Categor\u00edas: <a href=\"https:\/\/ramse.es\/wordpress\/category\/news\/latest-news\/\" rel=\"category tag\">Noticias<\/a><span class=\"fusion-inline-sep\">|<\/span><\/p><div class=\"fusion-post-content-container\"><p>La radiolog\u00eda cardiopulmonar ha experimentado un desarrollo espectacular en los \u00faltimos a\u00f1os. En su d\u00eda la radiograf\u00eda de t\u00f3rax signific\u00f3 una aportaci\u00f3n de primer orden en el diagn\u00f3stico y en el tratamiento de las enfermedades tor\u00e1cicas; y sigue siendo una exploraci\u00f3n imprescindible en la pr\u00e1ctica m\u00e9dica. La llegada de nuevos Tom\u00f3grafos Computarizados de alta resoluci\u00f3n, helicoidales y multidetectores, as\u00ed como el desarrollo de la resonancia magn\u00e9tica han representado un vuelco <a href=\"https:\/\/ramse.es\/wordpress\/la-radiologia-toracica-en-el-siglo-xxi\/\">[...]<\/a><\/p><\/div><\/div><div class=\"fusion-clearfix\"><\/div><div class=\"fusion-meta-info\"><div class=\"fusion-alignright\"><a class=\"fusion-read-more\" href=\"https:\/\/ramse.es\/wordpress\/la-radiologia-toracica-en-el-siglo-xxi\/\" aria-label=\"More on La radiolog\u00eda tor\u00e1cica en el siglo XXI\">Leer M\u00e1s<\/a><\/div><\/div><\/article>\n<article id=\"blog-1-post-1981\" class=\"fusion-post-large-alternate post-1981 post type-post status-publish format-standard hentry category-uncategorized\">\n\t<style type=\"text\/css\">\n\t\t\n\t\t\n\t\t\n\t\t\n\t\t\t<\/style>\n\n\n<div class=\"fusion-date-and-formats\"><div class=\"fusion-date-box updated\"><span class=\"fusion-date\">junio<\/span><span class=\"fusion-month-year\">8:28 am<\/span><\/div><div class=\"fusion-format-box\"><i class=\"awb-icon-pen\" aria-hidden=\"true\"><\/i><\/div><\/div><div class=\"fusion-post-content post-content\"><h2 class=\"blog-shortcode-post-title entry-title\"><a href=\"https:\/\/ramse.es\/wordpress\/la-coleccion-artistica\/\">La colecci\u00f3n art\u00edstica<\/a><\/h2><p class=\"fusion-single-line-meta\">Por <span class=\"vcard\"><span class=\"fn\"><a href=\"https:\/\/ramse.es\/wordpress\/author\/ivan_z0qj9h4b\/\" title=\"Entradas de admin\" rel=\"author\">admin<\/a><\/span><\/span><span class=\"fusion-inline-sep\">|<\/span><span class=\"updated\" style=\"display:none;\">2010-06-15T08:28:46+02:00<\/span><span>junio 15th, 2010<\/span><span class=\"fusion-inline-sep\">|<\/span>Categor\u00edas: <a href=\"https:\/\/ramse.es\/wordpress\/category\/uncategorized\/\" rel=\"category tag\">Uncategorized<\/a><span class=\"fusion-inline-sep\">|<\/span><\/p><div class=\"fusion-post-content-container\"><p>La Real Academia de Medicina de Sevilla posee una espl\u00e9ndida colecci\u00f3n de obras de arte, que esta Regia Corporaci\u00f3n se ha preocupado de formar y conservar, desde sus primeros tiempos. Por su misma tem\u00e1tica, podemos dividir ese conjunto en retratos reales, composiciones de tema religioso, retratos de se\u00f1ores Presidentes y de diversas personalidades cient\u00edficas e hist\u00f3ricas. Hay que destacar las colecciones de grabados, especialmente los de car\u00e1cter anat\u00f3mico. Y Tambi\u00e9n, <a href=\"https:\/\/ramse.es\/wordpress\/la-coleccion-artistica\/\">[...]<\/a><\/p><\/div><\/div><div class=\"fusion-clearfix\"><\/div><div class=\"fusion-meta-info\"><div class=\"fusion-alignright\"><a class=\"fusion-read-more\" href=\"https:\/\/ramse.es\/wordpress\/la-coleccion-artistica\/\" aria-label=\"More on La colecci\u00f3n art\u00edstica\">Leer M\u00e1s<\/a><\/div><\/div><\/article>\n<article id=\"blog-1-post-1980\" class=\"fusion-post-large-alternate post-1980 post type-post status-publish format-standard hentry category-premios-academia category-uncategorized\">\n\t<style type=\"text\/css\">\n\t\t\n\t\t\n\t\t\n\t\t\n\t\t\t<\/style>\n\n\n<div class=\"fusion-date-and-formats\"><div class=\"fusion-date-box updated\"><span class=\"fusion-date\">junio<\/span><span class=\"fusion-month-year\">8:07 am<\/span><\/div><div class=\"fusion-format-box\"><i class=\"awb-icon-pen\" aria-hidden=\"true\"><\/i><\/div><\/div><div class=\"fusion-post-content post-content\"><h2 class=\"blog-shortcode-post-title entry-title\"><a href=\"https:\/\/ramse.es\/wordpress\/premios\/\">Premios<\/a><\/h2><p class=\"fusion-single-line-meta\">Por <span class=\"vcard\"><span class=\"fn\"><a href=\"https:\/\/ramse.es\/wordpress\/author\/ivan_z0qj9h4b\/\" title=\"Entradas de admin\" rel=\"author\">admin<\/a><\/span><\/span><span class=\"fusion-inline-sep\">|<\/span><span class=\"updated\" style=\"display:none;\">2020-04-13T11:35:16+02:00<\/span><span>junio 15th, 2010<\/span><span class=\"fusion-inline-sep\">|<\/span>Categor\u00edas: <a href=\"https:\/\/ramse.es\/wordpress\/category\/premios-academia\/\" rel=\"category tag\">Premios Academia<\/a>, <a href=\"https:\/\/ramse.es\/wordpress\/category\/uncategorized\/\" rel=\"category tag\">Uncategorized<\/a><span class=\"fusion-inline-sep\">|<\/span><\/p><div class=\"fusion-post-content-container\"><p>Resoluci\u00f3n del Concurso Cient\u00edfico de Premios convocados por la Real Academia de Medicina y Cirug\u00eda de Sevilla correspondientes al a\u00f1o 2019 Una vez o\u00eddas las propuestas de los jurados calificadores nombrados para cada premio, el Pleno Acad\u00e9mico, reunido en sesi\u00f3n ordinaria el d\u00eda 3 de diciembre del presente a\u00f1o, ha acordado conceder los siguientes premios: El resto de los premios convocados no se han concedido o han quedado desiertos. - <a href=\"https:\/\/ramse.es\/wordpress\/premios\/\">[...]<\/a><\/p><\/div><\/div><div class=\"fusion-clearfix\"><\/div><div class=\"fusion-meta-info\"><div class=\"fusion-alignright\"><a class=\"fusion-read-more\" href=\"https:\/\/ramse.es\/wordpress\/premios\/\" aria-label=\"More on Premios\">Leer M\u00e1s<\/a><\/div><\/div><\/article>\n<article id=\"blog-1-post-1998\" class=\"fusion-post-large-alternate post-1998 post type-post status-publish format-standard has-post-thumbnail hentry category-latest-news\">\n\t<style type=\"text\/css\">\n\t\t\n\t\t\n\t\t\n\t\t\n\t\t\t<\/style>\n\n\n\t\t\t<div class=\"fusion-flexslider flexslider fusion-flexslider-loading fusion-post-slideshow\" style=\"\">\n\t\t<ul class=\"slides\">\n\t\t\t\n\t\t\t\t\t\t\t\t\t\t\t\t\t\t<li><div  class=\"fusion-image-wrapper\" aria-haspopup=\"true\">\n\t\t\t\t<img decoding=\"async\" width=\"448\" height=\"300\" src=\"https:\/\/ramse.es\/wordpress\/wp-content\/uploads\/2010\/06\/dsc_0491web.jpg\" class=\"attachment-full size-full wp-post-image\" alt=\"Medicina y Medios de Comunicaci\u00f3n\" srcset=\"https:\/\/ramse.es\/wordpress\/wp-content\/uploads\/2010\/06\/dsc_0491web-200x134.jpg 200w, https:\/\/ramse.es\/wordpress\/wp-content\/uploads\/2010\/06\/dsc_0491web-400x268.jpg 400w, https:\/\/ramse.es\/wordpress\/wp-content\/uploads\/2010\/06\/dsc_0491web.jpg 448w\" sizes=\"(max-width: 1000px) 100vw, 448px\" \/><div class=\"fusion-rollover\">\n\t<div class=\"fusion-rollover-content\">\n\n\t\t\t\t\t\t\t\t\t\t\t\t\t\t<a class=\"fusion-rollover-link\" href=\"https:\/\/ramse.es\/wordpress\/la-medicina-y-los-medios-de-comunicacion-a-debate\/\">La medicina y los medios de comunicaci\u00f3n, a debate<\/a>\n\t\t\t\n\t\t\t\t\t\t\t\t\t\t\t\t\t\t\n\t\t\t\t\t\t\t\t\n\t\t\t\t\t\t\t\t\t\t\t\t\t<div class=\"fusion-rollover-sep\"><\/div>\n\t\t\t\t\n\t\t\t\t\t\t\t\t\t\t\t\t\t\t\t\t\t\t<a class=\"fusion-rollover-gallery\" href=\"https:\/\/ramse.es\/wordpress\/wp-content\/uploads\/2010\/06\/dsc_0491web.jpg\" data-id=\"1998\" data-rel=\"iLightbox[gallery]\" data-title=\"Medicina y Medios de Comunicaci\u00f3n\" data-caption=\"Medicina y Medios de Comunicaci\u00f3n\">\n\t\t\t\t\t\tGaler\u00eda\t\t\t\t\t<\/a>\n\t\t\t\t\t\t\t\t\t\t\t\t\t\t\n\t\t\n\t\t\t\t\t\t\t\t\n\t\t\t\t\t\t\t\t\n\t\t\n\t\t\t\t\t\t<a class=\"fusion-link-wrapper\" href=\"https:\/\/ramse.es\/wordpress\/la-medicina-y-los-medios-de-comunicacion-a-debate\/\" aria-label=\"La medicina y los medios de comunicaci\u00f3n, a debate\"><\/a>\n\t<\/div>\n<\/div>\n<\/div>\n<\/li>\n\t\t\t\n\t\t\t\n\t\t\t\t\t\t\t\t\t\t\t\t\t\t\t\t\t\t\t\t\t\t\t\t\t\t\t\t\t\t\t\t\t\t\t\t\t\t\t\t\t\t\t\t\t\t\t\t\t\t\t\t\t\t\t\t\t\t\t\t\t\t\t\t\t\t\t\t<\/ul>\n\t<\/div>\n\t<div class=\"fusion-date-and-formats\"><div class=\"fusion-date-box updated\"><span class=\"fusion-date\">junio<\/span><span class=\"fusion-month-year\">12:00 am<\/span><\/div><div class=\"fusion-format-box\"><i class=\"awb-icon-pen\" aria-hidden=\"true\"><\/i><\/div><\/div><div class=\"fusion-post-content post-content\"><h2 class=\"blog-shortcode-post-title entry-title\"><a href=\"https:\/\/ramse.es\/wordpress\/la-medicina-y-los-medios-de-comunicacion-a-debate\/\">La medicina y los medios de comunicaci\u00f3n, a debate<\/a><\/h2><p class=\"fusion-single-line-meta\">Por <span class=\"vcard\"><span class=\"fn\"><a href=\"https:\/\/ramse.es\/wordpress\/author\/ivan_z0qj9h4b\/\" title=\"Entradas de admin\" rel=\"author\">admin<\/a><\/span><\/span><span class=\"fusion-inline-sep\">|<\/span><span class=\"updated\" style=\"display:none;\">2010-06-10T00:00:00+02:00<\/span><span>junio 10th, 2010<\/span><span class=\"fusion-inline-sep\">|<\/span>Categor\u00edas: <a href=\"https:\/\/ramse.es\/wordpress\/category\/news\/latest-news\/\" rel=\"category tag\">Noticias<\/a><span class=\"fusion-inline-sep\">|<\/span><\/p><div class=\"fusion-post-content-container\"><p>\u00a0 La Academia de Medicina celebr\u00f3 una mesa redonda en la que abordaron la relaci\u00f3n entre los medios de comunicaci\u00f3n y la medicina, mostrando la visi\u00f3n real de lo que es p\u00fablico, la importancia de la veracidad y el rigor, la necesidad de informar sin alarmar, la comercializaci\u00f3n de la informaci\u00f3n o la distorsi\u00f3n de los mensajes, entre otros. \u00a0 Mesa redonda, estuvo moderada por el director del diario ABC <a href=\"https:\/\/ramse.es\/wordpress\/la-medicina-y-los-medios-de-comunicacion-a-debate\/\">[...]<\/a><\/p><\/div><\/div><div class=\"fusion-clearfix\"><\/div><div class=\"fusion-meta-info\"><div class=\"fusion-alignright\"><a class=\"fusion-read-more\" href=\"https:\/\/ramse.es\/wordpress\/la-medicina-y-los-medios-de-comunicacion-a-debate\/\" aria-label=\"More on La medicina y los medios de comunicaci\u00f3n, a debate\">Leer M\u00e1s<\/a><\/div><\/div><\/article>\n<article id=\"blog-1-post-1996\" class=\"fusion-post-large-alternate post-1996 post type-post status-publish format-standard has-post-thumbnail hentry category-latest-news\">\n\t<style type=\"text\/css\">\n\t\t\n\t\t\n\t\t\n\t\t\n\t\t\t<\/style>\n\n\n\t\t\t<div class=\"fusion-flexslider flexslider fusion-flexslider-loading fusion-post-slideshow\" style=\"\">\n\t\t<ul class=\"slides\">\n\t\t\t\n\t\t\t\t\t\t\t\t\t\t\t\t\t\t<li><div  class=\"fusion-image-wrapper\" aria-haspopup=\"true\">\n\t\t\t\t<img decoding=\"async\" width=\"448\" height=\"336\" src=\"https:\/\/ramse.es\/wordpress\/wp-content\/uploads\/2010\/05\/10005_1163web.jpg\" class=\"attachment-full size-full wp-post-image\" alt=\"D\u00eda de la Academia\" srcset=\"https:\/\/ramse.es\/wordpress\/wp-content\/uploads\/2010\/05\/10005_1163web-200x150.jpg 200w, https:\/\/ramse.es\/wordpress\/wp-content\/uploads\/2010\/05\/10005_1163web-400x300.jpg 400w, https:\/\/ramse.es\/wordpress\/wp-content\/uploads\/2010\/05\/10005_1163web.jpg 448w\" sizes=\"(max-width: 1000px) 100vw, 448px\" \/><div class=\"fusion-rollover\">\n\t<div class=\"fusion-rollover-content\">\n\n\t\t\t\t\t\t\t\t\t\t\t\t\t\t<a class=\"fusion-rollover-link\" href=\"https:\/\/ramse.es\/wordpress\/dia-de-la-academia\/\">D\u00eda de la Academia<\/a>\n\t\t\t\n\t\t\t\t\t\t\t\t\t\t\t\t\t\t\n\t\t\t\t\t\t\t\t\n\t\t\t\t\t\t\t\t\t\t\t\t\t<div class=\"fusion-rollover-sep\"><\/div>\n\t\t\t\t\n\t\t\t\t\t\t\t\t\t\t\t\t\t\t\t\t\t\t<a class=\"fusion-rollover-gallery\" href=\"https:\/\/ramse.es\/wordpress\/wp-content\/uploads\/2010\/05\/10005_1163web.jpg\" data-id=\"1996\" data-rel=\"iLightbox[gallery]\" data-title=\"D\u00eda de la Academia\" data-caption=\"D\u00eda de la Academia\">\n\t\t\t\t\t\tGaler\u00eda\t\t\t\t\t<\/a>\n\t\t\t\t\t\t\t\t\t\t\t\t\t\t\n\t\t\n\t\t\t\t\t\t\t\t\n\t\t\t\t\t\t\t\t\n\t\t\n\t\t\t\t\t\t<a class=\"fusion-link-wrapper\" href=\"https:\/\/ramse.es\/wordpress\/dia-de-la-academia\/\" aria-label=\"D\u00eda de la Academia\"><\/a>\n\t<\/div>\n<\/div>\n<\/div>\n<\/li>\n\t\t\t\n\t\t\t\n\t\t\t\t\t\t\t\t\t\t\t\t\t\t\t\t\t\t\t\t\t\t\t\t\t\t\t\t\t\t\t\t\t\t\t\t\t\t\t\t\t\t\t\t\t\t\t\t\t\t\t\t\t\t\t\t\t\t\t\t\t\t\t\t\t\t\t\t<\/ul>\n\t<\/div>\n\t<div class=\"fusion-date-and-formats\"><div class=\"fusion-date-box updated\"><span class=\"fusion-date\">mayo<\/span><span class=\"fusion-month-year\">12:00 am<\/span><\/div><div class=\"fusion-format-box\"><i class=\"awb-icon-pen\" aria-hidden=\"true\"><\/i><\/div><\/div><div class=\"fusion-post-content post-content\"><h2 class=\"blog-shortcode-post-title entry-title\"><a href=\"https:\/\/ramse.es\/wordpress\/dia-de-la-academia\/\">D\u00eda de la Academia<\/a><\/h2><p class=\"fusion-single-line-meta\">Por <span class=\"vcard\"><span class=\"fn\"><a href=\"https:\/\/ramse.es\/wordpress\/author\/ivan_z0qj9h4b\/\" title=\"Entradas de admin\" rel=\"author\">admin<\/a><\/span><\/span><span class=\"fusion-inline-sep\">|<\/span><span class=\"updated\" style=\"display:none;\">2010-05-20T00:00:00+02:00<\/span><span>mayo 20th, 2010<\/span><span class=\"fusion-inline-sep\">|<\/span>Categor\u00edas: <a href=\"https:\/\/ramse.es\/wordpress\/category\/news\/latest-news\/\" rel=\"category tag\">Noticias<\/a><span class=\"fusion-inline-sep\">|<\/span><\/p><div class=\"fusion-post-content-container\"><p>La regia sociedad celebr\u00f3 el D\u00eda de la Academia con una sesi\u00f3n cient\u00edfica, p\u00fablica y extraordinaria que ser\u00e1 conmemorativa del 310 aniversario de la Real Academia de Medicina de Sevilla, en la que participaron los doctores Pedro S\u00e1nchez Guijo y Jos\u00e9 Luis Serrera Contreras con sendas conferencias sobre el Dr. Gregorio Mara\u00f1\u00f3n, en el 50 aniversario de su fallecimiento, y sobre Asclepios\/Esculapio y la medicina prehipocr\u00e1tica. El catedr\u00e1tico S\u00e1nchez Guijo <a href=\"https:\/\/ramse.es\/wordpress\/dia-de-la-academia\/\">[...]<\/a><\/p><\/div><\/div><div class=\"fusion-clearfix\"><\/div><div class=\"fusion-meta-info\"><div class=\"fusion-alignright\"><a class=\"fusion-read-more\" href=\"https:\/\/ramse.es\/wordpress\/dia-de-la-academia\/\" aria-label=\"More on D\u00eda de la Academia\">Leer M\u00e1s<\/a><\/div><\/div><\/article>\n<article id=\"blog-1-post-1969\" class=\"fusion-post-large-alternate post-1969 post type-post status-publish format-standard hentry category-uncategorized\">\n\t<style type=\"text\/css\">\n\t\t\n\t\t\n\t\t\n\t\t\n\t\t\t<\/style>\n\n\n<div class=\"fusion-date-and-formats\"><div class=\"fusion-date-box updated\"><span class=\"fusion-date\">mayo<\/span><span class=\"fusion-month-year\">6:52 pm<\/span><\/div><div class=\"fusion-format-box\"><i class=\"awb-icon-pen\" aria-hidden=\"true\"><\/i><\/div><\/div><div class=\"fusion-post-content post-content\"><h2 class=\"blog-shortcode-post-title entry-title\"><a href=\"https:\/\/ramse.es\/wordpress\/institucional\/\">Institucional<\/a><\/h2><p class=\"fusion-single-line-meta\">Por <span class=\"vcard\"><span class=\"fn\"><a href=\"https:\/\/ramse.es\/wordpress\/author\/ivan_z0qj9h4b\/\" title=\"Entradas de admin\" rel=\"author\">admin<\/a><\/span><\/span><span class=\"fusion-inline-sep\">|<\/span><span class=\"updated\" style=\"display:none;\">2010-05-15T18:52:05+02:00<\/span><span>mayo 15th, 2010<\/span><span class=\"fusion-inline-sep\">|<\/span>Categor\u00edas: <a href=\"https:\/\/ramse.es\/wordpress\/category\/uncategorized\/\" rel=\"category tag\">Uncategorized<\/a><span class=\"fusion-inline-sep\">|<\/span><\/p><div class=\"fusion-post-content-container\"><p>Junta de Gobierno Presidente: Excmo. Sr. Dr. D. Jes\u00fas Casti\u00f1eiras Fern\u00e1ndez.Vicepresidente: Ilmo. Sr. Dr. D. Juan Bautista Alca\u00f1iz Folch. Secretario General: Ilmo. Sr. Dr. D. Federico Arg\u00fcelles Mart\u00edn.Vicesecretario: Ilmo. Sr. Dr. D. Miguel \u00c1ngel Muniain Ezcurria.Tesorero: Ilmo. Sr. Dr. D. Jos\u00e9 Rojas Rodr\u00edguez.Bibliotecario: Ilmo. Sr. Dr. D. Joaqu\u00edn Nu\u00f1ez Fuster.Conservador: Ilmo. Sr. Dr. D. Jos\u00e9 Rojas Rodr\u00edguez.Vocal: Ilmo. Sr. Dr. D. Fernando S\u00e1enz L\u00f3pez de Rueda. \u00a0 Acad\u00e9micos de Honor <a href=\"https:\/\/ramse.es\/wordpress\/institucional\/\">[...]<\/a><\/p><\/div><\/div><div class=\"fusion-clearfix\"><\/div><div class=\"fusion-meta-info\"><div class=\"fusion-alignright\"><a class=\"fusion-read-more\" href=\"https:\/\/ramse.es\/wordpress\/institucional\/\" aria-label=\"More on Institucional\">Leer M\u00e1s<\/a><\/div><\/div><\/article>\n<article id=\"blog-1-post-1968\" class=\"fusion-post-large-alternate post-1968 post type-post status-publish format-standard has-post-thumbnail hentry category-uncategorized\">\n\t<style type=\"text\/css\">\n\t\t\n\t\t\n\t\t\n\t\t\n\t\t\t<\/style>\n\n\n\t\t\t<div class=\"fusion-flexslider flexslider fusion-flexslider-loading fusion-post-slideshow\" style=\"\">\n\t\t<ul class=\"slides\">\n\t\t\t\n\t\t\t\t\t\t\t\t\t\t\t\t\t\t<li><div  class=\"fusion-image-wrapper\" aria-haspopup=\"true\">\n\t\t\t\t<img decoding=\"async\" width=\"608\" height=\"178\" src=\"https:\/\/ramse.es\/wordpress\/wp-content\/uploads\/2010\/05\/historia1.jpg\" class=\"attachment-full size-full wp-post-image\" alt=\"\" srcset=\"https:\/\/ramse.es\/wordpress\/wp-content\/uploads\/2010\/05\/historia1-200x59.jpg 200w, https:\/\/ramse.es\/wordpress\/wp-content\/uploads\/2010\/05\/historia1-400x117.jpg 400w, https:\/\/ramse.es\/wordpress\/wp-content\/uploads\/2010\/05\/historia1-600x176.jpg 600w, https:\/\/ramse.es\/wordpress\/wp-content\/uploads\/2010\/05\/historia1.jpg 608w\" sizes=\"(max-width: 1000px) 100vw, 608px\" \/><div class=\"fusion-rollover\">\n\t<div class=\"fusion-rollover-content\">\n\n\t\t\t\t\t\t\t\t\t\t\t\t\t\t<a class=\"fusion-rollover-link\" href=\"https:\/\/ramse.es\/wordpress\/historia\/\">Historia<\/a>\n\t\t\t\n\t\t\t\t\t\t\t\t\t\t\t\t\t\t\n\t\t\t\t\t\t\t\t\n\t\t\t\t\t\t\t\t\t\t\t\t\t<div class=\"fusion-rollover-sep\"><\/div>\n\t\t\t\t\n\t\t\t\t\t\t\t\t\t\t\t\t\t\t\t\t\t\t<a class=\"fusion-rollover-gallery\" href=\"https:\/\/ramse.es\/wordpress\/wp-content\/uploads\/2010\/05\/historia1.jpg\" data-id=\"1968\" data-rel=\"iLightbox[gallery]\" data-title=\"historia1\" data-caption=\"Regia Sociedad Hispalense\">\n\t\t\t\t\t\tGaler\u00eda\t\t\t\t\t<\/a>\n\t\t\t\t\t\t\t\t\t\t\t\t\t\t\n\t\t\n\t\t\t\t\t\t\t\t\n\t\t\t\t\t\t\t\t\n\t\t\n\t\t\t\t\t\t<a class=\"fusion-link-wrapper\" href=\"https:\/\/ramse.es\/wordpress\/historia\/\" aria-label=\"Historia\"><\/a>\n\t<\/div>\n<\/div>\n<\/div>\n<\/li>\n\t\t\t\n\t\t\t\n\t\t\t\t\t\t\t\t\t\t\t\t\t\t\t\t\t\t\t\t\t\t\t\t\t\t\t\t\t\t\t\t\t\t\t\t\t\t\t\t\t\t\t\t\t\t\t\t\t\t\t\t\t\t\t\t\t\t\t\t\t\t\t\t\t\t\t\t<\/ul>\n\t<\/div>\n\t<div class=\"fusion-date-and-formats\"><div class=\"fusion-date-box updated\"><span class=\"fusion-date\">mayo<\/span><span class=\"fusion-month-year\">6:42 pm<\/span><\/div><div class=\"fusion-format-box\"><i class=\"awb-icon-pen\" aria-hidden=\"true\"><\/i><\/div><\/div><div class=\"fusion-post-content post-content\"><h2 class=\"blog-shortcode-post-title entry-title\"><a href=\"https:\/\/ramse.es\/wordpress\/historia\/\">Historia<\/a><\/h2><p class=\"fusion-single-line-meta\">Por <span class=\"vcard\"><span class=\"fn\"><a href=\"https:\/\/ramse.es\/wordpress\/author\/ivan_z0qj9h4b\/\" title=\"Entradas de admin\" rel=\"author\">admin<\/a><\/span><\/span><span class=\"fusion-inline-sep\">|<\/span><span class=\"updated\" style=\"display:none;\">2010-05-15T18:42:36+02:00<\/span><span>mayo 15th, 2010<\/span><span class=\"fusion-inline-sep\">|<\/span>Categor\u00edas: <a href=\"https:\/\/ramse.es\/wordpress\/category\/uncategorized\/\" rel=\"category tag\">Uncategorized<\/a><span class=\"fusion-inline-sep\">|<\/span><\/p><div class=\"fusion-post-content-container\"><p>La Real Academia de Medicina y Cirug\u00eda de Sevilla, con 314 a\u00f1os de historia es la m\u00e1s antigua de Europa. En esta secci\u00f3n se pueden encontrar diversos cap\u00edtulos de inter\u00e9s hist\u00f3rico as\u00ed como un an\u00e1lisis sobre la evoluci\u00f3n de los emblemas y escudos usados por la RAMSE. Historia Emblemas y Escudos Historia La historia de la Medicina sevillana, tiene un hito, all\u00e1 por los a\u00f1os del Se\u00f1or de 1693, cuando <a href=\"https:\/\/ramse.es\/wordpress\/historia\/\">[...]<\/a><\/p><\/div><\/div><div class=\"fusion-clearfix\"><\/div><div class=\"fusion-meta-info\"><div class=\"fusion-alignright\"><a class=\"fusion-read-more\" href=\"https:\/\/ramse.es\/wordpress\/historia\/\" aria-label=\"More on Historia\">Leer M\u00e1s<\/a><\/div><\/div><\/article>\n<article id=\"blog-1-post-1960\" class=\"fusion-post-large-alternate post-1960 post type-post status-publish format-standard has-post-thumbnail hentry category-uncategorized\">\n\t<style type=\"text\/css\">\n\t\t\n\t\t\n\t\t\n\t\t\n\t\t\t<\/style>\n\n\n\t\t\t<div class=\"fusion-flexslider flexslider fusion-flexslider-loading fusion-post-slideshow\" style=\"\">\n\t\t<ul class=\"slides\">\n\t\t\t\n\t\t\t\t\t\t\t\t\t\t\t\t\t\t<li><div  class=\"fusion-image-wrapper\" aria-haspopup=\"true\">\n\t\t\t\t<img decoding=\"async\" width=\"608\" height=\"178\" src=\"https:\/\/ramse.es\/wordpress\/wp-content\/uploads\/2010\/05\/biblioteca.jpg\" class=\"attachment-full size-full wp-post-image\" alt=\"\" srcset=\"https:\/\/ramse.es\/wordpress\/wp-content\/uploads\/2010\/05\/biblioteca-200x59.jpg 200w, https:\/\/ramse.es\/wordpress\/wp-content\/uploads\/2010\/05\/biblioteca-400x117.jpg 400w, https:\/\/ramse.es\/wordpress\/wp-content\/uploads\/2010\/05\/biblioteca-600x176.jpg 600w, https:\/\/ramse.es\/wordpress\/wp-content\/uploads\/2010\/05\/biblioteca.jpg 608w\" sizes=\"(max-width: 1000px) 100vw, 608px\" \/><div class=\"fusion-rollover\">\n\t<div class=\"fusion-rollover-content\">\n\n\t\t\t\t\t\t\t\t\t\t\t\t\t\t<a class=\"fusion-rollover-link\" href=\"https:\/\/ramse.es\/wordpress\/biblioteca\/\">Biblioteca<\/a>\n\t\t\t\n\t\t\t\t\t\t\t\t\t\t\t\t\t\t\n\t\t\t\t\t\t\t\t\n\t\t\t\t\t\t\t\t\t\t\t\t\t<div class=\"fusion-rollover-sep\"><\/div>\n\t\t\t\t\n\t\t\t\t\t\t\t\t\t\t\t\t\t\t\t\t\t\t<a class=\"fusion-rollover-gallery\" href=\"https:\/\/ramse.es\/wordpress\/wp-content\/uploads\/2010\/05\/biblioteca.jpg\" data-id=\"1960\" data-rel=\"iLightbox[gallery]\" data-title=\"biblioteca\" data-caption=\"Biblioteca\">\n\t\t\t\t\t\tGaler\u00eda\t\t\t\t\t<\/a>\n\t\t\t\t\t\t\t\t\t\t\t\t\t\t\n\t\t\n\t\t\t\t\t\t\t\t\n\t\t\t\t\t\t\t\t\n\t\t\n\t\t\t\t\t\t<a class=\"fusion-link-wrapper\" href=\"https:\/\/ramse.es\/wordpress\/biblioteca\/\" aria-label=\"Biblioteca\"><\/a>\n\t<\/div>\n<\/div>\n<\/div>\n<\/li>\n\t\t\t\n\t\t\t\n\t\t\t\t\t\t\t\t\t\t\t\t\t\t\t\t\t\t\t\t\t\t\t\t\t\t\t\t\t\t\t\t\t\t\t\t\t\t\t\t\t\t\t\t\t\t\t\t\t\t\t\t\t\t\t\t\t\t\t\t\t\t\t\t\t\t\t\t<\/ul>\n\t<\/div>\n\t<div class=\"fusion-date-and-formats\"><div class=\"fusion-date-box updated\"><span class=\"fusion-date\">mayo<\/span><span class=\"fusion-month-year\">7:40 pm<\/span><\/div><div class=\"fusion-format-box\"><i class=\"awb-icon-pen\" aria-hidden=\"true\"><\/i><\/div><\/div><div class=\"fusion-post-content post-content\"><h2 class=\"blog-shortcode-post-title entry-title\"><a href=\"https:\/\/ramse.es\/wordpress\/biblioteca\/\">Biblioteca<\/a><\/h2><p class=\"fusion-single-line-meta\">Por <span class=\"vcard\"><span class=\"fn\"><a href=\"https:\/\/ramse.es\/wordpress\/author\/ivan_z0qj9h4b\/\" title=\"Entradas de admin\" rel=\"author\">admin<\/a><\/span><\/span><span class=\"fusion-inline-sep\">|<\/span><span class=\"updated\" style=\"display:none;\">2010-05-14T19:40:25+02:00<\/span><span>mayo 14th, 2010<\/span><span class=\"fusion-inline-sep\">|<\/span>Categor\u00edas: <a href=\"https:\/\/ramse.es\/wordpress\/category\/uncategorized\/\" rel=\"category tag\">Uncategorized<\/a><span class=\"fusion-inline-sep\">|<\/span><\/p><div class=\"fusion-post-content-container\"><p>La Real Academia de Medicina de Sevilla est\u00e1 ultimando el acceso directo a trav\u00e9s de internet. Hasta que est\u00e9 concluido, podr\u00e1n acceder por e-mail a la base de datos (a trav\u00e9s del Acad\u00e9mico Bibliotecario) con m\u00e1s de 13.000 vol\u00famenes y documentos informatizados, con la informaci\u00f3n que requieran Profesores e Investigadores \u00a0<\/p><\/div><\/div><div class=\"fusion-clearfix\"><\/div><div class=\"fusion-meta-info\"><div class=\"fusion-alignright\"><a class=\"fusion-read-more\" href=\"https:\/\/ramse.es\/wordpress\/biblioteca\/\" aria-label=\"More on Biblioteca\">Leer M\u00e1s<\/a><\/div><\/div><\/article>\n<article id=\"blog-1-post-1993\" class=\"fusion-post-large-alternate post-1993 post type-post status-publish format-standard has-post-thumbnail hentry category-latest-news\">\n\t<style type=\"text\/css\">\n\t\t\n\t\t\n\t\t\n\t\t\n\t\t\t<\/style>\n\n\n\t\t\t<div class=\"fusion-flexslider flexslider fusion-flexslider-loading fusion-post-slideshow\" style=\"\">\n\t\t<ul class=\"slides\">\n\t\t\t\n\t\t\t\t\t\t\t\t\t\t\t\t\t\t<li><div  class=\"fusion-image-wrapper\" aria-haspopup=\"true\">\n\t\t\t\t<img decoding=\"async\" width=\"448\" height=\"336\" src=\"https:\/\/ramse.es\/wordpress\/wp-content\/uploads\/2010\/05\/p1010712web.jpg\" class=\"attachment-full size-full wp-post-image\" alt=\"T\u00e9cnicas especiales en el tratamiento del dolor cr\u00f3nico\" srcset=\"https:\/\/ramse.es\/wordpress\/wp-content\/uploads\/2010\/05\/p1010712web-200x150.jpg 200w, https:\/\/ramse.es\/wordpress\/wp-content\/uploads\/2010\/05\/p1010712web-400x300.jpg 400w, https:\/\/ramse.es\/wordpress\/wp-content\/uploads\/2010\/05\/p1010712web.jpg 448w\" sizes=\"(max-width: 1000px) 100vw, 448px\" \/><div class=\"fusion-rollover\">\n\t<div class=\"fusion-rollover-content\">\n\n\t\t\t\t\t\t\t\t\t\t\t\t\t\t<a class=\"fusion-rollover-link\" href=\"https:\/\/ramse.es\/wordpress\/el-dolor-cronico-puede-afectar-al-25-40-de-los-espanoles\/\">El dolor cr\u00f3nico puede afectar al 25-40% de los espa\u00f1oles<\/a>\n\t\t\t\n\t\t\t\t\t\t\t\t\t\t\t\t\t\t\n\t\t\t\t\t\t\t\t\n\t\t\t\t\t\t\t\t\t\t\t\t\t<div class=\"fusion-rollover-sep\"><\/div>\n\t\t\t\t\n\t\t\t\t\t\t\t\t\t\t\t\t\t\t\t\t\t\t<a class=\"fusion-rollover-gallery\" href=\"https:\/\/ramse.es\/wordpress\/wp-content\/uploads\/2010\/05\/p1010712web.jpg\" data-id=\"1993\" data-rel=\"iLightbox[gallery]\" data-title=\"T\u00e9cnicas especiales en el tratamiento del dolor cr\u00f3nico\" data-caption=\"T\u00e9cnicas especiales en el tratamiento del dolor cr\u00f3nico\">\n\t\t\t\t\t\tGaler\u00eda\t\t\t\t\t<\/a>\n\t\t\t\t\t\t\t\t\t\t\t\t\t\t\n\t\t\n\t\t\t\t\t\t\t\t\n\t\t\t\t\t\t\t\t\n\t\t\n\t\t\t\t\t\t<a class=\"fusion-link-wrapper\" href=\"https:\/\/ramse.es\/wordpress\/el-dolor-cronico-puede-afectar-al-25-40-de-los-espanoles\/\" aria-label=\"El dolor cr\u00f3nico puede afectar al 25-40% de los espa\u00f1oles\"><\/a>\n\t<\/div>\n<\/div>\n<\/div>\n<\/li>\n\t\t\t\n\t\t\t\n\t\t\t\t\t\t\t\t\t\t\t\t\t\t\t\t\t\t\t\t\t\t\t\t\t\t\t\t\t\t\t\t\t\t\t\t\t\t\t\t\t\t\t\t\t\t\t\t\t\t\t\t\t\t\t\t\t\t\t\t\t\t\t\t\t\t\t\t<\/ul>\n\t<\/div>\n\t<div class=\"fusion-date-and-formats\"><div class=\"fusion-date-box updated\"><span class=\"fusion-date\">mayo<\/span><span class=\"fusion-month-year\">12:00 am<\/span><\/div><div class=\"fusion-format-box\"><i class=\"awb-icon-pen\" aria-hidden=\"true\"><\/i><\/div><\/div><div class=\"fusion-post-content post-content\"><h2 class=\"blog-shortcode-post-title entry-title\"><a href=\"https:\/\/ramse.es\/wordpress\/el-dolor-cronico-puede-afectar-al-25-40-de-los-espanoles\/\">El dolor cr\u00f3nico puede afectar al 25-40% de los espa\u00f1oles<\/a><\/h2><p class=\"fusion-single-line-meta\">Por <span class=\"vcard\"><span class=\"fn\"><a href=\"https:\/\/ramse.es\/wordpress\/author\/ivan_z0qj9h4b\/\" title=\"Entradas de admin\" rel=\"author\">admin<\/a><\/span><\/span><span class=\"fusion-inline-sep\">|<\/span><span class=\"updated\" style=\"display:none;\">2010-05-06T00:00:00+02:00<\/span><span>mayo 6th, 2010<\/span><span class=\"fusion-inline-sep\">|<\/span>Categor\u00edas: <a href=\"https:\/\/ramse.es\/wordpress\/category\/news\/latest-news\/\" rel=\"category tag\">Noticias<\/a><span class=\"fusion-inline-sep\">|<\/span><\/p><div class=\"fusion-post-content-container\"><p>\u00a0 Dentro del programa de actividades que la Real Academia de Medicina de Sevilla, se celebr\u00f3 ayer una mesa redonda titulada \u201cT\u00e9cnicas especiales en el tratamiento del dolor cr\u00f3nico refractario\u201d en la que los profesionales Jos\u00e9 Guerrero Chinchilla, jefe de la Unidad de Dolor del Hospital Infanta Luisa; Enrique Ortega Ladr\u00f3n de Cegama, jefe de la Unidad de Dolor del Hospital Universitario R\u00edo Hortega de Valladolid; y Jos\u00e9 Manuel L\u00f3pez-Mill\u00e1n <a href=\"https:\/\/ramse.es\/wordpress\/el-dolor-cronico-puede-afectar-al-25-40-de-los-espanoles\/\">[...]<\/a><\/p><\/div><\/div><div class=\"fusion-clearfix\"><\/div><div class=\"fusion-meta-info\"><div class=\"fusion-alignright\"><a class=\"fusion-read-more\" href=\"https:\/\/ramse.es\/wordpress\/el-dolor-cronico-puede-afectar-al-25-40-de-los-espanoles\/\" aria-label=\"More on El dolor cr\u00f3nico puede afectar al 25-40% de los espa\u00f1oles\">Leer M\u00e1s<\/a><\/div><\/div><\/article>\n<article id=\"blog-1-post-1991\" class=\"fusion-post-large-alternate post-1991 post type-post status-publish format-standard has-post-thumbnail hentry category-latest-news\">\n\t<style type=\"text\/css\">\n\t\t\n\t\t\n\t\t\n\t\t\n\t\t\t<\/style>\n\n\n\t\t\t<div class=\"fusion-flexslider flexslider fusion-flexslider-loading fusion-post-slideshow\" style=\"\">\n\t\t<ul class=\"slides\">\n\t\t\t\n\t\t\t\t\t\t\t\t\t\t\t\t\t\t<li><div  class=\"fusion-image-wrapper\" aria-haspopup=\"true\">\n\t\t\t\t<img decoding=\"async\" width=\"720\" height=\"482\" src=\"https:\/\/ramse.es\/wordpress\/wp-content\/uploads\/2010\/04\/dsc_0208.jpg\" class=\"attachment-full size-full wp-post-image\" alt=\"Aspectos problem\u00e1ticos de la cirug\u00eda\" srcset=\"https:\/\/ramse.es\/wordpress\/wp-content\/uploads\/2010\/04\/dsc_0208-200x134.jpg 200w, https:\/\/ramse.es\/wordpress\/wp-content\/uploads\/2010\/04\/dsc_0208-400x268.jpg 400w, https:\/\/ramse.es\/wordpress\/wp-content\/uploads\/2010\/04\/dsc_0208-600x402.jpg 600w, https:\/\/ramse.es\/wordpress\/wp-content\/uploads\/2010\/04\/dsc_0208.jpg 720w\" sizes=\"(max-width: 1000px) 100vw, 720px\" \/><div class=\"fusion-rollover\">\n\t<div class=\"fusion-rollover-content\">\n\n\t\t\t\t\t\t\t\t\t\t\t\t\t\t<a class=\"fusion-rollover-link\" href=\"https:\/\/ramse.es\/wordpress\/el-90-de-los-errores-en-cirugia-ortopedica-y-traumatologia-hubieran-sido-evitados-con-la-correcta-aplicacion-de-un-protocolo-de-prevencion\/\">El 90% de los errores en cirug\u00eda ortop\u00e9dica y traumatolog\u00eda hubieran sido evitados con la correcta aplicaci\u00f3n de un protocolo de prevenci\u00f3n<\/a>\n\t\t\t\n\t\t\t\t\t\t\t\t\t\t\t\t\t\t\n\t\t\t\t\t\t\t\t\n\t\t\t\t\t\t\t\t\t\t\t\t\t<div class=\"fusion-rollover-sep\"><\/div>\n\t\t\t\t\n\t\t\t\t\t\t\t\t\t\t\t\t\t\t\t\t\t\t<a class=\"fusion-rollover-gallery\" href=\"https:\/\/ramse.es\/wordpress\/wp-content\/uploads\/2010\/04\/dsc_0208.jpg\" data-id=\"1991\" data-rel=\"iLightbox[gallery]\" data-title=\"Aspectos problem\u00e1ticos de la cirug\u00eda\" data-caption=\"Aspectos problem\u00e1ticos de la cirug\u00eda\">\n\t\t\t\t\t\tGaler\u00eda\t\t\t\t\t<\/a>\n\t\t\t\t\t\t\t\t\t\t\t\t\t\t\n\t\t\n\t\t\t\t\t\t\t\t\n\t\t\t\t\t\t\t\t\n\t\t\n\t\t\t\t\t\t<a class=\"fusion-link-wrapper\" href=\"https:\/\/ramse.es\/wordpress\/el-90-de-los-errores-en-cirugia-ortopedica-y-traumatologia-hubieran-sido-evitados-con-la-correcta-aplicacion-de-un-protocolo-de-prevencion\/\" aria-label=\"El 90% de los errores en cirug\u00eda ortop\u00e9dica y traumatolog\u00eda hubieran sido evitados con la correcta aplicaci\u00f3n de un protocolo de prevenci\u00f3n\"><\/a>\n\t<\/div>\n<\/div>\n<\/div>\n<\/li>\n\t\t\t\n\t\t\t\n\t\t\t\t\t\t\t\t\t\t\t\t\t\t\t\t\t\t\t\t\t\t\t\t\t\t\t\t\t\t\t\t\t\t\t\t\t\t\t\t\t\t\t\t\t\t\t\t\t\t\t\t\t\t\t\t\t\t\t\t\t\t\t\t\t\t\t\t<\/ul>\n\t<\/div>\n\t<div class=\"fusion-date-and-formats\"><div class=\"fusion-date-box updated\"><span class=\"fusion-date\">abril<\/span><span class=\"fusion-month-year\">12:00 am<\/span><\/div><div class=\"fusion-format-box\"><i class=\"awb-icon-pen\" aria-hidden=\"true\"><\/i><\/div><\/div><div class=\"fusion-post-content post-content\"><h2 class=\"blog-shortcode-post-title entry-title\"><a href=\"https:\/\/ramse.es\/wordpress\/el-90-de-los-errores-en-cirugia-ortopedica-y-traumatologia-hubieran-sido-evitados-con-la-correcta-aplicacion-de-un-protocolo-de-prevencion\/\">El 90% de los errores en cirug\u00eda ortop\u00e9dica y traumatolog\u00eda hubieran sido evitados con la correcta aplicaci\u00f3n de un protocolo de prevenci\u00f3n<\/a><\/h2><p class=\"fusion-single-line-meta\">Por <span class=\"vcard\"><span class=\"fn\"><a href=\"https:\/\/ramse.es\/wordpress\/author\/ivan_z0qj9h4b\/\" title=\"Entradas de admin\" rel=\"author\">admin<\/a><\/span><\/span><span class=\"fusion-inline-sep\">|<\/span><span class=\"updated\" style=\"display:none;\">2010-04-29T00:00:00+02:00<\/span><span>abril 29th, 2010<\/span><span class=\"fusion-inline-sep\">|<\/span>Categor\u00edas: <a href=\"https:\/\/ramse.es\/wordpress\/category\/news\/latest-news\/\" rel=\"category tag\">Noticias<\/a><span class=\"fusion-inline-sep\">|<\/span><\/p><div class=\"fusion-post-content-container\"><p>\u00a0 Algunos aspectos problem\u00e1ticos de la cirug\u00eda as\u00ed como sus repercusiones medi\u00e1ticas y m\u00e9dico-legales han sido los temas abordados en la Real Academia de Medicina de Sevilla, en una mesa redonda enmarcada dentro del programa de actividades que la, denominada Veneranda Tertulia M\u00e9dica Hispalense, est\u00e1 realizando y que se celebr\u00f3 ayer a \u00faltima hora de la tarde. Esta mesa ha sido moderada por el acad\u00e9mico numerario Fernando S\u00e1enz L\u00f3pez de <a href=\"https:\/\/ramse.es\/wordpress\/el-90-de-los-errores-en-cirugia-ortopedica-y-traumatologia-hubieran-sido-evitados-con-la-correcta-aplicacion-de-un-protocolo-de-prevencion\/\">[...]<\/a><\/p><\/div><\/div><div class=\"fusion-clearfix\"><\/div><div class=\"fusion-meta-info\"><div class=\"fusion-alignright\"><a class=\"fusion-read-more\" href=\"https:\/\/ramse.es\/wordpress\/el-90-de-los-errores-en-cirugia-ortopedica-y-traumatologia-hubieran-sido-evitados-con-la-correcta-aplicacion-de-un-protocolo-de-prevencion\/\" aria-label=\"More on El 90% de los errores en cirug\u00eda ortop\u00e9dica y traumatolog\u00eda hubieran sido evitados con la correcta aplicaci\u00f3n de un protocolo de prevenci\u00f3n\">Leer M\u00e1s<\/a><\/div><\/div><\/article>\n<article id=\"blog-1-post-1972\" class=\"fusion-post-large-alternate post-1972 post type-post status-publish format-standard has-post-thumbnail hentry category-latest-news\">\n\t<style type=\"text\/css\">\n\t\t\n\t\t\n\t\t\n\t\t\n\t\t\t<\/style>\n\n\n\t\t\t<div class=\"fusion-flexslider flexslider fusion-flexslider-loading fusion-post-slideshow\" style=\"\">\n\t\t<ul class=\"slides\">\n\t\t\t\n\t\t\t\t\t\t\t\t\t\t\t\t\t\t<li><div  class=\"fusion-image-wrapper\" aria-haspopup=\"true\">\n\t\t\t\t<img decoding=\"async\" width=\"567\" height=\"425\" src=\"https:\/\/ramse.es\/wordpress\/wp-content\/uploads\/2010\/04\/10004_102.jpg\" class=\"attachment-full size-full wp-post-image\" alt=\"Medicina y Tauromaquia\" srcset=\"https:\/\/ramse.es\/wordpress\/wp-content\/uploads\/2010\/04\/10004_102-200x150.jpg 200w, https:\/\/ramse.es\/wordpress\/wp-content\/uploads\/2010\/04\/10004_102-400x300.jpg 400w, https:\/\/ramse.es\/wordpress\/wp-content\/uploads\/2010\/04\/10004_102.jpg 567w\" sizes=\"(max-width: 1000px) 100vw, 567px\" \/><div class=\"fusion-rollover\">\n\t<div class=\"fusion-rollover-content\">\n\n\t\t\t\t\t\t\t\t\t\t\t\t\t\t<a class=\"fusion-rollover-link\" href=\"https:\/\/ramse.es\/wordpress\/medicina-y-tauromaquia\/\">En los \u00faltimos 200 a\u00f1os se han producido 57 muertes en corridas de toros<\/a>\n\t\t\t\n\t\t\t\t\t\t\t\t\t\t\t\t\t\t\n\t\t\t\t\t\t\t\t\n\t\t\t\t\t\t\t\t\t\t\t\t\t<div class=\"fusion-rollover-sep\"><\/div>\n\t\t\t\t\n\t\t\t\t\t\t\t\t\t\t\t\t\t\t\t\t\t\t<a class=\"fusion-rollover-gallery\" href=\"https:\/\/ramse.es\/wordpress\/wp-content\/uploads\/2010\/04\/10004_102.jpg\" data-id=\"1972\" data-rel=\"iLightbox[gallery]\" data-title=\"Medicina y Tauromaquia\" data-caption=\"Medicina y Tauromaquia\">\n\t\t\t\t\t\tGaler\u00eda\t\t\t\t\t<\/a>\n\t\t\t\t\t\t\t\t\t\t\t\t\t\t\n\t\t\n\t\t\t\t\t\t\t\t\n\t\t\t\t\t\t\t\t\n\t\t\n\t\t\t\t\t\t<a class=\"fusion-link-wrapper\" href=\"https:\/\/ramse.es\/wordpress\/medicina-y-tauromaquia\/\" aria-label=\"En los \u00faltimos 200 a\u00f1os se han producido 57 muertes en corridas de toros\"><\/a>\n\t<\/div>\n<\/div>\n<\/div>\n<\/li>\n\t\t\t\n\t\t\t\n\t\t\t\t\t\t\t\t\t\t\t\t\t\t\t\t\t\t\t\t\t\t\t\t\t\t\t\t\t\t\t\t\t\t\t\t\t\t\t\t\t\t\t\t\t\t\t\t\t\t\t\t\t\t\t\t\t\t\t\t\t\t\t\t\t\t\t\t<\/ul>\n\t<\/div>\n\t<div class=\"fusion-date-and-formats\"><div class=\"fusion-date-box updated\"><span class=\"fusion-date\">abril<\/span><span class=\"fusion-month-year\">12:00 am<\/span><\/div><div class=\"fusion-format-box\"><i class=\"awb-icon-pen\" aria-hidden=\"true\"><\/i><\/div><\/div><div class=\"fusion-post-content post-content\"><h2 class=\"blog-shortcode-post-title entry-title\"><a href=\"https:\/\/ramse.es\/wordpress\/medicina-y-tauromaquia\/\">En los \u00faltimos 200 a\u00f1os se han producido 57 muertes en corridas de toros<\/a><\/h2><p class=\"fusion-single-line-meta\">Por <span class=\"vcard\"><span class=\"fn\"><a href=\"https:\/\/ramse.es\/wordpress\/author\/ivan_z0qj9h4b\/\" title=\"Entradas de admin\" rel=\"author\">admin<\/a><\/span><\/span><span class=\"fusion-inline-sep\">|<\/span><span class=\"updated\" style=\"display:none;\">2010-04-08T00:00:00+02:00<\/span><span>abril 8th, 2010<\/span><span class=\"fusion-inline-sep\">|<\/span>Categor\u00edas: <a href=\"https:\/\/ramse.es\/wordpress\/category\/news\/latest-news\/\" rel=\"category tag\">Noticias<\/a><span class=\"fusion-inline-sep\">|<\/span><\/p><div class=\"fusion-post-content-container\"><p>La Real Academia de Medicina analiz\u00f3 la tauromaquia desde un punto de vista m\u00e9dico en una mesa redonda que se celebr\u00f3 el 8 de abril. El acad\u00e9mico Carlos Infantes Alc\u00f3n, fue el encargado de moderar la mesa, en la que participaron Curro Romero, Espartaco, \u00c1ngel Peralta, Manuel Mol\u00e9s y, los doctores Ram\u00f3n Vila y Eugenio Ar\u00e9valo, como ponentes. \u00a0 En ella se analiz\u00f3 la psicolog\u00eda del torero; por qu\u00e9 un <a href=\"https:\/\/ramse.es\/wordpress\/medicina-y-tauromaquia\/\">[...]<\/a><\/p><\/div><\/div><div class=\"fusion-clearfix\"><\/div><div class=\"fusion-meta-info\"><div class=\"fusion-alignright\"><a class=\"fusion-read-more\" href=\"https:\/\/ramse.es\/wordpress\/medicina-y-tauromaquia\/\" aria-label=\"More on En los \u00faltimos 200 a\u00f1os se han producido 57 muertes en corridas de toros\">Leer M\u00e1s<\/a><\/div><\/div><\/article>\n<article id=\"blog-1-post-1989\" class=\"fusion-post-large-alternate post-1989 post type-post status-publish format-standard has-post-thumbnail hentry category-latest-news\">\n\t<style type=\"text\/css\">\n\t\t\n\t\t\n\t\t\n\t\t\n\t\t\t<\/style>\n\n\n\t\t\t<div class=\"fusion-flexslider flexslider fusion-flexslider-loading fusion-post-slideshow\" style=\"\">\n\t\t<ul class=\"slides\">\n\t\t\t\n\t\t\t\t\t\t\t\t\t\t\t\t\t\t<li><div  class=\"fusion-image-wrapper\" aria-haspopup=\"true\">\n\t\t\t\t<img decoding=\"async\" width=\"720\" height=\"482\" src=\"https:\/\/ramse.es\/wordpress\/wp-content\/uploads\/2010\/04\/dsc_0151.jpg\" class=\"attachment-full size-full wp-post-image\" alt=\"Presentaci\u00f3n actividades\" srcset=\"https:\/\/ramse.es\/wordpress\/wp-content\/uploads\/2010\/04\/dsc_0151-200x134.jpg 200w, https:\/\/ramse.es\/wordpress\/wp-content\/uploads\/2010\/04\/dsc_0151-400x268.jpg 400w, https:\/\/ramse.es\/wordpress\/wp-content\/uploads\/2010\/04\/dsc_0151-600x402.jpg 600w, https:\/\/ramse.es\/wordpress\/wp-content\/uploads\/2010\/04\/dsc_0151.jpg 720w\" sizes=\"(max-width: 1000px) 100vw, 720px\" \/><div class=\"fusion-rollover\">\n\t<div class=\"fusion-rollover-content\">\n\n\t\t\t\t\t\t\t\t\t\t\t\t\t\t<a class=\"fusion-rollover-link\" href=\"https:\/\/ramse.es\/wordpress\/la-ramse-realizara-mas-de-30-actividades-en-el-ano-2010\/\">La RAMSE realizar\u00e1 m\u00e1s de 30 actividades en el a\u00f1o 2010<\/a>\n\t\t\t\n\t\t\t\t\t\t\t\t\t\t\t\t\t\t\n\t\t\t\t\t\t\t\t\n\t\t\t\t\t\t\t\t\t\t\t\t\t<div class=\"fusion-rollover-sep\"><\/div>\n\t\t\t\t\n\t\t\t\t\t\t\t\t\t\t\t\t\t\t\t\t\t\t<a class=\"fusion-rollover-gallery\" href=\"https:\/\/ramse.es\/wordpress\/wp-content\/uploads\/2010\/04\/dsc_0151.jpg\" data-id=\"1989\" data-rel=\"iLightbox[gallery]\" data-title=\"Presentaci\u00f3n actividades\" data-caption=\"Presentaci\u00f3n actividades\">\n\t\t\t\t\t\tGaler\u00eda\t\t\t\t\t<\/a>\n\t\t\t\t\t\t\t\t\t\t\t\t\t\t\n\t\t\n\t\t\t\t\t\t\t\t\n\t\t\t\t\t\t\t\t\n\t\t\n\t\t\t\t\t\t<a class=\"fusion-link-wrapper\" href=\"https:\/\/ramse.es\/wordpress\/la-ramse-realizara-mas-de-30-actividades-en-el-ano-2010\/\" aria-label=\"La RAMSE realizar\u00e1 m\u00e1s de 30 actividades en el a\u00f1o 2010\"><\/a>\n\t<\/div>\n<\/div>\n<\/div>\n<\/li>\n\t\t\t\n\t\t\t\n\t\t\t\t\t\t\t\t\t\t\t\t\t\t\t\t\t\t\t\t\t\t\t\t\t\t\t\t\t\t\t\t\t\t\t\t\t\t\t\t\t\t\t\t\t\t\t\t\t\t\t\t\t\t\t\t\t\t\t\t\t\t\t\t\t\t\t\t<\/ul>\n\t<\/div>\n\t<div class=\"fusion-date-and-formats\"><div class=\"fusion-date-box updated\"><span class=\"fusion-date\">abril<\/span><span class=\"fusion-month-year\">12:00 am<\/span><\/div><div class=\"fusion-format-box\"><i class=\"awb-icon-pen\" aria-hidden=\"true\"><\/i><\/div><\/div><div class=\"fusion-post-content post-content\"><h2 class=\"blog-shortcode-post-title entry-title\"><a href=\"https:\/\/ramse.es\/wordpress\/la-ramse-realizara-mas-de-30-actividades-en-el-ano-2010\/\">La RAMSE realizar\u00e1 m\u00e1s de 30 actividades en el a\u00f1o 2010<\/a><\/h2><p class=\"fusion-single-line-meta\">Por <span class=\"vcard\"><span class=\"fn\"><a href=\"https:\/\/ramse.es\/wordpress\/author\/ivan_z0qj9h4b\/\" title=\"Entradas de admin\" rel=\"author\">admin<\/a><\/span><\/span><span class=\"fusion-inline-sep\">|<\/span><span class=\"updated\" style=\"display:none;\">2010-04-06T00:00:00+02:00<\/span><span>abril 6th, 2010<\/span><span class=\"fusion-inline-sep\">|<\/span>Categor\u00edas: <a href=\"https:\/\/ramse.es\/wordpress\/category\/news\/latest-news\/\" rel=\"category tag\">Noticias<\/a><span class=\"fusion-inline-sep\">|<\/span><\/p><div class=\"fusion-post-content-container\"><p>\u00a0 Esta ma\u00f1ana ha tenido lugar en la Real Academia de Medicina de Sevilla (RAMSE) una rueda de prensa en la que el profesor Hugo Galera Davidson, presidente de esta corporaci\u00f3n, ha presentado a los medios de comunicaci\u00f3n el programa de actividades del a\u00f1o 2010. \u00a0 En la presentaci\u00f3n, ha destacado la importancia de la Venerada Tertulia M\u00e9dica Hispalense, denominaci\u00f3n hist\u00f3rica de la Real Academia de Medicina de Sevilla, que <a href=\"https:\/\/ramse.es\/wordpress\/la-ramse-realizara-mas-de-30-actividades-en-el-ano-2010\/\">[...]<\/a><\/p><\/div><\/div><div class=\"fusion-clearfix\"><\/div><div class=\"fusion-meta-info\"><div class=\"fusion-alignright\"><a class=\"fusion-read-more\" href=\"https:\/\/ramse.es\/wordpress\/la-ramse-realizara-mas-de-30-actividades-en-el-ano-2010\/\" aria-label=\"More on La RAMSE realizar\u00e1 m\u00e1s de 30 actividades en el a\u00f1o 2010\">Leer M\u00e1s<\/a><\/div><\/div><\/article>\n<article id=\"blog-1-post-1987\" class=\"fusion-post-large-alternate post-1987 post type-post status-publish format-standard hentry category-latest-news category-premios-academia\">\n\t<style type=\"text\/css\">\n\t\t\n\t\t\n\t\t\n\t\t\n\t\t\t<\/style>\n\n\n<div class=\"fusion-date-and-formats\"><div class=\"fusion-date-box updated\"><span class=\"fusion-date\">marzo<\/span><span class=\"fusion-month-year\">12:00 am<\/span><\/div><div class=\"fusion-format-box\"><i class=\"awb-icon-pen\" aria-hidden=\"true\"><\/i><\/div><\/div><div class=\"fusion-post-content post-content\"><h2 class=\"blog-shortcode-post-title entry-title\"><a href=\"https:\/\/ramse.es\/wordpress\/conferencias-premios-concursos-2009-segunda-sesion\/\">Conferencias Premios Concursos 2009. Segunda sesi\u00f3n<\/a><\/h2><p class=\"fusion-single-line-meta\">Por <span class=\"vcard\"><span class=\"fn\"><a href=\"https:\/\/ramse.es\/wordpress\/author\/ivan_z0qj9h4b\/\" title=\"Entradas de admin\" rel=\"author\">admin<\/a><\/span><\/span><span class=\"fusion-inline-sep\">|<\/span><span class=\"updated\" style=\"display:none;\">2020-04-13T11:35:31+02:00<\/span><span>marzo 11th, 2010<\/span><span class=\"fusion-inline-sep\">|<\/span>Categor\u00edas: <a href=\"https:\/\/ramse.es\/wordpress\/category\/news\/latest-news\/\" rel=\"category tag\">Noticias<\/a>, <a href=\"https:\/\/ramse.es\/wordpress\/category\/premios-academia\/\" rel=\"category tag\">Premios Academia<\/a><span class=\"fusion-inline-sep\">|<\/span><\/p><div class=\"fusion-post-content-container\"><p>El jueves 11 de marzo tuvo lugar otra sesi\u00f3n p\u00fablica en la Real Academia de Medicina de Sevilla, en la que participaron los otros cuatro premiados del Concurso 2009. En esta ocasi\u00f3n intervinieron D. Jos\u00e9 Diego Santotoribio Camacho, que habl\u00f3 sobre \u201cIndicaci\u00f3n de tratamiento con tubo de drenaje endotor\u00e1cico en derrames pleurales paraneum\u00f3nicos, seg\u00fan la presi\u00f3n parcial de anh\u00eddrido carb\u00f3nico de l\u00edquido pleural\u201d. D. Alberto S\u00e1nchez Romero que disert\u00f3 sobre <a href=\"https:\/\/ramse.es\/wordpress\/conferencias-premios-concursos-2009-segunda-sesion\/\">[...]<\/a><\/p><\/div><\/div><div class=\"fusion-clearfix\"><\/div><div class=\"fusion-meta-info\"><div class=\"fusion-alignright\"><a class=\"fusion-read-more\" href=\"https:\/\/ramse.es\/wordpress\/conferencias-premios-concursos-2009-segunda-sesion\/\" aria-label=\"More on Conferencias Premios Concursos 2009. Segunda sesi\u00f3n\">Leer M\u00e1s<\/a><\/div><\/div><\/article>\n<article id=\"blog-1-post-1986\" class=\"fusion-post-large-alternate post-1986 post type-post status-publish format-standard hentry category-latest-news category-premios-academia\">\n\t<style type=\"text\/css\">\n\t\t\n\t\t\n\t\t\n\t\t\n\t\t\t<\/style>\n\n\n<div class=\"fusion-date-and-formats\"><div class=\"fusion-date-box updated\"><span class=\"fusion-date\">marzo<\/span><span class=\"fusion-month-year\">12:00 am<\/span><\/div><div class=\"fusion-format-box\"><i class=\"awb-icon-pen\" aria-hidden=\"true\"><\/i><\/div><\/div><div class=\"fusion-post-content post-content\"><h2 class=\"blog-shortcode-post-title entry-title\"><a href=\"https:\/\/ramse.es\/wordpress\/conferencias-premios-concursos-2009-primera-sesion\/\">Conferencias Premios Concursos 2009. Primera sesi\u00f3n<\/a><\/h2><p class=\"fusion-single-line-meta\">Por <span class=\"vcard\"><span class=\"fn\"><a href=\"https:\/\/ramse.es\/wordpress\/author\/ivan_z0qj9h4b\/\" title=\"Entradas de admin\" rel=\"author\">admin<\/a><\/span><\/span><span class=\"fusion-inline-sep\">|<\/span><span class=\"updated\" style=\"display:none;\">2020-04-13T11:35:37+02:00<\/span><span>marzo 4th, 2010<\/span><span class=\"fusion-inline-sep\">|<\/span>Categor\u00edas: <a href=\"https:\/\/ramse.es\/wordpress\/category\/news\/latest-news\/\" rel=\"category tag\">Noticias<\/a>, <a href=\"https:\/\/ramse.es\/wordpress\/category\/premios-academia\/\" rel=\"category tag\">Premios Academia<\/a><span class=\"fusion-inline-sep\">|<\/span><\/p><div class=\"fusion-post-content-container\"><p>\u00a0El pasado 4 de marzo tuvo lugar una sesi\u00f3n p\u00fablica en la Real Academia de Medicina de Sevilla en la que participaron cuatro de los Premios Concurso 2009. D\u00f1a. M\u00aa del Carmen Pe\u00f1a Reina habl\u00f3 sobre \u201cEl arte: entre la ciencia y la inconsciencia\u201d. D. Luis Fern\u00e1ndez L\u00f3pez disert\u00f3 sobre \u201cFormaci\u00f3n geri\u00e1trica online la respuesta a una necesidad creciente\u201d. D. Andr\u00e9s Pomares Alonso expuso sobre su trabajo titulado \u201cAspectos m\u00e9dico-laborales <a href=\"https:\/\/ramse.es\/wordpress\/conferencias-premios-concursos-2009-primera-sesion\/\">[...]<\/a><\/p><\/div><\/div><div class=\"fusion-clearfix\"><\/div><div class=\"fusion-meta-info\"><div class=\"fusion-alignright\"><a class=\"fusion-read-more\" href=\"https:\/\/ramse.es\/wordpress\/conferencias-premios-concursos-2009-primera-sesion\/\" aria-label=\"More on Conferencias Premios Concursos 2009. Primera sesi\u00f3n\">Leer M\u00e1s<\/a><\/div><\/div><\/article>\n<article id=\"blog-1-post-1985\" class=\"fusion-post-large-alternate post-1985 post type-post status-publish format-standard has-post-thumbnail hentry category-latest-news\">\n\t<style type=\"text\/css\">\n\t\t\n\t\t\n\t\t\n\t\t\n\t\t\t<\/style>\n\n\n\t\t\t<div class=\"fusion-flexslider flexslider fusion-flexslider-loading fusion-post-slideshow\" style=\"\">\n\t\t<ul class=\"slides\">\n\t\t\t\n\t\t\t\t\t\t\t\t\t\t\t\t\t\t<li><div  class=\"fusion-image-wrapper\" aria-haspopup=\"true\">\n\t\t\t\t<img decoding=\"async\" width=\"567\" height=\"425\" src=\"https:\/\/ramse.es\/wordpress\/wp-content\/uploads\/2010\/02\/10002_096.jpg\" class=\"attachment-full size-full wp-post-image\" alt=\"Alumnos de medicina y la Academia\" srcset=\"https:\/\/ramse.es\/wordpress\/wp-content\/uploads\/2010\/02\/10002_096-200x150.jpg 200w, https:\/\/ramse.es\/wordpress\/wp-content\/uploads\/2010\/02\/10002_096-400x300.jpg 400w, https:\/\/ramse.es\/wordpress\/wp-content\/uploads\/2010\/02\/10002_096.jpg 567w\" sizes=\"(max-width: 1000px) 100vw, 567px\" \/><div class=\"fusion-rollover\">\n\t<div class=\"fusion-rollover-content\">\n\n\t\t\t\t\t\t\t\t\t\t\t\t\t\t<a class=\"fusion-rollover-link\" href=\"https:\/\/ramse.es\/wordpress\/la-real-academia-de-medicina-y-cirugia-de-sevilla-en-la-facultad-de-medicina\/\">LA REAL ACADEMIA DE MEDICINA Y CIRUG\u00cdA DE SEVILLA EN LA FACULTAD DE MEDICINA<\/a>\n\t\t\t\n\t\t\t\t\t\t\t\t\t\t\t\t\t\t\n\t\t\t\t\t\t\t\t\n\t\t\t\t\t\t\t\t\t\t\t\t\t<div class=\"fusion-rollover-sep\"><\/div>\n\t\t\t\t\n\t\t\t\t\t\t\t\t\t\t\t\t\t\t\t\t\t\t<a class=\"fusion-rollover-gallery\" href=\"https:\/\/ramse.es\/wordpress\/wp-content\/uploads\/2010\/02\/10002_096.jpg\" data-id=\"1985\" data-rel=\"iLightbox[gallery]\" data-title=\"Alumnos de medicina y la Academia\" data-caption=\"Alumnos de medicina y la Academia\">\n\t\t\t\t\t\tGaler\u00eda\t\t\t\t\t<\/a>\n\t\t\t\t\t\t\t\t\t\t\t\t\t\t\n\t\t\n\t\t\t\t\t\t\t\t\n\t\t\t\t\t\t\t\t\n\t\t\n\t\t\t\t\t\t<a class=\"fusion-link-wrapper\" href=\"https:\/\/ramse.es\/wordpress\/la-real-academia-de-medicina-y-cirugia-de-sevilla-en-la-facultad-de-medicina\/\" aria-label=\"LA REAL ACADEMIA DE MEDICINA Y CIRUG\u00cdA DE SEVILLA EN LA FACULTAD DE MEDICINA\"><\/a>\n\t<\/div>\n<\/div>\n<\/div>\n<\/li>\n\t\t\t\n\t\t\t\n\t\t\t\t\t\t\t\t\t\t\t\t\t\t\t\t\t\t\t\t\t\t\t\t\t\t\t\t\t\t\t\t\t\t\t\t\t\t\t\t\t\t\t\t\t\t\t\t\t\t\t\t\t\t\t\t\t\t\t\t\t\t\t\t\t\t\t\t<\/ul>\n\t<\/div>\n\t<div class=\"fusion-date-and-formats\"><div class=\"fusion-date-box updated\"><span class=\"fusion-date\">febrero<\/span><span class=\"fusion-month-year\">12:00 am<\/span><\/div><div class=\"fusion-format-box\"><i class=\"awb-icon-pen\" aria-hidden=\"true\"><\/i><\/div><\/div><div class=\"fusion-post-content post-content\"><h2 class=\"blog-shortcode-post-title entry-title\"><a href=\"https:\/\/ramse.es\/wordpress\/la-real-academia-de-medicina-y-cirugia-de-sevilla-en-la-facultad-de-medicina\/\">LA REAL ACADEMIA DE MEDICINA Y CIRUG\u00cdA DE SEVILLA EN LA FACULTAD DE MEDICINA<\/a><\/h2><p class=\"fusion-single-line-meta\">Por <span class=\"vcard\"><span class=\"fn\"><a href=\"https:\/\/ramse.es\/wordpress\/author\/ivan_z0qj9h4b\/\" title=\"Entradas de admin\" rel=\"author\">admin<\/a><\/span><\/span><span class=\"fusion-inline-sep\">|<\/span><span class=\"updated\" style=\"display:none;\">2010-02-11T00:00:00+02:00<\/span><span>febrero 11th, 2010<\/span><span class=\"fusion-inline-sep\">|<\/span>Categor\u00edas: <a href=\"https:\/\/ramse.es\/wordpress\/category\/news\/latest-news\/\" rel=\"category tag\">Noticias<\/a><span class=\"fusion-inline-sep\">|<\/span><\/p><div class=\"fusion-post-content-container\"><p>En el curso universitario de 2008 -2009, la Junta Rectora de la Facultad de Medicina de Sevilla, a instancias de la entonces decana Profesora Doctora Carmen Osuna Fern\u00e1ndez, y \u00a0para completar el capitulo de cr\u00e9ditos de libre configuraci\u00f3n de la licenciatura, incluy\u00f3 como nueva asignatura la titulada \u201cREAL ACADEMIA DE MEDICINA Y CIRUGIA DE SEVILLA\u201d con validez de tres cr\u00e9ditos. Posteriormente el nuevo decano Profesor Doctor Juan Ram\u00f3n Lacalle Remigio, <a href=\"https:\/\/ramse.es\/wordpress\/la-real-academia-de-medicina-y-cirugia-de-sevilla-en-la-facultad-de-medicina\/\">[...]<\/a><\/p><\/div><\/div><div class=\"fusion-clearfix\"><\/div><div class=\"fusion-meta-info\"><div class=\"fusion-alignright\"><a class=\"fusion-read-more\" href=\"https:\/\/ramse.es\/wordpress\/la-real-academia-de-medicina-y-cirugia-de-sevilla-en-la-facultad-de-medicina\/\" aria-label=\"More on LA REAL ACADEMIA DE MEDICINA Y CIRUG\u00cdA DE SEVILLA EN LA FACULTAD DE MEDICINA\">Leer M\u00e1s<\/a><\/div><\/div><\/article>\n<article id=\"blog-1-post-1983\" class=\"fusion-post-large-alternate post-1983 post type-post status-publish format-standard hentry category-latest-news\">\n\t<style type=\"text\/css\">\n\t\t\n\t\t\n\t\t\n\t\t\n\t\t\t<\/style>\n\n\n<div class=\"fusion-date-and-formats\"><div class=\"fusion-date-box updated\"><span class=\"fusion-date\">febrero<\/span><span class=\"fusion-month-year\">12:00 am<\/span><\/div><div class=\"fusion-format-box\"><i class=\"awb-icon-pen\" aria-hidden=\"true\"><\/i><\/div><\/div><div class=\"fusion-post-content post-content\"><h2 class=\"blog-shortcode-post-title entry-title\"><a href=\"https:\/\/ramse.es\/wordpress\/curso-celebrado-en-la-real-academia-de-medicina-de-sevilla-cirugia-laparoscopica-y-su-futuro\/\">CURSO CELEBRADO EN LA REAL ACADEMIA DE MEDICINA DE SEVILLA: Cirug\u00eda laparosc\u00f3pica y su futuro<\/a><\/h2><p class=\"fusion-single-line-meta\">Por <span class=\"vcard\"><span class=\"fn\"><a href=\"https:\/\/ramse.es\/wordpress\/author\/ivan_z0qj9h4b\/\" title=\"Entradas de admin\" rel=\"author\">admin<\/a><\/span><\/span><span class=\"fusion-inline-sep\">|<\/span><span class=\"updated\" style=\"display:none;\">2010-02-04T00:00:00+02:00<\/span><span>febrero 4th, 2010<\/span><span class=\"fusion-inline-sep\">|<\/span>Categor\u00edas: <a href=\"https:\/\/ramse.es\/wordpress\/category\/news\/latest-news\/\" rel=\"category tag\">Noticias<\/a><span class=\"fusion-inline-sep\">|<\/span><\/p><div class=\"fusion-post-content-container\"><p>La Real Academia de Medicina de Sevilla acogi\u00f3 el 4 de febrero un curso dirigido por el Dr. D. Salvador Morales Conde en el que se abord\u00f3 la cirug\u00eda laparosc\u00f3pica y su futuro, desde la visi\u00f3n del profesor Salvador Morales M\u00e9ndez. Dentro del programa previsto participaron, en la presentaci\u00f3n del acto, el Excmo. Sr. Presidente de la Real Academia de Medicina de Sevilla, el Prof. Dr. D. Hugo Galera Davdison; <a href=\"https:\/\/ramse.es\/wordpress\/curso-celebrado-en-la-real-academia-de-medicina-de-sevilla-cirugia-laparoscopica-y-su-futuro\/\">[...]<\/a><\/p><\/div><\/div><div class=\"fusion-clearfix\"><\/div><div class=\"fusion-meta-info\"><div class=\"fusion-alignright\"><a class=\"fusion-read-more\" href=\"https:\/\/ramse.es\/wordpress\/curso-celebrado-en-la-real-academia-de-medicina-de-sevilla-cirugia-laparoscopica-y-su-futuro\/\" aria-label=\"More on CURSO CELEBRADO EN LA REAL ACADEMIA DE MEDICINA DE SEVILLA: Cirug\u00eda laparosc\u00f3pica y su futuro\">Leer M\u00e1s<\/a><\/div><\/div><\/article>\n<article id=\"blog-1-post-1978\" class=\"fusion-post-large-alternate post-1978 post type-post status-publish format-standard has-post-thumbnail hentry category-latest-news\">\n\t<style type=\"text\/css\">\n\t\t\n\t\t\n\t\t\n\t\t\n\t\t\t<\/style>\n\n\n\t\t\t<div class=\"fusion-flexslider flexslider fusion-flexslider-loading fusion-post-slideshow\" style=\"\">\n\t\t<ul class=\"slides\">\n\t\t\t\n\t\t\t\t\t\t\t\t\t\t\t\t\t\t<li><div  class=\"fusion-image-wrapper\" aria-haspopup=\"true\">\n\t\t\t\t<img decoding=\"async\" width=\"567\" height=\"425\" src=\"https:\/\/ramse.es\/wordpress\/wp-content\/uploads\/2010\/01\/10001_642.jpg\" class=\"attachment-full size-full wp-post-image\" alt=\"\" srcset=\"https:\/\/ramse.es\/wordpress\/wp-content\/uploads\/2010\/01\/10001_642-200x150.jpg 200w, https:\/\/ramse.es\/wordpress\/wp-content\/uploads\/2010\/01\/10001_642-400x300.jpg 400w, https:\/\/ramse.es\/wordpress\/wp-content\/uploads\/2010\/01\/10001_642.jpg 567w\" sizes=\"(max-width: 1000px) 100vw, 567px\" \/><div class=\"fusion-rollover\">\n\t<div class=\"fusion-rollover-content\">\n\n\t\t\t\t\t\t\t\t\t\t\t\t\t\t<a class=\"fusion-rollover-link\" href=\"https:\/\/ramse.es\/wordpress\/apertura-del-ano-academico-310\/\">Apertura del a\u00f1o Acad\u00e9mico 310<\/a>\n\t\t\t\n\t\t\t\t\t\t\t\t\t\t\t\t\t\t\n\t\t\t\t\t\t\t\t\n\t\t\t\t\t\t\t\t\t\t\t\t\t<div class=\"fusion-rollover-sep\"><\/div>\n\t\t\t\t\n\t\t\t\t\t\t\t\t\t\t\t\t\t\t\t\t\t\t<a class=\"fusion-rollover-gallery\" href=\"https:\/\/ramse.es\/wordpress\/wp-content\/uploads\/2010\/01\/10001_642.jpg\" data-id=\"1978\" data-rel=\"iLightbox[gallery]\" data-title=\"10001_642\" data-caption=\"\">\n\t\t\t\t\t\tGaler\u00eda\t\t\t\t\t<\/a>\n\t\t\t\t\t\t\t\t\t\t\t\t\t\t\n\t\t\n\t\t\t\t\t\t\t\t\n\t\t\t\t\t\t\t\t\n\t\t\n\t\t\t\t\t\t<a class=\"fusion-link-wrapper\" href=\"https:\/\/ramse.es\/wordpress\/apertura-del-ano-academico-310\/\" aria-label=\"Apertura del a\u00f1o Acad\u00e9mico 310\"><\/a>\n\t<\/div>\n<\/div>\n<\/div>\n<\/li>\n\t\t\t\n\t\t\t\n\t\t\t\t\t\t\t\t\t\t\t\t\t\t\t\t\t\t\t\t\t\t\t\t\t\t\t\t\t\t\t\t\t\t\t\t\t\t\t\t\t\t\t\t\t\t\t\t\t\t\t\t\t\t\t\t\t\t\t\t\t\t\t\t\t\t\t\t<\/ul>\n\t<\/div>\n\t<div class=\"fusion-date-and-formats\"><div class=\"fusion-date-box updated\"><span class=\"fusion-date\">enero<\/span><span class=\"fusion-month-year\">12:00 am<\/span><\/div><div class=\"fusion-format-box\"><i class=\"awb-icon-pen\" aria-hidden=\"true\"><\/i><\/div><\/div><div class=\"fusion-post-content post-content\"><h2 class=\"blog-shortcode-post-title entry-title\"><a href=\"https:\/\/ramse.es\/wordpress\/apertura-del-ano-academico-310\/\">Apertura del a\u00f1o Acad\u00e9mico 310<\/a><\/h2><p class=\"fusion-single-line-meta\">Por <span class=\"vcard\"><span class=\"fn\"><a href=\"https:\/\/ramse.es\/wordpress\/author\/ivan_z0qj9h4b\/\" title=\"Entradas de admin\" rel=\"author\">admin<\/a><\/span><\/span><span class=\"fusion-inline-sep\">|<\/span><span class=\"updated\" style=\"display:none;\">2010-01-28T00:00:00+02:00<\/span><span>enero 28th, 2010<\/span><span class=\"fusion-inline-sep\">|<\/span>Categor\u00edas: <a href=\"https:\/\/ramse.es\/wordpress\/category\/news\/latest-news\/\" rel=\"category tag\">Noticias<\/a><span class=\"fusion-inline-sep\">|<\/span><\/p><div class=\"fusion-post-content-container\"><p><\/p><p>El pasado 28 de enero se celebr\u00f3 una sesi\u00f3n p\u00fablica y extraordinaria en la Academia de Medicina con motivo de la inauguraci\u00f3n del 310 A\u00f1o Acad\u00e9mico y en la que el Ilmo. Sr. Dr. D. Rafael Mart\u00ednez Dom\u00ednguez, secretario general perpetuo de la Real Academia, ley\u00f3 la memoria anual de los actos celebrados por esta Real corporaci\u00f3n en el a\u00f1o 2009.  <a href=\"https:\/\/ramse.es\/wordpress\/apertura-del-ano-academico-310\/\">[\u2026]<\/a><\/p>\n<\/div><\/div><div class=\"fusion-clearfix\"><\/div><div class=\"fusion-meta-info\"><div class=\"fusion-alignright\"><a class=\"fusion-read-more\" href=\"https:\/\/ramse.es\/wordpress\/apertura-del-ano-academico-310\/\" aria-label=\"More on Apertura del a\u00f1o Acad\u00e9mico 310\">Leer M\u00e1s<\/a><\/div><\/div><\/article>\n<article id=\"blog-1-post-1982\" class=\"fusion-post-large-alternate post-1982 post type-post status-publish format-standard hentry category-latest-news\">\n\t<style type=\"text\/css\">\n\t\t\n\t\t\n\t\t\n\t\t\n\t\t\t<\/style>\n\n\n<div class=\"fusion-date-and-formats\"><div class=\"fusion-date-box updated\"><span class=\"fusion-date\">enero<\/span><span class=\"fusion-month-year\">12:00 am<\/span><\/div><div class=\"fusion-format-box\"><i class=\"awb-icon-pen\" aria-hidden=\"true\"><\/i><\/div><\/div><div class=\"fusion-post-content post-content\"><h2 class=\"blog-shortcode-post-title entry-title\"><a href=\"https:\/\/ramse.es\/wordpress\/internet-salud-y-enfermedades-infecciosas\/\">Internet, salud y enfermedades infecciosas<\/a><\/h2><p class=\"fusion-single-line-meta\">Por <span class=\"vcard\"><span class=\"fn\"><a href=\"https:\/\/ramse.es\/wordpress\/author\/ivan_z0qj9h4b\/\" title=\"Entradas de admin\" rel=\"author\">admin<\/a><\/span><\/span><span class=\"fusion-inline-sep\">|<\/span><span class=\"updated\" style=\"display:none;\">2010-01-21T00:00:00+02:00<\/span><span>enero 21st, 2010<\/span><span class=\"fusion-inline-sep\">|<\/span>Categor\u00edas: <a href=\"https:\/\/ramse.es\/wordpress\/category\/news\/latest-news\/\" rel=\"category tag\">Noticias<\/a><span class=\"fusion-inline-sep\">|<\/span><\/p><div class=\"fusion-post-content-container\"><p>La Real Academia de Medicina de Sevilla acogi\u00f3 el pasado 21 de enero un curso con el fin de revisar y discutir sobre las posibilidades de informaci\u00f3n, difusi\u00f3n y actuaci\u00f3n m\u00e9dica en internet, en el \u00e1rea de las enfermedades infecciosas. Dicho curso, fue dirigido por el Dr. Jes\u00fas Rodr\u00edguez Ba\u00f1os y en \u00e9l Silvia Cobos abord\u00f3 la cultura de internet, la democratizaci\u00f3n tecnol\u00f3gica y los medios sociales; Alfonso Pedrosa realiz\u00f3 <a href=\"https:\/\/ramse.es\/wordpress\/internet-salud-y-enfermedades-infecciosas\/\">[...]<\/a><\/p><\/div><\/div><div class=\"fusion-clearfix\"><\/div><div class=\"fusion-meta-info\"><div class=\"fusion-alignright\"><a class=\"fusion-read-more\" href=\"https:\/\/ramse.es\/wordpress\/internet-salud-y-enfermedades-infecciosas\/\" aria-label=\"More on Internet, salud y enfermedades infecciosas\">Leer M\u00e1s<\/a><\/div><\/div><\/article>\n<\/div><\/div><div class=\"fusion-clearfix\"><\/div><\/div><\/div><div class=\"fusion-layout-column fusion_builder_column fusion-builder-column-2 fusion_builder_column_1_6 1_6 fusion-one-sixth fusion-column-last fusion-no-small-visibility\" style=\"width:13.3333%;margin-top:10px;margin-bottom:10px;\"><div class=\"fusion-column-wrapper fusion-flex-column-wrapper-legacy\" style=\"background-position:left top;background-repeat:no-repeat;-webkit-background-size:cover;-moz-background-size:cover;-o-background-size:cover;background-size:cover;padding: 0px 0px 0px 0px;\"><div class=\"fusion-clearfix\"><\/div><\/div><\/div><\/div><\/div><div class=\"fusion-fullwidth fullwidth-box fusion-builder-row-2 hundred-percent-fullwidth non-hundred-percent-height-scrolling\" style=\"background-color: rgba(255,255,255,0);background-position: left top;background-repeat: no-repeat;padding-top:0px;padding-right:0px;padding-bottom:0px;padding-left:0px;margin-bottom: 0px;margin-top: 0px;border-width: 0px 0px 0px 0px;border-color:#e7e4e2;border-style:solid;\" ><div class=\"fusion-builder-row fusion-row\"><div class=\"fusion-layout-column fusion_builder_column fusion-builder-column-3 fusion_builder_column_1_3 1_3 fusion-one-third fusion-column-first fusion-column-inner-bg-wrapper\" style=\"margin-top:0px;margin-bottom:0px;\"><div class=\"fusion-column-wrapper fusion-flex-column-wrapper-legacy\" style=\"padding: 18% 0px 18% 0px;\" data-bg-url=\"https:\/\/ramse.es\/wordpress\/wp-content\/uploads\/2015\/12\/home_courses_section_bg.jpg\"><div class=\"fusion-sep-clear\"><\/div><div class=\"fusion-separator fusion-no-small-visibility fusion-no-medium-visibility fusion-full-width-sep\" style=\"margin-left: auto;margin-right: auto;margin-top:170px;width:100%;\"><\/div><div class=\"fusion-sep-clear\"><\/div><div class=\"fusion-text fusion-text-1\"><h3 style=\"text-align: center;\"><span style=\"color: #ffffff;\">COURSES<\/span><\/h3>\n<\/div><div class=\"fusion-sep-clear\"><\/div><div class=\"fusion-separator\" style=\"margin-left: auto;margin-right: auto;margin-top:0px;margin-bottom:30px;width:100%;max-width:60px;\"><div class=\"fusion-separator-border sep-single sep-solid\" style=\"border-color:#ef983d;border-top-width:1px;\"><\/div><\/div><div class=\"fusion-sep-clear\"><\/div><div class=\"fusion-text fusion-text-2\"><p style=\"text-align: center;\"><a href=\"https:\/\/ramse.es\/wordpress\/courses\/\"><span style=\"color: #ffffff;\">View More<\/span><\/a><\/p>\n<\/div><div class=\"fusion-sep-clear\"><\/div><div class=\"fusion-separator fusion-no-small-visibility fusion-no-medium-visibility fusion-full-width-sep\" style=\"margin-left: auto;margin-right: auto;margin-top:170px;width:100%;\"><\/div><div class=\"fusion-sep-clear\"><\/div><div class=\"fusion-clearfix\"><\/div><\/div><span class=\"fusion-column-inner-bg hover-type-zoomin\"><a class=\"fusion-column-anchor\" href=\"https:\/\/ramse.es\/wordpress\/courses\/\"><span class=\"fusion-column-inner-bg-image\" style=\"background-image: url(&#039;https:\/\/ramse.es\/wordpress\/wp-content\/uploads\/2015\/12\/home_courses_section_bg.jpg&#039;);background-position:left top;background-repeat:no-repeat;-webkit-background-size:cover;-moz-background-size:cover;-o-background-size:cover;background-size:cover;\"><\/span><\/a><\/span><\/div><div class=\"fusion-layout-column fusion_builder_column fusion-builder-column-4 fusion_builder_column_1_3 1_3 fusion-one-third fusion-column-inner-bg-wrapper\" style=\"margin-top:0px;margin-bottom:0px;\"><div class=\"fusion-column-wrapper fusion-flex-column-wrapper-legacy\" style=\"padding: 18% 0px 18% 0px;\" data-bg-url=\"https:\/\/ramse.es\/wordpress\/wp-content\/uploads\/2015\/12\/home_events_section_bg.jpg\"><div class=\"fusion-sep-clear\"><\/div><div class=\"fusion-separator fusion-no-small-visibility fusion-no-medium-visibility fusion-full-width-sep\" style=\"margin-left: auto;margin-right: auto;margin-top:170px;width:100%;\"><\/div><div class=\"fusion-sep-clear\"><\/div><div class=\"fusion-text fusion-text-3\"><h3 style=\"text-align: center;\"><span style=\"color: #ffffff;\">EVENTS<\/span><\/h3>\n<\/div><div class=\"fusion-sep-clear\"><\/div><div class=\"fusion-separator\" style=\"margin-left: auto;margin-right: auto;margin-top:0px;margin-bottom:30px;width:100%;max-width:60px;\"><div class=\"fusion-separator-border sep-single sep-solid\" style=\"border-color:#ef983d;border-top-width:1px;\"><\/div><\/div><div class=\"fusion-sep-clear\"><\/div><div class=\"fusion-text fusion-text-4\"><p style=\"text-align: center;\"><a href=\"https:\/\/ramse.es\/wordpress\/events\/\"><span style=\"color: #ffffff;\">View More<\/span><\/a><\/p>\n<\/div><div class=\"fusion-sep-clear\"><\/div><div class=\"fusion-separator fusion-no-small-visibility fusion-no-medium-visibility fusion-full-width-sep\" style=\"margin-left: auto;margin-right: auto;margin-top:170px;width:100%;\"><\/div><div class=\"fusion-sep-clear\"><\/div><div class=\"fusion-clearfix\"><\/div><\/div><span class=\"fusion-column-inner-bg hover-type-zoomin\"><a class=\"fusion-column-anchor\" href=\"https:\/\/ramse.es\/wordpress\/events\/\"><span class=\"fusion-column-inner-bg-image\" style=\"background-image: url(&#039;https:\/\/ramse.es\/wordpress\/wp-content\/uploads\/2015\/12\/home_events_section_bg.jpg&#039;);background-position:left top;background-repeat:no-repeat;-webkit-background-size:cover;-moz-background-size:cover;-o-background-size:cover;background-size:cover;\"><\/span><\/a><\/span><\/div><div class=\"fusion-layout-column fusion_builder_column fusion-builder-column-5 fusion_builder_column_1_3 1_3 fusion-one-third fusion-column-last fusion-column-inner-bg-wrapper\" style=\"margin-top:0px;margin-bottom:0px;\"><div class=\"fusion-column-wrapper fusion-flex-column-wrapper-legacy\" style=\"padding: 18% 0px 18% 0px;\" data-bg-url=\"https:\/\/ramse.es\/wordpress\/wp-content\/uploads\/2015\/12\/home_latest_news_section_bg.jpg\"><div class=\"fusion-sep-clear\"><\/div><div class=\"fusion-separator fusion-no-small-visibility fusion-no-medium-visibility fusion-full-width-sep\" style=\"margin-left: auto;margin-right: auto;margin-top:170px;width:100%;\"><\/div><div class=\"fusion-sep-clear\"><\/div><div class=\"fusion-text fusion-text-5\"><h3 style=\"text-align: center;\"><span style=\"color: #ffffff;\">LATEST NEWS<\/span><\/h3>\n<\/div><div class=\"fusion-sep-clear\"><\/div><div class=\"fusion-separator\" style=\"margin-left: auto;margin-right: auto;margin-top:0px;margin-bottom:30px;width:100%;max-width:60px;\"><div class=\"fusion-separator-border sep-single sep-solid\" style=\"border-color:#ef983d;border-top-width:1px;\"><\/div><\/div><div class=\"fusion-sep-clear\"><\/div><div class=\"fusion-text fusion-text-6\"><p style=\"text-align: center;\"><a href=\"https:\/\/ramse.es\/wordpress\/lates-news\/\"><span style=\"color: #ffffff;\">View More<\/span><\/a><\/p>\n<\/div><div class=\"fusion-sep-clear\"><\/div><div class=\"fusion-separator fusion-no-small-visibility fusion-no-medium-visibility fusion-full-width-sep\" style=\"margin-left: auto;margin-right: auto;margin-top:170px;width:100%;\"><\/div><div class=\"fusion-sep-clear\"><\/div><div class=\"fusion-clearfix\"><\/div><\/div><span class=\"fusion-column-inner-bg hover-type-zoomin\"><a class=\"fusion-column-anchor\" href=\"https:\/\/ramse.es\/wordpress\/latest-news\/\"><span class=\"fusion-column-inner-bg-image\" style=\"background-image: url(&#039;https:\/\/ramse.es\/wordpress\/wp-content\/uploads\/2015\/12\/home_latest_news_section_bg.jpg&#039;);background-position:left top;background-repeat:no-repeat;-webkit-background-size:cover;-moz-background-size:cover;-o-background-size:cover;background-size:cover;\"><\/span><\/a><\/span><\/div><\/div><\/div><div class=\"fusion-fullwidth fullwidth-box fusion-builder-row-3 nonhundred-percent-fullwidth non-hundred-percent-height-scrolling\" style=\"background-color: #4c5f7c;background-position: left top;background-repeat: no-repeat;padding-top:50px;padding-right:0px;padding-bottom:45px;padding-left:0px;margin-bottom: 0px;margin-top: 0px;border-width: 0px 0px 0px 0px;border-color:#e7e4e2;border-style:solid;\" ><div class=\"fusion-builder-row fusion-row\"><div class=\"fusion-layout-column fusion_builder_column fusion-builder-column-6 fusion_builder_column_1_3 1_3 fusion-one-third fusion-column-first fusion-column-no-min-height\" style=\"width:30.6666%; margin-right: 4%;margin-top:4%;margin-bottom:3%;\"><div class=\"fusion-column-wrapper fusion-flex-column-wrapper-legacy\" style=\"background-position:left top;background-repeat:no-repeat;-webkit-background-size:cover;-moz-background-size:cover;-o-background-size:cover;background-size:cover;padding: 0px 0px 0px 0px;\"><div class=\"fusion-sep-clear\"><\/div><div class=\"fusion-separator fusion-full-width-sep\" style=\"margin-left: auto;margin-right: auto;margin-top:-25px;width:100%;\"><\/div><div class=\"fusion-sep-clear\"><\/div><div class=\"fusion-text fusion-text-7\"><p>Real Academia de Medicina y Cirug\u00eda de Sevilla<\/p>\n<p>C\/ Abades, 10-12<\/p>\n<p>41004 \u2013 Sevilla<\/p>\n<p>info.ramse@gmail.com<\/p>\n<p>954 22 22 45<\/p>\n<\/div><div class=\"fusion-clearfix\"><\/div><\/div><\/div><div class=\"fusion-layout-column fusion_builder_column fusion-builder-column-7 fusion_builder_column_1_3 1_3 fusion-one-third fusion-column-no-min-height\" style=\"width:30.6666%; margin-right: 4%;margin-top:4%;margin-bottom:3%;\"><div class=\"fusion-column-wrapper fusion-flex-column-wrapper-legacy\" style=\"background-position:left top;background-repeat:no-repeat;-webkit-background-size:cover;-moz-background-size:cover;-o-background-size:cover;background-size:cover;padding: 0px 0px 0px 0px;\"><div class=\"fusion-clearfix\"><\/div><\/div><\/div><div class=\"fusion-layout-column fusion_builder_column fusion-builder-column-8 fusion_builder_column_1_3 1_3 fusion-one-third fusion-column-last fusion-column-no-min-height\" style=\"width:30.6666%;margin-top:4%;margin-bottom:3%;\"><div class=\"fusion-column-wrapper fusion-flex-column-wrapper-legacy\" style=\"background-position:left top;background-repeat:no-repeat;-webkit-background-size:cover;-moz-background-size:cover;-o-background-size:cover;background-size:cover;padding: 0px 0px 0px 0px;\"><div class=\"fusion-sep-clear\"><\/div><div class=\"fusion-separator fusion-full-width-sep\" style=\"margin-left: auto;margin-right: auto;margin-top:15px;width:100%;\"><\/div><div class=\"fusion-sep-clear\"><\/div><div class=\"fusion-text fusion-text-8\"><h3 style=\"text-align: center; font-size: 30px; color: #ffffff;\">Ponte en <span style=\"color: #f09a3e;\">contacto<\/span> con nosotros<\/h3>\n<\/div>\n<div class=\"wpcf7 no-js\" id=\"wpcf7-f1957-o1\" lang=\"es-ES\" dir=\"ltr\" data-wpcf7-id=\"1957\">\n<div class=\"screen-reader-response\"><p role=\"status\" aria-live=\"polite\" aria-atomic=\"true\"><\/p> <ul><\/ul><\/div>\n<form action=\"\/wordpress\/wp-json\/wp\/v2\/pages\/16#wpcf7-f1957-o1\" method=\"post\" class=\"wpcf7-form init\" aria-label=\"Formulario de contacto\" novalidate=\"novalidate\" data-status=\"init\">\n<fieldset class=\"hidden-fields-container\"><input type=\"hidden\" name=\"_wpcf7\" value=\"1957\" \/><input type=\"hidden\" name=\"_wpcf7_version\" value=\"6.1.5\" \/><input type=\"hidden\" name=\"_wpcf7_locale\" value=\"es_ES\" \/><input type=\"hidden\" name=\"_wpcf7_unit_tag\" value=\"wpcf7-f1957-o1\" \/><input type=\"hidden\" name=\"_wpcf7_container_post\" value=\"0\" \/><input type=\"hidden\" name=\"_wpcf7_posted_data_hash\" value=\"\" \/>\n<\/fieldset>\n<p><label> Tu nombre (obligatorio)<br \/>\n<span class=\"wpcf7-form-control-wrap\" data-name=\"your-name\"><input size=\"40\" maxlength=\"400\" class=\"wpcf7-form-control wpcf7-text wpcf7-validates-as-required\" aria-required=\"true\" aria-invalid=\"false\" value=\"\" type=\"text\" name=\"your-name\" \/><\/span> <\/label>\n<\/p>\n<p><label> Tu correo electr\u00f3nico (obligatorio)<br \/>\n<span class=\"wpcf7-form-control-wrap\" data-name=\"your-email\"><input size=\"40\" maxlength=\"400\" class=\"wpcf7-form-control wpcf7-email wpcf7-validates-as-required wpcf7-text wpcf7-validates-as-email\" aria-required=\"true\" aria-invalid=\"false\" value=\"\" type=\"email\" name=\"your-email\" \/><\/span> <\/label>\n<\/p>\n<p><label> Tu tel\u00e9fono<br \/>\n<span class=\"wpcf7-form-control-wrap\" data-name=\"tel-575\"><input size=\"40\" maxlength=\"400\" class=\"wpcf7-form-control wpcf7-tel wpcf7-text wpcf7-validates-as-tel\" aria-invalid=\"false\" value=\"\" type=\"tel\" name=\"tel-575\" \/><\/span> <\/label>\n<\/p>\n<p><label> Asunto<br \/>\n<span class=\"wpcf7-form-control-wrap\" data-name=\"your-subject\"><input size=\"40\" maxlength=\"400\" class=\"wpcf7-form-control wpcf7-text\" aria-invalid=\"false\" value=\"\" type=\"text\" name=\"your-subject\" \/><\/span> <\/label>\n<\/p>\n<p><label> Tu mensaje<br \/>\n<span class=\"wpcf7-form-control-wrap\" data-name=\"your-message\"><textarea cols=\"40\" rows=\"10\" maxlength=\"2000\" class=\"wpcf7-form-control wpcf7-textarea\" aria-invalid=\"false\" name=\"your-message\"><\/textarea><\/span> <\/label>\n<\/p>\n<p><input class=\"wpcf7-form-control wpcf7-submit has-spinner\" type=\"submit\" value=\"Enviar\" \/>\n<\/p><div class=\"fusion-alert alert custom alert-custom fusion-alert-center wpcf7-response-output fusion-alert-capitalize alert-dismissable\" style=\"border-width:1px;\"><button type=\"button\" class=\"close toggle-alert\" data-dismiss=\"alert\" aria-label=\"Close\">&times;<\/button><div class=\"fusion-alert-content-wrapper\"><span class=\"fusion-alert-content\"><\/span><\/div><\/div>\n<\/form>\n<\/div>\n<div class=\"fusion-clearfix\"><\/div><\/div><\/div><\/div><\/div>\n<\/p>\n","protected":false},"excerpt":{"rendered":"","protected":false},"author":1,"featured_media":0,"parent":0,"menu_order":0,"comment_status":"closed","ping_status":"closed","template":"100-width.php","meta":{"_monsterinsights_skip_tracking":false,"_monsterinsights_sitenote_active":false,"_monsterinsights_sitenote_note":"","_monsterinsights_sitenote_category":0,"footnotes":""},"class_list":["post-16","page","type-page","status-publish","hentry"],"_links":{"self":[{"href":"https:\/\/ramse.es\/wordpress\/wp-json\/wp\/v2\/pages\/16","targetHints":{"allow":["GET"]}}],"collection":[{"href":"https:\/\/ramse.es\/wordpress\/wp-json\/wp\/v2\/pages"}],"about":[{"href":"https:\/\/ramse.es\/wordpress\/wp-json\/wp\/v2\/types\/page"}],"author":[{"embeddable":true,"href":"https:\/\/ramse.es\/wordpress\/wp-json\/wp\/v2\/users\/1"}],"replies":[{"embeddable":true,"href":"https:\/\/ramse.es\/wordpress\/wp-json\/wp\/v2\/comments?post=16"}],"version-history":[{"count":0,"href":"https:\/\/ramse.es\/wordpress\/wp-json\/wp\/v2\/pages\/16\/revisions"}],"wp:attachment":[{"href":"https:\/\/ramse.es\/wordpress\/wp-json\/wp\/v2\/media?parent=16"}],"curies":[{"name":"wp","href":"https:\/\/api.w.org\/{rel}","templated":true}]}}