{"id":5841,"date":"2026-04-28T12:00:56","date_gmt":"2026-04-28T10:00:56","guid":{"rendered":"https:\/\/ramse.es\/wordpress\/?post_type=mec-events&#038;p=5841"},"modified":"2026-04-28T12:00:56","modified_gmt":"2026-04-28T10:00:56","slug":"recepcion-ac-electos-dra-rincon-y-dr-pastor","status":"publish","type":"mec-events","link":"https:\/\/ramse.es\/wordpress\/eventos\/recepcion-ac-electos-dra-rincon-y-dr-pastor\/","title":{"rendered":"Recepci\u00f3n AC electos: Dra. Rinc\u00f3n y Dr. Pastor"},"content":{"rendered":"<p>El d\u00eda 7 de mayo del presente a\u00f1o, la Real Academia de Medicina y Cirug\u00eda de Sevilla celebrar\u00e1 sesi\u00f3n solemne para la recepci\u00f3n de acad\u00e9micos correspondientes con el siguiente programa:<\/p>\n<p>Dra. D\u00f1a. Mar\u00eda Dolores Rinc\u00f3n Ferrari Tema: \u201cDe la escena del accidente a la Unidad de Cuidados Intensivos: abordaje integral del traumatizado grave en el siglo XXI\u201d. Ser\u00e1 presentada por el acad\u00e9mico de n\u00famero Ilmo. Sr. Dr. D. Carlos Ortiz Leyba.<\/p>\n<p>Dr. D. Luis F. Pastor Torres Tema: \u201cHumanismo M\u00e9dico en Tiempos de Inteligencia Artificial\u201d. Ser\u00e1 presentado por el acad\u00e9mico de n\u00famero Ilmo. Sr. Dr. D. Jos\u00e9 M\u00aa Cruz Fern\u00e1ndez.<\/p>\n<p>Al finalizar las exposiciones, el Excmo. Sr. presidente Dr. D. Carlos A. Infantes Alc\u00f3n les impondr\u00e1 la medalla de acad\u00e9mico y les entregar\u00e1 el diploma acreditativo, clausurando el acto.<\/p>\n<p class=\"p1\"><i>Jueves, 7 de mayo de 2026<\/i><\/p>\n<p class=\"p1\"><i>Hora: 20h.<\/i><\/p>\n<p class=\"p1\"><i>Lugar: Real Academia de Medicina y Cirug\u00eda de Sevilla. <\/i><i>Sal\u00f3n de Actos \u201cRam\u00f3n y Cajal\u201d. C<\/i><i>\/Abades 10<\/i><\/p>\n<p>&nbsp;<\/p>\n<p>Puede descargar ka invitaci\u00f3n en <a href=\"https:\/\/ramse.es\/wordpress\/wp-content\/uploads\/2026\/04\/07-05-2026-invitacion.pdf\" target=\"_blank\" rel=\"noopener\">este enlace.<\/a><\/p>\n<p>&nbsp;<\/p>\n","protected":false},"excerpt":{"rendered":"<p>El d\u00eda 7 de mayo del presente a\u00f1o, la Real Academia de Medicina y Cirug\u00eda de Sevilla celebrar\u00e1 sesi\u00f3n solemne para la recepci\u00f3n de acad\u00e9micos correspondientes con el siguiente programa: Dra. D\u00f1a. Mar\u00eda Dolores Rinc\u00f3n Ferrari Tema: \u201cDe la escena del accidente a la Unidad de Cuidados Intensivos: abordaje integral del traumatizado grave en el siglo XXI\u201d. Ser\u00e1 presentada por el acad\u00e9mico de n\u00famero Ilmo. Sr. Dr. D. Carlos Ortiz Leyba. Dr. D. Luis F. Pastor Torres Tema: \u201cHumanismo M\u00e9dico en Tiempos de Inteligencia Artificial\u201d. Ser\u00e1 presentado por el acad\u00e9mico de n\u00famero Ilmo. Sr. Dr. D. Jos\u00e9 M\u00aa Cruz Fern\u00e1ndez. Al [&hellip;]<\/p>\n","protected":false},"author":4,"featured_media":0,"comment_status":"open","ping_status":"closed","template":"","tags":[],"mec_category":[65,66],"class_list":["post-5841","mec-events","type-mec-events","status-publish","hentry","mec_category-academicos-correspondientes","mec_category-acto-academico"],"_links":{"self":[{"href":"https:\/\/ramse.es\/wordpress\/wp-json\/wp\/v2\/mec-events\/5841","targetHints":{"allow":["GET"]}}],"collection":[{"href":"https:\/\/ramse.es\/wordpress\/wp-json\/wp\/v2\/mec-events"}],"about":[{"href":"https:\/\/ramse.es\/wordpress\/wp-json\/wp\/v2\/types\/mec-events"}],"author":[{"embeddable":true,"href":"https:\/\/ramse.es\/wordpress\/wp-json\/wp\/v2\/users\/4"}],"replies":[{"embeddable":true,"href":"https:\/\/ramse.es\/wordpress\/wp-json\/wp\/v2\/comments?post=5841"}],"wp:attachment":[{"href":"https:\/\/ramse.es\/wordpress\/wp-json\/wp\/v2\/media?parent=5841"}],"wp:term":[{"taxonomy":"post_tag","embeddable":true,"href":"https:\/\/ramse.es\/wordpress\/wp-json\/wp\/v2\/tags?post=5841"},{"taxonomy":"mec_category","embeddable":true,"href":"https:\/\/ramse.es\/wordpress\/wp-json\/wp\/v2\/mec_category?post=5841"}],"curies":[{"name":"wp","href":"https:\/\/api.w.org\/{rel}","templated":true}]}}