{"id":5839,"date":"2026-04-28T11:54:15","date_gmt":"2026-04-28T09:54:15","guid":{"rendered":"https:\/\/ramse.es\/wordpress\/?post_type=mec-events&#038;p=5839"},"modified":"2026-04-28T14:37:18","modified_gmt":"2026-04-28T12:37:18","slug":"miembro-de-honor-fundacion-ramse","status":"publish","type":"mec-events","link":"https:\/\/ramse.es\/wordpress\/eventos\/miembro-de-honor-fundacion-ramse\/","title":{"rendered":"Miembro de Honor Fundaci\u00f3n RAMSE"},"content":{"rendered":"<p class=\"p1\">LA FUNDACI\u00d3N REAL ACADEMIA DE MEDICINA Y CIRUG\u00cdA DE SEVILLA<\/p>\n<p class=\"p2\">bajo la presidencia de honor de S.M. el Rey Felipe VI<\/p>\n<p class=\"p3\">tiene el placer de invitarle al acto de nombramiento como miembro de honor de la Fundaci\u00f3n RAMSE del<\/p>\n<p class=\"p4\">Excmo. Sr. Dr. D. Carlos Zurita Delgado<\/p>\n<p class=\"p3\">Laudatio: Ilmo. Sr. Dr. D. Juan Sabat\u00e9 D\u00edaz, vicepresidente de la RASMSE, director de la Fundaci\u00f3n RAMSE.<\/p>\n<p class=\"p3\">Bienvenida: Ilmo. Sr. D. Joaqu\u00edn Moeckel Gil, Miembro de Honor de la Fundaci\u00f3n RAMSE.<\/p>\n<p class=\"p3\">Palabras finales del Excmo. Sr. Dr. D. Carlos A. Infantes Alc\u00f3n, presidente de la RAMSE y de su Fundaci\u00f3n.<\/p>\n<p class=\"p1\">Fecha: Domingo 3 de mayo de 2026<\/p>\n<p class=\"p1\">Hora: 12:00h.<\/p>\n<p class=\"p1\">Lugar: Sal\u00f3n de actos \u201cRam\u00f3n y Cajal\u201d Real Academia de Medicina y Cirug\u00eda de Sevilla c\/Abades, 10. Sevilla<\/p>\n<p>Puede descargar la invitaci\u00f3n en <a href=\"https:\/\/ramse.es\/wordpress\/wp-content\/uploads\/2026\/04\/03-05-2026-invitacion.pdf\" target=\"_blank\" rel=\"noopener\">este enlace<\/a>.<\/p>\n","protected":false},"excerpt":{"rendered":"<p>LA FUNDACI\u00d3N REAL ACADEMIA DE MEDICINA Y CIRUG\u00cdA DE SEVILLA bajo la presidencia de honor de S.M. el Rey Felipe VI tiene el placer de invitarle al acto de nombramiento como miembro de honor de la Fundaci\u00f3n RAMSE del Excmo. Sr. Dr. D. Carlos Zurita Delgado Laudatio: Ilmo. Sr. Dr. D. Juan Sabat\u00e9 D\u00edaz, vicepresidente de la RASMSE, director de la Fundaci\u00f3n RAMSE. Bienvenida: Ilmo. Sr. D. Joaqu\u00edn Moeckel Gil, Miembro de Honor de la Fundaci\u00f3n RAMSE. Palabras finales del Excmo. Sr. Dr. D. Carlos A. Infantes Alc\u00f3n, presidente de la RAMSE y de su Fundaci\u00f3n. Fecha: Domingo 3 de mayo [&hellip;]<\/p>\n","protected":false},"author":4,"featured_media":5854,"comment_status":"open","ping_status":"closed","template":"","tags":[],"mec_category":[285],"class_list":["post-5839","mec-events","type-mec-events","status-publish","has-post-thumbnail","hentry","mec_category-fundacion-real-academia-de-medicina-y-cirugia-de-sevilla"],"_links":{"self":[{"href":"https:\/\/ramse.es\/wordpress\/wp-json\/wp\/v2\/mec-events\/5839","targetHints":{"allow":["GET"]}}],"collection":[{"href":"https:\/\/ramse.es\/wordpress\/wp-json\/wp\/v2\/mec-events"}],"about":[{"href":"https:\/\/ramse.es\/wordpress\/wp-json\/wp\/v2\/types\/mec-events"}],"author":[{"embeddable":true,"href":"https:\/\/ramse.es\/wordpress\/wp-json\/wp\/v2\/users\/4"}],"replies":[{"embeddable":true,"href":"https:\/\/ramse.es\/wordpress\/wp-json\/wp\/v2\/comments?post=5839"}],"wp:featuredmedia":[{"embeddable":true,"href":"https:\/\/ramse.es\/wordpress\/wp-json\/wp\/v2\/media\/5854"}],"wp:attachment":[{"href":"https:\/\/ramse.es\/wordpress\/wp-json\/wp\/v2\/media?parent=5839"}],"wp:term":[{"taxonomy":"post_tag","embeddable":true,"href":"https:\/\/ramse.es\/wordpress\/wp-json\/wp\/v2\/tags?post=5839"},{"taxonomy":"mec_category","embeddable":true,"href":"https:\/\/ramse.es\/wordpress\/wp-json\/wp\/v2\/mec_category?post=5839"}],"curies":[{"name":"wp","href":"https:\/\/api.w.org\/{rel}","templated":true}]}}