{"id":5459,"date":"2025-11-02T11:39:37","date_gmt":"2025-11-02T09:39:37","guid":{"rendered":"https:\/\/ramse.es\/wordpress\/?post_type=mec-events&#038;p=5459"},"modified":"2025-11-02T11:50:26","modified_gmt":"2025-11-02T09:50:26","slug":"actualizaciones-en-patologias-neurocutaneas-raras","status":"publish","type":"mec-events","link":"https:\/\/ramse.es\/wordpress\/eventos\/actualizaciones-en-patologias-neurocutaneas-raras\/","title":{"rendered":"Actualizaciones en Patolog\u00edas Neurocut\u00e1neas Raras"},"content":{"rendered":"<p><span style=\"font-weight: 400;\">Actualizaciones en Patolog\u00edas Neurocut\u00e1neas raras. <\/span><span style=\"font-weight: 400;\">Diagn\u00f3stico y Acci\u00f3n: El Futuro de la NF1<\/span><\/p>\n<p><strong>18:00 \u2013 18:15 | Neurofibromatosis, La importancia del diagn\u00f3stico precoz<\/strong><\/p>\n<p><span style=\"font-weight: 400;\">Dr. <\/span><span style=\"font-weight: 400;\">\u00a0<\/span><span style=\"font-weight: 400;\">Antonio Gonz\u00e1lez-Meneses Lopez (Neuropediatra). <\/span><span style=\"font-weight: 400;\">Acad\u00e9mico Correspondiente de la RAMSE\u00a0 <\/span><span style=\"font-weight: 400;\"><br \/>\n<\/span><\/p>\n<p><span style=\"font-weight: 400;\"><strong>18:15 \u2013 18:40 | TratamientoTemprano:<\/strong> Una Ventaja Vital: Beneficios del <\/span><span style=\"font-weight: 400;\">\u00a0<\/span><span style=\"font-weight: 400;\">Tratamiento temprano en NF1 (Introducci\u00f3n al tratamiento con selumetinib. ) <\/span><span style=\"font-weight: 400;\">\u00a0Dr. Eduardo Quiroga (Oncopediatra)\u00a0\u00a0<\/span><\/p>\n<p><span style=\"font-weight: 400;\"><strong>18:40 \u2013 19:05 | Resolviendo el Laberinto Quir\u00fargico en NF1):<\/strong> Enfoques y casos en <\/span><span style=\"font-weight: 400;\">\u00a0<\/span><span style=\"font-weight: 400;\">la cirug\u00eda compleja. <\/span><span style=\"font-weight: 400;\">\u00a0<\/span><\/p>\n<p><span style=\"font-weight: 400;\">Dr. Alberto Garc\u00eda Perla Garcia (Cirujano Maxilofacial). <\/span><span style=\"font-weight: 400;\">Acad\u00e9mico de N\u00famero de la RAMSE\u00a0<\/span><\/p>\n<p><span style=\"font-weight: 400;\"><strong>19:05 \u2013 19:30 | Transici\u00f3n del Paciente Pedi\u00e1trico al Paciente Adulto<\/strong> importancia de la transici\u00f3n del paciente pedi\u00e1trico al paciente adulto en enfermedades de\u00a0 minoritarias\u00a0\u00a0<\/span><\/p>\n<p><span style=\"font-weight: 400;\">Dr Jose Salvador Garcia Morillo (Med. Interna<\/span><span style=\"font-weight: 400;\">). <\/span><span style=\"font-weight: 400;\">Coordinador de la Unidad de Enfermedades Autoinmunes y Minoritarias del adulto serv. medicina Interna, Hospital Virgen del Roc\u00edo de Sevilla)\u00a0\u00a0<\/span><\/p>\n<p><strong>19:30 \u2013 20:00 | Debate Interactivo: Hacia el Consenso\u00a0\u00a0<\/strong><\/p>\n<p><span style=\"font-weight: 400;\">Moderado por\u00a0\u00a0<\/span><span style=\"font-weight: 400;\">Dra. Elena Arce Portillo (Neuropediatra).\u00a0\u00a0<\/span><\/p>\n<p><span style=\"font-weight: 400;\">Presentaci\u00f3n de casos cl\u00ednicos y an\u00e1lisis.\u00a0\u00a0<\/span><\/p>\n<p><strong>20:00 \u2013 20:30 Despedida\u00a0\u00a0<\/strong><\/p>\n<p><span style=\"font-weight: 400;\">Networking y cierre de la sesi\u00f3n\u00a0\u00a0<\/span><\/p>\n<p><span style=\"font-weight: 400;\">Dr. Alberto Garc\u00eda Perla Garcia(Cirujano Maxilofacial). <\/span><span style=\"font-weight: 400;\">Acad\u00e9mico de N\u00famero de la RAMSE\u00a0<\/span><\/p>\n<p>&nbsp;<\/p>\n<p>\u2219\u00a0<b>Acto: <span style=\"font-weight: 400;\">Actualizaciones en Patolog\u00edas Neurocut\u00e1neas raras. <\/span><span style=\"font-weight: 400;\">Diagn\u00f3stico y Acci\u00f3n: El Futuro de la NF1<\/span><\/b><\/p>\n<p>\u2219\u00a0<b>Fecha:\u00a0<\/b>Jueves 13 de noviembre de 2025<\/p>\n<p>\u2219\u00a0<b>Hora:\u00a0<\/b>18:00 h.<\/p>\n<p>\u2219\u00a0<b>Lugar:\u00a0<\/b>Sal\u00f3n de Actos \u201cRam\u00f3n y Cajal\u201d \u2013 Real Academia de Medicina y\u00a0 Cirug\u00eda de Sevilla (C\/Abades, 10. 41004 Sevilla)<\/p>\n<p><span style=\"font-weight: 400;\">\u2219 <b>Confirmaci\u00f3n de asistencia:<\/b>\u00a0Para confirmar su asistencia, por favor <\/span><span style=\"font-weight: 400;\">\u00a0contacte con la Academia de Medicina de Sevilla al e-mail: info.ramse@gmail.com\u00a0<\/span><\/p>\n<p>Puede descargar el programa completo en <a href=\"https:\/\/ramse.es\/wordpress\/wp-content\/uploads\/2025\/11\/13-11-2025-programa.pdf\" target=\"_blank\" rel=\"noopener\">este enlace<\/a>.<\/p>\n","protected":false},"excerpt":{"rendered":"<p>Actualizaciones en Patolog\u00edas Neurocut\u00e1neas raras. Diagn\u00f3stico y Acci\u00f3n: El Futuro de la NF1 18:00 \u2013 18:15 | Neurofibromatosis, La importancia del diagn\u00f3stico precoz Dr. \u00a0Antonio Gonz\u00e1lez-Meneses Lopez (Neuropediatra). Acad\u00e9mico Correspondiente de la RAMSE\u00a0 18:15 \u2013 18:40 | TratamientoTemprano: Una Ventaja Vital: Beneficios del \u00a0Tratamiento temprano en NF1 (Introducci\u00f3n al tratamiento con selumetinib. ) \u00a0Dr. Eduardo Quiroga (Oncopediatra)\u00a0\u00a0 18:40 \u2013 19:05 | Resolviendo el Laberinto Quir\u00fargico en NF1): Enfoques y casos en \u00a0la cirug\u00eda compleja. \u00a0 Dr. Alberto Garc\u00eda Perla Garcia (Cirujano Maxilofacial). Acad\u00e9mico de N\u00famero de la RAMSE\u00a0 19:05 \u2013 19:30 | Transici\u00f3n del Paciente Pedi\u00e1trico al Paciente Adulto importancia de [&hellip;]<\/p>\n","protected":false},"author":4,"featured_media":5460,"comment_status":"open","ping_status":"closed","template":"","tags":[363],"mec_category":[123],"class_list":["post-5459","mec-events","type-mec-events","status-publish","has-post-thumbnail","hentry","tag-actualizaciones-en-patologias-neurocutaneas-raras","mec_category-jornada-cientifica"],"_links":{"self":[{"href":"https:\/\/ramse.es\/wordpress\/wp-json\/wp\/v2\/mec-events\/5459","targetHints":{"allow":["GET"]}}],"collection":[{"href":"https:\/\/ramse.es\/wordpress\/wp-json\/wp\/v2\/mec-events"}],"about":[{"href":"https:\/\/ramse.es\/wordpress\/wp-json\/wp\/v2\/types\/mec-events"}],"author":[{"embeddable":true,"href":"https:\/\/ramse.es\/wordpress\/wp-json\/wp\/v2\/users\/4"}],"replies":[{"embeddable":true,"href":"https:\/\/ramse.es\/wordpress\/wp-json\/wp\/v2\/comments?post=5459"}],"wp:featuredmedia":[{"embeddable":true,"href":"https:\/\/ramse.es\/wordpress\/wp-json\/wp\/v2\/media\/5460"}],"wp:attachment":[{"href":"https:\/\/ramse.es\/wordpress\/wp-json\/wp\/v2\/media?parent=5459"}],"wp:term":[{"taxonomy":"post_tag","embeddable":true,"href":"https:\/\/ramse.es\/wordpress\/wp-json\/wp\/v2\/tags?post=5459"},{"taxonomy":"mec_category","embeddable":true,"href":"https:\/\/ramse.es\/wordpress\/wp-json\/wp\/v2\/mec_category?post=5459"}],"curies":[{"name":"wp","href":"https:\/\/api.w.org\/{rel}","templated":true}]}}