{"id":5456,"date":"2025-11-02T10:45:13","date_gmt":"2025-11-02T08:45:13","guid":{"rendered":"https:\/\/ramse.es\/wordpress\/?post_type=mec-events&#038;p=5456"},"modified":"2025-11-02T11:49:49","modified_gmt":"2025-11-02T09:49:49","slug":"catedra-de-obesidad-y-enfermedades-metabolicas-asociadas-ema","status":"publish","type":"mec-events","link":"https:\/\/ramse.es\/wordpress\/eventos\/catedra-de-obesidad-y-enfermedades-metabolicas-asociadas-ema\/","title":{"rendered":"C\u00e1tedra de Obesidad y Enfermedades Metab\u00f3licas Asociadas (EMA)"},"content":{"rendered":"<p><span style=\"font-weight: 400;\">La Fundaci\u00f3n Real Academia de Medicina y Cirug\u00eda de Sevilla, a trav\u00e9s de la C\u00e1tedra de Obesidad y Enfermedades Metab\u00f3licas Asociadas (EMA), organiza la Sesi\u00f3n Acad\u00e9mica sobre el <\/span><b>\u00abImpacto Social y Sanitario de Obesidad y\u00a0 Enfermedades Metab\u00f3licas Asociadas (EMA)\u00bb<\/b><\/p>\n<p><span style=\"font-weight: 400;\">Apertura Excmo. Sr. Presidente de la RAMSE <\/span><b>Dr. D. Carlos A. Infantes Alc\u00f3n <\/b><span style=\"font-weight: 400;\">Moderaci\u00f3n <\/span><b>Prof. Dr. Eduardo Dom\u00ednguez-Adame L., <\/b><span style=\"font-weight: 400;\">Director de la C\u00e1tedra Obesidad y EMA <\/span><span style=\"font-weight: 400;\">Sesi\u00f3n \u201cImpacto Social y Sanitario de Obesidad y EMA\u201d\u00a0<\/span><\/p>\n<p><b>Dr. Pablo Torres Costales<\/b><span style=\"font-weight: 400;\">, Medical Affairs Lead Johnson&amp;Johnson\u00a0<\/span><\/p>\n<p><b>Dr. Manuel Fern\u00e1ndez Zurbar\u00e1n<\/b><span style=\"font-weight: 400;\">, Director General deSalud P\u00fablica y Ordenaci\u00f3n Farmac\u00e9utica <\/span><b>D. Marcos A. Le\u00f3n Garc\u00eda<\/b><span style=\"font-weight: 400;\">, Vocal Asociaci\u00f3n Nacional de Personas que Viven con Obesidad (ANPO)<\/span><\/p>\n<p><span style=\"font-weight: 400;\">\u2219 <\/span><b>Acto: <\/b><span style=\"font-weight: 400;\">Sesi\u00f3n Acad\u00e9mica \u00abImpacto Social y Sanitario de Obesidad y EMA\u00bb\u00a0<\/span><\/p>\n<p><span style=\"font-weight: 400;\">\u2219 <\/span><b>Organiza: <\/b><span style=\"font-weight: 400;\">C\u00e1tedra de Obesidad y Enfermedades Metab\u00f3licas Asociadas\u00a0 (EMA) de la RAMSE\u00a0<\/span><\/p>\n<p><span style=\"font-weight: 400;\">\u2219 <\/span><b>Fecha: <\/b><span style=\"font-weight: 400;\">Martes, 04 de noviembre de 2025\u00a0<\/span><\/p>\n<p><span style=\"font-weight: 400;\">\u2219 <\/span><b>Hora: <\/b><span style=\"font-weight: 400;\">19:00 h.\u00a0<\/span><\/p>\n<p><span style=\"font-weight: 400;\">\u2219 <\/span><b>Lugar: <\/b><span style=\"font-weight: 400;\">Sal\u00f3n de Actos \u201cRam\u00f3n y Cajal\u201d \u2013 Real Academia de Medicina y\u00a0 Cirug\u00eda de Sevilla (C\/Abades, 10. 41004 Sevilla) <\/span><\/p>\n<p>Puede descargar la invitaci\u00f3n en <a href=\"https:\/\/ramse.es\/wordpress\/wp-content\/uploads\/2025\/11\/4-11-2025-CARTON-INVITACION-ACTO-CATEDRA-OBESIDAD-Y-EMA-1a.pdf\" target=\"_blank\" rel=\"noopener\">este enlace<\/a><\/p>\n","protected":false},"excerpt":{"rendered":"<p>La Fundaci\u00f3n Real Academia de Medicina y Cirug\u00eda de Sevilla, a trav\u00e9s de la C\u00e1tedra de Obesidad y Enfermedades Metab\u00f3licas Asociadas (EMA), organiza la Sesi\u00f3n Acad\u00e9mica sobre el \u00abImpacto Social y Sanitario de Obesidad y\u00a0 Enfermedades Metab\u00f3licas Asociadas (EMA)\u00bb Apertura Excmo. Sr. Presidente de la RAMSE Dr. D. Carlos A. Infantes Alc\u00f3n Moderaci\u00f3n Prof. Dr. Eduardo Dom\u00ednguez-Adame L., Director de la C\u00e1tedra Obesidad y EMA Sesi\u00f3n \u201cImpacto Social y Sanitario de Obesidad y EMA\u201d\u00a0 Dr. Pablo Torres Costales, Medical Affairs Lead Johnson&amp;Johnson\u00a0 Dr. Manuel Fern\u00e1ndez Zurbar\u00e1n, Director General deSalud P\u00fablica y Ordenaci\u00f3n Farmac\u00e9utica D. Marcos A. Le\u00f3n Garc\u00eda, Vocal Asociaci\u00f3n Nacional [&hellip;]<\/p>\n","protected":false},"author":4,"featured_media":5458,"comment_status":"open","ping_status":"closed","template":"","tags":[362],"mec_category":[361,285],"class_list":["post-5456","mec-events","type-mec-events","status-publish","has-post-thumbnail","hentry","tag-catedra-de-obesidad-y-enfermedades-metabolicas-asociadas-ema","mec_category-catedra-de-obesidad-y-enfermedades-metabolicas-asociadas-ema","mec_category-fundacion-real-academia-de-medicina-y-cirugia-de-sevilla"],"_links":{"self":[{"href":"https:\/\/ramse.es\/wordpress\/wp-json\/wp\/v2\/mec-events\/5456","targetHints":{"allow":["GET"]}}],"collection":[{"href":"https:\/\/ramse.es\/wordpress\/wp-json\/wp\/v2\/mec-events"}],"about":[{"href":"https:\/\/ramse.es\/wordpress\/wp-json\/wp\/v2\/types\/mec-events"}],"author":[{"embeddable":true,"href":"https:\/\/ramse.es\/wordpress\/wp-json\/wp\/v2\/users\/4"}],"replies":[{"embeddable":true,"href":"https:\/\/ramse.es\/wordpress\/wp-json\/wp\/v2\/comments?post=5456"}],"wp:featuredmedia":[{"embeddable":true,"href":"https:\/\/ramse.es\/wordpress\/wp-json\/wp\/v2\/media\/5458"}],"wp:attachment":[{"href":"https:\/\/ramse.es\/wordpress\/wp-json\/wp\/v2\/media?parent=5456"}],"wp:term":[{"taxonomy":"post_tag","embeddable":true,"href":"https:\/\/ramse.es\/wordpress\/wp-json\/wp\/v2\/tags?post=5456"},{"taxonomy":"mec_category","embeddable":true,"href":"https:\/\/ramse.es\/wordpress\/wp-json\/wp\/v2\/mec_category?post=5456"}],"curies":[{"name":"wp","href":"https:\/\/api.w.org\/{rel}","templated":true}]}}