{"id":5329,"date":"2025-04-20T10:15:53","date_gmt":"2025-04-20T08:15:53","guid":{"rendered":"https:\/\/ramse.es\/wordpress\/?post_type=mec-events&#038;p=5329"},"modified":"2025-05-13T11:41:41","modified_gmt":"2025-05-13T09:41:41","slug":"dia-de-la-academia-2025","status":"publish","type":"mec-events","link":"https:\/\/ramse.es\/wordpress\/eventos\/dia-de-la-academia-2025\/","title":{"rendered":"D\u00eda de la Academia 2025"},"content":{"rendered":"<p class=\"p1\"><span class=\"s1\">La Real Academia de Medicina y Cirug\u00eda de Sevilla celebra<\/span> la Sesi\u00f3n P\u00fablica y Extraordinaria del D\u00eda de la Academia, Conmemorativa del 325 aniversario de la Regia Sociedad, que se celebrar\u00e1 el martes 13 de mayo de 2025, en la sede de Calle Abades, 10, a las siete de la tarde, con arreglo a la siguiente programaci\u00f3n:<\/p>\n<p class=\"p2\">I. Presentaci\u00f3n del conferenciante a cargo del Ilmo. Sr. Dr. D. Jos\u00e9 Antonio Mil\u00e1n Mart\u00edn, Acad\u00e9mico de N\u00famero de la RAMSE.<\/p>\n<p class=\"p2\">II. Conferencia \u201cNuestra realidad existencial\u201d, impartida por el Ilmo. Sr. Dr. D. Manuel Sans Segarra, Acad\u00e9mico Numerario de la Real Academia Europea de Doctores.<\/p>\n<p class=\"p2\">III. Entrega de estatuilla de Acad\u00e9mico de N\u00famero Em\u00e9rito de la RAMSE a los Ilmos. Sres. Dres. D. Jos\u00e9 Luis Serrera Contreras, D. Pedro S\u00e1nchez Guijo y D. Jos\u00e9 Pe\u00f1a Mart\u00ednez.<\/p>\n<p class=\"p2\">IV. Clausura el acto el Excmo. Sr. Presidente D. Carlos A. Infantes Alc\u00f3n.<\/p>\n<p>&nbsp;<\/p>\n<p>Puede descargar la invitaci\u00f3n en <a href=\"https:\/\/ramse.es\/wordpress\/wp-content\/uploads\/2025\/05\/Invitacion-Dia-de-la-Academia-2025.pdf\" target=\"_blank\" rel=\"noopener\">este enlace<\/a>.<\/p>\n","protected":false},"excerpt":{"rendered":"<p>La Real Academia de Medicina y Cirug\u00eda de Sevilla celebra la Sesi\u00f3n P\u00fablica y Extraordinaria del D\u00eda de la Academia, Conmemorativa del 325 aniversario de la Regia Sociedad, que se celebrar\u00e1 el martes 13 de mayo de 2025, en la sede de Calle Abades, 10, a las siete de la tarde, con arreglo a la siguiente programaci\u00f3n: I. Presentaci\u00f3n del conferenciante a cargo del Ilmo. Sr. Dr. D. Jos\u00e9 Antonio Mil\u00e1n Mart\u00edn, Acad\u00e9mico de N\u00famero de la RAMSE. II. Conferencia \u201cNuestra realidad existencial\u201d, impartida por el Ilmo. Sr. Dr. D. Manuel Sans Segarra, Acad\u00e9mico Numerario de la Real Academia Europea de [&hellip;]<\/p>\n","protected":false},"author":4,"featured_media":5332,"comment_status":"open","ping_status":"closed","template":"","tags":[136,337],"mec_category":[66],"class_list":["post-5329","mec-events","type-mec-events","status-publish","has-post-thumbnail","hentry","tag-dia-de-la-academia","tag-manuel-sans-segarra","mec_category-acto-academico"],"_links":{"self":[{"href":"https:\/\/ramse.es\/wordpress\/wp-json\/wp\/v2\/mec-events\/5329","targetHints":{"allow":["GET"]}}],"collection":[{"href":"https:\/\/ramse.es\/wordpress\/wp-json\/wp\/v2\/mec-events"}],"about":[{"href":"https:\/\/ramse.es\/wordpress\/wp-json\/wp\/v2\/types\/mec-events"}],"author":[{"embeddable":true,"href":"https:\/\/ramse.es\/wordpress\/wp-json\/wp\/v2\/users\/4"}],"replies":[{"embeddable":true,"href":"https:\/\/ramse.es\/wordpress\/wp-json\/wp\/v2\/comments?post=5329"}],"wp:featuredmedia":[{"embeddable":true,"href":"https:\/\/ramse.es\/wordpress\/wp-json\/wp\/v2\/media\/5332"}],"wp:attachment":[{"href":"https:\/\/ramse.es\/wordpress\/wp-json\/wp\/v2\/media?parent=5329"}],"wp:term":[{"taxonomy":"post_tag","embeddable":true,"href":"https:\/\/ramse.es\/wordpress\/wp-json\/wp\/v2\/tags?post=5329"},{"taxonomy":"mec_category","embeddable":true,"href":"https:\/\/ramse.es\/wordpress\/wp-json\/wp\/v2\/mec_category?post=5329"}],"curies":[{"name":"wp","href":"https:\/\/api.w.org\/{rel}","templated":true}]}}