{"id":5175,"date":"2025-03-10T09:52:17","date_gmt":"2025-03-10T07:52:17","guid":{"rendered":"https:\/\/ramse.es\/wordpress\/?post_type=mec-events&#038;p=5175"},"modified":"2025-03-10T09:52:17","modified_gmt":"2025-03-10T07:52:17","slug":"catedra-mas-alimentacion-y-salud-conferencia-mantener-sano-el-estomago","status":"publish","type":"mec-events","link":"https:\/\/ramse.es\/wordpress\/eventos\/catedra-mas-alimentacion-y-salud-conferencia-mantener-sano-el-estomago\/","title":{"rendered":"C\u00e1tedra MAS Alimentaci\u00f3n y Salud. Conferencia: \u201cMantener sano el est\u00f3mago\u201d"},"content":{"rendered":"<p>La Fundaci\u00f3n Real Academia de Medicina y Cirug\u00eda de Sevilla y la Fundaci\u00f3n MAS tienen el placer de invitarle a la sesi\u00f3n organizada por la C\u00e1tedra MAS Alimentaci\u00f3n y Salud con arreglo a la siguiente programaci\u00f3n:<\/p>\n<p>Apertura: Excmo. Sr. Presidente de la RAMSE Dr. D. Carlos Infantes Alc\u00f3n.<\/p>\n<p>Presentaci\u00f3n: Dr. D. Jos\u00e9 Mar\u00eda L\u00f3pez Puerta, Director de la C\u00e1tedra MAS Alimentaci\u00f3n y Salud. Acad\u00e9mico Correspondiente de la RAMSE.<\/p>\n<p>Conferencia: \u201cMantener sano el est\u00f3mago\u201d impartida por el Ilmo. Sr. Dr. D. Felipe Mart\u00ednez Alcal\u00e1, Decano de la Facultad de Ciencias de la Salud de la Universidad Fernando III CEU de Sevilla. Acad\u00e9mico de N\u00famero de la RAMSE.<\/p>\n<p>&#8212;<\/p>\n<p class=\"p1\"><span class=\"s1\">Fech<\/span>a: Martes, 11 de marzo de 2025<\/p>\n<p class=\"p2\"><span class=\"s2\">Hora<\/span>: 19:00 h<\/p>\n<p class=\"p2\">Lugar: Sal\u00f3n de Actos \u201cRam\u00f3n y Cajal\u201d Real Academia de Medicina y Cirug\u00eda de Sevilla<\/p>\n<p class=\"p2\">C\/ Abades, 10. 41004 Sevilla<\/p>\n<p>&#8212;<\/p>\n<p>Puede descargar la invitaci\u00f3n en <a href=\"https:\/\/ramse.es\/wordpress\/wp-content\/uploads\/2025\/03\/Invitacion-Catedra-MAS-11-3-25.pdf\" target=\"_blank\" rel=\"noopener\">este enlace<\/a>.<\/p>\n","protected":false},"excerpt":{"rendered":"<p>La Fundaci\u00f3n Real Academia de Medicina y Cirug\u00eda de Sevilla y la Fundaci\u00f3n MAS tienen el placer de invitarle a la sesi\u00f3n organizada por la C\u00e1tedra MAS Alimentaci\u00f3n y Salud con arreglo a la siguiente programaci\u00f3n: Apertura: Excmo. Sr. Presidente de la RAMSE Dr. D. Carlos Infantes Alc\u00f3n. Presentaci\u00f3n: Dr. D. Jos\u00e9 Mar\u00eda L\u00f3pez Puerta, Director de la C\u00e1tedra MAS Alimentaci\u00f3n y Salud. Acad\u00e9mico Correspondiente de la RAMSE. Conferencia: \u201cMantener sano el est\u00f3mago\u201d impartida por el Ilmo. Sr. Dr. D. Felipe Mart\u00ednez Alcal\u00e1, Decano de la Facultad de Ciencias de la Salud de la Universidad Fernando III CEU de Sevilla. Acad\u00e9mico [&hellip;]<\/p>\n","protected":false},"author":4,"featured_media":5176,"comment_status":"open","ping_status":"closed","template":"","tags":[262,256],"mec_category":[254],"class_list":["post-5175","mec-events","type-mec-events","status-publish","has-post-thumbnail","hentry","tag-catedra-mas-alimentacion-y-salud","tag-fundacion-mas","mec_category-catedra-mas-alimentacion-y-salud"],"_links":{"self":[{"href":"https:\/\/ramse.es\/wordpress\/wp-json\/wp\/v2\/mec-events\/5175","targetHints":{"allow":["GET"]}}],"collection":[{"href":"https:\/\/ramse.es\/wordpress\/wp-json\/wp\/v2\/mec-events"}],"about":[{"href":"https:\/\/ramse.es\/wordpress\/wp-json\/wp\/v2\/types\/mec-events"}],"author":[{"embeddable":true,"href":"https:\/\/ramse.es\/wordpress\/wp-json\/wp\/v2\/users\/4"}],"replies":[{"embeddable":true,"href":"https:\/\/ramse.es\/wordpress\/wp-json\/wp\/v2\/comments?post=5175"}],"wp:featuredmedia":[{"embeddable":true,"href":"https:\/\/ramse.es\/wordpress\/wp-json\/wp\/v2\/media\/5176"}],"wp:attachment":[{"href":"https:\/\/ramse.es\/wordpress\/wp-json\/wp\/v2\/media?parent=5175"}],"wp:term":[{"taxonomy":"post_tag","embeddable":true,"href":"https:\/\/ramse.es\/wordpress\/wp-json\/wp\/v2\/tags?post=5175"},{"taxonomy":"mec_category","embeddable":true,"href":"https:\/\/ramse.es\/wordpress\/wp-json\/wp\/v2\/mec_category?post=5175"}],"curies":[{"name":"wp","href":"https:\/\/api.w.org\/{rel}","templated":true}]}}