{"id":5111,"date":"2025-02-10T15:17:20","date_gmt":"2025-02-10T13:17:20","guid":{"rendered":"https:\/\/ramse.es\/wordpress\/?post_type=mec-events&#038;p=5111"},"modified":"2025-02-10T15:17:20","modified_gmt":"2025-02-10T13:17:20","slug":"catedra-de-cooperacion-internacional-andalucia-y-la-cooperacion-internacional-para-el-desarrollo","status":"publish","type":"mec-events","link":"https:\/\/ramse.es\/wordpress\/eventos\/catedra-de-cooperacion-internacional-andalucia-y-la-cooperacion-internacional-para-el-desarrollo\/","title":{"rendered":"C\u00e1tedra de Cooperaci\u00f3n Internacional: \u201cAndaluc\u00eda y la Cooperaci\u00f3n Internacional para el desarrollo\u201d"},"content":{"rendered":"<p class=\"p1\">Fundaci\u00f3n Real Academia de Medicina y Cirug\u00eda de Sevilla tiene el placer de invitarle a la sesi\u00f3n organizada por la C\u00e1tedra de Cooperaci\u00f3n Internacional con arreglo a la siguiente programaci\u00f3n:<\/p>\n<p class=\"p1\">Apertura: Excmo. Sr. Presidente de la RAMSE Dr. D. Carlos Infantes Alc\u00f3n.<\/p>\n<p class=\"p2\"><strong>Conferencia: \u201cAndaluc\u00eda y la Cooperaci\u00f3n Internacional para el desarrollo\u201d impartida por D\u00f1a. Celia Rosell Mart\u00ed,<\/strong> Directora de la Agencia Andaluza de Cooperaci\u00f3n Internacional para el Desarrollo, que ser\u00e1 presentada por el Director de la C\u00e1tedra de Cooperaci\u00f3n Internacional,<\/p>\n<p class=\"p1\">Ilmo. Sr. Dr. D. Rogelio Garrido Teruel, Acad\u00e9mico de N\u00famero de la RAMSE.<\/p>\n<p>&nbsp;<\/p>\n<p class=\"p3\"><span class=\"s1\">Fech<\/span>a: Jueves, 20 de febrero de 2025<\/p>\n<p class=\"p4\"><span class=\"s2\">Hora<\/span>: 19:00 h<\/p>\n<p class=\"p4\">Lugar: Sal\u00f3n de Actos \u201cRam\u00f3n y Cajal\u201d Real Academia de Medicina y Cirug\u00eda de Sevilla<\/p>\n<p class=\"p4\">C\/Abades, 10. 41004 Sevilla<\/p>\n<p>&nbsp;<\/p>\n<p>Puede descargar la invitaci\u00f3n en <a href=\"https:\/\/ramse.es\/wordpress\/wp-content\/uploads\/2025\/02\/Invitacion-Catedra-Cooperacion-20-2-25.pdf\" target=\"_blank\" rel=\"noopener\">este enlace<\/a>.<\/p>\n","protected":false},"excerpt":{"rendered":"<p>Fundaci\u00f3n Real Academia de Medicina y Cirug\u00eda de Sevilla tiene el placer de invitarle a la sesi\u00f3n organizada por la C\u00e1tedra de Cooperaci\u00f3n Internacional con arreglo a la siguiente programaci\u00f3n: Apertura: Excmo. Sr. Presidente de la RAMSE Dr. D. Carlos Infantes Alc\u00f3n. Conferencia: \u201cAndaluc\u00eda y la Cooperaci\u00f3n Internacional para el desarrollo\u201d impartida por D\u00f1a. Celia Rosell Mart\u00ed, Directora de la Agencia Andaluza de Cooperaci\u00f3n Internacional para el Desarrollo, que ser\u00e1 presentada por el Director de la C\u00e1tedra de Cooperaci\u00f3n Internacional, Ilmo. Sr. Dr. D. Rogelio Garrido Teruel, Acad\u00e9mico de N\u00famero de la RAMSE. &nbsp; Fecha: Jueves, 20 de febrero de 2025 [&hellip;]<\/p>\n","protected":false},"author":4,"featured_media":5112,"comment_status":"open","ping_status":"closed","template":"","tags":[306,307,223],"mec_category":[246],"class_list":["post-5111","mec-events","type-mec-events","status-publish","has-post-thumbnail","hentry","tag-andalucia-y-la-cooperacion-internacional-para-el-desarrollo","tag-celia-rosell-marti","tag-fundacion-ramse","mec_category-catedra-de-cooperacion-internacional"],"_links":{"self":[{"href":"https:\/\/ramse.es\/wordpress\/wp-json\/wp\/v2\/mec-events\/5111","targetHints":{"allow":["GET"]}}],"collection":[{"href":"https:\/\/ramse.es\/wordpress\/wp-json\/wp\/v2\/mec-events"}],"about":[{"href":"https:\/\/ramse.es\/wordpress\/wp-json\/wp\/v2\/types\/mec-events"}],"author":[{"embeddable":true,"href":"https:\/\/ramse.es\/wordpress\/wp-json\/wp\/v2\/users\/4"}],"replies":[{"embeddable":true,"href":"https:\/\/ramse.es\/wordpress\/wp-json\/wp\/v2\/comments?post=5111"}],"wp:featuredmedia":[{"embeddable":true,"href":"https:\/\/ramse.es\/wordpress\/wp-json\/wp\/v2\/media\/5112"}],"wp:attachment":[{"href":"https:\/\/ramse.es\/wordpress\/wp-json\/wp\/v2\/media?parent=5111"}],"wp:term":[{"taxonomy":"post_tag","embeddable":true,"href":"https:\/\/ramse.es\/wordpress\/wp-json\/wp\/v2\/tags?post=5111"},{"taxonomy":"mec_category","embeddable":true,"href":"https:\/\/ramse.es\/wordpress\/wp-json\/wp\/v2\/mec_category?post=5111"}],"curies":[{"name":"wp","href":"https:\/\/api.w.org\/{rel}","templated":true}]}}