{"id":4844,"date":"2024-05-19T10:41:44","date_gmt":"2024-05-19T08:41:44","guid":{"rendered":"https:\/\/ramse.es\/wordpress\/?post_type=mec-events&#038;p=4844"},"modified":"2024-05-19T11:03:10","modified_gmt":"2024-05-19T09:03:10","slug":"dia-de-la-academia-2023-403","status":"publish","type":"mec-events","link":"https:\/\/ramse.es\/wordpress\/eventos\/dia-de-la-academia-2023-403\/","title":{"rendered":"D\u00eda de la Academia 2024"},"content":{"rendered":"<p class=\"p1\">La Real Academia de Medicina y Cirug\u00eda de Sevilla tiene el honor de invitar a Vd. a la Sesi\u00f3n P\u00fablica y Extraordinaria del D\u00eda de la Academia, Conmemorativa del 324 aniversario de la Regia Sociedad, que se celebrar\u00e1 el jueves 23 de mayo de 2024, en la sede de Calle Abades, 10, a las ocho de la tarde, con arreglo a la siguiente programaci\u00f3n:<\/p>\n<p class=\"p1\">I. Presentaci\u00f3n del conferenciante a cargo del Ilmo. Sr. Dr. D. Jos\u00e9 Antonio Mil\u00e1n Mart\u00edn, Acad\u00e9mico de N\u00famero de la RAMSE.<\/p>\n<p class=\"p1\">II. Conferencia \u201cLa ciencia como base para la construcci\u00f3n patri\u00f3tica: El ejemplo de Cajal\u201d, impartida por el Excmo. Sr. Dr. D. Francisco L\u00f3pez Mu\u00f1oz Acad\u00e9mico de N\u00famero de la Real Academia Europea de Doctores.<\/p>\n<p class=\"p1\">III. Entrega de la placa conmemorativa de 25 a\u00f1os de Acad\u00e9mico de N\u00famero a los Ilmos. Sres. Drs. D. Carlos Mart\u00ednez Manzanares y D. Blas Rodr\u00edguez de Quesada Tello y Enquiridi\u00f3n Acad\u00e9mico por el Acad\u00e9mico de N\u00famero Ilmo. Sr. Dr. D. Jorge Dom\u00ednguez-Rodi\u00f1o S\u00e1nchez Laulh\u00e9.<\/p>\n<p class=\"p1\">IV. Clausura el acto el Excmo. Sr. Presidente D. Carlos A. Infantes Alc\u00f3n.<\/p>\n<p class=\"p1\">Descargar invitaci\u00f3n en <a href=\"https:\/\/ramse.es\/wordpress\/wp-content\/uploads\/2024\/05\/Invitacion-Dia-de-la-Academia-2024.pdf\" target=\"_blank\" rel=\"noopener\">este enlace<\/a>.<\/p>\n<p>&nbsp;<\/p>\n<p>&nbsp;<\/p>\n<p>&nbsp;<\/p>\n","protected":false},"excerpt":{"rendered":"<p>La Real Academia de Medicina y Cirug\u00eda de Sevilla tiene el honor de invitar a Vd. a la Sesi\u00f3n P\u00fablica y Extraordinaria del D\u00eda de la Academia, Conmemorativa del 324 aniversario de la Regia Sociedad, que se celebrar\u00e1 el jueves 23 de mayo de 2024, en la sede de Calle Abades, 10, a las ocho de la tarde, con arreglo a la siguiente programaci\u00f3n: I. Presentaci\u00f3n del conferenciante a cargo del Ilmo. Sr. Dr. D. Jos\u00e9 Antonio Mil\u00e1n Mart\u00edn, Acad\u00e9mico de N\u00famero de la RAMSE. II. Conferencia \u201cLa ciencia como base para la construcci\u00f3n patri\u00f3tica: El ejemplo de Cajal\u201d, impartida por [&hellip;]<\/p>\n","protected":false},"author":4,"featured_media":4845,"comment_status":"open","ping_status":"closed","template":"","tags":[136],"mec_category":[66],"class_list":["post-4844","mec-events","type-mec-events","status-publish","has-post-thumbnail","hentry","tag-dia-de-la-academia","mec_category-acto-academico"],"_links":{"self":[{"href":"https:\/\/ramse.es\/wordpress\/wp-json\/wp\/v2\/mec-events\/4844","targetHints":{"allow":["GET"]}}],"collection":[{"href":"https:\/\/ramse.es\/wordpress\/wp-json\/wp\/v2\/mec-events"}],"about":[{"href":"https:\/\/ramse.es\/wordpress\/wp-json\/wp\/v2\/types\/mec-events"}],"author":[{"embeddable":true,"href":"https:\/\/ramse.es\/wordpress\/wp-json\/wp\/v2\/users\/4"}],"replies":[{"embeddable":true,"href":"https:\/\/ramse.es\/wordpress\/wp-json\/wp\/v2\/comments?post=4844"}],"wp:featuredmedia":[{"embeddable":true,"href":"https:\/\/ramse.es\/wordpress\/wp-json\/wp\/v2\/media\/4845"}],"wp:attachment":[{"href":"https:\/\/ramse.es\/wordpress\/wp-json\/wp\/v2\/media?parent=4844"}],"wp:term":[{"taxonomy":"post_tag","embeddable":true,"href":"https:\/\/ramse.es\/wordpress\/wp-json\/wp\/v2\/tags?post=4844"},{"taxonomy":"mec_category","embeddable":true,"href":"https:\/\/ramse.es\/wordpress\/wp-json\/wp\/v2\/mec_category?post=4844"}],"curies":[{"name":"wp","href":"https:\/\/api.w.org\/{rel}","templated":true}]}}