{"id":4770,"date":"2024-03-26T12:43:29","date_gmt":"2024-03-26T10:43:29","guid":{"rendered":"https:\/\/ramse.es\/wordpress\/?post_type=mec-events&#038;p=4770"},"modified":"2024-03-26T12:43:29","modified_gmt":"2024-03-26T10:43:29","slug":"sesion-de-la-catedra-de-cooperacion-internacional","status":"publish","type":"mec-events","link":"https:\/\/ramse.es\/wordpress\/eventos\/sesion-de-la-catedra-de-cooperacion-internacional\/","title":{"rendered":"Sesi\u00f3n de la C\u00e1tedra de Cooperaci\u00f3n Internacional"},"content":{"rendered":"<p class=\"p1\">El martes 23 de abril, a las 20:00 horas, se celebra la sesi\u00f3n de la C\u00e1tedra de Cooperaci\u00f3n Internacional<\/p>\n<p class=\"p1\">Apertura Excmo. Sr. Presidente de la RAMSE Dr. D. Carlos Infantes Alc\u00f3n.<\/p>\n<p class=\"p1\">Introducci\u00f3n por el Director de la C\u00e1tedra de Cooperaci\u00f3n Internacional, Ilmo. Dr. D. Rogelio Garrido Teruel, Acad\u00e9mico de N\u00famero de la RAMSE<\/p>\n<p class=\"p1\">Presentaci\u00f3n de proyectos por la Secretaria de la C\u00e1tedra, Dra. D\u00f1a. Carmen Delgado Jim\u00e9nez, Acad\u00e9mica Correspondiente de la RAMSE.<\/p>\n<p class=\"p2\">Conferencia \u201cUna experiencia de solidaridad en Malawi\u201d, Dr. D. Jos\u00e9 Luis Verdugo Fern\u00e1ndez, M\u00e9dico cooperante. Director Fundaci\u00f3n Solidaridad Candelaria.<\/p>\n<p class=\"p1\">Descargar invitaci\u00f3n en <a href=\"https:\/\/ramse.es\/wordpress\/wp-content\/uploads\/2024\/03\/Invitacion-Catedra-Cooperacion-23-4-24.pdf\" target=\"_blank\" rel=\"noopener\">este enlace<\/a>.<\/p>\n<p>&nbsp;<\/p>\n<p>&nbsp;<\/p>\n<p>&nbsp;<\/p>\n<p>&nbsp;<\/p>\n<p>&nbsp;<\/p>\n","protected":false},"excerpt":{"rendered":"<p>El martes 23 de abril, a las 20:00 horas, se celebra la sesi\u00f3n de la C\u00e1tedra de Cooperaci\u00f3n Internacional Apertura Excmo. Sr. Presidente de la RAMSE Dr. D. Carlos Infantes Alc\u00f3n. Introducci\u00f3n por el Director de la C\u00e1tedra de Cooperaci\u00f3n Internacional, Ilmo. Dr. D. Rogelio Garrido Teruel, Acad\u00e9mico de N\u00famero de la RAMSE Presentaci\u00f3n de proyectos por la Secretaria de la C\u00e1tedra, Dra. D\u00f1a. Carmen Delgado Jim\u00e9nez, Acad\u00e9mica Correspondiente de la RAMSE. Conferencia \u201cUna experiencia de solidaridad en Malawi\u201d, Dr. D. Jos\u00e9 Luis Verdugo Fern\u00e1ndez, M\u00e9dico cooperante. Director Fundaci\u00f3n Solidaridad Candelaria. Descargar invitaci\u00f3n en este enlace. &nbsp; &nbsp; &nbsp; &nbsp; &nbsp;<\/p>\n","protected":false},"author":4,"featured_media":4771,"comment_status":"open","ping_status":"closed","template":"","tags":[247,223],"mec_category":[246,98],"class_list":["post-4770","mec-events","type-mec-events","status-publish","has-post-thumbnail","hentry","tag-catedra-cooperacion-internacional","tag-fundacion-ramse","mec_category-catedra-de-cooperacion-internacional","mec_category-conferencia"],"_links":{"self":[{"href":"https:\/\/ramse.es\/wordpress\/wp-json\/wp\/v2\/mec-events\/4770","targetHints":{"allow":["GET"]}}],"collection":[{"href":"https:\/\/ramse.es\/wordpress\/wp-json\/wp\/v2\/mec-events"}],"about":[{"href":"https:\/\/ramse.es\/wordpress\/wp-json\/wp\/v2\/types\/mec-events"}],"author":[{"embeddable":true,"href":"https:\/\/ramse.es\/wordpress\/wp-json\/wp\/v2\/users\/4"}],"replies":[{"embeddable":true,"href":"https:\/\/ramse.es\/wordpress\/wp-json\/wp\/v2\/comments?post=4770"}],"wp:featuredmedia":[{"embeddable":true,"href":"https:\/\/ramse.es\/wordpress\/wp-json\/wp\/v2\/media\/4771"}],"wp:attachment":[{"href":"https:\/\/ramse.es\/wordpress\/wp-json\/wp\/v2\/media?parent=4770"}],"wp:term":[{"taxonomy":"post_tag","embeddable":true,"href":"https:\/\/ramse.es\/wordpress\/wp-json\/wp\/v2\/tags?post=4770"},{"taxonomy":"mec_category","embeddable":true,"href":"https:\/\/ramse.es\/wordpress\/wp-json\/wp\/v2\/mec_category?post=4770"}],"curies":[{"name":"wp","href":"https:\/\/api.w.org\/{rel}","templated":true}]}}