{"id":4527,"date":"2023-09-25T12:29:34","date_gmt":"2023-09-25T10:29:34","guid":{"rendered":"https:\/\/ramse.es\/wordpress\/?post_type=mec-events&#038;p=4527"},"modified":"2023-09-25T12:35:20","modified_gmt":"2023-09-25T10:35:20","slug":"recepcion-academicos-correspondientes-dras-echevarria-y-franco-5-octubre-2023","status":"publish","type":"mec-events","link":"https:\/\/ramse.es\/wordpress\/eventos\/recepcion-academicos-correspondientes-dras-echevarria-y-franco-5-octubre-2023\/","title":{"rendered":"Recepci\u00f3n Acad\u00e9micos Correspondientes: Dras. Echevarr\u00eda y Franco. 5 octubre 2023"},"content":{"rendered":"<p class=\"p1\">El d\u00eda 5 de octubre del presente a\u00f1o, la Real Academia de Medicina y Cirug\u00eda de Sevilla celebrar\u00e1 sesi\u00f3n solemne para la recepci\u00f3n de Acad\u00e9micos Correspondientes con el siguiente programa:<\/p>\n<p class=\"p2\">Dra. D\u00f1a. Carmen Echevarr\u00eda Ruiz de Vargas. Tema: \u201cAtenci\u00f3n Integral a las Secuelas del Trauma Grave Neuromusculoesqueletico. Impulso Multimodal a la Rehabilitacion M\u00e9dica\u201d. Ser\u00e1 presentada por el Acad\u00e9mico de N\u00famero Ilmo. Sr. Dr. D. Juan Sabat\u00e9 D\u00edaz.<\/p>\n<p class=\"p2\">Dra. D\u00f1a. Mar\u00eda Dolores Franco Fern\u00e1ndez. Tema:\u201cLos trastornos de personalidad: a prop\u00f3sito de Madame Bovary\u201d. Ser\u00e1 presentada por el Acad\u00e9mico de N\u00famero Ilmo. Sr. Dr. D. Jorge Dominguez-Rodi\u00f1o S\u00e1nchez-Laulh\u00e9.<\/p>\n<p class=\"p1\">Al finalizar las exposiciones, el Excmo. Sr. Presidente, les impondr\u00e1 la Medalla Acad\u00e9mica y les entregar\u00e1 el Diploma acreditativo.<\/p>\n<p class=\"p1\">Clausurar\u00e1 el acto el Excmo. Sr. Presidente Dr. D. Carlos A. Infantes Alc\u00f3n.<\/p>\n<p class=\"p1\">Descargar invitaci\u00f3n en <a href=\"https:\/\/ramse.es\/wordpress\/wp-content\/uploads\/2023\/09\/Academicos-correspondientes_5-10-2023.pdf\" target=\"_blank\" rel=\"noopener\">este enlace<\/a>.<\/p>\n<p>&nbsp;<\/p>\n<p>&nbsp;<\/p>\n","protected":false},"excerpt":{"rendered":"<p>El d\u00eda 5 de octubre del presente a\u00f1o, la Real Academia de Medicina y Cirug\u00eda de Sevilla celebrar\u00e1 sesi\u00f3n solemne para la recepci\u00f3n de Acad\u00e9micos Correspondientes con el siguiente programa: Dra. D\u00f1a. Carmen Echevarr\u00eda Ruiz de Vargas. Tema: \u201cAtenci\u00f3n Integral a las Secuelas del Trauma Grave Neuromusculoesqueletico. Impulso Multimodal a la Rehabilitacion M\u00e9dica\u201d. Ser\u00e1 presentada por el Acad\u00e9mico de N\u00famero Ilmo. Sr. Dr. D. Juan Sabat\u00e9 D\u00edaz. Dra. D\u00f1a. Mar\u00eda Dolores Franco Fern\u00e1ndez. Tema:\u201cLos trastornos de personalidad: a prop\u00f3sito de Madame Bovary\u201d. Ser\u00e1 presentada por el Acad\u00e9mico de N\u00famero Ilmo. Sr. Dr. D. Jorge Dominguez-Rodi\u00f1o S\u00e1nchez-Laulh\u00e9. Al finalizar las exposiciones, el [&hellip;]<\/p>\n","protected":false},"author":4,"featured_media":4528,"comment_status":"open","ping_status":"closed","template":"","tags":[201,202,203],"mec_category":[65,66],"class_list":["post-4527","mec-events","type-mec-events","status-publish","has-post-thumbnail","hentry","tag-academicos-correspondientes","tag-dra-carmen-echevarria","tag-dra-maria-dolores-franco","mec_category-academicos-correspondientes","mec_category-acto-academico"],"_links":{"self":[{"href":"https:\/\/ramse.es\/wordpress\/wp-json\/wp\/v2\/mec-events\/4527","targetHints":{"allow":["GET"]}}],"collection":[{"href":"https:\/\/ramse.es\/wordpress\/wp-json\/wp\/v2\/mec-events"}],"about":[{"href":"https:\/\/ramse.es\/wordpress\/wp-json\/wp\/v2\/types\/mec-events"}],"author":[{"embeddable":true,"href":"https:\/\/ramse.es\/wordpress\/wp-json\/wp\/v2\/users\/4"}],"replies":[{"embeddable":true,"href":"https:\/\/ramse.es\/wordpress\/wp-json\/wp\/v2\/comments?post=4527"}],"wp:featuredmedia":[{"embeddable":true,"href":"https:\/\/ramse.es\/wordpress\/wp-json\/wp\/v2\/media\/4528"}],"wp:attachment":[{"href":"https:\/\/ramse.es\/wordpress\/wp-json\/wp\/v2\/media?parent=4527"}],"wp:term":[{"taxonomy":"post_tag","embeddable":true,"href":"https:\/\/ramse.es\/wordpress\/wp-json\/wp\/v2\/tags?post=4527"},{"taxonomy":"mec_category","embeddable":true,"href":"https:\/\/ramse.es\/wordpress\/wp-json\/wp\/v2\/mec_category?post=4527"}],"curies":[{"name":"wp","href":"https:\/\/api.w.org\/{rel}","templated":true}]}}