{"id":4378,"date":"2023-05-04T11:54:28","date_gmt":"2023-05-04T09:54:28","guid":{"rendered":"https:\/\/ramse.es\/wordpress\/?post_type=mec-events&#038;p=4378"},"modified":"2023-05-04T12:20:47","modified_gmt":"2023-05-04T10:20:47","slug":"conferencia-dr-antonio-chaparro","status":"publish","type":"mec-events","link":"https:\/\/ramse.es\/wordpress\/eventos\/conferencia-dr-antonio-chaparro\/","title":{"rendered":"Conferencia Dr. Antonio Chaparro"},"content":{"rendered":"<p class=\"p1\">La conferencia que tendr\u00e1 lugar el jueves 11 de mayo de 2023, a las ocho de la tarde, en el Sal\u00f3n de Actos \u201cRam\u00f3n y Cajal\u201d de nuestra sede, Calle Abades, 10, con arreglo a la siguiente programaci\u00f3n:<\/p>\n<p class=\"p2\">I. Presentaci\u00f3n del acto a cargo del Excmo. Sr. D. Carlos A. Infantes Alc\u00f3n, Presidente de la Real Academia de Medicina y Cirug\u00eda de Sevilla.<\/p>\n<p class=\"p1\">II. Presenta al conferenciante el Ilmo. Sr. Dr. D. Jes\u00fas Loscertales Abril, Acad\u00e9mico de N\u00famero de la RAMSE.<\/p>\n<p class=\"p1\">III. Conferencia titulada \u201cLos que no llegaron con la Victoria en la primera vuelta al mundo: muertos, desaparecidos, ajusticiados y huidos\u201d, impartida por el Dr. D. Antonio Chaparro Heredia, Acad\u00e9mico Correspondiente de la RAMSE.<\/p>\n<p class=\"p2\">IV. Clausura el acto el Excmo. Sr. Presidente de la RAMSE.<\/p>\n<p class=\"p1\">Descargar invitaci\u00f3n en <a href=\"https:\/\/ramse.es\/wordpress\/wp-content\/uploads\/2023\/05\/Invitacion-Conferecia-Antonio-Chaparro-11-5-23.pdf\" target=\"_blank\" rel=\"noopener\">este enlace<\/a>.<\/p>\n<p>&nbsp;<\/p>\n<p>&nbsp;<\/p>\n<p>&nbsp;<\/p>\n","protected":false},"excerpt":{"rendered":"<p>La conferencia que tendr\u00e1 lugar el jueves 11 de mayo de 2023, a las ocho de la tarde, en el Sal\u00f3n de Actos \u201cRam\u00f3n y Cajal\u201d de nuestra sede, Calle Abades, 10, con arreglo a la siguiente programaci\u00f3n: I. Presentaci\u00f3n del acto a cargo del Excmo. Sr. D. Carlos A. Infantes Alc\u00f3n, Presidente de la Real Academia de Medicina y Cirug\u00eda de Sevilla. II. Presenta al conferenciante el Ilmo. Sr. Dr. D. Jes\u00fas Loscertales Abril, Acad\u00e9mico de N\u00famero de la RAMSE. III. Conferencia titulada \u201cLos que no llegaron con la Victoria en la primera vuelta al mundo: muertos, desaparecidos, ajusticiados y [&hellip;]<\/p>\n","protected":false},"author":4,"featured_media":4381,"comment_status":"open","ping_status":"closed","template":"","tags":[183,160],"mec_category":[98],"class_list":["post-4378","mec-events","type-mec-events","status-publish","has-post-thumbnail","hentry","tag-nao-victoria","tag-vuelta-al-mundo","mec_category-conferencia"],"_links":{"self":[{"href":"https:\/\/ramse.es\/wordpress\/wp-json\/wp\/v2\/mec-events\/4378","targetHints":{"allow":["GET"]}}],"collection":[{"href":"https:\/\/ramse.es\/wordpress\/wp-json\/wp\/v2\/mec-events"}],"about":[{"href":"https:\/\/ramse.es\/wordpress\/wp-json\/wp\/v2\/types\/mec-events"}],"author":[{"embeddable":true,"href":"https:\/\/ramse.es\/wordpress\/wp-json\/wp\/v2\/users\/4"}],"replies":[{"embeddable":true,"href":"https:\/\/ramse.es\/wordpress\/wp-json\/wp\/v2\/comments?post=4378"}],"wp:featuredmedia":[{"embeddable":true,"href":"https:\/\/ramse.es\/wordpress\/wp-json\/wp\/v2\/media\/4381"}],"wp:attachment":[{"href":"https:\/\/ramse.es\/wordpress\/wp-json\/wp\/v2\/media?parent=4378"}],"wp:term":[{"taxonomy":"post_tag","embeddable":true,"href":"https:\/\/ramse.es\/wordpress\/wp-json\/wp\/v2\/tags?post=4378"},{"taxonomy":"mec_category","embeddable":true,"href":"https:\/\/ramse.es\/wordpress\/wp-json\/wp\/v2\/mec_category?post=4378"}],"curies":[{"name":"wp","href":"https:\/\/api.w.org\/{rel}","templated":true}]}}